{"id":33157,"date":"2026-08-17T12:19:10","date_gmt":"2026-08-17T12:19:10","guid":{"rendered":"https:\/\/www.touringcars.com\/?page_id=33157"},"modified":"2026-08-18T10:10:15","modified_gmt":"2026-08-18T10:10:15","slug":"hyrespaket-till-fast-pris","status":"publish","type":"page","link":"https:\/\/www.touringcars.com\/sv\/hyrespaket-till-fast-pris\/","title":{"rendered":"Hyrespaket till fast pris"},"content":{"rendered":"<section class=\"block block-hero text-style-white image-style-full\">\n    <div class=\"container container-full\">\n        <div class=\"glide image-slider\" data-uid=\"6a979a2ae6ade\"><div class=\"glide__track\" data-glide-el=\"track\"><ul class=\"glide__slides\"><li class=\"glide__slide\"><img decoding=\"async\" src=\"https:\/\/www.touringcars.com\/wp-content\/uploads\/2022\/09\/carado-imagebank-data_VE_Semi-Integrated_T457_PI_2024_0061_21-31-41_WEB-574x382.jpg\" srcset=\"https:\/\/www.touringcars.com\/wp-content\/uploads\/2022\/09\/carado-imagebank-data_VE_Semi-Integrated_T457_PI_2024_0061_21-31-41_WEB-300x200.jpg 300w, https:\/\/www.touringcars.com\/wp-content\/uploads\/2022\/09\/carado-imagebank-data_VE_Semi-Integrated_T457_PI_2024_0061_21-31-41_WEB-1024x682.jpg 1024w, https:\/\/www.touringcars.com\/wp-content\/uploads\/2022\/09\/carado-imagebank-data_VE_Semi-Integrated_T457_PI_2024_0061_21-31-41_WEB-768x512.jpg 768w, https:\/\/www.touringcars.com\/wp-content\/uploads\/2022\/09\/carado-imagebank-data_VE_Semi-Integrated_T457_PI_2024_0061_21-31-41_WEB-1536x1023.jpg 1536w, https:\/\/www.touringcars.com\/wp-content\/uploads\/2022\/09\/carado-imagebank-data_VE_Semi-Integrated_T457_PI_2024_0061_21-31-41_WEB-2048x1364.jpg 2048w, https:\/\/www.touringcars.com\/wp-content\/uploads\/2022\/09\/carado-imagebank-data_VE_Semi-Integrated_T457_PI_2024_0061_21-31-41_WEB-1920x1279.jpg 1920w, https:\/\/www.touringcars.com\/wp-content\/uploads\/2022\/09\/carado-imagebank-data_VE_Semi-Integrated_T457_PI_2024_0061_21-31-41_WEB-890x593.jpg 890w, https:\/\/www.touringcars.com\/wp-content\/uploads\/2022\/09\/carado-imagebank-data_VE_Semi-Integrated_T457_PI_2024_0061_21-31-41_WEB-714x476.jpg 714w, https:\/\/www.touringcars.com\/wp-content\/uploads\/2022\/09\/carado-imagebank-data_VE_Semi-Integrated_T457_PI_2024_0061_21-31-41_WEB-574x382.jpg 574w, https:\/\/www.touringcars.com\/wp-content\/uploads\/2022\/09\/carado-imagebank-data_VE_Semi-Integrated_T457_PI_2024_0061_21-31-41_WEB-367x245.jpg 367w\" alt=\"_carado-imagebank-data_VE_Semi-Integrated_T457_PI_2024_0061_21-31-41_WEB\" data-no-lazy=\"1\" fetchpriority=\"high\"><\/li><\/ul><\/div><div class=\"glide__controls\"><div class=\"glide__arrows\" data-glide-el=\"controls\"><span class=\"glide__arrow glide__arrow--left\" aria-label=\"V\u00e4nster\" data-glide-dir=\"<\"><\/span><span class=\"glide__arrow glide__arrow--right\" aria-label=\"H\u00f6ger\" data-glide-dir=\">&#8221;><\/span><\/div><\/div><\/div><div class=\"hero-container\"><div class=\"breadcrumbs-container\"><ol><li><a href=\"https:\/\/www.touringcars.com\/sv\/\"><span>Touring Cars<\/span><\/a><\/li><\/ol><\/div><h1>L\u00e4ngre resa, b\u00e4ttre pris.<\/h1><p><span data-path-to-node=\"12,1,0,0\">Husbil till fast m\u00e5nadspris i 3 eller 6 m\u00e5nader<\/span><\/p>\n<div><a class=\"btn\" href=\"#packages\">Se paket och priser<\/a><\/div>\n<\/div>    <\/div>\n    <\/section>\n\n<section class=\"block block-pricepackages\" id=\"packages\">\n    <div class=\"container\">\n                    <div class=\"content-container reveal\">\n                <h2>V\u00e4lj hyrespaket f\u00f6r 3 eller 6 m\u00e5nader<\/h2><p><strong>Har du dr\u00f6mt om att \u00f6vervintra i s\u00f6dern, ta en l\u00e4ngre paus fr\u00e5n vardagen eller arbeta p\u00e5 distans p\u00e5 resande fot? En hemtrevlig och v\u00e4lutrustad husbil till fast paketpris f\u00f6r 3 eller 6 m\u00e5nader g\u00f6r en l\u00e5ng resa till ett enkelt, bekv\u00e4mt och f\u00f6rm\u00e5nligt alternativ. Laga mat sj\u00e4lv, njut av ett hem p\u00e5 hjul och res i din egen takt! <\/strong><\/p>\n            <\/div>\n                <div class=\"price-packages price-style-badge card-style-white\" style=\"--packages-per-row: 2;\">\n            <div class=\"price-package reveal\"><div class=\"package-header\"><h3 class=\"package-title\">3 m\u00e5n | 5 000 km | Stockholm<\/h3><\/div><div class=\"package-price\"><span class=\"price-amount\">15 000 SEK \/ m\u00e5n<\/span><\/div><ul class=\"package-price-alt\"><li>Total hyra f\u00f6r 3 m\u00e5nader \u00e4r 45 000 SEK, vilket motsvarar i genomsnitt 15 000 SEK i m\u00e5naden och endast cirka 500 SEK per dag.<\/li><\/ul><div class=\"package-content\"><p><strong>Hyrespaketet inkluderar<\/strong><\/p>\n<ul>\n<li>Husbil i premiumklass med full utrustning<\/li>\n<li>K\u00f6rstr\u00e4cka 5 000 km<\/li>\n<li>TC Basic-sj\u00e4lvrisksniv\u00e5 (sj\u00e4lvrisk 28 000 SEK)<\/li>\n<li>1 till\u00e4ggsf\u00f6rare utan kostnad (totalt 2 f\u00f6rare)<\/li>\n<li>24\/7 v\u00e4gassistans &amp; telefonsupport p\u00e5 resande fot<\/li>\n<li>Vinterd\u00e4ck utan kostnad endast f\u00f6r resen\u00e4rer i Norden<\/li>\n<\/ul>\n<\/div><div class=\"buttons\"><a href=\"#contact\" class=\"btn btn-wide\">Beg\u00e4r offert<\/a><\/div><\/div><div class=\"price-package reveal\"><span class=\"package-badge\">F\u00f6rm\u00e5nligare dagspris<\/span><div class=\"package-header\"><h3 class=\"package-title\">6 m\u00e5n | 10 000 km | Stockholm<\/h3><\/div><div class=\"package-price\"><span class=\"price-amount\">14 167 SEK \/ m\u00e5n<\/span><\/div><ul class=\"package-price-alt\"><li>Total hyra f\u00f6r 6 m\u00e5nader \u00e4r 85 000 SEK, vilket motsvarar i genomsnitt cirka 14 167 SEK i m\u00e5naden och endast cirka 472 SEK per dag.<\/li><\/ul><div class=\"package-content\"><p><strong>Hyrespaketet inkluderar<\/strong><\/p>\n<ul>\n<li>Husbil i premiumklass med full utrustning<\/li>\n<li>K\u00f6rstr\u00e4cka 10 000 km<\/li>\n<li>TC Basic-sj\u00e4lvrisksniv\u00e5 (sj\u00e4lvrisk 28 000 SEK)<\/li>\n<li>1 till\u00e4ggsf\u00f6rare utan kostnad (totalt 2 f\u00f6rare)<\/li>\n<li>24\/7 v\u00e4gassistans &amp; telefonsupport p\u00e5 resande fot<\/li>\n<li>Vinterd\u00e4ck utan kostnad endast f\u00f6r resen\u00e4rer i Norden<\/li>\n<\/ul>\n<\/div><div class=\"buttons\"><a href=\"#contact\" class=\"btn btn-wide\">Beg\u00e4r offert<\/a><\/div><\/div>        <\/div>\n        <div class=\"price-packages-footer reveal\"><h3 class=\"PDq2pG_selectionAnchorContainer\" data-start=\"0\" data-end=\"23\">Viktigt att veta om hyran<\/h3>\n<p class=\"PDq2pG_selectionAnchorContainer\" data-start=\"0\" data-end=\"23\"><strong data-start=\"0\" data-end=\"23\">Upph\u00e4mtning och \u00e5terl\u00e4mning av husbil<br \/>\n<\/strong>Det fasta m\u00e5nadspriset inkluderar upph\u00e4mtning och \u00e5terl\u00e4mning vid v\u00e5rt kontor i Stockholm. Upph\u00e4mtning \u00e4r m\u00f6jlig fr\u00e5n och med 15.9.2026, och husbilen ska \u00e5terl\u00e4mnas senast 30.4.2027. Vi erbjuder \u00e4ven l\u00e5ngtidsuthyrning fr\u00e5n v\u00e5ra kontor i Helsingfors, Oslo och Troms\u00f6. Om du \u00f6nskar upph\u00e4mtning eller \u00e5terl\u00e4mning vid dessa kontor, v\u00e4nligen meddela detta i kontaktformul\u00e4ret s\u00e5 ber\u00e4knar vi ett skr\u00e4ddarsytt hyrespris f\u00f6r dig.<\/p>\n<p class=\"PDq2pG_selectionAnchorContainer\" data-start=\"0\" data-end=\"23\"><b data-path-to-node=\"6,1,0\" data-index-in-node=\"0\">K\u00f6rstr\u00e4cka<br \/>\n<\/b>Paketet inkluderar 5 000 km (3 m\u00e5n) eller 10 000 km (6 m\u00e5n) k\u00f6rning. Till\u00e4ggskilometer 4 SEK\/km.<\/p>\n<p><strong>Till\u00e4ggsutrustning<\/strong><br \/>\nDu kan komplettera utrustningen efter era behov enligt prislistan. Tillg\u00e4ngligt \u00e4r bl.a. s\u00e4ngkl\u00e4der, camping- och grillset, gasolflaska, toalettkemikalie, inverter, kaffebryggare, barnstolar, till\u00e4gg f\u00f6r medtagande av husdjur, slutst\u00e4dning och en tredje till\u00e4ggsf\u00f6rare. <span data-path-to-node=\"22,10,4\">Du beh\u00f6ver inte best\u00e4mma dig f\u00f6r till\u00e4ggsutrustning \u00e4nnu \u2013 v\u00e5rt s\u00e4ljteam g\u00e5r igenom alla alternativ med dig efter din kontaktf\u00f6rfr\u00e5gan.<\/span><\/p>\n<p><strong>Vill du ha l\u00e4gre sj\u00e4lvrisk?<br \/>\n<\/strong>Du kan v\u00e4lja TC Plus-till\u00e4ggsf\u00f6rs\u00e4kring (1 000 SEK\/m\u00e5n), som s\u00e4nker din sj\u00e4lvrisk till 12 000 SEK vid en eventuell skada.<\/p>\n<\/div>    <\/div>\n<\/section>\n\n\n<section class=\"block block-iconrow\">\n    <div class=\"container\">\n        <div class=\"content-container reveal\">\n            <h2>Varf\u00f6r v\u00e4lja Touring Cars l\u00e5ngtidsuthyrning?<\/h2><div class=\"icon-row\" style=\"--icons-per-row: 5; --icons-per-row-mobile: 1;\"><div class=\"icon-item\"><img decoding=\"async\" src=\"https:\/\/www.touringcars.com\/wp-content\/uploads\/2025\/02\/TCvehicle_blue.svg\" alt=\"TCvehicle_blue\"><div class=\"label\">Fullt utrustad husbil i nyskick<\/div><\/div><div class=\"icon-item\"><img decoding=\"async\" src=\"https:\/\/www.touringcars.com\/wp-content\/uploads\/2025\/02\/Five-stars_blue.svg\" alt=\"Five stars_blue\"><div class=\"label\">F\u00f6rstklassig kundservice fr\u00e5n b\u00f6rjan till slut<\/div><\/div><div class=\"icon-item\"><img decoding=\"async\" src=\"https:\/\/www.touringcars.com\/wp-content\/uploads\/2025\/02\/Airport-transfer2_blue.svg\" alt=\"Airport transfer2_blue\"><div class=\"label\">Flygplatstransporter utan kostnad<\/div><\/div><div class=\"icon-item\"><img decoding=\"async\" src=\"https:\/\/www.touringcars.com\/wp-content\/uploads\/2025\/02\/road-assistance_blue.svg\" alt=\"road assistance_blue\"><div class=\"label\">24\/7 v\u00e4gassistans &amp; telefonsupport<\/div><\/div><\/div>        <\/div>\n    <\/div>\n<\/section>\n\n<section class=\"block block-textimage\">\n    <div class=\"container\">\n        <div class=\"content-row image-placement-right\">\n            <div class=\"content-container reveal\">\n                <h3>Standardutrustning i alla v\u00e5ra hyresbilar<\/h3><ul>\n<li>Kan k\u00f6ras med B-k\u00f6rkort<\/li>\n<li>Manuell eller automatisk v\u00e4xell\u00e5da<\/li>\n<li>Matlagnings- och serveringsutrustning<\/li>\n<li>Kylsk\u00e5p och gasol- eller induktionsh\u00e4ll<\/li>\n<li>Toalett<\/li>\n<li>Dusch<\/li>\n<li>V\u00e4rmesystem<\/li>\n<li>Luftkonditionering i f\u00f6rarhytt<\/li>\n<li>Navigation &amp; backkamera<\/li>\n<li>Markis*<\/li>\n<\/ul>\n<p data-path-to-node=\"4,0,0\">*<em>Ej tillg\u00e4ngligt: Camp Automatic, Van 4\u00d74 Automatic &amp; Island<\/em><\/p>\n<p><strong> Bekanta dig med de olika bilmodellerna nedan och hitta det b\u00e4sta alternativet f\u00f6r din resa!<\/strong><\/p>\n            <\/div>\n            <div class=\"image-container reveal image-high\">\n                <img decoding=\"async\" src=\"https:\/\/www.touringcars.com\/wp-content\/uploads\/2025\/02\/carado-imagebank-data_VE_Camper-Van_CV640_PI_2024_0122_21-31-41_web-200x300.jpg\" srcset=\"https:\/\/www.touringcars.com\/wp-content\/uploads\/2025\/02\/carado-imagebank-data_VE_Camper-Van_CV640_PI_2024_0122_21-31-41_web-200x300.jpg 200w, https:\/\/www.touringcars.com\/wp-content\/uploads\/2025\/02\/carado-imagebank-data_VE_Camper-Van_CV640_PI_2024_0122_21-31-41_web-682x1024.jpg 682w, https:\/\/www.touringcars.com\/wp-content\/uploads\/2025\/02\/carado-imagebank-data_VE_Camper-Van_CV640_PI_2024_0122_21-31-41_web-768x1153.jpg 768w, https:\/\/www.touringcars.com\/wp-content\/uploads\/2025\/02\/carado-imagebank-data_VE_Camper-Van_CV640_PI_2024_0122_21-31-41_web-1024x1536.jpg 1024w, https:\/\/www.touringcars.com\/wp-content\/uploads\/2025\/02\/carado-imagebank-data_VE_Camper-Van_CV640_PI_2024_0122_21-31-41_web-1365x2048.jpg 1365w, https:\/\/www.touringcars.com\/wp-content\/uploads\/2025\/02\/carado-imagebank-data_VE_Camper-Van_CV640_PI_2024_0122_21-31-41_web-395x593.jpg 395w, https:\/\/www.touringcars.com\/wp-content\/uploads\/2025\/02\/carado-imagebank-data_VE_Camper-Van_CV640_PI_2024_0122_21-31-41_web-354x531.jpg 354w, https:\/\/www.touringcars.com\/wp-content\/uploads\/2025\/02\/carado-imagebank-data_VE_Camper-Van_CV640_PI_2024_0122_21-31-41_web.jpg 1466w\" alt=\"_carado-imagebank-data_VE_Camper-Van_CV640_PI_2024_0122_21-31-41_web\" width=\"1466\" height=\"2200\">            <\/div>\n        <\/div>\n    <\/div>\n<\/section>\n\n<section class=\"block block-postsslider style-small\">\n    <div class=\"container reveal\">\n        <h2>V\u00e4lj den husbil eller campingbil som passar din resa b\u00e4st<\/h2><div class=\"glide articles-slider\" data-uid=\"6a979a2b077f3\"><div class=\"glide__track\" data-glide-el=\"track\"><ul class=\"glide__slides\"><li class=\"glide__slide\"><article class=\"article reveal\" data-transmission=\"manual\" data-vehicle-code=\"UV\" data-vehicle-name=\"Urban Van\" data-capacity=\"2\" data-car-type=\"Van\" data-image=\"https:\/\/www.touringcars.com\/wp-content\/uploads\/2025\/12\/Urban-Van-1-574x411.jpg\" data-capture-link-event=\"0\"><div class=\"image-container\"><div class=\"tag-container\"><span class=\"tag\" data-slug=\"urban-van\">Campingbil<\/span><\/div><a href=\"https:\/\/www.touringcars.com\/sv\/vehicle\/urban-skapbil\/\"><img decoding=\"async\" src=\"https:\/\/www.touringcars.com\/wp-content\/uploads\/2025\/12\/Urban-Van-1-574x411.jpg\" srcset=\"https:\/\/www.touringcars.com\/wp-content\/uploads\/2025\/12\/Urban-Van-1-300x215.jpg 300w, https:\/\/www.touringcars.com\/wp-content\/uploads\/2025\/12\/Urban-Van-1-1024x733.jpg 1024w, https:\/\/www.touringcars.com\/wp-content\/uploads\/2025\/12\/Urban-Van-1-768x550.jpg 768w, https:\/\/www.touringcars.com\/wp-content\/uploads\/2025\/12\/Urban-Van-1-828x593.jpg 828w, https:\/\/www.touringcars.com\/wp-content\/uploads\/2025\/12\/Urban-Van-1-714x511.jpg 714w, https:\/\/www.touringcars.com\/wp-content\/uploads\/2025\/12\/Urban-Van-1-180x129.jpg 180w, https:\/\/www.touringcars.com\/wp-content\/uploads\/2025\/12\/Urban-Van-1-412x295.jpg 412w, https:\/\/www.touringcars.com\/wp-content\/uploads\/2025\/12\/Urban-Van-1-574x411.jpg 574w, https:\/\/www.touringcars.com\/wp-content\/uploads\/2025\/12\/Urban-Van-1.jpg 1348w\" alt=\"Urban Van 1\" width=\"1348\" height=\"965\"><\/a><\/div><div class=\"content-container\"><div class=\"title-prices\"><h3><a href=\"https:\/\/www.touringcars.com\/sv\/vehicle\/urban-skapbil\/\">Urban Van<\/a><\/h3><\/div><p class=\"post-excerpt\"><a href=\"https:\/\/www.touringcars.com\/sv\/vehicle\/urban-skapbil\/\">P\u00e5litlig, effektiv och enkel att hantera. Njut av den perfekta balansen mellan manuell precision och smart design. <\/a><\/p><div class=\"info-icons\"><\/div><\/div><\/article><\/li><li class=\"glide__slide\"><article class=\"article reveal\" data-transmission=\"automatic\" data-vehicle-code=\"L6-AT\" data-vehicle-name=\"LARGE | 6 (automatic)\" data-capacity=\"6\" data-car-type=\"Alkoven\" data-image=\"https:\/\/www.touringcars.com\/wp-content\/uploads\/2025\/02\/carado-imagebank-data_VE_Overcab_A464_CU_2025_1003_21-31-41_web-450x300.jpg\" data-capture-link-event=\"0\"><div class=\"image-container\"><div class=\"tag-container\"><span class=\"tag\" data-slug=\"motorhome\">Husbil<\/span><\/div><a href=\"https:\/\/www.touringcars.com\/sv\/vehicle\/large-6-automatisk\/\"><img decoding=\"async\" src=\"https:\/\/www.touringcars.com\/wp-content\/uploads\/2025\/02\/carado-imagebank-data_VE_Overcab_A464_CU_2025_1003_21-31-41_web-450x300.jpg\" srcset=\"https:\/\/www.touringcars.com\/wp-content\/uploads\/2025\/02\/carado-imagebank-data_VE_Overcab_A464_CU_2025_1003_21-31-41_web-300x200.jpg 300w, https:\/\/www.touringcars.com\/wp-content\/uploads\/2025\/02\/carado-imagebank-data_VE_Overcab_A464_CU_2025_1003_21-31-41_web-1024x682.jpg 1024w, https:\/\/www.touringcars.com\/wp-content\/uploads\/2025\/02\/carado-imagebank-data_VE_Overcab_A464_CU_2025_1003_21-31-41_web-768x512.jpg 768w, https:\/\/www.touringcars.com\/wp-content\/uploads\/2025\/02\/carado-imagebank-data_VE_Overcab_A464_CU_2025_1003_21-31-41_web-1536x1024.jpg 1536w, https:\/\/www.touringcars.com\/wp-content\/uploads\/2025\/02\/carado-imagebank-data_VE_Overcab_A464_CU_2025_1003_21-31-41_web-2048x1365.jpg 2048w, https:\/\/www.touringcars.com\/wp-content\/uploads\/2025\/02\/carado-imagebank-data_VE_Overcab_A464_CU_2025_1003_21-31-41_web-890x593.jpg 890w, https:\/\/www.touringcars.com\/wp-content\/uploads\/2025\/02\/carado-imagebank-data_VE_Overcab_A464_CU_2025_1003_21-31-41_web-714x476.jpg 714w, https:\/\/www.touringcars.com\/wp-content\/uploads\/2025\/02\/carado-imagebank-data_VE_Overcab_A464_CU_2025_1003_21-31-41_web-450x300.jpg 450w, https:\/\/www.touringcars.com\/wp-content\/uploads\/2025\/02\/carado-imagebank-data_VE_Overcab_A464_CU_2025_1003_21-31-41_web-367x245.jpg 367w\" alt=\"_carado-imagebank-data_VE_Overcab_A464_CU_2025_1003_21-31-41_web\" width=\"2200\" height=\"1466\"><\/a><\/div><div class=\"content-container\"><div class=\"title-prices\"><h3><a href=\"https:\/\/www.touringcars.com\/sv\/vehicle\/large-6-automatisk\/\">LARGE | 6 (automatic)<\/a><\/h3><\/div><p class=\"post-excerpt\"><a href=\"https:\/\/www.touringcars.com\/sv\/vehicle\/large-6-automatisk\/\">Rymlig automat. Perfekt f\u00f6r en grupp eller familj p\u00e5 upp till 6 personer med bagage. <\/a><\/p><div class=\"info-icons\"><\/div><\/div><\/article><\/li><li class=\"glide__slide\"><article class=\"article reveal\" data-transmission=\"automatic\" data-vehicle-code=\"LUXAT\" data-vehicle-name=\"LUXURY (automatic)\" data-capacity=\"4\" data-car-type=\"Semi-integrerad\" data-image=\"https:\/\/www.touringcars.com\/wp-content\/uploads\/2025\/02\/carado-imagebank-data_VE_Semi-Integrated_T447_CU_2025_1502_21-31-41_WEB-450x300.jpg\" data-capture-link-event=\"0\"><div class=\"image-container\"><div class=\"tag-container\"><span class=\"tag\" data-slug=\"motorhome\">Husbil<\/span><span class=\"tag\" data-slug=\"luxury\">Luxury<\/span><\/div><a href=\"https:\/\/www.touringcars.com\/sv\/vehicle\/luxury-automatic\/\"><img decoding=\"async\" src=\"https:\/\/www.touringcars.com\/wp-content\/uploads\/2025\/02\/carado-imagebank-data_VE_Semi-Integrated_T447_CU_2025_1502_21-31-41_WEB-450x300.jpg\" srcset=\"https:\/\/www.touringcars.com\/wp-content\/uploads\/2025\/02\/carado-imagebank-data_VE_Semi-Integrated_T447_CU_2025_1502_21-31-41_WEB-300x200.jpg 300w, https:\/\/www.touringcars.com\/wp-content\/uploads\/2025\/02\/carado-imagebank-data_VE_Semi-Integrated_T447_CU_2025_1502_21-31-41_WEB-1024x683.jpg 1024w, https:\/\/www.touringcars.com\/wp-content\/uploads\/2025\/02\/carado-imagebank-data_VE_Semi-Integrated_T447_CU_2025_1502_21-31-41_WEB-768x512.jpg 768w, https:\/\/www.touringcars.com\/wp-content\/uploads\/2025\/02\/carado-imagebank-data_VE_Semi-Integrated_T447_CU_2025_1502_21-31-41_WEB-1536x1024.jpg 1536w, https:\/\/www.touringcars.com\/wp-content\/uploads\/2025\/02\/carado-imagebank-data_VE_Semi-Integrated_T447_CU_2025_1502_21-31-41_WEB-2048x1365.jpg 2048w, https:\/\/www.touringcars.com\/wp-content\/uploads\/2025\/02\/carado-imagebank-data_VE_Semi-Integrated_T447_CU_2025_1502_21-31-41_WEB-1920x1280.jpg 1920w, https:\/\/www.touringcars.com\/wp-content\/uploads\/2025\/02\/carado-imagebank-data_VE_Semi-Integrated_T447_CU_2025_1502_21-31-41_WEB-890x593.jpg 890w, https:\/\/www.touringcars.com\/wp-content\/uploads\/2025\/02\/carado-imagebank-data_VE_Semi-Integrated_T447_CU_2025_1502_21-31-41_WEB-714x476.jpg 714w, https:\/\/www.touringcars.com\/wp-content\/uploads\/2025\/02\/carado-imagebank-data_VE_Semi-Integrated_T447_CU_2025_1502_21-31-41_WEB-450x300.jpg 450w, https:\/\/www.touringcars.com\/wp-content\/uploads\/2025\/02\/carado-imagebank-data_VE_Semi-Integrated_T447_CU_2025_1502_21-31-41_WEB-367x245.jpg 367w\" alt=\"_carado-imagebank-data_VE_Semi-Integrated_T447_CU_2025_1502_21-31-41_WEB\" width=\"2560\" height=\"1707\"><\/a><\/div><div class=\"content-container\"><div class=\"title-prices\"><h3><a href=\"https:\/\/www.touringcars.com\/sv\/vehicle\/luxury-automatic\/\">LUXURY (automatic)<\/a><\/h3><\/div><p class=\"post-excerpt\"><a href=\"https:\/\/www.touringcars.com\/sv\/vehicle\/luxury-automatic\/\">Smidig och bekv\u00e4m automatk\u00f6rning. Utrustad med platt-TV, k\u00f6ksutrustning av h\u00f6gsta kvalitet, s\u00e4ngkl\u00e4der i premiumklass, ett campingkit, en flaska toalettkemikalier, en gasolflaska, slutst\u00e4dning, luftkonditionering i vardagsrummet, Wi-Fi samt en v\u00e4lkomstg\u00e5va.<\/a><\/p><div class=\"info-icons\"><\/div><\/div><\/article><\/li><li class=\"glide__slide\"><article class=\"article reveal\" data-transmission=\"automatic\" data-vehicle-code=\"SLUXA\" data-vehicle-name=\"SMALL LUXURY (automatic)\" data-capacity=\"2\" data-car-type=\"Semi-integrerad\" data-image=\"https:\/\/www.touringcars.com\/wp-content\/uploads\/2025\/02\/carado-imagebank-data_VE_Semi-Integrated_T338_CU_2025_1502_21-31-41_WEB-450x300.jpg\" data-capture-link-event=\"0\"><div class=\"image-container\"><div class=\"tag-container\"><span class=\"tag\" data-slug=\"motorhome\">Husbil<\/span><span class=\"tag\" data-slug=\"luxury\">Luxury<\/span><\/div><a href=\"https:\/\/www.touringcars.com\/sv\/vehicle\/small-luxury-automatic\/\"><img decoding=\"async\" src=\"https:\/\/www.touringcars.com\/wp-content\/uploads\/2025\/02\/carado-imagebank-data_VE_Semi-Integrated_T338_CU_2025_1502_21-31-41_WEB-450x300.jpg\" srcset=\"https:\/\/www.touringcars.com\/wp-content\/uploads\/2025\/02\/carado-imagebank-data_VE_Semi-Integrated_T338_CU_2025_1502_21-31-41_WEB-300x200.jpg 300w, https:\/\/www.touringcars.com\/wp-content\/uploads\/2025\/02\/carado-imagebank-data_VE_Semi-Integrated_T338_CU_2025_1502_21-31-41_WEB-1024x683.jpg 1024w, https:\/\/www.touringcars.com\/wp-content\/uploads\/2025\/02\/carado-imagebank-data_VE_Semi-Integrated_T338_CU_2025_1502_21-31-41_WEB-768x512.jpg 768w, https:\/\/www.touringcars.com\/wp-content\/uploads\/2025\/02\/carado-imagebank-data_VE_Semi-Integrated_T338_CU_2025_1502_21-31-41_WEB-1536x1024.jpg 1536w, https:\/\/www.touringcars.com\/wp-content\/uploads\/2025\/02\/carado-imagebank-data_VE_Semi-Integrated_T338_CU_2025_1502_21-31-41_WEB-2048x1365.jpg 2048w, https:\/\/www.touringcars.com\/wp-content\/uploads\/2025\/02\/carado-imagebank-data_VE_Semi-Integrated_T338_CU_2025_1502_21-31-41_WEB-1920x1280.jpg 1920w, https:\/\/www.touringcars.com\/wp-content\/uploads\/2025\/02\/carado-imagebank-data_VE_Semi-Integrated_T338_CU_2025_1502_21-31-41_WEB-890x593.jpg 890w, https:\/\/www.touringcars.com\/wp-content\/uploads\/2025\/02\/carado-imagebank-data_VE_Semi-Integrated_T338_CU_2025_1502_21-31-41_WEB-714x476.jpg 714w, https:\/\/www.touringcars.com\/wp-content\/uploads\/2025\/02\/carado-imagebank-data_VE_Semi-Integrated_T338_CU_2025_1502_21-31-41_WEB-450x300.jpg 450w, https:\/\/www.touringcars.com\/wp-content\/uploads\/2025\/02\/carado-imagebank-data_VE_Semi-Integrated_T338_CU_2025_1502_21-31-41_WEB-367x245.jpg 367w\" alt=\"_carado-imagebank-data_VE_Semi-Integrated_T338_CU_2025_1502_21-31-41_WEB\" width=\"2560\" height=\"1707\"><\/a><\/div><div class=\"content-container\"><div class=\"title-prices\"><h3><a href=\"https:\/\/www.touringcars.com\/sv\/vehicle\/small-luxury-automatic\/\">SMALL LUXURY (automatic)<\/a><\/h3><\/div><p class=\"post-excerpt\"><a href=\"https:\/\/www.touringcars.com\/sv\/vehicle\/small-luxury-automatic\/\">Smidig och bekv\u00e4m automatk\u00f6rning. Utrustad med platt-TV, k\u00f6ksutrustning av h\u00f6g kvalitet, s\u00e4ngkl\u00e4der i premiumklass, ett campingkit, en flaska toalettkemikalier, en gasflaska, slutst\u00e4dning, luftkonditionering i vardagsrummet, Wi-Fi samt en v\u00e4lkomstg\u00e5va.<\/a><\/p><div class=\"info-icons\"><\/div><\/div><\/article><\/li><li class=\"glide__slide\"><article class=\"article reveal\" data-transmission=\"automatic\" data-vehicle-code=\"UV-AT\" data-vehicle-name=\"Urban Van (automatic)\" data-capacity=\"2\" data-car-type=\"Van\" data-image=\"https:\/\/www.touringcars.com\/wp-content\/uploads\/2025\/12\/Urban-Van-1-574x411.jpg\" data-capture-link-event=\"0\"><div class=\"image-container\"><div class=\"tag-container\"><span class=\"tag\" data-slug=\"urban-van\">Campingbil<\/span><\/div><a href=\"https:\/\/www.touringcars.com\/sv\/vehicle\/urban-van-automatic\/\"><img decoding=\"async\" src=\"https:\/\/www.touringcars.com\/wp-content\/uploads\/2025\/12\/Urban-Van-1-574x411.jpg\" srcset=\"https:\/\/www.touringcars.com\/wp-content\/uploads\/2025\/12\/Urban-Van-1-300x215.jpg 300w, https:\/\/www.touringcars.com\/wp-content\/uploads\/2025\/12\/Urban-Van-1-1024x733.jpg 1024w, https:\/\/www.touringcars.com\/wp-content\/uploads\/2025\/12\/Urban-Van-1-768x550.jpg 768w, https:\/\/www.touringcars.com\/wp-content\/uploads\/2025\/12\/Urban-Van-1-828x593.jpg 828w, https:\/\/www.touringcars.com\/wp-content\/uploads\/2025\/12\/Urban-Van-1-714x511.jpg 714w, https:\/\/www.touringcars.com\/wp-content\/uploads\/2025\/12\/Urban-Van-1-180x129.jpg 180w, https:\/\/www.touringcars.com\/wp-content\/uploads\/2025\/12\/Urban-Van-1-412x295.jpg 412w, https:\/\/www.touringcars.com\/wp-content\/uploads\/2025\/12\/Urban-Van-1-574x411.jpg 574w, https:\/\/www.touringcars.com\/wp-content\/uploads\/2025\/12\/Urban-Van-1.jpg 1348w\" alt=\"Urban Van 1\" width=\"1348\" height=\"965\"><\/a><\/div><div class=\"content-container\"><div class=\"title-prices\"><h3><a href=\"https:\/\/www.touringcars.com\/sv\/vehicle\/urban-van-automatic\/\">Urban Van (automatic)<\/a><\/h3><\/div><p class=\"post-excerpt\"><a href=\"https:\/\/www.touringcars.com\/sv\/vehicle\/urban-van-automatic\/\">Njut av den perfekta blandningen av enkel k\u00f6rning och smart boende i den h\u00e4r kompakta, automatiska husbilen.<\/a><\/p><div class=\"info-icons\"><\/div><\/div><\/article><\/li><li class=\"glide__slide\"><article class=\"article reveal\" data-transmission=\"automatic\" data-vehicle-code=\"C-AT\" data-vehicle-name=\"CAMP (automatic)\" data-capacity=\"2\" data-car-type=\"Van\" data-image=\"https:\/\/www.touringcars.com\/wp-content\/uploads\/2025\/11\/camp-automatic-buerstner-papillon-white-574x411.jpg\" data-capture-link-event=\"0\"><div class=\"image-container\"><div class=\"tag-container\"><span class=\"tag\" data-slug=\"camper-van\">Pl\u00e5tis<\/span><\/div><a href=\"https:\/\/www.touringcars.com\/sv\/vehicle\/camp-automatic\/\"><img decoding=\"async\" src=\"https:\/\/www.touringcars.com\/wp-content\/uploads\/2025\/11\/camp-automatic-buerstner-papillon-white-574x411.jpg\" srcset=\"https:\/\/www.touringcars.com\/wp-content\/uploads\/2025\/11\/camp-automatic-buerstner-papillon-white-300x215.jpg 300w, https:\/\/www.touringcars.com\/wp-content\/uploads\/2025\/11\/camp-automatic-buerstner-papillon-white-1024x733.jpg 1024w, https:\/\/www.touringcars.com\/wp-content\/uploads\/2025\/11\/camp-automatic-buerstner-papillon-white-768x550.jpg 768w, https:\/\/www.touringcars.com\/wp-content\/uploads\/2025\/11\/camp-automatic-buerstner-papillon-white-828x593.jpg 828w, https:\/\/www.touringcars.com\/wp-content\/uploads\/2025\/11\/camp-automatic-buerstner-papillon-white-714x511.jpg 714w, https:\/\/www.touringcars.com\/wp-content\/uploads\/2025\/11\/camp-automatic-buerstner-papillon-white-574x411.jpg 574w, https:\/\/www.touringcars.com\/wp-content\/uploads\/2025\/11\/camp-automatic-buerstner-papillon-white.jpg 1348w\" alt=\"camp-automatic-buerstner-papillon-white\" width=\"1348\" height=\"965\"><\/a><\/div><div class=\"content-container\"><div class=\"title-prices\"><h3><a href=\"https:\/\/www.touringcars.com\/sv\/vehicle\/camp-automatic\/\">CAMP (automatic)<\/a><\/h3><\/div><p class=\"post-excerpt\"><a href=\"https:\/\/www.touringcars.com\/sv\/vehicle\/camp-automatic\/\">Ett kompakt och smart alternativ med dieseluppv\u00e4rmning och elektrisk matlagning f\u00f6r kortare resor, b\u00e5de p\u00e5 landsbygden och i stadsmilj\u00f6 \u2013 perfekt f\u00f6r tv\u00e5.<\/a><\/p><div class=\"info-icons\"><\/div><\/div><\/article><\/li><li class=\"glide__slide\"><article class=\"article reveal\" data-transmission=\"automatic\" data-vehicle-code=\"V4x4A\" data-vehicle-name=\"VAN 4&#215;4 (automatic)\" data-capacity=\"2\" data-car-type=\"Van\" data-image=\"https:\/\/www.touringcars.com\/wp-content\/uploads\/2025\/11\/van-4x4-buerstner-habiton-2025-white-road-1-574x411.jpg\" data-capture-link-event=\"0\"><div class=\"image-container\"><div class=\"tag-container\"><span class=\"tag\" data-slug=\"camper-van\">Pl\u00e5tis<\/span><\/div><a href=\"https:\/\/www.touringcars.com\/sv\/vehicle\/van-4x4-automatic\/\"><img decoding=\"async\" src=\"https:\/\/www.touringcars.com\/wp-content\/uploads\/2025\/11\/van-4x4-buerstner-habiton-2025-white-road-1-574x411.jpg\" srcset=\"https:\/\/www.touringcars.com\/wp-content\/uploads\/2025\/11\/van-4x4-buerstner-habiton-2025-white-road-1-300x215.jpg 300w, https:\/\/www.touringcars.com\/wp-content\/uploads\/2025\/11\/van-4x4-buerstner-habiton-2025-white-road-1-1024x733.jpg 1024w, https:\/\/www.touringcars.com\/wp-content\/uploads\/2025\/11\/van-4x4-buerstner-habiton-2025-white-road-1-768x550.jpg 768w, https:\/\/www.touringcars.com\/wp-content\/uploads\/2025\/11\/van-4x4-buerstner-habiton-2025-white-road-1-828x593.jpg 828w, https:\/\/www.touringcars.com\/wp-content\/uploads\/2025\/11\/van-4x4-buerstner-habiton-2025-white-road-1-714x511.jpg 714w, https:\/\/www.touringcars.com\/wp-content\/uploads\/2025\/11\/van-4x4-buerstner-habiton-2025-white-road-1-574x411.jpg 574w, https:\/\/www.touringcars.com\/wp-content\/uploads\/2025\/11\/van-4x4-buerstner-habiton-2025-white-road-1.jpg 1348w\" alt=\"van-4x4-buerstner-habiton-2025-white-road\" width=\"1348\" height=\"965\"><\/a><\/div><div class=\"content-container\"><div class=\"title-prices\"><h3><a href=\"https:\/\/www.touringcars.com\/sv\/vehicle\/van-4x4-automatic\/\">VAN 4&#215;4 (automatic)<\/a><\/h3><\/div><p class=\"post-excerpt\"><a href=\"https:\/\/www.touringcars.com\/sv\/vehicle\/van-4x4-automatic\/\">Ett flexibelt, kompakt alternativ med terr\u00e4ngegenskaper &#8211; perfekt f\u00f6r en semesterresa f\u00f6r tv\u00e5.<\/a><\/p><div class=\"info-icons\"><\/div><\/div><\/article><\/li><li class=\"glide__slide\"><article class=\"article reveal\" data-transmission=\"automatic\" data-vehicle-code=\"L5-AT\" data-vehicle-name=\"LARGE | 5 (automatic)\" data-capacity=\"5\" data-car-type=\"Alcove\" data-image=\"https:\/\/www.touringcars.com\/wp-content\/uploads\/2025\/02\/carado-imagebank-data_VE_Overcab_A464_CU_2025_1003_21-31-41_web-450x300.jpg\" data-capture-link-event=\"0\"><div class=\"image-container\"><div class=\"tag-container\"><span class=\"tag\" data-slug=\"motorhome\">Husbil<\/span><\/div><a href=\"https:\/\/www.touringcars.com\/sv\/vehicle\/large-5-automatic\/\"><img decoding=\"async\" src=\"https:\/\/www.touringcars.com\/wp-content\/uploads\/2025\/02\/carado-imagebank-data_VE_Overcab_A464_CU_2025_1003_21-31-41_web-450x300.jpg\" srcset=\"https:\/\/www.touringcars.com\/wp-content\/uploads\/2025\/02\/carado-imagebank-data_VE_Overcab_A464_CU_2025_1003_21-31-41_web-300x200.jpg 300w, https:\/\/www.touringcars.com\/wp-content\/uploads\/2025\/02\/carado-imagebank-data_VE_Overcab_A464_CU_2025_1003_21-31-41_web-1024x682.jpg 1024w, https:\/\/www.touringcars.com\/wp-content\/uploads\/2025\/02\/carado-imagebank-data_VE_Overcab_A464_CU_2025_1003_21-31-41_web-768x512.jpg 768w, https:\/\/www.touringcars.com\/wp-content\/uploads\/2025\/02\/carado-imagebank-data_VE_Overcab_A464_CU_2025_1003_21-31-41_web-1536x1024.jpg 1536w, https:\/\/www.touringcars.com\/wp-content\/uploads\/2025\/02\/carado-imagebank-data_VE_Overcab_A464_CU_2025_1003_21-31-41_web-2048x1365.jpg 2048w, https:\/\/www.touringcars.com\/wp-content\/uploads\/2025\/02\/carado-imagebank-data_VE_Overcab_A464_CU_2025_1003_21-31-41_web-890x593.jpg 890w, https:\/\/www.touringcars.com\/wp-content\/uploads\/2025\/02\/carado-imagebank-data_VE_Overcab_A464_CU_2025_1003_21-31-41_web-714x476.jpg 714w, https:\/\/www.touringcars.com\/wp-content\/uploads\/2025\/02\/carado-imagebank-data_VE_Overcab_A464_CU_2025_1003_21-31-41_web-450x300.jpg 450w, https:\/\/www.touringcars.com\/wp-content\/uploads\/2025\/02\/carado-imagebank-data_VE_Overcab_A464_CU_2025_1003_21-31-41_web-367x245.jpg 367w\" alt=\"_carado-imagebank-data_VE_Overcab_A464_CU_2025_1003_21-31-41_web\" width=\"2200\" height=\"1466\"><\/a><\/div><div class=\"content-container\"><div class=\"title-prices\"><h3><a href=\"https:\/\/www.touringcars.com\/sv\/vehicle\/large-5-automatic\/\">LARGE | 5 (automatic)<\/a><\/h3><\/div><p class=\"post-excerpt\"><a href=\"https:\/\/www.touringcars.com\/sv\/vehicle\/large-5-automatic\/\">Perfekt f\u00f6r en resergrupp eller en familj p\u00e5 upp till fem med mycket bagage.<\/a><\/p><div class=\"info-icons\"><\/div><\/div><\/article><\/li><li class=\"glide__slide\"><article class=\"article reveal\" data-transmission=\"manual\" data-vehicle-code=\"M\" data-vehicle-name=\"MEDIUM\" data-capacity=\"4\" data-car-type=\"Semi-integrated\" data-image=\"https:\/\/www.touringcars.com\/wp-content\/uploads\/2025\/02\/carado-imagebank-data_VE_Semi-Integrated_T448_CU_2025_1002_21-31-41_web-450x300.jpg\" data-capture-link-event=\"0\"><div class=\"image-container\"><div class=\"tag-container\"><span class=\"tag\" data-slug=\"motorhome\">Motorhome<\/span><\/div><a href=\"https:\/\/www.touringcars.com\/sv\/vehicle\/medium\/\"><img decoding=\"async\" src=\"https:\/\/www.touringcars.com\/wp-content\/uploads\/2025\/02\/carado-imagebank-data_VE_Semi-Integrated_T448_CU_2025_1002_21-31-41_web-450x300.jpg\" srcset=\"https:\/\/www.touringcars.com\/wp-content\/uploads\/2025\/02\/carado-imagebank-data_VE_Semi-Integrated_T448_CU_2025_1002_21-31-41_web-300x200.jpg 300w, https:\/\/www.touringcars.com\/wp-content\/uploads\/2025\/02\/carado-imagebank-data_VE_Semi-Integrated_T448_CU_2025_1002_21-31-41_web-1024x682.jpg 1024w, https:\/\/www.touringcars.com\/wp-content\/uploads\/2025\/02\/carado-imagebank-data_VE_Semi-Integrated_T448_CU_2025_1002_21-31-41_web-768x512.jpg 768w, https:\/\/www.touringcars.com\/wp-content\/uploads\/2025\/02\/carado-imagebank-data_VE_Semi-Integrated_T448_CU_2025_1002_21-31-41_web-1536x1024.jpg 1536w, https:\/\/www.touringcars.com\/wp-content\/uploads\/2025\/02\/carado-imagebank-data_VE_Semi-Integrated_T448_CU_2025_1002_21-31-41_web-2048x1365.jpg 2048w, https:\/\/www.touringcars.com\/wp-content\/uploads\/2025\/02\/carado-imagebank-data_VE_Semi-Integrated_T448_CU_2025_1002_21-31-41_web-890x593.jpg 890w, https:\/\/www.touringcars.com\/wp-content\/uploads\/2025\/02\/carado-imagebank-data_VE_Semi-Integrated_T448_CU_2025_1002_21-31-41_web-714x476.jpg 714w, https:\/\/www.touringcars.com\/wp-content\/uploads\/2025\/02\/carado-imagebank-data_VE_Semi-Integrated_T448_CU_2025_1002_21-31-41_web-450x300.jpg 450w, https:\/\/www.touringcars.com\/wp-content\/uploads\/2025\/02\/carado-imagebank-data_VE_Semi-Integrated_T448_CU_2025_1002_21-31-41_web-367x245.jpg 367w\" alt=\"_carado-imagebank-data_VE_Semi-Integrated_T448_CU_2025_1002_21-31-41_web\" width=\"2200\" height=\"1466\"><\/a><\/div><div class=\"content-container\"><div class=\"title-prices\"><h3><a href=\"https:\/\/www.touringcars.com\/sv\/vehicle\/medium\/\">MEDIUM<\/a><\/h3><\/div><p class=\"post-excerpt\"><a href=\"https:\/\/www.touringcars.com\/sv\/vehicle\/medium\/\">Mest popul\u00e4ra kategori &#8211; l\u00e4mplig f\u00f6r upp till fyra personer.<\/a><\/p><div class=\"info-icons\"><\/div><\/div><\/article><\/li><li class=\"glide__slide\"><article class=\"article reveal\" data-transmission=\"manual\" data-vehicle-code=\"F5\" data-vehicle-name=\"FAMILY | 5\" data-capacity=\"5\" data-car-type=\"Alcove \/ Semi-integrated\" data-image=\"https:\/\/www.touringcars.com\/wp-content\/uploads\/2025\/02\/carado-imagebank-data_VE_Overcab_A361_CU_2025_1002_21-31-41_web-450x300.jpg\" data-capture-link-event=\"0\"><div class=\"image-container\"><div class=\"tag-container\"><span class=\"tag\" data-slug=\"motorhome\">Husbil<\/span><span class=\"tag\" data-slug=\"motorhome\">Motorhome<\/span><span class=\"tag\" data-slug=\"family\">Family<\/span><\/div><a href=\"https:\/\/www.touringcars.com\/sv\/vehicle\/family-5\/\"><img decoding=\"async\" src=\"https:\/\/www.touringcars.com\/wp-content\/uploads\/2025\/02\/carado-imagebank-data_VE_Overcab_A361_CU_2025_1002_21-31-41_web-450x300.jpg\" srcset=\"https:\/\/www.touringcars.com\/wp-content\/uploads\/2025\/02\/carado-imagebank-data_VE_Overcab_A361_CU_2025_1002_21-31-41_web-300x200.jpg 300w, https:\/\/www.touringcars.com\/wp-content\/uploads\/2025\/02\/carado-imagebank-data_VE_Overcab_A361_CU_2025_1002_21-31-41_web-1024x682.jpg 1024w, https:\/\/www.touringcars.com\/wp-content\/uploads\/2025\/02\/carado-imagebank-data_VE_Overcab_A361_CU_2025_1002_21-31-41_web-768x512.jpg 768w, https:\/\/www.touringcars.com\/wp-content\/uploads\/2025\/02\/carado-imagebank-data_VE_Overcab_A361_CU_2025_1002_21-31-41_web-1536x1024.jpg 1536w, https:\/\/www.touringcars.com\/wp-content\/uploads\/2025\/02\/carado-imagebank-data_VE_Overcab_A361_CU_2025_1002_21-31-41_web-2048x1365.jpg 2048w, https:\/\/www.touringcars.com\/wp-content\/uploads\/2025\/02\/carado-imagebank-data_VE_Overcab_A361_CU_2025_1002_21-31-41_web-890x593.jpg 890w, https:\/\/www.touringcars.com\/wp-content\/uploads\/2025\/02\/carado-imagebank-data_VE_Overcab_A361_CU_2025_1002_21-31-41_web-714x476.jpg 714w, https:\/\/www.touringcars.com\/wp-content\/uploads\/2025\/02\/carado-imagebank-data_VE_Overcab_A361_CU_2025_1002_21-31-41_web-450x300.jpg 450w, https:\/\/www.touringcars.com\/wp-content\/uploads\/2025\/02\/carado-imagebank-data_VE_Overcab_A361_CU_2025_1002_21-31-41_web-367x245.jpg 367w\" alt=\"_carado-imagebank-data_VE_Overcab_A361_CU_2025_1002_21-31-41_web\" width=\"2200\" height=\"1466\"><\/a><\/div><div class=\"content-container\"><div class=\"title-prices\"><h3><a href=\"https:\/\/www.touringcars.com\/sv\/vehicle\/family-5\/\">FAMILY | 5<\/a><\/h3><\/div><p class=\"post-excerpt\"><a href=\"https:\/\/www.touringcars.com\/sv\/vehicle\/family-5\/\">Perfekt f\u00f6r familj p\u00e5 fem (v\u00e4ningss\u00e4ng l\u00e4ngst bak).<\/a><\/p><div class=\"info-icons\"><\/div><\/div><\/article><\/li><li class=\"glide__slide\"><article class=\"article reveal\" data-transmission=\"manual\" data-vehicle-code=\"L5\" data-vehicle-name=\"LARGE | 5\" data-capacity=\"5\" data-car-type=\"Alcove\" data-image=\"https:\/\/www.touringcars.com\/wp-content\/uploads\/2025\/02\/carado-imagebank-data_VE_Overcab_A464_CU_2025_1003_21-31-41_web-450x300.jpg\" data-capture-link-event=\"0\"><div class=\"image-container\"><div class=\"tag-container\"><span class=\"tag\" data-slug=\"motorhome\">Motorhome<\/span><\/div><a href=\"https:\/\/www.touringcars.com\/sv\/vehicle\/large-5\/\"><img decoding=\"async\" src=\"https:\/\/www.touringcars.com\/wp-content\/uploads\/2025\/02\/carado-imagebank-data_VE_Overcab_A464_CU_2025_1003_21-31-41_web-450x300.jpg\" srcset=\"https:\/\/www.touringcars.com\/wp-content\/uploads\/2025\/02\/carado-imagebank-data_VE_Overcab_A464_CU_2025_1003_21-31-41_web-300x200.jpg 300w, https:\/\/www.touringcars.com\/wp-content\/uploads\/2025\/02\/carado-imagebank-data_VE_Overcab_A464_CU_2025_1003_21-31-41_web-1024x682.jpg 1024w, https:\/\/www.touringcars.com\/wp-content\/uploads\/2025\/02\/carado-imagebank-data_VE_Overcab_A464_CU_2025_1003_21-31-41_web-768x512.jpg 768w, https:\/\/www.touringcars.com\/wp-content\/uploads\/2025\/02\/carado-imagebank-data_VE_Overcab_A464_CU_2025_1003_21-31-41_web-1536x1024.jpg 1536w, https:\/\/www.touringcars.com\/wp-content\/uploads\/2025\/02\/carado-imagebank-data_VE_Overcab_A464_CU_2025_1003_21-31-41_web-2048x1365.jpg 2048w, https:\/\/www.touringcars.com\/wp-content\/uploads\/2025\/02\/carado-imagebank-data_VE_Overcab_A464_CU_2025_1003_21-31-41_web-890x593.jpg 890w, https:\/\/www.touringcars.com\/wp-content\/uploads\/2025\/02\/carado-imagebank-data_VE_Overcab_A464_CU_2025_1003_21-31-41_web-714x476.jpg 714w, https:\/\/www.touringcars.com\/wp-content\/uploads\/2025\/02\/carado-imagebank-data_VE_Overcab_A464_CU_2025_1003_21-31-41_web-450x300.jpg 450w, https:\/\/www.touringcars.com\/wp-content\/uploads\/2025\/02\/carado-imagebank-data_VE_Overcab_A464_CU_2025_1003_21-31-41_web-367x245.jpg 367w\" alt=\"_carado-imagebank-data_VE_Overcab_A464_CU_2025_1003_21-31-41_web\" width=\"2200\" height=\"1466\"><\/a><\/div><div class=\"content-container\"><div class=\"title-prices\"><h3><a href=\"https:\/\/www.touringcars.com\/sv\/vehicle\/large-5\/\">LARGE | 5<\/a><\/h3><\/div><p class=\"post-excerpt\"><a href=\"https:\/\/www.touringcars.com\/sv\/vehicle\/large-5\/\">Perfekt f\u00f6r en resergrupp eller en familj p\u00e5 upp till fem med mycket bagage.<\/a><\/p><div class=\"info-icons\"><\/div><\/div><\/article><\/li><li class=\"glide__slide\"><article class=\"article reveal\" data-transmission=\"automatic\" data-vehicle-code=\"F5-AT\" data-vehicle-name=\"FAMILY | 5 (automatic)\" data-capacity=\"5\" data-car-type=\"Alcove \/ Semi-integrated\" data-image=\"https:\/\/www.touringcars.com\/wp-content\/uploads\/2025\/02\/carado-imagebank-data_VE_Overcab_A361_CU_2025_1002_21-31-41_web-450x300.jpg\" data-capture-link-event=\"0\"><div class=\"image-container\"><div class=\"tag-container\"><span class=\"tag\" data-slug=\"motorhome\">Husbil<\/span><span class=\"tag\" data-slug=\"motorhome\">Motorhome<\/span><span class=\"tag\" data-slug=\"family\">Family<\/span><\/div><a href=\"https:\/\/www.touringcars.com\/sv\/vehicle\/family-5-automatic\/\"><img decoding=\"async\" src=\"https:\/\/www.touringcars.com\/wp-content\/uploads\/2025\/02\/carado-imagebank-data_VE_Overcab_A361_CU_2025_1002_21-31-41_web-450x300.jpg\" srcset=\"https:\/\/www.touringcars.com\/wp-content\/uploads\/2025\/02\/carado-imagebank-data_VE_Overcab_A361_CU_2025_1002_21-31-41_web-300x200.jpg 300w, https:\/\/www.touringcars.com\/wp-content\/uploads\/2025\/02\/carado-imagebank-data_VE_Overcab_A361_CU_2025_1002_21-31-41_web-1024x682.jpg 1024w, https:\/\/www.touringcars.com\/wp-content\/uploads\/2025\/02\/carado-imagebank-data_VE_Overcab_A361_CU_2025_1002_21-31-41_web-768x512.jpg 768w, https:\/\/www.touringcars.com\/wp-content\/uploads\/2025\/02\/carado-imagebank-data_VE_Overcab_A361_CU_2025_1002_21-31-41_web-1536x1024.jpg 1536w, https:\/\/www.touringcars.com\/wp-content\/uploads\/2025\/02\/carado-imagebank-data_VE_Overcab_A361_CU_2025_1002_21-31-41_web-2048x1365.jpg 2048w, https:\/\/www.touringcars.com\/wp-content\/uploads\/2025\/02\/carado-imagebank-data_VE_Overcab_A361_CU_2025_1002_21-31-41_web-890x593.jpg 890w, https:\/\/www.touringcars.com\/wp-content\/uploads\/2025\/02\/carado-imagebank-data_VE_Overcab_A361_CU_2025_1002_21-31-41_web-714x476.jpg 714w, https:\/\/www.touringcars.com\/wp-content\/uploads\/2025\/02\/carado-imagebank-data_VE_Overcab_A361_CU_2025_1002_21-31-41_web-450x300.jpg 450w, https:\/\/www.touringcars.com\/wp-content\/uploads\/2025\/02\/carado-imagebank-data_VE_Overcab_A361_CU_2025_1002_21-31-41_web-367x245.jpg 367w\" alt=\"_carado-imagebank-data_VE_Overcab_A361_CU_2025_1002_21-31-41_web\" width=\"2200\" height=\"1466\"><\/a><\/div><div class=\"content-container\"><div class=\"title-prices\"><h3><a href=\"https:\/\/www.touringcars.com\/sv\/vehicle\/family-5-automatic\/\">FAMILY | 5 (automatic)<\/a><\/h3><\/div><p class=\"post-excerpt\"><a href=\"https:\/\/www.touringcars.com\/sv\/vehicle\/family-5-automatic\/\">Perfekt f\u00f6r familj p\u00e5 5 (v\u00e5ningss\u00e4ng l\u00e4ngst bak).<\/a><\/p><div class=\"info-icons\"><\/div><\/div><\/article><\/li><li class=\"glide__slide\"><article class=\"article reveal\" data-transmission=\"automatic\" data-vehicle-code=\"M-AT\" data-vehicle-name=\"MEDIUM (automatic)\" data-capacity=\"4\" data-car-type=\"Semi-integrated\" data-image=\"https:\/\/www.touringcars.com\/wp-content\/uploads\/2025\/02\/carado-imagebank-data_VE_Semi-Integrated_T448_CU_2025_1002_21-31-41_web-450x300.jpg\" data-capture-link-event=\"0\"><div class=\"image-container\"><div class=\"tag-container\"><span class=\"tag\" data-slug=\"motorhome\">Motorhome<\/span><\/div><a href=\"https:\/\/www.touringcars.com\/sv\/vehicle\/medium-automatic\/\"><img decoding=\"async\" src=\"https:\/\/www.touringcars.com\/wp-content\/uploads\/2025\/02\/carado-imagebank-data_VE_Semi-Integrated_T448_CU_2025_1002_21-31-41_web-450x300.jpg\" srcset=\"https:\/\/www.touringcars.com\/wp-content\/uploads\/2025\/02\/carado-imagebank-data_VE_Semi-Integrated_T448_CU_2025_1002_21-31-41_web-300x200.jpg 300w, https:\/\/www.touringcars.com\/wp-content\/uploads\/2025\/02\/carado-imagebank-data_VE_Semi-Integrated_T448_CU_2025_1002_21-31-41_web-1024x682.jpg 1024w, https:\/\/www.touringcars.com\/wp-content\/uploads\/2025\/02\/carado-imagebank-data_VE_Semi-Integrated_T448_CU_2025_1002_21-31-41_web-768x512.jpg 768w, https:\/\/www.touringcars.com\/wp-content\/uploads\/2025\/02\/carado-imagebank-data_VE_Semi-Integrated_T448_CU_2025_1002_21-31-41_web-1536x1024.jpg 1536w, https:\/\/www.touringcars.com\/wp-content\/uploads\/2025\/02\/carado-imagebank-data_VE_Semi-Integrated_T448_CU_2025_1002_21-31-41_web-2048x1365.jpg 2048w, https:\/\/www.touringcars.com\/wp-content\/uploads\/2025\/02\/carado-imagebank-data_VE_Semi-Integrated_T448_CU_2025_1002_21-31-41_web-890x593.jpg 890w, https:\/\/www.touringcars.com\/wp-content\/uploads\/2025\/02\/carado-imagebank-data_VE_Semi-Integrated_T448_CU_2025_1002_21-31-41_web-714x476.jpg 714w, https:\/\/www.touringcars.com\/wp-content\/uploads\/2025\/02\/carado-imagebank-data_VE_Semi-Integrated_T448_CU_2025_1002_21-31-41_web-450x300.jpg 450w, https:\/\/www.touringcars.com\/wp-content\/uploads\/2025\/02\/carado-imagebank-data_VE_Semi-Integrated_T448_CU_2025_1002_21-31-41_web-367x245.jpg 367w\" alt=\"_carado-imagebank-data_VE_Semi-Integrated_T448_CU_2025_1002_21-31-41_web\" width=\"2200\" height=\"1466\"><\/a><\/div><div class=\"content-container\"><div class=\"title-prices\"><h3><a href=\"https:\/\/www.touringcars.com\/sv\/vehicle\/medium-automatic\/\">MEDIUM (automatic)<\/a><\/h3><\/div><p class=\"post-excerpt\"><a href=\"https:\/\/www.touringcars.com\/sv\/vehicle\/medium-automatic\/\">Mest popul\u00e4ra kategori &#8211; l\u00e4mplig f\u00f6r upp till fyra personer.<\/a><\/p><div class=\"info-icons\"><\/div><\/div><\/article><\/li><li class=\"glide__slide\"><article class=\"article reveal\" data-transmission=\"manual\" data-vehicle-code=\"S\" data-vehicle-name=\"SMALL\" data-capacity=\"2\" data-car-type=\"Semi-integrated\" data-image=\"https:\/\/www.touringcars.com\/wp-content\/uploads\/2025\/02\/carado-imagebank-data_VE_Van_V339_CU_2025_1002_21-31-41_web-450x300.jpg\" data-capture-link-event=\"0\"><div class=\"image-container\"><div class=\"tag-container\"><span class=\"tag\" data-slug=\"motorhome\">Motorhome<\/span><\/div><a href=\"https:\/\/www.touringcars.com\/sv\/vehicle\/small\/\"><img decoding=\"async\" src=\"https:\/\/www.touringcars.com\/wp-content\/uploads\/2025\/02\/carado-imagebank-data_VE_Van_V339_CU_2025_1002_21-31-41_web-450x300.jpg\" srcset=\"https:\/\/www.touringcars.com\/wp-content\/uploads\/2025\/02\/carado-imagebank-data_VE_Van_V339_CU_2025_1002_21-31-41_web-300x200.jpg 300w, https:\/\/www.touringcars.com\/wp-content\/uploads\/2025\/02\/carado-imagebank-data_VE_Van_V339_CU_2025_1002_21-31-41_web-1024x682.jpg 1024w, https:\/\/www.touringcars.com\/wp-content\/uploads\/2025\/02\/carado-imagebank-data_VE_Van_V339_CU_2025_1002_21-31-41_web-768x512.jpg 768w, https:\/\/www.touringcars.com\/wp-content\/uploads\/2025\/02\/carado-imagebank-data_VE_Van_V339_CU_2025_1002_21-31-41_web-1536x1024.jpg 1536w, https:\/\/www.touringcars.com\/wp-content\/uploads\/2025\/02\/carado-imagebank-data_VE_Van_V339_CU_2025_1002_21-31-41_web-2048x1365.jpg 2048w, https:\/\/www.touringcars.com\/wp-content\/uploads\/2025\/02\/carado-imagebank-data_VE_Van_V339_CU_2025_1002_21-31-41_web-890x593.jpg 890w, https:\/\/www.touringcars.com\/wp-content\/uploads\/2025\/02\/carado-imagebank-data_VE_Van_V339_CU_2025_1002_21-31-41_web-714x476.jpg 714w, https:\/\/www.touringcars.com\/wp-content\/uploads\/2025\/02\/carado-imagebank-data_VE_Van_V339_CU_2025_1002_21-31-41_web-450x300.jpg 450w, https:\/\/www.touringcars.com\/wp-content\/uploads\/2025\/02\/carado-imagebank-data_VE_Van_V339_CU_2025_1002_21-31-41_web-367x245.jpg 367w\" alt=\"_carado-imagebank-data_VE_Van_V339_CU_2025_1002_21-31-41_web\" width=\"2200\" height=\"1466\"><\/a><\/div><div class=\"content-container\"><div class=\"title-prices\"><h3><a href=\"https:\/\/www.touringcars.com\/sv\/vehicle\/small\/\">SMALL<\/a><\/h3><\/div><p class=\"post-excerpt\"><a href=\"https:\/\/www.touringcars.com\/sv\/vehicle\/small\/\">Perfekt &amp; ett rymligt val f\u00f6r ett par\u00e4ventyr.<\/a><\/p><div class=\"info-icons\"><\/div><\/div><\/article><\/li><li class=\"glide__slide\"><article class=\"article reveal\" data-transmission=\"automatic\" data-vehicle-code=\"S-AT\" data-vehicle-name=\"SMALL (automatic)\" data-capacity=\"2\" data-car-type=\"Semi-integrated\" data-image=\"https:\/\/www.touringcars.com\/wp-content\/uploads\/2025\/02\/carado-imagebank-data_VE_Van_V337_CU_2025_1002_21-31-41_web-450x300.jpg\" data-capture-link-event=\"0\"><div class=\"image-container\"><div class=\"tag-container\"><span class=\"tag\" data-slug=\"motorhome\">Motorhome<\/span><\/div><a href=\"https:\/\/www.touringcars.com\/sv\/vehicle\/small-automatic\/\"><img decoding=\"async\" src=\"https:\/\/www.touringcars.com\/wp-content\/uploads\/2025\/02\/carado-imagebank-data_VE_Van_V337_CU_2025_1002_21-31-41_web-450x300.jpg\" srcset=\"https:\/\/www.touringcars.com\/wp-content\/uploads\/2025\/02\/carado-imagebank-data_VE_Van_V337_CU_2025_1002_21-31-41_web-300x200.jpg 300w, https:\/\/www.touringcars.com\/wp-content\/uploads\/2025\/02\/carado-imagebank-data_VE_Van_V337_CU_2025_1002_21-31-41_web-1024x682.jpg 1024w, https:\/\/www.touringcars.com\/wp-content\/uploads\/2025\/02\/carado-imagebank-data_VE_Van_V337_CU_2025_1002_21-31-41_web-768x512.jpg 768w, https:\/\/www.touringcars.com\/wp-content\/uploads\/2025\/02\/carado-imagebank-data_VE_Van_V337_CU_2025_1002_21-31-41_web-1536x1024.jpg 1536w, https:\/\/www.touringcars.com\/wp-content\/uploads\/2025\/02\/carado-imagebank-data_VE_Van_V337_CU_2025_1002_21-31-41_web-2048x1365.jpg 2048w, https:\/\/www.touringcars.com\/wp-content\/uploads\/2025\/02\/carado-imagebank-data_VE_Van_V337_CU_2025_1002_21-31-41_web-890x593.jpg 890w, https:\/\/www.touringcars.com\/wp-content\/uploads\/2025\/02\/carado-imagebank-data_VE_Van_V337_CU_2025_1002_21-31-41_web-714x476.jpg 714w, https:\/\/www.touringcars.com\/wp-content\/uploads\/2025\/02\/carado-imagebank-data_VE_Van_V337_CU_2025_1002_21-31-41_web-450x300.jpg 450w, https:\/\/www.touringcars.com\/wp-content\/uploads\/2025\/02\/carado-imagebank-data_VE_Van_V337_CU_2025_1002_21-31-41_web-367x245.jpg 367w\" alt=\"_carado-imagebank-data_VE_Van_V337_CU_2025_1002_21-31-41_web\" width=\"2200\" height=\"1466\"><\/a><\/div><div class=\"content-container\"><div class=\"title-prices\"><h3><a href=\"https:\/\/www.touringcars.com\/sv\/vehicle\/small-automatic\/\">SMALL (automatic)<\/a><\/h3><\/div><p class=\"post-excerpt\"><a href=\"https:\/\/www.touringcars.com\/sv\/vehicle\/small-automatic\/\">Perfekt &amp; ett rymligt val f\u00f6r ett par\u00e4ventyr.<\/a><\/p><div class=\"info-icons\"><\/div><\/div><\/article><\/li><li class=\"glide__slide\"><article class=\"article reveal\" data-transmission=\"manual\" data-vehicle-code=\"V\" data-vehicle-name=\"VAN\" data-capacity=\"2\" data-car-type=\"VAN\" data-image=\"https:\/\/www.touringcars.com\/wp-content\/uploads\/2025\/02\/carado-imagebank-data_VE_Camper-Van_CV640_CU_2025_1002_21-31-41_web-450x300.jpg\" data-capture-link-event=\"0\"><div class=\"image-container\"><div class=\"tag-container\"><span class=\"tag\" data-slug=\"camper-van\">Pl\u00e5tis<\/span><\/div><a href=\"https:\/\/www.touringcars.com\/sv\/vehicle\/van\/\"><img decoding=\"async\" src=\"https:\/\/www.touringcars.com\/wp-content\/uploads\/2025\/02\/carado-imagebank-data_VE_Camper-Van_CV640_CU_2025_1002_21-31-41_web-450x300.jpg\" srcset=\"https:\/\/www.touringcars.com\/wp-content\/uploads\/2025\/02\/carado-imagebank-data_VE_Camper-Van_CV640_CU_2025_1002_21-31-41_web-300x200.jpg 300w, https:\/\/www.touringcars.com\/wp-content\/uploads\/2025\/02\/carado-imagebank-data_VE_Camper-Van_CV640_CU_2025_1002_21-31-41_web-1024x682.jpg 1024w, https:\/\/www.touringcars.com\/wp-content\/uploads\/2025\/02\/carado-imagebank-data_VE_Camper-Van_CV640_CU_2025_1002_21-31-41_web-768x512.jpg 768w, https:\/\/www.touringcars.com\/wp-content\/uploads\/2025\/02\/carado-imagebank-data_VE_Camper-Van_CV640_CU_2025_1002_21-31-41_web-1536x1024.jpg 1536w, https:\/\/www.touringcars.com\/wp-content\/uploads\/2025\/02\/carado-imagebank-data_VE_Camper-Van_CV640_CU_2025_1002_21-31-41_web-2048x1365.jpg 2048w, https:\/\/www.touringcars.com\/wp-content\/uploads\/2025\/02\/carado-imagebank-data_VE_Camper-Van_CV640_CU_2025_1002_21-31-41_web-890x593.jpg 890w, https:\/\/www.touringcars.com\/wp-content\/uploads\/2025\/02\/carado-imagebank-data_VE_Camper-Van_CV640_CU_2025_1002_21-31-41_web-714x476.jpg 714w, https:\/\/www.touringcars.com\/wp-content\/uploads\/2025\/02\/carado-imagebank-data_VE_Camper-Van_CV640_CU_2025_1002_21-31-41_web-450x300.jpg 450w, https:\/\/www.touringcars.com\/wp-content\/uploads\/2025\/02\/carado-imagebank-data_VE_Camper-Van_CV640_CU_2025_1002_21-31-41_web-367x245.jpg 367w\" alt=\"_carado-imagebank-data_VE_Camper-Van_CV640_CU_2025_1002_21-31-41_web\" width=\"2200\" height=\"1466\"><\/a><\/div><div class=\"content-container\"><div class=\"title-prices\"><h3><a href=\"https:\/\/www.touringcars.com\/sv\/vehicle\/van\/\">VAN<\/a><\/h3><\/div><p class=\"post-excerpt\"><a href=\"https:\/\/www.touringcars.com\/sv\/vehicle\/van\/\">Smidigt alternativ f\u00f6r smala v\u00e4gar, en stadssemester eller en kort semesterresa f\u00f6r tv\u00e5.<\/a><\/p><div class=\"info-icons\"><\/div><\/div><\/article><\/li><li class=\"glide__slide\"><article class=\"article reveal\" data-transmission=\"automatic\" data-vehicle-code=\"V-AT\" data-vehicle-name=\"VAN (automatic)\" data-capacity=\"2\" data-car-type=\"VAN\" data-image=\"https:\/\/www.touringcars.com\/wp-content\/uploads\/2025\/02\/carado-imagebank-data_VE_Camper-Van_CV640_CU_2025_1002_21-31-41_web-450x300.jpg\" data-capture-link-event=\"0\"><div class=\"image-container\"><div class=\"tag-container\"><span class=\"tag\" data-slug=\"camper-van\">Pl\u00e5tis<\/span><\/div><a href=\"https:\/\/www.touringcars.com\/sv\/vehicle\/van-automatic\/\"><img decoding=\"async\" src=\"https:\/\/www.touringcars.com\/wp-content\/uploads\/2025\/02\/carado-imagebank-data_VE_Camper-Van_CV640_CU_2025_1002_21-31-41_web-450x300.jpg\" srcset=\"https:\/\/www.touringcars.com\/wp-content\/uploads\/2025\/02\/carado-imagebank-data_VE_Camper-Van_CV640_CU_2025_1002_21-31-41_web-300x200.jpg 300w, https:\/\/www.touringcars.com\/wp-content\/uploads\/2025\/02\/carado-imagebank-data_VE_Camper-Van_CV640_CU_2025_1002_21-31-41_web-1024x682.jpg 1024w, https:\/\/www.touringcars.com\/wp-content\/uploads\/2025\/02\/carado-imagebank-data_VE_Camper-Van_CV640_CU_2025_1002_21-31-41_web-768x512.jpg 768w, https:\/\/www.touringcars.com\/wp-content\/uploads\/2025\/02\/carado-imagebank-data_VE_Camper-Van_CV640_CU_2025_1002_21-31-41_web-1536x1024.jpg 1536w, https:\/\/www.touringcars.com\/wp-content\/uploads\/2025\/02\/carado-imagebank-data_VE_Camper-Van_CV640_CU_2025_1002_21-31-41_web-2048x1365.jpg 2048w, https:\/\/www.touringcars.com\/wp-content\/uploads\/2025\/02\/carado-imagebank-data_VE_Camper-Van_CV640_CU_2025_1002_21-31-41_web-890x593.jpg 890w, https:\/\/www.touringcars.com\/wp-content\/uploads\/2025\/02\/carado-imagebank-data_VE_Camper-Van_CV640_CU_2025_1002_21-31-41_web-714x476.jpg 714w, https:\/\/www.touringcars.com\/wp-content\/uploads\/2025\/02\/carado-imagebank-data_VE_Camper-Van_CV640_CU_2025_1002_21-31-41_web-450x300.jpg 450w, https:\/\/www.touringcars.com\/wp-content\/uploads\/2025\/02\/carado-imagebank-data_VE_Camper-Van_CV640_CU_2025_1002_21-31-41_web-367x245.jpg 367w\" alt=\"_carado-imagebank-data_VE_Camper-Van_CV640_CU_2025_1002_21-31-41_web\" width=\"2200\" height=\"1466\"><\/a><\/div><div class=\"content-container\"><div class=\"title-prices\"><h3><a href=\"https:\/\/www.touringcars.com\/sv\/vehicle\/van-automatic\/\">VAN (automatic)<\/a><\/h3><\/div><p class=\"post-excerpt\"><a href=\"https:\/\/www.touringcars.com\/sv\/vehicle\/van-automatic\/\">Smidigt alternativ f\u00f6r smala v\u00e4gar, en stadssemester eller en kort semesterresa f\u00f6r tv\u00e5.<\/a><\/p><div class=\"info-icons\"><\/div><\/div><\/article><\/li><li class=\"glide__slide\"><article class=\"article reveal\" data-transmission=\"manual\" data-vehicle-code=\"V4x4\" data-vehicle-name=\"VAN (4&#215;4)\" data-capacity=\"2\" data-car-type=\"VAN\" data-image=\"https:\/\/www.touringcars.com\/wp-content\/uploads\/2025\/02\/carado-imagebank-data_VE_Camper-Van_CV640_CU_2025_1002_21-31-41_web-450x300.jpg\" data-capture-link-event=\"0\"><div class=\"image-container\"><div class=\"tag-container\"><span class=\"tag\" data-slug=\"camper-van\">Pl\u00e5tis<\/span><\/div><a href=\"https:\/\/www.touringcars.com\/sv\/vehicle\/van-4x4\/\"><img decoding=\"async\" src=\"https:\/\/www.touringcars.com\/wp-content\/uploads\/2025\/02\/carado-imagebank-data_VE_Camper-Van_CV640_CU_2025_1002_21-31-41_web-450x300.jpg\" srcset=\"https:\/\/www.touringcars.com\/wp-content\/uploads\/2025\/02\/carado-imagebank-data_VE_Camper-Van_CV640_CU_2025_1002_21-31-41_web-300x200.jpg 300w, https:\/\/www.touringcars.com\/wp-content\/uploads\/2025\/02\/carado-imagebank-data_VE_Camper-Van_CV640_CU_2025_1002_21-31-41_web-1024x682.jpg 1024w, https:\/\/www.touringcars.com\/wp-content\/uploads\/2025\/02\/carado-imagebank-data_VE_Camper-Van_CV640_CU_2025_1002_21-31-41_web-768x512.jpg 768w, https:\/\/www.touringcars.com\/wp-content\/uploads\/2025\/02\/carado-imagebank-data_VE_Camper-Van_CV640_CU_2025_1002_21-31-41_web-1536x1024.jpg 1536w, https:\/\/www.touringcars.com\/wp-content\/uploads\/2025\/02\/carado-imagebank-data_VE_Camper-Van_CV640_CU_2025_1002_21-31-41_web-2048x1365.jpg 2048w, https:\/\/www.touringcars.com\/wp-content\/uploads\/2025\/02\/carado-imagebank-data_VE_Camper-Van_CV640_CU_2025_1002_21-31-41_web-890x593.jpg 890w, https:\/\/www.touringcars.com\/wp-content\/uploads\/2025\/02\/carado-imagebank-data_VE_Camper-Van_CV640_CU_2025_1002_21-31-41_web-714x476.jpg 714w, https:\/\/www.touringcars.com\/wp-content\/uploads\/2025\/02\/carado-imagebank-data_VE_Camper-Van_CV640_CU_2025_1002_21-31-41_web-450x300.jpg 450w, https:\/\/www.touringcars.com\/wp-content\/uploads\/2025\/02\/carado-imagebank-data_VE_Camper-Van_CV640_CU_2025_1002_21-31-41_web-367x245.jpg 367w\" alt=\"_carado-imagebank-data_VE_Camper-Van_CV640_CU_2025_1002_21-31-41_web\" width=\"2200\" height=\"1466\"><\/a><\/div><div class=\"content-container\"><div class=\"title-prices\"><h3><a href=\"https:\/\/www.touringcars.com\/sv\/vehicle\/van-4x4\/\">VAN (4&#215;4)<\/a><\/h3><\/div><p class=\"post-excerpt\"><a href=\"https:\/\/www.touringcars.com\/sv\/vehicle\/van-4x4\/\">Smidigt alternativ f\u00f6r smala v\u00e4gar, en stadssemester eller en kort semesterresa f\u00f6r tv\u00e5.<\/a><\/p><div class=\"info-icons\"><\/div><\/div><\/article><\/li><\/ul><\/div><div class=\"glide__controls\"><div class=\"glide__arrows\" data-glide-el=\"controls\"><span class=\"glide__arrow glide__arrow--left\" data-glide-dir=\"<\"><\/span><span class=\"glide__arrow glide__arrow--right\" data-glide-dir=\">&#8221;><\/span><\/div><div class=\"glide__bullets\" data-glide-el=\"controls[nav]\"><span class=\"glide__bullet\" data-glide-dir=\"=0\" data-parent-uid=\"6a979a2b077f3\"><\/span><span class=\"glide__bullet\" data-glide-dir=\"=1\" data-parent-uid=\"6a979a2b077f3\"><\/span><span class=\"glide__bullet\" data-glide-dir=\"=2\" data-parent-uid=\"6a979a2b077f3\"><\/span><span class=\"glide__bullet\" data-glide-dir=\"=3\" data-parent-uid=\"6a979a2b077f3\"><\/span><span class=\"glide__bullet\" data-glide-dir=\"=4\" data-parent-uid=\"6a979a2b077f3\"><\/span><span class=\"glide__bullet\" data-glide-dir=\"=5\" data-parent-uid=\"6a979a2b077f3\"><\/span><span class=\"glide__bullet\" data-glide-dir=\"=6\" data-parent-uid=\"6a979a2b077f3\"><\/span><span class=\"glide__bullet\" data-glide-dir=\"=7\" data-parent-uid=\"6a979a2b077f3\"><\/span><span class=\"glide__bullet\" data-glide-dir=\"=8\" data-parent-uid=\"6a979a2b077f3\"><\/span><span class=\"glide__bullet\" data-glide-dir=\"=9\" data-parent-uid=\"6a979a2b077f3\"><\/span><span class=\"glide__bullet\" data-glide-dir=\"=10\" data-parent-uid=\"6a979a2b077f3\"><\/span><span class=\"glide__bullet\" data-glide-dir=\"=11\" data-parent-uid=\"6a979a2b077f3\"><\/span><span class=\"glide__bullet\" data-glide-dir=\"=12\" data-parent-uid=\"6a979a2b077f3\"><\/span><span class=\"glide__bullet\" data-glide-dir=\"=13\" data-parent-uid=\"6a979a2b077f3\"><\/span><span class=\"glide__bullet\" data-glide-dir=\"=14\" data-parent-uid=\"6a979a2b077f3\"><\/span><span class=\"glide__bullet\" data-glide-dir=\"=15\" data-parent-uid=\"6a979a2b077f3\"><\/span><span class=\"glide__bullet\" data-glide-dir=\"=16\" data-parent-uid=\"6a979a2b077f3\"><\/span><span class=\"glide__bullet\" data-glide-dir=\"=17\" data-parent-uid=\"6a979a2b077f3\"><\/span><\/div><\/div><\/div>    <\/div>\n<\/section>\n\n<section class=\"block block-columns\">\n    <div class=\"container\">\n        <h2>Varf\u00f6r v\u00e4lja l\u00e5ngtidsuthyrning av husbil?<\/h2>        <div class=\"columns columns-3\">\n            <div class=\"column\"><div class=\"image-container reveal\"><img decoding=\"async\" src=\"https:\/\/www.touringcars.com\/wp-content\/uploads\/2025\/02\/2020-rm-optima-deluxe-t70f-innen-people-kueche-051-PRESSE_lowres.jpg-533x300.webp\" srcset=\"https:\/\/www.touringcars.com\/wp-content\/uploads\/2025\/02\/2020-rm-optima-deluxe-t70f-innen-people-kueche-051-PRESSE_lowres.jpg-300x169.webp 300w, https:\/\/www.touringcars.com\/wp-content\/uploads\/2025\/02\/2020-rm-optima-deluxe-t70f-innen-people-kueche-051-PRESSE_lowres.jpg-768x432.webp 768w, https:\/\/www.touringcars.com\/wp-content\/uploads\/2025\/02\/2020-rm-optima-deluxe-t70f-innen-people-kueche-051-PRESSE_lowres.jpg-714x402.webp 714w, https:\/\/www.touringcars.com\/wp-content\/uploads\/2025\/02\/2020-rm-optima-deluxe-t70f-innen-people-kueche-051-PRESSE_lowres.jpg-533x300.webp 533w, https:\/\/www.touringcars.com\/wp-content\/uploads\/2025\/02\/2020-rm-optima-deluxe-t70f-innen-people-kueche-051-PRESSE_lowres.jpg-846x476.webp 846w, https:\/\/www.touringcars.com\/wp-content\/uploads\/2025\/02\/2020-rm-optima-deluxe-t70f-innen-people-kueche-051-PRESSE_lowres.jpg.webp 1024w\" alt=\"2020-rm-optima-deluxe-t70f-innen-people-kueche-051-PRESSE_lowres.jpg\" width=\"1024\" height=\"576\"><\/div><div class=\"content-container reveal\"><h3>Enkel budgetering<\/h3><p>Ett fast m\u00e5nadspris g\u00f6r <strong>budgeteringen enkel.<\/strong> Du k\u00e4nner till dina kostnader mer exakt i f\u00f6rv\u00e4g, vilket underl\u00e4ttar planeringen av resebudgeten. N\u00e4r du reser med husbil sparar du p\u00e5 mat- och hotellkostnader.<\/p>\n<\/div><\/div><div class=\"column\"><div class=\"image-container reveal\"><img decoding=\"async\" src=\"https:\/\/www.touringcars.com\/wp-content\/uploads\/2026\/02\/w1400-574x328.webp\" srcset=\"https:\/\/www.touringcars.com\/wp-content\/uploads\/2026\/02\/w1400-300x171.webp 300w, https:\/\/www.touringcars.com\/wp-content\/uploads\/2026\/02\/w1400-1024x585.webp 1024w, https:\/\/www.touringcars.com\/wp-content\/uploads\/2026\/02\/w1400-768x439.webp 768w, https:\/\/www.touringcars.com\/wp-content\/uploads\/2026\/02\/w1400-1038x593.webp 1038w, https:\/\/www.touringcars.com\/wp-content\/uploads\/2026\/02\/w1400-714x408.webp 714w, https:\/\/www.touringcars.com\/wp-content\/uploads\/2026\/02\/w1400-180x103.webp 180w, https:\/\/www.touringcars.com\/wp-content\/uploads\/2026\/02\/w1400-412x235.webp 412w, https:\/\/www.touringcars.com\/wp-content\/uploads\/2026\/02\/w1400-574x328.webp 574w, https:\/\/www.touringcars.com\/wp-content\/uploads\/2026\/02\/w1400.webp 1400w\" alt=\"w=1400\" width=\"1400\" height=\"800\"><\/div><div class=\"content-container reveal\"><h3>F\u00f6rm\u00e5nligt dagspris<\/h3><p>Du f\u00e5r <strong>tillg\u00e5ng till en husbil i premiumklass f\u00f6r en fast summa<\/strong> till ett f\u00f6rm\u00e5nligt dagspris. En l\u00e4ngre hyresperiod erbjuder ett enkelt s\u00e4tt att prova husbilsresor utan stort \u00e5tagande.<\/p>\n<\/div><\/div><div class=\"column\"><div class=\"image-container reveal\"><img decoding=\"async\" src=\"https:\/\/www.touringcars.com\/wp-content\/uploads\/2026\/02\/DJI_0584-574x430.jpg\" srcset=\"https:\/\/www.touringcars.com\/wp-content\/uploads\/2026\/02\/DJI_0584-300x225.jpg 300w, https:\/\/www.touringcars.com\/wp-content\/uploads\/2026\/02\/DJI_0584-1024x767.jpg 1024w, https:\/\/www.touringcars.com\/wp-content\/uploads\/2026\/02\/DJI_0584-768x575.jpg 768w, https:\/\/www.touringcars.com\/wp-content\/uploads\/2026\/02\/DJI_0584-1536x1150.jpg 1536w, https:\/\/www.touringcars.com\/wp-content\/uploads\/2026\/02\/DJI_0584-2048x1534.jpg 2048w, https:\/\/www.touringcars.com\/wp-content\/uploads\/2026\/02\/DJI_0584-1920x1438.jpg 1920w, https:\/\/www.touringcars.com\/wp-content\/uploads\/2026\/02\/DJI_0584-792x593.jpg 792w, https:\/\/www.touringcars.com\/wp-content\/uploads\/2026\/02\/DJI_0584-709x531.jpg 709w, https:\/\/www.touringcars.com\/wp-content\/uploads\/2026\/02\/DJI_0584-180x136.jpg 180w, https:\/\/www.touringcars.com\/wp-content\/uploads\/2026\/02\/DJI_0584-412x310.jpg 412w, https:\/\/www.touringcars.com\/wp-content\/uploads\/2026\/02\/DJI_0584-574x430.jpg 574w\" alt=\"DJI_0584\" width=\"2560\" height=\"1917\"><\/div><div class=\"content-container reveal\"><h3>Friheten som husbilen ger<\/h3><p>Vakna var du vill, byt landskap i din egen takt och g\u00f6r rutten till Er egen. Upplev flera l\u00e4nder <strong>flexibelt<\/strong> medan du njuter av husbilens bekv\u00e4mlighet.<\/p>\n<\/div><\/div>        <\/div>\n    <\/div>\n<\/section>\n\n<section class=\"block block-centertext\">\n    <div class=\"container\">\n        <div class=\"content-container reveal\">\n            <h2>L\u00e4s vad v\u00e5ra kunder s\u00e4ger<\/h2><script src=\"https:\/\/static.elfsight.com\/platform\/platform.js\" async><\/script><div class=\"elfsight-app-190f4d07-e998-4577-8b7a-f43beda25fb9\" data-elfsight-app-lazy><\/div>\n        <\/div>\n    <\/div>\n<\/section>\n\n<section class=\"block block-contactform bg-white input-style-gray\" id=\"contact\">\n    <div class=\"container\">\n        <div class=\"content-container reveal\">\n            <h2>B\u00f6rja planera din resa \u2013 beg\u00e4r offert!<\/h2><p>Du beh\u00f6ver inte k\u00e4nna till alla detaljer eller till\u00e4ggsutrustning \u00e4nnu. L\u00e4mna bara en kontaktf\u00f6rfr\u00e5gan i formul\u00e4ret nedan, <strong>s\u00e5 kontaktar v\u00e5rt s\u00e4ljteam dig redan n\u00e4sta vardag<\/strong>. Vi g\u00e5r igenom dina \u00f6nskem\u00e5l tillsammans och skr\u00e4ddarsyr ett paket som passar din resa perfekt!<\/p>\n<div class=\"form-container\">\n<div class=\"wpcf7 no-js\" id=\"wpcf7-f33194-o1\" lang=\"sv-SE\" dir=\"ltr\" data-wpcf7-id=\"33194\">\n<div class=\"screen-reader-response\"><p role=\"status\" aria-live=\"polite\" aria-atomic=\"true\"><\/p> <ul><\/ul><\/div>\n<form action=\"\/sv\/wp-json\/wp\/v2\/pages\/33157#wpcf7-f33194-o1\" method=\"post\" class=\"wpcf7-form init\" aria-label=\"Kontaktformul\u00e4r\" novalidate=\"novalidate\" data-status=\"init\">\n<fieldset class=\"hidden-fields-container\"><input type=\"hidden\" name=\"_wpcf7\" value=\"33194\" \/><input type=\"hidden\" name=\"_wpcf7_version\" value=\"6.1.7\" \/><input type=\"hidden\" name=\"_wpcf7_locale\" value=\"sv_SE\" \/><input type=\"hidden\" name=\"_wpcf7_unit_tag\" value=\"wpcf7-f33194-o1\" \/><input type=\"hidden\" name=\"_wpcf7_container_post\" value=\"0\" \/><input type=\"hidden\" name=\"_wpcf7_posted_data_hash\" value=\"\" \/><input type=\"hidden\" name=\"_wpcf7_recaptcha_response\" value=\"\" \/>\n<\/fieldset>\n<div class=\"form-row\">\n  <div class=\"form-col\">\n    <label>Namn *<\/label>\n <span class=\"wpcf7-form-control-wrap\" data-name=\"your-name\"><input size=\"40\" maxlength=\"400\" class=\"wpcf7-form-control wpcf7-text form-control form-control-gray  wpcf7-validates-as-required\" aria-required=\"true\" aria-invalid=\"false\" placeholder=\"F\u00f6r- och efternamn\" value=\"\" type=\"text\" name=\"your-name\" \/><\/span>\n  <\/div>\n  <div class=\"form-col\">\n    <label>E-postadress *<\/label>\n <span class=\"wpcf7-form-control-wrap\" data-name=\"your-email\"><input size=\"40\" maxlength=\"400\" class=\"wpcf7-form-control wpcf7-email wpcf7-validates-as-required wpcf7-text form-control form-control-gray  wpcf7-validates-as-email\" aria-required=\"true\" aria-invalid=\"false\" placeholder=\"E-postadress\" value=\"\" type=\"email\" name=\"your-email\" \/><\/span>\n  <\/div>\n<\/div>\n\n<div class=\"form-row\">\n  <div class=\"form-col\">\n    <label>Telefonnummer *<\/label>\n <span class=\"wpcf7-form-control-wrap\" data-name=\"your-phone\"><input size=\"40\" maxlength=\"400\" class=\"wpcf7-form-control wpcf7-tel wpcf7-validates-as-required wpcf7-text form-control form-control-gray  wpcf7-validates-as-tel\" aria-required=\"true\" aria-invalid=\"false\" placeholder=\"Telefonnummer\" value=\"\" type=\"tel\" name=\"your-phone\" \/><\/span>\n  <\/div>\n  <div class=\"form-col\">\n    <label>Upph\u00e4mtningsplats *<\/label>\n <span class=\"wpcf7-form-control-wrap\" data-name=\"toimipiste\"><select class=\"wpcf7-form-control wpcf7-select form-control form-control-gray  wpcf7-validates-as-required\" aria-required=\"true\" aria-invalid=\"false\" name=\"toimipiste\"><option value=\"Stockholm\">Stockholm<\/option><option value=\"Oslo\">Oslo<\/option><option value=\"Troms\u00f6\">Troms\u00f6<\/option><option value=\"Helsingfors\">Helsingfors<\/option><\/select><\/span>\n  <\/div>\n<\/div>\n\n<div class=\"form-row\">\n  <div class=\"form-col\">\n    <label>Hyresperiod *<\/label>\n <span class=\"wpcf7-form-control-wrap\" data-name=\"vuokrausaika\"><select class=\"wpcf7-form-control wpcf7-select form-control form-control-gray  wpcf7-validates-as-required\" aria-required=\"true\" aria-invalid=\"false\" name=\"vuokrausaika\"><option value=\"3 m\u00e5nader\">3 m\u00e5nader<\/option><option value=\"6 m\u00e5nader\">6 m\u00e5nader<\/option><option value=\"Annat \/ \u00d6ppet\">Annat \/ \u00d6ppet<\/option><\/select><\/span>\n  <\/div>\n  <div class=\"form-col\">\n    <label>Antal resen\u00e4rer * (maximalt antal personer)<\/label>\n <span class=\"wpcf7-form-control-wrap\" data-name=\"matkustajamaara\"><select class=\"wpcf7-form-control wpcf7-select form-control form-control-gray  wpcf7-validates-as-required\" aria-required=\"true\" aria-invalid=\"false\" name=\"matkustajamaara\"><option value=\"1\u20132 personer\">1\u20132 personer<\/option><option value=\"3\u20134 personer\">3\u20134 personer<\/option><option value=\"5\u20136 personer\">5\u20136 personer<\/option><\/select><\/span>\n  <\/div>\n<\/div>\n\n<div class=\"form-row\">\n  <div class=\"form-col\">\n    <label>\u00d6nskat startdatum *<\/label>\n <span class=\"wpcf7-form-control-wrap\" data-name=\"vuokraus-alkaa\"><input size=\"40\" maxlength=\"400\" class=\"wpcf7-form-control wpcf7-text form-control form-control-gray  wpcf7-validates-as-required\" aria-required=\"true\" aria-invalid=\"false\" placeholder=\"T.ex. 1.9.2026 eller b\u00f6rjan av september\" value=\"\" type=\"text\" name=\"vuokraus-alkaa\" \/><\/span>\n  <\/div>\n<\/div>\n\n<div class=\"form-row\">\n  <div class=\"form-col\">\n    <label>Vad har du f\u00f6r \u00f6nskem\u00e5l g\u00e4llande fordonet eller \u00f6vriga upplysningar? (Valfritt) <\/label>\n    <span class=\"wpcf7-form-control-wrap\" data-name=\"your-message\"><textarea cols=\"40\" rows=\"10\" maxlength=\"2000\" class=\"wpcf7-form-control wpcf7-text form-control form-control-gray area\" aria-invalid=\"false\" placeholder=\"T.ex. Mer exakt \u00e5terl\u00e4mningsdatum, automatv\u00e4xel, s\u00e4rskilda \u00f6nskem\u00e5l...\" name=\"your-message\"><\/textarea><\/span>\n  <\/div>\n<\/div>\n\n<div class=\"form-row\">\n  <div class=\"form-col\">\n    <input class=\"wpcf7-form-control wpcf7-submit has-spinner\" type=\"submit\" value=\"Skicka offertf\u00f6rfr\u00e5gan\" \/>\n  <\/div>\n<\/div>\n\n<div class=\"form-row form-row-privacy\">\n<div class=\"form-col\">Genom att skicka detta formul\u00e4r godk\u00e4nner du att era uppgifter behandlas i enlighet med v\u00e5r <a href=\"https:\/\/www.touringcars.com\/sv\/privacy-policy-gdpr\/\" target=\"_blank\">integritetspolicy<\/a>.\n<\/div>\n<\/div><div class=\"wpcf7-response-output\" aria-hidden=\"true\"><\/div>\n<\/form>\n<\/div>\n<\/div>        <\/div>\n    <\/div>\n<\/section>\n\n<section class=\"block block-postsslider style-small\">\n    <div class=\"container reveal\">\n        <h2>Hitta nya id\u00e9er f\u00f6r din resa<\/h2><div class=\"glide articles-slider\" data-uid=\"6a979a2bafff6\"><div class=\"glide__track\" data-glide-el=\"track\"><ul class=\"glide__slides\"><li class=\"glide__slide\"><article class=\"article reveal\"><div class=\"image-container\"><a href=\"https:\/\/www.touringcars.com\/sv\/tips-om-resor\/aurora-borealis-lockar-i-norden\/\"><img decoding=\"async\" src=\"https:\/\/www.touringcars.com\/wp-content\/uploads\/2022\/08\/David20Becker20Unsplash-453x300.jpg\" srcset=\"https:\/\/www.touringcars.com\/wp-content\/uploads\/2022\/08\/David20Becker20Unsplash-300x199.jpg 300w, https:\/\/www.touringcars.com\/wp-content\/uploads\/2022\/08\/David20Becker20Unsplash-1024x678.jpg 1024w, https:\/\/www.touringcars.com\/wp-content\/uploads\/2022\/08\/David20Becker20Unsplash-768x509.jpg 768w, https:\/\/www.touringcars.com\/wp-content\/uploads\/2022\/08\/David20Becker20Unsplash-1536x1018.jpg 1536w, https:\/\/www.touringcars.com\/wp-content\/uploads\/2022\/08\/David20Becker20Unsplash-895x593.jpg 895w, https:\/\/www.touringcars.com\/wp-content\/uploads\/2022\/08\/David20Becker20Unsplash-714x473.jpg 714w, https:\/\/www.touringcars.com\/wp-content\/uploads\/2022\/08\/David20Becker20Unsplash-453x300.jpg 453w, https:\/\/www.touringcars.com\/wp-content\/uploads\/2022\/08\/David20Becker20Unsplash-367x245.jpg 367w, https:\/\/www.touringcars.com\/wp-content\/uploads\/2022\/08\/David20Becker20Unsplash.jpg 2000w\" alt=\"Aurora Borealis lockar i Norden\"><\/a><\/div><div class=\"content-container\"><h3><a href=\"https:\/\/www.touringcars.com\/sv\/tips-om-resor\/aurora-borealis-lockar-i-norden\/\">Aurora Borealis lockar i Norden<\/a><\/h3><\/div><\/article><\/li><li class=\"glide__slide\"><article class=\"article reveal\"><div class=\"image-container\"><a href=\"https:\/\/www.touringcars.com\/sv\/tips-om-resor\/sfc-campingplatser-i-finland\/\"><img decoding=\"async\" src=\"https:\/\/www.touringcars.com\/wp-content\/uploads\/2025\/05\/carado-imagebank-data_VE_Semi-Integrated_T447_PI_2024_0115_21-31-41_WEB-scaled.jpg\" srcset=\"https:\/\/www.touringcars.com\/wp-content\/uploads\/2025\/05\/carado-imagebank-data_VE_Semi-Integrated_T447_PI_2024_0115_21-31-41_WEB-300x200.jpg 300w, https:\/\/www.touringcars.com\/wp-content\/uploads\/2025\/05\/carado-imagebank-data_VE_Semi-Integrated_T447_PI_2024_0115_21-31-41_WEB-1024x683.jpg 1024w, https:\/\/www.touringcars.com\/wp-content\/uploads\/2025\/05\/carado-imagebank-data_VE_Semi-Integrated_T447_PI_2024_0115_21-31-41_WEB-768x512.jpg 768w, https:\/\/www.touringcars.com\/wp-content\/uploads\/2025\/05\/carado-imagebank-data_VE_Semi-Integrated_T447_PI_2024_0115_21-31-41_WEB-1536x1024.jpg 1536w, https:\/\/www.touringcars.com\/wp-content\/uploads\/2025\/05\/carado-imagebank-data_VE_Semi-Integrated_T447_PI_2024_0115_21-31-41_WEB-2048x1365.jpg 2048w\" alt=\"SFC Campingplatser i Finland\"><\/a><\/div><div class=\"content-container\"><h3><a href=\"https:\/\/www.touringcars.com\/sv\/tips-om-resor\/sfc-campingplatser-i-finland\/\">SFC Campingplatser i Finland<\/a><\/h3><\/div><\/article><\/li><li class=\"glide__slide\"><article class=\"article reveal\"><div class=\"image-container\"><a href=\"https:\/\/www.touringcars.com\/sv\/tips-om-resor\/husbil-med-husdjur\/\"><img decoding=\"async\" src=\"https:\/\/www.touringcars.com\/wp-content\/uploads\/2023\/10\/carado-imagebank-data_OTZ_Semi-Integrated_T448_PI_2024_0225_21-31-41_WEB-574x383.jpg\" srcset=\"https:\/\/www.touringcars.com\/wp-content\/uploads\/2023\/10\/carado-imagebank-data_OTZ_Semi-Integrated_T448_PI_2024_0225_21-31-41_WEB-300x200.jpg 300w, https:\/\/www.touringcars.com\/wp-content\/uploads\/2023\/10\/carado-imagebank-data_OTZ_Semi-Integrated_T448_PI_2024_0225_21-31-41_WEB-1024x683.jpg 1024w, https:\/\/www.touringcars.com\/wp-content\/uploads\/2023\/10\/carado-imagebank-data_OTZ_Semi-Integrated_T448_PI_2024_0225_21-31-41_WEB-768x512.jpg 768w, https:\/\/www.touringcars.com\/wp-content\/uploads\/2023\/10\/carado-imagebank-data_OTZ_Semi-Integrated_T448_PI_2024_0225_21-31-41_WEB-1536x1024.jpg 1536w, https:\/\/www.touringcars.com\/wp-content\/uploads\/2023\/10\/carado-imagebank-data_OTZ_Semi-Integrated_T448_PI_2024_0225_21-31-41_WEB-2048x1365.jpg 2048w, https:\/\/www.touringcars.com\/wp-content\/uploads\/2023\/10\/carado-imagebank-data_OTZ_Semi-Integrated_T448_PI_2024_0225_21-31-41_WEB-1920x1280.jpg 1920w, https:\/\/www.touringcars.com\/wp-content\/uploads\/2023\/10\/carado-imagebank-data_OTZ_Semi-Integrated_T448_PI_2024_0225_21-31-41_WEB-890x593.jpg 890w, https:\/\/www.touringcars.com\/wp-content\/uploads\/2023\/10\/carado-imagebank-data_OTZ_Semi-Integrated_T448_PI_2024_0225_21-31-41_WEB-714x476.jpg 714w, https:\/\/www.touringcars.com\/wp-content\/uploads\/2023\/10\/carado-imagebank-data_OTZ_Semi-Integrated_T448_PI_2024_0225_21-31-41_WEB-574x383.jpg 574w, https:\/\/www.touringcars.com\/wp-content\/uploads\/2023\/10\/carado-imagebank-data_OTZ_Semi-Integrated_T448_PI_2024_0225_21-31-41_WEB-367x245.jpg 367w\" alt=\"Husbil med husdjur\"><\/a><\/div><div class=\"content-container\"><h3><a href=\"https:\/\/www.touringcars.com\/sv\/tips-om-resor\/husbil-med-husdjur\/\">Husbil med husdjur<\/a><\/h3><\/div><\/article><\/li><li class=\"glide__slide\"><article class=\"article reveal\"><div class=\"image-container\"><a href=\"https:\/\/www.touringcars.com\/sv\/tips-om-resor\/tips-for-en-campingsemester-med-barn\/\"><img decoding=\"async\" src=\"https:\/\/www.touringcars.com\/wp-content\/uploads\/2023\/09\/carado-imagebank-data_VE_Semi-Integrated_T447_IT_2024_0113_20-31-41_WEB.jpg\" srcset=\"\" alt=\"Tips f\u00f6r en campingsemester med barn\"><\/a><\/div><div class=\"content-container\"><h3><a href=\"https:\/\/www.touringcars.com\/sv\/tips-om-resor\/tips-for-en-campingsemester-med-barn\/\">Tips f\u00f6r en campingsemester med barn<\/a><\/h3><\/div><\/article><\/li><li class=\"glide__slide\"><article class=\"article reveal\"><div class=\"image-container\"><a href=\"https:\/\/www.touringcars.com\/sv\/tips-om-resor\/tips-for-att-planera-en-husbilssemester-i-norge\/\"><img decoding=\"async\" src=\"https:\/\/www.touringcars.com\/wp-content\/uploads\/2023\/05\/norway20blog202320ophelie-authier-450x300.jpg\" srcset=\"https:\/\/www.touringcars.com\/wp-content\/uploads\/2023\/05\/norway20blog202320ophelie-authier-300x200.jpg 300w, https:\/\/www.touringcars.com\/wp-content\/uploads\/2023\/05\/norway20blog202320ophelie-authier-1024x683.jpg 1024w, https:\/\/www.touringcars.com\/wp-content\/uploads\/2023\/05\/norway20blog202320ophelie-authier-768x512.jpg 768w, https:\/\/www.touringcars.com\/wp-content\/uploads\/2023\/05\/norway20blog202320ophelie-authier-889x593.jpg 889w, https:\/\/www.touringcars.com\/wp-content\/uploads\/2023\/05\/norway20blog202320ophelie-authier-714x476.jpg 714w, https:\/\/www.touringcars.com\/wp-content\/uploads\/2023\/05\/norway20blog202320ophelie-authier-450x300.jpg 450w, https:\/\/www.touringcars.com\/wp-content\/uploads\/2023\/05\/norway20blog202320ophelie-authier-367x245.jpg 367w, https:\/\/www.touringcars.com\/wp-content\/uploads\/2023\/05\/norway20blog202320ophelie-authier.jpg 1090w\" alt=\"Tips f\u00f6r att planera en husbilssemester i Norge\"><\/a><\/div><div class=\"content-container\"><h3><a href=\"https:\/\/www.touringcars.com\/sv\/tips-om-resor\/tips-for-att-planera-en-husbilssemester-i-norge\/\">Tips f\u00f6r att planera en husbilssemester i Norge<\/a><\/h3><\/div><\/article><\/li><li class=\"glide__slide\"><article class=\"article reveal\"><div class=\"image-container\"><a href=\"https:\/\/www.touringcars.com\/sv\/tips-om-resor\/upptack-nordostra-europa\/\"><img decoding=\"async\" src=\"https:\/\/www.touringcars.com\/wp-content\/uploads\/2023\/04\/alexey-turenkov-unsplash_paddle_board.jpg\" srcset=\"https:\/\/www.touringcars.com\/wp-content\/uploads\/2023\/04\/alexey-turenkov-unsplash_paddle_board.jpg 1200w, https:\/\/www.touringcars.com\/wp-content\/uploads\/2023\/04\/alexey-turenkov-unsplash_paddle_board-367x245.jpg 367w\" alt=\"Uppt\u00e4ck nord\u00f6stra Europa\"><\/a><\/div><div class=\"content-container\"><h3><a href=\"https:\/\/www.touringcars.com\/sv\/tips-om-resor\/upptack-nordostra-europa\/\">Uppt\u00e4ck nord\u00f6stra Europa<\/a><\/h3><\/div><\/article><\/li><li class=\"glide__slide\"><article class=\"article reveal\"><div class=\"image-container\"><a href=\"https:\/\/www.touringcars.com\/sv\/tips-om-resor\/tips-innan-du-aker-till-island\/\"><img decoding=\"async\" src=\"https:\/\/www.touringcars.com\/wp-content\/uploads\/2023\/03\/iceland20jonatan20pie20unsplash-450x300.jpg\" srcset=\"https:\/\/www.touringcars.com\/wp-content\/uploads\/2023\/03\/iceland20jonatan20pie20unsplash-300x200.jpg 300w, https:\/\/www.touringcars.com\/wp-content\/uploads\/2023\/03\/iceland20jonatan20pie20unsplash-1024x683.jpg 1024w, https:\/\/www.touringcars.com\/wp-content\/uploads\/2023\/03\/iceland20jonatan20pie20unsplash-768x512.jpg 768w, https:\/\/www.touringcars.com\/wp-content\/uploads\/2023\/03\/iceland20jonatan20pie20unsplash-889x593.jpg 889w, https:\/\/www.touringcars.com\/wp-content\/uploads\/2023\/03\/iceland20jonatan20pie20unsplash-714x476.jpg 714w, https:\/\/www.touringcars.com\/wp-content\/uploads\/2023\/03\/iceland20jonatan20pie20unsplash-450x300.jpg 450w, https:\/\/www.touringcars.com\/wp-content\/uploads\/2023\/03\/iceland20jonatan20pie20unsplash-367x245.jpg 367w, https:\/\/www.touringcars.com\/wp-content\/uploads\/2023\/03\/iceland20jonatan20pie20unsplash.jpg 1090w\" alt=\"Tips innan du \u00e5ker till Island\"><\/a><\/div><div class=\"content-container\"><h3><a href=\"https:\/\/www.touringcars.com\/sv\/tips-om-resor\/tips-innan-du-aker-till-island\/\">Tips innan du \u00e5ker till Island<\/a><\/h3><\/div><\/article><\/li><li class=\"glide__slide\"><article class=\"article reveal\"><div class=\"image-container\"><a href=\"https:\/\/www.touringcars.com\/sv\/tips-om-resor\/restips-for-lagsasong-norrsken\/\"><img decoding=\"async\" src=\"https:\/\/www.touringcars.com\/wp-content\/uploads\/2025\/01\/iceland-mike-swigunski-Ku59NWmVcnI-unsplash.jpg-525x300.webp\" srcset=\"https:\/\/www.touringcars.com\/wp-content\/uploads\/2025\/01\/iceland-mike-swigunski-Ku59NWmVcnI-unsplash.jpg-300x171.webp 300w, https:\/\/www.touringcars.com\/wp-content\/uploads\/2025\/01\/iceland-mike-swigunski-Ku59NWmVcnI-unsplash.jpg-1024x585.webp 1024w, https:\/\/www.touringcars.com\/wp-content\/uploads\/2025\/01\/iceland-mike-swigunski-Ku59NWmVcnI-unsplash.jpg-768x439.webp 768w, https:\/\/www.touringcars.com\/wp-content\/uploads\/2025\/01\/iceland-mike-swigunski-Ku59NWmVcnI-unsplash.jpg-1038x593.webp 1038w, https:\/\/www.touringcars.com\/wp-content\/uploads\/2025\/01\/iceland-mike-swigunski-Ku59NWmVcnI-unsplash.jpg-714x408.webp 714w, https:\/\/www.touringcars.com\/wp-content\/uploads\/2025\/01\/iceland-mike-swigunski-Ku59NWmVcnI-unsplash.jpg-525x300.webp 525w, https:\/\/www.touringcars.com\/wp-content\/uploads\/2025\/01\/iceland-mike-swigunski-Ku59NWmVcnI-unsplash.jpg.webp 1400w\" alt=\"Restips f\u00f6r l\u00e5gs\u00e4song &#8211; norrsken\"><\/a><\/div><div class=\"content-container\"><h3><a href=\"https:\/\/www.touringcars.com\/sv\/tips-om-resor\/restips-for-lagsasong-norrsken\/\">Restips f\u00f6r l\u00e5gs\u00e4song &#8211; norrsken<\/a><\/h3><\/div><\/article><\/li><li class=\"glide__slide\"><article class=\"article reveal\"><div class=\"image-container\"><a href=\"https:\/\/www.touringcars.com\/sv\/tips-om-resor\/anvandbara-tips-for-en-husbilsresa-utanfor-sasongen\/\"><img decoding=\"async\" src=\"https:\/\/www.touringcars.com\/wp-content\/uploads\/2025\/05\/carado-imagebank-data_VE_Camper-Van_CV600_PI_2025_1256_21-31-41_WEB-574x383.jpg\" srcset=\"https:\/\/www.touringcars.com\/wp-content\/uploads\/2025\/05\/carado-imagebank-data_VE_Camper-Van_CV600_PI_2025_1256_21-31-41_WEB-300x200.jpg 300w, https:\/\/www.touringcars.com\/wp-content\/uploads\/2025\/05\/carado-imagebank-data_VE_Camper-Van_CV600_PI_2025_1256_21-31-41_WEB-1024x683.jpg 1024w, https:\/\/www.touringcars.com\/wp-content\/uploads\/2025\/05\/carado-imagebank-data_VE_Camper-Van_CV600_PI_2025_1256_21-31-41_WEB-768x512.jpg 768w, https:\/\/www.touringcars.com\/wp-content\/uploads\/2025\/05\/carado-imagebank-data_VE_Camper-Van_CV600_PI_2025_1256_21-31-41_WEB-1536x1024.jpg 1536w, https:\/\/www.touringcars.com\/wp-content\/uploads\/2025\/05\/carado-imagebank-data_VE_Camper-Van_CV600_PI_2025_1256_21-31-41_WEB-890x593.jpg 890w, https:\/\/www.touringcars.com\/wp-content\/uploads\/2025\/05\/carado-imagebank-data_VE_Camper-Van_CV600_PI_2025_1256_21-31-41_WEB-714x476.jpg 714w, https:\/\/www.touringcars.com\/wp-content\/uploads\/2025\/05\/carado-imagebank-data_VE_Camper-Van_CV600_PI_2025_1256_21-31-41_WEB-574x383.jpg 574w, https:\/\/www.touringcars.com\/wp-content\/uploads\/2025\/05\/carado-imagebank-data_VE_Camper-Van_CV600_PI_2025_1256_21-31-41_WEB-367x245.jpg 367w, https:\/\/www.touringcars.com\/wp-content\/uploads\/2025\/05\/carado-imagebank-data_VE_Camper-Van_CV600_PI_2025_1256_21-31-41_WEB.jpg 1800w\" alt=\"Anv\u00e4ndbara tips f\u00f6r en husbilsresa utanf\u00f6r s\u00e4songen\"><\/a><\/div><div class=\"content-container\"><h3><a href=\"https:\/\/www.touringcars.com\/sv\/tips-om-resor\/anvandbara-tips-for-en-husbilsresa-utanfor-sasongen\/\">Anv\u00e4ndbara tips f\u00f6r en husbilsresa utanf\u00f6r s\u00e4songen<\/a><\/h3><\/div><\/article><\/li><li class=\"glide__slide\"><article class=\"article reveal\"><div class=\"image-container\"><a href=\"https:\/\/www.touringcars.com\/sv\/tips-om-resor\/off-season-husbilsresor-i-sverige\/\"><img decoding=\"async\" src=\"https:\/\/www.touringcars.com\/wp-content\/uploads\/2022\/08\/Alexey20Turenkov20Unsplash-453x300.jpg\" srcset=\"https:\/\/www.touringcars.com\/wp-content\/uploads\/2022\/08\/Alexey20Turenkov20Unsplash-300x199.jpg 300w, https:\/\/www.touringcars.com\/wp-content\/uploads\/2022\/08\/Alexey20Turenkov20Unsplash-1024x678.jpg 1024w, https:\/\/www.touringcars.com\/wp-content\/uploads\/2022\/08\/Alexey20Turenkov20Unsplash-768x509.jpg 768w, https:\/\/www.touringcars.com\/wp-content\/uploads\/2022\/08\/Alexey20Turenkov20Unsplash-1536x1018.jpg 1536w, https:\/\/www.touringcars.com\/wp-content\/uploads\/2022\/08\/Alexey20Turenkov20Unsplash-895x593.jpg 895w, https:\/\/www.touringcars.com\/wp-content\/uploads\/2022\/08\/Alexey20Turenkov20Unsplash-714x473.jpg 714w, https:\/\/www.touringcars.com\/wp-content\/uploads\/2022\/08\/Alexey20Turenkov20Unsplash-453x300.jpg 453w, https:\/\/www.touringcars.com\/wp-content\/uploads\/2022\/08\/Alexey20Turenkov20Unsplash-367x245.jpg 367w, https:\/\/www.touringcars.com\/wp-content\/uploads\/2022\/08\/Alexey20Turenkov20Unsplash.jpg 2000w\" alt=\"Off-season husbilsresor i Sverige\"><\/a><\/div><div class=\"content-container\"><h3><a href=\"https:\/\/www.touringcars.com\/sv\/tips-om-resor\/off-season-husbilsresor-i-sverige\/\">Off-season husbilsresor i Sverige<\/a><\/h3><\/div><\/article><\/li><li class=\"glide__slide\"><article class=\"article reveal\"><div class=\"image-container\"><a href=\"https:\/\/www.touringcars.com\/sv\/tips-om-resor\/off-season-husbilsresor-i-finland\/\"><img decoding=\"async\" src=\"https:\/\/www.touringcars.com\/wp-content\/uploads\/2022\/08\/urban-rural-leon-reiner-julius-jansson-unsplash-469x300.jpg\" srcset=\"https:\/\/www.touringcars.com\/wp-content\/uploads\/2022\/08\/urban-rural-leon-reiner-julius-jansson-unsplash-300x192.jpg 300w, https:\/\/www.touringcars.com\/wp-content\/uploads\/2022\/08\/urban-rural-leon-reiner-julius-jansson-unsplash-1024x655.jpg 1024w, https:\/\/www.touringcars.com\/wp-content\/uploads\/2022\/08\/urban-rural-leon-reiner-julius-jansson-unsplash-768x492.jpg 768w, https:\/\/www.touringcars.com\/wp-content\/uploads\/2022\/08\/urban-rural-leon-reiner-julius-jansson-unsplash-1536x983.jpg 1536w, https:\/\/www.touringcars.com\/wp-content\/uploads\/2022\/08\/urban-rural-leon-reiner-julius-jansson-unsplash-926x593.jpg 926w, https:\/\/www.touringcars.com\/wp-content\/uploads\/2022\/08\/urban-rural-leon-reiner-julius-jansson-unsplash-714x457.jpg 714w, https:\/\/www.touringcars.com\/wp-content\/uploads\/2022\/08\/urban-rural-leon-reiner-julius-jansson-unsplash-469x300.jpg 469w, https:\/\/www.touringcars.com\/wp-content\/uploads\/2022\/08\/urban-rural-leon-reiner-julius-jansson-unsplash.jpg 1995w\" alt=\"Off-season husbilsresor i Finland\"><\/a><\/div><div class=\"content-container\"><h3><a href=\"https:\/\/www.touringcars.com\/sv\/tips-om-resor\/off-season-husbilsresor-i-finland\/\">Off-season husbilsresor i Finland<\/a><\/h3><\/div><\/article><\/li><li class=\"glide__slide\"><article class=\"article reveal\"><div class=\"image-container\"><a href=\"https:\/\/www.touringcars.com\/sv\/tips-om-resor\/tips-infor-din-forsta-husbilssemester\/\"><img decoding=\"async\" src=\"https:\/\/www.touringcars.com\/wp-content\/uploads\/2022\/04\/friends-beach-summer-pexels-thirdman-450x300.jpg\" srcset=\"https:\/\/www.touringcars.com\/wp-content\/uploads\/2022\/04\/friends-beach-summer-pexels-thirdman-300x200.jpg 300w, https:\/\/www.touringcars.com\/wp-content\/uploads\/2022\/04\/friends-beach-summer-pexels-thirdman-1024x683.jpg 1024w, https:\/\/www.touringcars.com\/wp-content\/uploads\/2022\/04\/friends-beach-summer-pexels-thirdman-768x513.jpg 768w, https:\/\/www.touringcars.com\/wp-content\/uploads\/2022\/04\/friends-beach-summer-pexels-thirdman-889x593.jpg 889w, https:\/\/www.touringcars.com\/wp-content\/uploads\/2022\/04\/friends-beach-summer-pexels-thirdman-714x476.jpg 714w, https:\/\/www.touringcars.com\/wp-content\/uploads\/2022\/04\/friends-beach-summer-pexels-thirdman-450x300.jpg 450w, https:\/\/www.touringcars.com\/wp-content\/uploads\/2022\/04\/friends-beach-summer-pexels-thirdman-367x245.jpg 367w, https:\/\/www.touringcars.com\/wp-content\/uploads\/2022\/04\/friends-beach-summer-pexels-thirdman.jpg 1500w\" alt=\"Tips inf\u00f6r din f\u00f6rsta husbilssemester\"><\/a><\/div><div class=\"content-container\"><h3><a href=\"https:\/\/www.touringcars.com\/sv\/tips-om-resor\/tips-infor-din-forsta-husbilssemester\/\">Tips inf\u00f6r din f\u00f6rsta husbilssemester<\/a><\/h3><\/div><\/article><\/li><\/ul><\/div><div class=\"glide__controls\"><div class=\"glide__arrows\" data-glide-el=\"controls\"><span class=\"glide__arrow glide__arrow--left\" data-glide-dir=\"<\"><\/span><span class=\"glide__arrow glide__arrow--right\" data-glide-dir=\">&#8221;><\/span><\/div><div class=\"glide__bullets\" data-glide-el=\"controls[nav]\"><span class=\"glide__bullet\" data-glide-dir=\"=0\" data-parent-uid=\"6a979a2bafff6\"><\/span><span class=\"glide__bullet\" data-glide-dir=\"=1\" data-parent-uid=\"6a979a2bafff6\"><\/span><span class=\"glide__bullet\" data-glide-dir=\"=2\" data-parent-uid=\"6a979a2bafff6\"><\/span><span class=\"glide__bullet\" data-glide-dir=\"=3\" data-parent-uid=\"6a979a2bafff6\"><\/span><span class=\"glide__bullet\" data-glide-dir=\"=4\" data-parent-uid=\"6a979a2bafff6\"><\/span><span class=\"glide__bullet\" data-glide-dir=\"=5\" data-parent-uid=\"6a979a2bafff6\"><\/span><span class=\"glide__bullet\" data-glide-dir=\"=6\" data-parent-uid=\"6a979a2bafff6\"><\/span><span class=\"glide__bullet\" data-glide-dir=\"=7\" data-parent-uid=\"6a979a2bafff6\"><\/span><span class=\"glide__bullet\" data-glide-dir=\"=8\" data-parent-uid=\"6a979a2bafff6\"><\/span><span class=\"glide__bullet\" data-glide-dir=\"=9\" data-parent-uid=\"6a979a2bafff6\"><\/span><span class=\"glide__bullet\" data-glide-dir=\"=10\" data-parent-uid=\"6a979a2bafff6\"><\/span><span class=\"glide__bullet\" data-glide-dir=\"=11\" data-parent-uid=\"6a979a2bafff6\"><\/span><\/div><\/div><\/div>    <\/div>\n<\/section>\n\n\n<p class=\"wp-block-paragraph\"><\/p>\n","protected":false},"excerpt":{"rendered":"","protected":false},"author":15,"featured_media":0,"parent":0,"menu_order":4,"comment_status":"closed","ping_status":"closed","template":"","meta":{"_acf_changed":false,"footnotes":""},"class_list":["post-33157","page","type-page","status-publish","hentry"],"acf":[],"_links":{"self":[{"href":"https:\/\/www.touringcars.com\/sv\/wp-json\/wp\/v2\/pages\/33157","targetHints":{"allow":["GET"]}}],"collection":[{"href":"https:\/\/www.touringcars.com\/sv\/wp-json\/wp\/v2\/pages"}],"about":[{"href":"https:\/\/www.touringcars.com\/sv\/wp-json\/wp\/v2\/types\/page"}],"author":[{"embeddable":true,"href":"https:\/\/www.touringcars.com\/sv\/wp-json\/wp\/v2\/users\/15"}],"replies":[{"embeddable":true,"href":"https:\/\/www.touringcars.com\/sv\/wp-json\/wp\/v2\/comments?post=33157"}],"version-history":[{"count":13,"href":"https:\/\/www.touringcars.com\/sv\/wp-json\/wp\/v2\/pages\/33157\/revisions"}],"predecessor-version":[{"id":33198,"href":"https:\/\/www.touringcars.com\/sv\/wp-json\/wp\/v2\/pages\/33157\/revisions\/33198"}],"wp:attachment":[{"href":"https:\/\/www.touringcars.com\/sv\/wp-json\/wp\/v2\/media?parent=33157"}],"curies":[{"name":"wp","href":"https:\/\/api.w.org\/{rel}","templated":true}]}}