{"id":14301,"date":"2025-02-26T17:51:28","date_gmt":"2025-02-26T17:51:28","guid":{"rendered":"https:\/\/touringcars.com\/?page_id=14301"},"modified":"2025-03-08T10:44:23","modified_gmt":"2025-03-08T10:44:23","slug":"husbilsuthyrning-stockholm","status":"publish","type":"page","link":"https:\/\/www.touringcars.com\/sv\/husbilsuthyrning-stockholm\/","title":{"rendered":"Resa lugnt &amp; bo bekv\u00e4mt med en v\u00e4n, \u00e4lskade eller familj"},"content":{"rendered":"<section class=\"block block-hero text-style-white image-style-full\">\r\n    <div class=\"container container-full\">\r\n        <div class=\"glide image-slider\" data-uid=\"69f37b986a7c2\"><div class=\"glide__track\" data-glide-el=\"track\"><ul class=\"glide__slides\"><li class=\"glide__slide\"><img decoding=\"async\" src=\"https:\/\/www.touringcars.com\/wp-content\/uploads\/2025\/02\/2023_au_moods_qh_01260_BEAR_PRESSE-450x300.jpeg\" srcset=\"https:\/\/www.touringcars.com\/wp-content\/uploads\/2025\/02\/2023_au_moods_qh_01260_BEAR_PRESSE-300x200.jpeg 300w, https:\/\/www.touringcars.com\/wp-content\/uploads\/2025\/02\/2023_au_moods_qh_01260_BEAR_PRESSE-1024x683.jpeg 1024w, https:\/\/www.touringcars.com\/wp-content\/uploads\/2025\/02\/2023_au_moods_qh_01260_BEAR_PRESSE-768x512.jpeg 768w, https:\/\/www.touringcars.com\/wp-content\/uploads\/2025\/02\/2023_au_moods_qh_01260_BEAR_PRESSE-1536x1024.jpeg 1536w, https:\/\/www.touringcars.com\/wp-content\/uploads\/2025\/02\/2023_au_moods_qh_01260_BEAR_PRESSE-2048x1366.jpeg 2048w, https:\/\/www.touringcars.com\/wp-content\/uploads\/2025\/02\/2023_au_moods_qh_01260_BEAR_PRESSE-889x593.jpeg 889w, https:\/\/www.touringcars.com\/wp-content\/uploads\/2025\/02\/2023_au_moods_qh_01260_BEAR_PRESSE-714x476.jpeg 714w, https:\/\/www.touringcars.com\/wp-content\/uploads\/2025\/02\/2023_au_moods_qh_01260_BEAR_PRESSE-450x300.jpeg 450w, https:\/\/www.touringcars.com\/wp-content\/uploads\/2025\/02\/2023_au_moods_qh_01260_BEAR_PRESSE-367x245.jpeg 367w\" alt=\"2023_au_moods_qh_01260_BEAR_PRESSE\" data-no-lazy=\"1\" fetchpriority=\"high\"><\/li><\/ul><\/div><div class=\"glide__controls\"><div class=\"glide__arrows\" data-glide-el=\"controls\"><span class=\"glide__arrow glide__arrow--left\" aria-label=\"V\u00e4nster\" data-glide-dir=\"<\"><\/span><span class=\"glide__arrow glide__arrow--right\" aria-label=\"H\u00f6ger\" data-glide-dir=\">&#8221;><\/span><\/div><\/div><\/div><div class=\"hero-container\"><div class=\"breadcrumbs-container\"><ol><li><a href=\"https:\/\/www.touringcars.com\/sv\/\"><span>Touring Cars<\/span><\/a><\/li><\/ol><\/div><h1>Resa Lugnt &amp; Bo Bekv\u00e4mt Med en V\u00e4n, \u00c4lskade Eller Familj<\/h1><\/div>    <\/div>\r\n    <div class=\"container\"><form class=\"availability-search\"><div class=\"form-row\"><div class=\"form-col form-col-clearable input-icon input-icon-map\" data-target=\"where\"><label for=\"where\">Vart vill du resa?<\/label><input type=\"text\" class=\"form-control\" id=\"where\" name=\"where\" placeholder=\"Vart vill du resa?\"><\/div><div class=\"form-col form-col-clearable input-icon input-icon-calendar\" data-target=\"when\"><label for=\"when\">N\u00e4r ska du \u00e5ka?<\/label><input type=\"text\" class=\"form-control\" id=\"when\" name=\"when\" placeholder=\"N\u00e4r ska du \u00e5ka?\" disabled><\/div><div class=\"form-col\"><button type=\"submit\" class=\"btn\">Se priser och tillg\u00e4nglighet<\/button><\/div><\/div><a href=\"https:\/\/www.touringcars.com\/sv\/user\/login\/\">Har du redan bokat? Hantera din bokning<\/a><\/form><\/div><\/section>\n\n<section class=\"block block-textimage\">\r\n    <div class=\"container\">\r\n        <div class=\"content-row image-placement-left\">\r\n            <div class=\"content-container reveal\">\r\n                <h3>Hyra en f\u00f6rstklassig husbil eller camper van i Stockholm Arlandstad eller i Finland, Norge, Island, Estland och England<\/h3><p>G\u00e5 till v\u00e5r f\u00f6rstasidan, v\u00e4lj vilken tid du vill resa, startdestination och fordon, s\u00e5 f\u00e5r du giltiga pris- och tillg\u00e4nglighetsuppgifter f\u00f6r din resa.<\/p>\n            <\/div>\r\n            <div class=\"image-container reveal\">\r\n                <img decoding=\"async\" src=\"https:\/\/www.touringcars.com\/wp-content\/uploads\/2025\/02\/Markus_Kumpula_08_Touring-Cars_Family-Travel_2023_HighRes-Berry-Picking-240x300.jpg\" srcset=\"https:\/\/www.touringcars.com\/wp-content\/uploads\/2025\/02\/Markus_Kumpula_08_Touring-Cars_Family-Travel_2023_HighRes-Berry-Picking-240x300.jpg 240w, https:\/\/www.touringcars.com\/wp-content\/uploads\/2025\/02\/Markus_Kumpula_08_Touring-Cars_Family-Travel_2023_HighRes-Berry-Picking-819x1024.jpg 819w, https:\/\/www.touringcars.com\/wp-content\/uploads\/2025\/02\/Markus_Kumpula_08_Touring-Cars_Family-Travel_2023_HighRes-Berry-Picking-768x960.jpg 768w, https:\/\/www.touringcars.com\/wp-content\/uploads\/2025\/02\/Markus_Kumpula_08_Touring-Cars_Family-Travel_2023_HighRes-Berry-Picking-1229x1536.jpg 1229w, https:\/\/www.touringcars.com\/wp-content\/uploads\/2025\/02\/Markus_Kumpula_08_Touring-Cars_Family-Travel_2023_HighRes-Berry-Picking-1639x2048.jpg 1639w, https:\/\/www.touringcars.com\/wp-content\/uploads\/2025\/02\/Markus_Kumpula_08_Touring-Cars_Family-Travel_2023_HighRes-Berry-Picking-474x593.jpg 474w, https:\/\/www.touringcars.com\/wp-content\/uploads\/2025\/02\/Markus_Kumpula_08_Touring-Cars_Family-Travel_2023_HighRes-Berry-Picking-425x531.jpg 425w, https:\/\/www.touringcars.com\/wp-content\/uploads\/2025\/02\/Markus_Kumpula_08_Touring-Cars_Family-Travel_2023_HighRes-Berry-Picking-scaled.jpg 2048w\" alt=\"Markus_Kumpula_08_Touring Cars_Family Travel_2023_HighRes-Berry Picking\" width=\"2048\" height=\"2560\">            <\/div>\r\n        <\/div>\r\n    <\/div>\r\n<\/section>\n\n<section class=\"block block-postsslider style-small\">\r\n    <div class=\"container reveal\">\r\n        <h2>Sista-minuten-tillg\u00e4nglighet &amp; S\u00e4songserbjudande<\/h2><div class=\"glide articles-slider\" data-uid=\"69f37b98707e0\"><div class=\"glide__track\" data-glide-el=\"track\"><ul class=\"glide__slides\"><li class=\"glide__slide\"><article class=\"article reveal\"><div class=\"image-container\"><a href=\"https:\/\/www.touringcars.com\/sv\/deals-campaigns-sv\/rabatter-for-tidiga-bokningar\/\"><img decoding=\"async\" src=\"https:\/\/www.touringcars.com\/wp-content\/uploads\/2025\/05\/carado-imagebank-data_VE_Camper-Van_CV590_PI_2024_1405_21-31-41_WEB.jpg\" srcset=\"\" alt=\"Rabatter f\u00f6r tidiga bokningar\"><\/a><\/div><div class=\"content-container\"><h3><a href=\"https:\/\/www.touringcars.com\/sv\/deals-campaigns-sv\/rabatter-for-tidiga-bokningar\/\">Rabatter f\u00f6r tidiga bokningar<\/a><\/h3><\/div><\/article><\/li><li class=\"glide__slide\"><article class=\"article reveal\"><div class=\"image-container\"><a href=\"https:\/\/www.touringcars.com\/sv\/deals-campaigns-sv\/fran-rovaniemi-till-helsingfors-med-30-rabatt-gratis-envagsavgift\/\"><img decoding=\"async\" src=\"https:\/\/www.touringcars.com\/wp-content\/uploads\/2025\/02\/shutterstock_finland_active_outdoors_hiking_google.jpg-450x300.webp\" srcset=\"https:\/\/www.touringcars.com\/wp-content\/uploads\/2025\/02\/shutterstock_finland_active_outdoors_hiking_google.jpg-300x200.webp 300w, https:\/\/www.touringcars.com\/wp-content\/uploads\/2025\/02\/shutterstock_finland_active_outdoors_hiking_google.jpg-450x300.webp 450w, https:\/\/www.touringcars.com\/wp-content\/uploads\/2025\/02\/shutterstock_finland_active_outdoors_hiking_google.jpg-367x245.webp 367w, https:\/\/www.touringcars.com\/wp-content\/uploads\/2025\/02\/shutterstock_finland_active_outdoors_hiking_google.jpg.webp 600w\" alt=\"Fr\u00e5n Rovaniemi till Helsingfors med 30% rabatt &amp; gratis env\u00e4gsavgift\"><\/a><\/div><div class=\"content-container\"><h3><a href=\"https:\/\/www.touringcars.com\/sv\/deals-campaigns-sv\/fran-rovaniemi-till-helsingfors-med-30-rabatt-gratis-envagsavgift\/\">Fr\u00e5n Rovaniemi till Helsingfors med 30% rabatt &amp; gratis env\u00e4gsavgift<\/a><\/h3><\/div><\/article><\/li><li class=\"glide__slide\"><article class=\"article reveal\"><div class=\"image-container\"><a href=\"https:\/\/www.touringcars.com\/sv\/deals-campaigns-sv\/fran-helsingfors-till-rovaniemi-med-30-rabatt-gratis-envagsavgift\/\"><img decoding=\"async\" src=\"https:\/\/www.touringcars.com\/wp-content\/uploads\/2025\/01\/juha-k-unsplash-helsinki-finland-city.jpg-525x300.webp\" srcset=\"https:\/\/www.touringcars.com\/wp-content\/uploads\/2025\/01\/juha-k-unsplash-helsinki-finland-city.jpg-300x171.webp 300w, https:\/\/www.touringcars.com\/wp-content\/uploads\/2025\/01\/juha-k-unsplash-helsinki-finland-city.jpg-1024x585.webp 1024w, https:\/\/www.touringcars.com\/wp-content\/uploads\/2025\/01\/juha-k-unsplash-helsinki-finland-city.jpg-768x439.webp 768w, https:\/\/www.touringcars.com\/wp-content\/uploads\/2025\/01\/juha-k-unsplash-helsinki-finland-city.jpg-1038x593.webp 1038w, https:\/\/www.touringcars.com\/wp-content\/uploads\/2025\/01\/juha-k-unsplash-helsinki-finland-city.jpg-714x408.webp 714w, https:\/\/www.touringcars.com\/wp-content\/uploads\/2025\/01\/juha-k-unsplash-helsinki-finland-city.jpg-525x300.webp 525w, https:\/\/www.touringcars.com\/wp-content\/uploads\/2025\/01\/juha-k-unsplash-helsinki-finland-city.jpg.webp 1400w\" alt=\"Fr\u00e5n Helsingfors till Rovaniemi med 30% rabatt &amp; gratis env\u00e4gsavgift\"><\/a><\/div><div class=\"content-container\"><h3><a href=\"https:\/\/www.touringcars.com\/sv\/deals-campaigns-sv\/fran-helsingfors-till-rovaniemi-med-30-rabatt-gratis-envagsavgift\/\">Fr\u00e5n Helsingfors till Rovaniemi med 30% rabatt &amp; gratis env\u00e4gsavgift<\/a><\/h3><\/div><\/article><\/li><li class=\"glide__slide\"><article class=\"article reveal\"><div class=\"image-container\"><a href=\"https:\/\/www.touringcars.com\/sv\/deals-campaigns-sv\/one-way-husbilsuthyrningar-upptack-mer-pa-en-enkel-resa\/\"><img decoding=\"async\" src=\"https:\/\/www.touringcars.com\/wp-content\/uploads\/2025\/11\/carado-imagebank-data_VE_Camper-Van_CV600_PI_2025_1417_21-31-41_HR-574x383.jpg\" srcset=\"https:\/\/www.touringcars.com\/wp-content\/uploads\/2025\/11\/carado-imagebank-data_VE_Camper-Van_CV600_PI_2025_1417_21-31-41_HR-300x200.jpg 300w, https:\/\/www.touringcars.com\/wp-content\/uploads\/2025\/11\/carado-imagebank-data_VE_Camper-Van_CV600_PI_2025_1417_21-31-41_HR-1024x683.jpg 1024w, https:\/\/www.touringcars.com\/wp-content\/uploads\/2025\/11\/carado-imagebank-data_VE_Camper-Van_CV600_PI_2025_1417_21-31-41_HR-768x512.jpg 768w, https:\/\/www.touringcars.com\/wp-content\/uploads\/2025\/11\/carado-imagebank-data_VE_Camper-Van_CV600_PI_2025_1417_21-31-41_HR-1536x1024.jpg 1536w, https:\/\/www.touringcars.com\/wp-content\/uploads\/2025\/11\/carado-imagebank-data_VE_Camper-Van_CV600_PI_2025_1417_21-31-41_HR-2048x1365.jpg 2048w, https:\/\/www.touringcars.com\/wp-content\/uploads\/2025\/11\/carado-imagebank-data_VE_Camper-Van_CV600_PI_2025_1417_21-31-41_HR-1920x1280.jpg 1920w, https:\/\/www.touringcars.com\/wp-content\/uploads\/2025\/11\/carado-imagebank-data_VE_Camper-Van_CV600_PI_2025_1417_21-31-41_HR-890x593.jpg 890w, https:\/\/www.touringcars.com\/wp-content\/uploads\/2025\/11\/carado-imagebank-data_VE_Camper-Van_CV600_PI_2025_1417_21-31-41_HR-714x476.jpg 714w, https:\/\/www.touringcars.com\/wp-content\/uploads\/2025\/11\/carado-imagebank-data_VE_Camper-Van_CV600_PI_2025_1417_21-31-41_HR-574x383.jpg 574w, https:\/\/www.touringcars.com\/wp-content\/uploads\/2025\/11\/carado-imagebank-data_VE_Camper-Van_CV600_PI_2025_1417_21-31-41_HR-367x245.jpg 367w\" alt=\"One-way husbilsuthyrningar &#8211; Uppt\u00e4ck mer p\u00e5 en enkel resa\"><\/a><\/div><div class=\"content-container\"><h3><a href=\"https:\/\/www.touringcars.com\/sv\/deals-campaigns-sv\/one-way-husbilsuthyrningar-upptack-mer-pa-en-enkel-resa\/\">One-way husbilsuthyrningar &#8211; Uppt\u00e4ck mer p\u00e5 en enkel resa<\/a><\/h3><\/div><\/article><\/li><li class=\"glide__slide\"><article class=\"article reveal\"><div class=\"image-container\"><a href=\"https:\/\/www.touringcars.com\/sv\/deals-campaigns-sv\/ett-erbjudande-for-en-lang-hyra-upp-till-15-rabatt-pa-dagens-priser\/\"><img decoding=\"async\" src=\"https:\/\/www.touringcars.com\/wp-content\/uploads\/2025\/02\/carado-imagebank-data_VE_Camper-Van_CV640_PI_2024_0121_21-31-41_HR-450x300.jpg\" srcset=\"https:\/\/www.touringcars.com\/wp-content\/uploads\/2025\/02\/carado-imagebank-data_VE_Camper-Van_CV640_PI_2024_0121_21-31-41_HR-300x200.jpg 300w, https:\/\/www.touringcars.com\/wp-content\/uploads\/2025\/02\/carado-imagebank-data_VE_Camper-Van_CV640_PI_2024_0121_21-31-41_HR-1024x682.jpg 1024w, https:\/\/www.touringcars.com\/wp-content\/uploads\/2025\/02\/carado-imagebank-data_VE_Camper-Van_CV640_PI_2024_0121_21-31-41_HR-768x512.jpg 768w, https:\/\/www.touringcars.com\/wp-content\/uploads\/2025\/02\/carado-imagebank-data_VE_Camper-Van_CV640_PI_2024_0121_21-31-41_HR-1536x1023.jpg 1536w, https:\/\/www.touringcars.com\/wp-content\/uploads\/2025\/02\/carado-imagebank-data_VE_Camper-Van_CV640_PI_2024_0121_21-31-41_HR-890x593.jpg 890w, https:\/\/www.touringcars.com\/wp-content\/uploads\/2025\/02\/carado-imagebank-data_VE_Camper-Van_CV640_PI_2024_0121_21-31-41_HR-714x476.jpg 714w, https:\/\/www.touringcars.com\/wp-content\/uploads\/2025\/02\/carado-imagebank-data_VE_Camper-Van_CV640_PI_2024_0121_21-31-41_HR-450x300.jpg 450w, https:\/\/www.touringcars.com\/wp-content\/uploads\/2025\/02\/carado-imagebank-data_VE_Camper-Van_CV640_PI_2024_0121_21-31-41_HR-367x245.jpg 367w, https:\/\/www.touringcars.com\/wp-content\/uploads\/2025\/02\/carado-imagebank-data_VE_Camper-Van_CV640_PI_2024_0121_21-31-41_HR.jpg 1600w\" alt=\"Ett Erbjudande f\u00f6r en L\u00e5ng Hyra \u2013 Upp Till 15% Rabatt p\u00e5 Dagens Priser\"><\/a><\/div><div class=\"content-container\"><h3><a href=\"https:\/\/www.touringcars.com\/sv\/deals-campaigns-sv\/ett-erbjudande-for-en-lang-hyra-upp-till-15-rabatt-pa-dagens-priser\/\">Ett Erbjudande f\u00f6r en L\u00e5ng Hyra \u2013 Upp Till 15% Rabatt p\u00e5 Dagens Priser<\/a><\/h3><\/div><\/article><\/li><li class=\"glide__slide\"><article class=\"article reveal\"><div class=\"image-container\"><a href=\"https:\/\/www.touringcars.com\/sv\/deals-campaigns-sv\/pagaende-kampanj-gratis-essential-paket-for-aterkommande-kund\/\"><img decoding=\"async\" src=\"https:\/\/www.touringcars.com\/wp-content\/uploads\/2022\/09\/carado-imagebank-data_VE_Semi-Integrated_T457_IT_2024_0018_21-31-41_WEB-574x383.jpg\" srcset=\"https:\/\/www.touringcars.com\/wp-content\/uploads\/2022\/09\/carado-imagebank-data_VE_Semi-Integrated_T457_IT_2024_0018_21-31-41_WEB-300x200.jpg 300w, https:\/\/www.touringcars.com\/wp-content\/uploads\/2022\/09\/carado-imagebank-data_VE_Semi-Integrated_T457_IT_2024_0018_21-31-41_WEB-1024x683.jpg 1024w, https:\/\/www.touringcars.com\/wp-content\/uploads\/2022\/09\/carado-imagebank-data_VE_Semi-Integrated_T457_IT_2024_0018_21-31-41_WEB-768x512.jpg 768w, https:\/\/www.touringcars.com\/wp-content\/uploads\/2022\/09\/carado-imagebank-data_VE_Semi-Integrated_T457_IT_2024_0018_21-31-41_WEB-1536x1024.jpg 1536w, https:\/\/www.touringcars.com\/wp-content\/uploads\/2022\/09\/carado-imagebank-data_VE_Semi-Integrated_T457_IT_2024_0018_21-31-41_WEB-2048x1366.jpg 2048w, https:\/\/www.touringcars.com\/wp-content\/uploads\/2022\/09\/carado-imagebank-data_VE_Semi-Integrated_T457_IT_2024_0018_21-31-41_WEB-1920x1281.jpg 1920w, https:\/\/www.touringcars.com\/wp-content\/uploads\/2022\/09\/carado-imagebank-data_VE_Semi-Integrated_T457_IT_2024_0018_21-31-41_WEB-889x593.jpg 889w, https:\/\/www.touringcars.com\/wp-content\/uploads\/2022\/09\/carado-imagebank-data_VE_Semi-Integrated_T457_IT_2024_0018_21-31-41_WEB-714x476.jpg 714w, https:\/\/www.touringcars.com\/wp-content\/uploads\/2022\/09\/carado-imagebank-data_VE_Semi-Integrated_T457_IT_2024_0018_21-31-41_WEB-574x383.jpg 574w, https:\/\/www.touringcars.com\/wp-content\/uploads\/2022\/09\/carado-imagebank-data_VE_Semi-Integrated_T457_IT_2024_0018_21-31-41_WEB-367x245.jpg 367w\" alt=\"P\u00e5g\u00e5ende kampanj: Gratis Essential-paket f\u00f6r \u00e5terkommande kund eller gruppbokningar\"><\/a><\/div><div class=\"content-container\"><h3><a href=\"https:\/\/www.touringcars.com\/sv\/deals-campaigns-sv\/pagaende-kampanj-gratis-essential-paket-for-aterkommande-kund\/\">P\u00e5g\u00e5ende kampanj: Gratis Essential-paket f\u00f6r \u00e5terkommande kund eller gruppbokningar<\/a><\/h3><\/div><\/article><\/li><li class=\"glide__slide\"><article class=\"article reveal\"><div class=\"image-container\"><a href=\"https:\/\/www.touringcars.com\/sv\/deals-campaigns-sv\/medlemsforman\/\"><img decoding=\"async\" src=\"https:\/\/www.touringcars.com\/wp-content\/uploads\/2025\/02\/carado-imagebank-data_VE_Overcab_A464_PI_2025_0014_21-31-41_web-2-225x300.jpg\" srcset=\"https:\/\/www.touringcars.com\/wp-content\/uploads\/2025\/02\/carado-imagebank-data_VE_Overcab_A464_PI_2025_0014_21-31-41_web-2-225x300.jpg 225w, https:\/\/www.touringcars.com\/wp-content\/uploads\/2025\/02\/carado-imagebank-data_VE_Overcab_A464_PI_2025_0014_21-31-41_web-2-768x1024.jpg 768w, https:\/\/www.touringcars.com\/wp-content\/uploads\/2025\/02\/carado-imagebank-data_VE_Overcab_A464_PI_2025_0014_21-31-41_web-2-1152x1536.jpg 1152w, https:\/\/www.touringcars.com\/wp-content\/uploads\/2025\/02\/carado-imagebank-data_VE_Overcab_A464_PI_2025_0014_21-31-41_web-2-1536x2048.jpg 1536w, https:\/\/www.touringcars.com\/wp-content\/uploads\/2025\/02\/carado-imagebank-data_VE_Overcab_A464_PI_2025_0014_21-31-41_web-2-445x593.jpg 445w, https:\/\/www.touringcars.com\/wp-content\/uploads\/2025\/02\/carado-imagebank-data_VE_Overcab_A464_PI_2025_0014_21-31-41_web-2-398x531.jpg 398w, https:\/\/www.touringcars.com\/wp-content\/uploads\/2025\/02\/carado-imagebank-data_VE_Overcab_A464_PI_2025_0014_21-31-41_web-2.jpg 1650w\" alt=\"Medlemsf\u00f6rm\u00e5n\"><\/a><\/div><div class=\"content-container\"><h3><a href=\"https:\/\/www.touringcars.com\/sv\/deals-campaigns-sv\/medlemsforman\/\">Medlemsf\u00f6rm\u00e5n<\/a><\/h3><\/div><\/article><\/li><\/ul><\/div><div class=\"glide__controls\"><div class=\"glide__arrows\" data-glide-el=\"controls\"><span class=\"glide__arrow glide__arrow--left\" data-glide-dir=\"<\"><\/span><span class=\"glide__arrow glide__arrow--right\" data-glide-dir=\">&#8221;><\/span><\/div><div class=\"glide__bullets\" data-glide-el=\"controls[nav]\"><span class=\"glide__bullet\" data-glide-dir=\"=0\" data-parent-uid=\"69f37b98707e0\"><\/span><span class=\"glide__bullet\" data-glide-dir=\"=1\" data-parent-uid=\"69f37b98707e0\"><\/span><span class=\"glide__bullet\" data-glide-dir=\"=2\" data-parent-uid=\"69f37b98707e0\"><\/span><span class=\"glide__bullet\" data-glide-dir=\"=3\" data-parent-uid=\"69f37b98707e0\"><\/span><span class=\"glide__bullet\" data-glide-dir=\"=4\" data-parent-uid=\"69f37b98707e0\"><\/span><span class=\"glide__bullet\" data-glide-dir=\"=5\" data-parent-uid=\"69f37b98707e0\"><\/span><span class=\"glide__bullet\" data-glide-dir=\"=6\" data-parent-uid=\"69f37b98707e0\"><\/span><\/div><\/div><\/div>    <\/div>\r\n<\/section>\n\n<section class=\"block block-textimage\">\r\n    <div class=\"container\">\r\n        <div class=\"content-row image-placement-left\">\r\n            <div class=\"content-container reveal\">\r\n                <h3>Ing\u00e5r i priset hos Touring Cars<\/h3><ul>\n<li>Ny \u00e5rsmodell, noggrant underh\u00e4llt, rengjort husbil<\/li>\n<li>Manuell och automatisk flotta tillg\u00e4ngliga<\/li>\n<li>Obegr\u00e4nsad\u00a0k\u00f6rstr\u00e4cka<\/li>\n<li>K\u00f6ksutrustning<\/li>\n<li>Flygplats \/ M\u00e4rsta t\u00e5gstation transport<\/li>\n<li>H\u00e4mtning \/ l\u00e4mning mellan 08.00-18.00 7 dagar i veckan<\/li>\n<li>24\/7 telefonservice under resan<\/li>\n<\/ul>\n            <\/div>\r\n            <div class=\"image-container reveal\">\r\n                <img decoding=\"async\" src=\"https:\/\/www.touringcars.com\/wp-content\/uploads\/2025\/02\/2024_kw_maxia_van_k680et_innen_mood_schlafen_120_BEAR_PRESSE_lowres.jpg-525x300.webp\" srcset=\"https:\/\/www.touringcars.com\/wp-content\/uploads\/2025\/02\/2024_kw_maxia_van_k680et_innen_mood_schlafen_120_BEAR_PRESSE_lowres.jpg-300x171.webp 300w, https:\/\/www.touringcars.com\/wp-content\/uploads\/2025\/02\/2024_kw_maxia_van_k680et_innen_mood_schlafen_120_BEAR_PRESSE_lowres.jpg-1024x585.webp 1024w, https:\/\/www.touringcars.com\/wp-content\/uploads\/2025\/02\/2024_kw_maxia_van_k680et_innen_mood_schlafen_120_BEAR_PRESSE_lowres.jpg-768x439.webp 768w, https:\/\/www.touringcars.com\/wp-content\/uploads\/2025\/02\/2024_kw_maxia_van_k680et_innen_mood_schlafen_120_BEAR_PRESSE_lowres.jpg-1038x593.webp 1038w, https:\/\/www.touringcars.com\/wp-content\/uploads\/2025\/02\/2024_kw_maxia_van_k680et_innen_mood_schlafen_120_BEAR_PRESSE_lowres.jpg-714x408.webp 714w, https:\/\/www.touringcars.com\/wp-content\/uploads\/2025\/02\/2024_kw_maxia_van_k680et_innen_mood_schlafen_120_BEAR_PRESSE_lowres.jpg-525x300.webp 525w, https:\/\/www.touringcars.com\/wp-content\/uploads\/2025\/02\/2024_kw_maxia_van_k680et_innen_mood_schlafen_120_BEAR_PRESSE_lowres.jpg.webp 1400w\" alt=\"2024_kw_maxia_van_k680et_innen_mood_schlafen_120_BEAR_PRESSE_lowres.jpg\" width=\"1400\" height=\"800\">            <\/div>\r\n        <\/div>\r\n    <\/div>\r\n<\/section>\n\n<section class=\"block block-postsgrid\">\r\n    <div class=\"container reveal\">\r\n        <h2>Priserna b\u00f6rjar p\u00e5 ca. 9.000 SEK \/ vecka (7 dagar) beroende p\u00e5 s\u00e4song och kategori (normalt listpris). <\/h2><div class=\"glide articles-slider\" data-uid=\"69f37b987a87f\"><div class=\"glide__track\" data-glide-el=\"track\"><ul class=\"glide__slides\"><li class=\"glide__slide\"><article class=\"article reveal\" data-transmission=\"manual\" data-vehicle-code=\"UV\" data-vehicle-name=\"Urban Van\" data-capture-link-event=\"0\"><div class=\"image-container\"><div class=\"tag-container\"><span class=\"tag\" data-slug=\"urban-van\">Campingbil<\/span><\/div><a href=\"https:\/\/www.touringcars.com\/sv\/vehicle\/urban-skapbil\/\"><img decoding=\"async\" src=\"https:\/\/www.touringcars.com\/wp-content\/uploads\/2025\/12\/Urban-Van-1-574x411.jpg\" srcset=\"https:\/\/www.touringcars.com\/wp-content\/uploads\/2025\/12\/Urban-Van-1-300x215.jpg 300w, https:\/\/www.touringcars.com\/wp-content\/uploads\/2025\/12\/Urban-Van-1-1024x733.jpg 1024w, https:\/\/www.touringcars.com\/wp-content\/uploads\/2025\/12\/Urban-Van-1-768x550.jpg 768w, https:\/\/www.touringcars.com\/wp-content\/uploads\/2025\/12\/Urban-Van-1-828x593.jpg 828w, https:\/\/www.touringcars.com\/wp-content\/uploads\/2025\/12\/Urban-Van-1-714x511.jpg 714w, https:\/\/www.touringcars.com\/wp-content\/uploads\/2025\/12\/Urban-Van-1-180x129.jpg 180w, https:\/\/www.touringcars.com\/wp-content\/uploads\/2025\/12\/Urban-Van-1-412x295.jpg 412w, https:\/\/www.touringcars.com\/wp-content\/uploads\/2025\/12\/Urban-Van-1-574x411.jpg 574w, https:\/\/www.touringcars.com\/wp-content\/uploads\/2025\/12\/Urban-Van-1.jpg 1348w\" alt=\"Urban Van 1\" width=\"1348\" height=\"965\"><\/a><\/div><div class=\"content-container\"><div class=\"title-prices\"><h3><a href=\"https:\/\/www.touringcars.com\/sv\/vehicle\/urban-skapbil\/\">Urban Van<\/a><\/h3><\/div><p class=\"post-excerpt\"><a href=\"https:\/\/www.touringcars.com\/sv\/vehicle\/urban-skapbil\/\">P\u00e5litlig, effektiv och enkel att hantera. Njut av den perfekta balansen mellan manuell precision och smart design. <\/a><\/p><div class=\"info-icons\"><\/div><\/div><\/article><\/li><li class=\"glide__slide\"><article class=\"article reveal\" data-transmission=\"automatic\" data-vehicle-code=\"L6-AT\" data-vehicle-name=\"LARGE | 6 (automatic)\" data-capture-link-event=\"0\"><div class=\"image-container\"><div class=\"tag-container\"><span class=\"tag\" data-slug=\"motorhome\">Husbil<\/span><\/div><a href=\"https:\/\/www.touringcars.com\/sv\/vehicle\/large-6-automatisk\/\"><img decoding=\"async\" src=\"https:\/\/www.touringcars.com\/wp-content\/uploads\/2025\/02\/carado-imagebank-data_VE_Overcab_A464_CU_2025_1003_21-31-41_web-450x300.jpg\" srcset=\"https:\/\/www.touringcars.com\/wp-content\/uploads\/2025\/02\/carado-imagebank-data_VE_Overcab_A464_CU_2025_1003_21-31-41_web-300x200.jpg 300w, https:\/\/www.touringcars.com\/wp-content\/uploads\/2025\/02\/carado-imagebank-data_VE_Overcab_A464_CU_2025_1003_21-31-41_web-1024x682.jpg 1024w, https:\/\/www.touringcars.com\/wp-content\/uploads\/2025\/02\/carado-imagebank-data_VE_Overcab_A464_CU_2025_1003_21-31-41_web-768x512.jpg 768w, https:\/\/www.touringcars.com\/wp-content\/uploads\/2025\/02\/carado-imagebank-data_VE_Overcab_A464_CU_2025_1003_21-31-41_web-1536x1024.jpg 1536w, https:\/\/www.touringcars.com\/wp-content\/uploads\/2025\/02\/carado-imagebank-data_VE_Overcab_A464_CU_2025_1003_21-31-41_web-2048x1365.jpg 2048w, https:\/\/www.touringcars.com\/wp-content\/uploads\/2025\/02\/carado-imagebank-data_VE_Overcab_A464_CU_2025_1003_21-31-41_web-890x593.jpg 890w, https:\/\/www.touringcars.com\/wp-content\/uploads\/2025\/02\/carado-imagebank-data_VE_Overcab_A464_CU_2025_1003_21-31-41_web-714x476.jpg 714w, https:\/\/www.touringcars.com\/wp-content\/uploads\/2025\/02\/carado-imagebank-data_VE_Overcab_A464_CU_2025_1003_21-31-41_web-450x300.jpg 450w, https:\/\/www.touringcars.com\/wp-content\/uploads\/2025\/02\/carado-imagebank-data_VE_Overcab_A464_CU_2025_1003_21-31-41_web-367x245.jpg 367w\" alt=\"_carado-imagebank-data_VE_Overcab_A464_CU_2025_1003_21-31-41_web\" width=\"2200\" height=\"1466\"><\/a><\/div><div class=\"content-container\"><div class=\"title-prices\"><h3><a href=\"https:\/\/www.touringcars.com\/sv\/vehicle\/large-6-automatisk\/\">LARGE | 6 (automatic)<\/a><\/h3><\/div><p class=\"post-excerpt\"><a href=\"https:\/\/www.touringcars.com\/sv\/vehicle\/large-6-automatisk\/\">Rymlig automat. Perfekt f\u00f6r en grupp eller familj p\u00e5 upp till 6 personer med bagage. <\/a><\/p><div class=\"info-icons\"><\/div><\/div><\/article><\/li><li class=\"glide__slide\"><article class=\"article reveal\" data-transmission=\"automatic\" data-vehicle-code=\"LUXAT\" data-vehicle-name=\"LUXURY (automatic)\" data-capture-link-event=\"0\"><div class=\"image-container\"><div class=\"tag-container\"><span class=\"tag\" data-slug=\"motorhome\">Husbil<\/span><span class=\"tag\" data-slug=\"luxury\">Luxury<\/span><\/div><a href=\"https:\/\/www.touringcars.com\/sv\/vehicle\/luxury-automatic\/\"><img decoding=\"async\" src=\"https:\/\/www.touringcars.com\/wp-content\/uploads\/2025\/02\/carado-imagebank-data_VE_Semi-Integrated_T447_CU_2025_1502_21-31-41_WEB-450x300.jpg\" srcset=\"https:\/\/www.touringcars.com\/wp-content\/uploads\/2025\/02\/carado-imagebank-data_VE_Semi-Integrated_T447_CU_2025_1502_21-31-41_WEB-300x200.jpg 300w, https:\/\/www.touringcars.com\/wp-content\/uploads\/2025\/02\/carado-imagebank-data_VE_Semi-Integrated_T447_CU_2025_1502_21-31-41_WEB-1024x683.jpg 1024w, https:\/\/www.touringcars.com\/wp-content\/uploads\/2025\/02\/carado-imagebank-data_VE_Semi-Integrated_T447_CU_2025_1502_21-31-41_WEB-768x512.jpg 768w, https:\/\/www.touringcars.com\/wp-content\/uploads\/2025\/02\/carado-imagebank-data_VE_Semi-Integrated_T447_CU_2025_1502_21-31-41_WEB-1536x1024.jpg 1536w, https:\/\/www.touringcars.com\/wp-content\/uploads\/2025\/02\/carado-imagebank-data_VE_Semi-Integrated_T447_CU_2025_1502_21-31-41_WEB-2048x1365.jpg 2048w, https:\/\/www.touringcars.com\/wp-content\/uploads\/2025\/02\/carado-imagebank-data_VE_Semi-Integrated_T447_CU_2025_1502_21-31-41_WEB-1920x1280.jpg 1920w, https:\/\/www.touringcars.com\/wp-content\/uploads\/2025\/02\/carado-imagebank-data_VE_Semi-Integrated_T447_CU_2025_1502_21-31-41_WEB-890x593.jpg 890w, https:\/\/www.touringcars.com\/wp-content\/uploads\/2025\/02\/carado-imagebank-data_VE_Semi-Integrated_T447_CU_2025_1502_21-31-41_WEB-714x476.jpg 714w, https:\/\/www.touringcars.com\/wp-content\/uploads\/2025\/02\/carado-imagebank-data_VE_Semi-Integrated_T447_CU_2025_1502_21-31-41_WEB-450x300.jpg 450w, https:\/\/www.touringcars.com\/wp-content\/uploads\/2025\/02\/carado-imagebank-data_VE_Semi-Integrated_T447_CU_2025_1502_21-31-41_WEB-367x245.jpg 367w\" alt=\"_carado-imagebank-data_VE_Semi-Integrated_T447_CU_2025_1502_21-31-41_WEB\" width=\"2560\" height=\"1707\"><\/a><\/div><div class=\"content-container\"><div class=\"title-prices\"><h3><a href=\"https:\/\/www.touringcars.com\/sv\/vehicle\/luxury-automatic\/\">LUXURY (automatic)<\/a><\/h3><\/div><p class=\"post-excerpt\"><a href=\"https:\/\/www.touringcars.com\/sv\/vehicle\/luxury-automatic\/\">Smidig och bekv\u00e4m automatk\u00f6rning. Utrustad med platt-TV, k\u00f6ksutrustning av h\u00f6gsta kvalitet, s\u00e4ngkl\u00e4der i premiumklass, ett campingkit, en flaska toalettkemikalier, en gasflaska, slutst\u00e4dning, luftkonditionering i vardagsrummet, Wi-Fi samt en v\u00e4lkomstg\u00e5va.<\/a><\/p><div class=\"info-icons\"><\/div><\/div><\/article><\/li><li class=\"glide__slide\"><article class=\"article reveal\" data-transmission=\"automatic\" data-vehicle-code=\"SLUXA\" data-vehicle-name=\"SMALL LUXURY (automatic)\" data-capture-link-event=\"0\"><div class=\"image-container\"><div class=\"tag-container\"><span class=\"tag\" data-slug=\"motorhome\">Husbil<\/span><span class=\"tag\" data-slug=\"luxury\">Luxury<\/span><\/div><a href=\"https:\/\/www.touringcars.com\/sv\/vehicle\/small-luxury-automatic\/\"><img decoding=\"async\" src=\"https:\/\/www.touringcars.com\/wp-content\/uploads\/2025\/02\/carado-imagebank-data_VE_Semi-Integrated_T338_CU_2025_1502_21-31-41_WEB-450x300.jpg\" srcset=\"https:\/\/www.touringcars.com\/wp-content\/uploads\/2025\/02\/carado-imagebank-data_VE_Semi-Integrated_T338_CU_2025_1502_21-31-41_WEB-300x200.jpg 300w, https:\/\/www.touringcars.com\/wp-content\/uploads\/2025\/02\/carado-imagebank-data_VE_Semi-Integrated_T338_CU_2025_1502_21-31-41_WEB-1024x683.jpg 1024w, https:\/\/www.touringcars.com\/wp-content\/uploads\/2025\/02\/carado-imagebank-data_VE_Semi-Integrated_T338_CU_2025_1502_21-31-41_WEB-768x512.jpg 768w, https:\/\/www.touringcars.com\/wp-content\/uploads\/2025\/02\/carado-imagebank-data_VE_Semi-Integrated_T338_CU_2025_1502_21-31-41_WEB-1536x1024.jpg 1536w, https:\/\/www.touringcars.com\/wp-content\/uploads\/2025\/02\/carado-imagebank-data_VE_Semi-Integrated_T338_CU_2025_1502_21-31-41_WEB-2048x1365.jpg 2048w, https:\/\/www.touringcars.com\/wp-content\/uploads\/2025\/02\/carado-imagebank-data_VE_Semi-Integrated_T338_CU_2025_1502_21-31-41_WEB-1920x1280.jpg 1920w, https:\/\/www.touringcars.com\/wp-content\/uploads\/2025\/02\/carado-imagebank-data_VE_Semi-Integrated_T338_CU_2025_1502_21-31-41_WEB-890x593.jpg 890w, https:\/\/www.touringcars.com\/wp-content\/uploads\/2025\/02\/carado-imagebank-data_VE_Semi-Integrated_T338_CU_2025_1502_21-31-41_WEB-714x476.jpg 714w, https:\/\/www.touringcars.com\/wp-content\/uploads\/2025\/02\/carado-imagebank-data_VE_Semi-Integrated_T338_CU_2025_1502_21-31-41_WEB-450x300.jpg 450w, https:\/\/www.touringcars.com\/wp-content\/uploads\/2025\/02\/carado-imagebank-data_VE_Semi-Integrated_T338_CU_2025_1502_21-31-41_WEB-367x245.jpg 367w\" alt=\"_carado-imagebank-data_VE_Semi-Integrated_T338_CU_2025_1502_21-31-41_WEB\" width=\"2560\" height=\"1707\"><\/a><\/div><div class=\"content-container\"><div class=\"title-prices\"><h3><a href=\"https:\/\/www.touringcars.com\/sv\/vehicle\/small-luxury-automatic\/\">SMALL LUXURY (automatic)<\/a><\/h3><\/div><p class=\"post-excerpt\"><a href=\"https:\/\/www.touringcars.com\/sv\/vehicle\/small-luxury-automatic\/\">Smidig och bekv\u00e4m automatk\u00f6rning. Utrustad med platt-TV, k\u00f6ksutrustning av h\u00f6g kvalitet, s\u00e4ngkl\u00e4der i premiumklass, ett campingkit, en flaska toalettkemikalier, en gasflaska, slutst\u00e4dning, luftkonditionering i vardagsrummet, Wi-Fi samt en v\u00e4lkomstg\u00e5va.<\/a><\/p><div class=\"info-icons\"><\/div><\/div><\/article><\/li><li class=\"glide__slide\"><article class=\"article reveal\" data-transmission=\"automatic\" data-vehicle-code=\"UV-AT\" data-vehicle-name=\"Urban Van (automatic)\" data-capture-link-event=\"0\"><div class=\"image-container\"><div class=\"tag-container\"><span class=\"tag\" data-slug=\"urban-van\">Campingbil<\/span><\/div><a href=\"https:\/\/www.touringcars.com\/sv\/vehicle\/urban-van-automatic\/\"><img decoding=\"async\" src=\"https:\/\/www.touringcars.com\/wp-content\/uploads\/2025\/12\/Urban-Van-1-574x411.jpg\" srcset=\"https:\/\/www.touringcars.com\/wp-content\/uploads\/2025\/12\/Urban-Van-1-300x215.jpg 300w, https:\/\/www.touringcars.com\/wp-content\/uploads\/2025\/12\/Urban-Van-1-1024x733.jpg 1024w, https:\/\/www.touringcars.com\/wp-content\/uploads\/2025\/12\/Urban-Van-1-768x550.jpg 768w, https:\/\/www.touringcars.com\/wp-content\/uploads\/2025\/12\/Urban-Van-1-828x593.jpg 828w, https:\/\/www.touringcars.com\/wp-content\/uploads\/2025\/12\/Urban-Van-1-714x511.jpg 714w, https:\/\/www.touringcars.com\/wp-content\/uploads\/2025\/12\/Urban-Van-1-180x129.jpg 180w, https:\/\/www.touringcars.com\/wp-content\/uploads\/2025\/12\/Urban-Van-1-412x295.jpg 412w, https:\/\/www.touringcars.com\/wp-content\/uploads\/2025\/12\/Urban-Van-1-574x411.jpg 574w, https:\/\/www.touringcars.com\/wp-content\/uploads\/2025\/12\/Urban-Van-1.jpg 1348w\" alt=\"Urban Van 1\" width=\"1348\" height=\"965\"><\/a><\/div><div class=\"content-container\"><div class=\"title-prices\"><h3><a href=\"https:\/\/www.touringcars.com\/sv\/vehicle\/urban-van-automatic\/\">Urban Van (automatic)<\/a><\/h3><\/div><p class=\"post-excerpt\"><a href=\"https:\/\/www.touringcars.com\/sv\/vehicle\/urban-van-automatic\/\">Njut av den perfekta blandningen av enkel k\u00f6rning och smart boende i den h\u00e4r kompakta, automatiska husbilen.<\/a><\/p><div class=\"info-icons\"><\/div><\/div><\/article><\/li><li class=\"glide__slide\"><article class=\"article reveal\" data-transmission=\"automatic\" data-vehicle-code=\"C-AT\" data-vehicle-name=\"CAMP (automatic)\" data-capture-link-event=\"0\"><div class=\"image-container\"><div class=\"tag-container\"><span class=\"tag\" data-slug=\"camper-van\">Pl\u00e5tis<\/span><\/div><a href=\"https:\/\/www.touringcars.com\/sv\/vehicle\/camp-automatic\/\"><img decoding=\"async\" src=\"https:\/\/www.touringcars.com\/wp-content\/uploads\/2025\/11\/camp-automatic-buerstner-papillon-white-574x411.jpg\" srcset=\"https:\/\/www.touringcars.com\/wp-content\/uploads\/2025\/11\/camp-automatic-buerstner-papillon-white-300x215.jpg 300w, https:\/\/www.touringcars.com\/wp-content\/uploads\/2025\/11\/camp-automatic-buerstner-papillon-white-1024x733.jpg 1024w, https:\/\/www.touringcars.com\/wp-content\/uploads\/2025\/11\/camp-automatic-buerstner-papillon-white-768x550.jpg 768w, https:\/\/www.touringcars.com\/wp-content\/uploads\/2025\/11\/camp-automatic-buerstner-papillon-white-828x593.jpg 828w, https:\/\/www.touringcars.com\/wp-content\/uploads\/2025\/11\/camp-automatic-buerstner-papillon-white-714x511.jpg 714w, https:\/\/www.touringcars.com\/wp-content\/uploads\/2025\/11\/camp-automatic-buerstner-papillon-white-574x411.jpg 574w, https:\/\/www.touringcars.com\/wp-content\/uploads\/2025\/11\/camp-automatic-buerstner-papillon-white.jpg 1348w\" alt=\"camp-automatic-buerstner-papillon-white\" width=\"1348\" height=\"965\"><\/a><\/div><div class=\"content-container\"><div class=\"title-prices\"><h3><a href=\"https:\/\/www.touringcars.com\/sv\/vehicle\/camp-automatic\/\">CAMP (automatic)<\/a><\/h3><\/div><p class=\"post-excerpt\"><a href=\"https:\/\/www.touringcars.com\/sv\/vehicle\/camp-automatic\/\">Ett kompakt och smart alternativ med elektrisk uppv\u00e4rmning och matlagning f\u00f6r kortare resor, b\u00e5de p\u00e5 landsbygden och i stadsmilj\u00f6 \u2013 perfekt f\u00f6r tv\u00e5.<\/a><\/p><div class=\"info-icons\"><\/div><\/div><\/article><\/li><li class=\"glide__slide\"><article class=\"article reveal\" data-transmission=\"automatic\" data-vehicle-code=\"V4x4A\" data-vehicle-name=\"VAN 4&#215;4 (automatic)\" data-capture-link-event=\"0\"><div class=\"image-container\"><div class=\"tag-container\"><span class=\"tag\" data-slug=\"camper-van\">Pl\u00e5tis<\/span><\/div><a href=\"https:\/\/www.touringcars.com\/sv\/vehicle\/van-4x4-automatic\/\"><img decoding=\"async\" src=\"https:\/\/www.touringcars.com\/wp-content\/uploads\/2025\/11\/van-4x4-buerstner-habiton-2025-white-road-1-574x411.jpg\" srcset=\"https:\/\/www.touringcars.com\/wp-content\/uploads\/2025\/11\/van-4x4-buerstner-habiton-2025-white-road-1-300x215.jpg 300w, https:\/\/www.touringcars.com\/wp-content\/uploads\/2025\/11\/van-4x4-buerstner-habiton-2025-white-road-1-1024x733.jpg 1024w, https:\/\/www.touringcars.com\/wp-content\/uploads\/2025\/11\/van-4x4-buerstner-habiton-2025-white-road-1-768x550.jpg 768w, https:\/\/www.touringcars.com\/wp-content\/uploads\/2025\/11\/van-4x4-buerstner-habiton-2025-white-road-1-828x593.jpg 828w, https:\/\/www.touringcars.com\/wp-content\/uploads\/2025\/11\/van-4x4-buerstner-habiton-2025-white-road-1-714x511.jpg 714w, https:\/\/www.touringcars.com\/wp-content\/uploads\/2025\/11\/van-4x4-buerstner-habiton-2025-white-road-1-574x411.jpg 574w, https:\/\/www.touringcars.com\/wp-content\/uploads\/2025\/11\/van-4x4-buerstner-habiton-2025-white-road-1.jpg 1348w\" alt=\"van-4x4-buerstner-habiton-2025-white-road\" width=\"1348\" height=\"965\"><\/a><\/div><div class=\"content-container\"><div class=\"title-prices\"><h3><a href=\"https:\/\/www.touringcars.com\/sv\/vehicle\/van-4x4-automatic\/\">VAN 4&#215;4 (automatic)<\/a><\/h3><\/div><p class=\"post-excerpt\"><a href=\"https:\/\/www.touringcars.com\/sv\/vehicle\/van-4x4-automatic\/\">Ett flexibelt, kompakt alternativ med terr\u00e4ngegenskaper &#8211; perfekt f\u00f6r en semesterresa f\u00f6r tv\u00e5.<\/a><\/p><div class=\"info-icons\"><\/div><\/div><\/article><\/li><li class=\"glide__slide\"><article class=\"article reveal\" data-transmission=\"manual\" data-vehicle-code=\"LUX\" data-vehicle-name=\"LUXURY\" data-capture-link-event=\"0\"><div class=\"image-container\"><div class=\"tag-container\"><span class=\"tag\" data-slug=\"motorhome\">Husbil<\/span><span class=\"tag\" data-slug=\"luxury\">Luxury<\/span><\/div><a href=\"https:\/\/www.touringcars.com\/sv\/vehicle\/luxury\/\"><img decoding=\"async\" src=\"https:\/\/www.touringcars.com\/wp-content\/uploads\/2025\/02\/carado-imagebank-data_VE_Semi-Integrated_T447_CU_2025_1502_21-31-41_WEB-450x300.jpg\" srcset=\"https:\/\/www.touringcars.com\/wp-content\/uploads\/2025\/02\/carado-imagebank-data_VE_Semi-Integrated_T447_CU_2025_1502_21-31-41_WEB-300x200.jpg 300w, https:\/\/www.touringcars.com\/wp-content\/uploads\/2025\/02\/carado-imagebank-data_VE_Semi-Integrated_T447_CU_2025_1502_21-31-41_WEB-1024x683.jpg 1024w, https:\/\/www.touringcars.com\/wp-content\/uploads\/2025\/02\/carado-imagebank-data_VE_Semi-Integrated_T447_CU_2025_1502_21-31-41_WEB-768x512.jpg 768w, https:\/\/www.touringcars.com\/wp-content\/uploads\/2025\/02\/carado-imagebank-data_VE_Semi-Integrated_T447_CU_2025_1502_21-31-41_WEB-1536x1024.jpg 1536w, https:\/\/www.touringcars.com\/wp-content\/uploads\/2025\/02\/carado-imagebank-data_VE_Semi-Integrated_T447_CU_2025_1502_21-31-41_WEB-2048x1365.jpg 2048w, https:\/\/www.touringcars.com\/wp-content\/uploads\/2025\/02\/carado-imagebank-data_VE_Semi-Integrated_T447_CU_2025_1502_21-31-41_WEB-1920x1280.jpg 1920w, https:\/\/www.touringcars.com\/wp-content\/uploads\/2025\/02\/carado-imagebank-data_VE_Semi-Integrated_T447_CU_2025_1502_21-31-41_WEB-890x593.jpg 890w, https:\/\/www.touringcars.com\/wp-content\/uploads\/2025\/02\/carado-imagebank-data_VE_Semi-Integrated_T447_CU_2025_1502_21-31-41_WEB-714x476.jpg 714w, https:\/\/www.touringcars.com\/wp-content\/uploads\/2025\/02\/carado-imagebank-data_VE_Semi-Integrated_T447_CU_2025_1502_21-31-41_WEB-450x300.jpg 450w, https:\/\/www.touringcars.com\/wp-content\/uploads\/2025\/02\/carado-imagebank-data_VE_Semi-Integrated_T447_CU_2025_1502_21-31-41_WEB-367x245.jpg 367w\" alt=\"_carado-imagebank-data_VE_Semi-Integrated_T447_CU_2025_1502_21-31-41_WEB\" width=\"2560\" height=\"1707\"><\/a><\/div><div class=\"content-container\"><div class=\"title-prices\"><h3><a href=\"https:\/\/www.touringcars.com\/sv\/vehicle\/luxury\/\">LUXURY<\/a><\/h3><\/div><p class=\"post-excerpt\"><a href=\"https:\/\/www.touringcars.com\/sv\/vehicle\/luxury\/\">N\u00e4r du kr\u00e4ver det b\u00e4sta. Utrustad med platt-TV, k\u00f6ksutrustning av h\u00f6gsta kvalitet, s\u00e4ngkl\u00e4der i premiumklass, ett campingkit, en flaska toalettkemikalier, en gasflaska, slutst\u00e4dning, luftkonditionering i vardagsrummet, Wi-Fi samt en v\u00e4lkomstg\u00e5va.<\/a><\/p><div class=\"info-icons\"><\/div><\/div><\/article><\/li><li class=\"glide__slide\"><article class=\"article reveal\" data-transmission=\"automatic\" data-vehicle-code=\"L5-AT\" data-vehicle-name=\"LARGE | 5 (automatic)\" data-capture-link-event=\"0\"><div class=\"image-container\"><div class=\"tag-container\"><span class=\"tag\" data-slug=\"motorhome\">Husbil<\/span><\/div><a href=\"https:\/\/www.touringcars.com\/sv\/vehicle\/large-5-automatic\/\"><img decoding=\"async\" src=\"https:\/\/www.touringcars.com\/wp-content\/uploads\/2025\/02\/carado-imagebank-data_VE_Overcab_A464_CU_2025_1003_21-31-41_web-450x300.jpg\" srcset=\"https:\/\/www.touringcars.com\/wp-content\/uploads\/2025\/02\/carado-imagebank-data_VE_Overcab_A464_CU_2025_1003_21-31-41_web-300x200.jpg 300w, https:\/\/www.touringcars.com\/wp-content\/uploads\/2025\/02\/carado-imagebank-data_VE_Overcab_A464_CU_2025_1003_21-31-41_web-1024x682.jpg 1024w, https:\/\/www.touringcars.com\/wp-content\/uploads\/2025\/02\/carado-imagebank-data_VE_Overcab_A464_CU_2025_1003_21-31-41_web-768x512.jpg 768w, https:\/\/www.touringcars.com\/wp-content\/uploads\/2025\/02\/carado-imagebank-data_VE_Overcab_A464_CU_2025_1003_21-31-41_web-1536x1024.jpg 1536w, https:\/\/www.touringcars.com\/wp-content\/uploads\/2025\/02\/carado-imagebank-data_VE_Overcab_A464_CU_2025_1003_21-31-41_web-2048x1365.jpg 2048w, https:\/\/www.touringcars.com\/wp-content\/uploads\/2025\/02\/carado-imagebank-data_VE_Overcab_A464_CU_2025_1003_21-31-41_web-890x593.jpg 890w, https:\/\/www.touringcars.com\/wp-content\/uploads\/2025\/02\/carado-imagebank-data_VE_Overcab_A464_CU_2025_1003_21-31-41_web-714x476.jpg 714w, https:\/\/www.touringcars.com\/wp-content\/uploads\/2025\/02\/carado-imagebank-data_VE_Overcab_A464_CU_2025_1003_21-31-41_web-450x300.jpg 450w, https:\/\/www.touringcars.com\/wp-content\/uploads\/2025\/02\/carado-imagebank-data_VE_Overcab_A464_CU_2025_1003_21-31-41_web-367x245.jpg 367w\" alt=\"_carado-imagebank-data_VE_Overcab_A464_CU_2025_1003_21-31-41_web\" width=\"2200\" height=\"1466\"><\/a><\/div><div class=\"content-container\"><div class=\"title-prices\"><h3><a href=\"https:\/\/www.touringcars.com\/sv\/vehicle\/large-5-automatic\/\">LARGE | 5 (automatic)<\/a><\/h3><\/div><p class=\"post-excerpt\"><a href=\"https:\/\/www.touringcars.com\/sv\/vehicle\/large-5-automatic\/\">Perfekt f\u00f6r en resergrupp eller en familj p\u00e5 upp till fem med mycket bagage.<\/a><\/p><div class=\"info-icons\"><\/div><\/div><\/article><\/li><li class=\"glide__slide\"><article class=\"article reveal\" data-transmission=\"manual\" data-vehicle-code=\"M\" data-vehicle-name=\"MEDIUM\" data-capture-link-event=\"0\"><div class=\"image-container\"><div class=\"tag-container\"><span class=\"tag\" data-slug=\"motorhome\">Motorhome<\/span><\/div><a href=\"https:\/\/www.touringcars.com\/sv\/vehicle\/medium\/\"><img decoding=\"async\" src=\"https:\/\/www.touringcars.com\/wp-content\/uploads\/2025\/02\/carado-imagebank-data_VE_Semi-Integrated_T448_CU_2025_1002_21-31-41_web-450x300.jpg\" srcset=\"https:\/\/www.touringcars.com\/wp-content\/uploads\/2025\/02\/carado-imagebank-data_VE_Semi-Integrated_T448_CU_2025_1002_21-31-41_web-300x200.jpg 300w, https:\/\/www.touringcars.com\/wp-content\/uploads\/2025\/02\/carado-imagebank-data_VE_Semi-Integrated_T448_CU_2025_1002_21-31-41_web-1024x682.jpg 1024w, https:\/\/www.touringcars.com\/wp-content\/uploads\/2025\/02\/carado-imagebank-data_VE_Semi-Integrated_T448_CU_2025_1002_21-31-41_web-768x512.jpg 768w, https:\/\/www.touringcars.com\/wp-content\/uploads\/2025\/02\/carado-imagebank-data_VE_Semi-Integrated_T448_CU_2025_1002_21-31-41_web-1536x1024.jpg 1536w, https:\/\/www.touringcars.com\/wp-content\/uploads\/2025\/02\/carado-imagebank-data_VE_Semi-Integrated_T448_CU_2025_1002_21-31-41_web-2048x1365.jpg 2048w, https:\/\/www.touringcars.com\/wp-content\/uploads\/2025\/02\/carado-imagebank-data_VE_Semi-Integrated_T448_CU_2025_1002_21-31-41_web-890x593.jpg 890w, https:\/\/www.touringcars.com\/wp-content\/uploads\/2025\/02\/carado-imagebank-data_VE_Semi-Integrated_T448_CU_2025_1002_21-31-41_web-714x476.jpg 714w, https:\/\/www.touringcars.com\/wp-content\/uploads\/2025\/02\/carado-imagebank-data_VE_Semi-Integrated_T448_CU_2025_1002_21-31-41_web-450x300.jpg 450w, https:\/\/www.touringcars.com\/wp-content\/uploads\/2025\/02\/carado-imagebank-data_VE_Semi-Integrated_T448_CU_2025_1002_21-31-41_web-367x245.jpg 367w\" alt=\"_carado-imagebank-data_VE_Semi-Integrated_T448_CU_2025_1002_21-31-41_web\" width=\"2200\" height=\"1466\"><\/a><\/div><div class=\"content-container\"><div class=\"title-prices\"><h3><a href=\"https:\/\/www.touringcars.com\/sv\/vehicle\/medium\/\">MEDIUM<\/a><\/h3><\/div><p class=\"post-excerpt\"><a href=\"https:\/\/www.touringcars.com\/sv\/vehicle\/medium\/\">Mest popul\u00e4ra kategori &#8211; l\u00e4mplig f\u00f6r upp till fyra personer.<\/a><\/p><div class=\"info-icons\"><\/div><\/div><\/article><\/li><li class=\"glide__slide\"><article class=\"article reveal\" data-transmission=\"manual\" data-vehicle-code=\"F5\" data-vehicle-name=\"FAMILY | 5\" data-capture-link-event=\"0\"><div class=\"image-container\"><div class=\"tag-container\"><span class=\"tag\" data-slug=\"motorhome\">Motorhome<\/span><span class=\"tag\" data-slug=\"family\">Family<\/span><\/div><a href=\"https:\/\/www.touringcars.com\/sv\/vehicle\/family-5\/\"><img decoding=\"async\" src=\"https:\/\/www.touringcars.com\/wp-content\/uploads\/2025\/02\/carado-imagebank-data_VE_Overcab_A361_CU_2025_1002_21-31-41_web-450x300.jpg\" srcset=\"https:\/\/www.touringcars.com\/wp-content\/uploads\/2025\/02\/carado-imagebank-data_VE_Overcab_A361_CU_2025_1002_21-31-41_web-300x200.jpg 300w, https:\/\/www.touringcars.com\/wp-content\/uploads\/2025\/02\/carado-imagebank-data_VE_Overcab_A361_CU_2025_1002_21-31-41_web-1024x682.jpg 1024w, https:\/\/www.touringcars.com\/wp-content\/uploads\/2025\/02\/carado-imagebank-data_VE_Overcab_A361_CU_2025_1002_21-31-41_web-768x512.jpg 768w, https:\/\/www.touringcars.com\/wp-content\/uploads\/2025\/02\/carado-imagebank-data_VE_Overcab_A361_CU_2025_1002_21-31-41_web-1536x1024.jpg 1536w, https:\/\/www.touringcars.com\/wp-content\/uploads\/2025\/02\/carado-imagebank-data_VE_Overcab_A361_CU_2025_1002_21-31-41_web-2048x1365.jpg 2048w, https:\/\/www.touringcars.com\/wp-content\/uploads\/2025\/02\/carado-imagebank-data_VE_Overcab_A361_CU_2025_1002_21-31-41_web-890x593.jpg 890w, https:\/\/www.touringcars.com\/wp-content\/uploads\/2025\/02\/carado-imagebank-data_VE_Overcab_A361_CU_2025_1002_21-31-41_web-714x476.jpg 714w, https:\/\/www.touringcars.com\/wp-content\/uploads\/2025\/02\/carado-imagebank-data_VE_Overcab_A361_CU_2025_1002_21-31-41_web-450x300.jpg 450w, https:\/\/www.touringcars.com\/wp-content\/uploads\/2025\/02\/carado-imagebank-data_VE_Overcab_A361_CU_2025_1002_21-31-41_web-367x245.jpg 367w\" alt=\"_carado-imagebank-data_VE_Overcab_A361_CU_2025_1002_21-31-41_web\" width=\"2200\" height=\"1466\"><\/a><\/div><div class=\"content-container\"><div class=\"title-prices\"><h3><a href=\"https:\/\/www.touringcars.com\/sv\/vehicle\/family-5\/\">FAMILY | 5<\/a><\/h3><\/div><p class=\"post-excerpt\"><a href=\"https:\/\/www.touringcars.com\/sv\/vehicle\/family-5\/\">Perfekt f\u00f6r familj p\u00e5 fem (v\u00e4ningss\u00e4ng l\u00e4ngst bak).<\/a><\/p><div class=\"info-icons\"><\/div><\/div><\/article><\/li><li class=\"glide__slide\"><article class=\"article reveal\" data-transmission=\"manual\" data-vehicle-code=\"L5\" data-vehicle-name=\"LARGE | 5\" data-capture-link-event=\"0\"><div class=\"image-container\"><div class=\"tag-container\"><span class=\"tag\" data-slug=\"motorhome\">Motorhome<\/span><\/div><a href=\"https:\/\/www.touringcars.com\/sv\/vehicle\/large-5\/\"><img decoding=\"async\" src=\"https:\/\/www.touringcars.com\/wp-content\/uploads\/2025\/02\/carado-imagebank-data_VE_Overcab_A464_CU_2025_1003_21-31-41_web-450x300.jpg\" srcset=\"https:\/\/www.touringcars.com\/wp-content\/uploads\/2025\/02\/carado-imagebank-data_VE_Overcab_A464_CU_2025_1003_21-31-41_web-300x200.jpg 300w, https:\/\/www.touringcars.com\/wp-content\/uploads\/2025\/02\/carado-imagebank-data_VE_Overcab_A464_CU_2025_1003_21-31-41_web-1024x682.jpg 1024w, https:\/\/www.touringcars.com\/wp-content\/uploads\/2025\/02\/carado-imagebank-data_VE_Overcab_A464_CU_2025_1003_21-31-41_web-768x512.jpg 768w, https:\/\/www.touringcars.com\/wp-content\/uploads\/2025\/02\/carado-imagebank-data_VE_Overcab_A464_CU_2025_1003_21-31-41_web-1536x1024.jpg 1536w, https:\/\/www.touringcars.com\/wp-content\/uploads\/2025\/02\/carado-imagebank-data_VE_Overcab_A464_CU_2025_1003_21-31-41_web-2048x1365.jpg 2048w, https:\/\/www.touringcars.com\/wp-content\/uploads\/2025\/02\/carado-imagebank-data_VE_Overcab_A464_CU_2025_1003_21-31-41_web-890x593.jpg 890w, https:\/\/www.touringcars.com\/wp-content\/uploads\/2025\/02\/carado-imagebank-data_VE_Overcab_A464_CU_2025_1003_21-31-41_web-714x476.jpg 714w, https:\/\/www.touringcars.com\/wp-content\/uploads\/2025\/02\/carado-imagebank-data_VE_Overcab_A464_CU_2025_1003_21-31-41_web-450x300.jpg 450w, https:\/\/www.touringcars.com\/wp-content\/uploads\/2025\/02\/carado-imagebank-data_VE_Overcab_A464_CU_2025_1003_21-31-41_web-367x245.jpg 367w\" alt=\"_carado-imagebank-data_VE_Overcab_A464_CU_2025_1003_21-31-41_web\" width=\"2200\" height=\"1466\"><\/a><\/div><div class=\"content-container\"><div class=\"title-prices\"><h3><a href=\"https:\/\/www.touringcars.com\/sv\/vehicle\/large-5\/\">LARGE | 5<\/a><\/h3><\/div><p class=\"post-excerpt\"><a href=\"https:\/\/www.touringcars.com\/sv\/vehicle\/large-5\/\">Perfekt f\u00f6r en resergrupp eller en familj p\u00e5 upp till fem med mycket bagage.<\/a><\/p><div class=\"info-icons\"><\/div><\/div><\/article><\/li><li class=\"glide__slide\"><article class=\"article reveal\" data-transmission=\"automatic\" data-vehicle-code=\"F5-AT\" data-vehicle-name=\"FAMILY | 5 (automatic)\" data-capture-link-event=\"0\"><div class=\"image-container\"><div class=\"tag-container\"><span class=\"tag\" data-slug=\"motorhome\">Motorhome<\/span><span class=\"tag\" data-slug=\"family\">Family<\/span><\/div><a href=\"https:\/\/www.touringcars.com\/sv\/vehicle\/family-5-automatic\/\"><img decoding=\"async\" src=\"https:\/\/www.touringcars.com\/wp-content\/uploads\/2025\/02\/carado-imagebank-data_VE_Overcab_A361_CU_2025_1002_21-31-41_web-450x300.jpg\" srcset=\"https:\/\/www.touringcars.com\/wp-content\/uploads\/2025\/02\/carado-imagebank-data_VE_Overcab_A361_CU_2025_1002_21-31-41_web-300x200.jpg 300w, https:\/\/www.touringcars.com\/wp-content\/uploads\/2025\/02\/carado-imagebank-data_VE_Overcab_A361_CU_2025_1002_21-31-41_web-1024x682.jpg 1024w, https:\/\/www.touringcars.com\/wp-content\/uploads\/2025\/02\/carado-imagebank-data_VE_Overcab_A361_CU_2025_1002_21-31-41_web-768x512.jpg 768w, https:\/\/www.touringcars.com\/wp-content\/uploads\/2025\/02\/carado-imagebank-data_VE_Overcab_A361_CU_2025_1002_21-31-41_web-1536x1024.jpg 1536w, https:\/\/www.touringcars.com\/wp-content\/uploads\/2025\/02\/carado-imagebank-data_VE_Overcab_A361_CU_2025_1002_21-31-41_web-2048x1365.jpg 2048w, https:\/\/www.touringcars.com\/wp-content\/uploads\/2025\/02\/carado-imagebank-data_VE_Overcab_A361_CU_2025_1002_21-31-41_web-890x593.jpg 890w, https:\/\/www.touringcars.com\/wp-content\/uploads\/2025\/02\/carado-imagebank-data_VE_Overcab_A361_CU_2025_1002_21-31-41_web-714x476.jpg 714w, https:\/\/www.touringcars.com\/wp-content\/uploads\/2025\/02\/carado-imagebank-data_VE_Overcab_A361_CU_2025_1002_21-31-41_web-450x300.jpg 450w, https:\/\/www.touringcars.com\/wp-content\/uploads\/2025\/02\/carado-imagebank-data_VE_Overcab_A361_CU_2025_1002_21-31-41_web-367x245.jpg 367w\" alt=\"_carado-imagebank-data_VE_Overcab_A361_CU_2025_1002_21-31-41_web\" width=\"2200\" height=\"1466\"><\/a><\/div><div class=\"content-container\"><div class=\"title-prices\"><h3><a href=\"https:\/\/www.touringcars.com\/sv\/vehicle\/family-5-automatic\/\">FAMILY | 5 (automatic)<\/a><\/h3><\/div><p class=\"post-excerpt\"><a href=\"https:\/\/www.touringcars.com\/sv\/vehicle\/family-5-automatic\/\">Perfekt f\u00f6r familj p\u00e5 5 (v\u00e5ningss\u00e4ng l\u00e4ngst bak).<\/a><\/p><div class=\"info-icons\"><\/div><\/div><\/article><\/li><li class=\"glide__slide\"><article class=\"article reveal\" data-transmission=\"automatic\" data-vehicle-code=\"M-AT\" data-vehicle-name=\"MEDIUM (automatic)\" data-capture-link-event=\"0\"><div class=\"image-container\"><div class=\"tag-container\"><span class=\"tag\" data-slug=\"motorhome\">Motorhome<\/span><\/div><a href=\"https:\/\/www.touringcars.com\/sv\/vehicle\/medium-automatic\/\"><img decoding=\"async\" src=\"https:\/\/www.touringcars.com\/wp-content\/uploads\/2025\/02\/carado-imagebank-data_VE_Semi-Integrated_T448_CU_2025_1002_21-31-41_web-450x300.jpg\" srcset=\"https:\/\/www.touringcars.com\/wp-content\/uploads\/2025\/02\/carado-imagebank-data_VE_Semi-Integrated_T448_CU_2025_1002_21-31-41_web-300x200.jpg 300w, https:\/\/www.touringcars.com\/wp-content\/uploads\/2025\/02\/carado-imagebank-data_VE_Semi-Integrated_T448_CU_2025_1002_21-31-41_web-1024x682.jpg 1024w, https:\/\/www.touringcars.com\/wp-content\/uploads\/2025\/02\/carado-imagebank-data_VE_Semi-Integrated_T448_CU_2025_1002_21-31-41_web-768x512.jpg 768w, https:\/\/www.touringcars.com\/wp-content\/uploads\/2025\/02\/carado-imagebank-data_VE_Semi-Integrated_T448_CU_2025_1002_21-31-41_web-1536x1024.jpg 1536w, https:\/\/www.touringcars.com\/wp-content\/uploads\/2025\/02\/carado-imagebank-data_VE_Semi-Integrated_T448_CU_2025_1002_21-31-41_web-2048x1365.jpg 2048w, https:\/\/www.touringcars.com\/wp-content\/uploads\/2025\/02\/carado-imagebank-data_VE_Semi-Integrated_T448_CU_2025_1002_21-31-41_web-890x593.jpg 890w, https:\/\/www.touringcars.com\/wp-content\/uploads\/2025\/02\/carado-imagebank-data_VE_Semi-Integrated_T448_CU_2025_1002_21-31-41_web-714x476.jpg 714w, https:\/\/www.touringcars.com\/wp-content\/uploads\/2025\/02\/carado-imagebank-data_VE_Semi-Integrated_T448_CU_2025_1002_21-31-41_web-450x300.jpg 450w, https:\/\/www.touringcars.com\/wp-content\/uploads\/2025\/02\/carado-imagebank-data_VE_Semi-Integrated_T448_CU_2025_1002_21-31-41_web-367x245.jpg 367w\" alt=\"_carado-imagebank-data_VE_Semi-Integrated_T448_CU_2025_1002_21-31-41_web\" width=\"2200\" height=\"1466\"><\/a><\/div><div class=\"content-container\"><div class=\"title-prices\"><h3><a href=\"https:\/\/www.touringcars.com\/sv\/vehicle\/medium-automatic\/\">MEDIUM (automatic)<\/a><\/h3><\/div><p class=\"post-excerpt\"><a href=\"https:\/\/www.touringcars.com\/sv\/vehicle\/medium-automatic\/\">Mest popul\u00e4ra kategori &#8211; l\u00e4mplig f\u00f6r upp till fyra personer.<\/a><\/p><div class=\"info-icons\"><\/div><\/div><\/article><\/li><li class=\"glide__slide\"><article class=\"article reveal\" data-transmission=\"manual\" data-vehicle-code=\"S\" data-vehicle-name=\"SMALL\" data-capture-link-event=\"0\"><div class=\"image-container\"><div class=\"tag-container\"><span class=\"tag\" data-slug=\"motorhome\">Motorhome<\/span><\/div><a href=\"https:\/\/www.touringcars.com\/sv\/vehicle\/small\/\"><img decoding=\"async\" src=\"https:\/\/www.touringcars.com\/wp-content\/uploads\/2025\/02\/carado-imagebank-data_VE_Van_V339_CU_2025_1002_21-31-41_web-450x300.jpg\" srcset=\"https:\/\/www.touringcars.com\/wp-content\/uploads\/2025\/02\/carado-imagebank-data_VE_Van_V339_CU_2025_1002_21-31-41_web-300x200.jpg 300w, https:\/\/www.touringcars.com\/wp-content\/uploads\/2025\/02\/carado-imagebank-data_VE_Van_V339_CU_2025_1002_21-31-41_web-1024x682.jpg 1024w, https:\/\/www.touringcars.com\/wp-content\/uploads\/2025\/02\/carado-imagebank-data_VE_Van_V339_CU_2025_1002_21-31-41_web-768x512.jpg 768w, https:\/\/www.touringcars.com\/wp-content\/uploads\/2025\/02\/carado-imagebank-data_VE_Van_V339_CU_2025_1002_21-31-41_web-1536x1024.jpg 1536w, https:\/\/www.touringcars.com\/wp-content\/uploads\/2025\/02\/carado-imagebank-data_VE_Van_V339_CU_2025_1002_21-31-41_web-2048x1365.jpg 2048w, https:\/\/www.touringcars.com\/wp-content\/uploads\/2025\/02\/carado-imagebank-data_VE_Van_V339_CU_2025_1002_21-31-41_web-890x593.jpg 890w, https:\/\/www.touringcars.com\/wp-content\/uploads\/2025\/02\/carado-imagebank-data_VE_Van_V339_CU_2025_1002_21-31-41_web-714x476.jpg 714w, https:\/\/www.touringcars.com\/wp-content\/uploads\/2025\/02\/carado-imagebank-data_VE_Van_V339_CU_2025_1002_21-31-41_web-450x300.jpg 450w, https:\/\/www.touringcars.com\/wp-content\/uploads\/2025\/02\/carado-imagebank-data_VE_Van_V339_CU_2025_1002_21-31-41_web-367x245.jpg 367w\" alt=\"_carado-imagebank-data_VE_Van_V339_CU_2025_1002_21-31-41_web\" width=\"2200\" height=\"1466\"><\/a><\/div><div class=\"content-container\"><div class=\"title-prices\"><h3><a href=\"https:\/\/www.touringcars.com\/sv\/vehicle\/small\/\">SMALL<\/a><\/h3><\/div><p class=\"post-excerpt\"><a href=\"https:\/\/www.touringcars.com\/sv\/vehicle\/small\/\">Perfekt &amp; ett rymligt val f\u00f6r ett par\u00e4ventyr.<\/a><\/p><div class=\"info-icons\"><\/div><\/div><\/article><\/li><li class=\"glide__slide\"><article class=\"article reveal\" data-transmission=\"automatic\" data-vehicle-code=\"S-AT\" data-vehicle-name=\"SMALL (automatic)\" data-capture-link-event=\"0\"><div class=\"image-container\"><div class=\"tag-container\"><span class=\"tag\" data-slug=\"motorhome\">Motorhome<\/span><\/div><a href=\"https:\/\/www.touringcars.com\/sv\/vehicle\/small-automatic\/\"><img decoding=\"async\" src=\"https:\/\/www.touringcars.com\/wp-content\/uploads\/2025\/02\/carado-imagebank-data_VE_Van_V337_CU_2025_1002_21-31-41_web-450x300.jpg\" srcset=\"https:\/\/www.touringcars.com\/wp-content\/uploads\/2025\/02\/carado-imagebank-data_VE_Van_V337_CU_2025_1002_21-31-41_web-300x200.jpg 300w, https:\/\/www.touringcars.com\/wp-content\/uploads\/2025\/02\/carado-imagebank-data_VE_Van_V337_CU_2025_1002_21-31-41_web-1024x682.jpg 1024w, https:\/\/www.touringcars.com\/wp-content\/uploads\/2025\/02\/carado-imagebank-data_VE_Van_V337_CU_2025_1002_21-31-41_web-768x512.jpg 768w, https:\/\/www.touringcars.com\/wp-content\/uploads\/2025\/02\/carado-imagebank-data_VE_Van_V337_CU_2025_1002_21-31-41_web-1536x1024.jpg 1536w, https:\/\/www.touringcars.com\/wp-content\/uploads\/2025\/02\/carado-imagebank-data_VE_Van_V337_CU_2025_1002_21-31-41_web-2048x1365.jpg 2048w, https:\/\/www.touringcars.com\/wp-content\/uploads\/2025\/02\/carado-imagebank-data_VE_Van_V337_CU_2025_1002_21-31-41_web-890x593.jpg 890w, https:\/\/www.touringcars.com\/wp-content\/uploads\/2025\/02\/carado-imagebank-data_VE_Van_V337_CU_2025_1002_21-31-41_web-714x476.jpg 714w, https:\/\/www.touringcars.com\/wp-content\/uploads\/2025\/02\/carado-imagebank-data_VE_Van_V337_CU_2025_1002_21-31-41_web-450x300.jpg 450w, https:\/\/www.touringcars.com\/wp-content\/uploads\/2025\/02\/carado-imagebank-data_VE_Van_V337_CU_2025_1002_21-31-41_web-367x245.jpg 367w\" alt=\"_carado-imagebank-data_VE_Van_V337_CU_2025_1002_21-31-41_web\" width=\"2200\" height=\"1466\"><\/a><\/div><div class=\"content-container\"><div class=\"title-prices\"><h3><a href=\"https:\/\/www.touringcars.com\/sv\/vehicle\/small-automatic\/\">SMALL (automatic)<\/a><\/h3><\/div><p class=\"post-excerpt\"><a href=\"https:\/\/www.touringcars.com\/sv\/vehicle\/small-automatic\/\">Perfekt &amp; ett rymligt val f\u00f6r ett par\u00e4ventyr.<\/a><\/p><div class=\"info-icons\"><\/div><\/div><\/article><\/li><li class=\"glide__slide\"><article class=\"article reveal\" data-transmission=\"manual\" data-vehicle-code=\"SLUX\" data-vehicle-name=\"SMALL LUXURY\" data-capture-link-event=\"0\"><div class=\"image-container\"><div class=\"tag-container\"><span class=\"tag\" data-slug=\"motorhome\">Husbil<\/span><span class=\"tag\" data-slug=\"luxury\">Luxury<\/span><\/div><a href=\"https:\/\/www.touringcars.com\/sv\/vehicle\/small-luxury\/\"><img decoding=\"async\" src=\"https:\/\/www.touringcars.com\/wp-content\/uploads\/2025\/02\/carado-imagebank-data_VE_Semi-Integrated_T338_CU_2025_1502_21-31-41_WEB-450x300.jpg\" srcset=\"https:\/\/www.touringcars.com\/wp-content\/uploads\/2025\/02\/carado-imagebank-data_VE_Semi-Integrated_T338_CU_2025_1502_21-31-41_WEB-300x200.jpg 300w, https:\/\/www.touringcars.com\/wp-content\/uploads\/2025\/02\/carado-imagebank-data_VE_Semi-Integrated_T338_CU_2025_1502_21-31-41_WEB-1024x683.jpg 1024w, https:\/\/www.touringcars.com\/wp-content\/uploads\/2025\/02\/carado-imagebank-data_VE_Semi-Integrated_T338_CU_2025_1502_21-31-41_WEB-768x512.jpg 768w, https:\/\/www.touringcars.com\/wp-content\/uploads\/2025\/02\/carado-imagebank-data_VE_Semi-Integrated_T338_CU_2025_1502_21-31-41_WEB-1536x1024.jpg 1536w, https:\/\/www.touringcars.com\/wp-content\/uploads\/2025\/02\/carado-imagebank-data_VE_Semi-Integrated_T338_CU_2025_1502_21-31-41_WEB-2048x1365.jpg 2048w, https:\/\/www.touringcars.com\/wp-content\/uploads\/2025\/02\/carado-imagebank-data_VE_Semi-Integrated_T338_CU_2025_1502_21-31-41_WEB-1920x1280.jpg 1920w, https:\/\/www.touringcars.com\/wp-content\/uploads\/2025\/02\/carado-imagebank-data_VE_Semi-Integrated_T338_CU_2025_1502_21-31-41_WEB-890x593.jpg 890w, https:\/\/www.touringcars.com\/wp-content\/uploads\/2025\/02\/carado-imagebank-data_VE_Semi-Integrated_T338_CU_2025_1502_21-31-41_WEB-714x476.jpg 714w, https:\/\/www.touringcars.com\/wp-content\/uploads\/2025\/02\/carado-imagebank-data_VE_Semi-Integrated_T338_CU_2025_1502_21-31-41_WEB-450x300.jpg 450w, https:\/\/www.touringcars.com\/wp-content\/uploads\/2025\/02\/carado-imagebank-data_VE_Semi-Integrated_T338_CU_2025_1502_21-31-41_WEB-367x245.jpg 367w\" alt=\"_carado-imagebank-data_VE_Semi-Integrated_T338_CU_2025_1502_21-31-41_WEB\" width=\"2560\" height=\"1707\"><\/a><\/div><div class=\"content-container\"><div class=\"title-prices\"><h3><a href=\"https:\/\/www.touringcars.com\/sv\/vehicle\/small-luxury\/\">SMALL LUXURY<\/a><\/h3><\/div><p class=\"post-excerpt\"><a href=\"https:\/\/www.touringcars.com\/sv\/vehicle\/small-luxury\/\">N\u00e4r du kr\u00e4ver det b\u00e4sta. Utrustad med platt-TV, k\u00f6ksutrustning av h\u00f6gsta kvalitet, s\u00e4ngkl\u00e4der i premiumklass, ett campingkit, en flaska toalettkemikalier, en gasflaska, slutst\u00e4dning, luftkonditionering i vardagsrummet, Wi-Fi samt en v\u00e4lkomstg\u00e5va.<\/a><\/p><div class=\"info-icons\"><\/div><\/div><\/article><\/li><li class=\"glide__slide\"><article class=\"article reveal\" data-transmission=\"manual\" data-vehicle-code=\"V\" data-vehicle-name=\"VAN\" data-capture-link-event=\"0\"><div class=\"image-container\"><div class=\"tag-container\"><span class=\"tag\" data-slug=\"camper-van\">Pl\u00e5tis<\/span><\/div><a href=\"https:\/\/www.touringcars.com\/sv\/vehicle\/van\/\"><img decoding=\"async\" src=\"https:\/\/www.touringcars.com\/wp-content\/uploads\/2025\/02\/carado-imagebank-data_VE_Camper-Van_CV640_CU_2025_1002_21-31-41_web-450x300.jpg\" srcset=\"https:\/\/www.touringcars.com\/wp-content\/uploads\/2025\/02\/carado-imagebank-data_VE_Camper-Van_CV640_CU_2025_1002_21-31-41_web-300x200.jpg 300w, https:\/\/www.touringcars.com\/wp-content\/uploads\/2025\/02\/carado-imagebank-data_VE_Camper-Van_CV640_CU_2025_1002_21-31-41_web-1024x682.jpg 1024w, https:\/\/www.touringcars.com\/wp-content\/uploads\/2025\/02\/carado-imagebank-data_VE_Camper-Van_CV640_CU_2025_1002_21-31-41_web-768x512.jpg 768w, https:\/\/www.touringcars.com\/wp-content\/uploads\/2025\/02\/carado-imagebank-data_VE_Camper-Van_CV640_CU_2025_1002_21-31-41_web-1536x1024.jpg 1536w, https:\/\/www.touringcars.com\/wp-content\/uploads\/2025\/02\/carado-imagebank-data_VE_Camper-Van_CV640_CU_2025_1002_21-31-41_web-2048x1365.jpg 2048w, https:\/\/www.touringcars.com\/wp-content\/uploads\/2025\/02\/carado-imagebank-data_VE_Camper-Van_CV640_CU_2025_1002_21-31-41_web-890x593.jpg 890w, https:\/\/www.touringcars.com\/wp-content\/uploads\/2025\/02\/carado-imagebank-data_VE_Camper-Van_CV640_CU_2025_1002_21-31-41_web-714x476.jpg 714w, https:\/\/www.touringcars.com\/wp-content\/uploads\/2025\/02\/carado-imagebank-data_VE_Camper-Van_CV640_CU_2025_1002_21-31-41_web-450x300.jpg 450w, https:\/\/www.touringcars.com\/wp-content\/uploads\/2025\/02\/carado-imagebank-data_VE_Camper-Van_CV640_CU_2025_1002_21-31-41_web-367x245.jpg 367w\" alt=\"_carado-imagebank-data_VE_Camper-Van_CV640_CU_2025_1002_21-31-41_web\" width=\"2200\" height=\"1466\"><\/a><\/div><div class=\"content-container\"><div class=\"title-prices\"><h3><a href=\"https:\/\/www.touringcars.com\/sv\/vehicle\/van\/\">VAN<\/a><\/h3><\/div><p class=\"post-excerpt\"><a href=\"https:\/\/www.touringcars.com\/sv\/vehicle\/van\/\">Smidigt alternativ f\u00f6r smala v\u00e4gar, en stadssemester eller en kort semesterresa f\u00f6r tv\u00e5.<\/a><\/p><div class=\"info-icons\"><\/div><\/div><\/article><\/li><li class=\"glide__slide\"><article class=\"article reveal\" data-transmission=\"automatic\" data-vehicle-code=\"V-AT\" data-vehicle-name=\"VAN (automatic)\" data-capture-link-event=\"0\"><div class=\"image-container\"><div class=\"tag-container\"><span class=\"tag\" data-slug=\"camper-van\">Pl\u00e5tis<\/span><\/div><a href=\"https:\/\/www.touringcars.com\/sv\/vehicle\/van-automatic\/\"><img decoding=\"async\" src=\"https:\/\/www.touringcars.com\/wp-content\/uploads\/2025\/02\/carado-imagebank-data_VE_Camper-Van_CV640_CU_2025_1002_21-31-41_web-450x300.jpg\" srcset=\"https:\/\/www.touringcars.com\/wp-content\/uploads\/2025\/02\/carado-imagebank-data_VE_Camper-Van_CV640_CU_2025_1002_21-31-41_web-300x200.jpg 300w, https:\/\/www.touringcars.com\/wp-content\/uploads\/2025\/02\/carado-imagebank-data_VE_Camper-Van_CV640_CU_2025_1002_21-31-41_web-1024x682.jpg 1024w, https:\/\/www.touringcars.com\/wp-content\/uploads\/2025\/02\/carado-imagebank-data_VE_Camper-Van_CV640_CU_2025_1002_21-31-41_web-768x512.jpg 768w, https:\/\/www.touringcars.com\/wp-content\/uploads\/2025\/02\/carado-imagebank-data_VE_Camper-Van_CV640_CU_2025_1002_21-31-41_web-1536x1024.jpg 1536w, https:\/\/www.touringcars.com\/wp-content\/uploads\/2025\/02\/carado-imagebank-data_VE_Camper-Van_CV640_CU_2025_1002_21-31-41_web-2048x1365.jpg 2048w, https:\/\/www.touringcars.com\/wp-content\/uploads\/2025\/02\/carado-imagebank-data_VE_Camper-Van_CV640_CU_2025_1002_21-31-41_web-890x593.jpg 890w, https:\/\/www.touringcars.com\/wp-content\/uploads\/2025\/02\/carado-imagebank-data_VE_Camper-Van_CV640_CU_2025_1002_21-31-41_web-714x476.jpg 714w, https:\/\/www.touringcars.com\/wp-content\/uploads\/2025\/02\/carado-imagebank-data_VE_Camper-Van_CV640_CU_2025_1002_21-31-41_web-450x300.jpg 450w, https:\/\/www.touringcars.com\/wp-content\/uploads\/2025\/02\/carado-imagebank-data_VE_Camper-Van_CV640_CU_2025_1002_21-31-41_web-367x245.jpg 367w\" alt=\"_carado-imagebank-data_VE_Camper-Van_CV640_CU_2025_1002_21-31-41_web\" width=\"2200\" height=\"1466\"><\/a><\/div><div class=\"content-container\"><div class=\"title-prices\"><h3><a href=\"https:\/\/www.touringcars.com\/sv\/vehicle\/van-automatic\/\">VAN (automatic)<\/a><\/h3><\/div><p class=\"post-excerpt\"><a href=\"https:\/\/www.touringcars.com\/sv\/vehicle\/van-automatic\/\">Smidigt alternativ f\u00f6r smala v\u00e4gar, en stadssemester eller en kort semesterresa f\u00f6r tv\u00e5.<\/a><\/p><div class=\"info-icons\"><\/div><\/div><\/article><\/li><li class=\"glide__slide\"><article class=\"article reveal\" data-transmission=\"manual\" data-vehicle-code=\"V4x4\" data-vehicle-name=\"VAN (4&#215;4)\" data-capture-link-event=\"0\"><div class=\"image-container\"><div class=\"tag-container\"><span class=\"tag\" data-slug=\"camper-van\">Pl\u00e5tis<\/span><\/div><a href=\"https:\/\/www.touringcars.com\/sv\/vehicle\/van-4x4\/\"><img decoding=\"async\" src=\"https:\/\/www.touringcars.com\/wp-content\/uploads\/2025\/02\/carado-imagebank-data_VE_Camper-Van_CV640_CU_2025_1002_21-31-41_web-450x300.jpg\" srcset=\"https:\/\/www.touringcars.com\/wp-content\/uploads\/2025\/02\/carado-imagebank-data_VE_Camper-Van_CV640_CU_2025_1002_21-31-41_web-300x200.jpg 300w, https:\/\/www.touringcars.com\/wp-content\/uploads\/2025\/02\/carado-imagebank-data_VE_Camper-Van_CV640_CU_2025_1002_21-31-41_web-1024x682.jpg 1024w, https:\/\/www.touringcars.com\/wp-content\/uploads\/2025\/02\/carado-imagebank-data_VE_Camper-Van_CV640_CU_2025_1002_21-31-41_web-768x512.jpg 768w, https:\/\/www.touringcars.com\/wp-content\/uploads\/2025\/02\/carado-imagebank-data_VE_Camper-Van_CV640_CU_2025_1002_21-31-41_web-1536x1024.jpg 1536w, https:\/\/www.touringcars.com\/wp-content\/uploads\/2025\/02\/carado-imagebank-data_VE_Camper-Van_CV640_CU_2025_1002_21-31-41_web-2048x1365.jpg 2048w, https:\/\/www.touringcars.com\/wp-content\/uploads\/2025\/02\/carado-imagebank-data_VE_Camper-Van_CV640_CU_2025_1002_21-31-41_web-890x593.jpg 890w, https:\/\/www.touringcars.com\/wp-content\/uploads\/2025\/02\/carado-imagebank-data_VE_Camper-Van_CV640_CU_2025_1002_21-31-41_web-714x476.jpg 714w, https:\/\/www.touringcars.com\/wp-content\/uploads\/2025\/02\/carado-imagebank-data_VE_Camper-Van_CV640_CU_2025_1002_21-31-41_web-450x300.jpg 450w, https:\/\/www.touringcars.com\/wp-content\/uploads\/2025\/02\/carado-imagebank-data_VE_Camper-Van_CV640_CU_2025_1002_21-31-41_web-367x245.jpg 367w\" alt=\"_carado-imagebank-data_VE_Camper-Van_CV640_CU_2025_1002_21-31-41_web\" width=\"2200\" height=\"1466\"><\/a><\/div><div class=\"content-container\"><div class=\"title-prices\"><h3><a href=\"https:\/\/www.touringcars.com\/sv\/vehicle\/van-4x4\/\">VAN (4&#215;4)<\/a><\/h3><\/div><p class=\"post-excerpt\"><a href=\"https:\/\/www.touringcars.com\/sv\/vehicle\/van-4x4\/\">Smidigt alternativ f\u00f6r smala v\u00e4gar, en stadssemester eller en kort semesterresa f\u00f6r tv\u00e5.<\/a><\/p><div class=\"info-icons\"><\/div><\/div><\/article><\/li><\/ul><\/div><div class=\"glide__controls\"><div class=\"glide__arrows\" data-glide-el=\"controls\"><span class=\"glide__arrow glide__arrow--left\" data-glide-dir=\"<\"><\/span><span class=\"glide__arrow glide__arrow--right\" data-glide-dir=\">&#8221;><\/span><\/div><div class=\"glide__bullets\" data-glide-el=\"controls[nav]\"><span class=\"glide__bullet\" data-glide-dir=\"=0\" data-parent-uid=\"69f37b987a87f\"><\/span><span class=\"glide__bullet\" data-glide-dir=\"=1\" data-parent-uid=\"69f37b987a87f\"><\/span><span class=\"glide__bullet\" data-glide-dir=\"=2\" data-parent-uid=\"69f37b987a87f\"><\/span><span class=\"glide__bullet\" data-glide-dir=\"=3\" data-parent-uid=\"69f37b987a87f\"><\/span><span class=\"glide__bullet\" data-glide-dir=\"=4\" data-parent-uid=\"69f37b987a87f\"><\/span><span class=\"glide__bullet\" data-glide-dir=\"=5\" data-parent-uid=\"69f37b987a87f\"><\/span><span class=\"glide__bullet\" data-glide-dir=\"=6\" data-parent-uid=\"69f37b987a87f\"><\/span><span class=\"glide__bullet\" data-glide-dir=\"=7\" data-parent-uid=\"69f37b987a87f\"><\/span><span class=\"glide__bullet\" data-glide-dir=\"=8\" data-parent-uid=\"69f37b987a87f\"><\/span><span class=\"glide__bullet\" data-glide-dir=\"=9\" data-parent-uid=\"69f37b987a87f\"><\/span><span class=\"glide__bullet\" data-glide-dir=\"=10\" data-parent-uid=\"69f37b987a87f\"><\/span><span class=\"glide__bullet\" data-glide-dir=\"=11\" data-parent-uid=\"69f37b987a87f\"><\/span><span class=\"glide__bullet\" data-glide-dir=\"=12\" data-parent-uid=\"69f37b987a87f\"><\/span><span class=\"glide__bullet\" data-glide-dir=\"=13\" data-parent-uid=\"69f37b987a87f\"><\/span><span class=\"glide__bullet\" data-glide-dir=\"=14\" data-parent-uid=\"69f37b987a87f\"><\/span><span class=\"glide__bullet\" data-glide-dir=\"=15\" data-parent-uid=\"69f37b987a87f\"><\/span><span class=\"glide__bullet\" data-glide-dir=\"=16\" data-parent-uid=\"69f37b987a87f\"><\/span><span class=\"glide__bullet\" data-glide-dir=\"=17\" data-parent-uid=\"69f37b987a87f\"><\/span><span class=\"glide__bullet\" data-glide-dir=\"=18\" data-parent-uid=\"69f37b987a87f\"><\/span><span class=\"glide__bullet\" data-glide-dir=\"=19\" data-parent-uid=\"69f37b987a87f\"><\/span><\/div><\/div><\/div>    <\/div>\r\n<\/section>\n\n<section class=\"block block-iconrow bg-white\">\r\n    <div class=\"container\">\r\n        <div class=\"content-container reveal\">\r\n            <div class=\"icon-row\"><div class=\"icon-item\"><img decoding=\"async\" src=\"https:\/\/www.touringcars.com\/wp-content\/uploads\/2025\/02\/Clean_blue.svg\" alt=\"Clean_blue\"><div class=\"label\">Fullt utrustade, anpassade och v\u00e4lunderh\u00e5llna husbilar<\/div><\/div><div class=\"icon-item\"><img decoding=\"async\" src=\"https:\/\/www.touringcars.com\/wp-content\/uploads\/2025\/02\/Five-stars_blue.svg\" alt=\"Five stars_blue\"><div class=\"label\">Personlig kundservice fr\u00e5n b\u00f6rjan till slut<\/div><\/div><div class=\"icon-item\"><img decoding=\"async\" src=\"https:\/\/www.touringcars.com\/wp-content\/uploads\/2025\/02\/Airport-transfer2_blue.svg\" alt=\"Airport transfer2_blue\"><div class=\"label\">Flygplatstransfer<\/div><\/div><div class=\"icon-item\"><img decoding=\"async\" src=\"https:\/\/www.touringcars.com\/wp-content\/uploads\/2025\/02\/road-assistance_blue.svg\" alt=\"road assistance_blue\"><div class=\"label\">24\/7 v\u00e4gtj\u00e4nst<\/div><\/div><div class=\"icon-item\"><img decoding=\"async\" src=\"https:\/\/www.touringcars.com\/wp-content\/uploads\/2025\/02\/Unlimited-mileage-3_blue.svg\" alt=\"Unlimited mileage 3_blue\"><div class=\"label\">Obegr\u00e4nsad k\u00f6rstr\u00e4cka<\/div><\/div><\/div>        <\/div>\r\n    <\/div>\r\n<\/section>\n\n<section class=\"block block-textimage\">\r\n    <div class=\"container\">\r\n        <div class=\"content-row image-placement-left\">\r\n            <div class=\"content-container reveal\">\r\n                <h3>Husbilar fr\u00e5n Arlandastad Stockholm<\/h3><p>Kontakt stationen med dina resdatum och antal resen\u00e4rer f\u00f6r b\u00e4sta lokala erbjudanden<\/p>\n<p><em>tel. +46 70 865 2306 \u00a0\/ <a href=\"mailto:stockholm@touringcars.eu\">\u00a0stockholm@touringcars.eu<\/a><\/em><\/p>\n<p>V\u00e4gbeskrivning till uthyrningsstationen<\/p>\n<p><em>Bristagatan 12, SE-195 60 Arlandastad (n\u00e4rmast E4)<\/em><\/p>\n            <\/div>\r\n            <div class=\"image-container reveal\">\r\n                <img decoding=\"async\" src=\"https:\/\/www.touringcars.com\/wp-content\/uploads\/2025\/02\/carado-imagebank-data_VE_Semi-Integrated_T448_PI_2024_0015_20-31-41_web-200x300.jpg\" srcset=\"https:\/\/www.touringcars.com\/wp-content\/uploads\/2025\/02\/carado-imagebank-data_VE_Semi-Integrated_T448_PI_2024_0015_20-31-41_web-200x300.jpg 200w, https:\/\/www.touringcars.com\/wp-content\/uploads\/2025\/02\/carado-imagebank-data_VE_Semi-Integrated_T448_PI_2024_0015_20-31-41_web-682x1024.jpg 682w, https:\/\/www.touringcars.com\/wp-content\/uploads\/2025\/02\/carado-imagebank-data_VE_Semi-Integrated_T448_PI_2024_0015_20-31-41_web-768x1153.jpg 768w, https:\/\/www.touringcars.com\/wp-content\/uploads\/2025\/02\/carado-imagebank-data_VE_Semi-Integrated_T448_PI_2024_0015_20-31-41_web-1024x1536.jpg 1024w, https:\/\/www.touringcars.com\/wp-content\/uploads\/2025\/02\/carado-imagebank-data_VE_Semi-Integrated_T448_PI_2024_0015_20-31-41_web-1365x2048.jpg 1365w, https:\/\/www.touringcars.com\/wp-content\/uploads\/2025\/02\/carado-imagebank-data_VE_Semi-Integrated_T448_PI_2024_0015_20-31-41_web-395x593.jpg 395w, https:\/\/www.touringcars.com\/wp-content\/uploads\/2025\/02\/carado-imagebank-data_VE_Semi-Integrated_T448_PI_2024_0015_20-31-41_web-354x531.jpg 354w, https:\/\/www.touringcars.com\/wp-content\/uploads\/2025\/02\/carado-imagebank-data_VE_Semi-Integrated_T448_PI_2024_0015_20-31-41_web.jpg 1466w\" alt=\"_carado-imagebank-data_VE_Semi-Integrated_T448_PI_2024_0015_20-31-41_web\" width=\"1466\" height=\"2200\">            <\/div>\r\n        <\/div>\r\n    <\/div>\r\n<\/section>","protected":false},"excerpt":{"rendered":"","protected":false},"author":4,"featured_media":0,"parent":0,"menu_order":193,"comment_status":"closed","ping_status":"closed","template":"","meta":{"_acf_changed":false,"footnotes":""},"class_list":["post-14301","page","type-page","status-publish","hentry"],"acf":[],"_links":{"self":[{"href":"https:\/\/www.touringcars.com\/sv\/wp-json\/wp\/v2\/pages\/14301","targetHints":{"allow":["GET"]}}],"collection":[{"href":"https:\/\/www.touringcars.com\/sv\/wp-json\/wp\/v2\/pages"}],"about":[{"href":"https:\/\/www.touringcars.com\/sv\/wp-json\/wp\/v2\/types\/page"}],"author":[{"embeddable":true,"href":"https:\/\/www.touringcars.com\/sv\/wp-json\/wp\/v2\/users\/4"}],"replies":[{"embeddable":true,"href":"https:\/\/www.touringcars.com\/sv\/wp-json\/wp\/v2\/comments?post=14301"}],"version-history":[{"count":4,"href":"https:\/\/www.touringcars.com\/sv\/wp-json\/wp\/v2\/pages\/14301\/revisions"}],"predecessor-version":[{"id":16651,"href":"https:\/\/www.touringcars.com\/sv\/wp-json\/wp\/v2\/pages\/14301\/revisions\/16651"}],"wp:attachment":[{"href":"https:\/\/www.touringcars.com\/sv\/wp-json\/wp\/v2\/media?parent=14301"}],"curies":[{"name":"wp","href":"https:\/\/api.w.org\/{rel}","templated":true}]}}