{"id":13928,"date":"2025-02-06T18:26:07","date_gmt":"2025-02-06T18:26:07","guid":{"rendered":"https:\/\/touringcars.com\/motorhome-rental-info\/on-the-road\/"},"modified":"2025-08-29T11:52:40","modified_gmt":"2025-08-29T11:52:40","slug":"under-uthyrningen","status":"publish","type":"page","link":"https:\/\/www.touringcars.com\/sv\/motorhome-rental-info\/under-uthyrningen\/","title":{"rendered":"Under uthyrningen"},"content":{"rendered":"<section class=\"block block-hero text-style-white image-style-full\">\r\n    <div class=\"container container-full\">\r\n        <div class=\"glide image-slider\" data-uid=\"69f46f57ba98e\"><div class=\"glide__track\" data-glide-el=\"track\"><ul class=\"glide__slides\"><li class=\"glide__slide\"><img decoding=\"async\" src=\"https:\/\/www.touringcars.com\/wp-content\/uploads\/2022\/09\/carado-imagebank-data_VE_Semi-Integrated_T457_PI_2024_0061_21-31-41_WEB-574x382.jpg\" srcset=\"https:\/\/www.touringcars.com\/wp-content\/uploads\/2022\/09\/carado-imagebank-data_VE_Semi-Integrated_T457_PI_2024_0061_21-31-41_WEB-300x200.jpg 300w, https:\/\/www.touringcars.com\/wp-content\/uploads\/2022\/09\/carado-imagebank-data_VE_Semi-Integrated_T457_PI_2024_0061_21-31-41_WEB-1024x682.jpg 1024w, https:\/\/www.touringcars.com\/wp-content\/uploads\/2022\/09\/carado-imagebank-data_VE_Semi-Integrated_T457_PI_2024_0061_21-31-41_WEB-768x512.jpg 768w, https:\/\/www.touringcars.com\/wp-content\/uploads\/2022\/09\/carado-imagebank-data_VE_Semi-Integrated_T457_PI_2024_0061_21-31-41_WEB-1536x1023.jpg 1536w, https:\/\/www.touringcars.com\/wp-content\/uploads\/2022\/09\/carado-imagebank-data_VE_Semi-Integrated_T457_PI_2024_0061_21-31-41_WEB-2048x1364.jpg 2048w, https:\/\/www.touringcars.com\/wp-content\/uploads\/2022\/09\/carado-imagebank-data_VE_Semi-Integrated_T457_PI_2024_0061_21-31-41_WEB-1920x1279.jpg 1920w, https:\/\/www.touringcars.com\/wp-content\/uploads\/2022\/09\/carado-imagebank-data_VE_Semi-Integrated_T457_PI_2024_0061_21-31-41_WEB-890x593.jpg 890w, https:\/\/www.touringcars.com\/wp-content\/uploads\/2022\/09\/carado-imagebank-data_VE_Semi-Integrated_T457_PI_2024_0061_21-31-41_WEB-714x476.jpg 714w, https:\/\/www.touringcars.com\/wp-content\/uploads\/2022\/09\/carado-imagebank-data_VE_Semi-Integrated_T457_PI_2024_0061_21-31-41_WEB-574x382.jpg 574w, https:\/\/www.touringcars.com\/wp-content\/uploads\/2022\/09\/carado-imagebank-data_VE_Semi-Integrated_T457_PI_2024_0061_21-31-41_WEB-367x245.jpg 367w\" alt=\"_carado-imagebank-data_VE_Semi-Integrated_T457_PI_2024_0061_21-31-41_WEB\" data-no-lazy=\"1\" fetchpriority=\"high\"><\/li><\/ul><\/div><div class=\"glide__controls\"><div class=\"glide__arrows\" data-glide-el=\"controls\"><span class=\"glide__arrow glide__arrow--left\" aria-label=\"V\u00e4nster\" data-glide-dir=\"<\"><\/span><span class=\"glide__arrow glide__arrow--right\" aria-label=\"H\u00f6ger\" data-glide-dir=\">&#8221;><\/span><\/div><\/div><\/div><div class=\"hero-container\"><div class=\"breadcrumbs-container\"><ol><li><a href=\"https:\/\/www.touringcars.com\/sv\/\"><span>Touring Cars<\/span><\/a><\/li><\/ol><\/div><h1>Under Uthyrningen<\/h1><\/div>    <\/div>\r\n    <\/section>\n\n<section class=\"block block-textimage\">\r\n    <div class=\"container\">\r\n        <div class=\"content-row image-placement-right\">\r\n            <div class=\"content-container reveal\">\r\n                <h3>Genomeg\u00e5ng av husbilen<\/h3><p>P\u00e5\u00a0Touring\u00a0Cars uthyrningsstation erbjuds du n\u00e5gra f\u00f6rfriskningar medan du tittar p\u00e5 en video som g\u00e5r igenom din husbil.\u00a0 V\u00e5r utbildade personal ger dig ocks\u00e5 personlig uppm\u00e4rksamhet och visar dig hur du anv\u00e4nder den toppmoderna husbilen. Du har m\u00f6jlighet att bekanta dig med husbilen hemma i din egen soffa genom att titta p\u00e5 denna video p\u00e5 engelska h\u00e4r nedan.<\/p>\n<p>Touring\u00a0Cars personal \u00e4r k\u00e4nd f\u00f6r sin h\u00f6ga standard n\u00e4r det g\u00e4ller kundv\u00e5rd. Vi vill ge dig en unik semester med en k\u00e4nsla av att vi finns h\u00e4r f\u00f6r att ge dig support n\u00e4rhelst och varhelst du beh\u00f6ver det. Detta l\u00f6fte h\u00e5ller vi genom att tillhandah\u00e5lla ett telefonnummer f\u00f6r v\u00e4gassistans och genom att ha personal tillg\u00e4nglig dygnet runt, alla dagar i veckan. P\u00e5 s\u00e5 vis kan du f\u00e5 en of\u00f6rgl\u00f6mlig semester utan on\u00f6diga f\u00f6rdr\u00f6jningar eller tekniska problem.<\/p>\n<p>V\u00e5ra uthyrningsstationer har samlat ihop information om lokala tj\u00e4nster och exempel p\u00e5 resplaner f\u00f6r att ge dig\u00a0lokal restips\u00a0och f\u00f6r att du ska f\u00e5 ut mesta m\u00f6jliga av din semester. Detta material finns tillg\u00e4ngligt p\u00e5 den lokala uthyrningsstationen. P\u00e5 grund av denna omfattande genomg\u00e5ng kan uth\u00e4mtningen av fordonet ta upp till tv\u00e5 timmar.<\/p>\n            <\/div>\r\n            <div class=\"image-container reveal image-high\">\r\n                <img decoding=\"async\" src=\"https:\/\/www.touringcars.com\/wp-content\/uploads\/2025\/02\/leon_reiner_customer_service_kristina_1_1000px.jpg-525x300.webp\" srcset=\"https:\/\/www.touringcars.com\/wp-content\/uploads\/2025\/02\/leon_reiner_customer_service_kristina_1_1000px.jpg-300x171.webp 300w, https:\/\/www.touringcars.com\/wp-content\/uploads\/2025\/02\/leon_reiner_customer_service_kristina_1_1000px.jpg-1024x585.webp 1024w, https:\/\/www.touringcars.com\/wp-content\/uploads\/2025\/02\/leon_reiner_customer_service_kristina_1_1000px.jpg-768x439.webp 768w, https:\/\/www.touringcars.com\/wp-content\/uploads\/2025\/02\/leon_reiner_customer_service_kristina_1_1000px.jpg-1038x593.webp 1038w, https:\/\/www.touringcars.com\/wp-content\/uploads\/2025\/02\/leon_reiner_customer_service_kristina_1_1000px.jpg-714x408.webp 714w, https:\/\/www.touringcars.com\/wp-content\/uploads\/2025\/02\/leon_reiner_customer_service_kristina_1_1000px.jpg-525x300.webp 525w, https:\/\/www.touringcars.com\/wp-content\/uploads\/2025\/02\/leon_reiner_customer_service_kristina_1_1000px.jpg.webp 1400w\" alt=\"leon_reiner_customer_service_kristina_1_1000px.jpg\" width=\"1400\" height=\"800\">            <\/div>\r\n        <\/div>\r\n    <\/div>\r\n<\/section>\n\n<section class=\"block block-textimage\">\r\n    <div class=\"container\">\r\n        <div class=\"content-row image-placement-left\">\r\n            <div class=\"content-container reveal\">\r\n                <h3>V\u00e4gassistans f\u00f6r husbil och ers\u00e4ttning f\u00f6r reparationer<\/h3><p>Touring\u00a0Cars tillhandah\u00e5ller v\u00e4gassistans dygnet runt, alla dagar i veckan p\u00e5 alla v\u00e5ra destinationer. \u00c4ven om v\u00e5ra husbilar representerar h\u00f6gsta m\u00f6jliga tekniska kvalitet och genomg\u00e5r underh\u00e5ll mellan varje uthyrning, g\u00e5r det inte att utesluta mekaniska problem helt och h\u00e5llet. I s\u00e5dana osannolika fall r\u00e5der vi dig att ringa oss omedelbart och rapportera alla tekniska problem du upplever. V\u00e5rt erfarna supportteam kommer d\u00e5 att rekommendera l\u00e4mpliga \u00e5tg\u00e4rder f\u00f6r att l\u00f6sa problemet s\u00e5 fort som m\u00f6jligt. Vi har en mekaniker redo dygnet runt, alla dagar i veckan samt ers\u00e4ttningsfordon tillg\u00e4ngliga om s\u00e5 kr\u00e4vs. F\u00f6lj alla anvisningar och rekommendationer fr\u00e5n v\u00e5rt supportteam. Underl\u00e5tenhet att f\u00f6lja deras v\u00e4gledning kan \u00e5terkalla din r\u00e4tt till ers\u00e4ttning senare, s\u00e5 det \u00e4r viktigt att du h\u00e5ller oss informerade och l\u00e5ter oss hj\u00e4lpa dig.<\/p>\n            <\/div>\r\n            <div class=\"image-container reveal image-high\">\r\n                <img decoding=\"async\" src=\"https:\/\/www.touringcars.com\/wp-content\/uploads\/2025\/02\/christoph-grabietz-unsplash-norway-atlantic-road.jpg-525x300.webp\" srcset=\"https:\/\/www.touringcars.com\/wp-content\/uploads\/2025\/02\/christoph-grabietz-unsplash-norway-atlantic-road.jpg-300x171.webp 300w, https:\/\/www.touringcars.com\/wp-content\/uploads\/2025\/02\/christoph-grabietz-unsplash-norway-atlantic-road.jpg-1024x585.webp 1024w, https:\/\/www.touringcars.com\/wp-content\/uploads\/2025\/02\/christoph-grabietz-unsplash-norway-atlantic-road.jpg-768x439.webp 768w, https:\/\/www.touringcars.com\/wp-content\/uploads\/2025\/02\/christoph-grabietz-unsplash-norway-atlantic-road.jpg-1038x593.webp 1038w, https:\/\/www.touringcars.com\/wp-content\/uploads\/2025\/02\/christoph-grabietz-unsplash-norway-atlantic-road.jpg-714x408.webp 714w, https:\/\/www.touringcars.com\/wp-content\/uploads\/2025\/02\/christoph-grabietz-unsplash-norway-atlantic-road.jpg-525x300.webp 525w, https:\/\/www.touringcars.com\/wp-content\/uploads\/2025\/02\/christoph-grabietz-unsplash-norway-atlantic-road.jpg.webp 1400w\" alt=\"christoph-grabietz-unsplash-norway-atlantic-road.jpg\" width=\"1400\" height=\"800\">            <\/div>\r\n        <\/div>\r\n    <\/div>\r\n<\/section>\n\n<section class=\"block block-textimage\">\r\n    <div class=\"container\">\r\n        <div class=\"content-row image-placement-right\">\r\n            <div class=\"content-container reveal\">\r\n                <h3>Barn som reser i husbilen<\/h3><p>Vi \u00e4r fast beslutna att se till att de sm\u00e5 \u00e4r s\u00e5 s\u00e4kra som m\u00f6jligt p\u00e5 sitt husbils\u00e4ventyr. Alla passagerare ska sitta med s\u00e4kerhetsb\u00e4ltet sp\u00e4nt n\u00e4r husbilen \u00e4r i r\u00f6relse. Barn under 135\u202fcm l\u00e5nga b\u00f6r anv\u00e4nda bilbarnstol.\u00a0Touring\u00a0Cars tillhandah\u00e5ller bilbarnstolar i m\u00e5n av tillg\u00e5ng, men ansvarar inte f\u00f6r att placera dem i husbilen \u00e5t kunden.<\/p>\n<p>V\u00e5ra moderna husbilar \u00e4r utrustade med de senaste s\u00e4kerhetsfunktionerna, inklusive krockkuddar i frams\u00e4tet. P\u00e5 grund av krockkuddarna ska du inte placera en bak\u00e5tv\u00e4nd bilbarnstol i frams\u00e4tet.<\/p>\n<p>Touring\u00a0Cars rekommenderar inte att barn under 135\u202fcm eller under 12 \u00e5r reser i frams\u00e4tet eller utan n\u00e5gon s\u00e4kerhetsanordning.<\/p>\n            <\/div>\r\n            <div class=\"image-container reveal image-high\">\r\n                <img decoding=\"async\" src=\"https:\/\/www.touringcars.com\/wp-content\/uploads\/2022\/09\/carado-imagebank-data_VE_Semi-Integrated_T448_PI_2024_1531_21-31-41_WEB-383x574.jpg\" srcset=\"https:\/\/www.touringcars.com\/wp-content\/uploads\/2022\/09\/carado-imagebank-data_VE_Semi-Integrated_T448_PI_2024_1531_21-31-41_WEB-200x300.jpg 200w, https:\/\/www.touringcars.com\/wp-content\/uploads\/2022\/09\/carado-imagebank-data_VE_Semi-Integrated_T448_PI_2024_1531_21-31-41_WEB-683x1024.jpg 683w, https:\/\/www.touringcars.com\/wp-content\/uploads\/2022\/09\/carado-imagebank-data_VE_Semi-Integrated_T448_PI_2024_1531_21-31-41_WEB-768x1152.jpg 768w, https:\/\/www.touringcars.com\/wp-content\/uploads\/2022\/09\/carado-imagebank-data_VE_Semi-Integrated_T448_PI_2024_1531_21-31-41_WEB-1024x1536.jpg 1024w, https:\/\/www.touringcars.com\/wp-content\/uploads\/2022\/09\/carado-imagebank-data_VE_Semi-Integrated_T448_PI_2024_1531_21-31-41_WEB-1365x2048.jpg 1365w, https:\/\/www.touringcars.com\/wp-content\/uploads\/2022\/09\/carado-imagebank-data_VE_Semi-Integrated_T448_PI_2024_1531_21-31-41_WEB-1280x1920.jpg 1280w, https:\/\/www.touringcars.com\/wp-content\/uploads\/2022\/09\/carado-imagebank-data_VE_Semi-Integrated_T448_PI_2024_1531_21-31-41_WEB-395x593.jpg 395w, https:\/\/www.touringcars.com\/wp-content\/uploads\/2022\/09\/carado-imagebank-data_VE_Semi-Integrated_T448_PI_2024_1531_21-31-41_WEB-354x531.jpg 354w, https:\/\/www.touringcars.com\/wp-content\/uploads\/2022\/09\/carado-imagebank-data_VE_Semi-Integrated_T448_PI_2024_1531_21-31-41_WEB-383x574.jpg 383w, https:\/\/www.touringcars.com\/wp-content\/uploads\/2022\/09\/carado-imagebank-data_VE_Semi-Integrated_T448_PI_2024_1531_21-31-41_WEB-scaled.jpg 1707w\" alt=\"Processed with VSCO with a4 preset\" width=\"1707\" height=\"2560\">            <\/div>\r\n        <\/div>\r\n    <\/div>\r\n<\/section>\n\n<section class=\"block block-textimage\">\r\n    <div class=\"container\">\r\n        <div class=\"content-row image-placement-left\">\r\n            <div class=\"content-container reveal\">\r\n                <h3>Bagage<\/h3><p>De flesta husbilsmodellerna har gott om utrymme f\u00f6r ditt bagage, men vi rekommenderar att du anv\u00e4nder mjuka resv\u00e4skor i st\u00e4llet f\u00f6r h\u00e5rda eftersom s\u00e5dana passar i husbilens bagageutrymme mycket b\u00e4ttre. P\u00e5 m\u00e5nga uthyrningsstationer har du m\u00f6jlighet att l\u00e4mna dina tomma resv\u00e4skor p\u00e5 uthyrningsstationen tills du kommer tillbaka. Kolla g\u00e4rna detta med v\u00e5rt <a href=\"https:\/\/www.touringcars.com\/sv\/kontaktinformationen\/\">internationella f\u00f6rs\u00e4ljningskontor<\/a>.<\/p>\n            <\/div>\r\n            <div class=\"image-container reveal\">\r\n                <div class=\"glide image-slider\" data-uid=\"69f46f57c3236\"><div class=\"glide__track\" data-glide-el=\"track\"><ul class=\"glide__slides\"><li class=\"glide__slide\"><img decoding=\"async\" src=\"https:\/\/www.touringcars.com\/wp-content\/uploads\/2025\/05\/carado-imagebank-data_VE_Van_V337_IT_2024_0079_21-31-41_WEB-574x383.jpg\" srcset=\"https:\/\/www.touringcars.com\/wp-content\/uploads\/2025\/05\/carado-imagebank-data_VE_Van_V337_IT_2024_0079_21-31-41_WEB-300x200.jpg 300w, https:\/\/www.touringcars.com\/wp-content\/uploads\/2025\/05\/carado-imagebank-data_VE_Van_V337_IT_2024_0079_21-31-41_WEB-1024x683.jpg 1024w, https:\/\/www.touringcars.com\/wp-content\/uploads\/2025\/05\/carado-imagebank-data_VE_Van_V337_IT_2024_0079_21-31-41_WEB-768x512.jpg 768w, https:\/\/www.touringcars.com\/wp-content\/uploads\/2025\/05\/carado-imagebank-data_VE_Van_V337_IT_2024_0079_21-31-41_WEB-1536x1025.jpg 1536w, https:\/\/www.touringcars.com\/wp-content\/uploads\/2025\/05\/carado-imagebank-data_VE_Van_V337_IT_2024_0079_21-31-41_WEB-1920x1281.jpg 1920w, https:\/\/www.touringcars.com\/wp-content\/uploads\/2025\/05\/carado-imagebank-data_VE_Van_V337_IT_2024_0079_21-31-41_WEB-889x593.jpg 889w, https:\/\/www.touringcars.com\/wp-content\/uploads\/2025\/05\/carado-imagebank-data_VE_Van_V337_IT_2024_0079_21-31-41_WEB-714x476.jpg 714w, https:\/\/www.touringcars.com\/wp-content\/uploads\/2025\/05\/carado-imagebank-data_VE_Van_V337_IT_2024_0079_21-31-41_WEB-574x383.jpg 574w, https:\/\/www.touringcars.com\/wp-content\/uploads\/2025\/05\/carado-imagebank-data_VE_Van_V337_IT_2024_0079_21-31-41_WEB-367x245.jpg 367w, https:\/\/www.touringcars.com\/wp-content\/uploads\/2025\/05\/carado-imagebank-data_VE_Van_V337_IT_2024_0079_21-31-41_WEB.jpg 2048w\" alt=\"_carado-imagebank-data_VE_Van_V337_IT_2024_0079_21-31-41_WEB\"><\/li><li class=\"glide__slide\"><img decoding=\"async\" src=\"https:\/\/www.touringcars.com\/wp-content\/uploads\/2022\/09\/carado-imagebank-data_VE_Semi-Integrated_T447_PI_2024_0118_21-31-41_WEB-383x574.jpg\" srcset=\"https:\/\/www.touringcars.com\/wp-content\/uploads\/2022\/09\/carado-imagebank-data_VE_Semi-Integrated_T447_PI_2024_0118_21-31-41_WEB-200x300.jpg 200w, https:\/\/www.touringcars.com\/wp-content\/uploads\/2022\/09\/carado-imagebank-data_VE_Semi-Integrated_T447_PI_2024_0118_21-31-41_WEB-683x1024.jpg 683w, https:\/\/www.touringcars.com\/wp-content\/uploads\/2022\/09\/carado-imagebank-data_VE_Semi-Integrated_T447_PI_2024_0118_21-31-41_WEB-768x1152.jpg 768w, https:\/\/www.touringcars.com\/wp-content\/uploads\/2022\/09\/carado-imagebank-data_VE_Semi-Integrated_T447_PI_2024_0118_21-31-41_WEB-1024x1536.jpg 1024w, https:\/\/www.touringcars.com\/wp-content\/uploads\/2022\/09\/carado-imagebank-data_VE_Semi-Integrated_T447_PI_2024_0118_21-31-41_WEB-1365x2048.jpg 1365w, https:\/\/www.touringcars.com\/wp-content\/uploads\/2022\/09\/carado-imagebank-data_VE_Semi-Integrated_T447_PI_2024_0118_21-31-41_WEB-1280x1920.jpg 1280w, https:\/\/www.touringcars.com\/wp-content\/uploads\/2022\/09\/carado-imagebank-data_VE_Semi-Integrated_T447_PI_2024_0118_21-31-41_WEB-395x593.jpg 395w, https:\/\/www.touringcars.com\/wp-content\/uploads\/2022\/09\/carado-imagebank-data_VE_Semi-Integrated_T447_PI_2024_0118_21-31-41_WEB-354x531.jpg 354w, https:\/\/www.touringcars.com\/wp-content\/uploads\/2022\/09\/carado-imagebank-data_VE_Semi-Integrated_T447_PI_2024_0118_21-31-41_WEB-383x574.jpg 383w, https:\/\/www.touringcars.com\/wp-content\/uploads\/2022\/09\/carado-imagebank-data_VE_Semi-Integrated_T447_PI_2024_0118_21-31-41_WEB-scaled.jpg 1707w\" alt=\"_carado-imagebank-data_VE_Semi-Integrated_T447_PI_2024_0118_21-31-41_WEB\"><\/li><\/ul><\/div><div class=\"glide__controls\"><div class=\"glide__arrows\" data-glide-el=\"controls\"><span class=\"glide__arrow glide__arrow--left\" aria-label=\"V\u00e4nster\" data-glide-dir=\"<\"><\/span><span class=\"glide__arrow glide__arrow--right\" aria-label=\"H\u00f6ger\" data-glide-dir=\">&#8221;><\/span><\/div><div class=\"glide__bullets\" data-glide-el=\"controls[nav]\"><span class=\"glide__bullet\" data-glide-dir=\"=0\" data-parent-uid=\"69f46f57c3236\"><\/span><span class=\"glide__bullet\" data-glide-dir=\"=1\" data-parent-uid=\"69f46f57c3236\"><\/span><\/div><\/div><\/div>            <\/div>\r\n        <\/div>\r\n    <\/div>\r\n<\/section>\n\n<section class=\"block block-textimage\">\r\n    <div class=\"container\">\r\n        <div class=\"content-row image-placement-right\">\r\n            <div class=\"content-container reveal\">\r\n                <h3>Vinterf\u00f6rh\u00e5llanden<\/h3><p>Touring\u00a0Cars husbilar \u00e4r fantastiska alternativ f\u00f6r b\u00e5de sommar- och vintersemestern. Se till att husbilen \u00e4r ordentligt uppv\u00e4rmd hela tiden f\u00f6r att undvika frostskador. S\u00e4rskilt vattensystemet \u00e4r k\u00e4nsligt f\u00f6r skador n\u00e4r temperaturen sjunker till den typiska arktiska niv\u00e5n.<\/p>\n<p>Ytterligare information om och en omfattande introduktion till korrekt anv\u00e4ndning p\u00e5 vintern ges vid uth\u00e4mtningen av fordonet.<\/p>\n<p>Vinterd\u00e4ck ing\u00e5r alltid i hyrespriset. Uthyrningsstationerna f\u00f6rser sina husbilar med r\u00e4tt d\u00e4ckupps\u00e4ttning enligt lokal lagstiftning.<\/p>\n            <\/div>\r\n            <div class=\"image-container reveal image-high\">\r\n                <img decoding=\"async\" src=\"https:\/\/www.touringcars.com\/wp-content\/uploads\/2022\/09\/YAN20KRUKOV20WINTER-450x300.jpg\" srcset=\"https:\/\/www.touringcars.com\/wp-content\/uploads\/2022\/09\/YAN20KRUKOV20WINTER-300x200.jpg 300w, https:\/\/www.touringcars.com\/wp-content\/uploads\/2022\/09\/YAN20KRUKOV20WINTER-1024x683.jpg 1024w, https:\/\/www.touringcars.com\/wp-content\/uploads\/2022\/09\/YAN20KRUKOV20WINTER-768x512.jpg 768w, https:\/\/www.touringcars.com\/wp-content\/uploads\/2022\/09\/YAN20KRUKOV20WINTER-889x593.jpg 889w, https:\/\/www.touringcars.com\/wp-content\/uploads\/2022\/09\/YAN20KRUKOV20WINTER-714x476.jpg 714w, https:\/\/www.touringcars.com\/wp-content\/uploads\/2022\/09\/YAN20KRUKOV20WINTER-450x300.jpg 450w, https:\/\/www.touringcars.com\/wp-content\/uploads\/2022\/09\/YAN20KRUKOV20WINTER-367x245.jpg 367w, https:\/\/www.touringcars.com\/wp-content\/uploads\/2022\/09\/YAN20KRUKOV20WINTER.jpg 1090w\" alt=\"YAN20KRUKOV20WINTER\" width=\"1090\" height=\"727\">            <\/div>\r\n        <\/div>\r\n    <\/div>\r\n<\/section>\n\n<section class=\"block block-textimage\">\r\n    <div class=\"container\">\r\n        <div class=\"content-row image-placement-left\">\r\n            <div class=\"content-container reveal\">\r\n                <h3>Problems or breakdowns<\/h3><p><span style=\"font-weight: 400\">To enable a safe and carefree holiday for you, we provide a thorough vehicle orientation, technical instructions and 24\/7 road assistant service. However, our customers are obligated to take good care of the motorhome and be cautious while driving. During the rental period, you need to observe the condition of the vehicle, check the engine oil, fluids, and coolant levels at each refueling, as well as immediately report any mechanical failures and technical malfunctions. All guidance and recommendations of our support team should be followed.<\/span><\/p>\n<p><span style=\"font-weight: 400\">In the event of a breakdown and the motorhome being in repair for 24 hours or more, not by fault of the customer, our responsibility is limited to a refund of a daily rate or a portion thereof. You are required to take the vehicle to the closest repair location instructed by our roadside assistance.<\/span><\/p>\n            <\/div>\r\n            <div class=\"image-container reveal image-high\">\r\n                <img decoding=\"async\" src=\"https:\/\/www.touringcars.com\/wp-content\/uploads\/2025\/01\/carado-imagebank-data_OTZ_Camper-Van_CV600_PI_2024_0084_21-31-41_WEB-574x383.jpg\" srcset=\"https:\/\/www.touringcars.com\/wp-content\/uploads\/2025\/01\/carado-imagebank-data_OTZ_Camper-Van_CV600_PI_2024_0084_21-31-41_WEB-300x200.jpg 300w, https:\/\/www.touringcars.com\/wp-content\/uploads\/2025\/01\/carado-imagebank-data_OTZ_Camper-Van_CV600_PI_2024_0084_21-31-41_WEB-1024x683.jpg 1024w, https:\/\/www.touringcars.com\/wp-content\/uploads\/2025\/01\/carado-imagebank-data_OTZ_Camper-Van_CV600_PI_2024_0084_21-31-41_WEB-768x512.jpg 768w, https:\/\/www.touringcars.com\/wp-content\/uploads\/2025\/01\/carado-imagebank-data_OTZ_Camper-Van_CV600_PI_2024_0084_21-31-41_WEB-1536x1024.jpg 1536w, https:\/\/www.touringcars.com\/wp-content\/uploads\/2025\/01\/carado-imagebank-data_OTZ_Camper-Van_CV600_PI_2024_0084_21-31-41_WEB-2048x1365.jpg 2048w, https:\/\/www.touringcars.com\/wp-content\/uploads\/2025\/01\/carado-imagebank-data_OTZ_Camper-Van_CV600_PI_2024_0084_21-31-41_WEB-1920x1280.jpg 1920w, https:\/\/www.touringcars.com\/wp-content\/uploads\/2025\/01\/carado-imagebank-data_OTZ_Camper-Van_CV600_PI_2024_0084_21-31-41_WEB-890x593.jpg 890w, https:\/\/www.touringcars.com\/wp-content\/uploads\/2025\/01\/carado-imagebank-data_OTZ_Camper-Van_CV600_PI_2024_0084_21-31-41_WEB-714x476.jpg 714w, https:\/\/www.touringcars.com\/wp-content\/uploads\/2025\/01\/carado-imagebank-data_OTZ_Camper-Van_CV600_PI_2024_0084_21-31-41_WEB-574x383.jpg 574w, https:\/\/www.touringcars.com\/wp-content\/uploads\/2025\/01\/carado-imagebank-data_OTZ_Camper-Van_CV600_PI_2024_0084_21-31-41_WEB-367x245.jpg 367w\" alt=\"_carado-imagebank-data_OTZ_Camper-Van_CV600_PI_2024_0084_21-31-41_WEB\" width=\"2560\" height=\"1707\">            <\/div>\r\n        <\/div>\r\n    <\/div>\r\n<\/section>\n\n<section class=\"block block-textimage\">\r\n    <div class=\"container\">\r\n        <div class=\"content-row image-placement-right\">\r\n            <div class=\"content-container reveal\">\r\n                <h3>Uth\u00e4mntningsprocess<\/h3><p>Touring\u00a0Cars tillhandah\u00e5ller kostnadsfri transfer fr\u00e5n flygplatser och flygplatshotell till uthyrningsstationerna f\u00f6r uth\u00e4mtning av fordonet. Under uth\u00e4mtningsproceduren genomf\u00f6rs det administrativa och en informationsvideo visas. Videon inneh\u00e5ller praktiska detaljer om fordonet och ger en bra \u00f6verblick \u00f6ver korrekt anv\u00e4ndning av husbilen. Efter informationsvideon tar medarbetaren kunden till hyrfordonet f\u00f6r att g\u00e5 igenom en del detaljer.<\/p>\n<p>Dessa detaljer innefattar exempelvis hur man t\u00f6mmer gr\u00e5vattentanken och toalettkassetten samt en ing\u00e5ende f\u00f6rklaring till hur man anv\u00e4nder gasolen och hur man fyller p\u00e5 f\u00e4rskvattentanken. Dessutom ges information om hur man laddar fordonet med elkabeln. Den ing\u00e5ende genomg\u00e5ngen forts\u00e4tter till insidan av husbilen, d\u00e4r information ges om fordonets inst\u00e4llningar och kontroller.<\/p>\n<p>N\u00e4r genomg\u00e5ngen \u00e4r klar och alla fr\u00e5gor har besvarats ska dokumentet med fordonets hyresskick samt hyresavtalet skrivas under. N\u00e4r dokumenten har undertecknats \u00e4r kunden redo att ge sig av p\u00e5 sitt \u00e4ventyr och njuta av sin semester.<\/p>\n<div class=\"buttons\"><a href=\"\" class=\"btn\" target=\"_blank\" rel=\"noopener noreferrer\">Reserve your motorhome<\/a><\/div>            <\/div>\r\n            <div class=\"image-container reveal image-high\">\r\n                <img decoding=\"async\" src=\"https:\/\/www.touringcars.com\/wp-content\/uploads\/2025\/05\/carado-imagebank-data_VE_Semi-Integrated_T338_PI_2024_1307_21-31-41_WEB-574x359.jpg\" srcset=\"https:\/\/www.touringcars.com\/wp-content\/uploads\/2025\/05\/carado-imagebank-data_VE_Semi-Integrated_T338_PI_2024_1307_21-31-41_WEB-300x188.jpg 300w, https:\/\/www.touringcars.com\/wp-content\/uploads\/2025\/05\/carado-imagebank-data_VE_Semi-Integrated_T338_PI_2024_1307_21-31-41_WEB-1024x640.jpg 1024w, https:\/\/www.touringcars.com\/wp-content\/uploads\/2025\/05\/carado-imagebank-data_VE_Semi-Integrated_T338_PI_2024_1307_21-31-41_WEB-768x480.jpg 768w, https:\/\/www.touringcars.com\/wp-content\/uploads\/2025\/05\/carado-imagebank-data_VE_Semi-Integrated_T338_PI_2024_1307_21-31-41_WEB-1536x960.jpg 1536w, https:\/\/www.touringcars.com\/wp-content\/uploads\/2025\/05\/carado-imagebank-data_VE_Semi-Integrated_T338_PI_2024_1307_21-31-41_WEB-2048x1280.jpg 2048w, https:\/\/www.touringcars.com\/wp-content\/uploads\/2025\/05\/carado-imagebank-data_VE_Semi-Integrated_T338_PI_2024_1307_21-31-41_WEB-1920x1200.jpg 1920w, https:\/\/www.touringcars.com\/wp-content\/uploads\/2025\/05\/carado-imagebank-data_VE_Semi-Integrated_T338_PI_2024_1307_21-31-41_WEB-949x593.jpg 949w, https:\/\/www.touringcars.com\/wp-content\/uploads\/2025\/05\/carado-imagebank-data_VE_Semi-Integrated_T338_PI_2024_1307_21-31-41_WEB-714x446.jpg 714w, https:\/\/www.touringcars.com\/wp-content\/uploads\/2025\/05\/carado-imagebank-data_VE_Semi-Integrated_T338_PI_2024_1307_21-31-41_WEB-574x359.jpg 574w\" alt=\"_carado-imagebank-data_VE_Semi-Integrated_T338_PI_2024_1307_21-31-41_WEB\" width=\"2560\" height=\"1600\">            <\/div>\r\n        <\/div>\r\n    <\/div>\r\n<\/section>\n\n<section class=\"block block-postsslider style-small\">\r\n    <div class=\"container reveal\">\r\n        <div class=\"glide articles-slider\" data-uid=\"69f46f57c910c\"><div class=\"glide__track\" data-glide-el=\"track\"><ul class=\"glide__slides\"><li class=\"glide__slide\"><article class=\"article reveal\"><div class=\"image-container\"><a href=\"https:\/\/www.touringcars.com\/sv\/motorhome-rental-info\/faq\/\"><img decoding=\"async\" src=\"https:\/\/www.touringcars.com\/wp-content\/uploads\/2025\/02\/carado-imagebank-data_VE_Camper-Van_CV640_PI_2024_0140_21-31-41_web-450x300.jpg\" srcset=\"https:\/\/www.touringcars.com\/wp-content\/uploads\/2025\/02\/carado-imagebank-data_VE_Camper-Van_CV640_PI_2024_0140_21-31-41_web-300x200.jpg 300w, https:\/\/www.touringcars.com\/wp-content\/uploads\/2025\/02\/carado-imagebank-data_VE_Camper-Van_CV640_PI_2024_0140_21-31-41_web-1024x682.jpg 1024w, https:\/\/www.touringcars.com\/wp-content\/uploads\/2025\/02\/carado-imagebank-data_VE_Camper-Van_CV640_PI_2024_0140_21-31-41_web-768x512.jpg 768w, https:\/\/www.touringcars.com\/wp-content\/uploads\/2025\/02\/carado-imagebank-data_VE_Camper-Van_CV640_PI_2024_0140_21-31-41_web-1536x1024.jpg 1536w, https:\/\/www.touringcars.com\/wp-content\/uploads\/2025\/02\/carado-imagebank-data_VE_Camper-Van_CV640_PI_2024_0140_21-31-41_web-2048x1365.jpg 2048w, https:\/\/www.touringcars.com\/wp-content\/uploads\/2025\/02\/carado-imagebank-data_VE_Camper-Van_CV640_PI_2024_0140_21-31-41_web-890x593.jpg 890w, https:\/\/www.touringcars.com\/wp-content\/uploads\/2025\/02\/carado-imagebank-data_VE_Camper-Van_CV640_PI_2024_0140_21-31-41_web-714x476.jpg 714w, https:\/\/www.touringcars.com\/wp-content\/uploads\/2025\/02\/carado-imagebank-data_VE_Camper-Van_CV640_PI_2024_0140_21-31-41_web-450x300.jpg 450w, https:\/\/www.touringcars.com\/wp-content\/uploads\/2025\/02\/carado-imagebank-data_VE_Camper-Van_CV640_PI_2024_0140_21-31-41_web-367x245.jpg 367w\" alt=\"FAQ\"><\/a><\/div><div class=\"content-container\"><h3><a href=\"https:\/\/www.touringcars.com\/sv\/motorhome-rental-info\/faq\/\">FAQ<\/a><\/h3><\/div><\/article><\/li><li class=\"glide__slide\"><article class=\"article reveal\"><div class=\"image-container\"><a href=\"https:\/\/www.touringcars.com\/sv\/motorhome-rental-info\/reservationer\/\"><img decoding=\"async\" src=\"https:\/\/www.touringcars.com\/wp-content\/uploads\/2023\/01\/family-pexels-forest-outdoors-1-558x293.jpg\" srcset=\"https:\/\/www.touringcars.com\/wp-content\/uploads\/2023\/01\/family-pexels-forest-outdoors-1-300x158.jpg 300w, https:\/\/www.touringcars.com\/wp-content\/uploads\/2023\/01\/family-pexels-forest-outdoors-1-1024x538.jpg 1024w, https:\/\/www.touringcars.com\/wp-content\/uploads\/2023\/01\/family-pexels-forest-outdoors-1-768x403.jpg 768w, https:\/\/www.touringcars.com\/wp-content\/uploads\/2023\/01\/family-pexels-forest-outdoors-1-1130x593.jpg 1130w, https:\/\/www.touringcars.com\/wp-content\/uploads\/2023\/01\/family-pexels-forest-outdoors-1-714x375.jpg 714w, https:\/\/www.touringcars.com\/wp-content\/uploads\/2023\/01\/family-pexels-forest-outdoors-1-558x293.jpg 558w, https:\/\/www.touringcars.com\/wp-content\/uploads\/2023\/01\/family-pexels-forest-outdoors-1.jpg 1200w\" alt=\"Reservationer\"><\/a><\/div><div class=\"content-container\"><h3><a href=\"https:\/\/www.touringcars.com\/sv\/motorhome-rental-info\/reservationer\/\">Reservationer<\/a><\/h3><\/div><\/article><\/li><li class=\"glide__slide\"><article class=\"article reveal\"><div class=\"image-container\"><a href=\"https:\/\/www.touringcars.com\/sv\/motorhome-rental-info\/fore-ankomst\/\"><img decoding=\"async\" src=\"https:\/\/www.touringcars.com\/wp-content\/uploads\/2023\/10\/pnw-production-pexels-motorhome-dog-pet-450x300.jpg\" srcset=\"https:\/\/www.touringcars.com\/wp-content\/uploads\/2023\/10\/pnw-production-pexels-motorhome-dog-pet-300x200.jpg 300w, https:\/\/www.touringcars.com\/wp-content\/uploads\/2023\/10\/pnw-production-pexels-motorhome-dog-pet-1024x683.jpg 1024w, https:\/\/www.touringcars.com\/wp-content\/uploads\/2023\/10\/pnw-production-pexels-motorhome-dog-pet-768x512.jpg 768w, https:\/\/www.touringcars.com\/wp-content\/uploads\/2023\/10\/pnw-production-pexels-motorhome-dog-pet-889x593.jpg 889w, https:\/\/www.touringcars.com\/wp-content\/uploads\/2023\/10\/pnw-production-pexels-motorhome-dog-pet-714x476.jpg 714w, https:\/\/www.touringcars.com\/wp-content\/uploads\/2023\/10\/pnw-production-pexels-motorhome-dog-pet-450x300.jpg 450w, https:\/\/www.touringcars.com\/wp-content\/uploads\/2023\/10\/pnw-production-pexels-motorhome-dog-pet-367x245.jpg 367w, https:\/\/www.touringcars.com\/wp-content\/uploads\/2023\/10\/pnw-production-pexels-motorhome-dog-pet.jpg 1090w\" alt=\"F\u00f6re ankomst\"><\/a><\/div><div class=\"content-container\"><h3><a href=\"https:\/\/www.touringcars.com\/sv\/motorhome-rental-info\/fore-ankomst\/\">F\u00f6re ankomst<\/a><\/h3><\/div><\/article><\/li><li class=\"glide__slide\"><article class=\"article reveal\"><div class=\"image-container\"><a href=\"https:\/\/www.touringcars.com\/sv\/motorhome-rental-info\/under-uthyrningen\/\"><img decoding=\"async\" src=\"https:\/\/www.touringcars.com\/wp-content\/uploads\/2025\/01\/carado-imagebank-data_VE_Semi-Integrated_T338_PI_2024_0038_21-31-41_WEB-574x383.jpg\" srcset=\"https:\/\/www.touringcars.com\/wp-content\/uploads\/2025\/01\/carado-imagebank-data_VE_Semi-Integrated_T338_PI_2024_0038_21-31-41_WEB-300x200.jpg 300w, https:\/\/www.touringcars.com\/wp-content\/uploads\/2025\/01\/carado-imagebank-data_VE_Semi-Integrated_T338_PI_2024_0038_21-31-41_WEB-1024x683.jpg 1024w, https:\/\/www.touringcars.com\/wp-content\/uploads\/2025\/01\/carado-imagebank-data_VE_Semi-Integrated_T338_PI_2024_0038_21-31-41_WEB-768x512.jpg 768w, https:\/\/www.touringcars.com\/wp-content\/uploads\/2025\/01\/carado-imagebank-data_VE_Semi-Integrated_T338_PI_2024_0038_21-31-41_WEB-1536x1024.jpg 1536w, https:\/\/www.touringcars.com\/wp-content\/uploads\/2025\/01\/carado-imagebank-data_VE_Semi-Integrated_T338_PI_2024_0038_21-31-41_WEB-2048x1366.jpg 2048w, https:\/\/www.touringcars.com\/wp-content\/uploads\/2025\/01\/carado-imagebank-data_VE_Semi-Integrated_T338_PI_2024_0038_21-31-41_WEB-1920x1281.jpg 1920w, https:\/\/www.touringcars.com\/wp-content\/uploads\/2025\/01\/carado-imagebank-data_VE_Semi-Integrated_T338_PI_2024_0038_21-31-41_WEB-889x593.jpg 889w, https:\/\/www.touringcars.com\/wp-content\/uploads\/2025\/01\/carado-imagebank-data_VE_Semi-Integrated_T338_PI_2024_0038_21-31-41_WEB-714x476.jpg 714w, https:\/\/www.touringcars.com\/wp-content\/uploads\/2025\/01\/carado-imagebank-data_VE_Semi-Integrated_T338_PI_2024_0038_21-31-41_WEB-574x383.jpg 574w, https:\/\/www.touringcars.com\/wp-content\/uploads\/2025\/01\/carado-imagebank-data_VE_Semi-Integrated_T338_PI_2024_0038_21-31-41_WEB-367x245.jpg 367w\" alt=\"Under uthyrningen\"><\/a><\/div><div class=\"content-container\"><h3><a href=\"https:\/\/www.touringcars.com\/sv\/motorhome-rental-info\/under-uthyrningen\/\">Under uthyrningen<\/a><\/h3><\/div><\/article><\/li><li class=\"glide__slide\"><article class=\"article reveal\"><div class=\"image-container\"><a href=\"https:\/\/www.touringcars.com\/sv\/motorhome-rental-info\/aterlamning-av-husbilen\/\"><img decoding=\"async\" src=\"https:\/\/www.touringcars.com\/wp-content\/uploads\/2022\/08\/good-feelings-herbapatistyle-450x300.jpg\" srcset=\"https:\/\/www.touringcars.com\/wp-content\/uploads\/2022\/08\/good-feelings-herbapatistyle-300x200.jpg 300w, https:\/\/www.touringcars.com\/wp-content\/uploads\/2022\/08\/good-feelings-herbapatistyle-1024x682.jpg 1024w, https:\/\/www.touringcars.com\/wp-content\/uploads\/2022\/08\/good-feelings-herbapatistyle-768x512.jpg 768w, https:\/\/www.touringcars.com\/wp-content\/uploads\/2022\/08\/good-feelings-herbapatistyle-1536x1024.jpg 1536w, https:\/\/www.touringcars.com\/wp-content\/uploads\/2022\/08\/good-feelings-herbapatistyle-890x593.jpg 890w, https:\/\/www.touringcars.com\/wp-content\/uploads\/2022\/08\/good-feelings-herbapatistyle-714x476.jpg 714w, https:\/\/www.touringcars.com\/wp-content\/uploads\/2022\/08\/good-feelings-herbapatistyle-450x300.jpg 450w, https:\/\/www.touringcars.com\/wp-content\/uploads\/2022\/08\/good-feelings-herbapatistyle-367x245.jpg 367w, https:\/\/www.touringcars.com\/wp-content\/uploads\/2022\/08\/good-feelings-herbapatistyle.jpg 2000w\" alt=\"\u00c5terl\u00e4mning av Husbilen\"><\/a><\/div><div class=\"content-container\"><h3><a href=\"https:\/\/www.touringcars.com\/sv\/motorhome-rental-info\/aterlamning-av-husbilen\/\">\u00c5terl\u00e4mning av Husbilen<\/a><\/h3><\/div><\/article><\/li><li class=\"glide__slide\"><article class=\"article reveal\"><div class=\"image-container\"><a href=\"https:\/\/www.touringcars.com\/sv\/avbokning\/\"><img decoding=\"async\" src=\"https:\/\/www.touringcars.com\/wp-content\/uploads\/2025\/02\/carado-imagebank-data_VE_Camper-Van_CV600_PI_2024_0257_21-31-41_web-2-200x300.jpg\" srcset=\"https:\/\/www.touringcars.com\/wp-content\/uploads\/2025\/02\/carado-imagebank-data_VE_Camper-Van_CV600_PI_2024_0257_21-31-41_web-2-200x300.jpg 200w, https:\/\/www.touringcars.com\/wp-content\/uploads\/2025\/02\/carado-imagebank-data_VE_Camper-Van_CV600_PI_2024_0257_21-31-41_web-2-682x1024.jpg 682w, https:\/\/www.touringcars.com\/wp-content\/uploads\/2025\/02\/carado-imagebank-data_VE_Camper-Van_CV600_PI_2024_0257_21-31-41_web-2-768x1153.jpg 768w, https:\/\/www.touringcars.com\/wp-content\/uploads\/2025\/02\/carado-imagebank-data_VE_Camper-Van_CV600_PI_2024_0257_21-31-41_web-2-1024x1536.jpg 1024w, https:\/\/www.touringcars.com\/wp-content\/uploads\/2025\/02\/carado-imagebank-data_VE_Camper-Van_CV600_PI_2024_0257_21-31-41_web-2-1365x2048.jpg 1365w, https:\/\/www.touringcars.com\/wp-content\/uploads\/2025\/02\/carado-imagebank-data_VE_Camper-Van_CV600_PI_2024_0257_21-31-41_web-2-395x593.jpg 395w, https:\/\/www.touringcars.com\/wp-content\/uploads\/2025\/02\/carado-imagebank-data_VE_Camper-Van_CV600_PI_2024_0257_21-31-41_web-2-354x531.jpg 354w, https:\/\/www.touringcars.com\/wp-content\/uploads\/2025\/02\/carado-imagebank-data_VE_Camper-Van_CV600_PI_2024_0257_21-31-41_web-2.jpg 1466w\" alt=\"Avboka\"><\/a><\/div><div class=\"content-container\"><h3><a href=\"https:\/\/www.touringcars.com\/sv\/avbokning\/\">Avboka<\/a><\/h3><\/div><\/article><\/li><li class=\"glide__slide\"><article class=\"article reveal\"><div class=\"image-container\"><a href=\"https:\/\/www.touringcars.com\/sv\/motorhome-rental-info\/tillaggstjanster\/\"><img decoding=\"async\" src=\"https:\/\/www.touringcars.com\/wp-content\/uploads\/2025\/02\/VantanaHobby_0025_PRESSE-450x300.jpg\" srcset=\"https:\/\/www.touringcars.com\/wp-content\/uploads\/2025\/02\/VantanaHobby_0025_PRESSE-300x200.jpg 300w, https:\/\/www.touringcars.com\/wp-content\/uploads\/2025\/02\/VantanaHobby_0025_PRESSE-1024x683.jpg 1024w, https:\/\/www.touringcars.com\/wp-content\/uploads\/2025\/02\/VantanaHobby_0025_PRESSE-768x512.jpg 768w, https:\/\/www.touringcars.com\/wp-content\/uploads\/2025\/02\/VantanaHobby_0025_PRESSE-1536x1024.jpg 1536w, https:\/\/www.touringcars.com\/wp-content\/uploads\/2025\/02\/VantanaHobby_0025_PRESSE-2048x1366.jpg 2048w, https:\/\/www.touringcars.com\/wp-content\/uploads\/2025\/02\/VantanaHobby_0025_PRESSE-889x593.jpg 889w, https:\/\/www.touringcars.com\/wp-content\/uploads\/2025\/02\/VantanaHobby_0025_PRESSE-714x476.jpg 714w, https:\/\/www.touringcars.com\/wp-content\/uploads\/2025\/02\/VantanaHobby_0025_PRESSE-450x300.jpg 450w, https:\/\/www.touringcars.com\/wp-content\/uploads\/2025\/02\/VantanaHobby_0025_PRESSE-367x245.jpg 367w\" alt=\"Till\u00e4ggstj\u00e4nster\"><\/a><\/div><div class=\"content-container\"><h3><a href=\"https:\/\/www.touringcars.com\/sv\/motorhome-rental-info\/tillaggstjanster\/\">Till\u00e4ggstj\u00e4nster<\/a><\/h3><\/div><\/article><\/li><\/ul><\/div><div class=\"glide__controls\"><div class=\"glide__arrows\" data-glide-el=\"controls\"><span class=\"glide__arrow glide__arrow--left\" data-glide-dir=\"<\"><\/span><span class=\"glide__arrow glide__arrow--right\" data-glide-dir=\">&#8221;><\/span><\/div><div class=\"glide__bullets\" data-glide-el=\"controls[nav]\"><span class=\"glide__bullet\" data-glide-dir=\"=0\" data-parent-uid=\"69f46f57c910c\"><\/span><span class=\"glide__bullet\" data-glide-dir=\"=1\" data-parent-uid=\"69f46f57c910c\"><\/span><span class=\"glide__bullet\" data-glide-dir=\"=2\" data-parent-uid=\"69f46f57c910c\"><\/span><span class=\"glide__bullet\" data-glide-dir=\"=3\" data-parent-uid=\"69f46f57c910c\"><\/span><span class=\"glide__bullet\" data-glide-dir=\"=4\" data-parent-uid=\"69f46f57c910c\"><\/span><span class=\"glide__bullet\" data-glide-dir=\"=5\" data-parent-uid=\"69f46f57c910c\"><\/span><span class=\"glide__bullet\" data-glide-dir=\"=6\" data-parent-uid=\"69f46f57c910c\"><\/span><\/div><\/div><\/div>    <\/div>\r\n<\/section>\n\n<section class=\"block block-availabilitysearch\">\r\n    <div class=\"container\"><form class=\"availability-search\"><div class=\"form-row\"><div class=\"form-col form-col-clearable input-icon input-icon-map\" data-target=\"where\"><label for=\"where\">Vart vill du resa?<\/label><input type=\"text\" class=\"form-control\" id=\"where\" name=\"where\" placeholder=\"Vart vill du resa?\"><\/div><div class=\"form-col form-col-clearable input-icon input-icon-calendar\" data-target=\"when\"><label for=\"when\">N\u00e4r ska du \u00e5ka?<\/label><input type=\"text\" class=\"form-control\" id=\"when\" name=\"when\" placeholder=\"N\u00e4r ska du \u00e5ka?\" disabled><\/div><div class=\"form-col\"><button type=\"submit\" class=\"btn\">Se priser och tillg\u00e4nglighet<\/button><\/div><\/div><a href=\"https:\/\/www.touringcars.com\/sv\/user\/login\/\">Har du redan bokat? Hantera din bokning<\/a><\/form><\/div><\/section>\n\n<section class=\"block block-newsletter\">\r\n    <div class=\"container\">\r\n        <div class=\"newsletter-container reveal\">\r\n            <div class=\"first-step\">\r\n                <h2>Join Touring Cars\u2019 Travel Circle!<\/h2>                <div class=\"newsletter-content\">\r\n                    <p style=\"text-align: center\"><span style=\"font-weight: 400\">Subscribe to our newsletter and get inspired with handpicked route tips, practical travel hacks, and exclusive offers delivered straight to your inbox. As a thank you, you\u2019ll receive a free camping set with your next booking.<\/span><\/p>\n                <\/div>\r\n                \n<div class=\"wpcf7 no-js\" id=\"wpcf7-f12782-o1\" lang=\"sv-SE\" dir=\"ltr\" data-wpcf7-id=\"12782\">\n<div class=\"screen-reader-response\"><p role=\"status\" aria-live=\"polite\" aria-atomic=\"true\"><\/p> <ul><\/ul><\/div>\n<form action=\"\/sv\/wp-json\/wp\/v2\/pages\/13928#wpcf7-f12782-o1\" method=\"post\" class=\"wpcf7-form init\" aria-label=\"Kontaktformul\u00e4r\" novalidate=\"novalidate\" data-status=\"init\">\n<fieldset class=\"hidden-fields-container\"><input type=\"hidden\" name=\"_wpcf7\" value=\"12782\" \/><input type=\"hidden\" name=\"_wpcf7_version\" value=\"6.1.5\" \/><input type=\"hidden\" name=\"_wpcf7_locale\" value=\"sv_SE\" \/><input type=\"hidden\" name=\"_wpcf7_unit_tag\" value=\"wpcf7-f12782-o1\" \/><input type=\"hidden\" name=\"_wpcf7_container_post\" value=\"0\" \/><input type=\"hidden\" name=\"_wpcf7_posted_data_hash\" value=\"\" \/><input type=\"hidden\" name=\"_wpcf7_recaptcha_response\" value=\"\" \/>\n<\/fieldset>\n<div class=\"form-row\">\n<div class=\"form-col\">\n<label>Type your email&#8230;<\/label>\n<span class=\"wpcf7-form-control-wrap\" data-name=\"email\"><input size=\"40\" maxlength=\"400\" class=\"wpcf7-form-control wpcf7-email wpcf7-validates-as-required wpcf7-text form-control   wpcf7-validates-as-email\" aria-required=\"true\" aria-invalid=\"false\" placeholder=\"Email address\" value=\"\" type=\"email\" name=\"email\" \/><\/span>\n<\/div>\n<div class=\"form-col\">\n<input class=\"wpcf7-form-control wpcf7-submit has-spinner\" type=\"submit\" value=\"Continue\" \/>\n<\/div>\n<\/div>\n<div class=\"form-row form-row-privacy\">\n<div class=\"form-col\">By sending this form you agree with the handling of your data in accordance with our <a href=\"\/en\/privacy-policy-gdpr\/\" target=\"_blank\">privacy policy<\/a>.\n<\/div>\n<\/div>\n<input class=\"wpcf7-form-control wpcf7-hidden\" value=\"1\" type=\"hidden\" name=\"newsletter\" \/>\n<input class=\"wpcf7-form-control wpcf7-hidden\" value=\"Customer\" type=\"hidden\" name=\"contact-type\" \/><div class=\"wpcf7-response-output\" aria-hidden=\"true\"><\/div>\n<\/form>\n<\/div>\n            <\/div>\r\n            <div class=\"steps-after-form-submission\"><div class=\"step d-none\"><h3>Almost ready&#8230;<\/h3><p>Let\u2019s get to know each other better so we can personalize our messaging and deals for you!<\/p>\n\n<div class=\"wpcf7 no-js\" id=\"wpcf7-f20530-o2\" lang=\"sv-SE\" dir=\"ltr\" data-wpcf7-id=\"20530\">\n<div class=\"screen-reader-response\"><p role=\"status\" aria-live=\"polite\" aria-atomic=\"true\"><\/p> <ul><\/ul><\/div>\n<form action=\"\/sv\/wp-json\/wp\/v2\/pages\/13928#wpcf7-f20530-o2\" method=\"post\" class=\"wpcf7-form init\" aria-label=\"Kontaktformul\u00e4r\" novalidate=\"novalidate\" data-status=\"init\">\n<fieldset class=\"hidden-fields-container\"><input type=\"hidden\" name=\"_wpcf7\" value=\"20530\" \/><input type=\"hidden\" name=\"_wpcf7_version\" value=\"6.1.5\" \/><input type=\"hidden\" name=\"_wpcf7_locale\" value=\"sv_SE\" \/><input type=\"hidden\" name=\"_wpcf7_unit_tag\" value=\"wpcf7-f20530-o2\" \/><input type=\"hidden\" name=\"_wpcf7_container_post\" value=\"0\" \/><input type=\"hidden\" name=\"_wpcf7_posted_data_hash\" value=\"\" \/><input type=\"hidden\" name=\"_wpcf7_recaptcha_response\" value=\"\" \/>\n<\/fieldset>\n<div class=\"form-row\">\n<div class=\"form-col\">\n<label>What is your dream campervan holiday?<\/label>\n<span class=\"wpcf7-form-control-wrap\" data-name=\"newsletter_topics\"><span class=\"wpcf7-form-control wpcf7-checkbox\"><div class=\"form-check\"><input id=\"cf7_checkbox_1\" class=\"form-check-input\" type=\"checkbox\" name=\"newsletter_topics[]\" value=\"Family trip\" \/><label class=\"form-check-label\" for=\"cf7_checkbox_1\"><span class=\"wpcf7-list-item-label\">Family trip<\/span><\/label><\/div><div class=\"form-check\"><input id=\"cf7_checkbox_2\" class=\"form-check-input\" type=\"checkbox\" name=\"newsletter_topics[]\" value=\"Roadtrip with friends\" \/><label class=\"form-check-label\" for=\"cf7_checkbox_2\"><span class=\"wpcf7-list-item-label\">Roadtrip with friends<\/span><\/label><\/div><div class=\"form-check\"><input id=\"cf7_checkbox_3\" class=\"form-check-input\" type=\"checkbox\" name=\"newsletter_topics[]\" value=\"Trip with my partner\" \/><label class=\"form-check-label\" for=\"cf7_checkbox_3\"><span class=\"wpcf7-list-item-label\">Trip with my partner<\/span><\/label><\/div><div class=\"form-check\"><input id=\"cf7_checkbox_4\" class=\"form-check-input\" type=\"checkbox\" name=\"newsletter_topics[]\" value=\"Other\" \/><label class=\"form-check-label\" for=\"cf7_checkbox_4\"><span class=\"wpcf7-list-item-label\">Other<\/span><\/label><\/div><\/span><\/span>\n<\/div>\n<\/div>\n<div class=\"form-row\">\n<div class=\"form-col\">\n<input class=\"wpcf7-form-control wpcf7-submit has-spinner\" type=\"submit\" value=\"Continue\" \/>\n<\/div>\n<\/div>\n<div class=\"form-row form-row-privacy\">\n<div class=\"form-col\">By sending this form you agree with the handling of your data in accordance with our <a href=\"\/en\/privacy-policy-gdpr\/\" target=\"_blank\">privacy policy<\/a>.\n<\/div>\n<\/div>\n<input class=\"wpcf7-form-control wpcf7-hidden\" value=\"\" type=\"hidden\" name=\"email\" \/>\n<input class=\"wpcf7-form-control wpcf7-hidden\" value=\"1\" type=\"hidden\" name=\"newsletter\" \/><div class=\"wpcf7-response-output\" aria-hidden=\"true\"><\/div>\n<\/form>\n<\/div>\n<\/div><div class=\"step d-none\"><h3>Good feelings are\u2028on the way!<\/h3><div class=\"buttons\"><a href=\"https:\/\/www.instagram.com\/touring_cars\/\" class=\"btn  btn-social btn-instagram\" target=\"_blank\" rel=\"noopener noreferrer\">Instagram<\/a><a href=\"https:\/\/www.facebook.com\/touringcars\/\" class=\"btn  btn-social btn-facebook\" target=\"_blank\" rel=\"noopener noreferrer\">Facebook<\/a><\/div><\/div><\/div>        <\/div>\r\n    <\/div>\r\n<\/section>","protected":false},"excerpt":{"rendered":"","protected":false},"author":2,"featured_media":18434,"parent":13757,"menu_order":321,"comment_status":"closed","ping_status":"closed","template":"","meta":{"_acf_changed":false,"footnotes":""},"class_list":["post-13928","page","type-page","status-publish","has-post-thumbnail","hentry"],"acf":[],"_links":{"self":[{"href":"https:\/\/www.touringcars.com\/sv\/wp-json\/wp\/v2\/pages\/13928","targetHints":{"allow":["GET"]}}],"collection":[{"href":"https:\/\/www.touringcars.com\/sv\/wp-json\/wp\/v2\/pages"}],"about":[{"href":"https:\/\/www.touringcars.com\/sv\/wp-json\/wp\/v2\/types\/page"}],"author":[{"embeddable":true,"href":"https:\/\/www.touringcars.com\/sv\/wp-json\/wp\/v2\/users\/2"}],"replies":[{"embeddable":true,"href":"https:\/\/www.touringcars.com\/sv\/wp-json\/wp\/v2\/comments?post=13928"}],"version-history":[{"count":4,"href":"https:\/\/www.touringcars.com\/sv\/wp-json\/wp\/v2\/pages\/13928\/revisions"}],"predecessor-version":[{"id":20897,"href":"https:\/\/www.touringcars.com\/sv\/wp-json\/wp\/v2\/pages\/13928\/revisions\/20897"}],"up":[{"embeddable":true,"href":"https:\/\/www.touringcars.com\/sv\/wp-json\/wp\/v2\/pages\/13757"}],"wp:featuredmedia":[{"embeddable":true,"href":"https:\/\/www.touringcars.com\/sv\/wp-json\/wp\/v2\/media\/18434"}],"wp:attachment":[{"href":"https:\/\/www.touringcars.com\/sv\/wp-json\/wp\/v2\/media?parent=13928"}],"curies":[{"name":"wp","href":"https:\/\/api.w.org\/{rel}","templated":true}]}}