{"id":13902,"date":"2025-02-06T18:26:02","date_gmt":"2025-02-06T18:26:02","guid":{"rendered":"https:\/\/touringcars.com\/motorhome-rental-info\/before-arrival\/"},"modified":"2026-02-05T12:38:14","modified_gmt":"2026-02-05T12:38:14","slug":"fore-ankomst","status":"publish","type":"page","link":"https:\/\/www.touringcars.com\/sv\/motorhome-rental-info\/fore-ankomst\/","title":{"rendered":"F\u00f6re ankomst"},"content":{"rendered":"<section class=\"block block-hero text-style-white image-style-full\">\r\n    <div class=\"container container-full\">\r\n        <div class=\"glide image-slider\" data-uid=\"69f51874321b4\"><div class=\"glide__track\" data-glide-el=\"track\"><ul class=\"glide__slides\"><li class=\"glide__slide\"><img decoding=\"async\" src=\"https:\/\/www.touringcars.com\/wp-content\/uploads\/2022\/04\/woman-dog-car-pexels-pnw-production-450x300.png\" srcset=\"https:\/\/www.touringcars.com\/wp-content\/uploads\/2022\/04\/woman-dog-car-pexels-pnw-production-300x200.png 300w, https:\/\/www.touringcars.com\/wp-content\/uploads\/2022\/04\/woman-dog-car-pexels-pnw-production-1024x683.png 1024w, https:\/\/www.touringcars.com\/wp-content\/uploads\/2022\/04\/woman-dog-car-pexels-pnw-production-768x513.png 768w, https:\/\/www.touringcars.com\/wp-content\/uploads\/2022\/04\/woman-dog-car-pexels-pnw-production-889x593.png 889w, https:\/\/www.touringcars.com\/wp-content\/uploads\/2022\/04\/woman-dog-car-pexels-pnw-production-714x476.png 714w, https:\/\/www.touringcars.com\/wp-content\/uploads\/2022\/04\/woman-dog-car-pexels-pnw-production-450x300.png 450w, https:\/\/www.touringcars.com\/wp-content\/uploads\/2022\/04\/woman-dog-car-pexels-pnw-production-367x245.png 367w, https:\/\/www.touringcars.com\/wp-content\/uploads\/2022\/04\/woman-dog-car-pexels-pnw-production.png 1500w\" alt=\"woman-dog-car-pexels-pnw-production\" data-no-lazy=\"1\" fetchpriority=\"high\"><\/li><\/ul><\/div><div class=\"glide__controls\"><div class=\"glide__arrows\" data-glide-el=\"controls\"><span class=\"glide__arrow glide__arrow--left\" aria-label=\"V\u00e4nster\" data-glide-dir=\"<\"><\/span><span class=\"glide__arrow glide__arrow--right\" aria-label=\"H\u00f6ger\" data-glide-dir=\">&#8221;><\/span><\/div><\/div><\/div><div class=\"hero-container\"><div class=\"breadcrumbs-container\"><ol><li><a href=\"https:\/\/www.touringcars.com\/sv\/\"><span>Touring Cars<\/span><\/a><\/li><\/ol><\/div><h1>F\u00f6re ankomst<\/h1><\/div>    <\/div>\r\n    <\/section>\n\n<section class=\"block block-basic\">\r\n    <div class=\"container\">\r\n        <div class=\"content-container reveal\">\r\n            <h2>Ingen tidigare erfarenhet av att hyra husbil kr\u00e4vs<\/h2><p>Att hyra en husbil \u00e4r precis som att k\u00f6ra en, v\u00e4ldigt enkelt och smidigt. Ingen tidigare husbilserfarenhet kr\u00e4vs. Allt du beh\u00f6ver \u00e4r ett giltigt B-k\u00f6rkort f\u00f6r personbilar. Kolla hur mycket k\u00f6rvana kr\u00e4vs f\u00f6r varje destination <a href=\"https:\/\/www.touringcars.com\/sv\/destinationer\/\">h\u00e4r<\/a>. V\u00e5r v\u00e4nliga och professionella personal kommer att visa dig hur du anv\u00e4nder husbilen innan du b\u00f6rjar din resa. De svarar g\u00e4rna p\u00e5 alla dina fr\u00e5gor g\u00e4llande husbilar och destinationer under hela din semester. Allt du beh\u00f6ver ta med dig \u00e4r dina personliga saker och ett glatt semesterhum\u00f6r!<\/p>\n        <\/div>\r\n    <\/div>\r\n<\/section>\n\n<section class=\"block block-textimage\">\r\n    <div class=\"container\">\r\n        <div class=\"content-row image-placement-left\">\r\n            <div class=\"content-container reveal\">\r\n                <h3>V\u00e4lutrustade husbilar med femstj\u00e4rnig service<\/h3><p>Fr\u00e5n de yttre till de inre ytorna \u00e4r v\u00e5ra husbilar fullt utrustade, och du kan v\u00e4lja bland skr\u00e4ddarsydda tillval f\u00f6r att g\u00f6ra resan \u00e4nnu bekv\u00e4mare. Tack vare husbilens dimensioner och enast\u00e5ende r\u00f6rlighet kan du bes\u00f6ka i princip vilken plats som helst och samtidigt njuta av komforten.<\/p>\n<p>Touring\u00a0Cars f\u00f6rbeh\u00e5ller sig r\u00e4tten att \u00e4ndra angivna specifikationer och\/eller leverera en husbil\/husvagn av liknande eller h\u00f6gre klass till det bekr\u00e4ftade priset utan f\u00f6reg\u00e5ende meddelande.<\/p>\n            <\/div>\r\n            <div class=\"image-container reveal image-high\">\r\n                <img decoding=\"async\" src=\"https:\/\/www.touringcars.com\/wp-content\/uploads\/2025\/02\/large-motorhome-seating-area.jpg-525x300.webp\" srcset=\"https:\/\/www.touringcars.com\/wp-content\/uploads\/2025\/02\/large-motorhome-seating-area.jpg-300x171.webp 300w, https:\/\/www.touringcars.com\/wp-content\/uploads\/2025\/02\/large-motorhome-seating-area.jpg-1024x585.webp 1024w, https:\/\/www.touringcars.com\/wp-content\/uploads\/2025\/02\/large-motorhome-seating-area.jpg-768x439.webp 768w, https:\/\/www.touringcars.com\/wp-content\/uploads\/2025\/02\/large-motorhome-seating-area.jpg-1038x593.webp 1038w, https:\/\/www.touringcars.com\/wp-content\/uploads\/2025\/02\/large-motorhome-seating-area.jpg-714x408.webp 714w, https:\/\/www.touringcars.com\/wp-content\/uploads\/2025\/02\/large-motorhome-seating-area.jpg-525x300.webp 525w, https:\/\/www.touringcars.com\/wp-content\/uploads\/2025\/02\/large-motorhome-seating-area.jpg.webp 1400w\" alt=\"large-motorhome-seating-area.jpg\" width=\"1400\" height=\"800\">            <\/div>\r\n        <\/div>\r\n    <\/div>\r\n<\/section>\n\n<section class=\"block block-basic\">\r\n    <div class=\"container\">\r\n        <div class=\"content-container reveal\">\r\n            <h2>H\u00e4mtning &amp; avl\u00e4mning<\/h2><p>Boka tid f\u00f6r h\u00e4mtning och avl\u00e4mning av fordon med v\u00e5r lokala hyrstation.<\/p>\n<p>Utcheckning och incheckning av fordon avtalas alltid efter \u00f6verenskommelse. Om du kommer till stationen med ditt\u00a0personliga fordon, kontakta destinationsstationen f\u00f6r att\u00a0informera om din ankomsttid\u00a0och\u00a0f\u00f6r att\u00a0fr\u00e5ga om tillg\u00e4nglig\u00a0parkeringsplats\u00a0under din resa. Om du f\u00f6redrar att anv\u00e4nda v\u00e5r\u00a0gratis flygplatstransfer\u00a0vid din ankomst, v\u00e4nligen ge oss f\u00f6ljande information:<\/p>\n<p>* Ankomstflygnummer<br \/>\n* Ber\u00e4knad ankomsttid f\u00f6r ditt flyg<\/p>\n<p>Om du planerar att anl\u00e4nda till uthyrningsstationen f\u00f6r att h\u00e4mta ditt hyrfordon n\u00e5gon annan timme \u00e4n vad som st\u00e5r p\u00e5 din hyrkupong, v\u00e4nligen kontakta oss f\u00f6r att boka en annan tid.<\/p>\n        <\/div>\r\n    <\/div>\r\n<\/section>\n\n<section class=\"block block-textimage\">\r\n    <div class=\"container\">\r\n        <div class=\"content-row image-placement-right\">\r\n            <div class=\"content-container reveal\">\r\n                <h3>Deposition<\/h3><p>Precis som f\u00f6r hyrbilar i allm\u00e4nhet reserverar vi en deposition p\u00e5 f\u00f6rarens kreditkort som visas upp vid uth\u00e4mtningen av fordonet. Detta inneb\u00e4r att vi som uthyrningsleverant\u00f6r g\u00f6r en reservation p\u00e5 kundens kreditkort f\u00f6r ett specifikt belopp som en garanti f\u00f6r hyran. Beloppet \u00e5terbetalas dock omedelbart efter det att fordonet har \u00e5terl\u00e4mnats och inspektionen av fordonets skick har genomf\u00f6rts. Vi rekommenderar att du i f\u00f6rv\u00e4g ser till att kreditgr\u00e4nsen \u00e4r tillr\u00e4cklig f\u00f6r den valda f\u00f6rs\u00e4kringsniv\u00e5n och dess depositionsbelopp samt att utl\u00e4ndska avgifter har aktiverats f\u00f6r ditt kreditkort.<\/p>\n<p>Alla v\u00e5ra hyrespriser inkluderar transporttj\u00e4nster mellan uthyrningsstationerna och de flygplatser som anges p\u00e5 landets introduktionssida samt h\u00e4r nedan. V\u00e5rt fr\u00e4msta fokus ligger p\u00e5 v\u00e5rt kundorienterade tankes\u00e4tt. Vi \u00e4r extra noga med att s\u00e4kerst\u00e4lla att du f\u00e5r en s\u00e5 smidig och bekv\u00e4m resa som m\u00f6jligt.<\/p>\n            <\/div>\r\n            <div class=\"image-container reveal image-high\">\r\n                <img decoding=\"async\" src=\"https:\/\/www.touringcars.com\/wp-content\/uploads\/2025\/02\/carado-imagebank-data_VE_Semi-Integrated_T459_PI_2024_0123_21-31-41_WEB-574x323.jpg\" srcset=\"https:\/\/www.touringcars.com\/wp-content\/uploads\/2025\/02\/carado-imagebank-data_VE_Semi-Integrated_T459_PI_2024_0123_21-31-41_WEB-300x169.jpg 300w, https:\/\/www.touringcars.com\/wp-content\/uploads\/2025\/02\/carado-imagebank-data_VE_Semi-Integrated_T459_PI_2024_0123_21-31-41_WEB-1024x576.jpg 1024w, https:\/\/www.touringcars.com\/wp-content\/uploads\/2025\/02\/carado-imagebank-data_VE_Semi-Integrated_T459_PI_2024_0123_21-31-41_WEB-768x432.jpg 768w, https:\/\/www.touringcars.com\/wp-content\/uploads\/2025\/02\/carado-imagebank-data_VE_Semi-Integrated_T459_PI_2024_0123_21-31-41_WEB-1536x864.jpg 1536w, https:\/\/www.touringcars.com\/wp-content\/uploads\/2025\/02\/carado-imagebank-data_VE_Semi-Integrated_T459_PI_2024_0123_21-31-41_WEB-2048x1153.jpg 2048w, https:\/\/www.touringcars.com\/wp-content\/uploads\/2025\/02\/carado-imagebank-data_VE_Semi-Integrated_T459_PI_2024_0123_21-31-41_WEB-1920x1081.jpg 1920w, https:\/\/www.touringcars.com\/wp-content\/uploads\/2025\/02\/carado-imagebank-data_VE_Semi-Integrated_T459_PI_2024_0123_21-31-41_WEB-1054x593.jpg 1054w, https:\/\/www.touringcars.com\/wp-content\/uploads\/2025\/02\/carado-imagebank-data_VE_Semi-Integrated_T459_PI_2024_0123_21-31-41_WEB-714x402.jpg 714w, https:\/\/www.touringcars.com\/wp-content\/uploads\/2025\/02\/carado-imagebank-data_VE_Semi-Integrated_T459_PI_2024_0123_21-31-41_WEB-574x323.jpg 574w, https:\/\/www.touringcars.com\/wp-content\/uploads\/2025\/02\/carado-imagebank-data_VE_Semi-Integrated_T459_PI_2024_0123_21-31-41_WEB-846x476.jpg 846w\" alt=\"_carado-imagebank-data_VE_Semi-Integrated_T459_PI_2024_0123_21-31-41_WEB\" width=\"2560\" height=\"1441\">            <\/div>\r\n        <\/div>\r\n    <\/div>\r\n<\/section>\n\n<section class=\"block block-textimage\">\r\n    <div class=\"container\">\r\n        <div class=\"content-row image-placement-left\">\r\n            <div class=\"content-container reveal\">\r\n                <h3>Flygtransfer<\/h3><h4>Flygtransfer ing\u00e5r i ditt hyrespris<\/h4>\n<p>Flygtransfer fr\u00e5n utvalda flygplatser ing\u00e5r i ditt hyrespris. Se listan \u00f6ver giltiga flygplatser p\u00e5 destinationssidan. Flygtransfer m\u00e5ste beg\u00e4ras separat med fullst\u00e4ndig ankomstinformation: ankomstflygnummer och flygets ber\u00e4knade ankomsttid. Flygtransfer \u00e4r tillg\u00e4nglig p\u00e5 beg\u00e4ran f\u00f6r alla kunder det datum som husbilen\/husvagnen ska h\u00e4mtas ut och tillbaka till flygplatsen n\u00e4r husbilen\/husvagnen har l\u00e4mnats tillbaka.<\/p>\n<h4>Annan transfer<\/h4>\n<p>Om du beh\u00f6ver n\u00e5gon annan transfer tillgodoser vi g\u00e4rna dina individuella behov, men kontakta oss i god tid innan din resa. S\u00e5dan transfer m\u00e5ste bokas och betalas i f\u00f6rv\u00e4g.<\/p>\n            <\/div>\r\n            <div class=\"image-container reveal image-high\">\r\n                <img decoding=\"async\" src=\"https:\/\/www.touringcars.com\/wp-content\/uploads\/2025\/01\/ross-parmly-rf6ywHVkrlY-unsplash-airplane-flying-airport-travel.jpg-525x300.webp\" srcset=\"https:\/\/www.touringcars.com\/wp-content\/uploads\/2025\/01\/ross-parmly-rf6ywHVkrlY-unsplash-airplane-flying-airport-travel.jpg-300x171.webp 300w, https:\/\/www.touringcars.com\/wp-content\/uploads\/2025\/01\/ross-parmly-rf6ywHVkrlY-unsplash-airplane-flying-airport-travel.jpg-1024x585.webp 1024w, https:\/\/www.touringcars.com\/wp-content\/uploads\/2025\/01\/ross-parmly-rf6ywHVkrlY-unsplash-airplane-flying-airport-travel.jpg-768x439.webp 768w, https:\/\/www.touringcars.com\/wp-content\/uploads\/2025\/01\/ross-parmly-rf6ywHVkrlY-unsplash-airplane-flying-airport-travel.jpg-1038x593.webp 1038w, https:\/\/www.touringcars.com\/wp-content\/uploads\/2025\/01\/ross-parmly-rf6ywHVkrlY-unsplash-airplane-flying-airport-travel.jpg-714x408.webp 714w, https:\/\/www.touringcars.com\/wp-content\/uploads\/2025\/01\/ross-parmly-rf6ywHVkrlY-unsplash-airplane-flying-airport-travel.jpg-525x300.webp 525w, https:\/\/www.touringcars.com\/wp-content\/uploads\/2025\/01\/ross-parmly-rf6ywHVkrlY-unsplash-airplane-flying-airport-travel.jpg.webp 1400w\" alt=\"ross-parmly-rf6ywHVkrlY-unsplash-airplane-flying-airport-travel.jpg\" width=\"1400\" height=\"800\">            <\/div>\r\n        <\/div>\r\n    <\/div>\r\n<\/section>\n\n<section class=\"block block-textimage\">\r\n    <div class=\"container\">\r\n        <div class=\"content-row image-placement-right\">\r\n            <div class=\"content-container reveal\">\r\n                <h3>Transfer fr\u00e5n och till flygplatshotell<\/h3><p>Om du natten f\u00f6re uthyrningen bor p\u00e5 ett hotell p\u00e5 n\u00e5gon av de flygplatser som anges ovan, h\u00e4mtar vi g\u00e4rna dig p\u00e5 uthyrningsdagen. S\u00e5dan transfer ing\u00e5r i ditt hyrespris. Du kan beg\u00e4ra transfer genom att ge Touring Cars din flyginformation eller information om ditt hotell via e-post till info@touringcars.com. Du f\u00e5r ett bekr\u00e4ftelsemeddelande n\u00e4r transfertj\u00e4nsten har lagts till i din bokning. Om resdatumet \u00e4r n\u00e4rmare \u00e4n en vecka, ber vi dig kontakta uthyrningsstationen direkt. Kontaktuppgifter finns ocks\u00e5 i din bokningsbekr\u00e4ftelse.<\/p>\n<p>Om du inte beh\u00f6ver n\u00e5gon transfer, utan tar dig till\u00a0Touring\u00a0Cars uthyrningsstation p\u00e5 egen hand, gl\u00f6m inte att informera oss om detta i f\u00f6rv\u00e4g f\u00f6r att undvika f\u00f6rdr\u00f6jningar. V\u00e5ra uthyrningsstationer \u00e4r \u00f6ppna dygnet runt, alla dagar i veckan* enligt \u00f6verenskommelse. Ankomst utan f\u00f6rvarning kan leda till f\u00f6rdr\u00f6jningar.<\/p>\n<p><em>*Uth\u00e4mtning\/\u00e5terl\u00e4mning dygnet runt, alla dagar i veckan \u00e4r inte tillg\u00e4nglig p\u00e5 Island.\u00a0<\/em><\/p>\n            <\/div>\r\n            <div class=\"image-container reveal image-high\">\r\n                <img decoding=\"async\" src=\"https:\/\/www.touringcars.com\/wp-content\/uploads\/2025\/01\/sweden-stockholm-alicja-gancarz-unsplash.jpg-525x300.webp\" srcset=\"https:\/\/www.touringcars.com\/wp-content\/uploads\/2025\/01\/sweden-stockholm-alicja-gancarz-unsplash.jpg-300x171.webp 300w, https:\/\/www.touringcars.com\/wp-content\/uploads\/2025\/01\/sweden-stockholm-alicja-gancarz-unsplash.jpg-1024x585.webp 1024w, https:\/\/www.touringcars.com\/wp-content\/uploads\/2025\/01\/sweden-stockholm-alicja-gancarz-unsplash.jpg-768x439.webp 768w, https:\/\/www.touringcars.com\/wp-content\/uploads\/2025\/01\/sweden-stockholm-alicja-gancarz-unsplash.jpg-1038x593.webp 1038w, https:\/\/www.touringcars.com\/wp-content\/uploads\/2025\/01\/sweden-stockholm-alicja-gancarz-unsplash.jpg-714x408.webp 714w, https:\/\/www.touringcars.com\/wp-content\/uploads\/2025\/01\/sweden-stockholm-alicja-gancarz-unsplash.jpg-525x300.webp 525w, https:\/\/www.touringcars.com\/wp-content\/uploads\/2025\/01\/sweden-stockholm-alicja-gancarz-unsplash.jpg.webp 1400w\" alt=\"sweden-stockholm-alicja-gancarz-unsplash.jpg\" width=\"1400\" height=\"800\">            <\/div>\r\n        <\/div>\r\n    <\/div>\r\n<\/section>\n\n<section class=\"block block-basic\">\r\n    <div class=\"container\">\r\n        <div class=\"content-container reveal\">\r\n            <h2>Flygtansfer som ing\u00e5r i hyrespriset<\/h2><p>Flygtransfer ing\u00e5r i hyrespriserna fr\u00e5n och till f\u00f6ljande flygplatser:<\/p>\n<ul>\n<li>Helsingfors-Vanda, Finland<\/li>\n<li>Rovaniemi, Finland<\/li>\n<li>Keflaviks flygplats, Reykjavik, Island<\/li>\n<li>Stockholm-Arlanda, Sverige<\/li>\n<li>Manchester\/Chester, Liverpool LPL, Storbritannien<\/li>\n<li>Riga, Lettland<\/li>\n<li>Tallinn, Estland<\/li>\n<li>Troms\u00f8, Norge<\/li>\n<li>Oslo flygplats, Gardermoen, Norge<\/li>\n<\/ul>\n        <\/div>\r\n    <\/div>\r\n<\/section>\n\n<section class=\"block block-textimage\">\r\n    <div class=\"container\">\r\n        <div class=\"content-row image-placement-left\">\r\n            <div class=\"content-container reveal\">\r\n                <h3>Individuellt f\u00f6rberedd semester<\/h3><p class=\"text-align-center\">Det finns ocks\u00e5 ett brett utbud av tillvalsartiklar som du kan l\u00e4gga till vid disken, som\u00a0campingset, grill, babysitsar och mycket mer. Vi rekommenderar dock att du bokar s\u00e5dana tillvalsartiklar i f\u00f6rv\u00e4g f\u00f6r att s\u00e4kerst\u00e4lla att de finns tillg\u00e4ngliga.<\/p>\n<p class=\"text-align-center\">*Gasolf\u00f6rbrukning ing\u00e5r inte i hyrespriset. Fyll d\u00e4rf\u00f6r p\u00e5 gasolflaskorna innan du l\u00e4mnar tillbaka husbilen.<\/p>\n            <\/div>\r\n            <div class=\"image-container reveal\">\r\n                <img decoding=\"async\" src=\"https:\/\/www.touringcars.com\/wp-content\/uploads\/2025\/01\/rovaniemi-finland-lapland-santa-claus-village-roman-protsyshyn-unsplash.jpg-1-525x300.webp\" srcset=\"https:\/\/www.touringcars.com\/wp-content\/uploads\/2025\/01\/rovaniemi-finland-lapland-santa-claus-village-roman-protsyshyn-unsplash.jpg-1-300x171.webp 300w, https:\/\/www.touringcars.com\/wp-content\/uploads\/2025\/01\/rovaniemi-finland-lapland-santa-claus-village-roman-protsyshyn-unsplash.jpg-1-1024x585.webp 1024w, https:\/\/www.touringcars.com\/wp-content\/uploads\/2025\/01\/rovaniemi-finland-lapland-santa-claus-village-roman-protsyshyn-unsplash.jpg-1-768x439.webp 768w, https:\/\/www.touringcars.com\/wp-content\/uploads\/2025\/01\/rovaniemi-finland-lapland-santa-claus-village-roman-protsyshyn-unsplash.jpg-1-1038x593.webp 1038w, https:\/\/www.touringcars.com\/wp-content\/uploads\/2025\/01\/rovaniemi-finland-lapland-santa-claus-village-roman-protsyshyn-unsplash.jpg-1-714x408.webp 714w, https:\/\/www.touringcars.com\/wp-content\/uploads\/2025\/01\/rovaniemi-finland-lapland-santa-claus-village-roman-protsyshyn-unsplash.jpg-1-525x300.webp 525w, https:\/\/www.touringcars.com\/wp-content\/uploads\/2025\/01\/rovaniemi-finland-lapland-santa-claus-village-roman-protsyshyn-unsplash.jpg-1.webp 1400w\" alt=\"rovaniemi-finland-lapland-santa-claus-village-roman-protsyshyn-unsplash.jpg (1)\" width=\"1400\" height=\"800\">            <\/div>\r\n        <\/div>\r\n    <\/div>\r\n<\/section>\n\n<section class=\"block block-availabilitysearch\">\r\n    <div class=\"container\"><form class=\"availability-search\"><div class=\"form-row\"><div class=\"form-col form-col-clearable input-icon input-icon-map\" data-target=\"where\"><label for=\"where\">Vart vill du resa?<\/label><input type=\"text\" class=\"form-control\" id=\"where\" name=\"where\" placeholder=\"Vart vill du resa?\"><\/div><div class=\"form-col form-col-clearable input-icon input-icon-calendar\" data-target=\"when\"><label for=\"when\">N\u00e4r ska du \u00e5ka?<\/label><input type=\"text\" class=\"form-control\" id=\"when\" name=\"when\" placeholder=\"N\u00e4r ska du \u00e5ka?\" disabled><\/div><div class=\"form-col\"><button type=\"submit\" class=\"btn\">Se priser och tillg\u00e4nglighet<\/button><\/div><\/div><a href=\"https:\/\/www.touringcars.com\/sv\/user\/login\/\">Har du redan bokat? Hantera din bokning<\/a><\/form><\/div><\/section>\n\n<section class=\"block block-postsslider style-small\">\r\n    <div class=\"container reveal\">\r\n        <div class=\"glide articles-slider\" data-uid=\"69f51874419b9\"><div class=\"glide__track\" data-glide-el=\"track\"><ul class=\"glide__slides\"><li class=\"glide__slide\"><article class=\"article reveal\"><div class=\"image-container\"><a href=\"https:\/\/www.touringcars.com\/sv\/motorhome-rental-info\/faq\/\"><img decoding=\"async\" src=\"https:\/\/www.touringcars.com\/wp-content\/uploads\/2025\/02\/carado-imagebank-data_VE_Camper-Van_CV640_PI_2024_0140_21-31-41_web-450x300.jpg\" srcset=\"https:\/\/www.touringcars.com\/wp-content\/uploads\/2025\/02\/carado-imagebank-data_VE_Camper-Van_CV640_PI_2024_0140_21-31-41_web-300x200.jpg 300w, https:\/\/www.touringcars.com\/wp-content\/uploads\/2025\/02\/carado-imagebank-data_VE_Camper-Van_CV640_PI_2024_0140_21-31-41_web-1024x682.jpg 1024w, https:\/\/www.touringcars.com\/wp-content\/uploads\/2025\/02\/carado-imagebank-data_VE_Camper-Van_CV640_PI_2024_0140_21-31-41_web-768x512.jpg 768w, https:\/\/www.touringcars.com\/wp-content\/uploads\/2025\/02\/carado-imagebank-data_VE_Camper-Van_CV640_PI_2024_0140_21-31-41_web-1536x1024.jpg 1536w, https:\/\/www.touringcars.com\/wp-content\/uploads\/2025\/02\/carado-imagebank-data_VE_Camper-Van_CV640_PI_2024_0140_21-31-41_web-2048x1365.jpg 2048w, https:\/\/www.touringcars.com\/wp-content\/uploads\/2025\/02\/carado-imagebank-data_VE_Camper-Van_CV640_PI_2024_0140_21-31-41_web-890x593.jpg 890w, https:\/\/www.touringcars.com\/wp-content\/uploads\/2025\/02\/carado-imagebank-data_VE_Camper-Van_CV640_PI_2024_0140_21-31-41_web-714x476.jpg 714w, https:\/\/www.touringcars.com\/wp-content\/uploads\/2025\/02\/carado-imagebank-data_VE_Camper-Van_CV640_PI_2024_0140_21-31-41_web-450x300.jpg 450w, https:\/\/www.touringcars.com\/wp-content\/uploads\/2025\/02\/carado-imagebank-data_VE_Camper-Van_CV640_PI_2024_0140_21-31-41_web-367x245.jpg 367w\" alt=\"FAQ\"><\/a><\/div><div class=\"content-container\"><h3><a href=\"https:\/\/www.touringcars.com\/sv\/motorhome-rental-info\/faq\/\">FAQ<\/a><\/h3><\/div><\/article><\/li><li class=\"glide__slide\"><article class=\"article reveal\"><div class=\"image-container\"><a href=\"https:\/\/www.touringcars.com\/sv\/motorhome-rental-info\/reservationer\/\"><img decoding=\"async\" src=\"https:\/\/www.touringcars.com\/wp-content\/uploads\/2023\/01\/family-pexels-forest-outdoors-1-558x293.jpg\" srcset=\"https:\/\/www.touringcars.com\/wp-content\/uploads\/2023\/01\/family-pexels-forest-outdoors-1-300x158.jpg 300w, https:\/\/www.touringcars.com\/wp-content\/uploads\/2023\/01\/family-pexels-forest-outdoors-1-1024x538.jpg 1024w, https:\/\/www.touringcars.com\/wp-content\/uploads\/2023\/01\/family-pexels-forest-outdoors-1-768x403.jpg 768w, https:\/\/www.touringcars.com\/wp-content\/uploads\/2023\/01\/family-pexels-forest-outdoors-1-1130x593.jpg 1130w, https:\/\/www.touringcars.com\/wp-content\/uploads\/2023\/01\/family-pexels-forest-outdoors-1-714x375.jpg 714w, https:\/\/www.touringcars.com\/wp-content\/uploads\/2023\/01\/family-pexels-forest-outdoors-1-558x293.jpg 558w, https:\/\/www.touringcars.com\/wp-content\/uploads\/2023\/01\/family-pexels-forest-outdoors-1.jpg 1200w\" alt=\"Reservationer\"><\/a><\/div><div class=\"content-container\"><h3><a href=\"https:\/\/www.touringcars.com\/sv\/motorhome-rental-info\/reservationer\/\">Reservationer<\/a><\/h3><\/div><\/article><\/li><li class=\"glide__slide\"><article class=\"article reveal\"><div class=\"image-container\"><a href=\"https:\/\/www.touringcars.com\/sv\/motorhome-rental-info\/fore-ankomst\/\"><img decoding=\"async\" src=\"https:\/\/www.touringcars.com\/wp-content\/uploads\/2023\/10\/pnw-production-pexels-motorhome-dog-pet-450x300.jpg\" srcset=\"https:\/\/www.touringcars.com\/wp-content\/uploads\/2023\/10\/pnw-production-pexels-motorhome-dog-pet-300x200.jpg 300w, https:\/\/www.touringcars.com\/wp-content\/uploads\/2023\/10\/pnw-production-pexels-motorhome-dog-pet-1024x683.jpg 1024w, https:\/\/www.touringcars.com\/wp-content\/uploads\/2023\/10\/pnw-production-pexels-motorhome-dog-pet-768x512.jpg 768w, https:\/\/www.touringcars.com\/wp-content\/uploads\/2023\/10\/pnw-production-pexels-motorhome-dog-pet-889x593.jpg 889w, https:\/\/www.touringcars.com\/wp-content\/uploads\/2023\/10\/pnw-production-pexels-motorhome-dog-pet-714x476.jpg 714w, https:\/\/www.touringcars.com\/wp-content\/uploads\/2023\/10\/pnw-production-pexels-motorhome-dog-pet-450x300.jpg 450w, https:\/\/www.touringcars.com\/wp-content\/uploads\/2023\/10\/pnw-production-pexels-motorhome-dog-pet-367x245.jpg 367w, https:\/\/www.touringcars.com\/wp-content\/uploads\/2023\/10\/pnw-production-pexels-motorhome-dog-pet.jpg 1090w\" alt=\"F\u00f6re ankomst\"><\/a><\/div><div class=\"content-container\"><h3><a href=\"https:\/\/www.touringcars.com\/sv\/motorhome-rental-info\/fore-ankomst\/\">F\u00f6re ankomst<\/a><\/h3><\/div><\/article><\/li><li class=\"glide__slide\"><article class=\"article reveal\"><div class=\"image-container\"><a href=\"https:\/\/www.touringcars.com\/sv\/motorhome-rental-info\/under-uthyrningen\/\"><img decoding=\"async\" src=\"https:\/\/www.touringcars.com\/wp-content\/uploads\/2025\/01\/carado-imagebank-data_VE_Semi-Integrated_T338_PI_2024_0038_21-31-41_WEB-574x383.jpg\" srcset=\"https:\/\/www.touringcars.com\/wp-content\/uploads\/2025\/01\/carado-imagebank-data_VE_Semi-Integrated_T338_PI_2024_0038_21-31-41_WEB-300x200.jpg 300w, https:\/\/www.touringcars.com\/wp-content\/uploads\/2025\/01\/carado-imagebank-data_VE_Semi-Integrated_T338_PI_2024_0038_21-31-41_WEB-1024x683.jpg 1024w, https:\/\/www.touringcars.com\/wp-content\/uploads\/2025\/01\/carado-imagebank-data_VE_Semi-Integrated_T338_PI_2024_0038_21-31-41_WEB-768x512.jpg 768w, https:\/\/www.touringcars.com\/wp-content\/uploads\/2025\/01\/carado-imagebank-data_VE_Semi-Integrated_T338_PI_2024_0038_21-31-41_WEB-1536x1024.jpg 1536w, https:\/\/www.touringcars.com\/wp-content\/uploads\/2025\/01\/carado-imagebank-data_VE_Semi-Integrated_T338_PI_2024_0038_21-31-41_WEB-2048x1366.jpg 2048w, https:\/\/www.touringcars.com\/wp-content\/uploads\/2025\/01\/carado-imagebank-data_VE_Semi-Integrated_T338_PI_2024_0038_21-31-41_WEB-1920x1281.jpg 1920w, https:\/\/www.touringcars.com\/wp-content\/uploads\/2025\/01\/carado-imagebank-data_VE_Semi-Integrated_T338_PI_2024_0038_21-31-41_WEB-889x593.jpg 889w, https:\/\/www.touringcars.com\/wp-content\/uploads\/2025\/01\/carado-imagebank-data_VE_Semi-Integrated_T338_PI_2024_0038_21-31-41_WEB-714x476.jpg 714w, https:\/\/www.touringcars.com\/wp-content\/uploads\/2025\/01\/carado-imagebank-data_VE_Semi-Integrated_T338_PI_2024_0038_21-31-41_WEB-574x383.jpg 574w, https:\/\/www.touringcars.com\/wp-content\/uploads\/2025\/01\/carado-imagebank-data_VE_Semi-Integrated_T338_PI_2024_0038_21-31-41_WEB-367x245.jpg 367w\" alt=\"Under uthyrningen\"><\/a><\/div><div class=\"content-container\"><h3><a href=\"https:\/\/www.touringcars.com\/sv\/motorhome-rental-info\/under-uthyrningen\/\">Under uthyrningen<\/a><\/h3><\/div><\/article><\/li><li class=\"glide__slide\"><article class=\"article reveal\"><div class=\"image-container\"><a href=\"https:\/\/www.touringcars.com\/sv\/motorhome-rental-info\/aterlamning-av-husbilen\/\"><img decoding=\"async\" src=\"https:\/\/www.touringcars.com\/wp-content\/uploads\/2022\/08\/good-feelings-herbapatistyle-450x300.jpg\" srcset=\"https:\/\/www.touringcars.com\/wp-content\/uploads\/2022\/08\/good-feelings-herbapatistyle-300x200.jpg 300w, https:\/\/www.touringcars.com\/wp-content\/uploads\/2022\/08\/good-feelings-herbapatistyle-1024x682.jpg 1024w, https:\/\/www.touringcars.com\/wp-content\/uploads\/2022\/08\/good-feelings-herbapatistyle-768x512.jpg 768w, https:\/\/www.touringcars.com\/wp-content\/uploads\/2022\/08\/good-feelings-herbapatistyle-1536x1024.jpg 1536w, https:\/\/www.touringcars.com\/wp-content\/uploads\/2022\/08\/good-feelings-herbapatistyle-890x593.jpg 890w, https:\/\/www.touringcars.com\/wp-content\/uploads\/2022\/08\/good-feelings-herbapatistyle-714x476.jpg 714w, https:\/\/www.touringcars.com\/wp-content\/uploads\/2022\/08\/good-feelings-herbapatistyle-450x300.jpg 450w, https:\/\/www.touringcars.com\/wp-content\/uploads\/2022\/08\/good-feelings-herbapatistyle-367x245.jpg 367w, https:\/\/www.touringcars.com\/wp-content\/uploads\/2022\/08\/good-feelings-herbapatistyle.jpg 2000w\" alt=\"\u00c5terl\u00e4mning av Husbilen\"><\/a><\/div><div class=\"content-container\"><h3><a href=\"https:\/\/www.touringcars.com\/sv\/motorhome-rental-info\/aterlamning-av-husbilen\/\">\u00c5terl\u00e4mning av Husbilen<\/a><\/h3><\/div><\/article><\/li><li class=\"glide__slide\"><article class=\"article reveal\"><div class=\"image-container\"><a href=\"https:\/\/www.touringcars.com\/sv\/avbokning\/\"><img decoding=\"async\" src=\"https:\/\/www.touringcars.com\/wp-content\/uploads\/2025\/02\/carado-imagebank-data_VE_Camper-Van_CV600_PI_2024_0257_21-31-41_web-2-200x300.jpg\" srcset=\"https:\/\/www.touringcars.com\/wp-content\/uploads\/2025\/02\/carado-imagebank-data_VE_Camper-Van_CV600_PI_2024_0257_21-31-41_web-2-200x300.jpg 200w, https:\/\/www.touringcars.com\/wp-content\/uploads\/2025\/02\/carado-imagebank-data_VE_Camper-Van_CV600_PI_2024_0257_21-31-41_web-2-682x1024.jpg 682w, https:\/\/www.touringcars.com\/wp-content\/uploads\/2025\/02\/carado-imagebank-data_VE_Camper-Van_CV600_PI_2024_0257_21-31-41_web-2-768x1153.jpg 768w, https:\/\/www.touringcars.com\/wp-content\/uploads\/2025\/02\/carado-imagebank-data_VE_Camper-Van_CV600_PI_2024_0257_21-31-41_web-2-1024x1536.jpg 1024w, https:\/\/www.touringcars.com\/wp-content\/uploads\/2025\/02\/carado-imagebank-data_VE_Camper-Van_CV600_PI_2024_0257_21-31-41_web-2-1365x2048.jpg 1365w, https:\/\/www.touringcars.com\/wp-content\/uploads\/2025\/02\/carado-imagebank-data_VE_Camper-Van_CV600_PI_2024_0257_21-31-41_web-2-395x593.jpg 395w, https:\/\/www.touringcars.com\/wp-content\/uploads\/2025\/02\/carado-imagebank-data_VE_Camper-Van_CV600_PI_2024_0257_21-31-41_web-2-354x531.jpg 354w, https:\/\/www.touringcars.com\/wp-content\/uploads\/2025\/02\/carado-imagebank-data_VE_Camper-Van_CV600_PI_2024_0257_21-31-41_web-2.jpg 1466w\" alt=\"Avboka\"><\/a><\/div><div class=\"content-container\"><h3><a href=\"https:\/\/www.touringcars.com\/sv\/avbokning\/\">Avboka<\/a><\/h3><\/div><\/article><\/li><li class=\"glide__slide\"><article class=\"article reveal\"><div class=\"image-container\"><a href=\"https:\/\/www.touringcars.com\/sv\/motorhome-rental-info\/tillaggstjanster\/\"><img decoding=\"async\" src=\"https:\/\/www.touringcars.com\/wp-content\/uploads\/2025\/02\/VantanaHobby_0025_PRESSE-450x300.jpg\" srcset=\"https:\/\/www.touringcars.com\/wp-content\/uploads\/2025\/02\/VantanaHobby_0025_PRESSE-300x200.jpg 300w, https:\/\/www.touringcars.com\/wp-content\/uploads\/2025\/02\/VantanaHobby_0025_PRESSE-1024x683.jpg 1024w, https:\/\/www.touringcars.com\/wp-content\/uploads\/2025\/02\/VantanaHobby_0025_PRESSE-768x512.jpg 768w, https:\/\/www.touringcars.com\/wp-content\/uploads\/2025\/02\/VantanaHobby_0025_PRESSE-1536x1024.jpg 1536w, https:\/\/www.touringcars.com\/wp-content\/uploads\/2025\/02\/VantanaHobby_0025_PRESSE-2048x1366.jpg 2048w, https:\/\/www.touringcars.com\/wp-content\/uploads\/2025\/02\/VantanaHobby_0025_PRESSE-889x593.jpg 889w, https:\/\/www.touringcars.com\/wp-content\/uploads\/2025\/02\/VantanaHobby_0025_PRESSE-714x476.jpg 714w, https:\/\/www.touringcars.com\/wp-content\/uploads\/2025\/02\/VantanaHobby_0025_PRESSE-450x300.jpg 450w, https:\/\/www.touringcars.com\/wp-content\/uploads\/2025\/02\/VantanaHobby_0025_PRESSE-367x245.jpg 367w\" alt=\"Till\u00e4ggstj\u00e4nster\"><\/a><\/div><div class=\"content-container\"><h3><a href=\"https:\/\/www.touringcars.com\/sv\/motorhome-rental-info\/tillaggstjanster\/\">Till\u00e4ggstj\u00e4nster<\/a><\/h3><\/div><\/article><\/li><\/ul><\/div><div class=\"glide__controls\"><div class=\"glide__arrows\" data-glide-el=\"controls\"><span class=\"glide__arrow glide__arrow--left\" data-glide-dir=\"<\"><\/span><span class=\"glide__arrow glide__arrow--right\" data-glide-dir=\">&#8221;><\/span><\/div><div class=\"glide__bullets\" data-glide-el=\"controls[nav]\"><span class=\"glide__bullet\" data-glide-dir=\"=0\" data-parent-uid=\"69f51874419b9\"><\/span><span class=\"glide__bullet\" data-glide-dir=\"=1\" data-parent-uid=\"69f51874419b9\"><\/span><span class=\"glide__bullet\" data-glide-dir=\"=2\" data-parent-uid=\"69f51874419b9\"><\/span><span class=\"glide__bullet\" data-glide-dir=\"=3\" data-parent-uid=\"69f51874419b9\"><\/span><span class=\"glide__bullet\" data-glide-dir=\"=4\" data-parent-uid=\"69f51874419b9\"><\/span><span class=\"glide__bullet\" data-glide-dir=\"=5\" data-parent-uid=\"69f51874419b9\"><\/span><span class=\"glide__bullet\" data-glide-dir=\"=6\" data-parent-uid=\"69f51874419b9\"><\/span><\/div><\/div><\/div>    <\/div>\r\n<\/section>\n\n<section class=\"block block-newsletter\">\r\n    <div class=\"container\">\r\n        <div class=\"newsletter-container reveal\">\r\n            <div class=\"first-step\">\r\n                <h2>Join Touring Cars\u2019 Travel Circle!<\/h2>                <div class=\"newsletter-content\">\r\n                    <p style=\"text-align: center\"><span style=\"font-weight: 400\">Subscribe to our newsletter and get inspired with handpicked route tips, practical travel hacks, and exclusive offers delivered straight to your inbox. As a thank you, you\u2019ll receive a free camping set with your next booking.<\/span><\/p>\n                <\/div>\r\n                \n<div class=\"wpcf7 no-js\" id=\"wpcf7-f12782-o1\" lang=\"sv-SE\" dir=\"ltr\" data-wpcf7-id=\"12782\">\n<div class=\"screen-reader-response\"><p role=\"status\" aria-live=\"polite\" aria-atomic=\"true\"><\/p> <ul><\/ul><\/div>\n<form action=\"\/sv\/wp-json\/wp\/v2\/pages\/13902#wpcf7-f12782-o1\" method=\"post\" class=\"wpcf7-form init\" aria-label=\"Kontaktformul\u00e4r\" novalidate=\"novalidate\" data-status=\"init\">\n<fieldset class=\"hidden-fields-container\"><input type=\"hidden\" name=\"_wpcf7\" value=\"12782\" \/><input type=\"hidden\" name=\"_wpcf7_version\" value=\"6.1.5\" \/><input type=\"hidden\" name=\"_wpcf7_locale\" value=\"sv_SE\" \/><input type=\"hidden\" name=\"_wpcf7_unit_tag\" value=\"wpcf7-f12782-o1\" \/><input type=\"hidden\" name=\"_wpcf7_container_post\" value=\"0\" \/><input type=\"hidden\" name=\"_wpcf7_posted_data_hash\" value=\"\" \/><input type=\"hidden\" name=\"_wpcf7_recaptcha_response\" value=\"\" \/>\n<\/fieldset>\n<div class=\"form-row\">\n<div class=\"form-col\">\n<label>Type your email&#8230;<\/label>\n<span class=\"wpcf7-form-control-wrap\" data-name=\"email\"><input size=\"40\" maxlength=\"400\" class=\"wpcf7-form-control wpcf7-email wpcf7-validates-as-required wpcf7-text form-control   wpcf7-validates-as-email\" aria-required=\"true\" aria-invalid=\"false\" placeholder=\"Email address\" value=\"\" type=\"email\" name=\"email\" \/><\/span>\n<\/div>\n<div class=\"form-col\">\n<input class=\"wpcf7-form-control wpcf7-submit has-spinner\" type=\"submit\" value=\"Continue\" \/>\n<\/div>\n<\/div>\n<div class=\"form-row form-row-privacy\">\n<div class=\"form-col\">By sending this form you agree with the handling of your data in accordance with our <a href=\"\/en\/privacy-policy-gdpr\/\" target=\"_blank\">privacy policy<\/a>.\n<\/div>\n<\/div>\n<input class=\"wpcf7-form-control wpcf7-hidden\" value=\"1\" type=\"hidden\" name=\"newsletter\" \/>\n<input class=\"wpcf7-form-control wpcf7-hidden\" value=\"Customer\" type=\"hidden\" name=\"contact-type\" \/><div class=\"wpcf7-response-output\" aria-hidden=\"true\"><\/div>\n<\/form>\n<\/div>\n            <\/div>\r\n            <div class=\"steps-after-form-submission\"><div class=\"step d-none\"><h3>Almost ready&#8230;<\/h3><p>Let\u2019s get to know each other better so we can personalize our messaging and deals for you!<\/p>\n\n<div class=\"wpcf7 no-js\" id=\"wpcf7-f20530-o2\" lang=\"sv-SE\" dir=\"ltr\" data-wpcf7-id=\"20530\">\n<div class=\"screen-reader-response\"><p role=\"status\" aria-live=\"polite\" aria-atomic=\"true\"><\/p> <ul><\/ul><\/div>\n<form action=\"\/sv\/wp-json\/wp\/v2\/pages\/13902#wpcf7-f20530-o2\" method=\"post\" class=\"wpcf7-form init\" aria-label=\"Kontaktformul\u00e4r\" novalidate=\"novalidate\" data-status=\"init\">\n<fieldset class=\"hidden-fields-container\"><input type=\"hidden\" name=\"_wpcf7\" value=\"20530\" \/><input type=\"hidden\" name=\"_wpcf7_version\" value=\"6.1.5\" \/><input type=\"hidden\" name=\"_wpcf7_locale\" value=\"sv_SE\" \/><input type=\"hidden\" name=\"_wpcf7_unit_tag\" value=\"wpcf7-f20530-o2\" \/><input type=\"hidden\" name=\"_wpcf7_container_post\" value=\"0\" \/><input type=\"hidden\" name=\"_wpcf7_posted_data_hash\" value=\"\" \/><input type=\"hidden\" name=\"_wpcf7_recaptcha_response\" value=\"\" \/>\n<\/fieldset>\n<div class=\"form-row\">\n<div class=\"form-col\">\n<label>What is your dream campervan holiday?<\/label>\n<span class=\"wpcf7-form-control-wrap\" data-name=\"newsletter_topics\"><span class=\"wpcf7-form-control wpcf7-checkbox\"><div class=\"form-check\"><input id=\"cf7_checkbox_1\" class=\"form-check-input\" type=\"checkbox\" name=\"newsletter_topics[]\" value=\"Family trip\" \/><label class=\"form-check-label\" for=\"cf7_checkbox_1\"><span class=\"wpcf7-list-item-label\">Family trip<\/span><\/label><\/div><div class=\"form-check\"><input id=\"cf7_checkbox_2\" class=\"form-check-input\" type=\"checkbox\" name=\"newsletter_topics[]\" value=\"Roadtrip with friends\" \/><label class=\"form-check-label\" for=\"cf7_checkbox_2\"><span class=\"wpcf7-list-item-label\">Roadtrip with friends<\/span><\/label><\/div><div class=\"form-check\"><input id=\"cf7_checkbox_3\" class=\"form-check-input\" type=\"checkbox\" name=\"newsletter_topics[]\" value=\"Trip with my partner\" \/><label class=\"form-check-label\" for=\"cf7_checkbox_3\"><span class=\"wpcf7-list-item-label\">Trip with my partner<\/span><\/label><\/div><div class=\"form-check\"><input id=\"cf7_checkbox_4\" class=\"form-check-input\" type=\"checkbox\" name=\"newsletter_topics[]\" value=\"Other\" \/><label class=\"form-check-label\" for=\"cf7_checkbox_4\"><span class=\"wpcf7-list-item-label\">Other<\/span><\/label><\/div><\/span><\/span>\n<\/div>\n<\/div>\n<div class=\"form-row\">\n<div class=\"form-col\">\n<input class=\"wpcf7-form-control wpcf7-submit has-spinner\" type=\"submit\" value=\"Continue\" \/>\n<\/div>\n<\/div>\n<div class=\"form-row form-row-privacy\">\n<div class=\"form-col\">By sending this form you agree with the handling of your data in accordance with our <a href=\"\/en\/privacy-policy-gdpr\/\" target=\"_blank\">privacy policy<\/a>.\n<\/div>\n<\/div>\n<input class=\"wpcf7-form-control wpcf7-hidden\" value=\"\" type=\"hidden\" name=\"email\" \/>\n<input class=\"wpcf7-form-control wpcf7-hidden\" value=\"1\" type=\"hidden\" name=\"newsletter\" \/><div class=\"wpcf7-response-output\" aria-hidden=\"true\"><\/div>\n<\/form>\n<\/div>\n<\/div><div class=\"step d-none\"><h3>Good feelings are\u2028on the way!<\/h3><div class=\"buttons\"><a href=\"https:\/\/www.instagram.com\/touring_cars\/\" class=\"btn  btn-social btn-instagram\" target=\"_blank\" rel=\"noopener noreferrer\">Instagram<\/a><a href=\"https:\/\/www.facebook.com\/touringcars\/\" class=\"btn  btn-social btn-facebook\" target=\"_blank\" rel=\"noopener noreferrer\">Facebook<\/a><\/div><\/div><\/div>        <\/div>\r\n    <\/div>\r\n<\/section>","protected":false},"excerpt":{"rendered":"","protected":false},"author":2,"featured_media":4555,"parent":13757,"menu_order":307,"comment_status":"closed","ping_status":"closed","template":"","meta":{"_acf_changed":false,"footnotes":""},"class_list":["post-13902","page","type-page","status-publish","has-post-thumbnail","hentry"],"acf":[],"_links":{"self":[{"href":"https:\/\/www.touringcars.com\/sv\/wp-json\/wp\/v2\/pages\/13902","targetHints":{"allow":["GET"]}}],"collection":[{"href":"https:\/\/www.touringcars.com\/sv\/wp-json\/wp\/v2\/pages"}],"about":[{"href":"https:\/\/www.touringcars.com\/sv\/wp-json\/wp\/v2\/types\/page"}],"author":[{"embeddable":true,"href":"https:\/\/www.touringcars.com\/sv\/wp-json\/wp\/v2\/users\/2"}],"replies":[{"embeddable":true,"href":"https:\/\/www.touringcars.com\/sv\/wp-json\/wp\/v2\/comments?post=13902"}],"version-history":[{"count":10,"href":"https:\/\/www.touringcars.com\/sv\/wp-json\/wp\/v2\/pages\/13902\/revisions"}],"predecessor-version":[{"id":27303,"href":"https:\/\/www.touringcars.com\/sv\/wp-json\/wp\/v2\/pages\/13902\/revisions\/27303"}],"up":[{"embeddable":true,"href":"https:\/\/www.touringcars.com\/sv\/wp-json\/wp\/v2\/pages\/13757"}],"wp:featuredmedia":[{"embeddable":true,"href":"https:\/\/www.touringcars.com\/sv\/wp-json\/wp\/v2\/media\/4555"}],"wp:attachment":[{"href":"https:\/\/www.touringcars.com\/sv\/wp-json\/wp\/v2\/media?parent=13902"}],"curies":[{"name":"wp","href":"https:\/\/api.w.org\/{rel}","templated":true}]}}