{"id":13775,"date":"2025-01-01T14:06:32","date_gmt":"2025-01-01T14:06:32","guid":{"rendered":"https:\/\/touringcars.com\/general-rental-terms\/"},"modified":"2025-03-02T19:10:37","modified_gmt":"2025-03-02T19:10:37","slug":"hyresvillkor","status":"publish","type":"page","link":"https:\/\/www.touringcars.com\/sv\/hyresvillkor\/","title":{"rendered":"Hyresvillkor"},"content":{"rendered":"<section class=\"block block-hero text-style-white image-style-boxed\">\r\n    <div class=\"container container-full\">\r\n        <div class=\"glide image-slider\" data-uid=\"69f4d8cd0f955\"><div class=\"glide__track\" data-glide-el=\"track\"><ul class=\"glide__slides\"><li class=\"glide__slide\"><img decoding=\"async\" src=\"https:\/\/www.touringcars.com\/wp-content\/uploads\/2025\/02\/carado-imagebank-data_VE_Camper-Van_CV600_PI_2024_0258_21-31-41_web-1-200x300.jpg\" srcset=\"https:\/\/www.touringcars.com\/wp-content\/uploads\/2025\/02\/carado-imagebank-data_VE_Camper-Van_CV600_PI_2024_0258_21-31-41_web-1-200x300.jpg 200w, https:\/\/www.touringcars.com\/wp-content\/uploads\/2025\/02\/carado-imagebank-data_VE_Camper-Van_CV600_PI_2024_0258_21-31-41_web-1-682x1024.jpg 682w, https:\/\/www.touringcars.com\/wp-content\/uploads\/2025\/02\/carado-imagebank-data_VE_Camper-Van_CV600_PI_2024_0258_21-31-41_web-1-768x1153.jpg 768w, https:\/\/www.touringcars.com\/wp-content\/uploads\/2025\/02\/carado-imagebank-data_VE_Camper-Van_CV600_PI_2024_0258_21-31-41_web-1-1024x1536.jpg 1024w, https:\/\/www.touringcars.com\/wp-content\/uploads\/2025\/02\/carado-imagebank-data_VE_Camper-Van_CV600_PI_2024_0258_21-31-41_web-1-1365x2048.jpg 1365w, https:\/\/www.touringcars.com\/wp-content\/uploads\/2025\/02\/carado-imagebank-data_VE_Camper-Van_CV600_PI_2024_0258_21-31-41_web-1-395x593.jpg 395w, https:\/\/www.touringcars.com\/wp-content\/uploads\/2025\/02\/carado-imagebank-data_VE_Camper-Van_CV600_PI_2024_0258_21-31-41_web-1-354x531.jpg 354w, https:\/\/www.touringcars.com\/wp-content\/uploads\/2025\/02\/carado-imagebank-data_VE_Camper-Van_CV600_PI_2024_0258_21-31-41_web-1.jpg 1466w\" alt=\"_carado-imagebank-data_VE_Camper-Van_CV600_PI_2024_0258_21-31-41_web\" data-no-lazy=\"1\" fetchpriority=\"high\"><\/li><\/ul><\/div><div class=\"glide__controls\"><div class=\"glide__arrows\" data-glide-el=\"controls\"><span class=\"glide__arrow glide__arrow--left\" aria-label=\"V\u00e4nster\" data-glide-dir=\"<\"><\/span><span class=\"glide__arrow glide__arrow--right\" aria-label=\"H\u00f6ger\" data-glide-dir=\">&#8221;><\/span><\/div><\/div><\/div><div class=\"hero-container\"><div class=\"breadcrumbs-container\"><ol><li><a href=\"https:\/\/www.touringcars.com\/sv\/\"><span>Touring Cars<\/span><\/a><\/li><\/ol><\/div><h1>Allm\u00e4nna hyresvillkor i Europa<\/h1><\/div>    <\/div>\r\n    <\/section>\n\n<section class=\"block block-basic\">\r\n    <div class=\"container\">\r\n        <div class=\"content-container reveal\">\r\n            <h2>1. INTRODUKTION<\/h2>\n<p>Touring\u00a0Cars\u2122 franchisen\u00e4tverk av oberoende uthyrningsfirmor (var och en\u00a0en\u00a0\u201duthyrningsfirma\u201d) verkar p\u00e5 en gemensam plattform som tillhandah\u00e5lls av TC Vehicle Oy, genom vilken s\u00e5dana uthyrningsfirmor kan marknadsf\u00f6ra, s\u00e4lja och erbjuda sina uthyrningsprodukter och relaterade tj\u00e4nster till individer eller juridiska personer som slutkunder (var och en \u201dkund\u201d).<\/p>\n<p>Genom att anv\u00e4nda denna plattform f\u00f6r att boka ett fordon, eller om en fordonsbokning g\u00f6rs genom n\u00e5gon annan auktoriserad f\u00f6rmedlare eller agent som f\u00f6retr\u00e4der\u00a0Touring\u00a0Cars\u2122, ing\u00e5r kunden ett direkt avtalsf\u00f6rh\u00e5llande med den uthyrningsfirma som identifierats som tj\u00e4nsteleverant\u00f6r (\u201dhyresavtal\u201d). Dessa allm\u00e4nna villkor (\u201dallm\u00e4nna villkor\u201d) ska g\u00e4lla f\u00f6r alla hyresavtal.<\/p>\n<p>TC Vehicle Oy agerar endast som mellanhand mellan kund och uthyrningsfirma, och skickar relevant information om kundens bokning till uthyrningsfirman och skickar ett bekr\u00e4ftelsemeddelande via e-post till kunden f\u00f6r uthyrningsfirmans r\u00e4kning. TC Vehicle Oy s\u00e4ljer inte, hyr inte ut och erbjuder inte n\u00e5gra reseprodukter eller -tj\u00e4nster.<\/p>\n<h2>2. \u00d6VERL\u00c4MNING AV FORDONET<\/h2>\n<p>Den enskilda kunden (eller den person som anv\u00e4nder det hyrda fordonet som representant f\u00f6r en kund som \u00e4r en juridisk enhet) m\u00e5ste ha ett giltigt k\u00f6rkort, tillr\u00e4cklig k\u00f6rf\u00f6rm\u00e5ga f\u00f6r omst\u00e4ndigheterna, n\u00f6dv\u00e4ndig k\u00f6rerfarenhet i enlighet med vad som anges av uthyrningsfirman samt vara minst s\u00e5 gammal som den l\u00e4gsta f\u00f6rar\u00e5lder som anges av uthyrningsfirman.<\/p>\n<p>Uthyrningsfirman ska \u00f6verl\u00e4mna fordonet till kunden i funktionsdugligt skick och i enlighet med g\u00e4llande lagar p\u00e5 \u00f6verenskommen plats och tid. Det hyrda fordonet har inspekterats av uthyrningsfirman eller dess partner innan det \u00f6verl\u00e4mnas till kunden. Kunden ska dock ocks\u00e5 inspektera fordonet i samband med \u00f6verl\u00e4mnandet av fordonet f\u00f6r att fastst\u00e4lla eventuella skador eller defekter som redan finns p\u00e5 fordonet.<\/p>\n<p>Potentiella skador eller defekter ska omedelbart meddelas uthyrningsfirman och antecknas i skaderapporten innan fordonet l\u00e4mnar uthyrningsstationen. F\u00f6rs\u00e4kringsinformation och sj\u00e4lvrisker presenteras f\u00f6r kunden, och kunden m\u00e5ste antingen acceptera eller avvisa ytterligare alternativ f\u00f6r sj\u00e4lvriskreducering. Kunden har informerats om och accepterar de restriktioner och begr\u00e4nsningar som g\u00e4ller det valda avdragsgilla\/extra skyddet.<\/p>\n<h2>3. ANV\u00c4NDA DET HYRDA FORDONET<\/h2>\n<p>Kunden ska ta hand om fordonet som en f\u00f6rsiktig person tar hand om sin egen bil och iaktta extra f\u00f6rsiktighet under k\u00f6rning. Kunden f\u00e5r endast anv\u00e4nda fordonet p\u00e5 det s\u00e4tt som det normalt sett \u00e4r avsett f\u00f6r. Under hyresperioden ska kunden ta hand om den normala \u00f6vervakningen av fordonets skick, till exempel d\u00e4cktryck och olja samt andra v\u00e4tskeniv\u00e5er. Kunden \u00e4r f\u00f6rbjuden att tills\u00e4tta andra oljor eller v\u00e4tskor \u00e4n spolarv\u00e4tska utan att r\u00e5dfr\u00e5ga uthyrningsfirman. N\u00e4r fordonet l\u00e4mnas parkerat, om \u00e4n bara f\u00f6r ett \u00f6gonblick, ska det alltid vara l\u00e5st.<\/p>\n<p>Kunden ska k\u00f6ra fordonet sj\u00e4lv. Han eller hon f\u00e5r inte \u00f6verl\u00e5ta fordonet till andra personer utan att s\u00e5dant tillst\u00e5nd uttryckligen anges i hyresavtalet. Att transportera fler \u00e4n det angivna antalet passagerare strider mot lagen och \u00e4r ett brott mot hyresavtalet.<\/p>\n<p>Kunden ska informera den som han eller hon \u00f6verl\u00e4mnar hyresobjektet till, inom ramen f\u00f6r hyresavtalet, om hyresavtalets inneh\u00e5ll, inklusive inneh\u00e5llet i dessa allm\u00e4nna villkor. Anv\u00e4ndning av fordonet f\u00f6r olagliga \u00e4ndam\u00e5l, som bogsering, t\u00e4vlingar eller tr\u00e4ning inf\u00f6r t\u00e4vlingar, utbildningsk\u00f6rning eller k\u00f6rning p\u00e5 is \u00e4r f\u00f6rbjuden. Det \u00e4r f\u00f6rbjudet att korsa gr\u00e4nser till andra l\u00e4nder med fordonet utan tillst\u00e5nd fr\u00e5n uthyrningsfirman. R\u00f6kning \u00e4r f\u00f6rbjuden i fordonet och transport av husdjur i fordonet kr\u00e4ver ytterligare tillst\u00e5nd fr\u00e5n uthyrningsfirman.<\/p>\n<p>Om inget annat anges ska kunden alltid b\u00e4ra det fulla ansvaret f\u00f6r parkeringsavgifter och parkeringsb\u00f6ter, avgifter f\u00f6r parkering p\u00e5 privat parkering, avgifter f\u00f6r \u00f6verbelastning, b\u00f6ter som skrivs ut p\u00e5 plats, b\u00f6ter som skrivs ut f\u00f6r hastighets\u00f6vertr\u00e4delser eller andra trafikbrott, v\u00e4gtullar och tr\u00e4ngselskatter under hyresperioden. Uthyrningsfirman f\u00f6rbeh\u00e5ller sig r\u00e4tten att debitera kundens kreditkort f\u00f6r s\u00e5dana avgifter eller tillh\u00f6rande kostnader orsakade av kunden. En extra administrativ avgift tillkommer p\u00e5 varje avgift. V\u00e4rdet p\u00e5 den administrativa avgiften anges p\u00e5 kontorets prislista.<\/p>\n<p>Under alla omst\u00e4ndigheter \u00e4r kunden skyldig att ers\u00e4tta uthyrningsfirman f\u00f6r kostnaderna om det inte g\u00e5r att debitera kreditkortet. Genom att underteckna hyresavtalet ger kunden uthyrningsfirman till\u00e5telse att l\u00e4mna ut hans eller hennes identifieringsinformation till myndigheterna f\u00f6r till\u00e4mpningen av ovan n\u00e4mnda avgifter.<\/p>\n<p>Kunden ska betala f\u00f6r det br\u00e4nsle som f\u00f6rbrukas. Den typ av br\u00e4nsle som anv\u00e4nds i fordonet ska vara i enlighet med vad som anges i hyresavtalet och\/eller fordonets registrering. Kunden b\u00e4r det fulla ansvaret f\u00f6r skador p\u00e5 fordonet som orsakas av att tanken fylls med fel br\u00e4nsle. Om kunden \u00e5terl\u00e4mnar fordonet med en delvis fylld tank, har uthyrningsfirman r\u00e4tt att debitera f\u00f6r det br\u00e4nsle som saknas och p\u00e5fyllningsavgiften till det pris som anges i hyresavtalet eller prislistan.<\/p>\n<h3>4. KUNDENS ANSVAR F\u00d6R FORDONET OCH DESS TILLBEH\u00d6R<\/h3>\n<p>Kunden ska ers\u00e4tta uthyrningsfirman f\u00f6r alla eventuella skador p\u00e5 eller f\u00f6rluster av fordonet eller dess tillbeh\u00f6r under uthyrningsperioden och betala hyran i enlighet med avtalet under reparationen av fordonet i h\u00f6gst trettio (30) dagar. Kundens ansvar \u00e4r dock begr\u00e4nsat till den grundl\u00e4ggande sj\u00e4lvrisken som anges i hyresavtalet. Den grundl\u00e4ggande sj\u00e4lvrisken debiteras separat f\u00f6r varje fall av skada eller f\u00f6rlust. Den grundl\u00e4ggande sj\u00e4lvriskandelen kan minskas genom en till\u00e4ggsavgift som avtalats separat i Hyresavtalet.<\/p>\n<p>Kunden ska ers\u00e4tta uthyrningsfirman f\u00f6r skador i sin helhet, utan n\u00e5gon begr\u00e4nsning av sj\u00e4lvrisken, om skadan orsakats eller uppkommit p\u00e5 n\u00e5got av f\u00f6ljande s\u00e4tt: \u00f6verbelastning, r\u00f6kning i fordonet, skador p\u00e5 fordonets kl\u00e4dsel, k\u00f6rning med \u00f6ver- eller undertryckta d\u00e4ck, borttappade nycklar, anv\u00e4ndning av fel br\u00e4nsle, skador p\u00e5 grund av sandstorm,\u00a0sn\u00f6skador\u00a0om risk f\u00f6r s\u00e5dana indikeras av skyltar, k\u00f6rning genom f\u00f6r tr\u00e5nga utrymmen f\u00f6r fordonets storlek, k\u00f6rning p\u00e5 v\u00e4gar eller i omr\u00e5den i d\u00e5ligt skick eller annan f\u00f6rsumlig eller felaktig anv\u00e4ndning av fordonet. Dessutom \u00e4r det str\u00e4ngt f\u00f6rbjudet att k\u00f6ra fordonet n\u00e4r vindhastigheten \u00f6verstiger 15 meter per sekund. Kunden ska ocks\u00e5 ansvara f\u00f6r att kontrollera v\u00e4derf\u00f6rh\u00e5llanden och v\u00e4derprognoser dagligen. Kunden bekr\u00e4ftar att han eller hon har f\u00e5tt all n\u00f6dv\u00e4ndig information om hur man kontrollerar v\u00e4derf\u00f6rh\u00e5llandena. Om kunden bryter mot detta villkor och fordonet skadas under dessa f\u00f6rh\u00e5llanden, \u00e4r f\u00f6rs\u00e4kringsskyddet INTE giltigt. Eventuella vindvarningar fr\u00e5n uthyrningsfirman begr\u00e4nsar inte kundens ansvar.<\/p>\n<p>Kundens fulla skadest\u00e5ndsansvar avser alltid skador som direkt eller indirekt beror p\u00e5 kundens kriminella beteende, anv\u00e4ndning av fordonet under p\u00e5verkan av alkohol eller andra berusningsmedel eller annat brott mot villkoren i hyresavtalet som uppst\u00e5r avsiktligen eller genom grov v\u00e5rdsl\u00f6shet. Kunden ska ers\u00e4tta uthyrningsfirman f\u00f6r reng\u00f6ringskostnader som uppst\u00e5r till f\u00f6ljd av n\u00e5gon ovanlig f\u00f6rorening av fordonet. Kunden frig\u00f6rs fr\u00e5n sitt ansvar gentemot uthyrningsfirman med avseende p\u00e5 sj\u00e4lvrisk, liksom i h\u00e4ndelse av att uthyrningsfirman f\u00e5r full ers\u00e4ttning fr\u00e5n en potentiell tredje part som orsakade skadan eller hans eller hennes f\u00f6rs\u00e4kringsbolag.<\/p>\n<h3>5. F\u00d6RFARANDE I H\u00c4NDELSE AV SKADOR ELLER FEL P\u00c5 FORDONET<\/h3>\n<p>Kunden ska omedelbart informera uthyrningsfirman om fel eller skador p\u00e5 fordonet under hyresperioden. Skador som uppst\u00e5r inuti fordonet p\u00e5verkar inte sj\u00e4lvrisken. Om kunden har k\u00f6pt tillvalet Skydd f\u00f6r vindruta och d\u00e4ck, kommer uthyrningsfirman inte att h\u00e5lla kunden ansvarig f\u00f6r f\u00f6rlust av eller skada p\u00e5 d\u00e4cken eller vindrutan. Skydd f\u00f6r vindruta och d\u00e4ck ger skydd f\u00f6r en skada p\u00e5 vindrutan eller d\u00e4cken. F\u00f6r skador ut\u00f6ver den f\u00f6rsta \u00e4r kostnaderna enligt ordinarie priser. Eventuella brott som involverar fordonet, trafikolyckor och personskador eller djurskador ska alltid anm\u00e4las till polisen. I en skadesituation ska kunden alltid fylla i en skriftlig skadeanm\u00e4lan och l\u00e4mna den till uthyrningsfirman. Kunden ska betala full ers\u00e4ttning f\u00f6r skadan om kunden inte fyller i en skriftlig skadeanm\u00e4lan. Kunden b\u00e4r det fulla ansvaret f\u00f6r skador som uppst\u00e5r till f\u00f6ljd av f\u00f6rsummelse av ovan n\u00e4mnda rapporter.<\/p>\n<p>Uthyrningsfirman ansvarar f\u00f6r tekniska fel som uppst\u00e5r i fordonet under hyresperioden som inte beror p\u00e5 kundens f\u00f6rsumlighet eller bristf\u00e4lliga anv\u00e4ndning av fordonet. F\u00f6rutsatt att felet ligger inom uthyrningsfirmans ansvar, reparation kr\u00e4vs f\u00f6r fortsatt k\u00f6rning och tillst\u00e5nd f\u00f6r reparation har beviljats av uthyrningsfirman, har kunden r\u00e4tt till full \u00e5terbetalning av de reparationskostnader som betalats till den externa verkstaden f\u00f6r detta s\u00e4rskilda fel.<\/p>\n<p>Ett kvitto f\u00f6r reparationsarbetet och betalningen ska l\u00e4mnas till uthyrningsfirman. I h\u00e4ndelse av att reparation av fordonet tar 24 timmar eller mer, utan n\u00e5got fel fr\u00e5n kundens sida, \u00e4r uthyrningsfirmans ansvar gentemot kunden begr\u00e4nsat till \u00e5terbetalning av den dagliga avgiften eller en del d\u00e4rav. Kunden \u00e4r skyldig att ta fordonet till den n\u00e4rmaste verkstaden som anges av uthyrningsfirman. Daglig \u00e5terbetalning utf\u00e4rdas endast f\u00f6r de dagar d\u00e5 fordonet inte fungerar och det inte \u00e4r kundens fel. F\u00f6rs\u00e4kringspolicyn och dess sj\u00e4lvrisker omfattar trafikolyckor och skador p\u00e5 fordonet, som endast kan \u00e5terbetalas genom trafikf\u00f6rs\u00e4kring. Ingen policy \u00e4r till\u00e4mplig f\u00f6r skador som orsakats av felaktig anv\u00e4ndning av fordonet.<\/p>\n<h3>6. BETALA HYRA<\/h3>\n<p>Om ingen \u00f6verenskommelse om annan betalningsmetod har tr\u00e4ffats ska kunden betala hyran enligt hyresavtalet, med dess eventuella extra avgifter, med sitt betalkort. Redan n\u00e4r hyresavtalet ing\u00e5s godk\u00e4nner kunden den slutliga ber\u00e4kningen som gjorts av hyran i f\u00f6rv\u00e4g utan att underteckna den personligen.<\/p>\n<p>I samband med uthyrningen har uthyrningsfirman r\u00e4tt att g\u00f6ra en f\u00f6rskottsbekr\u00e4ftelse f\u00f6r det kort som kunden anv\u00e4nder f\u00f6r betalningen p\u00e5 ett belopp som motsvarar den uppskattade slutliga hyran och eventuella andra avgifter. P\u00e5 s\u00e5 vis s\u00e4kerst\u00e4ller uthyrningsfirman att det finns tillr\u00e4ckligt med pengar p\u00e5 kundens kort och att kortet \u00e4r giltigt.<\/p>\n<p>Ut\u00f6ver hyran enligt hyresavtalet har uthyrningsfirman r\u00e4tt att debitera kundens kreditkort, som specificerats i hyresavtalet, f\u00f6r f\u00f6ljande extra avgifter: Den grundl\u00e4ggande sj\u00e4lvrisken enligt hyresavtalet, br\u00e4nsleavgifter, hyror och avgifter f\u00f6r f\u00f6rl\u00e4ngning av hyresperioden, avgifter f\u00f6r leverans och h\u00e4mtning av fordon samt parkeringsb\u00f6ter, avgifter f\u00f6r parkering p\u00e5 privat parkering, b\u00f6ter som skrivs ut p\u00e5 plats, v\u00e4gtullar, tr\u00e4ngselskatter och \u00f6verbelastningsavgifter som uppst\u00e5tt under hyresperioden samt andra j\u00e4mf\u00f6rbara avgifter med administrativa kostnader.<\/p>\n<p>Om den juridiska person som anges i hyresavtalet som kund inte \u00e4r villig eller inte kan betala hyran, \u00e4r den person som undertecknar hyresavtalet p\u00e5 denna kunds v\u00e4gnar personligen ansvarig f\u00f6r hyran och de eventuella extra avgifterna enligt dessa villkor g\u00e4llande hyran. N\u00e4r s\u00e5 anses n\u00f6dv\u00e4ndigt har uthyrningsfirman dessutom r\u00e4tt att kr\u00e4va tv\u00e5 (2) kreditkort fr\u00e5n Kunden som s\u00e4kerhet f\u00f6r de avgifter som uppst\u00e5r genom hyran.<\/p>\n<h3>7. UTHYRNINGSFIRMANS ANSVAR F\u00d6R FEL P\u00c5 FORDONET OCH F\u00d6RSENINGAR<\/h3>\n<p>Om ett tekniskt fel eller annan defekt uppst\u00e5r i fordonet under hyresperioden, f\u00f6r vilken kunden inte \u00e4r ansvarig, kan kunden enligt hyresavtalet och dessa allm\u00e4nna villkor kr\u00e4va att uthyrningsfirman reparerar felet eller s\u00e4nker priset med en summa som motsvarar felet. Uthyrningsfirman f\u00f6rbeh\u00e5ller 24 timmar f\u00f6r att \u00e5tg\u00e4rda felet, och kundens ers\u00e4ttningskrav kan avsl\u00e5s om uthyrningsfirman lyckas \u00e5tg\u00e4rda felet inom 24 timmar fr\u00e5n det att firman informerades om det.<\/p>\n<p>Om uthyrningsfirman inte kan \u00f6verl\u00e4mna fordonet till kunden i enlighet med villkoren i hyresavtalet, har kunden r\u00e4tt att erh\u00e5lla ers\u00e4ttning f\u00f6r alla rimliga direkta kostnader som uppst\u00e5r f\u00f6r kunden p\u00e5 grund av f\u00f6rseningen. H\u00e4rmed undantas eventuella ers\u00e4ttningskrav p\u00e5 grund av fel som uthyrningsfirman inte b\u00e4r ansvaret f\u00f6r eller som uthyrningsfirman inte har informerats om innan hyresavtalets slut. Eventuella fel p\u00e5 fordonet, dess utrustning eller hyrda f\u00f6rem\u00e5l som hittas efter \u00f6verl\u00e4mnandet av fordonet m\u00e5ste rapporteras till uthyrningsfirman s\u00e5 snart de uppt\u00e4cks. Uthyrningsfirman f\u00f6rbeh\u00e5ller sig r\u00e4tten att avsl\u00e5 eventuella ers\u00e4ttningskrav om kunden inte underr\u00e4ttar uthyrningsfirman om fel f\u00f6re det \u00f6verenskomna datumet f\u00f6r \u00e5terl\u00e4mning av fordonet.<\/p>\n<h3>8. \u00c5TERL\u00c4MNA FORDONET VID SLUTET AV HYRESPERIODEN<\/h3>\n<p>Kunden ska l\u00e4mna tillbaka fordonet med alla tillbeh\u00f6r till den \u00f6verenskomna platsen vid hyresperiodens slut. Det g\u00e5r inte att \u00e4ndra \u00e5terl\u00e4mningstiden under hyresperioden utan godk\u00e4nnande fr\u00e5n uthyrningsfirman. Hyresperioden \u00e4r \u00f6ver n\u00e4r fordonet och dess nycklar har \u00e5terl\u00e4mnats till uthyrningsfirman eller n\u00e4r uthyrningsfirman har meddelats av kunden om att fordonet har \u00e5terl\u00e4mnats till en plats som godk\u00e4nts av uthyrningsfirman. Om fordonet inte har \u00e5terl\u00e4mnats p\u00e5 detta s\u00e4tt och en f\u00f6rl\u00e4ngning av hyresperioden inte har godk\u00e4nts, kan uthyrningsfirman informera polisen om \u00e4rendet. Uthyrningsfirman har r\u00e4tt att debitera full hyra fr\u00e5n kunden vid f\u00f6rsenad \u00e5terl\u00e4mning samt ers\u00e4ttning f\u00f6r eventuellt extra arbete och andra ekonomiska f\u00f6rluster som s\u00e5dan f\u00f6rsening inneb\u00e4r f\u00f6r uthyrningsfirman. Om inget annat har avtalats m\u00e5ste fordonet \u00e5terl\u00e4mnas med en full tank.<\/p>\n<p>Uthyrningsfirman ansvarar inte f\u00f6r eventuella tillh\u00f6righeter som l\u00e4mnats kvar i fordonet av kunden.<\/p>\n<h4>9. KONTROLL EFTER HYRA<\/h4>\n<p>Kunden \u00e5tar sig att genomf\u00f6ra en kontroll efter uthyrningsperioden i h\u00e4ndelse av att fordonet inte \u00e5terl\u00e4mnas i enlighet med den \u00f6verenskomna \u00e5terl\u00e4mningstiden enligt hyresavtalet, eller om en kontroll efter uthyrningsperioden har avtalats separat med uthyrningsfirman. Om en kontroll efter uthyrningsperioden genomf\u00f6rs, ger kunden uthyrningsfirman r\u00e4tt att ta ut avgifter f\u00f6r f\u00f6ljande fr\u00e5n sitt kreditkort: Alla skador som uppst\u00e5tt p\u00e5 fordonet under uthyrningsperioden, br\u00e4nsletill\u00e4gg, artiklar eller utrustning som saknas.<\/p>\n<p>Kunden samtycker till att dessa avgifter tas ut utan att vara n\u00e4rvarande f\u00f6r att bekr\u00e4fta avgifterna. I h\u00e4ndelse av en avgift kommer uthyrningsfirman att elektroniskt leverera alla dokument som ber\u00f6r avgiften till kunden. \u00c4ven om kreditkortet inte kan debiteras f\u00f6r avgiften, befrias inte kunden fr\u00e5n sin skyldighet att betala avgiften. En kontroll efter uthyrningsperioden genomf\u00f6rs ocks\u00e5 vid enkelresor till en plats som inte har n\u00e5gon permanent\u00a0Touring\u00a0Cars\u2122-station. Kundens ansvar f\u00f6r fordonet kvarst\u00e5r under kontrollen efter uthyrningsperioden, till dess att uthyrningsstationen har kontrollerat och bekr\u00e4ftat fordonets tillst\u00e5nd.<\/p>\n<h4>10. \u00c5TERL\u00c4MNA FORDONET F\u00d6RE HYRESPERIODENS SLUT<\/h4>\n<p>Om kunden l\u00e4mnar tillbaka fordonet f\u00f6re hyresperiodens slut, fastst\u00e4lls hyran enligt den anv\u00e4nda hyresperioden enligt priskriterierna i hyresavtalet. Om fordonet har hyrts p\u00e5 s\u00e4rskilda villkor kan tidigt \u00e5terl\u00e4mnande av fordonet leda till att prislistan \u00e4ndras och d\u00e4rmed \u00e4ven den dagliga hyran.<\/p>\n<p>N\u00e4r det g\u00e4ller f\u00f6rbetalda hyresperioder \u00e4r uthyrningsfirman inte skyldig att betala tillbaka hyra som betalats i f\u00f6rv\u00e4g vid tidigt \u00e5terl\u00e4mnande av fordonet.<\/p>\n<h4>11. UPPH\u00c4VA AVTALET<\/h4>\n<p>Uthyrningsfirman har r\u00e4tt att upph\u00e4va hyresavtalet med omedelbar verkan om det verkar som att kunden har beg\u00e5tt ett betydande brott mot hyresavtalets villkor. I detta fall ska kunden omedelbart \u00e5terl\u00e4mna fordonet med alla tillbeh\u00f6r till den \u00f6verenskomna \u00e5terl\u00e4mningsplatsen.<\/p>\n<p>B\u00e5da parter kan upph\u00e4va hyresavtalet om fordonet blir stulet eller om ett fel som uthyrningsfirman b\u00e4r ansvaret f\u00f6r uppst\u00e5r i fordonet och f\u00f6rhindrar anv\u00e4ndning av fordonet och uthyrningsfirman inte levererar ett ers\u00e4ttningsfordon inom en rimlig tid fr\u00e5n det att firman informerades.<\/p>\n<h5>12. TVISTER OM HYRESAVTALET<\/h5>\n<p>Alla tvister r\u00f6rande hyresavtalet ska fr\u00e4mst l\u00f6sas genom f\u00f6rhandlingar. Om tvisten \u00f6verl\u00e4mnas till domstol f\u00f6r ett beslut, l\u00f6ses \u00e4rendet av den lokala domstolen i uthyrningsfirmans hemort eller, i konsumenttvister, av en annan f\u00f6rstainstansr\u00e4tt.<\/p>\n<h5>13. ELEKTRONISK SP\u00c5RNING<\/h5>\n<p>Alla fordon \u00e4r utrustade med elektroniska sp\u00e5rningsanordningar<\/p>\n<h5>14. PERSONUPPGIFTER F\u00d6R KUND OCH F\u00d6RARE<\/h5>\n<p>Uthyrningsfirman samlar in personuppgifter som du frivilligt tillhandah\u00e5ller. Kunden och alla f\u00f6rare av fordonet samtycker till att uthyrningsfirman lagrar personuppgifter. Uthyrningsfirman f\u00f6r inte denna information vidare till andra f\u00f6retag utanf\u00f6r\u00a0Touring\u00a0Cars\u2122 franchisen\u00e4tverk eller uthyrningsfirmor \u00e4n f\u00f6rs\u00e4kringsbolag f\u00f6r uthyrningsfirmor och myndigheter som ansvarar f\u00f6r trafikbrott, parkeringsbrott eller andra brott. Se v\u00e5r integritetspolicy f\u00f6r ytterligare information.<\/p>\n        <\/div>\r\n    <\/div>\r\n<\/section>\n\n<section class=\"block block-postsgrid\">\r\n    <div class=\"container reveal\">\r\n        <h2>L\u00e4s ocks\u00e5<\/h2><div class=\"glide articles-slider\" data-uid=\"69f4d8cd136e2\"><div class=\"glide__track\" data-glide-el=\"track\"><ul class=\"glide__slides\"><li class=\"glide__slide\"><article class=\"article reveal\"><div class=\"image-container\"><a href=\"https:\/\/www.touringcars.com\/sv\/villkor-for-onlinebokning\/\"><img decoding=\"async\" src=\"https:\/\/www.touringcars.com\/wp-content\/uploads\/2025\/02\/carado-imagebank-data_VE_Camper-Van_CV600_PI_2024_0257_21-31-41_web-2-200x300.jpg\" srcset=\"https:\/\/www.touringcars.com\/wp-content\/uploads\/2025\/02\/carado-imagebank-data_VE_Camper-Van_CV600_PI_2024_0257_21-31-41_web-2-200x300.jpg 200w, https:\/\/www.touringcars.com\/wp-content\/uploads\/2025\/02\/carado-imagebank-data_VE_Camper-Van_CV600_PI_2024_0257_21-31-41_web-2-682x1024.jpg 682w, https:\/\/www.touringcars.com\/wp-content\/uploads\/2025\/02\/carado-imagebank-data_VE_Camper-Van_CV600_PI_2024_0257_21-31-41_web-2-768x1153.jpg 768w, https:\/\/www.touringcars.com\/wp-content\/uploads\/2025\/02\/carado-imagebank-data_VE_Camper-Van_CV600_PI_2024_0257_21-31-41_web-2-1024x1536.jpg 1024w, https:\/\/www.touringcars.com\/wp-content\/uploads\/2025\/02\/carado-imagebank-data_VE_Camper-Van_CV600_PI_2024_0257_21-31-41_web-2-1365x2048.jpg 1365w, https:\/\/www.touringcars.com\/wp-content\/uploads\/2025\/02\/carado-imagebank-data_VE_Camper-Van_CV600_PI_2024_0257_21-31-41_web-2-395x593.jpg 395w, https:\/\/www.touringcars.com\/wp-content\/uploads\/2025\/02\/carado-imagebank-data_VE_Camper-Van_CV600_PI_2024_0257_21-31-41_web-2-354x531.jpg 354w, https:\/\/www.touringcars.com\/wp-content\/uploads\/2025\/02\/carado-imagebank-data_VE_Camper-Van_CV600_PI_2024_0257_21-31-41_web-2.jpg 1466w\" alt=\"Villkor f\u00f6r Onlinebokning\u00a0\"><\/a><\/div><div class=\"content-container\"><h3><a href=\"https:\/\/www.touringcars.com\/sv\/villkor-for-onlinebokning\/\">Villkor f\u00f6r Onlinebokning\u00a0<\/a><\/h3><\/div><\/article><\/li><li class=\"glide__slide\"><article class=\"article reveal\"><div class=\"image-container\"><a href=\"https:\/\/www.touringcars.com\/sv\/avbokning\/\"><img decoding=\"async\" src=\"https:\/\/www.touringcars.com\/wp-content\/uploads\/2025\/02\/carado-imagebank-data_VE_Camper-Van_CV600_PI_2024_0257_21-31-41_web-2-200x300.jpg\" srcset=\"https:\/\/www.touringcars.com\/wp-content\/uploads\/2025\/02\/carado-imagebank-data_VE_Camper-Van_CV600_PI_2024_0257_21-31-41_web-2-200x300.jpg 200w, https:\/\/www.touringcars.com\/wp-content\/uploads\/2025\/02\/carado-imagebank-data_VE_Camper-Van_CV600_PI_2024_0257_21-31-41_web-2-682x1024.jpg 682w, https:\/\/www.touringcars.com\/wp-content\/uploads\/2025\/02\/carado-imagebank-data_VE_Camper-Van_CV600_PI_2024_0257_21-31-41_web-2-768x1153.jpg 768w, https:\/\/www.touringcars.com\/wp-content\/uploads\/2025\/02\/carado-imagebank-data_VE_Camper-Van_CV600_PI_2024_0257_21-31-41_web-2-1024x1536.jpg 1024w, https:\/\/www.touringcars.com\/wp-content\/uploads\/2025\/02\/carado-imagebank-data_VE_Camper-Van_CV600_PI_2024_0257_21-31-41_web-2-1365x2048.jpg 1365w, https:\/\/www.touringcars.com\/wp-content\/uploads\/2025\/02\/carado-imagebank-data_VE_Camper-Van_CV600_PI_2024_0257_21-31-41_web-2-395x593.jpg 395w, https:\/\/www.touringcars.com\/wp-content\/uploads\/2025\/02\/carado-imagebank-data_VE_Camper-Van_CV600_PI_2024_0257_21-31-41_web-2-354x531.jpg 354w, https:\/\/www.touringcars.com\/wp-content\/uploads\/2025\/02\/carado-imagebank-data_VE_Camper-Van_CV600_PI_2024_0257_21-31-41_web-2.jpg 1466w\" alt=\"Avboka\"><\/a><\/div><div class=\"content-container\"><h3><a href=\"https:\/\/www.touringcars.com\/sv\/avbokning\/\">Avboka<\/a><\/h3><\/div><\/article><\/li><\/ul><\/div><div class=\"glide__controls\"><div class=\"glide__arrows\" data-glide-el=\"controls\"><span class=\"glide__arrow glide__arrow--left\" data-glide-dir=\"<\"><\/span><span class=\"glide__arrow glide__arrow--right\" data-glide-dir=\">&#8221;><\/span><\/div><div class=\"glide__bullets\" data-glide-el=\"controls[nav]\"><span class=\"glide__bullet\" data-glide-dir=\"=0\" data-parent-uid=\"69f4d8cd136e2\"><\/span><span class=\"glide__bullet\" data-glide-dir=\"=1\" data-parent-uid=\"69f4d8cd136e2\"><\/span><\/div><\/div><\/div>    <\/div>\r\n<\/section>","protected":false},"excerpt":{"rendered":"","protected":false},"author":1,"featured_media":0,"parent":0,"menu_order":503,"comment_status":"closed","ping_status":"closed","template":"","meta":{"_acf_changed":false,"footnotes":""},"class_list":["post-13775","page","type-page","status-publish","hentry"],"acf":[],"_links":{"self":[{"href":"https:\/\/www.touringcars.com\/sv\/wp-json\/wp\/v2\/pages\/13775","targetHints":{"allow":["GET"]}}],"collection":[{"href":"https:\/\/www.touringcars.com\/sv\/wp-json\/wp\/v2\/pages"}],"about":[{"href":"https:\/\/www.touringcars.com\/sv\/wp-json\/wp\/v2\/types\/page"}],"author":[{"embeddable":true,"href":"https:\/\/www.touringcars.com\/sv\/wp-json\/wp\/v2\/users\/1"}],"replies":[{"embeddable":true,"href":"https:\/\/www.touringcars.com\/sv\/wp-json\/wp\/v2\/comments?post=13775"}],"version-history":[{"count":1,"href":"https:\/\/www.touringcars.com\/sv\/wp-json\/wp\/v2\/pages\/13775\/revisions"}],"predecessor-version":[{"id":14324,"href":"https:\/\/www.touringcars.com\/sv\/wp-json\/wp\/v2\/pages\/13775\/revisions\/14324"}],"wp:attachment":[{"href":"https:\/\/www.touringcars.com\/sv\/wp-json\/wp\/v2\/media?parent=13775"}],"curies":[{"name":"wp","href":"https:\/\/api.w.org\/{rel}","templated":true}]}}