{"id":7023,"date":"2025-02-17T13:18:47","date_gmt":"2025-02-17T13:18:47","guid":{"rendered":"https:\/\/touringcars.com\/campervan-category\/small\/"},"modified":"2025-05-13T08:45:35","modified_gmt":"2025-05-13T08:45:35","slug":"small","status":"publish","type":"campervans-groups","link":"https:\/\/www.touringcars.com\/sv\/vehicle-category\/small\/","title":{"rendered":"SMALL f\u00f6r 2"},"content":{"rendered":"<section class=\"block block-textimage\">\r\n    <div class=\"container\">\r\n        <div class=\"content-row image-placement-left\">\r\n            <div class=\"content-container reveal\">\r\n                <h3>Perfekt f\u00f6r ett par<\/h3><p class=\"text-align-center\">V\u00e5ra premiumhusbilar i kategorin SMALL \u00e4r perfekta f\u00f6r ett par som planerar en privat semester full av upplevelser. Med en kompakt husbil \u00e4r det l\u00e4tt att k\u00f6ra p\u00e5 smala, natursk\u00f6na v\u00e4gar och stadsgator.<\/p>\n            <\/div>\r\n            <div class=\"image-container reveal\">\r\n                <div class=\"glide image-slider\" data-uid=\"69f2a655d6ff4\"><div class=\"glide__track\" data-glide-el=\"track\"><ul class=\"glide__slides\"><li class=\"glide__slide\"><img decoding=\"async\" src=\"https:\/\/www.touringcars.com\/wp-content\/uploads\/2025\/02\/carado-imagebank-data_VE_Semi-Integrated_T448_PI_2024_0118_21-31-41_WEB-382x574.jpg\" srcset=\"https:\/\/www.touringcars.com\/wp-content\/uploads\/2025\/02\/carado-imagebank-data_VE_Semi-Integrated_T448_PI_2024_0118_21-31-41_WEB-200x300.jpg 200w, https:\/\/www.touringcars.com\/wp-content\/uploads\/2025\/02\/carado-imagebank-data_VE_Semi-Integrated_T448_PI_2024_0118_21-31-41_WEB-681x1024.jpg 681w, https:\/\/www.touringcars.com\/wp-content\/uploads\/2025\/02\/carado-imagebank-data_VE_Semi-Integrated_T448_PI_2024_0118_21-31-41_WEB-768x1154.jpg 768w, https:\/\/www.touringcars.com\/wp-content\/uploads\/2025\/02\/carado-imagebank-data_VE_Semi-Integrated_T448_PI_2024_0118_21-31-41_WEB-1022x1536.jpg 1022w, https:\/\/www.touringcars.com\/wp-content\/uploads\/2025\/02\/carado-imagebank-data_VE_Semi-Integrated_T448_PI_2024_0118_21-31-41_WEB-1363x2048.jpg 1363w, https:\/\/www.touringcars.com\/wp-content\/uploads\/2025\/02\/carado-imagebank-data_VE_Semi-Integrated_T448_PI_2024_0118_21-31-41_WEB-1277x1920.jpg 1277w, https:\/\/www.touringcars.com\/wp-content\/uploads\/2025\/02\/carado-imagebank-data_VE_Semi-Integrated_T448_PI_2024_0118_21-31-41_WEB-395x593.jpg 395w, https:\/\/www.touringcars.com\/wp-content\/uploads\/2025\/02\/carado-imagebank-data_VE_Semi-Integrated_T448_PI_2024_0118_21-31-41_WEB-353x531.jpg 353w, https:\/\/www.touringcars.com\/wp-content\/uploads\/2025\/02\/carado-imagebank-data_VE_Semi-Integrated_T448_PI_2024_0118_21-31-41_WEB-382x574.jpg 382w, https:\/\/www.touringcars.com\/wp-content\/uploads\/2025\/02\/carado-imagebank-data_VE_Semi-Integrated_T448_PI_2024_0118_21-31-41_WEB-scaled.jpg 1703w\" alt=\"_carado-imagebank-data_VE_Semi-Integrated_T448_PI_2024_0118_21-31-41_WEB\"><\/li><li class=\"glide__slide\"><img decoding=\"async\" src=\"https:\/\/www.touringcars.com\/wp-content\/uploads\/2022\/09\/carado-imagebank-data_VE_Semi-Integrated_T457_IT_2024_0018_21-31-41_WEB-574x383.jpg\" srcset=\"https:\/\/www.touringcars.com\/wp-content\/uploads\/2022\/09\/carado-imagebank-data_VE_Semi-Integrated_T457_IT_2024_0018_21-31-41_WEB-300x200.jpg 300w, https:\/\/www.touringcars.com\/wp-content\/uploads\/2022\/09\/carado-imagebank-data_VE_Semi-Integrated_T457_IT_2024_0018_21-31-41_WEB-1024x683.jpg 1024w, https:\/\/www.touringcars.com\/wp-content\/uploads\/2022\/09\/carado-imagebank-data_VE_Semi-Integrated_T457_IT_2024_0018_21-31-41_WEB-768x512.jpg 768w, https:\/\/www.touringcars.com\/wp-content\/uploads\/2022\/09\/carado-imagebank-data_VE_Semi-Integrated_T457_IT_2024_0018_21-31-41_WEB-1536x1024.jpg 1536w, https:\/\/www.touringcars.com\/wp-content\/uploads\/2022\/09\/carado-imagebank-data_VE_Semi-Integrated_T457_IT_2024_0018_21-31-41_WEB-2048x1366.jpg 2048w, https:\/\/www.touringcars.com\/wp-content\/uploads\/2022\/09\/carado-imagebank-data_VE_Semi-Integrated_T457_IT_2024_0018_21-31-41_WEB-1920x1281.jpg 1920w, https:\/\/www.touringcars.com\/wp-content\/uploads\/2022\/09\/carado-imagebank-data_VE_Semi-Integrated_T457_IT_2024_0018_21-31-41_WEB-889x593.jpg 889w, https:\/\/www.touringcars.com\/wp-content\/uploads\/2022\/09\/carado-imagebank-data_VE_Semi-Integrated_T457_IT_2024_0018_21-31-41_WEB-714x476.jpg 714w, https:\/\/www.touringcars.com\/wp-content\/uploads\/2022\/09\/carado-imagebank-data_VE_Semi-Integrated_T457_IT_2024_0018_21-31-41_WEB-574x383.jpg 574w, https:\/\/www.touringcars.com\/wp-content\/uploads\/2022\/09\/carado-imagebank-data_VE_Semi-Integrated_T457_IT_2024_0018_21-31-41_WEB-367x245.jpg 367w\" alt=\"_carado-imagebank-data_VE_Semi-Integrated_T457_IT_2024_0018_21-31-41_WEB\"><\/li><li class=\"glide__slide\"><img decoding=\"async\" src=\"https:\/\/www.touringcars.com\/wp-content\/uploads\/2025\/02\/2021_rm_optima_ontour_edition_v65_ge_innen_kueche_BEAR_PRESSE_lowres.jpg-533x300.webp\" srcset=\"https:\/\/www.touringcars.com\/wp-content\/uploads\/2025\/02\/2021_rm_optima_ontour_edition_v65_ge_innen_kueche_BEAR_PRESSE_lowres.jpg-300x169.webp 300w, https:\/\/www.touringcars.com\/wp-content\/uploads\/2025\/02\/2021_rm_optima_ontour_edition_v65_ge_innen_kueche_BEAR_PRESSE_lowres.jpg-768x432.webp 768w, https:\/\/www.touringcars.com\/wp-content\/uploads\/2025\/02\/2021_rm_optima_ontour_edition_v65_ge_innen_kueche_BEAR_PRESSE_lowres.jpg-714x402.webp 714w, https:\/\/www.touringcars.com\/wp-content\/uploads\/2025\/02\/2021_rm_optima_ontour_edition_v65_ge_innen_kueche_BEAR_PRESSE_lowres.jpg-533x300.webp 533w, https:\/\/www.touringcars.com\/wp-content\/uploads\/2025\/02\/2021_rm_optima_ontour_edition_v65_ge_innen_kueche_BEAR_PRESSE_lowres.jpg-846x476.webp 846w, https:\/\/www.touringcars.com\/wp-content\/uploads\/2025\/02\/2021_rm_optima_ontour_edition_v65_ge_innen_kueche_BEAR_PRESSE_lowres.jpg.webp 1024w\" alt=\"2021_rm_optima_ontour_edition_v65_ge_innen_kueche_BEAR_PRESSE_lowres.jpg\"><\/li><li class=\"glide__slide\"><img decoding=\"async\" src=\"https:\/\/www.touringcars.com\/wp-content\/uploads\/2025\/02\/2023_rm_optima_ontour_edition_v65_ge_innen_bettverbreiterung_BEAR_PRESSE_lowres.jpeg-533x300.webp\" srcset=\"https:\/\/www.touringcars.com\/wp-content\/uploads\/2025\/02\/2023_rm_optima_ontour_edition_v65_ge_innen_bettverbreiterung_BEAR_PRESSE_lowres.jpeg-300x169.webp 300w, https:\/\/www.touringcars.com\/wp-content\/uploads\/2025\/02\/2023_rm_optima_ontour_edition_v65_ge_innen_bettverbreiterung_BEAR_PRESSE_lowres.jpeg-768x432.webp 768w, https:\/\/www.touringcars.com\/wp-content\/uploads\/2025\/02\/2023_rm_optima_ontour_edition_v65_ge_innen_bettverbreiterung_BEAR_PRESSE_lowres.jpeg-714x402.webp 714w, https:\/\/www.touringcars.com\/wp-content\/uploads\/2025\/02\/2023_rm_optima_ontour_edition_v65_ge_innen_bettverbreiterung_BEAR_PRESSE_lowres.jpeg-533x300.webp 533w, https:\/\/www.touringcars.com\/wp-content\/uploads\/2025\/02\/2023_rm_optima_ontour_edition_v65_ge_innen_bettverbreiterung_BEAR_PRESSE_lowres.jpeg-846x476.webp 846w, https:\/\/www.touringcars.com\/wp-content\/uploads\/2025\/02\/2023_rm_optima_ontour_edition_v65_ge_innen_bettverbreiterung_BEAR_PRESSE_lowres.jpeg.webp 1024w\" alt=\"2023_rm_optima_ontour_edition_v65_ge_innen_bettverbreiterung_BEAR_PRESSE_lowres.jpeg\"><\/li><li class=\"glide__slide\"><img decoding=\"async\" src=\"https:\/\/www.touringcars.com\/wp-content\/uploads\/2025\/02\/2021_rm_optima_ontour_edition_v65gq_queensbett_frontal_BEAR_PRESSE_lowres.jpg-533x300.webp\" srcset=\"https:\/\/www.touringcars.com\/wp-content\/uploads\/2025\/02\/2021_rm_optima_ontour_edition_v65gq_queensbett_frontal_BEAR_PRESSE_lowres.jpg-300x169.webp 300w, https:\/\/www.touringcars.com\/wp-content\/uploads\/2025\/02\/2021_rm_optima_ontour_edition_v65gq_queensbett_frontal_BEAR_PRESSE_lowres.jpg-768x432.webp 768w, https:\/\/www.touringcars.com\/wp-content\/uploads\/2025\/02\/2021_rm_optima_ontour_edition_v65gq_queensbett_frontal_BEAR_PRESSE_lowres.jpg-714x402.webp 714w, https:\/\/www.touringcars.com\/wp-content\/uploads\/2025\/02\/2021_rm_optima_ontour_edition_v65gq_queensbett_frontal_BEAR_PRESSE_lowres.jpg-533x300.webp 533w, https:\/\/www.touringcars.com\/wp-content\/uploads\/2025\/02\/2021_rm_optima_ontour_edition_v65gq_queensbett_frontal_BEAR_PRESSE_lowres.jpg-846x476.webp 846w, https:\/\/www.touringcars.com\/wp-content\/uploads\/2025\/02\/2021_rm_optima_ontour_edition_v65gq_queensbett_frontal_BEAR_PRESSE_lowres.jpg.webp 1024w\" alt=\"2021_rm_optima_ontour_edition_v65gq_queensbett_frontal_BEAR_PRESSE_lowres.jpg\"><\/li><li class=\"glide__slide\"><img decoding=\"async\" src=\"https:\/\/www.touringcars.com\/wp-content\/uploads\/2025\/02\/2022_rm_optima_ontour_edition_v65_ge_innen_arbeitsplattenerweiterung_BEAR_PRESSE_lowres.jpeg-533x300.webp\" srcset=\"https:\/\/www.touringcars.com\/wp-content\/uploads\/2025\/02\/2022_rm_optima_ontour_edition_v65_ge_innen_arbeitsplattenerweiterung_BEAR_PRESSE_lowres.jpeg-300x169.webp 300w, https:\/\/www.touringcars.com\/wp-content\/uploads\/2025\/02\/2022_rm_optima_ontour_edition_v65_ge_innen_arbeitsplattenerweiterung_BEAR_PRESSE_lowres.jpeg-768x432.webp 768w, https:\/\/www.touringcars.com\/wp-content\/uploads\/2025\/02\/2022_rm_optima_ontour_edition_v65_ge_innen_arbeitsplattenerweiterung_BEAR_PRESSE_lowres.jpeg-714x402.webp 714w, https:\/\/www.touringcars.com\/wp-content\/uploads\/2025\/02\/2022_rm_optima_ontour_edition_v65_ge_innen_arbeitsplattenerweiterung_BEAR_PRESSE_lowres.jpeg-533x300.webp 533w, https:\/\/www.touringcars.com\/wp-content\/uploads\/2025\/02\/2022_rm_optima_ontour_edition_v65_ge_innen_arbeitsplattenerweiterung_BEAR_PRESSE_lowres.jpeg-846x476.webp 846w, https:\/\/www.touringcars.com\/wp-content\/uploads\/2025\/02\/2022_rm_optima_ontour_edition_v65_ge_innen_arbeitsplattenerweiterung_BEAR_PRESSE_lowres.jpeg.webp 1024w\" alt=\"2022_rm_optima_ontour_edition_v65_ge_innen_arbeitsplattenerweiterung_BEAR_PRESSE_lowres.jpeg\"><\/li><li class=\"glide__slide\"><img decoding=\"async\" src=\"https:\/\/www.touringcars.com\/wp-content\/uploads\/2025\/02\/2020-rm-optima-deluxe-t70f-innen-people-kueche-051-PRESSE_lowres.jpg-533x300.webp\" srcset=\"https:\/\/www.touringcars.com\/wp-content\/uploads\/2025\/02\/2020-rm-optima-deluxe-t70f-innen-people-kueche-051-PRESSE_lowres.jpg-300x169.webp 300w, https:\/\/www.touringcars.com\/wp-content\/uploads\/2025\/02\/2020-rm-optima-deluxe-t70f-innen-people-kueche-051-PRESSE_lowres.jpg-768x432.webp 768w, https:\/\/www.touringcars.com\/wp-content\/uploads\/2025\/02\/2020-rm-optima-deluxe-t70f-innen-people-kueche-051-PRESSE_lowres.jpg-714x402.webp 714w, https:\/\/www.touringcars.com\/wp-content\/uploads\/2025\/02\/2020-rm-optima-deluxe-t70f-innen-people-kueche-051-PRESSE_lowres.jpg-533x300.webp 533w, https:\/\/www.touringcars.com\/wp-content\/uploads\/2025\/02\/2020-rm-optima-deluxe-t70f-innen-people-kueche-051-PRESSE_lowres.jpg-846x476.webp 846w, https:\/\/www.touringcars.com\/wp-content\/uploads\/2025\/02\/2020-rm-optima-deluxe-t70f-innen-people-kueche-051-PRESSE_lowres.jpg.webp 1024w\" alt=\"2020-rm-optima-deluxe-t70f-innen-people-kueche-051-PRESSE_lowres.jpg\"><\/li><\/ul><\/div><div class=\"glide__controls\"><div class=\"glide__arrows\" data-glide-el=\"controls\"><span class=\"glide__arrow glide__arrow--left\" aria-label=\"V\u00e4nster\" data-glide-dir=\"<\"><\/span><span class=\"glide__arrow glide__arrow--right\" aria-label=\"H\u00f6ger\" data-glide-dir=\">&#8221;><\/span><\/div><div class=\"glide__bullets\" data-glide-el=\"controls[nav]\"><span class=\"glide__bullet\" data-glide-dir=\"=0\" data-parent-uid=\"69f2a655d6ff4\"><\/span><span class=\"glide__bullet\" data-glide-dir=\"=1\" data-parent-uid=\"69f2a655d6ff4\"><\/span><span class=\"glide__bullet\" data-glide-dir=\"=2\" data-parent-uid=\"69f2a655d6ff4\"><\/span><span class=\"glide__bullet\" data-glide-dir=\"=3\" data-parent-uid=\"69f2a655d6ff4\"><\/span><span class=\"glide__bullet\" data-glide-dir=\"=4\" data-parent-uid=\"69f2a655d6ff4\"><\/span><span class=\"glide__bullet\" data-glide-dir=\"=5\" data-parent-uid=\"69f2a655d6ff4\"><\/span><span class=\"glide__bullet\" data-glide-dir=\"=6\" data-parent-uid=\"69f2a655d6ff4\"><\/span><\/div><\/div><\/div>            <\/div>\r\n        <\/div>\r\n    <\/div>\r\n<\/section>\n\n<section class=\"block block-iconrow bg-white\">\r\n    <div class=\"container\">\r\n        <div class=\"content-container reveal\">\r\n            <div class=\"icon-row\"><div class=\"icon-item\"><img decoding=\"async\" src=\"https:\/\/www.touringcars.com\/wp-content\/uploads\/2025\/02\/Clean_blue.svg\" alt=\"Clean_blue\"><div class=\"label\">Fullt utrustade, anpassade och v\u00e4lunderh\u00e5llna husbilar<\/div><\/div><div class=\"icon-item\"><img decoding=\"async\" src=\"https:\/\/www.touringcars.com\/wp-content\/uploads\/2025\/02\/Five-stars_blue.svg\" alt=\"Five stars_blue\"><div class=\"label\">Personlig kundservice fr\u00e5n b\u00f6rjan till slut<\/div><\/div><div class=\"icon-item\"><img decoding=\"async\" src=\"https:\/\/www.touringcars.com\/wp-content\/uploads\/2025\/02\/Airport-transfer2_blue.svg\" alt=\"Airport transfer2_blue\"><div class=\"label\">Flygplatstransfer<\/div><\/div><div class=\"icon-item\"><img decoding=\"async\" src=\"https:\/\/www.touringcars.com\/wp-content\/uploads\/2025\/02\/road-assistance_blue.svg\" alt=\"road assistance_blue\"><div class=\"label\">24\/7 v\u00e4gtj\u00e4nst<\/div><\/div><div class=\"icon-item\"><img decoding=\"async\" src=\"https:\/\/www.touringcars.com\/wp-content\/uploads\/2025\/02\/Unlimited-mileage-3_blue.svg\" alt=\"Unlimited mileage 3_blue\"><div class=\"label\">Obegr\u00e4nsad k\u00f6rstr\u00e4cka<\/div><\/div><\/div>        <\/div>\r\n    <\/div>\r\n<\/section>\n\n<section class=\"block block-centertext\">\r\n    <div class=\"container\">\r\n        <div class=\"content-container reveal\">\r\n            <h2>Funktioner f\u00f6r SMALL<\/h2><p class=\"text-align-center\">Bara k\u00f6rkort B beh\u00f6vad\u00a0 \u00a0|\u00a0 \u00a0Manuell v\u00e4xell\u00e5dadd\u00a0 \u00a0|\u00a0 \u00a0Turbo dieselmotord\u00a0 \u00a0|\u00a0 \u00a0Komplett matlagnings- &amp; matbestick\u00a0 \u00a0|\u00a0 \u00a0Kylsk\u00e5p, gasspis\u00a0 \u00a0|\u00a0 \u00a0Toalett &amp; dusch\u00a0 \u00a0|\u00a0 \u00a0V\u00e4rme &amp; luftkonditionering i bildel\u00a0 \u00a0|\u00a0 \u00a0Navigering\u00a0 \u00a0|\u00a0 \u00a0Markis\u00a0 \u00a0|\u00a0 \u00a0Elkabel\u00a0 \u00a0|\u00a0 \u00a0slang &amp; vattenkanna<\/p>\n<p><em>Observera att husbilar som visas p\u00e5 denna webbplats endast \u00e4r f\u00f6r illustrations\u00e4ndam\u00e5l. Faktiska husbilar kan skilja sig fr\u00e5n fotografier och illustrationer. Detta inneb\u00e4r att \u00e4ven fordonsdetaljer, t ex s\u00e4ngm\u00e5tt, kommer att variera. Touring Cars f\u00f6rbeh\u00e5ller sig r\u00e4tten att \u00e4ndra specifikationer och\/eller leverera ett fordon av liknande eller h\u00f6gre klass fordon till det marknadsf\u00f6rda priset utan f\u00f6reg\u00e5ende meddelande.<\/em><\/p>\n        <\/div>\r\n    <\/div>\r\n<\/section>\n\n<section class=\"block block-gallery\">\r\n    <div class=\"container container-full\">\r\n        <div class=\"image-gallery\"><a href=\"https:\/\/www.touringcars.com\/wp-content\/uploads\/2025\/02\/carado-imagebank-data_VE_Semi-Integrated_T448_GP_2025_0001_21-31-41_WEB-1.jpg\" class=\"lightbox\"><img decoding=\"async\" src=\"https:\/\/www.touringcars.com\/wp-content\/uploads\/2025\/02\/carado-imagebank-data_VE_Semi-Integrated_T448_GP_2025_0001_21-31-41_WEB-1-574x287.jpg\" srcset=\"https:\/\/www.touringcars.com\/wp-content\/uploads\/2025\/02\/carado-imagebank-data_VE_Semi-Integrated_T448_GP_2025_0001_21-31-41_WEB-1-300x150.jpg 300w, https:\/\/www.touringcars.com\/wp-content\/uploads\/2025\/02\/carado-imagebank-data_VE_Semi-Integrated_T448_GP_2025_0001_21-31-41_WEB-1-1024x512.jpg 1024w, https:\/\/www.touringcars.com\/wp-content\/uploads\/2025\/02\/carado-imagebank-data_VE_Semi-Integrated_T448_GP_2025_0001_21-31-41_WEB-1-768x384.jpg 768w, https:\/\/www.touringcars.com\/wp-content\/uploads\/2025\/02\/carado-imagebank-data_VE_Semi-Integrated_T448_GP_2025_0001_21-31-41_WEB-1-1536x768.jpg 1536w, https:\/\/www.touringcars.com\/wp-content\/uploads\/2025\/02\/carado-imagebank-data_VE_Semi-Integrated_T448_GP_2025_0001_21-31-41_WEB-1-2048x1024.jpg 2048w, https:\/\/www.touringcars.com\/wp-content\/uploads\/2025\/02\/carado-imagebank-data_VE_Semi-Integrated_T448_GP_2025_0001_21-31-41_WEB-1-1920x960.jpg 1920w, https:\/\/www.touringcars.com\/wp-content\/uploads\/2025\/02\/carado-imagebank-data_VE_Semi-Integrated_T448_GP_2025_0001_21-31-41_WEB-1-1186x593.jpg 1186w, https:\/\/www.touringcars.com\/wp-content\/uploads\/2025\/02\/carado-imagebank-data_VE_Semi-Integrated_T448_GP_2025_0001_21-31-41_WEB-1-714x357.jpg 714w, https:\/\/www.touringcars.com\/wp-content\/uploads\/2025\/02\/carado-imagebank-data_VE_Semi-Integrated_T448_GP_2025_0001_21-31-41_WEB-1-574x287.jpg 574w\" alt=\"_carado-imagebank-data_VE_Semi-Integrated_T448_GP_2025_0001_21-31-41_WEB\"><\/a><a href=\"https:\/\/www.touringcars.com\/wp-content\/uploads\/2025\/02\/carado-imagebank-data_VE_Van_V339_GP_2025_0001_21-31-41_WEB.jpg\" class=\"lightbox\"><img decoding=\"async\" src=\"https:\/\/www.touringcars.com\/wp-content\/uploads\/2025\/02\/carado-imagebank-data_VE_Van_V339_GP_2025_0001_21-31-41_WEB-574x287.jpg\" srcset=\"https:\/\/www.touringcars.com\/wp-content\/uploads\/2025\/02\/carado-imagebank-data_VE_Van_V339_GP_2025_0001_21-31-41_WEB-300x150.jpg 300w, https:\/\/www.touringcars.com\/wp-content\/uploads\/2025\/02\/carado-imagebank-data_VE_Van_V339_GP_2025_0001_21-31-41_WEB-1024x512.jpg 1024w, https:\/\/www.touringcars.com\/wp-content\/uploads\/2025\/02\/carado-imagebank-data_VE_Van_V339_GP_2025_0001_21-31-41_WEB-768x384.jpg 768w, https:\/\/www.touringcars.com\/wp-content\/uploads\/2025\/02\/carado-imagebank-data_VE_Van_V339_GP_2025_0001_21-31-41_WEB-1536x768.jpg 1536w, https:\/\/www.touringcars.com\/wp-content\/uploads\/2025\/02\/carado-imagebank-data_VE_Van_V339_GP_2025_0001_21-31-41_WEB-2048x1024.jpg 2048w, https:\/\/www.touringcars.com\/wp-content\/uploads\/2025\/02\/carado-imagebank-data_VE_Van_V339_GP_2025_0001_21-31-41_WEB-1920x960.jpg 1920w, https:\/\/www.touringcars.com\/wp-content\/uploads\/2025\/02\/carado-imagebank-data_VE_Van_V339_GP_2025_0001_21-31-41_WEB-1186x593.jpg 1186w, https:\/\/www.touringcars.com\/wp-content\/uploads\/2025\/02\/carado-imagebank-data_VE_Van_V339_GP_2025_0001_21-31-41_WEB-714x357.jpg 714w, https:\/\/www.touringcars.com\/wp-content\/uploads\/2025\/02\/carado-imagebank-data_VE_Van_V339_GP_2025_0001_21-31-41_WEB-574x287.jpg 574w\" alt=\"_carado-imagebank-data_VE_Van_V339_GP_2025_0001_21-31-41_WEB\"><\/a>    <\/div>\r\n<\/section>\n\n<section style=\"background-image: url(https:\/\/www.touringcars.com\/wp-content\/uploads\/2025\/02\/hobby-van-holiday-couple_1.jpg.webp)\" class=\"block block-centertext bg-image\">\r\n    <div class=\"container\">\r\n        <div class=\"content-container reveal\">\r\n            <p><img decoding=\"async\" class=\"alignnone size-large wp-image-7122\" src=\"https:\/\/touringcars.com\/wp-content\/uploads\/2025\/02\/vehicle-icons-wide.png-1024x113.webp\" alt=\"\" width=\"1024\" height=\"113\" srcset=\"https:\/\/www.touringcars.com\/wp-content\/uploads\/2025\/02\/vehicle-icons-wide.png-1024x113.webp 1024w, https:\/\/www.touringcars.com\/wp-content\/uploads\/2025\/02\/vehicle-icons-wide.png-180x20.webp 180w, https:\/\/www.touringcars.com\/wp-content\/uploads\/2025\/02\/vehicle-icons-wide.png-412x45.webp 412w, https:\/\/www.touringcars.com\/wp-content\/uploads\/2025\/02\/vehicle-icons-wide.png-300x33.webp 300w, https:\/\/www.touringcars.com\/wp-content\/uploads\/2025\/02\/vehicle-icons-wide.png-768x85.webp 768w, https:\/\/www.touringcars.com\/wp-content\/uploads\/2025\/02\/vehicle-icons-wide.png-714x79.webp 714w, https:\/\/www.touringcars.com\/wp-content\/uploads\/2025\/02\/vehicle-icons-wide.png-574x63.webp 574w, https:\/\/www.touringcars.com\/wp-content\/uploads\/2025\/02\/vehicle-icons-wide.png.webp 1280w\" sizes=\"(max-width: 1024px) 100vw, 1024px\" \/><\/p>\n        <\/div>\r\n    <\/div>\r\n<\/section>\n\n<section class=\"block block-basic\">\r\n    <div class=\"container\">\r\n        <div class=\"content-container reveal\">\r\n            <h2>Femstj\u00e4rnig service<\/h2><p>F\u00f6r en exklusiv serviceupplevelse inkluderar alla v\u00e5ra hyrespriser f\u00f6r husbilar och pl\u00e5tisar VIP-transfer fr\u00e5n och till flygplatsen samt en fullst\u00e4ndig, personlig genomg\u00e5ng av all utrustning ombord. Dessutom f\u00e5r du ett telefonnummer som du kan ringa dygnet runt om du har fr\u00e5gor l\u00e4ngs v\u00e4gen. Du kan till och med byta husbil i h\u00e4ndelse av allvarliga fel, allt f\u00f6r att s\u00e4kerst\u00e4lla att du f\u00e5r en bekymmersfri semester.<\/p>\n        <\/div>\r\n    <\/div>\r\n<\/section>\n\n<section class=\"block block-textimage\">\r\n    <div class=\"container\">\r\n        <div class=\"content-row image-placement-right\">\r\n            <div class=\"content-container reveal\">\r\n                <h3>En fr\u00e4sch flotta tillg\u00e4nglig f\u00f6r dig<\/h3><div class=\"two-col__content\">\n<div class=\"two-col__text\">\n<div class=\"clearfix text-formatted field field--name-field-text field--type-text-long field--label-hidden field__item\">\n<p>Husbilar ur v\u00e5r n\u00e4st minsta kategori representerar de finaste husbilsmodellerna p\u00e5 marknaden. Husbilar ur detta premiumsegment har alla k\u00f6rts mindre \u00e4n 100 000 km. Kvaliteten p\u00e5 Touring Cars husbilar \u00e4r h\u00f6gre \u00e4n branschgenomsnittet, vilket skiljer oss fr\u00e5n andra uthyrningsf\u00f6retag. En hyresupplevelse av h\u00f6g kvalitet s\u00e4kerst\u00e4lls genom fyra oberoende kontroller mellan varje uthyrning, f\u00f6r att s\u00e4kerst\u00e4lla att v\u00e5ra h\u00f6ga standarder uppfylls. Denna process tar flera timmar och innefattar en grundlig reng\u00f6ring, en fullst\u00e4ndig teknisk kontroll och en personligt anpassad f\u00f6rberedelse av husbilen f\u00f6r n\u00e4sta g\u00e4st.<\/p>\n<\/div>\n<\/div>\n<\/div>\n            <\/div>\r\n            <div class=\"image-container reveal image-high\">\r\n                <img decoding=\"async\" src=\"https:\/\/www.touringcars.com\/wp-content\/uploads\/2022\/09\/carado-imagebank-data_VE_Semi-Integrated_T447_PI_2024_0112_21-31-41_WEB-574x383.jpg\" srcset=\"https:\/\/www.touringcars.com\/wp-content\/uploads\/2022\/09\/carado-imagebank-data_VE_Semi-Integrated_T447_PI_2024_0112_21-31-41_WEB-300x200.jpg 300w, https:\/\/www.touringcars.com\/wp-content\/uploads\/2022\/09\/carado-imagebank-data_VE_Semi-Integrated_T447_PI_2024_0112_21-31-41_WEB-1024x683.jpg 1024w, https:\/\/www.touringcars.com\/wp-content\/uploads\/2022\/09\/carado-imagebank-data_VE_Semi-Integrated_T447_PI_2024_0112_21-31-41_WEB-768x512.jpg 768w, https:\/\/www.touringcars.com\/wp-content\/uploads\/2022\/09\/carado-imagebank-data_VE_Semi-Integrated_T447_PI_2024_0112_21-31-41_WEB-1536x1024.jpg 1536w, https:\/\/www.touringcars.com\/wp-content\/uploads\/2022\/09\/carado-imagebank-data_VE_Semi-Integrated_T447_PI_2024_0112_21-31-41_WEB-2048x1365.jpg 2048w, https:\/\/www.touringcars.com\/wp-content\/uploads\/2022\/09\/carado-imagebank-data_VE_Semi-Integrated_T447_PI_2024_0112_21-31-41_WEB-1920x1280.jpg 1920w, https:\/\/www.touringcars.com\/wp-content\/uploads\/2022\/09\/carado-imagebank-data_VE_Semi-Integrated_T447_PI_2024_0112_21-31-41_WEB-890x593.jpg 890w, https:\/\/www.touringcars.com\/wp-content\/uploads\/2022\/09\/carado-imagebank-data_VE_Semi-Integrated_T447_PI_2024_0112_21-31-41_WEB-714x476.jpg 714w, https:\/\/www.touringcars.com\/wp-content\/uploads\/2022\/09\/carado-imagebank-data_VE_Semi-Integrated_T447_PI_2024_0112_21-31-41_WEB-574x383.jpg 574w, https:\/\/www.touringcars.com\/wp-content\/uploads\/2022\/09\/carado-imagebank-data_VE_Semi-Integrated_T447_PI_2024_0112_21-31-41_WEB-367x245.jpg 367w\" alt=\"_carado-imagebank-data_VE_Semi-Integrated_T447_PI_2024_0112_21-31-41_WEB\" width=\"2560\" height=\"1707\">            <\/div>\r\n        <\/div>\r\n    <\/div>\r\n<\/section>\n\n<section class=\"block block-textimage\">\r\n    <div class=\"container\">\r\n        <div class=\"content-row image-placement-left\">\r\n            <div class=\"content-container reveal\">\r\n                <h3>V\u00e4lutrustat boende<\/h3><div class=\"two-col__content\">\n<div class=\"two-col__text\">\n<div class=\"clearfix text-formatted field field--name-field-text field--type-text-long field--label-hidden field__item\">\n<p>\u00c4ven om de yttre m\u00e5tten \u00e4r sm\u00e5 inkluderar v\u00e5ra pl\u00e5tisar i premiumsegmentet samma underbara faciliteter som v\u00e5ra st\u00f6rre husbilsmodeller i premiumsegmentet: toppmodernt badrum, k\u00f6k med spis med dubbla br\u00e4nnare, kylsk\u00e5p med en kapacitet p\u00e5 70 liter samt en komplett upps\u00e4ttning k\u00f6ksredskap och bordsartiklar. Standardutrustningen \u00e4r densamma som i v\u00e5ra andra v\u00e4lutrustade husbilar, inklusive niv\u00e5klossar, elkablar, vattenslangar osv.<\/p>\n<\/div>\n<\/div>\n<\/div>\n            <\/div>\r\n            <div class=\"image-container reveal image-high\">\r\n                <img decoding=\"async\" src=\"https:\/\/www.touringcars.com\/wp-content\/uploads\/2025\/02\/small-motorhome-interior-kitchen.jpg-525x300.webp\" srcset=\"https:\/\/www.touringcars.com\/wp-content\/uploads\/2025\/02\/small-motorhome-interior-kitchen.jpg-300x171.webp 300w, https:\/\/www.touringcars.com\/wp-content\/uploads\/2025\/02\/small-motorhome-interior-kitchen.jpg-1024x585.webp 1024w, https:\/\/www.touringcars.com\/wp-content\/uploads\/2025\/02\/small-motorhome-interior-kitchen.jpg-768x439.webp 768w, https:\/\/www.touringcars.com\/wp-content\/uploads\/2025\/02\/small-motorhome-interior-kitchen.jpg-1038x593.webp 1038w, https:\/\/www.touringcars.com\/wp-content\/uploads\/2025\/02\/small-motorhome-interior-kitchen.jpg-714x408.webp 714w, https:\/\/www.touringcars.com\/wp-content\/uploads\/2025\/02\/small-motorhome-interior-kitchen.jpg-525x300.webp 525w, https:\/\/www.touringcars.com\/wp-content\/uploads\/2025\/02\/small-motorhome-interior-kitchen.jpg.webp 1400w\" alt=\"small-motorhome-interior-kitchen.jpg\" width=\"1400\" height=\"800\">            <\/div>\r\n        <\/div>\r\n    <\/div>\r\n<\/section>\n\n<section class=\"block block-textimage\">\r\n    <div class=\"container\">\r\n        <div class=\"content-row image-placement-right\">\r\n            <div class=\"content-container reveal\">\r\n                <h3>Praktisk interi\u00f6r<\/h3><div class=\"two-col__content\">\n<div class=\"two-col__text\">\n<div class=\"clearfix text-formatted field field--name-field-text field--type-text-long field--label-hidden field__item\">\n<p>Den vackra interi\u00f6ren i kategorin SMALL i premiumsegmentet \u00e4r utformad f\u00f6r tv\u00e5 personer. Detta premiumsegment har en dubbels\u00e4ng l\u00e4ngst bak i fordonet och en rymlig matplats l\u00e4ngre fram. Omgivande LED-belysning och glansiga ytor, tillsammans med sm\u00e5 lyxiga inslag som mjukst\u00e4ngande l\u00e5dor, ger interi\u00f6ren en k\u00e4nsla av h\u00f6g kvalitet.<\/p>\n<\/div>\n<\/div>\n<\/div>\n            <\/div>\r\n            <div class=\"image-container reveal image-high\">\r\n                <img decoding=\"async\" src=\"https:\/\/www.touringcars.com\/wp-content\/uploads\/2025\/02\/interior-small-motorhome-bed.jpg-525x300.webp\" srcset=\"https:\/\/www.touringcars.com\/wp-content\/uploads\/2025\/02\/interior-small-motorhome-bed.jpg-300x171.webp 300w, https:\/\/www.touringcars.com\/wp-content\/uploads\/2025\/02\/interior-small-motorhome-bed.jpg-1024x585.webp 1024w, https:\/\/www.touringcars.com\/wp-content\/uploads\/2025\/02\/interior-small-motorhome-bed.jpg-768x439.webp 768w, https:\/\/www.touringcars.com\/wp-content\/uploads\/2025\/02\/interior-small-motorhome-bed.jpg-1038x593.webp 1038w, https:\/\/www.touringcars.com\/wp-content\/uploads\/2025\/02\/interior-small-motorhome-bed.jpg-714x408.webp 714w, https:\/\/www.touringcars.com\/wp-content\/uploads\/2025\/02\/interior-small-motorhome-bed.jpg-525x300.webp 525w, https:\/\/www.touringcars.com\/wp-content\/uploads\/2025\/02\/interior-small-motorhome-bed.jpg.webp 1400w\" alt=\"interior-small-motorhome-bed.jpg\" width=\"1400\" height=\"800\">            <\/div>\r\n        <\/div>\r\n    <\/div>\r\n<\/section>\n\n<section style=\"background-image: url(https:\/\/www.touringcars.com\/wp-content\/uploads\/2025\/02\/camper_van_driving_on_road_as_the_sun_is_rising.jpg.webp)\" class=\"block block-centertext bg-image\">\r\n    <div class=\"container\">\r\n        <div class=\"content-container reveal\">\r\n            <h2>Boka nu och betala senare<\/h2><p class=\"text-align-center\">Med v\u00e5ra flexibla betalningss\u00e4tt du kan reservera en h\u00f6gklassig husbilssemester med handpenning p\u00e5 170 GBP\/ 200 EUR\/ 2,000 NOK\/ 2,000 SEK och betala det \u00e5terst\u00e5ende beloppet 45 dagar f\u00f6re din f\u00f6rsta hyresdag.<\/p>\n<p class=\"text-align-center\">Kontrollera tillg\u00e4nglighet och hyrpriser f\u00f6r husbilar live p\u00e5 v\u00e5r hemsida.<\/p>\n<div class=\"buttons\"><a href=\"\" class=\"btn btn-wide\" target=\"_blank\" rel=\"noopener noreferrer\">Hemsidan<\/a><\/div>        <\/div>\r\n    <\/div>\r\n<\/section>\n\n<section class=\"block block-basic small-padding-bottom hide-during-booking\">\r\n    <div class=\"container\">\r\n        <div class=\"content-container reveal\">\r\n            <p><strong>Mer information: Videor<\/strong><\/p>\n<div class=\"buttons\"><a href=\"https:\/\/www.youtube.com\/playlist?list=PLH1ePBkJ8mrIrX21VPlGuryWMvwm22zCu\" class=\"btn btn-wide\" target=\"_blank\" rel=\"noopener noreferrer\">Orienteringsvideor<\/a><a href=\"https:\/\/www.youtube.com\/playlist?list=PLH1ePBkJ8mrJo8ZHnLseip_jvYqA1j7qe\" class=\"btn btn-wide\" target=\"_blank\" rel=\"noopener noreferrer\">Praktiska tips<\/a><\/div>        <\/div>\r\n    <\/div>\r\n<\/section>\n\n<section class=\"block block-basic small-padding-top\">\r\n    <div class=\"container\">\r\n        <div class=\"content-container reveal\">\r\n            <p><em>Observera att husbilar som visas p\u00e5 denna webbplats endast \u00e4r f\u00f6r illustrations\u00e4ndam\u00e5l. Faktiska husbilar kan skilja sig fr\u00e5n fotografier och illustrationer. Detta inneb\u00e4r att \u00e4ven fordonsdetaljer, t ex s\u00e4ngm\u00e5tt, kommer att variera. Touring Cars f\u00f6rbeh\u00e5ller sig r\u00e4tten att \u00e4ndra specifikationer och\/eller leverera ett fordon av liknande eller h\u00f6gre klass fordon till det marknadsf\u00f6rda priset utan f\u00f6reg\u00e5ende meddelande.<\/em><\/p>\n        <\/div>\r\n    <\/div>\r\n<\/section>\n\n<section class=\"block block-postsslider style-small hide-during-booking\">\r\n    <div class=\"container reveal\">\r\n        <h2>Husbilskategorier<\/h2><div class=\"glide articles-slider\" data-uid=\"69f2a655eac01\"><div class=\"glide__track\" data-glide-el=\"track\"><ul class=\"glide__slides\"><li class=\"glide__slide\"><article class=\"article reveal\"><div class=\"image-container\"><a href=\"https:\/\/www.touringcars.com\/sv\/vehicle-category\/urban-van-automatic\/\"><img decoding=\"async\" src=\"https:\/\/www.touringcars.com\/wp-content\/uploads\/2025\/12\/Urban-Van-1-574x411.jpg\" srcset=\"https:\/\/www.touringcars.com\/wp-content\/uploads\/2025\/12\/Urban-Van-1-300x215.jpg 300w, https:\/\/www.touringcars.com\/wp-content\/uploads\/2025\/12\/Urban-Van-1-1024x733.jpg 1024w, https:\/\/www.touringcars.com\/wp-content\/uploads\/2025\/12\/Urban-Van-1-768x550.jpg 768w, https:\/\/www.touringcars.com\/wp-content\/uploads\/2025\/12\/Urban-Van-1-828x593.jpg 828w, https:\/\/www.touringcars.com\/wp-content\/uploads\/2025\/12\/Urban-Van-1-714x511.jpg 714w, https:\/\/www.touringcars.com\/wp-content\/uploads\/2025\/12\/Urban-Van-1-180x129.jpg 180w, https:\/\/www.touringcars.com\/wp-content\/uploads\/2025\/12\/Urban-Van-1-412x295.jpg 412w, https:\/\/www.touringcars.com\/wp-content\/uploads\/2025\/12\/Urban-Van-1-574x411.jpg 574w, https:\/\/www.touringcars.com\/wp-content\/uploads\/2025\/12\/Urban-Van-1.jpg 1348w\" alt=\"Urban Van Automatic f\u00f6r 2\"><\/a><\/div><div class=\"content-container\"><h3><a href=\"https:\/\/www.touringcars.com\/sv\/vehicle-category\/urban-van-automatic\/\">Urban Van Automatic f\u00f6r 2<\/a><\/h3><\/div><\/article><\/li><li class=\"glide__slide\"><article class=\"article reveal\"><div class=\"image-container\"><a href=\"https:\/\/www.touringcars.com\/sv\/vehicle-category\/camp-automatic\/\"><img decoding=\"async\" src=\"https:\/\/www.touringcars.com\/wp-content\/uploads\/2025\/12\/camp-automatic-574x411.jpeg\" srcset=\"https:\/\/www.touringcars.com\/wp-content\/uploads\/2025\/12\/camp-automatic-300x215.jpeg 300w, https:\/\/www.touringcars.com\/wp-content\/uploads\/2025\/12\/camp-automatic-1024x733.jpeg 1024w, https:\/\/www.touringcars.com\/wp-content\/uploads\/2025\/12\/camp-automatic-768x550.jpeg 768w, https:\/\/www.touringcars.com\/wp-content\/uploads\/2025\/12\/camp-automatic-828x593.jpeg 828w, https:\/\/www.touringcars.com\/wp-content\/uploads\/2025\/12\/camp-automatic-714x511.jpeg 714w, https:\/\/www.touringcars.com\/wp-content\/uploads\/2025\/12\/camp-automatic-574x411.jpeg 574w, https:\/\/www.touringcars.com\/wp-content\/uploads\/2025\/12\/camp-automatic.jpeg 1348w\" alt=\"CAMP AUTOMATIC f\u00f6r 2\"><\/a><\/div><div class=\"content-container\"><h3><a href=\"https:\/\/www.touringcars.com\/sv\/vehicle-category\/camp-automatic\/\">CAMP AUTOMATIC f\u00f6r 2<\/a><\/h3><\/div><\/article><\/li><li class=\"glide__slide\"><article class=\"article reveal\"><div class=\"image-container\"><a href=\"https:\/\/www.touringcars.com\/sv\/vehicle-category\/van\/\"><img decoding=\"async\" src=\"https:\/\/www.touringcars.com\/wp-content\/uploads\/2025\/02\/carado-imagebank-data_VE_Camper-Van_CV640_CU_2025_1002_21-31-41_web-450x300.jpg\" srcset=\"https:\/\/www.touringcars.com\/wp-content\/uploads\/2025\/02\/carado-imagebank-data_VE_Camper-Van_CV640_CU_2025_1002_21-31-41_web-300x200.jpg 300w, https:\/\/www.touringcars.com\/wp-content\/uploads\/2025\/02\/carado-imagebank-data_VE_Camper-Van_CV640_CU_2025_1002_21-31-41_web-1024x682.jpg 1024w, https:\/\/www.touringcars.com\/wp-content\/uploads\/2025\/02\/carado-imagebank-data_VE_Camper-Van_CV640_CU_2025_1002_21-31-41_web-768x512.jpg 768w, https:\/\/www.touringcars.com\/wp-content\/uploads\/2025\/02\/carado-imagebank-data_VE_Camper-Van_CV640_CU_2025_1002_21-31-41_web-1536x1024.jpg 1536w, https:\/\/www.touringcars.com\/wp-content\/uploads\/2025\/02\/carado-imagebank-data_VE_Camper-Van_CV640_CU_2025_1002_21-31-41_web-2048x1365.jpg 2048w, https:\/\/www.touringcars.com\/wp-content\/uploads\/2025\/02\/carado-imagebank-data_VE_Camper-Van_CV640_CU_2025_1002_21-31-41_web-890x593.jpg 890w, https:\/\/www.touringcars.com\/wp-content\/uploads\/2025\/02\/carado-imagebank-data_VE_Camper-Van_CV640_CU_2025_1002_21-31-41_web-714x476.jpg 714w, https:\/\/www.touringcars.com\/wp-content\/uploads\/2025\/02\/carado-imagebank-data_VE_Camper-Van_CV640_CU_2025_1002_21-31-41_web-450x300.jpg 450w, https:\/\/www.touringcars.com\/wp-content\/uploads\/2025\/02\/carado-imagebank-data_VE_Camper-Van_CV640_CU_2025_1002_21-31-41_web-367x245.jpg 367w\" alt=\"VAN f\u00f6r 2\"><\/a><\/div><div class=\"content-container\"><h3><a href=\"https:\/\/www.touringcars.com\/sv\/vehicle-category\/van\/\">VAN f\u00f6r 2<\/a><\/h3><\/div><\/article><\/li><li class=\"glide__slide\"><article class=\"article reveal\"><div class=\"image-container\"><a href=\"https:\/\/www.touringcars.com\/sv\/vehicle-category\/van-4x4-automatic\/\"><img decoding=\"async\" src=\"https:\/\/www.touringcars.com\/wp-content\/uploads\/2025\/11\/van-4x4-buerstner-habiton-2025-white-road-1-574x411.jpg\" srcset=\"https:\/\/www.touringcars.com\/wp-content\/uploads\/2025\/11\/van-4x4-buerstner-habiton-2025-white-road-1-300x215.jpg 300w, https:\/\/www.touringcars.com\/wp-content\/uploads\/2025\/11\/van-4x4-buerstner-habiton-2025-white-road-1-1024x733.jpg 1024w, https:\/\/www.touringcars.com\/wp-content\/uploads\/2025\/11\/van-4x4-buerstner-habiton-2025-white-road-1-768x550.jpg 768w, https:\/\/www.touringcars.com\/wp-content\/uploads\/2025\/11\/van-4x4-buerstner-habiton-2025-white-road-1-828x593.jpg 828w, https:\/\/www.touringcars.com\/wp-content\/uploads\/2025\/11\/van-4x4-buerstner-habiton-2025-white-road-1-714x511.jpg 714w, https:\/\/www.touringcars.com\/wp-content\/uploads\/2025\/11\/van-4x4-buerstner-habiton-2025-white-road-1-574x411.jpg 574w, https:\/\/www.touringcars.com\/wp-content\/uploads\/2025\/11\/van-4x4-buerstner-habiton-2025-white-road-1.jpg 1348w\" alt=\"VAN 4&#215;4 AUTOMATIC f\u00f6r 2\"><\/a><\/div><div class=\"content-container\"><h3><a href=\"https:\/\/www.touringcars.com\/sv\/vehicle-category\/van-4x4-automatic\/\">VAN 4&#215;4 AUTOMATIC f\u00f6r 2<\/a><\/h3><\/div><\/article><\/li><li class=\"glide__slide\"><article class=\"article reveal\"><div class=\"image-container\"><a href=\"https:\/\/www.touringcars.com\/sv\/vehicle-category\/small\/\"><img decoding=\"async\" src=\"https:\/\/www.touringcars.com\/wp-content\/uploads\/2025\/02\/carado-imagebank-data_VE_Van_V339_CU_2025_1002_21-31-41_web-450x300.jpg\" srcset=\"https:\/\/www.touringcars.com\/wp-content\/uploads\/2025\/02\/carado-imagebank-data_VE_Van_V339_CU_2025_1002_21-31-41_web-300x200.jpg 300w, https:\/\/www.touringcars.com\/wp-content\/uploads\/2025\/02\/carado-imagebank-data_VE_Van_V339_CU_2025_1002_21-31-41_web-1024x682.jpg 1024w, https:\/\/www.touringcars.com\/wp-content\/uploads\/2025\/02\/carado-imagebank-data_VE_Van_V339_CU_2025_1002_21-31-41_web-768x512.jpg 768w, https:\/\/www.touringcars.com\/wp-content\/uploads\/2025\/02\/carado-imagebank-data_VE_Van_V339_CU_2025_1002_21-31-41_web-1536x1024.jpg 1536w, https:\/\/www.touringcars.com\/wp-content\/uploads\/2025\/02\/carado-imagebank-data_VE_Van_V339_CU_2025_1002_21-31-41_web-2048x1365.jpg 2048w, https:\/\/www.touringcars.com\/wp-content\/uploads\/2025\/02\/carado-imagebank-data_VE_Van_V339_CU_2025_1002_21-31-41_web-890x593.jpg 890w, https:\/\/www.touringcars.com\/wp-content\/uploads\/2025\/02\/carado-imagebank-data_VE_Van_V339_CU_2025_1002_21-31-41_web-714x476.jpg 714w, https:\/\/www.touringcars.com\/wp-content\/uploads\/2025\/02\/carado-imagebank-data_VE_Van_V339_CU_2025_1002_21-31-41_web-450x300.jpg 450w, https:\/\/www.touringcars.com\/wp-content\/uploads\/2025\/02\/carado-imagebank-data_VE_Van_V339_CU_2025_1002_21-31-41_web-367x245.jpg 367w\" alt=\"SMALL f\u00f6r 2\"><\/a><\/div><div class=\"content-container\"><h3><a href=\"https:\/\/www.touringcars.com\/sv\/vehicle-category\/small\/\">SMALL f\u00f6r 2<\/a><\/h3><\/div><\/article><\/li><li class=\"glide__slide\"><article class=\"article reveal\"><div class=\"image-container\"><a href=\"https:\/\/www.touringcars.com\/sv\/vehicle-category\/luxury-for-2-personer\/\"><img decoding=\"async\" src=\"https:\/\/www.touringcars.com\/wp-content\/uploads\/2025\/02\/carado-imagebank-data_VE_Semi-Integrated_T447_CU_2025_1502_21-31-41_WEB-450x300.jpg\" srcset=\"https:\/\/www.touringcars.com\/wp-content\/uploads\/2025\/02\/carado-imagebank-data_VE_Semi-Integrated_T447_CU_2025_1502_21-31-41_WEB-300x200.jpg 300w, https:\/\/www.touringcars.com\/wp-content\/uploads\/2025\/02\/carado-imagebank-data_VE_Semi-Integrated_T447_CU_2025_1502_21-31-41_WEB-1024x683.jpg 1024w, https:\/\/www.touringcars.com\/wp-content\/uploads\/2025\/02\/carado-imagebank-data_VE_Semi-Integrated_T447_CU_2025_1502_21-31-41_WEB-768x512.jpg 768w, https:\/\/www.touringcars.com\/wp-content\/uploads\/2025\/02\/carado-imagebank-data_VE_Semi-Integrated_T447_CU_2025_1502_21-31-41_WEB-1536x1024.jpg 1536w, https:\/\/www.touringcars.com\/wp-content\/uploads\/2025\/02\/carado-imagebank-data_VE_Semi-Integrated_T447_CU_2025_1502_21-31-41_WEB-2048x1365.jpg 2048w, https:\/\/www.touringcars.com\/wp-content\/uploads\/2025\/02\/carado-imagebank-data_VE_Semi-Integrated_T447_CU_2025_1502_21-31-41_WEB-1920x1280.jpg 1920w, https:\/\/www.touringcars.com\/wp-content\/uploads\/2025\/02\/carado-imagebank-data_VE_Semi-Integrated_T447_CU_2025_1502_21-31-41_WEB-890x593.jpg 890w, https:\/\/www.touringcars.com\/wp-content\/uploads\/2025\/02\/carado-imagebank-data_VE_Semi-Integrated_T447_CU_2025_1502_21-31-41_WEB-714x476.jpg 714w, https:\/\/www.touringcars.com\/wp-content\/uploads\/2025\/02\/carado-imagebank-data_VE_Semi-Integrated_T447_CU_2025_1502_21-31-41_WEB-450x300.jpg 450w, https:\/\/www.touringcars.com\/wp-content\/uploads\/2025\/02\/carado-imagebank-data_VE_Semi-Integrated_T447_CU_2025_1502_21-31-41_WEB-367x245.jpg 367w\" alt=\"LUXURY f\u00f6r 2\"><\/a><\/div><div class=\"content-container\"><h3><a href=\"https:\/\/www.touringcars.com\/sv\/vehicle-category\/luxury-for-2-personer\/\">LUXURY f\u00f6r 2<\/a><\/h3><\/div><\/article><\/li><li class=\"glide__slide\"><article class=\"article reveal\"><div class=\"image-container\"><a href=\"https:\/\/www.touringcars.com\/sv\/vehicle-category\/medium\/\"><img decoding=\"async\" src=\"https:\/\/www.touringcars.com\/wp-content\/uploads\/2025\/02\/carado-imagebank-data_VE_Semi-Integrated_T448_CU_2025_1002_21-31-41_web-450x300.jpg\" srcset=\"https:\/\/www.touringcars.com\/wp-content\/uploads\/2025\/02\/carado-imagebank-data_VE_Semi-Integrated_T448_CU_2025_1002_21-31-41_web-300x200.jpg 300w, https:\/\/www.touringcars.com\/wp-content\/uploads\/2025\/02\/carado-imagebank-data_VE_Semi-Integrated_T448_CU_2025_1002_21-31-41_web-1024x682.jpg 1024w, https:\/\/www.touringcars.com\/wp-content\/uploads\/2025\/02\/carado-imagebank-data_VE_Semi-Integrated_T448_CU_2025_1002_21-31-41_web-768x512.jpg 768w, https:\/\/www.touringcars.com\/wp-content\/uploads\/2025\/02\/carado-imagebank-data_VE_Semi-Integrated_T448_CU_2025_1002_21-31-41_web-1536x1024.jpg 1536w, https:\/\/www.touringcars.com\/wp-content\/uploads\/2025\/02\/carado-imagebank-data_VE_Semi-Integrated_T448_CU_2025_1002_21-31-41_web-2048x1365.jpg 2048w, https:\/\/www.touringcars.com\/wp-content\/uploads\/2025\/02\/carado-imagebank-data_VE_Semi-Integrated_T448_CU_2025_1002_21-31-41_web-890x593.jpg 890w, https:\/\/www.touringcars.com\/wp-content\/uploads\/2025\/02\/carado-imagebank-data_VE_Semi-Integrated_T448_CU_2025_1002_21-31-41_web-714x476.jpg 714w, https:\/\/www.touringcars.com\/wp-content\/uploads\/2025\/02\/carado-imagebank-data_VE_Semi-Integrated_T448_CU_2025_1002_21-31-41_web-450x300.jpg 450w, https:\/\/www.touringcars.com\/wp-content\/uploads\/2025\/02\/carado-imagebank-data_VE_Semi-Integrated_T448_CU_2025_1002_21-31-41_web-367x245.jpg 367w\" alt=\"MEDIUM f\u00f6r 4\"><\/a><\/div><div class=\"content-container\"><h3><a href=\"https:\/\/www.touringcars.com\/sv\/vehicle-category\/medium\/\">MEDIUM f\u00f6r 4<\/a><\/h3><\/div><\/article><\/li><li class=\"glide__slide\"><article class=\"article reveal\"><div class=\"image-container\"><a href=\"https:\/\/www.touringcars.com\/sv\/vehicle-category\/luxury\/\"><img decoding=\"async\" src=\"https:\/\/www.touringcars.com\/wp-content\/uploads\/2025\/02\/carado-imagebank-data_VE_Semi-Integrated_T447_CU_2025_1502_21-31-41_WEB-450x300.jpg\" srcset=\"https:\/\/www.touringcars.com\/wp-content\/uploads\/2025\/02\/carado-imagebank-data_VE_Semi-Integrated_T447_CU_2025_1502_21-31-41_WEB-300x200.jpg 300w, https:\/\/www.touringcars.com\/wp-content\/uploads\/2025\/02\/carado-imagebank-data_VE_Semi-Integrated_T447_CU_2025_1502_21-31-41_WEB-1024x683.jpg 1024w, https:\/\/www.touringcars.com\/wp-content\/uploads\/2025\/02\/carado-imagebank-data_VE_Semi-Integrated_T447_CU_2025_1502_21-31-41_WEB-768x512.jpg 768w, https:\/\/www.touringcars.com\/wp-content\/uploads\/2025\/02\/carado-imagebank-data_VE_Semi-Integrated_T447_CU_2025_1502_21-31-41_WEB-1536x1024.jpg 1536w, https:\/\/www.touringcars.com\/wp-content\/uploads\/2025\/02\/carado-imagebank-data_VE_Semi-Integrated_T447_CU_2025_1502_21-31-41_WEB-2048x1365.jpg 2048w, https:\/\/www.touringcars.com\/wp-content\/uploads\/2025\/02\/carado-imagebank-data_VE_Semi-Integrated_T447_CU_2025_1502_21-31-41_WEB-1920x1280.jpg 1920w, https:\/\/www.touringcars.com\/wp-content\/uploads\/2025\/02\/carado-imagebank-data_VE_Semi-Integrated_T447_CU_2025_1502_21-31-41_WEB-890x593.jpg 890w, https:\/\/www.touringcars.com\/wp-content\/uploads\/2025\/02\/carado-imagebank-data_VE_Semi-Integrated_T447_CU_2025_1502_21-31-41_WEB-714x476.jpg 714w, https:\/\/www.touringcars.com\/wp-content\/uploads\/2025\/02\/carado-imagebank-data_VE_Semi-Integrated_T447_CU_2025_1502_21-31-41_WEB-450x300.jpg 450w, https:\/\/www.touringcars.com\/wp-content\/uploads\/2025\/02\/carado-imagebank-data_VE_Semi-Integrated_T447_CU_2025_1502_21-31-41_WEB-367x245.jpg 367w\" alt=\"LUXURY f\u00f6r 4\"><\/a><\/div><div class=\"content-container\"><h3><a href=\"https:\/\/www.touringcars.com\/sv\/vehicle-category\/luxury\/\">LUXURY f\u00f6r 4<\/a><\/h3><\/div><\/article><\/li><li class=\"glide__slide\"><article class=\"article reveal\"><div class=\"image-container\"><a href=\"https:\/\/www.touringcars.com\/sv\/vehicle-category\/family\/\"><img decoding=\"async\" src=\"https:\/\/www.touringcars.com\/wp-content\/uploads\/2025\/02\/carado-imagebank-data_VE_Overcab_A361_CU_2025_1002_21-31-41_web-450x300.jpg\" srcset=\"https:\/\/www.touringcars.com\/wp-content\/uploads\/2025\/02\/carado-imagebank-data_VE_Overcab_A361_CU_2025_1002_21-31-41_web-300x200.jpg 300w, https:\/\/www.touringcars.com\/wp-content\/uploads\/2025\/02\/carado-imagebank-data_VE_Overcab_A361_CU_2025_1002_21-31-41_web-1024x682.jpg 1024w, https:\/\/www.touringcars.com\/wp-content\/uploads\/2025\/02\/carado-imagebank-data_VE_Overcab_A361_CU_2025_1002_21-31-41_web-768x512.jpg 768w, https:\/\/www.touringcars.com\/wp-content\/uploads\/2025\/02\/carado-imagebank-data_VE_Overcab_A361_CU_2025_1002_21-31-41_web-1536x1024.jpg 1536w, https:\/\/www.touringcars.com\/wp-content\/uploads\/2025\/02\/carado-imagebank-data_VE_Overcab_A361_CU_2025_1002_21-31-41_web-2048x1365.jpg 2048w, https:\/\/www.touringcars.com\/wp-content\/uploads\/2025\/02\/carado-imagebank-data_VE_Overcab_A361_CU_2025_1002_21-31-41_web-890x593.jpg 890w, https:\/\/www.touringcars.com\/wp-content\/uploads\/2025\/02\/carado-imagebank-data_VE_Overcab_A361_CU_2025_1002_21-31-41_web-714x476.jpg 714w, https:\/\/www.touringcars.com\/wp-content\/uploads\/2025\/02\/carado-imagebank-data_VE_Overcab_A361_CU_2025_1002_21-31-41_web-450x300.jpg 450w, https:\/\/www.touringcars.com\/wp-content\/uploads\/2025\/02\/carado-imagebank-data_VE_Overcab_A361_CU_2025_1002_21-31-41_web-367x245.jpg 367w\" alt=\"FAMILY f\u00f6r 5\"><\/a><\/div><div class=\"content-container\"><h3><a href=\"https:\/\/www.touringcars.com\/sv\/vehicle-category\/family\/\">FAMILY f\u00f6r 5<\/a><\/h3><\/div><\/article><\/li><li class=\"glide__slide\"><article class=\"article reveal\"><div class=\"image-container\"><a href=\"https:\/\/www.touringcars.com\/sv\/vehicle-category\/large\/\"><img decoding=\"async\" src=\"https:\/\/www.touringcars.com\/wp-content\/uploads\/2025\/02\/carado-imagebank-data_VE_Overcab_A464_CU_2025_1003_21-31-41_web-450x300.jpg\" srcset=\"https:\/\/www.touringcars.com\/wp-content\/uploads\/2025\/02\/carado-imagebank-data_VE_Overcab_A464_CU_2025_1003_21-31-41_web-300x200.jpg 300w, https:\/\/www.touringcars.com\/wp-content\/uploads\/2025\/02\/carado-imagebank-data_VE_Overcab_A464_CU_2025_1003_21-31-41_web-1024x682.jpg 1024w, https:\/\/www.touringcars.com\/wp-content\/uploads\/2025\/02\/carado-imagebank-data_VE_Overcab_A464_CU_2025_1003_21-31-41_web-768x512.jpg 768w, https:\/\/www.touringcars.com\/wp-content\/uploads\/2025\/02\/carado-imagebank-data_VE_Overcab_A464_CU_2025_1003_21-31-41_web-1536x1024.jpg 1536w, https:\/\/www.touringcars.com\/wp-content\/uploads\/2025\/02\/carado-imagebank-data_VE_Overcab_A464_CU_2025_1003_21-31-41_web-2048x1365.jpg 2048w, https:\/\/www.touringcars.com\/wp-content\/uploads\/2025\/02\/carado-imagebank-data_VE_Overcab_A464_CU_2025_1003_21-31-41_web-890x593.jpg 890w, https:\/\/www.touringcars.com\/wp-content\/uploads\/2025\/02\/carado-imagebank-data_VE_Overcab_A464_CU_2025_1003_21-31-41_web-714x476.jpg 714w, https:\/\/www.touringcars.com\/wp-content\/uploads\/2025\/02\/carado-imagebank-data_VE_Overcab_A464_CU_2025_1003_21-31-41_web-450x300.jpg 450w, https:\/\/www.touringcars.com\/wp-content\/uploads\/2025\/02\/carado-imagebank-data_VE_Overcab_A464_CU_2025_1003_21-31-41_web-367x245.jpg 367w\" alt=\"LARGE f\u00f6r 5 och 6\"><\/a><\/div><div class=\"content-container\"><h3><a href=\"https:\/\/www.touringcars.com\/sv\/vehicle-category\/large\/\">LARGE f\u00f6r 5 och 6<\/a><\/h3><\/div><\/article><\/li><\/ul><\/div><div class=\"glide__controls\"><div class=\"glide__arrows\" data-glide-el=\"controls\"><span class=\"glide__arrow glide__arrow--left\" data-glide-dir=\"<\"><\/span><span class=\"glide__arrow glide__arrow--right\" data-glide-dir=\">&#8221;><\/span><\/div><div class=\"glide__bullets\" data-glide-el=\"controls[nav]\"><span class=\"glide__bullet\" data-glide-dir=\"=0\" data-parent-uid=\"69f2a655eac01\"><\/span><span class=\"glide__bullet\" data-glide-dir=\"=1\" data-parent-uid=\"69f2a655eac01\"><\/span><span class=\"glide__bullet\" data-glide-dir=\"=2\" data-parent-uid=\"69f2a655eac01\"><\/span><span class=\"glide__bullet\" data-glide-dir=\"=3\" data-parent-uid=\"69f2a655eac01\"><\/span><span class=\"glide__bullet\" data-glide-dir=\"=4\" data-parent-uid=\"69f2a655eac01\"><\/span><span class=\"glide__bullet\" data-glide-dir=\"=5\" data-parent-uid=\"69f2a655eac01\"><\/span><span class=\"glide__bullet\" data-glide-dir=\"=6\" data-parent-uid=\"69f2a655eac01\"><\/span><span class=\"glide__bullet\" data-glide-dir=\"=7\" data-parent-uid=\"69f2a655eac01\"><\/span><span class=\"glide__bullet\" data-glide-dir=\"=8\" data-parent-uid=\"69f2a655eac01\"><\/span><span class=\"glide__bullet\" data-glide-dir=\"=9\" data-parent-uid=\"69f2a655eac01\"><\/span><\/div><\/div><\/div><div class=\"buttons\"><a href=\"https:\/\/www.touringcars.com\/sv\/husbilar\/\" class=\"btn btn-outline\">Alla kategorier<\/a><\/div>    <\/div>\r\n<\/section>","protected":false},"featured_media":9611,"template":"","class_list":["post-7023","campervans-groups","type-campervans-groups","status-publish","has-post-thumbnail","hentry"],"acf":[],"_links":{"self":[{"href":"https:\/\/www.touringcars.com\/sv\/wp-json\/wp\/v2\/campervans-groups\/7023","targetHints":{"allow":["GET"]}}],"collection":[{"href":"https:\/\/www.touringcars.com\/sv\/wp-json\/wp\/v2\/campervans-groups"}],"about":[{"href":"https:\/\/www.touringcars.com\/sv\/wp-json\/wp\/v2\/types\/campervans-groups"}],"version-history":[{"count":6,"href":"https:\/\/www.touringcars.com\/sv\/wp-json\/wp\/v2\/campervans-groups\/7023\/revisions"}],"predecessor-version":[{"id":19111,"href":"https:\/\/www.touringcars.com\/sv\/wp-json\/wp\/v2\/campervans-groups\/7023\/revisions\/19111"}],"wp:featuredmedia":[{"embeddable":true,"href":"https:\/\/www.touringcars.com\/sv\/wp-json\/wp\/v2\/media\/9611"}],"wp:attachment":[{"href":"https:\/\/www.touringcars.com\/sv\/wp-json\/wp\/v2\/media?parent=7023"}],"curies":[{"name":"wp","href":"https:\/\/api.w.org\/{rel}","templated":true}]}}