{"id":26119,"date":"2025-12-22T07:01:50","date_gmt":"2025-12-22T07:01:50","guid":{"rendered":"https:\/\/www.touringcars.com\/vehicle-category\/urban-van-automatic-for-2\/"},"modified":"2026-01-27T13:33:39","modified_gmt":"2026-01-27T13:33:39","slug":"urban-van-automatic","status":"publish","type":"campervans-groups","link":"https:\/\/www.touringcars.com\/sv\/vehicle-category\/urban-van-automatic\/","title":{"rendered":"Urban Van Automatic f\u00f6r 2"},"content":{"rendered":"<section class=\"block block-textimage\">\r\n    <div class=\"container\">\r\n        <div class=\"content-row image-placement-left\">\r\n            <div class=\"content-container reveal\">\r\n                <h3>Kategorin Urban Van Automatic &#8211; Ikonisk stil och frihet<\/h3><p>Upplev den ultimata friheten med kategorin <b>URBAN VAN<\/b> <strong>AUTOMATIC<\/strong>. Den h\u00e4r husbilen \u00e4r den perfekta hybriden mellan en kompakt personbil och en fullt utrustad husbil. Dess kompakta m\u00e5tt g\u00f6r att du enkelt kan navigera p\u00e5 smala stadsgator och i parkeringsgarage, medan det uppf\u00e4llbara taket f\u00f6rvandlar den till ett rymligt semesterhem p\u00e5 n\u00e5gra sekunder.  <\/p>\n            <\/div>\r\n            <div class=\"image-container reveal\">\r\n                <img decoding=\"async\" src=\"https:\/\/www.touringcars.com\/wp-content\/uploads\/2025\/12\/UrbanVan-Vuoristo-574x431.jpg\" srcset=\"https:\/\/www.touringcars.com\/wp-content\/uploads\/2025\/12\/UrbanVan-Vuoristo-300x225.jpg 300w, https:\/\/www.touringcars.com\/wp-content\/uploads\/2025\/12\/UrbanVan-Vuoristo-1024x768.jpg 1024w, https:\/\/www.touringcars.com\/wp-content\/uploads\/2025\/12\/UrbanVan-Vuoristo-768x576.jpg 768w, https:\/\/www.touringcars.com\/wp-content\/uploads\/2025\/12\/UrbanVan-Vuoristo-791x593.jpg 791w, https:\/\/www.touringcars.com\/wp-content\/uploads\/2025\/12\/UrbanVan-Vuoristo-708x531.jpg 708w, https:\/\/www.touringcars.com\/wp-content\/uploads\/2025\/12\/UrbanVan-Vuoristo-574x431.jpg 574w, https:\/\/www.touringcars.com\/wp-content\/uploads\/2025\/12\/UrbanVan-Vuoristo.jpg 1500w\" alt=\"UrbanVan-Vuoristo\" width=\"1500\" height=\"1125\">            <\/div>\r\n        <\/div>\r\n    <\/div>\r\n<\/section><section class=\"block block-iconrow bg-white\">\r\n    <div class=\"container\">\r\n        <div class=\"content-container reveal\">\r\n            <h2>Det b\u00e4sta v\u00e4rdet f\u00f6r dina pengar<\/h2><div class=\"icon-row\"><div class=\"icon-item\"><img decoding=\"async\" src=\"https:\/\/www.touringcars.com\/wp-content\/uploads\/2025\/02\/Clean_blue.svg\" alt=\"Clean_blue\"><div class=\"label\">Fullt utrustade, anpassade och v\u00e4lunderh\u00e5llna husbilar<\/div><\/div><div class=\"icon-item\"><img decoding=\"async\" src=\"https:\/\/www.touringcars.com\/wp-content\/uploads\/2025\/02\/Five-stars_blue.svg\" alt=\"Five stars_blue\"><div class=\"label\">Personlig kundservice fr\u00e5n b\u00f6rjan till slut<\/div><\/div><div class=\"icon-item\"><img decoding=\"async\" src=\"https:\/\/www.touringcars.com\/wp-content\/uploads\/2025\/02\/Airport-transfer2_blue.svg\" alt=\"Airport transfer2_blue\"><div class=\"label\">Gratis flygplatstransfer<\/div><\/div><div class=\"icon-item\"><img decoding=\"async\" src=\"https:\/\/www.touringcars.com\/wp-content\/uploads\/2025\/02\/road-assistance_blue.svg\" alt=\"road assistance_blue\"><div class=\"label\">24\/7 v\u00e4gtj\u00e4nst<\/div><\/div><div class=\"icon-item\"><img decoding=\"async\" src=\"https:\/\/www.touringcars.com\/wp-content\/uploads\/2025\/02\/Unlimited-mileage-3_blue.svg\" alt=\"Unlimited mileage 3_blue\"><div class=\"label\">Obegr\u00e4nsad k\u00f6rstr\u00e4cka<\/div><\/div><\/div>        <\/div>\r\n    <\/div>\r\n<\/section><section class=\"block block-textimage\">\r\n    <div class=\"container\">\r\n        <div class=\"content-row image-placement-right\">\r\n            <div class=\"content-container reveal\">\r\n                <h3>Funktioner i Urban Van Automatic<\/h3><ul>\n<li>Bara k\u00f6rkort B beh\u00f6vs<\/li>\n<li>Automatv\u00e4xell\u00e5da<\/li>\n<li>Turbodieselmotor<\/li>\n<li>Komplett matlagnings- &amp; matbestick<\/li>\n<li>Kylsk\u00e5p &amp; gasspis<\/li>\n<li>Porta Potti (portabel toalett)<\/li>\n<li>F\u00e4llbar s\u00e4ng<\/li>\n<li>V\u00e4rmesystem<\/li>\n<li>Luftkonditionering i f\u00f6rarhytten<\/li>\n<li>Navigation<\/li>\n<li>Elkabel<\/li>\n<li>Vattenslang &amp; vattenkanna<\/li>\n<\/ul>\n            <\/div>\r\n            <div class=\"image-container reveal\">\r\n                <img decoding=\"async\" src=\"https:\/\/www.touringcars.com\/wp-content\/uploads\/2025\/12\/UrbanVan-Hollanti-1-574x431.jpg\" srcset=\"https:\/\/www.touringcars.com\/wp-content\/uploads\/2025\/12\/UrbanVan-Hollanti-1-300x225.jpg 300w, https:\/\/www.touringcars.com\/wp-content\/uploads\/2025\/12\/UrbanVan-Hollanti-1-1024x768.jpg 1024w, https:\/\/www.touringcars.com\/wp-content\/uploads\/2025\/12\/UrbanVan-Hollanti-1-768x576.jpg 768w, https:\/\/www.touringcars.com\/wp-content\/uploads\/2025\/12\/UrbanVan-Hollanti-1-791x593.jpg 791w, https:\/\/www.touringcars.com\/wp-content\/uploads\/2025\/12\/UrbanVan-Hollanti-1-708x531.jpg 708w, https:\/\/www.touringcars.com\/wp-content\/uploads\/2025\/12\/UrbanVan-Hollanti-1-180x136.jpg 180w, https:\/\/www.touringcars.com\/wp-content\/uploads\/2025\/12\/UrbanVan-Hollanti-1-412x310.jpg 412w, https:\/\/www.touringcars.com\/wp-content\/uploads\/2025\/12\/UrbanVan-Hollanti-1-574x431.jpg 574w, https:\/\/www.touringcars.com\/wp-content\/uploads\/2025\/12\/UrbanVan-Hollanti-1.jpg 1500w\" alt=\"UrbanVan-Hollanti (1)\" width=\"1500\" height=\"1125\">            <\/div>\r\n        <\/div>\r\n    <\/div>\r\n<\/section>\n<p><sub>Observera att husbilar som visas p\u00e5 denna webbplats endast \u00e4r f\u00f6r illustrations\u00e4ndam\u00e5l. Faktiska husbilar kan skilja sig fr\u00e5n fotografier och illustrationer. Detta inneb\u00e4r att \u00e4ven fordonsdetaljer, t ex s\u00e4ngm\u00e5tt, kommer att variera. Touring Cars f\u00f6rbeh\u00e5ller sig r\u00e4tten att \u00e4ndra specifikationer och\/eller leverera ett fordon av liknande eller h\u00f6gre klass fordon till det marknadsf\u00f6rda priset utan f\u00f6reg\u00e5ende meddelande.   <\/sub><\/p>\n<section class=\"block block-gallery\">\r\n    <div class=\"container container-full\">\r\n        <div class=\"image-gallery\"><a href=\"https:\/\/www.touringcars.com\/wp-content\/uploads\/2025\/12\/UrbanVan-Ulko1.jpg\" class=\"lightbox\"><img decoding=\"async\" src=\"https:\/\/www.touringcars.com\/wp-content\/uploads\/2025\/12\/UrbanVan-Ulko1-574x411.jpg\" srcset=\"https:\/\/www.touringcars.com\/wp-content\/uploads\/2025\/12\/UrbanVan-Ulko1-300x215.jpg 300w, https:\/\/www.touringcars.com\/wp-content\/uploads\/2025\/12\/UrbanVan-Ulko1-1024x733.jpg 1024w, https:\/\/www.touringcars.com\/wp-content\/uploads\/2025\/12\/UrbanVan-Ulko1-768x550.jpg 768w, https:\/\/www.touringcars.com\/wp-content\/uploads\/2025\/12\/UrbanVan-Ulko1-828x593.jpg 828w, https:\/\/www.touringcars.com\/wp-content\/uploads\/2025\/12\/UrbanVan-Ulko1-714x511.jpg 714w, https:\/\/www.touringcars.com\/wp-content\/uploads\/2025\/12\/UrbanVan-Ulko1-574x411.jpg 574w, https:\/\/www.touringcars.com\/wp-content\/uploads\/2025\/12\/UrbanVan-Ulko1.jpg 1348w\" alt=\"UrbanVan-Ulko1\"><\/a><a href=\"https:\/\/www.touringcars.com\/wp-content\/uploads\/2025\/12\/UrbanVan-Sisa1-Kuski.jpg\" class=\"lightbox\"><img decoding=\"async\" src=\"https:\/\/www.touringcars.com\/wp-content\/uploads\/2025\/12\/UrbanVan-Sisa1-Kuski-574x411.jpg\" srcset=\"https:\/\/www.touringcars.com\/wp-content\/uploads\/2025\/12\/UrbanVan-Sisa1-Kuski-300x215.jpg 300w, https:\/\/www.touringcars.com\/wp-content\/uploads\/2025\/12\/UrbanVan-Sisa1-Kuski-1024x733.jpg 1024w, https:\/\/www.touringcars.com\/wp-content\/uploads\/2025\/12\/UrbanVan-Sisa1-Kuski-768x550.jpg 768w, https:\/\/www.touringcars.com\/wp-content\/uploads\/2025\/12\/UrbanVan-Sisa1-Kuski-828x593.jpg 828w, https:\/\/www.touringcars.com\/wp-content\/uploads\/2025\/12\/UrbanVan-Sisa1-Kuski-714x511.jpg 714w, https:\/\/www.touringcars.com\/wp-content\/uploads\/2025\/12\/UrbanVan-Sisa1-Kuski-574x411.jpg 574w, https:\/\/www.touringcars.com\/wp-content\/uploads\/2025\/12\/UrbanVan-Sisa1-Kuski.jpg 1348w\" alt=\"UrbanVan-Sisa1-Kuski\"><\/a><a href=\"https:\/\/www.touringcars.com\/wp-content\/uploads\/2025\/12\/UrbanVan-Sisa5-Sanky.jpg\" class=\"lightbox\"><img decoding=\"async\" src=\"https:\/\/www.touringcars.com\/wp-content\/uploads\/2025\/12\/UrbanVan-Sisa5-Sanky-574x411.jpg\" srcset=\"https:\/\/www.touringcars.com\/wp-content\/uploads\/2025\/12\/UrbanVan-Sisa5-Sanky-300x215.jpg 300w, https:\/\/www.touringcars.com\/wp-content\/uploads\/2025\/12\/UrbanVan-Sisa5-Sanky-1024x733.jpg 1024w, https:\/\/www.touringcars.com\/wp-content\/uploads\/2025\/12\/UrbanVan-Sisa5-Sanky-768x550.jpg 768w, https:\/\/www.touringcars.com\/wp-content\/uploads\/2025\/12\/UrbanVan-Sisa5-Sanky-828x593.jpg 828w, https:\/\/www.touringcars.com\/wp-content\/uploads\/2025\/12\/UrbanVan-Sisa5-Sanky-714x511.jpg 714w, https:\/\/www.touringcars.com\/wp-content\/uploads\/2025\/12\/UrbanVan-Sisa5-Sanky-574x411.jpg 574w, https:\/\/www.touringcars.com\/wp-content\/uploads\/2025\/12\/UrbanVan-Sisa5-Sanky.jpg 1348w\" alt=\"UrbanVan-Sisa5-Sanky\"><\/a>    <\/div>\r\n<\/section><section style=\"background-image: url(https:\/\/www.touringcars.com\/wp-content\/uploads\/2025\/02\/hobby-van-holiday-couple_1.jpg.webp)\" class=\"block block-centertext bg-image\">\r\n    <div class=\"container\">\r\n        <div class=\"content-container reveal\">\r\n            <p><img decoding=\"async\" class=\"alignnone size-large wp-image-7122\" src=\"https:\/\/touringcars.com\/wp-content\/uploads\/2025\/02\/vehicle-icons-wide.png-1024x113.webp\" alt=\"\" width=\"1024\" height=\"113\" srcset=\"https:\/\/www.touringcars.com\/wp-content\/uploads\/2025\/02\/vehicle-icons-wide.png-1024x113.webp 1024w, https:\/\/www.touringcars.com\/wp-content\/uploads\/2025\/02\/vehicle-icons-wide.png-180x20.webp 180w, https:\/\/www.touringcars.com\/wp-content\/uploads\/2025\/02\/vehicle-icons-wide.png-412x45.webp 412w, https:\/\/www.touringcars.com\/wp-content\/uploads\/2025\/02\/vehicle-icons-wide.png-300x33.webp 300w, https:\/\/www.touringcars.com\/wp-content\/uploads\/2025\/02\/vehicle-icons-wide.png-768x85.webp 768w, https:\/\/www.touringcars.com\/wp-content\/uploads\/2025\/02\/vehicle-icons-wide.png-714x79.webp 714w, https:\/\/www.touringcars.com\/wp-content\/uploads\/2025\/02\/vehicle-icons-wide.png-574x63.webp 574w, https:\/\/www.touringcars.com\/wp-content\/uploads\/2025\/02\/vehicle-icons-wide.png.webp 1280w\" sizes=\"(max-width: 1024px) 100vw, 1024px\" \/><\/p>\n        <\/div>\r\n    <\/div>\r\n<\/section>\n\n<section class=\"block block-basic\">\r\n    <div class=\"container\">\r\n        <div class=\"content-container reveal\">\r\n            <h2>Femstj\u00e4rnig service<\/h2><p>F\u00f6r en exklusiv serviceupplevelse inkluderar alla v\u00e5ra hyrespriser f\u00f6r husbilar och pl\u00e5tisar VIP-transfer fr\u00e5n och till flygplatsen samt en fullst\u00e4ndig, personlig genomg\u00e5ng av all utrustning ombord. Dessutom f\u00e5r du ett telefonnummer som du kan ringa dygnet runt om du har fr\u00e5gor l\u00e4ngs v\u00e4gen. Du kan till och med byta husbil i h\u00e4ndelse av allvarliga fel, allt f\u00f6r att s\u00e4kerst\u00e4lla att du f\u00e5r en bekymmersfri semester.<\/p>\n        <\/div>\r\n    <\/div>\r\n<\/section><section class=\"block block-textimage\">\r\n    <div class=\"container\">\r\n        <div class=\"content-row image-placement-right\">\r\n            <div class=\"content-container reveal\">\r\n                <h3>En fr\u00e4sch flotta tillg\u00e4nglig f\u00f6r dig<\/h3><div class=\"two-col__content\">\n<div class=\"two-col__text\">\n<div class=\"clearfix text-formatted field field--name-field-text field--type-text-long field--label-hidden field__item\">\n<p>Hyrbilar i denna Urban Van Automatic-kategori representerar den b\u00e4sta tillg\u00e4ngliga kvaliteten, och de har alla k\u00f6rts mindre \u00e4n 100 000 km. Kvaliteten p\u00e5 v\u00e5r flotta \u00e4r viktig f\u00f6r oss, och f\u00f6r att h\u00e5lla v\u00e5r flotta fr\u00e4sch och vacker genomg\u00e5r alla v\u00e5ra husbilar f\u00f6r uthyrning fyra oberoende kontroller mellan varje uthyrning f\u00f6r att s\u00e4kerst\u00e4lla en bekymmersfri semester f\u00f6r varje kund. Denna process tar minst tre timmar och omfattar en grundlig reng\u00f6ring, en fullst\u00e4ndig teknisk kontroll och en personlig f\u00f6rberedelse av husbilen f\u00f6r n\u00e4sta g\u00e4st.  <\/p>\n<\/div>\n<\/div>\n<\/div>\n            <\/div>\r\n            <div class=\"image-container reveal image-high\">\r\n                <img decoding=\"async\" src=\"https:\/\/www.touringcars.com\/wp-content\/uploads\/2025\/12\/UrbanVan-Jarvi-574x431.jpg\" srcset=\"https:\/\/www.touringcars.com\/wp-content\/uploads\/2025\/12\/UrbanVan-Jarvi-300x225.jpg 300w, https:\/\/www.touringcars.com\/wp-content\/uploads\/2025\/12\/UrbanVan-Jarvi-1024x768.jpg 1024w, https:\/\/www.touringcars.com\/wp-content\/uploads\/2025\/12\/UrbanVan-Jarvi-768x576.jpg 768w, https:\/\/www.touringcars.com\/wp-content\/uploads\/2025\/12\/UrbanVan-Jarvi-791x593.jpg 791w, https:\/\/www.touringcars.com\/wp-content\/uploads\/2025\/12\/UrbanVan-Jarvi-708x531.jpg 708w, https:\/\/www.touringcars.com\/wp-content\/uploads\/2025\/12\/UrbanVan-Jarvi-574x431.jpg 574w, https:\/\/www.touringcars.com\/wp-content\/uploads\/2025\/12\/UrbanVan-Jarvi.jpg 1500w\" alt=\"UrbanVan-Jarvi\" width=\"1500\" height=\"1125\">            <\/div>\r\n        <\/div>\r\n    <\/div>\r\n<\/section><section class=\"block block-textimage\">\r\n    <div class=\"container\">\r\n        <div class=\"content-row image-placement-left\">\r\n            <div class=\"content-container reveal\">\r\n                <h3>Geniala utrymmesl\u00f6sningar<\/h3><div class=\"two-col__content\">\n<div class=\"two-col__text\">\n<div class=\"clearfix text-formatted field field--name-field-text field--type-text-long field--label-hidden field__item\">\n<p>Urban Van \u00e4r ett m\u00e4sterverk n\u00e4r det g\u00e4ller utrymmeseffektivitet. Det uppf\u00e4llbara <b>taket<\/b> ger inte bara extra <b>takh\u00f6jd<\/b> under dagen utan rymmer ocks\u00e5 en bekv\u00e4m \u00f6vre s\u00e4ng f\u00f6r tv\u00e5. P\u00e5 nederv\u00e5ningen kan den bakre b\u00e4nken enkelt omvandlas till en andra dubbels\u00e4ng. Varje centimeter av interi\u00f6ren anv\u00e4nds p\u00e5 ett smart s\u00e4tt f\u00f6r att maximera boendeytan. Genom att vrida frams\u00e4tena skapar du en rymlig och social atmosf\u00e4r, vilket g\u00f6r att sk\u00e5pbilen k\u00e4nns mycket st\u00f6rre \u00e4n dess kompakta yttre.    <\/p>\n<p>Standardutrustningen \u00e4r densamma som i v\u00e5ra \u00f6vriga v\u00e4lutrustade fordon och omgarrat bland annat niv\u00e5klossar, elkablar, vattenslangar osv.<\/p>\n<\/div>\n<p>&nbsp;<\/p>\n<\/div>\n<\/div>\n            <\/div>\r\n            <div class=\"image-container reveal image-high\">\r\n                <img decoding=\"async\" src=\"https:\/\/www.touringcars.com\/wp-content\/uploads\/2025\/12\/UrbanVan-Takaosa-574x431.jpg\" srcset=\"https:\/\/www.touringcars.com\/wp-content\/uploads\/2025\/12\/UrbanVan-Takaosa-300x225.jpg 300w, https:\/\/www.touringcars.com\/wp-content\/uploads\/2025\/12\/UrbanVan-Takaosa-1024x768.jpg 1024w, https:\/\/www.touringcars.com\/wp-content\/uploads\/2025\/12\/UrbanVan-Takaosa-768x576.jpg 768w, https:\/\/www.touringcars.com\/wp-content\/uploads\/2025\/12\/UrbanVan-Takaosa-791x593.jpg 791w, https:\/\/www.touringcars.com\/wp-content\/uploads\/2025\/12\/UrbanVan-Takaosa-708x531.jpg 708w, https:\/\/www.touringcars.com\/wp-content\/uploads\/2025\/12\/UrbanVan-Takaosa-574x431.jpg 574w, https:\/\/www.touringcars.com\/wp-content\/uploads\/2025\/12\/UrbanVan-Takaosa.jpg 1500w\" alt=\"UrbanVan-Takaosa\" width=\"1500\" height=\"1125\">            <\/div>\r\n        <\/div>\r\n    <\/div>\r\n<\/section><section class=\"block block-textimage\">\r\n    <div class=\"container\">\r\n        <div class=\"content-row image-placement-right\">\r\n            <div class=\"content-container reveal\">\r\n                <h3>Frihet att laga mat var som helst<\/h3><p>Det fullt integrerade pentryt \u00e4r ett underverk av kompakt design. Det har en <b>gasspis med tv\u00e5 br\u00e4nnare<\/b>, en diskho i rostfritt st\u00e5l med rinnande vatten och en <b>kylbox<\/b> f\u00f6r att h\u00e5lla dina viktigaste saker fr\u00e4scha. Tack vare den integrerade gasspisen kan du laga uts\u00f6kta m\u00e5ltider var du \u00e4n befinner dig p\u00e5 v\u00e4gen. N\u00e4r det \u00e4r dags att \u00e4ta \u00e4r det bara att s\u00e4tta upp det inv\u00e4ndiga bordet f\u00f6r att skapa en bekv\u00e4m matplats. Med integrerade m\u00f6rkl\u00e4ggningsgardiner och st\u00e4mningsfull belysning f\u00f6rvandlas sk\u00e5pbilen till ett mysigt vardagsrum s\u00e5 snart solen g\u00e5r ner.    <\/p>\n            <\/div>\r\n            <div class=\"image-container reveal image-high\">\r\n                <img decoding=\"async\" src=\"https:\/\/www.touringcars.com\/wp-content\/uploads\/2025\/12\/UrbanVan-Puisto-574x431.jpg\" srcset=\"https:\/\/www.touringcars.com\/wp-content\/uploads\/2025\/12\/UrbanVan-Puisto-300x225.jpg 300w, https:\/\/www.touringcars.com\/wp-content\/uploads\/2025\/12\/UrbanVan-Puisto-1024x768.jpg 1024w, https:\/\/www.touringcars.com\/wp-content\/uploads\/2025\/12\/UrbanVan-Puisto-768x576.jpg 768w, https:\/\/www.touringcars.com\/wp-content\/uploads\/2025\/12\/UrbanVan-Puisto-791x593.jpg 791w, https:\/\/www.touringcars.com\/wp-content\/uploads\/2025\/12\/UrbanVan-Puisto-708x531.jpg 708w, https:\/\/www.touringcars.com\/wp-content\/uploads\/2025\/12\/UrbanVan-Puisto-574x431.jpg 574w, https:\/\/www.touringcars.com\/wp-content\/uploads\/2025\/12\/UrbanVan-Puisto.jpg 1500w\" alt=\"UrbanVan-Puisto\" width=\"1500\" height=\"1125\">            <\/div>\r\n        <\/div>\r\n    <\/div>\r\n<\/section><section style=\"background-image: url(https:\/\/www.touringcars.com\/wp-content\/uploads\/2025\/02\/camper_van_driving_on_road_as_the_sun_is_rising.jpg.webp)\" class=\"block block-centertext bg-image\">\r\n    <div class=\"container\">\r\n        <div class=\"content-container reveal\">\r\n            <h2>Boka nu och betala senare<\/h2><p class=\"text-align-center\">Med v\u00e5ra flexibla betalningss\u00e4tt du kan reservera en h\u00f6gklassig husbilssemester med handpenning p\u00e5 170 GBP\/ 200 EUR\/ 2,000 NOK\/ 2,000 SEK och betala det \u00e5terst\u00e5ende beloppet 45 dagar f\u00f6re din f\u00f6rsta hyresdag.<\/p>\n<p class=\"text-align-center\">Kontrollera tillg\u00e4nglighet och hyrpriser f\u00f6r husbilar live p\u00e5 v\u00e5r hemsida.<\/p>\n<div class=\"buttons\"><a href=\"\" class=\"btn btn-wide\" target=\"_blank\" rel=\"noopener noreferrer\">Hemsidan<\/a><\/div>        <\/div>\r\n    <\/div>\r\n<\/section>\n\n<section class=\"block block-basic small-padding-bottom hide-during-booking\">\r\n    <div class=\"container\">\r\n        <div class=\"content-container reveal\">\r\n            <p><strong>Mer information: Videor<\/strong><\/p>\n<div class=\"buttons\"><a href=\"https:\/\/www.youtube.com\/playlist?list=PLH1ePBkJ8mrIrX21VPlGuryWMvwm22zCu\" class=\"btn btn-wide\" target=\"_blank\" rel=\"noopener noreferrer\">Orienteringsvideor<\/a><a href=\"https:\/\/www.youtube.com\/playlist?list=PLH1ePBkJ8mrJo8ZHnLseip_jvYqA1j7qe\" class=\"btn btn-wide\" target=\"_blank\" rel=\"noopener noreferrer\">Praktiska tips<\/a><\/div>        <\/div>\r\n    <\/div>\r\n<\/section>\n\n<section class=\"block block-basic small-padding-top\">\r\n    <div class=\"container\">\r\n        <div class=\"content-container reveal\">\r\n            <p><em>Observera att husbilar som visas p\u00e5 denna webbplats endast \u00e4r f\u00f6r illustrations\u00e4ndam\u00e5l. Faktiska husbilar kan skilja sig fr\u00e5n fotografier och illustrationer. Detta inneb\u00e4r att \u00e4ven fordonsdetaljer, t ex s\u00e4ngm\u00e5tt, kommer att variera. Touring Cars f\u00f6rbeh\u00e5ller sig r\u00e4tten att \u00e4ndra specifikationer och\/eller leverera ett fordon av liknande eller h\u00f6gre klass fordon till det marknadsf\u00f6rda priset utan f\u00f6reg\u00e5ende meddelande.<\/em><\/p>\n        <\/div>\r\n    <\/div>\r\n<\/section>\n\n<section class=\"block block-postsslider style-small hide-during-booking\">\r\n    <div class=\"container reveal\">\r\n        <h2>Husbilskategorier<\/h2><div class=\"glide articles-slider\" data-uid=\"69f2a65371139\"><div class=\"glide__track\" data-glide-el=\"track\"><ul class=\"glide__slides\"><li class=\"glide__slide\"><article class=\"article reveal\"><div class=\"image-container\"><a href=\"https:\/\/www.touringcars.com\/sv\/vehicle-category\/urban-van-automatic\/\"><img decoding=\"async\" src=\"https:\/\/www.touringcars.com\/wp-content\/uploads\/2025\/12\/Urban-Van-1-574x411.jpg\" srcset=\"https:\/\/www.touringcars.com\/wp-content\/uploads\/2025\/12\/Urban-Van-1-300x215.jpg 300w, https:\/\/www.touringcars.com\/wp-content\/uploads\/2025\/12\/Urban-Van-1-1024x733.jpg 1024w, https:\/\/www.touringcars.com\/wp-content\/uploads\/2025\/12\/Urban-Van-1-768x550.jpg 768w, https:\/\/www.touringcars.com\/wp-content\/uploads\/2025\/12\/Urban-Van-1-828x593.jpg 828w, https:\/\/www.touringcars.com\/wp-content\/uploads\/2025\/12\/Urban-Van-1-714x511.jpg 714w, https:\/\/www.touringcars.com\/wp-content\/uploads\/2025\/12\/Urban-Van-1-180x129.jpg 180w, https:\/\/www.touringcars.com\/wp-content\/uploads\/2025\/12\/Urban-Van-1-412x295.jpg 412w, https:\/\/www.touringcars.com\/wp-content\/uploads\/2025\/12\/Urban-Van-1-574x411.jpg 574w, https:\/\/www.touringcars.com\/wp-content\/uploads\/2025\/12\/Urban-Van-1.jpg 1348w\" alt=\"Urban Van Automatic f\u00f6r 2\"><\/a><\/div><div class=\"content-container\"><h3><a href=\"https:\/\/www.touringcars.com\/sv\/vehicle-category\/urban-van-automatic\/\">Urban Van Automatic f\u00f6r 2<\/a><\/h3><\/div><\/article><\/li><li class=\"glide__slide\"><article class=\"article reveal\"><div class=\"image-container\"><a href=\"https:\/\/www.touringcars.com\/sv\/vehicle-category\/camp-automatic\/\"><img decoding=\"async\" src=\"https:\/\/www.touringcars.com\/wp-content\/uploads\/2025\/12\/camp-automatic-574x411.jpeg\" srcset=\"https:\/\/www.touringcars.com\/wp-content\/uploads\/2025\/12\/camp-automatic-300x215.jpeg 300w, https:\/\/www.touringcars.com\/wp-content\/uploads\/2025\/12\/camp-automatic-1024x733.jpeg 1024w, https:\/\/www.touringcars.com\/wp-content\/uploads\/2025\/12\/camp-automatic-768x550.jpeg 768w, https:\/\/www.touringcars.com\/wp-content\/uploads\/2025\/12\/camp-automatic-828x593.jpeg 828w, https:\/\/www.touringcars.com\/wp-content\/uploads\/2025\/12\/camp-automatic-714x511.jpeg 714w, https:\/\/www.touringcars.com\/wp-content\/uploads\/2025\/12\/camp-automatic-574x411.jpeg 574w, https:\/\/www.touringcars.com\/wp-content\/uploads\/2025\/12\/camp-automatic.jpeg 1348w\" alt=\"CAMP AUTOMATIC f\u00f6r 2\"><\/a><\/div><div class=\"content-container\"><h3><a href=\"https:\/\/www.touringcars.com\/sv\/vehicle-category\/camp-automatic\/\">CAMP AUTOMATIC f\u00f6r 2<\/a><\/h3><\/div><\/article><\/li><li class=\"glide__slide\"><article class=\"article reveal\"><div class=\"image-container\"><a href=\"https:\/\/www.touringcars.com\/sv\/vehicle-category\/van\/\"><img decoding=\"async\" src=\"https:\/\/www.touringcars.com\/wp-content\/uploads\/2025\/02\/carado-imagebank-data_VE_Camper-Van_CV640_CU_2025_1002_21-31-41_web-450x300.jpg\" srcset=\"https:\/\/www.touringcars.com\/wp-content\/uploads\/2025\/02\/carado-imagebank-data_VE_Camper-Van_CV640_CU_2025_1002_21-31-41_web-300x200.jpg 300w, https:\/\/www.touringcars.com\/wp-content\/uploads\/2025\/02\/carado-imagebank-data_VE_Camper-Van_CV640_CU_2025_1002_21-31-41_web-1024x682.jpg 1024w, https:\/\/www.touringcars.com\/wp-content\/uploads\/2025\/02\/carado-imagebank-data_VE_Camper-Van_CV640_CU_2025_1002_21-31-41_web-768x512.jpg 768w, https:\/\/www.touringcars.com\/wp-content\/uploads\/2025\/02\/carado-imagebank-data_VE_Camper-Van_CV640_CU_2025_1002_21-31-41_web-1536x1024.jpg 1536w, https:\/\/www.touringcars.com\/wp-content\/uploads\/2025\/02\/carado-imagebank-data_VE_Camper-Van_CV640_CU_2025_1002_21-31-41_web-2048x1365.jpg 2048w, https:\/\/www.touringcars.com\/wp-content\/uploads\/2025\/02\/carado-imagebank-data_VE_Camper-Van_CV640_CU_2025_1002_21-31-41_web-890x593.jpg 890w, https:\/\/www.touringcars.com\/wp-content\/uploads\/2025\/02\/carado-imagebank-data_VE_Camper-Van_CV640_CU_2025_1002_21-31-41_web-714x476.jpg 714w, https:\/\/www.touringcars.com\/wp-content\/uploads\/2025\/02\/carado-imagebank-data_VE_Camper-Van_CV640_CU_2025_1002_21-31-41_web-450x300.jpg 450w, https:\/\/www.touringcars.com\/wp-content\/uploads\/2025\/02\/carado-imagebank-data_VE_Camper-Van_CV640_CU_2025_1002_21-31-41_web-367x245.jpg 367w\" alt=\"VAN f\u00f6r 2\"><\/a><\/div><div class=\"content-container\"><h3><a href=\"https:\/\/www.touringcars.com\/sv\/vehicle-category\/van\/\">VAN f\u00f6r 2<\/a><\/h3><\/div><\/article><\/li><li class=\"glide__slide\"><article class=\"article reveal\"><div class=\"image-container\"><a href=\"https:\/\/www.touringcars.com\/sv\/vehicle-category\/van-4x4-automatic\/\"><img decoding=\"async\" src=\"https:\/\/www.touringcars.com\/wp-content\/uploads\/2025\/11\/van-4x4-buerstner-habiton-2025-white-road-1-574x411.jpg\" srcset=\"https:\/\/www.touringcars.com\/wp-content\/uploads\/2025\/11\/van-4x4-buerstner-habiton-2025-white-road-1-300x215.jpg 300w, https:\/\/www.touringcars.com\/wp-content\/uploads\/2025\/11\/van-4x4-buerstner-habiton-2025-white-road-1-1024x733.jpg 1024w, https:\/\/www.touringcars.com\/wp-content\/uploads\/2025\/11\/van-4x4-buerstner-habiton-2025-white-road-1-768x550.jpg 768w, https:\/\/www.touringcars.com\/wp-content\/uploads\/2025\/11\/van-4x4-buerstner-habiton-2025-white-road-1-828x593.jpg 828w, https:\/\/www.touringcars.com\/wp-content\/uploads\/2025\/11\/van-4x4-buerstner-habiton-2025-white-road-1-714x511.jpg 714w, https:\/\/www.touringcars.com\/wp-content\/uploads\/2025\/11\/van-4x4-buerstner-habiton-2025-white-road-1-574x411.jpg 574w, https:\/\/www.touringcars.com\/wp-content\/uploads\/2025\/11\/van-4x4-buerstner-habiton-2025-white-road-1.jpg 1348w\" alt=\"VAN 4&#215;4 AUTOMATIC f\u00f6r 2\"><\/a><\/div><div class=\"content-container\"><h3><a href=\"https:\/\/www.touringcars.com\/sv\/vehicle-category\/van-4x4-automatic\/\">VAN 4&#215;4 AUTOMATIC f\u00f6r 2<\/a><\/h3><\/div><\/article><\/li><li class=\"glide__slide\"><article class=\"article reveal\"><div class=\"image-container\"><a href=\"https:\/\/www.touringcars.com\/sv\/vehicle-category\/small\/\"><img decoding=\"async\" src=\"https:\/\/www.touringcars.com\/wp-content\/uploads\/2025\/02\/carado-imagebank-data_VE_Van_V339_CU_2025_1002_21-31-41_web-450x300.jpg\" srcset=\"https:\/\/www.touringcars.com\/wp-content\/uploads\/2025\/02\/carado-imagebank-data_VE_Van_V339_CU_2025_1002_21-31-41_web-300x200.jpg 300w, https:\/\/www.touringcars.com\/wp-content\/uploads\/2025\/02\/carado-imagebank-data_VE_Van_V339_CU_2025_1002_21-31-41_web-1024x682.jpg 1024w, https:\/\/www.touringcars.com\/wp-content\/uploads\/2025\/02\/carado-imagebank-data_VE_Van_V339_CU_2025_1002_21-31-41_web-768x512.jpg 768w, https:\/\/www.touringcars.com\/wp-content\/uploads\/2025\/02\/carado-imagebank-data_VE_Van_V339_CU_2025_1002_21-31-41_web-1536x1024.jpg 1536w, https:\/\/www.touringcars.com\/wp-content\/uploads\/2025\/02\/carado-imagebank-data_VE_Van_V339_CU_2025_1002_21-31-41_web-2048x1365.jpg 2048w, https:\/\/www.touringcars.com\/wp-content\/uploads\/2025\/02\/carado-imagebank-data_VE_Van_V339_CU_2025_1002_21-31-41_web-890x593.jpg 890w, https:\/\/www.touringcars.com\/wp-content\/uploads\/2025\/02\/carado-imagebank-data_VE_Van_V339_CU_2025_1002_21-31-41_web-714x476.jpg 714w, https:\/\/www.touringcars.com\/wp-content\/uploads\/2025\/02\/carado-imagebank-data_VE_Van_V339_CU_2025_1002_21-31-41_web-450x300.jpg 450w, https:\/\/www.touringcars.com\/wp-content\/uploads\/2025\/02\/carado-imagebank-data_VE_Van_V339_CU_2025_1002_21-31-41_web-367x245.jpg 367w\" alt=\"SMALL f\u00f6r 2\"><\/a><\/div><div class=\"content-container\"><h3><a href=\"https:\/\/www.touringcars.com\/sv\/vehicle-category\/small\/\">SMALL f\u00f6r 2<\/a><\/h3><\/div><\/article><\/li><li class=\"glide__slide\"><article class=\"article reveal\"><div class=\"image-container\"><a href=\"https:\/\/www.touringcars.com\/sv\/vehicle-category\/luxury-for-2-personer\/\"><img decoding=\"async\" src=\"https:\/\/www.touringcars.com\/wp-content\/uploads\/2025\/02\/carado-imagebank-data_VE_Semi-Integrated_T447_CU_2025_1502_21-31-41_WEB-450x300.jpg\" srcset=\"https:\/\/www.touringcars.com\/wp-content\/uploads\/2025\/02\/carado-imagebank-data_VE_Semi-Integrated_T447_CU_2025_1502_21-31-41_WEB-300x200.jpg 300w, https:\/\/www.touringcars.com\/wp-content\/uploads\/2025\/02\/carado-imagebank-data_VE_Semi-Integrated_T447_CU_2025_1502_21-31-41_WEB-1024x683.jpg 1024w, https:\/\/www.touringcars.com\/wp-content\/uploads\/2025\/02\/carado-imagebank-data_VE_Semi-Integrated_T447_CU_2025_1502_21-31-41_WEB-768x512.jpg 768w, https:\/\/www.touringcars.com\/wp-content\/uploads\/2025\/02\/carado-imagebank-data_VE_Semi-Integrated_T447_CU_2025_1502_21-31-41_WEB-1536x1024.jpg 1536w, https:\/\/www.touringcars.com\/wp-content\/uploads\/2025\/02\/carado-imagebank-data_VE_Semi-Integrated_T447_CU_2025_1502_21-31-41_WEB-2048x1365.jpg 2048w, https:\/\/www.touringcars.com\/wp-content\/uploads\/2025\/02\/carado-imagebank-data_VE_Semi-Integrated_T447_CU_2025_1502_21-31-41_WEB-1920x1280.jpg 1920w, https:\/\/www.touringcars.com\/wp-content\/uploads\/2025\/02\/carado-imagebank-data_VE_Semi-Integrated_T447_CU_2025_1502_21-31-41_WEB-890x593.jpg 890w, https:\/\/www.touringcars.com\/wp-content\/uploads\/2025\/02\/carado-imagebank-data_VE_Semi-Integrated_T447_CU_2025_1502_21-31-41_WEB-714x476.jpg 714w, https:\/\/www.touringcars.com\/wp-content\/uploads\/2025\/02\/carado-imagebank-data_VE_Semi-Integrated_T447_CU_2025_1502_21-31-41_WEB-450x300.jpg 450w, https:\/\/www.touringcars.com\/wp-content\/uploads\/2025\/02\/carado-imagebank-data_VE_Semi-Integrated_T447_CU_2025_1502_21-31-41_WEB-367x245.jpg 367w\" alt=\"LUXURY f\u00f6r 2\"><\/a><\/div><div class=\"content-container\"><h3><a href=\"https:\/\/www.touringcars.com\/sv\/vehicle-category\/luxury-for-2-personer\/\">LUXURY f\u00f6r 2<\/a><\/h3><\/div><\/article><\/li><li class=\"glide__slide\"><article class=\"article reveal\"><div class=\"image-container\"><a href=\"https:\/\/www.touringcars.com\/sv\/vehicle-category\/medium\/\"><img decoding=\"async\" src=\"https:\/\/www.touringcars.com\/wp-content\/uploads\/2025\/02\/carado-imagebank-data_VE_Semi-Integrated_T448_CU_2025_1002_21-31-41_web-450x300.jpg\" srcset=\"https:\/\/www.touringcars.com\/wp-content\/uploads\/2025\/02\/carado-imagebank-data_VE_Semi-Integrated_T448_CU_2025_1002_21-31-41_web-300x200.jpg 300w, https:\/\/www.touringcars.com\/wp-content\/uploads\/2025\/02\/carado-imagebank-data_VE_Semi-Integrated_T448_CU_2025_1002_21-31-41_web-1024x682.jpg 1024w, https:\/\/www.touringcars.com\/wp-content\/uploads\/2025\/02\/carado-imagebank-data_VE_Semi-Integrated_T448_CU_2025_1002_21-31-41_web-768x512.jpg 768w, https:\/\/www.touringcars.com\/wp-content\/uploads\/2025\/02\/carado-imagebank-data_VE_Semi-Integrated_T448_CU_2025_1002_21-31-41_web-1536x1024.jpg 1536w, https:\/\/www.touringcars.com\/wp-content\/uploads\/2025\/02\/carado-imagebank-data_VE_Semi-Integrated_T448_CU_2025_1002_21-31-41_web-2048x1365.jpg 2048w, https:\/\/www.touringcars.com\/wp-content\/uploads\/2025\/02\/carado-imagebank-data_VE_Semi-Integrated_T448_CU_2025_1002_21-31-41_web-890x593.jpg 890w, https:\/\/www.touringcars.com\/wp-content\/uploads\/2025\/02\/carado-imagebank-data_VE_Semi-Integrated_T448_CU_2025_1002_21-31-41_web-714x476.jpg 714w, https:\/\/www.touringcars.com\/wp-content\/uploads\/2025\/02\/carado-imagebank-data_VE_Semi-Integrated_T448_CU_2025_1002_21-31-41_web-450x300.jpg 450w, https:\/\/www.touringcars.com\/wp-content\/uploads\/2025\/02\/carado-imagebank-data_VE_Semi-Integrated_T448_CU_2025_1002_21-31-41_web-367x245.jpg 367w\" alt=\"MEDIUM f\u00f6r 4\"><\/a><\/div><div class=\"content-container\"><h3><a href=\"https:\/\/www.touringcars.com\/sv\/vehicle-category\/medium\/\">MEDIUM f\u00f6r 4<\/a><\/h3><\/div><\/article><\/li><li class=\"glide__slide\"><article class=\"article reveal\"><div class=\"image-container\"><a href=\"https:\/\/www.touringcars.com\/sv\/vehicle-category\/luxury\/\"><img decoding=\"async\" src=\"https:\/\/www.touringcars.com\/wp-content\/uploads\/2025\/02\/carado-imagebank-data_VE_Semi-Integrated_T447_CU_2025_1502_21-31-41_WEB-450x300.jpg\" srcset=\"https:\/\/www.touringcars.com\/wp-content\/uploads\/2025\/02\/carado-imagebank-data_VE_Semi-Integrated_T447_CU_2025_1502_21-31-41_WEB-300x200.jpg 300w, https:\/\/www.touringcars.com\/wp-content\/uploads\/2025\/02\/carado-imagebank-data_VE_Semi-Integrated_T447_CU_2025_1502_21-31-41_WEB-1024x683.jpg 1024w, https:\/\/www.touringcars.com\/wp-content\/uploads\/2025\/02\/carado-imagebank-data_VE_Semi-Integrated_T447_CU_2025_1502_21-31-41_WEB-768x512.jpg 768w, https:\/\/www.touringcars.com\/wp-content\/uploads\/2025\/02\/carado-imagebank-data_VE_Semi-Integrated_T447_CU_2025_1502_21-31-41_WEB-1536x1024.jpg 1536w, https:\/\/www.touringcars.com\/wp-content\/uploads\/2025\/02\/carado-imagebank-data_VE_Semi-Integrated_T447_CU_2025_1502_21-31-41_WEB-2048x1365.jpg 2048w, https:\/\/www.touringcars.com\/wp-content\/uploads\/2025\/02\/carado-imagebank-data_VE_Semi-Integrated_T447_CU_2025_1502_21-31-41_WEB-1920x1280.jpg 1920w, https:\/\/www.touringcars.com\/wp-content\/uploads\/2025\/02\/carado-imagebank-data_VE_Semi-Integrated_T447_CU_2025_1502_21-31-41_WEB-890x593.jpg 890w, https:\/\/www.touringcars.com\/wp-content\/uploads\/2025\/02\/carado-imagebank-data_VE_Semi-Integrated_T447_CU_2025_1502_21-31-41_WEB-714x476.jpg 714w, https:\/\/www.touringcars.com\/wp-content\/uploads\/2025\/02\/carado-imagebank-data_VE_Semi-Integrated_T447_CU_2025_1502_21-31-41_WEB-450x300.jpg 450w, https:\/\/www.touringcars.com\/wp-content\/uploads\/2025\/02\/carado-imagebank-data_VE_Semi-Integrated_T447_CU_2025_1502_21-31-41_WEB-367x245.jpg 367w\" alt=\"LUXURY f\u00f6r 4\"><\/a><\/div><div class=\"content-container\"><h3><a href=\"https:\/\/www.touringcars.com\/sv\/vehicle-category\/luxury\/\">LUXURY f\u00f6r 4<\/a><\/h3><\/div><\/article><\/li><li class=\"glide__slide\"><article class=\"article reveal\"><div class=\"image-container\"><a href=\"https:\/\/www.touringcars.com\/sv\/vehicle-category\/family\/\"><img decoding=\"async\" src=\"https:\/\/www.touringcars.com\/wp-content\/uploads\/2025\/02\/carado-imagebank-data_VE_Overcab_A361_CU_2025_1002_21-31-41_web-450x300.jpg\" srcset=\"https:\/\/www.touringcars.com\/wp-content\/uploads\/2025\/02\/carado-imagebank-data_VE_Overcab_A361_CU_2025_1002_21-31-41_web-300x200.jpg 300w, https:\/\/www.touringcars.com\/wp-content\/uploads\/2025\/02\/carado-imagebank-data_VE_Overcab_A361_CU_2025_1002_21-31-41_web-1024x682.jpg 1024w, https:\/\/www.touringcars.com\/wp-content\/uploads\/2025\/02\/carado-imagebank-data_VE_Overcab_A361_CU_2025_1002_21-31-41_web-768x512.jpg 768w, https:\/\/www.touringcars.com\/wp-content\/uploads\/2025\/02\/carado-imagebank-data_VE_Overcab_A361_CU_2025_1002_21-31-41_web-1536x1024.jpg 1536w, https:\/\/www.touringcars.com\/wp-content\/uploads\/2025\/02\/carado-imagebank-data_VE_Overcab_A361_CU_2025_1002_21-31-41_web-2048x1365.jpg 2048w, https:\/\/www.touringcars.com\/wp-content\/uploads\/2025\/02\/carado-imagebank-data_VE_Overcab_A361_CU_2025_1002_21-31-41_web-890x593.jpg 890w, https:\/\/www.touringcars.com\/wp-content\/uploads\/2025\/02\/carado-imagebank-data_VE_Overcab_A361_CU_2025_1002_21-31-41_web-714x476.jpg 714w, https:\/\/www.touringcars.com\/wp-content\/uploads\/2025\/02\/carado-imagebank-data_VE_Overcab_A361_CU_2025_1002_21-31-41_web-450x300.jpg 450w, https:\/\/www.touringcars.com\/wp-content\/uploads\/2025\/02\/carado-imagebank-data_VE_Overcab_A361_CU_2025_1002_21-31-41_web-367x245.jpg 367w\" alt=\"FAMILY f\u00f6r 5\"><\/a><\/div><div class=\"content-container\"><h3><a href=\"https:\/\/www.touringcars.com\/sv\/vehicle-category\/family\/\">FAMILY f\u00f6r 5<\/a><\/h3><\/div><\/article><\/li><li class=\"glide__slide\"><article class=\"article reveal\"><div class=\"image-container\"><a href=\"https:\/\/www.touringcars.com\/sv\/vehicle-category\/large\/\"><img decoding=\"async\" src=\"https:\/\/www.touringcars.com\/wp-content\/uploads\/2025\/02\/carado-imagebank-data_VE_Overcab_A464_CU_2025_1003_21-31-41_web-450x300.jpg\" srcset=\"https:\/\/www.touringcars.com\/wp-content\/uploads\/2025\/02\/carado-imagebank-data_VE_Overcab_A464_CU_2025_1003_21-31-41_web-300x200.jpg 300w, https:\/\/www.touringcars.com\/wp-content\/uploads\/2025\/02\/carado-imagebank-data_VE_Overcab_A464_CU_2025_1003_21-31-41_web-1024x682.jpg 1024w, https:\/\/www.touringcars.com\/wp-content\/uploads\/2025\/02\/carado-imagebank-data_VE_Overcab_A464_CU_2025_1003_21-31-41_web-768x512.jpg 768w, https:\/\/www.touringcars.com\/wp-content\/uploads\/2025\/02\/carado-imagebank-data_VE_Overcab_A464_CU_2025_1003_21-31-41_web-1536x1024.jpg 1536w, https:\/\/www.touringcars.com\/wp-content\/uploads\/2025\/02\/carado-imagebank-data_VE_Overcab_A464_CU_2025_1003_21-31-41_web-2048x1365.jpg 2048w, https:\/\/www.touringcars.com\/wp-content\/uploads\/2025\/02\/carado-imagebank-data_VE_Overcab_A464_CU_2025_1003_21-31-41_web-890x593.jpg 890w, https:\/\/www.touringcars.com\/wp-content\/uploads\/2025\/02\/carado-imagebank-data_VE_Overcab_A464_CU_2025_1003_21-31-41_web-714x476.jpg 714w, https:\/\/www.touringcars.com\/wp-content\/uploads\/2025\/02\/carado-imagebank-data_VE_Overcab_A464_CU_2025_1003_21-31-41_web-450x300.jpg 450w, https:\/\/www.touringcars.com\/wp-content\/uploads\/2025\/02\/carado-imagebank-data_VE_Overcab_A464_CU_2025_1003_21-31-41_web-367x245.jpg 367w\" alt=\"LARGE f\u00f6r 5 och 6\"><\/a><\/div><div class=\"content-container\"><h3><a href=\"https:\/\/www.touringcars.com\/sv\/vehicle-category\/large\/\">LARGE f\u00f6r 5 och 6<\/a><\/h3><\/div><\/article><\/li><\/ul><\/div><div class=\"glide__controls\"><div class=\"glide__arrows\" data-glide-el=\"controls\"><span class=\"glide__arrow glide__arrow--left\" data-glide-dir=\"<\"><\/span><span class=\"glide__arrow glide__arrow--right\" data-glide-dir=\">&#8221;><\/span><\/div><div class=\"glide__bullets\" data-glide-el=\"controls[nav]\"><span class=\"glide__bullet\" data-glide-dir=\"=0\" data-parent-uid=\"69f2a65371139\"><\/span><span class=\"glide__bullet\" data-glide-dir=\"=1\" data-parent-uid=\"69f2a65371139\"><\/span><span class=\"glide__bullet\" data-glide-dir=\"=2\" data-parent-uid=\"69f2a65371139\"><\/span><span class=\"glide__bullet\" data-glide-dir=\"=3\" data-parent-uid=\"69f2a65371139\"><\/span><span class=\"glide__bullet\" data-glide-dir=\"=4\" data-parent-uid=\"69f2a65371139\"><\/span><span class=\"glide__bullet\" data-glide-dir=\"=5\" data-parent-uid=\"69f2a65371139\"><\/span><span class=\"glide__bullet\" data-glide-dir=\"=6\" data-parent-uid=\"69f2a65371139\"><\/span><span class=\"glide__bullet\" data-glide-dir=\"=7\" data-parent-uid=\"69f2a65371139\"><\/span><span class=\"glide__bullet\" data-glide-dir=\"=8\" data-parent-uid=\"69f2a65371139\"><\/span><span class=\"glide__bullet\" data-glide-dir=\"=9\" data-parent-uid=\"69f2a65371139\"><\/span><\/div><\/div><\/div><div class=\"buttons\"><a href=\"https:\/\/www.touringcars.com\/sv\/husbilar\/\" class=\"btn btn-outline\">Alla kategorier<\/a><\/div>    <\/div>\r\n<\/section>","protected":false},"featured_media":28518,"template":"","class_list":["post-26119","campervans-groups","type-campervans-groups","status-publish","has-post-thumbnail","hentry"],"acf":[],"_links":{"self":[{"href":"https:\/\/www.touringcars.com\/sv\/wp-json\/wp\/v2\/campervans-groups\/26119","targetHints":{"allow":["GET"]}}],"collection":[{"href":"https:\/\/www.touringcars.com\/sv\/wp-json\/wp\/v2\/campervans-groups"}],"about":[{"href":"https:\/\/www.touringcars.com\/sv\/wp-json\/wp\/v2\/types\/campervans-groups"}],"version-history":[{"count":5,"href":"https:\/\/www.touringcars.com\/sv\/wp-json\/wp\/v2\/campervans-groups\/26119\/revisions"}],"predecessor-version":[{"id":26138,"href":"https:\/\/www.touringcars.com\/sv\/wp-json\/wp\/v2\/campervans-groups\/26119\/revisions\/26138"}],"wp:featuredmedia":[{"embeddable":true,"href":"https:\/\/www.touringcars.com\/sv\/wp-json\/wp\/v2\/media\/28518"}],"wp:attachment":[{"href":"https:\/\/www.touringcars.com\/sv\/wp-json\/wp\/v2\/media?parent=26119"}],"curies":[{"name":"wp","href":"https:\/\/api.w.org\/{rel}","templated":true}]}}