{"id":33154,"date":"2026-08-17T12:19:10","date_gmt":"2026-08-17T12:19:10","guid":{"rendered":"https:\/\/www.touringcars.com\/?page_id=33154"},"modified":"2026-08-18T09:05:19","modified_gmt":"2026-08-18T09:05:19","slug":"leiepakker-til-fast-pris","status":"publish","type":"page","link":"https:\/\/www.touringcars.com\/no\/leiepakker-til-fast-pris\/","title":{"rendered":"Leiepakker til fast pris"},"content":{"rendered":"<section class=\"block block-hero text-style-white image-style-full\">\n    <div class=\"container container-full\">\n        <div class=\"glide image-slider\" data-uid=\"6a979930ec4c0\"><div class=\"glide__track\" data-glide-el=\"track\"><ul class=\"glide__slides\"><li class=\"glide__slide\"><img decoding=\"async\" src=\"https:\/\/www.touringcars.com\/wp-content\/uploads\/2022\/09\/carado-imagebank-data_VE_Semi-Integrated_T457_PI_2024_0061_21-31-41_WEB-574x382.jpg\" srcset=\"https:\/\/www.touringcars.com\/wp-content\/uploads\/2022\/09\/carado-imagebank-data_VE_Semi-Integrated_T457_PI_2024_0061_21-31-41_WEB-300x200.jpg 300w, https:\/\/www.touringcars.com\/wp-content\/uploads\/2022\/09\/carado-imagebank-data_VE_Semi-Integrated_T457_PI_2024_0061_21-31-41_WEB-1024x682.jpg 1024w, https:\/\/www.touringcars.com\/wp-content\/uploads\/2022\/09\/carado-imagebank-data_VE_Semi-Integrated_T457_PI_2024_0061_21-31-41_WEB-768x512.jpg 768w, https:\/\/www.touringcars.com\/wp-content\/uploads\/2022\/09\/carado-imagebank-data_VE_Semi-Integrated_T457_PI_2024_0061_21-31-41_WEB-1536x1023.jpg 1536w, https:\/\/www.touringcars.com\/wp-content\/uploads\/2022\/09\/carado-imagebank-data_VE_Semi-Integrated_T457_PI_2024_0061_21-31-41_WEB-2048x1364.jpg 2048w, https:\/\/www.touringcars.com\/wp-content\/uploads\/2022\/09\/carado-imagebank-data_VE_Semi-Integrated_T457_PI_2024_0061_21-31-41_WEB-1920x1279.jpg 1920w, https:\/\/www.touringcars.com\/wp-content\/uploads\/2022\/09\/carado-imagebank-data_VE_Semi-Integrated_T457_PI_2024_0061_21-31-41_WEB-890x593.jpg 890w, https:\/\/www.touringcars.com\/wp-content\/uploads\/2022\/09\/carado-imagebank-data_VE_Semi-Integrated_T457_PI_2024_0061_21-31-41_WEB-714x476.jpg 714w, https:\/\/www.touringcars.com\/wp-content\/uploads\/2022\/09\/carado-imagebank-data_VE_Semi-Integrated_T457_PI_2024_0061_21-31-41_WEB-574x382.jpg 574w, https:\/\/www.touringcars.com\/wp-content\/uploads\/2022\/09\/carado-imagebank-data_VE_Semi-Integrated_T457_PI_2024_0061_21-31-41_WEB-367x245.jpg 367w\" alt=\"_carado-imagebank-data_VE_Semi-Integrated_T457_PI_2024_0061_21-31-41_WEB\" data-no-lazy=\"1\" fetchpriority=\"high\"><\/li><\/ul><\/div><div class=\"glide__controls\"><div class=\"glide__arrows\" data-glide-el=\"controls\"><span class=\"glide__arrow glide__arrow--left\" aria-label=\"Venstre\" data-glide-dir=\"<\"><\/span><span class=\"glide__arrow glide__arrow--right\" aria-label=\"H\u00f8yre\" data-glide-dir=\">&laquo;><\/span><\/div><\/div><\/div><div class=\"hero-container\"><div class=\"breadcrumbs-container\"><ol><li><a href=\"https:\/\/www.touringcars.com\/no\/\"><span>Touring Cars<\/span><\/a><\/li><\/ol><\/div><h1>Lengre tur, bedre pris.<\/h1><p><span data-path-to-node=\"12,1,0,0\">Bobil til fast m\u00e5nedspris i 3 eller 6 m\u00e5neder<\/span><\/p>\n<div><a class=\"btn\" href=\"#packages\">Se pakker og priser<\/a><\/div>\n<\/div>    <\/div>\n    <\/section>\n\n<section class=\"block block-pricepackages\" id=\"packages\">\n    <div class=\"container\">\n                    <div class=\"content-container reveal\">\n                <h2>Velg 3 eller 6 m\u00e5neders leiepakke<\/h2><p><strong>Har du dr\u00f8mt om \u00e5 overvintre i s\u00f8r, ta en lengre pause fra hverdagen eller jobbe eksternt p\u00e5 veien? En hjemmekoselig og velutstyrt bobil til fast pakkepris for 3 eller 6 m\u00e5neder gj\u00f8r en lang tur til et enkelt, komfortabelt og rimelig alternativ. Lag mat selv, nyt hjemmet p\u00e5 hjul og reis i ditt eget tempo!  <\/strong><\/p>\n            <\/div>\n                <div class=\"price-packages price-style-badge card-style-white\" style=\"--packages-per-row: 2;\">\n            <div class=\"price-package reveal\"><div class=\"package-header\"><h3 class=\"package-title\">3 mnd | 5 000 km | Oslo eller Troms\u00f8<\/h3><\/div><div class=\"package-price\"><span class=\"price-amount\">15 000 NOK \/ mnd<\/span><\/div><ul class=\"package-price-alt\"><li>Total leie for 3 m\u00e5neder er 45 000 NOK, noe som tilsvarer i gjennomsnitt 15 000 NOK i m\u00e5neden og bare ca. 500 NOK per dag.<\/li><\/ul><div class=\"package-content\"><p><strong>Leiepakken inkluderer<\/strong><\/p>\n<ul>\n<li>Premium-bobil med full utstyrspakke<\/li>\n<li>Kj\u00f8relengde 5 000 km<\/li>\n<li>TC Basic-egenandel (egenandel 30 000 NOK)<\/li>\n<li>1 ekstra f\u00f8rer gratis (totalt 2 f\u00f8rere)<\/li>\n<li>24\/7 veihjelp &amp; telefonsupport p\u00e5 veien<\/li>\n<li>Vinterdekk gratis kun for reisende i Norden<\/li>\n<\/ul>\n<\/div><div class=\"buttons\"><a href=\"#contact\" class=\"btn btn-wide\">Be om tilbud<\/a><\/div><\/div><div class=\"price-package reveal\"><span class=\"package-badge\">Rimeligere dagspris<\/span><div class=\"package-header\"><h3 class=\"package-title\">6 mnd | 10 000 km | Oslo eller Troms\u00f8<\/h3><\/div><div class=\"package-price\"><span class=\"price-amount\">14 167 NOK \/ mnd<\/span><\/div><ul class=\"package-price-alt\"><li>Total leie for 6 m\u00e5neder er 85 000 NOK, noe som tilsvarer i gjennomsnitt ca. 14 167 NOK i m\u00e5neden og bare ca. 472 NOK per dag.<\/li><\/ul><div class=\"package-content\"><p><strong>Leiepakken inkluderer<\/strong><\/p>\n<ul>\n<li>Premium-bobil med full utstyrspakke<\/li>\n<li>Kj\u00f8relengde 10 000 km<\/li>\n<li>TC Basic-egenandel (egenandel 30 000 NOK)<\/li>\n<li>1 ekstra f\u00f8rer gratis (totalt 2 f\u00f8rere)<\/li>\n<li>24\/7 veihjelp &amp; telefonsupport p\u00e5 veien<\/li>\n<li>Vinterdekk gratis kun for reisende i Norden<\/li>\n<\/ul>\n<\/div><div class=\"buttons\"><a href=\"#contact\" class=\"btn btn-wide\">Be om tilbud<\/a><\/div><\/div>        <\/div>\n        <div class=\"price-packages-footer reveal\"><h3 class=\"PDq2pG_selectionAnchorContainer\" data-start=\"0\" data-end=\"23\">Viktig informasjon om leien<\/h3>\n<p class=\"PDq2pG_selectionAnchorContainer\" data-start=\"0\" data-end=\"23\"><strong data-start=\"0\" data-end=\"23\">Henting og retur av bobil<br \/>\n<\/strong>Den faste m\u00e5nedsprisen inkluderer henting og retur fra v\u00e5rt kontor i Oslo eller Troms\u00f8. Henting er mulig fra 15.9.2026, og bobilen m\u00e5 returneres senest 30.4.2027. Vi tilbyr ogs\u00e5 langtidsleie fra v\u00e5re kontorer i Stockholm og Helsinki. Hvis du \u00f8nsker henting eller retur til disse kontorene, vennligst oppgi dette i kontaktskjemaet, s\u00e5 beregner vi en skreddersydd leiepris for deg.<\/p>\n<p class=\"PDq2pG_selectionAnchorContainer\" data-start=\"0\" data-end=\"23\"><b data-path-to-node=\"6,1,0\" data-index-in-node=\"0\">Kj\u00f8relengde<br \/>\n<\/b>Pakken inkluderer 5 000 km (3 mnd) eller 10 000 km (6 mnd) kj\u00f8ring. Ekstra kilometer 4 NOK\/stk.<\/p>\n<p><strong>Ekstrautstyr<\/strong><br \/>\nDu kan supplere utstyret etter dine behov i henhold til prislisten. Tilgjengelig er bl.a. senget\u00f8y, camping- og grillsett, gassflaske, toalettkjemikalie, inverter, kaffetrakter, barneseter, tilleggsavgift for \u00e5 ta med kj\u00e6ledyr, sluttrengj\u00f8ring og en tredje ekstra f\u00f8rer. Du trenger ikke \u00e5 bestemme deg for ekstrautstyr enn\u00e5 \u2013 salgsteamet v\u00e5rt g\u00e5r gjennom alle alternativene med deg etter at du har sendt inn foresp\u00f8rselen.<\/p>\n<p><strong>\u00d8nsker du lavere egenandel?<br \/>\n<\/strong>Du kan velge TC Plus-tilleggsforsikring (1 000 NOK\/mnd), som reduserer egenandelen din til 15 000 NOK ved skade.<\/p>\n<\/div>    <\/div>\n<\/section>\n\n\n<section class=\"block block-iconrow\">\n    <div class=\"container\">\n        <div class=\"content-container reveal\">\n            <h2>Hvorfor velge langtidsleie fra Touring Cars?<\/h2><div class=\"icon-row\" style=\"--icons-per-row: 5; --icons-per-row-mobile: 1;\"><div class=\"icon-item\"><img decoding=\"async\" src=\"https:\/\/www.touringcars.com\/wp-content\/uploads\/2025\/02\/TCvehicle_blue.svg\" alt=\"TCvehicle_blue\"><div class=\"label\">Fullt utstyrt og nyere bobil<\/div><\/div><div class=\"icon-item\"><img decoding=\"async\" src=\"https:\/\/www.touringcars.com\/wp-content\/uploads\/2025\/02\/Five-stars_blue.svg\" alt=\"Five stars_blue\"><div class=\"label\">F\u00f8rsteklasses kundeservice fra start til slutt<\/div><\/div><div class=\"icon-item\"><img decoding=\"async\" src=\"https:\/\/www.touringcars.com\/wp-content\/uploads\/2025\/02\/Airport-transfer2_blue.svg\" alt=\"Airport transfer2_blue\"><div class=\"label\">Flytransport gratis<\/div><\/div><div class=\"icon-item\"><img decoding=\"async\" src=\"https:\/\/www.touringcars.com\/wp-content\/uploads\/2025\/02\/road-assistance_blue.svg\" alt=\"road assistance_blue\"><div class=\"label\">24\/7 veihjelp &amp; telefonsupport<\/div><\/div><\/div>        <\/div>\n    <\/div>\n<\/section>\n\n<section class=\"block block-textimage\">\n    <div class=\"container\">\n        <div class=\"content-row image-placement-right\">\n            <div class=\"content-container reveal\">\n                <h3>Standardutstyr i alle v\u00e5re leiebiler<\/h3><ul>\n<li>Kan kj\u00f8res med B-f\u00f8rerkort<\/li>\n<li>Manuell eller automatgir<\/li>\n<li>Kokkeutstyr og servise<\/li>\n<li>Kj\u00f8leskap og gass- eller induksjonskomfyr<\/li>\n<li>Toalett<\/li>\n<li>Dusj<\/li>\n<li>Varmesystem<\/li>\n<li>Klimaanlegg i f\u00f8rerhus<\/li>\n<li>Navigasjon &amp; ryggekamera<\/li>\n<li>Markise*<\/li>\n<\/ul>\n<p data-path-to-node=\"4,0,0\">*<em>Ikke tilgjengelig: Camp Automatic, Van 4\u00d74 Automatic &amp; Island<\/em><\/p>\n<p><strong><em> <\/em>Utforsk de ulike bilmodellene nedenfor og finn det beste alternativet for turen din!<\/strong><\/p>\n            <\/div>\n            <div class=\"image-container reveal image-high\">\n                <img decoding=\"async\" src=\"https:\/\/www.touringcars.com\/wp-content\/uploads\/2025\/02\/carado-imagebank-data_VE_Camper-Van_CV640_PI_2024_0122_21-31-41_web-200x300.jpg\" srcset=\"https:\/\/www.touringcars.com\/wp-content\/uploads\/2025\/02\/carado-imagebank-data_VE_Camper-Van_CV640_PI_2024_0122_21-31-41_web-200x300.jpg 200w, https:\/\/www.touringcars.com\/wp-content\/uploads\/2025\/02\/carado-imagebank-data_VE_Camper-Van_CV640_PI_2024_0122_21-31-41_web-682x1024.jpg 682w, https:\/\/www.touringcars.com\/wp-content\/uploads\/2025\/02\/carado-imagebank-data_VE_Camper-Van_CV640_PI_2024_0122_21-31-41_web-768x1153.jpg 768w, https:\/\/www.touringcars.com\/wp-content\/uploads\/2025\/02\/carado-imagebank-data_VE_Camper-Van_CV640_PI_2024_0122_21-31-41_web-1024x1536.jpg 1024w, https:\/\/www.touringcars.com\/wp-content\/uploads\/2025\/02\/carado-imagebank-data_VE_Camper-Van_CV640_PI_2024_0122_21-31-41_web-1365x2048.jpg 1365w, https:\/\/www.touringcars.com\/wp-content\/uploads\/2025\/02\/carado-imagebank-data_VE_Camper-Van_CV640_PI_2024_0122_21-31-41_web-395x593.jpg 395w, https:\/\/www.touringcars.com\/wp-content\/uploads\/2025\/02\/carado-imagebank-data_VE_Camper-Van_CV640_PI_2024_0122_21-31-41_web-354x531.jpg 354w, https:\/\/www.touringcars.com\/wp-content\/uploads\/2025\/02\/carado-imagebank-data_VE_Camper-Van_CV640_PI_2024_0122_21-31-41_web.jpg 1466w\" alt=\"_carado-imagebank-data_VE_Camper-Van_CV640_PI_2024_0122_21-31-41_web\" width=\"1466\" height=\"2200\">            <\/div>\n        <\/div>\n    <\/div>\n<\/section>\n\n<section class=\"block block-postsslider style-small\">\n    <div class=\"container reveal\">\n        <h2>Velg den bobilen eller campingbilen som passer best for turen din<\/h2><div class=\"glide articles-slider\" data-uid=\"6a9799310ee51\"><div class=\"glide__track\" data-glide-el=\"track\"><ul class=\"glide__slides\"><li class=\"glide__slide\"><article class=\"article reveal\" data-transmission=\"manual\" data-vehicle-code=\"UV\" data-vehicle-name=\"Urban Van\" data-capacity=\"2\" data-car-type=\"Varebil\" data-image=\"https:\/\/www.touringcars.com\/wp-content\/uploads\/2025\/12\/Urban-Van-1-574x411.jpg\" data-capture-link-event=\"0\"><div class=\"image-container\"><div class=\"tag-container\"><span class=\"tag\" data-slug=\"urban-van\">Minicamper<\/span><\/div><a href=\"https:\/\/www.touringcars.com\/no\/vehicle\/urban-van\/\"><img decoding=\"async\" src=\"https:\/\/www.touringcars.com\/wp-content\/uploads\/2025\/12\/Urban-Van-1-574x411.jpg\" srcset=\"https:\/\/www.touringcars.com\/wp-content\/uploads\/2025\/12\/Urban-Van-1-300x215.jpg 300w, https:\/\/www.touringcars.com\/wp-content\/uploads\/2025\/12\/Urban-Van-1-1024x733.jpg 1024w, https:\/\/www.touringcars.com\/wp-content\/uploads\/2025\/12\/Urban-Van-1-768x550.jpg 768w, https:\/\/www.touringcars.com\/wp-content\/uploads\/2025\/12\/Urban-Van-1-828x593.jpg 828w, https:\/\/www.touringcars.com\/wp-content\/uploads\/2025\/12\/Urban-Van-1-714x511.jpg 714w, https:\/\/www.touringcars.com\/wp-content\/uploads\/2025\/12\/Urban-Van-1-180x129.jpg 180w, https:\/\/www.touringcars.com\/wp-content\/uploads\/2025\/12\/Urban-Van-1-412x295.jpg 412w, https:\/\/www.touringcars.com\/wp-content\/uploads\/2025\/12\/Urban-Van-1-574x411.jpg 574w, https:\/\/www.touringcars.com\/wp-content\/uploads\/2025\/12\/Urban-Van-1.jpg 1348w\" alt=\"Urban Van 1\" width=\"1348\" height=\"965\"><\/a><\/div><div class=\"content-container\"><div class=\"title-prices\"><h3><a href=\"https:\/\/www.touringcars.com\/no\/vehicle\/urban-van\/\">Urban Van<\/a><\/h3><\/div><p class=\"post-excerpt\"><a href=\"https:\/\/www.touringcars.com\/no\/vehicle\/urban-van\/\">P\u00e5litelig, effektiv og enkel \u00e5 h\u00e5ndtere. Opplev den perfekte balansen mellom manuell presisjon og smart design. <\/a><\/p><div class=\"info-icons\"><\/div><\/div><\/article><\/li><li class=\"glide__slide\"><article class=\"article reveal\" data-transmission=\"automatic\" data-vehicle-code=\"L6-AT\" data-vehicle-name=\"LARGE | 6 (automatic)\" data-capacity=\"6\" data-car-type=\"Alkove\" data-image=\"https:\/\/www.touringcars.com\/wp-content\/uploads\/2025\/02\/carado-imagebank-data_VE_Overcab_A464_CU_2025_1003_21-31-41_web-450x300.jpg\" data-capture-link-event=\"0\"><div class=\"image-container\"><div class=\"tag-container\"><span class=\"tag\" data-slug=\"motorhome\">Bobil<\/span><\/div><a href=\"https:\/\/www.touringcars.com\/no\/vehicle\/large-6-automatisk\/\"><img decoding=\"async\" src=\"https:\/\/www.touringcars.com\/wp-content\/uploads\/2025\/02\/carado-imagebank-data_VE_Overcab_A464_CU_2025_1003_21-31-41_web-450x300.jpg\" srcset=\"https:\/\/www.touringcars.com\/wp-content\/uploads\/2025\/02\/carado-imagebank-data_VE_Overcab_A464_CU_2025_1003_21-31-41_web-300x200.jpg 300w, https:\/\/www.touringcars.com\/wp-content\/uploads\/2025\/02\/carado-imagebank-data_VE_Overcab_A464_CU_2025_1003_21-31-41_web-1024x682.jpg 1024w, https:\/\/www.touringcars.com\/wp-content\/uploads\/2025\/02\/carado-imagebank-data_VE_Overcab_A464_CU_2025_1003_21-31-41_web-768x512.jpg 768w, https:\/\/www.touringcars.com\/wp-content\/uploads\/2025\/02\/carado-imagebank-data_VE_Overcab_A464_CU_2025_1003_21-31-41_web-1536x1024.jpg 1536w, https:\/\/www.touringcars.com\/wp-content\/uploads\/2025\/02\/carado-imagebank-data_VE_Overcab_A464_CU_2025_1003_21-31-41_web-2048x1365.jpg 2048w, https:\/\/www.touringcars.com\/wp-content\/uploads\/2025\/02\/carado-imagebank-data_VE_Overcab_A464_CU_2025_1003_21-31-41_web-890x593.jpg 890w, https:\/\/www.touringcars.com\/wp-content\/uploads\/2025\/02\/carado-imagebank-data_VE_Overcab_A464_CU_2025_1003_21-31-41_web-714x476.jpg 714w, https:\/\/www.touringcars.com\/wp-content\/uploads\/2025\/02\/carado-imagebank-data_VE_Overcab_A464_CU_2025_1003_21-31-41_web-450x300.jpg 450w, https:\/\/www.touringcars.com\/wp-content\/uploads\/2025\/02\/carado-imagebank-data_VE_Overcab_A464_CU_2025_1003_21-31-41_web-367x245.jpg 367w\" alt=\"_carado-imagebank-data_VE_Overcab_A464_CU_2025_1003_21-31-41_web\" width=\"2200\" height=\"1466\"><\/a><\/div><div class=\"content-container\"><div class=\"title-prices\"><h3><a href=\"https:\/\/www.touringcars.com\/no\/vehicle\/large-6-automatisk\/\">LARGE | 6 (automatic)<\/a><\/h3><\/div><p class=\"post-excerpt\"><a href=\"https:\/\/www.touringcars.com\/no\/vehicle\/large-6-automatisk\/\">Romslig automat. Passer opptil 6 personer med bagasje.<\/a><\/p><div class=\"info-icons\"><\/div><\/div><\/article><\/li><li class=\"glide__slide\"><article class=\"article reveal\" data-transmission=\"automatic\" data-vehicle-code=\"LUXAT\" data-vehicle-name=\"LUXURY (automatic)\" data-capacity=\"4\" data-car-type=\"Semi-integrert\" data-image=\"https:\/\/www.touringcars.com\/wp-content\/uploads\/2025\/02\/carado-imagebank-data_VE_Semi-Integrated_T447_CU_2025_1502_21-31-41_WEB-450x300.jpg\" data-capture-link-event=\"0\"><div class=\"image-container\"><div class=\"tag-container\"><span class=\"tag\" data-slug=\"motorhome\">Bobil<\/span><span class=\"tag\" data-slug=\"luxury\">Luxury<\/span><\/div><a href=\"https:\/\/www.touringcars.com\/no\/vehicle\/luksus-automatisk\/\"><img decoding=\"async\" src=\"https:\/\/www.touringcars.com\/wp-content\/uploads\/2025\/02\/carado-imagebank-data_VE_Semi-Integrated_T447_CU_2025_1502_21-31-41_WEB-450x300.jpg\" srcset=\"https:\/\/www.touringcars.com\/wp-content\/uploads\/2025\/02\/carado-imagebank-data_VE_Semi-Integrated_T447_CU_2025_1502_21-31-41_WEB-300x200.jpg 300w, https:\/\/www.touringcars.com\/wp-content\/uploads\/2025\/02\/carado-imagebank-data_VE_Semi-Integrated_T447_CU_2025_1502_21-31-41_WEB-1024x683.jpg 1024w, https:\/\/www.touringcars.com\/wp-content\/uploads\/2025\/02\/carado-imagebank-data_VE_Semi-Integrated_T447_CU_2025_1502_21-31-41_WEB-768x512.jpg 768w, https:\/\/www.touringcars.com\/wp-content\/uploads\/2025\/02\/carado-imagebank-data_VE_Semi-Integrated_T447_CU_2025_1502_21-31-41_WEB-1536x1024.jpg 1536w, https:\/\/www.touringcars.com\/wp-content\/uploads\/2025\/02\/carado-imagebank-data_VE_Semi-Integrated_T447_CU_2025_1502_21-31-41_WEB-2048x1365.jpg 2048w, https:\/\/www.touringcars.com\/wp-content\/uploads\/2025\/02\/carado-imagebank-data_VE_Semi-Integrated_T447_CU_2025_1502_21-31-41_WEB-1920x1280.jpg 1920w, https:\/\/www.touringcars.com\/wp-content\/uploads\/2025\/02\/carado-imagebank-data_VE_Semi-Integrated_T447_CU_2025_1502_21-31-41_WEB-890x593.jpg 890w, https:\/\/www.touringcars.com\/wp-content\/uploads\/2025\/02\/carado-imagebank-data_VE_Semi-Integrated_T447_CU_2025_1502_21-31-41_WEB-714x476.jpg 714w, https:\/\/www.touringcars.com\/wp-content\/uploads\/2025\/02\/carado-imagebank-data_VE_Semi-Integrated_T447_CU_2025_1502_21-31-41_WEB-450x300.jpg 450w, https:\/\/www.touringcars.com\/wp-content\/uploads\/2025\/02\/carado-imagebank-data_VE_Semi-Integrated_T447_CU_2025_1502_21-31-41_WEB-367x245.jpg 367w\" alt=\"_carado-imagebank-data_VE_Semi-Integrated_T447_CU_2025_1502_21-31-41_WEB\" width=\"2560\" height=\"1707\"><\/a><\/div><div class=\"content-container\"><div class=\"title-prices\"><h3><a href=\"https:\/\/www.touringcars.com\/no\/vehicle\/luksus-automatisk\/\">LUXURY (automatic)<\/a><\/h3><\/div><p class=\"post-excerpt\"><a href=\"https:\/\/www.touringcars.com\/no\/vehicle\/luksus-automatisk\/\">N\u00e5r du kun \u00f8nsker det beste. Reis uanstrengt med automatgir. Utstyrt med flatskjerm-TV, f\u00f8rsteklasses kj\u00f8kkenutstyr, f\u00f8rsteklasses senget\u00f8y, campingsett, flaske med toalett kjemikalier, gassflaske, sluttrengj\u00f8ring, klimaanlegg i stuen, Wi-Fi og en velkomstgave.  <\/a><\/p><div class=\"info-icons\"><\/div><\/div><\/article><\/li><li class=\"glide__slide\"><article class=\"article reveal\" data-transmission=\"automatic\" data-vehicle-code=\"SLUXA\" data-vehicle-name=\"SMALL LUXURY (automatic)\" data-capacity=\"2\" data-car-type=\"Semi-integrert\" data-image=\"https:\/\/www.touringcars.com\/wp-content\/uploads\/2025\/02\/carado-imagebank-data_VE_Semi-Integrated_T338_CU_2025_1502_21-31-41_WEB-450x300.jpg\" data-capture-link-event=\"0\"><div class=\"image-container\"><div class=\"tag-container\"><span class=\"tag\" data-slug=\"motorhome\">Bobil<\/span><span class=\"tag\" data-slug=\"luxury\">Luxury<\/span><\/div><a href=\"https:\/\/www.touringcars.com\/no\/vehicle\/liten-luksusautomat\/\"><img decoding=\"async\" src=\"https:\/\/www.touringcars.com\/wp-content\/uploads\/2025\/02\/carado-imagebank-data_VE_Semi-Integrated_T338_CU_2025_1502_21-31-41_WEB-450x300.jpg\" srcset=\"https:\/\/www.touringcars.com\/wp-content\/uploads\/2025\/02\/carado-imagebank-data_VE_Semi-Integrated_T338_CU_2025_1502_21-31-41_WEB-300x200.jpg 300w, https:\/\/www.touringcars.com\/wp-content\/uploads\/2025\/02\/carado-imagebank-data_VE_Semi-Integrated_T338_CU_2025_1502_21-31-41_WEB-1024x683.jpg 1024w, https:\/\/www.touringcars.com\/wp-content\/uploads\/2025\/02\/carado-imagebank-data_VE_Semi-Integrated_T338_CU_2025_1502_21-31-41_WEB-768x512.jpg 768w, https:\/\/www.touringcars.com\/wp-content\/uploads\/2025\/02\/carado-imagebank-data_VE_Semi-Integrated_T338_CU_2025_1502_21-31-41_WEB-1536x1024.jpg 1536w, https:\/\/www.touringcars.com\/wp-content\/uploads\/2025\/02\/carado-imagebank-data_VE_Semi-Integrated_T338_CU_2025_1502_21-31-41_WEB-2048x1365.jpg 2048w, https:\/\/www.touringcars.com\/wp-content\/uploads\/2025\/02\/carado-imagebank-data_VE_Semi-Integrated_T338_CU_2025_1502_21-31-41_WEB-1920x1280.jpg 1920w, https:\/\/www.touringcars.com\/wp-content\/uploads\/2025\/02\/carado-imagebank-data_VE_Semi-Integrated_T338_CU_2025_1502_21-31-41_WEB-890x593.jpg 890w, https:\/\/www.touringcars.com\/wp-content\/uploads\/2025\/02\/carado-imagebank-data_VE_Semi-Integrated_T338_CU_2025_1502_21-31-41_WEB-714x476.jpg 714w, https:\/\/www.touringcars.com\/wp-content\/uploads\/2025\/02\/carado-imagebank-data_VE_Semi-Integrated_T338_CU_2025_1502_21-31-41_WEB-450x300.jpg 450w, https:\/\/www.touringcars.com\/wp-content\/uploads\/2025\/02\/carado-imagebank-data_VE_Semi-Integrated_T338_CU_2025_1502_21-31-41_WEB-367x245.jpg 367w\" alt=\"_carado-imagebank-data_VE_Semi-Integrated_T338_CU_2025_1502_21-31-41_WEB\" width=\"2560\" height=\"1707\"><\/a><\/div><div class=\"content-container\"><div class=\"title-prices\"><h3><a href=\"https:\/\/www.touringcars.com\/no\/vehicle\/liten-luksusautomat\/\">SMALL LUXURY (automatic)<\/a><\/h3><\/div><p class=\"post-excerpt\"><a href=\"https:\/\/www.touringcars.com\/no\/vehicle\/liten-luksusautomat\/\">Jevn automatisk kj\u00f8ring. Utstyrt med flatskjerm-TV, f\u00f8rsteklasses kj\u00f8kkenutstyr, f\u00f8rsteklasses senget\u00f8y, et campingsett, en flaske toalettkjemikalier, en gassflaske, en sluttrengj\u00f8ringstjeneste, klimaanlegg i oppholdsrommet, WIFI og en velkomstgave. <\/a><\/p><div class=\"info-icons\"><\/div><\/div><\/article><\/li><li class=\"glide__slide\"><article class=\"article reveal\" data-transmission=\"automatic\" data-vehicle-code=\"UV-AT\" data-vehicle-name=\"Urban Van (automatic)\" data-capacity=\"2\" data-car-type=\"Varebil\" data-image=\"https:\/\/www.touringcars.com\/wp-content\/uploads\/2025\/12\/Urban-Van-1-574x411.jpg\" data-capture-link-event=\"0\"><div class=\"image-container\"><div class=\"tag-container\"><span class=\"tag\" data-slug=\"urban-van\">Minicamper<\/span><\/div><a href=\"https:\/\/www.touringcars.com\/no\/vehicle\/urban-van-automatisk\/\"><img decoding=\"async\" src=\"https:\/\/www.touringcars.com\/wp-content\/uploads\/2025\/12\/Urban-Van-1-574x411.jpg\" srcset=\"https:\/\/www.touringcars.com\/wp-content\/uploads\/2025\/12\/Urban-Van-1-300x215.jpg 300w, https:\/\/www.touringcars.com\/wp-content\/uploads\/2025\/12\/Urban-Van-1-1024x733.jpg 1024w, https:\/\/www.touringcars.com\/wp-content\/uploads\/2025\/12\/Urban-Van-1-768x550.jpg 768w, https:\/\/www.touringcars.com\/wp-content\/uploads\/2025\/12\/Urban-Van-1-828x593.jpg 828w, https:\/\/www.touringcars.com\/wp-content\/uploads\/2025\/12\/Urban-Van-1-714x511.jpg 714w, https:\/\/www.touringcars.com\/wp-content\/uploads\/2025\/12\/Urban-Van-1-180x129.jpg 180w, https:\/\/www.touringcars.com\/wp-content\/uploads\/2025\/12\/Urban-Van-1-412x295.jpg 412w, https:\/\/www.touringcars.com\/wp-content\/uploads\/2025\/12\/Urban-Van-1-574x411.jpg 574w, https:\/\/www.touringcars.com\/wp-content\/uploads\/2025\/12\/Urban-Van-1.jpg 1348w\" alt=\"Urban Van 1\" width=\"1348\" height=\"965\"><\/a><\/div><div class=\"content-container\"><div class=\"title-prices\"><h3><a href=\"https:\/\/www.touringcars.com\/no\/vehicle\/urban-van-automatisk\/\">Urban Van (automatic)<\/a><\/h3><\/div><p class=\"post-excerpt\"><a href=\"https:\/\/www.touringcars.com\/no\/vehicle\/urban-van-automatisk\/\">Nyt den perfekte blandingen av enkel kj\u00f8ring og smart livsstil i denne kompakte, automatiske bobilen.<\/a><\/p><div class=\"info-icons\"><\/div><\/div><\/article><\/li><li class=\"glide__slide\"><article class=\"article reveal\" data-transmission=\"automatic\" data-vehicle-code=\"V4x4A\" data-vehicle-name=\"VAN 4&#215;4 (automatic)\" data-capacity=\"2\" data-car-type=\"Varebil\" data-image=\"https:\/\/www.touringcars.com\/wp-content\/uploads\/2025\/11\/van-4x4-buerstner-habiton-2025-white-road-1-574x411.jpg\" data-capture-link-event=\"0\"><div class=\"image-container\"><div class=\"tag-container\"><span class=\"tag\" data-slug=\"camper-van\">Bybobil<\/span><\/div><a href=\"https:\/\/www.touringcars.com\/no\/vehicle\/van-4x4-automatisk\/\"><img decoding=\"async\" src=\"https:\/\/www.touringcars.com\/wp-content\/uploads\/2025\/11\/van-4x4-buerstner-habiton-2025-white-road-1-574x411.jpg\" srcset=\"https:\/\/www.touringcars.com\/wp-content\/uploads\/2025\/11\/van-4x4-buerstner-habiton-2025-white-road-1-300x215.jpg 300w, https:\/\/www.touringcars.com\/wp-content\/uploads\/2025\/11\/van-4x4-buerstner-habiton-2025-white-road-1-1024x733.jpg 1024w, https:\/\/www.touringcars.com\/wp-content\/uploads\/2025\/11\/van-4x4-buerstner-habiton-2025-white-road-1-768x550.jpg 768w, https:\/\/www.touringcars.com\/wp-content\/uploads\/2025\/11\/van-4x4-buerstner-habiton-2025-white-road-1-828x593.jpg 828w, https:\/\/www.touringcars.com\/wp-content\/uploads\/2025\/11\/van-4x4-buerstner-habiton-2025-white-road-1-714x511.jpg 714w, https:\/\/www.touringcars.com\/wp-content\/uploads\/2025\/11\/van-4x4-buerstner-habiton-2025-white-road-1-574x411.jpg 574w, https:\/\/www.touringcars.com\/wp-content\/uploads\/2025\/11\/van-4x4-buerstner-habiton-2025-white-road-1.jpg 1348w\" alt=\"van-4x4-buerstner-habiton-2025-white-road\" width=\"1348\" height=\"965\"><\/a><\/div><div class=\"content-container\"><div class=\"title-prices\"><h3><a href=\"https:\/\/www.touringcars.com\/no\/vehicle\/van-4x4-automatisk\/\">VAN 4&#215;4 (automatic)<\/a><\/h3><\/div><p class=\"post-excerpt\"><a href=\"https:\/\/www.touringcars.com\/no\/vehicle\/van-4x4-automatisk\/\">Fleksibelt, kompakt alternativ med offroad-egenskaper for en ferietur for to<\/a><\/p><div class=\"info-icons\"><\/div><\/div><\/article><\/li><li class=\"glide__slide\"><article class=\"article reveal\" data-transmission=\"automatic\" data-vehicle-code=\"C-AT\" data-vehicle-name=\"CAMP (automatic)\" data-capacity=\"2\" data-car-type=\"Varebil\" data-image=\"https:\/\/www.touringcars.com\/wp-content\/uploads\/2025\/11\/camp-automatic-buerstner-papillon-white-574x411.jpg\" data-capture-link-event=\"0\"><div class=\"image-container\"><div class=\"tag-container\"><span class=\"tag\" data-slug=\"camper-van\">Bybobil<\/span><\/div><a href=\"https:\/\/www.touringcars.com\/no\/vehicle\/camp-automatisk\/\"><img decoding=\"async\" src=\"https:\/\/www.touringcars.com\/wp-content\/uploads\/2025\/11\/camp-automatic-buerstner-papillon-white-574x411.jpg\" srcset=\"https:\/\/www.touringcars.com\/wp-content\/uploads\/2025\/11\/camp-automatic-buerstner-papillon-white-300x215.jpg 300w, https:\/\/www.touringcars.com\/wp-content\/uploads\/2025\/11\/camp-automatic-buerstner-papillon-white-1024x733.jpg 1024w, https:\/\/www.touringcars.com\/wp-content\/uploads\/2025\/11\/camp-automatic-buerstner-papillon-white-768x550.jpg 768w, https:\/\/www.touringcars.com\/wp-content\/uploads\/2025\/11\/camp-automatic-buerstner-papillon-white-828x593.jpg 828w, https:\/\/www.touringcars.com\/wp-content\/uploads\/2025\/11\/camp-automatic-buerstner-papillon-white-714x511.jpg 714w, https:\/\/www.touringcars.com\/wp-content\/uploads\/2025\/11\/camp-automatic-buerstner-papillon-white-574x411.jpg 574w, https:\/\/www.touringcars.com\/wp-content\/uploads\/2025\/11\/camp-automatic-buerstner-papillon-white.jpg 1348w\" alt=\"camp-automatic-buerstner-papillon-white\" width=\"1348\" height=\"965\"><\/a><\/div><div class=\"content-container\"><div class=\"title-prices\"><h3><a href=\"https:\/\/www.touringcars.com\/no\/vehicle\/camp-automatisk\/\">CAMP (automatic)<\/a><\/h3><\/div><p class=\"post-excerpt\"><a href=\"https:\/\/www.touringcars.com\/no\/vehicle\/camp-automatisk\/\">Et smart og kompakt alternativ med dieselvarme og elektrisk matlaging, perfekt for korte turer p\u00e5 landet eller i byen for to.<\/a><\/p><div class=\"info-icons\"><\/div><\/div><\/article><\/li><li class=\"glide__slide\"><article class=\"article reveal\" data-transmission=\"automatic\" data-vehicle-code=\"L5-AT\" data-vehicle-name=\"LARGE | 5 (automatic)\" data-capacity=\"5\" data-car-type=\"Alcove\" data-image=\"https:\/\/www.touringcars.com\/wp-content\/uploads\/2025\/02\/carado-imagebank-data_VE_Overcab_A464_CU_2025_1003_21-31-41_web-450x300.jpg\" data-capture-link-event=\"0\"><div class=\"image-container\"><div class=\"tag-container\"><span class=\"tag\" data-slug=\"motorhome\">Bobil<\/span><\/div><a href=\"https:\/\/www.touringcars.com\/no\/vehicle\/large-5-automatic\/\"><img decoding=\"async\" src=\"https:\/\/www.touringcars.com\/wp-content\/uploads\/2025\/02\/carado-imagebank-data_VE_Overcab_A464_CU_2025_1003_21-31-41_web-450x300.jpg\" srcset=\"https:\/\/www.touringcars.com\/wp-content\/uploads\/2025\/02\/carado-imagebank-data_VE_Overcab_A464_CU_2025_1003_21-31-41_web-300x200.jpg 300w, https:\/\/www.touringcars.com\/wp-content\/uploads\/2025\/02\/carado-imagebank-data_VE_Overcab_A464_CU_2025_1003_21-31-41_web-1024x682.jpg 1024w, https:\/\/www.touringcars.com\/wp-content\/uploads\/2025\/02\/carado-imagebank-data_VE_Overcab_A464_CU_2025_1003_21-31-41_web-768x512.jpg 768w, https:\/\/www.touringcars.com\/wp-content\/uploads\/2025\/02\/carado-imagebank-data_VE_Overcab_A464_CU_2025_1003_21-31-41_web-1536x1024.jpg 1536w, https:\/\/www.touringcars.com\/wp-content\/uploads\/2025\/02\/carado-imagebank-data_VE_Overcab_A464_CU_2025_1003_21-31-41_web-2048x1365.jpg 2048w, https:\/\/www.touringcars.com\/wp-content\/uploads\/2025\/02\/carado-imagebank-data_VE_Overcab_A464_CU_2025_1003_21-31-41_web-890x593.jpg 890w, https:\/\/www.touringcars.com\/wp-content\/uploads\/2025\/02\/carado-imagebank-data_VE_Overcab_A464_CU_2025_1003_21-31-41_web-714x476.jpg 714w, https:\/\/www.touringcars.com\/wp-content\/uploads\/2025\/02\/carado-imagebank-data_VE_Overcab_A464_CU_2025_1003_21-31-41_web-450x300.jpg 450w, https:\/\/www.touringcars.com\/wp-content\/uploads\/2025\/02\/carado-imagebank-data_VE_Overcab_A464_CU_2025_1003_21-31-41_web-367x245.jpg 367w\" alt=\"_carado-imagebank-data_VE_Overcab_A464_CU_2025_1003_21-31-41_web\" width=\"2200\" height=\"1466\"><\/a><\/div><div class=\"content-container\"><div class=\"title-prices\"><h3><a href=\"https:\/\/www.touringcars.com\/no\/vehicle\/large-5-automatic\/\">LARGE | 5 (automatic)<\/a><\/h3><\/div><p class=\"post-excerpt\"><a href=\"https:\/\/www.touringcars.com\/no\/vehicle\/large-5-automatic\/\">Perfekt for en gruppe eller familie p\u00e5 opptil 5 personer med mye bagasje.<\/a><\/p><div class=\"info-icons\"><\/div><\/div><\/article><\/li><li class=\"glide__slide\"><article class=\"article reveal\" data-transmission=\"manual\" data-vehicle-code=\"M\" data-vehicle-name=\"MEDIUM\" data-capacity=\"4\" data-car-type=\"Semi-integrated\" data-image=\"https:\/\/www.touringcars.com\/wp-content\/uploads\/2025\/02\/carado-imagebank-data_VE_Semi-Integrated_T448_CU_2025_1002_21-31-41_web-450x300.jpg\" data-capture-link-event=\"0\"><div class=\"image-container\"><div class=\"tag-container\"><span class=\"tag\" data-slug=\"motorhome\">Bobil<\/span><\/div><a href=\"https:\/\/www.touringcars.com\/no\/vehicle\/medium\/\"><img decoding=\"async\" src=\"https:\/\/www.touringcars.com\/wp-content\/uploads\/2025\/02\/carado-imagebank-data_VE_Semi-Integrated_T448_CU_2025_1002_21-31-41_web-450x300.jpg\" srcset=\"https:\/\/www.touringcars.com\/wp-content\/uploads\/2025\/02\/carado-imagebank-data_VE_Semi-Integrated_T448_CU_2025_1002_21-31-41_web-300x200.jpg 300w, https:\/\/www.touringcars.com\/wp-content\/uploads\/2025\/02\/carado-imagebank-data_VE_Semi-Integrated_T448_CU_2025_1002_21-31-41_web-1024x682.jpg 1024w, https:\/\/www.touringcars.com\/wp-content\/uploads\/2025\/02\/carado-imagebank-data_VE_Semi-Integrated_T448_CU_2025_1002_21-31-41_web-768x512.jpg 768w, https:\/\/www.touringcars.com\/wp-content\/uploads\/2025\/02\/carado-imagebank-data_VE_Semi-Integrated_T448_CU_2025_1002_21-31-41_web-1536x1024.jpg 1536w, https:\/\/www.touringcars.com\/wp-content\/uploads\/2025\/02\/carado-imagebank-data_VE_Semi-Integrated_T448_CU_2025_1002_21-31-41_web-2048x1365.jpg 2048w, https:\/\/www.touringcars.com\/wp-content\/uploads\/2025\/02\/carado-imagebank-data_VE_Semi-Integrated_T448_CU_2025_1002_21-31-41_web-890x593.jpg 890w, https:\/\/www.touringcars.com\/wp-content\/uploads\/2025\/02\/carado-imagebank-data_VE_Semi-Integrated_T448_CU_2025_1002_21-31-41_web-714x476.jpg 714w, https:\/\/www.touringcars.com\/wp-content\/uploads\/2025\/02\/carado-imagebank-data_VE_Semi-Integrated_T448_CU_2025_1002_21-31-41_web-450x300.jpg 450w, https:\/\/www.touringcars.com\/wp-content\/uploads\/2025\/02\/carado-imagebank-data_VE_Semi-Integrated_T448_CU_2025_1002_21-31-41_web-367x245.jpg 367w\" alt=\"_carado-imagebank-data_VE_Semi-Integrated_T448_CU_2025_1002_21-31-41_web\" width=\"2200\" height=\"1466\"><\/a><\/div><div class=\"content-container\"><div class=\"title-prices\"><h3><a href=\"https:\/\/www.touringcars.com\/no\/vehicle\/medium\/\">MEDIUM<\/a><\/h3><\/div><p class=\"post-excerpt\"><a href=\"https:\/\/www.touringcars.com\/no\/vehicle\/medium\/\">Most popular category &#8211; suitable up to 4 person<\/a><\/p><div class=\"info-icons\"><\/div><\/div><\/article><\/li><li class=\"glide__slide\"><article class=\"article reveal\" data-transmission=\"manual\" data-vehicle-code=\"F5\" data-vehicle-name=\"FAMILY | 5\" data-capacity=\"5\" data-car-type=\"Alcove \/ Semi-integrated\" data-image=\"https:\/\/www.touringcars.com\/wp-content\/uploads\/2025\/02\/carado-imagebank-data_VE_Overcab_A361_CU_2025_1002_21-31-41_web-450x300.jpg\" data-capture-link-event=\"0\"><div class=\"image-container\"><div class=\"tag-container\"><span class=\"tag\" data-slug=\"motorhome\">Bobil<\/span><span class=\"tag\" data-slug=\"family\">Family<\/span><\/div><a href=\"https:\/\/www.touringcars.com\/no\/vehicle\/family-5\/\"><img decoding=\"async\" src=\"https:\/\/www.touringcars.com\/wp-content\/uploads\/2025\/02\/carado-imagebank-data_VE_Overcab_A361_CU_2025_1002_21-31-41_web-450x300.jpg\" srcset=\"https:\/\/www.touringcars.com\/wp-content\/uploads\/2025\/02\/carado-imagebank-data_VE_Overcab_A361_CU_2025_1002_21-31-41_web-300x200.jpg 300w, https:\/\/www.touringcars.com\/wp-content\/uploads\/2025\/02\/carado-imagebank-data_VE_Overcab_A361_CU_2025_1002_21-31-41_web-1024x682.jpg 1024w, https:\/\/www.touringcars.com\/wp-content\/uploads\/2025\/02\/carado-imagebank-data_VE_Overcab_A361_CU_2025_1002_21-31-41_web-768x512.jpg 768w, https:\/\/www.touringcars.com\/wp-content\/uploads\/2025\/02\/carado-imagebank-data_VE_Overcab_A361_CU_2025_1002_21-31-41_web-1536x1024.jpg 1536w, https:\/\/www.touringcars.com\/wp-content\/uploads\/2025\/02\/carado-imagebank-data_VE_Overcab_A361_CU_2025_1002_21-31-41_web-2048x1365.jpg 2048w, https:\/\/www.touringcars.com\/wp-content\/uploads\/2025\/02\/carado-imagebank-data_VE_Overcab_A361_CU_2025_1002_21-31-41_web-890x593.jpg 890w, https:\/\/www.touringcars.com\/wp-content\/uploads\/2025\/02\/carado-imagebank-data_VE_Overcab_A361_CU_2025_1002_21-31-41_web-714x476.jpg 714w, https:\/\/www.touringcars.com\/wp-content\/uploads\/2025\/02\/carado-imagebank-data_VE_Overcab_A361_CU_2025_1002_21-31-41_web-450x300.jpg 450w, https:\/\/www.touringcars.com\/wp-content\/uploads\/2025\/02\/carado-imagebank-data_VE_Overcab_A361_CU_2025_1002_21-31-41_web-367x245.jpg 367w\" alt=\"_carado-imagebank-data_VE_Overcab_A361_CU_2025_1002_21-31-41_web\" width=\"2200\" height=\"1466\"><\/a><\/div><div class=\"content-container\"><div class=\"title-prices\"><h3><a href=\"https:\/\/www.touringcars.com\/no\/vehicle\/family-5\/\">FAMILY | 5<\/a><\/h3><\/div><p class=\"post-excerpt\"><a href=\"https:\/\/www.touringcars.com\/no\/vehicle\/family-5\/\">Ideal for a family of five (bunk bed at the back)<\/a><\/p><div class=\"info-icons\"><\/div><\/div><\/article><\/li><li class=\"glide__slide\"><article class=\"article reveal\" data-transmission=\"manual\" data-vehicle-code=\"L5\" data-vehicle-name=\"LARGE | 5\" data-capacity=\"5\" data-car-type=\"Alcove\" data-image=\"https:\/\/www.touringcars.com\/wp-content\/uploads\/2025\/02\/carado-imagebank-data_VE_Overcab_A464_CU_2025_1003_21-31-41_web-450x300.jpg\" data-capture-link-event=\"0\"><div class=\"image-container\"><div class=\"tag-container\"><span class=\"tag\" data-slug=\"motorhome\">Bobil<\/span><\/div><a href=\"https:\/\/www.touringcars.com\/no\/vehicle\/large-5\/\"><img decoding=\"async\" src=\"https:\/\/www.touringcars.com\/wp-content\/uploads\/2025\/02\/carado-imagebank-data_VE_Overcab_A464_CU_2025_1003_21-31-41_web-450x300.jpg\" srcset=\"https:\/\/www.touringcars.com\/wp-content\/uploads\/2025\/02\/carado-imagebank-data_VE_Overcab_A464_CU_2025_1003_21-31-41_web-300x200.jpg 300w, https:\/\/www.touringcars.com\/wp-content\/uploads\/2025\/02\/carado-imagebank-data_VE_Overcab_A464_CU_2025_1003_21-31-41_web-1024x682.jpg 1024w, https:\/\/www.touringcars.com\/wp-content\/uploads\/2025\/02\/carado-imagebank-data_VE_Overcab_A464_CU_2025_1003_21-31-41_web-768x512.jpg 768w, https:\/\/www.touringcars.com\/wp-content\/uploads\/2025\/02\/carado-imagebank-data_VE_Overcab_A464_CU_2025_1003_21-31-41_web-1536x1024.jpg 1536w, https:\/\/www.touringcars.com\/wp-content\/uploads\/2025\/02\/carado-imagebank-data_VE_Overcab_A464_CU_2025_1003_21-31-41_web-2048x1365.jpg 2048w, https:\/\/www.touringcars.com\/wp-content\/uploads\/2025\/02\/carado-imagebank-data_VE_Overcab_A464_CU_2025_1003_21-31-41_web-890x593.jpg 890w, https:\/\/www.touringcars.com\/wp-content\/uploads\/2025\/02\/carado-imagebank-data_VE_Overcab_A464_CU_2025_1003_21-31-41_web-714x476.jpg 714w, https:\/\/www.touringcars.com\/wp-content\/uploads\/2025\/02\/carado-imagebank-data_VE_Overcab_A464_CU_2025_1003_21-31-41_web-450x300.jpg 450w, https:\/\/www.touringcars.com\/wp-content\/uploads\/2025\/02\/carado-imagebank-data_VE_Overcab_A464_CU_2025_1003_21-31-41_web-367x245.jpg 367w\" alt=\"_carado-imagebank-data_VE_Overcab_A464_CU_2025_1003_21-31-41_web\" width=\"2200\" height=\"1466\"><\/a><\/div><div class=\"content-container\"><div class=\"title-prices\"><h3><a href=\"https:\/\/www.touringcars.com\/no\/vehicle\/large-5\/\">LARGE | 5<\/a><\/h3><\/div><p class=\"post-excerpt\"><a href=\"https:\/\/www.touringcars.com\/no\/vehicle\/large-5\/\">Perfekt for en gruppe eller familie p\u00e5 opptil 5 personer med mye bagasje.<\/a><\/p><div class=\"info-icons\"><\/div><\/div><\/article><\/li><li class=\"glide__slide\"><article class=\"article reveal\" data-transmission=\"automatic\" data-vehicle-code=\"F5-AT\" data-vehicle-name=\"FAMILY | 5 (automatic)\" data-capacity=\"5\" data-car-type=\"Alcove \/ Semi-integrated\" data-image=\"https:\/\/www.touringcars.com\/wp-content\/uploads\/2025\/02\/carado-imagebank-data_VE_Overcab_A361_CU_2025_1002_21-31-41_web-450x300.jpg\" data-capture-link-event=\"0\"><div class=\"image-container\"><div class=\"tag-container\"><span class=\"tag\" data-slug=\"motorhome\">Bobil<\/span><span class=\"tag\" data-slug=\"family\">Family<\/span><\/div><a href=\"https:\/\/www.touringcars.com\/no\/vehicle\/family-5-automatic\/\"><img decoding=\"async\" src=\"https:\/\/www.touringcars.com\/wp-content\/uploads\/2025\/02\/carado-imagebank-data_VE_Overcab_A361_CU_2025_1002_21-31-41_web-450x300.jpg\" srcset=\"https:\/\/www.touringcars.com\/wp-content\/uploads\/2025\/02\/carado-imagebank-data_VE_Overcab_A361_CU_2025_1002_21-31-41_web-300x200.jpg 300w, https:\/\/www.touringcars.com\/wp-content\/uploads\/2025\/02\/carado-imagebank-data_VE_Overcab_A361_CU_2025_1002_21-31-41_web-1024x682.jpg 1024w, https:\/\/www.touringcars.com\/wp-content\/uploads\/2025\/02\/carado-imagebank-data_VE_Overcab_A361_CU_2025_1002_21-31-41_web-768x512.jpg 768w, https:\/\/www.touringcars.com\/wp-content\/uploads\/2025\/02\/carado-imagebank-data_VE_Overcab_A361_CU_2025_1002_21-31-41_web-1536x1024.jpg 1536w, https:\/\/www.touringcars.com\/wp-content\/uploads\/2025\/02\/carado-imagebank-data_VE_Overcab_A361_CU_2025_1002_21-31-41_web-2048x1365.jpg 2048w, https:\/\/www.touringcars.com\/wp-content\/uploads\/2025\/02\/carado-imagebank-data_VE_Overcab_A361_CU_2025_1002_21-31-41_web-890x593.jpg 890w, https:\/\/www.touringcars.com\/wp-content\/uploads\/2025\/02\/carado-imagebank-data_VE_Overcab_A361_CU_2025_1002_21-31-41_web-714x476.jpg 714w, https:\/\/www.touringcars.com\/wp-content\/uploads\/2025\/02\/carado-imagebank-data_VE_Overcab_A361_CU_2025_1002_21-31-41_web-450x300.jpg 450w, https:\/\/www.touringcars.com\/wp-content\/uploads\/2025\/02\/carado-imagebank-data_VE_Overcab_A361_CU_2025_1002_21-31-41_web-367x245.jpg 367w\" alt=\"_carado-imagebank-data_VE_Overcab_A361_CU_2025_1002_21-31-41_web\" width=\"2200\" height=\"1466\"><\/a><\/div><div class=\"content-container\"><div class=\"title-prices\"><h3><a href=\"https:\/\/www.touringcars.com\/no\/vehicle\/family-5-automatic\/\">FAMILY | 5 (automatic)<\/a><\/h3><\/div><p class=\"post-excerpt\"><a href=\"https:\/\/www.touringcars.com\/no\/vehicle\/family-5-automatic\/\">Ideal for a family of five (bunk bed at the back)<\/a><\/p><div class=\"info-icons\"><\/div><\/div><\/article><\/li><li class=\"glide__slide\"><article class=\"article reveal\" data-transmission=\"automatic\" data-vehicle-code=\"M-AT\" data-vehicle-name=\"MEDIUM (automatic)\" data-capacity=\"4\" data-car-type=\"Semi-integrated\" data-image=\"https:\/\/www.touringcars.com\/wp-content\/uploads\/2025\/02\/carado-imagebank-data_VE_Semi-Integrated_T448_CU_2025_1002_21-31-41_web-450x300.jpg\" data-capture-link-event=\"0\"><div class=\"image-container\"><div class=\"tag-container\"><span class=\"tag\" data-slug=\"motorhome\">Bobil<\/span><\/div><a href=\"https:\/\/www.touringcars.com\/no\/vehicle\/medium-automatic\/\"><img decoding=\"async\" src=\"https:\/\/www.touringcars.com\/wp-content\/uploads\/2025\/02\/carado-imagebank-data_VE_Semi-Integrated_T448_CU_2025_1002_21-31-41_web-450x300.jpg\" srcset=\"https:\/\/www.touringcars.com\/wp-content\/uploads\/2025\/02\/carado-imagebank-data_VE_Semi-Integrated_T448_CU_2025_1002_21-31-41_web-300x200.jpg 300w, https:\/\/www.touringcars.com\/wp-content\/uploads\/2025\/02\/carado-imagebank-data_VE_Semi-Integrated_T448_CU_2025_1002_21-31-41_web-1024x682.jpg 1024w, https:\/\/www.touringcars.com\/wp-content\/uploads\/2025\/02\/carado-imagebank-data_VE_Semi-Integrated_T448_CU_2025_1002_21-31-41_web-768x512.jpg 768w, https:\/\/www.touringcars.com\/wp-content\/uploads\/2025\/02\/carado-imagebank-data_VE_Semi-Integrated_T448_CU_2025_1002_21-31-41_web-1536x1024.jpg 1536w, https:\/\/www.touringcars.com\/wp-content\/uploads\/2025\/02\/carado-imagebank-data_VE_Semi-Integrated_T448_CU_2025_1002_21-31-41_web-2048x1365.jpg 2048w, https:\/\/www.touringcars.com\/wp-content\/uploads\/2025\/02\/carado-imagebank-data_VE_Semi-Integrated_T448_CU_2025_1002_21-31-41_web-890x593.jpg 890w, https:\/\/www.touringcars.com\/wp-content\/uploads\/2025\/02\/carado-imagebank-data_VE_Semi-Integrated_T448_CU_2025_1002_21-31-41_web-714x476.jpg 714w, https:\/\/www.touringcars.com\/wp-content\/uploads\/2025\/02\/carado-imagebank-data_VE_Semi-Integrated_T448_CU_2025_1002_21-31-41_web-450x300.jpg 450w, https:\/\/www.touringcars.com\/wp-content\/uploads\/2025\/02\/carado-imagebank-data_VE_Semi-Integrated_T448_CU_2025_1002_21-31-41_web-367x245.jpg 367w\" alt=\"_carado-imagebank-data_VE_Semi-Integrated_T448_CU_2025_1002_21-31-41_web\" width=\"2200\" height=\"1466\"><\/a><\/div><div class=\"content-container\"><div class=\"title-prices\"><h3><a href=\"https:\/\/www.touringcars.com\/no\/vehicle\/medium-automatic\/\">MEDIUM (automatic)<\/a><\/h3><\/div><p class=\"post-excerpt\"><a href=\"https:\/\/www.touringcars.com\/no\/vehicle\/medium-automatic\/\">Most popular category &#8211; suitable up to 4 person<\/a><\/p><div class=\"info-icons\"><\/div><\/div><\/article><\/li><li class=\"glide__slide\"><article class=\"article reveal\" data-transmission=\"manual\" data-vehicle-code=\"S\" data-vehicle-name=\"SMALL\" data-capacity=\"2\" data-car-type=\"Semi-integrated\" data-image=\"https:\/\/www.touringcars.com\/wp-content\/uploads\/2025\/02\/carado-imagebank-data_VE_Van_V339_CU_2025_1002_21-31-41_web-450x300.jpg\" data-capture-link-event=\"0\"><div class=\"image-container\"><div class=\"tag-container\"><span class=\"tag\" data-slug=\"motorhome\">Bobil<\/span><\/div><a href=\"https:\/\/www.touringcars.com\/no\/vehicle\/small\/\"><img decoding=\"async\" src=\"https:\/\/www.touringcars.com\/wp-content\/uploads\/2025\/02\/carado-imagebank-data_VE_Van_V339_CU_2025_1002_21-31-41_web-450x300.jpg\" srcset=\"https:\/\/www.touringcars.com\/wp-content\/uploads\/2025\/02\/carado-imagebank-data_VE_Van_V339_CU_2025_1002_21-31-41_web-300x200.jpg 300w, https:\/\/www.touringcars.com\/wp-content\/uploads\/2025\/02\/carado-imagebank-data_VE_Van_V339_CU_2025_1002_21-31-41_web-1024x682.jpg 1024w, https:\/\/www.touringcars.com\/wp-content\/uploads\/2025\/02\/carado-imagebank-data_VE_Van_V339_CU_2025_1002_21-31-41_web-768x512.jpg 768w, https:\/\/www.touringcars.com\/wp-content\/uploads\/2025\/02\/carado-imagebank-data_VE_Van_V339_CU_2025_1002_21-31-41_web-1536x1024.jpg 1536w, https:\/\/www.touringcars.com\/wp-content\/uploads\/2025\/02\/carado-imagebank-data_VE_Van_V339_CU_2025_1002_21-31-41_web-2048x1365.jpg 2048w, https:\/\/www.touringcars.com\/wp-content\/uploads\/2025\/02\/carado-imagebank-data_VE_Van_V339_CU_2025_1002_21-31-41_web-890x593.jpg 890w, https:\/\/www.touringcars.com\/wp-content\/uploads\/2025\/02\/carado-imagebank-data_VE_Van_V339_CU_2025_1002_21-31-41_web-714x476.jpg 714w, https:\/\/www.touringcars.com\/wp-content\/uploads\/2025\/02\/carado-imagebank-data_VE_Van_V339_CU_2025_1002_21-31-41_web-450x300.jpg 450w, https:\/\/www.touringcars.com\/wp-content\/uploads\/2025\/02\/carado-imagebank-data_VE_Van_V339_CU_2025_1002_21-31-41_web-367x245.jpg 367w\" alt=\"_carado-imagebank-data_VE_Van_V339_CU_2025_1002_21-31-41_web\" width=\"2200\" height=\"1466\"><\/a><\/div><div class=\"content-container\"><div class=\"title-prices\"><h3><a href=\"https:\/\/www.touringcars.com\/no\/vehicle\/small\/\">SMALL<\/a><\/h3><\/div><p class=\"post-excerpt\"><a href=\"https:\/\/www.touringcars.com\/no\/vehicle\/small\/\">Ideal &amp; roomy choice for a couple\u2019s adventure<\/a><\/p><div class=\"info-icons\"><\/div><\/div><\/article><\/li><li class=\"glide__slide\"><article class=\"article reveal\" data-transmission=\"automatic\" data-vehicle-code=\"S-AT\" data-vehicle-name=\"SMALL (automatic)\" data-capacity=\"2\" data-car-type=\"Semi-integrated\" data-image=\"https:\/\/www.touringcars.com\/wp-content\/uploads\/2025\/02\/carado-imagebank-data_VE_Van_V337_CU_2025_1002_21-31-41_web-450x300.jpg\" data-capture-link-event=\"0\"><div class=\"image-container\"><div class=\"tag-container\"><span class=\"tag\" data-slug=\"motorhome\">Bobil<\/span><\/div><a href=\"https:\/\/www.touringcars.com\/no\/vehicle\/small-automatic\/\"><img decoding=\"async\" src=\"https:\/\/www.touringcars.com\/wp-content\/uploads\/2025\/02\/carado-imagebank-data_VE_Van_V337_CU_2025_1002_21-31-41_web-450x300.jpg\" srcset=\"https:\/\/www.touringcars.com\/wp-content\/uploads\/2025\/02\/carado-imagebank-data_VE_Van_V337_CU_2025_1002_21-31-41_web-300x200.jpg 300w, https:\/\/www.touringcars.com\/wp-content\/uploads\/2025\/02\/carado-imagebank-data_VE_Van_V337_CU_2025_1002_21-31-41_web-1024x682.jpg 1024w, https:\/\/www.touringcars.com\/wp-content\/uploads\/2025\/02\/carado-imagebank-data_VE_Van_V337_CU_2025_1002_21-31-41_web-768x512.jpg 768w, https:\/\/www.touringcars.com\/wp-content\/uploads\/2025\/02\/carado-imagebank-data_VE_Van_V337_CU_2025_1002_21-31-41_web-1536x1024.jpg 1536w, https:\/\/www.touringcars.com\/wp-content\/uploads\/2025\/02\/carado-imagebank-data_VE_Van_V337_CU_2025_1002_21-31-41_web-2048x1365.jpg 2048w, https:\/\/www.touringcars.com\/wp-content\/uploads\/2025\/02\/carado-imagebank-data_VE_Van_V337_CU_2025_1002_21-31-41_web-890x593.jpg 890w, https:\/\/www.touringcars.com\/wp-content\/uploads\/2025\/02\/carado-imagebank-data_VE_Van_V337_CU_2025_1002_21-31-41_web-714x476.jpg 714w, https:\/\/www.touringcars.com\/wp-content\/uploads\/2025\/02\/carado-imagebank-data_VE_Van_V337_CU_2025_1002_21-31-41_web-450x300.jpg 450w, https:\/\/www.touringcars.com\/wp-content\/uploads\/2025\/02\/carado-imagebank-data_VE_Van_V337_CU_2025_1002_21-31-41_web-367x245.jpg 367w\" alt=\"_carado-imagebank-data_VE_Van_V337_CU_2025_1002_21-31-41_web\" width=\"2200\" height=\"1466\"><\/a><\/div><div class=\"content-container\"><div class=\"title-prices\"><h3><a href=\"https:\/\/www.touringcars.com\/no\/vehicle\/small-automatic\/\">SMALL (automatic)<\/a><\/h3><\/div><p class=\"post-excerpt\"><a href=\"https:\/\/www.touringcars.com\/no\/vehicle\/small-automatic\/\">Ideal &amp; roomy choice for a couple\u2019s adventure<\/a><\/p><div class=\"info-icons\"><\/div><\/div><\/article><\/li><li class=\"glide__slide\"><article class=\"article reveal\" data-transmission=\"manual\" data-vehicle-code=\"V\" data-vehicle-name=\"VAN\" data-capacity=\"2\" data-car-type=\"VAN\" data-image=\"https:\/\/www.touringcars.com\/wp-content\/uploads\/2025\/02\/carado-imagebank-data_VE_Camper-Van_CV640_CU_2025_1002_21-31-41_web-450x300.jpg\" data-capture-link-event=\"0\"><div class=\"image-container\"><div class=\"tag-container\"><span class=\"tag\" data-slug=\"camper-van\">Bybobil<\/span><\/div><a href=\"https:\/\/www.touringcars.com\/no\/vehicle\/van\/\"><img decoding=\"async\" src=\"https:\/\/www.touringcars.com\/wp-content\/uploads\/2025\/02\/carado-imagebank-data_VE_Camper-Van_CV640_CU_2025_1002_21-31-41_web-450x300.jpg\" srcset=\"https:\/\/www.touringcars.com\/wp-content\/uploads\/2025\/02\/carado-imagebank-data_VE_Camper-Van_CV640_CU_2025_1002_21-31-41_web-300x200.jpg 300w, https:\/\/www.touringcars.com\/wp-content\/uploads\/2025\/02\/carado-imagebank-data_VE_Camper-Van_CV640_CU_2025_1002_21-31-41_web-1024x682.jpg 1024w, https:\/\/www.touringcars.com\/wp-content\/uploads\/2025\/02\/carado-imagebank-data_VE_Camper-Van_CV640_CU_2025_1002_21-31-41_web-768x512.jpg 768w, https:\/\/www.touringcars.com\/wp-content\/uploads\/2025\/02\/carado-imagebank-data_VE_Camper-Van_CV640_CU_2025_1002_21-31-41_web-1536x1024.jpg 1536w, https:\/\/www.touringcars.com\/wp-content\/uploads\/2025\/02\/carado-imagebank-data_VE_Camper-Van_CV640_CU_2025_1002_21-31-41_web-2048x1365.jpg 2048w, https:\/\/www.touringcars.com\/wp-content\/uploads\/2025\/02\/carado-imagebank-data_VE_Camper-Van_CV640_CU_2025_1002_21-31-41_web-890x593.jpg 890w, https:\/\/www.touringcars.com\/wp-content\/uploads\/2025\/02\/carado-imagebank-data_VE_Camper-Van_CV640_CU_2025_1002_21-31-41_web-714x476.jpg 714w, https:\/\/www.touringcars.com\/wp-content\/uploads\/2025\/02\/carado-imagebank-data_VE_Camper-Van_CV640_CU_2025_1002_21-31-41_web-450x300.jpg 450w, https:\/\/www.touringcars.com\/wp-content\/uploads\/2025\/02\/carado-imagebank-data_VE_Camper-Van_CV640_CU_2025_1002_21-31-41_web-367x245.jpg 367w\" alt=\"_carado-imagebank-data_VE_Camper-Van_CV640_CU_2025_1002_21-31-41_web\" width=\"2200\" height=\"1466\"><\/a><\/div><div class=\"content-container\"><div class=\"title-prices\"><h3><a href=\"https:\/\/www.touringcars.com\/no\/vehicle\/van\/\">VAN<\/a><\/h3><\/div><p class=\"post-excerpt\"><a href=\"https:\/\/www.touringcars.com\/no\/vehicle\/van\/\">Agile option for narrow roads, a city break or a short holiday trip for two<\/a><\/p><div class=\"info-icons\"><\/div><\/div><\/article><\/li><li class=\"glide__slide\"><article class=\"article reveal\" data-transmission=\"automatic\" data-vehicle-code=\"V-AT\" data-vehicle-name=\"VAN (automatic)\" data-capacity=\"2\" data-car-type=\"VAN\" data-image=\"https:\/\/www.touringcars.com\/wp-content\/uploads\/2025\/02\/carado-imagebank-data_VE_Camper-Van_CV640_CU_2025_1002_21-31-41_web-450x300.jpg\" data-capture-link-event=\"0\"><div class=\"image-container\"><div class=\"tag-container\"><span class=\"tag\" data-slug=\"camper-van\">Bybobil<\/span><\/div><a href=\"https:\/\/www.touringcars.com\/no\/vehicle\/van-automatic\/\"><img decoding=\"async\" src=\"https:\/\/www.touringcars.com\/wp-content\/uploads\/2025\/02\/carado-imagebank-data_VE_Camper-Van_CV640_CU_2025_1002_21-31-41_web-450x300.jpg\" srcset=\"https:\/\/www.touringcars.com\/wp-content\/uploads\/2025\/02\/carado-imagebank-data_VE_Camper-Van_CV640_CU_2025_1002_21-31-41_web-300x200.jpg 300w, https:\/\/www.touringcars.com\/wp-content\/uploads\/2025\/02\/carado-imagebank-data_VE_Camper-Van_CV640_CU_2025_1002_21-31-41_web-1024x682.jpg 1024w, https:\/\/www.touringcars.com\/wp-content\/uploads\/2025\/02\/carado-imagebank-data_VE_Camper-Van_CV640_CU_2025_1002_21-31-41_web-768x512.jpg 768w, https:\/\/www.touringcars.com\/wp-content\/uploads\/2025\/02\/carado-imagebank-data_VE_Camper-Van_CV640_CU_2025_1002_21-31-41_web-1536x1024.jpg 1536w, https:\/\/www.touringcars.com\/wp-content\/uploads\/2025\/02\/carado-imagebank-data_VE_Camper-Van_CV640_CU_2025_1002_21-31-41_web-2048x1365.jpg 2048w, https:\/\/www.touringcars.com\/wp-content\/uploads\/2025\/02\/carado-imagebank-data_VE_Camper-Van_CV640_CU_2025_1002_21-31-41_web-890x593.jpg 890w, https:\/\/www.touringcars.com\/wp-content\/uploads\/2025\/02\/carado-imagebank-data_VE_Camper-Van_CV640_CU_2025_1002_21-31-41_web-714x476.jpg 714w, https:\/\/www.touringcars.com\/wp-content\/uploads\/2025\/02\/carado-imagebank-data_VE_Camper-Van_CV640_CU_2025_1002_21-31-41_web-450x300.jpg 450w, https:\/\/www.touringcars.com\/wp-content\/uploads\/2025\/02\/carado-imagebank-data_VE_Camper-Van_CV640_CU_2025_1002_21-31-41_web-367x245.jpg 367w\" alt=\"_carado-imagebank-data_VE_Camper-Van_CV640_CU_2025_1002_21-31-41_web\" width=\"2200\" height=\"1466\"><\/a><\/div><div class=\"content-container\"><div class=\"title-prices\"><h3><a href=\"https:\/\/www.touringcars.com\/no\/vehicle\/van-automatic\/\">VAN (automatic)<\/a><\/h3><\/div><p class=\"post-excerpt\"><a href=\"https:\/\/www.touringcars.com\/no\/vehicle\/van-automatic\/\">The perfect option for solo-travelling or a couple <\/a><\/p><div class=\"info-icons\"><\/div><\/div><\/article><\/li><li class=\"glide__slide\"><article class=\"article reveal\" data-transmission=\"manual\" data-vehicle-code=\"V4x4\" data-vehicle-name=\"VAN (4&#215;4)\" data-capacity=\"2\" data-car-type=\"VAN\" data-image=\"https:\/\/www.touringcars.com\/wp-content\/uploads\/2025\/02\/carado-imagebank-data_VE_Camper-Van_CV640_CU_2025_1002_21-31-41_web-450x300.jpg\" data-capture-link-event=\"0\"><div class=\"image-container\"><div class=\"tag-container\"><span class=\"tag\" data-slug=\"camper-van\">Bybobil<\/span><\/div><a href=\"https:\/\/www.touringcars.com\/no\/vehicle\/van-4x4\/\"><img decoding=\"async\" src=\"https:\/\/www.touringcars.com\/wp-content\/uploads\/2025\/02\/carado-imagebank-data_VE_Camper-Van_CV640_CU_2025_1002_21-31-41_web-450x300.jpg\" srcset=\"https:\/\/www.touringcars.com\/wp-content\/uploads\/2025\/02\/carado-imagebank-data_VE_Camper-Van_CV640_CU_2025_1002_21-31-41_web-300x200.jpg 300w, https:\/\/www.touringcars.com\/wp-content\/uploads\/2025\/02\/carado-imagebank-data_VE_Camper-Van_CV640_CU_2025_1002_21-31-41_web-1024x682.jpg 1024w, https:\/\/www.touringcars.com\/wp-content\/uploads\/2025\/02\/carado-imagebank-data_VE_Camper-Van_CV640_CU_2025_1002_21-31-41_web-768x512.jpg 768w, https:\/\/www.touringcars.com\/wp-content\/uploads\/2025\/02\/carado-imagebank-data_VE_Camper-Van_CV640_CU_2025_1002_21-31-41_web-1536x1024.jpg 1536w, https:\/\/www.touringcars.com\/wp-content\/uploads\/2025\/02\/carado-imagebank-data_VE_Camper-Van_CV640_CU_2025_1002_21-31-41_web-2048x1365.jpg 2048w, https:\/\/www.touringcars.com\/wp-content\/uploads\/2025\/02\/carado-imagebank-data_VE_Camper-Van_CV640_CU_2025_1002_21-31-41_web-890x593.jpg 890w, https:\/\/www.touringcars.com\/wp-content\/uploads\/2025\/02\/carado-imagebank-data_VE_Camper-Van_CV640_CU_2025_1002_21-31-41_web-714x476.jpg 714w, https:\/\/www.touringcars.com\/wp-content\/uploads\/2025\/02\/carado-imagebank-data_VE_Camper-Van_CV640_CU_2025_1002_21-31-41_web-450x300.jpg 450w, https:\/\/www.touringcars.com\/wp-content\/uploads\/2025\/02\/carado-imagebank-data_VE_Camper-Van_CV640_CU_2025_1002_21-31-41_web-367x245.jpg 367w\" alt=\"_carado-imagebank-data_VE_Camper-Van_CV640_CU_2025_1002_21-31-41_web\" width=\"2200\" height=\"1466\"><\/a><\/div><div class=\"content-container\"><div class=\"title-prices\"><h3><a href=\"https:\/\/www.touringcars.com\/no\/vehicle\/van-4x4\/\">VAN (4&#215;4)<\/a><\/h3><\/div><p class=\"post-excerpt\"><a href=\"https:\/\/www.touringcars.com\/no\/vehicle\/van-4x4\/\">Agile option for narrow roads, a city break or a short holiday trip for two<\/a><\/p><div class=\"info-icons\"><\/div><\/div><\/article><\/li><\/ul><\/div><div class=\"glide__controls\"><div class=\"glide__arrows\" data-glide-el=\"controls\"><span class=\"glide__arrow glide__arrow--left\" data-glide-dir=\"<\"><\/span><span class=\"glide__arrow glide__arrow--right\" data-glide-dir=\">&laquo;><\/span><\/div><div class=\"glide__bullets\" data-glide-el=\"controls[nav]\"><span class=\"glide__bullet\" data-glide-dir=\"=0\" data-parent-uid=\"6a9799310ee51\"><\/span><span class=\"glide__bullet\" data-glide-dir=\"=1\" data-parent-uid=\"6a9799310ee51\"><\/span><span class=\"glide__bullet\" data-glide-dir=\"=2\" data-parent-uid=\"6a9799310ee51\"><\/span><span class=\"glide__bullet\" data-glide-dir=\"=3\" data-parent-uid=\"6a9799310ee51\"><\/span><span class=\"glide__bullet\" data-glide-dir=\"=4\" data-parent-uid=\"6a9799310ee51\"><\/span><span class=\"glide__bullet\" data-glide-dir=\"=5\" data-parent-uid=\"6a9799310ee51\"><\/span><span class=\"glide__bullet\" data-glide-dir=\"=6\" data-parent-uid=\"6a9799310ee51\"><\/span><span class=\"glide__bullet\" data-glide-dir=\"=7\" data-parent-uid=\"6a9799310ee51\"><\/span><span class=\"glide__bullet\" data-glide-dir=\"=8\" data-parent-uid=\"6a9799310ee51\"><\/span><span class=\"glide__bullet\" data-glide-dir=\"=9\" data-parent-uid=\"6a9799310ee51\"><\/span><span class=\"glide__bullet\" data-glide-dir=\"=10\" data-parent-uid=\"6a9799310ee51\"><\/span><span class=\"glide__bullet\" data-glide-dir=\"=11\" data-parent-uid=\"6a9799310ee51\"><\/span><span class=\"glide__bullet\" data-glide-dir=\"=12\" data-parent-uid=\"6a9799310ee51\"><\/span><span class=\"glide__bullet\" data-glide-dir=\"=13\" data-parent-uid=\"6a9799310ee51\"><\/span><span class=\"glide__bullet\" data-glide-dir=\"=14\" data-parent-uid=\"6a9799310ee51\"><\/span><span class=\"glide__bullet\" data-glide-dir=\"=15\" data-parent-uid=\"6a9799310ee51\"><\/span><span class=\"glide__bullet\" data-glide-dir=\"=16\" data-parent-uid=\"6a9799310ee51\"><\/span><span class=\"glide__bullet\" data-glide-dir=\"=17\" data-parent-uid=\"6a9799310ee51\"><\/span><\/div><\/div><\/div>    <\/div>\n<\/section>\n\n<section class=\"block block-columns\">\n    <div class=\"container\">\n        <h2>Hvorfor velge langtidsleie av bobil?<\/h2>        <div class=\"columns columns-3\">\n            <div class=\"column\"><div class=\"image-container reveal\"><img decoding=\"async\" src=\"https:\/\/www.touringcars.com\/wp-content\/uploads\/2025\/02\/2020-rm-optima-deluxe-t70f-innen-people-kueche-051-PRESSE_lowres.jpg-533x300.webp\" srcset=\"https:\/\/www.touringcars.com\/wp-content\/uploads\/2025\/02\/2020-rm-optima-deluxe-t70f-innen-people-kueche-051-PRESSE_lowres.jpg-300x169.webp 300w, https:\/\/www.touringcars.com\/wp-content\/uploads\/2025\/02\/2020-rm-optima-deluxe-t70f-innen-people-kueche-051-PRESSE_lowres.jpg-768x432.webp 768w, https:\/\/www.touringcars.com\/wp-content\/uploads\/2025\/02\/2020-rm-optima-deluxe-t70f-innen-people-kueche-051-PRESSE_lowres.jpg-714x402.webp 714w, https:\/\/www.touringcars.com\/wp-content\/uploads\/2025\/02\/2020-rm-optima-deluxe-t70f-innen-people-kueche-051-PRESSE_lowres.jpg-533x300.webp 533w, https:\/\/www.touringcars.com\/wp-content\/uploads\/2025\/02\/2020-rm-optima-deluxe-t70f-innen-people-kueche-051-PRESSE_lowres.jpg-846x476.webp 846w, https:\/\/www.touringcars.com\/wp-content\/uploads\/2025\/02\/2020-rm-optima-deluxe-t70f-innen-people-kueche-051-PRESSE_lowres.jpg.webp 1024w\" alt=\"2020-rm-optima-deluxe-t70f-innen-people-kueche-051-PRESSE_lowres.jpg\" width=\"1024\" height=\"576\"><\/div><div class=\"content-container reveal\"><h3>Enkel budsjettering<\/h3><p>Fast m\u00e5nedspris gj\u00f8r <strong>budsjetteringen enkel.<\/strong> Du vet kostnadene dine mer n\u00f8yaktig p\u00e5 forh\u00e5nd, noe som gj\u00f8r det lettere \u00e5 planlegge reisebudsjettet. N\u00e5r du reiser med bobil, sparer du p\u00e5 mat- og hotellkostnader. <\/p>\n<\/div><\/div><div class=\"column\"><div class=\"image-container reveal\"><img decoding=\"async\" src=\"https:\/\/www.touringcars.com\/wp-content\/uploads\/2026\/02\/w1400-574x328.webp\" srcset=\"https:\/\/www.touringcars.com\/wp-content\/uploads\/2026\/02\/w1400-300x171.webp 300w, https:\/\/www.touringcars.com\/wp-content\/uploads\/2026\/02\/w1400-1024x585.webp 1024w, https:\/\/www.touringcars.com\/wp-content\/uploads\/2026\/02\/w1400-768x439.webp 768w, https:\/\/www.touringcars.com\/wp-content\/uploads\/2026\/02\/w1400-1038x593.webp 1038w, https:\/\/www.touringcars.com\/wp-content\/uploads\/2026\/02\/w1400-714x408.webp 714w, https:\/\/www.touringcars.com\/wp-content\/uploads\/2026\/02\/w1400-180x103.webp 180w, https:\/\/www.touringcars.com\/wp-content\/uploads\/2026\/02\/w1400-412x235.webp 412w, https:\/\/www.touringcars.com\/wp-content\/uploads\/2026\/02\/w1400-574x328.webp 574w, https:\/\/www.touringcars.com\/wp-content\/uploads\/2026\/02\/w1400.webp 1400w\" alt=\"w=1400\" width=\"1400\" height=\"800\"><\/div><div class=\"content-container reveal\"><h3>Gunstig dagspris<\/h3><p>Du f\u00e5r <strong>en premium-bobil til en fast sum<\/strong> med gunstig dagspris. Lengre leieperiode gir en enkel m\u00e5te \u00e5 pr\u00f8ve bobilreiser p\u00e5 uten stor forpliktelse. <\/p>\n<\/div><\/div><div class=\"column\"><div class=\"image-container reveal\"><img decoding=\"async\" src=\"https:\/\/www.touringcars.com\/wp-content\/uploads\/2026\/02\/DJI_0584-574x430.jpg\" srcset=\"https:\/\/www.touringcars.com\/wp-content\/uploads\/2026\/02\/DJI_0584-300x225.jpg 300w, https:\/\/www.touringcars.com\/wp-content\/uploads\/2026\/02\/DJI_0584-1024x767.jpg 1024w, https:\/\/www.touringcars.com\/wp-content\/uploads\/2026\/02\/DJI_0584-768x575.jpg 768w, https:\/\/www.touringcars.com\/wp-content\/uploads\/2026\/02\/DJI_0584-1536x1150.jpg 1536w, https:\/\/www.touringcars.com\/wp-content\/uploads\/2026\/02\/DJI_0584-2048x1534.jpg 2048w, https:\/\/www.touringcars.com\/wp-content\/uploads\/2026\/02\/DJI_0584-1920x1438.jpg 1920w, https:\/\/www.touringcars.com\/wp-content\/uploads\/2026\/02\/DJI_0584-792x593.jpg 792w, https:\/\/www.touringcars.com\/wp-content\/uploads\/2026\/02\/DJI_0584-709x531.jpg 709w, https:\/\/www.touringcars.com\/wp-content\/uploads\/2026\/02\/DJI_0584-180x136.jpg 180w, https:\/\/www.touringcars.com\/wp-content\/uploads\/2026\/02\/DJI_0584-412x310.jpg 412w, https:\/\/www.touringcars.com\/wp-content\/uploads\/2026\/02\/DJI_0584-574x430.jpg 574w\" alt=\"DJI_0584\" width=\"2560\" height=\"1917\"><\/div><div class=\"content-container reveal\"><h3>Friheten bobilen gir<\/h3><p>V\u00e5kn hvor du vil, bytt utsikt i ditt eget tempo og lag din egen rute. Opplev flere land <strong>fleksibelt<\/strong> mens du nyter komforten i bobilen. <\/p>\n<\/div><\/div>        <\/div>\n    <\/div>\n<\/section>\n\n<section class=\"block block-centertext\">\n    <div class=\"container\">\n        <div class=\"content-container reveal\">\n            <h2>Les hva kundene v\u00e5re sier<\/h2><script src=\"https:\/\/static.elfsight.com\/platform\/platform.js\" async><\/script><div class=\"elfsight-app-190f4d07-e998-4577-8b7a-f43beda25fb9\" data-elfsight-app-lazy><\/div>\n        <\/div>\n    <\/div>\n<\/section>\n\n<section class=\"block block-contactform bg-white input-style-gray\" id=\"contact\">\n    <div class=\"container\">\n        <div class=\"content-container reveal\">\n            <h2>Start planleggingen av turen \u2013 be om tilbud!<\/h2><p data-path-to-node=\"12,1\">Du trenger ikke \u00e5 vite alle detaljene eller ekstrautstyret enn\u00e5. Bare send inn en foresp\u00f8rsel med skjemaet nedenfor, s\u00e5 <b data-path-to-node=\"12,1\" data-index-in-node=\"135\">kontakter salgsteamet v\u00e5rt deg allerede neste virkedag<\/b>. Vi g\u00e5r gjennom \u00f8nskene dine sammen og skreddersyr en l\u00f8sning som passer perfekt for turen din!  <\/p>\n<div class=\"form-container\">\n<div class=\"wpcf7 no-js\" id=\"wpcf7-f33193-o1\" lang=\"nb-NO\" dir=\"ltr\" data-wpcf7-id=\"33193\">\n<div class=\"screen-reader-response\"><p role=\"status\" aria-live=\"polite\" aria-atomic=\"true\"><\/p> <ul><\/ul><\/div>\n<form action=\"\/no\/wp-json\/wp\/v2\/pages\/33154#wpcf7-f33193-o1\" method=\"post\" class=\"wpcf7-form init\" aria-label=\"Kontaktskjema\" novalidate=\"novalidate\" data-status=\"init\">\n<fieldset class=\"hidden-fields-container\"><input type=\"hidden\" name=\"_wpcf7\" value=\"33193\" \/><input type=\"hidden\" name=\"_wpcf7_version\" value=\"6.1.7\" \/><input type=\"hidden\" name=\"_wpcf7_locale\" value=\"nb_NO\" \/><input type=\"hidden\" name=\"_wpcf7_unit_tag\" value=\"wpcf7-f33193-o1\" \/><input type=\"hidden\" name=\"_wpcf7_container_post\" value=\"0\" \/><input type=\"hidden\" name=\"_wpcf7_posted_data_hash\" value=\"\" \/><input type=\"hidden\" name=\"_wpcf7_recaptcha_response\" value=\"\" \/>\n<\/fieldset>\n<div class=\"form-row\">\n  <div class=\"form-col\">\n    <label>Navn *<\/label>\n <span class=\"wpcf7-form-control-wrap\" data-name=\"your-name\"><input size=\"40\" maxlength=\"400\" class=\"wpcf7-form-control wpcf7-text form-control form-control-gray  wpcf7-validates-as-required\" aria-required=\"true\" aria-invalid=\"false\" placeholder=\"For- og etternavn\" value=\"\" type=\"text\" name=\"your-name\" \/><\/span>\n  <\/div>\n  <div class=\"form-col\">\n    <label>E-postadresse *<\/label>\n <span class=\"wpcf7-form-control-wrap\" data-name=\"your-email\"><input size=\"40\" maxlength=\"400\" class=\"wpcf7-form-control wpcf7-email wpcf7-validates-as-required wpcf7-text form-control form-control-gray  wpcf7-validates-as-email\" aria-required=\"true\" aria-invalid=\"false\" placeholder=\"E-postadresse\" value=\"\" type=\"email\" name=\"your-email\" \/><\/span>\n  <\/div>\n<\/div>\n\n<div class=\"form-row\">\n  <div class=\"form-col\">\n    <label>Telefonnummer *<\/label>\n <span class=\"wpcf7-form-control-wrap\" data-name=\"your-phone\"><input size=\"40\" maxlength=\"400\" class=\"wpcf7-form-control wpcf7-tel wpcf7-validates-as-required wpcf7-text form-control form-control-gray  wpcf7-validates-as-tel\" aria-required=\"true\" aria-invalid=\"false\" placeholder=\"Telefonnummer\" value=\"\" type=\"tel\" name=\"your-phone\" \/><\/span>\n  <\/div>\n  <div class=\"form-col\">\n    <label>Hentested *<\/label>\n <span class=\"wpcf7-form-control-wrap\" data-name=\"toimipiste\"><select class=\"wpcf7-form-control wpcf7-select form-control form-control-gray  wpcf7-validates-as-required\" aria-required=\"true\" aria-invalid=\"false\" name=\"toimipiste\"><option value=\"Oslo\">Oslo<\/option><option value=\"Troms\u00f8\">Troms\u00f8<\/option><option value=\"Stockholm\">Stockholm<\/option><option value=\"Helsinki\">Helsinki<\/option><\/select><\/span>\n  <\/div>\n<\/div>\n\n<div class=\"form-row\">\n  <div class=\"form-col\">\n    <label>Leieperiode *<\/label>\n <span class=\"wpcf7-form-control-wrap\" data-name=\"vuokrausaika\"><select class=\"wpcf7-form-control wpcf7-select form-control form-control-gray  wpcf7-validates-as-required\" aria-required=\"true\" aria-invalid=\"false\" name=\"vuokrausaika\"><option value=\"3 m\u00e5neder\">3 m\u00e5neder<\/option><option value=\"6 m\u00e5neder\">6 m\u00e5neder<\/option><option value=\"Annet \/ \u00c5pent\">Annet \/ \u00c5pent<\/option><\/select><\/span>\n  <\/div>\n  <div class=\"form-col\">\n    <label>Antall reisende * (maksimalt antall personer)<\/label>\n <span class=\"wpcf7-form-control-wrap\" data-name=\"matkustajamaara\"><select class=\"wpcf7-form-control wpcf7-select form-control form-control-gray  wpcf7-validates-as-required\" aria-required=\"true\" aria-invalid=\"false\" name=\"matkustajamaara\"><option value=\"1\u20132 personer\">1\u20132 personer<\/option><option value=\"3\u20134 personer\">3\u20134 personer<\/option><option value=\"5\u20136 personer\">5\u20136 personer<\/option><\/select><\/span>\n  <\/div>\n<\/div>\n\n<div class=\"form-row\">\n  <div class=\"form-col\">\n    <label>\u00d8nsket oppstartsdato *<\/label>\n <span class=\"wpcf7-form-control-wrap\" data-name=\"vuokraus-alkaa\"><input size=\"40\" maxlength=\"400\" class=\"wpcf7-form-control wpcf7-text form-control form-control-gray  wpcf7-validates-as-required\" aria-required=\"true\" aria-invalid=\"false\" placeholder=\"F.eks. 01.09.2026 eller begynnelsen av september\" value=\"\" type=\"text\" name=\"vuokraus-alkaa\" \/><\/span>\n  <\/div>\n<\/div>\n\n<div class=\"form-row\">\n  <div class=\"form-col\">\n    <label>Hva \u00f8nsker du av kj\u00f8ret\u00f8yet eller andre tilleggsopplysninger? (Valgfritt) <\/label>\n    <span class=\"wpcf7-form-control-wrap\" data-name=\"your-message\"><textarea cols=\"40\" rows=\"10\" maxlength=\"2000\" class=\"wpcf7-form-control wpcf7-text form-control form-control-gray area\" aria-invalid=\"false\" placeholder=\"F.eks. Mer n\u00f8yaktig returneringsdato, automatgir, spesielle \u00f8nsker...\" name=\"your-message\"><\/textarea><\/span>\n  <\/div>\n<\/div>\n\n<div class=\"form-row\">\n  <div class=\"form-col\">\n    <input class=\"wpcf7-form-control wpcf7-submit has-spinner\" type=\"submit\" value=\"Send tilbudsforesp\u00f8rsel\" \/>\n  <\/div>\n<\/div>\n\n<div class=\"form-row form-row-privacy\">\n<div class=\"form-col\">Ved \u00e5 sende inn dette skjemaet godtar du at opplysningene dine behandles i henhold til v\u00e5r <a href=\"https:\/\/www.touringcars.com\/no\/privacy-policy-gdpr\/\" target=\"_blank\">personvernerkl\u00e6ring<\/a>.\n<\/div>\n<\/div><div class=\"wpcf7-response-output\" aria-hidden=\"true\"><\/div>\n<\/form>\n<\/div>\n<\/div>        <\/div>\n    <\/div>\n<\/section>\n\n<section class=\"block block-postsslider style-small\">\n    <div class=\"container reveal\">\n        <h2>Inspirasjon til din neste reise<\/h2><div class=\"glide articles-slider\" data-uid=\"6a979931ba306\"><div class=\"glide__track\" data-glide-el=\"track\"><ul class=\"glide__slides\"><li class=\"glide__slide\"><article class=\"article reveal\"><div class=\"image-container\"><a href=\"https:\/\/www.touringcars.com\/no\/destinasjon\/spania\/\"><img decoding=\"async\" src=\"https:\/\/www.touringcars.com\/wp-content\/uploads\/2026\/02\/sunset-arnia-beach-spain-atlantic-ocean-coastli-2026-01-09-13-44-56-utc-574x262.jpg\" srcset=\"https:\/\/www.touringcars.com\/wp-content\/uploads\/2026\/02\/sunset-arnia-beach-spain-atlantic-ocean-coastli-2026-01-09-13-44-56-utc-300x137.jpg 300w, https:\/\/www.touringcars.com\/wp-content\/uploads\/2026\/02\/sunset-arnia-beach-spain-atlantic-ocean-coastli-2026-01-09-13-44-56-utc-1024x468.jpg 1024w, https:\/\/www.touringcars.com\/wp-content\/uploads\/2026\/02\/sunset-arnia-beach-spain-atlantic-ocean-coastli-2026-01-09-13-44-56-utc-768x351.jpg 768w, https:\/\/www.touringcars.com\/wp-content\/uploads\/2026\/02\/sunset-arnia-beach-spain-atlantic-ocean-coastli-2026-01-09-13-44-56-utc-1536x702.jpg 1536w, https:\/\/www.touringcars.com\/wp-content\/uploads\/2026\/02\/sunset-arnia-beach-spain-atlantic-ocean-coastli-2026-01-09-13-44-56-utc-2048x936.jpg 2048w, https:\/\/www.touringcars.com\/wp-content\/uploads\/2026\/02\/sunset-arnia-beach-spain-atlantic-ocean-coastli-2026-01-09-13-44-56-utc-1920x877.jpg 1920w, https:\/\/www.touringcars.com\/wp-content\/uploads\/2026\/02\/sunset-arnia-beach-spain-atlantic-ocean-coastli-2026-01-09-13-44-56-utc-1298x593.jpg 1298w, https:\/\/www.touringcars.com\/wp-content\/uploads\/2026\/02\/sunset-arnia-beach-spain-atlantic-ocean-coastli-2026-01-09-13-44-56-utc-714x326.jpg 714w, https:\/\/www.touringcars.com\/wp-content\/uploads\/2026\/02\/sunset-arnia-beach-spain-atlantic-ocean-coastli-2026-01-09-13-44-56-utc-180x82.jpg 180w, https:\/\/www.touringcars.com\/wp-content\/uploads\/2026\/02\/sunset-arnia-beach-spain-atlantic-ocean-coastli-2026-01-09-13-44-56-utc-412x188.jpg 412w, https:\/\/www.touringcars.com\/wp-content\/uploads\/2026\/02\/sunset-arnia-beach-spain-atlantic-ocean-coastli-2026-01-09-13-44-56-utc-574x262.jpg 574w\" alt=\"Spania\"><\/a><\/div><div class=\"content-container\"><h3><a href=\"https:\/\/www.touringcars.com\/no\/destinasjon\/spania\/\">Spania<\/a><\/h3><\/div><\/article><\/li><li class=\"glide__slide\"><article class=\"article reveal\"><div class=\"image-container\"><a href=\"https:\/\/www.touringcars.com\/no\/destinasjon\/nederland\/\"><img decoding=\"async\" src=\"https:\/\/www.touringcars.com\/wp-content\/uploads\/2025\/11\/dutch-windmill-over-tulips-field-2024-10-19-10-38-02-utc-574x383.jpg\" srcset=\"https:\/\/www.touringcars.com\/wp-content\/uploads\/2025\/11\/dutch-windmill-over-tulips-field-2024-10-19-10-38-02-utc-300x200.jpg 300w, https:\/\/www.touringcars.com\/wp-content\/uploads\/2025\/11\/dutch-windmill-over-tulips-field-2024-10-19-10-38-02-utc-1024x683.jpg 1024w, https:\/\/www.touringcars.com\/wp-content\/uploads\/2025\/11\/dutch-windmill-over-tulips-field-2024-10-19-10-38-02-utc-768x512.jpg 768w, https:\/\/www.touringcars.com\/wp-content\/uploads\/2025\/11\/dutch-windmill-over-tulips-field-2024-10-19-10-38-02-utc-1536x1024.jpg 1536w, https:\/\/www.touringcars.com\/wp-content\/uploads\/2025\/11\/dutch-windmill-over-tulips-field-2024-10-19-10-38-02-utc-2048x1365.jpg 2048w, https:\/\/www.touringcars.com\/wp-content\/uploads\/2025\/11\/dutch-windmill-over-tulips-field-2024-10-19-10-38-02-utc-1920x1280.jpg 1920w, https:\/\/www.touringcars.com\/wp-content\/uploads\/2025\/11\/dutch-windmill-over-tulips-field-2024-10-19-10-38-02-utc-890x593.jpg 890w, https:\/\/www.touringcars.com\/wp-content\/uploads\/2025\/11\/dutch-windmill-over-tulips-field-2024-10-19-10-38-02-utc-714x476.jpg 714w, https:\/\/www.touringcars.com\/wp-content\/uploads\/2025\/11\/dutch-windmill-over-tulips-field-2024-10-19-10-38-02-utc-574x383.jpg 574w, https:\/\/www.touringcars.com\/wp-content\/uploads\/2025\/11\/dutch-windmill-over-tulips-field-2024-10-19-10-38-02-utc-367x245.jpg 367w\" alt=\"Nederland\"><\/a><\/div><div class=\"content-container\"><h3><a href=\"https:\/\/www.touringcars.com\/no\/destinasjon\/nederland\/\">Nederland<\/a><\/h3><\/div><\/article><\/li><li class=\"glide__slide\"><article class=\"article reveal\"><div class=\"image-container\"><a href=\"https:\/\/www.touringcars.com\/no\/destinasjon\/island\/\"><img decoding=\"async\" src=\"https:\/\/www.touringcars.com\/wp-content\/uploads\/2025\/02\/iceland-525x300.webp\" srcset=\"https:\/\/www.touringcars.com\/wp-content\/uploads\/2025\/02\/iceland-300x171.webp 300w, https:\/\/www.touringcars.com\/wp-content\/uploads\/2025\/02\/iceland-1024x585.webp 1024w, https:\/\/www.touringcars.com\/wp-content\/uploads\/2025\/02\/iceland-768x439.webp 768w, https:\/\/www.touringcars.com\/wp-content\/uploads\/2025\/02\/iceland-1038x593.webp 1038w, https:\/\/www.touringcars.com\/wp-content\/uploads\/2025\/02\/iceland-714x408.webp 714w, https:\/\/www.touringcars.com\/wp-content\/uploads\/2025\/02\/iceland-525x300.webp 525w, https:\/\/www.touringcars.com\/wp-content\/uploads\/2025\/02\/iceland.webp 1400w\" alt=\"Island\"><\/a><\/div><div class=\"content-container\"><h3><a href=\"https:\/\/www.touringcars.com\/no\/destinasjon\/island\/\">Island<\/a><\/h3><\/div><\/article><\/li><li class=\"glide__slide\"><article class=\"article reveal\"><div class=\"image-container\"><a href=\"https:\/\/www.touringcars.com\/no\/destinasjon\/norge\/\"><img decoding=\"async\" src=\"https:\/\/www.touringcars.com\/wp-content\/uploads\/2025\/02\/norway-525x300.webp\" srcset=\"https:\/\/www.touringcars.com\/wp-content\/uploads\/2025\/02\/norway-300x171.webp 300w, https:\/\/www.touringcars.com\/wp-content\/uploads\/2025\/02\/norway-1024x585.webp 1024w, https:\/\/www.touringcars.com\/wp-content\/uploads\/2025\/02\/norway-768x439.webp 768w, https:\/\/www.touringcars.com\/wp-content\/uploads\/2025\/02\/norway-1038x593.webp 1038w, https:\/\/www.touringcars.com\/wp-content\/uploads\/2025\/02\/norway-714x408.webp 714w, https:\/\/www.touringcars.com\/wp-content\/uploads\/2025\/02\/norway-525x300.webp 525w, https:\/\/www.touringcars.com\/wp-content\/uploads\/2025\/02\/norway.webp 1400w\" alt=\"Norge\"><\/a><\/div><div class=\"content-container\"><h3><a href=\"https:\/\/www.touringcars.com\/no\/destinasjon\/norge\/\">Norge<\/a><\/h3><\/div><\/article><\/li><li class=\"glide__slide\"><article class=\"article reveal\"><div class=\"image-container\"><a href=\"https:\/\/www.touringcars.com\/no\/destinasjon\/finland\/\"><img decoding=\"async\" src=\"https:\/\/www.touringcars.com\/wp-content\/uploads\/2025\/01\/shutterstock-Pulkkilanharju-paijanne-finland-narrow-road-islands.jpg-558x145.webp\" srcset=\"https:\/\/www.touringcars.com\/wp-content\/uploads\/2025\/01\/shutterstock-Pulkkilanharju-paijanne-finland-narrow-road-islands.jpg-300x78.webp 300w, https:\/\/www.touringcars.com\/wp-content\/uploads\/2025\/01\/shutterstock-Pulkkilanharju-paijanne-finland-narrow-road-islands.jpg-1024x267.webp 1024w, https:\/\/www.touringcars.com\/wp-content\/uploads\/2025\/01\/shutterstock-Pulkkilanharju-paijanne-finland-narrow-road-islands.jpg-768x200.webp 768w, https:\/\/www.touringcars.com\/wp-content\/uploads\/2025\/01\/shutterstock-Pulkkilanharju-paijanne-finland-narrow-road-islands.jpg-1536x400.webp 1536w, https:\/\/www.touringcars.com\/wp-content\/uploads\/2025\/01\/shutterstock-Pulkkilanharju-paijanne-finland-narrow-road-islands.jpg-1400x365.webp 1400w, https:\/\/www.touringcars.com\/wp-content\/uploads\/2025\/01\/shutterstock-Pulkkilanharju-paijanne-finland-narrow-road-islands.jpg-714x186.webp 714w, https:\/\/www.touringcars.com\/wp-content\/uploads\/2025\/01\/shutterstock-Pulkkilanharju-paijanne-finland-narrow-road-islands.jpg-558x145.webp 558w, https:\/\/www.touringcars.com\/wp-content\/uploads\/2025\/01\/shutterstock-Pulkkilanharju-paijanne-finland-narrow-road-islands.jpg.webp 1920w\" alt=\"Finland\"><\/a><\/div><div class=\"content-container\"><h3><a href=\"https:\/\/www.touringcars.com\/no\/destinasjon\/finland\/\">Finland<\/a><\/h3><\/div><\/article><\/li><li class=\"glide__slide\"><article class=\"article reveal\"><div class=\"image-container\"><a href=\"https:\/\/www.touringcars.com\/no\/destinasjon\/sverige\/\"><img decoding=\"async\" src=\"https:\/\/www.touringcars.com\/wp-content\/uploads\/2025\/01\/sweden-3-574x287.png\" srcset=\"https:\/\/www.touringcars.com\/wp-content\/uploads\/2025\/01\/sweden-3-300x150.png 300w, https:\/\/www.touringcars.com\/wp-content\/uploads\/2025\/01\/sweden-3-1024x512.png 1024w, https:\/\/www.touringcars.com\/wp-content\/uploads\/2025\/01\/sweden-3-768x384.png 768w, https:\/\/www.touringcars.com\/wp-content\/uploads\/2025\/01\/sweden-3-1536x768.png 1536w, https:\/\/www.touringcars.com\/wp-content\/uploads\/2025\/01\/sweden-3-2048x1024.png 2048w, https:\/\/www.touringcars.com\/wp-content\/uploads\/2025\/01\/sweden-3-1920x960.png 1920w, https:\/\/www.touringcars.com\/wp-content\/uploads\/2025\/01\/sweden-3-1186x593.png 1186w, https:\/\/www.touringcars.com\/wp-content\/uploads\/2025\/01\/sweden-3-714x357.png 714w, https:\/\/www.touringcars.com\/wp-content\/uploads\/2025\/01\/sweden-3-574x287.png 574w\" alt=\"Sverige\"><\/a><\/div><div class=\"content-container\"><h3><a href=\"https:\/\/www.touringcars.com\/no\/destinasjon\/sverige\/\">Sverige<\/a><\/h3><\/div><\/article><\/li><li class=\"glide__slide\"><article class=\"article reveal\"><div class=\"image-container\"><a href=\"https:\/\/www.touringcars.com\/no\/destinasjon\/estland\/\"><img decoding=\"async\" src=\"https:\/\/www.touringcars.com\/wp-content\/uploads\/2025\/02\/estonia-558x145.webp\" srcset=\"https:\/\/www.touringcars.com\/wp-content\/uploads\/2025\/02\/estonia-300x78.webp 300w, https:\/\/www.touringcars.com\/wp-content\/uploads\/2025\/02\/estonia-1024x267.webp 1024w, https:\/\/www.touringcars.com\/wp-content\/uploads\/2025\/02\/estonia-768x200.webp 768w, https:\/\/www.touringcars.com\/wp-content\/uploads\/2025\/02\/estonia-1536x400.webp 1536w, https:\/\/www.touringcars.com\/wp-content\/uploads\/2025\/02\/estonia-1400x365.webp 1400w, https:\/\/www.touringcars.com\/wp-content\/uploads\/2025\/02\/estonia-714x186.webp 714w, https:\/\/www.touringcars.com\/wp-content\/uploads\/2025\/02\/estonia-558x145.webp 558w, https:\/\/www.touringcars.com\/wp-content\/uploads\/2025\/02\/estonia.webp 1920w\" alt=\"Estland\"><\/a><\/div><div class=\"content-container\"><h3><a href=\"https:\/\/www.touringcars.com\/no\/destinasjon\/estland\/\">Estland<\/a><\/h3><\/div><\/article><\/li><li class=\"glide__slide\"><article class=\"article reveal\"><div class=\"image-container\"><a href=\"https:\/\/www.touringcars.com\/no\/destinasjon\/england\/\"><img decoding=\"async\" src=\"https:\/\/www.touringcars.com\/wp-content\/uploads\/2025\/02\/UK.jpg-558x145.webp\" srcset=\"https:\/\/www.touringcars.com\/wp-content\/uploads\/2025\/02\/UK.jpg-300x78.webp 300w, https:\/\/www.touringcars.com\/wp-content\/uploads\/2025\/02\/UK.jpg-1024x267.webp 1024w, https:\/\/www.touringcars.com\/wp-content\/uploads\/2025\/02\/UK.jpg-768x200.webp 768w, https:\/\/www.touringcars.com\/wp-content\/uploads\/2025\/02\/UK.jpg-1536x400.webp 1536w, https:\/\/www.touringcars.com\/wp-content\/uploads\/2025\/02\/UK.jpg-1400x365.webp 1400w, https:\/\/www.touringcars.com\/wp-content\/uploads\/2025\/02\/UK.jpg-714x186.webp 714w, https:\/\/www.touringcars.com\/wp-content\/uploads\/2025\/02\/UK.jpg-558x145.webp 558w, https:\/\/www.touringcars.com\/wp-content\/uploads\/2025\/02\/UK.jpg.webp 1920w\" alt=\"England\"><\/a><\/div><div class=\"content-container\"><h3><a href=\"https:\/\/www.touringcars.com\/no\/destinasjon\/england\/\">England<\/a><\/h3><\/div><\/article><\/li><\/ul><\/div><div class=\"glide__controls\"><div class=\"glide__arrows\" data-glide-el=\"controls\"><span class=\"glide__arrow glide__arrow--left\" data-glide-dir=\"<\"><\/span><span class=\"glide__arrow glide__arrow--right\" data-glide-dir=\">&laquo;><\/span><\/div><div class=\"glide__bullets\" data-glide-el=\"controls[nav]\"><span class=\"glide__bullet\" data-glide-dir=\"=0\" data-parent-uid=\"6a979931ba306\"><\/span><span class=\"glide__bullet\" data-glide-dir=\"=1\" data-parent-uid=\"6a979931ba306\"><\/span><span class=\"glide__bullet\" data-glide-dir=\"=2\" data-parent-uid=\"6a979931ba306\"><\/span><span class=\"glide__bullet\" data-glide-dir=\"=3\" data-parent-uid=\"6a979931ba306\"><\/span><span class=\"glide__bullet\" data-glide-dir=\"=4\" data-parent-uid=\"6a979931ba306\"><\/span><span class=\"glide__bullet\" data-glide-dir=\"=5\" data-parent-uid=\"6a979931ba306\"><\/span><span class=\"glide__bullet\" data-glide-dir=\"=6\" data-parent-uid=\"6a979931ba306\"><\/span><span class=\"glide__bullet\" data-glide-dir=\"=7\" data-parent-uid=\"6a979931ba306\"><\/span><\/div><\/div><\/div>    <\/div>\n<\/section>\n\n\n<p class=\"wp-block-paragraph\"><\/p>\n","protected":false},"excerpt":{"rendered":"","protected":false},"author":15,"featured_media":0,"parent":0,"menu_order":2,"comment_status":"closed","ping_status":"closed","template":"","meta":{"_acf_changed":false,"footnotes":""},"class_list":["post-33154","page","type-page","status-publish","hentry"],"acf":[],"_links":{"self":[{"href":"https:\/\/www.touringcars.com\/no\/wp-json\/wp\/v2\/pages\/33154","targetHints":{"allow":["GET"]}}],"collection":[{"href":"https:\/\/www.touringcars.com\/no\/wp-json\/wp\/v2\/pages"}],"about":[{"href":"https:\/\/www.touringcars.com\/no\/wp-json\/wp\/v2\/types\/page"}],"author":[{"embeddable":true,"href":"https:\/\/www.touringcars.com\/no\/wp-json\/wp\/v2\/users\/15"}],"replies":[{"embeddable":true,"href":"https:\/\/www.touringcars.com\/no\/wp-json\/wp\/v2\/comments?post=33154"}],"version-history":[{"count":7,"href":"https:\/\/www.touringcars.com\/no\/wp-json\/wp\/v2\/pages\/33154\/revisions"}],"predecessor-version":[{"id":33196,"href":"https:\/\/www.touringcars.com\/no\/wp-json\/wp\/v2\/pages\/33154\/revisions\/33196"}],"wp:attachment":[{"href":"https:\/\/www.touringcars.com\/no\/wp-json\/wp\/v2\/media?parent=33154"}],"curies":[{"name":"wp","href":"https:\/\/api.w.org\/{rel}","templated":true}]}}