{"id":13943,"date":"2025-02-06T18:26:10","date_gmt":"2025-02-06T18:26:10","guid":{"rendered":"https:\/\/touringcars.com\/motorhome-rental-info\/returning\/"},"modified":"2025-05-12T12:32:02","modified_gmt":"2025-05-12T12:32:02","slug":"tilbakelevering","status":"publish","type":"page","link":"https:\/\/www.touringcars.com\/no\/leieinformasjon\/tilbakelevering\/","title":{"rendered":"Tilbakelevering"},"content":{"rendered":"<section class=\"block block-hero text-style-white image-style-full\">\r\n    <div class=\"container container-full\">\r\n        <div class=\"glide image-slider\" data-uid=\"69f258886c5b5\"><div class=\"glide__track\" data-glide-el=\"track\"><ul class=\"glide__slides\"><li class=\"glide__slide\"><img decoding=\"async\" src=\"https:\/\/www.touringcars.com\/wp-content\/uploads\/2022\/08\/good-feelings-herbapatistyle-450x300.jpg\" srcset=\"https:\/\/www.touringcars.com\/wp-content\/uploads\/2022\/08\/good-feelings-herbapatistyle-300x200.jpg 300w, https:\/\/www.touringcars.com\/wp-content\/uploads\/2022\/08\/good-feelings-herbapatistyle-1024x682.jpg 1024w, https:\/\/www.touringcars.com\/wp-content\/uploads\/2022\/08\/good-feelings-herbapatistyle-768x512.jpg 768w, https:\/\/www.touringcars.com\/wp-content\/uploads\/2022\/08\/good-feelings-herbapatistyle-1536x1024.jpg 1536w, https:\/\/www.touringcars.com\/wp-content\/uploads\/2022\/08\/good-feelings-herbapatistyle-890x593.jpg 890w, https:\/\/www.touringcars.com\/wp-content\/uploads\/2022\/08\/good-feelings-herbapatistyle-714x476.jpg 714w, https:\/\/www.touringcars.com\/wp-content\/uploads\/2022\/08\/good-feelings-herbapatistyle-450x300.jpg 450w, https:\/\/www.touringcars.com\/wp-content\/uploads\/2022\/08\/good-feelings-herbapatistyle-367x245.jpg 367w, https:\/\/www.touringcars.com\/wp-content\/uploads\/2022\/08\/good-feelings-herbapatistyle.jpg 2000w\" alt=\"good-feelings-herbapatistyle\" data-no-lazy=\"1\" fetchpriority=\"high\"><\/li><\/ul><\/div><div class=\"glide__controls\"><div class=\"glide__arrows\" data-glide-el=\"controls\"><span class=\"glide__arrow glide__arrow--left\" aria-label=\"Venstre\" data-glide-dir=\"<\"><\/span><span class=\"glide__arrow glide__arrow--right\" aria-label=\"H\u00f8yre\" data-glide-dir=\">&laquo;><\/span><\/div><\/div><\/div><div class=\"hero-container\"><div class=\"breadcrumbs-container\"><ol><li><a href=\"https:\/\/www.touringcars.com\/no\/\"><span>Touring Cars<\/span><\/a><\/li><\/ol><\/div><h1>Tilbakelevering av bobilen<\/h1><\/div>    <\/div>\r\n    <\/section>\n\n<section class=\"block block-basic\">\r\n    <div class=\"container\">\r\n        <div class=\"content-container reveal\">\r\n            <h2>Ved ankomst til utleiestasjonen<\/h2><p>Utleiestasjonene v\u00e5re er ofte travle, og n\u00e5r du leverer inn bilen, tar det flere timer f\u00f8r den er klar igjen, fordi den m\u00e5 gjennom en grundig teknisk kontroll, rengj\u00f8ring og personlig klargj\u00f8ring for neste kunde. Det er derfor sv\u00e6rt viktig at du leverer tilbake leiebilen til avtalt tid. Ekstra gebyrer kan p\u00e5l\u00f8pe hvis bobilen leveres tilbake senere enn avtalt tid. Touring\u00a0Cars\u00a0kan ogs\u00e5 belaste kunden for eventuell tap av inntekt hvis kunden er skyld i forsinket neste utleie av en campingbil.<\/p>\n<p>Hvis du \u00f8nsker \u00e5 endre leveringstiden, m\u00e5 du gi oss beskjed minst 24 timer p\u00e5 forh\u00e5nd, s\u00e5 finner vi en alternativ tid for deg hvis det er mulig. P\u00e5 grunn av det h\u00f8ye antallet daglige utleiehandlinger m\u00e5 Touring\u00a0Cars-utleiestasjonen imidlertid godta alle endringer som ang\u00e5r det opprinnelige returtidspunktet.<\/p>\n<h3 class=\"p1\">Tilbakelevering av leiebobilen<\/h3>\n<p>Hos Touring Cars gir vi av v\u00e5r ekspertise og yter kundeservice til enhver kunde, og den eneste m\u00e5ten \u00e5 s\u00f8rge for at vi alltid har nok tid til \u00e5 gi deg den individuelle oppmerksomheten du fortjener, er at alt som skjer forbundet med utleie, utf\u00f8res etter avtale. Du kan ogs\u00e5 levere bobilen utenfor vanlige \u00e5pningstider, men hvis du leverer bilen mellom klokken 18.00 og 08.00, m\u00e5 du betale et ekstra servicegebyr, og dette avhenger ogs\u00e5 av tilgjengelighet.<\/p>\n        <\/div>\r\n    <\/div>\r\n<\/section>\n\n<section class=\"block block-textimage\">\r\n    <div class=\"container\">\r\n        <div class=\"content-row image-placement-left\">\r\n            <div class=\"content-container reveal\">\r\n                <h3>Generelle retningslinjer for tilbakelevering av bobil<\/h3><ul dir=\"ltr\">\n<li id=\"tw-target-text\" data-placeholder=\"K\u00e4\u00e4nn\u00f6s\">Fyll dieseltanken<\/li>\n<li id=\"tw-target-text\" data-placeholder=\"K\u00e4\u00e4nn\u00f6s\">Fyll gassflaskene (hvis ikke kj\u00f8pt p\u00e5 forh\u00e5nd)<\/li>\n<li id=\"tw-target-text\" data-placeholder=\"K\u00e4\u00e4nn\u00f6s\">Generell renslighet m\u00e5 v\u00e6re god*<\/li>\n<li id=\"tw-target-text\" data-placeholder=\"K\u00e4\u00e4nn\u00f6s\">T\u00f8m s\u00f8ppel og fjern alt s\u00f8ppel fra kj\u00f8ret\u00f8yet*<\/li>\n<li id=\"tw-target-text\" data-placeholder=\"K\u00e4\u00e4nn\u00f6s\">T\u00f8m og t\u00f8rk av kj\u00f8leskapet*<\/li>\n<li id=\"tw-target-text\" data-placeholder=\"K\u00e4\u00e4nn\u00f6s\">T\u00f8rk av ovnen og bordflatene*<\/li>\n<li id=\"tw-target-text\" data-placeholder=\"K\u00e4\u00e4nn\u00f6s\">T\u00f8m og skyll toalettkassetten*<\/li>\n<li id=\"tw-target-text\" data-placeholder=\"K\u00e4\u00e4nn\u00f6s\">T\u00f8m kj\u00f8ret\u00f8yets gr\u00e5vannstank*<\/li>\n<li id=\"tw-target-text\" data-placeholder=\"K\u00e4\u00e4nn\u00f6s\">La ferskvannstanken v\u00e6re 1\/3 full*<\/li>\n<li id=\"tw-target-text\" data-placeholder=\"K\u00e4\u00e4nn\u00f6s\">Rist mattene utenfor kj\u00f8ret\u00f8yet*<\/li>\n<li id=\"tw-target-text\" data-placeholder=\"K\u00e4\u00e4nn\u00f6s\">Skill alle puter, dyner, senget\u00f8y og h\u00e5ndkl\u00e6r i forskjellige hauger p\u00e5 sengen*<\/li>\n<li id=\"tw-target-text\" data-placeholder=\"K\u00e4\u00e4nn\u00f6s\">IKKE vask utsiden av kj\u00f8ret\u00f8yet<\/li>\n<\/ul>\n<pre id=\"tw-target-text\" dir=\"ltr\" data-placeholder=\"K\u00e4\u00e4nn\u00f6s\"><em>*Hvis du har kj\u00f8pt tjenesten \"Sluttrengj\u00f8ring\", kan du hoppe over de merkede varene.<\/em><\/pre>\n            <\/div>\r\n            <div class=\"image-container reveal image-high\">\r\n                <img decoding=\"async\" src=\"https:\/\/www.touringcars.com\/wp-content\/uploads\/2022\/09\/carado-imagebank-data_VE_Semi-Integrated_T457_PI_2024_0053_21-31-41_WEB-574x383.jpg\" srcset=\"https:\/\/www.touringcars.com\/wp-content\/uploads\/2022\/09\/carado-imagebank-data_VE_Semi-Integrated_T457_PI_2024_0053_21-31-41_WEB-300x200.jpg 300w, https:\/\/www.touringcars.com\/wp-content\/uploads\/2022\/09\/carado-imagebank-data_VE_Semi-Integrated_T457_PI_2024_0053_21-31-41_WEB-1024x683.jpg 1024w, https:\/\/www.touringcars.com\/wp-content\/uploads\/2022\/09\/carado-imagebank-data_VE_Semi-Integrated_T457_PI_2024_0053_21-31-41_WEB-768x512.jpg 768w, https:\/\/www.touringcars.com\/wp-content\/uploads\/2022\/09\/carado-imagebank-data_VE_Semi-Integrated_T457_PI_2024_0053_21-31-41_WEB-1536x1025.jpg 1536w, https:\/\/www.touringcars.com\/wp-content\/uploads\/2022\/09\/carado-imagebank-data_VE_Semi-Integrated_T457_PI_2024_0053_21-31-41_WEB-2048x1366.jpg 2048w, https:\/\/www.touringcars.com\/wp-content\/uploads\/2022\/09\/carado-imagebank-data_VE_Semi-Integrated_T457_PI_2024_0053_21-31-41_WEB-1920x1281.jpg 1920w, https:\/\/www.touringcars.com\/wp-content\/uploads\/2022\/09\/carado-imagebank-data_VE_Semi-Integrated_T457_PI_2024_0053_21-31-41_WEB-889x593.jpg 889w, https:\/\/www.touringcars.com\/wp-content\/uploads\/2022\/09\/carado-imagebank-data_VE_Semi-Integrated_T457_PI_2024_0053_21-31-41_WEB-714x476.jpg 714w, https:\/\/www.touringcars.com\/wp-content\/uploads\/2022\/09\/carado-imagebank-data_VE_Semi-Integrated_T457_PI_2024_0053_21-31-41_WEB-574x383.jpg 574w, https:\/\/www.touringcars.com\/wp-content\/uploads\/2022\/09\/carado-imagebank-data_VE_Semi-Integrated_T457_PI_2024_0053_21-31-41_WEB-367x245.jpg 367w\" alt=\"_carado-imagebank-data_VE_Semi-Integrated_T457_PI_2024_0053_21-31-41_WEB\" width=\"2560\" height=\"1708\">            <\/div>\r\n        <\/div>\r\n    <\/div>\r\n<\/section>\n\n<section class=\"block block-textimage\">\r\n    <div class=\"container\">\r\n        <div class=\"content-row image-placement-right\">\r\n            <div class=\"content-container reveal\">\r\n                <h3>Drivstoff og gass<\/h3><p>N\u00e5r du leier en bobil hos Touring Cars, har den en full dieseltank. N\u00e5r du leverer tilbake bobilen, m\u00e5 du fylle opp dieseltanken igjen. Drivstoffet er ikke inkludert i leieprisen. Drivstofforbruket varierer alt etter kj\u00f8reatferden din. Husk \u00e5 sl\u00e5 av motoren og alle kilder til tenning, inkludert gassapparater, kj\u00f8leskap, vannkoker og komfyr, n\u00e5r du fyller drivstoff p\u00e5 bobilen. <\/p>\n<p>N\u00e5r du starter bobilferien i Europa, st\u00e5r det to fulle gassflasker klare til bruk i bobilen. Vi r\u00e5der deg til \u00e5 bytte ut \u00e5pnede gassflasker f\u00f8r du leverer tilbake leiebobilen. Ellers blir du bedt om \u00e5 kompensere Touring Cars for \u00e5pnede flasker. <\/p>\n            <\/div>\r\n            <div class=\"image-container reveal image-high\">\r\n                <img decoding=\"async\" src=\"https:\/\/www.touringcars.com\/wp-content\/uploads\/2025\/01\/leon_reiner_customer_service_kristina_1_1000px.jpg-525x300.webp\" srcset=\"https:\/\/www.touringcars.com\/wp-content\/uploads\/2025\/01\/leon_reiner_customer_service_kristina_1_1000px.jpg-300x171.webp 300w, https:\/\/www.touringcars.com\/wp-content\/uploads\/2025\/01\/leon_reiner_customer_service_kristina_1_1000px.jpg-1024x585.webp 1024w, https:\/\/www.touringcars.com\/wp-content\/uploads\/2025\/01\/leon_reiner_customer_service_kristina_1_1000px.jpg-768x439.webp 768w, https:\/\/www.touringcars.com\/wp-content\/uploads\/2025\/01\/leon_reiner_customer_service_kristina_1_1000px.jpg-1038x593.webp 1038w, https:\/\/www.touringcars.com\/wp-content\/uploads\/2025\/01\/leon_reiner_customer_service_kristina_1_1000px.jpg-714x408.webp 714w, https:\/\/www.touringcars.com\/wp-content\/uploads\/2025\/01\/leon_reiner_customer_service_kristina_1_1000px.jpg-525x300.webp 525w, https:\/\/www.touringcars.com\/wp-content\/uploads\/2025\/01\/leon_reiner_customer_service_kristina_1_1000px.jpg.webp 1400w\" alt=\"leon_reiner_customer_service_kristina_1_1000px.jpg\" width=\"1400\" height=\"800\">            <\/div>\r\n        <\/div>\r\n    <\/div>\r\n<\/section>\n\n<section class=\"block block-availabilitysearch\">\r\n    <div class=\"container\"><form class=\"availability-search\"><div class=\"form-row\"><div class=\"form-col form-col-clearable input-icon input-icon-map\" data-target=\"where\"><label for=\"where\">Hvor skal jeg dra?<\/label><input type=\"text\" class=\"form-control\" id=\"where\" name=\"where\" placeholder=\"Hvor skal jeg dra?\"><\/div><div class=\"form-col form-col-clearable input-icon input-icon-calendar\" data-target=\"when\"><label for=\"when\">N\u00e5r skal jeg dra?<\/label><input type=\"text\" class=\"form-control\" id=\"when\" name=\"when\" placeholder=\"N\u00e5r skal jeg dra?\" disabled><\/div><div class=\"form-col\"><button type=\"submit\" class=\"btn\">Kom i gang<\/button><\/div><\/div><a href=\"https:\/\/www.touringcars.com\/no\/user\/login\/\">Har du allerede booket? Administrer bestilling<\/a><\/form><\/div><\/section>\n\n<section class=\"block block-postsslider style-small\">\r\n    <div class=\"container reveal\">\r\n        <div class=\"glide articles-slider\" data-uid=\"69f258887598f\"><div class=\"glide__track\" data-glide-el=\"track\"><ul class=\"glide__slides\"><li class=\"glide__slide\"><article class=\"article reveal\"><div class=\"image-container\"><a href=\"https:\/\/www.touringcars.com\/no\/leieinformasjon\/faq\/\"><img decoding=\"async\" src=\"https:\/\/www.touringcars.com\/wp-content\/uploads\/2025\/02\/carado-imagebank-data_VE_Camper-Van_CV640_PI_2024_0140_21-31-41_web-450x300.jpg\" srcset=\"https:\/\/www.touringcars.com\/wp-content\/uploads\/2025\/02\/carado-imagebank-data_VE_Camper-Van_CV640_PI_2024_0140_21-31-41_web-300x200.jpg 300w, https:\/\/www.touringcars.com\/wp-content\/uploads\/2025\/02\/carado-imagebank-data_VE_Camper-Van_CV640_PI_2024_0140_21-31-41_web-1024x682.jpg 1024w, https:\/\/www.touringcars.com\/wp-content\/uploads\/2025\/02\/carado-imagebank-data_VE_Camper-Van_CV640_PI_2024_0140_21-31-41_web-768x512.jpg 768w, https:\/\/www.touringcars.com\/wp-content\/uploads\/2025\/02\/carado-imagebank-data_VE_Camper-Van_CV640_PI_2024_0140_21-31-41_web-1536x1024.jpg 1536w, https:\/\/www.touringcars.com\/wp-content\/uploads\/2025\/02\/carado-imagebank-data_VE_Camper-Van_CV640_PI_2024_0140_21-31-41_web-2048x1365.jpg 2048w, https:\/\/www.touringcars.com\/wp-content\/uploads\/2025\/02\/carado-imagebank-data_VE_Camper-Van_CV640_PI_2024_0140_21-31-41_web-890x593.jpg 890w, https:\/\/www.touringcars.com\/wp-content\/uploads\/2025\/02\/carado-imagebank-data_VE_Camper-Van_CV640_PI_2024_0140_21-31-41_web-714x476.jpg 714w, https:\/\/www.touringcars.com\/wp-content\/uploads\/2025\/02\/carado-imagebank-data_VE_Camper-Van_CV640_PI_2024_0140_21-31-41_web-450x300.jpg 450w, https:\/\/www.touringcars.com\/wp-content\/uploads\/2025\/02\/carado-imagebank-data_VE_Camper-Van_CV640_PI_2024_0140_21-31-41_web-367x245.jpg 367w\" alt=\"FAQ\"><\/a><\/div><div class=\"content-container\"><h3><a href=\"https:\/\/www.touringcars.com\/no\/leieinformasjon\/faq\/\">FAQ<\/a><\/h3><\/div><\/article><\/li><li class=\"glide__slide\"><article class=\"article reveal\"><div class=\"image-container\"><a href=\"https:\/\/www.touringcars.com\/no\/leieinformasjon\/reservasjoner\/\"><img decoding=\"async\" src=\"https:\/\/www.touringcars.com\/wp-content\/uploads\/2023\/01\/family-pexels-forest-outdoors-1-558x293.jpg\" srcset=\"https:\/\/www.touringcars.com\/wp-content\/uploads\/2023\/01\/family-pexels-forest-outdoors-1-300x158.jpg 300w, https:\/\/www.touringcars.com\/wp-content\/uploads\/2023\/01\/family-pexels-forest-outdoors-1-1024x538.jpg 1024w, https:\/\/www.touringcars.com\/wp-content\/uploads\/2023\/01\/family-pexels-forest-outdoors-1-768x403.jpg 768w, https:\/\/www.touringcars.com\/wp-content\/uploads\/2023\/01\/family-pexels-forest-outdoors-1-1130x593.jpg 1130w, https:\/\/www.touringcars.com\/wp-content\/uploads\/2023\/01\/family-pexels-forest-outdoors-1-714x375.jpg 714w, https:\/\/www.touringcars.com\/wp-content\/uploads\/2023\/01\/family-pexels-forest-outdoors-1-558x293.jpg 558w, https:\/\/www.touringcars.com\/wp-content\/uploads\/2023\/01\/family-pexels-forest-outdoors-1.jpg 1200w\" alt=\"Reservasjoner\"><\/a><\/div><div class=\"content-container\"><h3><a href=\"https:\/\/www.touringcars.com\/no\/leieinformasjon\/reservasjoner\/\">Reservasjoner<\/a><\/h3><\/div><\/article><\/li><li class=\"glide__slide\"><article class=\"article reveal\"><div class=\"image-container\"><a href=\"https:\/\/www.touringcars.com\/no\/leieinformasjon\/for-ankomst\/\"><img decoding=\"async\" src=\"https:\/\/www.touringcars.com\/wp-content\/uploads\/2023\/10\/pnw-production-pexels-motorhome-dog-pet-450x300.jpg\" srcset=\"https:\/\/www.touringcars.com\/wp-content\/uploads\/2023\/10\/pnw-production-pexels-motorhome-dog-pet-300x200.jpg 300w, https:\/\/www.touringcars.com\/wp-content\/uploads\/2023\/10\/pnw-production-pexels-motorhome-dog-pet-1024x683.jpg 1024w, https:\/\/www.touringcars.com\/wp-content\/uploads\/2023\/10\/pnw-production-pexels-motorhome-dog-pet-768x512.jpg 768w, https:\/\/www.touringcars.com\/wp-content\/uploads\/2023\/10\/pnw-production-pexels-motorhome-dog-pet-889x593.jpg 889w, https:\/\/www.touringcars.com\/wp-content\/uploads\/2023\/10\/pnw-production-pexels-motorhome-dog-pet-714x476.jpg 714w, https:\/\/www.touringcars.com\/wp-content\/uploads\/2023\/10\/pnw-production-pexels-motorhome-dog-pet-450x300.jpg 450w, https:\/\/www.touringcars.com\/wp-content\/uploads\/2023\/10\/pnw-production-pexels-motorhome-dog-pet-367x245.jpg 367w, https:\/\/www.touringcars.com\/wp-content\/uploads\/2023\/10\/pnw-production-pexels-motorhome-dog-pet.jpg 1090w\" alt=\"F\u00f8r ankomst\"><\/a><\/div><div class=\"content-container\"><h3><a href=\"https:\/\/www.touringcars.com\/no\/leieinformasjon\/for-ankomst\/\">F\u00f8r ankomst<\/a><\/h3><\/div><\/article><\/li><li class=\"glide__slide\"><article class=\"article reveal\"><div class=\"image-container\"><a href=\"https:\/\/www.touringcars.com\/no\/leieinformasjon\/pa-veien\/\"><img decoding=\"async\" src=\"https:\/\/www.touringcars.com\/wp-content\/uploads\/2025\/01\/carado-imagebank-data_VE_Semi-Integrated_T338_PI_2024_0038_21-31-41_WEB-574x383.jpg\" srcset=\"https:\/\/www.touringcars.com\/wp-content\/uploads\/2025\/01\/carado-imagebank-data_VE_Semi-Integrated_T338_PI_2024_0038_21-31-41_WEB-300x200.jpg 300w, https:\/\/www.touringcars.com\/wp-content\/uploads\/2025\/01\/carado-imagebank-data_VE_Semi-Integrated_T338_PI_2024_0038_21-31-41_WEB-1024x683.jpg 1024w, https:\/\/www.touringcars.com\/wp-content\/uploads\/2025\/01\/carado-imagebank-data_VE_Semi-Integrated_T338_PI_2024_0038_21-31-41_WEB-768x512.jpg 768w, https:\/\/www.touringcars.com\/wp-content\/uploads\/2025\/01\/carado-imagebank-data_VE_Semi-Integrated_T338_PI_2024_0038_21-31-41_WEB-1536x1024.jpg 1536w, https:\/\/www.touringcars.com\/wp-content\/uploads\/2025\/01\/carado-imagebank-data_VE_Semi-Integrated_T338_PI_2024_0038_21-31-41_WEB-2048x1366.jpg 2048w, https:\/\/www.touringcars.com\/wp-content\/uploads\/2025\/01\/carado-imagebank-data_VE_Semi-Integrated_T338_PI_2024_0038_21-31-41_WEB-1920x1281.jpg 1920w, https:\/\/www.touringcars.com\/wp-content\/uploads\/2025\/01\/carado-imagebank-data_VE_Semi-Integrated_T338_PI_2024_0038_21-31-41_WEB-889x593.jpg 889w, https:\/\/www.touringcars.com\/wp-content\/uploads\/2025\/01\/carado-imagebank-data_VE_Semi-Integrated_T338_PI_2024_0038_21-31-41_WEB-714x476.jpg 714w, https:\/\/www.touringcars.com\/wp-content\/uploads\/2025\/01\/carado-imagebank-data_VE_Semi-Integrated_T338_PI_2024_0038_21-31-41_WEB-574x383.jpg 574w, https:\/\/www.touringcars.com\/wp-content\/uploads\/2025\/01\/carado-imagebank-data_VE_Semi-Integrated_T338_PI_2024_0038_21-31-41_WEB-367x245.jpg 367w\" alt=\"P\u00e5 veien\"><\/a><\/div><div class=\"content-container\"><h3><a href=\"https:\/\/www.touringcars.com\/no\/leieinformasjon\/pa-veien\/\">P\u00e5 veien<\/a><\/h3><\/div><\/article><\/li><li class=\"glide__slide\"><article class=\"article reveal\"><div class=\"image-container\"><a href=\"https:\/\/www.touringcars.com\/no\/leieinformasjon\/tilbakelevering\/\"><img decoding=\"async\" src=\"https:\/\/www.touringcars.com\/wp-content\/uploads\/2022\/08\/good-feelings-herbapatistyle-450x300.jpg\" srcset=\"https:\/\/www.touringcars.com\/wp-content\/uploads\/2022\/08\/good-feelings-herbapatistyle-300x200.jpg 300w, https:\/\/www.touringcars.com\/wp-content\/uploads\/2022\/08\/good-feelings-herbapatistyle-1024x682.jpg 1024w, https:\/\/www.touringcars.com\/wp-content\/uploads\/2022\/08\/good-feelings-herbapatistyle-768x512.jpg 768w, https:\/\/www.touringcars.com\/wp-content\/uploads\/2022\/08\/good-feelings-herbapatistyle-1536x1024.jpg 1536w, https:\/\/www.touringcars.com\/wp-content\/uploads\/2022\/08\/good-feelings-herbapatistyle-890x593.jpg 890w, https:\/\/www.touringcars.com\/wp-content\/uploads\/2022\/08\/good-feelings-herbapatistyle-714x476.jpg 714w, https:\/\/www.touringcars.com\/wp-content\/uploads\/2022\/08\/good-feelings-herbapatistyle-450x300.jpg 450w, https:\/\/www.touringcars.com\/wp-content\/uploads\/2022\/08\/good-feelings-herbapatistyle-367x245.jpg 367w, https:\/\/www.touringcars.com\/wp-content\/uploads\/2022\/08\/good-feelings-herbapatistyle.jpg 2000w\" alt=\"Tilbakelevering\"><\/a><\/div><div class=\"content-container\"><h3><a href=\"https:\/\/www.touringcars.com\/no\/leieinformasjon\/tilbakelevering\/\">Tilbakelevering<\/a><\/h3><\/div><\/article><\/li><li class=\"glide__slide\"><article class=\"article reveal\"><div class=\"image-container\"><a href=\"https:\/\/www.touringcars.com\/no\/kansellering\/\"><img decoding=\"async\" src=\"https:\/\/www.touringcars.com\/wp-content\/uploads\/2025\/02\/carado-imagebank-data_VE_Camper-Van_CV600_PI_2024_0257_21-31-41_web-2-200x300.jpg\" srcset=\"https:\/\/www.touringcars.com\/wp-content\/uploads\/2025\/02\/carado-imagebank-data_VE_Camper-Van_CV600_PI_2024_0257_21-31-41_web-2-200x300.jpg 200w, https:\/\/www.touringcars.com\/wp-content\/uploads\/2025\/02\/carado-imagebank-data_VE_Camper-Van_CV600_PI_2024_0257_21-31-41_web-2-682x1024.jpg 682w, https:\/\/www.touringcars.com\/wp-content\/uploads\/2025\/02\/carado-imagebank-data_VE_Camper-Van_CV600_PI_2024_0257_21-31-41_web-2-768x1153.jpg 768w, https:\/\/www.touringcars.com\/wp-content\/uploads\/2025\/02\/carado-imagebank-data_VE_Camper-Van_CV600_PI_2024_0257_21-31-41_web-2-1024x1536.jpg 1024w, https:\/\/www.touringcars.com\/wp-content\/uploads\/2025\/02\/carado-imagebank-data_VE_Camper-Van_CV600_PI_2024_0257_21-31-41_web-2-1365x2048.jpg 1365w, https:\/\/www.touringcars.com\/wp-content\/uploads\/2025\/02\/carado-imagebank-data_VE_Camper-Van_CV600_PI_2024_0257_21-31-41_web-2-395x593.jpg 395w, https:\/\/www.touringcars.com\/wp-content\/uploads\/2025\/02\/carado-imagebank-data_VE_Camper-Van_CV600_PI_2024_0257_21-31-41_web-2-354x531.jpg 354w, https:\/\/www.touringcars.com\/wp-content\/uploads\/2025\/02\/carado-imagebank-data_VE_Camper-Van_CV600_PI_2024_0257_21-31-41_web-2.jpg 1466w\" alt=\"Kansellering\"><\/a><\/div><div class=\"content-container\"><h3><a href=\"https:\/\/www.touringcars.com\/no\/kansellering\/\">Kansellering<\/a><\/h3><\/div><\/article><\/li><li class=\"glide__slide\"><article class=\"article reveal\"><div class=\"image-container\"><a href=\"https:\/\/www.touringcars.com\/no\/leieinformasjon\/tilleggstjenester\/\"><img decoding=\"async\" src=\"https:\/\/www.touringcars.com\/wp-content\/uploads\/2025\/02\/VantanaHobby_0025_PRESSE-450x300.jpg\" srcset=\"https:\/\/www.touringcars.com\/wp-content\/uploads\/2025\/02\/VantanaHobby_0025_PRESSE-300x200.jpg 300w, https:\/\/www.touringcars.com\/wp-content\/uploads\/2025\/02\/VantanaHobby_0025_PRESSE-1024x683.jpg 1024w, https:\/\/www.touringcars.com\/wp-content\/uploads\/2025\/02\/VantanaHobby_0025_PRESSE-768x512.jpg 768w, https:\/\/www.touringcars.com\/wp-content\/uploads\/2025\/02\/VantanaHobby_0025_PRESSE-1536x1024.jpg 1536w, https:\/\/www.touringcars.com\/wp-content\/uploads\/2025\/02\/VantanaHobby_0025_PRESSE-2048x1366.jpg 2048w, https:\/\/www.touringcars.com\/wp-content\/uploads\/2025\/02\/VantanaHobby_0025_PRESSE-889x593.jpg 889w, https:\/\/www.touringcars.com\/wp-content\/uploads\/2025\/02\/VantanaHobby_0025_PRESSE-714x476.jpg 714w, https:\/\/www.touringcars.com\/wp-content\/uploads\/2025\/02\/VantanaHobby_0025_PRESSE-450x300.jpg 450w, https:\/\/www.touringcars.com\/wp-content\/uploads\/2025\/02\/VantanaHobby_0025_PRESSE-367x245.jpg 367w\" alt=\"Tilleggstjenester\"><\/a><\/div><div class=\"content-container\"><h3><a href=\"https:\/\/www.touringcars.com\/no\/leieinformasjon\/tilleggstjenester\/\">Tilleggstjenester<\/a><\/h3><\/div><\/article><\/li><\/ul><\/div><div class=\"glide__controls\"><div class=\"glide__arrows\" data-glide-el=\"controls\"><span class=\"glide__arrow glide__arrow--left\" data-glide-dir=\"<\"><\/span><span class=\"glide__arrow glide__arrow--right\" data-glide-dir=\">&laquo;><\/span><\/div><div class=\"glide__bullets\" data-glide-el=\"controls[nav]\"><span class=\"glide__bullet\" data-glide-dir=\"=0\" data-parent-uid=\"69f258887598f\"><\/span><span class=\"glide__bullet\" data-glide-dir=\"=1\" data-parent-uid=\"69f258887598f\"><\/span><span class=\"glide__bullet\" data-glide-dir=\"=2\" data-parent-uid=\"69f258887598f\"><\/span><span class=\"glide__bullet\" data-glide-dir=\"=3\" data-parent-uid=\"69f258887598f\"><\/span><span class=\"glide__bullet\" data-glide-dir=\"=4\" data-parent-uid=\"69f258887598f\"><\/span><span class=\"glide__bullet\" data-glide-dir=\"=5\" data-parent-uid=\"69f258887598f\"><\/span><span class=\"glide__bullet\" data-glide-dir=\"=6\" data-parent-uid=\"69f258887598f\"><\/span><\/div><\/div><\/div>    <\/div>\r\n<\/section>\n\n<section class=\"block block-newsletter\">\r\n    <div class=\"container\">\r\n        <div class=\"newsletter-container reveal\">\r\n            <div class=\"first-step\">\r\n                <h2>Join Touring Cars\u2019 Travel Circle!<\/h2>                <div class=\"newsletter-content\">\r\n                    <p style=\"text-align: center\"><span style=\"font-weight: 400\">Subscribe to our newsletter and get inspired with handpicked route tips, practical travel hacks, and exclusive offers delivered straight to your inbox. As a thank you, you\u2019ll receive a free camping set with your next booking.<\/span><\/p>\n                <\/div>\r\n                \n<div class=\"wpcf7 no-js\" id=\"wpcf7-f12780-o1\" lang=\"nb-NO\" dir=\"ltr\" data-wpcf7-id=\"12780\">\n<div class=\"screen-reader-response\"><p role=\"status\" aria-live=\"polite\" aria-atomic=\"true\"><\/p> <ul><\/ul><\/div>\n<form action=\"\/no\/wp-json\/wp\/v2\/pages\/13943#wpcf7-f12780-o1\" method=\"post\" class=\"wpcf7-form init\" aria-label=\"Kontaktskjema\" novalidate=\"novalidate\" data-status=\"init\">\n<fieldset class=\"hidden-fields-container\"><input type=\"hidden\" name=\"_wpcf7\" value=\"12780\" \/><input type=\"hidden\" name=\"_wpcf7_version\" value=\"6.1.5\" \/><input type=\"hidden\" name=\"_wpcf7_locale\" value=\"nb_NO\" \/><input type=\"hidden\" name=\"_wpcf7_unit_tag\" value=\"wpcf7-f12780-o1\" \/><input type=\"hidden\" name=\"_wpcf7_container_post\" value=\"0\" \/><input type=\"hidden\" name=\"_wpcf7_posted_data_hash\" value=\"\" \/><input type=\"hidden\" name=\"_wpcf7_recaptcha_response\" value=\"\" \/>\n<\/fieldset>\n<div class=\"form-row\">\n<div class=\"form-col\">\n<label>Type your email&#8230;<\/label>\n<span class=\"wpcf7-form-control-wrap\" data-name=\"email\"><input size=\"40\" maxlength=\"400\" class=\"wpcf7-form-control wpcf7-email wpcf7-validates-as-required wpcf7-text form-control   wpcf7-validates-as-email\" aria-required=\"true\" aria-invalid=\"false\" placeholder=\"Email address\" value=\"\" type=\"email\" name=\"email\" \/><\/span>\n<\/div>\n<div class=\"form-col\">\n<input class=\"wpcf7-form-control wpcf7-submit has-spinner\" type=\"submit\" value=\"Continue\" \/>\n<\/div>\n<\/div>\n<div class=\"form-row form-row-privacy\">\n<div class=\"form-col\">By sending this form you agree with the handling of your data in accordance with our <a href=\"\/en\/privacy-policy-gdpr\/\" target=\"_blank\">privacy policy<\/a>.\n<\/div>\n<\/div>\n<input class=\"wpcf7-form-control wpcf7-hidden\" value=\"1\" type=\"hidden\" name=\"newsletter\" \/>\n<input class=\"wpcf7-form-control wpcf7-hidden\" value=\"Customer\" type=\"hidden\" name=\"contact-type\" \/><div class=\"wpcf7-response-output\" aria-hidden=\"true\"><\/div>\n<\/form>\n<\/div>\n            <\/div>\r\n            <div class=\"steps-after-form-submission\"><div class=\"step d-none\"><h3>Almost ready&#8230;<\/h3><p>Let\u2019s get to know each other better so we can personalize our messaging and deals for you!<\/p>\n\n<div class=\"wpcf7 no-js\" id=\"wpcf7-f20528-o2\" lang=\"nb-NO\" dir=\"ltr\" data-wpcf7-id=\"20528\">\n<div class=\"screen-reader-response\"><p role=\"status\" aria-live=\"polite\" aria-atomic=\"true\"><\/p> <ul><\/ul><\/div>\n<form action=\"\/no\/wp-json\/wp\/v2\/pages\/13943#wpcf7-f20528-o2\" method=\"post\" class=\"wpcf7-form init\" aria-label=\"Kontaktskjema\" novalidate=\"novalidate\" data-status=\"init\">\n<fieldset class=\"hidden-fields-container\"><input type=\"hidden\" name=\"_wpcf7\" value=\"20528\" \/><input type=\"hidden\" name=\"_wpcf7_version\" value=\"6.1.5\" \/><input type=\"hidden\" name=\"_wpcf7_locale\" value=\"nb_NO\" \/><input type=\"hidden\" name=\"_wpcf7_unit_tag\" value=\"wpcf7-f20528-o2\" \/><input type=\"hidden\" name=\"_wpcf7_container_post\" value=\"0\" \/><input type=\"hidden\" name=\"_wpcf7_posted_data_hash\" value=\"\" \/><input type=\"hidden\" name=\"_wpcf7_recaptcha_response\" value=\"\" \/>\n<\/fieldset>\n<div class=\"form-row\">\n<div class=\"form-col\">\n<label>What is your dream campervan holiday?<\/label>\n<span class=\"wpcf7-form-control-wrap\" data-name=\"newsletter_topics\"><span class=\"wpcf7-form-control wpcf7-checkbox\"><div class=\"form-check\"><input id=\"cf7_checkbox_1\" class=\"form-check-input\" type=\"checkbox\" name=\"newsletter_topics[]\" value=\"Family trip\" \/><label class=\"form-check-label\" for=\"cf7_checkbox_1\"><span class=\"wpcf7-list-item-label\">Family trip<\/span><\/label><\/div><div class=\"form-check\"><input id=\"cf7_checkbox_2\" class=\"form-check-input\" type=\"checkbox\" name=\"newsletter_topics[]\" value=\"Roadtrip with friends\" \/><label class=\"form-check-label\" for=\"cf7_checkbox_2\"><span class=\"wpcf7-list-item-label\">Roadtrip with friends<\/span><\/label><\/div><div class=\"form-check\"><input id=\"cf7_checkbox_3\" class=\"form-check-input\" type=\"checkbox\" name=\"newsletter_topics[]\" value=\"Trip with my partner\" \/><label class=\"form-check-label\" for=\"cf7_checkbox_3\"><span class=\"wpcf7-list-item-label\">Trip with my partner<\/span><\/label><\/div><div class=\"form-check\"><input id=\"cf7_checkbox_4\" class=\"form-check-input\" type=\"checkbox\" name=\"newsletter_topics[]\" value=\"Other\" \/><label class=\"form-check-label\" for=\"cf7_checkbox_4\"><span class=\"wpcf7-list-item-label\">Other<\/span><\/label><\/div><\/span><\/span>\n<\/div>\n<\/div>\n<div class=\"form-row\">\n<div class=\"form-col\">\n<input class=\"wpcf7-form-control wpcf7-submit has-spinner\" type=\"submit\" value=\"Continue\" \/>\n<\/div>\n<\/div>\n<div class=\"form-row form-row-privacy\">\n<div class=\"form-col\">By sending this form you agree with the handling of your data in accordance with our <a href=\"\/en\/privacy-policy-gdpr\/\" target=\"_blank\">privacy policy<\/a>.\n<\/div>\n<\/div>\n<input class=\"wpcf7-form-control wpcf7-hidden\" value=\"\" type=\"hidden\" name=\"email\" \/>\n<input class=\"wpcf7-form-control wpcf7-hidden\" value=\"1\" type=\"hidden\" name=\"newsletter\" \/><div class=\"wpcf7-response-output\" aria-hidden=\"true\"><\/div>\n<\/form>\n<\/div>\n<\/div><div class=\"step d-none\"><h3>Good feelings are\u2028on the way!<\/h3><div class=\"buttons\"><a href=\"https:\/\/www.instagram.com\/touring_cars\/\" class=\"btn  btn-social btn-instagram\" target=\"_blank\" rel=\"noopener noreferrer\">Instagram<\/a><a href=\"https:\/\/www.facebook.com\/touringcars\/\" class=\"btn  btn-social btn-facebook\" target=\"_blank\" rel=\"noopener noreferrer\">Facebook<\/a><\/div><\/div><\/div>        <\/div>\r\n    <\/div>\r\n<\/section>","protected":false},"excerpt":{"rendered":"","protected":false},"author":2,"featured_media":5051,"parent":13755,"menu_order":331,"comment_status":"closed","ping_status":"closed","template":"","meta":{"_acf_changed":false,"footnotes":""},"class_list":["post-13943","page","type-page","status-publish","has-post-thumbnail","hentry"],"acf":[],"_links":{"self":[{"href":"https:\/\/www.touringcars.com\/no\/wp-json\/wp\/v2\/pages\/13943","targetHints":{"allow":["GET"]}}],"collection":[{"href":"https:\/\/www.touringcars.com\/no\/wp-json\/wp\/v2\/pages"}],"about":[{"href":"https:\/\/www.touringcars.com\/no\/wp-json\/wp\/v2\/types\/page"}],"author":[{"embeddable":true,"href":"https:\/\/www.touringcars.com\/no\/wp-json\/wp\/v2\/users\/2"}],"replies":[{"embeddable":true,"href":"https:\/\/www.touringcars.com\/no\/wp-json\/wp\/v2\/comments?post=13943"}],"version-history":[{"count":2,"href":"https:\/\/www.touringcars.com\/no\/wp-json\/wp\/v2\/pages\/13943\/revisions"}],"predecessor-version":[{"id":19002,"href":"https:\/\/www.touringcars.com\/no\/wp-json\/wp\/v2\/pages\/13943\/revisions\/19002"}],"up":[{"embeddable":true,"href":"https:\/\/www.touringcars.com\/no\/wp-json\/wp\/v2\/pages\/13755"}],"wp:featuredmedia":[{"embeddable":true,"href":"https:\/\/www.touringcars.com\/no\/wp-json\/wp\/v2\/media\/5051"}],"wp:attachment":[{"href":"https:\/\/www.touringcars.com\/no\/wp-json\/wp\/v2\/media?parent=13943"}],"curies":[{"name":"wp","href":"https:\/\/api.w.org\/{rel}","templated":true}]}}