{"id":13773,"date":"2025-01-01T14:06:32","date_gmt":"2025-01-01T14:06:32","guid":{"rendered":"https:\/\/touringcars.com\/general-rental-terms\/"},"modified":"2025-03-08T13:22:00","modified_gmt":"2025-03-08T13:22:00","slug":"generelle-vilkar-for-leie","status":"publish","type":"page","link":"https:\/\/www.touringcars.com\/no\/generelle-vilkar-for-leie\/","title":{"rendered":"Generelle vilk\u00e5r for leie"},"content":{"rendered":"<section class=\"block block-hero text-style-white image-style-boxed\">\r\n    <div class=\"container container-full\">\r\n        <div class=\"glide image-slider\" data-uid=\"69f37f3ddeca4\"><div class=\"glide__track\" data-glide-el=\"track\"><ul class=\"glide__slides\"><li class=\"glide__slide\"><img decoding=\"async\" src=\"https:\/\/www.touringcars.com\/wp-content\/uploads\/2025\/02\/carado-imagebank-data_VE_Camper-Van_CV600_PI_2024_0258_21-31-41_web-1-200x300.jpg\" srcset=\"https:\/\/www.touringcars.com\/wp-content\/uploads\/2025\/02\/carado-imagebank-data_VE_Camper-Van_CV600_PI_2024_0258_21-31-41_web-1-200x300.jpg 200w, https:\/\/www.touringcars.com\/wp-content\/uploads\/2025\/02\/carado-imagebank-data_VE_Camper-Van_CV600_PI_2024_0258_21-31-41_web-1-682x1024.jpg 682w, https:\/\/www.touringcars.com\/wp-content\/uploads\/2025\/02\/carado-imagebank-data_VE_Camper-Van_CV600_PI_2024_0258_21-31-41_web-1-768x1153.jpg 768w, https:\/\/www.touringcars.com\/wp-content\/uploads\/2025\/02\/carado-imagebank-data_VE_Camper-Van_CV600_PI_2024_0258_21-31-41_web-1-1024x1536.jpg 1024w, https:\/\/www.touringcars.com\/wp-content\/uploads\/2025\/02\/carado-imagebank-data_VE_Camper-Van_CV600_PI_2024_0258_21-31-41_web-1-1365x2048.jpg 1365w, https:\/\/www.touringcars.com\/wp-content\/uploads\/2025\/02\/carado-imagebank-data_VE_Camper-Van_CV600_PI_2024_0258_21-31-41_web-1-395x593.jpg 395w, https:\/\/www.touringcars.com\/wp-content\/uploads\/2025\/02\/carado-imagebank-data_VE_Camper-Van_CV600_PI_2024_0258_21-31-41_web-1-354x531.jpg 354w, https:\/\/www.touringcars.com\/wp-content\/uploads\/2025\/02\/carado-imagebank-data_VE_Camper-Van_CV600_PI_2024_0258_21-31-41_web-1.jpg 1466w\" alt=\"_carado-imagebank-data_VE_Camper-Van_CV600_PI_2024_0258_21-31-41_web\" data-no-lazy=\"1\" fetchpriority=\"high\"><\/li><\/ul><\/div><div class=\"glide__controls\"><div class=\"glide__arrows\" data-glide-el=\"controls\"><span class=\"glide__arrow glide__arrow--left\" aria-label=\"Venstre\" data-glide-dir=\"<\"><\/span><span class=\"glide__arrow glide__arrow--right\" aria-label=\"H\u00f8yre\" data-glide-dir=\">&laquo;><\/span><\/div><\/div><\/div><div class=\"hero-container\"><div class=\"breadcrumbs-container\"><ol><li><a href=\"https:\/\/www.touringcars.com\/no\/\"><span>Touring Cars<\/span><\/a><\/li><\/ol><\/div><h1>Generelle vilk\u00e5r for leie av bobil<\/h1><\/div>    <\/div>\r\n    <\/section>\n\n<section class=\"block block-basic\">\r\n    <div class=\"container\">\r\n        <div class=\"content-container reveal\">\r\n            <h2>1. INTRODUKSJON<\/h2>\n<p>Franchisenettverket av uavhengige utleiefirmaer (\u00abutleiefirma\u00bb) til Touring\u00a0Cars\u2122 opererer p\u00e5 en felles plattform som tilbys av TC Vehicle Oy, og via denne kan slike utleiefirmaer annonsere, selge, promotere og tilby bilutleieprodukter og relaterte tjenester for enkeltpersoner eller juridiske enheter som sluttkunder (\u00abkunde\u00bb).<\/p>\n<p>Ved \u00e5 bruke denne plattformen til \u00e5 reservere et kj\u00f8ret\u00f8y eller ved \u00e5 reservere et kj\u00f8ret\u00f8y via ethvert annet mellomledd eller enhver annen agent hos Touring\u00a0Cars\u2122 g\u00e5r kunden direkte inn i et kontraktmessig forhold bare med utleiefirmaet som er angitt som tjenesteleverand\u00f8r, uavhengig av m\u00e5ten kj\u00f8ret\u00f8yet blir bestilt p\u00e5 (\u00ableieavtale\u00bb). Disse generelle vilk\u00e5rene (\u00abgenerelle vilk\u00e5r\u00bb) gjelder for hver leieavtale.<\/p>\n<p>TC Vehicle Oy agerer bare som et mellomledd mellom kunden og utleiefirmaet ved \u00e5 videresende de relevante detaljene i kundens reservasjon til utleiefirmaet og ved \u00e5 sende kunden en e-postbekreftelse for og p\u00e5 vegne av utleiefirmaet. TC Vehicle Oy driver ikke med (videre) salg eller utleie og tilbyr heller ikke noen som helst andre reiseprodukter eller -tjenester.<\/p>\n<h2>2. UTLEVERING AV KJ\u00d8RET\u00d8YET<\/h2>\n<p>Den enkelte kunde (eller personen som bruker utleiekj\u00f8ret\u00f8yet som en representant for en kunde som er en juridisk enhet), m\u00e5 ha gyldig f\u00f8rerkort, tilstrekkelige kj\u00f8referdigheter etter forholdene, obligatorisk kj\u00f8reerfaring definert av utleiefirmaet og minimumsalderen for sj\u00e5f\u00f8rer som utleiefirmaet krever.<\/p>\n<p>Utleiefirmaet utleverer kj\u00f8ret\u00f8yet til kunden i forskriftsmessig stand og i samsvar med aktuelle lover p\u00e5 avtalt sted og til avtalt tid. Leiebilen er inspisert av utleiefirmaet eller dets partner f\u00f8r den leveres ut til kunden. Kunden m\u00e5 imidlertid ogs\u00e5 inspisere kj\u00f8ret\u00f8yet i forbindelse med utleveringen for \u00e5 bekrefte eventuelle skader eller defekter som allerede finnes.<\/p>\n<p>Eventuelle skader eller defekter m\u00e5 rapporteres til utleiefirmaet umiddelbart og markeres i skaderapporten kj\u00f8ret\u00f8yet forlater utleiestasjonen. Informasjon om forsikring og egenandel forelegges kunden, og kunden m\u00e5 enten godta eller avsl\u00e5 eventuell ekstra reduksjon av egenandelen. Kunden har blitt forelagt og godtar restriksjonene og begrensningene ang\u00e5ende den valgte egenandelen \/ ekstra beskyttelsen.<\/p>\n<h2>3. BRUK AV KJ\u00d8RET\u00d8YET UNDER LEIEPERIODEN<\/h2>\n<p>Kunden m\u00e5 ta vare p\u00e5 kj\u00f8ret\u00f8yet p\u00e5 samme m\u00e5te som en ansvarsfull person tar vare p\u00e5 sin egen bil, og ut\u00f8ve s\u00e6rskilt forsiktighet og aktsomhet under kj\u00f8ringen. Kunden m\u00e5 bruke kj\u00f8ret\u00f8yet bare slik det vanligvis er tiltenkt. Under leieperioden m\u00e5 kunden passe p\u00e5 kj\u00f8ret\u00f8yets tilstand p\u00e5 vanlig m\u00e5te, for eksempel dekktrykk og tilstrekkelig oljeniv\u00e5 og andre v\u00e6skeniv\u00e5er. Kunden har ikke lov til \u00e5 fylle p\u00e5 olje og andre v\u00e6sker enn vindusspylev\u00e6ske uten \u00e5 kontakte utleiefirmaet. N\u00e5r kj\u00f8ret\u00f8yet er parkert og forlatt, selv bare for et lite \u00f8yeblikk, m\u00e5 det alltid v\u00e6re l\u00e5st.<\/p>\n<p>Kunden skal kj\u00f8re kj\u00f8ret\u00f8yet selv. Kunden kan ikke overdra kj\u00f8ret\u00f8yet til andre personer med mindre en slik tillatelse er eksplisitt notert i leieavtalen. Hvis bilen har flere passasjerer enn det oppgitte antallet, er dette et lovbrudd og regnes som et brudd p\u00e5 leieavtalen.<\/p>\n<p>Kunden m\u00e5 informere personen som kunden overdrar utleieobjektet til, innenfor omfanget i leieavtalen, om innholdet i leieavtalen, inkludert disse generelle vilk\u00e5rene. Bruk av kj\u00f8ret\u00f8yet til ulovlige form\u00e5l, for eksempel sleping, konkurranser eller trening til slike, l\u00e6rekj\u00f8ring eller kj\u00f8ring p\u00e5 is, er forbudt. Det er forbudt \u00e5 krysse grensen til et annet land enn der hvor kj\u00f8ret\u00f8yet ble utlevert, uten tillatelse fra utleiefirmaet. R\u00f8yking i kj\u00f8ret\u00f8yet er forbudt, og transport av kj\u00e6ledyr i kj\u00f8ret\u00f8yet krever ekstra tillatelse fra utleiefirmaet.<\/p>\n<p>Kunden skal alltid holdes fullt ansvarlig for parkeringsgebyrer og -b\u00f8ter, forelegg ved overlast, b\u00f8ter p\u00e5 stedet, fartsb\u00f8ter eller andre brudd p\u00e5 trafikkreglene, bompenger og rushtidsavgifter for\u00e5rsaket av bruk av kj\u00f8ret\u00f8yet under leieperioden, med mindre annet er nevnt. Utleiefirmaet forbeholder seg retten til \u00e5 belaste kundens kredittkort for alle slike gebyrer og belastninger eller tilknyttede kostnader for\u00e5rsaket av kunden. Et ekstra administrativt gebyr p\u00e5l\u00f8per hver belastning. St\u00f8rrelsen p\u00e5 det administrative gebyrer vises i kontorets prisliste.<\/p>\n<p>Kunden er uansett ansvarlig for \u00e5 kompensere for kostnader hvis kredittkortbelastningen ikke er vellykket. Ved \u00e5 signere leieavtalen autoriserer kunden at utleiefirmaet kan fremlegge kundens identifikasjon til myndighetene for innfrielse av belastningene nevnt ovenfor.<\/p>\n<p>Kunden m\u00e5 betale for drivstoffet som er brukt. Typen drivstoff som skal brukes, skal v\u00e6re slik det er oppgitt i leieavtalen og\/eller kj\u00f8ret\u00f8yets vognkort. Kunden er fullt ansvarlig for alle skader p\u00e5 kj\u00f8ret\u00f8yet som skyldes oppfylling av tanken med eller bruk av drivstoff av feil kvalitet. Hvis kunden leverer tilbake et kj\u00f8ret\u00f8y med delvis full drivstofftank, har utleiefirmaet rett til \u00e5 belaste kunden for det manglende drivstoffet og det potensielle p\u00e5fyllingsgebyret som indikert i leieavtalen eller prislisten.<\/p>\n<h2>4. KUNDENS ANSVAR FOR KJ\u00d8RET\u00d8YET OG DETS TILBEH\u00d8R<\/h2>\n<p>Kunden skal holde utleiefirmaet skadesl\u00f8st for alle skader p\u00e5 og tap av kj\u00f8ret\u00f8yet og dets tilbeh\u00f8r under leieperioden og, som\u00a0skadesl\u00f8shet\u00a0n\u00e5r kj\u00f8ret\u00f8yet ikke brukes, betale leien, i henhold til avtalen, s\u00e5 lenge reparasjonen av kj\u00f8ret\u00f8yet p\u00e5g\u00e5r, i maksimalt tretti (30) dager. Kundens ansvar er imidlertid begrenset til grunnlaget for egen risiko, som er spesifisert i leieavtalen. Grunnlaget for egen risiko belastes separat for hver forekomst av skade eller tap. Den grunnleggende egenrisikoen kan reduseres med en tilleggsavgift som er s\u00e6rskilt avtalt i leieavtalen<\/p>\n<p>Kunden skal holde utleiefirmaet skadesl\u00f8st for skader til det fulle, uten noen som helst egenrisikobegrensning, hvis skaden var for\u00e5rsaket av eller p\u00e5dratt p\u00e5 en eller flere av f\u00f8lgende m\u00e5ter: overlast, r\u00f8yking i kj\u00f8ret\u00f8yet, skade p\u00e5 polstringen i kj\u00f8ret\u00f8yet, kj\u00f8ring med for lite eller for mye luft i dekkene, tap av n\u00f8kler, bruk av drivstoff av feil kvalitet, skader fra sandstorm, skader fra sn\u00f8 hvis indikert av skilt, kj\u00f8ring p\u00e5 for smale veier i forhold til st\u00f8rrelsen p\u00e5 kj\u00f8ret\u00f8yet, kj\u00f8ring p\u00e5 veier eller i omr\u00e5der i d\u00e5rlig tilstand eller annen skj\u00f8desl\u00f8s eller feil bruk av kj\u00f8ret\u00f8yet. I tillegg er det strengt forbudt \u00e5 kj\u00f8re kj\u00f8ret\u00f8yet n\u00e5r vindhastigheten er over 15 meter per sekund. Kunden er ogs\u00e5 ansvarlig for \u00e5 sjekke v\u00e6rforholdene og v\u00e6rmeldingen daglig. Kunden samtykker i at kunden har mottatt all n\u00f8dvendig informasjon om hvordan v\u00e6rforholdene kan sjekkes til enhver tid. Hvis kunden bryter denne betingelsen og kj\u00f8ret\u00f8yet blir skadet under slike forhold, er forsikringsdekningen IKKE gyldig for kj\u00f8ret\u00f8yet. Eventuelle vindvarsler fra utleiefirmaet begrenser ikke kundens ansvar.<\/p>\n<p>Kundens fulle skadesl\u00f8shetsansvar vedr\u00f8rer alltid skade som er en direkte eller indirekte f\u00f8lge av kriminelle handlinger fra kunden, bruk av kj\u00f8ret\u00f8yet under p\u00e5virkning av alkohol eller andre rusmidler eller brudd p\u00e5 vilk\u00e5rene i leieavtalen som har v\u00e6rt gjort med hensikt eller via grov skj\u00f8desl\u00f8shet. Kunden skal holde utleiefirmaet skadesl\u00f8st for rengj\u00f8ringskostnader som skyldes uvanlig tilsmussing av kj\u00f8ret\u00f8yet. Kunden fritas fra sitt ansvar overfor utleiefirmaet med hensyn til egen risiko hvis utleiefirmaet f\u00e5r full\u00a0skadesl\u00f8shet\u00a0fra en potensiell tredjepart som har for\u00e5rsaket skaden, eller denne personens forsikringsselskap.<\/p>\n<h2>5. PROSEDYRE VED SKADE ELLER FEIL P\u00c5 KJ\u00d8RET\u00d8YET<\/h2>\n<p>Kunden skal umiddelbart informere utleiefirmaet om feil eller skade p\u00e5 kj\u00f8ret\u00f8yet under leieperioden. Skader som\u00a0oppst\u00f8r\u00a0inne i kj\u00f8ret\u00f8yet, gjelder ikke for egenandelsniv\u00e5ene. Hvis kunden har kj\u00f8pt frontrute- og dekkbeskyttelse, vil utleiefirmaet ikke holde kunden ansvarlig for tap av eller skade p\u00e5 dekket eller skade p\u00e5 frontruten p\u00e5 kj\u00f8ret\u00f8yet. Frontrute- og dekkbeskyttelse dekker skade p\u00e5 \u00e9n frontrute eller ett dekk. Hvis det oppst\u00e5r skade p\u00e5 to eller flere frontruter eller dekk, p\u00e5l\u00f8per kostnader i henhold til vanlige priser. Alle lovbrudd som involverer kj\u00f8ret\u00f8yet, trafikkuhell og personskade eller skade p\u00e5 dyr m\u00e5 alltid varsles til politiet. Ved skade m\u00e5 kunden alltid fylle ut en skriftlig skademelding og sende den til utleiefirmaet. Kunden skal betale full kompensasjon for skaden hvis kunden ikke fyller ut en skriftlig skademelding. Kunden skal holdes fullt ansvarlig for enhver skade som er et resultat av fors\u00f8mmelse av rapportene nevnt ovenfor.<\/p>\n<p>Utleiefirmaet skal holdes ansvarlig for teknisk feil p\u00e5 kj\u00f8ret\u00f8yet under leieperioden som ikke skyldes feil betjening eller skj\u00f8desl\u00f8shet fra kunden. Under forutsetning av at defekten eller feilen er innenfor ansvarsomr\u00e5det til utleiefirmaet, er det n\u00f8dvendig at tillatelse til reparasjon er gitt av utleiefirmaet, for fortsatt bruk av kj\u00f8ret\u00f8yet. Kunden har rett p\u00e5 full refusjon av reparasjonskostnadene som er betalt til det eksterne verkstedet, for denne bestemte defekten eller feilen.<\/p>\n<p>En kvittering p\u00e5 reparasjonsarbeidet og at betalingen er foretatt, m\u00e5 sendes til utleiefirmaet. Hvis kj\u00f8ret\u00f8yet m\u00e5 repareres i over 24 timer, og dette ikke er kundens feil, er utleiefirmaets ansvar overfor kunden begrenset til refusjon av den daglige satsen eller en del av denne. Kunden m\u00e5 kj\u00f8re bilen til det n\u00e6rmeste verkstedet i henhold til instruksjonene fra utleiefirmaet. Daglig refusjon utstedes bare for dagene bilen ikke er kj\u00f8rbar, uten at dette er kundens feil. Forsikringspolisen og egenandelene er underlagt trafikkuhell og skader p\u00e5 kj\u00f8ret\u00f8yet, og refunderes bare per ansvarsforsikringen. Ingen polise gjelder for skader for\u00e5rsaket av uriktig bruk av kj\u00f8ret\u00f8yet.<\/p>\n<h2>6. BETALING AV LEIE<\/h2>\n<p>Med mindre en annen betalingsmetode er avtalt betaler kunden leien i henhold til leieavtalen, pluss eventuelle ekstragebyrer, med bankkort eller kredittkort. N\u00e5r kunden inng\u00e5r leieavtalen, godtar kunden den endelige utregningen som er klargjort for leien p\u00e5 forh\u00e5nd, uten \u00e5 signere den personlig.<\/p>\n<p>I forbindelse med leien har utleiefirmaet rett til \u00e5 foreta en forh\u00e5ndsbekreftelse p\u00e5 kundens betalingskort for et bel\u00f8p som tilsvarer den estimerte sluttleien og eventuelt andre gebyrer. Dette er for at utleiefirmaet skal kunne kontrollere at saldoen p\u00e5 kundens betalingskort er stor nok til betalingen, og at betalingskortet er gyldig.<\/p>\n<p>Utleiefirmaet har rett til \u00e5 belaste kundens kredittkort, spesifisert i leieavtalen, i tillegg til leien i henhold til leieavtalen, for ekstragebyrer for f\u00f8lgende: grunnlaget for egen risiko i henhold til leieavtalen, drivstoff, leie og gebyrer for utvidelse av leieperioden, gebyrer for tilbakelevering og utlevering av kj\u00f8ret\u00f8yet, samt parkeringsb\u00f8ter, gebyrer for privat parkering, forenklede forelegg, b\u00f8ter, veiavgifter, rushtidsavgifter, b\u00f8ter for overlast p\u00e5 kj\u00f8ret\u00f8yet i l\u00f8pet av leieperioden og andre sammenlignbare avgifter sammen med de administrative kostnadene for dem.<\/p>\n<p>Hvis den juridiske personen som er spesifisert i leieavtalen som kunde, ikke er villig eller i stand til \u00e5 betale leien, er personen som har signert leieavtalen p\u00e5 vegne av denne kunden, personlig ansvarlig for leien og de potensielle ekstragebyrene i henhold til disse vilk\u00e5rene relatert til leien. N\u00e5r det vurderes som n\u00f8dvendig, har utleiefirmaet i tillegg rett til \u00e5 kreve to (2) kredittkort fra kunden som sikkerhet for gebyrene som p\u00e5l\u00f8per fra leien.<\/p>\n<h2>7. UTLEIEFIRMAETS ANSVAR FOR DEFEKTER P\u00c5 KJ\u00d8RET\u00d8YET OG FORSINKELSE<\/h2>\n<p>Hvis det oppst\u00e5r en teknisk feil eller en annen defekt p\u00e5 kj\u00f8ret\u00f8yet under leieperioden, som kunden ikke er ansvarlig for, kan kunden, i henhold til leieavtalen og disse generelle vilk\u00e5rene, kreve at utleiefirmaet reparerer defekten eller reduserer prisen i henhold til defekten. Utleiefirmaet reserverer 24 timer til \u00e5 reparere defekten, og kompensasjonskrav fra kunden kan avvises hvis utleiefirmaet har reparert defekten innen 24 siden de mottok informasjon om den.<\/p>\n<p>Hvis utleiefirmaet ikke kan levere kj\u00f8ret\u00f8yet tilbake til kunden i henhold til vilk\u00e5rene i leieavtalen, har kunden rett til \u00e5 kreve\u00a0skadesl\u00f8shet\u00a0for alle rimelige direkte kostnader kunden har p\u00e5dratt seg grunnet forsinkelsen. Alle kompensasjonskrav p\u00e5 grunnlag av defekten som utleiefirmaet ikke er ansvarlig for, eller som ikke er oppgitt til utleiefirmaet f\u00f8r avslutning av leieavtalen, blir herved ekskludert. Alle defekter p\u00e5 kj\u00f8ret\u00f8yet, kj\u00f8ret\u00f8yets utstyr eller leieartikler som blir funnet etter at kj\u00f8ret\u00f8yet er utlevert, m\u00e5 rapporteres til utleiefirmaet s\u00e5 snart de oppdages. Utleiefirmaet forbeholder seg retten til \u00e5 avvise enhver kompensasjonsforesp\u00f8rsel hvis kunden ikke varsler utleiefirmaet om defekter f\u00f8r den avtalte tilbakeleveringsdatoen for kj\u00f8ret\u00f8yet.<\/p>\n<h2>8. TILBAKELEVERING AV KJ\u00d8RET\u00d8YET N\u00c5R LEIEPERIODEN ER UTL\u00d8PT<\/h2>\n<p>Kunden m\u00e5 levere tilbake kj\u00f8ret\u00f8yet med alt tilbeh\u00f8r p\u00e5 det avtalte stedet n\u00e5r leieperioden utl\u00f8per. Tilbakeleveringstidspunktet kan ikke endres under leien uten godkjenning fra utleiefirmaet. Leieperioden utl\u00f8per n\u00e5r kj\u00f8ret\u00f8yet og n\u00f8klene er levert tilbake til utleiefirmaet, eller n\u00e5r utleiefirmaet har mottatt et varsel fra kunden om at kj\u00f8ret\u00f8yet er levert tilbake p\u00e5 et sted som er godkjent av utleiefirmaet. Hvis kj\u00f8ret\u00f8yet ikke er levert tilbake p\u00e5 denne m\u00e5ten, og hvis det ikke er noen bekreftet avtale om en utvidelse av leieperioden, kan utleiefirmaet informere politiet om saken. Utleiefirmaet har rett til \u00e5 belaste full leie fra kunden for enhver forsinkelse med hensyn til tilbakelevering og til \u00e5 erkl\u00e6re seg skadesl\u00f8s for alt ekstraarbeid som utleiefirmaet m\u00e5 utf\u00f8re, samt andre \u00f8konomiske tap relatert til saken. Med mindre annet er avtalt m\u00e5 kj\u00f8ret\u00f8yet leveres tilbake med full drivstofftank.<\/p>\n<p>Utleiefirmaet er ikke ansvarlig for eiendeler som ligger igjen i kj\u00f8ret\u00f8yet ved tilbakelevering.<\/p>\n<h2>9. SJEKK ETTER UTLEIE<\/h2>\n<p>Kunden er forpliktet til en sjekk etter utleie hvis ikke kj\u00f8ret\u00f8yet leveres tilbake i henhold til tidspunktet som er avtalt i utleieavtalen, eller hvis en sjekk etter utleie er avtalt separat med utleiefirmaet. Hvis en sjekk etter utleie blir utf\u00f8rt, gir kunden utleiefirmaet rett til \u00e5 belaste f\u00f8lgende fra kundens kredittkort: alle skader for\u00e5rsaket p\u00e5 kj\u00f8ret\u00f8yet under leieperioden, drivstofftillegg, alle manglende artikler eller utstyr.<\/p>\n<p>Kunden godtar at dette kan belastes, uten at kunden er til stede for \u00e5 bekrefte belastningene. Ved en belastning skal utleiefirmaet levere alle relaterte dokumenter i forbindelse med belastningen elektronisk til kunden. Hvis kredittkortet ikke kan belastes for den p\u00e5l\u00f8pte summen, l\u00f8ser ikke dette kunden fra forpliktelsen til \u00e5 betale den nevnte belastningen. En sjekk etter leie brukes ogs\u00e5 n\u00e5r det er snakk om\u00a0\u00e9nveisleie\u00a0til en lokasjon som ikke har en permanent Touring\u00a0Cars\u2122-utleiestasjon. Kundens har fortsatt ansvar for kj\u00f8ret\u00f8yet under sjekken etter leie, frem til utleiestasjonen har sjekket og bekreftet tilstanden til det tilbakeleverte kj\u00f8ret\u00f8yet med kunden.<\/p>\n<h2>10. TILBAKELEVERING AV KJ\u00d8RET\u00d8YET F\u00d8R LEIEPERIODEN ER UTL\u00d8PT<\/h2>\n<p>Hvis kunden leverer tilbake kj\u00f8ret\u00f8yet for leieperioden utl\u00f8per, fastsettes leien i henhold til den brukte leieperioden basert p\u00e5 prisvilk\u00e5rene i leieavtalen. Hvis kj\u00f8ret\u00f8yet er leid ut p\u00e5 spesialvilk\u00e5r, kan en tidlig tilbakelevering av kj\u00f8ret\u00f8yet medf\u00f8re endring i typen prisliste og dermed endring i den daglige leiesatsen.<\/p>\n<p>Ved forskuddsbetalt leie vil en tidlig tilbakelevering av kj\u00f8ret\u00f8yet ikke medf\u00f8re at utleiefirmaet er forpliktet til \u00e5 betale tilbake den forskuddsbetalte leien til kunden.<\/p>\n<h2>11. KANSELLERING AV AVTALEN<\/h2>\n<p>Utleiefirmaet har rett til \u00e5 kansellere leieavtalen med umiddelbar virkning hvis det viser seg at kunden grovt har brutt vilk\u00e5rene i leieavtalen. I slike tilfeller m\u00e5 kunden umiddelbart levere tilbake kj\u00f8ret\u00f8yet med alt tilbeh\u00f8r p\u00e5 det avtalte tilbakeleveringsstedet.<\/p>\n<p>Begge parter kan kansellere leieavtalen hvis kj\u00f8ret\u00f8yet blir stj\u00e5let eller hvis en feil forhindrer bruken av kj\u00f8ret\u00f8yet, og der utleiefirmaet er ansvarlig for at denne feilen har oppst\u00e5tt p\u00e5 kj\u00f8ret\u00f8yet, og hvis utleiefirmaet ikke leverer et erstatningskj\u00f8ret\u00f8y innen rimelig tid etter at de ble varslet.<\/p>\n<h2>12. TVISTER ANG\u00c5ENDE LEIEAVTALEN<\/h2>\n<p>Alle tvister vedr\u00f8rende leieavtalen skal prim\u00e6rt l\u00f8ses gjennom forhandlinger. Hvis tvisten oversendes til en rettslig instans for beslutning, skal saken l\u00f8ses av den lokale tingretten for utleiefirmaet, eller, hvis tvisten kommer fra kunden, av en annen uhildet tingrett.<\/p>\n<h2>13. ELEKTRONISK SPORING<\/h2>\n<p>Alle kj\u00f8ret\u00f8y er utstyrt med elektroniske sporingsenheter.<\/p>\n<h2>14. PERSONLIGE DATA TIL KUNDEN OG SJ\u00c5F\u00d8RER<\/h2>\n<p>Utleiefirmaet samler inn personlige data som du oppgir frivillig. Kunden og alle sj\u00e5f\u00f8rer p\u00e5 kj\u00f8ret\u00f8yet godtar at utleiefirmaet kan oppbevare personlige data. Utleiefirmaet skal ikke sende denne informasjonen videre til andre firmaer utenfor franchisenettverket til Touring\u00a0Cars\u2122, bortsett fra utleiefirmaets forsikringsselskap og andre myndigheter som er ansvarlig for trafikk, parkering, vei og andre lovbrudd. Se personvernerkl\u00e6ringen v\u00e5r for mer informasjon.<\/p>\n        <\/div>\r\n    <\/div>\r\n<\/section>\n\n<section class=\"block block-postsgrid\">\r\n    <div class=\"container reveal\">\r\n        <h2>Read also<\/h2><div class=\"glide articles-slider\" data-uid=\"69f37f3de2d63\"><div class=\"glide__track\" data-glide-el=\"track\"><ul class=\"glide__slides\"><li class=\"glide__slide\"><article class=\"article reveal\"><div class=\"image-container\"><a href=\"https:\/\/www.touringcars.com\/no\/purchasing-terms-and-conditions\/\"><img decoding=\"async\" src=\"https:\/\/www.touringcars.com\/wp-content\/uploads\/2025\/02\/carado-imagebank-data_VE_Camper-Van_CV600_PI_2024_0257_21-31-41_web-2-382x574.jpg\" srcset=\"https:\/\/www.touringcars.com\/wp-content\/uploads\/2025\/02\/carado-imagebank-data_VE_Camper-Van_CV600_PI_2024_0257_21-31-41_web-2-200x300.jpg 200w, https:\/\/www.touringcars.com\/wp-content\/uploads\/2025\/02\/carado-imagebank-data_VE_Camper-Van_CV600_PI_2024_0257_21-31-41_web-2-91x136.jpg 91w, https:\/\/www.touringcars.com\/wp-content\/uploads\/2025\/02\/carado-imagebank-data_VE_Camper-Van_CV600_PI_2024_0257_21-31-41_web-2-768x1153.jpg 768w, https:\/\/www.touringcars.com\/wp-content\/uploads\/2025\/02\/carado-imagebank-data_VE_Camper-Van_CV600_PI_2024_0257_21-31-41_web-2-682x1024.jpg 682w, https:\/\/www.touringcars.com\/wp-content\/uploads\/2025\/02\/carado-imagebank-data_VE_Camper-Van_CV600_PI_2024_0257_21-31-41_web-2-1024x1536.jpg 1024w, https:\/\/www.touringcars.com\/wp-content\/uploads\/2025\/02\/carado-imagebank-data_VE_Camper-Van_CV600_PI_2024_0257_21-31-41_web-2-1365x2048.jpg 1365w, https:\/\/www.touringcars.com\/wp-content\/uploads\/2025\/02\/carado-imagebank-data_VE_Camper-Van_CV600_PI_2024_0257_21-31-41_web-2-1279x1920.jpg 1279w, https:\/\/www.touringcars.com\/wp-content\/uploads\/2025\/02\/carado-imagebank-data_VE_Camper-Van_CV600_PI_2024_0257_21-31-41_web-2-395x593.jpg 395w, https:\/\/www.touringcars.com\/wp-content\/uploads\/2025\/02\/carado-imagebank-data_VE_Camper-Van_CV600_PI_2024_0257_21-31-41_web-2-354x531.jpg 354w, https:\/\/www.touringcars.com\/wp-content\/uploads\/2025\/02\/carado-imagebank-data_VE_Camper-Van_CV600_PI_2024_0257_21-31-41_web-2-207x310.jpg 207w, https:\/\/www.touringcars.com\/wp-content\/uploads\/2025\/02\/carado-imagebank-data_VE_Camper-Van_CV600_PI_2024_0257_21-31-41_web-2-382x574.jpg 382w, https:\/\/www.touringcars.com\/wp-content\/uploads\/2025\/02\/carado-imagebank-data_VE_Camper-Van_CV600_PI_2024_0257_21-31-41_web-2.jpg 1466w\" alt=\"Online purchasing terms\"><\/a><\/div><div class=\"content-container\"><h3><a href=\"https:\/\/www.touringcars.com\/no\/purchasing-terms-and-conditions\/\">Online purchasing terms<\/a><\/h3><\/div><\/article><\/li><li class=\"glide__slide\"><article class=\"article reveal\"><div class=\"image-container\"><a href=\"https:\/\/www.touringcars.com\/no\/kansellering\/\"><img decoding=\"async\" src=\"https:\/\/www.touringcars.com\/wp-content\/uploads\/2025\/02\/carado-imagebank-data_VE_Camper-Van_CV600_PI_2024_0257_21-31-41_web-2-200x300.jpg\" srcset=\"https:\/\/www.touringcars.com\/wp-content\/uploads\/2025\/02\/carado-imagebank-data_VE_Camper-Van_CV600_PI_2024_0257_21-31-41_web-2-200x300.jpg 200w, https:\/\/www.touringcars.com\/wp-content\/uploads\/2025\/02\/carado-imagebank-data_VE_Camper-Van_CV600_PI_2024_0257_21-31-41_web-2-682x1024.jpg 682w, https:\/\/www.touringcars.com\/wp-content\/uploads\/2025\/02\/carado-imagebank-data_VE_Camper-Van_CV600_PI_2024_0257_21-31-41_web-2-768x1153.jpg 768w, https:\/\/www.touringcars.com\/wp-content\/uploads\/2025\/02\/carado-imagebank-data_VE_Camper-Van_CV600_PI_2024_0257_21-31-41_web-2-1024x1536.jpg 1024w, https:\/\/www.touringcars.com\/wp-content\/uploads\/2025\/02\/carado-imagebank-data_VE_Camper-Van_CV600_PI_2024_0257_21-31-41_web-2-1365x2048.jpg 1365w, https:\/\/www.touringcars.com\/wp-content\/uploads\/2025\/02\/carado-imagebank-data_VE_Camper-Van_CV600_PI_2024_0257_21-31-41_web-2-395x593.jpg 395w, https:\/\/www.touringcars.com\/wp-content\/uploads\/2025\/02\/carado-imagebank-data_VE_Camper-Van_CV600_PI_2024_0257_21-31-41_web-2-354x531.jpg 354w, https:\/\/www.touringcars.com\/wp-content\/uploads\/2025\/02\/carado-imagebank-data_VE_Camper-Van_CV600_PI_2024_0257_21-31-41_web-2.jpg 1466w\" alt=\"Kansellering\"><\/a><\/div><div class=\"content-container\"><h3><a href=\"https:\/\/www.touringcars.com\/no\/kansellering\/\">Kansellering<\/a><\/h3><\/div><\/article><\/li><\/ul><\/div><div class=\"glide__controls\"><div class=\"glide__arrows\" data-glide-el=\"controls\"><span class=\"glide__arrow glide__arrow--left\" data-glide-dir=\"<\"><\/span><span class=\"glide__arrow glide__arrow--right\" data-glide-dir=\">&laquo;><\/span><\/div><div class=\"glide__bullets\" data-glide-el=\"controls[nav]\"><span class=\"glide__bullet\" data-glide-dir=\"=0\" data-parent-uid=\"69f37f3de2d63\"><\/span><span class=\"glide__bullet\" data-glide-dir=\"=1\" data-parent-uid=\"69f37f3de2d63\"><\/span><\/div><\/div><\/div>    <\/div>\r\n<\/section>","protected":false},"excerpt":{"rendered":"","protected":false},"author":1,"featured_media":0,"parent":0,"menu_order":508,"comment_status":"closed","ping_status":"closed","template":"","meta":{"_acf_changed":false,"footnotes":""},"class_list":["post-13773","page","type-page","status-publish","hentry"],"acf":[],"_links":{"self":[{"href":"https:\/\/www.touringcars.com\/no\/wp-json\/wp\/v2\/pages\/13773","targetHints":{"allow":["GET"]}}],"collection":[{"href":"https:\/\/www.touringcars.com\/no\/wp-json\/wp\/v2\/pages"}],"about":[{"href":"https:\/\/www.touringcars.com\/no\/wp-json\/wp\/v2\/types\/page"}],"author":[{"embeddable":true,"href":"https:\/\/www.touringcars.com\/no\/wp-json\/wp\/v2\/users\/1"}],"replies":[{"embeddable":true,"href":"https:\/\/www.touringcars.com\/no\/wp-json\/wp\/v2\/comments?post=13773"}],"version-history":[{"count":2,"href":"https:\/\/www.touringcars.com\/no\/wp-json\/wp\/v2\/pages\/13773\/revisions"}],"predecessor-version":[{"id":16747,"href":"https:\/\/www.touringcars.com\/no\/wp-json\/wp\/v2\/pages\/13773\/revisions\/16747"}],"wp:attachment":[{"href":"https:\/\/www.touringcars.com\/no\/wp-json\/wp\/v2\/media?parent=13773"}],"curies":[{"name":"wp","href":"https:\/\/api.w.org\/{rel}","templated":true}]}}