{"id":13373,"date":"2025-02-06T18:25:59","date_gmt":"2025-02-06T18:25:59","guid":{"rendered":"https:\/\/touringcars.com\/reservation\/"},"modified":"2025-12-30T07:41:12","modified_gmt":"2025-12-30T07:41:12","slug":"reservasjoner","status":"publish","type":"page","link":"https:\/\/www.touringcars.com\/no\/leieinformasjon\/reservasjoner\/","title":{"rendered":"Reservasjoner"},"content":{"rendered":"<section class=\"block block-hero text-style-white image-style-full\">\r\n    <div class=\"container container-full\">\r\n        <div class=\"glide image-slider\" data-uid=\"69f20f1a6578b\"><div class=\"glide__track\" data-glide-el=\"track\"><ul class=\"glide__slides\"><li class=\"glide__slide\"><img decoding=\"async\" src=\"https:\/\/www.touringcars.com\/wp-content\/uploads\/2023\/01\/family-pexels-forest-outdoors-1-558x293.jpg\" srcset=\"https:\/\/www.touringcars.com\/wp-content\/uploads\/2023\/01\/family-pexels-forest-outdoors-1-300x158.jpg 300w, https:\/\/www.touringcars.com\/wp-content\/uploads\/2023\/01\/family-pexels-forest-outdoors-1-1024x538.jpg 1024w, https:\/\/www.touringcars.com\/wp-content\/uploads\/2023\/01\/family-pexels-forest-outdoors-1-768x403.jpg 768w, https:\/\/www.touringcars.com\/wp-content\/uploads\/2023\/01\/family-pexels-forest-outdoors-1-1130x593.jpg 1130w, https:\/\/www.touringcars.com\/wp-content\/uploads\/2023\/01\/family-pexels-forest-outdoors-1-714x375.jpg 714w, https:\/\/www.touringcars.com\/wp-content\/uploads\/2023\/01\/family-pexels-forest-outdoors-1-558x293.jpg 558w, https:\/\/www.touringcars.com\/wp-content\/uploads\/2023\/01\/family-pexels-forest-outdoors-1.jpg 1200w\" alt=\"family-pexels-forest-outdoors-1\" data-no-lazy=\"1\" fetchpriority=\"high\"><\/li><\/ul><\/div><div class=\"glide__controls\"><div class=\"glide__arrows\" data-glide-el=\"controls\"><span class=\"glide__arrow glide__arrow--left\" aria-label=\"Venstre\" data-glide-dir=\"<\"><\/span><span class=\"glide__arrow glide__arrow--right\" aria-label=\"H\u00f8yre\" data-glide-dir=\">&laquo;><\/span><\/div><\/div><\/div><div class=\"hero-container\"><div class=\"breadcrumbs-container\"><ol><li><a href=\"https:\/\/www.touringcars.com\/no\/\"><span>Touring Cars<\/span><\/a><\/li><\/ol><\/div><h1>Reservasjoner<\/h1><\/div>    <\/div>\r\n    <\/section>\n\n<section class=\"block block-iconrow bg-white bottom-spacing-zero\">\r\n    <div class=\"container\">\r\n        <div class=\"content-container reveal\">\r\n            <div class=\"icon-row\"><div class=\"icon-item\"><img decoding=\"async\" src=\"https:\/\/www.touringcars.com\/wp-content\/uploads\/2025\/02\/Clean_blue.svg\" alt=\"Clean_blue\"><div class=\"label\">Fullt utstyrte, spesialtilpassede og velholdte bobiler<\/div><\/div><div class=\"icon-item\"><img decoding=\"async\" src=\"https:\/\/www.touringcars.com\/wp-content\/uploads\/2025\/02\/Five-stars_blue.svg\" alt=\"Five stars_blue\"><div class=\"label\">Personlig kundebehandling fra start til slutt<\/div><\/div><div class=\"icon-item\"><img decoding=\"async\" src=\"https:\/\/www.touringcars.com\/wp-content\/uploads\/2025\/02\/Airport-transfer2_blue.svg\" alt=\"Airport transfer2_blue\"><div class=\"label\">Flyplasstransport<\/div><\/div><div class=\"icon-item\"><img decoding=\"async\" src=\"https:\/\/www.touringcars.com\/wp-content\/uploads\/2025\/02\/road-assistance_blue.svg\" alt=\"road assistance_blue\"><div class=\"label\">24\/7 veihjelp<\/div><\/div><div class=\"icon-item\"><img decoding=\"async\" src=\"https:\/\/www.touringcars.com\/wp-content\/uploads\/2025\/02\/Unlimited-mileage-3_blue.svg\" alt=\"Unlimited mileage 3_blue\"><div class=\"label\">Ubegrenset kj\u00f8relengde<\/div><\/div><\/div>        <\/div>\r\n    <\/div>\r\n<\/section>\n\n<section class=\"block block-textimage\">\r\n    <div class=\"container\">\r\n        <div class=\"content-row image-placement-right\">\r\n            <div class=\"content-container reveal\">\r\n                <h3>Hvordan bestille en bobil eller campervan?<\/h3><h4 class=\"p1\">Velg lokasjon og datoer<\/h4>\n<p class=\"p2\">For \u00e5 enkelt og sikkert leie en bobil, campervan eller RV hos oss, starter du med \u00e5 velge stedet hvor du \u00f8nsker \u00e5 begynne din reise. Deretter velger du reisedatoer fra start til slutt.<\/p>\n<h4 class=\"p1\">Velg og tilpass din bobil<\/h4>\n<p class=\"p2\">Bla gjennom v\u00e5re kj\u00f8ret\u00f8y og velg det som passer best for dine behov. Du kan skreddersy reisen din ved \u00e5 legge til ekstra tjenester, som rengj\u00f8ringsgebyr for kj\u00e6ledyr eller gassflaskebytter.<\/p>\n<h4 class=\"p1\">Logg inn og betal<\/h4>\n<p class=\"p2\">Etter at du har bekreftet valgene dine, m\u00e5 du opprette en konto og logge inn, spesielt hvis du \u00f8nsker \u00e5 delbetale eller oppdatere reisedetaljer. Fyll inn n\u00f8dvendig informasjon, velg betalingsmetode og fullf\u00f8r bestillingen. <span class=\"s1\"><b>Veien er din!<\/b><\/span><\/p>\n<p class=\"p2\">Merk at alle tilleggstjenester kan endres etter bestilling eller ved henting, slik at du har full fleksibilitet p\u00e5 reisen din!<\/p>\n<div class=\"buttons\"><a href=\"https:\/\/www.touringcars.com\/no\/purchasing-terms-and-conditions\/\" class=\"btn\">Online bestillingsvilk\u00e5r<\/a><a href=\"https:\/\/www.touringcars.com\/no\/generelle-vilkar-for-leie\/\" class=\"btn\">Generelle vilk\u00e5r for leie<\/a><\/div>            <\/div>\r\n            <div class=\"image-container reveal image-high\">\r\n                <img decoding=\"async\" src=\"https:\/\/www.touringcars.com\/wp-content\/uploads\/2025\/05\/carado-imagebank-data_VE_Semi-Integrated_T447_PI_2024_0106_21-31-41_WEB-574x383.jpg\" srcset=\"https:\/\/www.touringcars.com\/wp-content\/uploads\/2025\/05\/carado-imagebank-data_VE_Semi-Integrated_T447_PI_2024_0106_21-31-41_WEB-300x200.jpg 300w, https:\/\/www.touringcars.com\/wp-content\/uploads\/2025\/05\/carado-imagebank-data_VE_Semi-Integrated_T447_PI_2024_0106_21-31-41_WEB-1024x683.jpg 1024w, https:\/\/www.touringcars.com\/wp-content\/uploads\/2025\/05\/carado-imagebank-data_VE_Semi-Integrated_T447_PI_2024_0106_21-31-41_WEB-768x512.jpg 768w, https:\/\/www.touringcars.com\/wp-content\/uploads\/2025\/05\/carado-imagebank-data_VE_Semi-Integrated_T447_PI_2024_0106_21-31-41_WEB-1536x1024.jpg 1536w, https:\/\/www.touringcars.com\/wp-content\/uploads\/2025\/05\/carado-imagebank-data_VE_Semi-Integrated_T447_PI_2024_0106_21-31-41_WEB-2048x1365.jpg 2048w, https:\/\/www.touringcars.com\/wp-content\/uploads\/2025\/05\/carado-imagebank-data_VE_Semi-Integrated_T447_PI_2024_0106_21-31-41_WEB-1920x1280.jpg 1920w, https:\/\/www.touringcars.com\/wp-content\/uploads\/2025\/05\/carado-imagebank-data_VE_Semi-Integrated_T447_PI_2024_0106_21-31-41_WEB-890x593.jpg 890w, https:\/\/www.touringcars.com\/wp-content\/uploads\/2025\/05\/carado-imagebank-data_VE_Semi-Integrated_T447_PI_2024_0106_21-31-41_WEB-714x476.jpg 714w, https:\/\/www.touringcars.com\/wp-content\/uploads\/2025\/05\/carado-imagebank-data_VE_Semi-Integrated_T447_PI_2024_0106_21-31-41_WEB-574x383.jpg 574w, https:\/\/www.touringcars.com\/wp-content\/uploads\/2025\/05\/carado-imagebank-data_VE_Semi-Integrated_T447_PI_2024_0106_21-31-41_WEB-367x245.jpg 367w\" alt=\"_carado-imagebank-data_VE_Semi-Integrated_T447_PI_2024_0106_21-31-41_WEB\" width=\"2560\" height=\"1707\">            <\/div>\r\n        <\/div>\r\n    <\/div>\r\n<\/section>\n\n<section class=\"block block-columns\">\r\n    <div class=\"container\">\r\n        <h2>Reise utenfor destinasjonslandet med en bobil<\/h2>        <div class=\"columns columns-3\">\r\n            <div class=\"column\"><div class=\"image-container reveal\"><img decoding=\"async\" src=\"https:\/\/www.touringcars.com\/wp-content\/uploads\/2025\/02\/rovaniemi-450x300.jpg\" srcset=\"https:\/\/www.touringcars.com\/wp-content\/uploads\/2025\/02\/rovaniemi-300x200.jpg 300w, https:\/\/www.touringcars.com\/wp-content\/uploads\/2025\/02\/rovaniemi-1024x682.jpg 1024w, https:\/\/www.touringcars.com\/wp-content\/uploads\/2025\/02\/rovaniemi-768x512.jpg 768w, https:\/\/www.touringcars.com\/wp-content\/uploads\/2025\/02\/rovaniemi-1536x1024.jpg 1536w, https:\/\/www.touringcars.com\/wp-content\/uploads\/2025\/02\/rovaniemi-890x593.jpg 890w, https:\/\/www.touringcars.com\/wp-content\/uploads\/2025\/02\/rovaniemi-714x476.jpg 714w, https:\/\/www.touringcars.com\/wp-content\/uploads\/2025\/02\/rovaniemi-450x300.jpg 450w, https:\/\/www.touringcars.com\/wp-content\/uploads\/2025\/02\/rovaniemi-367x245.jpg 367w, https:\/\/www.touringcars.com\/wp-content\/uploads\/2025\/02\/rovaniemi.jpg 2000w\" alt=\"rovaniemi\" width=\"2000\" height=\"1333\"><\/div><div class=\"content-container reveal\"><h3>Reise i Norden<\/h3><p>Med en leiebil fra Touring\u00a0Cars\u00a0kan du fritt kj\u00f8re i landene i Norden. Kj\u00f8ring i landene i Norden er tillatt bare hvis denne tillatelsen er gitt samtidig med bestillingen av Touring\u00a0Cars.<\/p>\n<p><em>Kunden m\u00e5 be om godkjenning fra utleiestasjonen hvis kunden planlegger \u00e5 kj\u00f8re bilen utenfor destinasjonslandet.\u00a0<\/em><\/p>\n<\/div><\/div><div class=\"column\"><div class=\"image-container reveal\"><img decoding=\"async\" src=\"https:\/\/www.touringcars.com\/wp-content\/uploads\/2025\/02\/chester-449x300.jpg\" srcset=\"https:\/\/www.touringcars.com\/wp-content\/uploads\/2025\/02\/chester-300x200.jpg 300w, https:\/\/www.touringcars.com\/wp-content\/uploads\/2025\/02\/chester-1024x684.jpg 1024w, https:\/\/www.touringcars.com\/wp-content\/uploads\/2025\/02\/chester-768x513.jpg 768w, https:\/\/www.touringcars.com\/wp-content\/uploads\/2025\/02\/chester-1536x1025.jpg 1536w, https:\/\/www.touringcars.com\/wp-content\/uploads\/2025\/02\/chester-888x593.jpg 888w, https:\/\/www.touringcars.com\/wp-content\/uploads\/2025\/02\/chester-714x477.jpg 714w, https:\/\/www.touringcars.com\/wp-content\/uploads\/2025\/02\/chester-449x300.jpg 449w, https:\/\/www.touringcars.com\/wp-content\/uploads\/2025\/02\/chester-367x245.jpg 367w, https:\/\/www.touringcars.com\/wp-content\/uploads\/2025\/02\/chester.jpg 2000w\" alt=\"Historical Chester Old town center, England\" width=\"2000\" height=\"1335\"><\/div><div class=\"content-container reveal\"><h3>Reise i Europa<\/h3><p>Med en leiebil fra Touring Cars kan du fritt kj\u00f8re i landene i Norden. Kj\u00f8ring i landene i Norden er tillatt bare hvis denne tillatelsen er gitt samtidig med bestillingen av Touring Cars.<\/p>\n<p>Kunden m\u00e5 be om godkjenning fra utleiestasjonen hvis kunden planlegger \u00e5 kj\u00f8re bilen utenfor destinasjonslandet.<\/p>\n<p>norway road internal mountain trollstigen<br \/>\nREISE I EUROPA<br \/>\nEn av de store fordelene ved \u00e5 reise i bobil er muligheten til \u00e5 se mye mer. Det er ofte mulig \u00e5 krysse landegrenser, men kunden m\u00e5 alltid be om tillatelse fra Touring Cars n\u00e5r kunden skal reise utenfor landet der utleiestasjonen ligger. \u00c5 reise utenfor landet der du hentet din utleiebobil vil ogs\u00e5 ha betydning for dekningen av forsikringsegenandeler. Spesielle forsikringskrav m\u00e5 f\u00f8lges. Utleiestasjoner har rett til \u00e5 begrense egenandelen til TC Plus hvis bobilen blir kj\u00f8rt utenfor landet der utleiestasjonen ligger.<\/p>\n<p>For leiebiler som blir kj\u00f8rt utenfor opprinnelseslandet kreves et spesielt forsikringsbevis som kalles for \u00abgr\u00f8nt kort\u00bb. Det tar noen dager \u00e5 skaffe dette dokumentet, s\u00e5 du m\u00e5 informere oss i god tid p\u00e5 forh\u00e5nd hvis du har tenkt \u00e5 kj\u00f8re utenfor landet der du henter leiebobilen. Ekstra trafikkforsikring kan kreves i enkelte land. I s\u00e5 fall kan dette kj\u00f8pes hos tollstasjonen n\u00e5r du krysser grensen.<\/p>\n<\/div><\/div><div class=\"column\"><div class=\"image-container reveal\"><img decoding=\"async\" src=\"https:\/\/www.touringcars.com\/wp-content\/uploads\/2025\/02\/tallinn-450x300.jpg\" srcset=\"https:\/\/www.touringcars.com\/wp-content\/uploads\/2025\/02\/tallinn-300x200.jpg 300w, https:\/\/www.touringcars.com\/wp-content\/uploads\/2025\/02\/tallinn-1024x682.jpg 1024w, https:\/\/www.touringcars.com\/wp-content\/uploads\/2025\/02\/tallinn-768x512.jpg 768w, https:\/\/www.touringcars.com\/wp-content\/uploads\/2025\/02\/tallinn-1536x1024.jpg 1536w, https:\/\/www.touringcars.com\/wp-content\/uploads\/2025\/02\/tallinn-890x593.jpg 890w, https:\/\/www.touringcars.com\/wp-content\/uploads\/2025\/02\/tallinn-714x476.jpg 714w, https:\/\/www.touringcars.com\/wp-content\/uploads\/2025\/02\/tallinn-450x300.jpg 450w, https:\/\/www.touringcars.com\/wp-content\/uploads\/2025\/02\/tallinn-367x245.jpg 367w, https:\/\/www.touringcars.com\/wp-content\/uploads\/2025\/02\/tallinn.jpg 2000w\" alt=\"tallinn\" width=\"2000\" height=\"1333\"><\/div><div class=\"content-container reveal\"><h3>Reise i de baltiske statene og Russland<\/h3><p>Reise til Russland, Hviterussland eller Ukraina er ikke tillatt under noen omstendigheter med leiebobiler fra Touring Cars som er leid i Europa. Reise til land i \u00d8st-Europa er tillatt for leiebiler som er hentet p\u00e5 utleiestasjonene i Tallinn og Riga. Hvis du reiser fra andre utleiestasjoner, trenger du en spesialtillatelse. Ekstra spesialforsikring kan gjelde for reise i land i \u00d8st-Europa.<\/p>\n<p>Kunden m\u00e5 be om godkjenning fra utleiestasjonen hvis kunden planlegger \u00e5 kj\u00f8re bilen utenfor destinasjonslandet.<\/p>\n<\/div><\/div>        <\/div>\r\n    <\/div>\r\n<\/section>\n\n<section class=\"block block-textimage\">\r\n    <div class=\"container\">\r\n        <div class=\"content-row image-placement-right\">\r\n            <div class=\"content-container reveal\">\r\n                <h3>\u00c9nveisleie av bobil<\/h3><p>Spar tid og opplev mer n\u00e5r du leier bobilen enveis!<\/p>\n<p>Med enveisleie har du muligheten til \u00e5 returnere bobilen til et annet sted enn hvor hentingen fant sted. Alle enveisleie inkluderer to fulle gassflasker, og du trenger ikke legge til denne ekstra varen i bestillingen din.<\/p>\n<p>Husk imidlertid at enveisleie er underlagt et tilleggsgebyr fra 900 EUR (2024). Enveisavgiften avhenger av hente- og avleveringsstedet. For \u00e5 sjekke enveis tilgjengelighet og enveisavgift, vennligst fortsett til v\u00e5r bestillingsmotor. Totalprisene som du vil se i bookingmotoren inkluderer allerede enveisavgiften.<\/p>\n            <\/div>\r\n            <div class=\"image-container reveal image-high\">\r\n                <img decoding=\"async\" src=\"https:\/\/www.touringcars.com\/wp-content\/uploads\/2025\/01\/campervan-autumn-375x300.jpg\" srcset=\"https:\/\/www.touringcars.com\/wp-content\/uploads\/2025\/01\/campervan-autumn-300x240.jpg 300w, https:\/\/www.touringcars.com\/wp-content\/uploads\/2025\/01\/campervan-autumn-1024x819.jpg 1024w, https:\/\/www.touringcars.com\/wp-content\/uploads\/2025\/01\/campervan-autumn-768x614.jpg 768w, https:\/\/www.touringcars.com\/wp-content\/uploads\/2025\/01\/campervan-autumn-741x593.jpg 741w, https:\/\/www.touringcars.com\/wp-content\/uploads\/2025\/01\/campervan-autumn-664x531.jpg 664w, https:\/\/www.touringcars.com\/wp-content\/uploads\/2025\/01\/campervan-autumn-375x300.jpg 375w, https:\/\/www.touringcars.com\/wp-content\/uploads\/2025\/01\/campervan-autumn.jpg 1440w\" alt=\"campervan-autumn\" width=\"1440\" height=\"1152\">            <\/div>\r\n        <\/div>\r\n    <\/div>\r\n<\/section>\n\n<section class=\"block block-basic\">\r\n    <div class=\"container\">\r\n        <div class=\"content-container reveal\">\r\n            <h2>Utleiepriser for campingbiler, ekstra artikler og tjenester<\/h2><p>Utleieprisen for en campingbil best\u00e5r av basistaksten og de daglige leieprisene. Hver kalenderdag m\u00e5 betales for.<\/p>\n<p>Utleiestasjonene v\u00e5re holder \u00e5pent hver dag fra 08.00 til 18.00. Som et av de mest fleksible utleiebyr\u00e5ene tilbyr vi gjerne utleietjenester for bobiler n\u00e5r som helst p\u00e5 d\u00f8gnet hvis det er behov for dette. Det er imidlertid verdt \u00e5 merke seg at ekstragebyrer kan p\u00e5l\u00f8pe hvis henting eller levering av leiebobilen finner sted utenfor disse \u00e5pningstidene.<\/p>\n<h3>Utleiepriser for campingbiler inkluderer alle tjenestene nedenfor<\/h3>\n<ul>\n<li>Ingen minimum\u00a0leieperiode for campingbilen<\/li>\n<li>Ubegrenset kj\u00f8relengde<\/li>\n<li>Du kan hente eller levere leiebilen i henhold til inng\u00e5tt avtale fra klokken 08.00 til 18.00 sju dager i uken. D\u00f8gn\u00e5pne utleietjenester er ogs\u00e5 tilgjengelige, men ekstragebyrer og\/eller begrensninger kan gjelde, alt etter destinasjonslandet.<\/li>\n<li>D\u00f8gn\u00e5pen telefonservice for alle sp\u00f8rsm\u00e5l du m\u00e5tte ha langs veien<\/li>\n<li>Bytte av leiebil hvis det oppst\u00e5r en alvorlig feil<\/li>\n<li>VIP-transport til og fra flyplassen for alle gjester \u2013 uten tillegg i prisen. Tjenesten tilbyr fra\/til hovedflyplassen i hvert destinasjonsland. Du finner listen over gyldige flyplasser p\u00e5 oversiktssiden over land.<\/li>\n<li>Vi tilbyr personlig kundeservice og innf\u00f8ring i hvordan leiebilen fungerer. Vi bruker s\u00e5 lang tid p\u00e5 kundeservice ved henting og levering som n\u00f8dvendig. Henting av til tar 1 til 2 timer i gjennomsnitt.<\/li>\n<\/ul>\n<h3>Best verdi for pengene<\/h3>\n<ul>\n<li>Leiebil av h\u00f8y kvalitet fra fl\u00e5ten v\u00e5r med kvalitetsbobiler fra de beste merkene, inkludert spesialkategorier som for eksempel Luksus<\/li>\n<li>Klimaanlegg i f\u00f8rerkabinen,\u00a0i s\u00f8rlige destinasjoner klimaanlegg ogs\u00e5 i oppholdsrom<\/li>\n<li>Navigasjon<\/li>\n<li>Alle utleieprisene for campingbiler inkluderer omfattende forsikring (overskytende egenandel \/ grense for eget ansvar gjelder)<\/li>\n<li>Kj\u00f8kkenutstyr og servise av h\u00f8y kvalitet er inkludert. Vi har ogs\u00e5 et stort utvalg av ekstra artikler som kan bestilles, alt etter hva du \u00f8nsker. Du kan velge disse n\u00e5r du bestiller p\u00e5 nettet.<\/li>\n<li>En gratis informasjonspakke er inkludert, noe som gir deg god innsikt om ferie med en campingbil i destinasjonslandet. Pakken er tilgjengelig hos utleiestasjonene under henting.<\/li>\n<li>St\u00f8tter til kj\u00f8ret\u00f8yet i alle bobiler (hjulkiler)<\/li>\n<li>Elektriske ledninger og vannslanger<\/li>\n<\/ul>\n        <\/div>\r\n    <\/div>\r\n<\/section>\n\n<section class=\"block block-textimage\">\r\n    <div class=\"container\">\r\n        <div class=\"content-row image-placement-left\">\r\n            <div class=\"content-container reveal\">\r\n                <h3>Tilbeh\u00f8r for leiebobiler<\/h3><p>Alle bobilene v\u00e5re av h\u00f8y kvalitet er komplett utstyrt for en flott ferie, med blant annet f\u00f8lgende:<\/p>\n<ul>\n<li>Komplett kj\u00f8kkenutstyr<\/li>\n<li>Komplett bordservise<\/li>\n<li>F\u00f8rstehjelpssett<\/li>\n<li>Hurtigreparasjonssett for dekk<\/li>\n<li>Rengj\u00f8ringssett<\/li>\n<li>Flerspr\u00e5klig instruksjonshefte<\/li>\n<li>Myggnettinger<\/li>\n<li>Gardiner<\/li>\n<li>Str\u00f8muttak p\u00e5 20 A \/ 12 V og 220 V \/ 230 V<\/li>\n<li>Str\u00f8mkabel<\/li>\n<li>GPS-navigasjon<\/li>\n<li>St\u00f8tteblokker for kj\u00f8ret\u00f8yet<\/li>\n<li>To fulle gassflasker*<\/li>\n<li>Kj\u00f8ret\u00f8y utstyrt med markise uten ekstra kostnader (ekskl. Island, avhengig av tilgjengelighet)<\/li>\n<\/ul>\n<p>Touring Cars tilbyr leie av bobil med to fulle gassflasker. Dette er ekstrautstyr som ikke er inkludert i prisen, og som kan legges til i en bestilling.<\/p>\n            <\/div>\r\n            <div class=\"image-container reveal image-high\">\r\n                <img decoding=\"async\" src=\"https:\/\/www.touringcars.com\/wp-content\/uploads\/2025\/02\/carado-imagebank-data_VE_Semi-Integrated_T457_IT_2024_0025_21-31-41_HR-450x300.jpg\" srcset=\"https:\/\/www.touringcars.com\/wp-content\/uploads\/2025\/02\/carado-imagebank-data_VE_Semi-Integrated_T457_IT_2024_0025_21-31-41_HR-300x200.jpg 300w, https:\/\/www.touringcars.com\/wp-content\/uploads\/2025\/02\/carado-imagebank-data_VE_Semi-Integrated_T457_IT_2024_0025_21-31-41_HR-1024x683.jpg 1024w, https:\/\/www.touringcars.com\/wp-content\/uploads\/2025\/02\/carado-imagebank-data_VE_Semi-Integrated_T457_IT_2024_0025_21-31-41_HR-768x512.jpg 768w, https:\/\/www.touringcars.com\/wp-content\/uploads\/2025\/02\/carado-imagebank-data_VE_Semi-Integrated_T457_IT_2024_0025_21-31-41_HR-1536x1024.jpg 1536w, https:\/\/www.touringcars.com\/wp-content\/uploads\/2025\/02\/carado-imagebank-data_VE_Semi-Integrated_T457_IT_2024_0025_21-31-41_HR-889x593.jpg 889w, https:\/\/www.touringcars.com\/wp-content\/uploads\/2025\/02\/carado-imagebank-data_VE_Semi-Integrated_T457_IT_2024_0025_21-31-41_HR-714x476.jpg 714w, https:\/\/www.touringcars.com\/wp-content\/uploads\/2025\/02\/carado-imagebank-data_VE_Semi-Integrated_T457_IT_2024_0025_21-31-41_HR-450x300.jpg 450w, https:\/\/www.touringcars.com\/wp-content\/uploads\/2025\/02\/carado-imagebank-data_VE_Semi-Integrated_T457_IT_2024_0025_21-31-41_HR-367x245.jpg 367w, https:\/\/www.touringcars.com\/wp-content\/uploads\/2025\/02\/carado-imagebank-data_VE_Semi-Integrated_T457_IT_2024_0025_21-31-41_HR.jpg 1600w\" alt=\"_carado-imagebank-data_VE_Semi-Integrated_T457_IT_2024_0025_21-31-41_HR\" width=\"1600\" height=\"1067\">            <\/div>\r\n        <\/div>\r\n    <\/div>\r\n<\/section>\n\n<section class=\"block block-basic\" id=\"additional-services\">\r\n    <div class=\"container\">\r\n        <div class=\"content-container reveal\">\r\n            <h2>Ekstra utleietjenester<\/h2><h4>Ekstra sj\u00e5f\u00f8r<\/h4>\n<p>Alle sj\u00e5f\u00f8rer m\u00e5 registreres i leieavtalen for at forsikringen og egenandelen skal v\u00e6re gyldig. \u00c9n sj\u00e5f\u00f8r er inkludert i alle utleiepriser, og ekstra sj\u00e5f\u00f8rer kan legges til n\u00e5r du legger inn en bestilling, etter at bestillingen er lagt inn, ved \u00e5 kontakte det internasjonale salgskontoret, eller p\u00e5 utleiestasjonen under henting.<\/p>\n<h4>Ekstra gebyr for sen\/tidlig service<\/h4>\n<p>Touring\u00a0Cars&#8217; utleiestasjoner er \u00e5pent hele \u00e5ret og hele d\u00f8gnet, etter avtale, p\u00e5 alle lokasjoner. Vi kan ogs\u00e5 tilby utleietjenester utenfor \u00e5pningstiden, fra klokken 18.00 til 08.00, men disse tjenestene koster ekstra og er med forbehold om tilgjengelighet. N\u00e5r du bestiller p\u00e5 nettet, justeres utleieprisen automatisk hvis du velger \u00e5 hente\/levere kj\u00f8ret\u00f8yet mellom 18.00 og 08.00.<\/p>\n<h4>Sluttrengj\u00f8ring<\/h4>\n<p>Vi gj\u00f8r kj\u00f8ret\u00f8yet rent for deg f\u00f8r reisen din. N\u00e5r du leverer tilbake campingbilen hos en Touring\u00a0Cars-utleiestasjon, m\u00e5 alt s\u00f8ppel v\u00e6re fjernet fra bilen, og toalettanken og de gr\u00e5 vanntankene m\u00e5 v\u00e6re t\u00f8mt. Vi gj\u00f8r gjerne dette for deg, mot et lite tillegg i prisen. Nyt ferien din, s\u00e5 kan vi ta oss av ryddingen og vaskingen.<\/p>\n<h4>Rengj\u00f8ringsgebyr for kj\u00e6ledyr<\/h4>\n<p>Pelskledde familiemedlemmer \u00f8nskes velkommen i leiebilene v\u00e5re. For at alle kunder skal f\u00e5 en fullstendig ren og allergifri bil, g\u00e5r alle leiebobiler der kundene har hatt med seg et kj\u00e6ledyr, gjennom en grundig rengj\u00f8ring og ozonbehandling etter turen. Denne tjenesten medf\u00f8rer et lite ekstragebyr som varierer fra land til land. Hvis du reiser med kj\u00e6ledyr, m\u00e5 du velge rengj\u00f8ringsgebyret for kj\u00e6ledyr i bestillingsmotoren.<\/p>\n<h4>Transport til og fra byen<\/h4>\n<p>For \u00e5 s\u00f8rge for at oppholdet ditt og opplevelsen blir uten problemer, tilbyr vi deg gjerne transport til\/fra steder og hoteller i sentrum, samt flyplasser litt lengre unna. Denne transporten m\u00e5 v\u00e6re bestilt og betalt p\u00e5 forh\u00e5nd. Det er ikke mulig \u00e5 betale p\u00e5 stedet.<\/p>\n        <\/div>\r\n    <\/div>\r\n<\/section>\n\n<section class=\"block block-textimage\">\r\n    <div class=\"container\">\r\n        <div class=\"content-row image-placement-right\">\r\n            <div class=\"content-container reveal\">\r\n                <h3>Valgfrie ekstra artikler<\/h3><p>I tillegg til \u00e5 tilby deg en flott leiecampingbil av god kvalitet kan du ogs\u00e5 velge ekstra artikler for \u00e5 f\u00e5 en enda mer behagelig campingferie. Velg det du trenger, fra campingsett til barneseter. Hvis det er noe du trenger, som ikke er oppf\u00f8rt p\u00e5 bestillingsmenyen, kan du kontakte oss etter bestillingen, s\u00e5 skal vi gj\u00f8re v\u00e5rt beste for \u00e5 skaffe det.<\/p>\n<p>Hver Touring Cars-utleiestasjon har et bredt utvalg ekstra artikler som kan bestilles p\u00e5 stedet, slik at du kan skreddersy ferien din! Dette omfatter terrengsykler, fiskeutstyr, h\u00e5rf\u00f8nere, str\u00f8momformere, ekstra rengj\u00f8ringssett (minist\u00f8vsugere), br\u00f8dristere, kaffetraktere og campingutstyr som er kompatibelt med alle luksuscampingbiler fra Touring Cars.<\/p>\n            <\/div>\r\n            <div class=\"image-container reveal image-high\">\r\n                <img decoding=\"async\" src=\"https:\/\/www.touringcars.com\/wp-content\/uploads\/2025\/05\/carado-imagebank-data_VE_Camper-Van_CV602_PI_2025_0058_21-31-41_WEB-574x382.jpg\" srcset=\"https:\/\/www.touringcars.com\/wp-content\/uploads\/2025\/05\/carado-imagebank-data_VE_Camper-Van_CV602_PI_2025_0058_21-31-41_WEB-300x200.jpg 300w, https:\/\/www.touringcars.com\/wp-content\/uploads\/2025\/05\/carado-imagebank-data_VE_Camper-Van_CV602_PI_2025_0058_21-31-41_WEB-1024x681.jpg 1024w, https:\/\/www.touringcars.com\/wp-content\/uploads\/2025\/05\/carado-imagebank-data_VE_Camper-Van_CV602_PI_2025_0058_21-31-41_WEB-768x511.jpg 768w, https:\/\/www.touringcars.com\/wp-content\/uploads\/2025\/05\/carado-imagebank-data_VE_Camper-Van_CV602_PI_2025_0058_21-31-41_WEB-1536x1022.jpg 1536w, https:\/\/www.touringcars.com\/wp-content\/uploads\/2025\/05\/carado-imagebank-data_VE_Camper-Van_CV602_PI_2025_0058_21-31-41_WEB-2048x1362.jpg 2048w, https:\/\/www.touringcars.com\/wp-content\/uploads\/2025\/05\/carado-imagebank-data_VE_Camper-Van_CV602_PI_2025_0058_21-31-41_WEB-1920x1277.jpg 1920w, https:\/\/www.touringcars.com\/wp-content\/uploads\/2025\/05\/carado-imagebank-data_VE_Camper-Van_CV602_PI_2025_0058_21-31-41_WEB-891x593.jpg 891w, https:\/\/www.touringcars.com\/wp-content\/uploads\/2025\/05\/carado-imagebank-data_VE_Camper-Van_CV602_PI_2025_0058_21-31-41_WEB-714x475.jpg 714w, https:\/\/www.touringcars.com\/wp-content\/uploads\/2025\/05\/carado-imagebank-data_VE_Camper-Van_CV602_PI_2025_0058_21-31-41_WEB-574x382.jpg 574w, https:\/\/www.touringcars.com\/wp-content\/uploads\/2025\/05\/carado-imagebank-data_VE_Camper-Van_CV602_PI_2025_0058_21-31-41_WEB-367x245.jpg 367w\" alt=\"_carado-imagebank-data_VE_Camper-Van_CV602_PI_2025_0058_21-31-41_WEB\" width=\"2560\" height=\"1703\">            <\/div>\r\n        <\/div>\r\n    <\/div>\r\n<\/section>\n\n<section class=\"block block-textimage\" id=\"insurance\">\r\n    <div class=\"container\">\r\n        <div class=\"content-row image-placement-left\">\r\n            <div class=\"content-container reveal\">\r\n                <h3>Kj\u00f8ret\u00f8yforsikring<\/h3><p>Forsikringsdekningen er delt inn i to ulike deler:<\/p>\n<ul>\n<li><strong>Obligatorisk trafikkforsikring<\/strong><\/li>\n<li><strong>Kollisjonsforsikring<\/strong><\/li>\n<\/ul>\n<p>Obligatorisk trafikkforsikring erstatter alle skader eller ulykker f\u00f8reren for\u00e5rsaker tredjeparter, samt alle personskader. Kollisjonsforsikring erstatter skader p\u00e5 leiebilen for\u00e5rsaket av trafikkulykke, brann eller tyveri. Kollisjonsforsikringen dekker ikke indre skader som ikke er for\u00e5rsaket av en trafikkulykke.<\/p>\n<p><em><strong>OBS: <\/strong>Forsikringen gjelder ikke dersom kj\u00f8ret\u00f8yet brukes p\u00e5virket av alkohol eller ulovlige rusmidler eller hvis skaden er for\u00e5rsaket av uforsiktig oppf\u00f8rsel.<\/em><\/p>\n            <\/div>\r\n            <div class=\"image-container reveal image-high\">\r\n                <img decoding=\"async\" src=\"https:\/\/www.touringcars.com\/wp-content\/uploads\/2025\/01\/carado-imagebank-data_OTZ_Camper-Van_CV600_PI_2024_0095_21-31-41_WEB-574x383.jpg\" srcset=\"https:\/\/www.touringcars.com\/wp-content\/uploads\/2025\/01\/carado-imagebank-data_OTZ_Camper-Van_CV600_PI_2024_0095_21-31-41_WEB-300x200.jpg 300w, https:\/\/www.touringcars.com\/wp-content\/uploads\/2025\/01\/carado-imagebank-data_OTZ_Camper-Van_CV600_PI_2024_0095_21-31-41_WEB-1024x683.jpg 1024w, https:\/\/www.touringcars.com\/wp-content\/uploads\/2025\/01\/carado-imagebank-data_OTZ_Camper-Van_CV600_PI_2024_0095_21-31-41_WEB-768x512.jpg 768w, https:\/\/www.touringcars.com\/wp-content\/uploads\/2025\/01\/carado-imagebank-data_OTZ_Camper-Van_CV600_PI_2024_0095_21-31-41_WEB-1536x1024.jpg 1536w, https:\/\/www.touringcars.com\/wp-content\/uploads\/2025\/01\/carado-imagebank-data_OTZ_Camper-Van_CV600_PI_2024_0095_21-31-41_WEB-2048x1365.jpg 2048w, https:\/\/www.touringcars.com\/wp-content\/uploads\/2025\/01\/carado-imagebank-data_OTZ_Camper-Van_CV600_PI_2024_0095_21-31-41_WEB-1920x1280.jpg 1920w, https:\/\/www.touringcars.com\/wp-content\/uploads\/2025\/01\/carado-imagebank-data_OTZ_Camper-Van_CV600_PI_2024_0095_21-31-41_WEB-890x593.jpg 890w, https:\/\/www.touringcars.com\/wp-content\/uploads\/2025\/01\/carado-imagebank-data_OTZ_Camper-Van_CV600_PI_2024_0095_21-31-41_WEB-714x476.jpg 714w, https:\/\/www.touringcars.com\/wp-content\/uploads\/2025\/01\/carado-imagebank-data_OTZ_Camper-Van_CV600_PI_2024_0095_21-31-41_WEB-574x383.jpg 574w, https:\/\/www.touringcars.com\/wp-content\/uploads\/2025\/01\/carado-imagebank-data_OTZ_Camper-Van_CV600_PI_2024_0095_21-31-41_WEB-367x245.jpg 367w\" alt=\"_carado-imagebank-data_OTZ_Camper-Van_CV600_PI_2024_0095_21-31-41_WEB\" width=\"2560\" height=\"1707\">            <\/div>\r\n        <\/div>\r\n    <\/div>\r\n<\/section>\n\n<section class=\"block block-textimage\">\r\n    <div class=\"container\">\r\n        <div class=\"content-row image-placement-right\">\r\n            <div class=\"content-container reveal\">\r\n                <h3>Kj\u00f8ret\u00f8yets kollisjonsforsikring<\/h3><p>Alle Touring Cars-leie inkluderer kollisjonsforsikring p\u00e5 TC Basic selvrisikoniv\u00e5*. Ved trafikkuhell i leiebil m\u00e5 du betale maksimal egenandel per skade, ulykke, tapt del eller betalingskrav. Kollisjonsforsikring dekker den delen som overstiger det skadespesifikke selvrisikoniv\u00e5et.<\/p>\n<p><strong>*TC Basic overskytende niv\u00e5 er per stasjon:<\/strong><\/p>\n<p>\u2022 1750 GBP Chester (Storbritannia)<br \/>\n\u2022 2 800 EUR Helsinki og Rovaniemi (Finland), Keflavik (Island) og Tallinn (Estland)<br \/>\n\u2022 28 000 SEK Stockholm (Sverige)<br \/>\n\u2022 30 000 NOK i Oslo og Troms\u00f8 (Norge)<\/p>\n            <\/div>\r\n            <div class=\"image-container reveal image-high\">\r\n                <img decoding=\"async\" src=\"https:\/\/www.touringcars.com\/wp-content\/uploads\/2025\/01\/carado-imagebank-data_OTZ_Camper-Van_CV600_PI_2024_0084_21-31-41_WEB-574x383.jpg\" srcset=\"https:\/\/www.touringcars.com\/wp-content\/uploads\/2025\/01\/carado-imagebank-data_OTZ_Camper-Van_CV600_PI_2024_0084_21-31-41_WEB-300x200.jpg 300w, https:\/\/www.touringcars.com\/wp-content\/uploads\/2025\/01\/carado-imagebank-data_OTZ_Camper-Van_CV600_PI_2024_0084_21-31-41_WEB-1024x683.jpg 1024w, https:\/\/www.touringcars.com\/wp-content\/uploads\/2025\/01\/carado-imagebank-data_OTZ_Camper-Van_CV600_PI_2024_0084_21-31-41_WEB-768x512.jpg 768w, https:\/\/www.touringcars.com\/wp-content\/uploads\/2025\/01\/carado-imagebank-data_OTZ_Camper-Van_CV600_PI_2024_0084_21-31-41_WEB-1536x1024.jpg 1536w, https:\/\/www.touringcars.com\/wp-content\/uploads\/2025\/01\/carado-imagebank-data_OTZ_Camper-Van_CV600_PI_2024_0084_21-31-41_WEB-2048x1365.jpg 2048w, https:\/\/www.touringcars.com\/wp-content\/uploads\/2025\/01\/carado-imagebank-data_OTZ_Camper-Van_CV600_PI_2024_0084_21-31-41_WEB-1920x1280.jpg 1920w, https:\/\/www.touringcars.com\/wp-content\/uploads\/2025\/01\/carado-imagebank-data_OTZ_Camper-Van_CV600_PI_2024_0084_21-31-41_WEB-890x593.jpg 890w, https:\/\/www.touringcars.com\/wp-content\/uploads\/2025\/01\/carado-imagebank-data_OTZ_Camper-Van_CV600_PI_2024_0084_21-31-41_WEB-714x476.jpg 714w, https:\/\/www.touringcars.com\/wp-content\/uploads\/2025\/01\/carado-imagebank-data_OTZ_Camper-Van_CV600_PI_2024_0084_21-31-41_WEB-574x383.jpg 574w, https:\/\/www.touringcars.com\/wp-content\/uploads\/2025\/01\/carado-imagebank-data_OTZ_Camper-Van_CV600_PI_2024_0084_21-31-41_WEB-367x245.jpg 367w\" alt=\"_carado-imagebank-data_OTZ_Camper-Van_CV600_PI_2024_0084_21-31-41_WEB\" width=\"2560\" height=\"1707\">            <\/div>\r\n        <\/div>\r\n    <\/div>\r\n<\/section>\n\n<section class=\"block block-textimage\">\r\n    <div class=\"container\">\r\n        <div class=\"content-row image-placement-left\">\r\n            <div class=\"content-container reveal\">\r\n                <h3>Reduksjon av egenandelen<\/h3><p>Du kan redusere egenandelen fra TC Basic til TC Plus* eller TC Premium**.<\/p>\n<p><strong>*Niv\u00e5 p\u00e5 egenandel for TC Plus etter sted:<\/strong><\/p>\n<ul>\n<li>1 250 GBP Chester (Storbritannia)<\/li>\n<li>1 200 EUR Helsinki og Rovaniemi (Finland), Keflavik (Island) og Tallinn (Estland).<\/li>\n<li>12 000 SEK Stockholm (Sverige)<\/li>\n<li>15 000 NOK Oslo og Troms\u00f8 (Norge)<\/li>\n<\/ul>\n<p><strong>**Niv\u00e5 p\u00e5 egenandel for TC Premium etter sted:<\/strong><\/p>\n<ul>\n<li>750 GBP Chester (Storbritannia)<\/li>\n<li>600 EUR Helsinki og Rovaniemi (Finland), Keflavik (Island) og Tallinn (Estland)<\/li>\n<li>6 000 SEK Stockholm (Sverige)<\/li>\n<li>8 000 NOK Oslo og Troms\u00f8 (Norge)<\/li>\n<\/ul>\n            <\/div>\r\n            <div class=\"image-container reveal image-high\">\r\n                <img decoding=\"async\" src=\"https:\/\/www.touringcars.com\/wp-content\/uploads\/2025\/02\/carado-imagebank-data_VE_Camper-Van_CV640_PI_2024_0121_21-31-41_HR-450x300.jpg\" srcset=\"https:\/\/www.touringcars.com\/wp-content\/uploads\/2025\/02\/carado-imagebank-data_VE_Camper-Van_CV640_PI_2024_0121_21-31-41_HR-300x200.jpg 300w, https:\/\/www.touringcars.com\/wp-content\/uploads\/2025\/02\/carado-imagebank-data_VE_Camper-Van_CV640_PI_2024_0121_21-31-41_HR-1024x682.jpg 1024w, https:\/\/www.touringcars.com\/wp-content\/uploads\/2025\/02\/carado-imagebank-data_VE_Camper-Van_CV640_PI_2024_0121_21-31-41_HR-768x512.jpg 768w, https:\/\/www.touringcars.com\/wp-content\/uploads\/2025\/02\/carado-imagebank-data_VE_Camper-Van_CV640_PI_2024_0121_21-31-41_HR-1536x1023.jpg 1536w, https:\/\/www.touringcars.com\/wp-content\/uploads\/2025\/02\/carado-imagebank-data_VE_Camper-Van_CV640_PI_2024_0121_21-31-41_HR-890x593.jpg 890w, https:\/\/www.touringcars.com\/wp-content\/uploads\/2025\/02\/carado-imagebank-data_VE_Camper-Van_CV640_PI_2024_0121_21-31-41_HR-714x476.jpg 714w, https:\/\/www.touringcars.com\/wp-content\/uploads\/2025\/02\/carado-imagebank-data_VE_Camper-Van_CV640_PI_2024_0121_21-31-41_HR-450x300.jpg 450w, https:\/\/www.touringcars.com\/wp-content\/uploads\/2025\/02\/carado-imagebank-data_VE_Camper-Van_CV640_PI_2024_0121_21-31-41_HR-367x245.jpg 367w, https:\/\/www.touringcars.com\/wp-content\/uploads\/2025\/02\/carado-imagebank-data_VE_Camper-Van_CV640_PI_2024_0121_21-31-41_HR.jpg 1600w\" alt=\"_carado-imagebank-data_VE_Camper-Van_CV640_PI_2024_0121_21-31-41_HR\" width=\"1600\" height=\"1066\">            <\/div>\r\n        <\/div>\r\n    <\/div>\r\n<\/section>\n\n<section style=\"background-image: url(https:\/\/www.touringcars.com\/wp-content\/uploads\/2025\/02\/4-Unser-OOE-fuegt-sich-perfekt-in-die-Landschaft-Nordnorwegens-ein-PRESSE-scaled.jpeg)\" class=\"block block-centertext bg-image\">\r\n    <div class=\"container\">\r\n        <div class=\"content-container reveal\">\r\n            <h2>Ekstra beskyttelse for vindrute og dekk<\/h2><p class=\"text-align-center\">I Norden er grusveier fortsatt vanlig, spesielt p\u00e5 landsbygda. Sm\u00e5 steiner kan sprette fra kj\u00f8ret\u00f8yet til frontruten og sprekke eller til og med bryte den. Du er ansvarlig for et \u00f8delagt dekk eller bytte av frontrute, med mindre du har kj\u00f8pt ekstra frontrute og dekkdekning.<\/p>\n<p class=\"text-align-center\">\n<strong>Denne tilleggsdekningen dekker skade p\u00e5 enten frontruten eller ett av dekkene<\/strong><\/p>\n        <\/div>\r\n    <\/div>\r\n<\/section>\n\n<section class=\"block block-textimage\">\r\n    <div class=\"container\">\r\n        <div class=\"content-row image-placement-right\">\r\n            <div class=\"content-container reveal\">\r\n                <h3>Begrensninger for egenandel<\/h3><p>Selvrisiko og tilleggsforsikring m\u00e5 kj\u00f8pes for hver leiedag. Minstepris for reduksjon av egenandel og tilleggsbeskyttelse for frontrute og dekk er i henhold til 7 leiedager.\u00a0<strong>Alle sj\u00e5f\u00f8rer m\u00e5 v\u00e6re registrert i leieavtalen for at forsikringen skal gjelde.<\/strong><\/p>\n<p><strong>Maksimumsprisen for \u00e5 redusere egenandelen er 30 dager.<\/strong>\u00a0Valgt egenandelsniv\u00e5 gjelder i hele leieperioden, uavhengig av leieperiodens lengde.<\/p>\n<p>Kj\u00f8ret\u00f8yforsikring er gyldig i det aktuelle kontorets land. Biler leid fra de nordiske landene kan bevege seg fritt i de nordiske landene.\u00a0<strong>Det er ikke tillatt \u00e5 ta kj\u00f8ret\u00f8yet til utlandet uten s\u00e6rskilt tillatelse fra Touring Cars.<\/strong>\u00a0Hvis du planlegger \u00e5 reise til utlandet med leiebil, be om tillatelse fra v\u00e5rt internasjonale salgskontor.<\/p>\n            <\/div>\r\n            <div class=\"image-container reveal image-high\">\r\n                <img decoding=\"async\" src=\"https:\/\/www.touringcars.com\/wp-content\/uploads\/2025\/02\/2023_kw_vantana_deluxe_k65et_innen_ausblick_Anzeige_tag_Katalog_BEAR_PRESSE-200x300.jpeg\" srcset=\"https:\/\/www.touringcars.com\/wp-content\/uploads\/2025\/02\/2023_kw_vantana_deluxe_k65et_innen_ausblick_Anzeige_tag_Katalog_BEAR_PRESSE-200x300.jpeg 200w, https:\/\/www.touringcars.com\/wp-content\/uploads\/2025\/02\/2023_kw_vantana_deluxe_k65et_innen_ausblick_Anzeige_tag_Katalog_BEAR_PRESSE-683x1024.jpeg 683w, https:\/\/www.touringcars.com\/wp-content\/uploads\/2025\/02\/2023_kw_vantana_deluxe_k65et_innen_ausblick_Anzeige_tag_Katalog_BEAR_PRESSE-768x1151.jpeg 768w, https:\/\/www.touringcars.com\/wp-content\/uploads\/2025\/02\/2023_kw_vantana_deluxe_k65et_innen_ausblick_Anzeige_tag_Katalog_BEAR_PRESSE-1025x1536.jpeg 1025w, https:\/\/www.touringcars.com\/wp-content\/uploads\/2025\/02\/2023_kw_vantana_deluxe_k65et_innen_ausblick_Anzeige_tag_Katalog_BEAR_PRESSE-1366x2048.jpeg 1366w, https:\/\/www.touringcars.com\/wp-content\/uploads\/2025\/02\/2023_kw_vantana_deluxe_k65et_innen_ausblick_Anzeige_tag_Katalog_BEAR_PRESSE-396x593.jpeg 396w, https:\/\/www.touringcars.com\/wp-content\/uploads\/2025\/02\/2023_kw_vantana_deluxe_k65et_innen_ausblick_Anzeige_tag_Katalog_BEAR_PRESSE-354x531.jpeg 354w, https:\/\/www.touringcars.com\/wp-content\/uploads\/2025\/02\/2023_kw_vantana_deluxe_k65et_innen_ausblick_Anzeige_tag_Katalog_BEAR_PRESSE-scaled.jpeg 1708w\" alt=\"2023_kw_vantana_deluxe_k65et_innen_ausblick_Anzeige_tag_Katalog_BEAR_PRESSE\" width=\"1708\" height=\"2560\">            <\/div>\r\n        <\/div>\r\n    <\/div>\r\n<\/section>\n\n<section class=\"block block-textimage\">\r\n    <div class=\"container\">\r\n        <div class=\"content-row image-placement-left\">\r\n            <div class=\"content-container reveal\">\r\n                <h3>Leie garanti<\/h3><p>V\u00e6r oppmerksom p\u00e5 at n\u00e5r du ankommer filialen m\u00e5 du\u00a0<strong>fremvise et gyldig kredittkort<\/strong>\u00a0med et dekningsbel\u00f8p tilsvarende TC Basic, TC Plus eller TC Premium egenandelen du har valgt.\u00a0<strong>Bel\u00f8pet reserveres p\u00e5 ditt kredittkort<\/strong>\u00a0som depositum n\u00e5r du henter kj\u00f8ret\u00f8yet for \u00e5 dekke trafikkb\u00f8ter, mangel p\u00e5 drivstoff\/p\u00e5fylling, forlengelse av leieperioden og eventuelle skader.<\/p>\n<p>N\u00e5r du returnerer kj\u00f8ret\u00f8yet,\u00a0<strong>frigj\u00f8res depositumet fra kredittkortet ditt<\/strong>\u00a0dersom det ikke oppdages skader ved retur. Innskuddet\u00a0<strong>forsvinner fra kontoen din i l\u00f8pet av f\u00e5 dager.<\/strong><\/p>\n            <\/div>\r\n            <div class=\"image-container reveal image-high\">\r\n                <img decoding=\"async\" src=\"https:\/\/www.touringcars.com\/wp-content\/uploads\/2025\/02\/carado-imagebank-data_VE_Camper-Van_CV640_PI_2024_0085_21-31-41_HR-188x300.jpg\" srcset=\"https:\/\/www.touringcars.com\/wp-content\/uploads\/2025\/02\/carado-imagebank-data_VE_Camper-Van_CV640_PI_2024_0085_21-31-41_HR-188x300.jpg 188w, https:\/\/www.touringcars.com\/wp-content\/uploads\/2025\/02\/carado-imagebank-data_VE_Camper-Van_CV640_PI_2024_0085_21-31-41_HR-640x1024.jpg 640w, https:\/\/www.touringcars.com\/wp-content\/uploads\/2025\/02\/carado-imagebank-data_VE_Camper-Van_CV640_PI_2024_0085_21-31-41_HR-768x1229.jpg 768w, https:\/\/www.touringcars.com\/wp-content\/uploads\/2025\/02\/carado-imagebank-data_VE_Camper-Van_CV640_PI_2024_0085_21-31-41_HR-960x1536.jpg 960w, https:\/\/www.touringcars.com\/wp-content\/uploads\/2025\/02\/carado-imagebank-data_VE_Camper-Van_CV640_PI_2024_0085_21-31-41_HR-371x593.jpg 371w, https:\/\/www.touringcars.com\/wp-content\/uploads\/2025\/02\/carado-imagebank-data_VE_Camper-Van_CV640_PI_2024_0085_21-31-41_HR-332x531.jpg 332w, https:\/\/www.touringcars.com\/wp-content\/uploads\/2025\/02\/carado-imagebank-data_VE_Camper-Van_CV640_PI_2024_0085_21-31-41_HR.jpg 1000w\" alt=\"_carado-imagebank-data_VE_Camper-Van_CV640_PI_2024_0085_21-31-41_HR\" width=\"1000\" height=\"1600\">            <\/div>\r\n        <\/div>\r\n    <\/div>\r\n<\/section>\n\n<section class=\"block block-textimage\">\r\n    <div class=\"container\">\r\n        <div class=\"content-row image-placement-right\">\r\n            <div class=\"content-container reveal\">\r\n                <h3>Restriksjoner for Island<\/h3><p>Forsikringen dekker ikke chassisskader, vannskader, skader for\u00e5rsaket av vindkast, skader for\u00e5rsaket av dyr eller andre skader for\u00e5rsaket av kj\u00f8ring p\u00e5 uegnet vei\/underlag.<\/p>\n<p>Leietaker er ansvarlig for alle p\u00e5l\u00f8pte kostnader, tapte n\u00f8kler, n\u00f8kler innel\u00e5st i bilen, at bilen sitter fast, senkes eller er forlatt, med mindre de skyldes en teknisk feil med kj\u00f8ret\u00f8yet. Forsikringen dekker ikke skader for\u00e5rsaket av feil bruk av bobilen.<\/p>\n            <\/div>\r\n            <div class=\"image-container reveal\">\r\n                <img decoding=\"async\" src=\"https:\/\/www.touringcars.com\/wp-content\/uploads\/2025\/02\/Islantimainos4-450x300.jpg\" srcset=\"https:\/\/www.touringcars.com\/wp-content\/uploads\/2025\/02\/Islantimainos4-300x200.jpg 300w, https:\/\/www.touringcars.com\/wp-content\/uploads\/2025\/02\/Islantimainos4-1024x683.jpg 1024w, https:\/\/www.touringcars.com\/wp-content\/uploads\/2025\/02\/Islantimainos4-768x512.jpg 768w, https:\/\/www.touringcars.com\/wp-content\/uploads\/2025\/02\/Islantimainos4-1536x1024.jpg 1536w, https:\/\/www.touringcars.com\/wp-content\/uploads\/2025\/02\/Islantimainos4-2048x1365.jpg 2048w, https:\/\/www.touringcars.com\/wp-content\/uploads\/2025\/02\/Islantimainos4-890x593.jpg 890w, https:\/\/www.touringcars.com\/wp-content\/uploads\/2025\/02\/Islantimainos4-714x476.jpg 714w, https:\/\/www.touringcars.com\/wp-content\/uploads\/2025\/02\/Islantimainos4-450x300.jpg 450w, https:\/\/www.touringcars.com\/wp-content\/uploads\/2025\/02\/Islantimainos4-367x245.jpg 367w\" alt=\"Islantimainos4\" width=\"2560\" height=\"1707\">            <\/div>\r\n        <\/div>\r\n    <\/div>\r\n<\/section>\n\n<section class=\"block block-availabilitysearch\">\r\n    <div class=\"container\"><form class=\"availability-search\"><div class=\"form-row\"><div class=\"form-col form-col-clearable input-icon input-icon-map\" data-target=\"where\"><label for=\"where\">Hvor skal jeg dra?<\/label><input type=\"text\" class=\"form-control\" id=\"where\" name=\"where\" placeholder=\"Hvor skal jeg dra?\"><\/div><div class=\"form-col form-col-clearable input-icon input-icon-calendar\" data-target=\"when\"><label for=\"when\">N\u00e5r skal jeg dra?<\/label><input type=\"text\" class=\"form-control\" id=\"when\" name=\"when\" placeholder=\"N\u00e5r skal jeg dra?\" disabled><\/div><div class=\"form-col\"><button type=\"submit\" class=\"btn\">Kom i gang<\/button><\/div><\/div><a href=\"https:\/\/www.touringcars.com\/no\/user\/login\/\">Har du allerede booket? Administrer bestilling<\/a><\/form><\/div><\/section>\n\n<section class=\"block block-postsslider style-small\">\r\n    <div class=\"container reveal\">\r\n        <div class=\"glide articles-slider\" data-uid=\"69f20f1a880b9\"><div class=\"glide__track\" data-glide-el=\"track\"><ul class=\"glide__slides\"><li class=\"glide__slide\"><article class=\"article reveal\"><div class=\"image-container\"><a href=\"https:\/\/www.touringcars.com\/no\/leieinformasjon\/faq\/\"><img decoding=\"async\" src=\"https:\/\/www.touringcars.com\/wp-content\/uploads\/2025\/02\/carado-imagebank-data_VE_Camper-Van_CV640_PI_2024_0140_21-31-41_web-450x300.jpg\" srcset=\"https:\/\/www.touringcars.com\/wp-content\/uploads\/2025\/02\/carado-imagebank-data_VE_Camper-Van_CV640_PI_2024_0140_21-31-41_web-300x200.jpg 300w, https:\/\/www.touringcars.com\/wp-content\/uploads\/2025\/02\/carado-imagebank-data_VE_Camper-Van_CV640_PI_2024_0140_21-31-41_web-1024x682.jpg 1024w, https:\/\/www.touringcars.com\/wp-content\/uploads\/2025\/02\/carado-imagebank-data_VE_Camper-Van_CV640_PI_2024_0140_21-31-41_web-768x512.jpg 768w, https:\/\/www.touringcars.com\/wp-content\/uploads\/2025\/02\/carado-imagebank-data_VE_Camper-Van_CV640_PI_2024_0140_21-31-41_web-1536x1024.jpg 1536w, https:\/\/www.touringcars.com\/wp-content\/uploads\/2025\/02\/carado-imagebank-data_VE_Camper-Van_CV640_PI_2024_0140_21-31-41_web-2048x1365.jpg 2048w, https:\/\/www.touringcars.com\/wp-content\/uploads\/2025\/02\/carado-imagebank-data_VE_Camper-Van_CV640_PI_2024_0140_21-31-41_web-890x593.jpg 890w, https:\/\/www.touringcars.com\/wp-content\/uploads\/2025\/02\/carado-imagebank-data_VE_Camper-Van_CV640_PI_2024_0140_21-31-41_web-714x476.jpg 714w, https:\/\/www.touringcars.com\/wp-content\/uploads\/2025\/02\/carado-imagebank-data_VE_Camper-Van_CV640_PI_2024_0140_21-31-41_web-450x300.jpg 450w, https:\/\/www.touringcars.com\/wp-content\/uploads\/2025\/02\/carado-imagebank-data_VE_Camper-Van_CV640_PI_2024_0140_21-31-41_web-367x245.jpg 367w\" alt=\"FAQ\"><\/a><\/div><div class=\"content-container\"><h3><a href=\"https:\/\/www.touringcars.com\/no\/leieinformasjon\/faq\/\">FAQ<\/a><\/h3><\/div><\/article><\/li><li class=\"glide__slide\"><article class=\"article reveal\"><div class=\"image-container\"><a href=\"https:\/\/www.touringcars.com\/no\/leieinformasjon\/reservasjoner\/\"><img decoding=\"async\" src=\"https:\/\/www.touringcars.com\/wp-content\/uploads\/2023\/01\/family-pexels-forest-outdoors-1-558x293.jpg\" srcset=\"https:\/\/www.touringcars.com\/wp-content\/uploads\/2023\/01\/family-pexels-forest-outdoors-1-300x158.jpg 300w, https:\/\/www.touringcars.com\/wp-content\/uploads\/2023\/01\/family-pexels-forest-outdoors-1-1024x538.jpg 1024w, https:\/\/www.touringcars.com\/wp-content\/uploads\/2023\/01\/family-pexels-forest-outdoors-1-768x403.jpg 768w, https:\/\/www.touringcars.com\/wp-content\/uploads\/2023\/01\/family-pexels-forest-outdoors-1-1130x593.jpg 1130w, https:\/\/www.touringcars.com\/wp-content\/uploads\/2023\/01\/family-pexels-forest-outdoors-1-714x375.jpg 714w, https:\/\/www.touringcars.com\/wp-content\/uploads\/2023\/01\/family-pexels-forest-outdoors-1-558x293.jpg 558w, https:\/\/www.touringcars.com\/wp-content\/uploads\/2023\/01\/family-pexels-forest-outdoors-1.jpg 1200w\" alt=\"Reservasjoner\"><\/a><\/div><div class=\"content-container\"><h3><a href=\"https:\/\/www.touringcars.com\/no\/leieinformasjon\/reservasjoner\/\">Reservasjoner<\/a><\/h3><\/div><\/article><\/li><li class=\"glide__slide\"><article class=\"article reveal\"><div class=\"image-container\"><a href=\"https:\/\/www.touringcars.com\/no\/leieinformasjon\/for-ankomst\/\"><img decoding=\"async\" src=\"https:\/\/www.touringcars.com\/wp-content\/uploads\/2023\/10\/pnw-production-pexels-motorhome-dog-pet-450x300.jpg\" srcset=\"https:\/\/www.touringcars.com\/wp-content\/uploads\/2023\/10\/pnw-production-pexels-motorhome-dog-pet-300x200.jpg 300w, https:\/\/www.touringcars.com\/wp-content\/uploads\/2023\/10\/pnw-production-pexels-motorhome-dog-pet-1024x683.jpg 1024w, https:\/\/www.touringcars.com\/wp-content\/uploads\/2023\/10\/pnw-production-pexels-motorhome-dog-pet-768x512.jpg 768w, https:\/\/www.touringcars.com\/wp-content\/uploads\/2023\/10\/pnw-production-pexels-motorhome-dog-pet-889x593.jpg 889w, https:\/\/www.touringcars.com\/wp-content\/uploads\/2023\/10\/pnw-production-pexels-motorhome-dog-pet-714x476.jpg 714w, https:\/\/www.touringcars.com\/wp-content\/uploads\/2023\/10\/pnw-production-pexels-motorhome-dog-pet-450x300.jpg 450w, https:\/\/www.touringcars.com\/wp-content\/uploads\/2023\/10\/pnw-production-pexels-motorhome-dog-pet-367x245.jpg 367w, https:\/\/www.touringcars.com\/wp-content\/uploads\/2023\/10\/pnw-production-pexels-motorhome-dog-pet.jpg 1090w\" alt=\"F\u00f8r ankomst\"><\/a><\/div><div class=\"content-container\"><h3><a href=\"https:\/\/www.touringcars.com\/no\/leieinformasjon\/for-ankomst\/\">F\u00f8r ankomst<\/a><\/h3><\/div><\/article><\/li><li class=\"glide__slide\"><article class=\"article reveal\"><div class=\"image-container\"><a href=\"https:\/\/www.touringcars.com\/no\/leieinformasjon\/pa-veien\/\"><img decoding=\"async\" src=\"https:\/\/www.touringcars.com\/wp-content\/uploads\/2025\/01\/carado-imagebank-data_VE_Semi-Integrated_T338_PI_2024_0038_21-31-41_WEB-574x383.jpg\" srcset=\"https:\/\/www.touringcars.com\/wp-content\/uploads\/2025\/01\/carado-imagebank-data_VE_Semi-Integrated_T338_PI_2024_0038_21-31-41_WEB-300x200.jpg 300w, https:\/\/www.touringcars.com\/wp-content\/uploads\/2025\/01\/carado-imagebank-data_VE_Semi-Integrated_T338_PI_2024_0038_21-31-41_WEB-1024x683.jpg 1024w, https:\/\/www.touringcars.com\/wp-content\/uploads\/2025\/01\/carado-imagebank-data_VE_Semi-Integrated_T338_PI_2024_0038_21-31-41_WEB-768x512.jpg 768w, https:\/\/www.touringcars.com\/wp-content\/uploads\/2025\/01\/carado-imagebank-data_VE_Semi-Integrated_T338_PI_2024_0038_21-31-41_WEB-1536x1024.jpg 1536w, https:\/\/www.touringcars.com\/wp-content\/uploads\/2025\/01\/carado-imagebank-data_VE_Semi-Integrated_T338_PI_2024_0038_21-31-41_WEB-2048x1366.jpg 2048w, https:\/\/www.touringcars.com\/wp-content\/uploads\/2025\/01\/carado-imagebank-data_VE_Semi-Integrated_T338_PI_2024_0038_21-31-41_WEB-1920x1281.jpg 1920w, https:\/\/www.touringcars.com\/wp-content\/uploads\/2025\/01\/carado-imagebank-data_VE_Semi-Integrated_T338_PI_2024_0038_21-31-41_WEB-889x593.jpg 889w, https:\/\/www.touringcars.com\/wp-content\/uploads\/2025\/01\/carado-imagebank-data_VE_Semi-Integrated_T338_PI_2024_0038_21-31-41_WEB-714x476.jpg 714w, https:\/\/www.touringcars.com\/wp-content\/uploads\/2025\/01\/carado-imagebank-data_VE_Semi-Integrated_T338_PI_2024_0038_21-31-41_WEB-574x383.jpg 574w, https:\/\/www.touringcars.com\/wp-content\/uploads\/2025\/01\/carado-imagebank-data_VE_Semi-Integrated_T338_PI_2024_0038_21-31-41_WEB-367x245.jpg 367w\" alt=\"P\u00e5 veien\"><\/a><\/div><div class=\"content-container\"><h3><a href=\"https:\/\/www.touringcars.com\/no\/leieinformasjon\/pa-veien\/\">P\u00e5 veien<\/a><\/h3><\/div><\/article><\/li><li class=\"glide__slide\"><article class=\"article reveal\"><div class=\"image-container\"><a href=\"https:\/\/www.touringcars.com\/no\/leieinformasjon\/tilbakelevering\/\"><img decoding=\"async\" src=\"https:\/\/www.touringcars.com\/wp-content\/uploads\/2022\/08\/good-feelings-herbapatistyle-450x300.jpg\" srcset=\"https:\/\/www.touringcars.com\/wp-content\/uploads\/2022\/08\/good-feelings-herbapatistyle-300x200.jpg 300w, https:\/\/www.touringcars.com\/wp-content\/uploads\/2022\/08\/good-feelings-herbapatistyle-1024x682.jpg 1024w, https:\/\/www.touringcars.com\/wp-content\/uploads\/2022\/08\/good-feelings-herbapatistyle-768x512.jpg 768w, https:\/\/www.touringcars.com\/wp-content\/uploads\/2022\/08\/good-feelings-herbapatistyle-1536x1024.jpg 1536w, https:\/\/www.touringcars.com\/wp-content\/uploads\/2022\/08\/good-feelings-herbapatistyle-890x593.jpg 890w, https:\/\/www.touringcars.com\/wp-content\/uploads\/2022\/08\/good-feelings-herbapatistyle-714x476.jpg 714w, https:\/\/www.touringcars.com\/wp-content\/uploads\/2022\/08\/good-feelings-herbapatistyle-450x300.jpg 450w, https:\/\/www.touringcars.com\/wp-content\/uploads\/2022\/08\/good-feelings-herbapatistyle-367x245.jpg 367w, https:\/\/www.touringcars.com\/wp-content\/uploads\/2022\/08\/good-feelings-herbapatistyle.jpg 2000w\" alt=\"Tilbakelevering\"><\/a><\/div><div class=\"content-container\"><h3><a href=\"https:\/\/www.touringcars.com\/no\/leieinformasjon\/tilbakelevering\/\">Tilbakelevering<\/a><\/h3><\/div><\/article><\/li><li class=\"glide__slide\"><article class=\"article reveal\"><div class=\"image-container\"><a href=\"https:\/\/www.touringcars.com\/no\/kansellering\/\"><img decoding=\"async\" src=\"https:\/\/www.touringcars.com\/wp-content\/uploads\/2025\/02\/carado-imagebank-data_VE_Camper-Van_CV600_PI_2024_0257_21-31-41_web-2-200x300.jpg\" srcset=\"https:\/\/www.touringcars.com\/wp-content\/uploads\/2025\/02\/carado-imagebank-data_VE_Camper-Van_CV600_PI_2024_0257_21-31-41_web-2-200x300.jpg 200w, https:\/\/www.touringcars.com\/wp-content\/uploads\/2025\/02\/carado-imagebank-data_VE_Camper-Van_CV600_PI_2024_0257_21-31-41_web-2-682x1024.jpg 682w, https:\/\/www.touringcars.com\/wp-content\/uploads\/2025\/02\/carado-imagebank-data_VE_Camper-Van_CV600_PI_2024_0257_21-31-41_web-2-768x1153.jpg 768w, https:\/\/www.touringcars.com\/wp-content\/uploads\/2025\/02\/carado-imagebank-data_VE_Camper-Van_CV600_PI_2024_0257_21-31-41_web-2-1024x1536.jpg 1024w, https:\/\/www.touringcars.com\/wp-content\/uploads\/2025\/02\/carado-imagebank-data_VE_Camper-Van_CV600_PI_2024_0257_21-31-41_web-2-1365x2048.jpg 1365w, https:\/\/www.touringcars.com\/wp-content\/uploads\/2025\/02\/carado-imagebank-data_VE_Camper-Van_CV600_PI_2024_0257_21-31-41_web-2-395x593.jpg 395w, https:\/\/www.touringcars.com\/wp-content\/uploads\/2025\/02\/carado-imagebank-data_VE_Camper-Van_CV600_PI_2024_0257_21-31-41_web-2-354x531.jpg 354w, https:\/\/www.touringcars.com\/wp-content\/uploads\/2025\/02\/carado-imagebank-data_VE_Camper-Van_CV600_PI_2024_0257_21-31-41_web-2.jpg 1466w\" alt=\"Kansellering\"><\/a><\/div><div class=\"content-container\"><h3><a href=\"https:\/\/www.touringcars.com\/no\/kansellering\/\">Kansellering<\/a><\/h3><\/div><\/article><\/li><li class=\"glide__slide\"><article class=\"article reveal\"><div class=\"image-container\"><a href=\"https:\/\/www.touringcars.com\/no\/leieinformasjon\/tilleggstjenester\/\"><img decoding=\"async\" src=\"https:\/\/www.touringcars.com\/wp-content\/uploads\/2025\/02\/VantanaHobby_0025_PRESSE-450x300.jpg\" srcset=\"https:\/\/www.touringcars.com\/wp-content\/uploads\/2025\/02\/VantanaHobby_0025_PRESSE-300x200.jpg 300w, https:\/\/www.touringcars.com\/wp-content\/uploads\/2025\/02\/VantanaHobby_0025_PRESSE-1024x683.jpg 1024w, https:\/\/www.touringcars.com\/wp-content\/uploads\/2025\/02\/VantanaHobby_0025_PRESSE-768x512.jpg 768w, https:\/\/www.touringcars.com\/wp-content\/uploads\/2025\/02\/VantanaHobby_0025_PRESSE-1536x1024.jpg 1536w, https:\/\/www.touringcars.com\/wp-content\/uploads\/2025\/02\/VantanaHobby_0025_PRESSE-2048x1366.jpg 2048w, https:\/\/www.touringcars.com\/wp-content\/uploads\/2025\/02\/VantanaHobby_0025_PRESSE-889x593.jpg 889w, https:\/\/www.touringcars.com\/wp-content\/uploads\/2025\/02\/VantanaHobby_0025_PRESSE-714x476.jpg 714w, https:\/\/www.touringcars.com\/wp-content\/uploads\/2025\/02\/VantanaHobby_0025_PRESSE-450x300.jpg 450w, https:\/\/www.touringcars.com\/wp-content\/uploads\/2025\/02\/VantanaHobby_0025_PRESSE-367x245.jpg 367w\" alt=\"Tilleggstjenester\"><\/a><\/div><div class=\"content-container\"><h3><a href=\"https:\/\/www.touringcars.com\/no\/leieinformasjon\/tilleggstjenester\/\">Tilleggstjenester<\/a><\/h3><\/div><\/article><\/li><\/ul><\/div><div class=\"glide__controls\"><div class=\"glide__arrows\" data-glide-el=\"controls\"><span class=\"glide__arrow glide__arrow--left\" data-glide-dir=\"<\"><\/span><span class=\"glide__arrow glide__arrow--right\" data-glide-dir=\">&laquo;><\/span><\/div><div class=\"glide__bullets\" data-glide-el=\"controls[nav]\"><span class=\"glide__bullet\" data-glide-dir=\"=0\" data-parent-uid=\"69f20f1a880b9\"><\/span><span class=\"glide__bullet\" data-glide-dir=\"=1\" data-parent-uid=\"69f20f1a880b9\"><\/span><span class=\"glide__bullet\" data-glide-dir=\"=2\" data-parent-uid=\"69f20f1a880b9\"><\/span><span class=\"glide__bullet\" data-glide-dir=\"=3\" data-parent-uid=\"69f20f1a880b9\"><\/span><span class=\"glide__bullet\" data-glide-dir=\"=4\" data-parent-uid=\"69f20f1a880b9\"><\/span><span class=\"glide__bullet\" data-glide-dir=\"=5\" data-parent-uid=\"69f20f1a880b9\"><\/span><span class=\"glide__bullet\" data-glide-dir=\"=6\" data-parent-uid=\"69f20f1a880b9\"><\/span><\/div><\/div><\/div>    <\/div>\r\n<\/section>\n\n<section class=\"block block-newsletter\">\r\n    <div class=\"container\">\r\n        <div class=\"newsletter-container reveal\">\r\n            <div class=\"first-step\">\r\n                <h2>Join Touring Cars\u2019 Travel Circle!<\/h2>                <div class=\"newsletter-content\">\r\n                    <p style=\"text-align: center\"><span style=\"font-weight: 400\">Subscribe to our newsletter and get inspired with handpicked route tips, practical travel hacks, and exclusive offers delivered straight to your inbox. As a thank you, you\u2019ll receive a free camping set with your next booking.<\/span><\/p>\n                <\/div>\r\n                \n<div class=\"wpcf7 no-js\" id=\"wpcf7-f12780-o1\" lang=\"nb-NO\" dir=\"ltr\" data-wpcf7-id=\"12780\">\n<div class=\"screen-reader-response\"><p role=\"status\" aria-live=\"polite\" aria-atomic=\"true\"><\/p> <ul><\/ul><\/div>\n<form action=\"\/no\/wp-json\/wp\/v2\/pages\/13373#wpcf7-f12780-o1\" method=\"post\" class=\"wpcf7-form init\" aria-label=\"Kontaktskjema\" novalidate=\"novalidate\" data-status=\"init\">\n<fieldset class=\"hidden-fields-container\"><input type=\"hidden\" name=\"_wpcf7\" value=\"12780\" \/><input type=\"hidden\" name=\"_wpcf7_version\" value=\"6.1.5\" \/><input type=\"hidden\" name=\"_wpcf7_locale\" value=\"nb_NO\" \/><input type=\"hidden\" name=\"_wpcf7_unit_tag\" value=\"wpcf7-f12780-o1\" \/><input type=\"hidden\" name=\"_wpcf7_container_post\" value=\"0\" \/><input type=\"hidden\" name=\"_wpcf7_posted_data_hash\" value=\"\" \/><input type=\"hidden\" name=\"_wpcf7_recaptcha_response\" value=\"\" \/>\n<\/fieldset>\n<div class=\"form-row\">\n<div class=\"form-col\">\n<label>Type your email&#8230;<\/label>\n<span class=\"wpcf7-form-control-wrap\" data-name=\"email\"><input size=\"40\" maxlength=\"400\" class=\"wpcf7-form-control wpcf7-email wpcf7-validates-as-required wpcf7-text form-control   wpcf7-validates-as-email\" aria-required=\"true\" aria-invalid=\"false\" placeholder=\"Email address\" value=\"\" type=\"email\" name=\"email\" \/><\/span>\n<\/div>\n<div class=\"form-col\">\n<input class=\"wpcf7-form-control wpcf7-submit has-spinner\" type=\"submit\" value=\"Continue\" \/>\n<\/div>\n<\/div>\n<div class=\"form-row form-row-privacy\">\n<div class=\"form-col\">By sending this form you agree with the handling of your data in accordance with our <a href=\"\/en\/privacy-policy-gdpr\/\" target=\"_blank\">privacy policy<\/a>.\n<\/div>\n<\/div>\n<input class=\"wpcf7-form-control wpcf7-hidden\" value=\"1\" type=\"hidden\" name=\"newsletter\" \/>\n<input class=\"wpcf7-form-control wpcf7-hidden\" value=\"Customer\" type=\"hidden\" name=\"contact-type\" \/><div class=\"wpcf7-response-output\" aria-hidden=\"true\"><\/div>\n<\/form>\n<\/div>\n            <\/div>\r\n            <div class=\"steps-after-form-submission\"><div class=\"step d-none\"><h3>Almost ready&#8230;<\/h3><p>Let\u2019s get to know each other better so we can personalize our messaging and deals for you!<\/p>\n\n<div class=\"wpcf7 no-js\" id=\"wpcf7-f20528-o2\" lang=\"nb-NO\" dir=\"ltr\" data-wpcf7-id=\"20528\">\n<div class=\"screen-reader-response\"><p role=\"status\" aria-live=\"polite\" aria-atomic=\"true\"><\/p> <ul><\/ul><\/div>\n<form action=\"\/no\/wp-json\/wp\/v2\/pages\/13373#wpcf7-f20528-o2\" method=\"post\" class=\"wpcf7-form init\" aria-label=\"Kontaktskjema\" novalidate=\"novalidate\" data-status=\"init\">\n<fieldset class=\"hidden-fields-container\"><input type=\"hidden\" name=\"_wpcf7\" value=\"20528\" \/><input type=\"hidden\" name=\"_wpcf7_version\" value=\"6.1.5\" \/><input type=\"hidden\" name=\"_wpcf7_locale\" value=\"nb_NO\" \/><input type=\"hidden\" name=\"_wpcf7_unit_tag\" value=\"wpcf7-f20528-o2\" \/><input type=\"hidden\" name=\"_wpcf7_container_post\" value=\"0\" \/><input type=\"hidden\" name=\"_wpcf7_posted_data_hash\" value=\"\" \/><input type=\"hidden\" name=\"_wpcf7_recaptcha_response\" value=\"\" \/>\n<\/fieldset>\n<div class=\"form-row\">\n<div class=\"form-col\">\n<label>What is your dream campervan holiday?<\/label>\n<span class=\"wpcf7-form-control-wrap\" data-name=\"newsletter_topics\"><span class=\"wpcf7-form-control wpcf7-checkbox\"><div class=\"form-check\"><input id=\"cf7_checkbox_1\" class=\"form-check-input\" type=\"checkbox\" name=\"newsletter_topics[]\" value=\"Family trip\" \/><label class=\"form-check-label\" for=\"cf7_checkbox_1\"><span class=\"wpcf7-list-item-label\">Family trip<\/span><\/label><\/div><div class=\"form-check\"><input id=\"cf7_checkbox_2\" class=\"form-check-input\" type=\"checkbox\" name=\"newsletter_topics[]\" value=\"Roadtrip with friends\" \/><label class=\"form-check-label\" for=\"cf7_checkbox_2\"><span class=\"wpcf7-list-item-label\">Roadtrip with friends<\/span><\/label><\/div><div class=\"form-check\"><input id=\"cf7_checkbox_3\" class=\"form-check-input\" type=\"checkbox\" name=\"newsletter_topics[]\" value=\"Trip with my partner\" \/><label class=\"form-check-label\" for=\"cf7_checkbox_3\"><span class=\"wpcf7-list-item-label\">Trip with my partner<\/span><\/label><\/div><div class=\"form-check\"><input id=\"cf7_checkbox_4\" class=\"form-check-input\" type=\"checkbox\" name=\"newsletter_topics[]\" value=\"Other\" \/><label class=\"form-check-label\" for=\"cf7_checkbox_4\"><span class=\"wpcf7-list-item-label\">Other<\/span><\/label><\/div><\/span><\/span>\n<\/div>\n<\/div>\n<div class=\"form-row\">\n<div class=\"form-col\">\n<input class=\"wpcf7-form-control wpcf7-submit has-spinner\" type=\"submit\" value=\"Continue\" \/>\n<\/div>\n<\/div>\n<div class=\"form-row form-row-privacy\">\n<div class=\"form-col\">By sending this form you agree with the handling of your data in accordance with our <a href=\"\/en\/privacy-policy-gdpr\/\" target=\"_blank\">privacy policy<\/a>.\n<\/div>\n<\/div>\n<input class=\"wpcf7-form-control wpcf7-hidden\" value=\"\" type=\"hidden\" name=\"email\" \/>\n<input class=\"wpcf7-form-control wpcf7-hidden\" value=\"1\" type=\"hidden\" name=\"newsletter\" \/><div class=\"wpcf7-response-output\" aria-hidden=\"true\"><\/div>\n<\/form>\n<\/div>\n<\/div><div class=\"step d-none\"><h3>Good feelings are\u2028on the way!<\/h3><div class=\"buttons\"><a href=\"https:\/\/www.instagram.com\/touring_cars\/\" class=\"btn  btn-social btn-instagram\" target=\"_blank\" rel=\"noopener noreferrer\">Instagram<\/a><a href=\"https:\/\/www.facebook.com\/touringcars\/\" class=\"btn  btn-social btn-facebook\" target=\"_blank\" rel=\"noopener noreferrer\">Facebook<\/a><\/div><\/div><\/div>        <\/div>\r\n    <\/div>\r\n<\/section>","protected":false},"excerpt":{"rendered":"","protected":false},"author":2,"featured_media":4848,"parent":13755,"menu_order":301,"comment_status":"closed","ping_status":"closed","template":"","meta":{"_acf_changed":false,"footnotes":""},"class_list":["post-13373","page","type-page","status-publish","has-post-thumbnail","hentry"],"acf":[],"_links":{"self":[{"href":"https:\/\/www.touringcars.com\/no\/wp-json\/wp\/v2\/pages\/13373","targetHints":{"allow":["GET"]}}],"collection":[{"href":"https:\/\/www.touringcars.com\/no\/wp-json\/wp\/v2\/pages"}],"about":[{"href":"https:\/\/www.touringcars.com\/no\/wp-json\/wp\/v2\/types\/page"}],"author":[{"embeddable":true,"href":"https:\/\/www.touringcars.com\/no\/wp-json\/wp\/v2\/users\/2"}],"replies":[{"embeddable":true,"href":"https:\/\/www.touringcars.com\/no\/wp-json\/wp\/v2\/comments?post=13373"}],"version-history":[{"count":5,"href":"https:\/\/www.touringcars.com\/no\/wp-json\/wp\/v2\/pages\/13373\/revisions"}],"predecessor-version":[{"id":25625,"href":"https:\/\/www.touringcars.com\/no\/wp-json\/wp\/v2\/pages\/13373\/revisions\/25625"}],"up":[{"embeddable":true,"href":"https:\/\/www.touringcars.com\/no\/wp-json\/wp\/v2\/pages\/13755"}],"wp:featuredmedia":[{"embeddable":true,"href":"https:\/\/www.touringcars.com\/no\/wp-json\/wp\/v2\/media\/4848"}],"wp:attachment":[{"href":"https:\/\/www.touringcars.com\/no\/wp-json\/wp\/v2\/media?parent=13373"}],"curies":[{"name":"wp","href":"https:\/\/api.w.org\/{rel}","templated":true}]}}