{"id":7019,"date":"2025-02-17T13:18:47","date_gmt":"2025-02-17T13:18:47","guid":{"rendered":"https:\/\/touringcars.com\/campervan-category\/small\/"},"modified":"2026-03-17T12:11:06","modified_gmt":"2026-03-17T12:11:06","slug":"small","status":"publish","type":"campervans-groups","link":"https:\/\/www.touringcars.com\/fr\/vehicle-category\/small\/","title":{"rendered":"SMALL &#8211; pour 2"},"content":{"rendered":"<section class=\"block block-textimage\">\r\n    <div class=\"container\">\r\n        <div class=\"content-row image-placement-left\">\r\n            <div class=\"content-container reveal\">\r\n                <h3>Option plus spacieuse pour les couples<\/h3><p class=\"text-align-center\">Notre camping-car de location de cat\u00e9gorie Premium SMALL est le choix id\u00e9al pour un couple qui souhaite passer des vacances priv\u00e9es riches en exp\u00e9riences. Avec un camping-car compact, il est facile de conduire sur des routes \u00e9troites et pittoresques, ainsi que dans les rues urbaines. <\/p>\n            <\/div>\r\n            <div class=\"image-container reveal\">\r\n                <div class=\"glide image-slider\" data-uid=\"69f295b8e52e0\"><div class=\"glide__track\" data-glide-el=\"track\"><ul class=\"glide__slides\"><li class=\"glide__slide\"><img decoding=\"async\" src=\"https:\/\/www.touringcars.com\/wp-content\/uploads\/2025\/02\/2023_rm_optima_ontour_edition_v65_ge_innen_bettverbreiterung_BEAR_PRESSE_lowres.jpeg-533x300.webp\" srcset=\"https:\/\/www.touringcars.com\/wp-content\/uploads\/2025\/02\/2023_rm_optima_ontour_edition_v65_ge_innen_bettverbreiterung_BEAR_PRESSE_lowres.jpeg-300x169.webp 300w, https:\/\/www.touringcars.com\/wp-content\/uploads\/2025\/02\/2023_rm_optima_ontour_edition_v65_ge_innen_bettverbreiterung_BEAR_PRESSE_lowres.jpeg-768x432.webp 768w, https:\/\/www.touringcars.com\/wp-content\/uploads\/2025\/02\/2023_rm_optima_ontour_edition_v65_ge_innen_bettverbreiterung_BEAR_PRESSE_lowres.jpeg-714x402.webp 714w, https:\/\/www.touringcars.com\/wp-content\/uploads\/2025\/02\/2023_rm_optima_ontour_edition_v65_ge_innen_bettverbreiterung_BEAR_PRESSE_lowres.jpeg-533x300.webp 533w, https:\/\/www.touringcars.com\/wp-content\/uploads\/2025\/02\/2023_rm_optima_ontour_edition_v65_ge_innen_bettverbreiterung_BEAR_PRESSE_lowres.jpeg-846x476.webp 846w, https:\/\/www.touringcars.com\/wp-content\/uploads\/2025\/02\/2023_rm_optima_ontour_edition_v65_ge_innen_bettverbreiterung_BEAR_PRESSE_lowres.jpeg.webp 1024w\" alt=\"2023_rm_optima_ontour_edition_v65_ge_innen_bettverbreiterung_BEAR_PRESSE_lowres.jpeg\"><\/li><li class=\"glide__slide\"><img decoding=\"async\" src=\"https:\/\/www.touringcars.com\/wp-content\/uploads\/2025\/02\/carado-imagebank-data_VE_Semi-Integrated_T459_PI_2024_0123_21-31-41_WEB-574x323.jpg\" srcset=\"https:\/\/www.touringcars.com\/wp-content\/uploads\/2025\/02\/carado-imagebank-data_VE_Semi-Integrated_T459_PI_2024_0123_21-31-41_WEB-300x169.jpg 300w, https:\/\/www.touringcars.com\/wp-content\/uploads\/2025\/02\/carado-imagebank-data_VE_Semi-Integrated_T459_PI_2024_0123_21-31-41_WEB-1024x576.jpg 1024w, https:\/\/www.touringcars.com\/wp-content\/uploads\/2025\/02\/carado-imagebank-data_VE_Semi-Integrated_T459_PI_2024_0123_21-31-41_WEB-768x432.jpg 768w, https:\/\/www.touringcars.com\/wp-content\/uploads\/2025\/02\/carado-imagebank-data_VE_Semi-Integrated_T459_PI_2024_0123_21-31-41_WEB-1536x864.jpg 1536w, https:\/\/www.touringcars.com\/wp-content\/uploads\/2025\/02\/carado-imagebank-data_VE_Semi-Integrated_T459_PI_2024_0123_21-31-41_WEB-2048x1153.jpg 2048w, https:\/\/www.touringcars.com\/wp-content\/uploads\/2025\/02\/carado-imagebank-data_VE_Semi-Integrated_T459_PI_2024_0123_21-31-41_WEB-1920x1081.jpg 1920w, https:\/\/www.touringcars.com\/wp-content\/uploads\/2025\/02\/carado-imagebank-data_VE_Semi-Integrated_T459_PI_2024_0123_21-31-41_WEB-1054x593.jpg 1054w, https:\/\/www.touringcars.com\/wp-content\/uploads\/2025\/02\/carado-imagebank-data_VE_Semi-Integrated_T459_PI_2024_0123_21-31-41_WEB-714x402.jpg 714w, https:\/\/www.touringcars.com\/wp-content\/uploads\/2025\/02\/carado-imagebank-data_VE_Semi-Integrated_T459_PI_2024_0123_21-31-41_WEB-574x323.jpg 574w, https:\/\/www.touringcars.com\/wp-content\/uploads\/2025\/02\/carado-imagebank-data_VE_Semi-Integrated_T459_PI_2024_0123_21-31-41_WEB-846x476.jpg 846w\" alt=\"_carado-imagebank-data_VE_Semi-Integrated_T459_PI_2024_0123_21-31-41_WEB\"><\/li><li class=\"glide__slide\"><img decoding=\"async\" src=\"https:\/\/www.touringcars.com\/wp-content\/uploads\/2025\/02\/2021_rm_optima_ontour_edition_v65_ge_innen_kueche_BEAR_PRESSE_lowres.jpg-533x300.webp\" srcset=\"https:\/\/www.touringcars.com\/wp-content\/uploads\/2025\/02\/2021_rm_optima_ontour_edition_v65_ge_innen_kueche_BEAR_PRESSE_lowres.jpg-300x169.webp 300w, https:\/\/www.touringcars.com\/wp-content\/uploads\/2025\/02\/2021_rm_optima_ontour_edition_v65_ge_innen_kueche_BEAR_PRESSE_lowres.jpg-768x432.webp 768w, https:\/\/www.touringcars.com\/wp-content\/uploads\/2025\/02\/2021_rm_optima_ontour_edition_v65_ge_innen_kueche_BEAR_PRESSE_lowres.jpg-714x402.webp 714w, https:\/\/www.touringcars.com\/wp-content\/uploads\/2025\/02\/2021_rm_optima_ontour_edition_v65_ge_innen_kueche_BEAR_PRESSE_lowres.jpg-533x300.webp 533w, https:\/\/www.touringcars.com\/wp-content\/uploads\/2025\/02\/2021_rm_optima_ontour_edition_v65_ge_innen_kueche_BEAR_PRESSE_lowres.jpg-846x476.webp 846w, https:\/\/www.touringcars.com\/wp-content\/uploads\/2025\/02\/2021_rm_optima_ontour_edition_v65_ge_innen_kueche_BEAR_PRESSE_lowres.jpg.webp 1024w\" alt=\"2021_rm_optima_ontour_edition_v65_ge_innen_kueche_BEAR_PRESSE_lowres.jpg\"><\/li><li class=\"glide__slide\"><img decoding=\"async\" src=\"https:\/\/www.touringcars.com\/wp-content\/uploads\/2025\/02\/2021_rm_optima_ontour_edition_v65gq_queensbett_frontal_BEAR_PRESSE_lowres.jpg-533x300.webp\" srcset=\"https:\/\/www.touringcars.com\/wp-content\/uploads\/2025\/02\/2021_rm_optima_ontour_edition_v65gq_queensbett_frontal_BEAR_PRESSE_lowres.jpg-300x169.webp 300w, https:\/\/www.touringcars.com\/wp-content\/uploads\/2025\/02\/2021_rm_optima_ontour_edition_v65gq_queensbett_frontal_BEAR_PRESSE_lowres.jpg-768x432.webp 768w, https:\/\/www.touringcars.com\/wp-content\/uploads\/2025\/02\/2021_rm_optima_ontour_edition_v65gq_queensbett_frontal_BEAR_PRESSE_lowres.jpg-714x402.webp 714w, https:\/\/www.touringcars.com\/wp-content\/uploads\/2025\/02\/2021_rm_optima_ontour_edition_v65gq_queensbett_frontal_BEAR_PRESSE_lowres.jpg-533x300.webp 533w, https:\/\/www.touringcars.com\/wp-content\/uploads\/2025\/02\/2021_rm_optima_ontour_edition_v65gq_queensbett_frontal_BEAR_PRESSE_lowres.jpg-846x476.webp 846w, https:\/\/www.touringcars.com\/wp-content\/uploads\/2025\/02\/2021_rm_optima_ontour_edition_v65gq_queensbett_frontal_BEAR_PRESSE_lowres.jpg.webp 1024w\" alt=\"2021_rm_optima_ontour_edition_v65gq_queensbett_frontal_BEAR_PRESSE_lowres.jpg\"><\/li><li class=\"glide__slide\"><img decoding=\"async\" src=\"https:\/\/www.touringcars.com\/wp-content\/uploads\/2025\/02\/2022_rm_optima_ontour_edition_v65_ge_innen_arbeitsplattenerweiterung_BEAR_PRESSE_lowres.jpeg-533x300.webp\" srcset=\"https:\/\/www.touringcars.com\/wp-content\/uploads\/2025\/02\/2022_rm_optima_ontour_edition_v65_ge_innen_arbeitsplattenerweiterung_BEAR_PRESSE_lowres.jpeg-300x169.webp 300w, https:\/\/www.touringcars.com\/wp-content\/uploads\/2025\/02\/2022_rm_optima_ontour_edition_v65_ge_innen_arbeitsplattenerweiterung_BEAR_PRESSE_lowres.jpeg-768x432.webp 768w, https:\/\/www.touringcars.com\/wp-content\/uploads\/2025\/02\/2022_rm_optima_ontour_edition_v65_ge_innen_arbeitsplattenerweiterung_BEAR_PRESSE_lowres.jpeg-714x402.webp 714w, https:\/\/www.touringcars.com\/wp-content\/uploads\/2025\/02\/2022_rm_optima_ontour_edition_v65_ge_innen_arbeitsplattenerweiterung_BEAR_PRESSE_lowres.jpeg-533x300.webp 533w, https:\/\/www.touringcars.com\/wp-content\/uploads\/2025\/02\/2022_rm_optima_ontour_edition_v65_ge_innen_arbeitsplattenerweiterung_BEAR_PRESSE_lowres.jpeg-846x476.webp 846w, https:\/\/www.touringcars.com\/wp-content\/uploads\/2025\/02\/2022_rm_optima_ontour_edition_v65_ge_innen_arbeitsplattenerweiterung_BEAR_PRESSE_lowres.jpeg.webp 1024w\" alt=\"2022_rm_optima_ontour_edition_v65_ge_innen_arbeitsplattenerweiterung_BEAR_PRESSE_lowres.jpeg\"><\/li><li class=\"glide__slide\"><img decoding=\"async\" src=\"https:\/\/www.touringcars.com\/wp-content\/uploads\/2025\/02\/2020-rm-optima-deluxe-t70f-innen-people-kueche-051-PRESSE_lowres.jpg-533x300.webp\" srcset=\"https:\/\/www.touringcars.com\/wp-content\/uploads\/2025\/02\/2020-rm-optima-deluxe-t70f-innen-people-kueche-051-PRESSE_lowres.jpg-300x169.webp 300w, https:\/\/www.touringcars.com\/wp-content\/uploads\/2025\/02\/2020-rm-optima-deluxe-t70f-innen-people-kueche-051-PRESSE_lowres.jpg-768x432.webp 768w, https:\/\/www.touringcars.com\/wp-content\/uploads\/2025\/02\/2020-rm-optima-deluxe-t70f-innen-people-kueche-051-PRESSE_lowres.jpg-714x402.webp 714w, https:\/\/www.touringcars.com\/wp-content\/uploads\/2025\/02\/2020-rm-optima-deluxe-t70f-innen-people-kueche-051-PRESSE_lowres.jpg-533x300.webp 533w, https:\/\/www.touringcars.com\/wp-content\/uploads\/2025\/02\/2020-rm-optima-deluxe-t70f-innen-people-kueche-051-PRESSE_lowres.jpg-846x476.webp 846w, https:\/\/www.touringcars.com\/wp-content\/uploads\/2025\/02\/2020-rm-optima-deluxe-t70f-innen-people-kueche-051-PRESSE_lowres.jpg.webp 1024w\" alt=\"2020-rm-optima-deluxe-t70f-innen-people-kueche-051-PRESSE_lowres.jpg\"><\/li><\/ul><\/div><div class=\"glide__controls\"><div class=\"glide__arrows\" data-glide-el=\"controls\"><span class=\"glide__arrow glide__arrow--left\" aria-label=\"Gauche\" data-glide-dir=\"<\"><\/span><span class=\"glide__arrow glide__arrow--right\" aria-label=\"Droite\" data-glide-dir=\">\u00ab\u00a0><\/span><\/div><div class=\"glide__bullets\" data-glide-el=\"controls[nav]\"><span class=\"glide__bullet\" data-glide-dir=\"=0\" data-parent-uid=\"69f295b8e52e0\"><\/span><span class=\"glide__bullet\" data-glide-dir=\"=1\" data-parent-uid=\"69f295b8e52e0\"><\/span><span class=\"glide__bullet\" data-glide-dir=\"=2\" data-parent-uid=\"69f295b8e52e0\"><\/span><span class=\"glide__bullet\" data-glide-dir=\"=3\" data-parent-uid=\"69f295b8e52e0\"><\/span><span class=\"glide__bullet\" data-glide-dir=\"=4\" data-parent-uid=\"69f295b8e52e0\"><\/span><span class=\"glide__bullet\" data-glide-dir=\"=5\" data-parent-uid=\"69f295b8e52e0\"><\/span><\/div><\/div><\/div>            <\/div>\r\n        <\/div>\r\n    <\/div>\r\n<\/section>\n\n<section class=\"block block-iconrow bg-white bottom-spacing-zero\">\r\n    <div class=\"container\">\r\n        <div class=\"content-container reveal\">\r\n            <h2>Le meilleur rapport qualit\u00e9-prix<\/h2><div class=\"icon-row\"><div class=\"icon-item\"><img decoding=\"async\" src=\"https:\/\/www.touringcars.com\/wp-content\/uploads\/2025\/02\/Clean_blue.svg\" alt=\"Clean_blue\"><div class=\"label\">Total\u00e9ment \u00e9quip\u00e9, customis\u00e9 et bien entretenu<\/div><\/div><div class=\"icon-item\"><img decoding=\"async\" src=\"https:\/\/www.touringcars.com\/wp-content\/uploads\/2025\/02\/Five-stars_blue.svg\" alt=\"Five stars_blue\"><div class=\"label\">De service client personnalis\u00e9 tout au long du processus de location<\/div><\/div><div class=\"icon-item\"><img decoding=\"async\" src=\"https:\/\/www.touringcars.com\/wp-content\/uploads\/2025\/02\/Airport-transfer2_blue.svg\" alt=\"Airport transfer2_blue\"><div class=\"label\">Transferts a\u00e9roport sont inclus<\/div><\/div><div class=\"icon-item\"><img decoding=\"async\" src=\"https:\/\/www.touringcars.com\/wp-content\/uploads\/2025\/02\/road-assistance_blue.svg\" alt=\"road assistance_blue\"><div class=\"label\">24\/7 assistance routi\u00e8re<\/div><\/div><div class=\"icon-item\"><img decoding=\"async\" src=\"https:\/\/www.touringcars.com\/wp-content\/uploads\/2025\/02\/Unlimited-mileage-3_blue.svg\" alt=\"Unlimited mileage 3_blue\"><div class=\"label\">Kilom\u00e9trage illimit\u00e9<\/div><\/div><\/div>        <\/div>\r\n    <\/div>\r\n<\/section>\n\n<section class=\"block block-textimage hide-during-booking hide-on-vehicle-pages\">\r\n    <div class=\"container\">\r\n        <div class=\"content-row image-placement-right\">\r\n            <div class=\"content-container reveal\">\r\n                <h3>Caract\u00e9ristiques de SMALL<\/h3><ul>\n<li>Permis de conduire de niveau B requis<\/li>\n<li>Transmission manuelle \/ automatique<\/li>\n<li>Moteur turbo diesel<\/li>\n<li>Cuisine et couverts complets<\/li>\n<li>R\u00e9frig\u00e9rateur<\/li>\n<li>Cuisini\u00e8re \u00e0 gaz<\/li>\n<li>Toilettes et douche<\/li>\n<li>Chauffage et climatisation dans la voiture<\/li>\n<li>Navigation<\/li>\n<li>C\u00e2ble \u00e9lectrique<\/li>\n<li>Tuyau d&rsquo;arrosage et arrosoir<\/li>\n<\/ul>\n            <\/div>\r\n            <div class=\"image-container reveal\">\r\n                <div class=\"glide image-slider\" data-uid=\"69f295b8ef2a8\"><div class=\"glide__track\" data-glide-el=\"track\"><ul class=\"glide__slides\"><li class=\"glide__slide\"><img decoding=\"async\" src=\"https:\/\/www.touringcars.com\/wp-content\/uploads\/2025\/02\/carado-imagebank-data_VE_Overcab_A464_PI_2025_0007_21-31-41_web-1-225x300.jpg\" srcset=\"https:\/\/www.touringcars.com\/wp-content\/uploads\/2025\/02\/carado-imagebank-data_VE_Overcab_A464_PI_2025_0007_21-31-41_web-1-225x300.jpg 225w, https:\/\/www.touringcars.com\/wp-content\/uploads\/2025\/02\/carado-imagebank-data_VE_Overcab_A464_PI_2025_0007_21-31-41_web-1-768x1024.jpg 768w, https:\/\/www.touringcars.com\/wp-content\/uploads\/2025\/02\/carado-imagebank-data_VE_Overcab_A464_PI_2025_0007_21-31-41_web-1-1152x1536.jpg 1152w, https:\/\/www.touringcars.com\/wp-content\/uploads\/2025\/02\/carado-imagebank-data_VE_Overcab_A464_PI_2025_0007_21-31-41_web-1-1536x2048.jpg 1536w, https:\/\/www.touringcars.com\/wp-content\/uploads\/2025\/02\/carado-imagebank-data_VE_Overcab_A464_PI_2025_0007_21-31-41_web-1-445x593.jpg 445w, https:\/\/www.touringcars.com\/wp-content\/uploads\/2025\/02\/carado-imagebank-data_VE_Overcab_A464_PI_2025_0007_21-31-41_web-1-398x531.jpg 398w, https:\/\/www.touringcars.com\/wp-content\/uploads\/2025\/02\/carado-imagebank-data_VE_Overcab_A464_PI_2025_0007_21-31-41_web-1.jpg 1650w\" alt=\"_carado-imagebank-data_VE_Overcab_A464_PI_2025_0007_21-31-41_web\"><\/li><li class=\"glide__slide\"><img decoding=\"async\" src=\"https:\/\/www.touringcars.com\/wp-content\/uploads\/2025\/02\/carado-imagebank-data_VE_Van_V337_PI_2025_0134_21-31-41_web-200x300.jpg\" srcset=\"https:\/\/www.touringcars.com\/wp-content\/uploads\/2025\/02\/carado-imagebank-data_VE_Van_V337_PI_2025_0134_21-31-41_web-200x300.jpg 200w, https:\/\/www.touringcars.com\/wp-content\/uploads\/2025\/02\/carado-imagebank-data_VE_Van_V337_PI_2025_0134_21-31-41_web-682x1024.jpg 682w, https:\/\/www.touringcars.com\/wp-content\/uploads\/2025\/02\/carado-imagebank-data_VE_Van_V337_PI_2025_0134_21-31-41_web-768x1153.jpg 768w, https:\/\/www.touringcars.com\/wp-content\/uploads\/2025\/02\/carado-imagebank-data_VE_Van_V337_PI_2025_0134_21-31-41_web-1024x1536.jpg 1024w, https:\/\/www.touringcars.com\/wp-content\/uploads\/2025\/02\/carado-imagebank-data_VE_Van_V337_PI_2025_0134_21-31-41_web-1365x2048.jpg 1365w, https:\/\/www.touringcars.com\/wp-content\/uploads\/2025\/02\/carado-imagebank-data_VE_Van_V337_PI_2025_0134_21-31-41_web-395x593.jpg 395w, https:\/\/www.touringcars.com\/wp-content\/uploads\/2025\/02\/carado-imagebank-data_VE_Van_V337_PI_2025_0134_21-31-41_web-354x531.jpg 354w, https:\/\/www.touringcars.com\/wp-content\/uploads\/2025\/02\/carado-imagebank-data_VE_Van_V337_PI_2025_0134_21-31-41_web.jpg 1466w\" alt=\"_carado-imagebank-data_VE_Van_V337_PI_2025_0134_21-31-41_web\"><\/li><li class=\"glide__slide\"><img decoding=\"async\" src=\"https:\/\/www.touringcars.com\/wp-content\/uploads\/2025\/01\/carado-imagebank-data_VE_Camper-Van_CV600_IT_2025_1506_21-31-41_WEB-450x300.jpg\" srcset=\"https:\/\/www.touringcars.com\/wp-content\/uploads\/2025\/01\/carado-imagebank-data_VE_Camper-Van_CV600_IT_2025_1506_21-31-41_WEB-300x200.jpg 300w, https:\/\/www.touringcars.com\/wp-content\/uploads\/2025\/01\/carado-imagebank-data_VE_Camper-Van_CV600_IT_2025_1506_21-31-41_WEB-1024x682.jpg 1024w, https:\/\/www.touringcars.com\/wp-content\/uploads\/2025\/01\/carado-imagebank-data_VE_Camper-Van_CV600_IT_2025_1506_21-31-41_WEB-768x512.jpg 768w, https:\/\/www.touringcars.com\/wp-content\/uploads\/2025\/01\/carado-imagebank-data_VE_Camper-Van_CV600_IT_2025_1506_21-31-41_WEB-1536x1024.jpg 1536w, https:\/\/www.touringcars.com\/wp-content\/uploads\/2025\/01\/carado-imagebank-data_VE_Camper-Van_CV600_IT_2025_1506_21-31-41_WEB-2048x1365.jpg 2048w, https:\/\/www.touringcars.com\/wp-content\/uploads\/2025\/01\/carado-imagebank-data_VE_Camper-Van_CV600_IT_2025_1506_21-31-41_WEB-890x593.jpg 890w, https:\/\/www.touringcars.com\/wp-content\/uploads\/2025\/01\/carado-imagebank-data_VE_Camper-Van_CV600_IT_2025_1506_21-31-41_WEB-714x476.jpg 714w, https:\/\/www.touringcars.com\/wp-content\/uploads\/2025\/01\/carado-imagebank-data_VE_Camper-Van_CV600_IT_2025_1506_21-31-41_WEB-450x300.jpg 450w, https:\/\/www.touringcars.com\/wp-content\/uploads\/2025\/01\/carado-imagebank-data_VE_Camper-Van_CV600_IT_2025_1506_21-31-41_WEB-367x245.jpg 367w\" alt=\"_carado-imagebank-data_VE_Camper-Van_CV600_IT_2025_1506_21-31-41_WEB\"><\/li><\/ul><\/div><div class=\"glide__controls\"><div class=\"glide__arrows\" data-glide-el=\"controls\"><span class=\"glide__arrow glide__arrow--left\" aria-label=\"Gauche\" data-glide-dir=\"<\"><\/span><span class=\"glide__arrow glide__arrow--right\" aria-label=\"Droite\" data-glide-dir=\">\u00ab\u00a0><\/span><\/div><div class=\"glide__bullets\" data-glide-el=\"controls[nav]\"><span class=\"glide__bullet\" data-glide-dir=\"=0\" data-parent-uid=\"69f295b8ef2a8\"><\/span><span class=\"glide__bullet\" data-glide-dir=\"=1\" data-parent-uid=\"69f295b8ef2a8\"><\/span><span class=\"glide__bullet\" data-glide-dir=\"=2\" data-parent-uid=\"69f295b8ef2a8\"><\/span><\/div><\/div><\/div>            <\/div>\r\n        <\/div>\r\n    <\/div>\r\n<\/section>\n\n<section class=\"block block-gallery bottom-spacing-zero\">\r\n    <div class=\"container container-full\">\r\n        <h2>Configuration du v\u00e9hicule<\/h2><div class=\"image-gallery\"><a href=\"https:\/\/www.touringcars.com\/wp-content\/uploads\/2025\/01\/carado-imagebank-data_VE_Van_V337_GP_2025_0001_21-31-41_WEB.jpg\" class=\"lightbox\"><img decoding=\"async\" src=\"https:\/\/www.touringcars.com\/wp-content\/uploads\/2025\/01\/carado-imagebank-data_VE_Van_V337_GP_2025_0001_21-31-41_WEB-558x279.jpg\" srcset=\"https:\/\/www.touringcars.com\/wp-content\/uploads\/2025\/01\/carado-imagebank-data_VE_Van_V337_GP_2025_0001_21-31-41_WEB-300x150.jpg 300w, https:\/\/www.touringcars.com\/wp-content\/uploads\/2025\/01\/carado-imagebank-data_VE_Van_V337_GP_2025_0001_21-31-41_WEB-1024x512.jpg 1024w, https:\/\/www.touringcars.com\/wp-content\/uploads\/2025\/01\/carado-imagebank-data_VE_Van_V337_GP_2025_0001_21-31-41_WEB-768x384.jpg 768w, https:\/\/www.touringcars.com\/wp-content\/uploads\/2025\/01\/carado-imagebank-data_VE_Van_V337_GP_2025_0001_21-31-41_WEB-1536x768.jpg 1536w, https:\/\/www.touringcars.com\/wp-content\/uploads\/2025\/01\/carado-imagebank-data_VE_Van_V337_GP_2025_0001_21-31-41_WEB-2048x1024.jpg 2048w, https:\/\/www.touringcars.com\/wp-content\/uploads\/2025\/01\/carado-imagebank-data_VE_Van_V337_GP_2025_0001_21-31-41_WEB-1186x593.jpg 1186w, https:\/\/www.touringcars.com\/wp-content\/uploads\/2025\/01\/carado-imagebank-data_VE_Van_V337_GP_2025_0001_21-31-41_WEB-714x357.jpg 714w, https:\/\/www.touringcars.com\/wp-content\/uploads\/2025\/01\/carado-imagebank-data_VE_Van_V337_GP_2025_0001_21-31-41_WEB-558x279.jpg 558w\" alt=\"_carado-imagebank-data_VE_Van_V337_GP_2025_0001_21-31-41_WEB\"><\/a><a href=\"https:\/\/www.touringcars.com\/wp-content\/uploads\/2025\/01\/carado-imagebank-data_VE_Van_V339_GP_2025_0001_21-31-41_WEB.jpg\" class=\"lightbox\"><img decoding=\"async\" src=\"https:\/\/www.touringcars.com\/wp-content\/uploads\/2025\/01\/carado-imagebank-data_VE_Van_V339_GP_2025_0001_21-31-41_WEB-558x279.jpg\" srcset=\"https:\/\/www.touringcars.com\/wp-content\/uploads\/2025\/01\/carado-imagebank-data_VE_Van_V339_GP_2025_0001_21-31-41_WEB-300x150.jpg 300w, https:\/\/www.touringcars.com\/wp-content\/uploads\/2025\/01\/carado-imagebank-data_VE_Van_V339_GP_2025_0001_21-31-41_WEB-1024x512.jpg 1024w, https:\/\/www.touringcars.com\/wp-content\/uploads\/2025\/01\/carado-imagebank-data_VE_Van_V339_GP_2025_0001_21-31-41_WEB-768x384.jpg 768w, https:\/\/www.touringcars.com\/wp-content\/uploads\/2025\/01\/carado-imagebank-data_VE_Van_V339_GP_2025_0001_21-31-41_WEB-1536x768.jpg 1536w, https:\/\/www.touringcars.com\/wp-content\/uploads\/2025\/01\/carado-imagebank-data_VE_Van_V339_GP_2025_0001_21-31-41_WEB-2048x1024.jpg 2048w, https:\/\/www.touringcars.com\/wp-content\/uploads\/2025\/01\/carado-imagebank-data_VE_Van_V339_GP_2025_0001_21-31-41_WEB-1186x593.jpg 1186w, https:\/\/www.touringcars.com\/wp-content\/uploads\/2025\/01\/carado-imagebank-data_VE_Van_V339_GP_2025_0001_21-31-41_WEB-714x357.jpg 714w, https:\/\/www.touringcars.com\/wp-content\/uploads\/2025\/01\/carado-imagebank-data_VE_Van_V339_GP_2025_0001_21-31-41_WEB-558x279.jpg 558w\" alt=\"_carado-imagebank-data_VE_Van_V339_GP_2025_0001_21-31-41_WEB\"><\/a>    <\/div>\r\n<\/section>\n\n\n<p style=\"font-size:14px\">Veuillez noter que les types de camping-cars de location pr\u00e9sent\u00e9s sur ce site web le sont uniquement \u00e0 titre d&rsquo;illustration. Les v\u00e9hicules de location r\u00e9els diff\u00e8rent des photographies et des illustrations. Cela signifie que les d\u00e9tails du v\u00e9hicule, par exemple les dimensions du lit, peuvent varier. Touring Cars se r\u00e9serve le droit de modifier les sp\u00e9cifications et\/ou de fournir un v\u00e9hicule similaire ou de classe sup\u00e9rieure pour le prix annonc\u00e9 sans notification pr\u00e9alable.   <\/p>\n\n\n<section style=\"background-image: url(https:\/\/www.touringcars.com\/wp-content\/uploads\/2025\/02\/carado-imagebank-data_VE_Van_V337_PA_2025_1501_21-31-41_web.jpg)\" class=\"block block-centertext bg-image\">\r\n    <div class=\"container\">\r\n        <div class=\"content-container reveal\">\r\n            <h2>Int\u00e9rieur 360<\/h2><p>&nbsp;<\/p>\n<p><a id=\"open-website\" class=\"btn btn-wide\" href=\"https:\/\/carado.com\/fi\/fi_FI\/photosphere-image\/18446\" target=\"_blank\" rel=\"noopener\" data-iframe=\"true\" data-src=\"https:\/\/carado.com\/fi\/fi_FI\/photosphere-image\/6400\">Lit double \/ vue \u00e0 360<\/a><\/p>\n<p><a id=\"open-website\" class=\"btn btn-wide\" href=\"https:\/\/carado.com\/fi\/fi_FI\/photosphere-image\/7850\" target=\"_blank\" rel=\"noopener\" data-iframe=\"true\" data-src=\"https:\/\/carado.com\/fi\/fi_FI\/photosphere-image\/6400\">Lits jumeaux \/ vue \u00e0 360<\/a><\/p>\n<p>&nbsp;<\/p>\n        <\/div>\r\n    <\/div>\r\n<\/section>\n\n<section class=\"block block-gallery\">\r\n    <div class=\"container container-full\">\r\n        <div class=\"image-gallery\"><a href=\"https:\/\/www.touringcars.com\/wp-content\/uploads\/2025\/01\/carado-imagebank-data_VE_Van_V337_IT_2025_1506_21-31-41_web.jpg\" class=\"lightbox\"><img decoding=\"async\" src=\"https:\/\/www.touringcars.com\/wp-content\/uploads\/2025\/01\/carado-imagebank-data_VE_Van_V337_IT_2025_1506_21-31-41_web-450x300.jpg\" srcset=\"https:\/\/www.touringcars.com\/wp-content\/uploads\/2025\/01\/carado-imagebank-data_VE_Van_V337_IT_2025_1506_21-31-41_web-300x200.jpg 300w, https:\/\/www.touringcars.com\/wp-content\/uploads\/2025\/01\/carado-imagebank-data_VE_Van_V337_IT_2025_1506_21-31-41_web-1024x682.jpg 1024w, https:\/\/www.touringcars.com\/wp-content\/uploads\/2025\/01\/carado-imagebank-data_VE_Van_V337_IT_2025_1506_21-31-41_web-768x512.jpg 768w, https:\/\/www.touringcars.com\/wp-content\/uploads\/2025\/01\/carado-imagebank-data_VE_Van_V337_IT_2025_1506_21-31-41_web-1536x1024.jpg 1536w, https:\/\/www.touringcars.com\/wp-content\/uploads\/2025\/01\/carado-imagebank-data_VE_Van_V337_IT_2025_1506_21-31-41_web-2048x1365.jpg 2048w, https:\/\/www.touringcars.com\/wp-content\/uploads\/2025\/01\/carado-imagebank-data_VE_Van_V337_IT_2025_1506_21-31-41_web-890x593.jpg 890w, https:\/\/www.touringcars.com\/wp-content\/uploads\/2025\/01\/carado-imagebank-data_VE_Van_V337_IT_2025_1506_21-31-41_web-714x476.jpg 714w, https:\/\/www.touringcars.com\/wp-content\/uploads\/2025\/01\/carado-imagebank-data_VE_Van_V337_IT_2025_1506_21-31-41_web-450x300.jpg 450w, https:\/\/www.touringcars.com\/wp-content\/uploads\/2025\/01\/carado-imagebank-data_VE_Van_V337_IT_2025_1506_21-31-41_web-367x245.jpg 367w\" alt=\"_carado-imagebank-data_VE_Van_V337_IT_2025_1506_21-31-41_web\"><\/a><a href=\"https:\/\/www.touringcars.com\/wp-content\/uploads\/2025\/01\/carado-imagebank-data_VE_Van_V337_IT_2025_1507_21-31-41_web.jpg\" class=\"lightbox\"><img decoding=\"async\" src=\"https:\/\/www.touringcars.com\/wp-content\/uploads\/2025\/01\/carado-imagebank-data_VE_Van_V337_IT_2025_1507_21-31-41_web-450x300.jpg\" srcset=\"https:\/\/www.touringcars.com\/wp-content\/uploads\/2025\/01\/carado-imagebank-data_VE_Van_V337_IT_2025_1507_21-31-41_web-300x200.jpg 300w, https:\/\/www.touringcars.com\/wp-content\/uploads\/2025\/01\/carado-imagebank-data_VE_Van_V337_IT_2025_1507_21-31-41_web-1024x682.jpg 1024w, https:\/\/www.touringcars.com\/wp-content\/uploads\/2025\/01\/carado-imagebank-data_VE_Van_V337_IT_2025_1507_21-31-41_web-768x512.jpg 768w, https:\/\/www.touringcars.com\/wp-content\/uploads\/2025\/01\/carado-imagebank-data_VE_Van_V337_IT_2025_1507_21-31-41_web-1536x1024.jpg 1536w, https:\/\/www.touringcars.com\/wp-content\/uploads\/2025\/01\/carado-imagebank-data_VE_Van_V337_IT_2025_1507_21-31-41_web-2048x1365.jpg 2048w, https:\/\/www.touringcars.com\/wp-content\/uploads\/2025\/01\/carado-imagebank-data_VE_Van_V337_IT_2025_1507_21-31-41_web-890x593.jpg 890w, https:\/\/www.touringcars.com\/wp-content\/uploads\/2025\/01\/carado-imagebank-data_VE_Van_V337_IT_2025_1507_21-31-41_web-714x476.jpg 714w, https:\/\/www.touringcars.com\/wp-content\/uploads\/2025\/01\/carado-imagebank-data_VE_Van_V337_IT_2025_1507_21-31-41_web-450x300.jpg 450w, https:\/\/www.touringcars.com\/wp-content\/uploads\/2025\/01\/carado-imagebank-data_VE_Van_V337_IT_2025_1507_21-31-41_web-367x245.jpg 367w\" alt=\"_carado-imagebank-data_VE_Van_V337_IT_2025_1507_21-31-41_web\"><\/a><a href=\"https:\/\/www.touringcars.com\/wp-content\/uploads\/2025\/01\/carado-imagebank-data_VE_Van_V337_IT_2025_1501_21-31-41_web.jpg\" class=\"lightbox\"><img decoding=\"async\" src=\"https:\/\/www.touringcars.com\/wp-content\/uploads\/2025\/01\/carado-imagebank-data_VE_Van_V337_IT_2025_1501_21-31-41_web-450x300.jpg\" srcset=\"https:\/\/www.touringcars.com\/wp-content\/uploads\/2025\/01\/carado-imagebank-data_VE_Van_V337_IT_2025_1501_21-31-41_web-300x200.jpg 300w, https:\/\/www.touringcars.com\/wp-content\/uploads\/2025\/01\/carado-imagebank-data_VE_Van_V337_IT_2025_1501_21-31-41_web-1024x682.jpg 1024w, https:\/\/www.touringcars.com\/wp-content\/uploads\/2025\/01\/carado-imagebank-data_VE_Van_V337_IT_2025_1501_21-31-41_web-768x512.jpg 768w, https:\/\/www.touringcars.com\/wp-content\/uploads\/2025\/01\/carado-imagebank-data_VE_Van_V337_IT_2025_1501_21-31-41_web-1536x1024.jpg 1536w, https:\/\/www.touringcars.com\/wp-content\/uploads\/2025\/01\/carado-imagebank-data_VE_Van_V337_IT_2025_1501_21-31-41_web-2048x1365.jpg 2048w, https:\/\/www.touringcars.com\/wp-content\/uploads\/2025\/01\/carado-imagebank-data_VE_Van_V337_IT_2025_1501_21-31-41_web-890x593.jpg 890w, https:\/\/www.touringcars.com\/wp-content\/uploads\/2025\/01\/carado-imagebank-data_VE_Van_V337_IT_2025_1501_21-31-41_web-714x476.jpg 714w, https:\/\/www.touringcars.com\/wp-content\/uploads\/2025\/01\/carado-imagebank-data_VE_Van_V337_IT_2025_1501_21-31-41_web-450x300.jpg 450w, https:\/\/www.touringcars.com\/wp-content\/uploads\/2025\/01\/carado-imagebank-data_VE_Van_V337_IT_2025_1501_21-31-41_web-367x245.jpg 367w\" alt=\"_carado-imagebank-data_VE_Van_V337_IT_2025_1501_21-31-41_web\"><\/a><a href=\"https:\/\/www.touringcars.com\/wp-content\/uploads\/2025\/01\/carado-imagebank-data_VE_Van_V337_IT_2025_1500_21-31-41_web.jpg\" class=\"lightbox\"><img decoding=\"async\" src=\"https:\/\/www.touringcars.com\/wp-content\/uploads\/2025\/01\/carado-imagebank-data_VE_Van_V337_IT_2025_1500_21-31-41_web-450x300.jpg\" srcset=\"https:\/\/www.touringcars.com\/wp-content\/uploads\/2025\/01\/carado-imagebank-data_VE_Van_V337_IT_2025_1500_21-31-41_web-300x200.jpg 300w, https:\/\/www.touringcars.com\/wp-content\/uploads\/2025\/01\/carado-imagebank-data_VE_Van_V337_IT_2025_1500_21-31-41_web-1024x682.jpg 1024w, https:\/\/www.touringcars.com\/wp-content\/uploads\/2025\/01\/carado-imagebank-data_VE_Van_V337_IT_2025_1500_21-31-41_web-768x512.jpg 768w, https:\/\/www.touringcars.com\/wp-content\/uploads\/2025\/01\/carado-imagebank-data_VE_Van_V337_IT_2025_1500_21-31-41_web-1536x1024.jpg 1536w, https:\/\/www.touringcars.com\/wp-content\/uploads\/2025\/01\/carado-imagebank-data_VE_Van_V337_IT_2025_1500_21-31-41_web-2048x1365.jpg 2048w, https:\/\/www.touringcars.com\/wp-content\/uploads\/2025\/01\/carado-imagebank-data_VE_Van_V337_IT_2025_1500_21-31-41_web-890x593.jpg 890w, https:\/\/www.touringcars.com\/wp-content\/uploads\/2025\/01\/carado-imagebank-data_VE_Van_V337_IT_2025_1500_21-31-41_web-714x476.jpg 714w, https:\/\/www.touringcars.com\/wp-content\/uploads\/2025\/01\/carado-imagebank-data_VE_Van_V337_IT_2025_1500_21-31-41_web-450x300.jpg 450w, https:\/\/www.touringcars.com\/wp-content\/uploads\/2025\/01\/carado-imagebank-data_VE_Van_V337_IT_2025_1500_21-31-41_web-367x245.jpg 367w\" alt=\"_carado-imagebank-data_VE_Van_V337_IT_2025_1500_21-31-41_web\"><\/a><a href=\"https:\/\/www.touringcars.com\/wp-content\/uploads\/2025\/01\/carado-imagebank-data_VE_Van_V337_IT_2025_1502_21-31-41_web.jpg\" class=\"lightbox\"><img decoding=\"async\" src=\"https:\/\/www.touringcars.com\/wp-content\/uploads\/2025\/01\/carado-imagebank-data_VE_Van_V337_IT_2025_1502_21-31-41_web-450x300.jpg\" srcset=\"https:\/\/www.touringcars.com\/wp-content\/uploads\/2025\/01\/carado-imagebank-data_VE_Van_V337_IT_2025_1502_21-31-41_web-300x200.jpg 300w, https:\/\/www.touringcars.com\/wp-content\/uploads\/2025\/01\/carado-imagebank-data_VE_Van_V337_IT_2025_1502_21-31-41_web-1024x682.jpg 1024w, https:\/\/www.touringcars.com\/wp-content\/uploads\/2025\/01\/carado-imagebank-data_VE_Van_V337_IT_2025_1502_21-31-41_web-768x512.jpg 768w, https:\/\/www.touringcars.com\/wp-content\/uploads\/2025\/01\/carado-imagebank-data_VE_Van_V337_IT_2025_1502_21-31-41_web-1536x1024.jpg 1536w, https:\/\/www.touringcars.com\/wp-content\/uploads\/2025\/01\/carado-imagebank-data_VE_Van_V337_IT_2025_1502_21-31-41_web-2048x1365.jpg 2048w, https:\/\/www.touringcars.com\/wp-content\/uploads\/2025\/01\/carado-imagebank-data_VE_Van_V337_IT_2025_1502_21-31-41_web-890x593.jpg 890w, https:\/\/www.touringcars.com\/wp-content\/uploads\/2025\/01\/carado-imagebank-data_VE_Van_V337_IT_2025_1502_21-31-41_web-714x476.jpg 714w, https:\/\/www.touringcars.com\/wp-content\/uploads\/2025\/01\/carado-imagebank-data_VE_Van_V337_IT_2025_1502_21-31-41_web-450x300.jpg 450w, https:\/\/www.touringcars.com\/wp-content\/uploads\/2025\/01\/carado-imagebank-data_VE_Van_V337_IT_2025_1502_21-31-41_web-367x245.jpg 367w\" alt=\"_carado-imagebank-data_VE_Van_V337_IT_2025_1502_21-31-41_web\"><\/a><a href=\"https:\/\/www.touringcars.com\/wp-content\/uploads\/2025\/01\/carado-imagebank-data_VE_Van_V337_IT_2025_1510_21-31-41_web.jpg\" class=\"lightbox\"><img decoding=\"async\" src=\"https:\/\/www.touringcars.com\/wp-content\/uploads\/2025\/01\/carado-imagebank-data_VE_Van_V337_IT_2025_1510_21-31-41_web-450x300.jpg\" srcset=\"https:\/\/www.touringcars.com\/wp-content\/uploads\/2025\/01\/carado-imagebank-data_VE_Van_V337_IT_2025_1510_21-31-41_web-300x200.jpg 300w, https:\/\/www.touringcars.com\/wp-content\/uploads\/2025\/01\/carado-imagebank-data_VE_Van_V337_IT_2025_1510_21-31-41_web-1024x682.jpg 1024w, https:\/\/www.touringcars.com\/wp-content\/uploads\/2025\/01\/carado-imagebank-data_VE_Van_V337_IT_2025_1510_21-31-41_web-768x512.jpg 768w, https:\/\/www.touringcars.com\/wp-content\/uploads\/2025\/01\/carado-imagebank-data_VE_Van_V337_IT_2025_1510_21-31-41_web-1536x1024.jpg 1536w, https:\/\/www.touringcars.com\/wp-content\/uploads\/2025\/01\/carado-imagebank-data_VE_Van_V337_IT_2025_1510_21-31-41_web-2048x1365.jpg 2048w, https:\/\/www.touringcars.com\/wp-content\/uploads\/2025\/01\/carado-imagebank-data_VE_Van_V337_IT_2025_1510_21-31-41_web-890x593.jpg 890w, https:\/\/www.touringcars.com\/wp-content\/uploads\/2025\/01\/carado-imagebank-data_VE_Van_V337_IT_2025_1510_21-31-41_web-714x476.jpg 714w, https:\/\/www.touringcars.com\/wp-content\/uploads\/2025\/01\/carado-imagebank-data_VE_Van_V337_IT_2025_1510_21-31-41_web-450x300.jpg 450w, https:\/\/www.touringcars.com\/wp-content\/uploads\/2025\/01\/carado-imagebank-data_VE_Van_V337_IT_2025_1510_21-31-41_web-367x245.jpg 367w\" alt=\"_carado-imagebank-data_VE_Van_V337_IT_2025_1510_21-31-41_web\"><\/a><a href=\"https:\/\/www.touringcars.com\/wp-content\/uploads\/2025\/01\/carado-imagebank-data_VE_Van_V337_IT_2025_1511_21-31-41_web.jpg\" class=\"lightbox\"><img decoding=\"async\" src=\"https:\/\/www.touringcars.com\/wp-content\/uploads\/2025\/01\/carado-imagebank-data_VE_Van_V337_IT_2025_1511_21-31-41_web-450x300.jpg\" srcset=\"https:\/\/www.touringcars.com\/wp-content\/uploads\/2025\/01\/carado-imagebank-data_VE_Van_V337_IT_2025_1511_21-31-41_web-300x200.jpg 300w, https:\/\/www.touringcars.com\/wp-content\/uploads\/2025\/01\/carado-imagebank-data_VE_Van_V337_IT_2025_1511_21-31-41_web-1024x682.jpg 1024w, https:\/\/www.touringcars.com\/wp-content\/uploads\/2025\/01\/carado-imagebank-data_VE_Van_V337_IT_2025_1511_21-31-41_web-768x512.jpg 768w, https:\/\/www.touringcars.com\/wp-content\/uploads\/2025\/01\/carado-imagebank-data_VE_Van_V337_IT_2025_1511_21-31-41_web-1536x1024.jpg 1536w, https:\/\/www.touringcars.com\/wp-content\/uploads\/2025\/01\/carado-imagebank-data_VE_Van_V337_IT_2025_1511_21-31-41_web-2048x1365.jpg 2048w, https:\/\/www.touringcars.com\/wp-content\/uploads\/2025\/01\/carado-imagebank-data_VE_Van_V337_IT_2025_1511_21-31-41_web-890x593.jpg 890w, https:\/\/www.touringcars.com\/wp-content\/uploads\/2025\/01\/carado-imagebank-data_VE_Van_V337_IT_2025_1511_21-31-41_web-714x476.jpg 714w, https:\/\/www.touringcars.com\/wp-content\/uploads\/2025\/01\/carado-imagebank-data_VE_Van_V337_IT_2025_1511_21-31-41_web-450x300.jpg 450w, https:\/\/www.touringcars.com\/wp-content\/uploads\/2025\/01\/carado-imagebank-data_VE_Van_V337_IT_2025_1511_21-31-41_web-367x245.jpg 367w\" alt=\"_carado-imagebank-data_VE_Van_V337_IT_2025_1511_21-31-41_web\"><\/a><a href=\"https:\/\/www.touringcars.com\/wp-content\/uploads\/2025\/01\/carado-imagebank-data_VE_Van_V337_IT_2025_1509_21-31-41_web.jpg\" class=\"lightbox\"><img decoding=\"async\" src=\"https:\/\/www.touringcars.com\/wp-content\/uploads\/2025\/01\/carado-imagebank-data_VE_Van_V337_IT_2025_1509_21-31-41_web-450x300.jpg\" srcset=\"https:\/\/www.touringcars.com\/wp-content\/uploads\/2025\/01\/carado-imagebank-data_VE_Van_V337_IT_2025_1509_21-31-41_web-300x200.jpg 300w, https:\/\/www.touringcars.com\/wp-content\/uploads\/2025\/01\/carado-imagebank-data_VE_Van_V337_IT_2025_1509_21-31-41_web-1024x682.jpg 1024w, https:\/\/www.touringcars.com\/wp-content\/uploads\/2025\/01\/carado-imagebank-data_VE_Van_V337_IT_2025_1509_21-31-41_web-768x512.jpg 768w, https:\/\/www.touringcars.com\/wp-content\/uploads\/2025\/01\/carado-imagebank-data_VE_Van_V337_IT_2025_1509_21-31-41_web-1536x1024.jpg 1536w, https:\/\/www.touringcars.com\/wp-content\/uploads\/2025\/01\/carado-imagebank-data_VE_Van_V337_IT_2025_1509_21-31-41_web-2048x1365.jpg 2048w, https:\/\/www.touringcars.com\/wp-content\/uploads\/2025\/01\/carado-imagebank-data_VE_Van_V337_IT_2025_1509_21-31-41_web-890x593.jpg 890w, https:\/\/www.touringcars.com\/wp-content\/uploads\/2025\/01\/carado-imagebank-data_VE_Van_V337_IT_2025_1509_21-31-41_web-714x476.jpg 714w, https:\/\/www.touringcars.com\/wp-content\/uploads\/2025\/01\/carado-imagebank-data_VE_Van_V337_IT_2025_1509_21-31-41_web-450x300.jpg 450w, https:\/\/www.touringcars.com\/wp-content\/uploads\/2025\/01\/carado-imagebank-data_VE_Van_V337_IT_2025_1509_21-31-41_web-367x245.jpg 367w\" alt=\"_carado-imagebank-data_VE_Van_V337_IT_2025_1509_21-31-41_web\"><\/a><a href=\"https:\/\/www.touringcars.com\/wp-content\/uploads\/2025\/01\/carado-imagebank-data_VE_Van_V337_IT_2025_1508_21-31-41_web.jpg\" class=\"lightbox\"><img decoding=\"async\" src=\"https:\/\/www.touringcars.com\/wp-content\/uploads\/2025\/01\/carado-imagebank-data_VE_Van_V337_IT_2025_1508_21-31-41_web-450x300.jpg\" srcset=\"https:\/\/www.touringcars.com\/wp-content\/uploads\/2025\/01\/carado-imagebank-data_VE_Van_V337_IT_2025_1508_21-31-41_web-300x200.jpg 300w, https:\/\/www.touringcars.com\/wp-content\/uploads\/2025\/01\/carado-imagebank-data_VE_Van_V337_IT_2025_1508_21-31-41_web-1024x682.jpg 1024w, https:\/\/www.touringcars.com\/wp-content\/uploads\/2025\/01\/carado-imagebank-data_VE_Van_V337_IT_2025_1508_21-31-41_web-768x512.jpg 768w, https:\/\/www.touringcars.com\/wp-content\/uploads\/2025\/01\/carado-imagebank-data_VE_Van_V337_IT_2025_1508_21-31-41_web-1536x1024.jpg 1536w, https:\/\/www.touringcars.com\/wp-content\/uploads\/2025\/01\/carado-imagebank-data_VE_Van_V337_IT_2025_1508_21-31-41_web-2048x1365.jpg 2048w, https:\/\/www.touringcars.com\/wp-content\/uploads\/2025\/01\/carado-imagebank-data_VE_Van_V337_IT_2025_1508_21-31-41_web-890x593.jpg 890w, https:\/\/www.touringcars.com\/wp-content\/uploads\/2025\/01\/carado-imagebank-data_VE_Van_V337_IT_2025_1508_21-31-41_web-714x476.jpg 714w, https:\/\/www.touringcars.com\/wp-content\/uploads\/2025\/01\/carado-imagebank-data_VE_Van_V337_IT_2025_1508_21-31-41_web-450x300.jpg 450w, https:\/\/www.touringcars.com\/wp-content\/uploads\/2025\/01\/carado-imagebank-data_VE_Van_V337_IT_2025_1508_21-31-41_web-367x245.jpg 367w\" alt=\"_carado-imagebank-data_VE_Van_V337_IT_2025_1508_21-31-41_web\"><\/a><a href=\"https:\/\/www.touringcars.com\/wp-content\/uploads\/2025\/01\/carado-imagebank-data_VE_Van_V337_IT_2025_1505_21-31-41_web.jpg\" class=\"lightbox\"><img decoding=\"async\" src=\"https:\/\/www.touringcars.com\/wp-content\/uploads\/2025\/01\/carado-imagebank-data_VE_Van_V337_IT_2025_1505_21-31-41_web-450x300.jpg\" srcset=\"https:\/\/www.touringcars.com\/wp-content\/uploads\/2025\/01\/carado-imagebank-data_VE_Van_V337_IT_2025_1505_21-31-41_web-300x200.jpg 300w, https:\/\/www.touringcars.com\/wp-content\/uploads\/2025\/01\/carado-imagebank-data_VE_Van_V337_IT_2025_1505_21-31-41_web-1024x682.jpg 1024w, https:\/\/www.touringcars.com\/wp-content\/uploads\/2025\/01\/carado-imagebank-data_VE_Van_V337_IT_2025_1505_21-31-41_web-768x512.jpg 768w, https:\/\/www.touringcars.com\/wp-content\/uploads\/2025\/01\/carado-imagebank-data_VE_Van_V337_IT_2025_1505_21-31-41_web-1536x1024.jpg 1536w, https:\/\/www.touringcars.com\/wp-content\/uploads\/2025\/01\/carado-imagebank-data_VE_Van_V337_IT_2025_1505_21-31-41_web-2048x1365.jpg 2048w, https:\/\/www.touringcars.com\/wp-content\/uploads\/2025\/01\/carado-imagebank-data_VE_Van_V337_IT_2025_1505_21-31-41_web-890x593.jpg 890w, https:\/\/www.touringcars.com\/wp-content\/uploads\/2025\/01\/carado-imagebank-data_VE_Van_V337_IT_2025_1505_21-31-41_web-714x476.jpg 714w, https:\/\/www.touringcars.com\/wp-content\/uploads\/2025\/01\/carado-imagebank-data_VE_Van_V337_IT_2025_1505_21-31-41_web-450x300.jpg 450w, https:\/\/www.touringcars.com\/wp-content\/uploads\/2025\/01\/carado-imagebank-data_VE_Van_V337_IT_2025_1505_21-31-41_web-367x245.jpg 367w\" alt=\"_carado-imagebank-data_VE_Van_V337_IT_2025_1505_21-31-41_web\"><\/a><a href=\"https:\/\/www.touringcars.com\/wp-content\/uploads\/2025\/01\/carado-imagebank-data_VE_Van_V337_IT_2025_1503_21-31-41_web.jpg\" class=\"lightbox\"><img decoding=\"async\" src=\"https:\/\/www.touringcars.com\/wp-content\/uploads\/2025\/01\/carado-imagebank-data_VE_Van_V337_IT_2025_1503_21-31-41_web-450x300.jpg\" srcset=\"https:\/\/www.touringcars.com\/wp-content\/uploads\/2025\/01\/carado-imagebank-data_VE_Van_V337_IT_2025_1503_21-31-41_web-300x200.jpg 300w, https:\/\/www.touringcars.com\/wp-content\/uploads\/2025\/01\/carado-imagebank-data_VE_Van_V337_IT_2025_1503_21-31-41_web-1024x682.jpg 1024w, https:\/\/www.touringcars.com\/wp-content\/uploads\/2025\/01\/carado-imagebank-data_VE_Van_V337_IT_2025_1503_21-31-41_web-768x512.jpg 768w, https:\/\/www.touringcars.com\/wp-content\/uploads\/2025\/01\/carado-imagebank-data_VE_Van_V337_IT_2025_1503_21-31-41_web-1536x1024.jpg 1536w, https:\/\/www.touringcars.com\/wp-content\/uploads\/2025\/01\/carado-imagebank-data_VE_Van_V337_IT_2025_1503_21-31-41_web-2048x1365.jpg 2048w, https:\/\/www.touringcars.com\/wp-content\/uploads\/2025\/01\/carado-imagebank-data_VE_Van_V337_IT_2025_1503_21-31-41_web-890x593.jpg 890w, https:\/\/www.touringcars.com\/wp-content\/uploads\/2025\/01\/carado-imagebank-data_VE_Van_V337_IT_2025_1503_21-31-41_web-714x476.jpg 714w, https:\/\/www.touringcars.com\/wp-content\/uploads\/2025\/01\/carado-imagebank-data_VE_Van_V337_IT_2025_1503_21-31-41_web-450x300.jpg 450w, https:\/\/www.touringcars.com\/wp-content\/uploads\/2025\/01\/carado-imagebank-data_VE_Van_V337_IT_2025_1503_21-31-41_web-367x245.jpg 367w\" alt=\"_carado-imagebank-data_VE_Van_V337_IT_2025_1503_21-31-41_web\"><\/a><a href=\"https:\/\/www.touringcars.com\/wp-content\/uploads\/2025\/01\/carado-imagebank-data_VE_Van_V337_IT_2025_1504_21-31-41_web.jpg\" class=\"lightbox\"><img decoding=\"async\" src=\"https:\/\/www.touringcars.com\/wp-content\/uploads\/2025\/01\/carado-imagebank-data_VE_Van_V337_IT_2025_1504_21-31-41_web-450x300.jpg\" srcset=\"https:\/\/www.touringcars.com\/wp-content\/uploads\/2025\/01\/carado-imagebank-data_VE_Van_V337_IT_2025_1504_21-31-41_web-300x200.jpg 300w, https:\/\/www.touringcars.com\/wp-content\/uploads\/2025\/01\/carado-imagebank-data_VE_Van_V337_IT_2025_1504_21-31-41_web-1024x682.jpg 1024w, https:\/\/www.touringcars.com\/wp-content\/uploads\/2025\/01\/carado-imagebank-data_VE_Van_V337_IT_2025_1504_21-31-41_web-768x512.jpg 768w, https:\/\/www.touringcars.com\/wp-content\/uploads\/2025\/01\/carado-imagebank-data_VE_Van_V337_IT_2025_1504_21-31-41_web-1536x1024.jpg 1536w, https:\/\/www.touringcars.com\/wp-content\/uploads\/2025\/01\/carado-imagebank-data_VE_Van_V337_IT_2025_1504_21-31-41_web-2048x1365.jpg 2048w, https:\/\/www.touringcars.com\/wp-content\/uploads\/2025\/01\/carado-imagebank-data_VE_Van_V337_IT_2025_1504_21-31-41_web-890x593.jpg 890w, https:\/\/www.touringcars.com\/wp-content\/uploads\/2025\/01\/carado-imagebank-data_VE_Van_V337_IT_2025_1504_21-31-41_web-714x476.jpg 714w, https:\/\/www.touringcars.com\/wp-content\/uploads\/2025\/01\/carado-imagebank-data_VE_Van_V337_IT_2025_1504_21-31-41_web-450x300.jpg 450w, https:\/\/www.touringcars.com\/wp-content\/uploads\/2025\/01\/carado-imagebank-data_VE_Van_V337_IT_2025_1504_21-31-41_web-367x245.jpg 367w\" alt=\"_carado-imagebank-data_VE_Van_V337_IT_2025_1504_21-31-41_web\"><\/a><a href=\"https:\/\/www.touringcars.com\/wp-content\/uploads\/2025\/01\/carado-imagebank-data_VE_Van_V339_IT_2025_1503_21-31-41_web.jpg\" class=\"lightbox\"><img decoding=\"async\" src=\"https:\/\/www.touringcars.com\/wp-content\/uploads\/2025\/01\/carado-imagebank-data_VE_Van_V339_IT_2025_1503_21-31-41_web-450x300.jpg\" srcset=\"https:\/\/www.touringcars.com\/wp-content\/uploads\/2025\/01\/carado-imagebank-data_VE_Van_V339_IT_2025_1503_21-31-41_web-300x200.jpg 300w, https:\/\/www.touringcars.com\/wp-content\/uploads\/2025\/01\/carado-imagebank-data_VE_Van_V339_IT_2025_1503_21-31-41_web-1024x682.jpg 1024w, https:\/\/www.touringcars.com\/wp-content\/uploads\/2025\/01\/carado-imagebank-data_VE_Van_V339_IT_2025_1503_21-31-41_web-768x512.jpg 768w, https:\/\/www.touringcars.com\/wp-content\/uploads\/2025\/01\/carado-imagebank-data_VE_Van_V339_IT_2025_1503_21-31-41_web-1536x1024.jpg 1536w, https:\/\/www.touringcars.com\/wp-content\/uploads\/2025\/01\/carado-imagebank-data_VE_Van_V339_IT_2025_1503_21-31-41_web-2048x1365.jpg 2048w, https:\/\/www.touringcars.com\/wp-content\/uploads\/2025\/01\/carado-imagebank-data_VE_Van_V339_IT_2025_1503_21-31-41_web-890x593.jpg 890w, https:\/\/www.touringcars.com\/wp-content\/uploads\/2025\/01\/carado-imagebank-data_VE_Van_V339_IT_2025_1503_21-31-41_web-714x476.jpg 714w, https:\/\/www.touringcars.com\/wp-content\/uploads\/2025\/01\/carado-imagebank-data_VE_Van_V339_IT_2025_1503_21-31-41_web-450x300.jpg 450w, https:\/\/www.touringcars.com\/wp-content\/uploads\/2025\/01\/carado-imagebank-data_VE_Van_V339_IT_2025_1503_21-31-41_web-367x245.jpg 367w\" alt=\"_carado-imagebank-data_VE_Van_V339_IT_2025_1503_21-31-41_web\"><\/a><a href=\"https:\/\/www.touringcars.com\/wp-content\/uploads\/2025\/01\/carado-imagebank-data_VE_Van_V339_IT_2025_1505_21-31-41_web.jpg\" class=\"lightbox\"><img decoding=\"async\" src=\"https:\/\/www.touringcars.com\/wp-content\/uploads\/2025\/01\/carado-imagebank-data_VE_Van_V339_IT_2025_1505_21-31-41_web-450x300.jpg\" srcset=\"https:\/\/www.touringcars.com\/wp-content\/uploads\/2025\/01\/carado-imagebank-data_VE_Van_V339_IT_2025_1505_21-31-41_web-300x200.jpg 300w, https:\/\/www.touringcars.com\/wp-content\/uploads\/2025\/01\/carado-imagebank-data_VE_Van_V339_IT_2025_1505_21-31-41_web-1024x682.jpg 1024w, https:\/\/www.touringcars.com\/wp-content\/uploads\/2025\/01\/carado-imagebank-data_VE_Van_V339_IT_2025_1505_21-31-41_web-768x512.jpg 768w, https:\/\/www.touringcars.com\/wp-content\/uploads\/2025\/01\/carado-imagebank-data_VE_Van_V339_IT_2025_1505_21-31-41_web-1536x1024.jpg 1536w, https:\/\/www.touringcars.com\/wp-content\/uploads\/2025\/01\/carado-imagebank-data_VE_Van_V339_IT_2025_1505_21-31-41_web-2048x1365.jpg 2048w, https:\/\/www.touringcars.com\/wp-content\/uploads\/2025\/01\/carado-imagebank-data_VE_Van_V339_IT_2025_1505_21-31-41_web-890x593.jpg 890w, https:\/\/www.touringcars.com\/wp-content\/uploads\/2025\/01\/carado-imagebank-data_VE_Van_V339_IT_2025_1505_21-31-41_web-714x476.jpg 714w, https:\/\/www.touringcars.com\/wp-content\/uploads\/2025\/01\/carado-imagebank-data_VE_Van_V339_IT_2025_1505_21-31-41_web-450x300.jpg 450w, https:\/\/www.touringcars.com\/wp-content\/uploads\/2025\/01\/carado-imagebank-data_VE_Van_V339_IT_2025_1505_21-31-41_web-367x245.jpg 367w\" alt=\"_carado-imagebank-data_VE_Van_V339_IT_2025_1505_21-31-41_web\"><\/a><a href=\"https:\/\/www.touringcars.com\/wp-content\/uploads\/2025\/01\/carado-imagebank-data_VE_Van_V339_IT_2025_1504_21-31-41_web.jpg\" class=\"lightbox\"><img decoding=\"async\" src=\"https:\/\/www.touringcars.com\/wp-content\/uploads\/2025\/01\/carado-imagebank-data_VE_Van_V339_IT_2025_1504_21-31-41_web-450x300.jpg\" srcset=\"https:\/\/www.touringcars.com\/wp-content\/uploads\/2025\/01\/carado-imagebank-data_VE_Van_V339_IT_2025_1504_21-31-41_web-300x200.jpg 300w, https:\/\/www.touringcars.com\/wp-content\/uploads\/2025\/01\/carado-imagebank-data_VE_Van_V339_IT_2025_1504_21-31-41_web-1024x682.jpg 1024w, https:\/\/www.touringcars.com\/wp-content\/uploads\/2025\/01\/carado-imagebank-data_VE_Van_V339_IT_2025_1504_21-31-41_web-768x512.jpg 768w, https:\/\/www.touringcars.com\/wp-content\/uploads\/2025\/01\/carado-imagebank-data_VE_Van_V339_IT_2025_1504_21-31-41_web-1536x1024.jpg 1536w, https:\/\/www.touringcars.com\/wp-content\/uploads\/2025\/01\/carado-imagebank-data_VE_Van_V339_IT_2025_1504_21-31-41_web-2048x1365.jpg 2048w, https:\/\/www.touringcars.com\/wp-content\/uploads\/2025\/01\/carado-imagebank-data_VE_Van_V339_IT_2025_1504_21-31-41_web-890x593.jpg 890w, https:\/\/www.touringcars.com\/wp-content\/uploads\/2025\/01\/carado-imagebank-data_VE_Van_V339_IT_2025_1504_21-31-41_web-714x476.jpg 714w, https:\/\/www.touringcars.com\/wp-content\/uploads\/2025\/01\/carado-imagebank-data_VE_Van_V339_IT_2025_1504_21-31-41_web-450x300.jpg 450w, https:\/\/www.touringcars.com\/wp-content\/uploads\/2025\/01\/carado-imagebank-data_VE_Van_V339_IT_2025_1504_21-31-41_web-367x245.jpg 367w\" alt=\"_carado-imagebank-data_VE_Van_V339_IT_2025_1504_21-31-41_web\"><\/a>    <\/div>\r\n<\/section>\n\n<section class=\"block block-textimage\">\r\n    <div class=\"container\">\r\n        <div class=\"content-row image-placement-left\">\r\n            <div class=\"content-container reveal\">\r\n                <h3>B\u00e9n\u00e9ficiez de services cinq \u00e9toiles et d&#039;un h\u00e9bergement de qualit\u00e9, comme \u00e0 la maison.<\/h3><p>Pour une exp\u00e9rience de service exclusive, tous nos tarifs de location de camping-cars et de vans am\u00e9nag\u00e9s incluent :<\/p>\n<ul>\n<li>Transferts VIP depuis et vers l\u2019a\u00e9roport.<\/li>\n<li>Une pr\u00e9sentation personnalis\u00e9e compl\u00e8te sur l&rsquo;utilisation de tous les \u00e9quipements \u00e0 bord de votre v\u00e9hicule de location.<\/li>\n<li>Un livret d&rsquo;instructions d\u00e9taill\u00e9 pour vous garantir des vacances sans souci.<\/li>\n<li>Une assistance t\u00e9l\u00e9phonique 24h\/24 et 7j\/7 pour toutes vos questions techniques ou routi\u00e8res (Service d&rsquo;assistance routi\u00e8re).<\/li>\n<li>Un service de remplacement du v\u00e9hicule en cas de dysfonctionnement grave.<\/li>\n<li>De plus, vous pouvez conduire autant que vous le souhaitez durant votre s\u00e9jour : il n&rsquo;y a aucune limitation de kilom\u00e9trage (kilom\u00e9trage illimit\u00e9).<\/li>\n<\/ul>\n            <\/div>\r\n            <div class=\"image-container reveal image-high\">\r\n                <img decoding=\"async\" src=\"https:\/\/www.touringcars.com\/wp-content\/uploads\/2025\/02\/TC_Vehicle_7-451x300.jpg\" srcset=\"https:\/\/www.touringcars.com\/wp-content\/uploads\/2025\/02\/TC_Vehicle_7-300x200.jpg 300w, https:\/\/www.touringcars.com\/wp-content\/uploads\/2025\/02\/TC_Vehicle_7-1024x681.jpg 1024w, https:\/\/www.touringcars.com\/wp-content\/uploads\/2025\/02\/TC_Vehicle_7-768x511.jpg 768w, https:\/\/www.touringcars.com\/wp-content\/uploads\/2025\/02\/TC_Vehicle_7-1536x1022.jpg 1536w, https:\/\/www.touringcars.com\/wp-content\/uploads\/2025\/02\/TC_Vehicle_7-2048x1363.jpg 2048w, https:\/\/www.touringcars.com\/wp-content\/uploads\/2025\/02\/TC_Vehicle_7-1920x1278.jpg 1920w, https:\/\/www.touringcars.com\/wp-content\/uploads\/2025\/02\/TC_Vehicle_7-891x593.jpg 891w, https:\/\/www.touringcars.com\/wp-content\/uploads\/2025\/02\/TC_Vehicle_7-714x475.jpg 714w, https:\/\/www.touringcars.com\/wp-content\/uploads\/2025\/02\/TC_Vehicle_7-451x300.jpg 451w, https:\/\/www.touringcars.com\/wp-content\/uploads\/2025\/02\/TC_Vehicle_7-367x245.jpg 367w\" alt=\"TC_Vehicle_7\" width=\"2560\" height=\"1703\">            <\/div>\r\n        <\/div>\r\n    <\/div>\r\n<\/section>\n\n<section class=\"block block-textimage\">\r\n    <div class=\"container\">\r\n        <div class=\"content-row image-placement-right\">\r\n            <div class=\"content-container reveal\">\r\n                <h3>Une flotte fra\u00eeche \u00e0 votre disposition<\/h3><div class=\"two-col__content\">\n<div class=\"two-col__text\">\n<div class=\"clearfix text-formatted field field--name-field-text field--type-text-long field--label-hidden field__item\">\n<p>Les camping-cars de location de notre deuxi\u00e8me cat\u00e9gorie la plus petite repr\u00e9sentent les meilleurs mod\u00e8les de camping-cars disponibles. Les camping-cars de location de cette cat\u00e9gorie Premium ont tous parcouru moins de 100 000 km. La qualit\u00e9 des v\u00e9hicules de location de Touring Cars est sup\u00e9rieure \u00e0 la moyenne du secteur et nous distingue des autres soci\u00e9t\u00e9s de location. Une exp\u00e9rience de location de haute qualit\u00e9 est assur\u00e9e par quatre contr\u00f4les ind\u00e9pendants entre chaque location afin de s&rsquo;assurer que nos normes de haute qualit\u00e9 sont respect\u00e9es. Ce processus prend plusieurs heures et comprend un nettoyage approfondi, un contr\u00f4le technique complet et une pr\u00e9paration personnalis\u00e9e du camping-car pour son prochain client.<\/p>\n<\/div>\n<\/div>\n<\/div>\n            <\/div>\r\n            <div class=\"image-container reveal image-high\">\r\n                <img decoding=\"async\" src=\"https:\/\/www.touringcars.com\/wp-content\/uploads\/2025\/02\/carado-imagebank-data_VE_Semi-Integrated_T459_PI_2024_0127_21-31-41_WEB-383x574.jpg\" srcset=\"https:\/\/www.touringcars.com\/wp-content\/uploads\/2025\/02\/carado-imagebank-data_VE_Semi-Integrated_T459_PI_2024_0127_21-31-41_WEB-200x300.jpg 200w, https:\/\/www.touringcars.com\/wp-content\/uploads\/2025\/02\/carado-imagebank-data_VE_Semi-Integrated_T459_PI_2024_0127_21-31-41_WEB-683x1024.jpg 683w, https:\/\/www.touringcars.com\/wp-content\/uploads\/2025\/02\/carado-imagebank-data_VE_Semi-Integrated_T459_PI_2024_0127_21-31-41_WEB-768x1152.jpg 768w, https:\/\/www.touringcars.com\/wp-content\/uploads\/2025\/02\/carado-imagebank-data_VE_Semi-Integrated_T459_PI_2024_0127_21-31-41_WEB-1024x1536.jpg 1024w, https:\/\/www.touringcars.com\/wp-content\/uploads\/2025\/02\/carado-imagebank-data_VE_Semi-Integrated_T459_PI_2024_0127_21-31-41_WEB-1365x2048.jpg 1365w, https:\/\/www.touringcars.com\/wp-content\/uploads\/2025\/02\/carado-imagebank-data_VE_Semi-Integrated_T459_PI_2024_0127_21-31-41_WEB-1280x1920.jpg 1280w, https:\/\/www.touringcars.com\/wp-content\/uploads\/2025\/02\/carado-imagebank-data_VE_Semi-Integrated_T459_PI_2024_0127_21-31-41_WEB-395x593.jpg 395w, https:\/\/www.touringcars.com\/wp-content\/uploads\/2025\/02\/carado-imagebank-data_VE_Semi-Integrated_T459_PI_2024_0127_21-31-41_WEB-354x531.jpg 354w, https:\/\/www.touringcars.com\/wp-content\/uploads\/2025\/02\/carado-imagebank-data_VE_Semi-Integrated_T459_PI_2024_0127_21-31-41_WEB-383x574.jpg 383w, https:\/\/www.touringcars.com\/wp-content\/uploads\/2025\/02\/carado-imagebank-data_VE_Semi-Integrated_T459_PI_2024_0127_21-31-41_WEB-scaled.jpg 1707w\" alt=\"_carado-imagebank-data_VE_Semi-Integrated_T459_PI_2024_0127_21-31-41_WEB\" width=\"1707\" height=\"2560\">            <\/div>\r\n        <\/div>\r\n    <\/div>\r\n<\/section>\n\n<section class=\"block block-textimage\">\r\n    <div class=\"container\">\r\n        <div class=\"content-row image-placement-left\">\r\n            <div class=\"content-container reveal\">\r\n                <h3>Des camping-cars bien \u00e9quip\u00e9s<\/h3><div class=\"two-col__content\">\n<div class=\"two-col__text\">\n<div class=\"clearfix text-formatted field field--name-field-text field--type-text-long field--label-hidden field__item\">\n<p>Nos camping-cars de location de haute qualit\u00e9 comprennent des lits ultramodernes avec des matelas en mousse froide, ainsi que toutes les installations sanitaires et culinaires. La cuisine est \u00e9quip\u00e9e d&rsquo;ustensiles de cuisine et de table, de sorte que tout ce dont vous avez besoin pour pr\u00e9parer un d\u00eener romantique en pleine nature est d\u00e9j\u00e0 l\u00e0. L&rsquo;\u00e9quipement de base comprend un syst\u00e8me d&rsquo;\u00e9clairage LED, une unit\u00e9 de contr\u00f4le num\u00e9rique pour l&rsquo;\u00e9clairage et le chauffage, des niveleurs de v\u00e9hicules, des c\u00e2bles \u00e9lectriques, des tuyaux d&rsquo;eau et bien plus encore.  <\/p>\n<\/div>\n<\/div>\n<\/div>\n            <\/div>\r\n            <div class=\"image-container reveal image-high\">\r\n                <img decoding=\"async\" src=\"https:\/\/www.touringcars.com\/wp-content\/uploads\/2025\/02\/small-motorhome-interior-kitchen.jpg-525x300.webp\" srcset=\"https:\/\/www.touringcars.com\/wp-content\/uploads\/2025\/02\/small-motorhome-interior-kitchen.jpg-300x171.webp 300w, https:\/\/www.touringcars.com\/wp-content\/uploads\/2025\/02\/small-motorhome-interior-kitchen.jpg-1024x585.webp 1024w, https:\/\/www.touringcars.com\/wp-content\/uploads\/2025\/02\/small-motorhome-interior-kitchen.jpg-768x439.webp 768w, https:\/\/www.touringcars.com\/wp-content\/uploads\/2025\/02\/small-motorhome-interior-kitchen.jpg-1038x593.webp 1038w, https:\/\/www.touringcars.com\/wp-content\/uploads\/2025\/02\/small-motorhome-interior-kitchen.jpg-714x408.webp 714w, https:\/\/www.touringcars.com\/wp-content\/uploads\/2025\/02\/small-motorhome-interior-kitchen.jpg-525x300.webp 525w, https:\/\/www.touringcars.com\/wp-content\/uploads\/2025\/02\/small-motorhome-interior-kitchen.jpg.webp 1400w\" alt=\"small-motorhome-interior-kitchen.jpg\" width=\"1400\" height=\"800\">            <\/div>\r\n        <\/div>\r\n    <\/div>\r\n<\/section>\n\n<section class=\"block block-textimage\">\r\n    <div class=\"container\">\r\n        <div class=\"content-row image-placement-right\">\r\n            <div class=\"content-container reveal\">\r\n                <h3>Int\u00e9rieur pratique<\/h3><div class=\"two-col__content\">\n<div class=\"two-col__text\">\n<div class=\"clearfix text-formatted field field--name-field-text field--type-text-long field--label-hidden field__item\">\n<p>L&rsquo;int\u00e9rieur de la cat\u00e9gorie Premium SMALL est con\u00e7u pour deux personnes. Cette cat\u00e9gorie Premium dispose d&rsquo;un lit double \u00e0 l&rsquo;arri\u00e8re du v\u00e9hicule et d&rsquo;une salle \u00e0 manger spacieuse \u00e0 l&rsquo;avant. L&rsquo;\u00e9clairage d&rsquo;ambiance \u00e0 LED et les surfaces brillantes, ainsi que les petits \u00e9l\u00e9ments de luxe tels que les tiroirs \u00e0 fermeture progressive, donnent une impression de haute qualit\u00e9 \u00e0 l&rsquo;int\u00e9rieur.  <\/p>\n<\/div>\n<\/div>\n<\/div>\n            <\/div>\r\n            <div class=\"image-container reveal image-high\">\r\n                <img decoding=\"async\" src=\"https:\/\/www.touringcars.com\/wp-content\/uploads\/2025\/02\/interior-small-motorhome-bed.jpg-525x300.webp\" srcset=\"https:\/\/www.touringcars.com\/wp-content\/uploads\/2025\/02\/interior-small-motorhome-bed.jpg-300x171.webp 300w, https:\/\/www.touringcars.com\/wp-content\/uploads\/2025\/02\/interior-small-motorhome-bed.jpg-1024x585.webp 1024w, https:\/\/www.touringcars.com\/wp-content\/uploads\/2025\/02\/interior-small-motorhome-bed.jpg-768x439.webp 768w, https:\/\/www.touringcars.com\/wp-content\/uploads\/2025\/02\/interior-small-motorhome-bed.jpg-1038x593.webp 1038w, https:\/\/www.touringcars.com\/wp-content\/uploads\/2025\/02\/interior-small-motorhome-bed.jpg-714x408.webp 714w, https:\/\/www.touringcars.com\/wp-content\/uploads\/2025\/02\/interior-small-motorhome-bed.jpg-525x300.webp 525w, https:\/\/www.touringcars.com\/wp-content\/uploads\/2025\/02\/interior-small-motorhome-bed.jpg.webp 1400w\" alt=\"interior-small-motorhome-bed.jpg\" width=\"1400\" height=\"800\">            <\/div>\r\n        <\/div>\r\n    <\/div>\r\n<\/section>\n\n<section style=\"background-image: url(https:\/\/www.touringcars.com\/wp-content\/uploads\/2025\/02\/camper_van_driving_on_road_as_the_sun_is_rising.jpg.webp)\" class=\"block block-centertext bg-image\">\r\n    <div class=\"container\">\r\n        <div class=\"content-container reveal\">\r\n            <h2>R\u00e9servez maintenant et payez plus tard<\/h2><p class=\"text-align-center\">Gr\u00e2ce \u00e0 notre option de paiement flexible, vous pouvez r\u00e9server un camping-car haut de gamme pour vos vacances avec un acompte de 170 GBP\/ 200 EUR\/ 2 000 NOK\/ 2 000 SEK et payer le montant restant 45 jours avant votre premier jour de location.<\/p>\n<p class=\"text-align-center\">V\u00e9rifiez la disponibilit\u00e9 des camping-cars en direct et les prix de location sur notre page d&rsquo;accueil.<\/p>\n<div class=\"buttons\"><a href=\"\" class=\"btn btn-wide\" target=\"_blank\" rel=\"noopener noreferrer\">Page d&#039;accueil<\/a><\/div>        <\/div>\r\n    <\/div>\r\n<\/section>\n\n<section class=\"block block-basic small-padding-bottom hide-during-booking\">\r\n    <div class=\"container\">\r\n        <div class=\"content-container reveal\">\r\n            <h2>Location de camping-cars avec Touring Cars. Profitez de vos vacances en toute s\u00e9curit\u00e9 et confortablement sur place!<\/h2><p><strong>Plus d\u2019informations : Vid\u00e9os<\/strong><\/p>\n<div class=\"buttons\"><a href=\"https:\/\/www.youtube.com\/playlist?list=PLH1ePBkJ8mrIrX21VPlGuryWMvwm22zCu\" class=\"btn btn-wide\" target=\"_blank\" rel=\"noopener noreferrer\">Vid\u00e9os d\u2019orientation pour la location<\/a><a href=\"https:\/\/www.youtube.com\/playlist?list=PLH1ePBkJ8mrJo8ZHnLseip_jvYqA1j7qe\" class=\"btn btn-wide\" target=\"_blank\" rel=\"noopener noreferrer\">Conseils pour voyager en camping\u2011car<\/a><\/div>        <\/div>\r\n    <\/div>\r\n<\/section>\n\n<section class=\"block block-basic small-padding-top\">\r\n    <div class=\"container\">\r\n        <div class=\"content-container reveal\">\r\n            <p><em>Veuillez noter que tous les types de v\u00e9hicules de location pr\u00e9sent\u00e9s sur ce site Web sont uniquement fournis \u00e0 titre d\u2019illustration. Les v\u00e9hicules de location r\u00e9els peuvent diff\u00e9rer des photos et des illustrations. Cela signifie que les caract\u00e9ristiques des v\u00e9hicules, par exemple les dimensions des lits, peuvent varier. Touring Cars se r\u00e9serve le droit de modifier les sp\u00e9cifications et\/ou de fournir un v\u00e9hicule similaire ou de cat\u00e9gorie sup\u00e9rieure au prix annonc\u00e9, sans pr\u00e9avis.<\/em><\/p>\n        <\/div>\r\n    <\/div>\r\n<\/section>\n\n<section class=\"block block-postsslider style-small\">\r\n    <div class=\"container reveal\">\r\n        <h2>Cat\u00e9gories de camping-cars<\/h2><div class=\"glide articles-slider\" data-uid=\"69f295b912591\"><div class=\"glide__track\" data-glide-el=\"track\"><ul class=\"glide__slides\"><li class=\"glide__slide\"><article class=\"article reveal\"><div class=\"image-container\"><a href=\"https:\/\/www.touringcars.com\/fr\/vehicle-category\/urban-van-automatic\/\"><img decoding=\"async\" src=\"https:\/\/www.touringcars.com\/wp-content\/uploads\/2025\/12\/Urban-Van-1-574x411.jpg\" srcset=\"https:\/\/www.touringcars.com\/wp-content\/uploads\/2025\/12\/Urban-Van-1-300x215.jpg 300w, https:\/\/www.touringcars.com\/wp-content\/uploads\/2025\/12\/Urban-Van-1-1024x733.jpg 1024w, https:\/\/www.touringcars.com\/wp-content\/uploads\/2025\/12\/Urban-Van-1-768x550.jpg 768w, https:\/\/www.touringcars.com\/wp-content\/uploads\/2025\/12\/Urban-Van-1-828x593.jpg 828w, https:\/\/www.touringcars.com\/wp-content\/uploads\/2025\/12\/Urban-Van-1-714x511.jpg 714w, https:\/\/www.touringcars.com\/wp-content\/uploads\/2025\/12\/Urban-Van-1-180x129.jpg 180w, https:\/\/www.touringcars.com\/wp-content\/uploads\/2025\/12\/Urban-Van-1-412x295.jpg 412w, https:\/\/www.touringcars.com\/wp-content\/uploads\/2025\/12\/Urban-Van-1-574x411.jpg 574w, https:\/\/www.touringcars.com\/wp-content\/uploads\/2025\/12\/Urban-Van-1.jpg 1348w\" alt=\"Urban Van Automatic &#8211; pour 2\"><\/a><\/div><div class=\"content-container\"><h3><a href=\"https:\/\/www.touringcars.com\/fr\/vehicle-category\/urban-van-automatic\/\">Urban Van Automatic &#8211; pour 2<\/a><\/h3><\/div><\/article><\/li><li class=\"glide__slide\"><article class=\"article reveal\"><div class=\"image-container\"><a href=\"https:\/\/www.touringcars.com\/fr\/vehicle-category\/camp-automatic\/\"><img decoding=\"async\" src=\"https:\/\/www.touringcars.com\/wp-content\/uploads\/2025\/12\/camp-automatic-574x411.jpeg\" srcset=\"https:\/\/www.touringcars.com\/wp-content\/uploads\/2025\/12\/camp-automatic-300x215.jpeg 300w, https:\/\/www.touringcars.com\/wp-content\/uploads\/2025\/12\/camp-automatic-1024x733.jpeg 1024w, https:\/\/www.touringcars.com\/wp-content\/uploads\/2025\/12\/camp-automatic-768x550.jpeg 768w, https:\/\/www.touringcars.com\/wp-content\/uploads\/2025\/12\/camp-automatic-828x593.jpeg 828w, https:\/\/www.touringcars.com\/wp-content\/uploads\/2025\/12\/camp-automatic-714x511.jpeg 714w, https:\/\/www.touringcars.com\/wp-content\/uploads\/2025\/12\/camp-automatic-574x411.jpeg 574w, https:\/\/www.touringcars.com\/wp-content\/uploads\/2025\/12\/camp-automatic.jpeg 1348w\" alt=\"CAMP AUTOMATIC &#8211; pour 2\"><\/a><\/div><div class=\"content-container\"><h3><a href=\"https:\/\/www.touringcars.com\/fr\/vehicle-category\/camp-automatic\/\">CAMP AUTOMATIC &#8211; pour 2<\/a><\/h3><\/div><\/article><\/li><li class=\"glide__slide\"><article class=\"article reveal\"><div class=\"image-container\"><a href=\"https:\/\/www.touringcars.com\/fr\/vehicle-category\/van\/\"><img decoding=\"async\" src=\"https:\/\/www.touringcars.com\/wp-content\/uploads\/2025\/02\/carado-imagebank-data_VE_Camper-Van_CV640_CU_2025_1002_21-31-41_web-450x300.jpg\" srcset=\"https:\/\/www.touringcars.com\/wp-content\/uploads\/2025\/02\/carado-imagebank-data_VE_Camper-Van_CV640_CU_2025_1002_21-31-41_web-300x200.jpg 300w, https:\/\/www.touringcars.com\/wp-content\/uploads\/2025\/02\/carado-imagebank-data_VE_Camper-Van_CV640_CU_2025_1002_21-31-41_web-1024x682.jpg 1024w, https:\/\/www.touringcars.com\/wp-content\/uploads\/2025\/02\/carado-imagebank-data_VE_Camper-Van_CV640_CU_2025_1002_21-31-41_web-768x512.jpg 768w, https:\/\/www.touringcars.com\/wp-content\/uploads\/2025\/02\/carado-imagebank-data_VE_Camper-Van_CV640_CU_2025_1002_21-31-41_web-1536x1024.jpg 1536w, https:\/\/www.touringcars.com\/wp-content\/uploads\/2025\/02\/carado-imagebank-data_VE_Camper-Van_CV640_CU_2025_1002_21-31-41_web-2048x1365.jpg 2048w, https:\/\/www.touringcars.com\/wp-content\/uploads\/2025\/02\/carado-imagebank-data_VE_Camper-Van_CV640_CU_2025_1002_21-31-41_web-890x593.jpg 890w, https:\/\/www.touringcars.com\/wp-content\/uploads\/2025\/02\/carado-imagebank-data_VE_Camper-Van_CV640_CU_2025_1002_21-31-41_web-714x476.jpg 714w, https:\/\/www.touringcars.com\/wp-content\/uploads\/2025\/02\/carado-imagebank-data_VE_Camper-Van_CV640_CU_2025_1002_21-31-41_web-450x300.jpg 450w, https:\/\/www.touringcars.com\/wp-content\/uploads\/2025\/02\/carado-imagebank-data_VE_Camper-Van_CV640_CU_2025_1002_21-31-41_web-367x245.jpg 367w\" alt=\"VAN &#8211; pour 2\"><\/a><\/div><div class=\"content-container\"><h3><a href=\"https:\/\/www.touringcars.com\/fr\/vehicle-category\/van\/\">VAN &#8211; pour 2<\/a><\/h3><\/div><\/article><\/li><li class=\"glide__slide\"><article class=\"article reveal\"><div class=\"image-container\"><a href=\"https:\/\/www.touringcars.com\/fr\/vehicle-category\/van-4x4-automatic\/\"><img decoding=\"async\" src=\"https:\/\/www.touringcars.com\/wp-content\/uploads\/2025\/11\/van-4x4-buerstner-habiton-2025-white-road-1-574x411.jpg\" srcset=\"https:\/\/www.touringcars.com\/wp-content\/uploads\/2025\/11\/van-4x4-buerstner-habiton-2025-white-road-1-300x215.jpg 300w, https:\/\/www.touringcars.com\/wp-content\/uploads\/2025\/11\/van-4x4-buerstner-habiton-2025-white-road-1-1024x733.jpg 1024w, https:\/\/www.touringcars.com\/wp-content\/uploads\/2025\/11\/van-4x4-buerstner-habiton-2025-white-road-1-768x550.jpg 768w, https:\/\/www.touringcars.com\/wp-content\/uploads\/2025\/11\/van-4x4-buerstner-habiton-2025-white-road-1-828x593.jpg 828w, https:\/\/www.touringcars.com\/wp-content\/uploads\/2025\/11\/van-4x4-buerstner-habiton-2025-white-road-1-714x511.jpg 714w, https:\/\/www.touringcars.com\/wp-content\/uploads\/2025\/11\/van-4x4-buerstner-habiton-2025-white-road-1-574x411.jpg 574w, https:\/\/www.touringcars.com\/wp-content\/uploads\/2025\/11\/van-4x4-buerstner-habiton-2025-white-road-1.jpg 1348w\" alt=\"VAN 4&#215;4 AUTOMATC &#8211; pour 2\"><\/a><\/div><div class=\"content-container\"><h3><a href=\"https:\/\/www.touringcars.com\/fr\/vehicle-category\/van-4x4-automatic\/\">VAN 4&#215;4 AUTOMATC &#8211; pour 2<\/a><\/h3><\/div><\/article><\/li><li class=\"glide__slide\"><article class=\"article reveal\"><div class=\"image-container\"><a href=\"https:\/\/www.touringcars.com\/fr\/vehicle-category\/small\/\"><img decoding=\"async\" src=\"https:\/\/www.touringcars.com\/wp-content\/uploads\/2025\/02\/carado-imagebank-data_VE_Van_V339_CU_2025_1002_21-31-41_web-450x300.jpg\" srcset=\"https:\/\/www.touringcars.com\/wp-content\/uploads\/2025\/02\/carado-imagebank-data_VE_Van_V339_CU_2025_1002_21-31-41_web-300x200.jpg 300w, https:\/\/www.touringcars.com\/wp-content\/uploads\/2025\/02\/carado-imagebank-data_VE_Van_V339_CU_2025_1002_21-31-41_web-1024x682.jpg 1024w, https:\/\/www.touringcars.com\/wp-content\/uploads\/2025\/02\/carado-imagebank-data_VE_Van_V339_CU_2025_1002_21-31-41_web-768x512.jpg 768w, https:\/\/www.touringcars.com\/wp-content\/uploads\/2025\/02\/carado-imagebank-data_VE_Van_V339_CU_2025_1002_21-31-41_web-1536x1024.jpg 1536w, https:\/\/www.touringcars.com\/wp-content\/uploads\/2025\/02\/carado-imagebank-data_VE_Van_V339_CU_2025_1002_21-31-41_web-2048x1365.jpg 2048w, https:\/\/www.touringcars.com\/wp-content\/uploads\/2025\/02\/carado-imagebank-data_VE_Van_V339_CU_2025_1002_21-31-41_web-890x593.jpg 890w, https:\/\/www.touringcars.com\/wp-content\/uploads\/2025\/02\/carado-imagebank-data_VE_Van_V339_CU_2025_1002_21-31-41_web-714x476.jpg 714w, https:\/\/www.touringcars.com\/wp-content\/uploads\/2025\/02\/carado-imagebank-data_VE_Van_V339_CU_2025_1002_21-31-41_web-450x300.jpg 450w, https:\/\/www.touringcars.com\/wp-content\/uploads\/2025\/02\/carado-imagebank-data_VE_Van_V339_CU_2025_1002_21-31-41_web-367x245.jpg 367w\" alt=\"SMALL &#8211; pour 2\"><\/a><\/div><div class=\"content-container\"><h3><a href=\"https:\/\/www.touringcars.com\/fr\/vehicle-category\/small\/\">SMALL &#8211; pour 2<\/a><\/h3><\/div><\/article><\/li><li class=\"glide__slide\"><article class=\"article reveal\"><div class=\"image-container\"><a href=\"https:\/\/www.touringcars.com\/fr\/vehicle-category\/luxury-small\/\"><img decoding=\"async\" src=\"https:\/\/www.touringcars.com\/wp-content\/uploads\/2025\/02\/carado-imagebank-data_VE_Semi-Integrated_T447_CU_2025_1502_21-31-41_WEB-574x383.jpg\" srcset=\"https:\/\/www.touringcars.com\/wp-content\/uploads\/2025\/02\/carado-imagebank-data_VE_Semi-Integrated_T447_CU_2025_1502_21-31-41_WEB-300x200.jpg 300w, https:\/\/www.touringcars.com\/wp-content\/uploads\/2025\/02\/carado-imagebank-data_VE_Semi-Integrated_T447_CU_2025_1502_21-31-41_WEB-2048x1365.jpg 2048w, https:\/\/www.touringcars.com\/wp-content\/uploads\/2025\/02\/carado-imagebank-data_VE_Semi-Integrated_T447_CU_2025_1502_21-31-41_WEB-890x593.jpg 890w, https:\/\/www.touringcars.com\/wp-content\/uploads\/2025\/02\/carado-imagebank-data_VE_Semi-Integrated_T447_CU_2025_1502_21-31-41_WEB-768x512.jpg 768w, https:\/\/www.touringcars.com\/wp-content\/uploads\/2025\/02\/carado-imagebank-data_VE_Semi-Integrated_T447_CU_2025_1502_21-31-41_WEB-1024x683.jpg 1024w, https:\/\/www.touringcars.com\/wp-content\/uploads\/2025\/02\/carado-imagebank-data_VE_Semi-Integrated_T447_CU_2025_1502_21-31-41_WEB-1536x1024.jpg 1536w, https:\/\/www.touringcars.com\/wp-content\/uploads\/2025\/02\/carado-imagebank-data_VE_Semi-Integrated_T447_CU_2025_1502_21-31-41_WEB-1920x1280.jpg 1920w, https:\/\/www.touringcars.com\/wp-content\/uploads\/2025\/02\/carado-imagebank-data_VE_Semi-Integrated_T447_CU_2025_1502_21-31-41_WEB-714x476.jpg 714w, https:\/\/www.touringcars.com\/wp-content\/uploads\/2025\/02\/carado-imagebank-data_VE_Semi-Integrated_T447_CU_2025_1502_21-31-41_WEB-180x120.jpg 180w, https:\/\/www.touringcars.com\/wp-content\/uploads\/2025\/02\/carado-imagebank-data_VE_Semi-Integrated_T447_CU_2025_1502_21-31-41_WEB-412x275.jpg 412w, https:\/\/www.touringcars.com\/wp-content\/uploads\/2025\/02\/carado-imagebank-data_VE_Semi-Integrated_T447_CU_2025_1502_21-31-41_WEB-574x383.jpg 574w, https:\/\/www.touringcars.com\/wp-content\/uploads\/2025\/02\/carado-imagebank-data_VE_Semi-Integrated_T447_CU_2025_1502_21-31-41_WEB-367x245.jpg 367w\" alt=\"LUXURY &#8211; for 2\"><\/a><\/div><div class=\"content-container\"><h3><a href=\"https:\/\/www.touringcars.com\/fr\/vehicle-category\/luxury-small\/\">LUXURY &#8211; for 2<\/a><\/h3><\/div><\/article><\/li><li class=\"glide__slide\"><article class=\"article reveal\"><div class=\"image-container\"><a href=\"https:\/\/www.touringcars.com\/fr\/vehicle-category\/medium\/\"><img decoding=\"async\" src=\"https:\/\/www.touringcars.com\/wp-content\/uploads\/2025\/02\/carado-imagebank-data_VE_Semi-Integrated_T448_CU_2025_1002_21-31-41_web-450x300.jpg\" srcset=\"https:\/\/www.touringcars.com\/wp-content\/uploads\/2025\/02\/carado-imagebank-data_VE_Semi-Integrated_T448_CU_2025_1002_21-31-41_web-300x200.jpg 300w, https:\/\/www.touringcars.com\/wp-content\/uploads\/2025\/02\/carado-imagebank-data_VE_Semi-Integrated_T448_CU_2025_1002_21-31-41_web-1024x682.jpg 1024w, https:\/\/www.touringcars.com\/wp-content\/uploads\/2025\/02\/carado-imagebank-data_VE_Semi-Integrated_T448_CU_2025_1002_21-31-41_web-768x512.jpg 768w, https:\/\/www.touringcars.com\/wp-content\/uploads\/2025\/02\/carado-imagebank-data_VE_Semi-Integrated_T448_CU_2025_1002_21-31-41_web-1536x1024.jpg 1536w, https:\/\/www.touringcars.com\/wp-content\/uploads\/2025\/02\/carado-imagebank-data_VE_Semi-Integrated_T448_CU_2025_1002_21-31-41_web-2048x1365.jpg 2048w, https:\/\/www.touringcars.com\/wp-content\/uploads\/2025\/02\/carado-imagebank-data_VE_Semi-Integrated_T448_CU_2025_1002_21-31-41_web-890x593.jpg 890w, https:\/\/www.touringcars.com\/wp-content\/uploads\/2025\/02\/carado-imagebank-data_VE_Semi-Integrated_T448_CU_2025_1002_21-31-41_web-714x476.jpg 714w, https:\/\/www.touringcars.com\/wp-content\/uploads\/2025\/02\/carado-imagebank-data_VE_Semi-Integrated_T448_CU_2025_1002_21-31-41_web-450x300.jpg 450w, https:\/\/www.touringcars.com\/wp-content\/uploads\/2025\/02\/carado-imagebank-data_VE_Semi-Integrated_T448_CU_2025_1002_21-31-41_web-367x245.jpg 367w\" alt=\"MEDIUM &#8211; pour 4\"><\/a><\/div><div class=\"content-container\"><h3><a href=\"https:\/\/www.touringcars.com\/fr\/vehicle-category\/medium\/\">MEDIUM &#8211; pour 4<\/a><\/h3><\/div><\/article><\/li><li class=\"glide__slide\"><article class=\"article reveal\"><div class=\"image-container\"><a href=\"https:\/\/www.touringcars.com\/fr\/vehicle-category\/luxury\/\"><img decoding=\"async\" src=\"https:\/\/www.touringcars.com\/wp-content\/uploads\/2025\/02\/carado-imagebank-data_VE_Semi-Integrated_T447_CU_2025_1502_21-31-41_WEB-450x300.jpg\" srcset=\"https:\/\/www.touringcars.com\/wp-content\/uploads\/2025\/02\/carado-imagebank-data_VE_Semi-Integrated_T447_CU_2025_1502_21-31-41_WEB-300x200.jpg 300w, https:\/\/www.touringcars.com\/wp-content\/uploads\/2025\/02\/carado-imagebank-data_VE_Semi-Integrated_T447_CU_2025_1502_21-31-41_WEB-1024x683.jpg 1024w, https:\/\/www.touringcars.com\/wp-content\/uploads\/2025\/02\/carado-imagebank-data_VE_Semi-Integrated_T447_CU_2025_1502_21-31-41_WEB-768x512.jpg 768w, https:\/\/www.touringcars.com\/wp-content\/uploads\/2025\/02\/carado-imagebank-data_VE_Semi-Integrated_T447_CU_2025_1502_21-31-41_WEB-1536x1024.jpg 1536w, https:\/\/www.touringcars.com\/wp-content\/uploads\/2025\/02\/carado-imagebank-data_VE_Semi-Integrated_T447_CU_2025_1502_21-31-41_WEB-2048x1365.jpg 2048w, https:\/\/www.touringcars.com\/wp-content\/uploads\/2025\/02\/carado-imagebank-data_VE_Semi-Integrated_T447_CU_2025_1502_21-31-41_WEB-1920x1280.jpg 1920w, https:\/\/www.touringcars.com\/wp-content\/uploads\/2025\/02\/carado-imagebank-data_VE_Semi-Integrated_T447_CU_2025_1502_21-31-41_WEB-890x593.jpg 890w, https:\/\/www.touringcars.com\/wp-content\/uploads\/2025\/02\/carado-imagebank-data_VE_Semi-Integrated_T447_CU_2025_1502_21-31-41_WEB-714x476.jpg 714w, https:\/\/www.touringcars.com\/wp-content\/uploads\/2025\/02\/carado-imagebank-data_VE_Semi-Integrated_T447_CU_2025_1502_21-31-41_WEB-450x300.jpg 450w, https:\/\/www.touringcars.com\/wp-content\/uploads\/2025\/02\/carado-imagebank-data_VE_Semi-Integrated_T447_CU_2025_1502_21-31-41_WEB-367x245.jpg 367w\" alt=\"LUXURY &#8211; pour 4\"><\/a><\/div><div class=\"content-container\"><h3><a href=\"https:\/\/www.touringcars.com\/fr\/vehicle-category\/luxury\/\">LUXURY &#8211; pour 4<\/a><\/h3><\/div><\/article><\/li><li class=\"glide__slide\"><article class=\"article reveal\"><div class=\"image-container\"><a href=\"https:\/\/www.touringcars.com\/fr\/vehicle-category\/family\/\"><img decoding=\"async\" src=\"https:\/\/www.touringcars.com\/wp-content\/uploads\/2025\/02\/carado-imagebank-data_VE_Overcab_A361_CU_2025_1002_21-31-41_web-450x300.jpg\" srcset=\"https:\/\/www.touringcars.com\/wp-content\/uploads\/2025\/02\/carado-imagebank-data_VE_Overcab_A361_CU_2025_1002_21-31-41_web-300x200.jpg 300w, https:\/\/www.touringcars.com\/wp-content\/uploads\/2025\/02\/carado-imagebank-data_VE_Overcab_A361_CU_2025_1002_21-31-41_web-1024x682.jpg 1024w, https:\/\/www.touringcars.com\/wp-content\/uploads\/2025\/02\/carado-imagebank-data_VE_Overcab_A361_CU_2025_1002_21-31-41_web-768x512.jpg 768w, https:\/\/www.touringcars.com\/wp-content\/uploads\/2025\/02\/carado-imagebank-data_VE_Overcab_A361_CU_2025_1002_21-31-41_web-1536x1024.jpg 1536w, https:\/\/www.touringcars.com\/wp-content\/uploads\/2025\/02\/carado-imagebank-data_VE_Overcab_A361_CU_2025_1002_21-31-41_web-2048x1365.jpg 2048w, https:\/\/www.touringcars.com\/wp-content\/uploads\/2025\/02\/carado-imagebank-data_VE_Overcab_A361_CU_2025_1002_21-31-41_web-890x593.jpg 890w, https:\/\/www.touringcars.com\/wp-content\/uploads\/2025\/02\/carado-imagebank-data_VE_Overcab_A361_CU_2025_1002_21-31-41_web-714x476.jpg 714w, https:\/\/www.touringcars.com\/wp-content\/uploads\/2025\/02\/carado-imagebank-data_VE_Overcab_A361_CU_2025_1002_21-31-41_web-450x300.jpg 450w, https:\/\/www.touringcars.com\/wp-content\/uploads\/2025\/02\/carado-imagebank-data_VE_Overcab_A361_CU_2025_1002_21-31-41_web-367x245.jpg 367w\" alt=\"FAMILY \u2013 for 5\"><\/a><\/div><div class=\"content-container\"><h3><a href=\"https:\/\/www.touringcars.com\/fr\/vehicle-category\/family\/\">FAMILY \u2013 for 5<\/a><\/h3><\/div><\/article><\/li><li class=\"glide__slide\"><article class=\"article reveal\"><div class=\"image-container\"><a href=\"https:\/\/www.touringcars.com\/fr\/vehicle-category\/large\/\"><img decoding=\"async\" src=\"https:\/\/www.touringcars.com\/wp-content\/uploads\/2025\/02\/carado-imagebank-data_VE_Overcab_A464_CU_2025_1003_21-31-41_web-450x300.jpg\" srcset=\"https:\/\/www.touringcars.com\/wp-content\/uploads\/2025\/02\/carado-imagebank-data_VE_Overcab_A464_CU_2025_1003_21-31-41_web-300x200.jpg 300w, https:\/\/www.touringcars.com\/wp-content\/uploads\/2025\/02\/carado-imagebank-data_VE_Overcab_A464_CU_2025_1003_21-31-41_web-1024x682.jpg 1024w, https:\/\/www.touringcars.com\/wp-content\/uploads\/2025\/02\/carado-imagebank-data_VE_Overcab_A464_CU_2025_1003_21-31-41_web-768x512.jpg 768w, https:\/\/www.touringcars.com\/wp-content\/uploads\/2025\/02\/carado-imagebank-data_VE_Overcab_A464_CU_2025_1003_21-31-41_web-1536x1024.jpg 1536w, https:\/\/www.touringcars.com\/wp-content\/uploads\/2025\/02\/carado-imagebank-data_VE_Overcab_A464_CU_2025_1003_21-31-41_web-2048x1365.jpg 2048w, https:\/\/www.touringcars.com\/wp-content\/uploads\/2025\/02\/carado-imagebank-data_VE_Overcab_A464_CU_2025_1003_21-31-41_web-890x593.jpg 890w, https:\/\/www.touringcars.com\/wp-content\/uploads\/2025\/02\/carado-imagebank-data_VE_Overcab_A464_CU_2025_1003_21-31-41_web-714x476.jpg 714w, https:\/\/www.touringcars.com\/wp-content\/uploads\/2025\/02\/carado-imagebank-data_VE_Overcab_A464_CU_2025_1003_21-31-41_web-450x300.jpg 450w, https:\/\/www.touringcars.com\/wp-content\/uploads\/2025\/02\/carado-imagebank-data_VE_Overcab_A464_CU_2025_1003_21-31-41_web-367x245.jpg 367w\" alt=\"LARGE \u2013 pour 5 et 6\"><\/a><\/div><div class=\"content-container\"><h3><a href=\"https:\/\/www.touringcars.com\/fr\/vehicle-category\/large\/\">LARGE \u2013 pour 5 et 6<\/a><\/h3><\/div><\/article><\/li><\/ul><\/div><div class=\"glide__controls\"><div class=\"glide__arrows\" data-glide-el=\"controls\"><span class=\"glide__arrow glide__arrow--left\" data-glide-dir=\"<\"><\/span><span class=\"glide__arrow glide__arrow--right\" data-glide-dir=\">\u00ab\u00a0><\/span><\/div><div class=\"glide__bullets\" data-glide-el=\"controls[nav]\"><span class=\"glide__bullet\" data-glide-dir=\"=0\" data-parent-uid=\"69f295b912591\"><\/span><span class=\"glide__bullet\" data-glide-dir=\"=1\" data-parent-uid=\"69f295b912591\"><\/span><span class=\"glide__bullet\" data-glide-dir=\"=2\" data-parent-uid=\"69f295b912591\"><\/span><span class=\"glide__bullet\" data-glide-dir=\"=3\" data-parent-uid=\"69f295b912591\"><\/span><span class=\"glide__bullet\" data-glide-dir=\"=4\" data-parent-uid=\"69f295b912591\"><\/span><span class=\"glide__bullet\" data-glide-dir=\"=5\" data-parent-uid=\"69f295b912591\"><\/span><span class=\"glide__bullet\" data-glide-dir=\"=6\" data-parent-uid=\"69f295b912591\"><\/span><span class=\"glide__bullet\" data-glide-dir=\"=7\" data-parent-uid=\"69f295b912591\"><\/span><span class=\"glide__bullet\" data-glide-dir=\"=8\" data-parent-uid=\"69f295b912591\"><\/span><span class=\"glide__bullet\" data-glide-dir=\"=9\" data-parent-uid=\"69f295b912591\"><\/span><\/div><\/div><\/div><div class=\"buttons\"><a href=\"https:\/\/www.touringcars.com\/fr\/categories-de-vehicules-de-loisirs\/\" class=\"btn btn-outline\">Toutes les cat\u00e9gories<\/a><\/div>    <\/div>\r\n<\/section>","protected":false},"featured_media":9607,"template":"","class_list":["post-7019","campervans-groups","type-campervans-groups","status-publish","has-post-thumbnail","hentry"],"acf":[],"_links":{"self":[{"href":"https:\/\/www.touringcars.com\/fr\/wp-json\/wp\/v2\/campervans-groups\/7019","targetHints":{"allow":["GET"]}}],"collection":[{"href":"https:\/\/www.touringcars.com\/fr\/wp-json\/wp\/v2\/campervans-groups"}],"about":[{"href":"https:\/\/www.touringcars.com\/fr\/wp-json\/wp\/v2\/types\/campervans-groups"}],"version-history":[{"count":53,"href":"https:\/\/www.touringcars.com\/fr\/wp-json\/wp\/v2\/campervans-groups\/7019\/revisions"}],"predecessor-version":[{"id":28353,"href":"https:\/\/www.touringcars.com\/fr\/wp-json\/wp\/v2\/campervans-groups\/7019\/revisions\/28353"}],"wp:featuredmedia":[{"embeddable":true,"href":"https:\/\/www.touringcars.com\/fr\/wp-json\/wp\/v2\/media\/9607"}],"wp:attachment":[{"href":"https:\/\/www.touringcars.com\/fr\/wp-json\/wp\/v2\/media?parent=7019"}],"curies":[{"name":"wp","href":"https:\/\/api.w.org\/{rel}","templated":true}]}}