{"id":26324,"date":"2025-12-22T07:01:50","date_gmt":"2025-12-22T07:01:50","guid":{"rendered":"https:\/\/www.touringcars.com\/vehicle-category\/urban-van-automatic-pour-2\/"},"modified":"2026-01-27T13:36:34","modified_gmt":"2026-01-27T13:36:34","slug":"urban-van-automatic","status":"publish","type":"campervans-groups","link":"https:\/\/www.touringcars.com\/fr\/vehicle-category\/urban-van-automatic\/","title":{"rendered":"Urban Van Automatic &#8211; pour 2"},"content":{"rendered":"<section class=\"block block-textimage\">\r\n    <div class=\"container\">\r\n        <div class=\"content-row image-placement-left\">\r\n            <div class=\"content-container reveal\">\r\n                <h3>Cat\u00e9gorie Urban Van Automatic &#8211; Style iconique et libert\u00e9<\/h3><p>Faites l&rsquo;exp\u00e9rience de la libert\u00e9 ultime avec la cat\u00e9gorie <b>URBAN VAN<\/b> <strong>AUTOMATIC<\/strong>. Ce camping-car est l&rsquo;hybride parfait entre une voiture de tourisme compacte et une maison mobile enti\u00e8rement \u00e9quip\u00e9e. Ses dimensions compactes vous permettent d&#8217;emprunter facilement les rues \u00e9troites des villes et les parkings, tandis que le toit relevable le transforme en une maison de vacances spacieuse en quelques secondes.  <\/p>\n            <\/div>\r\n            <div class=\"image-container reveal\">\r\n                <img decoding=\"async\" src=\"https:\/\/www.touringcars.com\/wp-content\/uploads\/2025\/12\/UrbanVan-Vuoristo-574x431.jpg\" srcset=\"https:\/\/www.touringcars.com\/wp-content\/uploads\/2025\/12\/UrbanVan-Vuoristo-300x225.jpg 300w, https:\/\/www.touringcars.com\/wp-content\/uploads\/2025\/12\/UrbanVan-Vuoristo-1024x768.jpg 1024w, https:\/\/www.touringcars.com\/wp-content\/uploads\/2025\/12\/UrbanVan-Vuoristo-768x576.jpg 768w, https:\/\/www.touringcars.com\/wp-content\/uploads\/2025\/12\/UrbanVan-Vuoristo-791x593.jpg 791w, https:\/\/www.touringcars.com\/wp-content\/uploads\/2025\/12\/UrbanVan-Vuoristo-708x531.jpg 708w, https:\/\/www.touringcars.com\/wp-content\/uploads\/2025\/12\/UrbanVan-Vuoristo-574x431.jpg 574w, https:\/\/www.touringcars.com\/wp-content\/uploads\/2025\/12\/UrbanVan-Vuoristo.jpg 1500w\" alt=\"UrbanVan-Vuoristo\" width=\"1500\" height=\"1125\">            <\/div>\r\n        <\/div>\r\n    <\/div>\r\n<\/section>\n\n<section class=\"block block-iconrow bg-white bottom-spacing-zero\">\r\n    <div class=\"container\">\r\n        <div class=\"content-container reveal\">\r\n            <h2>Le meilleur rapport qualit\u00e9-prix<\/h2><div class=\"icon-row\"><div class=\"icon-item\"><img decoding=\"async\" src=\"https:\/\/www.touringcars.com\/wp-content\/uploads\/2025\/02\/Clean_blue.svg\" alt=\"Clean_blue\"><div class=\"label\">Total\u00e9ment \u00e9quip\u00e9, customis\u00e9 et bien entretenu<\/div><\/div><div class=\"icon-item\"><img decoding=\"async\" src=\"https:\/\/www.touringcars.com\/wp-content\/uploads\/2025\/02\/Five-stars_blue.svg\" alt=\"Five stars_blue\"><div class=\"label\">De service client personnalis\u00e9 tout au long du processus de location<\/div><\/div><div class=\"icon-item\"><img decoding=\"async\" src=\"https:\/\/www.touringcars.com\/wp-content\/uploads\/2025\/02\/Airport-transfer2_blue.svg\" alt=\"Airport transfer2_blue\"><div class=\"label\">Transferts a\u00e9roport sont inclus<\/div><\/div><div class=\"icon-item\"><img decoding=\"async\" src=\"https:\/\/www.touringcars.com\/wp-content\/uploads\/2025\/02\/road-assistance_blue.svg\" alt=\"road assistance_blue\"><div class=\"label\">24\/7 assistance routi\u00e8re<\/div><\/div><div class=\"icon-item\"><img decoding=\"async\" src=\"https:\/\/www.touringcars.com\/wp-content\/uploads\/2025\/02\/Unlimited-mileage-3_blue.svg\" alt=\"Unlimited mileage 3_blue\"><div class=\"label\">Kilom\u00e9trage illimit\u00e9<\/div><\/div><\/div>        <\/div>\r\n    <\/div>\r\n<\/section>\n\n<section class=\"block block-textimage\">\r\n    <div class=\"container\">\r\n        <div class=\"content-row image-placement-right\">\r\n            <div class=\"content-container reveal\">\r\n                <h3>Caract\u00e9ristiques de Urban Van Automatic<\/h3><ul>\n<li>Permis de conduire de niveau B requis<\/li>\n<li>Transmission automatique<\/li>\n<li>Moteur turbo diesel<\/li>\n<li>Ustensiles de cuisine et couverts<\/li>\n<li>R\u00e9frig\u00e9rateur et cuisini\u00e8re \u00e0 gaz<\/li>\n<li>Porta Potti (toilettes portables)<\/li>\n<li>Lit pliable<\/li>\n<li>Chauffage<\/li>\n<li>Climatisation dans la cabine du conducteur<\/li>\n<li>Navigation<\/li>\n<li>C\u00e2ble \u00e9lectrique<\/li>\n<li>Tuyau d&rsquo;arrosage et arrosoir<\/li>\n<\/ul>\n            <\/div>\r\n            <div class=\"image-container reveal\">\r\n                <img decoding=\"async\" src=\"https:\/\/www.touringcars.com\/wp-content\/uploads\/2025\/12\/UrbanVan-Hollanti-1-574x431.jpg\" srcset=\"https:\/\/www.touringcars.com\/wp-content\/uploads\/2025\/12\/UrbanVan-Hollanti-1-300x225.jpg 300w, https:\/\/www.touringcars.com\/wp-content\/uploads\/2025\/12\/UrbanVan-Hollanti-1-1024x768.jpg 1024w, https:\/\/www.touringcars.com\/wp-content\/uploads\/2025\/12\/UrbanVan-Hollanti-1-768x576.jpg 768w, https:\/\/www.touringcars.com\/wp-content\/uploads\/2025\/12\/UrbanVan-Hollanti-1-791x593.jpg 791w, https:\/\/www.touringcars.com\/wp-content\/uploads\/2025\/12\/UrbanVan-Hollanti-1-708x531.jpg 708w, https:\/\/www.touringcars.com\/wp-content\/uploads\/2025\/12\/UrbanVan-Hollanti-1-180x136.jpg 180w, https:\/\/www.touringcars.com\/wp-content\/uploads\/2025\/12\/UrbanVan-Hollanti-1-412x310.jpg 412w, https:\/\/www.touringcars.com\/wp-content\/uploads\/2025\/12\/UrbanVan-Hollanti-1-574x431.jpg 574w, https:\/\/www.touringcars.com\/wp-content\/uploads\/2025\/12\/UrbanVan-Hollanti-1.jpg 1500w\" alt=\"UrbanVan-Hollanti (1)\" width=\"1500\" height=\"1125\">            <\/div>\r\n        <\/div>\r\n    <\/div>\r\n<\/section>\n\n\n<p><sub>Veuillez noter que les types de camping-cars de location pr\u00e9sent\u00e9s sur ce site web le sont uniquement \u00e0 titre d&rsquo;illustration. Les v\u00e9hicules de location r\u00e9els diff\u00e8rent des photographies et des illustrations. Cela signifie que les d\u00e9tails du v\u00e9hicule, par exemple les dimensions du lit, peuvent varier. Touring Cars se r\u00e9serve le droit de modifier les sp\u00e9cifications et\/ou de fournir un v\u00e9hicule similaire ou de classe sup\u00e9rieure pour le prix annonc\u00e9 sans notification pr\u00e9alable.   <\/sub><\/p>\n\n\n<section class=\"block block-gallery\">\r\n    <div class=\"container container-full\">\r\n        <div class=\"image-gallery\"><a href=\"https:\/\/www.touringcars.com\/wp-content\/uploads\/2025\/12\/UrbanVan-Ulko1.jpg\" class=\"lightbox\"><img decoding=\"async\" src=\"https:\/\/www.touringcars.com\/wp-content\/uploads\/2025\/12\/UrbanVan-Ulko1-574x411.jpg\" srcset=\"https:\/\/www.touringcars.com\/wp-content\/uploads\/2025\/12\/UrbanVan-Ulko1-300x215.jpg 300w, https:\/\/www.touringcars.com\/wp-content\/uploads\/2025\/12\/UrbanVan-Ulko1-1024x733.jpg 1024w, https:\/\/www.touringcars.com\/wp-content\/uploads\/2025\/12\/UrbanVan-Ulko1-768x550.jpg 768w, https:\/\/www.touringcars.com\/wp-content\/uploads\/2025\/12\/UrbanVan-Ulko1-828x593.jpg 828w, https:\/\/www.touringcars.com\/wp-content\/uploads\/2025\/12\/UrbanVan-Ulko1-714x511.jpg 714w, https:\/\/www.touringcars.com\/wp-content\/uploads\/2025\/12\/UrbanVan-Ulko1-574x411.jpg 574w, https:\/\/www.touringcars.com\/wp-content\/uploads\/2025\/12\/UrbanVan-Ulko1.jpg 1348w\" alt=\"UrbanVan-Ulko1\"><\/a><a href=\"https:\/\/www.touringcars.com\/wp-content\/uploads\/2025\/12\/UrbanVan-Sisa1-Kuski.jpg\" class=\"lightbox\"><img decoding=\"async\" src=\"https:\/\/www.touringcars.com\/wp-content\/uploads\/2025\/12\/UrbanVan-Sisa1-Kuski-574x411.jpg\" srcset=\"https:\/\/www.touringcars.com\/wp-content\/uploads\/2025\/12\/UrbanVan-Sisa1-Kuski-300x215.jpg 300w, https:\/\/www.touringcars.com\/wp-content\/uploads\/2025\/12\/UrbanVan-Sisa1-Kuski-1024x733.jpg 1024w, https:\/\/www.touringcars.com\/wp-content\/uploads\/2025\/12\/UrbanVan-Sisa1-Kuski-768x550.jpg 768w, https:\/\/www.touringcars.com\/wp-content\/uploads\/2025\/12\/UrbanVan-Sisa1-Kuski-828x593.jpg 828w, https:\/\/www.touringcars.com\/wp-content\/uploads\/2025\/12\/UrbanVan-Sisa1-Kuski-714x511.jpg 714w, https:\/\/www.touringcars.com\/wp-content\/uploads\/2025\/12\/UrbanVan-Sisa1-Kuski-574x411.jpg 574w, https:\/\/www.touringcars.com\/wp-content\/uploads\/2025\/12\/UrbanVan-Sisa1-Kuski.jpg 1348w\" alt=\"UrbanVan-Sisa1-Kuski\"><\/a><a href=\"https:\/\/www.touringcars.com\/wp-content\/uploads\/2025\/12\/UrbanVan-Sisa5-Sanky.jpg\" class=\"lightbox\"><img decoding=\"async\" src=\"https:\/\/www.touringcars.com\/wp-content\/uploads\/2025\/12\/UrbanVan-Sisa5-Sanky-574x411.jpg\" srcset=\"https:\/\/www.touringcars.com\/wp-content\/uploads\/2025\/12\/UrbanVan-Sisa5-Sanky-300x215.jpg 300w, https:\/\/www.touringcars.com\/wp-content\/uploads\/2025\/12\/UrbanVan-Sisa5-Sanky-1024x733.jpg 1024w, https:\/\/www.touringcars.com\/wp-content\/uploads\/2025\/12\/UrbanVan-Sisa5-Sanky-768x550.jpg 768w, https:\/\/www.touringcars.com\/wp-content\/uploads\/2025\/12\/UrbanVan-Sisa5-Sanky-828x593.jpg 828w, https:\/\/www.touringcars.com\/wp-content\/uploads\/2025\/12\/UrbanVan-Sisa5-Sanky-714x511.jpg 714w, https:\/\/www.touringcars.com\/wp-content\/uploads\/2025\/12\/UrbanVan-Sisa5-Sanky-574x411.jpg 574w, https:\/\/www.touringcars.com\/wp-content\/uploads\/2025\/12\/UrbanVan-Sisa5-Sanky.jpg 1348w\" alt=\"UrbanVan-Sisa5-Sanky\"><\/a>    <\/div>\r\n<\/section>\n\n<section class=\"block block-textimage\">\r\n    <div class=\"container\">\r\n        <div class=\"content-row image-placement-left\">\r\n            <div class=\"content-container reveal\">\r\n                <h3>B\u00e9n\u00e9ficiez de services cinq \u00e9toiles et d&#039;un h\u00e9bergement de qualit\u00e9, comme \u00e0 la maison.<\/h3><p>Pour une exp\u00e9rience de service exclusive, tous nos tarifs de location de camping-cars et de vans am\u00e9nag\u00e9s incluent :<\/p>\n<ul>\n<li>Transferts VIP depuis et vers l\u2019a\u00e9roport.<\/li>\n<li>Une pr\u00e9sentation personnalis\u00e9e compl\u00e8te sur l&rsquo;utilisation de tous les \u00e9quipements \u00e0 bord de votre v\u00e9hicule de location.<\/li>\n<li>Un livret d&rsquo;instructions d\u00e9taill\u00e9 pour vous garantir des vacances sans souci.<\/li>\n<li>Une assistance t\u00e9l\u00e9phonique 24h\/24 et 7j\/7 pour toutes vos questions techniques ou routi\u00e8res (Service d&rsquo;assistance routi\u00e8re).<\/li>\n<li>Un service de remplacement du v\u00e9hicule en cas de dysfonctionnement grave.<\/li>\n<li>De plus, vous pouvez conduire autant que vous le souhaitez durant votre s\u00e9jour : il n&rsquo;y a aucune limitation de kilom\u00e9trage (kilom\u00e9trage illimit\u00e9).<\/li>\n<\/ul>\n            <\/div>\r\n            <div class=\"image-container reveal image-high\">\r\n                <img decoding=\"async\" src=\"https:\/\/www.touringcars.com\/wp-content\/uploads\/2025\/02\/TC_Vehicle_7-451x300.jpg\" srcset=\"https:\/\/www.touringcars.com\/wp-content\/uploads\/2025\/02\/TC_Vehicle_7-300x200.jpg 300w, https:\/\/www.touringcars.com\/wp-content\/uploads\/2025\/02\/TC_Vehicle_7-1024x681.jpg 1024w, https:\/\/www.touringcars.com\/wp-content\/uploads\/2025\/02\/TC_Vehicle_7-768x511.jpg 768w, https:\/\/www.touringcars.com\/wp-content\/uploads\/2025\/02\/TC_Vehicle_7-1536x1022.jpg 1536w, https:\/\/www.touringcars.com\/wp-content\/uploads\/2025\/02\/TC_Vehicle_7-2048x1363.jpg 2048w, https:\/\/www.touringcars.com\/wp-content\/uploads\/2025\/02\/TC_Vehicle_7-1920x1278.jpg 1920w, https:\/\/www.touringcars.com\/wp-content\/uploads\/2025\/02\/TC_Vehicle_7-891x593.jpg 891w, https:\/\/www.touringcars.com\/wp-content\/uploads\/2025\/02\/TC_Vehicle_7-714x475.jpg 714w, https:\/\/www.touringcars.com\/wp-content\/uploads\/2025\/02\/TC_Vehicle_7-451x300.jpg 451w, https:\/\/www.touringcars.com\/wp-content\/uploads\/2025\/02\/TC_Vehicle_7-367x245.jpg 367w\" alt=\"TC_Vehicle_7\" width=\"2560\" height=\"1703\">            <\/div>\r\n        <\/div>\r\n    <\/div>\r\n<\/section>\n\n<section class=\"block block-textimage\">\r\n    <div class=\"container\">\r\n        <div class=\"content-row image-placement-right\">\r\n            <div class=\"content-container reveal\">\r\n                <h3>Une flotte fra\u00eeche \u00e0 votre disposition<\/h3><div class=\"two-col__content\">\n<div class=\"two-col__text\">\n<div class=\"clearfix text-formatted field field--name-field-text field--type-text-long field--label-hidden field__item\">\n<p>Les camping-cars de location de cette cat\u00e9gorie Urban Van Automatic repr\u00e9sentent la meilleure qualit\u00e9 disponible, et ils ont tous parcouru moins de 100 000 km. La qualit\u00e9 de notre flotte est importante pour nous, et pour qu&rsquo;elle reste fra\u00eeche et belle, tous nos camping-cars de location sont soumis \u00e0 quatre contr\u00f4les ind\u00e9pendants entre chaque location, afin de garantir des vacances sans souci \u00e0 chaque client. Ce processus dure au moins trois heures et comprend un nettoyage approfondi, un contr\u00f4le technique complet et une pr\u00e9paration personnalis\u00e9e du camping-car pour son prochain client.  <\/p>\n<\/div>\n<\/div>\n<\/div>\n            <\/div>\r\n            <div class=\"image-container reveal image-high\">\r\n                <img decoding=\"async\" src=\"https:\/\/www.touringcars.com\/wp-content\/uploads\/2025\/12\/UrbanVan-Jarvi-574x431.jpg\" srcset=\"https:\/\/www.touringcars.com\/wp-content\/uploads\/2025\/12\/UrbanVan-Jarvi-300x225.jpg 300w, https:\/\/www.touringcars.com\/wp-content\/uploads\/2025\/12\/UrbanVan-Jarvi-1024x768.jpg 1024w, https:\/\/www.touringcars.com\/wp-content\/uploads\/2025\/12\/UrbanVan-Jarvi-768x576.jpg 768w, https:\/\/www.touringcars.com\/wp-content\/uploads\/2025\/12\/UrbanVan-Jarvi-791x593.jpg 791w, https:\/\/www.touringcars.com\/wp-content\/uploads\/2025\/12\/UrbanVan-Jarvi-708x531.jpg 708w, https:\/\/www.touringcars.com\/wp-content\/uploads\/2025\/12\/UrbanVan-Jarvi-574x431.jpg 574w, https:\/\/www.touringcars.com\/wp-content\/uploads\/2025\/12\/UrbanVan-Jarvi.jpg 1500w\" alt=\"UrbanVan-Jarvi\" width=\"1500\" height=\"1125\">            <\/div>\r\n        <\/div>\r\n    <\/div>\r\n<\/section>\n\n<section class=\"block block-textimage\">\r\n    <div class=\"container\">\r\n        <div class=\"content-row image-placement-left\">\r\n            <div class=\"content-container reveal\">\r\n                <h3>Des solutions spatiales ing\u00e9nieuses<\/h3><div class=\"two-col__content\">\n<div class=\"two-col__text\">\n<div class=\"clearfix text-formatted field field--name-field-text field--type-text-long field--label-hidden field__item\">\n<p>L&rsquo;Urban Van Automatic est un chef-d&rsquo;\u0153uvre d&rsquo;efficacit\u00e9 en mati\u00e8re d&rsquo;espace. Le <b>toit relevable<\/b> offre non seulement une hauteur sous plafond suppl\u00e9mentaire pendant la journ\u00e9e, mais il abrite \u00e9galement un lit sup\u00e9rieur confortable pour deux personnes. En bas, la banquette arri\u00e8re se transforme facilement en un deuxi\u00e8me lit double. Chaque centim\u00e8tre de l&rsquo;int\u00e9rieur est utilis\u00e9 intelligemment pour maximiser l&rsquo;espace de vie. En faisant pivoter les si\u00e8ges avant, vous cr\u00e9ez une atmosph\u00e8re spacieuse et sociale, ce qui donne l&rsquo;impression que le fourgon est bien plus grand que son ext\u00e9rieur compact.<\/p>\n<p>L&rsquo;\u00e9quipement standard est le m\u00eame que dans nos autres camping-cars bien \u00e9quip\u00e9s, y compris les niveleurs de v\u00e9hicules, les c\u00e2bles \u00e9lectriques, les tuyaux d&rsquo;eau, etc.<\/p>\n<\/div>\n<p>&nbsp;<\/p>\n<\/div>\n<\/div>\n            <\/div>\r\n            <div class=\"image-container reveal image-high\">\r\n                <img decoding=\"async\" src=\"https:\/\/www.touringcars.com\/wp-content\/uploads\/2025\/12\/UrbanVan-Takaosa-574x431.jpg\" srcset=\"https:\/\/www.touringcars.com\/wp-content\/uploads\/2025\/12\/UrbanVan-Takaosa-300x225.jpg 300w, https:\/\/www.touringcars.com\/wp-content\/uploads\/2025\/12\/UrbanVan-Takaosa-1024x768.jpg 1024w, https:\/\/www.touringcars.com\/wp-content\/uploads\/2025\/12\/UrbanVan-Takaosa-768x576.jpg 768w, https:\/\/www.touringcars.com\/wp-content\/uploads\/2025\/12\/UrbanVan-Takaosa-791x593.jpg 791w, https:\/\/www.touringcars.com\/wp-content\/uploads\/2025\/12\/UrbanVan-Takaosa-708x531.jpg 708w, https:\/\/www.touringcars.com\/wp-content\/uploads\/2025\/12\/UrbanVan-Takaosa-574x431.jpg 574w, https:\/\/www.touringcars.com\/wp-content\/uploads\/2025\/12\/UrbanVan-Takaosa.jpg 1500w\" alt=\"UrbanVan-Takaosa\" width=\"1500\" height=\"1125\">            <\/div>\r\n        <\/div>\r\n    <\/div>\r\n<\/section>\n\n<section class=\"block block-textimage\">\r\n    <div class=\"container\">\r\n        <div class=\"content-row image-placement-right\">\r\n            <div class=\"content-container reveal\">\r\n                <h3>Libert\u00e9 de cuisiner n&#039;importe o\u00f9<\/h3><p>La kitchenette enti\u00e8rement int\u00e9gr\u00e9e est une merveille de design compact. Elle comprend une <b>plaque de cuisson au gaz \u00e0 deux feux<\/b>, un \u00e9vier en acier inoxydable avec eau courante et une <b>glaci\u00e8re<\/b> pour conserver vos produits essentiels au frais. Gr\u00e2ce \u00e0 la plaque de cuisson au gaz int\u00e9gr\u00e9e, vous \u00eates libre de pr\u00e9parer de d\u00e9licieux repas o\u00f9 que vous alliez. Quand vient l&rsquo;heure de manger, il vous suffit d&rsquo;installer la table int\u00e9rieure pour cr\u00e9er un coin repas confortable. Gr\u00e2ce aux stores occultants int\u00e9gr\u00e9s et \u00e0 l&rsquo;\u00e9clairage d&rsquo;ambiance, le fourgon se transforme en un salon confortable d\u00e8s que le soleil se couche.    <\/p>\n            <\/div>\r\n            <div class=\"image-container reveal image-high\">\r\n                <img decoding=\"async\" src=\"https:\/\/www.touringcars.com\/wp-content\/uploads\/2025\/12\/UrbanVan-Puisto-574x431.jpg\" srcset=\"https:\/\/www.touringcars.com\/wp-content\/uploads\/2025\/12\/UrbanVan-Puisto-300x225.jpg 300w, https:\/\/www.touringcars.com\/wp-content\/uploads\/2025\/12\/UrbanVan-Puisto-1024x768.jpg 1024w, https:\/\/www.touringcars.com\/wp-content\/uploads\/2025\/12\/UrbanVan-Puisto-768x576.jpg 768w, https:\/\/www.touringcars.com\/wp-content\/uploads\/2025\/12\/UrbanVan-Puisto-791x593.jpg 791w, https:\/\/www.touringcars.com\/wp-content\/uploads\/2025\/12\/UrbanVan-Puisto-708x531.jpg 708w, https:\/\/www.touringcars.com\/wp-content\/uploads\/2025\/12\/UrbanVan-Puisto-574x431.jpg 574w, https:\/\/www.touringcars.com\/wp-content\/uploads\/2025\/12\/UrbanVan-Puisto.jpg 1500w\" alt=\"UrbanVan-Puisto\" width=\"1500\" height=\"1125\">            <\/div>\r\n        <\/div>\r\n    <\/div>\r\n<\/section>\n\n<section style=\"background-image: url(https:\/\/www.touringcars.com\/wp-content\/uploads\/2025\/02\/camper_van_driving_on_road_as_the_sun_is_rising.jpg.webp)\" class=\"block block-centertext bg-image\">\r\n    <div class=\"container\">\r\n        <div class=\"content-container reveal\">\r\n            <h2>R\u00e9servez maintenant et payez plus tard<\/h2><p class=\"text-align-center\">Gr\u00e2ce \u00e0 notre option de paiement flexible, vous pouvez r\u00e9server un camping-car haut de gamme pour vos vacances avec un acompte de 170 GBP\/ 200 EUR\/ 2 000 NOK\/ 2 000 SEK et payer le montant restant 45 jours avant votre premier jour de location.<\/p>\n<p class=\"text-align-center\">V\u00e9rifiez la disponibilit\u00e9 des camping-cars en direct et les prix de location sur notre page d&rsquo;accueil.<\/p>\n<div class=\"buttons\"><a href=\"\" class=\"btn btn-wide\" target=\"_blank\" rel=\"noopener noreferrer\">Page d&#039;accueil<\/a><\/div>        <\/div>\r\n    <\/div>\r\n<\/section>\n\n<section class=\"block block-basic small-padding-bottom hide-during-booking\">\r\n    <div class=\"container\">\r\n        <div class=\"content-container reveal\">\r\n            <h2>Location de camping-cars avec Touring Cars. Profitez de vos vacances en toute s\u00e9curit\u00e9 et confortablement sur place!<\/h2><p><strong>Plus d\u2019informations : Vid\u00e9os<\/strong><\/p>\n<div class=\"buttons\"><a href=\"https:\/\/www.youtube.com\/playlist?list=PLH1ePBkJ8mrIrX21VPlGuryWMvwm22zCu\" class=\"btn btn-wide\" target=\"_blank\" rel=\"noopener noreferrer\">Vid\u00e9os d\u2019orientation pour la location<\/a><a href=\"https:\/\/www.youtube.com\/playlist?list=PLH1ePBkJ8mrJo8ZHnLseip_jvYqA1j7qe\" class=\"btn btn-wide\" target=\"_blank\" rel=\"noopener noreferrer\">Conseils pour voyager en camping\u2011car<\/a><\/div>        <\/div>\r\n    <\/div>\r\n<\/section>\n\n<section class=\"block block-basic small-padding-top\">\r\n    <div class=\"container\">\r\n        <div class=\"content-container reveal\">\r\n            <p><em>Veuillez noter que tous les types de v\u00e9hicules de location pr\u00e9sent\u00e9s sur ce site Web sont uniquement fournis \u00e0 titre d\u2019illustration. Les v\u00e9hicules de location r\u00e9els peuvent diff\u00e9rer des photos et des illustrations. Cela signifie que les caract\u00e9ristiques des v\u00e9hicules, par exemple les dimensions des lits, peuvent varier. Touring Cars se r\u00e9serve le droit de modifier les sp\u00e9cifications et\/ou de fournir un v\u00e9hicule similaire ou de cat\u00e9gorie sup\u00e9rieure au prix annonc\u00e9, sans pr\u00e9avis.<\/em><\/p>\n        <\/div>\r\n    <\/div>\r\n<\/section>\n\n<section class=\"block block-postsslider style-small\">\r\n    <div class=\"container reveal\">\r\n        <h2>Cat\u00e9gories de camping-cars<\/h2><div class=\"glide articles-slider\" data-uid=\"69f295af3c470\"><div class=\"glide__track\" data-glide-el=\"track\"><ul class=\"glide__slides\"><li class=\"glide__slide\"><article class=\"article reveal\"><div class=\"image-container\"><a href=\"https:\/\/www.touringcars.com\/fr\/vehicle-category\/urban-van-automatic\/\"><img decoding=\"async\" src=\"https:\/\/www.touringcars.com\/wp-content\/uploads\/2025\/12\/Urban-Van-1-574x411.jpg\" srcset=\"https:\/\/www.touringcars.com\/wp-content\/uploads\/2025\/12\/Urban-Van-1-300x215.jpg 300w, https:\/\/www.touringcars.com\/wp-content\/uploads\/2025\/12\/Urban-Van-1-1024x733.jpg 1024w, https:\/\/www.touringcars.com\/wp-content\/uploads\/2025\/12\/Urban-Van-1-768x550.jpg 768w, https:\/\/www.touringcars.com\/wp-content\/uploads\/2025\/12\/Urban-Van-1-828x593.jpg 828w, https:\/\/www.touringcars.com\/wp-content\/uploads\/2025\/12\/Urban-Van-1-714x511.jpg 714w, https:\/\/www.touringcars.com\/wp-content\/uploads\/2025\/12\/Urban-Van-1-180x129.jpg 180w, https:\/\/www.touringcars.com\/wp-content\/uploads\/2025\/12\/Urban-Van-1-412x295.jpg 412w, https:\/\/www.touringcars.com\/wp-content\/uploads\/2025\/12\/Urban-Van-1-574x411.jpg 574w, https:\/\/www.touringcars.com\/wp-content\/uploads\/2025\/12\/Urban-Van-1.jpg 1348w\" alt=\"Urban Van Automatic &#8211; pour 2\"><\/a><\/div><div class=\"content-container\"><h3><a href=\"https:\/\/www.touringcars.com\/fr\/vehicle-category\/urban-van-automatic\/\">Urban Van Automatic &#8211; pour 2<\/a><\/h3><\/div><\/article><\/li><li class=\"glide__slide\"><article class=\"article reveal\"><div class=\"image-container\"><a href=\"https:\/\/www.touringcars.com\/fr\/vehicle-category\/camp-automatic\/\"><img decoding=\"async\" src=\"https:\/\/www.touringcars.com\/wp-content\/uploads\/2025\/12\/camp-automatic-574x411.jpeg\" srcset=\"https:\/\/www.touringcars.com\/wp-content\/uploads\/2025\/12\/camp-automatic-300x215.jpeg 300w, https:\/\/www.touringcars.com\/wp-content\/uploads\/2025\/12\/camp-automatic-1024x733.jpeg 1024w, https:\/\/www.touringcars.com\/wp-content\/uploads\/2025\/12\/camp-automatic-768x550.jpeg 768w, https:\/\/www.touringcars.com\/wp-content\/uploads\/2025\/12\/camp-automatic-828x593.jpeg 828w, https:\/\/www.touringcars.com\/wp-content\/uploads\/2025\/12\/camp-automatic-714x511.jpeg 714w, https:\/\/www.touringcars.com\/wp-content\/uploads\/2025\/12\/camp-automatic-574x411.jpeg 574w, https:\/\/www.touringcars.com\/wp-content\/uploads\/2025\/12\/camp-automatic.jpeg 1348w\" alt=\"CAMP AUTOMATIC &#8211; pour 2\"><\/a><\/div><div class=\"content-container\"><h3><a href=\"https:\/\/www.touringcars.com\/fr\/vehicle-category\/camp-automatic\/\">CAMP AUTOMATIC &#8211; pour 2<\/a><\/h3><\/div><\/article><\/li><li class=\"glide__slide\"><article class=\"article reveal\"><div class=\"image-container\"><a href=\"https:\/\/www.touringcars.com\/fr\/vehicle-category\/van\/\"><img decoding=\"async\" src=\"https:\/\/www.touringcars.com\/wp-content\/uploads\/2025\/02\/carado-imagebank-data_VE_Camper-Van_CV640_CU_2025_1002_21-31-41_web-450x300.jpg\" srcset=\"https:\/\/www.touringcars.com\/wp-content\/uploads\/2025\/02\/carado-imagebank-data_VE_Camper-Van_CV640_CU_2025_1002_21-31-41_web-300x200.jpg 300w, https:\/\/www.touringcars.com\/wp-content\/uploads\/2025\/02\/carado-imagebank-data_VE_Camper-Van_CV640_CU_2025_1002_21-31-41_web-1024x682.jpg 1024w, https:\/\/www.touringcars.com\/wp-content\/uploads\/2025\/02\/carado-imagebank-data_VE_Camper-Van_CV640_CU_2025_1002_21-31-41_web-768x512.jpg 768w, https:\/\/www.touringcars.com\/wp-content\/uploads\/2025\/02\/carado-imagebank-data_VE_Camper-Van_CV640_CU_2025_1002_21-31-41_web-1536x1024.jpg 1536w, https:\/\/www.touringcars.com\/wp-content\/uploads\/2025\/02\/carado-imagebank-data_VE_Camper-Van_CV640_CU_2025_1002_21-31-41_web-2048x1365.jpg 2048w, https:\/\/www.touringcars.com\/wp-content\/uploads\/2025\/02\/carado-imagebank-data_VE_Camper-Van_CV640_CU_2025_1002_21-31-41_web-890x593.jpg 890w, https:\/\/www.touringcars.com\/wp-content\/uploads\/2025\/02\/carado-imagebank-data_VE_Camper-Van_CV640_CU_2025_1002_21-31-41_web-714x476.jpg 714w, https:\/\/www.touringcars.com\/wp-content\/uploads\/2025\/02\/carado-imagebank-data_VE_Camper-Van_CV640_CU_2025_1002_21-31-41_web-450x300.jpg 450w, https:\/\/www.touringcars.com\/wp-content\/uploads\/2025\/02\/carado-imagebank-data_VE_Camper-Van_CV640_CU_2025_1002_21-31-41_web-367x245.jpg 367w\" alt=\"VAN &#8211; pour 2\"><\/a><\/div><div class=\"content-container\"><h3><a href=\"https:\/\/www.touringcars.com\/fr\/vehicle-category\/van\/\">VAN &#8211; pour 2<\/a><\/h3><\/div><\/article><\/li><li class=\"glide__slide\"><article class=\"article reveal\"><div class=\"image-container\"><a href=\"https:\/\/www.touringcars.com\/fr\/vehicle-category\/van-4x4-automatic\/\"><img decoding=\"async\" src=\"https:\/\/www.touringcars.com\/wp-content\/uploads\/2025\/11\/van-4x4-buerstner-habiton-2025-white-road-1-574x411.jpg\" srcset=\"https:\/\/www.touringcars.com\/wp-content\/uploads\/2025\/11\/van-4x4-buerstner-habiton-2025-white-road-1-300x215.jpg 300w, https:\/\/www.touringcars.com\/wp-content\/uploads\/2025\/11\/van-4x4-buerstner-habiton-2025-white-road-1-1024x733.jpg 1024w, https:\/\/www.touringcars.com\/wp-content\/uploads\/2025\/11\/van-4x4-buerstner-habiton-2025-white-road-1-768x550.jpg 768w, https:\/\/www.touringcars.com\/wp-content\/uploads\/2025\/11\/van-4x4-buerstner-habiton-2025-white-road-1-828x593.jpg 828w, https:\/\/www.touringcars.com\/wp-content\/uploads\/2025\/11\/van-4x4-buerstner-habiton-2025-white-road-1-714x511.jpg 714w, https:\/\/www.touringcars.com\/wp-content\/uploads\/2025\/11\/van-4x4-buerstner-habiton-2025-white-road-1-574x411.jpg 574w, https:\/\/www.touringcars.com\/wp-content\/uploads\/2025\/11\/van-4x4-buerstner-habiton-2025-white-road-1.jpg 1348w\" alt=\"VAN 4&#215;4 AUTOMATC &#8211; pour 2\"><\/a><\/div><div class=\"content-container\"><h3><a href=\"https:\/\/www.touringcars.com\/fr\/vehicle-category\/van-4x4-automatic\/\">VAN 4&#215;4 AUTOMATC &#8211; pour 2<\/a><\/h3><\/div><\/article><\/li><li class=\"glide__slide\"><article class=\"article reveal\"><div class=\"image-container\"><a href=\"https:\/\/www.touringcars.com\/fr\/vehicle-category\/small\/\"><img decoding=\"async\" src=\"https:\/\/www.touringcars.com\/wp-content\/uploads\/2025\/02\/carado-imagebank-data_VE_Van_V339_CU_2025_1002_21-31-41_web-450x300.jpg\" srcset=\"https:\/\/www.touringcars.com\/wp-content\/uploads\/2025\/02\/carado-imagebank-data_VE_Van_V339_CU_2025_1002_21-31-41_web-300x200.jpg 300w, https:\/\/www.touringcars.com\/wp-content\/uploads\/2025\/02\/carado-imagebank-data_VE_Van_V339_CU_2025_1002_21-31-41_web-1024x682.jpg 1024w, https:\/\/www.touringcars.com\/wp-content\/uploads\/2025\/02\/carado-imagebank-data_VE_Van_V339_CU_2025_1002_21-31-41_web-768x512.jpg 768w, https:\/\/www.touringcars.com\/wp-content\/uploads\/2025\/02\/carado-imagebank-data_VE_Van_V339_CU_2025_1002_21-31-41_web-1536x1024.jpg 1536w, https:\/\/www.touringcars.com\/wp-content\/uploads\/2025\/02\/carado-imagebank-data_VE_Van_V339_CU_2025_1002_21-31-41_web-2048x1365.jpg 2048w, https:\/\/www.touringcars.com\/wp-content\/uploads\/2025\/02\/carado-imagebank-data_VE_Van_V339_CU_2025_1002_21-31-41_web-890x593.jpg 890w, https:\/\/www.touringcars.com\/wp-content\/uploads\/2025\/02\/carado-imagebank-data_VE_Van_V339_CU_2025_1002_21-31-41_web-714x476.jpg 714w, https:\/\/www.touringcars.com\/wp-content\/uploads\/2025\/02\/carado-imagebank-data_VE_Van_V339_CU_2025_1002_21-31-41_web-450x300.jpg 450w, https:\/\/www.touringcars.com\/wp-content\/uploads\/2025\/02\/carado-imagebank-data_VE_Van_V339_CU_2025_1002_21-31-41_web-367x245.jpg 367w\" alt=\"SMALL &#8211; pour 2\"><\/a><\/div><div class=\"content-container\"><h3><a href=\"https:\/\/www.touringcars.com\/fr\/vehicle-category\/small\/\">SMALL &#8211; pour 2<\/a><\/h3><\/div><\/article><\/li><li class=\"glide__slide\"><article class=\"article reveal\"><div class=\"image-container\"><a href=\"https:\/\/www.touringcars.com\/fr\/vehicle-category\/luxury-small\/\"><img decoding=\"async\" src=\"https:\/\/www.touringcars.com\/wp-content\/uploads\/2025\/02\/carado-imagebank-data_VE_Semi-Integrated_T447_CU_2025_1502_21-31-41_WEB-574x383.jpg\" srcset=\"https:\/\/www.touringcars.com\/wp-content\/uploads\/2025\/02\/carado-imagebank-data_VE_Semi-Integrated_T447_CU_2025_1502_21-31-41_WEB-300x200.jpg 300w, https:\/\/www.touringcars.com\/wp-content\/uploads\/2025\/02\/carado-imagebank-data_VE_Semi-Integrated_T447_CU_2025_1502_21-31-41_WEB-2048x1365.jpg 2048w, https:\/\/www.touringcars.com\/wp-content\/uploads\/2025\/02\/carado-imagebank-data_VE_Semi-Integrated_T447_CU_2025_1502_21-31-41_WEB-890x593.jpg 890w, https:\/\/www.touringcars.com\/wp-content\/uploads\/2025\/02\/carado-imagebank-data_VE_Semi-Integrated_T447_CU_2025_1502_21-31-41_WEB-768x512.jpg 768w, https:\/\/www.touringcars.com\/wp-content\/uploads\/2025\/02\/carado-imagebank-data_VE_Semi-Integrated_T447_CU_2025_1502_21-31-41_WEB-1024x683.jpg 1024w, https:\/\/www.touringcars.com\/wp-content\/uploads\/2025\/02\/carado-imagebank-data_VE_Semi-Integrated_T447_CU_2025_1502_21-31-41_WEB-1536x1024.jpg 1536w, https:\/\/www.touringcars.com\/wp-content\/uploads\/2025\/02\/carado-imagebank-data_VE_Semi-Integrated_T447_CU_2025_1502_21-31-41_WEB-1920x1280.jpg 1920w, https:\/\/www.touringcars.com\/wp-content\/uploads\/2025\/02\/carado-imagebank-data_VE_Semi-Integrated_T447_CU_2025_1502_21-31-41_WEB-714x476.jpg 714w, https:\/\/www.touringcars.com\/wp-content\/uploads\/2025\/02\/carado-imagebank-data_VE_Semi-Integrated_T447_CU_2025_1502_21-31-41_WEB-180x120.jpg 180w, https:\/\/www.touringcars.com\/wp-content\/uploads\/2025\/02\/carado-imagebank-data_VE_Semi-Integrated_T447_CU_2025_1502_21-31-41_WEB-412x275.jpg 412w, https:\/\/www.touringcars.com\/wp-content\/uploads\/2025\/02\/carado-imagebank-data_VE_Semi-Integrated_T447_CU_2025_1502_21-31-41_WEB-574x383.jpg 574w, https:\/\/www.touringcars.com\/wp-content\/uploads\/2025\/02\/carado-imagebank-data_VE_Semi-Integrated_T447_CU_2025_1502_21-31-41_WEB-367x245.jpg 367w\" alt=\"LUXURY &#8211; for 2\"><\/a><\/div><div class=\"content-container\"><h3><a href=\"https:\/\/www.touringcars.com\/fr\/vehicle-category\/luxury-small\/\">LUXURY &#8211; for 2<\/a><\/h3><\/div><\/article><\/li><li class=\"glide__slide\"><article class=\"article reveal\"><div class=\"image-container\"><a href=\"https:\/\/www.touringcars.com\/fr\/vehicle-category\/medium\/\"><img decoding=\"async\" src=\"https:\/\/www.touringcars.com\/wp-content\/uploads\/2025\/02\/carado-imagebank-data_VE_Semi-Integrated_T448_CU_2025_1002_21-31-41_web-450x300.jpg\" srcset=\"https:\/\/www.touringcars.com\/wp-content\/uploads\/2025\/02\/carado-imagebank-data_VE_Semi-Integrated_T448_CU_2025_1002_21-31-41_web-300x200.jpg 300w, https:\/\/www.touringcars.com\/wp-content\/uploads\/2025\/02\/carado-imagebank-data_VE_Semi-Integrated_T448_CU_2025_1002_21-31-41_web-1024x682.jpg 1024w, https:\/\/www.touringcars.com\/wp-content\/uploads\/2025\/02\/carado-imagebank-data_VE_Semi-Integrated_T448_CU_2025_1002_21-31-41_web-768x512.jpg 768w, https:\/\/www.touringcars.com\/wp-content\/uploads\/2025\/02\/carado-imagebank-data_VE_Semi-Integrated_T448_CU_2025_1002_21-31-41_web-1536x1024.jpg 1536w, https:\/\/www.touringcars.com\/wp-content\/uploads\/2025\/02\/carado-imagebank-data_VE_Semi-Integrated_T448_CU_2025_1002_21-31-41_web-2048x1365.jpg 2048w, https:\/\/www.touringcars.com\/wp-content\/uploads\/2025\/02\/carado-imagebank-data_VE_Semi-Integrated_T448_CU_2025_1002_21-31-41_web-890x593.jpg 890w, https:\/\/www.touringcars.com\/wp-content\/uploads\/2025\/02\/carado-imagebank-data_VE_Semi-Integrated_T448_CU_2025_1002_21-31-41_web-714x476.jpg 714w, https:\/\/www.touringcars.com\/wp-content\/uploads\/2025\/02\/carado-imagebank-data_VE_Semi-Integrated_T448_CU_2025_1002_21-31-41_web-450x300.jpg 450w, https:\/\/www.touringcars.com\/wp-content\/uploads\/2025\/02\/carado-imagebank-data_VE_Semi-Integrated_T448_CU_2025_1002_21-31-41_web-367x245.jpg 367w\" alt=\"MEDIUM &#8211; pour 4\"><\/a><\/div><div class=\"content-container\"><h3><a href=\"https:\/\/www.touringcars.com\/fr\/vehicle-category\/medium\/\">MEDIUM &#8211; pour 4<\/a><\/h3><\/div><\/article><\/li><li class=\"glide__slide\"><article class=\"article reveal\"><div class=\"image-container\"><a href=\"https:\/\/www.touringcars.com\/fr\/vehicle-category\/luxury\/\"><img decoding=\"async\" src=\"https:\/\/www.touringcars.com\/wp-content\/uploads\/2025\/02\/carado-imagebank-data_VE_Semi-Integrated_T447_CU_2025_1502_21-31-41_WEB-450x300.jpg\" srcset=\"https:\/\/www.touringcars.com\/wp-content\/uploads\/2025\/02\/carado-imagebank-data_VE_Semi-Integrated_T447_CU_2025_1502_21-31-41_WEB-300x200.jpg 300w, https:\/\/www.touringcars.com\/wp-content\/uploads\/2025\/02\/carado-imagebank-data_VE_Semi-Integrated_T447_CU_2025_1502_21-31-41_WEB-1024x683.jpg 1024w, https:\/\/www.touringcars.com\/wp-content\/uploads\/2025\/02\/carado-imagebank-data_VE_Semi-Integrated_T447_CU_2025_1502_21-31-41_WEB-768x512.jpg 768w, https:\/\/www.touringcars.com\/wp-content\/uploads\/2025\/02\/carado-imagebank-data_VE_Semi-Integrated_T447_CU_2025_1502_21-31-41_WEB-1536x1024.jpg 1536w, https:\/\/www.touringcars.com\/wp-content\/uploads\/2025\/02\/carado-imagebank-data_VE_Semi-Integrated_T447_CU_2025_1502_21-31-41_WEB-2048x1365.jpg 2048w, https:\/\/www.touringcars.com\/wp-content\/uploads\/2025\/02\/carado-imagebank-data_VE_Semi-Integrated_T447_CU_2025_1502_21-31-41_WEB-1920x1280.jpg 1920w, https:\/\/www.touringcars.com\/wp-content\/uploads\/2025\/02\/carado-imagebank-data_VE_Semi-Integrated_T447_CU_2025_1502_21-31-41_WEB-890x593.jpg 890w, https:\/\/www.touringcars.com\/wp-content\/uploads\/2025\/02\/carado-imagebank-data_VE_Semi-Integrated_T447_CU_2025_1502_21-31-41_WEB-714x476.jpg 714w, https:\/\/www.touringcars.com\/wp-content\/uploads\/2025\/02\/carado-imagebank-data_VE_Semi-Integrated_T447_CU_2025_1502_21-31-41_WEB-450x300.jpg 450w, https:\/\/www.touringcars.com\/wp-content\/uploads\/2025\/02\/carado-imagebank-data_VE_Semi-Integrated_T447_CU_2025_1502_21-31-41_WEB-367x245.jpg 367w\" alt=\"LUXURY &#8211; pour 4\"><\/a><\/div><div class=\"content-container\"><h3><a href=\"https:\/\/www.touringcars.com\/fr\/vehicle-category\/luxury\/\">LUXURY &#8211; pour 4<\/a><\/h3><\/div><\/article><\/li><li class=\"glide__slide\"><article class=\"article reveal\"><div class=\"image-container\"><a href=\"https:\/\/www.touringcars.com\/fr\/vehicle-category\/family\/\"><img decoding=\"async\" src=\"https:\/\/www.touringcars.com\/wp-content\/uploads\/2025\/02\/carado-imagebank-data_VE_Overcab_A361_CU_2025_1002_21-31-41_web-450x300.jpg\" srcset=\"https:\/\/www.touringcars.com\/wp-content\/uploads\/2025\/02\/carado-imagebank-data_VE_Overcab_A361_CU_2025_1002_21-31-41_web-300x200.jpg 300w, https:\/\/www.touringcars.com\/wp-content\/uploads\/2025\/02\/carado-imagebank-data_VE_Overcab_A361_CU_2025_1002_21-31-41_web-1024x682.jpg 1024w, https:\/\/www.touringcars.com\/wp-content\/uploads\/2025\/02\/carado-imagebank-data_VE_Overcab_A361_CU_2025_1002_21-31-41_web-768x512.jpg 768w, https:\/\/www.touringcars.com\/wp-content\/uploads\/2025\/02\/carado-imagebank-data_VE_Overcab_A361_CU_2025_1002_21-31-41_web-1536x1024.jpg 1536w, https:\/\/www.touringcars.com\/wp-content\/uploads\/2025\/02\/carado-imagebank-data_VE_Overcab_A361_CU_2025_1002_21-31-41_web-2048x1365.jpg 2048w, https:\/\/www.touringcars.com\/wp-content\/uploads\/2025\/02\/carado-imagebank-data_VE_Overcab_A361_CU_2025_1002_21-31-41_web-890x593.jpg 890w, https:\/\/www.touringcars.com\/wp-content\/uploads\/2025\/02\/carado-imagebank-data_VE_Overcab_A361_CU_2025_1002_21-31-41_web-714x476.jpg 714w, https:\/\/www.touringcars.com\/wp-content\/uploads\/2025\/02\/carado-imagebank-data_VE_Overcab_A361_CU_2025_1002_21-31-41_web-450x300.jpg 450w, https:\/\/www.touringcars.com\/wp-content\/uploads\/2025\/02\/carado-imagebank-data_VE_Overcab_A361_CU_2025_1002_21-31-41_web-367x245.jpg 367w\" alt=\"FAMILY \u2013 for 5\"><\/a><\/div><div class=\"content-container\"><h3><a href=\"https:\/\/www.touringcars.com\/fr\/vehicle-category\/family\/\">FAMILY \u2013 for 5<\/a><\/h3><\/div><\/article><\/li><li class=\"glide__slide\"><article class=\"article reveal\"><div class=\"image-container\"><a href=\"https:\/\/www.touringcars.com\/fr\/vehicle-category\/large\/\"><img decoding=\"async\" src=\"https:\/\/www.touringcars.com\/wp-content\/uploads\/2025\/02\/carado-imagebank-data_VE_Overcab_A464_CU_2025_1003_21-31-41_web-450x300.jpg\" srcset=\"https:\/\/www.touringcars.com\/wp-content\/uploads\/2025\/02\/carado-imagebank-data_VE_Overcab_A464_CU_2025_1003_21-31-41_web-300x200.jpg 300w, https:\/\/www.touringcars.com\/wp-content\/uploads\/2025\/02\/carado-imagebank-data_VE_Overcab_A464_CU_2025_1003_21-31-41_web-1024x682.jpg 1024w, https:\/\/www.touringcars.com\/wp-content\/uploads\/2025\/02\/carado-imagebank-data_VE_Overcab_A464_CU_2025_1003_21-31-41_web-768x512.jpg 768w, https:\/\/www.touringcars.com\/wp-content\/uploads\/2025\/02\/carado-imagebank-data_VE_Overcab_A464_CU_2025_1003_21-31-41_web-1536x1024.jpg 1536w, https:\/\/www.touringcars.com\/wp-content\/uploads\/2025\/02\/carado-imagebank-data_VE_Overcab_A464_CU_2025_1003_21-31-41_web-2048x1365.jpg 2048w, https:\/\/www.touringcars.com\/wp-content\/uploads\/2025\/02\/carado-imagebank-data_VE_Overcab_A464_CU_2025_1003_21-31-41_web-890x593.jpg 890w, https:\/\/www.touringcars.com\/wp-content\/uploads\/2025\/02\/carado-imagebank-data_VE_Overcab_A464_CU_2025_1003_21-31-41_web-714x476.jpg 714w, https:\/\/www.touringcars.com\/wp-content\/uploads\/2025\/02\/carado-imagebank-data_VE_Overcab_A464_CU_2025_1003_21-31-41_web-450x300.jpg 450w, https:\/\/www.touringcars.com\/wp-content\/uploads\/2025\/02\/carado-imagebank-data_VE_Overcab_A464_CU_2025_1003_21-31-41_web-367x245.jpg 367w\" alt=\"LARGE \u2013 pour 5 et 6\"><\/a><\/div><div class=\"content-container\"><h3><a href=\"https:\/\/www.touringcars.com\/fr\/vehicle-category\/large\/\">LARGE \u2013 pour 5 et 6<\/a><\/h3><\/div><\/article><\/li><\/ul><\/div><div class=\"glide__controls\"><div class=\"glide__arrows\" data-glide-el=\"controls\"><span class=\"glide__arrow glide__arrow--left\" data-glide-dir=\"<\"><\/span><span class=\"glide__arrow glide__arrow--right\" data-glide-dir=\">\u00ab\u00a0><\/span><\/div><div class=\"glide__bullets\" data-glide-el=\"controls[nav]\"><span class=\"glide__bullet\" data-glide-dir=\"=0\" data-parent-uid=\"69f295af3c470\"><\/span><span class=\"glide__bullet\" data-glide-dir=\"=1\" data-parent-uid=\"69f295af3c470\"><\/span><span class=\"glide__bullet\" data-glide-dir=\"=2\" data-parent-uid=\"69f295af3c470\"><\/span><span class=\"glide__bullet\" data-glide-dir=\"=3\" data-parent-uid=\"69f295af3c470\"><\/span><span class=\"glide__bullet\" data-glide-dir=\"=4\" data-parent-uid=\"69f295af3c470\"><\/span><span class=\"glide__bullet\" data-glide-dir=\"=5\" data-parent-uid=\"69f295af3c470\"><\/span><span class=\"glide__bullet\" data-glide-dir=\"=6\" data-parent-uid=\"69f295af3c470\"><\/span><span class=\"glide__bullet\" data-glide-dir=\"=7\" data-parent-uid=\"69f295af3c470\"><\/span><span class=\"glide__bullet\" data-glide-dir=\"=8\" data-parent-uid=\"69f295af3c470\"><\/span><span class=\"glide__bullet\" data-glide-dir=\"=9\" data-parent-uid=\"69f295af3c470\"><\/span><\/div><\/div><\/div><div class=\"buttons\"><a href=\"https:\/\/www.touringcars.com\/fr\/categories-de-vehicules-de-loisirs\/\" class=\"btn btn-outline\">Toutes les cat\u00e9gories<\/a><\/div>    <\/div>\r\n<\/section>","protected":false},"featured_media":28514,"template":"","class_list":["post-26324","campervans-groups","type-campervans-groups","status-publish","has-post-thumbnail","hentry"],"acf":[],"_links":{"self":[{"href":"https:\/\/www.touringcars.com\/fr\/wp-json\/wp\/v2\/campervans-groups\/26324","targetHints":{"allow":["GET"]}}],"collection":[{"href":"https:\/\/www.touringcars.com\/fr\/wp-json\/wp\/v2\/campervans-groups"}],"about":[{"href":"https:\/\/www.touringcars.com\/fr\/wp-json\/wp\/v2\/types\/campervans-groups"}],"version-history":[{"count":5,"href":"https:\/\/www.touringcars.com\/fr\/wp-json\/wp\/v2\/campervans-groups\/26324\/revisions"}],"predecessor-version":[{"id":26427,"href":"https:\/\/www.touringcars.com\/fr\/wp-json\/wp\/v2\/campervans-groups\/26324\/revisions\/26427"}],"wp:featuredmedia":[{"embeddable":true,"href":"https:\/\/www.touringcars.com\/fr\/wp-json\/wp\/v2\/media\/28514"}],"wp:attachment":[{"href":"https:\/\/www.touringcars.com\/fr\/wp-json\/wp\/v2\/media?parent=26324"}],"curies":[{"name":"wp","href":"https:\/\/api.w.org\/{rel}","templated":true}]}}