{"id":32817,"date":"2026-08-17T12:19:10","date_gmt":"2026-08-17T12:19:10","guid":{"rendered":"https:\/\/www.touringcars.com\/?page_id=32817"},"modified":"2026-08-18T08:45:37","modified_gmt":"2026-08-18T08:45:37","slug":"matkailuauto-pitkaaikaisvuokraus","status":"publish","type":"page","link":"https:\/\/www.touringcars.com\/fi\/matkailuauto-pitkaaikaisvuokraus\/","title":{"rendered":"Matkailuauto pitk\u00e4aikaisvuokraus"},"content":{"rendered":"<section class=\"block block-hero text-style-white image-style-full\">\n    <div class=\"container container-full\">\n        <div class=\"glide image-slider\" data-uid=\"6a978dcc42a08\"><div class=\"glide__track\" data-glide-el=\"track\"><ul class=\"glide__slides\"><li class=\"glide__slide\"><img decoding=\"async\" src=\"https:\/\/www.touringcars.com\/wp-content\/uploads\/2022\/09\/carado-imagebank-data_VE_Semi-Integrated_T457_PI_2024_0061_21-31-41_WEB-574x382.jpg\" srcset=\"https:\/\/www.touringcars.com\/wp-content\/uploads\/2022\/09\/carado-imagebank-data_VE_Semi-Integrated_T457_PI_2024_0061_21-31-41_WEB-300x200.jpg 300w, https:\/\/www.touringcars.com\/wp-content\/uploads\/2022\/09\/carado-imagebank-data_VE_Semi-Integrated_T457_PI_2024_0061_21-31-41_WEB-1024x682.jpg 1024w, https:\/\/www.touringcars.com\/wp-content\/uploads\/2022\/09\/carado-imagebank-data_VE_Semi-Integrated_T457_PI_2024_0061_21-31-41_WEB-768x512.jpg 768w, https:\/\/www.touringcars.com\/wp-content\/uploads\/2022\/09\/carado-imagebank-data_VE_Semi-Integrated_T457_PI_2024_0061_21-31-41_WEB-1536x1023.jpg 1536w, https:\/\/www.touringcars.com\/wp-content\/uploads\/2022\/09\/carado-imagebank-data_VE_Semi-Integrated_T457_PI_2024_0061_21-31-41_WEB-2048x1364.jpg 2048w, https:\/\/www.touringcars.com\/wp-content\/uploads\/2022\/09\/carado-imagebank-data_VE_Semi-Integrated_T457_PI_2024_0061_21-31-41_WEB-1920x1279.jpg 1920w, https:\/\/www.touringcars.com\/wp-content\/uploads\/2022\/09\/carado-imagebank-data_VE_Semi-Integrated_T457_PI_2024_0061_21-31-41_WEB-890x593.jpg 890w, https:\/\/www.touringcars.com\/wp-content\/uploads\/2022\/09\/carado-imagebank-data_VE_Semi-Integrated_T457_PI_2024_0061_21-31-41_WEB-714x476.jpg 714w, https:\/\/www.touringcars.com\/wp-content\/uploads\/2022\/09\/carado-imagebank-data_VE_Semi-Integrated_T457_PI_2024_0061_21-31-41_WEB-574x382.jpg 574w, https:\/\/www.touringcars.com\/wp-content\/uploads\/2022\/09\/carado-imagebank-data_VE_Semi-Integrated_T457_PI_2024_0061_21-31-41_WEB-367x245.jpg 367w\" alt=\"_carado-imagebank-data_VE_Semi-Integrated_T457_PI_2024_0061_21-31-41_WEB\" data-no-lazy=\"1\" fetchpriority=\"high\"><\/li><\/ul><\/div><div class=\"glide__controls\"><div class=\"glide__arrows\" data-glide-el=\"controls\"><span class=\"glide__arrow glide__arrow--left\" aria-label=\"Vasen\" data-glide-dir=\"<\"><\/span><span class=\"glide__arrow glide__arrow--right\" aria-label=\"Oikea\" data-glide-dir=\">&#8221;><\/span><\/div><\/div><\/div><div class=\"hero-container\"><div class=\"breadcrumbs-container\"><ol><li><a href=\"https:\/\/www.touringcars.com\/fi\/\"><span>Touring Cars<\/span><\/a><\/li><\/ol><\/div><h1>Pidempi reissu, parempi hinta.<\/h1><p><span data-path-to-node=\"12,1,0,0\">Matkailuauto kiinte\u00e4ll\u00e4 kuukausihinnalla 3 tai 6 kuukaudeksi<\/span><\/p>\n<div><a class=\"btn\" href=\"#packages\">Katso paketit ja hinnat<\/a><\/div>\n<\/div>    <\/div>\n    <\/section>\n\n<section class=\"block block-pricepackages\" id=\"packages\">\n    <div class=\"container\">\n                    <div class=\"content-container reveal\">\n                <h2>Valitse 3 tai 6 kuukauden vuokrauspaketti<\/h2><p><strong>Oletko haaveillut talvehtimisesta etel\u00e4ss\u00e4, pidemm\u00e4st\u00e4 irtiotosta arjesta tai et\u00e4t\u00f6ist\u00e4 tien p\u00e4\u00e4ll\u00e4? Kodinomainen ja hyvin varusteltu matkailuauto 3 tai 6 kuukauden kiinte\u00e4ll\u00e4 pakettihinnalla tekee pitk\u00e4st\u00e4 reissusta helpon, mukavan ja edullisen vaihtoehdon. Kokkaa itse, nauti kodista py\u00f6rill\u00e4 ja kulje omassa tahdissasi!<\/strong><\/p>\n            <\/div>\n                <div class=\"price-packages price-style-badge card-style-white\" style=\"--packages-per-row: 2;\">\n            <div class=\"price-package reveal\"><div class=\"package-header\"><h3 class=\"package-title\">3 kk | 5 000 km  | Helsinki<\/h3><\/div><div class=\"package-price\"><span class=\"price-amount\">1 330 \u20ac \/ kk<\/span><\/div><ul class=\"package-price-alt\"><li>Kokonaisvuokra 3 kuukaudelle on 3 990 \u20ac, mik\u00e4 on keskim\u00e4\u00e4rin 1 330 \u20ac kuukaudessa eli vain noin 44,30 \u20ac \/ p\u00e4iv\u00e4.<\/li><\/ul><div class=\"package-content\"><p><strong>Vuokrauspakettiin sis\u00e4ltyy<\/strong><\/p>\n<ul>\n<li>Premium-tason matkailuauto t\u00e4ydell\u00e4 varustelulla<\/li>\n<li>Ajokilometrit 5 000 km<\/li>\n<li>TC Basic-omavastuutaso (omavastuuosuus 2 800 \u20ac)<\/li>\n<li>\u00a01 lis\u00e4kuljettaja veloituksetta (yht. 2 kuljettajaa)<\/li>\n<li>24\/7 tiepalvelu &amp; puhelintuki tien p\u00e4\u00e4ll\u00e4<\/li>\n<li>\u00a0Talvirenkaat veloituksetta vain Pohjoismaissa matkustaville<\/li>\n<\/ul>\n<\/div><div class=\"buttons\"><a href=\"#contact\" class=\"btn btn-wide\">Pyyd\u00e4 tarjous<\/a><\/div><\/div><div class=\"price-package reveal\"><span class=\"package-badge\">Edullisempi p\u00e4iv\u00e4hinta<\/span><div class=\"package-header\"><h3 class=\"package-title\">6 kk | 10 000 km | Helsinki<\/h3><\/div><div class=\"package-price\"><span class=\"price-amount\">1 165 \u20ac \/ kk<\/span><\/div><ul class=\"package-price-alt\"><li>Kokonaisvuokra 6 kuukaudelle on 6 990 \u20ac, mik\u00e4 on keskim\u00e4\u00e4rin 1 165 \u20ac kuukaudessa eli vain noin 38,80 \u20ac \/ p\u00e4iv\u00e4.<\/li><\/ul><div class=\"package-content\"><p><strong>Vuokrauspakettiin sis\u00e4ltyy<\/strong><\/p>\n<ul>\n<li>Premium-tason matkailuauto t\u00e4ydell\u00e4 varustelulla<\/li>\n<li>Ajokilometrit 10 000 km<\/li>\n<li>TC Basic-omavastuutaso (omavastuuosuus 2 800 \u20ac)<\/li>\n<li>\u00a01 lis\u00e4kuljettaja veloituksetta (yht. 2 kuljettajaa)<\/li>\n<li>24\/7 tiepalvelu &amp; puhelintuki tien p\u00e4\u00e4ll\u00e4<\/li>\n<li>\u00a0Talvirenkaat veloituksetta vain Pohjoismaissa matkustaville<\/li>\n<\/ul>\n<\/div><div class=\"buttons\"><a href=\"#contact\" class=\"btn btn-wide\">Pyyd\u00e4 tarjous<\/a><\/div><\/div>        <\/div>\n        <div class=\"price-packages-footer reveal\"><h3 class=\"PDq2pG_selectionAnchorContainer\" data-start=\"0\" data-end=\"23\">T\u00e4rke\u00e4\u00e4 tiet\u00e4\u00e4 vuokrauksesta<\/h3>\n<p class=\"PDq2pG_selectionAnchorContainer\" data-start=\"0\" data-end=\"23\"><strong data-start=\"0\" data-end=\"23\">Matkailuauton nouto ja palautus<br \/>\n<\/strong>Kiinte\u00e4kuukausihinta sis\u00e4lt\u00e4\u00e4 noudon ja palautuksen Helsingin toimipisteest\u00e4. Nouto on mahdollista 15.9.2026 alkaen, ja matkailuauto tulee palauttaa viimeist\u00e4\u00e4n 30.4.2027. Tarjoamme pitk\u00e4aikaisvuokrausta my\u00f6s Tukholman, Oslon ja Tromssan toimipisteist\u00e4. Jos haluat noudon tai palautuksen n\u00e4ihin toimipisteisiin, kerrothan siit\u00e4 yhteydenottolomakkeella, niin laskemme sinulle r\u00e4\u00e4t\u00e4l\u00f6idyn vuokraushinnan.<\/p>\n<p class=\"PDq2pG_selectionAnchorContainer\" data-start=\"0\" data-end=\"23\"><b data-path-to-node=\"6,1,0\" data-index-in-node=\"0\">Ajokilometrit<br \/>\n<\/b>Paketti sis\u00e4lt\u00e4\u00e4 5 000 km (3 kk) tai 10 000 km (6 kk) ajoa. Lis\u00e4kilometrit 0,40 \u20ac\/kpl.<\/p>\n<p><strong>Lis\u00e4varusteet<\/strong><br \/>\nVoit t\u00e4ydent\u00e4\u00e4 varustelua tarpeidesi mukaan hinnaston mukaisesti. Saatavilla on mm. vuodevaatteet, retkeily- ja grillaussetit, kaasupullo, wc-kemikaali, invertteri, kahvinkeitin, lastenistuimet, lemmikkiel\u00e4imen mukaan ottamisen lis\u00e4maksu, loppusiivous ja kolmas lis\u00e4kuljettaja. Sinun ei tarvitse p\u00e4\u00e4tt\u00e4\u00e4 lis\u00e4varusteista viel\u00e4 \u2013 myyntitiimimme k\u00e4y kaikki vaihtoehdot kanssasi l\u00e4pi yhteydenottopyynn\u00f6n j\u00e4lkeen.<\/p>\n<p><strong>Haluatko pienemm\u00e4n omavastuun?<br \/>\n<\/strong>Voit valita TC Plus -lis\u00e4turvan (80 \u20ac\/kk), joka pudottaa vahingonsattuessa omavastuusi 1 200 euroon.<\/p>\n<\/div>    <\/div>\n<\/section>\n\n\n<section class=\"block block-iconrow\">\n    <div class=\"container\">\n        <div class=\"content-container reveal\">\n            <h2>Miksi valita Touring Carsin pitk\u00e4aikaisvuokraus?<\/h2><div class=\"icon-row\" style=\"--icons-per-row: 5; --icons-per-row-mobile: 1;\"><div class=\"icon-item\"><img decoding=\"async\" src=\"https:\/\/www.touringcars.com\/wp-content\/uploads\/2025\/02\/TCvehicle_blue.svg\" alt=\"TCvehicle_blue\"><div class=\"label\">T\u00e4ysin varusteltu &amp; uudenveroinen matkailuauto<\/div><\/div><div class=\"icon-item\"><img decoding=\"async\" src=\"https:\/\/www.touringcars.com\/wp-content\/uploads\/2025\/02\/Five-stars_blue.svg\" alt=\"Five stars_blue\"><div class=\"label\">Ensiluokkainen asiakaspalvelu alusta loppuun<\/div><\/div><div class=\"icon-item\"><img decoding=\"async\" src=\"https:\/\/www.touringcars.com\/wp-content\/uploads\/2025\/02\/Airport-transfer2_blue.svg\" alt=\"Airport transfer2_blue\"><div class=\"label\">Lentokentt\u00e4kuljetukset veloituksetta<\/div><\/div><div class=\"icon-item\"><img decoding=\"async\" src=\"https:\/\/www.touringcars.com\/wp-content\/uploads\/2025\/02\/road-assistance_blue.svg\" alt=\"road assistance_blue\"><div class=\"label\">24\/7 tiepalvelu &amp; puhelintuki<\/div><\/div><\/div>        <\/div>\n    <\/div>\n<\/section>\n\n<section class=\"block block-textimage\">\n    <div class=\"container\">\n        <div class=\"content-row image-placement-right\">\n            <div class=\"content-container reveal\">\n                <h3>Vakiovarustelu kaikissa vuokra-autoissamme<\/h3><ul>\n<li>Ajettavissa B-ajokortilla<\/li>\n<li>Manuaali- tai automaattivaihteisto<\/li>\n<li>Ruoanlaitto- ja ruokailuv\u00e4lineist\u00f6<\/li>\n<li>J\u00e4\u00e4kaappi ja kaasu- tai induktioliesi<\/li>\n<li>WC<\/li>\n<li>Suihku<\/li>\n<li>L\u00e4mmitysj\u00e4rjestelm\u00e4<\/li>\n<li>llmastointi ohjaamossa<\/li>\n<li>Navigointi &amp; peruutuskamera<\/li>\n<li>Markiisi*<\/li>\n<\/ul>\n<p data-path-to-node=\"4,0,0\">*<em>Ei saatavilla: Camp Automatic, Van 4\u00d74 Automatic &amp; Islanti<\/em><\/p>\n<p><strong><em>\u00a0<\/em>Tutustu alla eri automalleihin ja l\u00f6yd\u00e4 reissullesi sopivin vaihtoehto!<\/strong><\/p>\n            <\/div>\n            <div class=\"image-container reveal image-high\">\n                <img decoding=\"async\" src=\"https:\/\/www.touringcars.com\/wp-content\/uploads\/2025\/02\/carado-imagebank-data_VE_Camper-Van_CV640_PI_2024_0122_21-31-41_web-200x300.jpg\" srcset=\"https:\/\/www.touringcars.com\/wp-content\/uploads\/2025\/02\/carado-imagebank-data_VE_Camper-Van_CV640_PI_2024_0122_21-31-41_web-200x300.jpg 200w, https:\/\/www.touringcars.com\/wp-content\/uploads\/2025\/02\/carado-imagebank-data_VE_Camper-Van_CV640_PI_2024_0122_21-31-41_web-682x1024.jpg 682w, https:\/\/www.touringcars.com\/wp-content\/uploads\/2025\/02\/carado-imagebank-data_VE_Camper-Van_CV640_PI_2024_0122_21-31-41_web-768x1153.jpg 768w, https:\/\/www.touringcars.com\/wp-content\/uploads\/2025\/02\/carado-imagebank-data_VE_Camper-Van_CV640_PI_2024_0122_21-31-41_web-1024x1536.jpg 1024w, https:\/\/www.touringcars.com\/wp-content\/uploads\/2025\/02\/carado-imagebank-data_VE_Camper-Van_CV640_PI_2024_0122_21-31-41_web-1365x2048.jpg 1365w, https:\/\/www.touringcars.com\/wp-content\/uploads\/2025\/02\/carado-imagebank-data_VE_Camper-Van_CV640_PI_2024_0122_21-31-41_web-395x593.jpg 395w, https:\/\/www.touringcars.com\/wp-content\/uploads\/2025\/02\/carado-imagebank-data_VE_Camper-Van_CV640_PI_2024_0122_21-31-41_web-354x531.jpg 354w, https:\/\/www.touringcars.com\/wp-content\/uploads\/2025\/02\/carado-imagebank-data_VE_Camper-Van_CV640_PI_2024_0122_21-31-41_web.jpg 1466w\" alt=\"_carado-imagebank-data_VE_Camper-Van_CV640_PI_2024_0122_21-31-41_web\" width=\"1466\" height=\"2200\">            <\/div>\n        <\/div>\n    <\/div>\n<\/section>\n\n<section class=\"block block-postsslider style-small\">\n    <div class=\"container reveal\">\n        <h2>Valitse reissullesi sopivin matkailu- tai retkeilyauto<\/h2><div class=\"glide articles-slider\" data-uid=\"6a978dcc57457\"><div class=\"glide__track\" data-glide-el=\"track\"><ul class=\"glide__slides\"><li class=\"glide__slide\"><article class=\"article reveal\" data-transmission=\"manual\" data-vehicle-code=\"UV\" data-vehicle-name=\"Urban Van\" data-capacity=\"2\" data-car-type=\"Van\" data-image=\"https:\/\/www.touringcars.com\/wp-content\/uploads\/2025\/12\/Urban-Van-1-574x411.jpg\" data-capture-link-event=\"0\"><div class=\"image-container\"><div class=\"tag-container\"><span class=\"tag\" data-slug=\"urban-van\">Matkailupakettiauto<\/span><\/div><a href=\"https:\/\/www.touringcars.com\/fi\/vehicle\/urban-van\/\"><img decoding=\"async\" src=\"https:\/\/www.touringcars.com\/wp-content\/uploads\/2025\/12\/Urban-Van-1-574x411.jpg\" srcset=\"https:\/\/www.touringcars.com\/wp-content\/uploads\/2025\/12\/Urban-Van-1-300x215.jpg 300w, https:\/\/www.touringcars.com\/wp-content\/uploads\/2025\/12\/Urban-Van-1-1024x733.jpg 1024w, https:\/\/www.touringcars.com\/wp-content\/uploads\/2025\/12\/Urban-Van-1-768x550.jpg 768w, https:\/\/www.touringcars.com\/wp-content\/uploads\/2025\/12\/Urban-Van-1-828x593.jpg 828w, https:\/\/www.touringcars.com\/wp-content\/uploads\/2025\/12\/Urban-Van-1-714x511.jpg 714w, https:\/\/www.touringcars.com\/wp-content\/uploads\/2025\/12\/Urban-Van-1-180x129.jpg 180w, https:\/\/www.touringcars.com\/wp-content\/uploads\/2025\/12\/Urban-Van-1-412x295.jpg 412w, https:\/\/www.touringcars.com\/wp-content\/uploads\/2025\/12\/Urban-Van-1-574x411.jpg 574w, https:\/\/www.touringcars.com\/wp-content\/uploads\/2025\/12\/Urban-Van-1.jpg 1348w\" alt=\"Urban Van 1\" width=\"1348\" height=\"965\"><\/a><\/div><div class=\"content-container\"><div class=\"title-prices\"><h3><a href=\"https:\/\/www.touringcars.com\/fi\/vehicle\/urban-van\/\">Urban Van<\/a><\/h3><\/div><p class=\"post-excerpt\"><a href=\"https:\/\/www.touringcars.com\/fi\/vehicle\/urban-van\/\">Luotettava, tehokas ja helppok\u00e4ytt\u00f6inen. Nauti t\u00e4ydellisest\u00e4 tasapainosta manuaalisen tarkkuuden ja \u00e4lykk\u00e4\u00e4n suunnittelun v\u00e4lill\u00e4. <\/a><\/p><div class=\"info-icons\"><\/div><\/div><\/article><\/li><li class=\"glide__slide\"><article class=\"article reveal\" data-transmission=\"automatic\" data-vehicle-code=\"L6-AT\" data-vehicle-name=\"LARGE | 6 (automaatti)\" data-capacity=\"6\" data-car-type=\"Alcove\" data-image=\"https:\/\/www.touringcars.com\/wp-content\/uploads\/2025\/02\/carado-imagebank-data_VE_Overcab_A464_CU_2025_1003_21-31-41_web-450x300.jpg\" data-capture-link-event=\"0\"><div class=\"image-container\"><div class=\"tag-container\"><span class=\"tag\" data-slug=\"motorhome\">Matkailuauto<\/span><\/div><a href=\"https:\/\/www.touringcars.com\/fi\/vehicle\/large-6-automaattinen\/\"><img decoding=\"async\" src=\"https:\/\/www.touringcars.com\/wp-content\/uploads\/2025\/02\/carado-imagebank-data_VE_Overcab_A464_CU_2025_1003_21-31-41_web-450x300.jpg\" srcset=\"https:\/\/www.touringcars.com\/wp-content\/uploads\/2025\/02\/carado-imagebank-data_VE_Overcab_A464_CU_2025_1003_21-31-41_web-300x200.jpg 300w, https:\/\/www.touringcars.com\/wp-content\/uploads\/2025\/02\/carado-imagebank-data_VE_Overcab_A464_CU_2025_1003_21-31-41_web-1024x682.jpg 1024w, https:\/\/www.touringcars.com\/wp-content\/uploads\/2025\/02\/carado-imagebank-data_VE_Overcab_A464_CU_2025_1003_21-31-41_web-768x512.jpg 768w, https:\/\/www.touringcars.com\/wp-content\/uploads\/2025\/02\/carado-imagebank-data_VE_Overcab_A464_CU_2025_1003_21-31-41_web-1536x1024.jpg 1536w, https:\/\/www.touringcars.com\/wp-content\/uploads\/2025\/02\/carado-imagebank-data_VE_Overcab_A464_CU_2025_1003_21-31-41_web-2048x1365.jpg 2048w, https:\/\/www.touringcars.com\/wp-content\/uploads\/2025\/02\/carado-imagebank-data_VE_Overcab_A464_CU_2025_1003_21-31-41_web-890x593.jpg 890w, https:\/\/www.touringcars.com\/wp-content\/uploads\/2025\/02\/carado-imagebank-data_VE_Overcab_A464_CU_2025_1003_21-31-41_web-714x476.jpg 714w, https:\/\/www.touringcars.com\/wp-content\/uploads\/2025\/02\/carado-imagebank-data_VE_Overcab_A464_CU_2025_1003_21-31-41_web-450x300.jpg 450w, https:\/\/www.touringcars.com\/wp-content\/uploads\/2025\/02\/carado-imagebank-data_VE_Overcab_A464_CU_2025_1003_21-31-41_web-367x245.jpg 367w\" alt=\"_carado-imagebank-data_VE_Overcab_A464_CU_2025_1003_21-31-41_web\" width=\"2200\" height=\"1466\"><\/a><\/div><div class=\"content-container\"><div class=\"title-prices\"><h3><a href=\"https:\/\/www.touringcars.com\/fi\/vehicle\/large-6-automaattinen\/\">LARGE | 6 (automaatti)<\/a><\/h3><\/div><p class=\"post-excerpt\"><a href=\"https:\/\/www.touringcars.com\/fi\/vehicle\/large-6-automaattinen\/\">Tilava automaatti jopa 6 henkil\u00f6lle ja matkatavaroille.<\/a><\/p><div class=\"info-icons\"><\/div><\/div><\/article><\/li><li class=\"glide__slide\"><article class=\"article reveal\" data-transmission=\"automatic\" data-vehicle-code=\"LUXAT\" data-vehicle-name=\"LUXURY AUTOMAATTI\" data-capacity=\"4\" data-car-type=\"Puoli-integroitu\" data-image=\"https:\/\/www.touringcars.com\/wp-content\/uploads\/2025\/02\/carado-imagebank-data_VE_Semi-Integrated_T447_CU_2025_1502_21-31-41_WEB-450x300.jpg\" data-capture-link-event=\"0\"><div class=\"image-container\"><div class=\"tag-container\"><span class=\"tag\" data-slug=\"motorhome\">Matkailuauto<\/span><span class=\"tag\" data-slug=\"luxury\">Luxury<\/span><\/div><a href=\"https:\/\/www.touringcars.com\/fi\/vehicle\/luxury-automaatti\/\"><img decoding=\"async\" src=\"https:\/\/www.touringcars.com\/wp-content\/uploads\/2025\/02\/carado-imagebank-data_VE_Semi-Integrated_T447_CU_2025_1502_21-31-41_WEB-450x300.jpg\" srcset=\"https:\/\/www.touringcars.com\/wp-content\/uploads\/2025\/02\/carado-imagebank-data_VE_Semi-Integrated_T447_CU_2025_1502_21-31-41_WEB-300x200.jpg 300w, https:\/\/www.touringcars.com\/wp-content\/uploads\/2025\/02\/carado-imagebank-data_VE_Semi-Integrated_T447_CU_2025_1502_21-31-41_WEB-1024x683.jpg 1024w, https:\/\/www.touringcars.com\/wp-content\/uploads\/2025\/02\/carado-imagebank-data_VE_Semi-Integrated_T447_CU_2025_1502_21-31-41_WEB-768x512.jpg 768w, https:\/\/www.touringcars.com\/wp-content\/uploads\/2025\/02\/carado-imagebank-data_VE_Semi-Integrated_T447_CU_2025_1502_21-31-41_WEB-1536x1024.jpg 1536w, https:\/\/www.touringcars.com\/wp-content\/uploads\/2025\/02\/carado-imagebank-data_VE_Semi-Integrated_T447_CU_2025_1502_21-31-41_WEB-2048x1365.jpg 2048w, https:\/\/www.touringcars.com\/wp-content\/uploads\/2025\/02\/carado-imagebank-data_VE_Semi-Integrated_T447_CU_2025_1502_21-31-41_WEB-1920x1280.jpg 1920w, https:\/\/www.touringcars.com\/wp-content\/uploads\/2025\/02\/carado-imagebank-data_VE_Semi-Integrated_T447_CU_2025_1502_21-31-41_WEB-890x593.jpg 890w, https:\/\/www.touringcars.com\/wp-content\/uploads\/2025\/02\/carado-imagebank-data_VE_Semi-Integrated_T447_CU_2025_1502_21-31-41_WEB-714x476.jpg 714w, https:\/\/www.touringcars.com\/wp-content\/uploads\/2025\/02\/carado-imagebank-data_VE_Semi-Integrated_T447_CU_2025_1502_21-31-41_WEB-450x300.jpg 450w, https:\/\/www.touringcars.com\/wp-content\/uploads\/2025\/02\/carado-imagebank-data_VE_Semi-Integrated_T447_CU_2025_1502_21-31-41_WEB-367x245.jpg 367w\" alt=\"_carado-imagebank-data_VE_Semi-Integrated_T447_CU_2025_1502_21-31-41_WEB\" width=\"2560\" height=\"1707\"><\/a><\/div><div class=\"content-container\"><div class=\"title-prices\"><h3><a href=\"https:\/\/www.touringcars.com\/fi\/vehicle\/luxury-automaatti\/\">LUXURY AUTOMAATTI<\/a><\/h3><\/div><p class=\"post-excerpt\"><a href=\"https:\/\/www.touringcars.com\/fi\/vehicle\/luxury-automaatti\/\">Nauti automaattivaihteistolla ajamisesta. Varustuksessa on taulutelevisio, laadukkaat keitti\u00f6v\u00e4lineet, vuodevaatteet, retkeilyp\u00f6yt\u00e4 ja -tuolit, wc-kemikaalipullo, kaasupullon vaihtopalvelu, loppusiivous, asuintilan ilmastointi, WIFI sek\u00e4 tervetuliaislahja.<\/a><\/p><div class=\"info-icons\"><\/div><\/div><\/article><\/li><li class=\"glide__slide\"><article class=\"article reveal\" data-transmission=\"automatic\" data-vehicle-code=\"SLUXA\" data-vehicle-name=\"SMALL LUXURY AUTOMAATTI\" data-capacity=\"2\" data-car-type=\"Puoli-integroitu\" data-image=\"https:\/\/www.touringcars.com\/wp-content\/uploads\/2025\/02\/carado-imagebank-data_VE_Semi-Integrated_T338_CU_2025_1502_21-31-41_WEB-450x300.jpg\" data-capture-link-event=\"0\"><div class=\"image-container\"><div class=\"tag-container\"><span class=\"tag\" data-slug=\"motorhome\">Matkailuauto<\/span><span class=\"tag\" data-slug=\"luxury\">Luxury<\/span><\/div><a href=\"https:\/\/www.touringcars.com\/fi\/vehicle\/small-luxury-automaatti\/\"><img decoding=\"async\" src=\"https:\/\/www.touringcars.com\/wp-content\/uploads\/2025\/02\/carado-imagebank-data_VE_Semi-Integrated_T338_CU_2025_1502_21-31-41_WEB-450x300.jpg\" srcset=\"https:\/\/www.touringcars.com\/wp-content\/uploads\/2025\/02\/carado-imagebank-data_VE_Semi-Integrated_T338_CU_2025_1502_21-31-41_WEB-300x200.jpg 300w, https:\/\/www.touringcars.com\/wp-content\/uploads\/2025\/02\/carado-imagebank-data_VE_Semi-Integrated_T338_CU_2025_1502_21-31-41_WEB-1024x683.jpg 1024w, https:\/\/www.touringcars.com\/wp-content\/uploads\/2025\/02\/carado-imagebank-data_VE_Semi-Integrated_T338_CU_2025_1502_21-31-41_WEB-768x512.jpg 768w, https:\/\/www.touringcars.com\/wp-content\/uploads\/2025\/02\/carado-imagebank-data_VE_Semi-Integrated_T338_CU_2025_1502_21-31-41_WEB-1536x1024.jpg 1536w, https:\/\/www.touringcars.com\/wp-content\/uploads\/2025\/02\/carado-imagebank-data_VE_Semi-Integrated_T338_CU_2025_1502_21-31-41_WEB-2048x1365.jpg 2048w, https:\/\/www.touringcars.com\/wp-content\/uploads\/2025\/02\/carado-imagebank-data_VE_Semi-Integrated_T338_CU_2025_1502_21-31-41_WEB-1920x1280.jpg 1920w, https:\/\/www.touringcars.com\/wp-content\/uploads\/2025\/02\/carado-imagebank-data_VE_Semi-Integrated_T338_CU_2025_1502_21-31-41_WEB-890x593.jpg 890w, https:\/\/www.touringcars.com\/wp-content\/uploads\/2025\/02\/carado-imagebank-data_VE_Semi-Integrated_T338_CU_2025_1502_21-31-41_WEB-714x476.jpg 714w, https:\/\/www.touringcars.com\/wp-content\/uploads\/2025\/02\/carado-imagebank-data_VE_Semi-Integrated_T338_CU_2025_1502_21-31-41_WEB-450x300.jpg 450w, https:\/\/www.touringcars.com\/wp-content\/uploads\/2025\/02\/carado-imagebank-data_VE_Semi-Integrated_T338_CU_2025_1502_21-31-41_WEB-367x245.jpg 367w\" alt=\"_carado-imagebank-data_VE_Semi-Integrated_T338_CU_2025_1502_21-31-41_WEB\" width=\"2560\" height=\"1707\"><\/a><\/div><div class=\"content-container\"><div class=\"title-prices\"><h3><a href=\"https:\/\/www.touringcars.com\/fi\/vehicle\/small-luxury-automaatti\/\">SMALL LUXURY AUTOMAATTI<\/a><\/h3><\/div><p class=\"post-excerpt\"><a href=\"https:\/\/www.touringcars.com\/fi\/vehicle\/small-luxury-automaatti\/\">Nauti automaattivaihteistolla ajamisesta. Varustuksessa on taulutelevisio, laadukkaat keitti\u00f6v\u00e4lineet, vuodevaatteet, retkeilyp\u00f6yt\u00e4 ja -tuolit, wc-kemikaalipullo, kaasupullon vaihtopalvelu, loppusiivous, asuintilan ilmastointi, WIFI sek\u00e4 tervetuliaislahja.  <\/a><\/p><div class=\"info-icons\"><\/div><\/div><\/article><\/li><li class=\"glide__slide\"><article class=\"article reveal\" data-transmission=\"automatic\" data-vehicle-code=\"UV-AT\" data-vehicle-name=\"Urban Van (automaatti)\" data-capacity=\"2\" data-car-type=\"Van\" data-image=\"https:\/\/www.touringcars.com\/wp-content\/uploads\/2025\/12\/Urban-Van-1-574x411.jpg\" data-capture-link-event=\"0\"><div class=\"image-container\"><div class=\"tag-container\"><span class=\"tag\" data-slug=\"urban-van\">Matkailupakettiauto<\/span><\/div><a href=\"https:\/\/www.touringcars.com\/fi\/vehicle\/urban-van-automaatti\/\"><img decoding=\"async\" src=\"https:\/\/www.touringcars.com\/wp-content\/uploads\/2025\/12\/Urban-Van-1-574x411.jpg\" srcset=\"https:\/\/www.touringcars.com\/wp-content\/uploads\/2025\/12\/Urban-Van-1-300x215.jpg 300w, https:\/\/www.touringcars.com\/wp-content\/uploads\/2025\/12\/Urban-Van-1-1024x733.jpg 1024w, https:\/\/www.touringcars.com\/wp-content\/uploads\/2025\/12\/Urban-Van-1-768x550.jpg 768w, https:\/\/www.touringcars.com\/wp-content\/uploads\/2025\/12\/Urban-Van-1-828x593.jpg 828w, https:\/\/www.touringcars.com\/wp-content\/uploads\/2025\/12\/Urban-Van-1-714x511.jpg 714w, https:\/\/www.touringcars.com\/wp-content\/uploads\/2025\/12\/Urban-Van-1-180x129.jpg 180w, https:\/\/www.touringcars.com\/wp-content\/uploads\/2025\/12\/Urban-Van-1-412x295.jpg 412w, https:\/\/www.touringcars.com\/wp-content\/uploads\/2025\/12\/Urban-Van-1-574x411.jpg 574w, https:\/\/www.touringcars.com\/wp-content\/uploads\/2025\/12\/Urban-Van-1.jpg 1348w\" alt=\"Urban Van 1\" width=\"1348\" height=\"965\"><\/a><\/div><div class=\"content-container\"><div class=\"title-prices\"><h3><a href=\"https:\/\/www.touringcars.com\/fi\/vehicle\/urban-van-automaatti\/\">Urban Van (automaatti)<\/a><\/h3><\/div><p class=\"post-excerpt\"><a href=\"https:\/\/www.touringcars.com\/fi\/vehicle\/urban-van-automaatti\/\">Nauti vaivattomasta ajosta ja nerokkaista asumisratkaisuista t\u00e4ss\u00e4 kompaktissa, automaattivaihteisessa matkailupakettiautossa.<\/a><\/p><div class=\"info-icons\"><\/div><\/div><\/article><\/li><li class=\"glide__slide\"><article class=\"article reveal\" data-transmission=\"automatic\" data-vehicle-code=\"C-AT\" data-vehicle-name=\"CAMP (automaatti)\" data-capacity=\"2\" data-car-type=\"Van\" data-image=\"https:\/\/www.touringcars.com\/wp-content\/uploads\/2025\/11\/camp-automatic-buerstner-papillon-white-574x411.jpg\" data-capture-link-event=\"0\"><div class=\"image-container\"><div class=\"tag-container\"><span class=\"tag\" data-slug=\"camper-van\">Retkeilyauto<\/span><\/div><a href=\"https:\/\/www.touringcars.com\/fi\/vehicle\/camp-automaatti\/\"><img decoding=\"async\" src=\"https:\/\/www.touringcars.com\/wp-content\/uploads\/2025\/11\/camp-automatic-buerstner-papillon-white-574x411.jpg\" srcset=\"https:\/\/www.touringcars.com\/wp-content\/uploads\/2025\/11\/camp-automatic-buerstner-papillon-white-300x215.jpg 300w, https:\/\/www.touringcars.com\/wp-content\/uploads\/2025\/11\/camp-automatic-buerstner-papillon-white-1024x733.jpg 1024w, https:\/\/www.touringcars.com\/wp-content\/uploads\/2025\/11\/camp-automatic-buerstner-papillon-white-768x550.jpg 768w, https:\/\/www.touringcars.com\/wp-content\/uploads\/2025\/11\/camp-automatic-buerstner-papillon-white-828x593.jpg 828w, https:\/\/www.touringcars.com\/wp-content\/uploads\/2025\/11\/camp-automatic-buerstner-papillon-white-714x511.jpg 714w, https:\/\/www.touringcars.com\/wp-content\/uploads\/2025\/11\/camp-automatic-buerstner-papillon-white-574x411.jpg 574w, https:\/\/www.touringcars.com\/wp-content\/uploads\/2025\/11\/camp-automatic-buerstner-papillon-white.jpg 1348w\" alt=\"camp-automatic-buerstner-papillon-white\" width=\"1348\" height=\"965\"><\/a><\/div><div class=\"content-container\"><div class=\"title-prices\"><h3><a href=\"https:\/\/www.touringcars.com\/fi\/vehicle\/camp-automaatti\/\">CAMP (automaatti)<\/a><\/h3><\/div><p class=\"post-excerpt\"><a href=\"https:\/\/www.touringcars.com\/fi\/vehicle\/camp-automaatti\/\">Ketter\u00e4 ja kompakti valinta kahdelle &#8211; diesel-l\u00e4mmityksell\u00e4 ja s\u00e4hk\u00f6k\u00e4ytt\u00f6isell\u00e4 keitti\u00f6ll\u00e4 niin kaupunkiin kuin luontoonkin.<\/a><\/p><div class=\"info-icons\"><\/div><\/div><\/article><\/li><li class=\"glide__slide\"><article class=\"article reveal\" data-transmission=\"automatic\" data-vehicle-code=\"V4x4A\" data-vehicle-name=\"VAN 4&#215;4 (automaatti)\" data-capacity=\"2\" data-car-type=\"Van\" data-image=\"https:\/\/www.touringcars.com\/wp-content\/uploads\/2025\/11\/van-4x4-buerstner-habiton-2025-white-road-1-574x411.jpg\" data-capture-link-event=\"0\"><div class=\"image-container\"><div class=\"tag-container\"><span class=\"tag\" data-slug=\"camper-van\">Retkeilyauto<\/span><\/div><a href=\"https:\/\/www.touringcars.com\/fi\/vehicle\/van-4x4-automaatti\/\"><img decoding=\"async\" src=\"https:\/\/www.touringcars.com\/wp-content\/uploads\/2025\/11\/van-4x4-buerstner-habiton-2025-white-road-1-574x411.jpg\" srcset=\"https:\/\/www.touringcars.com\/wp-content\/uploads\/2025\/11\/van-4x4-buerstner-habiton-2025-white-road-1-300x215.jpg 300w, https:\/\/www.touringcars.com\/wp-content\/uploads\/2025\/11\/van-4x4-buerstner-habiton-2025-white-road-1-1024x733.jpg 1024w, https:\/\/www.touringcars.com\/wp-content\/uploads\/2025\/11\/van-4x4-buerstner-habiton-2025-white-road-1-768x550.jpg 768w, https:\/\/www.touringcars.com\/wp-content\/uploads\/2025\/11\/van-4x4-buerstner-habiton-2025-white-road-1-828x593.jpg 828w, https:\/\/www.touringcars.com\/wp-content\/uploads\/2025\/11\/van-4x4-buerstner-habiton-2025-white-road-1-714x511.jpg 714w, https:\/\/www.touringcars.com\/wp-content\/uploads\/2025\/11\/van-4x4-buerstner-habiton-2025-white-road-1-574x411.jpg 574w, https:\/\/www.touringcars.com\/wp-content\/uploads\/2025\/11\/van-4x4-buerstner-habiton-2025-white-road-1.jpg 1348w\" alt=\"van-4x4-buerstner-habiton-2025-white-road\" width=\"1348\" height=\"965\"><\/a><\/div><div class=\"content-container\"><div class=\"title-prices\"><h3><a href=\"https:\/\/www.touringcars.com\/fi\/vehicle\/van-4x4-automaatti\/\">VAN 4&#215;4 (automaatti)<\/a><\/h3><\/div><p class=\"post-excerpt\"><a href=\"https:\/\/www.touringcars.com\/fi\/vehicle\/van-4x4-automaatti\/\">Joustava, kompakti ja maastokelpoinen vaihtoehto kahden hengen lomamatkalle.<\/a><\/p><div class=\"info-icons\"><\/div><\/div><\/article><\/li><li class=\"glide__slide\"><article class=\"article reveal\" data-transmission=\"automatic\" data-vehicle-code=\"L5-AT\" data-vehicle-name=\"LARGE | 5 (automaatti)\" data-capacity=\"5\" data-car-type=\"Alcove\" data-image=\"https:\/\/www.touringcars.com\/wp-content\/uploads\/2025\/02\/carado-imagebank-data_VE_Overcab_A464_CU_2025_1003_21-31-41_web-450x300.jpg\" data-capture-link-event=\"0\"><div class=\"image-container\"><div class=\"tag-container\"><span class=\"tag\" data-slug=\"motorhome\">Matkailuauto<\/span><\/div><a href=\"https:\/\/www.touringcars.com\/fi\/vehicle\/large-5-automaatti\/\"><img decoding=\"async\" src=\"https:\/\/www.touringcars.com\/wp-content\/uploads\/2025\/02\/carado-imagebank-data_VE_Overcab_A464_CU_2025_1003_21-31-41_web-450x300.jpg\" srcset=\"https:\/\/www.touringcars.com\/wp-content\/uploads\/2025\/02\/carado-imagebank-data_VE_Overcab_A464_CU_2025_1003_21-31-41_web-300x200.jpg 300w, https:\/\/www.touringcars.com\/wp-content\/uploads\/2025\/02\/carado-imagebank-data_VE_Overcab_A464_CU_2025_1003_21-31-41_web-1024x682.jpg 1024w, https:\/\/www.touringcars.com\/wp-content\/uploads\/2025\/02\/carado-imagebank-data_VE_Overcab_A464_CU_2025_1003_21-31-41_web-768x512.jpg 768w, https:\/\/www.touringcars.com\/wp-content\/uploads\/2025\/02\/carado-imagebank-data_VE_Overcab_A464_CU_2025_1003_21-31-41_web-1536x1024.jpg 1536w, https:\/\/www.touringcars.com\/wp-content\/uploads\/2025\/02\/carado-imagebank-data_VE_Overcab_A464_CU_2025_1003_21-31-41_web-2048x1365.jpg 2048w, https:\/\/www.touringcars.com\/wp-content\/uploads\/2025\/02\/carado-imagebank-data_VE_Overcab_A464_CU_2025_1003_21-31-41_web-890x593.jpg 890w, https:\/\/www.touringcars.com\/wp-content\/uploads\/2025\/02\/carado-imagebank-data_VE_Overcab_A464_CU_2025_1003_21-31-41_web-714x476.jpg 714w, https:\/\/www.touringcars.com\/wp-content\/uploads\/2025\/02\/carado-imagebank-data_VE_Overcab_A464_CU_2025_1003_21-31-41_web-450x300.jpg 450w, https:\/\/www.touringcars.com\/wp-content\/uploads\/2025\/02\/carado-imagebank-data_VE_Overcab_A464_CU_2025_1003_21-31-41_web-367x245.jpg 367w\" alt=\"_carado-imagebank-data_VE_Overcab_A464_CU_2025_1003_21-31-41_web\" width=\"2200\" height=\"1466\"><\/a><\/div><div class=\"content-container\"><div class=\"title-prices\"><h3><a href=\"https:\/\/www.touringcars.com\/fi\/vehicle\/large-5-automaatti\/\">LARGE | 5 (automaatti)<\/a><\/h3><\/div><p class=\"post-excerpt\"><a href=\"https:\/\/www.touringcars.com\/fi\/vehicle\/large-5-automaatti\/\">Tilava vaihtoehto viiden hengen ryhm\u00e4lle tai perheelle sek\u00e4 runsaille matkatavaroille<\/a><\/p><div class=\"info-icons\"><\/div><\/div><\/article><\/li><li class=\"glide__slide\"><article class=\"article reveal\" data-transmission=\"manual\" data-vehicle-code=\"M\" data-vehicle-name=\"MEDIUM\" data-capacity=\"4\" data-car-type=\"Puoli-integroitu\" data-image=\"https:\/\/www.touringcars.com\/wp-content\/uploads\/2025\/02\/carado-imagebank-data_VE_Semi-Integrated_T448_CU_2025_1002_21-31-41_web-450x300.jpg\" data-capture-link-event=\"0\"><div class=\"image-container\"><div class=\"tag-container\"><span class=\"tag\" data-slug=\"motorhome\">Matkailuauto<\/span><\/div><a href=\"https:\/\/www.touringcars.com\/fi\/vehicle\/medium\/\"><img decoding=\"async\" src=\"https:\/\/www.touringcars.com\/wp-content\/uploads\/2025\/02\/carado-imagebank-data_VE_Semi-Integrated_T448_CU_2025_1002_21-31-41_web-450x300.jpg\" srcset=\"https:\/\/www.touringcars.com\/wp-content\/uploads\/2025\/02\/carado-imagebank-data_VE_Semi-Integrated_T448_CU_2025_1002_21-31-41_web-300x200.jpg 300w, https:\/\/www.touringcars.com\/wp-content\/uploads\/2025\/02\/carado-imagebank-data_VE_Semi-Integrated_T448_CU_2025_1002_21-31-41_web-1024x682.jpg 1024w, https:\/\/www.touringcars.com\/wp-content\/uploads\/2025\/02\/carado-imagebank-data_VE_Semi-Integrated_T448_CU_2025_1002_21-31-41_web-768x512.jpg 768w, https:\/\/www.touringcars.com\/wp-content\/uploads\/2025\/02\/carado-imagebank-data_VE_Semi-Integrated_T448_CU_2025_1002_21-31-41_web-1536x1024.jpg 1536w, https:\/\/www.touringcars.com\/wp-content\/uploads\/2025\/02\/carado-imagebank-data_VE_Semi-Integrated_T448_CU_2025_1002_21-31-41_web-2048x1365.jpg 2048w, https:\/\/www.touringcars.com\/wp-content\/uploads\/2025\/02\/carado-imagebank-data_VE_Semi-Integrated_T448_CU_2025_1002_21-31-41_web-890x593.jpg 890w, https:\/\/www.touringcars.com\/wp-content\/uploads\/2025\/02\/carado-imagebank-data_VE_Semi-Integrated_T448_CU_2025_1002_21-31-41_web-714x476.jpg 714w, https:\/\/www.touringcars.com\/wp-content\/uploads\/2025\/02\/carado-imagebank-data_VE_Semi-Integrated_T448_CU_2025_1002_21-31-41_web-450x300.jpg 450w, https:\/\/www.touringcars.com\/wp-content\/uploads\/2025\/02\/carado-imagebank-data_VE_Semi-Integrated_T448_CU_2025_1002_21-31-41_web-367x245.jpg 367w\" alt=\"_carado-imagebank-data_VE_Semi-Integrated_T448_CU_2025_1002_21-31-41_web\" width=\"2200\" height=\"1466\"><\/a><\/div><div class=\"content-container\"><div class=\"title-prices\"><h3><a href=\"https:\/\/www.touringcars.com\/fi\/vehicle\/medium\/\">MEDIUM<\/a><\/h3><\/div><p class=\"post-excerpt\"><a href=\"https:\/\/www.touringcars.com\/fi\/vehicle\/medium\/\">Suosituin autokoko &#8211; erinomainen vaihtoehto 4 hengen matkaseurueelle<\/a><\/p><div class=\"info-icons\"><\/div><\/div><\/article><\/li><li class=\"glide__slide\"><article class=\"article reveal\" data-transmission=\"manual\" data-vehicle-code=\"F5\" data-vehicle-name=\"FAMILY | 5\" data-capacity=\"5\" data-car-type=\"Alkovi \/ Puoli-integroitu\" data-image=\"https:\/\/www.touringcars.com\/wp-content\/uploads\/2025\/02\/carado-imagebank-data_VE_Overcab_A361_CU_2025_1002_21-31-41_web-450x300.jpg\" data-capture-link-event=\"0\"><div class=\"image-container\"><div class=\"tag-container\"><span class=\"tag\" data-slug=\"motorhome\">Matkailuauto<\/span><span class=\"tag\" data-slug=\"family\">Family<\/span><\/div><a href=\"https:\/\/www.touringcars.com\/fi\/vehicle\/family-5\/\"><img decoding=\"async\" src=\"https:\/\/www.touringcars.com\/wp-content\/uploads\/2025\/02\/carado-imagebank-data_VE_Overcab_A361_CU_2025_1002_21-31-41_web-450x300.jpg\" srcset=\"https:\/\/www.touringcars.com\/wp-content\/uploads\/2025\/02\/carado-imagebank-data_VE_Overcab_A361_CU_2025_1002_21-31-41_web-300x200.jpg 300w, https:\/\/www.touringcars.com\/wp-content\/uploads\/2025\/02\/carado-imagebank-data_VE_Overcab_A361_CU_2025_1002_21-31-41_web-1024x682.jpg 1024w, https:\/\/www.touringcars.com\/wp-content\/uploads\/2025\/02\/carado-imagebank-data_VE_Overcab_A361_CU_2025_1002_21-31-41_web-768x512.jpg 768w, https:\/\/www.touringcars.com\/wp-content\/uploads\/2025\/02\/carado-imagebank-data_VE_Overcab_A361_CU_2025_1002_21-31-41_web-1536x1024.jpg 1536w, https:\/\/www.touringcars.com\/wp-content\/uploads\/2025\/02\/carado-imagebank-data_VE_Overcab_A361_CU_2025_1002_21-31-41_web-2048x1365.jpg 2048w, https:\/\/www.touringcars.com\/wp-content\/uploads\/2025\/02\/carado-imagebank-data_VE_Overcab_A361_CU_2025_1002_21-31-41_web-890x593.jpg 890w, https:\/\/www.touringcars.com\/wp-content\/uploads\/2025\/02\/carado-imagebank-data_VE_Overcab_A361_CU_2025_1002_21-31-41_web-714x476.jpg 714w, https:\/\/www.touringcars.com\/wp-content\/uploads\/2025\/02\/carado-imagebank-data_VE_Overcab_A361_CU_2025_1002_21-31-41_web-450x300.jpg 450w, https:\/\/www.touringcars.com\/wp-content\/uploads\/2025\/02\/carado-imagebank-data_VE_Overcab_A361_CU_2025_1002_21-31-41_web-367x245.jpg 367w\" alt=\"_carado-imagebank-data_VE_Overcab_A361_CU_2025_1002_21-31-41_web\" width=\"2200\" height=\"1466\"><\/a><\/div><div class=\"content-container\"><div class=\"title-prices\"><h3><a href=\"https:\/\/www.touringcars.com\/fi\/vehicle\/family-5\/\">FAMILY | 5<\/a><\/h3><\/div><p class=\"post-excerpt\"><a href=\"https:\/\/www.touringcars.com\/fi\/vehicle\/family-5\/\">T\u00e4ydellinen valinta viisihenkiselle perheelle (kerross\u00e4nky takaosassa).<\/a><\/p><div class=\"info-icons\"><\/div><\/div><\/article><\/li><li class=\"glide__slide\"><article class=\"article reveal\" data-transmission=\"manual\" data-vehicle-code=\"L5\" data-vehicle-name=\"LARGE | 5\" data-capacity=\"5\" data-car-type=\"Alcove\" data-image=\"https:\/\/www.touringcars.com\/wp-content\/uploads\/2025\/02\/carado-imagebank-data_VE_Overcab_A464_CU_2025_1003_21-31-41_web-450x300.jpg\" data-capture-link-event=\"0\"><div class=\"image-container\"><div class=\"tag-container\"><span class=\"tag\" data-slug=\"motorhome\">Matkailuauto<\/span><\/div><a href=\"https:\/\/www.touringcars.com\/fi\/vehicle\/large-5\/\"><img decoding=\"async\" src=\"https:\/\/www.touringcars.com\/wp-content\/uploads\/2025\/02\/carado-imagebank-data_VE_Overcab_A464_CU_2025_1003_21-31-41_web-450x300.jpg\" srcset=\"https:\/\/www.touringcars.com\/wp-content\/uploads\/2025\/02\/carado-imagebank-data_VE_Overcab_A464_CU_2025_1003_21-31-41_web-300x200.jpg 300w, https:\/\/www.touringcars.com\/wp-content\/uploads\/2025\/02\/carado-imagebank-data_VE_Overcab_A464_CU_2025_1003_21-31-41_web-1024x682.jpg 1024w, https:\/\/www.touringcars.com\/wp-content\/uploads\/2025\/02\/carado-imagebank-data_VE_Overcab_A464_CU_2025_1003_21-31-41_web-768x512.jpg 768w, https:\/\/www.touringcars.com\/wp-content\/uploads\/2025\/02\/carado-imagebank-data_VE_Overcab_A464_CU_2025_1003_21-31-41_web-1536x1024.jpg 1536w, https:\/\/www.touringcars.com\/wp-content\/uploads\/2025\/02\/carado-imagebank-data_VE_Overcab_A464_CU_2025_1003_21-31-41_web-2048x1365.jpg 2048w, https:\/\/www.touringcars.com\/wp-content\/uploads\/2025\/02\/carado-imagebank-data_VE_Overcab_A464_CU_2025_1003_21-31-41_web-890x593.jpg 890w, https:\/\/www.touringcars.com\/wp-content\/uploads\/2025\/02\/carado-imagebank-data_VE_Overcab_A464_CU_2025_1003_21-31-41_web-714x476.jpg 714w, https:\/\/www.touringcars.com\/wp-content\/uploads\/2025\/02\/carado-imagebank-data_VE_Overcab_A464_CU_2025_1003_21-31-41_web-450x300.jpg 450w, https:\/\/www.touringcars.com\/wp-content\/uploads\/2025\/02\/carado-imagebank-data_VE_Overcab_A464_CU_2025_1003_21-31-41_web-367x245.jpg 367w\" alt=\"_carado-imagebank-data_VE_Overcab_A464_CU_2025_1003_21-31-41_web\" width=\"2200\" height=\"1466\"><\/a><\/div><div class=\"content-container\"><div class=\"title-prices\"><h3><a href=\"https:\/\/www.touringcars.com\/fi\/vehicle\/large-5\/\">LARGE | 5<\/a><\/h3><\/div><p class=\"post-excerpt\"><a href=\"https:\/\/www.touringcars.com\/fi\/vehicle\/large-5\/\">Tilava vaihtoehto viiden hengen ryhm\u00e4lle tai perheelle sek\u00e4 runsaille matkatavaroille.<\/a><\/p><div class=\"info-icons\"><\/div><\/div><\/article><\/li><li class=\"glide__slide\"><article class=\"article reveal\" data-transmission=\"automatic\" data-vehicle-code=\"F5-AT\" data-vehicle-name=\"FAMILY | 5 (automaatti)\" data-capacity=\"5\" data-car-type=\"Alkovi \/ Puoli-integroitu\" data-image=\"https:\/\/www.touringcars.com\/wp-content\/uploads\/2025\/02\/carado-imagebank-data_VE_Overcab_A361_CU_2025_1002_21-31-41_web-450x300.jpg\" data-capture-link-event=\"0\"><div class=\"image-container\"><div class=\"tag-container\"><span class=\"tag\" data-slug=\"motorhome\">Matkailuauto<\/span><span class=\"tag\" data-slug=\"family\">Family<\/span><\/div><a href=\"https:\/\/www.touringcars.com\/fi\/vehicle\/family-5-automaatti\/\"><img decoding=\"async\" src=\"https:\/\/www.touringcars.com\/wp-content\/uploads\/2025\/02\/carado-imagebank-data_VE_Overcab_A361_CU_2025_1002_21-31-41_web-450x300.jpg\" srcset=\"https:\/\/www.touringcars.com\/wp-content\/uploads\/2025\/02\/carado-imagebank-data_VE_Overcab_A361_CU_2025_1002_21-31-41_web-300x200.jpg 300w, https:\/\/www.touringcars.com\/wp-content\/uploads\/2025\/02\/carado-imagebank-data_VE_Overcab_A361_CU_2025_1002_21-31-41_web-1024x682.jpg 1024w, https:\/\/www.touringcars.com\/wp-content\/uploads\/2025\/02\/carado-imagebank-data_VE_Overcab_A361_CU_2025_1002_21-31-41_web-768x512.jpg 768w, https:\/\/www.touringcars.com\/wp-content\/uploads\/2025\/02\/carado-imagebank-data_VE_Overcab_A361_CU_2025_1002_21-31-41_web-1536x1024.jpg 1536w, https:\/\/www.touringcars.com\/wp-content\/uploads\/2025\/02\/carado-imagebank-data_VE_Overcab_A361_CU_2025_1002_21-31-41_web-2048x1365.jpg 2048w, https:\/\/www.touringcars.com\/wp-content\/uploads\/2025\/02\/carado-imagebank-data_VE_Overcab_A361_CU_2025_1002_21-31-41_web-890x593.jpg 890w, https:\/\/www.touringcars.com\/wp-content\/uploads\/2025\/02\/carado-imagebank-data_VE_Overcab_A361_CU_2025_1002_21-31-41_web-714x476.jpg 714w, https:\/\/www.touringcars.com\/wp-content\/uploads\/2025\/02\/carado-imagebank-data_VE_Overcab_A361_CU_2025_1002_21-31-41_web-450x300.jpg 450w, https:\/\/www.touringcars.com\/wp-content\/uploads\/2025\/02\/carado-imagebank-data_VE_Overcab_A361_CU_2025_1002_21-31-41_web-367x245.jpg 367w\" alt=\"_carado-imagebank-data_VE_Overcab_A361_CU_2025_1002_21-31-41_web\" width=\"2200\" height=\"1466\"><\/a><\/div><div class=\"content-container\"><div class=\"title-prices\"><h3><a href=\"https:\/\/www.touringcars.com\/fi\/vehicle\/family-5-automaatti\/\">FAMILY | 5 (automaatti)<\/a><\/h3><\/div><p class=\"post-excerpt\"><a href=\"https:\/\/www.touringcars.com\/fi\/vehicle\/family-5-automaatti\/\">T\u00e4ydellinen valinta viisihenkiselle perheelle (kerross\u00e4nky takaosassa).<\/a><\/p><div class=\"info-icons\"><\/div><\/div><\/article><\/li><li class=\"glide__slide\"><article class=\"article reveal\" data-transmission=\"automatic\" data-vehicle-code=\"M-AT\" data-vehicle-name=\"MEDIUM (automaatti)\" data-capacity=\"4\" data-car-type=\"Puoli-integroitu\" data-image=\"https:\/\/www.touringcars.com\/wp-content\/uploads\/2025\/02\/carado-imagebank-data_VE_Semi-Integrated_T448_CU_2025_1002_21-31-41_web-450x300.jpg\" data-capture-link-event=\"0\"><div class=\"image-container\"><div class=\"tag-container\"><span class=\"tag\" data-slug=\"motorhome\">Matkailuauto<\/span><\/div><a href=\"https:\/\/www.touringcars.com\/fi\/vehicle\/medium-automaatti\/\"><img decoding=\"async\" src=\"https:\/\/www.touringcars.com\/wp-content\/uploads\/2025\/02\/carado-imagebank-data_VE_Semi-Integrated_T448_CU_2025_1002_21-31-41_web-450x300.jpg\" srcset=\"https:\/\/www.touringcars.com\/wp-content\/uploads\/2025\/02\/carado-imagebank-data_VE_Semi-Integrated_T448_CU_2025_1002_21-31-41_web-300x200.jpg 300w, https:\/\/www.touringcars.com\/wp-content\/uploads\/2025\/02\/carado-imagebank-data_VE_Semi-Integrated_T448_CU_2025_1002_21-31-41_web-1024x682.jpg 1024w, https:\/\/www.touringcars.com\/wp-content\/uploads\/2025\/02\/carado-imagebank-data_VE_Semi-Integrated_T448_CU_2025_1002_21-31-41_web-768x512.jpg 768w, https:\/\/www.touringcars.com\/wp-content\/uploads\/2025\/02\/carado-imagebank-data_VE_Semi-Integrated_T448_CU_2025_1002_21-31-41_web-1536x1024.jpg 1536w, https:\/\/www.touringcars.com\/wp-content\/uploads\/2025\/02\/carado-imagebank-data_VE_Semi-Integrated_T448_CU_2025_1002_21-31-41_web-2048x1365.jpg 2048w, https:\/\/www.touringcars.com\/wp-content\/uploads\/2025\/02\/carado-imagebank-data_VE_Semi-Integrated_T448_CU_2025_1002_21-31-41_web-890x593.jpg 890w, https:\/\/www.touringcars.com\/wp-content\/uploads\/2025\/02\/carado-imagebank-data_VE_Semi-Integrated_T448_CU_2025_1002_21-31-41_web-714x476.jpg 714w, https:\/\/www.touringcars.com\/wp-content\/uploads\/2025\/02\/carado-imagebank-data_VE_Semi-Integrated_T448_CU_2025_1002_21-31-41_web-450x300.jpg 450w, https:\/\/www.touringcars.com\/wp-content\/uploads\/2025\/02\/carado-imagebank-data_VE_Semi-Integrated_T448_CU_2025_1002_21-31-41_web-367x245.jpg 367w\" alt=\"_carado-imagebank-data_VE_Semi-Integrated_T448_CU_2025_1002_21-31-41_web\" width=\"2200\" height=\"1466\"><\/a><\/div><div class=\"content-container\"><div class=\"title-prices\"><h3><a href=\"https:\/\/www.touringcars.com\/fi\/vehicle\/medium-automaatti\/\">MEDIUM (automaatti)<\/a><\/h3><\/div><p class=\"post-excerpt\"><a href=\"https:\/\/www.touringcars.com\/fi\/vehicle\/medium-automaatti\/\">Suosituin autokoko &#8211; erinomainen vaihtoehto 4 hengen matkaseurueelle<\/a><\/p><div class=\"info-icons\"><\/div><\/div><\/article><\/li><li class=\"glide__slide\"><article class=\"article reveal\" data-transmission=\"manual\" data-vehicle-code=\"S\" data-vehicle-name=\"SMALL\" data-capacity=\"2\" data-car-type=\"Puoli-integroitu\" data-image=\"https:\/\/www.touringcars.com\/wp-content\/uploads\/2025\/02\/carado-imagebank-data_VE_Van_V339_CU_2025_1002_21-31-41_web-450x300.jpg\" data-capture-link-event=\"0\"><div class=\"image-container\"><div class=\"tag-container\"><span class=\"tag\" data-slug=\"motorhome\">Matkailuauto<\/span><\/div><a href=\"https:\/\/www.touringcars.com\/fi\/vehicle\/small\/\"><img decoding=\"async\" src=\"https:\/\/www.touringcars.com\/wp-content\/uploads\/2025\/02\/carado-imagebank-data_VE_Van_V339_CU_2025_1002_21-31-41_web-450x300.jpg\" srcset=\"https:\/\/www.touringcars.com\/wp-content\/uploads\/2025\/02\/carado-imagebank-data_VE_Van_V339_CU_2025_1002_21-31-41_web-300x200.jpg 300w, https:\/\/www.touringcars.com\/wp-content\/uploads\/2025\/02\/carado-imagebank-data_VE_Van_V339_CU_2025_1002_21-31-41_web-1024x682.jpg 1024w, https:\/\/www.touringcars.com\/wp-content\/uploads\/2025\/02\/carado-imagebank-data_VE_Van_V339_CU_2025_1002_21-31-41_web-768x512.jpg 768w, https:\/\/www.touringcars.com\/wp-content\/uploads\/2025\/02\/carado-imagebank-data_VE_Van_V339_CU_2025_1002_21-31-41_web-1536x1024.jpg 1536w, https:\/\/www.touringcars.com\/wp-content\/uploads\/2025\/02\/carado-imagebank-data_VE_Van_V339_CU_2025_1002_21-31-41_web-2048x1365.jpg 2048w, https:\/\/www.touringcars.com\/wp-content\/uploads\/2025\/02\/carado-imagebank-data_VE_Van_V339_CU_2025_1002_21-31-41_web-890x593.jpg 890w, https:\/\/www.touringcars.com\/wp-content\/uploads\/2025\/02\/carado-imagebank-data_VE_Van_V339_CU_2025_1002_21-31-41_web-714x476.jpg 714w, https:\/\/www.touringcars.com\/wp-content\/uploads\/2025\/02\/carado-imagebank-data_VE_Van_V339_CU_2025_1002_21-31-41_web-450x300.jpg 450w, https:\/\/www.touringcars.com\/wp-content\/uploads\/2025\/02\/carado-imagebank-data_VE_Van_V339_CU_2025_1002_21-31-41_web-367x245.jpg 367w\" alt=\"_carado-imagebank-data_VE_Van_V339_CU_2025_1002_21-31-41_web\" width=\"2200\" height=\"1466\"><\/a><\/div><div class=\"content-container\"><div class=\"title-prices\"><h3><a href=\"https:\/\/www.touringcars.com\/fi\/vehicle\/small\/\">SMALL<\/a><\/h3><\/div><p class=\"post-excerpt\"><a href=\"https:\/\/www.touringcars.com\/fi\/vehicle\/small\/\">Tilavampi vaihtoehto kahden hengen automatkalle<\/a><\/p><div class=\"info-icons\"><\/div><\/div><\/article><\/li><li class=\"glide__slide\"><article class=\"article reveal\" data-transmission=\"automatic\" data-vehicle-code=\"S-AT\" data-vehicle-name=\"SMALL (automaatti)\" data-capacity=\"2\" data-car-type=\"Puoli-integroitu\" data-image=\"https:\/\/www.touringcars.com\/wp-content\/uploads\/2025\/02\/carado-imagebank-data_VE_Van_V337_CU_2025_1002_21-31-41_web-450x300.jpg\" data-capture-link-event=\"0\"><div class=\"image-container\"><div class=\"tag-container\"><span class=\"tag\" data-slug=\"motorhome\">Matkailuauto<\/span><\/div><a href=\"https:\/\/www.touringcars.com\/fi\/vehicle\/small-automaatti\/\"><img decoding=\"async\" src=\"https:\/\/www.touringcars.com\/wp-content\/uploads\/2025\/02\/carado-imagebank-data_VE_Van_V337_CU_2025_1002_21-31-41_web-450x300.jpg\" srcset=\"https:\/\/www.touringcars.com\/wp-content\/uploads\/2025\/02\/carado-imagebank-data_VE_Van_V337_CU_2025_1002_21-31-41_web-300x200.jpg 300w, https:\/\/www.touringcars.com\/wp-content\/uploads\/2025\/02\/carado-imagebank-data_VE_Van_V337_CU_2025_1002_21-31-41_web-1024x682.jpg 1024w, https:\/\/www.touringcars.com\/wp-content\/uploads\/2025\/02\/carado-imagebank-data_VE_Van_V337_CU_2025_1002_21-31-41_web-768x512.jpg 768w, https:\/\/www.touringcars.com\/wp-content\/uploads\/2025\/02\/carado-imagebank-data_VE_Van_V337_CU_2025_1002_21-31-41_web-1536x1024.jpg 1536w, https:\/\/www.touringcars.com\/wp-content\/uploads\/2025\/02\/carado-imagebank-data_VE_Van_V337_CU_2025_1002_21-31-41_web-2048x1365.jpg 2048w, https:\/\/www.touringcars.com\/wp-content\/uploads\/2025\/02\/carado-imagebank-data_VE_Van_V337_CU_2025_1002_21-31-41_web-890x593.jpg 890w, https:\/\/www.touringcars.com\/wp-content\/uploads\/2025\/02\/carado-imagebank-data_VE_Van_V337_CU_2025_1002_21-31-41_web-714x476.jpg 714w, https:\/\/www.touringcars.com\/wp-content\/uploads\/2025\/02\/carado-imagebank-data_VE_Van_V337_CU_2025_1002_21-31-41_web-450x300.jpg 450w, https:\/\/www.touringcars.com\/wp-content\/uploads\/2025\/02\/carado-imagebank-data_VE_Van_V337_CU_2025_1002_21-31-41_web-367x245.jpg 367w\" alt=\"_carado-imagebank-data_VE_Van_V337_CU_2025_1002_21-31-41_web\" width=\"2200\" height=\"1466\"><\/a><\/div><div class=\"content-container\"><div class=\"title-prices\"><h3><a href=\"https:\/\/www.touringcars.com\/fi\/vehicle\/small-automaatti\/\">SMALL (automaatti)<\/a><\/h3><\/div><p class=\"post-excerpt\"><a href=\"https:\/\/www.touringcars.com\/fi\/vehicle\/small-automaatti\/\">Tilavampi vaihtoehto kahden hengen automatkalle<\/a><\/p><div class=\"info-icons\"><\/div><\/div><\/article><\/li><li class=\"glide__slide\"><article class=\"article reveal\" data-transmission=\"manual\" data-vehicle-code=\"V\" data-vehicle-name=\"VAN\" data-capacity=\"2\" data-car-type=\"Van\" data-image=\"https:\/\/www.touringcars.com\/wp-content\/uploads\/2025\/02\/carado-imagebank-data_VE_Camper-Van_CV640_CU_2025_1002_21-31-41_web-450x300.jpg\" data-capture-link-event=\"0\"><div class=\"image-container\"><div class=\"tag-container\"><span class=\"tag\" data-slug=\"camper-van\">Retkeilyauto<\/span><\/div><a href=\"https:\/\/www.touringcars.com\/fi\/vehicle\/van\/\"><img decoding=\"async\" src=\"https:\/\/www.touringcars.com\/wp-content\/uploads\/2025\/02\/carado-imagebank-data_VE_Camper-Van_CV640_CU_2025_1002_21-31-41_web-450x300.jpg\" srcset=\"https:\/\/www.touringcars.com\/wp-content\/uploads\/2025\/02\/carado-imagebank-data_VE_Camper-Van_CV640_CU_2025_1002_21-31-41_web-300x200.jpg 300w, https:\/\/www.touringcars.com\/wp-content\/uploads\/2025\/02\/carado-imagebank-data_VE_Camper-Van_CV640_CU_2025_1002_21-31-41_web-1024x682.jpg 1024w, https:\/\/www.touringcars.com\/wp-content\/uploads\/2025\/02\/carado-imagebank-data_VE_Camper-Van_CV640_CU_2025_1002_21-31-41_web-768x512.jpg 768w, https:\/\/www.touringcars.com\/wp-content\/uploads\/2025\/02\/carado-imagebank-data_VE_Camper-Van_CV640_CU_2025_1002_21-31-41_web-1536x1024.jpg 1536w, https:\/\/www.touringcars.com\/wp-content\/uploads\/2025\/02\/carado-imagebank-data_VE_Camper-Van_CV640_CU_2025_1002_21-31-41_web-2048x1365.jpg 2048w, https:\/\/www.touringcars.com\/wp-content\/uploads\/2025\/02\/carado-imagebank-data_VE_Camper-Van_CV640_CU_2025_1002_21-31-41_web-890x593.jpg 890w, https:\/\/www.touringcars.com\/wp-content\/uploads\/2025\/02\/carado-imagebank-data_VE_Camper-Van_CV640_CU_2025_1002_21-31-41_web-714x476.jpg 714w, https:\/\/www.touringcars.com\/wp-content\/uploads\/2025\/02\/carado-imagebank-data_VE_Camper-Van_CV640_CU_2025_1002_21-31-41_web-450x300.jpg 450w, https:\/\/www.touringcars.com\/wp-content\/uploads\/2025\/02\/carado-imagebank-data_VE_Camper-Van_CV640_CU_2025_1002_21-31-41_web-367x245.jpg 367w\" alt=\"_carado-imagebank-data_VE_Camper-Van_CV640_CU_2025_1002_21-31-41_web\" width=\"2200\" height=\"1466\"><\/a><\/div><div class=\"content-container\"><div class=\"title-prices\"><h3><a href=\"https:\/\/www.touringcars.com\/fi\/vehicle\/van\/\">VAN<\/a><\/h3><\/div><p class=\"post-excerpt\"><a href=\"https:\/\/www.touringcars.com\/fi\/vehicle\/van\/\">Ketter\u00e4 vaihtoehto kapeille teille, kaupunkilomalle tai lyhyelle kahden hengen lomareissulle<\/a><\/p><div class=\"info-icons\"><\/div><\/div><\/article><\/li><li class=\"glide__slide\"><article class=\"article reveal\" data-transmission=\"automatic\" data-vehicle-code=\"V-AT\" data-vehicle-name=\"VAN (automaatti)\" data-capacity=\"2\" data-car-type=\"Van\" data-image=\"https:\/\/www.touringcars.com\/wp-content\/uploads\/2025\/02\/carado-imagebank-data_VE_Camper-Van_CV640_CU_2025_1002_21-31-41_web-450x300.jpg\" data-capture-link-event=\"0\"><div class=\"image-container\"><div class=\"tag-container\"><span class=\"tag\" data-slug=\"camper-van\">Retkeilyauto<\/span><\/div><a href=\"https:\/\/www.touringcars.com\/fi\/vehicle\/van-automaatti\/\"><img decoding=\"async\" src=\"https:\/\/www.touringcars.com\/wp-content\/uploads\/2025\/02\/carado-imagebank-data_VE_Camper-Van_CV640_CU_2025_1002_21-31-41_web-450x300.jpg\" srcset=\"https:\/\/www.touringcars.com\/wp-content\/uploads\/2025\/02\/carado-imagebank-data_VE_Camper-Van_CV640_CU_2025_1002_21-31-41_web-300x200.jpg 300w, https:\/\/www.touringcars.com\/wp-content\/uploads\/2025\/02\/carado-imagebank-data_VE_Camper-Van_CV640_CU_2025_1002_21-31-41_web-1024x682.jpg 1024w, https:\/\/www.touringcars.com\/wp-content\/uploads\/2025\/02\/carado-imagebank-data_VE_Camper-Van_CV640_CU_2025_1002_21-31-41_web-768x512.jpg 768w, https:\/\/www.touringcars.com\/wp-content\/uploads\/2025\/02\/carado-imagebank-data_VE_Camper-Van_CV640_CU_2025_1002_21-31-41_web-1536x1024.jpg 1536w, https:\/\/www.touringcars.com\/wp-content\/uploads\/2025\/02\/carado-imagebank-data_VE_Camper-Van_CV640_CU_2025_1002_21-31-41_web-2048x1365.jpg 2048w, https:\/\/www.touringcars.com\/wp-content\/uploads\/2025\/02\/carado-imagebank-data_VE_Camper-Van_CV640_CU_2025_1002_21-31-41_web-890x593.jpg 890w, https:\/\/www.touringcars.com\/wp-content\/uploads\/2025\/02\/carado-imagebank-data_VE_Camper-Van_CV640_CU_2025_1002_21-31-41_web-714x476.jpg 714w, https:\/\/www.touringcars.com\/wp-content\/uploads\/2025\/02\/carado-imagebank-data_VE_Camper-Van_CV640_CU_2025_1002_21-31-41_web-450x300.jpg 450w, https:\/\/www.touringcars.com\/wp-content\/uploads\/2025\/02\/carado-imagebank-data_VE_Camper-Van_CV640_CU_2025_1002_21-31-41_web-367x245.jpg 367w\" alt=\"_carado-imagebank-data_VE_Camper-Van_CV640_CU_2025_1002_21-31-41_web\" width=\"2200\" height=\"1466\"><\/a><\/div><div class=\"content-container\"><div class=\"title-prices\"><h3><a href=\"https:\/\/www.touringcars.com\/fi\/vehicle\/van-automaatti\/\">VAN (automaatti)<\/a><\/h3><\/div><p class=\"post-excerpt\"><a href=\"https:\/\/www.touringcars.com\/fi\/vehicle\/van-automaatti\/\">Ketter\u00e4 vaihtoehto kapeille teille, kaupunkilomalle tai lyhyelle kahden hengen lomareissulle<\/a><\/p><div class=\"info-icons\"><\/div><\/div><\/article><\/li><li class=\"glide__slide\"><article class=\"article reveal\" data-transmission=\"manual\" data-vehicle-code=\"V4x4\" data-vehicle-name=\"VAN (4&#215;4)\" data-capacity=\"2\" data-car-type=\"Van\" data-image=\"https:\/\/www.touringcars.com\/wp-content\/uploads\/2025\/02\/carado-imagebank-data_VE_Camper-Van_CV640_CU_2025_1002_21-31-41_web-450x300.jpg\" data-capture-link-event=\"0\"><div class=\"image-container\"><div class=\"tag-container\"><span class=\"tag\" data-slug=\"camper-van\">Retkeilyauto<\/span><\/div><a href=\"https:\/\/www.touringcars.com\/fi\/vehicle\/van-4x4\/\"><img decoding=\"async\" src=\"https:\/\/www.touringcars.com\/wp-content\/uploads\/2025\/02\/carado-imagebank-data_VE_Camper-Van_CV640_CU_2025_1002_21-31-41_web-450x300.jpg\" srcset=\"https:\/\/www.touringcars.com\/wp-content\/uploads\/2025\/02\/carado-imagebank-data_VE_Camper-Van_CV640_CU_2025_1002_21-31-41_web-300x200.jpg 300w, https:\/\/www.touringcars.com\/wp-content\/uploads\/2025\/02\/carado-imagebank-data_VE_Camper-Van_CV640_CU_2025_1002_21-31-41_web-1024x682.jpg 1024w, https:\/\/www.touringcars.com\/wp-content\/uploads\/2025\/02\/carado-imagebank-data_VE_Camper-Van_CV640_CU_2025_1002_21-31-41_web-768x512.jpg 768w, https:\/\/www.touringcars.com\/wp-content\/uploads\/2025\/02\/carado-imagebank-data_VE_Camper-Van_CV640_CU_2025_1002_21-31-41_web-1536x1024.jpg 1536w, https:\/\/www.touringcars.com\/wp-content\/uploads\/2025\/02\/carado-imagebank-data_VE_Camper-Van_CV640_CU_2025_1002_21-31-41_web-2048x1365.jpg 2048w, https:\/\/www.touringcars.com\/wp-content\/uploads\/2025\/02\/carado-imagebank-data_VE_Camper-Van_CV640_CU_2025_1002_21-31-41_web-890x593.jpg 890w, https:\/\/www.touringcars.com\/wp-content\/uploads\/2025\/02\/carado-imagebank-data_VE_Camper-Van_CV640_CU_2025_1002_21-31-41_web-714x476.jpg 714w, https:\/\/www.touringcars.com\/wp-content\/uploads\/2025\/02\/carado-imagebank-data_VE_Camper-Van_CV640_CU_2025_1002_21-31-41_web-450x300.jpg 450w, https:\/\/www.touringcars.com\/wp-content\/uploads\/2025\/02\/carado-imagebank-data_VE_Camper-Van_CV640_CU_2025_1002_21-31-41_web-367x245.jpg 367w\" alt=\"_carado-imagebank-data_VE_Camper-Van_CV640_CU_2025_1002_21-31-41_web\" width=\"2200\" height=\"1466\"><\/a><\/div><div class=\"content-container\"><div class=\"title-prices\"><h3><a href=\"https:\/\/www.touringcars.com\/fi\/vehicle\/van-4x4\/\">VAN (4&#215;4)<\/a><\/h3><\/div><p class=\"post-excerpt\"><a href=\"https:\/\/www.touringcars.com\/fi\/vehicle\/van-4x4\/\">Ketter\u00e4 vaihtoehto kapeille teille, kaupunkilomalle tai lyhyelle kahden hengen lomareissulle<\/a><\/p><div class=\"info-icons\"><\/div><\/div><\/article><\/li><\/ul><\/div><div class=\"glide__controls\"><div class=\"glide__arrows\" data-glide-el=\"controls\"><span class=\"glide__arrow glide__arrow--left\" data-glide-dir=\"<\"><\/span><span class=\"glide__arrow glide__arrow--right\" data-glide-dir=\">&#8221;><\/span><\/div><div class=\"glide__bullets\" data-glide-el=\"controls[nav]\"><span class=\"glide__bullet\" data-glide-dir=\"=0\" data-parent-uid=\"6a978dcc57457\"><\/span><span class=\"glide__bullet\" data-glide-dir=\"=1\" data-parent-uid=\"6a978dcc57457\"><\/span><span class=\"glide__bullet\" data-glide-dir=\"=2\" data-parent-uid=\"6a978dcc57457\"><\/span><span class=\"glide__bullet\" data-glide-dir=\"=3\" data-parent-uid=\"6a978dcc57457\"><\/span><span class=\"glide__bullet\" data-glide-dir=\"=4\" data-parent-uid=\"6a978dcc57457\"><\/span><span class=\"glide__bullet\" data-glide-dir=\"=5\" data-parent-uid=\"6a978dcc57457\"><\/span><span class=\"glide__bullet\" data-glide-dir=\"=6\" data-parent-uid=\"6a978dcc57457\"><\/span><span class=\"glide__bullet\" data-glide-dir=\"=7\" data-parent-uid=\"6a978dcc57457\"><\/span><span class=\"glide__bullet\" data-glide-dir=\"=8\" data-parent-uid=\"6a978dcc57457\"><\/span><span class=\"glide__bullet\" data-glide-dir=\"=9\" data-parent-uid=\"6a978dcc57457\"><\/span><span class=\"glide__bullet\" data-glide-dir=\"=10\" data-parent-uid=\"6a978dcc57457\"><\/span><span class=\"glide__bullet\" data-glide-dir=\"=11\" data-parent-uid=\"6a978dcc57457\"><\/span><span class=\"glide__bullet\" data-glide-dir=\"=12\" data-parent-uid=\"6a978dcc57457\"><\/span><span class=\"glide__bullet\" data-glide-dir=\"=13\" data-parent-uid=\"6a978dcc57457\"><\/span><span class=\"glide__bullet\" data-glide-dir=\"=14\" data-parent-uid=\"6a978dcc57457\"><\/span><span class=\"glide__bullet\" data-glide-dir=\"=15\" data-parent-uid=\"6a978dcc57457\"><\/span><span class=\"glide__bullet\" data-glide-dir=\"=16\" data-parent-uid=\"6a978dcc57457\"><\/span><span class=\"glide__bullet\" data-glide-dir=\"=17\" data-parent-uid=\"6a978dcc57457\"><\/span><\/div><\/div><\/div><div class=\"buttons\"><a href=\"#contact\" class=\"btn btn-outline\">Pyyd\u00e4 tarjous<\/a><\/div>    <\/div>\n<\/section>\n\n<section class=\"block block-columns\">\n    <div class=\"container\">\n        <h2>Miksi valita pitk\u00e4aikainen matkailuautovuokraus?<\/h2>        <div class=\"columns columns-3\">\n            <div class=\"column\"><div class=\"image-container reveal\"><img decoding=\"async\" src=\"https:\/\/www.touringcars.com\/wp-content\/uploads\/2025\/02\/2020-rm-optima-deluxe-t70f-innen-people-kueche-051-PRESSE_lowres.jpg-533x300.webp\" srcset=\"https:\/\/www.touringcars.com\/wp-content\/uploads\/2025\/02\/2020-rm-optima-deluxe-t70f-innen-people-kueche-051-PRESSE_lowres.jpg-300x169.webp 300w, https:\/\/www.touringcars.com\/wp-content\/uploads\/2025\/02\/2020-rm-optima-deluxe-t70f-innen-people-kueche-051-PRESSE_lowres.jpg-768x432.webp 768w, https:\/\/www.touringcars.com\/wp-content\/uploads\/2025\/02\/2020-rm-optima-deluxe-t70f-innen-people-kueche-051-PRESSE_lowres.jpg-714x402.webp 714w, https:\/\/www.touringcars.com\/wp-content\/uploads\/2025\/02\/2020-rm-optima-deluxe-t70f-innen-people-kueche-051-PRESSE_lowres.jpg-533x300.webp 533w, https:\/\/www.touringcars.com\/wp-content\/uploads\/2025\/02\/2020-rm-optima-deluxe-t70f-innen-people-kueche-051-PRESSE_lowres.jpg-846x476.webp 846w, https:\/\/www.touringcars.com\/wp-content\/uploads\/2025\/02\/2020-rm-optima-deluxe-t70f-innen-people-kueche-051-PRESSE_lowres.jpg.webp 1024w\" alt=\"2020-rm-optima-deluxe-t70f-innen-people-kueche-051-PRESSE_lowres.jpg\" width=\"1024\" height=\"576\"><\/div><div class=\"content-container reveal\"><h3>Helppo budjetointi<\/h3><p>Kiinte\u00e4 kuukausihinta tekee <strong>budjetoinnista helppoa.<\/strong> Tied\u00e4t kulusi tarkemmin etuk\u00e4teen, mik\u00e4 helpottaa reissubudjetin suunnittelua. Matkailuautolla matkustaessa s\u00e4\u00e4st\u00e4t ruoka- ja hotellikuluissa.<\/p>\n<\/div><\/div><div class=\"column\"><div class=\"image-container reveal\"><img decoding=\"async\" src=\"https:\/\/www.touringcars.com\/wp-content\/uploads\/2026\/02\/w1400-574x328.webp\" srcset=\"https:\/\/www.touringcars.com\/wp-content\/uploads\/2026\/02\/w1400-300x171.webp 300w, https:\/\/www.touringcars.com\/wp-content\/uploads\/2026\/02\/w1400-1024x585.webp 1024w, https:\/\/www.touringcars.com\/wp-content\/uploads\/2026\/02\/w1400-768x439.webp 768w, https:\/\/www.touringcars.com\/wp-content\/uploads\/2026\/02\/w1400-1038x593.webp 1038w, https:\/\/www.touringcars.com\/wp-content\/uploads\/2026\/02\/w1400-714x408.webp 714w, https:\/\/www.touringcars.com\/wp-content\/uploads\/2026\/02\/w1400-180x103.webp 180w, https:\/\/www.touringcars.com\/wp-content\/uploads\/2026\/02\/w1400-412x235.webp 412w, https:\/\/www.touringcars.com\/wp-content\/uploads\/2026\/02\/w1400-574x328.webp 574w, https:\/\/www.touringcars.com\/wp-content\/uploads\/2026\/02\/w1400.webp 1400w\" alt=\"w=1400\" width=\"1400\" height=\"800\"><\/div><div class=\"content-container reveal\"><h3>Edullinen p\u00e4iv\u00e4hinta<\/h3><p>Saat <strong>kiinte\u00e4ll\u00e4 summalla k\u00e4ytt\u00f6\u00f6si premium-tason matkailuauton<\/strong> edullisella p\u00e4iv\u00e4hinnalla. Pidempi vuokra-aika tarjoaa helpon tavan kokeilla matkailuautoilua ilman suurta sitoutumista.<\/p>\n<\/div><\/div><div class=\"column\"><div class=\"image-container reveal\"><img decoding=\"async\" src=\"https:\/\/www.touringcars.com\/wp-content\/uploads\/2026\/02\/DJI_0584-574x430.jpg\" srcset=\"https:\/\/www.touringcars.com\/wp-content\/uploads\/2026\/02\/DJI_0584-300x225.jpg 300w, https:\/\/www.touringcars.com\/wp-content\/uploads\/2026\/02\/DJI_0584-1024x767.jpg 1024w, https:\/\/www.touringcars.com\/wp-content\/uploads\/2026\/02\/DJI_0584-768x575.jpg 768w, https:\/\/www.touringcars.com\/wp-content\/uploads\/2026\/02\/DJI_0584-1536x1150.jpg 1536w, https:\/\/www.touringcars.com\/wp-content\/uploads\/2026\/02\/DJI_0584-2048x1534.jpg 2048w, https:\/\/www.touringcars.com\/wp-content\/uploads\/2026\/02\/DJI_0584-1920x1438.jpg 1920w, https:\/\/www.touringcars.com\/wp-content\/uploads\/2026\/02\/DJI_0584-792x593.jpg 792w, https:\/\/www.touringcars.com\/wp-content\/uploads\/2026\/02\/DJI_0584-709x531.jpg 709w, https:\/\/www.touringcars.com\/wp-content\/uploads\/2026\/02\/DJI_0584-180x136.jpg 180w, https:\/\/www.touringcars.com\/wp-content\/uploads\/2026\/02\/DJI_0584-412x310.jpg 412w, https:\/\/www.touringcars.com\/wp-content\/uploads\/2026\/02\/DJI_0584-574x430.jpg 574w\" alt=\"DJI_0584\" width=\"2560\" height=\"1917\"><\/div><div class=\"content-container reveal\"><h3>Matkailuauton tuoma vapaus<\/h3><p>Her\u00e4\u00e4 miss\u00e4 haluat, vaihda maisemaa omaan tahtiisi ja tee reitist\u00e4si oman n\u00e4k\u00f6isesi. Koe useampi maa <strong>joustavasti<\/strong> matkailuauton mukavuudesta nauttien.<\/p>\n<\/div><\/div>        <\/div>\n    <\/div>\n<\/section>\n\n<section class=\"block block-centertext\">\n    <div class=\"container\">\n        <div class=\"content-container reveal\">\n            <h2>Lue, mit\u00e4 asiakkaamme sanovat<\/h2><script src=\"https:\/\/static.elfsight.com\/platform\/platform.js\" async><\/script><div class=\"elfsight-app-190f4d07-e998-4577-8b7a-f43beda25fb9\" data-elfsight-app-lazy><\/div>\n        <\/div>\n    <\/div>\n<\/section>\n\n<section class=\"block block-contactform bg-white input-style-gray\" id=\"contact\">\n    <div class=\"container\">\n        <div class=\"content-container reveal\">\n            <h2>Aloita reissun suunnittelu \u2013 pyyd\u00e4 tarjous!<\/h2><p data-path-to-node=\"12,1\">Sinun ei tarvitse tiet\u00e4\u00e4 kaikkia yksityiskohtia tai lis\u00e4varusteita viel\u00e4. J\u00e4t\u00e4 vain yhteydenottopyynt\u00f6 alla olevalla lomakkeella, niin <b data-path-to-node=\"12,1\" data-index-in-node=\"135\">myyntitiimimme on sinuun yhteydess\u00e4 jo seuraavana arkip\u00e4iv\u00e4n\u00e4<\/b>. K\u00e4ymme toiveesi l\u00e4pi yhdess\u00e4 ja r\u00e4\u00e4t\u00e4l\u00f6imme reissullesi juuri sopivan kokonaisuuden!<\/p>\n<div class=\"form-container\">\n<div class=\"wpcf7 no-js\" id=\"wpcf7-f32943-o1\" lang=\"fi\" dir=\"ltr\" data-wpcf7-id=\"32943\">\n<div class=\"screen-reader-response\"><p role=\"status\" aria-live=\"polite\" aria-atomic=\"true\"><\/p> <ul><\/ul><\/div>\n<form action=\"\/fi\/wp-json\/wp\/v2\/pages\/32817#wpcf7-f32943-o1\" method=\"post\" class=\"wpcf7-form init\" aria-label=\"Yhteydenottolomake\" novalidate=\"novalidate\" data-status=\"init\">\n<fieldset class=\"hidden-fields-container\"><input type=\"hidden\" name=\"_wpcf7\" value=\"32943\" \/><input type=\"hidden\" name=\"_wpcf7_version\" value=\"6.1.7\" \/><input type=\"hidden\" name=\"_wpcf7_locale\" value=\"fi\" \/><input type=\"hidden\" name=\"_wpcf7_unit_tag\" value=\"wpcf7-f32943-o1\" \/><input type=\"hidden\" name=\"_wpcf7_container_post\" value=\"0\" \/><input type=\"hidden\" name=\"_wpcf7_posted_data_hash\" value=\"\" \/><input type=\"hidden\" name=\"_wpcf7_recaptcha_response\" value=\"\" \/>\n<\/fieldset>\n<div class=\"form-row\">\n  <div class=\"form-col\">\n    <label>Nimi *<\/label>\n    <span class=\"wpcf7-form-control-wrap\" data-name=\"your-name\"><input size=\"40\" maxlength=\"400\" class=\"wpcf7-form-control wpcf7-text form-control form-control-gray  wpcf7-validates-as-required\" aria-required=\"true\" aria-invalid=\"false\" placeholder=\"Etu- ja sukunimi\" value=\"\" type=\"text\" name=\"your-name\" \/><\/span>\n  <\/div>\n  <div class=\"form-col\">\n    <label>S\u00e4hk\u00f6postiosoite *<\/label>\n    <span class=\"wpcf7-form-control-wrap\" data-name=\"your-email\"><input size=\"40\" maxlength=\"400\" class=\"wpcf7-form-control wpcf7-email wpcf7-validates-as-required wpcf7-text form-control form-control-gray  wpcf7-validates-as-email\" aria-required=\"true\" aria-invalid=\"false\" placeholder=\"S\u00e4hk\u00f6postiosoite\" value=\"\" type=\"email\" name=\"your-email\" \/><\/span>\n  <\/div>\n<\/div>\n\n<div class=\"form-row\">\n  <div class=\"form-col\">\n    <label>Puhelinnumero *<\/label>\n    <span class=\"wpcf7-form-control-wrap\" data-name=\"your-phone\"><input size=\"40\" maxlength=\"400\" class=\"wpcf7-form-control wpcf7-tel wpcf7-validates-as-required wpcf7-text form-control form-control-gray  wpcf7-validates-as-tel\" aria-required=\"true\" aria-invalid=\"false\" placeholder=\"Puhelinnumero\" value=\"\" type=\"tel\" name=\"your-phone\" \/><\/span>\n  <\/div>\n  <div class=\"form-col\">\n    <label>Noutopaikka *<\/label>\n    <span class=\"wpcf7-form-control-wrap\" data-name=\"toimipiste\"><select class=\"wpcf7-form-control wpcf7-select form-control form-control-gray  wpcf7-validates-as-required\" aria-required=\"true\" aria-invalid=\"false\" name=\"toimipiste\"><option value=\"Helsinki\">Helsinki<\/option><option value=\"Tukholma\">Tukholma<\/option><option value=\"Oslo\">Oslo<\/option><option value=\"Tromssa\">Tromssa<\/option><\/select><\/span>\n  <\/div>\n<\/div>\n\n<div class=\"form-row\">\n  <div class=\"form-col\">\n    <label>Vuokrauksen kesto *<\/label>\n    <span class=\"wpcf7-form-control-wrap\" data-name=\"vuokrausaika\"><select class=\"wpcf7-form-control wpcf7-select form-control form-control-gray  wpcf7-validates-as-required\" aria-required=\"true\" aria-invalid=\"false\" name=\"vuokrausaika\"><option value=\"3 kuukautta\">3 kuukautta<\/option><option value=\"6 kuukautta\">6 kuukautta<\/option><option value=\"Muu \/ Avoin\">Muu \/ Avoin<\/option><\/select><\/span>\n  <\/div>\n  <div class=\"form-col\">\n    <label>Matkustajam\u00e4\u00e4r\u00e4 * (suurin henkil\u00f6m\u00e4\u00e4r\u00e4)<\/label>\n    <span class=\"wpcf7-form-control-wrap\" data-name=\"matkustajamaara\"><select class=\"wpcf7-form-control wpcf7-select form-control form-control-gray  wpcf7-validates-as-required\" aria-required=\"true\" aria-invalid=\"false\" name=\"matkustajamaara\"><option value=\"1\u20132 henkil\u00f6\u00e4\">1\u20132 henkil\u00f6\u00e4<\/option><option value=\"3\u20134 henkil\u00f6\u00e4\">3\u20134 henkil\u00f6\u00e4<\/option><option value=\"5\u20136 henkil\u00f6\u00e4\">5\u20136 henkil\u00f6\u00e4<\/option><\/select><\/span>\n  <\/div>\n<\/div>\n\n<div class=\"form-row\">\n  <div class=\"form-col\">\n    <label>Toivottu aloitusajankohta *<\/label>\n    <span class=\"wpcf7-form-control-wrap\" data-name=\"vuokraus-alkaa\"><input size=\"40\" maxlength=\"400\" class=\"wpcf7-form-control wpcf7-text form-control form-control-gray  wpcf7-validates-as-required\" aria-required=\"true\" aria-invalid=\"false\" placeholder=\"Esim. 1.9.2026 tai syyskuun alku\" value=\"\" type=\"text\" name=\"vuokraus-alkaa\" \/><\/span>\n  <\/div>\n<\/div>\n\n<div class=\"form-row\">\n  <div class=\"form-col\">\n    <label>Mit\u00e4 toivot ajoneuvolta tai muita lis\u00e4tietoja? (Valinnainen)<\/label>\n    <span class=\"wpcf7-form-control-wrap\" data-name=\"your-message\"><textarea cols=\"40\" rows=\"10\" maxlength=\"2000\" class=\"wpcf7-form-control wpcf7-text form-control form-control-gray area\" aria-invalid=\"false\" placeholder=\"Esim. Tarkempi palautusp\u00e4iv\u00e4, automaattivaihteisto, erityistoiveet...\" name=\"your-message\"><\/textarea><\/span>\n  <\/div>\n<\/div>\n\n<div class=\"form-row\">\n  <div class=\"form-col\">\n    <input class=\"wpcf7-form-control wpcf7-submit has-spinner\" type=\"submit\" value=\"L\u00e4het\u00e4 tarjouspyynt\u00f6\" \/>\n  <\/div>\n<\/div>\n\n<div class=\"form-row form-row-privacy\">\n<div class=\"form-col\">L\u00e4hett\u00e4m\u00e4ll\u00e4 t\u00e4m\u00e4n lomakkeen hyv\u00e4ksyt, ett\u00e4 tietojasi k\u00e4sitell\u00e4\u00e4n <a href=\"https:\/\/touringcars.com\/fi\/privacy-policy-gdpr\/\" target=\"_blank\">tietosuojak\u00e4yt\u00e4nt\u00f6mme<\/a> mukaisesti.\n<\/div>\n<\/div><div class=\"wpcf7-response-output\" aria-hidden=\"true\"><\/div>\n<\/form>\n<\/div>\n<\/div>        <\/div>\n    <\/div>\n<\/section>\n\n<section class=\"block block-postsslider style-small\">\n    <div class=\"container reveal\">\n        <h2>L\u00f6yd\u00e4 uusia ideoita matkaasi varten<\/h2><div class=\"glide articles-slider\" data-uid=\"6a978dcd0997b\"><div class=\"glide__track\" data-glide-el=\"track\"><ul class=\"glide__slides\"><li class=\"glide__slide\"><article class=\"article reveal\"><div class=\"image-container\"><a href=\"https:\/\/www.touringcars.com\/fi\/uutiset\/travel-from-spain-to-italy-the-ultimate-road-trip-guide\/\"><img decoding=\"async\" src=\"https:\/\/www.touringcars.com\/wp-content\/uploads\/2026\/05\/Copy-of-0005-20250717-Touring-Cars-FC8282-8064-x-4536-1-574x323.jpg\" srcset=\"https:\/\/www.touringcars.com\/wp-content\/uploads\/2026\/05\/Copy-of-0005-20250717-Touring-Cars-FC8282-8064-x-4536-1-300x169.jpg 300w, https:\/\/www.touringcars.com\/wp-content\/uploads\/2026\/05\/Copy-of-0005-20250717-Touring-Cars-FC8282-8064-x-4536-1-1024x576.jpg 1024w, https:\/\/www.touringcars.com\/wp-content\/uploads\/2026\/05\/Copy-of-0005-20250717-Touring-Cars-FC8282-8064-x-4536-1-768x432.jpg 768w, https:\/\/www.touringcars.com\/wp-content\/uploads\/2026\/05\/Copy-of-0005-20250717-Touring-Cars-FC8282-8064-x-4536-1-1536x864.jpg 1536w, https:\/\/www.touringcars.com\/wp-content\/uploads\/2026\/05\/Copy-of-0005-20250717-Touring-Cars-FC8282-8064-x-4536-1-2048x1152.jpg 2048w, https:\/\/www.touringcars.com\/wp-content\/uploads\/2026\/05\/Copy-of-0005-20250717-Touring-Cars-FC8282-8064-x-4536-1-1920x1080.jpg 1920w, https:\/\/www.touringcars.com\/wp-content\/uploads\/2026\/05\/Copy-of-0005-20250717-Touring-Cars-FC8282-8064-x-4536-1-1054x593.jpg 1054w, https:\/\/www.touringcars.com\/wp-content\/uploads\/2026\/05\/Copy-of-0005-20250717-Touring-Cars-FC8282-8064-x-4536-1-714x402.jpg 714w, https:\/\/www.touringcars.com\/wp-content\/uploads\/2026\/05\/Copy-of-0005-20250717-Touring-Cars-FC8282-8064-x-4536-1-180x101.jpg 180w, https:\/\/www.touringcars.com\/wp-content\/uploads\/2026\/05\/Copy-of-0005-20250717-Touring-Cars-FC8282-8064-x-4536-1-412x232.jpg 412w, https:\/\/www.touringcars.com\/wp-content\/uploads\/2026\/05\/Copy-of-0005-20250717-Touring-Cars-FC8282-8064-x-4536-1-574x323.jpg 574w, https:\/\/www.touringcars.com\/wp-content\/uploads\/2026\/05\/Copy-of-0005-20250717-Touring-Cars-FC8282-8064-x-4536-1-846x476.jpg 846w\" alt=\"Matkusta Espanjasta Italiaan matkailuautolla\"><\/a><\/div><div class=\"content-container\"><h3><a href=\"https:\/\/www.touringcars.com\/fi\/uutiset\/travel-from-spain-to-italy-the-ultimate-road-trip-guide\/\">Matkusta Espanjasta Italiaan matkailuautolla<\/a><\/h3><\/div><\/article><\/li><li class=\"glide__slide\"><article class=\"article reveal\"><div class=\"image-container\"><a href=\"https:\/\/www.touringcars.com\/fi\/uutiset\/taydellinen-kahden-viikon-matkailuautokiertomatka-amsterdamista-euroopan-kauneimpiin-kohteisiin\/\"><img decoding=\"async\" src=\"https:\/\/www.touringcars.com\/wp-content\/uploads\/2026\/05\/Alps2-574x383.jpg\" srcset=\"https:\/\/www.touringcars.com\/wp-content\/uploads\/2026\/05\/Alps2-300x200.jpg 300w, https:\/\/www.touringcars.com\/wp-content\/uploads\/2026\/05\/Alps2-1024x683.jpg 1024w, https:\/\/www.touringcars.com\/wp-content\/uploads\/2026\/05\/Alps2-768x512.jpg 768w, https:\/\/www.touringcars.com\/wp-content\/uploads\/2026\/05\/Alps2-1536x1024.jpg 1536w, https:\/\/www.touringcars.com\/wp-content\/uploads\/2026\/05\/Alps2-2048x1365.jpg 2048w, https:\/\/www.touringcars.com\/wp-content\/uploads\/2026\/05\/Alps2-1920x1280.jpg 1920w, https:\/\/www.touringcars.com\/wp-content\/uploads\/2026\/05\/Alps2-890x593.jpg 890w, https:\/\/www.touringcars.com\/wp-content\/uploads\/2026\/05\/Alps2-714x476.jpg 714w, https:\/\/www.touringcars.com\/wp-content\/uploads\/2026\/05\/Alps2-180x120.jpg 180w, https:\/\/www.touringcars.com\/wp-content\/uploads\/2026\/05\/Alps2-412x275.jpg 412w, https:\/\/www.touringcars.com\/wp-content\/uploads\/2026\/05\/Alps2-574x383.jpg 574w, https:\/\/www.touringcars.com\/wp-content\/uploads\/2026\/05\/Alps2-367x245.jpg 367w\" alt=\"T\u00e4ydellinen kahden viikon matkailuautokiertomatka Amsterdamista Euroopan kauneimpiin kohteisiin\"><\/a><\/div><div class=\"content-container\"><h3><a href=\"https:\/\/www.touringcars.com\/fi\/uutiset\/taydellinen-kahden-viikon-matkailuautokiertomatka-amsterdamista-euroopan-kauneimpiin-kohteisiin\/\">T\u00e4ydellinen kahden viikon matkailuautokiertomatka Amsterdamista Euroopan kauneimpiin kohteisiin<\/a><\/h3><\/div><\/article><\/li><li class=\"glide__slide\"><article class=\"article reveal\"><div class=\"image-container\"><a href=\"https:\/\/www.touringcars.com\/fi\/uutiset\/tutustu-espanjaan-matkailuautolla-parhaat-nahtavyydet-ja-tarkeat-matkavinkit\/\"><img decoding=\"async\" src=\"https:\/\/www.touringcars.com\/wp-content\/uploads\/2026\/05\/Peniscola-spain-574x323.jpg\" srcset=\"https:\/\/www.touringcars.com\/wp-content\/uploads\/2026\/05\/Peniscola-spain-300x169.jpg 300w, https:\/\/www.touringcars.com\/wp-content\/uploads\/2026\/05\/Peniscola-spain-1024x576.jpg 1024w, https:\/\/www.touringcars.com\/wp-content\/uploads\/2026\/05\/Peniscola-spain-768x432.jpg 768w, https:\/\/www.touringcars.com\/wp-content\/uploads\/2026\/05\/Peniscola-spain-1536x864.jpg 1536w, https:\/\/www.touringcars.com\/wp-content\/uploads\/2026\/05\/Peniscola-spain-2048x1152.jpg 2048w, https:\/\/www.touringcars.com\/wp-content\/uploads\/2026\/05\/Peniscola-spain-1920x1080.jpg 1920w, https:\/\/www.touringcars.com\/wp-content\/uploads\/2026\/05\/Peniscola-spain-1054x593.jpg 1054w, https:\/\/www.touringcars.com\/wp-content\/uploads\/2026\/05\/Peniscola-spain-714x402.jpg 714w, https:\/\/www.touringcars.com\/wp-content\/uploads\/2026\/05\/Peniscola-spain-180x101.jpg 180w, https:\/\/www.touringcars.com\/wp-content\/uploads\/2026\/05\/Peniscola-spain-412x232.jpg 412w, https:\/\/www.touringcars.com\/wp-content\/uploads\/2026\/05\/Peniscola-spain-574x323.jpg 574w, https:\/\/www.touringcars.com\/wp-content\/uploads\/2026\/05\/Peniscola-spain-846x476.jpg 846w\" alt=\"Tutustu Espanjaan matkailuautolla \u2013 parhaat n\u00e4ht\u00e4vyydet ja t\u00e4rke\u00e4t matkavinkit\"><\/a><\/div><div class=\"content-container\"><h3><a href=\"https:\/\/www.touringcars.com\/fi\/uutiset\/tutustu-espanjaan-matkailuautolla-parhaat-nahtavyydet-ja-tarkeat-matkavinkit\/\">Tutustu Espanjaan matkailuautolla \u2013 parhaat n\u00e4ht\u00e4vyydet ja t\u00e4rke\u00e4t matkavinkit<\/a><\/h3><\/div><\/article><\/li><li class=\"glide__slide\"><article class=\"article reveal\"><div class=\"image-container\"><a href=\"https:\/\/www.touringcars.com\/fi\/uutiset\/koe-taydellinen-auringonpimennys-espanjassa\/\"><img decoding=\"async\" src=\"https:\/\/www.touringcars.com\/wp-content\/uploads\/2026\/04\/full-solar-eclipse-abstract-scientific-background-2026-03-16-06-20-20-utc-574x323.jpg\" srcset=\"https:\/\/www.touringcars.com\/wp-content\/uploads\/2026\/04\/full-solar-eclipse-abstract-scientific-background-2026-03-16-06-20-20-utc-300x169.jpg 300w, https:\/\/www.touringcars.com\/wp-content\/uploads\/2026\/04\/full-solar-eclipse-abstract-scientific-background-2026-03-16-06-20-20-utc-1024x576.jpg 1024w, https:\/\/www.touringcars.com\/wp-content\/uploads\/2026\/04\/full-solar-eclipse-abstract-scientific-background-2026-03-16-06-20-20-utc-768x432.jpg 768w, https:\/\/www.touringcars.com\/wp-content\/uploads\/2026\/04\/full-solar-eclipse-abstract-scientific-background-2026-03-16-06-20-20-utc-1536x864.jpg 1536w, https:\/\/www.touringcars.com\/wp-content\/uploads\/2026\/04\/full-solar-eclipse-abstract-scientific-background-2026-03-16-06-20-20-utc-2048x1152.jpg 2048w, https:\/\/www.touringcars.com\/wp-content\/uploads\/2026\/04\/full-solar-eclipse-abstract-scientific-background-2026-03-16-06-20-20-utc-1920x1080.jpg 1920w, https:\/\/www.touringcars.com\/wp-content\/uploads\/2026\/04\/full-solar-eclipse-abstract-scientific-background-2026-03-16-06-20-20-utc-1054x593.jpg 1054w, https:\/\/www.touringcars.com\/wp-content\/uploads\/2026\/04\/full-solar-eclipse-abstract-scientific-background-2026-03-16-06-20-20-utc-714x402.jpg 714w, https:\/\/www.touringcars.com\/wp-content\/uploads\/2026\/04\/full-solar-eclipse-abstract-scientific-background-2026-03-16-06-20-20-utc-180x101.jpg 180w, https:\/\/www.touringcars.com\/wp-content\/uploads\/2026\/04\/full-solar-eclipse-abstract-scientific-background-2026-03-16-06-20-20-utc-412x232.jpg 412w, https:\/\/www.touringcars.com\/wp-content\/uploads\/2026\/04\/full-solar-eclipse-abstract-scientific-background-2026-03-16-06-20-20-utc-574x323.jpg 574w, https:\/\/www.touringcars.com\/wp-content\/uploads\/2026\/04\/full-solar-eclipse-abstract-scientific-background-2026-03-16-06-20-20-utc-846x476.jpg 846w\" alt=\"Koe t\u00e4ydellinen auringonpimennys Espanjassa 2026\u20132028\"><\/a><\/div><div class=\"content-container\"><h3><a href=\"https:\/\/www.touringcars.com\/fi\/uutiset\/koe-taydellinen-auringonpimennys-espanjassa\/\">Koe t\u00e4ydellinen auringonpimennys Espanjassa 2026\u20132028<\/a><\/h3><\/div><\/article><\/li><li class=\"glide__slide\"><article class=\"article reveal\"><div class=\"image-container\"><a href=\"https:\/\/www.touringcars.com\/fi\/matkavinkit\/joogaa-hyvinvointia-ja-patikointia-parhaat-pysahdykset-rauhalliselle-slow-travel-road-tripille\/\"><img decoding=\"async\" src=\"https:\/\/www.touringcars.com\/wp-content\/uploads\/2026\/02\/Kansikuva-joogaan-574x383.png\" srcset=\"https:\/\/www.touringcars.com\/wp-content\/uploads\/2026\/02\/Kansikuva-joogaan-300x200.png 300w, https:\/\/www.touringcars.com\/wp-content\/uploads\/2026\/02\/Kansikuva-joogaan-1024x683.png 1024w, https:\/\/www.touringcars.com\/wp-content\/uploads\/2026\/02\/Kansikuva-joogaan-768x512.png 768w, https:\/\/www.touringcars.com\/wp-content\/uploads\/2026\/02\/Kansikuva-joogaan-890x593.png 890w, https:\/\/www.touringcars.com\/wp-content\/uploads\/2026\/02\/Kansikuva-joogaan-714x476.png 714w, https:\/\/www.touringcars.com\/wp-content\/uploads\/2026\/02\/Kansikuva-joogaan-180x120.png 180w, https:\/\/www.touringcars.com\/wp-content\/uploads\/2026\/02\/Kansikuva-joogaan-412x275.png 412w, https:\/\/www.touringcars.com\/wp-content\/uploads\/2026\/02\/Kansikuva-joogaan-574x383.png 574w, https:\/\/www.touringcars.com\/wp-content\/uploads\/2026\/02\/Kansikuva-joogaan-367x245.png 367w, https:\/\/www.touringcars.com\/wp-content\/uploads\/2026\/02\/Kansikuva-joogaan.png 1536w\" alt=\"Joogaa, hyvinvointia ja patikointia: Parhaat pys\u00e4hdykset rauhalliselle Slow Travel-road tripille\"><\/a><\/div><div class=\"content-container\"><h3><a href=\"https:\/\/www.touringcars.com\/fi\/matkavinkit\/joogaa-hyvinvointia-ja-patikointia-parhaat-pysahdykset-rauhalliselle-slow-travel-road-tripille\/\">Joogaa, hyvinvointia ja patikointia: Parhaat pys\u00e4hdykset rauhalliselle Slow Travel-road tripille<\/a><\/h3><\/div><\/article><\/li><li class=\"glide__slide\"><article class=\"article reveal\"><div class=\"image-container\"><a href=\"https:\/\/www.touringcars.com\/fi\/matkavinkit\/hyodyllisia-vinkkeja-sesongin-ulkopuoliseen-matkailuautoiluun\/\"><img decoding=\"async\" src=\"https:\/\/www.touringcars.com\/wp-content\/uploads\/2025\/05\/carado-imagebank-data_VE_Camper-Van_CV600_PI_2025_1256_21-31-41_WEB-574x383.jpg\" srcset=\"https:\/\/www.touringcars.com\/wp-content\/uploads\/2025\/05\/carado-imagebank-data_VE_Camper-Van_CV600_PI_2025_1256_21-31-41_WEB-300x200.jpg 300w, https:\/\/www.touringcars.com\/wp-content\/uploads\/2025\/05\/carado-imagebank-data_VE_Camper-Van_CV600_PI_2025_1256_21-31-41_WEB-1024x683.jpg 1024w, https:\/\/www.touringcars.com\/wp-content\/uploads\/2025\/05\/carado-imagebank-data_VE_Camper-Van_CV600_PI_2025_1256_21-31-41_WEB-768x512.jpg 768w, https:\/\/www.touringcars.com\/wp-content\/uploads\/2025\/05\/carado-imagebank-data_VE_Camper-Van_CV600_PI_2025_1256_21-31-41_WEB-1536x1024.jpg 1536w, https:\/\/www.touringcars.com\/wp-content\/uploads\/2025\/05\/carado-imagebank-data_VE_Camper-Van_CV600_PI_2025_1256_21-31-41_WEB-890x593.jpg 890w, https:\/\/www.touringcars.com\/wp-content\/uploads\/2025\/05\/carado-imagebank-data_VE_Camper-Van_CV600_PI_2025_1256_21-31-41_WEB-714x476.jpg 714w, https:\/\/www.touringcars.com\/wp-content\/uploads\/2025\/05\/carado-imagebank-data_VE_Camper-Van_CV600_PI_2025_1256_21-31-41_WEB-574x383.jpg 574w, https:\/\/www.touringcars.com\/wp-content\/uploads\/2025\/05\/carado-imagebank-data_VE_Camper-Van_CV600_PI_2025_1256_21-31-41_WEB-367x245.jpg 367w, https:\/\/www.touringcars.com\/wp-content\/uploads\/2025\/05\/carado-imagebank-data_VE_Camper-Van_CV600_PI_2025_1256_21-31-41_WEB.jpg 1800w\" alt=\"Hy\u00f6dyllisi\u00e4 vinkkej\u00e4 sesongin ulkopuoliseen matkailuautoiluun\"><\/a><\/div><div class=\"content-container\"><h3><a href=\"https:\/\/www.touringcars.com\/fi\/matkavinkit\/hyodyllisia-vinkkeja-sesongin-ulkopuoliseen-matkailuautoiluun\/\">Hy\u00f6dyllisi\u00e4 vinkkej\u00e4 sesongin ulkopuoliseen matkailuautoiluun<\/a><\/h3><\/div><\/article><\/li><li class=\"glide__slide\"><article class=\"article reveal\"><div class=\"image-container\"><a href=\"https:\/\/www.touringcars.com\/fi\/matkavinkit\/pohjoismaat-kalastusmatkojen-ykkoskohde\/\"><img decoding=\"async\" src=\"https:\/\/www.touringcars.com\/wp-content\/uploads\/2026\/02\/Artikkelin-kansikuva-2-1-574x383.png\" srcset=\"https:\/\/www.touringcars.com\/wp-content\/uploads\/2026\/02\/Artikkelin-kansikuva-2-1-300x200.png 300w, https:\/\/www.touringcars.com\/wp-content\/uploads\/2026\/02\/Artikkelin-kansikuva-2-1-1024x683.png 1024w, https:\/\/www.touringcars.com\/wp-content\/uploads\/2026\/02\/Artikkelin-kansikuva-2-1-768x512.png 768w, https:\/\/www.touringcars.com\/wp-content\/uploads\/2026\/02\/Artikkelin-kansikuva-2-1-890x593.png 890w, https:\/\/www.touringcars.com\/wp-content\/uploads\/2026\/02\/Artikkelin-kansikuva-2-1-714x476.png 714w, https:\/\/www.touringcars.com\/wp-content\/uploads\/2026\/02\/Artikkelin-kansikuva-2-1-180x120.png 180w, https:\/\/www.touringcars.com\/wp-content\/uploads\/2026\/02\/Artikkelin-kansikuva-2-1-412x275.png 412w, https:\/\/www.touringcars.com\/wp-content\/uploads\/2026\/02\/Artikkelin-kansikuva-2-1-574x383.png 574w, https:\/\/www.touringcars.com\/wp-content\/uploads\/2026\/02\/Artikkelin-kansikuva-2-1-367x245.png 367w, https:\/\/www.touringcars.com\/wp-content\/uploads\/2026\/02\/Artikkelin-kansikuva-2-1.png 1536w\" alt=\"Pohjoismaat &#8211; kalastusmatkojen ykk\u00f6skohde\"><\/a><\/div><div class=\"content-container\"><h3><a href=\"https:\/\/www.touringcars.com\/fi\/matkavinkit\/pohjoismaat-kalastusmatkojen-ykkoskohde\/\">Pohjoismaat &#8211; kalastusmatkojen ykk\u00f6skohde<\/a><\/h3><\/div><\/article><\/li><li class=\"glide__slide\"><article class=\"article reveal\"><div class=\"image-container\"><a href=\"https:\/\/www.touringcars.com\/fi\/matkavinkit\/koe-lappi-matkailuautolla\/\"><img decoding=\"async\" src=\"https:\/\/www.touringcars.com\/wp-content\/uploads\/2025\/02\/motorhome-lofoten-450x300.jpg\" srcset=\"https:\/\/www.touringcars.com\/wp-content\/uploads\/2025\/02\/motorhome-lofoten-300x200.jpg 300w, https:\/\/www.touringcars.com\/wp-content\/uploads\/2025\/02\/motorhome-lofoten-1024x683.jpg 1024w, https:\/\/www.touringcars.com\/wp-content\/uploads\/2025\/02\/motorhome-lofoten-768x512.jpg 768w, https:\/\/www.touringcars.com\/wp-content\/uploads\/2025\/02\/motorhome-lofoten-1536x1024.jpg 1536w, https:\/\/www.touringcars.com\/wp-content\/uploads\/2025\/02\/motorhome-lofoten-2048x1366.jpg 2048w, https:\/\/www.touringcars.com\/wp-content\/uploads\/2025\/02\/motorhome-lofoten-1920x1280.jpg 1920w, https:\/\/www.touringcars.com\/wp-content\/uploads\/2025\/02\/motorhome-lofoten-889x593.jpg 889w, https:\/\/www.touringcars.com\/wp-content\/uploads\/2025\/02\/motorhome-lofoten-714x476.jpg 714w, https:\/\/www.touringcars.com\/wp-content\/uploads\/2025\/02\/motorhome-lofoten-450x300.jpg 450w, https:\/\/www.touringcars.com\/wp-content\/uploads\/2025\/02\/motorhome-lofoten-367x245.jpg 367w\" alt=\"Koe lappi matkailuautolla\"><\/a><\/div><div class=\"content-container\"><h3><a href=\"https:\/\/www.touringcars.com\/fi\/matkavinkit\/koe-lappi-matkailuautolla\/\">Koe lappi matkailuautolla<\/a><\/h3><\/div><\/article><\/li><li class=\"glide__slide\"><article class=\"article reveal\"><div class=\"image-container\"><a href=\"https:\/\/www.touringcars.com\/fi\/matkavinkit\/lofootit-matkailuautolla-5-vinkkia-sujuvaan-matkaan\/\"><img decoding=\"async\" src=\"https:\/\/www.touringcars.com\/wp-content\/uploads\/2025\/10\/DSC00407-574x323.jpg\" srcset=\"https:\/\/www.touringcars.com\/wp-content\/uploads\/2025\/10\/DSC00407-300x169.jpg 300w, https:\/\/www.touringcars.com\/wp-content\/uploads\/2025\/10\/DSC00407-1024x576.jpg 1024w, https:\/\/www.touringcars.com\/wp-content\/uploads\/2025\/10\/DSC00407-768x432.jpg 768w, https:\/\/www.touringcars.com\/wp-content\/uploads\/2025\/10\/DSC00407-1536x864.jpg 1536w, https:\/\/www.touringcars.com\/wp-content\/uploads\/2025\/10\/DSC00407-1920x1080.jpg 1920w, https:\/\/www.touringcars.com\/wp-content\/uploads\/2025\/10\/DSC00407-1054x593.jpg 1054w, https:\/\/www.touringcars.com\/wp-content\/uploads\/2025\/10\/DSC00407-714x402.jpg 714w, https:\/\/www.touringcars.com\/wp-content\/uploads\/2025\/10\/DSC00407-574x323.jpg 574w, https:\/\/www.touringcars.com\/wp-content\/uploads\/2025\/10\/DSC00407-846x476.jpg 846w, https:\/\/www.touringcars.com\/wp-content\/uploads\/2025\/10\/DSC00407.jpg 2048w\" alt=\"Lofootit matkailuautolla \u2013 5 vinkki\u00e4 sujuvaan matkaan\"><\/a><\/div><div class=\"content-container\"><h3><a href=\"https:\/\/www.touringcars.com\/fi\/matkavinkit\/lofootit-matkailuautolla-5-vinkkia-sujuvaan-matkaan\/\">Lofootit matkailuautolla \u2013 5 vinkki\u00e4 sujuvaan matkaan<\/a><\/h3><\/div><\/article><\/li><li class=\"glide__slide\"><article class=\"article reveal\"><div class=\"image-container\"><a href=\"https:\/\/www.touringcars.com\/fi\/matkavinkit\/aurora-borealis-houkuttelee-pohjoismaissa\/\"><img decoding=\"async\" src=\"https:\/\/www.touringcars.com\/wp-content\/uploads\/2022\/08\/David20Becker20Unsplash-453x300.jpg\" srcset=\"https:\/\/www.touringcars.com\/wp-content\/uploads\/2022\/08\/David20Becker20Unsplash-300x199.jpg 300w, https:\/\/www.touringcars.com\/wp-content\/uploads\/2022\/08\/David20Becker20Unsplash-1024x678.jpg 1024w, https:\/\/www.touringcars.com\/wp-content\/uploads\/2022\/08\/David20Becker20Unsplash-768x509.jpg 768w, https:\/\/www.touringcars.com\/wp-content\/uploads\/2022\/08\/David20Becker20Unsplash-1536x1018.jpg 1536w, https:\/\/www.touringcars.com\/wp-content\/uploads\/2022\/08\/David20Becker20Unsplash-895x593.jpg 895w, https:\/\/www.touringcars.com\/wp-content\/uploads\/2022\/08\/David20Becker20Unsplash-714x473.jpg 714w, https:\/\/www.touringcars.com\/wp-content\/uploads\/2022\/08\/David20Becker20Unsplash-453x300.jpg 453w, https:\/\/www.touringcars.com\/wp-content\/uploads\/2022\/08\/David20Becker20Unsplash-367x245.jpg 367w, https:\/\/www.touringcars.com\/wp-content\/uploads\/2022\/08\/David20Becker20Unsplash.jpg 2000w\" alt=\"Aurora Borealis houkuttelee Pohjoismaissa\"><\/a><\/div><div class=\"content-container\"><h3><a href=\"https:\/\/www.touringcars.com\/fi\/matkavinkit\/aurora-borealis-houkuttelee-pohjoismaissa\/\">Aurora Borealis houkuttelee Pohjoismaissa<\/a><\/h3><\/div><\/article><\/li><li class=\"glide__slide\"><article class=\"article reveal\"><div class=\"image-container\"><a href=\"https:\/\/www.touringcars.com\/fi\/matkavinkit\/sfc-leirintaalueet-suomessa\/\"><img decoding=\"async\" src=\"https:\/\/www.touringcars.com\/wp-content\/uploads\/2025\/05\/carado-imagebank-data_VE_Semi-Integrated_T447_PI_2024_0115_21-31-41_WEB-scaled.jpg\" srcset=\"https:\/\/www.touringcars.com\/wp-content\/uploads\/2025\/05\/carado-imagebank-data_VE_Semi-Integrated_T447_PI_2024_0115_21-31-41_WEB-300x200.jpg 300w, https:\/\/www.touringcars.com\/wp-content\/uploads\/2025\/05\/carado-imagebank-data_VE_Semi-Integrated_T447_PI_2024_0115_21-31-41_WEB-1024x683.jpg 1024w, https:\/\/www.touringcars.com\/wp-content\/uploads\/2025\/05\/carado-imagebank-data_VE_Semi-Integrated_T447_PI_2024_0115_21-31-41_WEB-768x512.jpg 768w, https:\/\/www.touringcars.com\/wp-content\/uploads\/2025\/05\/carado-imagebank-data_VE_Semi-Integrated_T447_PI_2024_0115_21-31-41_WEB-1536x1024.jpg 1536w, https:\/\/www.touringcars.com\/wp-content\/uploads\/2025\/05\/carado-imagebank-data_VE_Semi-Integrated_T447_PI_2024_0115_21-31-41_WEB-2048x1365.jpg 2048w\" alt=\"SFC Leirint\u00e4alueet Suomessa\"><\/a><\/div><div class=\"content-container\"><h3><a href=\"https:\/\/www.touringcars.com\/fi\/matkavinkit\/sfc-leirintaalueet-suomessa\/\">SFC Leirint\u00e4alueet Suomessa<\/a><\/h3><\/div><\/article><\/li><li class=\"glide__slide\"><article class=\"article reveal\"><div class=\"image-container\"><a href=\"https:\/\/www.touringcars.com\/fi\/matkavinkit\/rento-elamantapa-ympari-vuoden-minustako-karavaanariksi\/\"><img decoding=\"async\" src=\"https:\/\/www.touringcars.com\/wp-content\/uploads\/2023\/12\/family20travel20children20touring20cars_0-574x383.png\" srcset=\"https:\/\/www.touringcars.com\/wp-content\/uploads\/2023\/12\/family20travel20children20touring20cars_0-300x200.png 300w, https:\/\/www.touringcars.com\/wp-content\/uploads\/2023\/12\/family20travel20children20touring20cars_0-180x120.png 180w, https:\/\/www.touringcars.com\/wp-content\/uploads\/2023\/12\/family20travel20children20touring20cars_0-412x275.png 412w, https:\/\/www.touringcars.com\/wp-content\/uploads\/2023\/12\/family20travel20children20touring20cars_0-768x512.png 768w, https:\/\/www.touringcars.com\/wp-content\/uploads\/2023\/12\/family20travel20children20touring20cars_0-1024x683.png 1024w, https:\/\/www.touringcars.com\/wp-content\/uploads\/2023\/12\/family20travel20children20touring20cars_0-889x593.png 889w, https:\/\/www.touringcars.com\/wp-content\/uploads\/2023\/12\/family20travel20children20touring20cars_0-714x476.png 714w, https:\/\/www.touringcars.com\/wp-content\/uploads\/2023\/12\/family20travel20children20touring20cars_0-574x383.png 574w, https:\/\/www.touringcars.com\/wp-content\/uploads\/2023\/12\/family20travel20children20touring20cars_0-367x245.png 367w, https:\/\/www.touringcars.com\/wp-content\/uploads\/2023\/12\/family20travel20children20touring20cars_0.png 1090w\" alt=\"Rento El\u00e4m\u00e4ntapa Ymp\u00e4ri Vuoden\"><\/a><\/div><div class=\"content-container\"><h3><a href=\"https:\/\/www.touringcars.com\/fi\/matkavinkit\/rento-elamantapa-ympari-vuoden-minustako-karavaanariksi\/\">Rento El\u00e4m\u00e4ntapa Ymp\u00e4ri Vuoden<\/a><\/h3><\/div><\/article><\/li><li class=\"glide__slide\"><article class=\"article reveal\"><div class=\"image-container\"><a href=\"https:\/\/www.touringcars.com\/fi\/matkavinkit\/matkailu-lemmikin-kanssa\/\"><img decoding=\"async\" src=\"https:\/\/www.touringcars.com\/wp-content\/uploads\/2023\/10\/carado-imagebank-data_OTZ_Semi-Integrated_T448_PI_2024_0225_21-31-41_WEB-574x383.jpg\" srcset=\"https:\/\/www.touringcars.com\/wp-content\/uploads\/2023\/10\/carado-imagebank-data_OTZ_Semi-Integrated_T448_PI_2024_0225_21-31-41_WEB-300x200.jpg 300w, https:\/\/www.touringcars.com\/wp-content\/uploads\/2023\/10\/carado-imagebank-data_OTZ_Semi-Integrated_T448_PI_2024_0225_21-31-41_WEB-1024x683.jpg 1024w, https:\/\/www.touringcars.com\/wp-content\/uploads\/2023\/10\/carado-imagebank-data_OTZ_Semi-Integrated_T448_PI_2024_0225_21-31-41_WEB-768x512.jpg 768w, https:\/\/www.touringcars.com\/wp-content\/uploads\/2023\/10\/carado-imagebank-data_OTZ_Semi-Integrated_T448_PI_2024_0225_21-31-41_WEB-1536x1024.jpg 1536w, https:\/\/www.touringcars.com\/wp-content\/uploads\/2023\/10\/carado-imagebank-data_OTZ_Semi-Integrated_T448_PI_2024_0225_21-31-41_WEB-2048x1365.jpg 2048w, https:\/\/www.touringcars.com\/wp-content\/uploads\/2023\/10\/carado-imagebank-data_OTZ_Semi-Integrated_T448_PI_2024_0225_21-31-41_WEB-1920x1280.jpg 1920w, https:\/\/www.touringcars.com\/wp-content\/uploads\/2023\/10\/carado-imagebank-data_OTZ_Semi-Integrated_T448_PI_2024_0225_21-31-41_WEB-890x593.jpg 890w, https:\/\/www.touringcars.com\/wp-content\/uploads\/2023\/10\/carado-imagebank-data_OTZ_Semi-Integrated_T448_PI_2024_0225_21-31-41_WEB-714x476.jpg 714w, https:\/\/www.touringcars.com\/wp-content\/uploads\/2023\/10\/carado-imagebank-data_OTZ_Semi-Integrated_T448_PI_2024_0225_21-31-41_WEB-574x383.jpg 574w, https:\/\/www.touringcars.com\/wp-content\/uploads\/2023\/10\/carado-imagebank-data_OTZ_Semi-Integrated_T448_PI_2024_0225_21-31-41_WEB-367x245.jpg 367w\" alt=\"Vuokraa matkailuauto ja ota lemmikki mukaan\"><\/a><\/div><div class=\"content-container\"><h3><a href=\"https:\/\/www.touringcars.com\/fi\/matkavinkit\/matkailu-lemmikin-kanssa\/\">Vuokraa matkailuauto ja ota lemmikki mukaan<\/a><\/h3><\/div><\/article><\/li><li class=\"glide__slide\"><article class=\"article reveal\"><div class=\"image-container\"><a href=\"https:\/\/www.touringcars.com\/fi\/matkavinkit\/vinkkeja-lasten-kanssa-vietettavaan-asuntoautolomaan\/\"><img decoding=\"async\" src=\"https:\/\/www.touringcars.com\/wp-content\/uploads\/2023\/09\/carado-imagebank-data_VE_Semi-Integrated_T447_IT_2024_0113_20-31-41_WEB.jpg\" srcset=\"\" alt=\"Vinkkej\u00e4 lasten kanssa vietett\u00e4v\u00e4lle matkailuautolomalle\"><\/a><\/div><div class=\"content-container\"><h3><a href=\"https:\/\/www.touringcars.com\/fi\/matkavinkit\/vinkkeja-lasten-kanssa-vietettavaan-asuntoautolomaan\/\">Vinkkej\u00e4 lasten kanssa vietett\u00e4v\u00e4lle matkailuautolomalle<\/a><\/h3><\/div><\/article><\/li><li class=\"glide__slide\"><article class=\"article reveal\"><div class=\"image-container\"><a href=\"https:\/\/www.touringcars.com\/fi\/matkavinkit\/matkavinkit-appa-matkustaa-blogista\/\"><img decoding=\"async\" src=\"https:\/\/www.touringcars.com\/wp-content\/uploads\/2023\/07\/norway20blog202320samuele-bertoli-574x383.jpg\" srcset=\"https:\/\/www.touringcars.com\/wp-content\/uploads\/2023\/07\/norway20blog202320samuele-bertoli-300x200.jpg 300w, https:\/\/www.touringcars.com\/wp-content\/uploads\/2023\/07\/norway20blog202320samuele-bertoli-180x120.jpg 180w, https:\/\/www.touringcars.com\/wp-content\/uploads\/2023\/07\/norway20blog202320samuele-bertoli-412x275.jpg 412w, https:\/\/www.touringcars.com\/wp-content\/uploads\/2023\/07\/norway20blog202320samuele-bertoli-768x512.jpg 768w, https:\/\/www.touringcars.com\/wp-content\/uploads\/2023\/07\/norway20blog202320samuele-bertoli-1024x683.jpg 1024w, https:\/\/www.touringcars.com\/wp-content\/uploads\/2023\/07\/norway20blog202320samuele-bertoli-889x593.jpg 889w, https:\/\/www.touringcars.com\/wp-content\/uploads\/2023\/07\/norway20blog202320samuele-bertoli-714x476.jpg 714w, https:\/\/www.touringcars.com\/wp-content\/uploads\/2023\/07\/norway20blog202320samuele-bertoli-574x383.jpg 574w, https:\/\/www.touringcars.com\/wp-content\/uploads\/2023\/07\/norway20blog202320samuele-bertoli-367x245.jpg 367w, https:\/\/www.touringcars.com\/wp-content\/uploads\/2023\/07\/norway20blog202320samuele-bertoli.jpg 1090w\" alt=\"Matkavinkit Appa Matkustaa blogista\"><\/a><\/div><div class=\"content-container\"><h3><a href=\"https:\/\/www.touringcars.com\/fi\/matkavinkit\/matkavinkit-appa-matkustaa-blogista\/\">Matkavinkit Appa Matkustaa blogista<\/a><\/h3><\/div><\/article><\/li><li class=\"glide__slide\"><article class=\"article reveal\"><div class=\"image-container\"><a href=\"https:\/\/www.touringcars.com\/fi\/matkavinkit\/vinkkeja-asuntoautoloman-suunnitteluun-norjassa\/\"><img decoding=\"async\" src=\"https:\/\/www.touringcars.com\/wp-content\/uploads\/2023\/05\/norway20blog202320ophelie-authier-450x300.jpg\" srcset=\"https:\/\/www.touringcars.com\/wp-content\/uploads\/2023\/05\/norway20blog202320ophelie-authier-300x200.jpg 300w, https:\/\/www.touringcars.com\/wp-content\/uploads\/2023\/05\/norway20blog202320ophelie-authier-1024x683.jpg 1024w, https:\/\/www.touringcars.com\/wp-content\/uploads\/2023\/05\/norway20blog202320ophelie-authier-768x512.jpg 768w, https:\/\/www.touringcars.com\/wp-content\/uploads\/2023\/05\/norway20blog202320ophelie-authier-889x593.jpg 889w, https:\/\/www.touringcars.com\/wp-content\/uploads\/2023\/05\/norway20blog202320ophelie-authier-714x476.jpg 714w, https:\/\/www.touringcars.com\/wp-content\/uploads\/2023\/05\/norway20blog202320ophelie-authier-450x300.jpg 450w, https:\/\/www.touringcars.com\/wp-content\/uploads\/2023\/05\/norway20blog202320ophelie-authier-367x245.jpg 367w, https:\/\/www.touringcars.com\/wp-content\/uploads\/2023\/05\/norway20blog202320ophelie-authier.jpg 1090w\" alt=\"Vinkkej\u00e4 matkailuautoloman suunnitteluun Norjassa\"><\/a><\/div><div class=\"content-container\"><h3><a href=\"https:\/\/www.touringcars.com\/fi\/matkavinkit\/vinkkeja-asuntoautoloman-suunnitteluun-norjassa\/\">Vinkkej\u00e4 matkailuautoloman suunnitteluun Norjassa<\/a><\/h3><\/div><\/article><\/li><li class=\"glide__slide\"><article class=\"article reveal\"><div class=\"image-container\"><a href=\"https:\/\/www.touringcars.com\/fi\/matkavinkit\/tutustu-koillis-eurooppaan\/\"><img decoding=\"async\" src=\"https:\/\/www.touringcars.com\/wp-content\/uploads\/2023\/04\/alexey-turenkov-unsplash_paddle_board.jpg\" srcset=\"https:\/\/www.touringcars.com\/wp-content\/uploads\/2023\/04\/alexey-turenkov-unsplash_paddle_board.jpg 1200w, https:\/\/www.touringcars.com\/wp-content\/uploads\/2023\/04\/alexey-turenkov-unsplash_paddle_board-367x245.jpg 367w\" alt=\"Tutustu Koillis-Eurooppaan\"><\/a><\/div><div class=\"content-container\"><h3><a href=\"https:\/\/www.touringcars.com\/fi\/matkavinkit\/tutustu-koillis-eurooppaan\/\">Tutustu Koillis-Eurooppaan<\/a><\/h3><\/div><\/article><\/li><li class=\"glide__slide\"><article class=\"article reveal\"><div class=\"image-container\"><a href=\"https:\/\/www.touringcars.com\/fi\/matkavinkit\/vinkkeja-ennen-kuin-lahdet-islantiin\/\"><img decoding=\"async\" src=\"https:\/\/www.touringcars.com\/wp-content\/uploads\/2023\/03\/iceland20jonatan20pie20unsplash-450x300.jpg\" srcset=\"https:\/\/www.touringcars.com\/wp-content\/uploads\/2023\/03\/iceland20jonatan20pie20unsplash-300x200.jpg 300w, https:\/\/www.touringcars.com\/wp-content\/uploads\/2023\/03\/iceland20jonatan20pie20unsplash-1024x683.jpg 1024w, https:\/\/www.touringcars.com\/wp-content\/uploads\/2023\/03\/iceland20jonatan20pie20unsplash-768x512.jpg 768w, https:\/\/www.touringcars.com\/wp-content\/uploads\/2023\/03\/iceland20jonatan20pie20unsplash-889x593.jpg 889w, https:\/\/www.touringcars.com\/wp-content\/uploads\/2023\/03\/iceland20jonatan20pie20unsplash-714x476.jpg 714w, https:\/\/www.touringcars.com\/wp-content\/uploads\/2023\/03\/iceland20jonatan20pie20unsplash-450x300.jpg 450w, https:\/\/www.touringcars.com\/wp-content\/uploads\/2023\/03\/iceland20jonatan20pie20unsplash-367x245.jpg 367w, https:\/\/www.touringcars.com\/wp-content\/uploads\/2023\/03\/iceland20jonatan20pie20unsplash.jpg 1090w\" alt=\"Vinkkej\u00e4 ennen kuin l\u00e4hdet Islantiin\"><\/a><\/div><div class=\"content-container\"><h3><a href=\"https:\/\/www.touringcars.com\/fi\/matkavinkit\/vinkkeja-ennen-kuin-lahdet-islantiin\/\">Vinkkej\u00e4 ennen kuin l\u00e4hdet Islantiin<\/a><\/h3><\/div><\/article><\/li><li class=\"glide__slide\"><article class=\"article reveal\"><div class=\"image-container\"><a href=\"https:\/\/www.touringcars.com\/fi\/matkavinkit\/matkailuvinkkeja-sesongin-ulkopuolella-revontulet\/\"><img decoding=\"async\" src=\"https:\/\/www.touringcars.com\/wp-content\/uploads\/2025\/01\/iceland-mike-swigunski-Ku59NWmVcnI-unsplash.jpg-525x300.webp\" srcset=\"https:\/\/www.touringcars.com\/wp-content\/uploads\/2025\/01\/iceland-mike-swigunski-Ku59NWmVcnI-unsplash.jpg-300x171.webp 300w, https:\/\/www.touringcars.com\/wp-content\/uploads\/2025\/01\/iceland-mike-swigunski-Ku59NWmVcnI-unsplash.jpg-1024x585.webp 1024w, https:\/\/www.touringcars.com\/wp-content\/uploads\/2025\/01\/iceland-mike-swigunski-Ku59NWmVcnI-unsplash.jpg-768x439.webp 768w, https:\/\/www.touringcars.com\/wp-content\/uploads\/2025\/01\/iceland-mike-swigunski-Ku59NWmVcnI-unsplash.jpg-1038x593.webp 1038w, https:\/\/www.touringcars.com\/wp-content\/uploads\/2025\/01\/iceland-mike-swigunski-Ku59NWmVcnI-unsplash.jpg-714x408.webp 714w, https:\/\/www.touringcars.com\/wp-content\/uploads\/2025\/01\/iceland-mike-swigunski-Ku59NWmVcnI-unsplash.jpg-525x300.webp 525w, https:\/\/www.touringcars.com\/wp-content\/uploads\/2025\/01\/iceland-mike-swigunski-Ku59NWmVcnI-unsplash.jpg.webp 1400w\" alt=\"Matkailuvinkkej\u00e4 sesongin ulkopuolella &#8211; Revontulet\"><\/a><\/div><div class=\"content-container\"><h3><a href=\"https:\/\/www.touringcars.com\/fi\/matkavinkit\/matkailuvinkkeja-sesongin-ulkopuolella-revontulet\/\">Matkailuvinkkej\u00e4 sesongin ulkopuolella &#8211; Revontulet<\/a><\/h3><\/div><\/article><\/li><li class=\"glide__slide\"><article class=\"article reveal\"><div class=\"image-container\"><a href=\"https:\/\/www.touringcars.com\/fi\/matkavinkit\/matkailuautomatkailu-ruotsissa-sesongin-ulkopuolella\/\"><img decoding=\"async\" src=\"https:\/\/www.touringcars.com\/wp-content\/uploads\/2022\/08\/Alexey20Turenkov20Unsplash-453x300.jpg\" srcset=\"https:\/\/www.touringcars.com\/wp-content\/uploads\/2022\/08\/Alexey20Turenkov20Unsplash-300x199.jpg 300w, https:\/\/www.touringcars.com\/wp-content\/uploads\/2022\/08\/Alexey20Turenkov20Unsplash-1024x678.jpg 1024w, https:\/\/www.touringcars.com\/wp-content\/uploads\/2022\/08\/Alexey20Turenkov20Unsplash-768x509.jpg 768w, https:\/\/www.touringcars.com\/wp-content\/uploads\/2022\/08\/Alexey20Turenkov20Unsplash-1536x1018.jpg 1536w, https:\/\/www.touringcars.com\/wp-content\/uploads\/2022\/08\/Alexey20Turenkov20Unsplash-895x593.jpg 895w, https:\/\/www.touringcars.com\/wp-content\/uploads\/2022\/08\/Alexey20Turenkov20Unsplash-714x473.jpg 714w, https:\/\/www.touringcars.com\/wp-content\/uploads\/2022\/08\/Alexey20Turenkov20Unsplash-453x300.jpg 453w, https:\/\/www.touringcars.com\/wp-content\/uploads\/2022\/08\/Alexey20Turenkov20Unsplash-367x245.jpg 367w, https:\/\/www.touringcars.com\/wp-content\/uploads\/2022\/08\/Alexey20Turenkov20Unsplash.jpg 2000w\" alt=\"Matkailuautomatkailu Ruotsissa sesongin ulkopuolella\"><\/a><\/div><div class=\"content-container\"><h3><a href=\"https:\/\/www.touringcars.com\/fi\/matkavinkit\/matkailuautomatkailu-ruotsissa-sesongin-ulkopuolella\/\">Matkailuautomatkailu Ruotsissa sesongin ulkopuolella<\/a><\/h3><\/div><\/article><\/li><\/ul><\/div><div class=\"glide__controls\"><div class=\"glide__arrows\" data-glide-el=\"controls\"><span class=\"glide__arrow glide__arrow--left\" data-glide-dir=\"<\"><\/span><span class=\"glide__arrow glide__arrow--right\" data-glide-dir=\">&#8221;><\/span><\/div><div class=\"glide__bullets\" data-glide-el=\"controls[nav]\"><span class=\"glide__bullet\" data-glide-dir=\"=0\" data-parent-uid=\"6a978dcd0997b\"><\/span><span class=\"glide__bullet\" data-glide-dir=\"=1\" data-parent-uid=\"6a978dcd0997b\"><\/span><span class=\"glide__bullet\" data-glide-dir=\"=2\" data-parent-uid=\"6a978dcd0997b\"><\/span><span class=\"glide__bullet\" data-glide-dir=\"=3\" data-parent-uid=\"6a978dcd0997b\"><\/span><span class=\"glide__bullet\" data-glide-dir=\"=4\" data-parent-uid=\"6a978dcd0997b\"><\/span><span class=\"glide__bullet\" data-glide-dir=\"=5\" data-parent-uid=\"6a978dcd0997b\"><\/span><span class=\"glide__bullet\" data-glide-dir=\"=6\" data-parent-uid=\"6a978dcd0997b\"><\/span><span class=\"glide__bullet\" data-glide-dir=\"=7\" data-parent-uid=\"6a978dcd0997b\"><\/span><span class=\"glide__bullet\" data-glide-dir=\"=8\" data-parent-uid=\"6a978dcd0997b\"><\/span><span class=\"glide__bullet\" data-glide-dir=\"=9\" data-parent-uid=\"6a978dcd0997b\"><\/span><span class=\"glide__bullet\" data-glide-dir=\"=10\" data-parent-uid=\"6a978dcd0997b\"><\/span><span class=\"glide__bullet\" data-glide-dir=\"=11\" data-parent-uid=\"6a978dcd0997b\"><\/span><span class=\"glide__bullet\" data-glide-dir=\"=12\" data-parent-uid=\"6a978dcd0997b\"><\/span><span class=\"glide__bullet\" data-glide-dir=\"=13\" data-parent-uid=\"6a978dcd0997b\"><\/span><span class=\"glide__bullet\" data-glide-dir=\"=14\" data-parent-uid=\"6a978dcd0997b\"><\/span><span class=\"glide__bullet\" data-glide-dir=\"=15\" data-parent-uid=\"6a978dcd0997b\"><\/span><span class=\"glide__bullet\" data-glide-dir=\"=16\" data-parent-uid=\"6a978dcd0997b\"><\/span><span class=\"glide__bullet\" data-glide-dir=\"=17\" data-parent-uid=\"6a978dcd0997b\"><\/span><span class=\"glide__bullet\" data-glide-dir=\"=18\" data-parent-uid=\"6a978dcd0997b\"><\/span><span class=\"glide__bullet\" data-glide-dir=\"=19\" data-parent-uid=\"6a978dcd0997b\"><\/span><\/div><\/div><\/div>    <\/div>\n<\/section>\n\n<section class=\"block block-newsletter\">\n    <div class=\"container\">\n        <div class=\"newsletter-container reveal\">\n            <div class=\"first-step\">\n                <h2>Liity matkailuautoyhteis\u00f6\u00f6mme!<\/h2>                <div class=\"newsletter-content\">\n                    <p style=\"text-align: center\">Liity matkailuautoyhteis\u00f6\u00f6mme ja saat sis\u00e4piirin vinkkej\u00e4, eksklusiivisia tarjouksia ja huolella valittuja maisemareittej\u00e4 suoraan s\u00e4hk\u00f6postiisi. Tie on sinun.<\/p>\n                <\/div>\n                \n<div class=\"wpcf7 no-js\" id=\"wpcf7-f12777-o2\" lang=\"fi\" dir=\"ltr\" data-wpcf7-id=\"12777\">\n<div class=\"screen-reader-response\"><p role=\"status\" aria-live=\"polite\" aria-atomic=\"true\"><\/p> <ul><\/ul><\/div>\n<form action=\"\/fi\/wp-json\/wp\/v2\/pages\/32817#wpcf7-f12777-o2\" method=\"post\" class=\"wpcf7-form init\" aria-label=\"Yhteydenottolomake\" novalidate=\"novalidate\" data-status=\"init\">\n<fieldset class=\"hidden-fields-container\"><input type=\"hidden\" name=\"_wpcf7\" value=\"12777\" \/><input type=\"hidden\" name=\"_wpcf7_version\" value=\"6.1.7\" \/><input type=\"hidden\" name=\"_wpcf7_locale\" value=\"fi\" \/><input type=\"hidden\" name=\"_wpcf7_unit_tag\" value=\"wpcf7-f12777-o2\" \/><input type=\"hidden\" name=\"_wpcf7_container_post\" value=\"0\" \/><input type=\"hidden\" name=\"_wpcf7_posted_data_hash\" value=\"\" \/><input type=\"hidden\" name=\"_wpcf7_recaptcha_response\" value=\"\" \/>\n<\/fieldset>\n<div class=\"form-row\">\n<div class=\"form-col\">\n<label>Kirjoita s\u00e4hk\u00f6postiosoitteesi&#8230;<\/label>\n<span class=\"wpcf7-form-control-wrap\" data-name=\"email\"><input size=\"40\" maxlength=\"400\" class=\"wpcf7-form-control wpcf7-email wpcf7-validates-as-required wpcf7-text form-control   wpcf7-validates-as-email\" aria-required=\"true\" aria-invalid=\"false\" placeholder=\"S\u00e4hk\u00f6postiosoite\" value=\"\" type=\"email\" name=\"email\" \/><\/span>\n<\/div>\n<div class=\"form-col\">\n<input class=\"wpcf7-form-control wpcf7-submit has-spinner\" type=\"submit\" value=\"Jatka\" \/>\n<\/div>\n<\/div>\n<div class=\"form-row form-row-privacy\">\n<div class=\"form-col\">L\u00e4hett\u00e4m\u00e4ll\u00e4 t\u00e4m\u00e4n lomakkeen hyv\u00e4ksyt, ett\u00e4 tietojasi k\u00e4sitell\u00e4\u00e4n <a href=\"\/en\/privacy-policy-gdpr\/\" target=\"_blank\">tietosuojak\u00e4yt\u00e4nt\u00f6mme<\/a> mukaisesti.\n<\/div>\n<\/div>\n<input class=\"wpcf7-form-control wpcf7-hidden\" value=\"1\" type=\"hidden\" name=\"newsletter\" \/>\n<input class=\"wpcf7-form-control wpcf7-hidden\" value=\"Customer\" type=\"hidden\" name=\"contact-type\" \/>\n<input class=\"wpcf7-form-control wpcf7-hidden\" value=\"Newsletter subscribers (touringcars.com)\" type=\"hidden\" name=\"list-name\" \/><div class=\"wpcf7-response-output\" aria-hidden=\"true\"><\/div>\n<\/form>\n<\/div>\n            <\/div>\n            <div class=\"steps-after-form-submission\"><div class=\"step d-none\"><h3>Melkein valmista&#8230;<\/h3><p>Tutustutaanpa toisiimme paremmin, jotta voimme r\u00e4\u00e4t\u00e4l\u00f6id\u00e4 viestint\u00e4mme ja tarjouksemme sinulle sopiviksi!<\/p>\n\n<div class=\"wpcf7 no-js\" id=\"wpcf7-f20525-o3\" lang=\"fi\" dir=\"ltr\" data-wpcf7-id=\"20525\">\n<div class=\"screen-reader-response\"><p role=\"status\" aria-live=\"polite\" aria-atomic=\"true\"><\/p> <ul><\/ul><\/div>\n<form action=\"\/fi\/wp-json\/wp\/v2\/pages\/32817#wpcf7-f20525-o3\" method=\"post\" class=\"wpcf7-form init\" aria-label=\"Yhteydenottolomake\" novalidate=\"novalidate\" data-status=\"init\">\n<fieldset class=\"hidden-fields-container\"><input type=\"hidden\" name=\"_wpcf7\" value=\"20525\" \/><input type=\"hidden\" name=\"_wpcf7_version\" value=\"6.1.7\" \/><input type=\"hidden\" name=\"_wpcf7_locale\" value=\"fi\" \/><input type=\"hidden\" name=\"_wpcf7_unit_tag\" value=\"wpcf7-f20525-o3\" \/><input type=\"hidden\" name=\"_wpcf7_container_post\" value=\"0\" \/><input type=\"hidden\" name=\"_wpcf7_posted_data_hash\" value=\"\" \/><input type=\"hidden\" name=\"_wpcf7_recaptcha_response\" value=\"\" \/>\n<\/fieldset>\n<div class=\"form-row\">\n<div class=\"form-col\">\n<label>Mik\u00e4 on unelmiesi matkailuautoloma?<\/label>\n<span class=\"wpcf7-form-control-wrap\" data-name=\"newsletter_topics\"><span class=\"wpcf7-form-control wpcf7-checkbox\"><div class=\"form-check\"><input id=\"cf7_checkbox_1\" class=\"form-check-input\" type=\"checkbox\" name=\"newsletter_topics[]\" value=\"Perhematka\" \/><label class=\"form-check-label\" for=\"cf7_checkbox_1\"><span class=\"wpcf7-list-item-label\">Perhematka<\/span><\/label><\/div><div class=\"form-check\"><input id=\"cf7_checkbox_2\" class=\"form-check-input\" type=\"checkbox\" name=\"newsletter_topics[]\" value=\"Roadtrip yst\u00e4vien kanssa\" \/><label class=\"form-check-label\" for=\"cf7_checkbox_2\"><span class=\"wpcf7-list-item-label\">Roadtrip yst\u00e4vien kanssa<\/span><\/label><\/div><div class=\"form-check\"><input id=\"cf7_checkbox_3\" class=\"form-check-input\" type=\"checkbox\" name=\"newsletter_topics[]\" value=\"Matka kumppanini kanssa\" \/><label class=\"form-check-label\" for=\"cf7_checkbox_3\"><span class=\"wpcf7-list-item-label\">Matka kumppanini kanssa<\/span><\/label><\/div><div class=\"form-check\"><input id=\"cf7_checkbox_4\" class=\"form-check-input\" type=\"checkbox\" name=\"newsletter_topics[]\" value=\"Muu\" \/><label class=\"form-check-label\" for=\"cf7_checkbox_4\"><span class=\"wpcf7-list-item-label\">Muu<\/span><\/label><\/div><\/span><\/span>\n<\/div>\n<\/div>\n<div class=\"form-row\">\n<div class=\"form-col\">\n<input class=\"wpcf7-form-control wpcf7-submit has-spinner\" type=\"submit\" value=\"Jatka\" \/>\n<\/div>\n<\/div>\n<div class=\"form-row form-row-privacy\">\n<div class=\"form-col\">L\u00e4hett\u00e4m\u00e4ll\u00e4 t\u00e4m\u00e4n lomakkeen hyv\u00e4ksyt, ett\u00e4 tietojasi k\u00e4sitell\u00e4\u00e4n <a href=\"\/en\/privacy-policy-gdpr\/\" target=\"_blank\">tietosuojak\u00e4yt\u00e4nt\u00f6mme<\/a> mukaisesti.\n<\/div>\n<\/div>\n<input class=\"wpcf7-form-control wpcf7-hidden\" value=\"\" type=\"hidden\" name=\"email\" \/>\n<input class=\"wpcf7-form-control wpcf7-hidden\" value=\"1\" type=\"hidden\" name=\"newsletter\" \/><div class=\"wpcf7-response-output\" aria-hidden=\"true\"><\/div>\n<\/form>\n<\/div>\n<\/div><div class=\"step d-none\"><h3>Hyv\u00e4t tunteet ovat tulossa!<\/h3><div class=\"buttons\"><a href=\"https:\/\/www.instagram.com\/touring_cars\/\" class=\"btn  btn-social btn-instagram\" target=\"_blank\" rel=\"noopener noreferrer\">Instagram<\/a><a href=\"https:\/\/www.facebook.com\/touringcars\/\" class=\"btn  btn-social btn-facebook\" target=\"_blank\" rel=\"noopener noreferrer\">Facebook<\/a><\/div><\/div><\/div>        <\/div>\n    <\/div>\n<\/section>","protected":false},"excerpt":{"rendered":"","protected":false},"author":15,"featured_media":0,"parent":0,"menu_order":3,"comment_status":"closed","ping_status":"closed","template":"","meta":{"_acf_changed":false,"footnotes":""},"class_list":["post-32817","page","type-page","status-publish","hentry"],"acf":[],"_links":{"self":[{"href":"https:\/\/www.touringcars.com\/fi\/wp-json\/wp\/v2\/pages\/32817","targetHints":{"allow":["GET"]}}],"collection":[{"href":"https:\/\/www.touringcars.com\/fi\/wp-json\/wp\/v2\/pages"}],"about":[{"href":"https:\/\/www.touringcars.com\/fi\/wp-json\/wp\/v2\/types\/page"}],"author":[{"embeddable":true,"href":"https:\/\/www.touringcars.com\/fi\/wp-json\/wp\/v2\/users\/15"}],"replies":[{"embeddable":true,"href":"https:\/\/www.touringcars.com\/fi\/wp-json\/wp\/v2\/comments?post=32817"}],"version-history":[{"count":98,"href":"https:\/\/www.touringcars.com\/fi\/wp-json\/wp\/v2\/pages\/32817\/revisions"}],"predecessor-version":[{"id":33497,"href":"https:\/\/www.touringcars.com\/fi\/wp-json\/wp\/v2\/pages\/32817\/revisions\/33497"}],"wp:attachment":[{"href":"https:\/\/www.touringcars.com\/fi\/wp-json\/wp\/v2\/media?parent=32817"}],"curies":[{"name":"wp","href":"https:\/\/api.w.org\/{rel}","templated":true}]}}