{"id":15743,"date":"2025-02-28T12:57:11","date_gmt":"2025-02-28T12:57:11","guid":{"rendered":"https:\/\/www.touringcars.com\/?page_id=15743"},"modified":"2026-09-01T08:16:45","modified_gmt":"2026-09-01T08:16:45","slug":"frontpage-2","status":"publish","type":"page","link":"https:\/\/www.touringcars.com\/fi\/","title":{"rendered":"Etusivu"},"content":{"rendered":"<section class=\"block block-hero text-style-white image-style-full\">\n    <div class=\"container container-full\">\n        <div class=\"image-slider video-container\"><div class=\"glide__slide\"><img decoding=\"async\" src=\"https:\/\/www.touringcars.com\/wp-content\/uploads\/2025\/02\/hero-van-between-lakes-1054x593.jpg\" srcset=\"https:\/\/www.touringcars.com\/wp-content\/uploads\/2025\/02\/hero-van-between-lakes-300x169.jpg 300w, https:\/\/www.touringcars.com\/wp-content\/uploads\/2025\/02\/hero-van-between-lakes-1024x576.jpg 1024w, https:\/\/www.touringcars.com\/wp-content\/uploads\/2025\/02\/hero-van-between-lakes-768x432.jpg 768w, https:\/\/www.touringcars.com\/wp-content\/uploads\/2025\/02\/hero-van-between-lakes-1536x864.jpg 1536w, https:\/\/www.touringcars.com\/wp-content\/uploads\/2025\/02\/hero-van-between-lakes-2048x1152.jpg 2048w, https:\/\/www.touringcars.com\/wp-content\/uploads\/2025\/02\/hero-van-between-lakes-1054x593.jpg 1054w, https:\/\/www.touringcars.com\/wp-content\/uploads\/2025\/02\/hero-van-between-lakes-714x402.jpg 714w, https:\/\/www.touringcars.com\/wp-content\/uploads\/2025\/02\/hero-van-between-lakes-533x300.jpg 533w, https:\/\/www.touringcars.com\/wp-content\/uploads\/2025\/02\/hero-van-between-lakes-846x476.jpg 846w\" alt=\"hero-van-between-lakes\" loading=\"eager\" data-no-lazy=\"1\" fetchpriority=\"high\"><video autoplay loop muted playsinline><source src=\"https:\/\/player.vimeo.com\/progressive_redirect\/playback\/1061162249\/rendition\/720p\/file.mp4?loc=external&#038;log_user=0&#038;signature=17af1ae5d60e2dd66fab05f914133d86b189ede7c58b0878b4e8ea036950db7d&#038;user_id=69721377\" type=\"video\/mp4\"><\/video><\/div><\/div><div class=\"hero-container\"><div class=\"breadcrumbs-container\"><ol><li><a href=\"https:\/\/www.touringcars.com\/fi\/\"><span>Touring Cars<\/span><\/a><\/li><\/ol><\/div><h1>Unelmiesi loma matkailuautolla alkaa t\u00e4st\u00e4<\/h1><p>The Road is Yours<\/p>\n<\/div>    <\/div>\n    <div class=\"container\"><form class=\"availability-search\"><div class=\"form-row\"><div class=\"form-col form-col-clearable input-icon input-icon-map\" data-target=\"where\"><label for=\"where\">Aloituspaikka<\/label><input type=\"text\" class=\"form-control\" id=\"where\" name=\"where\" placeholder=\"Aloituspaikka\"><\/div><div class=\"form-col form-col-clearable input-icon input-icon-calendar\" data-target=\"when\"><label for=\"when\">Varausp\u00e4iv\u00e4t<\/label><input type=\"text\" class=\"form-control\" id=\"when\" name=\"when\" placeholder=\"Varausp\u00e4iv\u00e4t\" disabled><\/div><div class=\"form-col\"><button type=\"submit\" class=\"btn\">Katso hinnat ja saatavuus<\/button><\/div><\/div><a href=\"https:\/\/www.touringcars.com\/fi\/user\/login\/\">Oletko jo varannut? Hallitse varaustasi<\/a><\/form><\/div><\/section>\n\n<section class=\"block block-postsslider style-small\">\n    <div class=\"container reveal\">\n        <h2>Premium-matkailuautojen vuokraus Euroopassa<\/h2><div class=\"glide articles-slider\" data-uid=\"6a9879c500494\"><div class=\"glide__track\" data-glide-el=\"track\"><ul class=\"glide__slides\"><li class=\"glide__slide\"><article class=\"article reveal\"><div class=\"image-container\"><a href=\"https:\/\/www.touringcars.com\/fi\/autolomakohde\/espanja\/\"><img decoding=\"async\" src=\"https:\/\/www.touringcars.com\/wp-content\/uploads\/2026\/02\/sunset-arnia-beach-spain-atlantic-ocean-coastli-2026-01-09-13-44-56-utc-574x262.jpg\" srcset=\"https:\/\/www.touringcars.com\/wp-content\/uploads\/2026\/02\/sunset-arnia-beach-spain-atlantic-ocean-coastli-2026-01-09-13-44-56-utc-300x137.jpg 300w, https:\/\/www.touringcars.com\/wp-content\/uploads\/2026\/02\/sunset-arnia-beach-spain-atlantic-ocean-coastli-2026-01-09-13-44-56-utc-1024x468.jpg 1024w, https:\/\/www.touringcars.com\/wp-content\/uploads\/2026\/02\/sunset-arnia-beach-spain-atlantic-ocean-coastli-2026-01-09-13-44-56-utc-768x351.jpg 768w, https:\/\/www.touringcars.com\/wp-content\/uploads\/2026\/02\/sunset-arnia-beach-spain-atlantic-ocean-coastli-2026-01-09-13-44-56-utc-1536x702.jpg 1536w, https:\/\/www.touringcars.com\/wp-content\/uploads\/2026\/02\/sunset-arnia-beach-spain-atlantic-ocean-coastli-2026-01-09-13-44-56-utc-2048x936.jpg 2048w, https:\/\/www.touringcars.com\/wp-content\/uploads\/2026\/02\/sunset-arnia-beach-spain-atlantic-ocean-coastli-2026-01-09-13-44-56-utc-1920x877.jpg 1920w, https:\/\/www.touringcars.com\/wp-content\/uploads\/2026\/02\/sunset-arnia-beach-spain-atlantic-ocean-coastli-2026-01-09-13-44-56-utc-1298x593.jpg 1298w, https:\/\/www.touringcars.com\/wp-content\/uploads\/2026\/02\/sunset-arnia-beach-spain-atlantic-ocean-coastli-2026-01-09-13-44-56-utc-714x326.jpg 714w, https:\/\/www.touringcars.com\/wp-content\/uploads\/2026\/02\/sunset-arnia-beach-spain-atlantic-ocean-coastli-2026-01-09-13-44-56-utc-180x82.jpg 180w, https:\/\/www.touringcars.com\/wp-content\/uploads\/2026\/02\/sunset-arnia-beach-spain-atlantic-ocean-coastli-2026-01-09-13-44-56-utc-412x188.jpg 412w, https:\/\/www.touringcars.com\/wp-content\/uploads\/2026\/02\/sunset-arnia-beach-spain-atlantic-ocean-coastli-2026-01-09-13-44-56-utc-574x262.jpg 574w\" alt=\"Espanja\"><\/a><\/div><div class=\"content-container\"><h3><a href=\"https:\/\/www.touringcars.com\/fi\/autolomakohde\/espanja\/\">Espanja<\/a><\/h3><\/div><\/article><\/li><li class=\"glide__slide\"><article class=\"article reveal\"><div class=\"image-container\"><a href=\"https:\/\/www.touringcars.com\/fi\/autolomakohde\/alankomaat\/\"><img decoding=\"async\" src=\"https:\/\/www.touringcars.com\/wp-content\/uploads\/2025\/11\/dutch-windmill-over-tulips-field-2024-10-19-10-38-02-utc-574x383.jpg\" srcset=\"https:\/\/www.touringcars.com\/wp-content\/uploads\/2025\/11\/dutch-windmill-over-tulips-field-2024-10-19-10-38-02-utc-300x200.jpg 300w, https:\/\/www.touringcars.com\/wp-content\/uploads\/2025\/11\/dutch-windmill-over-tulips-field-2024-10-19-10-38-02-utc-1024x683.jpg 1024w, https:\/\/www.touringcars.com\/wp-content\/uploads\/2025\/11\/dutch-windmill-over-tulips-field-2024-10-19-10-38-02-utc-768x512.jpg 768w, https:\/\/www.touringcars.com\/wp-content\/uploads\/2025\/11\/dutch-windmill-over-tulips-field-2024-10-19-10-38-02-utc-1536x1024.jpg 1536w, https:\/\/www.touringcars.com\/wp-content\/uploads\/2025\/11\/dutch-windmill-over-tulips-field-2024-10-19-10-38-02-utc-2048x1365.jpg 2048w, https:\/\/www.touringcars.com\/wp-content\/uploads\/2025\/11\/dutch-windmill-over-tulips-field-2024-10-19-10-38-02-utc-1920x1280.jpg 1920w, https:\/\/www.touringcars.com\/wp-content\/uploads\/2025\/11\/dutch-windmill-over-tulips-field-2024-10-19-10-38-02-utc-890x593.jpg 890w, https:\/\/www.touringcars.com\/wp-content\/uploads\/2025\/11\/dutch-windmill-over-tulips-field-2024-10-19-10-38-02-utc-714x476.jpg 714w, https:\/\/www.touringcars.com\/wp-content\/uploads\/2025\/11\/dutch-windmill-over-tulips-field-2024-10-19-10-38-02-utc-574x383.jpg 574w, https:\/\/www.touringcars.com\/wp-content\/uploads\/2025\/11\/dutch-windmill-over-tulips-field-2024-10-19-10-38-02-utc-367x245.jpg 367w\" alt=\"Alankomaat\"><\/a><\/div><div class=\"content-container\"><h3><a href=\"https:\/\/www.touringcars.com\/fi\/autolomakohde\/alankomaat\/\">Alankomaat<\/a><\/h3><\/div><\/article><\/li><li class=\"glide__slide\"><article class=\"article reveal\"><div class=\"image-container\"><a href=\"https:\/\/www.touringcars.com\/fi\/autolomakohde\/islanti\/\"><img decoding=\"async\" src=\"https:\/\/www.touringcars.com\/wp-content\/uploads\/2025\/02\/iceland-525x300.webp\" srcset=\"https:\/\/www.touringcars.com\/wp-content\/uploads\/2025\/02\/iceland-300x171.webp 300w, https:\/\/www.touringcars.com\/wp-content\/uploads\/2025\/02\/iceland-1024x585.webp 1024w, https:\/\/www.touringcars.com\/wp-content\/uploads\/2025\/02\/iceland-768x439.webp 768w, https:\/\/www.touringcars.com\/wp-content\/uploads\/2025\/02\/iceland-1038x593.webp 1038w, https:\/\/www.touringcars.com\/wp-content\/uploads\/2025\/02\/iceland-714x408.webp 714w, https:\/\/www.touringcars.com\/wp-content\/uploads\/2025\/02\/iceland-525x300.webp 525w, https:\/\/www.touringcars.com\/wp-content\/uploads\/2025\/02\/iceland.webp 1400w\" alt=\"Islanti\"><\/a><\/div><div class=\"content-container\"><h3><a href=\"https:\/\/www.touringcars.com\/fi\/autolomakohde\/islanti\/\">Islanti<\/a><\/h3><\/div><\/article><\/li><li class=\"glide__slide\"><article class=\"article reveal\"><div class=\"image-container\"><a href=\"https:\/\/www.touringcars.com\/fi\/autolomakohde\/norja\/\"><img decoding=\"async\" src=\"https:\/\/www.touringcars.com\/wp-content\/uploads\/2025\/02\/norway-525x300.webp\" srcset=\"https:\/\/www.touringcars.com\/wp-content\/uploads\/2025\/02\/norway-300x171.webp 300w, https:\/\/www.touringcars.com\/wp-content\/uploads\/2025\/02\/norway-1024x585.webp 1024w, https:\/\/www.touringcars.com\/wp-content\/uploads\/2025\/02\/norway-768x439.webp 768w, https:\/\/www.touringcars.com\/wp-content\/uploads\/2025\/02\/norway-1038x593.webp 1038w, https:\/\/www.touringcars.com\/wp-content\/uploads\/2025\/02\/norway-714x408.webp 714w, https:\/\/www.touringcars.com\/wp-content\/uploads\/2025\/02\/norway-525x300.webp 525w, https:\/\/www.touringcars.com\/wp-content\/uploads\/2025\/02\/norway.webp 1400w\" alt=\"Norja\"><\/a><\/div><div class=\"content-container\"><h3><a href=\"https:\/\/www.touringcars.com\/fi\/autolomakohde\/norja\/\">Norja<\/a><\/h3><\/div><\/article><\/li><li class=\"glide__slide\"><article class=\"article reveal\"><div class=\"image-container\"><a href=\"https:\/\/www.touringcars.com\/fi\/autolomakohde\/suomi\/\"><img decoding=\"async\" src=\"https:\/\/www.touringcars.com\/wp-content\/uploads\/2025\/01\/shutterstock-Pulkkilanharju-paijanne-finland-narrow-road-islands.jpg-558x145.webp\" srcset=\"https:\/\/www.touringcars.com\/wp-content\/uploads\/2025\/01\/shutterstock-Pulkkilanharju-paijanne-finland-narrow-road-islands.jpg-300x78.webp 300w, https:\/\/www.touringcars.com\/wp-content\/uploads\/2025\/01\/shutterstock-Pulkkilanharju-paijanne-finland-narrow-road-islands.jpg-1024x267.webp 1024w, https:\/\/www.touringcars.com\/wp-content\/uploads\/2025\/01\/shutterstock-Pulkkilanharju-paijanne-finland-narrow-road-islands.jpg-768x200.webp 768w, https:\/\/www.touringcars.com\/wp-content\/uploads\/2025\/01\/shutterstock-Pulkkilanharju-paijanne-finland-narrow-road-islands.jpg-1536x400.webp 1536w, https:\/\/www.touringcars.com\/wp-content\/uploads\/2025\/01\/shutterstock-Pulkkilanharju-paijanne-finland-narrow-road-islands.jpg-1400x365.webp 1400w, https:\/\/www.touringcars.com\/wp-content\/uploads\/2025\/01\/shutterstock-Pulkkilanharju-paijanne-finland-narrow-road-islands.jpg-714x186.webp 714w, https:\/\/www.touringcars.com\/wp-content\/uploads\/2025\/01\/shutterstock-Pulkkilanharju-paijanne-finland-narrow-road-islands.jpg-558x145.webp 558w, https:\/\/www.touringcars.com\/wp-content\/uploads\/2025\/01\/shutterstock-Pulkkilanharju-paijanne-finland-narrow-road-islands.jpg.webp 1920w\" alt=\"Suomi\"><\/a><\/div><div class=\"content-container\"><h3><a href=\"https:\/\/www.touringcars.com\/fi\/autolomakohde\/suomi\/\">Suomi<\/a><\/h3><\/div><\/article><\/li><li class=\"glide__slide\"><article class=\"article reveal\"><div class=\"image-container\"><a href=\"https:\/\/www.touringcars.com\/fi\/autolomakohde\/ruotsi\/\"><img decoding=\"async\" src=\"https:\/\/www.touringcars.com\/wp-content\/uploads\/2025\/01\/sweden-3-574x287.png\" srcset=\"https:\/\/www.touringcars.com\/wp-content\/uploads\/2025\/01\/sweden-3-300x150.png 300w, https:\/\/www.touringcars.com\/wp-content\/uploads\/2025\/01\/sweden-3-1024x512.png 1024w, https:\/\/www.touringcars.com\/wp-content\/uploads\/2025\/01\/sweden-3-768x384.png 768w, https:\/\/www.touringcars.com\/wp-content\/uploads\/2025\/01\/sweden-3-1536x768.png 1536w, https:\/\/www.touringcars.com\/wp-content\/uploads\/2025\/01\/sweden-3-2048x1024.png 2048w, https:\/\/www.touringcars.com\/wp-content\/uploads\/2025\/01\/sweden-3-1920x960.png 1920w, https:\/\/www.touringcars.com\/wp-content\/uploads\/2025\/01\/sweden-3-1186x593.png 1186w, https:\/\/www.touringcars.com\/wp-content\/uploads\/2025\/01\/sweden-3-714x357.png 714w, https:\/\/www.touringcars.com\/wp-content\/uploads\/2025\/01\/sweden-3-574x287.png 574w\" alt=\"Ruotsi\"><\/a><\/div><div class=\"content-container\"><h3><a href=\"https:\/\/www.touringcars.com\/fi\/autolomakohde\/ruotsi\/\">Ruotsi<\/a><\/h3><\/div><\/article><\/li><li class=\"glide__slide\"><article class=\"article reveal\"><div class=\"image-container\"><a href=\"https:\/\/www.touringcars.com\/fi\/autolomakohde\/viro\/\"><img decoding=\"async\" src=\"https:\/\/www.touringcars.com\/wp-content\/uploads\/2025\/02\/estonia-558x145.webp\" srcset=\"https:\/\/www.touringcars.com\/wp-content\/uploads\/2025\/02\/estonia-300x78.webp 300w, https:\/\/www.touringcars.com\/wp-content\/uploads\/2025\/02\/estonia-1024x267.webp 1024w, https:\/\/www.touringcars.com\/wp-content\/uploads\/2025\/02\/estonia-768x200.webp 768w, https:\/\/www.touringcars.com\/wp-content\/uploads\/2025\/02\/estonia-1536x400.webp 1536w, https:\/\/www.touringcars.com\/wp-content\/uploads\/2025\/02\/estonia-1400x365.webp 1400w, https:\/\/www.touringcars.com\/wp-content\/uploads\/2025\/02\/estonia-714x186.webp 714w, https:\/\/www.touringcars.com\/wp-content\/uploads\/2025\/02\/estonia-558x145.webp 558w, https:\/\/www.touringcars.com\/wp-content\/uploads\/2025\/02\/estonia.webp 1920w\" alt=\"Viro\"><\/a><\/div><div class=\"content-container\"><h3><a href=\"https:\/\/www.touringcars.com\/fi\/autolomakohde\/viro\/\">Viro<\/a><\/h3><\/div><\/article><\/li><li class=\"glide__slide\"><article class=\"article reveal\"><div class=\"image-container\"><a href=\"https:\/\/www.touringcars.com\/fi\/autolomakohde\/yhdistynyt-kuningaskunta\/\"><img decoding=\"async\" src=\"https:\/\/www.touringcars.com\/wp-content\/uploads\/2025\/02\/UK.jpg-558x145.webp\" srcset=\"https:\/\/www.touringcars.com\/wp-content\/uploads\/2025\/02\/UK.jpg-300x78.webp 300w, https:\/\/www.touringcars.com\/wp-content\/uploads\/2025\/02\/UK.jpg-1024x267.webp 1024w, https:\/\/www.touringcars.com\/wp-content\/uploads\/2025\/02\/UK.jpg-768x200.webp 768w, https:\/\/www.touringcars.com\/wp-content\/uploads\/2025\/02\/UK.jpg-1536x400.webp 1536w, https:\/\/www.touringcars.com\/wp-content\/uploads\/2025\/02\/UK.jpg-1400x365.webp 1400w, https:\/\/www.touringcars.com\/wp-content\/uploads\/2025\/02\/UK.jpg-714x186.webp 714w, https:\/\/www.touringcars.com\/wp-content\/uploads\/2025\/02\/UK.jpg-558x145.webp 558w, https:\/\/www.touringcars.com\/wp-content\/uploads\/2025\/02\/UK.jpg.webp 1920w\" alt=\"Yhdistynyt kuningaskunta\"><\/a><\/div><div class=\"content-container\"><h3><a href=\"https:\/\/www.touringcars.com\/fi\/autolomakohde\/yhdistynyt-kuningaskunta\/\">Yhdistynyt kuningaskunta<\/a><\/h3><\/div><\/article><\/li><\/ul><\/div><div class=\"glide__controls\"><div class=\"glide__arrows\" data-glide-el=\"controls\"><span class=\"glide__arrow glide__arrow--left\" data-glide-dir=\"<\"><\/span><span class=\"glide__arrow glide__arrow--right\" data-glide-dir=\">&#8221;><\/span><\/div><div class=\"glide__bullets\" data-glide-el=\"controls[nav]\"><span class=\"glide__bullet\" data-glide-dir=\"=0\" data-parent-uid=\"6a9879c500494\"><\/span><span class=\"glide__bullet\" data-glide-dir=\"=1\" data-parent-uid=\"6a9879c500494\"><\/span><span class=\"glide__bullet\" data-glide-dir=\"=2\" data-parent-uid=\"6a9879c500494\"><\/span><span class=\"glide__bullet\" data-glide-dir=\"=3\" data-parent-uid=\"6a9879c500494\"><\/span><span class=\"glide__bullet\" data-glide-dir=\"=4\" data-parent-uid=\"6a9879c500494\"><\/span><span class=\"glide__bullet\" data-glide-dir=\"=5\" data-parent-uid=\"6a9879c500494\"><\/span><span class=\"glide__bullet\" data-glide-dir=\"=6\" data-parent-uid=\"6a9879c500494\"><\/span><span class=\"glide__bullet\" data-glide-dir=\"=7\" data-parent-uid=\"6a9879c500494\"><\/span><\/div><\/div><\/div><div class=\"buttons\"><a href=\"\" class=\"btn btn-outline\" target=\"_blank\" rel=\"noopener noreferrer\">Katso kaikki maat<\/a><\/div>    <\/div>\n<\/section>\n\n<section class=\"block block-campaignstripe\">\n    <div class=\"container\">\n        <div class=\"campaign reveal\">\n            <h2>Ly\u00f6m\u00e4tt\u00f6m\u00e4t hinnat, rajoitettu saatavuus<\/h2><div class=\"campaign-offer\">Flash Deals<\/div><div class=\"buttons\"><a href=\"https:\/\/www.touringcars.com\/en\/flash-deals\/\" class=\"btn btn-outline\">Katso tarjoukset<\/a><\/div>        <\/div>\n    <\/div>\n<\/section>\n\n<section class=\"block block-textimage\">\n    <div class=\"container\">\n        <div class=\"content-row image-placement-left\">\n            <div class=\"content-container reveal\">\n                <h3>Touring Cars matkailuauton vuokraus<\/h3><p><span style=\"font-weight: 400\">Matkailuauton vuokraus on helpoin tapa kokea vapaus ja seikkailu omilla ehdoillasi. Vuokraa matkailuauto Touring Carsilta ja nauti premium-tason matkailusta tien p\u00e4\u00e4ll\u00e4 Pohjoismaissa, Baltiassa ja Isossa-Britanniassa luotettavan, kotimaisen br\u00e4ndin kanssa. Koe Eurooppa omaan tahtiin ensiluokkaisilla, t\u00e4ysin varustelluilla matkailuautoillamme mukavasti matkaten.<\/span><\/p>\n<p><span style=\"font-weight: 400\">Aloita matkasi yhdelt\u00e4 kymmenest\u00e4 vuokrausasemastamme kahdeksassa eri maassa ja nauti poikkeuksellisesta palvelusta, joka perustuu suomalaiseen laatuun ja luotettavuuteen sek\u00e4 ensiluokkaisiin saksalaisiin matkailuautoihin.<\/span><\/p>\n<p><span style=\"font-weight: 400\">Viiden t\u00e4hden hotellihuone py\u00f6rill\u00e4 odottaa seikkailua t\u00e4ynn\u00e4 suuria tunteita.<\/span><\/p>\n<div class=\"buttons\"><a href=\"https:\/\/www.touringcars.com\/fi\/matkailuauton-vuokraus\/\" class=\"btn\">Vuokraa matkailuauto<\/a><\/div>            <\/div>\n            <div class=\"image-container reveal image-high\">\n                <img decoding=\"async\" src=\"https:\/\/www.touringcars.com\/wp-content\/uploads\/2026\/05\/Espanja2-574x323.png\" srcset=\"https:\/\/www.touringcars.com\/wp-content\/uploads\/2026\/05\/Espanja2-300x169.png 300w, https:\/\/www.touringcars.com\/wp-content\/uploads\/2026\/05\/Espanja2-1024x576.png 1024w, https:\/\/www.touringcars.com\/wp-content\/uploads\/2026\/05\/Espanja2-768x432.png 768w, https:\/\/www.touringcars.com\/wp-content\/uploads\/2026\/05\/Espanja2-1536x864.png 1536w, https:\/\/www.touringcars.com\/wp-content\/uploads\/2026\/05\/Espanja2-2048x1151.png 2048w, https:\/\/www.touringcars.com\/wp-content\/uploads\/2026\/05\/Espanja2-1920x1080.png 1920w, https:\/\/www.touringcars.com\/wp-content\/uploads\/2026\/05\/Espanja2-1055x593.png 1055w, https:\/\/www.touringcars.com\/wp-content\/uploads\/2026\/05\/Espanja2-714x401.png 714w, https:\/\/www.touringcars.com\/wp-content\/uploads\/2026\/05\/Espanja2-180x101.png 180w, https:\/\/www.touringcars.com\/wp-content\/uploads\/2026\/05\/Espanja2-412x232.png 412w, https:\/\/www.touringcars.com\/wp-content\/uploads\/2026\/05\/Espanja2-574x323.png 574w, https:\/\/www.touringcars.com\/wp-content\/uploads\/2026\/05\/Espanja2-846x476.png 846w\" alt=\"Espanja2\" width=\"2560\" height=\"1439\">            <\/div>\n        <\/div>\n    <\/div>\n<\/section>\n\n<section class=\"block block-textimage image-no-crop\">\n    <div class=\"container\">\n        <div class=\"content-row image-placement-right\">\n            <div class=\"content-container reveal\">\n                <h3>Maksuton seminaari Lahden Caravan-messuilla<\/h3><p class=\"has-text-align-center\" style=\"text-align: left\">Vuoden Matkailuautoyritys 2026 kutsuu sinut maksuttomaan tunnin seminaariin kuuntelemaan, ett\u00e4 mik\u00e4 tapa hankkia matkailuauto on taloudellisesti ja k\u00e4yt\u00e4nn\u00f6ss\u00e4 j\u00e4rkevin juuri sinulle: vuokraus, leasing, omistaminen vai sijoitustuotto.<\/p>\n<p class=\"has-text-align-center\" style=\"text-align: left\"><strong>Seminaarin j\u00e4lkeen tarjoamme osallistujille lounaan. <\/strong>Paikkoja on rajoitetusti.<\/p>\n<p style=\"text-align: left\"><strong>Seminaarin ajankohdat:<br \/>\n<\/strong>Torstai 24.9.2026 klo 13\u201314<br \/>\nLauantai 26.9.2026 klo 11\u201312<\/p>\n<div class=\"buttons\"><a href=\"https:\/\/matkailuautomyynti.fi\/asiantuntijaseminaari-lahden-caravan-messuilla\/\" class=\"btn\" target=\"_blank\" rel=\"noopener noreferrer\">Ilmoittaudu seminaariin<\/a><\/div>            <\/div>\n            <div class=\"image-container reveal image-high\">\n                <img decoding=\"async\" src=\"https:\/\/www.touringcars.com\/wp-content\/uploads\/2026\/08\/Seminaari-Sivunosto-1-574x574.jpg\" srcset=\"https:\/\/www.touringcars.com\/wp-content\/uploads\/2026\/08\/Seminaari-Sivunosto-1-300x300.jpg 300w, https:\/\/www.touringcars.com\/wp-content\/uploads\/2026\/08\/Seminaari-Sivunosto-1-1024x1024.jpg 1024w, https:\/\/www.touringcars.com\/wp-content\/uploads\/2026\/08\/Seminaari-Sivunosto-1-150x150.jpg 150w, https:\/\/www.touringcars.com\/wp-content\/uploads\/2026\/08\/Seminaari-Sivunosto-1-768x768.jpg 768w, https:\/\/www.touringcars.com\/wp-content\/uploads\/2026\/08\/Seminaari-Sivunosto-1-593x593.jpg 593w, https:\/\/www.touringcars.com\/wp-content\/uploads\/2026\/08\/Seminaari-Sivunosto-1-531x531.jpg 531w, https:\/\/www.touringcars.com\/wp-content\/uploads\/2026\/08\/Seminaari-Sivunosto-1-136x136.jpg 136w, https:\/\/www.touringcars.com\/wp-content\/uploads\/2026\/08\/Seminaari-Sivunosto-1-310x310.jpg 310w, https:\/\/www.touringcars.com\/wp-content\/uploads\/2026\/08\/Seminaari-Sivunosto-1-574x574.jpg 574w, https:\/\/www.touringcars.com\/wp-content\/uploads\/2026\/08\/Seminaari-Sivunosto-1-800x800.jpg 800w, https:\/\/www.touringcars.com\/wp-content\/uploads\/2026\/08\/Seminaari-Sivunosto-1.jpg 1080w\" alt=\"Ilmainen seminaari matkailautonhankinnasta Caran-messuilla Lahdessa syyskuussa 2026\" width=\"1080\" height=\"1080\">            <\/div>\n        <\/div>\n    <\/div>\n<\/section>\n\n<section class=\"block block-iconrow bg-white bottom-spacing-zero\">\n    <div class=\"container\">\n        <div class=\"content-container reveal\">\n            <h2>5 t\u00e4hden asiakaspalvelua<\/h2><div class=\"icon-row\" style=\"--icons-per-row: 5; --icons-per-row-mobile: 1;\"><div class=\"icon-item\"><img decoding=\"async\" src=\"https:\/\/www.touringcars.com\/wp-content\/uploads\/2025\/02\/Clean_blue.svg\" alt=\"Clean_blue\"><div class=\"label\">T\u00e4ysvarusteltu majoitus  &#8211;  uudenveroinen kodikas ajoneuvo <\/div><\/div><div class=\"icon-item\"><img decoding=\"async\" src=\"https:\/\/www.touringcars.com\/wp-content\/uploads\/2025\/02\/Five-stars_blue.svg\" alt=\"Five stars_blue\"><div class=\"label\">Ensiluokkainen asiakaspalvelu alusta loppuun<\/div><\/div><div class=\"icon-item\"><img decoding=\"async\" src=\"https:\/\/www.touringcars.com\/wp-content\/uploads\/2025\/02\/Airport-transfer2_blue.svg\" alt=\"Airport transfer2_blue\"><div class=\"label\">Ilmaiset lentokentt\u00e4kuljetukset<\/div><\/div><div class=\"icon-item\"><img decoding=\"async\" src=\"https:\/\/www.touringcars.com\/wp-content\/uploads\/2025\/02\/road-assistance_blue.svg\" alt=\"road assistance_blue\"><div class=\"label\">24\/7 tiepalvelu<\/div><\/div><div class=\"icon-item\"><img decoding=\"async\" src=\"https:\/\/www.touringcars.com\/wp-content\/uploads\/2025\/02\/Unlimited-mileage-3_blue.svg\" alt=\"Unlimited mileage 3_blue\"><div class=\"label\">Rajattomat kilometrit<\/div><\/div><\/div>        <\/div>\n    <\/div>\n<\/section>\n\n<section class=\"block block-campaignstripe\">\n    <div class=\"container\">\n        <div class=\"campaign reveal\">\n            <h2>Vuokraa matkailuauto 3 tai 6 kuukaudeksi<\/h2><div class=\"campaign-offer\">alkaen 1330 \u20ac\/kk<\/div><div class=\"buttons\"><a href=\"https:\/\/www.touringcars.com\/fi\/matkailuauto-pitkaaikaisvuokraus\/\" class=\"btn btn-outline\">Katso tarjoukset<\/a><\/div>        <\/div>\n    <\/div>\n<\/section>\n\n<section class=\"block block-postsslider style-large\">\n    <div class=\"container reveal\">\n        <h2>Tutustu vuokrattaviin matkailuautoihin<\/h2><div class=\"glide articles-slider\" data-uid=\"6a9879c5148d6\"><div class=\"glide__track\" data-glide-el=\"track\"><ul class=\"glide__slides\"><li class=\"glide__slide\"><article class=\"article reveal\"><div class=\"image-container\"><a href=\"https:\/\/www.touringcars.com\/fi\/vehicle-category\/urban-van-automaatti\/\"><img decoding=\"async\" src=\"https:\/\/www.touringcars.com\/wp-content\/uploads\/2025\/12\/Urban-Van-1-574x411.jpg\" srcset=\"https:\/\/www.touringcars.com\/wp-content\/uploads\/2025\/12\/Urban-Van-1-300x215.jpg 300w, https:\/\/www.touringcars.com\/wp-content\/uploads\/2025\/12\/Urban-Van-1-1024x733.jpg 1024w, https:\/\/www.touringcars.com\/wp-content\/uploads\/2025\/12\/Urban-Van-1-768x550.jpg 768w, https:\/\/www.touringcars.com\/wp-content\/uploads\/2025\/12\/Urban-Van-1-828x593.jpg 828w, https:\/\/www.touringcars.com\/wp-content\/uploads\/2025\/12\/Urban-Van-1-714x511.jpg 714w, https:\/\/www.touringcars.com\/wp-content\/uploads\/2025\/12\/Urban-Van-1-180x129.jpg 180w, https:\/\/www.touringcars.com\/wp-content\/uploads\/2025\/12\/Urban-Van-1-412x295.jpg 412w, https:\/\/www.touringcars.com\/wp-content\/uploads\/2025\/12\/Urban-Van-1-574x411.jpg 574w, https:\/\/www.touringcars.com\/wp-content\/uploads\/2025\/12\/Urban-Van-1.jpg 1348w\" alt=\"Urban Van Automaatti &#8211; 2 hengelle\"><\/a><\/div><div class=\"content-container\"><h3><a href=\"https:\/\/www.touringcars.com\/fi\/vehicle-category\/urban-van-automaatti\/\">Urban Van Automaatti &#8211; 2 hengelle<\/a><\/h3><\/div><\/article><\/li><li class=\"glide__slide\"><article class=\"article reveal\"><div class=\"image-container\"><a href=\"https:\/\/www.touringcars.com\/fi\/vehicle-category\/camp-automaatti\/\"><img decoding=\"async\" src=\"https:\/\/www.touringcars.com\/wp-content\/uploads\/2025\/12\/camp-automatic-574x411.jpeg\" srcset=\"https:\/\/www.touringcars.com\/wp-content\/uploads\/2025\/12\/camp-automatic-300x215.jpeg 300w, https:\/\/www.touringcars.com\/wp-content\/uploads\/2025\/12\/camp-automatic-1024x733.jpeg 1024w, https:\/\/www.touringcars.com\/wp-content\/uploads\/2025\/12\/camp-automatic-768x550.jpeg 768w, https:\/\/www.touringcars.com\/wp-content\/uploads\/2025\/12\/camp-automatic-828x593.jpeg 828w, https:\/\/www.touringcars.com\/wp-content\/uploads\/2025\/12\/camp-automatic-714x511.jpeg 714w, https:\/\/www.touringcars.com\/wp-content\/uploads\/2025\/12\/camp-automatic-574x411.jpeg 574w, https:\/\/www.touringcars.com\/wp-content\/uploads\/2025\/12\/camp-automatic.jpeg 1348w\" alt=\"CAMP AUTOMAATTI &#8211; 2 hengelle\"><\/a><\/div><div class=\"content-container\"><h3><a href=\"https:\/\/www.touringcars.com\/fi\/vehicle-category\/camp-automaatti\/\">CAMP AUTOMAATTI &#8211; 2 hengelle<\/a><\/h3><\/div><\/article><\/li><li class=\"glide__slide\"><article class=\"article reveal\"><div class=\"image-container\"><a href=\"https:\/\/www.touringcars.com\/fi\/vehicle-category\/van\/\"><img decoding=\"async\" src=\"https:\/\/www.touringcars.com\/wp-content\/uploads\/2025\/02\/carado-imagebank-data_VE_Camper-Van_CV640_CU_2025_1002_21-31-41_web-450x300.jpg\" srcset=\"https:\/\/www.touringcars.com\/wp-content\/uploads\/2025\/02\/carado-imagebank-data_VE_Camper-Van_CV640_CU_2025_1002_21-31-41_web-300x200.jpg 300w, https:\/\/www.touringcars.com\/wp-content\/uploads\/2025\/02\/carado-imagebank-data_VE_Camper-Van_CV640_CU_2025_1002_21-31-41_web-1024x682.jpg 1024w, https:\/\/www.touringcars.com\/wp-content\/uploads\/2025\/02\/carado-imagebank-data_VE_Camper-Van_CV640_CU_2025_1002_21-31-41_web-768x512.jpg 768w, https:\/\/www.touringcars.com\/wp-content\/uploads\/2025\/02\/carado-imagebank-data_VE_Camper-Van_CV640_CU_2025_1002_21-31-41_web-1536x1024.jpg 1536w, https:\/\/www.touringcars.com\/wp-content\/uploads\/2025\/02\/carado-imagebank-data_VE_Camper-Van_CV640_CU_2025_1002_21-31-41_web-2048x1365.jpg 2048w, https:\/\/www.touringcars.com\/wp-content\/uploads\/2025\/02\/carado-imagebank-data_VE_Camper-Van_CV640_CU_2025_1002_21-31-41_web-890x593.jpg 890w, https:\/\/www.touringcars.com\/wp-content\/uploads\/2025\/02\/carado-imagebank-data_VE_Camper-Van_CV640_CU_2025_1002_21-31-41_web-714x476.jpg 714w, https:\/\/www.touringcars.com\/wp-content\/uploads\/2025\/02\/carado-imagebank-data_VE_Camper-Van_CV640_CU_2025_1002_21-31-41_web-450x300.jpg 450w, https:\/\/www.touringcars.com\/wp-content\/uploads\/2025\/02\/carado-imagebank-data_VE_Camper-Van_CV640_CU_2025_1002_21-31-41_web-367x245.jpg 367w\" alt=\"VAN \u2013 2 hengelle\"><\/a><\/div><div class=\"content-container\"><h3><a href=\"https:\/\/www.touringcars.com\/fi\/vehicle-category\/van\/\">VAN \u2013 2 hengelle<\/a><\/h3><\/div><\/article><\/li><li class=\"glide__slide\"><article class=\"article reveal\"><div class=\"image-container\"><a href=\"https:\/\/www.touringcars.com\/fi\/vehicle-category\/van-4x4-automaatti\/\"><img decoding=\"async\" src=\"https:\/\/www.touringcars.com\/wp-content\/uploads\/2025\/11\/van-4x4-buerstner-habiton-2025-white-road-1-574x411.jpg\" srcset=\"https:\/\/www.touringcars.com\/wp-content\/uploads\/2025\/11\/van-4x4-buerstner-habiton-2025-white-road-1-300x215.jpg 300w, https:\/\/www.touringcars.com\/wp-content\/uploads\/2025\/11\/van-4x4-buerstner-habiton-2025-white-road-1-1024x733.jpg 1024w, https:\/\/www.touringcars.com\/wp-content\/uploads\/2025\/11\/van-4x4-buerstner-habiton-2025-white-road-1-768x550.jpg 768w, https:\/\/www.touringcars.com\/wp-content\/uploads\/2025\/11\/van-4x4-buerstner-habiton-2025-white-road-1-828x593.jpg 828w, https:\/\/www.touringcars.com\/wp-content\/uploads\/2025\/11\/van-4x4-buerstner-habiton-2025-white-road-1-714x511.jpg 714w, https:\/\/www.touringcars.com\/wp-content\/uploads\/2025\/11\/van-4x4-buerstner-habiton-2025-white-road-1-574x411.jpg 574w, https:\/\/www.touringcars.com\/wp-content\/uploads\/2025\/11\/van-4x4-buerstner-habiton-2025-white-road-1.jpg 1348w\" alt=\"VAN 4&#215;4 AUTOMAATTI &#8211; 2 hengelle\"><\/a><\/div><div class=\"content-container\"><h3><a href=\"https:\/\/www.touringcars.com\/fi\/vehicle-category\/van-4x4-automaatti\/\">VAN 4&#215;4 AUTOMAATTI &#8211; 2 hengelle<\/a><\/h3><\/div><\/article><\/li><li class=\"glide__slide\"><article class=\"article reveal\"><div class=\"image-container\"><a href=\"https:\/\/www.touringcars.com\/fi\/vehicle-category\/small\/\"><img decoding=\"async\" src=\"https:\/\/www.touringcars.com\/wp-content\/uploads\/2025\/02\/carado-imagebank-data_VE_Van_V339_CU_2025_1002_21-31-41_web-450x300.jpg\" srcset=\"https:\/\/www.touringcars.com\/wp-content\/uploads\/2025\/02\/carado-imagebank-data_VE_Van_V339_CU_2025_1002_21-31-41_web-300x200.jpg 300w, https:\/\/www.touringcars.com\/wp-content\/uploads\/2025\/02\/carado-imagebank-data_VE_Van_V339_CU_2025_1002_21-31-41_web-1024x682.jpg 1024w, https:\/\/www.touringcars.com\/wp-content\/uploads\/2025\/02\/carado-imagebank-data_VE_Van_V339_CU_2025_1002_21-31-41_web-768x512.jpg 768w, https:\/\/www.touringcars.com\/wp-content\/uploads\/2025\/02\/carado-imagebank-data_VE_Van_V339_CU_2025_1002_21-31-41_web-1536x1024.jpg 1536w, https:\/\/www.touringcars.com\/wp-content\/uploads\/2025\/02\/carado-imagebank-data_VE_Van_V339_CU_2025_1002_21-31-41_web-2048x1365.jpg 2048w, https:\/\/www.touringcars.com\/wp-content\/uploads\/2025\/02\/carado-imagebank-data_VE_Van_V339_CU_2025_1002_21-31-41_web-890x593.jpg 890w, https:\/\/www.touringcars.com\/wp-content\/uploads\/2025\/02\/carado-imagebank-data_VE_Van_V339_CU_2025_1002_21-31-41_web-714x476.jpg 714w, https:\/\/www.touringcars.com\/wp-content\/uploads\/2025\/02\/carado-imagebank-data_VE_Van_V339_CU_2025_1002_21-31-41_web-450x300.jpg 450w, https:\/\/www.touringcars.com\/wp-content\/uploads\/2025\/02\/carado-imagebank-data_VE_Van_V339_CU_2025_1002_21-31-41_web-367x245.jpg 367w\" alt=\"SMALL \u2013 2 hengelle\"><\/a><\/div><div class=\"content-container\"><h3><a href=\"https:\/\/www.touringcars.com\/fi\/vehicle-category\/small\/\">SMALL \u2013 2 hengelle<\/a><\/h3><\/div><\/article><\/li><li class=\"glide__slide\"><article class=\"article reveal\"><div class=\"image-container\"><a href=\"https:\/\/www.touringcars.com\/fi\/vehicle-category\/small-luxury\/\"><img decoding=\"async\" src=\"https:\/\/www.touringcars.com\/wp-content\/uploads\/2025\/02\/carado-imagebank-data_VE_Semi-Integrated_T447_CU_2025_1502_21-31-41_WEB-450x300.jpg\" srcset=\"https:\/\/www.touringcars.com\/wp-content\/uploads\/2025\/02\/carado-imagebank-data_VE_Semi-Integrated_T447_CU_2025_1502_21-31-41_WEB-300x200.jpg 300w, https:\/\/www.touringcars.com\/wp-content\/uploads\/2025\/02\/carado-imagebank-data_VE_Semi-Integrated_T447_CU_2025_1502_21-31-41_WEB-1024x683.jpg 1024w, https:\/\/www.touringcars.com\/wp-content\/uploads\/2025\/02\/carado-imagebank-data_VE_Semi-Integrated_T447_CU_2025_1502_21-31-41_WEB-768x512.jpg 768w, https:\/\/www.touringcars.com\/wp-content\/uploads\/2025\/02\/carado-imagebank-data_VE_Semi-Integrated_T447_CU_2025_1502_21-31-41_WEB-1536x1024.jpg 1536w, https:\/\/www.touringcars.com\/wp-content\/uploads\/2025\/02\/carado-imagebank-data_VE_Semi-Integrated_T447_CU_2025_1502_21-31-41_WEB-2048x1365.jpg 2048w, https:\/\/www.touringcars.com\/wp-content\/uploads\/2025\/02\/carado-imagebank-data_VE_Semi-Integrated_T447_CU_2025_1502_21-31-41_WEB-1920x1280.jpg 1920w, https:\/\/www.touringcars.com\/wp-content\/uploads\/2025\/02\/carado-imagebank-data_VE_Semi-Integrated_T447_CU_2025_1502_21-31-41_WEB-890x593.jpg 890w, https:\/\/www.touringcars.com\/wp-content\/uploads\/2025\/02\/carado-imagebank-data_VE_Semi-Integrated_T447_CU_2025_1502_21-31-41_WEB-714x476.jpg 714w, https:\/\/www.touringcars.com\/wp-content\/uploads\/2025\/02\/carado-imagebank-data_VE_Semi-Integrated_T447_CU_2025_1502_21-31-41_WEB-450x300.jpg 450w, https:\/\/www.touringcars.com\/wp-content\/uploads\/2025\/02\/carado-imagebank-data_VE_Semi-Integrated_T447_CU_2025_1502_21-31-41_WEB-367x245.jpg 367w\" alt=\"LUXURY &#8211; 2 hengelle\"><\/a><\/div><div class=\"content-container\"><h3><a href=\"https:\/\/www.touringcars.com\/fi\/vehicle-category\/small-luxury\/\">LUXURY &#8211; 2 hengelle<\/a><\/h3><\/div><\/article><\/li><li class=\"glide__slide\"><article class=\"article reveal\"><div class=\"image-container\"><a href=\"https:\/\/www.touringcars.com\/fi\/vehicle-category\/medium\/\"><img decoding=\"async\" src=\"https:\/\/www.touringcars.com\/wp-content\/uploads\/2025\/02\/carado-imagebank-data_VE_Semi-Integrated_T448_CU_2025_1002_21-31-41_web-450x300.jpg\" srcset=\"https:\/\/www.touringcars.com\/wp-content\/uploads\/2025\/02\/carado-imagebank-data_VE_Semi-Integrated_T448_CU_2025_1002_21-31-41_web-300x200.jpg 300w, https:\/\/www.touringcars.com\/wp-content\/uploads\/2025\/02\/carado-imagebank-data_VE_Semi-Integrated_T448_CU_2025_1002_21-31-41_web-1024x682.jpg 1024w, https:\/\/www.touringcars.com\/wp-content\/uploads\/2025\/02\/carado-imagebank-data_VE_Semi-Integrated_T448_CU_2025_1002_21-31-41_web-768x512.jpg 768w, https:\/\/www.touringcars.com\/wp-content\/uploads\/2025\/02\/carado-imagebank-data_VE_Semi-Integrated_T448_CU_2025_1002_21-31-41_web-1536x1024.jpg 1536w, https:\/\/www.touringcars.com\/wp-content\/uploads\/2025\/02\/carado-imagebank-data_VE_Semi-Integrated_T448_CU_2025_1002_21-31-41_web-2048x1365.jpg 2048w, https:\/\/www.touringcars.com\/wp-content\/uploads\/2025\/02\/carado-imagebank-data_VE_Semi-Integrated_T448_CU_2025_1002_21-31-41_web-890x593.jpg 890w, https:\/\/www.touringcars.com\/wp-content\/uploads\/2025\/02\/carado-imagebank-data_VE_Semi-Integrated_T448_CU_2025_1002_21-31-41_web-714x476.jpg 714w, https:\/\/www.touringcars.com\/wp-content\/uploads\/2025\/02\/carado-imagebank-data_VE_Semi-Integrated_T448_CU_2025_1002_21-31-41_web-450x300.jpg 450w, https:\/\/www.touringcars.com\/wp-content\/uploads\/2025\/02\/carado-imagebank-data_VE_Semi-Integrated_T448_CU_2025_1002_21-31-41_web-367x245.jpg 367w\" alt=\"MEDIUM \u2013 4 hengelle\"><\/a><\/div><div class=\"content-container\"><h3><a href=\"https:\/\/www.touringcars.com\/fi\/vehicle-category\/medium\/\">MEDIUM \u2013 4 hengelle<\/a><\/h3><\/div><\/article><\/li><li class=\"glide__slide\"><article class=\"article reveal\"><div class=\"image-container\"><a href=\"https:\/\/www.touringcars.com\/fi\/vehicle-category\/luxury\/\"><img decoding=\"async\" src=\"https:\/\/www.touringcars.com\/wp-content\/uploads\/2025\/02\/carado-imagebank-data_VE_Semi-Integrated_T447_CU_2025_1502_21-31-41_WEB-450x300.jpg\" srcset=\"https:\/\/www.touringcars.com\/wp-content\/uploads\/2025\/02\/carado-imagebank-data_VE_Semi-Integrated_T447_CU_2025_1502_21-31-41_WEB-300x200.jpg 300w, https:\/\/www.touringcars.com\/wp-content\/uploads\/2025\/02\/carado-imagebank-data_VE_Semi-Integrated_T447_CU_2025_1502_21-31-41_WEB-1024x683.jpg 1024w, https:\/\/www.touringcars.com\/wp-content\/uploads\/2025\/02\/carado-imagebank-data_VE_Semi-Integrated_T447_CU_2025_1502_21-31-41_WEB-768x512.jpg 768w, https:\/\/www.touringcars.com\/wp-content\/uploads\/2025\/02\/carado-imagebank-data_VE_Semi-Integrated_T447_CU_2025_1502_21-31-41_WEB-1536x1024.jpg 1536w, https:\/\/www.touringcars.com\/wp-content\/uploads\/2025\/02\/carado-imagebank-data_VE_Semi-Integrated_T447_CU_2025_1502_21-31-41_WEB-2048x1365.jpg 2048w, https:\/\/www.touringcars.com\/wp-content\/uploads\/2025\/02\/carado-imagebank-data_VE_Semi-Integrated_T447_CU_2025_1502_21-31-41_WEB-1920x1280.jpg 1920w, https:\/\/www.touringcars.com\/wp-content\/uploads\/2025\/02\/carado-imagebank-data_VE_Semi-Integrated_T447_CU_2025_1502_21-31-41_WEB-890x593.jpg 890w, https:\/\/www.touringcars.com\/wp-content\/uploads\/2025\/02\/carado-imagebank-data_VE_Semi-Integrated_T447_CU_2025_1502_21-31-41_WEB-714x476.jpg 714w, https:\/\/www.touringcars.com\/wp-content\/uploads\/2025\/02\/carado-imagebank-data_VE_Semi-Integrated_T447_CU_2025_1502_21-31-41_WEB-450x300.jpg 450w, https:\/\/www.touringcars.com\/wp-content\/uploads\/2025\/02\/carado-imagebank-data_VE_Semi-Integrated_T447_CU_2025_1502_21-31-41_WEB-367x245.jpg 367w\" alt=\"LUXURY &#8211; 4 hengelle\"><\/a><\/div><div class=\"content-container\"><h3><a href=\"https:\/\/www.touringcars.com\/fi\/vehicle-category\/luxury\/\">LUXURY &#8211; 4 hengelle<\/a><\/h3><\/div><\/article><\/li><li class=\"glide__slide\"><article class=\"article reveal\"><div class=\"image-container\"><a href=\"https:\/\/www.touringcars.com\/fi\/vehicle-category\/family\/\"><img decoding=\"async\" src=\"https:\/\/www.touringcars.com\/wp-content\/uploads\/2025\/02\/carado-imagebank-data_VE_Overcab_A361_CU_2025_1002_21-31-41_web-450x300.jpg\" srcset=\"https:\/\/www.touringcars.com\/wp-content\/uploads\/2025\/02\/carado-imagebank-data_VE_Overcab_A361_CU_2025_1002_21-31-41_web-300x200.jpg 300w, https:\/\/www.touringcars.com\/wp-content\/uploads\/2025\/02\/carado-imagebank-data_VE_Overcab_A361_CU_2025_1002_21-31-41_web-1024x682.jpg 1024w, https:\/\/www.touringcars.com\/wp-content\/uploads\/2025\/02\/carado-imagebank-data_VE_Overcab_A361_CU_2025_1002_21-31-41_web-768x512.jpg 768w, https:\/\/www.touringcars.com\/wp-content\/uploads\/2025\/02\/carado-imagebank-data_VE_Overcab_A361_CU_2025_1002_21-31-41_web-1536x1024.jpg 1536w, https:\/\/www.touringcars.com\/wp-content\/uploads\/2025\/02\/carado-imagebank-data_VE_Overcab_A361_CU_2025_1002_21-31-41_web-2048x1365.jpg 2048w, https:\/\/www.touringcars.com\/wp-content\/uploads\/2025\/02\/carado-imagebank-data_VE_Overcab_A361_CU_2025_1002_21-31-41_web-890x593.jpg 890w, https:\/\/www.touringcars.com\/wp-content\/uploads\/2025\/02\/carado-imagebank-data_VE_Overcab_A361_CU_2025_1002_21-31-41_web-714x476.jpg 714w, https:\/\/www.touringcars.com\/wp-content\/uploads\/2025\/02\/carado-imagebank-data_VE_Overcab_A361_CU_2025_1002_21-31-41_web-450x300.jpg 450w, https:\/\/www.touringcars.com\/wp-content\/uploads\/2025\/02\/carado-imagebank-data_VE_Overcab_A361_CU_2025_1002_21-31-41_web-367x245.jpg 367w\" alt=\"FAMILY \u2013 5 hengelle\"><\/a><\/div><div class=\"content-container\"><h3><a href=\"https:\/\/www.touringcars.com\/fi\/vehicle-category\/family\/\">FAMILY \u2013 5 hengelle<\/a><\/h3><\/div><\/article><\/li><li class=\"glide__slide\"><article class=\"article reveal\"><div class=\"image-container\"><a href=\"https:\/\/www.touringcars.com\/fi\/vehicle-category\/large\/\"><img decoding=\"async\" src=\"https:\/\/www.touringcars.com\/wp-content\/uploads\/2025\/02\/carado-imagebank-data_VE_Overcab_A464_CU_2025_1003_21-31-41_web-450x300.jpg\" srcset=\"https:\/\/www.touringcars.com\/wp-content\/uploads\/2025\/02\/carado-imagebank-data_VE_Overcab_A464_CU_2025_1003_21-31-41_web-300x200.jpg 300w, https:\/\/www.touringcars.com\/wp-content\/uploads\/2025\/02\/carado-imagebank-data_VE_Overcab_A464_CU_2025_1003_21-31-41_web-1024x682.jpg 1024w, https:\/\/www.touringcars.com\/wp-content\/uploads\/2025\/02\/carado-imagebank-data_VE_Overcab_A464_CU_2025_1003_21-31-41_web-768x512.jpg 768w, https:\/\/www.touringcars.com\/wp-content\/uploads\/2025\/02\/carado-imagebank-data_VE_Overcab_A464_CU_2025_1003_21-31-41_web-1536x1024.jpg 1536w, https:\/\/www.touringcars.com\/wp-content\/uploads\/2025\/02\/carado-imagebank-data_VE_Overcab_A464_CU_2025_1003_21-31-41_web-2048x1365.jpg 2048w, https:\/\/www.touringcars.com\/wp-content\/uploads\/2025\/02\/carado-imagebank-data_VE_Overcab_A464_CU_2025_1003_21-31-41_web-890x593.jpg 890w, https:\/\/www.touringcars.com\/wp-content\/uploads\/2025\/02\/carado-imagebank-data_VE_Overcab_A464_CU_2025_1003_21-31-41_web-714x476.jpg 714w, https:\/\/www.touringcars.com\/wp-content\/uploads\/2025\/02\/carado-imagebank-data_VE_Overcab_A464_CU_2025_1003_21-31-41_web-450x300.jpg 450w, https:\/\/www.touringcars.com\/wp-content\/uploads\/2025\/02\/carado-imagebank-data_VE_Overcab_A464_CU_2025_1003_21-31-41_web-367x245.jpg 367w\" alt=\"LARGE \u2013  5 tai 6 hengelle\"><\/a><\/div><div class=\"content-container\"><h3><a href=\"https:\/\/www.touringcars.com\/fi\/vehicle-category\/large\/\">LARGE \u2013  5 tai 6 hengelle<\/a><\/h3><\/div><\/article><\/li><\/ul><\/div><div class=\"glide__controls\"><div class=\"glide__arrows\" data-glide-el=\"controls\"><span class=\"glide__arrow glide__arrow--left\" data-glide-dir=\"<\"><\/span><span class=\"glide__arrow glide__arrow--right\" data-glide-dir=\">&#8221;><\/span><\/div><div class=\"glide__bullets\" data-glide-el=\"controls[nav]\"><span class=\"glide__bullet\" data-glide-dir=\"=0\" data-parent-uid=\"6a9879c5148d6\"><\/span><span class=\"glide__bullet\" data-glide-dir=\"=1\" data-parent-uid=\"6a9879c5148d6\"><\/span><span class=\"glide__bullet\" data-glide-dir=\"=2\" data-parent-uid=\"6a9879c5148d6\"><\/span><span class=\"glide__bullet\" data-glide-dir=\"=3\" data-parent-uid=\"6a9879c5148d6\"><\/span><span class=\"glide__bullet\" data-glide-dir=\"=4\" data-parent-uid=\"6a9879c5148d6\"><\/span><span class=\"glide__bullet\" data-glide-dir=\"=5\" data-parent-uid=\"6a9879c5148d6\"><\/span><span class=\"glide__bullet\" data-glide-dir=\"=6\" data-parent-uid=\"6a9879c5148d6\"><\/span><span class=\"glide__bullet\" data-glide-dir=\"=7\" data-parent-uid=\"6a9879c5148d6\"><\/span><span class=\"glide__bullet\" data-glide-dir=\"=8\" data-parent-uid=\"6a9879c5148d6\"><\/span><span class=\"glide__bullet\" data-glide-dir=\"=9\" data-parent-uid=\"6a9879c5148d6\"><\/span><\/div><\/div><\/div><div class=\"buttons\"><a href=\"https:\/\/www.touringcars.com\/fi\/vuokrattavat-matkailuautot\/\" class=\"btn btn-outline\">Vuokrattavat matkailuautot<\/a><\/div>    <\/div>\n<\/section>\n\n<section class=\"block block-basic\">\n    <div class=\"container\">\n        <div class=\"content-container reveal\">\n            <h2 style=\"text-align: center\">Lue, mit\u00e4 asiakkaamme sanovat<\/h2>\n<script src=\"https:\/\/static.elfsight.com\/platform\/platform.js\" async><\/script><div class=\"elfsight-app-190f4d07-e998-4577-8b7a-f43beda25fb9\" data-elfsight-app-lazy><\/div>\n        <\/div>\n    <\/div>\n<\/section>\n\n<section class=\"block block-postsslider style-small\">\n    <div class=\"container reveal\">\n        <h2>Hyv\u00e4 tiet\u00e4\u00e4 ennen matkailuauton vuokrausta<\/h2><div class=\"glide articles-slider\" data-uid=\"6a9879c51d365\"><div class=\"glide__track\" data-glide-el=\"track\"><ul class=\"glide__slides\"><li class=\"glide__slide\"><article class=\"article reveal\"><div class=\"image-container\"><a href=\"https:\/\/www.touringcars.com\/fi\/vuokrausopas\/ukk\/\"><img decoding=\"async\" src=\"https:\/\/www.touringcars.com\/wp-content\/uploads\/2025\/02\/carado-imagebank-data_VE_Camper-Van_CV640_PI_2024_0140_21-31-41_web-450x300.jpg\" srcset=\"https:\/\/www.touringcars.com\/wp-content\/uploads\/2025\/02\/carado-imagebank-data_VE_Camper-Van_CV640_PI_2024_0140_21-31-41_web-300x200.jpg 300w, https:\/\/www.touringcars.com\/wp-content\/uploads\/2025\/02\/carado-imagebank-data_VE_Camper-Van_CV640_PI_2024_0140_21-31-41_web-1024x682.jpg 1024w, https:\/\/www.touringcars.com\/wp-content\/uploads\/2025\/02\/carado-imagebank-data_VE_Camper-Van_CV640_PI_2024_0140_21-31-41_web-768x512.jpg 768w, https:\/\/www.touringcars.com\/wp-content\/uploads\/2025\/02\/carado-imagebank-data_VE_Camper-Van_CV640_PI_2024_0140_21-31-41_web-1536x1024.jpg 1536w, https:\/\/www.touringcars.com\/wp-content\/uploads\/2025\/02\/carado-imagebank-data_VE_Camper-Van_CV640_PI_2024_0140_21-31-41_web-2048x1365.jpg 2048w, https:\/\/www.touringcars.com\/wp-content\/uploads\/2025\/02\/carado-imagebank-data_VE_Camper-Van_CV640_PI_2024_0140_21-31-41_web-890x593.jpg 890w, https:\/\/www.touringcars.com\/wp-content\/uploads\/2025\/02\/carado-imagebank-data_VE_Camper-Van_CV640_PI_2024_0140_21-31-41_web-714x476.jpg 714w, https:\/\/www.touringcars.com\/wp-content\/uploads\/2025\/02\/carado-imagebank-data_VE_Camper-Van_CV640_PI_2024_0140_21-31-41_web-450x300.jpg 450w, https:\/\/www.touringcars.com\/wp-content\/uploads\/2025\/02\/carado-imagebank-data_VE_Camper-Van_CV640_PI_2024_0140_21-31-41_web-367x245.jpg 367w\" alt=\"UKK\"><\/a><\/div><div class=\"content-container\"><h3><a href=\"https:\/\/www.touringcars.com\/fi\/vuokrausopas\/ukk\/\">UKK<\/a><\/h3><\/div><\/article><\/li><li class=\"glide__slide\"><article class=\"article reveal\"><div class=\"image-container\"><a href=\"https:\/\/www.touringcars.com\/fi\/vuokrausopas\/matkailuauton-varaaminen\/\"><img decoding=\"async\" src=\"https:\/\/www.touringcars.com\/wp-content\/uploads\/2023\/01\/family-pexels-forest-outdoors-1-558x293.jpg\" srcset=\"https:\/\/www.touringcars.com\/wp-content\/uploads\/2023\/01\/family-pexels-forest-outdoors-1-300x158.jpg 300w, https:\/\/www.touringcars.com\/wp-content\/uploads\/2023\/01\/family-pexels-forest-outdoors-1-1024x538.jpg 1024w, https:\/\/www.touringcars.com\/wp-content\/uploads\/2023\/01\/family-pexels-forest-outdoors-1-768x403.jpg 768w, https:\/\/www.touringcars.com\/wp-content\/uploads\/2023\/01\/family-pexels-forest-outdoors-1-1130x593.jpg 1130w, https:\/\/www.touringcars.com\/wp-content\/uploads\/2023\/01\/family-pexels-forest-outdoors-1-714x375.jpg 714w, https:\/\/www.touringcars.com\/wp-content\/uploads\/2023\/01\/family-pexels-forest-outdoors-1-558x293.jpg 558w, https:\/\/www.touringcars.com\/wp-content\/uploads\/2023\/01\/family-pexels-forest-outdoors-1.jpg 1200w\" alt=\"Matkailuauton varaaminen\"><\/a><\/div><div class=\"content-container\"><h3><a href=\"https:\/\/www.touringcars.com\/fi\/vuokrausopas\/matkailuauton-varaaminen\/\">Matkailuauton varaaminen<\/a><\/h3><\/div><\/article><\/li><li class=\"glide__slide\"><article class=\"article reveal\"><div class=\"image-container\"><a href=\"https:\/\/www.touringcars.com\/fi\/vuokrausopas\/ennen-matkailuauton-noutoa\/\"><img decoding=\"async\" src=\"https:\/\/www.touringcars.com\/wp-content\/uploads\/2023\/10\/pnw-production-pexels-motorhome-dog-pet-450x300.jpg\" srcset=\"https:\/\/www.touringcars.com\/wp-content\/uploads\/2023\/10\/pnw-production-pexels-motorhome-dog-pet-300x200.jpg 300w, https:\/\/www.touringcars.com\/wp-content\/uploads\/2023\/10\/pnw-production-pexels-motorhome-dog-pet-1024x683.jpg 1024w, https:\/\/www.touringcars.com\/wp-content\/uploads\/2023\/10\/pnw-production-pexels-motorhome-dog-pet-768x512.jpg 768w, https:\/\/www.touringcars.com\/wp-content\/uploads\/2023\/10\/pnw-production-pexels-motorhome-dog-pet-889x593.jpg 889w, https:\/\/www.touringcars.com\/wp-content\/uploads\/2023\/10\/pnw-production-pexels-motorhome-dog-pet-714x476.jpg 714w, https:\/\/www.touringcars.com\/wp-content\/uploads\/2023\/10\/pnw-production-pexels-motorhome-dog-pet-450x300.jpg 450w, https:\/\/www.touringcars.com\/wp-content\/uploads\/2023\/10\/pnw-production-pexels-motorhome-dog-pet-367x245.jpg 367w, https:\/\/www.touringcars.com\/wp-content\/uploads\/2023\/10\/pnw-production-pexels-motorhome-dog-pet.jpg 1090w\" alt=\"Ennen noutoa\"><\/a><\/div><div class=\"content-container\"><h3><a href=\"https:\/\/www.touringcars.com\/fi\/vuokrausopas\/ennen-matkailuauton-noutoa\/\">Ennen noutoa<\/a><\/h3><\/div><\/article><\/li><li class=\"glide__slide\"><article class=\"article reveal\"><div class=\"image-container\"><a href=\"https:\/\/www.touringcars.com\/fi\/vuokrausopas\/palautus\/\"><img decoding=\"async\" src=\"https:\/\/www.touringcars.com\/wp-content\/uploads\/2022\/08\/good-feelings-herbapatistyle-450x300.jpg\" srcset=\"https:\/\/www.touringcars.com\/wp-content\/uploads\/2022\/08\/good-feelings-herbapatistyle-300x200.jpg 300w, https:\/\/www.touringcars.com\/wp-content\/uploads\/2022\/08\/good-feelings-herbapatistyle-1024x682.jpg 1024w, https:\/\/www.touringcars.com\/wp-content\/uploads\/2022\/08\/good-feelings-herbapatistyle-768x512.jpg 768w, https:\/\/www.touringcars.com\/wp-content\/uploads\/2022\/08\/good-feelings-herbapatistyle-1536x1024.jpg 1536w, https:\/\/www.touringcars.com\/wp-content\/uploads\/2022\/08\/good-feelings-herbapatistyle-890x593.jpg 890w, https:\/\/www.touringcars.com\/wp-content\/uploads\/2022\/08\/good-feelings-herbapatistyle-714x476.jpg 714w, https:\/\/www.touringcars.com\/wp-content\/uploads\/2022\/08\/good-feelings-herbapatistyle-450x300.jpg 450w, https:\/\/www.touringcars.com\/wp-content\/uploads\/2022\/08\/good-feelings-herbapatistyle-367x245.jpg 367w, https:\/\/www.touringcars.com\/wp-content\/uploads\/2022\/08\/good-feelings-herbapatistyle.jpg 2000w\" alt=\"Ajoneuvon palautus\"><\/a><\/div><div class=\"content-container\"><h3><a href=\"https:\/\/www.touringcars.com\/fi\/vuokrausopas\/palautus\/\">Ajoneuvon palautus<\/a><\/h3><\/div><\/article><\/li><\/ul><\/div><div class=\"glide__controls\"><div class=\"glide__arrows\" data-glide-el=\"controls\"><span class=\"glide__arrow glide__arrow--left\" data-glide-dir=\"<\"><\/span><span class=\"glide__arrow glide__arrow--right\" data-glide-dir=\">&#8221;><\/span><\/div><div class=\"glide__bullets\" data-glide-el=\"controls[nav]\"><span class=\"glide__bullet\" data-glide-dir=\"=0\" data-parent-uid=\"6a9879c51d365\"><\/span><span class=\"glide__bullet\" data-glide-dir=\"=1\" data-parent-uid=\"6a9879c51d365\"><\/span><span class=\"glide__bullet\" data-glide-dir=\"=2\" data-parent-uid=\"6a9879c51d365\"><\/span><span class=\"glide__bullet\" data-glide-dir=\"=3\" data-parent-uid=\"6a9879c51d365\"><\/span><\/div><\/div><\/div>    <\/div>\n<\/section>\n\n<section class=\"block block-postsgrid\">\n    <div class=\"container reveal\">\n        <h2>Reittiehdotuksia tulevaan lomaasi<\/h2><div class=\"glide articles-slider\" data-uid=\"6a9879c52186d\"><div class=\"glide__track\" data-glide-el=\"track\"><ul class=\"glide__slides\"><li class=\"glide__slide\"><article class=\"article reveal\"><div class=\"image-container\"><a href=\"https:\/\/www.touringcars.com\/fi\/route\/joogaa-hyvinvointia-ja-patikointia-parhaat-pysahdykset-rauhalliselle-slow-travel-road-tripille\/\"><img decoding=\"async\" src=\"https:\/\/www.touringcars.com\/wp-content\/uploads\/2026\/02\/Kansikuva-joogaan-574x383.png\" srcset=\"https:\/\/www.touringcars.com\/wp-content\/uploads\/2026\/02\/Kansikuva-joogaan-300x200.png 300w, https:\/\/www.touringcars.com\/wp-content\/uploads\/2026\/02\/Kansikuva-joogaan-1024x683.png 1024w, https:\/\/www.touringcars.com\/wp-content\/uploads\/2026\/02\/Kansikuva-joogaan-768x512.png 768w, https:\/\/www.touringcars.com\/wp-content\/uploads\/2026\/02\/Kansikuva-joogaan-890x593.png 890w, https:\/\/www.touringcars.com\/wp-content\/uploads\/2026\/02\/Kansikuva-joogaan-714x476.png 714w, https:\/\/www.touringcars.com\/wp-content\/uploads\/2026\/02\/Kansikuva-joogaan-180x120.png 180w, https:\/\/www.touringcars.com\/wp-content\/uploads\/2026\/02\/Kansikuva-joogaan-412x275.png 412w, https:\/\/www.touringcars.com\/wp-content\/uploads\/2026\/02\/Kansikuva-joogaan-574x383.png 574w, https:\/\/www.touringcars.com\/wp-content\/uploads\/2026\/02\/Kansikuva-joogaan-367x245.png 367w, https:\/\/www.touringcars.com\/wp-content\/uploads\/2026\/02\/Kansikuva-joogaan.png 1536w\" alt=\"Joogaa, hyvinvointia ja patikointia: Parhaat pys\u00e4hdykset rauhalliselle Slow Travel-road tripille\"><\/a><\/div><div class=\"content-container\"><h3><a href=\"https:\/\/www.touringcars.com\/fi\/route\/joogaa-hyvinvointia-ja-patikointia-parhaat-pysahdykset-rauhalliselle-slow-travel-road-tripille\/\">Joogaa, hyvinvointia ja patikointia: Parhaat pys\u00e4hdykset rauhalliselle Slow Travel-road tripille<\/a><\/h3><\/div><\/article><\/li><li class=\"glide__slide\"><article class=\"article reveal\"><div class=\"image-container\"><a href=\"https:\/\/www.touringcars.com\/fi\/route\/pohjoismaat-kalastusmatkojen-ykkoskohde\/\"><img decoding=\"async\" src=\"https:\/\/www.touringcars.com\/wp-content\/uploads\/2026\/02\/Artikkelin-kansikuva-2-1-574x383.png\" srcset=\"https:\/\/www.touringcars.com\/wp-content\/uploads\/2026\/02\/Artikkelin-kansikuva-2-1-300x200.png 300w, https:\/\/www.touringcars.com\/wp-content\/uploads\/2026\/02\/Artikkelin-kansikuva-2-1-1024x683.png 1024w, https:\/\/www.touringcars.com\/wp-content\/uploads\/2026\/02\/Artikkelin-kansikuva-2-1-768x512.png 768w, https:\/\/www.touringcars.com\/wp-content\/uploads\/2026\/02\/Artikkelin-kansikuva-2-1-890x593.png 890w, https:\/\/www.touringcars.com\/wp-content\/uploads\/2026\/02\/Artikkelin-kansikuva-2-1-714x476.png 714w, https:\/\/www.touringcars.com\/wp-content\/uploads\/2026\/02\/Artikkelin-kansikuva-2-1-180x120.png 180w, https:\/\/www.touringcars.com\/wp-content\/uploads\/2026\/02\/Artikkelin-kansikuva-2-1-412x275.png 412w, https:\/\/www.touringcars.com\/wp-content\/uploads\/2026\/02\/Artikkelin-kansikuva-2-1-574x383.png 574w, https:\/\/www.touringcars.com\/wp-content\/uploads\/2026\/02\/Artikkelin-kansikuva-2-1-367x245.png 367w, https:\/\/www.touringcars.com\/wp-content\/uploads\/2026\/02\/Artikkelin-kansikuva-2-1.png 1536w\" alt=\"Pohjoismaat &#8211; kalastusmatkojen ykk\u00f6skohde\"><\/a><\/div><div class=\"content-container\"><h3><a href=\"https:\/\/www.touringcars.com\/fi\/route\/pohjoismaat-kalastusmatkojen-ykkoskohde\/\">Pohjoismaat &#8211; kalastusmatkojen ykk\u00f6skohde<\/a><\/h3><\/div><\/article><\/li><li class=\"glide__slide\"><article class=\"article reveal\"><div class=\"image-container\"><a href=\"https:\/\/www.touringcars.com\/fi\/route\/northeast-europe\/\"><img decoding=\"async\" src=\"https:\/\/www.touringcars.com\/wp-content\/uploads\/2025\/02\/estonia-tom-brunberg-unsplash.jpg-450x300.webp\" srcset=\"https:\/\/www.touringcars.com\/wp-content\/uploads\/2025\/02\/estonia-tom-brunberg-unsplash.jpg-300x200.webp 300w, https:\/\/www.touringcars.com\/wp-content\/uploads\/2025\/02\/estonia-tom-brunberg-unsplash.jpg-450x300.webp 450w, https:\/\/www.touringcars.com\/wp-content\/uploads\/2025\/02\/estonia-tom-brunberg-unsplash.jpg-367x245.webp 367w, https:\/\/www.touringcars.com\/wp-content\/uploads\/2025\/02\/estonia-tom-brunberg-unsplash.jpg.webp 600w\" alt=\"Tutustu Koillis-Eurooppaan kanssamme\"><\/a><\/div><div class=\"content-container\"><h3><a href=\"https:\/\/www.touringcars.com\/fi\/route\/northeast-europe\/\">Tutustu Koillis-Eurooppaan kanssamme<\/a><\/h3><\/div><\/article><\/li><li class=\"glide__slide\"><article class=\"article reveal\"><div class=\"image-container\"><a href=\"https:\/\/www.touringcars.com\/fi\/route\/perhematka-suomessa-matkailuautolla\/\"><img decoding=\"async\" src=\"https:\/\/www.touringcars.com\/wp-content\/uploads\/2025\/02\/shutterstock_finland_active_outdoors_hiking_google.jpg-450x300.webp\" srcset=\"https:\/\/www.touringcars.com\/wp-content\/uploads\/2025\/02\/shutterstock_finland_active_outdoors_hiking_google.jpg-300x200.webp 300w, https:\/\/www.touringcars.com\/wp-content\/uploads\/2025\/02\/shutterstock_finland_active_outdoors_hiking_google.jpg-450x300.webp 450w, https:\/\/www.touringcars.com\/wp-content\/uploads\/2025\/02\/shutterstock_finland_active_outdoors_hiking_google.jpg-367x245.webp 367w, https:\/\/www.touringcars.com\/wp-content\/uploads\/2025\/02\/shutterstock_finland_active_outdoors_hiking_google.jpg.webp 600w\" alt=\"Perhematkalla Suomessa matkailuautolla\"><\/a><\/div><div class=\"content-container\"><h3><a href=\"https:\/\/www.touringcars.com\/fi\/route\/perhematka-suomessa-matkailuautolla\/\">Perhematkalla Suomessa matkailuautolla<\/a><\/h3><\/div><\/article><\/li><li class=\"glide__slide\"><article class=\"article reveal\"><div class=\"image-container\"><a href=\"https:\/\/www.touringcars.com\/fi\/route\/arctic-ocean-tour-rental-camper-lapland\/\"><img decoding=\"async\" src=\"https:\/\/www.touringcars.com\/wp-content\/uploads\/2025\/05\/carado-imagebank-data_VE_Camper-Van_CV600_PI_2025_1272_21-31-41_WEB-574x383.jpg\" srcset=\"https:\/\/www.touringcars.com\/wp-content\/uploads\/2025\/05\/carado-imagebank-data_VE_Camper-Van_CV600_PI_2025_1272_21-31-41_WEB-300x200.jpg 300w, https:\/\/www.touringcars.com\/wp-content\/uploads\/2025\/05\/carado-imagebank-data_VE_Camper-Van_CV600_PI_2025_1272_21-31-41_WEB-1024x683.jpg 1024w, https:\/\/www.touringcars.com\/wp-content\/uploads\/2025\/05\/carado-imagebank-data_VE_Camper-Van_CV600_PI_2025_1272_21-31-41_WEB-768x512.jpg 768w, https:\/\/www.touringcars.com\/wp-content\/uploads\/2025\/05\/carado-imagebank-data_VE_Camper-Van_CV600_PI_2025_1272_21-31-41_WEB-1536x1024.jpg 1536w, https:\/\/www.touringcars.com\/wp-content\/uploads\/2025\/05\/carado-imagebank-data_VE_Camper-Van_CV600_PI_2025_1272_21-31-41_WEB-890x593.jpg 890w, https:\/\/www.touringcars.com\/wp-content\/uploads\/2025\/05\/carado-imagebank-data_VE_Camper-Van_CV600_PI_2025_1272_21-31-41_WEB-714x476.jpg 714w, https:\/\/www.touringcars.com\/wp-content\/uploads\/2025\/05\/carado-imagebank-data_VE_Camper-Van_CV600_PI_2025_1272_21-31-41_WEB-574x383.jpg 574w, https:\/\/www.touringcars.com\/wp-content\/uploads\/2025\/05\/carado-imagebank-data_VE_Camper-Van_CV600_PI_2025_1272_21-31-41_WEB-367x245.jpg 367w, https:\/\/www.touringcars.com\/wp-content\/uploads\/2025\/05\/carado-imagebank-data_VE_Camper-Van_CV600_PI_2025_1272_21-31-41_WEB.jpg 1800w\" alt=\"Arctic Ocean Tour with Rental Camper\"><\/a><\/div><div class=\"content-container\"><h3><a href=\"https:\/\/www.touringcars.com\/fi\/route\/arctic-ocean-tour-rental-camper-lapland\/\">Arctic Ocean Tour with Rental Camper<\/a><\/h3><\/div><\/article><\/li><li class=\"glide__slide\"><article class=\"article reveal\"><div class=\"image-container\"><a href=\"https:\/\/www.touringcars.com\/fi\/route\/rentalsweden\/\"><img decoding=\"async\" src=\"https:\/\/www.touringcars.com\/wp-content\/uploads\/2025\/02\/shutterstock_sweden_Mikael-Damkier_kayak_archipelago.jpg-1-450x300.webp\" srcset=\"https:\/\/www.touringcars.com\/wp-content\/uploads\/2025\/02\/shutterstock_sweden_Mikael-Damkier_kayak_archipelago.jpg-1-300x200.webp 300w, https:\/\/www.touringcars.com\/wp-content\/uploads\/2025\/02\/shutterstock_sweden_Mikael-Damkier_kayak_archipelago.jpg-1-450x300.webp 450w, https:\/\/www.touringcars.com\/wp-content\/uploads\/2025\/02\/shutterstock_sweden_Mikael-Damkier_kayak_archipelago.jpg-1-367x245.webp 367w, https:\/\/www.touringcars.com\/wp-content\/uploads\/2025\/02\/shutterstock_sweden_Mikael-Damkier_kayak_archipelago.jpg-1.webp 600w\" alt=\"Ruotsi 14 p\u00e4iv\u00e4ss\u00e4 matkailuautolla\"><\/a><\/div><div class=\"content-container\"><h3><a href=\"https:\/\/www.touringcars.com\/fi\/route\/rentalsweden\/\">Ruotsi 14 p\u00e4iv\u00e4ss\u00e4 matkailuautolla<\/a><\/h3><\/div><\/article><\/li><li class=\"glide__slide\"><article class=\"article reveal\"><div class=\"image-container\"><a href=\"https:\/\/www.touringcars.com\/fi\/route\/rental-motorhome-iceland\/\"><img decoding=\"async\" src=\"https:\/\/www.touringcars.com\/wp-content\/uploads\/2025\/02\/emma-francis-135713-unsplash.jpg-450x300.webp\" srcset=\"https:\/\/www.touringcars.com\/wp-content\/uploads\/2025\/02\/emma-francis-135713-unsplash.jpg-300x200.webp 300w, https:\/\/www.touringcars.com\/wp-content\/uploads\/2025\/02\/emma-francis-135713-unsplash.jpg-450x300.webp 450w, https:\/\/www.touringcars.com\/wp-content\/uploads\/2025\/02\/emma-francis-135713-unsplash.jpg-367x245.webp 367w, https:\/\/www.touringcars.com\/wp-content\/uploads\/2025\/02\/emma-francis-135713-unsplash.jpg.webp 600w\" alt=\"Ring Road asuntoautolla Islannissa\"><\/a><\/div><div class=\"content-container\"><h3><a href=\"https:\/\/www.touringcars.com\/fi\/route\/rental-motorhome-iceland\/\">Ring Road asuntoautolla Islannissa<\/a><\/h3><\/div><\/article><\/li><li class=\"glide__slide\"><article class=\"article reveal\"><div class=\"image-container\"><a href=\"https:\/\/www.touringcars.com\/fi\/route\/rental-camper-tour-norwegian-fjords\/\"><img decoding=\"async\" src=\"https:\/\/www.touringcars.com\/wp-content\/uploads\/2025\/02\/shutterstock_norway_hiking.jpg-450x300.webp\" srcset=\"https:\/\/www.touringcars.com\/wp-content\/uploads\/2025\/02\/shutterstock_norway_hiking.jpg-300x200.webp 300w, https:\/\/www.touringcars.com\/wp-content\/uploads\/2025\/02\/shutterstock_norway_hiking.jpg-450x300.webp 450w, https:\/\/www.touringcars.com\/wp-content\/uploads\/2025\/02\/shutterstock_norway_hiking.jpg-367x245.webp 367w, https:\/\/www.touringcars.com\/wp-content\/uploads\/2025\/02\/shutterstock_norway_hiking.jpg.webp 600w\" alt=\"Vuokra-asuntoautolla Norjan vuonoilla\"><\/a><\/div><div class=\"content-container\"><h3><a href=\"https:\/\/www.touringcars.com\/fi\/route\/rental-camper-tour-norwegian-fjords\/\">Vuokra-asuntoautolla Norjan vuonoilla<\/a><\/h3><\/div><\/article><\/li><li class=\"glide__slide\"><article class=\"article reveal\"><div class=\"image-container\"><a href=\"https:\/\/www.touringcars.com\/fi\/route\/latvian-piilotetut-helmet-reittiehdotus-matkailuautolle\/\"><img decoding=\"async\" src=\"https:\/\/www.touringcars.com\/wp-content\/uploads\/2025\/02\/alexey-turenkov-unsplash_paddle_board.jpg-450x300.webp\" srcset=\"https:\/\/www.touringcars.com\/wp-content\/uploads\/2025\/02\/alexey-turenkov-unsplash_paddle_board.jpg-300x200.webp 300w, https:\/\/www.touringcars.com\/wp-content\/uploads\/2025\/02\/alexey-turenkov-unsplash_paddle_board.jpg-450x300.webp 450w, https:\/\/www.touringcars.com\/wp-content\/uploads\/2025\/02\/alexey-turenkov-unsplash_paddle_board.jpg-367x245.webp 367w, https:\/\/www.touringcars.com\/wp-content\/uploads\/2025\/02\/alexey-turenkov-unsplash_paddle_board.jpg.webp 600w\" alt=\"Latvian piilotetut helmet\"><\/a><\/div><div class=\"content-container\"><h3><a href=\"https:\/\/www.touringcars.com\/fi\/route\/latvian-piilotetut-helmet-reittiehdotus-matkailuautolle\/\">Latvian piilotetut helmet<\/a><\/h3><\/div><\/article><\/li><li class=\"glide__slide\"><article class=\"article reveal\"><div class=\"image-container\"><a href=\"https:\/\/www.touringcars.com\/fi\/route\/road-trip-finnish-lapland\/\"><img decoding=\"async\" src=\"https:\/\/www.touringcars.com\/wp-content\/uploads\/2025\/01\/rovaniemi-finland-lapland-santa-claus-village-roman-protsyshyn-unsplash.jpg-451x300.webp\" srcset=\"https:\/\/www.touringcars.com\/wp-content\/uploads\/2025\/01\/rovaniemi-finland-lapland-santa-claus-village-roman-protsyshyn-unsplash.jpg-300x199.webp 300w, https:\/\/www.touringcars.com\/wp-content\/uploads\/2025\/01\/rovaniemi-finland-lapland-santa-claus-village-roman-protsyshyn-unsplash.jpg-1024x681.webp 1024w, https:\/\/www.touringcars.com\/wp-content\/uploads\/2025\/01\/rovaniemi-finland-lapland-santa-claus-village-roman-protsyshyn-unsplash.jpg-768x511.webp 768w, https:\/\/www.touringcars.com\/wp-content\/uploads\/2025\/01\/rovaniemi-finland-lapland-santa-claus-village-roman-protsyshyn-unsplash.jpg-892x593.webp 892w, https:\/\/www.touringcars.com\/wp-content\/uploads\/2025\/01\/rovaniemi-finland-lapland-santa-claus-village-roman-protsyshyn-unsplash.jpg-714x475.webp 714w, https:\/\/www.touringcars.com\/wp-content\/uploads\/2025\/01\/rovaniemi-finland-lapland-santa-claus-village-roman-protsyshyn-unsplash.jpg-451x300.webp 451w, https:\/\/www.touringcars.com\/wp-content\/uploads\/2025\/01\/rovaniemi-finland-lapland-santa-claus-village-roman-protsyshyn-unsplash.jpg-367x245.webp 367w, https:\/\/www.touringcars.com\/wp-content\/uploads\/2025\/01\/rovaniemi-finland-lapland-santa-claus-village-roman-protsyshyn-unsplash.jpg.webp 1280w\" alt=\"Road Trip Suomen Lapissa\"><\/a><\/div><div class=\"content-container\"><h3><a href=\"https:\/\/www.touringcars.com\/fi\/route\/road-trip-finnish-lapland\/\">Road Trip Suomen Lapissa<\/a><\/h3><\/div><\/article><\/li><li class=\"glide__slide\"><article class=\"article reveal\"><div class=\"image-container\"><a href=\"https:\/\/www.touringcars.com\/fi\/route\/the-north-coast-500-route\/\"><img decoding=\"async\" src=\"https:\/\/www.touringcars.com\/wp-content\/uploads\/2025\/02\/joshua-cowan-unsplash_england_cliffs.jpg-558x145.webp\" srcset=\"https:\/\/www.touringcars.com\/wp-content\/uploads\/2025\/02\/joshua-cowan-unsplash_england_cliffs.jpg-300x78.webp 300w, https:\/\/www.touringcars.com\/wp-content\/uploads\/2025\/02\/joshua-cowan-unsplash_england_cliffs.jpg-1024x267.webp 1024w, https:\/\/www.touringcars.com\/wp-content\/uploads\/2025\/02\/joshua-cowan-unsplash_england_cliffs.jpg-768x200.webp 768w, https:\/\/www.touringcars.com\/wp-content\/uploads\/2025\/02\/joshua-cowan-unsplash_england_cliffs.jpg-1536x400.webp 1536w, https:\/\/www.touringcars.com\/wp-content\/uploads\/2025\/02\/joshua-cowan-unsplash_england_cliffs.jpg-1400x365.webp 1400w, https:\/\/www.touringcars.com\/wp-content\/uploads\/2025\/02\/joshua-cowan-unsplash_england_cliffs.jpg-714x186.webp 714w, https:\/\/www.touringcars.com\/wp-content\/uploads\/2025\/02\/joshua-cowan-unsplash_england_cliffs.jpg-558x145.webp 558w, https:\/\/www.touringcars.com\/wp-content\/uploads\/2025\/02\/joshua-cowan-unsplash_england_cliffs.jpg.webp 1920w\" alt=\"The North Coast 500 Route, Scotland\"><\/a><\/div><div class=\"content-container\"><h3><a href=\"https:\/\/www.touringcars.com\/fi\/route\/the-north-coast-500-route\/\">The North Coast 500 Route, Scotland<\/a><\/h3><\/div><\/article><\/li><li class=\"glide__slide\"><article class=\"article reveal\"><div class=\"image-container\"><a href=\"https:\/\/www.touringcars.com\/fi\/route\/explore-rural-region-in-england-and-its-incredible-coastline\/\"><img decoding=\"async\" src=\"https:\/\/www.touringcars.com\/wp-content\/uploads\/2025\/02\/colin-watts-3blV4-86aUo-unsplash_web-534x300.jpg\" srcset=\"https:\/\/www.touringcars.com\/wp-content\/uploads\/2025\/02\/colin-watts-3blV4-86aUo-unsplash_web-300x169.jpg 300w, https:\/\/www.touringcars.com\/wp-content\/uploads\/2025\/02\/colin-watts-3blV4-86aUo-unsplash_web-1024x575.jpg 1024w, https:\/\/www.touringcars.com\/wp-content\/uploads\/2025\/02\/colin-watts-3blV4-86aUo-unsplash_web-768x432.jpg 768w, https:\/\/www.touringcars.com\/wp-content\/uploads\/2025\/02\/colin-watts-3blV4-86aUo-unsplash_web-1055x593.jpg 1055w, https:\/\/www.touringcars.com\/wp-content\/uploads\/2025\/02\/colin-watts-3blV4-86aUo-unsplash_web-714x401.jpg 714w, https:\/\/www.touringcars.com\/wp-content\/uploads\/2025\/02\/colin-watts-3blV4-86aUo-unsplash_web-534x300.jpg 534w, https:\/\/www.touringcars.com\/wp-content\/uploads\/2025\/02\/colin-watts-3blV4-86aUo-unsplash_web-846x476.jpg 846w, https:\/\/www.touringcars.com\/wp-content\/uploads\/2025\/02\/colin-watts-3blV4-86aUo-unsplash_web.jpg 1500w\" alt=\"Tutustu Englannin maaseutualueeseen ja sen upeaan rannikkoon\"><\/a><\/div><div class=\"content-container\"><h3><a href=\"https:\/\/www.touringcars.com\/fi\/route\/explore-rural-region-in-england-and-its-incredible-coastline\/\">Tutustu Englannin maaseutualueeseen ja sen upeaan rannikkoon<\/a><\/h3><\/div><\/article><\/li><\/ul><\/div><div class=\"glide__controls\"><div class=\"glide__arrows\" data-glide-el=\"controls\"><span class=\"glide__arrow glide__arrow--left\" data-glide-dir=\"<\"><\/span><span class=\"glide__arrow glide__arrow--right\" data-glide-dir=\">&#8221;><\/span><\/div><div class=\"glide__bullets\" data-glide-el=\"controls[nav]\"><span class=\"glide__bullet\" data-glide-dir=\"=0\" data-parent-uid=\"6a9879c52186d\"><\/span><span class=\"glide__bullet\" data-glide-dir=\"=1\" data-parent-uid=\"6a9879c52186d\"><\/span><span class=\"glide__bullet\" data-glide-dir=\"=2\" data-parent-uid=\"6a9879c52186d\"><\/span><span class=\"glide__bullet\" data-glide-dir=\"=3\" data-parent-uid=\"6a9879c52186d\"><\/span><span class=\"glide__bullet\" data-glide-dir=\"=4\" data-parent-uid=\"6a9879c52186d\"><\/span><span class=\"glide__bullet\" data-glide-dir=\"=5\" data-parent-uid=\"6a9879c52186d\"><\/span><span class=\"glide__bullet\" data-glide-dir=\"=6\" data-parent-uid=\"6a9879c52186d\"><\/span><span class=\"glide__bullet\" data-glide-dir=\"=7\" data-parent-uid=\"6a9879c52186d\"><\/span><span class=\"glide__bullet\" data-glide-dir=\"=8\" data-parent-uid=\"6a9879c52186d\"><\/span><span class=\"glide__bullet\" data-glide-dir=\"=9\" data-parent-uid=\"6a9879c52186d\"><\/span><span class=\"glide__bullet\" data-glide-dir=\"=10\" data-parent-uid=\"6a9879c52186d\"><\/span><span class=\"glide__bullet\" data-glide-dir=\"=11\" data-parent-uid=\"6a9879c52186d\"><\/span><\/div><\/div><\/div><div class=\"buttons\"><a href=\"https:\/\/www.touringcars.com\/fi\/matkailuautoreitit\/\" class=\"btn btn-outline\">Kaikki reitit<\/a><\/div>    <\/div>\n<\/section>\n\n<section class=\"block block-postsslider bg-white style-small\">\n    <div class=\"container reveal\">\n        <h2>Hyvi\u00e4 uutisia!<\/h2><div class=\"glide articles-slider\" data-uid=\"6a9879c52c8e4\"><div class=\"glide__track\" data-glide-el=\"track\"><ul class=\"glide__slides\"><li class=\"glide__slide\"><article class=\"article reveal\"><div class=\"image-container\"><a href=\"https:\/\/www.touringcars.com\/fi\/uutiset\/travel-from-spain-to-italy-the-ultimate-road-trip-guide\/\"><img decoding=\"async\" src=\"https:\/\/www.touringcars.com\/wp-content\/uploads\/2026\/05\/Copy-of-0005-20250717-Touring-Cars-FC8282-8064-x-4536-1-574x323.jpg\" srcset=\"https:\/\/www.touringcars.com\/wp-content\/uploads\/2026\/05\/Copy-of-0005-20250717-Touring-Cars-FC8282-8064-x-4536-1-300x169.jpg 300w, https:\/\/www.touringcars.com\/wp-content\/uploads\/2026\/05\/Copy-of-0005-20250717-Touring-Cars-FC8282-8064-x-4536-1-1024x576.jpg 1024w, https:\/\/www.touringcars.com\/wp-content\/uploads\/2026\/05\/Copy-of-0005-20250717-Touring-Cars-FC8282-8064-x-4536-1-768x432.jpg 768w, https:\/\/www.touringcars.com\/wp-content\/uploads\/2026\/05\/Copy-of-0005-20250717-Touring-Cars-FC8282-8064-x-4536-1-1536x864.jpg 1536w, https:\/\/www.touringcars.com\/wp-content\/uploads\/2026\/05\/Copy-of-0005-20250717-Touring-Cars-FC8282-8064-x-4536-1-2048x1152.jpg 2048w, https:\/\/www.touringcars.com\/wp-content\/uploads\/2026\/05\/Copy-of-0005-20250717-Touring-Cars-FC8282-8064-x-4536-1-1920x1080.jpg 1920w, https:\/\/www.touringcars.com\/wp-content\/uploads\/2026\/05\/Copy-of-0005-20250717-Touring-Cars-FC8282-8064-x-4536-1-1054x593.jpg 1054w, https:\/\/www.touringcars.com\/wp-content\/uploads\/2026\/05\/Copy-of-0005-20250717-Touring-Cars-FC8282-8064-x-4536-1-714x402.jpg 714w, https:\/\/www.touringcars.com\/wp-content\/uploads\/2026\/05\/Copy-of-0005-20250717-Touring-Cars-FC8282-8064-x-4536-1-180x101.jpg 180w, https:\/\/www.touringcars.com\/wp-content\/uploads\/2026\/05\/Copy-of-0005-20250717-Touring-Cars-FC8282-8064-x-4536-1-412x232.jpg 412w, https:\/\/www.touringcars.com\/wp-content\/uploads\/2026\/05\/Copy-of-0005-20250717-Touring-Cars-FC8282-8064-x-4536-1-574x323.jpg 574w, https:\/\/www.touringcars.com\/wp-content\/uploads\/2026\/05\/Copy-of-0005-20250717-Touring-Cars-FC8282-8064-x-4536-1-846x476.jpg 846w\" alt=\"Matkusta Espanjasta Italiaan matkailuautolla\"><\/a><\/div><div class=\"content-container\"><div class=\"categories\"><a href=\"https:\/\/www.touringcars.com\/fi\/category\/matkavinkit\/\">Matkavinkit<\/a><a href=\"https:\/\/www.touringcars.com\/fi\/category\/uutiset\/\">Uutiset<\/a><\/div><h3><a href=\"https:\/\/www.touringcars.com\/fi\/uutiset\/travel-from-spain-to-italy-the-ultimate-road-trip-guide\/\">Matkusta Espanjasta Italiaan matkailuautolla<\/a><\/h3><p class=\"post-excerpt\"><a href=\"https:\/\/www.touringcars.com\/fi\/uutiset\/travel-from-spain-to-italy-the-ultimate-road-trip-guide\/\">Nauti Etel\u00e4-Euroopan auringosta, upeista rannikkomaisemista ja matkailuauton tarjoamasta vapaudesta. L\u00e4hde unelmien road tripille Espanjasta&#8230;<\/a><\/p><\/div><\/article><\/li><li class=\"glide__slide\"><article class=\"article reveal\"><div class=\"image-container\"><a href=\"https:\/\/www.touringcars.com\/fi\/uutiset\/taydellinen-kahden-viikon-matkailuautokiertomatka-amsterdamista-euroopan-kauneimpiin-kohteisiin\/\"><img decoding=\"async\" src=\"https:\/\/www.touringcars.com\/wp-content\/uploads\/2026\/05\/Alps2-574x383.jpg\" srcset=\"https:\/\/www.touringcars.com\/wp-content\/uploads\/2026\/05\/Alps2-300x200.jpg 300w, https:\/\/www.touringcars.com\/wp-content\/uploads\/2026\/05\/Alps2-1024x683.jpg 1024w, https:\/\/www.touringcars.com\/wp-content\/uploads\/2026\/05\/Alps2-768x512.jpg 768w, https:\/\/www.touringcars.com\/wp-content\/uploads\/2026\/05\/Alps2-1536x1024.jpg 1536w, https:\/\/www.touringcars.com\/wp-content\/uploads\/2026\/05\/Alps2-2048x1365.jpg 2048w, https:\/\/www.touringcars.com\/wp-content\/uploads\/2026\/05\/Alps2-1920x1280.jpg 1920w, https:\/\/www.touringcars.com\/wp-content\/uploads\/2026\/05\/Alps2-890x593.jpg 890w, https:\/\/www.touringcars.com\/wp-content\/uploads\/2026\/05\/Alps2-714x476.jpg 714w, https:\/\/www.touringcars.com\/wp-content\/uploads\/2026\/05\/Alps2-180x120.jpg 180w, https:\/\/www.touringcars.com\/wp-content\/uploads\/2026\/05\/Alps2-412x275.jpg 412w, https:\/\/www.touringcars.com\/wp-content\/uploads\/2026\/05\/Alps2-574x383.jpg 574w, https:\/\/www.touringcars.com\/wp-content\/uploads\/2026\/05\/Alps2-367x245.jpg 367w\" alt=\"T\u00e4ydellinen kahden viikon matkailuautokiertomatka Amsterdamista Euroopan kauneimpiin kohteisiin\"><\/a><\/div><div class=\"content-container\"><div class=\"categories\"><a href=\"https:\/\/www.touringcars.com\/fi\/category\/matkavinkit\/\">Matkavinkit<\/a><a href=\"https:\/\/www.touringcars.com\/fi\/category\/ohjeet-ja-oppaat\/\">Ohjeet ja oppaat<\/a><a href=\"https:\/\/www.touringcars.com\/fi\/category\/uutiset\/\">Uutiset<\/a><\/div><h3><a href=\"https:\/\/www.touringcars.com\/fi\/uutiset\/taydellinen-kahden-viikon-matkailuautokiertomatka-amsterdamista-euroopan-kauneimpiin-kohteisiin\/\">T\u00e4ydellinen kahden viikon matkailuautokiertomatka Amsterdamista Euroopan kauneimpiin kohteisiin<\/a><\/h3><p class=\"post-excerpt\"><a href=\"https:\/\/www.touringcars.com\/fi\/uutiset\/taydellinen-kahden-viikon-matkailuautokiertomatka-amsterdamista-euroopan-kauneimpiin-kohteisiin\/\">Etsitk\u00f6 matkailuautoreitti\u00e4 Amsterdamista halki Euroopan? T\u00e4m\u00e4 Amsterdamista alkava matkailuautokiertomatka vie sinut keskiaikaisten kaupunkien, huippuluokan&#8230;<\/a><\/p><\/div><\/article><\/li><li class=\"glide__slide\"><article class=\"article reveal\"><div class=\"image-container\"><a href=\"https:\/\/www.touringcars.com\/fi\/uutiset\/tutustu-espanjaan-matkailuautolla-parhaat-nahtavyydet-ja-tarkeat-matkavinkit\/\"><img decoding=\"async\" src=\"https:\/\/www.touringcars.com\/wp-content\/uploads\/2026\/05\/Peniscola-spain-574x323.jpg\" srcset=\"https:\/\/www.touringcars.com\/wp-content\/uploads\/2026\/05\/Peniscola-spain-300x169.jpg 300w, https:\/\/www.touringcars.com\/wp-content\/uploads\/2026\/05\/Peniscola-spain-1024x576.jpg 1024w, https:\/\/www.touringcars.com\/wp-content\/uploads\/2026\/05\/Peniscola-spain-768x432.jpg 768w, https:\/\/www.touringcars.com\/wp-content\/uploads\/2026\/05\/Peniscola-spain-1536x864.jpg 1536w, https:\/\/www.touringcars.com\/wp-content\/uploads\/2026\/05\/Peniscola-spain-2048x1152.jpg 2048w, https:\/\/www.touringcars.com\/wp-content\/uploads\/2026\/05\/Peniscola-spain-1920x1080.jpg 1920w, https:\/\/www.touringcars.com\/wp-content\/uploads\/2026\/05\/Peniscola-spain-1054x593.jpg 1054w, https:\/\/www.touringcars.com\/wp-content\/uploads\/2026\/05\/Peniscola-spain-714x402.jpg 714w, https:\/\/www.touringcars.com\/wp-content\/uploads\/2026\/05\/Peniscola-spain-180x101.jpg 180w, https:\/\/www.touringcars.com\/wp-content\/uploads\/2026\/05\/Peniscola-spain-412x232.jpg 412w, https:\/\/www.touringcars.com\/wp-content\/uploads\/2026\/05\/Peniscola-spain-574x323.jpg 574w, https:\/\/www.touringcars.com\/wp-content\/uploads\/2026\/05\/Peniscola-spain-846x476.jpg 846w\" alt=\"Tutustu Espanjaan matkailuautolla \u2013 parhaat n\u00e4ht\u00e4vyydet ja t\u00e4rke\u00e4t matkavinkit\"><\/a><\/div><div class=\"content-container\"><div class=\"categories\"><a href=\"https:\/\/www.touringcars.com\/fi\/category\/matkavinkit\/\">Matkavinkit<\/a><a href=\"https:\/\/www.touringcars.com\/fi\/category\/ohjeet-ja-oppaat\/\">Ohjeet ja oppaat<\/a><a href=\"https:\/\/www.touringcars.com\/fi\/category\/uutiset\/\">Uutiset<\/a><\/div><h3><a href=\"https:\/\/www.touringcars.com\/fi\/uutiset\/tutustu-espanjaan-matkailuautolla-parhaat-nahtavyydet-ja-tarkeat-matkavinkit\/\">Tutustu Espanjaan matkailuautolla \u2013 parhaat n\u00e4ht\u00e4vyydet ja t\u00e4rke\u00e4t matkavinkit<\/a><\/h3><p class=\"post-excerpt\"><a href=\"https:\/\/www.touringcars.com\/fi\/uutiset\/tutustu-espanjaan-matkailuautolla-parhaat-nahtavyydet-ja-tarkeat-matkavinkit\/\">Espanjaan tutustuminen matkailuautolla on yksi joustavimmista ja palkitsevimmista tavoista kokea maa. T\u00e4st\u00e4 Espanjan matkailuauto-oppaasta&#8230;<\/a><\/p><\/div><\/article><\/li><li class=\"glide__slide\"><article class=\"article reveal\"><div class=\"image-container\"><a href=\"https:\/\/www.touringcars.com\/fi\/uutiset\/koe-taydellinen-auringonpimennys-espanjassa\/\"><img decoding=\"async\" src=\"https:\/\/www.touringcars.com\/wp-content\/uploads\/2026\/04\/full-solar-eclipse-abstract-scientific-background-2026-03-16-06-20-20-utc-574x323.jpg\" srcset=\"https:\/\/www.touringcars.com\/wp-content\/uploads\/2026\/04\/full-solar-eclipse-abstract-scientific-background-2026-03-16-06-20-20-utc-300x169.jpg 300w, https:\/\/www.touringcars.com\/wp-content\/uploads\/2026\/04\/full-solar-eclipse-abstract-scientific-background-2026-03-16-06-20-20-utc-1024x576.jpg 1024w, https:\/\/www.touringcars.com\/wp-content\/uploads\/2026\/04\/full-solar-eclipse-abstract-scientific-background-2026-03-16-06-20-20-utc-768x432.jpg 768w, https:\/\/www.touringcars.com\/wp-content\/uploads\/2026\/04\/full-solar-eclipse-abstract-scientific-background-2026-03-16-06-20-20-utc-1536x864.jpg 1536w, https:\/\/www.touringcars.com\/wp-content\/uploads\/2026\/04\/full-solar-eclipse-abstract-scientific-background-2026-03-16-06-20-20-utc-2048x1152.jpg 2048w, https:\/\/www.touringcars.com\/wp-content\/uploads\/2026\/04\/full-solar-eclipse-abstract-scientific-background-2026-03-16-06-20-20-utc-1920x1080.jpg 1920w, https:\/\/www.touringcars.com\/wp-content\/uploads\/2026\/04\/full-solar-eclipse-abstract-scientific-background-2026-03-16-06-20-20-utc-1054x593.jpg 1054w, https:\/\/www.touringcars.com\/wp-content\/uploads\/2026\/04\/full-solar-eclipse-abstract-scientific-background-2026-03-16-06-20-20-utc-714x402.jpg 714w, https:\/\/www.touringcars.com\/wp-content\/uploads\/2026\/04\/full-solar-eclipse-abstract-scientific-background-2026-03-16-06-20-20-utc-180x101.jpg 180w, https:\/\/www.touringcars.com\/wp-content\/uploads\/2026\/04\/full-solar-eclipse-abstract-scientific-background-2026-03-16-06-20-20-utc-412x232.jpg 412w, https:\/\/www.touringcars.com\/wp-content\/uploads\/2026\/04\/full-solar-eclipse-abstract-scientific-background-2026-03-16-06-20-20-utc-574x323.jpg 574w, https:\/\/www.touringcars.com\/wp-content\/uploads\/2026\/04\/full-solar-eclipse-abstract-scientific-background-2026-03-16-06-20-20-utc-846x476.jpg 846w\" alt=\"Koe t\u00e4ydellinen auringonpimennys Espanjassa 2026\u20132028\"><\/a><\/div><div class=\"content-container\"><div class=\"categories\"><a href=\"https:\/\/www.touringcars.com\/fi\/category\/matkavinkit\/\">Matkavinkit<\/a><a href=\"https:\/\/www.touringcars.com\/fi\/category\/uutiset\/\">Uutiset<\/a><\/div><h3><a href=\"https:\/\/www.touringcars.com\/fi\/uutiset\/koe-taydellinen-auringonpimennys-espanjassa\/\">Koe t\u00e4ydellinen auringonpimennys Espanjassa 2026\u20132028<\/a><\/h3><p class=\"post-excerpt\"><a href=\"https:\/\/www.touringcars.com\/fi\/uutiset\/koe-taydellinen-auringonpimennys-espanjassa\/\">T\u00e4ydellinen auringonpimennys on yksi luonnon vaikuttavimmista ja unohtumattomimmista ilmi\u00f6ist\u00e4. Vuosina 2026\u20132028 t\u00e4m\u00e4 harvinainen spektaakkeli&#8230;<\/a><\/p><\/div><\/article><\/li><li class=\"glide__slide\"><article class=\"article reveal\"><div class=\"image-container\"><a href=\"https:\/\/www.touringcars.com\/fi\/matkavinkit\/joogaa-hyvinvointia-ja-patikointia-parhaat-pysahdykset-rauhalliselle-slow-travel-road-tripille\/\"><img decoding=\"async\" src=\"https:\/\/www.touringcars.com\/wp-content\/uploads\/2026\/02\/Kansikuva-joogaan-574x383.png\" srcset=\"https:\/\/www.touringcars.com\/wp-content\/uploads\/2026\/02\/Kansikuva-joogaan-300x200.png 300w, https:\/\/www.touringcars.com\/wp-content\/uploads\/2026\/02\/Kansikuva-joogaan-1024x683.png 1024w, https:\/\/www.touringcars.com\/wp-content\/uploads\/2026\/02\/Kansikuva-joogaan-768x512.png 768w, https:\/\/www.touringcars.com\/wp-content\/uploads\/2026\/02\/Kansikuva-joogaan-890x593.png 890w, https:\/\/www.touringcars.com\/wp-content\/uploads\/2026\/02\/Kansikuva-joogaan-714x476.png 714w, https:\/\/www.touringcars.com\/wp-content\/uploads\/2026\/02\/Kansikuva-joogaan-180x120.png 180w, https:\/\/www.touringcars.com\/wp-content\/uploads\/2026\/02\/Kansikuva-joogaan-412x275.png 412w, https:\/\/www.touringcars.com\/wp-content\/uploads\/2026\/02\/Kansikuva-joogaan-574x383.png 574w, https:\/\/www.touringcars.com\/wp-content\/uploads\/2026\/02\/Kansikuva-joogaan-367x245.png 367w, https:\/\/www.touringcars.com\/wp-content\/uploads\/2026\/02\/Kansikuva-joogaan.png 1536w\" alt=\"Joogaa, hyvinvointia ja patikointia: Parhaat pys\u00e4hdykset rauhalliselle Slow Travel-road tripille\"><\/a><\/div><div class=\"content-container\"><div class=\"categories\"><a href=\"https:\/\/www.touringcars.com\/fi\/category\/matkavinkit\/\">Matkavinkit<\/a><\/div><h3><a href=\"https:\/\/www.touringcars.com\/fi\/matkavinkit\/joogaa-hyvinvointia-ja-patikointia-parhaat-pysahdykset-rauhalliselle-slow-travel-road-tripille\/\">Joogaa, hyvinvointia ja patikointia: Parhaat pys\u00e4hdykset rauhalliselle Slow Travel-road tripille<\/a><\/h3><p class=\"post-excerpt\"><a href=\"https:\/\/www.touringcars.com\/fi\/matkavinkit\/joogaa-hyvinvointia-ja-patikointia-parhaat-pysahdykset-rauhalliselle-slow-travel-road-tripille\/\">Hyvinvointia, joogaa ja vaellusta tien p\u00e4\u00e4ll\u00e4: Unelmien matkailuautoretriitti Suomessa Etsitk\u00f6 inspiraatiota seuraavaan matkaasi? Suomessa&#8230;<\/a><\/p><\/div><\/article><\/li><li class=\"glide__slide\"><article class=\"article reveal\"><div class=\"image-container\"><a href=\"https:\/\/www.touringcars.com\/fi\/matkavinkit\/hyodyllisia-vinkkeja-sesongin-ulkopuoliseen-matkailuautoiluun\/\"><img decoding=\"async\" src=\"https:\/\/www.touringcars.com\/wp-content\/uploads\/2025\/05\/carado-imagebank-data_VE_Camper-Van_CV600_PI_2025_1256_21-31-41_WEB-574x383.jpg\" srcset=\"https:\/\/www.touringcars.com\/wp-content\/uploads\/2025\/05\/carado-imagebank-data_VE_Camper-Van_CV600_PI_2025_1256_21-31-41_WEB-300x200.jpg 300w, https:\/\/www.touringcars.com\/wp-content\/uploads\/2025\/05\/carado-imagebank-data_VE_Camper-Van_CV600_PI_2025_1256_21-31-41_WEB-1024x683.jpg 1024w, https:\/\/www.touringcars.com\/wp-content\/uploads\/2025\/05\/carado-imagebank-data_VE_Camper-Van_CV600_PI_2025_1256_21-31-41_WEB-768x512.jpg 768w, https:\/\/www.touringcars.com\/wp-content\/uploads\/2025\/05\/carado-imagebank-data_VE_Camper-Van_CV600_PI_2025_1256_21-31-41_WEB-1536x1024.jpg 1536w, https:\/\/www.touringcars.com\/wp-content\/uploads\/2025\/05\/carado-imagebank-data_VE_Camper-Van_CV600_PI_2025_1256_21-31-41_WEB-890x593.jpg 890w, https:\/\/www.touringcars.com\/wp-content\/uploads\/2025\/05\/carado-imagebank-data_VE_Camper-Van_CV600_PI_2025_1256_21-31-41_WEB-714x476.jpg 714w, https:\/\/www.touringcars.com\/wp-content\/uploads\/2025\/05\/carado-imagebank-data_VE_Camper-Van_CV600_PI_2025_1256_21-31-41_WEB-574x383.jpg 574w, https:\/\/www.touringcars.com\/wp-content\/uploads\/2025\/05\/carado-imagebank-data_VE_Camper-Van_CV600_PI_2025_1256_21-31-41_WEB-367x245.jpg 367w, https:\/\/www.touringcars.com\/wp-content\/uploads\/2025\/05\/carado-imagebank-data_VE_Camper-Van_CV600_PI_2025_1256_21-31-41_WEB.jpg 1800w\" alt=\"Hy\u00f6dyllisi\u00e4 vinkkej\u00e4 sesongin ulkopuoliseen matkailuautoiluun\"><\/a><\/div><div class=\"content-container\"><div class=\"categories\"><a href=\"https:\/\/www.touringcars.com\/fi\/category\/matkavinkit\/\">Matkavinkit<\/a><\/div><h3><a href=\"https:\/\/www.touringcars.com\/fi\/matkavinkit\/hyodyllisia-vinkkeja-sesongin-ulkopuoliseen-matkailuautoiluun\/\">Hy\u00f6dyllisi\u00e4 vinkkej\u00e4 sesongin ulkopuoliseen matkailuautoiluun<\/a><\/h3><p class=\"post-excerpt\"><a href=\"https:\/\/www.touringcars.com\/fi\/matkavinkit\/hyodyllisia-vinkkeja-sesongin-ulkopuoliseen-matkailuautoiluun\/\">Vinkkej\u00e4 syksyn ja talven road tripille Mit\u00e4 kannattaa huomioida matkailuautolla matkustaessa viile\u00e4mm\u00e4ll\u00e4 s\u00e4\u00e4ss\u00e4? Matkailuautoilu&#8230;<\/a><\/p><\/div><\/article><\/li><li class=\"glide__slide\"><article class=\"article reveal\"><div class=\"image-container\"><a href=\"https:\/\/www.touringcars.com\/fi\/matkavinkit\/pohjoismaat-kalastusmatkojen-ykkoskohde\/\"><img decoding=\"async\" src=\"https:\/\/www.touringcars.com\/wp-content\/uploads\/2026\/02\/Artikkelin-kansikuva-2-1-574x383.png\" srcset=\"https:\/\/www.touringcars.com\/wp-content\/uploads\/2026\/02\/Artikkelin-kansikuva-2-1-300x200.png 300w, https:\/\/www.touringcars.com\/wp-content\/uploads\/2026\/02\/Artikkelin-kansikuva-2-1-1024x683.png 1024w, https:\/\/www.touringcars.com\/wp-content\/uploads\/2026\/02\/Artikkelin-kansikuva-2-1-768x512.png 768w, https:\/\/www.touringcars.com\/wp-content\/uploads\/2026\/02\/Artikkelin-kansikuva-2-1-890x593.png 890w, https:\/\/www.touringcars.com\/wp-content\/uploads\/2026\/02\/Artikkelin-kansikuva-2-1-714x476.png 714w, https:\/\/www.touringcars.com\/wp-content\/uploads\/2026\/02\/Artikkelin-kansikuva-2-1-180x120.png 180w, https:\/\/www.touringcars.com\/wp-content\/uploads\/2026\/02\/Artikkelin-kansikuva-2-1-412x275.png 412w, https:\/\/www.touringcars.com\/wp-content\/uploads\/2026\/02\/Artikkelin-kansikuva-2-1-574x383.png 574w, https:\/\/www.touringcars.com\/wp-content\/uploads\/2026\/02\/Artikkelin-kansikuva-2-1-367x245.png 367w, https:\/\/www.touringcars.com\/wp-content\/uploads\/2026\/02\/Artikkelin-kansikuva-2-1.png 1536w\" alt=\"Pohjoismaat &#8211; kalastusmatkojen ykk\u00f6skohde\"><\/a><\/div><div class=\"content-container\"><div class=\"categories\"><a href=\"https:\/\/www.touringcars.com\/fi\/category\/matkavinkit\/\">Matkavinkit<\/a><\/div><h3><a href=\"https:\/\/www.touringcars.com\/fi\/matkavinkit\/pohjoismaat-kalastusmatkojen-ykkoskohde\/\">Pohjoismaat &#8211; kalastusmatkojen ykk\u00f6skohde<\/a><\/h3><p class=\"post-excerpt\"><a href=\"https:\/\/www.touringcars.com\/fi\/matkavinkit\/pohjoismaat-kalastusmatkojen-ykkoskohde\/\">Kalastusmatka Pohjoismaihin on el\u00e4mys, jota ei kannata j\u00e4tt\u00e4\u00e4 v\u00e4liin \u2013 erityisesti, jos olet kalastuksen&#8230;<\/a><\/p><\/div><\/article><\/li><li class=\"glide__slide\"><article class=\"article reveal\"><div class=\"image-container\"><a href=\"https:\/\/www.touringcars.com\/fi\/matkavinkit\/koe-lappi-matkailuautolla\/\"><img decoding=\"async\" src=\"https:\/\/www.touringcars.com\/wp-content\/uploads\/2025\/02\/motorhome-lofoten-450x300.jpg\" srcset=\"https:\/\/www.touringcars.com\/wp-content\/uploads\/2025\/02\/motorhome-lofoten-300x200.jpg 300w, https:\/\/www.touringcars.com\/wp-content\/uploads\/2025\/02\/motorhome-lofoten-1024x683.jpg 1024w, https:\/\/www.touringcars.com\/wp-content\/uploads\/2025\/02\/motorhome-lofoten-768x512.jpg 768w, https:\/\/www.touringcars.com\/wp-content\/uploads\/2025\/02\/motorhome-lofoten-1536x1024.jpg 1536w, https:\/\/www.touringcars.com\/wp-content\/uploads\/2025\/02\/motorhome-lofoten-2048x1366.jpg 2048w, https:\/\/www.touringcars.com\/wp-content\/uploads\/2025\/02\/motorhome-lofoten-1920x1280.jpg 1920w, https:\/\/www.touringcars.com\/wp-content\/uploads\/2025\/02\/motorhome-lofoten-889x593.jpg 889w, https:\/\/www.touringcars.com\/wp-content\/uploads\/2025\/02\/motorhome-lofoten-714x476.jpg 714w, https:\/\/www.touringcars.com\/wp-content\/uploads\/2025\/02\/motorhome-lofoten-450x300.jpg 450w, https:\/\/www.touringcars.com\/wp-content\/uploads\/2025\/02\/motorhome-lofoten-367x245.jpg 367w\" alt=\"Koe lappi matkailuautolla\"><\/a><\/div><div class=\"content-container\"><div class=\"categories\"><a href=\"https:\/\/www.touringcars.com\/fi\/category\/matkavinkit\/\">Matkavinkit<\/a><\/div><h3><a href=\"https:\/\/www.touringcars.com\/fi\/matkavinkit\/koe-lappi-matkailuautolla\/\">Koe lappi matkailuautolla<\/a><\/h3><p class=\"post-excerpt\"><a href=\"https:\/\/www.touringcars.com\/fi\/matkavinkit\/koe-lappi-matkailuautolla\/\">Lappi on t\u00e4ydellinen matkakohde matkailuautolla matkustamiseen. Matkailuauton vuokraus tarjoaa vapauden liikkua omaan tahtiin ja&#8230;<\/a><\/p><\/div><\/article><\/li><li class=\"glide__slide\"><article class=\"article reveal\"><div class=\"image-container\"><a href=\"https:\/\/www.touringcars.com\/fi\/uutiset\/urban-van-nyt-alankomaissa\/\"><img decoding=\"async\" src=\"https:\/\/www.touringcars.com\/wp-content\/uploads\/2025\/12\/image-2-574x431.jpeg\" srcset=\"https:\/\/www.touringcars.com\/wp-content\/uploads\/2025\/12\/image-2-300x225.jpeg 300w, https:\/\/www.touringcars.com\/wp-content\/uploads\/2025\/12\/image-2-1024x768.jpeg 1024w, https:\/\/www.touringcars.com\/wp-content\/uploads\/2025\/12\/image-2-768x576.jpeg 768w, https:\/\/www.touringcars.com\/wp-content\/uploads\/2025\/12\/image-2-791x593.jpeg 791w, https:\/\/www.touringcars.com\/wp-content\/uploads\/2025\/12\/image-2-708x531.jpeg 708w, https:\/\/www.touringcars.com\/wp-content\/uploads\/2025\/12\/image-2-180x136.jpeg 180w, https:\/\/www.touringcars.com\/wp-content\/uploads\/2025\/12\/image-2-412x310.jpeg 412w, https:\/\/www.touringcars.com\/wp-content\/uploads\/2025\/12\/image-2-574x431.jpeg 574w, https:\/\/www.touringcars.com\/wp-content\/uploads\/2025\/12\/image-2.jpeg 1500w\" alt=\"Urban Van nyt Alankomaissa\"><\/a><\/div><div class=\"content-container\"><div class=\"categories\"><a href=\"https:\/\/www.touringcars.com\/fi\/category\/uutiset\/\">Uutiset<\/a><\/div><h3><a href=\"https:\/\/www.touringcars.com\/fi\/uutiset\/urban-van-nyt-alankomaissa\/\">Urban Van nyt Alankomaissa<\/a><\/h3><p class=\"post-excerpt\"><a href=\"https:\/\/www.touringcars.com\/fi\/uutiset\/urban-van-nyt-alankomaissa\/\">Urban Van -luokka saatavilla Alankomaissa \u2013 fiksu ja valmis seikkailuun Urban Van -luokka, nyt&#8230;<\/a><\/p><\/div><\/article><\/li><li class=\"glide__slide\"><article class=\"article reveal\"><div class=\"image-container\"><a href=\"https:\/\/www.touringcars.com\/fi\/tarjoukset\/ennakkovaraajan-alennukset\/\"><img decoding=\"async\" src=\"https:\/\/www.touringcars.com\/wp-content\/uploads\/2025\/05\/carado-imagebank-data_VE_Camper-Van_CV590_PI_2024_1405_21-31-41_WEB.jpg\" srcset=\"\" alt=\"Ennakkovaraajan alennukset\"><\/a><\/div><div class=\"content-container\"><div class=\"categories\"><a href=\"https:\/\/www.touringcars.com\/fi\/category\/tarjoukset\/\">Tarjoukset ja kampanjat<\/a><\/div><h3><a href=\"https:\/\/www.touringcars.com\/fi\/tarjoukset\/ennakkovaraajan-alennukset\/\">Ennakkovaraajan alennukset<\/a><\/h3><p class=\"post-excerpt\"><a href=\"https:\/\/www.touringcars.com\/fi\/tarjoukset\/ennakkovaraajan-alennukset\/\">Uskomme, ett\u00e4 etuk\u00e4teen varaamisen tulisi olla palkitsevaa. Siksi tarjoamme joustavia maksuvaihtoehtoja ja ainutlaatuisia alennuksia&#8230;<\/a><\/p><\/div><\/article><\/li><li class=\"glide__slide\"><article class=\"article reveal\"><div class=\"image-container\"><a href=\"https:\/\/www.touringcars.com\/fi\/tarjoukset\/yhdensuuntainen-vuokraus-rovaniemelta-helsinkiin-30-alennus-ilman-lisamaksua\/\"><img decoding=\"async\" src=\"https:\/\/www.touringcars.com\/wp-content\/uploads\/2025\/02\/shutterstock_finland_active_outdoors_hiking_google.jpg-450x300.webp\" srcset=\"https:\/\/www.touringcars.com\/wp-content\/uploads\/2025\/02\/shutterstock_finland_active_outdoors_hiking_google.jpg-300x200.webp 300w, https:\/\/www.touringcars.com\/wp-content\/uploads\/2025\/02\/shutterstock_finland_active_outdoors_hiking_google.jpg-450x300.webp 450w, https:\/\/www.touringcars.com\/wp-content\/uploads\/2025\/02\/shutterstock_finland_active_outdoors_hiking_google.jpg-367x245.webp 367w, https:\/\/www.touringcars.com\/wp-content\/uploads\/2025\/02\/shutterstock_finland_active_outdoors_hiking_google.jpg.webp 600w\" alt=\"Yhdensuuntainen vuokraus Rovaniemelt\u00e4 Helsinkiin \u2013 30\u202f% alennus &amp; ilman lis\u00e4maksua\"><\/a><\/div><div class=\"content-container\"><div class=\"categories\"><a href=\"https:\/\/www.touringcars.com\/fi\/category\/tarjoukset\/\">Tarjoukset ja kampanjat<\/a><\/div><h3><a href=\"https:\/\/www.touringcars.com\/fi\/tarjoukset\/yhdensuuntainen-vuokraus-rovaniemelta-helsinkiin-30-alennus-ilman-lisamaksua\/\">Yhdensuuntainen vuokraus Rovaniemelt\u00e4 Helsinkiin \u2013 30\u202f% alennus &amp; ilman lis\u00e4maksua<\/a><\/h3><p class=\"post-excerpt\"><a href=\"https:\/\/www.touringcars.com\/fi\/tarjoukset\/yhdensuuntainen-vuokraus-rovaniemelta-helsinkiin-30-alennus-ilman-lisamaksua\/\">Koe mutkaton ja mukava reissu Rovaniemelt\u00e4 Helsinkiin. Nyt rajoitetun ajan saat vuokrauksestasi 30 %&#8230;<\/a><\/p><\/div><\/article><\/li><li class=\"glide__slide\"><article class=\"article reveal\"><div class=\"image-container\"><a href=\"https:\/\/www.touringcars.com\/fi\/tarjoukset\/yhdensuuntainen-vuokraus-helsingista-rovaniemelle-30-alennus-ilman-lisamaksua\/\"><img decoding=\"async\" src=\"https:\/\/www.touringcars.com\/wp-content\/uploads\/2025\/01\/juha-k-unsplash-helsinki-finland-city.jpg-525x300.webp\" srcset=\"https:\/\/www.touringcars.com\/wp-content\/uploads\/2025\/01\/juha-k-unsplash-helsinki-finland-city.jpg-300x171.webp 300w, https:\/\/www.touringcars.com\/wp-content\/uploads\/2025\/01\/juha-k-unsplash-helsinki-finland-city.jpg-1024x585.webp 1024w, https:\/\/www.touringcars.com\/wp-content\/uploads\/2025\/01\/juha-k-unsplash-helsinki-finland-city.jpg-768x439.webp 768w, https:\/\/www.touringcars.com\/wp-content\/uploads\/2025\/01\/juha-k-unsplash-helsinki-finland-city.jpg-1038x593.webp 1038w, https:\/\/www.touringcars.com\/wp-content\/uploads\/2025\/01\/juha-k-unsplash-helsinki-finland-city.jpg-714x408.webp 714w, https:\/\/www.touringcars.com\/wp-content\/uploads\/2025\/01\/juha-k-unsplash-helsinki-finland-city.jpg-525x300.webp 525w, https:\/\/www.touringcars.com\/wp-content\/uploads\/2025\/01\/juha-k-unsplash-helsinki-finland-city.jpg.webp 1400w\" alt=\"Yhdensuuntainen vuokraus Helsingist\u00e4 Rovaniemelle \u2013 30\u202f% alennus &amp; ilman lis\u00e4maksua\"><\/a><\/div><div class=\"content-container\"><div class=\"categories\"><a href=\"https:\/\/www.touringcars.com\/fi\/category\/tarjoukset\/\">Tarjoukset ja kampanjat<\/a><\/div><h3><a href=\"https:\/\/www.touringcars.com\/fi\/tarjoukset\/yhdensuuntainen-vuokraus-helsingista-rovaniemelle-30-alennus-ilman-lisamaksua\/\">Yhdensuuntainen vuokraus Helsingist\u00e4 Rovaniemelle \u2013 30\u202f% alennus &amp; ilman lis\u00e4maksua<\/a><\/h3><p class=\"post-excerpt\"><a href=\"https:\/\/www.touringcars.com\/fi\/tarjoukset\/yhdensuuntainen-vuokraus-helsingista-rovaniemelle-30-alennus-ilman-lisamaksua\/\">L\u00e4hde unohtumattomalle matkalle Helsingist\u00e4 Rovaniemelle ja hy\u00f6dynn\u00e4 huippuetu! Saat p\u00e4iv\u00e4hinnoista 30 % alennusta ja&#8230;<\/a><\/p><\/div><\/article><\/li><\/ul><\/div><div class=\"glide__controls\"><div class=\"glide__arrows\" data-glide-el=\"controls\"><span class=\"glide__arrow glide__arrow--left\" data-glide-dir=\"<\"><\/span><span class=\"glide__arrow glide__arrow--right\" data-glide-dir=\">&#8221;><\/span><\/div><div class=\"glide__bullets\" data-glide-el=\"controls[nav]\"><span class=\"glide__bullet\" data-glide-dir=\"=0\" data-parent-uid=\"6a9879c52c8e4\"><\/span><span class=\"glide__bullet\" data-glide-dir=\"=1\" data-parent-uid=\"6a9879c52c8e4\"><\/span><span class=\"glide__bullet\" data-glide-dir=\"=2\" data-parent-uid=\"6a9879c52c8e4\"><\/span><span class=\"glide__bullet\" data-glide-dir=\"=3\" data-parent-uid=\"6a9879c52c8e4\"><\/span><span class=\"glide__bullet\" data-glide-dir=\"=4\" data-parent-uid=\"6a9879c52c8e4\"><\/span><span class=\"glide__bullet\" data-glide-dir=\"=5\" data-parent-uid=\"6a9879c52c8e4\"><\/span><span class=\"glide__bullet\" data-glide-dir=\"=6\" data-parent-uid=\"6a9879c52c8e4\"><\/span><span class=\"glide__bullet\" data-glide-dir=\"=7\" data-parent-uid=\"6a9879c52c8e4\"><\/span><span class=\"glide__bullet\" data-glide-dir=\"=8\" data-parent-uid=\"6a9879c52c8e4\"><\/span><span class=\"glide__bullet\" data-glide-dir=\"=9\" data-parent-uid=\"6a9879c52c8e4\"><\/span><span class=\"glide__bullet\" data-glide-dir=\"=10\" data-parent-uid=\"6a9879c52c8e4\"><\/span><span class=\"glide__bullet\" data-glide-dir=\"=11\" data-parent-uid=\"6a9879c52c8e4\"><\/span><\/div><\/div><\/div><div class=\"buttons\"><a href=\"https:\/\/www.touringcars.com\/fi\/artikkelit\/\" class=\"btn btn-outline\">Kaikki artikkelit<\/a><\/div>    <\/div>\n<\/section>\n\n<section class=\"block block-textimage\">\n    <div class=\"container\">\n        <div class=\"content-row image-placement-left\">\n            <div class=\"content-container reveal\">\n                <h3>Lomael\u00e4myksien mahdollistaja vuodesta 1982 alkaen<\/h3><p><span style=\"font-weight: 400\">Touring Cars on vuonna 1982 perustettu, Suomen ensimm\u00e4inen matkailuautojen vuokrauspalveluyritys. Liiketoimintamme on laajentunut vuosien saatossa ja nykyisin lukeudummekin nyky\u00e4\u00e4n kuulumme Euroopan johtaviin matkailuautojen vuokrausyrityksiin. Palvelemme matkailijoita paikallisyritt\u00e4j\u00e4vetoisesti franchise-ketjuna 6 maassa, 8 toimipisteest\u00e4 k\u00e4sin.<\/span><\/p>\n<div class=\"buttons\"><a href=\"https:\/\/www.touringcars.com\/fi\/yritys\/\" class=\"btn\">Lue Touring Carsista<\/a><\/div>            <\/div>\n            <div class=\"image-container reveal\">\n                <img decoding=\"async\" src=\"https:\/\/www.touringcars.com\/wp-content\/uploads\/2025\/02\/TC_Vehicle_7-451x300.jpg\" srcset=\"https:\/\/www.touringcars.com\/wp-content\/uploads\/2025\/02\/TC_Vehicle_7-300x200.jpg 300w, https:\/\/www.touringcars.com\/wp-content\/uploads\/2025\/02\/TC_Vehicle_7-1024x681.jpg 1024w, https:\/\/www.touringcars.com\/wp-content\/uploads\/2025\/02\/TC_Vehicle_7-768x511.jpg 768w, https:\/\/www.touringcars.com\/wp-content\/uploads\/2025\/02\/TC_Vehicle_7-1536x1022.jpg 1536w, https:\/\/www.touringcars.com\/wp-content\/uploads\/2025\/02\/TC_Vehicle_7-2048x1363.jpg 2048w, https:\/\/www.touringcars.com\/wp-content\/uploads\/2025\/02\/TC_Vehicle_7-1920x1278.jpg 1920w, https:\/\/www.touringcars.com\/wp-content\/uploads\/2025\/02\/TC_Vehicle_7-891x593.jpg 891w, https:\/\/www.touringcars.com\/wp-content\/uploads\/2025\/02\/TC_Vehicle_7-714x475.jpg 714w, https:\/\/www.touringcars.com\/wp-content\/uploads\/2025\/02\/TC_Vehicle_7-451x300.jpg 451w, https:\/\/www.touringcars.com\/wp-content\/uploads\/2025\/02\/TC_Vehicle_7-367x245.jpg 367w\" alt=\"TC_Vehicle_7\" width=\"2560\" height=\"1703\">            <\/div>\n        <\/div>\n    <\/div>\n<\/section>\n\n<section class=\"block block-newsletter\">\n    <div class=\"container\">\n        <div class=\"newsletter-container reveal\">\n            <div class=\"first-step\">\n                <h2>Liity matkailuautoyhteis\u00f6\u00f6mme!<\/h2>                <div class=\"newsletter-content\">\n                    <p style=\"text-align: center\">Liity matkailuautoyhteis\u00f6\u00f6mme ja saat sis\u00e4piirin vinkkej\u00e4, eksklusiivisia tarjouksia ja huolella valittuja maisemareittej\u00e4 suoraan s\u00e4hk\u00f6postiisi. Tie on sinun.<\/p>\n                <\/div>\n                \n<div class=\"wpcf7 no-js\" id=\"wpcf7-f12777-o1\" lang=\"fi\" dir=\"ltr\" data-wpcf7-id=\"12777\">\n<div class=\"screen-reader-response\"><p role=\"status\" aria-live=\"polite\" aria-atomic=\"true\"><\/p> <ul><\/ul><\/div>\n<form action=\"\/fi\/wp-json\/wp\/v2\/pages\/15743#wpcf7-f12777-o1\" method=\"post\" class=\"wpcf7-form init\" aria-label=\"Yhteydenottolomake\" novalidate=\"novalidate\" data-status=\"init\">\n<fieldset class=\"hidden-fields-container\"><input type=\"hidden\" name=\"_wpcf7\" value=\"12777\" \/><input type=\"hidden\" name=\"_wpcf7_version\" value=\"6.1.7\" \/><input type=\"hidden\" name=\"_wpcf7_locale\" value=\"fi\" \/><input type=\"hidden\" name=\"_wpcf7_unit_tag\" value=\"wpcf7-f12777-o1\" \/><input type=\"hidden\" name=\"_wpcf7_container_post\" value=\"0\" \/><input type=\"hidden\" name=\"_wpcf7_posted_data_hash\" value=\"\" \/><input type=\"hidden\" name=\"_wpcf7_recaptcha_response\" value=\"\" \/>\n<\/fieldset>\n<div class=\"form-row\">\n<div class=\"form-col\">\n<label>Kirjoita s\u00e4hk\u00f6postiosoitteesi&#8230;<\/label>\n<span class=\"wpcf7-form-control-wrap\" data-name=\"email\"><input size=\"40\" maxlength=\"400\" class=\"wpcf7-form-control wpcf7-email wpcf7-validates-as-required wpcf7-text form-control   wpcf7-validates-as-email\" aria-required=\"true\" aria-invalid=\"false\" placeholder=\"S\u00e4hk\u00f6postiosoite\" value=\"\" type=\"email\" name=\"email\" \/><\/span>\n<\/div>\n<div class=\"form-col\">\n<input class=\"wpcf7-form-control wpcf7-submit has-spinner\" type=\"submit\" value=\"Jatka\" \/>\n<\/div>\n<\/div>\n<div class=\"form-row form-row-privacy\">\n<div class=\"form-col\">L\u00e4hett\u00e4m\u00e4ll\u00e4 t\u00e4m\u00e4n lomakkeen hyv\u00e4ksyt, ett\u00e4 tietojasi k\u00e4sitell\u00e4\u00e4n <a href=\"\/en\/privacy-policy-gdpr\/\" target=\"_blank\">tietosuojak\u00e4yt\u00e4nt\u00f6mme<\/a> mukaisesti.\n<\/div>\n<\/div>\n<input class=\"wpcf7-form-control wpcf7-hidden\" value=\"1\" type=\"hidden\" name=\"newsletter\" \/>\n<input class=\"wpcf7-form-control wpcf7-hidden\" value=\"Customer\" type=\"hidden\" name=\"contact-type\" \/>\n<input class=\"wpcf7-form-control wpcf7-hidden\" value=\"Newsletter subscribers (touringcars.com)\" type=\"hidden\" name=\"list-name\" \/><div class=\"wpcf7-response-output\" aria-hidden=\"true\"><\/div>\n<\/form>\n<\/div>\n            <\/div>\n            <div class=\"steps-after-form-submission\"><div class=\"step d-none\"><h3>Melkein valmista&#8230;<\/h3><p>Tutustutaanpa toisiimme paremmin, jotta voimme r\u00e4\u00e4t\u00e4l\u00f6id\u00e4 viestint\u00e4mme ja tarjouksemme sinulle sopiviksi!<\/p>\n\n<div class=\"wpcf7 no-js\" id=\"wpcf7-f20525-o2\" lang=\"fi\" dir=\"ltr\" data-wpcf7-id=\"20525\">\n<div class=\"screen-reader-response\"><p role=\"status\" aria-live=\"polite\" aria-atomic=\"true\"><\/p> <ul><\/ul><\/div>\n<form action=\"\/fi\/wp-json\/wp\/v2\/pages\/15743#wpcf7-f20525-o2\" method=\"post\" class=\"wpcf7-form init\" aria-label=\"Yhteydenottolomake\" novalidate=\"novalidate\" data-status=\"init\">\n<fieldset class=\"hidden-fields-container\"><input type=\"hidden\" name=\"_wpcf7\" value=\"20525\" \/><input type=\"hidden\" name=\"_wpcf7_version\" value=\"6.1.7\" \/><input type=\"hidden\" name=\"_wpcf7_locale\" value=\"fi\" \/><input type=\"hidden\" name=\"_wpcf7_unit_tag\" value=\"wpcf7-f20525-o2\" \/><input type=\"hidden\" name=\"_wpcf7_container_post\" value=\"0\" \/><input type=\"hidden\" name=\"_wpcf7_posted_data_hash\" value=\"\" \/><input type=\"hidden\" name=\"_wpcf7_recaptcha_response\" value=\"\" \/>\n<\/fieldset>\n<div class=\"form-row\">\n<div class=\"form-col\">\n<label>Mik\u00e4 on unelmiesi matkailuautoloma?<\/label>\n<span class=\"wpcf7-form-control-wrap\" data-name=\"newsletter_topics\"><span class=\"wpcf7-form-control wpcf7-checkbox\"><div class=\"form-check\"><input id=\"cf7_checkbox_1\" class=\"form-check-input\" type=\"checkbox\" name=\"newsletter_topics[]\" value=\"Perhematka\" \/><label class=\"form-check-label\" for=\"cf7_checkbox_1\"><span class=\"wpcf7-list-item-label\">Perhematka<\/span><\/label><\/div><div class=\"form-check\"><input id=\"cf7_checkbox_2\" class=\"form-check-input\" type=\"checkbox\" name=\"newsletter_topics[]\" value=\"Roadtrip yst\u00e4vien kanssa\" \/><label class=\"form-check-label\" for=\"cf7_checkbox_2\"><span class=\"wpcf7-list-item-label\">Roadtrip yst\u00e4vien kanssa<\/span><\/label><\/div><div class=\"form-check\"><input id=\"cf7_checkbox_3\" class=\"form-check-input\" type=\"checkbox\" name=\"newsletter_topics[]\" value=\"Matka kumppanini kanssa\" \/><label class=\"form-check-label\" for=\"cf7_checkbox_3\"><span class=\"wpcf7-list-item-label\">Matka kumppanini kanssa<\/span><\/label><\/div><div class=\"form-check\"><input id=\"cf7_checkbox_4\" class=\"form-check-input\" type=\"checkbox\" name=\"newsletter_topics[]\" value=\"Muu\" \/><label class=\"form-check-label\" for=\"cf7_checkbox_4\"><span class=\"wpcf7-list-item-label\">Muu<\/span><\/label><\/div><\/span><\/span>\n<\/div>\n<\/div>\n<div class=\"form-row\">\n<div class=\"form-col\">\n<input class=\"wpcf7-form-control wpcf7-submit has-spinner\" type=\"submit\" value=\"Jatka\" \/>\n<\/div>\n<\/div>\n<div class=\"form-row form-row-privacy\">\n<div class=\"form-col\">L\u00e4hett\u00e4m\u00e4ll\u00e4 t\u00e4m\u00e4n lomakkeen hyv\u00e4ksyt, ett\u00e4 tietojasi k\u00e4sitell\u00e4\u00e4n <a href=\"\/en\/privacy-policy-gdpr\/\" target=\"_blank\">tietosuojak\u00e4yt\u00e4nt\u00f6mme<\/a> mukaisesti.\n<\/div>\n<\/div>\n<input class=\"wpcf7-form-control wpcf7-hidden\" value=\"\" type=\"hidden\" name=\"email\" \/>\n<input class=\"wpcf7-form-control wpcf7-hidden\" value=\"1\" type=\"hidden\" name=\"newsletter\" \/><div class=\"wpcf7-response-output\" aria-hidden=\"true\"><\/div>\n<\/form>\n<\/div>\n<\/div><div class=\"step d-none\"><h3>Hyv\u00e4t tunteet ovat tulossa!<\/h3><div class=\"buttons\"><a href=\"https:\/\/www.instagram.com\/touring_cars\/\" class=\"btn  btn-social btn-instagram\" target=\"_blank\" rel=\"noopener noreferrer\">Instagram<\/a><a href=\"https:\/\/www.facebook.com\/touringcars\/\" class=\"btn  btn-social btn-facebook\" target=\"_blank\" rel=\"noopener noreferrer\">Facebook<\/a><\/div><\/div><\/div>        <\/div>\n    <\/div>\n<\/section>","protected":false},"excerpt":{"rendered":"","protected":false},"author":1,"featured_media":2679,"parent":0,"menu_order":182,"comment_status":"closed","ping_status":"closed","template":"","meta":{"_acf_changed":false,"footnotes":""},"class_list":["post-15743","page","type-page","status-publish","has-post-thumbnail","hentry"],"acf":[],"_links":{"self":[{"href":"https:\/\/www.touringcars.com\/fi\/wp-json\/wp\/v2\/pages\/15743","targetHints":{"allow":["GET"]}}],"collection":[{"href":"https:\/\/www.touringcars.com\/fi\/wp-json\/wp\/v2\/pages"}],"about":[{"href":"https:\/\/www.touringcars.com\/fi\/wp-json\/wp\/v2\/types\/page"}],"author":[{"embeddable":true,"href":"https:\/\/www.touringcars.com\/fi\/wp-json\/wp\/v2\/users\/1"}],"replies":[{"embeddable":true,"href":"https:\/\/www.touringcars.com\/fi\/wp-json\/wp\/v2\/comments?post=15743"}],"version-history":[{"count":32,"href":"https:\/\/www.touringcars.com\/fi\/wp-json\/wp\/v2\/pages\/15743\/revisions"}],"predecessor-version":[{"id":33504,"href":"https:\/\/www.touringcars.com\/fi\/wp-json\/wp\/v2\/pages\/15743\/revisions\/33504"}],"wp:featuredmedia":[{"embeddable":true,"href":"https:\/\/www.touringcars.com\/fi\/wp-json\/wp\/v2\/media\/2679"}],"wp:attachment":[{"href":"https:\/\/www.touringcars.com\/fi\/wp-json\/wp\/v2\/media?parent=15743"}],"curies":[{"name":"wp","href":"https:\/\/api.w.org\/{rel}","templated":true}]}}