{"id":14162,"date":"2025-02-05T08:22:05","date_gmt":"2025-02-05T08:22:05","guid":{"rendered":"https:\/\/touringcars.com\/motorhome-lifestyle\/"},"modified":"2026-01-27T13:36:58","modified_gmt":"2026-01-27T13:36:58","slug":"matkailuautoloma","status":"publish","type":"page","link":"https:\/\/www.touringcars.com\/fi\/matkailuautoloma\/","title":{"rendered":"Matkailuautoloma"},"content":{"rendered":"<section class=\"block block-hero text-style-white image-style-full\">\r\n    <div class=\"container container-full\">\r\n        <div class=\"image-slider video-container\"><div class=\"glide__slide\"><img decoding=\"async\" src=\"https:\/\/www.touringcars.com\/wp-content\/uploads\/2025\/02\/carado-imagebank-data_VE_Semi-Integrated_T447_PI_2024_0112_21-31-41_web-890x593.jpg\" srcset=\"https:\/\/www.touringcars.com\/wp-content\/uploads\/2025\/02\/carado-imagebank-data_VE_Semi-Integrated_T447_PI_2024_0112_21-31-41_web-300x200.jpg 300w, https:\/\/www.touringcars.com\/wp-content\/uploads\/2025\/02\/carado-imagebank-data_VE_Semi-Integrated_T447_PI_2024_0112_21-31-41_web-1024x682.jpg 1024w, https:\/\/www.touringcars.com\/wp-content\/uploads\/2025\/02\/carado-imagebank-data_VE_Semi-Integrated_T447_PI_2024_0112_21-31-41_web-768x512.jpg 768w, https:\/\/www.touringcars.com\/wp-content\/uploads\/2025\/02\/carado-imagebank-data_VE_Semi-Integrated_T447_PI_2024_0112_21-31-41_web-1536x1024.jpg 1536w, https:\/\/www.touringcars.com\/wp-content\/uploads\/2025\/02\/carado-imagebank-data_VE_Semi-Integrated_T447_PI_2024_0112_21-31-41_web-2048x1365.jpg 2048w, https:\/\/www.touringcars.com\/wp-content\/uploads\/2025\/02\/carado-imagebank-data_VE_Semi-Integrated_T447_PI_2024_0112_21-31-41_web-890x593.jpg 890w, https:\/\/www.touringcars.com\/wp-content\/uploads\/2025\/02\/carado-imagebank-data_VE_Semi-Integrated_T447_PI_2024_0112_21-31-41_web-714x476.jpg 714w, https:\/\/www.touringcars.com\/wp-content\/uploads\/2025\/02\/carado-imagebank-data_VE_Semi-Integrated_T447_PI_2024_0112_21-31-41_web-450x300.jpg 450w, https:\/\/www.touringcars.com\/wp-content\/uploads\/2025\/02\/carado-imagebank-data_VE_Semi-Integrated_T447_PI_2024_0112_21-31-41_web-367x245.jpg 367w\" alt=\"_carado-imagebank-data_VE_Semi-Integrated_T447_PI_2024_0112_21-31-41_web\" loading=\"eager\" data-no-lazy=\"1\" fetchpriority=\"high\"><video autoplay loop muted playsinline><source src=\"https:\/\/player.vimeo.com\/progressive_redirect\/playback\/1061162400\/rendition\/1440p\/file.mp4?loc=external&#038;log_user=0&#038;signature=35658f01a25927598512e9211cb4e1d723984df1199f04ad27ec7dc6a36e1825&#038;user_id=69721377\" type=\"video\/mp4\"><\/video><\/div><\/div><div class=\"hero-container\"><div class=\"breadcrumbs-container\"><ol><li><a href=\"https:\/\/www.touringcars.com\/fi\/\"><span>Touring Cars<\/span><\/a><\/li><\/ol><\/div><h1>Matkailuautoloma<\/h1><p>ja karavaanarin el\u00e4m\u00e4 odottaa!<\/p>\n<\/div>    <\/div>\r\n    <div class=\"container\"><form class=\"availability-search\"><div class=\"form-row\"><div class=\"form-col form-col-clearable input-icon input-icon-map\" data-target=\"where\"><label for=\"where\">Aloituspaikka<\/label><input type=\"text\" class=\"form-control\" id=\"where\" name=\"where\" placeholder=\"Aloituspaikka\"><\/div><div class=\"form-col form-col-clearable input-icon input-icon-calendar\" data-target=\"when\"><label for=\"when\">Varausp\u00e4iv\u00e4t<\/label><input type=\"text\" class=\"form-control\" id=\"when\" name=\"when\" placeholder=\"Varausp\u00e4iv\u00e4t\" disabled><\/div><div class=\"form-col\"><button type=\"submit\" class=\"btn\">Katso hinnat ja saatavuus<\/button><\/div><\/div><a href=\"https:\/\/www.touringcars.com\/fi\/user\/login\/\">Oletko jo varannut? Hallitse varaustasi<\/a><\/form><\/div><\/section>\n\n<section class=\"block block-basic bottom-spacing-zero\">\r\n    <div class=\"container\">\r\n        <div class=\"content-container reveal\">\r\n            <h2>Maksimaalinen vapauden tunne ja el\u00e4mys &#8211; Kurvaa tien p\u00e4\u00e4lle vuokra-asuntoautolla<\/h2><p>Etsitk\u00f6 lomaseikkailua ilolla, rennolla fiilingill\u00e4 ja huolettomalla yhdess\u00e4ololla maustettuna? Nautitko luonnosta, retkeilyst\u00e4 ja vaeltamisesta? Vai haluatko kokea lomasi aikana mahdollisimman paljon paikallista kulttuuria ja historiaa tai vierailla erilaisissa kes\u00e4tapahtumissa? Matkailuauton avulla voit toteuttaa kaikki lomahaaveesi ja vapauttaa seikkailumielesi.<\/p>\n<p>Matkailuautoilu tarjoaa teille erinomaiset ja turvalliset puitteet huolettoman, rennon ja maksimaalisen vapauden tunteen t\u00e4ydent\u00e4m\u00e4lle lomalle.<\/p>\n        <\/div>\r\n    <\/div>\r\n<\/section>\n\n<section class=\"block block-basic\">\r\n    <div class=\"container\">\r\n        <div class=\"content-container reveal\">\r\n            <h2>Mieleenpainuva,\u00a0nautittava autoloma vailla vertaa<\/h2><p><em>Loputon tarve matkustaa ja kokea mahdollisimman paljon&#8230; halu pys\u00e4hty\u00e4 ja ruokailla silloin kuin haluat ja miss\u00e4 tahansa haluat&#8230;tarve majoittua mit\u00e4 syrj\u00e4isimmill\u00e4 seuduilla luonnon \u00e4\u00e4rell\u00e4 ilman ulkopuolisia&#8230;\u00a0<\/em><\/p>\n<p>Vuokraamalla matkailuauton ja valitsemalla automatkailun lomailutavaksi p\u00e4\u00e4set viett\u00e4m\u00e4\u00e4n\u00a0laatuaikaa perheen ja yst\u00e4vien kanssa turvallisesti ja huolettomasti. Voit unohtaa kellon ja kiireen. Nauti yhteisist\u00e4 hetkist\u00e4 ja koe uutta rakkaimpiesi kanssa.\u00a0Matkailuautoilun merkeiss\u00e4 tapaat my\u00f6s\u00a0samanhenkisi\u00e4 ihmisi\u00e4 ja voit luoda jopa uusia, loppuel\u00e4m\u00e4n mittaisia yst\u00e4vyyssuhteita.<\/p>\n<p>Uudenveroisella, t\u00e4ysin varustellulla matkailuautolla voit majoittua mukavasti paikoissa, mik\u00e4 ei olisi muutoin mahdollista. Voitte todistaa kirkkaan t\u00e4htitaivaan ihmeit\u00e4, raikasta ilmaa ja luontoa sek\u00e4 kiert\u00e4\u00e4 upeita kansallispuistoja omassa tahdissa ilman kiirett\u00e4.<\/p>\n<p><strong>Oletko valmis kokemaan matkailuautoloman?<\/strong><\/p>\n        <\/div>\r\n    <\/div>\r\n<\/section>\n\n<section class=\"block block-hero text-style-white image-style-full\">\r\n    <div class=\"container container-full\">\r\n        <div class=\"glide image-slider\" data-uid=\"69f45dc87fd96\"><div class=\"glide__track\" data-glide-el=\"track\"><ul class=\"glide__slides\"><li class=\"glide__slide\"><img decoding=\"async\" src=\"https:\/\/www.touringcars.com\/wp-content\/uploads\/2025\/02\/carado-imagebank-data_VE_Semi-Integrated_T457_IT_2024_0025_21-31-41_HR-450x300.jpg\" srcset=\"https:\/\/www.touringcars.com\/wp-content\/uploads\/2025\/02\/carado-imagebank-data_VE_Semi-Integrated_T457_IT_2024_0025_21-31-41_HR-300x200.jpg 300w, https:\/\/www.touringcars.com\/wp-content\/uploads\/2025\/02\/carado-imagebank-data_VE_Semi-Integrated_T457_IT_2024_0025_21-31-41_HR-1024x683.jpg 1024w, https:\/\/www.touringcars.com\/wp-content\/uploads\/2025\/02\/carado-imagebank-data_VE_Semi-Integrated_T457_IT_2024_0025_21-31-41_HR-768x512.jpg 768w, https:\/\/www.touringcars.com\/wp-content\/uploads\/2025\/02\/carado-imagebank-data_VE_Semi-Integrated_T457_IT_2024_0025_21-31-41_HR-1536x1024.jpg 1536w, https:\/\/www.touringcars.com\/wp-content\/uploads\/2025\/02\/carado-imagebank-data_VE_Semi-Integrated_T457_IT_2024_0025_21-31-41_HR-889x593.jpg 889w, https:\/\/www.touringcars.com\/wp-content\/uploads\/2025\/02\/carado-imagebank-data_VE_Semi-Integrated_T457_IT_2024_0025_21-31-41_HR-714x476.jpg 714w, https:\/\/www.touringcars.com\/wp-content\/uploads\/2025\/02\/carado-imagebank-data_VE_Semi-Integrated_T457_IT_2024_0025_21-31-41_HR-450x300.jpg 450w, https:\/\/www.touringcars.com\/wp-content\/uploads\/2025\/02\/carado-imagebank-data_VE_Semi-Integrated_T457_IT_2024_0025_21-31-41_HR-367x245.jpg 367w, https:\/\/www.touringcars.com\/wp-content\/uploads\/2025\/02\/carado-imagebank-data_VE_Semi-Integrated_T457_IT_2024_0025_21-31-41_HR.jpg 1600w\" alt=\"_carado-imagebank-data_VE_Semi-Integrated_T457_IT_2024_0025_21-31-41_HR\"><\/li><\/ul><\/div><div class=\"glide__controls\"><div class=\"glide__arrows\" data-glide-el=\"controls\"><span class=\"glide__arrow glide__arrow--left\" aria-label=\"Vasen\" data-glide-dir=\"<\"><\/span><span class=\"glide__arrow glide__arrow--right\" aria-label=\"Oikea\" data-glide-dir=\">&#8221;><\/span><\/div><\/div><\/div><div class=\"hero-container\"><h1>Perhelomat<\/h1><\/div>    <\/div>\r\n    <\/section>\n\n<section class=\"block block-basic\">\r\n    <div class=\"container\">\r\n        <div class=\"content-container reveal\">\r\n            <h2>T\u00e4ydellinen ja k\u00e4tev\u00e4 valinta perheille viikonloppureissuille tai pidemmille lomareissuille<\/h2>\n<p>Rento ja aikatauluista vapaa loma (ja lapsille seikkailu) alkaa heti ensi metreist\u00e4 l\u00e4htien. Kodinomaisesti kalustettu ja yksil\u00f6llisesti perheen tarpeisiin varusteltu ajoneuvo mahdollistaa kaikki tavalliset p\u00e4ivitt\u00e4iset toiminnot vaivattomasti, sill\u00e4 kaikki on helposti ulottuvillasi. Suuri lis\u00e4s\u00e4ilytystila ja py\u00f6r\u00e4telineill\u00e4 varustettujen ajoneuvojen saatavuus tarjoavat riitt\u00e4v\u00e4sti tilaa erilaisille urheiluv\u00e4lineille, kuten sukellus-, surffaus- ja golfvarusteille tai voit kuljettaa k\u00e4tev\u00e4sti lastenrattaat ja ulkolelut helposti mukanasi. My\u00f6s lemmikkiel\u00e4imet voivat l\u00e4hte\u00e4 mukaanne (muistathan vain varata lis\u00e4siivouksen).<\/p>\n<p>Muista kysy\u00e4 paikallisasemalta matkailuvinkkej\u00e4.\u00a0 Lis\u00e4ksi 24\/7 tiepalvelu varmistaa keskeytym\u00e4tt\u00f6m\u00e4t ja ongelmattomat hetket koko matkan ajan.<\/p>\n<ul>\n<li>Kotoisasti varusteltu, ensiluokkainen majoitus py\u00f6rien p\u00e4\u00e4ll\u00e4<\/li>\n<li>Erilaiset ajoneuvoratkaisut &#8211; meilt\u00e4 l\u00f6ytyy taatusti sopiva vaihtoehto vastaamaan matkustusvaatimuksianne<\/li>\n<li>Lis\u00e4tuotteet ja palvelut r\u00e4\u00e4t\u00e4l\u00f6iv\u00e4t matkapuitteet teille sopiviksi<\/li>\n<li>Kaapit ja suuri lis\u00e4s\u00e4ilytystila tarjoavat tilaa kaikille matkatavaroillesi<\/li>\n<li>Lemmikkiel\u00e4imet ovat tervetulleita<\/li>\n<\/ul>\n        <\/div>\r\n    <\/div>\r\n<\/section>\n\n<section class=\"block block-hero text-style-white image-style-full\">\r\n    <div class=\"container container-full\">\r\n        <div class=\"glide image-slider\" data-uid=\"69f45dc88183a\"><div class=\"glide__track\" data-glide-el=\"track\"><ul class=\"glide__slides\"><li class=\"glide__slide\"><img decoding=\"async\" src=\"https:\/\/www.touringcars.com\/wp-content\/uploads\/2025\/02\/2023_au_moods_qh_01260_BEAR_PRESSE-450x300.jpeg\" srcset=\"https:\/\/www.touringcars.com\/wp-content\/uploads\/2025\/02\/2023_au_moods_qh_01260_BEAR_PRESSE-300x200.jpeg 300w, https:\/\/www.touringcars.com\/wp-content\/uploads\/2025\/02\/2023_au_moods_qh_01260_BEAR_PRESSE-1024x683.jpeg 1024w, https:\/\/www.touringcars.com\/wp-content\/uploads\/2025\/02\/2023_au_moods_qh_01260_BEAR_PRESSE-768x512.jpeg 768w, https:\/\/www.touringcars.com\/wp-content\/uploads\/2025\/02\/2023_au_moods_qh_01260_BEAR_PRESSE-1536x1024.jpeg 1536w, https:\/\/www.touringcars.com\/wp-content\/uploads\/2025\/02\/2023_au_moods_qh_01260_BEAR_PRESSE-2048x1366.jpeg 2048w, https:\/\/www.touringcars.com\/wp-content\/uploads\/2025\/02\/2023_au_moods_qh_01260_BEAR_PRESSE-889x593.jpeg 889w, https:\/\/www.touringcars.com\/wp-content\/uploads\/2025\/02\/2023_au_moods_qh_01260_BEAR_PRESSE-714x476.jpeg 714w, https:\/\/www.touringcars.com\/wp-content\/uploads\/2025\/02\/2023_au_moods_qh_01260_BEAR_PRESSE-450x300.jpeg 450w, https:\/\/www.touringcars.com\/wp-content\/uploads\/2025\/02\/2023_au_moods_qh_01260_BEAR_PRESSE-367x245.jpeg 367w\" alt=\"2023_au_moods_qh_01260_BEAR_PRESSE\"><\/li><\/ul><\/div><div class=\"glide__controls\"><div class=\"glide__arrows\" data-glide-el=\"controls\"><span class=\"glide__arrow glide__arrow--left\" aria-label=\"Vasen\" data-glide-dir=\"<\"><\/span><span class=\"glide__arrow glide__arrow--right\" aria-label=\"Oikea\" data-glide-dir=\">&#8221;><\/span><\/div><\/div><\/div><div class=\"hero-container\"><h1>Romanttiset mindfullness-lomat<\/h1><\/div>    <\/div>\r\n    <\/section>\n\n<section class=\"block block-basic\">\r\n    <div class=\"container\">\r\n        <div class=\"content-container reveal\">\r\n            <div class=\"paragraph paragraph--type--text paragraph--view-mode--default\">\n<div class=\"container container--inset text__container clearfix\">\n<div class=\"clearfix text-formatted field field--name-field-text-content field--type-text-long field--label-hidden field__item\">\n<h3><em>Rentouttava aikuisten loma tai aktiivinen viikonloppureissu<\/em><\/h3>\n<p>Matkailuautoloma tarjoaa pariskunnille t\u00e4ydellisen vapauden \u2013 voitte kulkea minne haluatte, viipy\u00e4 niin kauan kuin haluatte ja edet\u00e4 t\u00e4ysin omaan tahtiinne. Jokainen matkailuauto on kodinomaisesti sisustettu ja yksil\u00f6llisesti varusteltu, yhdist\u00e4en mukavuuden ja tien p\u00e4\u00e4ll\u00e4 matkustamisen vapauden. Nauttikaa aamuista rauhallisten j\u00e4rvien \u00e4\u00e4rell\u00e4, tunnelmallisista illoista t\u00e4htitaivaan alla ja hiljaisista ajomatkoista vieh\u00e4tt\u00e4vien kylien halki. Olipa kyseess\u00e4 h\u00e4\u00e4matka, vuosip\u00e4iv\u00e4 tai irtiotto arjesta, matkailuauto mahdollistaa yhteiset, merkitykselliset hetket luonnon keskell\u00e4 \u2013 vastuullisesti matkustaen.<\/p>\n<ul>\n<li data-start=\"752\" data-end=\"831\">Matkusta omilla ehdoillasi ja l\u00f6yd\u00e4 rauhallisia, v\u00e4hemm\u00e4n kuljettuja kohteita<\/li>\n<li data-start=\"834\" data-end=\"925\">T\u00e4ysin varustellut, yksil\u00f6llisesti suunnitellut matkailuautot kodinomaisella mukavuudella<\/li>\n<li data-start=\"928\" data-end=\"998\">Kest\u00e4v\u00e4\u00e4 matkailua ilman kompromisseja mukavuudessa tai helppoudessa<\/li>\n<li data-start=\"1001\" data-end=\"1115\">T\u00e4ydellinen valinta pitkiin matkoihin, romanttisiin irtiottoihin ja luontol\u00e4heisiin, kiireett\u00f6miin seikkailuihin<\/li>\n<\/ul>\n<\/div>\n<\/div>\n<\/div>\n        <\/div>\r\n    <\/div>\r\n<\/section>\n\n<section class=\"block block-hero text-style-white image-style-full\">\r\n    <div class=\"container container-full\">\r\n        <div class=\"glide image-slider\" data-uid=\"69f45dc8834c5\"><div class=\"glide__track\" data-glide-el=\"track\"><ul class=\"glide__slides\"><li class=\"glide__slide\"><img decoding=\"async\" src=\"https:\/\/www.touringcars.com\/wp-content\/uploads\/2025\/01\/motorhome-holiday-friends_0.jpg-558x145.webp\" srcset=\"https:\/\/www.touringcars.com\/wp-content\/uploads\/2025\/01\/motorhome-holiday-friends_0.jpg-300x78.webp 300w, https:\/\/www.touringcars.com\/wp-content\/uploads\/2025\/01\/motorhome-holiday-friends_0.jpg-1024x267.webp 1024w, https:\/\/www.touringcars.com\/wp-content\/uploads\/2025\/01\/motorhome-holiday-friends_0.jpg-768x200.webp 768w, https:\/\/www.touringcars.com\/wp-content\/uploads\/2025\/01\/motorhome-holiday-friends_0.jpg-1536x400.webp 1536w, https:\/\/www.touringcars.com\/wp-content\/uploads\/2025\/01\/motorhome-holiday-friends_0.jpg-1400x365.webp 1400w, https:\/\/www.touringcars.com\/wp-content\/uploads\/2025\/01\/motorhome-holiday-friends_0.jpg-714x186.webp 714w, https:\/\/www.touringcars.com\/wp-content\/uploads\/2025\/01\/motorhome-holiday-friends_0.jpg-558x145.webp 558w, https:\/\/www.touringcars.com\/wp-content\/uploads\/2025\/01\/motorhome-holiday-friends_0.jpg.webp 1920w\" alt=\"motorhome-holiday-friends_0.jpg\"><\/li><\/ul><\/div><div class=\"glide__controls\"><div class=\"glide__arrows\" data-glide-el=\"controls\"><span class=\"glide__arrow glide__arrow--left\" aria-label=\"Vasen\" data-glide-dir=\"<\"><\/span><span class=\"glide__arrow glide__arrow--right\" aria-label=\"Oikea\" data-glide-dir=\">&#8221;><\/span><\/div><\/div><\/div><div class=\"hero-container\"><h1>Kaveriporukan road trip tai el\u00e4mysloma<\/h1><\/div>    <\/div>\r\n    <\/section>\n\n<section class=\"block block-basic\">\r\n    <div class=\"container\">\r\n        <div class=\"content-container reveal\">\r\n            <h3><em>Koe seikkailun tuntu tinkim\u00e4tt\u00e4 mukavuudesta.<\/em><\/h3>\n<p>Matkailuautolla matkustaminen antaa yst\u00e4v\u00e4porukoille t\u00e4yden vapauden suunnata seuraavalle vaellus-, py\u00f6r\u00e4ily- tai melontakohteelle \u2013 ja pysy\u00e4 koko matkan yhdess\u00e4. Kodinomaisesti sisustettu ja yksil\u00f6llisesti varusteltu matkailuauto kulkee mukanasi, minne ikin\u00e4 tie vie. Tutki metsi\u00e4, j\u00e4rvi\u00e4, tuntureita tai rannikkoreittej\u00e4 omaan tahtiin, ja ota kaikki tarvittava varustus mukaan. Kest\u00e4v\u00e4 matkailu yhdistyy joustavuuteen, jotta voit nauttia luonnosta vastuullisesti ja tehd\u00e4 matkasta unohtumattoman.<\/p>\n<ul>\n<li data-start=\"616\" data-end=\"684\">\n<p data-start=\"618\" data-end=\"684\">Tilavat ja monipuoliset matkailuautot kaiken kokoisille ryhmille<\/p>\n<\/li>\n<li data-start=\"685\" data-end=\"773\">\n<p data-start=\"687\" data-end=\"773\">Mukavuutta ja helppoutta matkalle t\u00e4ysin varustelluilla, kodinomaisilla sis\u00e4tiloilla<\/p>\n<\/li>\n<li data-start=\"774\" data-end=\"876\">\n<p data-start=\"776\" data-end=\"876\">Erinomainen valinta yhteisiin seikkailuihin, syrj\u00e4isempiin kohteisiin ja aktiivisiin lomamatkoihin<\/p>\n<\/li>\n<li data-start=\"877\" data-end=\"955\">\n<p data-start=\"879\" data-end=\"955\">Vapaus, spontaanius ja kest\u00e4v\u00e4 matkailu samassa saumattomassa kokemuksessa<\/p>\n<\/li>\n<\/ul>\n        <\/div>\r\n    <\/div>\r\n<\/section>\n\n<section class=\"block block-newsletter\">\r\n    <div class=\"container\">\r\n        <div class=\"newsletter-container reveal\">\r\n            <div class=\"first-step\">\r\n                <h2>Liity matkailuautoyhteis\u00f6\u00f6mme!<\/h2>                <div class=\"newsletter-content\">\r\n                    <p style=\"text-align: center\">Liity matkailuautoyhteis\u00f6\u00f6mme ja saat sis\u00e4piirin vinkkej\u00e4, eksklusiivisia tarjouksia ja huolella valittuja maisemareittej\u00e4 suoraan s\u00e4hk\u00f6postiisi. Tie on sinun.<\/p>\n                <\/div>\r\n                \n<div class=\"wpcf7 no-js\" id=\"wpcf7-f12777-o1\" lang=\"fi\" dir=\"ltr\" data-wpcf7-id=\"12777\">\n<div class=\"screen-reader-response\"><p role=\"status\" aria-live=\"polite\" aria-atomic=\"true\"><\/p> <ul><\/ul><\/div>\n<form action=\"\/fi\/wp-json\/wp\/v2\/pages\/14162#wpcf7-f12777-o1\" method=\"post\" class=\"wpcf7-form init\" aria-label=\"Yhteydenottolomake\" novalidate=\"novalidate\" data-status=\"init\">\n<fieldset class=\"hidden-fields-container\"><input type=\"hidden\" name=\"_wpcf7\" value=\"12777\" \/><input type=\"hidden\" name=\"_wpcf7_version\" value=\"6.1.5\" \/><input type=\"hidden\" name=\"_wpcf7_locale\" value=\"fi\" \/><input type=\"hidden\" name=\"_wpcf7_unit_tag\" value=\"wpcf7-f12777-o1\" \/><input type=\"hidden\" name=\"_wpcf7_container_post\" value=\"0\" \/><input type=\"hidden\" name=\"_wpcf7_posted_data_hash\" value=\"\" \/><input type=\"hidden\" name=\"_wpcf7_recaptcha_response\" value=\"\" \/>\n<\/fieldset>\n<div class=\"form-row\">\n<div class=\"form-col\">\n<label>Kirjoita s\u00e4hk\u00f6postiosoitteesi&#8230;<\/label>\n<span class=\"wpcf7-form-control-wrap\" data-name=\"email\"><input size=\"40\" maxlength=\"400\" class=\"wpcf7-form-control wpcf7-email wpcf7-validates-as-required wpcf7-text form-control   wpcf7-validates-as-email\" aria-required=\"true\" aria-invalid=\"false\" placeholder=\"S\u00e4hk\u00f6postiosoite\" value=\"\" type=\"email\" name=\"email\" \/><\/span>\n<\/div>\n<div class=\"form-col\">\n<input class=\"wpcf7-form-control wpcf7-submit has-spinner\" type=\"submit\" value=\"Jatka\" \/>\n<\/div>\n<\/div>\n<div class=\"form-row form-row-privacy\">\n<div class=\"form-col\">L\u00e4hett\u00e4m\u00e4ll\u00e4 t\u00e4m\u00e4n lomakkeen hyv\u00e4ksyt, ett\u00e4 tietojasi k\u00e4sitell\u00e4\u00e4n <a href=\"\/en\/privacy-policy-gdpr\/\" target=\"_blank\">tietosuojak\u00e4yt\u00e4nt\u00f6mme<\/a> mukaisesti.\n<\/div>\n<\/div>\n<input class=\"wpcf7-form-control wpcf7-hidden\" value=\"1\" type=\"hidden\" name=\"newsletter\" \/>\n<input class=\"wpcf7-form-control wpcf7-hidden\" value=\"Customer\" type=\"hidden\" name=\"contact-type\" \/>\n<input class=\"wpcf7-form-control wpcf7-hidden\" value=\"Newsletter subscribers (touringcars.com)\" type=\"hidden\" name=\"list-name\" \/><div class=\"wpcf7-response-output\" aria-hidden=\"true\"><\/div>\n<\/form>\n<\/div>\n            <\/div>\r\n            <div class=\"steps-after-form-submission\"><div class=\"step d-none\"><h3>Melkein valmista&#8230;<\/h3><p>Tutustutaanpa toisiimme paremmin, jotta voimme r\u00e4\u00e4t\u00e4l\u00f6id\u00e4 viestint\u00e4mme ja tarjouksemme sinulle sopiviksi!<\/p>\n\n<div class=\"wpcf7 no-js\" id=\"wpcf7-f20525-o2\" lang=\"fi\" dir=\"ltr\" data-wpcf7-id=\"20525\">\n<div class=\"screen-reader-response\"><p role=\"status\" aria-live=\"polite\" aria-atomic=\"true\"><\/p> <ul><\/ul><\/div>\n<form action=\"\/fi\/wp-json\/wp\/v2\/pages\/14162#wpcf7-f20525-o2\" method=\"post\" class=\"wpcf7-form init\" aria-label=\"Yhteydenottolomake\" novalidate=\"novalidate\" data-status=\"init\">\n<fieldset class=\"hidden-fields-container\"><input type=\"hidden\" name=\"_wpcf7\" value=\"20525\" \/><input type=\"hidden\" name=\"_wpcf7_version\" value=\"6.1.5\" \/><input type=\"hidden\" name=\"_wpcf7_locale\" value=\"fi\" \/><input type=\"hidden\" name=\"_wpcf7_unit_tag\" value=\"wpcf7-f20525-o2\" \/><input type=\"hidden\" name=\"_wpcf7_container_post\" value=\"0\" \/><input type=\"hidden\" name=\"_wpcf7_posted_data_hash\" value=\"\" \/><input type=\"hidden\" name=\"_wpcf7_recaptcha_response\" value=\"\" \/>\n<\/fieldset>\n<div class=\"form-row\">\n<div class=\"form-col\">\n<label>Mik\u00e4 on unelmiesi matkailuautoloma?<\/label>\n<span class=\"wpcf7-form-control-wrap\" data-name=\"newsletter_topics\"><span class=\"wpcf7-form-control wpcf7-checkbox\"><div class=\"form-check\"><input id=\"cf7_checkbox_1\" class=\"form-check-input\" type=\"checkbox\" name=\"newsletter_topics[]\" value=\"Perhematka\" \/><label class=\"form-check-label\" for=\"cf7_checkbox_1\"><span class=\"wpcf7-list-item-label\">Perhematka<\/span><\/label><\/div><div class=\"form-check\"><input id=\"cf7_checkbox_2\" class=\"form-check-input\" type=\"checkbox\" name=\"newsletter_topics[]\" value=\"Roadtrip yst\u00e4vien kanssa\" \/><label class=\"form-check-label\" for=\"cf7_checkbox_2\"><span class=\"wpcf7-list-item-label\">Roadtrip yst\u00e4vien kanssa<\/span><\/label><\/div><div class=\"form-check\"><input id=\"cf7_checkbox_3\" class=\"form-check-input\" type=\"checkbox\" name=\"newsletter_topics[]\" value=\"Matka kumppanini kanssa\" \/><label class=\"form-check-label\" for=\"cf7_checkbox_3\"><span class=\"wpcf7-list-item-label\">Matka kumppanini kanssa<\/span><\/label><\/div><div class=\"form-check\"><input id=\"cf7_checkbox_4\" class=\"form-check-input\" type=\"checkbox\" name=\"newsletter_topics[]\" value=\"Muu\" \/><label class=\"form-check-label\" for=\"cf7_checkbox_4\"><span class=\"wpcf7-list-item-label\">Muu<\/span><\/label><\/div><\/span><\/span>\n<\/div>\n<\/div>\n<div class=\"form-row\">\n<div class=\"form-col\">\n<input class=\"wpcf7-form-control wpcf7-submit has-spinner\" type=\"submit\" value=\"Jatka\" \/>\n<\/div>\n<\/div>\n<div class=\"form-row form-row-privacy\">\n<div class=\"form-col\">L\u00e4hett\u00e4m\u00e4ll\u00e4 t\u00e4m\u00e4n lomakkeen hyv\u00e4ksyt, ett\u00e4 tietojasi k\u00e4sitell\u00e4\u00e4n <a href=\"\/en\/privacy-policy-gdpr\/\" target=\"_blank\">tietosuojak\u00e4yt\u00e4nt\u00f6mme<\/a> mukaisesti.\n<\/div>\n<\/div>\n<input class=\"wpcf7-form-control wpcf7-hidden\" value=\"\" type=\"hidden\" name=\"email\" \/>\n<input class=\"wpcf7-form-control wpcf7-hidden\" value=\"1\" type=\"hidden\" name=\"newsletter\" \/><div class=\"wpcf7-response-output\" aria-hidden=\"true\"><\/div>\n<\/form>\n<\/div>\n<\/div><div class=\"step d-none\"><h3>Hyv\u00e4t tunteet ovat tulossa!<\/h3><div class=\"buttons\"><a href=\"https:\/\/www.instagram.com\/touring_cars\/\" class=\"btn  btn-social btn-instagram\" target=\"_blank\" rel=\"noopener noreferrer\">Instagram<\/a><a href=\"https:\/\/www.facebook.com\/touringcars\/\" class=\"btn  btn-social btn-facebook\" target=\"_blank\" rel=\"noopener noreferrer\">Facebook<\/a><\/div><\/div><\/div>        <\/div>\r\n    <\/div>\r\n<\/section>\n\n<section class=\"block block-centertext bg-white top-spacing-large\">\r\n    <div class=\"container\">\r\n        <div class=\"content-container reveal\">\r\n            <h2>Mit\u00e4 kaikkea voitkaan kokea matkailuautolomalla?<\/h2><p class=\"text-align-center\">Nauti turvallisesta\u00a0matkustamisesta ja leppoisista ajohetkist\u00e4 vuodenajoista riippumatta<\/p>\n        <\/div>\r\n    <\/div>\r\n<\/section>\n\n<section class=\"block block-columns\">\r\n    <div class=\"container\">\r\n                <div class=\"columns columns-2\">\r\n            <div class=\"column\"><div class=\"image-container reveal\"><div class=\"glide image-slider\" data-uid=\"69f45dc8935f5\"><div class=\"glide__track\" data-glide-el=\"track\"><ul class=\"glide__slides\"><li class=\"glide__slide\"><img decoding=\"async\" src=\"https:\/\/www.touringcars.com\/wp-content\/uploads\/2025\/02\/carado-imagebank-data_VE_Semi-Integrated_T457_PI_2024_0011_21-31-41_HR-450x300.jpg\" srcset=\"https:\/\/www.touringcars.com\/wp-content\/uploads\/2025\/02\/carado-imagebank-data_VE_Semi-Integrated_T457_PI_2024_0011_21-31-41_HR-300x200.jpg 300w, https:\/\/www.touringcars.com\/wp-content\/uploads\/2025\/02\/carado-imagebank-data_VE_Semi-Integrated_T457_PI_2024_0011_21-31-41_HR-1024x683.jpg 1024w, https:\/\/www.touringcars.com\/wp-content\/uploads\/2025\/02\/carado-imagebank-data_VE_Semi-Integrated_T457_PI_2024_0011_21-31-41_HR-768x512.jpg 768w, https:\/\/www.touringcars.com\/wp-content\/uploads\/2025\/02\/carado-imagebank-data_VE_Semi-Integrated_T457_PI_2024_0011_21-31-41_HR-1536x1024.jpg 1536w, https:\/\/www.touringcars.com\/wp-content\/uploads\/2025\/02\/carado-imagebank-data_VE_Semi-Integrated_T457_PI_2024_0011_21-31-41_HR-889x593.jpg 889w, https:\/\/www.touringcars.com\/wp-content\/uploads\/2025\/02\/carado-imagebank-data_VE_Semi-Integrated_T457_PI_2024_0011_21-31-41_HR-714x476.jpg 714w, https:\/\/www.touringcars.com\/wp-content\/uploads\/2025\/02\/carado-imagebank-data_VE_Semi-Integrated_T457_PI_2024_0011_21-31-41_HR-450x300.jpg 450w, https:\/\/www.touringcars.com\/wp-content\/uploads\/2025\/02\/carado-imagebank-data_VE_Semi-Integrated_T457_PI_2024_0011_21-31-41_HR-367x245.jpg 367w, https:\/\/www.touringcars.com\/wp-content\/uploads\/2025\/02\/carado-imagebank-data_VE_Semi-Integrated_T457_PI_2024_0011_21-31-41_HR.jpg 1600w\" alt=\"_carado-imagebank-data_VE_Semi-Integrated_T457_PI_2024_0011_21-31-41_HR\"><\/li><li class=\"glide__slide\"><img decoding=\"async\" src=\"https:\/\/www.touringcars.com\/wp-content\/uploads\/2025\/02\/carado-imagebank-data_VE_Camper-Van_CV640_PI_2024_0131_21-31-41_web-1-450x300.jpg\" srcset=\"https:\/\/www.touringcars.com\/wp-content\/uploads\/2025\/02\/carado-imagebank-data_VE_Camper-Van_CV640_PI_2024_0131_21-31-41_web-1-300x200.jpg 300w, https:\/\/www.touringcars.com\/wp-content\/uploads\/2025\/02\/carado-imagebank-data_VE_Camper-Van_CV640_PI_2024_0131_21-31-41_web-1-1024x682.jpg 1024w, https:\/\/www.touringcars.com\/wp-content\/uploads\/2025\/02\/carado-imagebank-data_VE_Camper-Van_CV640_PI_2024_0131_21-31-41_web-1-768x512.jpg 768w, https:\/\/www.touringcars.com\/wp-content\/uploads\/2025\/02\/carado-imagebank-data_VE_Camper-Van_CV640_PI_2024_0131_21-31-41_web-1-1536x1024.jpg 1536w, https:\/\/www.touringcars.com\/wp-content\/uploads\/2025\/02\/carado-imagebank-data_VE_Camper-Van_CV640_PI_2024_0131_21-31-41_web-1-2048x1365.jpg 2048w, https:\/\/www.touringcars.com\/wp-content\/uploads\/2025\/02\/carado-imagebank-data_VE_Camper-Van_CV640_PI_2024_0131_21-31-41_web-1-890x593.jpg 890w, https:\/\/www.touringcars.com\/wp-content\/uploads\/2025\/02\/carado-imagebank-data_VE_Camper-Van_CV640_PI_2024_0131_21-31-41_web-1-714x476.jpg 714w, https:\/\/www.touringcars.com\/wp-content\/uploads\/2025\/02\/carado-imagebank-data_VE_Camper-Van_CV640_PI_2024_0131_21-31-41_web-1-450x300.jpg 450w, https:\/\/www.touringcars.com\/wp-content\/uploads\/2025\/02\/carado-imagebank-data_VE_Camper-Van_CV640_PI_2024_0131_21-31-41_web-1-367x245.jpg 367w\" alt=\"_carado-imagebank-data_VE_Camper-Van_CV640_PI_2024_0131_21-31-41_web\"><\/li><li class=\"glide__slide\"><img decoding=\"async\" src=\"https:\/\/www.touringcars.com\/wp-content\/uploads\/2025\/02\/alexey-turenkov-unsplash_paddle_board.jpg-450x300.webp\" srcset=\"https:\/\/www.touringcars.com\/wp-content\/uploads\/2025\/02\/alexey-turenkov-unsplash_paddle_board.jpg-300x200.webp 300w, https:\/\/www.touringcars.com\/wp-content\/uploads\/2025\/02\/alexey-turenkov-unsplash_paddle_board.jpg-450x300.webp 450w, https:\/\/www.touringcars.com\/wp-content\/uploads\/2025\/02\/alexey-turenkov-unsplash_paddle_board.jpg-367x245.webp 367w, https:\/\/www.touringcars.com\/wp-content\/uploads\/2025\/02\/alexey-turenkov-unsplash_paddle_board.jpg.webp 600w\" alt=\"alexey-turenkov-unsplash_paddle_board.jpg\"><\/li><\/ul><\/div><div class=\"glide__controls\"><div class=\"glide__arrows\" data-glide-el=\"controls\"><span class=\"glide__arrow glide__arrow--left\" aria-label=\"Vasen\" data-glide-dir=\"<\"><\/span><span class=\"glide__arrow glide__arrow--right\" aria-label=\"Oikea\" data-glide-dir=\">&#8221;><\/span><\/div><div class=\"glide__bullets\" data-glide-el=\"controls[nav]\"><span class=\"glide__bullet\" data-glide-dir=\"=0\" data-parent-uid=\"69f45dc8935f5\"><\/span><span class=\"glide__bullet\" data-glide-dir=\"=1\" data-parent-uid=\"69f45dc8935f5\"><\/span><span class=\"glide__bullet\" data-glide-dir=\"=2\" data-parent-uid=\"69f45dc8935f5\"><\/span><\/div><\/div><\/div><\/div><div class=\"content-container reveal\"><h3>Kes\u00e4 on paras vuodenaika nauttia retkeilyn mahdollisuuksista<\/h3><p>Ulkoilmafestivaalit, rantajuhlat, perheen yhteiset aarteenetsint\u00e4leikit, irtiotto kaupungin el\u00e4m\u00e4nrytmist\u00e4, asfalttimaisemien vaihdos henke\u00e4salpaaviin luonto- ja vuoristomaisemiin,\u00a0lumoavat hetket\u00a0nuotion \u00e4\u00e4rell\u00e4&#8230; Hy\u00f6dynn\u00e4 palveluketjumme euroopanlaajuista tarjontaamme ja l\u00e4hde nauttimaan maanosamme parhaimmista anneista ja paikallisista helmist\u00e4.<\/p>\n<p>Kes\u00e4 on ulkoilun ja yhdess\u00e4olon aikaa, josta\u00a0piirtyy muistoihimme omat uudet tarinansa. Kes\u00e4n autotiet\u00a0ovat rajattomat\u00a0ja se huokuu vapautta. Autolomallasi voit nauttia kanoottiretkist\u00e4 tai pakkaa mukaasi surffilauta, kalastusv\u00e4lineet ja golftarvikkeet tai osallistu\u00a0k\u00e4tev\u00e4sti kes\u00e4n\u00a0maratooneihin matkasi varrella.\u00a0 Sin\u00e4 p\u00e4\u00e4t\u00e4t mit\u00e4 haluat tehd\u00e4 lomallasi! Touring Cars -el\u00e4m\u00e4ntapa tarjoaa loputtomat mahdollisuudet tutkia ymp\u00e4rist\u00f6\u00e4 ja toteuttaa\u00a0itse\u00e4si.<\/p>\n<\/div><\/div><div class=\"column\"><div class=\"image-container reveal\"><div class=\"glide image-slider\" data-uid=\"69f45dc89393b\"><div class=\"glide__track\" data-glide-el=\"track\"><ul class=\"glide__slides\"><li class=\"glide__slide\"><img decoding=\"async\" src=\"https:\/\/www.touringcars.com\/wp-content\/uploads\/2025\/02\/carado-imagebank-data_VE_Semi-Integrated_T448_PI_2024_0142_21-31-41_WEB-382x574.jpg\" srcset=\"https:\/\/www.touringcars.com\/wp-content\/uploads\/2025\/02\/carado-imagebank-data_VE_Semi-Integrated_T448_PI_2024_0142_21-31-41_WEB-200x300.jpg 200w, https:\/\/www.touringcars.com\/wp-content\/uploads\/2025\/02\/carado-imagebank-data_VE_Semi-Integrated_T448_PI_2024_0142_21-31-41_WEB-681x1024.jpg 681w, https:\/\/www.touringcars.com\/wp-content\/uploads\/2025\/02\/carado-imagebank-data_VE_Semi-Integrated_T448_PI_2024_0142_21-31-41_WEB-768x1154.jpg 768w, https:\/\/www.touringcars.com\/wp-content\/uploads\/2025\/02\/carado-imagebank-data_VE_Semi-Integrated_T448_PI_2024_0142_21-31-41_WEB-1022x1536.jpg 1022w, https:\/\/www.touringcars.com\/wp-content\/uploads\/2025\/02\/carado-imagebank-data_VE_Semi-Integrated_T448_PI_2024_0142_21-31-41_WEB-1363x2048.jpg 1363w, https:\/\/www.touringcars.com\/wp-content\/uploads\/2025\/02\/carado-imagebank-data_VE_Semi-Integrated_T448_PI_2024_0142_21-31-41_WEB-1277x1920.jpg 1277w, https:\/\/www.touringcars.com\/wp-content\/uploads\/2025\/02\/carado-imagebank-data_VE_Semi-Integrated_T448_PI_2024_0142_21-31-41_WEB-395x593.jpg 395w, https:\/\/www.touringcars.com\/wp-content\/uploads\/2025\/02\/carado-imagebank-data_VE_Semi-Integrated_T448_PI_2024_0142_21-31-41_WEB-353x531.jpg 353w, https:\/\/www.touringcars.com\/wp-content\/uploads\/2025\/02\/carado-imagebank-data_VE_Semi-Integrated_T448_PI_2024_0142_21-31-41_WEB-382x574.jpg 382w, https:\/\/www.touringcars.com\/wp-content\/uploads\/2025\/02\/carado-imagebank-data_VE_Semi-Integrated_T448_PI_2024_0142_21-31-41_WEB-scaled.jpg 1703w\" alt=\"_carado-imagebank-data_VE_Semi-Integrated_T448_PI_2024_0142_21-31-41_WEB\"><\/li><li class=\"glide__slide\"><img decoding=\"async\" src=\"https:\/\/www.touringcars.com\/wp-content\/uploads\/2025\/02\/shutterstock_2066491496.jpg.webp\" srcset=\"https:\/\/www.touringcars.com\/wp-content\/uploads\/2025\/02\/shutterstock_2066491496.jpg-300x169.webp 300w, https:\/\/www.touringcars.com\/wp-content\/uploads\/2025\/02\/shutterstock_2066491496.jpg.webp 480w\" alt=\"shutterstock_2066491496.jpg\"><\/li><li class=\"glide__slide\"><img decoding=\"async\" src=\"https:\/\/www.touringcars.com\/wp-content\/uploads\/2025\/01\/sigulda.jpg-525x300.webp\" srcset=\"https:\/\/www.touringcars.com\/wp-content\/uploads\/2025\/01\/sigulda.jpg-300x171.webp 300w, https:\/\/www.touringcars.com\/wp-content\/uploads\/2025\/01\/sigulda.jpg-1024x585.webp 1024w, https:\/\/www.touringcars.com\/wp-content\/uploads\/2025\/01\/sigulda.jpg-768x439.webp 768w, https:\/\/www.touringcars.com\/wp-content\/uploads\/2025\/01\/sigulda.jpg-1038x593.webp 1038w, https:\/\/www.touringcars.com\/wp-content\/uploads\/2025\/01\/sigulda.jpg-714x408.webp 714w, https:\/\/www.touringcars.com\/wp-content\/uploads\/2025\/01\/sigulda.jpg-525x300.webp 525w, https:\/\/www.touringcars.com\/wp-content\/uploads\/2025\/01\/sigulda.jpg.webp 1400w\" alt=\"sigulda.jpg\"><\/li><\/ul><\/div><div class=\"glide__controls\"><div class=\"glide__arrows\" data-glide-el=\"controls\"><span class=\"glide__arrow glide__arrow--left\" aria-label=\"Vasen\" data-glide-dir=\"<\"><\/span><span class=\"glide__arrow glide__arrow--right\" aria-label=\"Oikea\" data-glide-dir=\">&#8221;><\/span><\/div><div class=\"glide__bullets\" data-glide-el=\"controls[nav]\"><span class=\"glide__bullet\" data-glide-dir=\"=0\" data-parent-uid=\"69f45dc89393b\"><\/span><span class=\"glide__bullet\" data-glide-dir=\"=1\" data-parent-uid=\"69f45dc89393b\"><\/span><span class=\"glide__bullet\" data-glide-dir=\"=2\" data-parent-uid=\"69f45dc89393b\"><\/span><\/div><\/div><\/div><\/div><div class=\"content-container reveal\"><h3>Syksy \u2013 aistikas aika matkustaa <\/h3><p>Matkailuautoilu\u00a0mahdollistaa helpon ja mukavan irtioton kes\u00e4lomien j\u00e4lkeenkin. L\u00e4hde vaivattomalle\u00a0ruskaretkelle Lappiin tai koe hyvin erilaisia kohteita saman reissun aikana Englannin toimisteelt\u00e4mme. Syksy\u00a0on upea aikaa valokuvaamiseen, vaeltamiseen, mets\u00e4st\u00e4miseen,\u00a0kalastamiseen, marjastamiseen ja sienest\u00e4miseen. Matkailuautolla y\u00f6vyt vaivattomasti\u00a0aivan\u00a0kohteesi \u00e4\u00e4rell\u00e4.<\/p>\n<p>Lasten kanssa voitte matkustaa viikonlopun viettoon tai vaikka p\u00e4iv\u00e4retkelle pidemm\u00e4nkin matkan p\u00e4\u00e4h\u00e4n. Pelk\u00e4st\u00e4\u00e4n\u00a0jo asuntoautossa matkustaminen on lapsille t\u00e4ynn\u00e4 seikkailua ja unohtumattomia hetki\u00e4. Edes sateiset kelit eiv\u00e4t voi pilata lomaanne, sill\u00e4 viihtyisiss\u00e4 ja tilavissa sis\u00e4tiloissa on mukava viett\u00e4\u00e4 aikaa koko perheen kesken, my\u00f6s rakkaiden\u00a0lemmikkienne kanssa.<\/p>\n<\/div><\/div><div class=\"column\"><div class=\"image-container reveal\"><div class=\"glide image-slider\" data-uid=\"69f45dc893c3e\"><div class=\"glide__track\" data-glide-el=\"track\"><ul class=\"glide__slides\"><li class=\"glide__slide\"><img decoding=\"async\" src=\"https:\/\/www.touringcars.com\/wp-content\/uploads\/2022\/09\/carado-imagebank-data_VE_Semi-Integrated_T457_PI_2024_0203_21-31-41_WEB-383x574.jpg\" srcset=\"https:\/\/www.touringcars.com\/wp-content\/uploads\/2022\/09\/carado-imagebank-data_VE_Semi-Integrated_T457_PI_2024_0203_21-31-41_WEB-200x300.jpg 200w, https:\/\/www.touringcars.com\/wp-content\/uploads\/2022\/09\/carado-imagebank-data_VE_Semi-Integrated_T457_PI_2024_0203_21-31-41_WEB-683x1024.jpg 683w, https:\/\/www.touringcars.com\/wp-content\/uploads\/2022\/09\/carado-imagebank-data_VE_Semi-Integrated_T457_PI_2024_0203_21-31-41_WEB-768x1152.jpg 768w, https:\/\/www.touringcars.com\/wp-content\/uploads\/2022\/09\/carado-imagebank-data_VE_Semi-Integrated_T457_PI_2024_0203_21-31-41_WEB-1024x1536.jpg 1024w, https:\/\/www.touringcars.com\/wp-content\/uploads\/2022\/09\/carado-imagebank-data_VE_Semi-Integrated_T457_PI_2024_0203_21-31-41_WEB-1365x2048.jpg 1365w, https:\/\/www.touringcars.com\/wp-content\/uploads\/2022\/09\/carado-imagebank-data_VE_Semi-Integrated_T457_PI_2024_0203_21-31-41_WEB-1280x1920.jpg 1280w, https:\/\/www.touringcars.com\/wp-content\/uploads\/2022\/09\/carado-imagebank-data_VE_Semi-Integrated_T457_PI_2024_0203_21-31-41_WEB-395x593.jpg 395w, https:\/\/www.touringcars.com\/wp-content\/uploads\/2022\/09\/carado-imagebank-data_VE_Semi-Integrated_T457_PI_2024_0203_21-31-41_WEB-354x531.jpg 354w, https:\/\/www.touringcars.com\/wp-content\/uploads\/2022\/09\/carado-imagebank-data_VE_Semi-Integrated_T457_PI_2024_0203_21-31-41_WEB-383x574.jpg 383w, https:\/\/www.touringcars.com\/wp-content\/uploads\/2022\/09\/carado-imagebank-data_VE_Semi-Integrated_T457_PI_2024_0203_21-31-41_WEB-scaled.jpg 1707w\" alt=\"_carado-imagebank-data_VE_Semi-Integrated_T457_PI_2024_0203_21-31-41_WEB\"><\/li><li class=\"glide__slide\"><img decoding=\"async\" src=\"https:\/\/www.touringcars.com\/wp-content\/uploads\/2022\/09\/carado-imagebank-data_VE_Semi-Integrated_T457_PI_2024_0214_21-31-41_WEB-459x574.jpg\" srcset=\"https:\/\/www.touringcars.com\/wp-content\/uploads\/2022\/09\/carado-imagebank-data_VE_Semi-Integrated_T457_PI_2024_0214_21-31-41_WEB-240x300.jpg 240w, https:\/\/www.touringcars.com\/wp-content\/uploads\/2022\/09\/carado-imagebank-data_VE_Semi-Integrated_T457_PI_2024_0214_21-31-41_WEB-819x1024.jpg 819w, https:\/\/www.touringcars.com\/wp-content\/uploads\/2022\/09\/carado-imagebank-data_VE_Semi-Integrated_T457_PI_2024_0214_21-31-41_WEB-768x960.jpg 768w, https:\/\/www.touringcars.com\/wp-content\/uploads\/2022\/09\/carado-imagebank-data_VE_Semi-Integrated_T457_PI_2024_0214_21-31-41_WEB-1229x1536.jpg 1229w, https:\/\/www.touringcars.com\/wp-content\/uploads\/2022\/09\/carado-imagebank-data_VE_Semi-Integrated_T457_PI_2024_0214_21-31-41_WEB-1639x2048.jpg 1639w, https:\/\/www.touringcars.com\/wp-content\/uploads\/2022\/09\/carado-imagebank-data_VE_Semi-Integrated_T457_PI_2024_0214_21-31-41_WEB-1536x1920.jpg 1536w, https:\/\/www.touringcars.com\/wp-content\/uploads\/2022\/09\/carado-imagebank-data_VE_Semi-Integrated_T457_PI_2024_0214_21-31-41_WEB-474x593.jpg 474w, https:\/\/www.touringcars.com\/wp-content\/uploads\/2022\/09\/carado-imagebank-data_VE_Semi-Integrated_T457_PI_2024_0214_21-31-41_WEB-425x531.jpg 425w, https:\/\/www.touringcars.com\/wp-content\/uploads\/2022\/09\/carado-imagebank-data_VE_Semi-Integrated_T457_PI_2024_0214_21-31-41_WEB-459x574.jpg 459w, https:\/\/www.touringcars.com\/wp-content\/uploads\/2022\/09\/carado-imagebank-data_VE_Semi-Integrated_T457_PI_2024_0214_21-31-41_WEB-scaled.jpg 2048w\" alt=\"_carado-imagebank-data_VE_Semi-Integrated_T457_PI_2024_0214_21-31-41_WEB\"><\/li><li class=\"glide__slide\"><img decoding=\"async\" src=\"https:\/\/www.touringcars.com\/wp-content\/uploads\/2025\/02\/Copyright_Eric_Lindqvist_Vehicle_Arctic_Circle_4-240x300.jpg\" srcset=\"https:\/\/www.touringcars.com\/wp-content\/uploads\/2025\/02\/Copyright_Eric_Lindqvist_Vehicle_Arctic_Circle_4-240x300.jpg 240w, https:\/\/www.touringcars.com\/wp-content\/uploads\/2025\/02\/Copyright_Eric_Lindqvist_Vehicle_Arctic_Circle_4-819x1024.jpg 819w, https:\/\/www.touringcars.com\/wp-content\/uploads\/2025\/02\/Copyright_Eric_Lindqvist_Vehicle_Arctic_Circle_4-768x960.jpg 768w, https:\/\/www.touringcars.com\/wp-content\/uploads\/2025\/02\/Copyright_Eric_Lindqvist_Vehicle_Arctic_Circle_4-1229x1536.jpg 1229w, https:\/\/www.touringcars.com\/wp-content\/uploads\/2025\/02\/Copyright_Eric_Lindqvist_Vehicle_Arctic_Circle_4-1638x2048.jpg 1638w, https:\/\/www.touringcars.com\/wp-content\/uploads\/2025\/02\/Copyright_Eric_Lindqvist_Vehicle_Arctic_Circle_4-474x593.jpg 474w, https:\/\/www.touringcars.com\/wp-content\/uploads\/2025\/02\/Copyright_Eric_Lindqvist_Vehicle_Arctic_Circle_4-425x531.jpg 425w, https:\/\/www.touringcars.com\/wp-content\/uploads\/2025\/02\/Copyright_Eric_Lindqvist_Vehicle_Arctic_Circle_4-scaled.jpg 2048w\" alt=\"Copyright_Eric_Lindqvist_Vehicle_Arctic_Circle_4\"><\/li><\/ul><\/div><div class=\"glide__controls\"><div class=\"glide__arrows\" data-glide-el=\"controls\"><span class=\"glide__arrow glide__arrow--left\" aria-label=\"Vasen\" data-glide-dir=\"<\"><\/span><span class=\"glide__arrow glide__arrow--right\" aria-label=\"Oikea\" data-glide-dir=\">&#8221;><\/span><\/div><div class=\"glide__bullets\" data-glide-el=\"controls[nav]\"><span class=\"glide__bullet\" data-glide-dir=\"=0\" data-parent-uid=\"69f45dc893c3e\"><\/span><span class=\"glide__bullet\" data-glide-dir=\"=1\" data-parent-uid=\"69f45dc893c3e\"><\/span><span class=\"glide__bullet\" data-glide-dir=\"=2\" data-parent-uid=\"69f45dc893c3e\"><\/span><\/div><\/div><\/div><\/div><div class=\"content-container reveal\"><h3>Talvi \u2013 maaginen vuodenaika<\/h3><p>Talvi on erityisesti seikkailunhaluisten ja talviurheilun vuodenaika. Matkailuauto mahdollistaa luonnon, retkeilyn ja intohimoisen talviurheilun yhdist\u00e4misen. Voit viett\u00e4\u00e4 talviloman Pohjoismaiden lumisissa rinteiss\u00e4 ja maisemissa hiihtokeskuksen lis\u00e4palveluista nauttien tai koe majesteettinen Iso-Britannia talvitoreineen.<\/p>\n<p>Edullisemmat off-season hinnat houkuttavat pidemp\u00e4\u00e4nkin lomareissuun, jonka aikana ehditte kokea useamman maan tarjonnan.<\/p>\n<\/div><\/div><div class=\"column\"><div class=\"image-container reveal\"><div class=\"glide image-slider\" data-uid=\"69f45dc893fce\"><div class=\"glide__track\" data-glide-el=\"track\"><ul class=\"glide__slides\"><li class=\"glide__slide\"><img decoding=\"async\" src=\"https:\/\/www.touringcars.com\/wp-content\/uploads\/2025\/02\/Hobby_Lifestyle_Excelle6145_PRESSE-450x300.jpeg\" srcset=\"https:\/\/www.touringcars.com\/wp-content\/uploads\/2025\/02\/Hobby_Lifestyle_Excelle6145_PRESSE-300x200.jpeg 300w, https:\/\/www.touringcars.com\/wp-content\/uploads\/2025\/02\/Hobby_Lifestyle_Excelle6145_PRESSE-1024x683.jpeg 1024w, https:\/\/www.touringcars.com\/wp-content\/uploads\/2025\/02\/Hobby_Lifestyle_Excelle6145_PRESSE-768x512.jpeg 768w, https:\/\/www.touringcars.com\/wp-content\/uploads\/2025\/02\/Hobby_Lifestyle_Excelle6145_PRESSE-1536x1024.jpeg 1536w, https:\/\/www.touringcars.com\/wp-content\/uploads\/2025\/02\/Hobby_Lifestyle_Excelle6145_PRESSE-2048x1365.jpeg 2048w, https:\/\/www.touringcars.com\/wp-content\/uploads\/2025\/02\/Hobby_Lifestyle_Excelle6145_PRESSE-890x593.jpeg 890w, https:\/\/www.touringcars.com\/wp-content\/uploads\/2025\/02\/Hobby_Lifestyle_Excelle6145_PRESSE-714x476.jpeg 714w, https:\/\/www.touringcars.com\/wp-content\/uploads\/2025\/02\/Hobby_Lifestyle_Excelle6145_PRESSE-450x300.jpeg 450w, https:\/\/www.touringcars.com\/wp-content\/uploads\/2025\/02\/Hobby_Lifestyle_Excelle6145_PRESSE-367x245.jpeg 367w\" alt=\"Hobby_Lifestyle_Excelle6145_PRESSE\"><\/li><li class=\"glide__slide\"><img decoding=\"async\" src=\"https:\/\/www.touringcars.com\/wp-content\/uploads\/2025\/02\/carado-imagebank-data_VE_Semi-Integrated_T459_PI_2024_0127_21-31-41_WEB-383x574.jpg\" srcset=\"https:\/\/www.touringcars.com\/wp-content\/uploads\/2025\/02\/carado-imagebank-data_VE_Semi-Integrated_T459_PI_2024_0127_21-31-41_WEB-200x300.jpg 200w, https:\/\/www.touringcars.com\/wp-content\/uploads\/2025\/02\/carado-imagebank-data_VE_Semi-Integrated_T459_PI_2024_0127_21-31-41_WEB-683x1024.jpg 683w, https:\/\/www.touringcars.com\/wp-content\/uploads\/2025\/02\/carado-imagebank-data_VE_Semi-Integrated_T459_PI_2024_0127_21-31-41_WEB-768x1152.jpg 768w, https:\/\/www.touringcars.com\/wp-content\/uploads\/2025\/02\/carado-imagebank-data_VE_Semi-Integrated_T459_PI_2024_0127_21-31-41_WEB-1024x1536.jpg 1024w, https:\/\/www.touringcars.com\/wp-content\/uploads\/2025\/02\/carado-imagebank-data_VE_Semi-Integrated_T459_PI_2024_0127_21-31-41_WEB-1365x2048.jpg 1365w, https:\/\/www.touringcars.com\/wp-content\/uploads\/2025\/02\/carado-imagebank-data_VE_Semi-Integrated_T459_PI_2024_0127_21-31-41_WEB-1280x1920.jpg 1280w, https:\/\/www.touringcars.com\/wp-content\/uploads\/2025\/02\/carado-imagebank-data_VE_Semi-Integrated_T459_PI_2024_0127_21-31-41_WEB-395x593.jpg 395w, https:\/\/www.touringcars.com\/wp-content\/uploads\/2025\/02\/carado-imagebank-data_VE_Semi-Integrated_T459_PI_2024_0127_21-31-41_WEB-354x531.jpg 354w, https:\/\/www.touringcars.com\/wp-content\/uploads\/2025\/02\/carado-imagebank-data_VE_Semi-Integrated_T459_PI_2024_0127_21-31-41_WEB-383x574.jpg 383w, https:\/\/www.touringcars.com\/wp-content\/uploads\/2025\/02\/carado-imagebank-data_VE_Semi-Integrated_T459_PI_2024_0127_21-31-41_WEB-scaled.jpg 1707w\" alt=\"_carado-imagebank-data_VE_Semi-Integrated_T459_PI_2024_0127_21-31-41_WEB\"><\/li><li class=\"glide__slide\"><img decoding=\"async\" src=\"https:\/\/www.touringcars.com\/wp-content\/uploads\/2025\/01\/estonia-hiiumaa-ball-park-brand-unsplash.jpg-525x300.webp\" srcset=\"https:\/\/www.touringcars.com\/wp-content\/uploads\/2025\/01\/estonia-hiiumaa-ball-park-brand-unsplash.jpg-300x171.webp 300w, https:\/\/www.touringcars.com\/wp-content\/uploads\/2025\/01\/estonia-hiiumaa-ball-park-brand-unsplash.jpg-1024x585.webp 1024w, https:\/\/www.touringcars.com\/wp-content\/uploads\/2025\/01\/estonia-hiiumaa-ball-park-brand-unsplash.jpg-768x439.webp 768w, https:\/\/www.touringcars.com\/wp-content\/uploads\/2025\/01\/estonia-hiiumaa-ball-park-brand-unsplash.jpg-1038x593.webp 1038w, https:\/\/www.touringcars.com\/wp-content\/uploads\/2025\/01\/estonia-hiiumaa-ball-park-brand-unsplash.jpg-714x408.webp 714w, https:\/\/www.touringcars.com\/wp-content\/uploads\/2025\/01\/estonia-hiiumaa-ball-park-brand-unsplash.jpg-525x300.webp 525w, https:\/\/www.touringcars.com\/wp-content\/uploads\/2025\/01\/estonia-hiiumaa-ball-park-brand-unsplash.jpg.webp 1400w\" alt=\"estonia-hiiumaa-ball-park-brand-unsplash.jpg\"><\/li><\/ul><\/div><div class=\"glide__controls\"><div class=\"glide__arrows\" data-glide-el=\"controls\"><span class=\"glide__arrow glide__arrow--left\" aria-label=\"Vasen\" data-glide-dir=\"<\"><\/span><span class=\"glide__arrow glide__arrow--right\" aria-label=\"Oikea\" data-glide-dir=\">&#8221;><\/span><\/div><div class=\"glide__bullets\" data-glide-el=\"controls[nav]\"><span class=\"glide__bullet\" data-glide-dir=\"=0\" data-parent-uid=\"69f45dc893fce\"><\/span><span class=\"glide__bullet\" data-glide-dir=\"=1\" data-parent-uid=\"69f45dc893fce\"><\/span><span class=\"glide__bullet\" data-glide-dir=\"=2\" data-parent-uid=\"69f45dc893fce\"><\/span><\/div><\/div><\/div><\/div><div class=\"content-container reveal\"><h3>Kev\u00e4t  on perinteiden ja luonnonihmeiden aikaa<\/h3><p>Kev\u00e4\u00e4ll\u00e4\u00a0niin luonto kuin kulttuuritarjontakin j\u00e4lleen her\u00e4ilev\u00e4t talven j\u00e4ljilt\u00e4. Vuokra-matkailuautolla on vaivatonta hurauttaa juhlapyhien viettoon kaupungin vilin\u00e4st\u00e4 pois. Viile\u00e4t y\u00f6t tai kev\u00e4\u00e4n koleus eiv\u00e4t haittaa retkeilij\u00f6it\u00e4, sill\u00e4 autojen tilavat sis\u00e4tilat tarjoavat viihtyis\u00e4t puitteet niin levolliseen nukkumiseen, peseytymiseen kuin ruuanlaittoon ja yhteiseen ajanviettoon.<\/p>\n<p>Edullisemmat off-season hinnat houkuttavat lomareissulle my\u00f6s Iso-Britanniaan, jossa voit yhdist\u00e4\u00e4 ulkoilulomaasi vaikka jalkapalloliigan otteluita.<\/p>\n<\/div><\/div>        <\/div>\r\n    <\/div>\r\n<\/section>\n\n<section class=\"block block-availabilitysearch\">\r\n    <div class=\"container\"><form class=\"availability-search\"><h2>Loma matkailuautolla alkaa t\u00e4st\u00e4<\/h2><div class=\"form-row\"><div class=\"form-col form-col-clearable input-icon input-icon-map\" data-target=\"where\"><label for=\"where\">Aloituspaikka<\/label><input type=\"text\" class=\"form-control\" id=\"where\" name=\"where\" placeholder=\"Aloituspaikka\"><\/div><div class=\"form-col form-col-clearable input-icon input-icon-calendar\" data-target=\"when\"><label for=\"when\">Varausp\u00e4iv\u00e4t<\/label><input type=\"text\" class=\"form-control\" id=\"when\" name=\"when\" placeholder=\"Varausp\u00e4iv\u00e4t\" disabled><\/div><div class=\"form-col\"><button type=\"submit\" class=\"btn\">Katso hinnat ja saatavuus<\/button><\/div><\/div><a href=\"https:\/\/www.touringcars.com\/fi\/user\/login\/\">Oletko jo varannut? Hallitse varaustasi<\/a><\/form><\/div><\/section>","protected":false},"excerpt":{"rendered":"","protected":false},"author":2,"featured_media":10952,"parent":0,"menu_order":269,"comment_status":"closed","ping_status":"closed","template":"","meta":{"_acf_changed":false,"footnotes":""},"class_list":["post-14162","page","type-page","status-publish","has-post-thumbnail","hentry"],"acf":[],"_links":{"self":[{"href":"https:\/\/www.touringcars.com\/fi\/wp-json\/wp\/v2\/pages\/14162","targetHints":{"allow":["GET"]}}],"collection":[{"href":"https:\/\/www.touringcars.com\/fi\/wp-json\/wp\/v2\/pages"}],"about":[{"href":"https:\/\/www.touringcars.com\/fi\/wp-json\/wp\/v2\/types\/page"}],"author":[{"embeddable":true,"href":"https:\/\/www.touringcars.com\/fi\/wp-json\/wp\/v2\/users\/2"}],"replies":[{"embeddable":true,"href":"https:\/\/www.touringcars.com\/fi\/wp-json\/wp\/v2\/comments?post=14162"}],"version-history":[{"count":14,"href":"https:\/\/www.touringcars.com\/fi\/wp-json\/wp\/v2\/pages\/14162\/revisions"}],"predecessor-version":[{"id":26518,"href":"https:\/\/www.touringcars.com\/fi\/wp-json\/wp\/v2\/pages\/14162\/revisions\/26518"}],"wp:featuredmedia":[{"embeddable":true,"href":"https:\/\/www.touringcars.com\/fi\/wp-json\/wp\/v2\/media\/10952"}],"wp:attachment":[{"href":"https:\/\/www.touringcars.com\/fi\/wp-json\/wp\/v2\/media?parent=14162"}],"curies":[{"name":"wp","href":"https:\/\/api.w.org\/{rel}","templated":true}]}}