{"id":13923,"date":"2025-02-06T18:26:07","date_gmt":"2025-02-06T18:26:07","guid":{"rendered":"https:\/\/touringcars.com\/motorhome-rental-info\/on-the-road\/"},"modified":"2025-08-29T11:27:25","modified_gmt":"2025-08-29T11:27:25","slug":"tien-paalla","status":"publish","type":"page","link":"https:\/\/www.touringcars.com\/fi\/vuokrausopas\/tien-paalla\/","title":{"rendered":"Tien p\u00e4\u00e4ll\u00e4"},"content":{"rendered":"<section class=\"block block-hero text-style-white image-style-full\">\r\n    <div class=\"container container-full\">\r\n        <div class=\"glide image-slider\" data-uid=\"69f45eb512688\"><div class=\"glide__track\" data-glide-el=\"track\"><ul class=\"glide__slides\"><li class=\"glide__slide\"><img decoding=\"async\" src=\"https:\/\/www.touringcars.com\/wp-content\/uploads\/2022\/09\/carado-imagebank-data_VE_Semi-Integrated_T457_PI_2024_0061_21-31-41_WEB-574x382.jpg\" srcset=\"https:\/\/www.touringcars.com\/wp-content\/uploads\/2022\/09\/carado-imagebank-data_VE_Semi-Integrated_T457_PI_2024_0061_21-31-41_WEB-300x200.jpg 300w, https:\/\/www.touringcars.com\/wp-content\/uploads\/2022\/09\/carado-imagebank-data_VE_Semi-Integrated_T457_PI_2024_0061_21-31-41_WEB-1024x682.jpg 1024w, https:\/\/www.touringcars.com\/wp-content\/uploads\/2022\/09\/carado-imagebank-data_VE_Semi-Integrated_T457_PI_2024_0061_21-31-41_WEB-768x512.jpg 768w, https:\/\/www.touringcars.com\/wp-content\/uploads\/2022\/09\/carado-imagebank-data_VE_Semi-Integrated_T457_PI_2024_0061_21-31-41_WEB-1536x1023.jpg 1536w, https:\/\/www.touringcars.com\/wp-content\/uploads\/2022\/09\/carado-imagebank-data_VE_Semi-Integrated_T457_PI_2024_0061_21-31-41_WEB-2048x1364.jpg 2048w, https:\/\/www.touringcars.com\/wp-content\/uploads\/2022\/09\/carado-imagebank-data_VE_Semi-Integrated_T457_PI_2024_0061_21-31-41_WEB-1920x1279.jpg 1920w, https:\/\/www.touringcars.com\/wp-content\/uploads\/2022\/09\/carado-imagebank-data_VE_Semi-Integrated_T457_PI_2024_0061_21-31-41_WEB-890x593.jpg 890w, https:\/\/www.touringcars.com\/wp-content\/uploads\/2022\/09\/carado-imagebank-data_VE_Semi-Integrated_T457_PI_2024_0061_21-31-41_WEB-714x476.jpg 714w, https:\/\/www.touringcars.com\/wp-content\/uploads\/2022\/09\/carado-imagebank-data_VE_Semi-Integrated_T457_PI_2024_0061_21-31-41_WEB-574x382.jpg 574w, https:\/\/www.touringcars.com\/wp-content\/uploads\/2022\/09\/carado-imagebank-data_VE_Semi-Integrated_T457_PI_2024_0061_21-31-41_WEB-367x245.jpg 367w\" alt=\"_carado-imagebank-data_VE_Semi-Integrated_T457_PI_2024_0061_21-31-41_WEB\" data-no-lazy=\"1\" fetchpriority=\"high\"><\/li><\/ul><\/div><div class=\"glide__controls\"><div class=\"glide__arrows\" data-glide-el=\"controls\"><span class=\"glide__arrow glide__arrow--left\" aria-label=\"Vasen\" data-glide-dir=\"<\"><\/span><span class=\"glide__arrow glide__arrow--right\" aria-label=\"Oikea\" data-glide-dir=\">&#8221;><\/span><\/div><\/div><\/div><div class=\"hero-container\"><div class=\"breadcrumbs-container\"><ol><li><a href=\"https:\/\/www.touringcars.com\/fi\/\"><span>Touring Cars<\/span><\/a><\/li><\/ol><\/div><h1>Tien p\u00e4\u00e4ll\u00e4<\/h1><p>Hyv\u00e4 tiet\u00e4\u00e4<\/p>\n<\/div>    <\/div>\r\n    <\/section>\n\n<section class=\"block block-textimage\">\r\n    <div class=\"container\">\r\n        <div class=\"content-row image-placement-left\">\r\n            <div class=\"content-container reveal\">\r\n                <h3>Tiepalvelu ja korjauskulujen hyvitys<\/h3><p>Touring Cars tarjoaa sinulle ymp\u00e4rivuorokautisen tiepalvelun jokaisessa maassa, jossa toimimme. Vaikka matkailuautojamme huolletaan s\u00e4\u00e4nn\u00f6llisesti ja ne edustavat merkilt\u00e4\u00e4n ja teknisilt\u00e4 ominaisuuksiltaan alan k\u00e4rke\u00e4, mahdollisuutta teknisiin ongelmiin ei voida t\u00e4ysin sulkea pois. Mahdollisissa vikatilanteissa pyyd\u00e4mmekin sinua soittamaan v\u00e4litt\u00f6m\u00e4sti meille ja kertomaan, millaisesta ongelmasta on kyse.<\/p>\n<p>Tiepalvelussa ty\u00f6skentelev\u00e4t kokeneet asiakaspalvelijamme ottavat asian hoitaakseen ja kertovat, miten ongelmatilanne voidaan ratkaista niin pian kuin mahdollista. Saatavilla on aina p\u00e4ivyst\u00e4v\u00e4 mekaanikko sek\u00e4 korvaavia sijaisajoneuvoja.<\/p>\n<p>Pyyd\u00e4mme, ett\u00e4 noudatat tiepalvelun antamia ohjeita ja suosituksia. N\u00e4iden ohjeiden vastainen toiminta saattaa ev\u00e4t\u00e4 oikeuden korvauksen hakemiseen my\u00f6hemmin. On eritt\u00e4in t\u00e4rke\u00e4\u00e4 pit\u00e4\u00e4 meid\u00e4t ajan tasalla, jotta voisimme olla avuksesi.<\/p>\n            <\/div>\r\n            <div class=\"image-container reveal image-high\">\r\n                <img decoding=\"async\" src=\"https:\/\/www.touringcars.com\/wp-content\/uploads\/2025\/02\/christoph-grabietz-unsplash-norway-atlantic-road.jpg-525x300.webp\" srcset=\"https:\/\/www.touringcars.com\/wp-content\/uploads\/2025\/02\/christoph-grabietz-unsplash-norway-atlantic-road.jpg-300x171.webp 300w, https:\/\/www.touringcars.com\/wp-content\/uploads\/2025\/02\/christoph-grabietz-unsplash-norway-atlantic-road.jpg-1024x585.webp 1024w, https:\/\/www.touringcars.com\/wp-content\/uploads\/2025\/02\/christoph-grabietz-unsplash-norway-atlantic-road.jpg-768x439.webp 768w, https:\/\/www.touringcars.com\/wp-content\/uploads\/2025\/02\/christoph-grabietz-unsplash-norway-atlantic-road.jpg-1038x593.webp 1038w, https:\/\/www.touringcars.com\/wp-content\/uploads\/2025\/02\/christoph-grabietz-unsplash-norway-atlantic-road.jpg-714x408.webp 714w, https:\/\/www.touringcars.com\/wp-content\/uploads\/2025\/02\/christoph-grabietz-unsplash-norway-atlantic-road.jpg-525x300.webp 525w, https:\/\/www.touringcars.com\/wp-content\/uploads\/2025\/02\/christoph-grabietz-unsplash-norway-atlantic-road.jpg.webp 1400w\" alt=\"christoph-grabietz-unsplash-norway-atlantic-road.jpg\" width=\"1400\" height=\"800\">            <\/div>\r\n        <\/div>\r\n    <\/div>\r\n<\/section>\n\n<section class=\"block block-textimage\">\r\n    <div class=\"container\">\r\n        <div class=\"content-row image-placement-right\">\r\n            <div class=\"content-container reveal\">\r\n                <h3>Lapset matkailuautossa<\/h3><p><span style=\"font-weight: 400\">Teemme kaikkemme sen varmistamiseksi, ett\u00e4 lastesi on mahdollista kokea turvallinen seikkailu matkailuautolla. Kaikkien matkustajien tulee istua turvav\u00f6ihin kiinnitettyin\u00e4 auto ollessa liikkeess\u00e4. <\/span><\/p>\n<p>Alle 135 cm pitkien lasten tulee k\u00e4ytt\u00e4\u00e4 asianmukaisia \u200b\u200blasten turvalaitteita:<\/p>\n<ul>\n<li style=\"font-weight: 400\">Alle 3-vuotiaiden lasten tulee k\u00e4ytt\u00e4\u00e4 turvaistuinta.<\/li>\n<li style=\"font-weight: 400\">3-vuotiaiden ja alle 135 cm pitkien lasten tulee k\u00e4ytt\u00e4\u00e4 lastenistuinta.<\/li>\n<\/ul>\n<p>Alan johtavien valmistajien malleja olevissa uusissa matkailuautoissamme on viimeisimm\u00e4t turvavarusteet, kuten turvatyynyt etuistuimilla. Turvaistuinta, jossa lapsi istuu selk\u00e4 menosuuntaan, ei turvatyynyjen takia tule k\u00e4ytt\u00e4\u00e4 etuistuimella.<\/p>\n<p><span style=\"font-weight: 400\">Touring Carsin toimipisteelt\u00e4 on mahdollista vuokrata istuimia saatavuuden sen salliessa. Asiakas itse kiinnitt\u00e4\u00e4 turvaistuimen autoon. Suosittelemme, ett\u00e4 kaikki alle 12-vuotiaat tai lapset alle 135 cm matkustavat aina turvaistuimessa, p\u00f6yt\u00e4ryhm\u00e4n turvav\u00f6iss\u00e4.<\/span><\/p>\n            <\/div>\r\n            <div class=\"image-container reveal image-high\">\r\n                <img decoding=\"async\" src=\"https:\/\/www.touringcars.com\/wp-content\/uploads\/2023\/09\/carado-imagebank-data_VE_Semi-Integrated_T447_IT_2024_0113_20-31-41_WEB.jpg\" srcset=\"\" alt=\"_carado-imagebank-data_VE_Semi-Integrated_T447_IT_2024_0113_20-31-41_WEB\" width=\"0\" height=\"0\">            <\/div>\r\n        <\/div>\r\n    <\/div>\r\n<\/section>\n\n<section class=\"block block-textimage\">\r\n    <div class=\"container\">\r\n        <div class=\"content-row image-placement-left\">\r\n            <div class=\"content-container reveal\">\r\n                <h3>Matkatavarat<\/h3><p>Useimmissa matkailuautomalleissa on runsaasti tilaa matkalaukuille, mutta suosittelemme, ett\u00e4 kovapintaisten laukkujen sijasta k\u00e4ytt\u00e4isit pehmeit\u00e4 matkalaukkuja, sill\u00e4 niiden varastointi matkatavaralokeroissa on huomattavasti helpompaa. Monissa toimipisteiss\u00e4 voimme my\u00f6s s\u00e4ilytt\u00e4\u00e4 tyhji\u00e4 matkalaukkujasi sill\u00e4 v\u00e4lin, kun olet matkalla. Tarkistathan t\u00e4m\u00e4n etuk\u00e4teen <a href=\"https:\/\/www.touringcars.com\/fi\/yhteystiedot\/\">kansainv\u00e4listest\u00e4 myyntitoimistostamme<\/a>.<\/p>\n            <\/div>\r\n            <div class=\"image-container reveal\">\r\n                <div class=\"glide image-slider\" data-uid=\"69f45eb51aba5\"><div class=\"glide__track\" data-glide-el=\"track\"><ul class=\"glide__slides\"><li class=\"glide__slide\"><img decoding=\"async\" src=\"https:\/\/www.touringcars.com\/wp-content\/uploads\/2025\/05\/carado-imagebank-data_VE_Van_V337_IT_2024_0079_21-31-41_WEB-574x383.jpg\" srcset=\"https:\/\/www.touringcars.com\/wp-content\/uploads\/2025\/05\/carado-imagebank-data_VE_Van_V337_IT_2024_0079_21-31-41_WEB-300x200.jpg 300w, https:\/\/www.touringcars.com\/wp-content\/uploads\/2025\/05\/carado-imagebank-data_VE_Van_V337_IT_2024_0079_21-31-41_WEB-1024x683.jpg 1024w, https:\/\/www.touringcars.com\/wp-content\/uploads\/2025\/05\/carado-imagebank-data_VE_Van_V337_IT_2024_0079_21-31-41_WEB-768x512.jpg 768w, https:\/\/www.touringcars.com\/wp-content\/uploads\/2025\/05\/carado-imagebank-data_VE_Van_V337_IT_2024_0079_21-31-41_WEB-1536x1025.jpg 1536w, https:\/\/www.touringcars.com\/wp-content\/uploads\/2025\/05\/carado-imagebank-data_VE_Van_V337_IT_2024_0079_21-31-41_WEB-1920x1281.jpg 1920w, https:\/\/www.touringcars.com\/wp-content\/uploads\/2025\/05\/carado-imagebank-data_VE_Van_V337_IT_2024_0079_21-31-41_WEB-889x593.jpg 889w, https:\/\/www.touringcars.com\/wp-content\/uploads\/2025\/05\/carado-imagebank-data_VE_Van_V337_IT_2024_0079_21-31-41_WEB-714x476.jpg 714w, https:\/\/www.touringcars.com\/wp-content\/uploads\/2025\/05\/carado-imagebank-data_VE_Van_V337_IT_2024_0079_21-31-41_WEB-574x383.jpg 574w, https:\/\/www.touringcars.com\/wp-content\/uploads\/2025\/05\/carado-imagebank-data_VE_Van_V337_IT_2024_0079_21-31-41_WEB-367x245.jpg 367w, https:\/\/www.touringcars.com\/wp-content\/uploads\/2025\/05\/carado-imagebank-data_VE_Van_V337_IT_2024_0079_21-31-41_WEB.jpg 2048w\" alt=\"_carado-imagebank-data_VE_Van_V337_IT_2024_0079_21-31-41_WEB\"><\/li><li class=\"glide__slide\"><img decoding=\"async\" src=\"https:\/\/www.touringcars.com\/wp-content\/uploads\/2022\/09\/carado-imagebank-data_VE_Semi-Integrated_T447_PI_2024_0118_21-31-41_WEB-383x574.jpg\" srcset=\"https:\/\/www.touringcars.com\/wp-content\/uploads\/2022\/09\/carado-imagebank-data_VE_Semi-Integrated_T447_PI_2024_0118_21-31-41_WEB-200x300.jpg 200w, https:\/\/www.touringcars.com\/wp-content\/uploads\/2022\/09\/carado-imagebank-data_VE_Semi-Integrated_T447_PI_2024_0118_21-31-41_WEB-683x1024.jpg 683w, https:\/\/www.touringcars.com\/wp-content\/uploads\/2022\/09\/carado-imagebank-data_VE_Semi-Integrated_T447_PI_2024_0118_21-31-41_WEB-768x1152.jpg 768w, https:\/\/www.touringcars.com\/wp-content\/uploads\/2022\/09\/carado-imagebank-data_VE_Semi-Integrated_T447_PI_2024_0118_21-31-41_WEB-1024x1536.jpg 1024w, https:\/\/www.touringcars.com\/wp-content\/uploads\/2022\/09\/carado-imagebank-data_VE_Semi-Integrated_T447_PI_2024_0118_21-31-41_WEB-1365x2048.jpg 1365w, https:\/\/www.touringcars.com\/wp-content\/uploads\/2022\/09\/carado-imagebank-data_VE_Semi-Integrated_T447_PI_2024_0118_21-31-41_WEB-1280x1920.jpg 1280w, https:\/\/www.touringcars.com\/wp-content\/uploads\/2022\/09\/carado-imagebank-data_VE_Semi-Integrated_T447_PI_2024_0118_21-31-41_WEB-395x593.jpg 395w, https:\/\/www.touringcars.com\/wp-content\/uploads\/2022\/09\/carado-imagebank-data_VE_Semi-Integrated_T447_PI_2024_0118_21-31-41_WEB-354x531.jpg 354w, https:\/\/www.touringcars.com\/wp-content\/uploads\/2022\/09\/carado-imagebank-data_VE_Semi-Integrated_T447_PI_2024_0118_21-31-41_WEB-383x574.jpg 383w, https:\/\/www.touringcars.com\/wp-content\/uploads\/2022\/09\/carado-imagebank-data_VE_Semi-Integrated_T447_PI_2024_0118_21-31-41_WEB-scaled.jpg 1707w\" alt=\"_carado-imagebank-data_VE_Semi-Integrated_T447_PI_2024_0118_21-31-41_WEB\"><\/li><\/ul><\/div><div class=\"glide__controls\"><div class=\"glide__arrows\" data-glide-el=\"controls\"><span class=\"glide__arrow glide__arrow--left\" aria-label=\"Vasen\" data-glide-dir=\"<\"><\/span><span class=\"glide__arrow glide__arrow--right\" aria-label=\"Oikea\" data-glide-dir=\">&#8221;><\/span><\/div><div class=\"glide__bullets\" data-glide-el=\"controls[nav]\"><span class=\"glide__bullet\" data-glide-dir=\"=0\" data-parent-uid=\"69f45eb51aba5\"><\/span><span class=\"glide__bullet\" data-glide-dir=\"=1\" data-parent-uid=\"69f45eb51aba5\"><\/span><\/div><\/div><\/div>            <\/div>\r\n        <\/div>\r\n    <\/div>\r\n<\/section>\n\n<section class=\"block block-textimage\">\r\n    <div class=\"container\">\r\n        <div class=\"content-row image-placement-right\">\r\n            <div class=\"content-container reveal\">\r\n                <h3>Talviolosuhteet<\/h3><p>Touring Carsin matkailuautolla voit matkustaa ymp\u00e4ri vuoden. Jotta pakkanen ei aiheuttaisi vahinkoja autolle, on t\u00e4rke\u00e4\u00e4 pit\u00e4\u00e4 auton l\u00e4mmitys p\u00e4\u00e4ll\u00e4 ja huolehtia siit\u00e4, ett\u00e4 auto pysyy l\u00e4mpim\u00e4n\u00e4 kaiken aikaa. Erityisesti vesis\u00e4ili\u00f6 ja -putkisto saattaisivat muutoin k\u00e4rsi\u00e4 vahinkoja pakkasl\u00e4mp\u00f6tiloissa.<\/p>\n<p>Annamme lis\u00e4tietoja ja perehdyt\u00e4mme auton k\u00e4ytt\u00f6\u00f6n talviolosuhteissa, kun tulet noutamaan autoa.<\/p>\n<p>Vuokrahinnat sis\u00e4lt\u00e4v\u00e4t aina talvirenkaat. Toimipisteet varmistavat, ett\u00e4 autoissa on oikeanlaiset renkaat huomioiden vallitsevat olosuhteet ja paikallisen lains\u00e4\u00e4d\u00e4nn\u00f6n.<\/p>\n            <\/div>\r\n            <div class=\"image-container reveal image-high\">\r\n                <img decoding=\"async\" src=\"https:\/\/www.touringcars.com\/wp-content\/uploads\/2022\/09\/YAN20KRUKOV20WINTER-450x300.jpg\" srcset=\"https:\/\/www.touringcars.com\/wp-content\/uploads\/2022\/09\/YAN20KRUKOV20WINTER-300x200.jpg 300w, https:\/\/www.touringcars.com\/wp-content\/uploads\/2022\/09\/YAN20KRUKOV20WINTER-1024x683.jpg 1024w, https:\/\/www.touringcars.com\/wp-content\/uploads\/2022\/09\/YAN20KRUKOV20WINTER-768x512.jpg 768w, https:\/\/www.touringcars.com\/wp-content\/uploads\/2022\/09\/YAN20KRUKOV20WINTER-889x593.jpg 889w, https:\/\/www.touringcars.com\/wp-content\/uploads\/2022\/09\/YAN20KRUKOV20WINTER-714x476.jpg 714w, https:\/\/www.touringcars.com\/wp-content\/uploads\/2022\/09\/YAN20KRUKOV20WINTER-450x300.jpg 450w, https:\/\/www.touringcars.com\/wp-content\/uploads\/2022\/09\/YAN20KRUKOV20WINTER-367x245.jpg 367w, https:\/\/www.touringcars.com\/wp-content\/uploads\/2022\/09\/YAN20KRUKOV20WINTER.jpg 1090w\" alt=\"YAN20KRUKOV20WINTER\" width=\"1090\" height=\"727\">            <\/div>\r\n        <\/div>\r\n    <\/div>\r\n<\/section>\n\n<section class=\"block block-textimage\">\r\n    <div class=\"container\">\r\n        <div class=\"content-row image-placement-left\">\r\n            <div class=\"content-container reveal\">\r\n                <h3>Ongelmat ja viat<\/h3><p>Jotta lomasi olisi turvallinen ja huoleton, tarjoamme kattavan ajoneuvon perehdytyksen, tekniset ohjeet sek\u00e4 24\/7 tiepalvelun. Asiakkaan velvollisuus on kuitenkin huolehtia matkailuautosta hyvin ja ajaa varovaisesti. Vuokrauksen aikana sinun tulee seurata ajoneuvon kuntoa, tarkistaa moottori\u00f6ljy, nesteet ja j\u00e4\u00e4hdytinneste jokaisen tankkauksen yhteydess\u00e4 sek\u00e4 ilmoittaa v\u00e4litt\u00f6m\u00e4sti mahdollisista mekaanisista vioista ja teknisist\u00e4 h\u00e4iri\u00f6ist\u00e4. Kaikkia tukitiimimme ohjeita ja suosituksia on noudatettava.<\/p>\n<p>Jos ajoneuvo rikkoutuu ja on korjattavana v\u00e4hint\u00e4\u00e4n 24 tuntia ilman asiakkaan omaa syyt\u00e4, vastuumme rajoittuu vuokrahinnan palauttamiseen p\u00e4iv\u00e4hinnan tai sen osan mukaisesti. Sinun tulee vied\u00e4 ajoneuvo l\u00e4himp\u00e4\u00e4n korjauspaikkaan, jonka tiepalvelumme ohjeistaa.<\/p>\n            <\/div>\r\n            <div class=\"image-container reveal image-high\">\r\n                <img decoding=\"async\" src=\"https:\/\/www.touringcars.com\/wp-content\/uploads\/2025\/01\/carado-imagebank-data_OTZ_Camper-Van_CV600_PI_2024_0084_21-31-41_WEB-574x383.jpg\" srcset=\"https:\/\/www.touringcars.com\/wp-content\/uploads\/2025\/01\/carado-imagebank-data_OTZ_Camper-Van_CV600_PI_2024_0084_21-31-41_WEB-300x200.jpg 300w, https:\/\/www.touringcars.com\/wp-content\/uploads\/2025\/01\/carado-imagebank-data_OTZ_Camper-Van_CV600_PI_2024_0084_21-31-41_WEB-1024x683.jpg 1024w, https:\/\/www.touringcars.com\/wp-content\/uploads\/2025\/01\/carado-imagebank-data_OTZ_Camper-Van_CV600_PI_2024_0084_21-31-41_WEB-768x512.jpg 768w, https:\/\/www.touringcars.com\/wp-content\/uploads\/2025\/01\/carado-imagebank-data_OTZ_Camper-Van_CV600_PI_2024_0084_21-31-41_WEB-1536x1024.jpg 1536w, https:\/\/www.touringcars.com\/wp-content\/uploads\/2025\/01\/carado-imagebank-data_OTZ_Camper-Van_CV600_PI_2024_0084_21-31-41_WEB-2048x1365.jpg 2048w, https:\/\/www.touringcars.com\/wp-content\/uploads\/2025\/01\/carado-imagebank-data_OTZ_Camper-Van_CV600_PI_2024_0084_21-31-41_WEB-1920x1280.jpg 1920w, https:\/\/www.touringcars.com\/wp-content\/uploads\/2025\/01\/carado-imagebank-data_OTZ_Camper-Van_CV600_PI_2024_0084_21-31-41_WEB-890x593.jpg 890w, https:\/\/www.touringcars.com\/wp-content\/uploads\/2025\/01\/carado-imagebank-data_OTZ_Camper-Van_CV600_PI_2024_0084_21-31-41_WEB-714x476.jpg 714w, https:\/\/www.touringcars.com\/wp-content\/uploads\/2025\/01\/carado-imagebank-data_OTZ_Camper-Van_CV600_PI_2024_0084_21-31-41_WEB-574x383.jpg 574w, https:\/\/www.touringcars.com\/wp-content\/uploads\/2025\/01\/carado-imagebank-data_OTZ_Camper-Van_CV600_PI_2024_0084_21-31-41_WEB-367x245.jpg 367w\" alt=\"_carado-imagebank-data_OTZ_Camper-Van_CV600_PI_2024_0084_21-31-41_WEB\" width=\"2560\" height=\"1707\">            <\/div>\r\n        <\/div>\r\n    <\/div>\r\n<\/section>\n\n<section class=\"block block-textimage\">\r\n    <div class=\"container\">\r\n        <div class=\"content-row image-placement-right\">\r\n            <div class=\"content-container reveal\">\r\n                <h3>Vahingot<\/h3><p><span style=\"font-weight: 400\">Vahingon sattuessa ilmoita siit\u00e4 v\u00e4litt\u00f6m\u00e4sti matkailuauton vuokrausasemallesi. Jos onnettomuuteen liittyy muita osapuolia, varmista, ett\u00e4 t\u00e4yt\u00e4t vakuutuslomakkeen allekirjoituksineen sek\u00e4 hankit poliisiraportin, jos se on saatavilla.<\/span><\/p>\n<p>V\u00e4ltt\u00e4\u00e4ksesi t\u00e4llaisia ik\u00e4vi\u00e4 tilanteita, tutustu <a href=\"https:\/\/touringcars.com\/en\/motorhome-rental-info\/reservation\/\">Varaa matkailuautosi<\/a> -sivuun, josta l\u00f6yd\u00e4t kattavan kuvauksen varausprosessista sek\u00e4 esimerkiksi vakuutusvaihtoehdoista.<\/p>\n<div class=\"buttons\"><a href=\"\" class=\"btn\" target=\"_blank\" rel=\"noopener noreferrer\">Varaa matkailuautosi<\/a><\/div>            <\/div>\r\n            <div class=\"image-container reveal image-high\">\r\n                <img decoding=\"async\" src=\"https:\/\/www.touringcars.com\/wp-content\/uploads\/2025\/05\/carado-imagebank-data_VE_Camper-Van_CV600_PI_2025_1272_21-31-41_WEB-574x383.jpg\" srcset=\"https:\/\/www.touringcars.com\/wp-content\/uploads\/2025\/05\/carado-imagebank-data_VE_Camper-Van_CV600_PI_2025_1272_21-31-41_WEB-300x200.jpg 300w, https:\/\/www.touringcars.com\/wp-content\/uploads\/2025\/05\/carado-imagebank-data_VE_Camper-Van_CV600_PI_2025_1272_21-31-41_WEB-1024x683.jpg 1024w, https:\/\/www.touringcars.com\/wp-content\/uploads\/2025\/05\/carado-imagebank-data_VE_Camper-Van_CV600_PI_2025_1272_21-31-41_WEB-768x512.jpg 768w, https:\/\/www.touringcars.com\/wp-content\/uploads\/2025\/05\/carado-imagebank-data_VE_Camper-Van_CV600_PI_2025_1272_21-31-41_WEB-1536x1024.jpg 1536w, https:\/\/www.touringcars.com\/wp-content\/uploads\/2025\/05\/carado-imagebank-data_VE_Camper-Van_CV600_PI_2025_1272_21-31-41_WEB-890x593.jpg 890w, https:\/\/www.touringcars.com\/wp-content\/uploads\/2025\/05\/carado-imagebank-data_VE_Camper-Van_CV600_PI_2025_1272_21-31-41_WEB-714x476.jpg 714w, https:\/\/www.touringcars.com\/wp-content\/uploads\/2025\/05\/carado-imagebank-data_VE_Camper-Van_CV600_PI_2025_1272_21-31-41_WEB-574x383.jpg 574w, https:\/\/www.touringcars.com\/wp-content\/uploads\/2025\/05\/carado-imagebank-data_VE_Camper-Van_CV600_PI_2025_1272_21-31-41_WEB-367x245.jpg 367w, https:\/\/www.touringcars.com\/wp-content\/uploads\/2025\/05\/carado-imagebank-data_VE_Camper-Van_CV600_PI_2025_1272_21-31-41_WEB.jpg 1800w\" alt=\"_carado-imagebank-data_VE_Camper-Van_CV600_PI_2025_1272_21-31-41_WEB\" width=\"1800\" height=\"1200\">            <\/div>\r\n        <\/div>\r\n    <\/div>\r\n<\/section>\n\n<section class=\"block block-postsslider style-small\">\r\n    <div class=\"container reveal\">\r\n        <div class=\"glide articles-slider\" data-uid=\"69f45eb520e56\"><div class=\"glide__track\" data-glide-el=\"track\"><ul class=\"glide__slides\"><li class=\"glide__slide\"><article class=\"article reveal\"><div class=\"image-container\"><a href=\"https:\/\/www.touringcars.com\/fi\/vuokrausopas\/ukk\/\"><img decoding=\"async\" src=\"https:\/\/www.touringcars.com\/wp-content\/uploads\/2025\/02\/carado-imagebank-data_VE_Camper-Van_CV640_PI_2024_0140_21-31-41_web-450x300.jpg\" srcset=\"https:\/\/www.touringcars.com\/wp-content\/uploads\/2025\/02\/carado-imagebank-data_VE_Camper-Van_CV640_PI_2024_0140_21-31-41_web-300x200.jpg 300w, https:\/\/www.touringcars.com\/wp-content\/uploads\/2025\/02\/carado-imagebank-data_VE_Camper-Van_CV640_PI_2024_0140_21-31-41_web-1024x682.jpg 1024w, https:\/\/www.touringcars.com\/wp-content\/uploads\/2025\/02\/carado-imagebank-data_VE_Camper-Van_CV640_PI_2024_0140_21-31-41_web-768x512.jpg 768w, https:\/\/www.touringcars.com\/wp-content\/uploads\/2025\/02\/carado-imagebank-data_VE_Camper-Van_CV640_PI_2024_0140_21-31-41_web-1536x1024.jpg 1536w, https:\/\/www.touringcars.com\/wp-content\/uploads\/2025\/02\/carado-imagebank-data_VE_Camper-Van_CV640_PI_2024_0140_21-31-41_web-2048x1365.jpg 2048w, https:\/\/www.touringcars.com\/wp-content\/uploads\/2025\/02\/carado-imagebank-data_VE_Camper-Van_CV640_PI_2024_0140_21-31-41_web-890x593.jpg 890w, https:\/\/www.touringcars.com\/wp-content\/uploads\/2025\/02\/carado-imagebank-data_VE_Camper-Van_CV640_PI_2024_0140_21-31-41_web-714x476.jpg 714w, https:\/\/www.touringcars.com\/wp-content\/uploads\/2025\/02\/carado-imagebank-data_VE_Camper-Van_CV640_PI_2024_0140_21-31-41_web-450x300.jpg 450w, https:\/\/www.touringcars.com\/wp-content\/uploads\/2025\/02\/carado-imagebank-data_VE_Camper-Van_CV640_PI_2024_0140_21-31-41_web-367x245.jpg 367w\" alt=\"UKK\"><\/a><\/div><div class=\"content-container\"><h3><a href=\"https:\/\/www.touringcars.com\/fi\/vuokrausopas\/ukk\/\">UKK<\/a><\/h3><\/div><\/article><\/li><li class=\"glide__slide\"><article class=\"article reveal\"><div class=\"image-container\"><a href=\"https:\/\/www.touringcars.com\/fi\/vuokrausopas\/matkailuauton-varaaminen\/\"><img decoding=\"async\" src=\"https:\/\/www.touringcars.com\/wp-content\/uploads\/2023\/01\/family-pexels-forest-outdoors-1-558x293.jpg\" srcset=\"https:\/\/www.touringcars.com\/wp-content\/uploads\/2023\/01\/family-pexels-forest-outdoors-1-300x158.jpg 300w, https:\/\/www.touringcars.com\/wp-content\/uploads\/2023\/01\/family-pexels-forest-outdoors-1-1024x538.jpg 1024w, https:\/\/www.touringcars.com\/wp-content\/uploads\/2023\/01\/family-pexels-forest-outdoors-1-768x403.jpg 768w, https:\/\/www.touringcars.com\/wp-content\/uploads\/2023\/01\/family-pexels-forest-outdoors-1-1130x593.jpg 1130w, https:\/\/www.touringcars.com\/wp-content\/uploads\/2023\/01\/family-pexels-forest-outdoors-1-714x375.jpg 714w, https:\/\/www.touringcars.com\/wp-content\/uploads\/2023\/01\/family-pexels-forest-outdoors-1-558x293.jpg 558w, https:\/\/www.touringcars.com\/wp-content\/uploads\/2023\/01\/family-pexels-forest-outdoors-1.jpg 1200w\" alt=\"Matkailuauton varaaminen\"><\/a><\/div><div class=\"content-container\"><h3><a href=\"https:\/\/www.touringcars.com\/fi\/vuokrausopas\/matkailuauton-varaaminen\/\">Matkailuauton varaaminen<\/a><\/h3><\/div><\/article><\/li><li class=\"glide__slide\"><article class=\"article reveal\"><div class=\"image-container\"><a href=\"https:\/\/www.touringcars.com\/fi\/vuokrausopas\/ennen-matkailuauton-noutoa\/\"><img decoding=\"async\" src=\"https:\/\/www.touringcars.com\/wp-content\/uploads\/2023\/10\/pnw-production-pexels-motorhome-dog-pet-450x300.jpg\" srcset=\"https:\/\/www.touringcars.com\/wp-content\/uploads\/2023\/10\/pnw-production-pexels-motorhome-dog-pet-300x200.jpg 300w, https:\/\/www.touringcars.com\/wp-content\/uploads\/2023\/10\/pnw-production-pexels-motorhome-dog-pet-1024x683.jpg 1024w, https:\/\/www.touringcars.com\/wp-content\/uploads\/2023\/10\/pnw-production-pexels-motorhome-dog-pet-768x512.jpg 768w, https:\/\/www.touringcars.com\/wp-content\/uploads\/2023\/10\/pnw-production-pexels-motorhome-dog-pet-889x593.jpg 889w, https:\/\/www.touringcars.com\/wp-content\/uploads\/2023\/10\/pnw-production-pexels-motorhome-dog-pet-714x476.jpg 714w, https:\/\/www.touringcars.com\/wp-content\/uploads\/2023\/10\/pnw-production-pexels-motorhome-dog-pet-450x300.jpg 450w, https:\/\/www.touringcars.com\/wp-content\/uploads\/2023\/10\/pnw-production-pexels-motorhome-dog-pet-367x245.jpg 367w, https:\/\/www.touringcars.com\/wp-content\/uploads\/2023\/10\/pnw-production-pexels-motorhome-dog-pet.jpg 1090w\" alt=\"Ennen noutoa\"><\/a><\/div><div class=\"content-container\"><h3><a href=\"https:\/\/www.touringcars.com\/fi\/vuokrausopas\/ennen-matkailuauton-noutoa\/\">Ennen noutoa<\/a><\/h3><\/div><\/article><\/li><li class=\"glide__slide\"><article class=\"article reveal\"><div class=\"image-container\"><a href=\"https:\/\/www.touringcars.com\/fi\/vuokrausopas\/tien-paalla\/\"><img decoding=\"async\" src=\"https:\/\/www.touringcars.com\/wp-content\/uploads\/2025\/01\/carado-imagebank-data_VE_Semi-Integrated_T338_PI_2024_0038_21-31-41_WEB-574x383.jpg\" srcset=\"https:\/\/www.touringcars.com\/wp-content\/uploads\/2025\/01\/carado-imagebank-data_VE_Semi-Integrated_T338_PI_2024_0038_21-31-41_WEB-300x200.jpg 300w, https:\/\/www.touringcars.com\/wp-content\/uploads\/2025\/01\/carado-imagebank-data_VE_Semi-Integrated_T338_PI_2024_0038_21-31-41_WEB-1024x683.jpg 1024w, https:\/\/www.touringcars.com\/wp-content\/uploads\/2025\/01\/carado-imagebank-data_VE_Semi-Integrated_T338_PI_2024_0038_21-31-41_WEB-768x512.jpg 768w, https:\/\/www.touringcars.com\/wp-content\/uploads\/2025\/01\/carado-imagebank-data_VE_Semi-Integrated_T338_PI_2024_0038_21-31-41_WEB-1536x1024.jpg 1536w, https:\/\/www.touringcars.com\/wp-content\/uploads\/2025\/01\/carado-imagebank-data_VE_Semi-Integrated_T338_PI_2024_0038_21-31-41_WEB-2048x1366.jpg 2048w, https:\/\/www.touringcars.com\/wp-content\/uploads\/2025\/01\/carado-imagebank-data_VE_Semi-Integrated_T338_PI_2024_0038_21-31-41_WEB-1920x1281.jpg 1920w, https:\/\/www.touringcars.com\/wp-content\/uploads\/2025\/01\/carado-imagebank-data_VE_Semi-Integrated_T338_PI_2024_0038_21-31-41_WEB-889x593.jpg 889w, https:\/\/www.touringcars.com\/wp-content\/uploads\/2025\/01\/carado-imagebank-data_VE_Semi-Integrated_T338_PI_2024_0038_21-31-41_WEB-714x476.jpg 714w, https:\/\/www.touringcars.com\/wp-content\/uploads\/2025\/01\/carado-imagebank-data_VE_Semi-Integrated_T338_PI_2024_0038_21-31-41_WEB-574x383.jpg 574w, https:\/\/www.touringcars.com\/wp-content\/uploads\/2025\/01\/carado-imagebank-data_VE_Semi-Integrated_T338_PI_2024_0038_21-31-41_WEB-367x245.jpg 367w\" alt=\"Tien p\u00e4\u00e4ll\u00e4\"><\/a><\/div><div class=\"content-container\"><h3><a href=\"https:\/\/www.touringcars.com\/fi\/vuokrausopas\/tien-paalla\/\">Tien p\u00e4\u00e4ll\u00e4<\/a><\/h3><\/div><\/article><\/li><li class=\"glide__slide\"><article class=\"article reveal\"><div class=\"image-container\"><a href=\"https:\/\/www.touringcars.com\/fi\/vuokrausopas\/palautus\/\"><img decoding=\"async\" src=\"https:\/\/www.touringcars.com\/wp-content\/uploads\/2022\/08\/good-feelings-herbapatistyle-450x300.jpg\" srcset=\"https:\/\/www.touringcars.com\/wp-content\/uploads\/2022\/08\/good-feelings-herbapatistyle-300x200.jpg 300w, https:\/\/www.touringcars.com\/wp-content\/uploads\/2022\/08\/good-feelings-herbapatistyle-1024x682.jpg 1024w, https:\/\/www.touringcars.com\/wp-content\/uploads\/2022\/08\/good-feelings-herbapatistyle-768x512.jpg 768w, https:\/\/www.touringcars.com\/wp-content\/uploads\/2022\/08\/good-feelings-herbapatistyle-1536x1024.jpg 1536w, https:\/\/www.touringcars.com\/wp-content\/uploads\/2022\/08\/good-feelings-herbapatistyle-890x593.jpg 890w, https:\/\/www.touringcars.com\/wp-content\/uploads\/2022\/08\/good-feelings-herbapatistyle-714x476.jpg 714w, https:\/\/www.touringcars.com\/wp-content\/uploads\/2022\/08\/good-feelings-herbapatistyle-450x300.jpg 450w, https:\/\/www.touringcars.com\/wp-content\/uploads\/2022\/08\/good-feelings-herbapatistyle-367x245.jpg 367w, https:\/\/www.touringcars.com\/wp-content\/uploads\/2022\/08\/good-feelings-herbapatistyle.jpg 2000w\" alt=\"Ajoneuvon palautus\"><\/a><\/div><div class=\"content-container\"><h3><a href=\"https:\/\/www.touringcars.com\/fi\/vuokrausopas\/palautus\/\">Ajoneuvon palautus<\/a><\/h3><\/div><\/article><\/li><li class=\"glide__slide\"><article class=\"article reveal\"><div class=\"image-container\"><a href=\"https:\/\/www.touringcars.com\/fi\/lomavarauksen-peruutusehdot\/\"><img decoding=\"async\" src=\"https:\/\/www.touringcars.com\/wp-content\/uploads\/2025\/02\/carado-imagebank-data_VE_Camper-Van_CV600_PI_2024_0257_21-31-41_web-2-200x300.jpg\" srcset=\"https:\/\/www.touringcars.com\/wp-content\/uploads\/2025\/02\/carado-imagebank-data_VE_Camper-Van_CV600_PI_2024_0257_21-31-41_web-2-200x300.jpg 200w, https:\/\/www.touringcars.com\/wp-content\/uploads\/2025\/02\/carado-imagebank-data_VE_Camper-Van_CV600_PI_2024_0257_21-31-41_web-2-682x1024.jpg 682w, https:\/\/www.touringcars.com\/wp-content\/uploads\/2025\/02\/carado-imagebank-data_VE_Camper-Van_CV600_PI_2024_0257_21-31-41_web-2-768x1153.jpg 768w, https:\/\/www.touringcars.com\/wp-content\/uploads\/2025\/02\/carado-imagebank-data_VE_Camper-Van_CV600_PI_2024_0257_21-31-41_web-2-1024x1536.jpg 1024w, https:\/\/www.touringcars.com\/wp-content\/uploads\/2025\/02\/carado-imagebank-data_VE_Camper-Van_CV600_PI_2024_0257_21-31-41_web-2-1365x2048.jpg 1365w, https:\/\/www.touringcars.com\/wp-content\/uploads\/2025\/02\/carado-imagebank-data_VE_Camper-Van_CV600_PI_2024_0257_21-31-41_web-2-395x593.jpg 395w, https:\/\/www.touringcars.com\/wp-content\/uploads\/2025\/02\/carado-imagebank-data_VE_Camper-Van_CV600_PI_2024_0257_21-31-41_web-2-354x531.jpg 354w, https:\/\/www.touringcars.com\/wp-content\/uploads\/2025\/02\/carado-imagebank-data_VE_Camper-Van_CV600_PI_2024_0257_21-31-41_web-2.jpg 1466w\" alt=\"Varauksen peruutus\"><\/a><\/div><div class=\"content-container\"><h3><a href=\"https:\/\/www.touringcars.com\/fi\/lomavarauksen-peruutusehdot\/\">Varauksen peruutus<\/a><\/h3><\/div><\/article><\/li><li class=\"glide__slide\"><article class=\"article reveal\"><div class=\"image-container\"><a href=\"https:\/\/www.touringcars.com\/fi\/vuokrausopas\/lisapalvelut\/\"><img decoding=\"async\" src=\"https:\/\/www.touringcars.com\/wp-content\/uploads\/2025\/02\/VantanaHobby_0025_PRESSE-450x300.jpg\" srcset=\"https:\/\/www.touringcars.com\/wp-content\/uploads\/2025\/02\/VantanaHobby_0025_PRESSE-300x200.jpg 300w, https:\/\/www.touringcars.com\/wp-content\/uploads\/2025\/02\/VantanaHobby_0025_PRESSE-1024x683.jpg 1024w, https:\/\/www.touringcars.com\/wp-content\/uploads\/2025\/02\/VantanaHobby_0025_PRESSE-768x512.jpg 768w, https:\/\/www.touringcars.com\/wp-content\/uploads\/2025\/02\/VantanaHobby_0025_PRESSE-1536x1024.jpg 1536w, https:\/\/www.touringcars.com\/wp-content\/uploads\/2025\/02\/VantanaHobby_0025_PRESSE-2048x1366.jpg 2048w, https:\/\/www.touringcars.com\/wp-content\/uploads\/2025\/02\/VantanaHobby_0025_PRESSE-889x593.jpg 889w, https:\/\/www.touringcars.com\/wp-content\/uploads\/2025\/02\/VantanaHobby_0025_PRESSE-714x476.jpg 714w, https:\/\/www.touringcars.com\/wp-content\/uploads\/2025\/02\/VantanaHobby_0025_PRESSE-450x300.jpg 450w, https:\/\/www.touringcars.com\/wp-content\/uploads\/2025\/02\/VantanaHobby_0025_PRESSE-367x245.jpg 367w\" alt=\"Lis\u00e4palvelut\"><\/a><\/div><div class=\"content-container\"><h3><a href=\"https:\/\/www.touringcars.com\/fi\/vuokrausopas\/lisapalvelut\/\">Lis\u00e4palvelut<\/a><\/h3><\/div><\/article><\/li><\/ul><\/div><div class=\"glide__controls\"><div class=\"glide__arrows\" data-glide-el=\"controls\"><span class=\"glide__arrow glide__arrow--left\" data-glide-dir=\"<\"><\/span><span class=\"glide__arrow glide__arrow--right\" data-glide-dir=\">&#8221;><\/span><\/div><div class=\"glide__bullets\" data-glide-el=\"controls[nav]\"><span class=\"glide__bullet\" data-glide-dir=\"=0\" data-parent-uid=\"69f45eb520e56\"><\/span><span class=\"glide__bullet\" data-glide-dir=\"=1\" data-parent-uid=\"69f45eb520e56\"><\/span><span class=\"glide__bullet\" data-glide-dir=\"=2\" data-parent-uid=\"69f45eb520e56\"><\/span><span class=\"glide__bullet\" data-glide-dir=\"=3\" data-parent-uid=\"69f45eb520e56\"><\/span><span class=\"glide__bullet\" data-glide-dir=\"=4\" data-parent-uid=\"69f45eb520e56\"><\/span><span class=\"glide__bullet\" data-glide-dir=\"=5\" data-parent-uid=\"69f45eb520e56\"><\/span><span class=\"glide__bullet\" data-glide-dir=\"=6\" data-parent-uid=\"69f45eb520e56\"><\/span><\/div><\/div><\/div>    <\/div>\r\n<\/section>\n\n<section class=\"block block-availabilitysearch\">\r\n    <div class=\"container\"><form class=\"availability-search\"><div class=\"form-row\"><div class=\"form-col form-col-clearable input-icon input-icon-map\" data-target=\"where\"><label for=\"where\">Aloituspaikka<\/label><input type=\"text\" class=\"form-control\" id=\"where\" name=\"where\" placeholder=\"Aloituspaikka\"><\/div><div class=\"form-col form-col-clearable input-icon input-icon-calendar\" data-target=\"when\"><label for=\"when\">Varausp\u00e4iv\u00e4t<\/label><input type=\"text\" class=\"form-control\" id=\"when\" name=\"when\" placeholder=\"Varausp\u00e4iv\u00e4t\" disabled><\/div><div class=\"form-col\"><button type=\"submit\" class=\"btn\">Katso hinnat ja saatavuus<\/button><\/div><\/div><a href=\"https:\/\/www.touringcars.com\/fi\/user\/login\/\">Oletko jo varannut? Hallitse varaustasi<\/a><\/form><\/div><\/section>\n\n<section class=\"block block-newsletter\">\r\n    <div class=\"container\">\r\n        <div class=\"newsletter-container reveal\">\r\n            <div class=\"first-step\">\r\n                <h2>Liity matkailuautoyhteis\u00f6\u00f6mme!<\/h2>                <div class=\"newsletter-content\">\r\n                    <p style=\"text-align: center\">Liity matkailuautoyhteis\u00f6\u00f6mme ja saat sis\u00e4piirin vinkkej\u00e4, eksklusiivisia tarjouksia ja huolella valittuja maisemareittej\u00e4 suoraan s\u00e4hk\u00f6postiisi. Tie on sinun.<\/p>\n                <\/div>\r\n                \n<div class=\"wpcf7 no-js\" id=\"wpcf7-f12777-o1\" lang=\"fi\" dir=\"ltr\" data-wpcf7-id=\"12777\">\n<div class=\"screen-reader-response\"><p role=\"status\" aria-live=\"polite\" aria-atomic=\"true\"><\/p> <ul><\/ul><\/div>\n<form action=\"\/fi\/wp-json\/wp\/v2\/pages\/13923#wpcf7-f12777-o1\" method=\"post\" class=\"wpcf7-form init\" aria-label=\"Yhteydenottolomake\" novalidate=\"novalidate\" data-status=\"init\">\n<fieldset class=\"hidden-fields-container\"><input type=\"hidden\" name=\"_wpcf7\" value=\"12777\" \/><input type=\"hidden\" name=\"_wpcf7_version\" value=\"6.1.5\" \/><input type=\"hidden\" name=\"_wpcf7_locale\" value=\"fi\" \/><input type=\"hidden\" name=\"_wpcf7_unit_tag\" value=\"wpcf7-f12777-o1\" \/><input type=\"hidden\" name=\"_wpcf7_container_post\" value=\"0\" \/><input type=\"hidden\" name=\"_wpcf7_posted_data_hash\" value=\"\" \/><input type=\"hidden\" name=\"_wpcf7_recaptcha_response\" value=\"\" \/>\n<\/fieldset>\n<div class=\"form-row\">\n<div class=\"form-col\">\n<label>Kirjoita s\u00e4hk\u00f6postiosoitteesi&#8230;<\/label>\n<span class=\"wpcf7-form-control-wrap\" data-name=\"email\"><input size=\"40\" maxlength=\"400\" class=\"wpcf7-form-control wpcf7-email wpcf7-validates-as-required wpcf7-text form-control   wpcf7-validates-as-email\" aria-required=\"true\" aria-invalid=\"false\" placeholder=\"S\u00e4hk\u00f6postiosoite\" value=\"\" type=\"email\" name=\"email\" \/><\/span>\n<\/div>\n<div class=\"form-col\">\n<input class=\"wpcf7-form-control wpcf7-submit has-spinner\" type=\"submit\" value=\"Jatka\" \/>\n<\/div>\n<\/div>\n<div class=\"form-row form-row-privacy\">\n<div class=\"form-col\">L\u00e4hett\u00e4m\u00e4ll\u00e4 t\u00e4m\u00e4n lomakkeen hyv\u00e4ksyt, ett\u00e4 tietojasi k\u00e4sitell\u00e4\u00e4n <a href=\"\/en\/privacy-policy-gdpr\/\" target=\"_blank\">tietosuojak\u00e4yt\u00e4nt\u00f6mme<\/a> mukaisesti.\n<\/div>\n<\/div>\n<input class=\"wpcf7-form-control wpcf7-hidden\" value=\"1\" type=\"hidden\" name=\"newsletter\" \/>\n<input class=\"wpcf7-form-control wpcf7-hidden\" value=\"Customer\" type=\"hidden\" name=\"contact-type\" \/>\n<input class=\"wpcf7-form-control wpcf7-hidden\" value=\"Newsletter subscribers (touringcars.com)\" type=\"hidden\" name=\"list-name\" \/><div class=\"wpcf7-response-output\" aria-hidden=\"true\"><\/div>\n<\/form>\n<\/div>\n            <\/div>\r\n            <div class=\"steps-after-form-submission\"><div class=\"step d-none\"><h3>Melkein valmista&#8230;<\/h3><p>Tutustutaanpa toisiimme paremmin, jotta voimme r\u00e4\u00e4t\u00e4l\u00f6id\u00e4 viestint\u00e4mme ja tarjouksemme sinulle sopiviksi!<\/p>\n\n<div class=\"wpcf7 no-js\" id=\"wpcf7-f20525-o2\" lang=\"fi\" dir=\"ltr\" data-wpcf7-id=\"20525\">\n<div class=\"screen-reader-response\"><p role=\"status\" aria-live=\"polite\" aria-atomic=\"true\"><\/p> <ul><\/ul><\/div>\n<form action=\"\/fi\/wp-json\/wp\/v2\/pages\/13923#wpcf7-f20525-o2\" method=\"post\" class=\"wpcf7-form init\" aria-label=\"Yhteydenottolomake\" novalidate=\"novalidate\" data-status=\"init\">\n<fieldset class=\"hidden-fields-container\"><input type=\"hidden\" name=\"_wpcf7\" value=\"20525\" \/><input type=\"hidden\" name=\"_wpcf7_version\" value=\"6.1.5\" \/><input type=\"hidden\" name=\"_wpcf7_locale\" value=\"fi\" \/><input type=\"hidden\" name=\"_wpcf7_unit_tag\" value=\"wpcf7-f20525-o2\" \/><input type=\"hidden\" name=\"_wpcf7_container_post\" value=\"0\" \/><input type=\"hidden\" name=\"_wpcf7_posted_data_hash\" value=\"\" \/><input type=\"hidden\" name=\"_wpcf7_recaptcha_response\" value=\"\" \/>\n<\/fieldset>\n<div class=\"form-row\">\n<div class=\"form-col\">\n<label>Mik\u00e4 on unelmiesi matkailuautoloma?<\/label>\n<span class=\"wpcf7-form-control-wrap\" data-name=\"newsletter_topics\"><span class=\"wpcf7-form-control wpcf7-checkbox\"><div class=\"form-check\"><input id=\"cf7_checkbox_1\" class=\"form-check-input\" type=\"checkbox\" name=\"newsletter_topics[]\" value=\"Perhematka\" \/><label class=\"form-check-label\" for=\"cf7_checkbox_1\"><span class=\"wpcf7-list-item-label\">Perhematka<\/span><\/label><\/div><div class=\"form-check\"><input id=\"cf7_checkbox_2\" class=\"form-check-input\" type=\"checkbox\" name=\"newsletter_topics[]\" value=\"Roadtrip yst\u00e4vien kanssa\" \/><label class=\"form-check-label\" for=\"cf7_checkbox_2\"><span class=\"wpcf7-list-item-label\">Roadtrip yst\u00e4vien kanssa<\/span><\/label><\/div><div class=\"form-check\"><input id=\"cf7_checkbox_3\" class=\"form-check-input\" type=\"checkbox\" name=\"newsletter_topics[]\" value=\"Matka kumppanini kanssa\" \/><label class=\"form-check-label\" for=\"cf7_checkbox_3\"><span class=\"wpcf7-list-item-label\">Matka kumppanini kanssa<\/span><\/label><\/div><div class=\"form-check\"><input id=\"cf7_checkbox_4\" class=\"form-check-input\" type=\"checkbox\" name=\"newsletter_topics[]\" value=\"Muu\" \/><label class=\"form-check-label\" for=\"cf7_checkbox_4\"><span class=\"wpcf7-list-item-label\">Muu<\/span><\/label><\/div><\/span><\/span>\n<\/div>\n<\/div>\n<div class=\"form-row\">\n<div class=\"form-col\">\n<input class=\"wpcf7-form-control wpcf7-submit has-spinner\" type=\"submit\" value=\"Jatka\" \/>\n<\/div>\n<\/div>\n<div class=\"form-row form-row-privacy\">\n<div class=\"form-col\">L\u00e4hett\u00e4m\u00e4ll\u00e4 t\u00e4m\u00e4n lomakkeen hyv\u00e4ksyt, ett\u00e4 tietojasi k\u00e4sitell\u00e4\u00e4n <a href=\"\/en\/privacy-policy-gdpr\/\" target=\"_blank\">tietosuojak\u00e4yt\u00e4nt\u00f6mme<\/a> mukaisesti.\n<\/div>\n<\/div>\n<input class=\"wpcf7-form-control wpcf7-hidden\" value=\"\" type=\"hidden\" name=\"email\" \/>\n<input class=\"wpcf7-form-control wpcf7-hidden\" value=\"1\" type=\"hidden\" name=\"newsletter\" \/><div class=\"wpcf7-response-output\" aria-hidden=\"true\"><\/div>\n<\/form>\n<\/div>\n<\/div><div class=\"step d-none\"><h3>Hyv\u00e4t tunteet ovat tulossa!<\/h3><div class=\"buttons\"><a href=\"https:\/\/www.instagram.com\/touring_cars\/\" class=\"btn  btn-social btn-instagram\" target=\"_blank\" rel=\"noopener noreferrer\">Instagram<\/a><a href=\"https:\/\/www.facebook.com\/touringcars\/\" class=\"btn  btn-social btn-facebook\" target=\"_blank\" rel=\"noopener noreferrer\">Facebook<\/a><\/div><\/div><\/div>        <\/div>\r\n    <\/div>\r\n<\/section>","protected":false},"excerpt":{"rendered":"","protected":false},"author":2,"featured_media":18429,"parent":13752,"menu_order":322,"comment_status":"closed","ping_status":"closed","template":"","meta":{"_acf_changed":false,"footnotes":""},"class_list":["post-13923","page","type-page","status-publish","has-post-thumbnail","hentry"],"acf":[],"_links":{"self":[{"href":"https:\/\/www.touringcars.com\/fi\/wp-json\/wp\/v2\/pages\/13923","targetHints":{"allow":["GET"]}}],"collection":[{"href":"https:\/\/www.touringcars.com\/fi\/wp-json\/wp\/v2\/pages"}],"about":[{"href":"https:\/\/www.touringcars.com\/fi\/wp-json\/wp\/v2\/types\/page"}],"author":[{"embeddable":true,"href":"https:\/\/www.touringcars.com\/fi\/wp-json\/wp\/v2\/users\/2"}],"replies":[{"embeddable":true,"href":"https:\/\/www.touringcars.com\/fi\/wp-json\/wp\/v2\/comments?post=13923"}],"version-history":[{"count":5,"href":"https:\/\/www.touringcars.com\/fi\/wp-json\/wp\/v2\/pages\/13923\/revisions"}],"predecessor-version":[{"id":20896,"href":"https:\/\/www.touringcars.com\/fi\/wp-json\/wp\/v2\/pages\/13923\/revisions\/20896"}],"up":[{"embeddable":true,"href":"https:\/\/www.touringcars.com\/fi\/wp-json\/wp\/v2\/pages\/13752"}],"wp:featuredmedia":[{"embeddable":true,"href":"https:\/\/www.touringcars.com\/fi\/wp-json\/wp\/v2\/media\/18429"}],"wp:attachment":[{"href":"https:\/\/www.touringcars.com\/fi\/wp-json\/wp\/v2\/media?parent=13923"}],"curies":[{"name":"wp","href":"https:\/\/api.w.org\/{rel}","templated":true}]}}