{"id":26105,"date":"2025-12-22T07:01:50","date_gmt":"2025-12-22T07:01:50","guid":{"rendered":"https:\/\/www.touringcars.com\/vehicle-category\/urban-van-automatic-2-hengelle\/"},"modified":"2026-01-27T13:27:35","modified_gmt":"2026-01-27T13:27:35","slug":"urban-van-automaatti","status":"publish","type":"campervans-groups","link":"https:\/\/www.touringcars.com\/fi\/vehicle-category\/urban-van-automaatti\/","title":{"rendered":"Urban Van Automaatti &#8211; 2 hengelle"},"content":{"rendered":"<section class=\"block block-textimage\">\r\n    <div class=\"container\">\r\n        <div class=\"content-row image-placement-left\">\r\n            <div class=\"content-container reveal\">\r\n                <h3>Urban Van Automatic -luokka &#8211; ikoninen tyyli ja vapaus<\/h3><p>Koe t\u00e4ydellinen vapaus URBAN VAN AUTOMATIC -autoluokan parissa. T\u00e4m\u00e4 retkeilyauto on t\u00e4ydellinen yhdistelm\u00e4 kompaktia henkil\u00f6autoa ja t\u00e4ysin varusteltua retkeilyautoa. Auton n\u00e4pp\u00e4r\u00e4n koon ansiosta liikkuminen ahtailla kaupunkikaduilla ja pys\u00e4k\u00f6inti parkkihalleihin sujuu vaivattomasti, ja nostokatto muuttaa ajoneuvon hetkess\u00e4 tilavaksi lomakodiksi.<\/p>\n            <\/div>\r\n            <div class=\"image-container reveal\">\r\n                <img decoding=\"async\" src=\"https:\/\/www.touringcars.com\/wp-content\/uploads\/2025\/12\/UrbanVan-Vuoristo-574x431.jpg\" srcset=\"https:\/\/www.touringcars.com\/wp-content\/uploads\/2025\/12\/UrbanVan-Vuoristo-300x225.jpg 300w, https:\/\/www.touringcars.com\/wp-content\/uploads\/2025\/12\/UrbanVan-Vuoristo-1024x768.jpg 1024w, https:\/\/www.touringcars.com\/wp-content\/uploads\/2025\/12\/UrbanVan-Vuoristo-768x576.jpg 768w, https:\/\/www.touringcars.com\/wp-content\/uploads\/2025\/12\/UrbanVan-Vuoristo-791x593.jpg 791w, https:\/\/www.touringcars.com\/wp-content\/uploads\/2025\/12\/UrbanVan-Vuoristo-708x531.jpg 708w, https:\/\/www.touringcars.com\/wp-content\/uploads\/2025\/12\/UrbanVan-Vuoristo-574x431.jpg 574w, https:\/\/www.touringcars.com\/wp-content\/uploads\/2025\/12\/UrbanVan-Vuoristo.jpg 1500w\" alt=\"UrbanVan-Vuoristo\" width=\"1500\" height=\"1125\">            <\/div>\r\n        <\/div>\r\n    <\/div>\r\n<\/section>\n\n<section class=\"block block-iconrow bg-white bottom-spacing-zero\">\r\n    <div class=\"container\">\r\n        <div class=\"content-container reveal\">\r\n            <h2>Parasta vastinetta rahalle<\/h2><div class=\"icon-row\"><div class=\"icon-item\"><img decoding=\"async\" src=\"https:\/\/www.touringcars.com\/wp-content\/uploads\/2025\/02\/Clean_blue.svg\" alt=\"Clean_blue\"><div class=\"label\">T\u00e4ysvarusteltu majoitus &#8211; uudenveroinen kodikas ajoneuvo<\/div><\/div><div class=\"icon-item\"><img decoding=\"async\" src=\"https:\/\/www.touringcars.com\/wp-content\/uploads\/2025\/02\/Five-stars_blue.svg\" alt=\"Five stars_blue\"><div class=\"label\">Ensiluokkainen asiakaspalvelu alusta loppuun<\/div><\/div><div class=\"icon-item\"><img decoding=\"async\" src=\"https:\/\/www.touringcars.com\/wp-content\/uploads\/2025\/02\/Airport-transfer2_blue.svg\" alt=\"Airport transfer2_blue\"><div class=\"label\">Ilmaiset lentokentt\u00e4kuljetukset<\/div><\/div><div class=\"icon-item\"><img decoding=\"async\" src=\"https:\/\/www.touringcars.com\/wp-content\/uploads\/2025\/02\/road-assistance_blue.svg\" alt=\"road assistance_blue\"><div class=\"label\">24\/7 tiepalvelu<\/div><\/div><div class=\"icon-item\"><img decoding=\"async\" src=\"https:\/\/www.touringcars.com\/wp-content\/uploads\/2025\/02\/Unlimited-mileage-3_blue.svg\" alt=\"Unlimited mileage 3_blue\"><div class=\"label\">Rajattomat kilometrit<\/div><\/div><\/div>        <\/div>\r\n    <\/div>\r\n<\/section>\n\n<section class=\"block block-textimage\">\r\n    <div class=\"container\">\r\n        <div class=\"content-row image-placement-right\">\r\n            <div class=\"content-container reveal\">\r\n                <h3>Urban Van Automaticin ominaisuudet<\/h3><ul>\n<li>Ajettavissa B-ajokortilla<\/li>\n<li>Automaattivaihteisto<\/li>\n<li>Turbo dieselmoottori<\/li>\n<li>Keitti\u00f6tarvikkeet ja ruokailuv\u00e4lineet<\/li>\n<li>J\u00e4\u00e4kaappi &amp; kaasuliesi<\/li>\n<li>Porta Potti (kannettava wc)<\/li>\n<li>Kokoontaitettava s\u00e4nky<\/li>\n<li>L\u00e4mmitys<\/li>\n<li>Ohjaamon ilmastointi<\/li>\n<li>Navigointi<\/li>\n<li>S\u00e4hk\u00f6kaapeli<\/li>\n<li>Vesiletku ja -kannu<\/li>\n<\/ul>\n            <\/div>\r\n            <div class=\"image-container reveal\">\r\n                <img decoding=\"async\" src=\"https:\/\/www.touringcars.com\/wp-content\/uploads\/2025\/12\/UrbanVan-Hollanti-1-574x431.jpg\" srcset=\"https:\/\/www.touringcars.com\/wp-content\/uploads\/2025\/12\/UrbanVan-Hollanti-1-300x225.jpg 300w, https:\/\/www.touringcars.com\/wp-content\/uploads\/2025\/12\/UrbanVan-Hollanti-1-1024x768.jpg 1024w, https:\/\/www.touringcars.com\/wp-content\/uploads\/2025\/12\/UrbanVan-Hollanti-1-768x576.jpg 768w, https:\/\/www.touringcars.com\/wp-content\/uploads\/2025\/12\/UrbanVan-Hollanti-1-791x593.jpg 791w, https:\/\/www.touringcars.com\/wp-content\/uploads\/2025\/12\/UrbanVan-Hollanti-1-708x531.jpg 708w, https:\/\/www.touringcars.com\/wp-content\/uploads\/2025\/12\/UrbanVan-Hollanti-1-180x136.jpg 180w, https:\/\/www.touringcars.com\/wp-content\/uploads\/2025\/12\/UrbanVan-Hollanti-1-412x310.jpg 412w, https:\/\/www.touringcars.com\/wp-content\/uploads\/2025\/12\/UrbanVan-Hollanti-1-574x431.jpg 574w, https:\/\/www.touringcars.com\/wp-content\/uploads\/2025\/12\/UrbanVan-Hollanti-1.jpg 1500w\" alt=\"UrbanVan-Hollanti (1)\" width=\"1500\" height=\"1125\">            <\/div>\r\n        <\/div>\r\n    <\/div>\r\n<\/section>\n\n\n<p><sub>Huom. Touring Carsin sivustolla ja myyntimateriaaleissa esitelt\u00e4v\u00e4t sis\u00e4tila- ja pohjakuvat ovat vain esimerkinomaisia mallikuvia. N\u00e4in ollen vuokratun auton pohjakuva ja auton sis\u00e4mitat saattavat poiketa esitetyst\u00e4. Touring Cars varaa oikeuden muuttaa varattua automallia saman tai ylemm\u00e4n kategorian sis\u00e4ll\u00e4 ilman aiempaa ilmoitusta, esimerkiksi vakavan teknisen vian tai vahingon ilmaantuessa.   <\/sub><\/p>\n\n\n<section class=\"block block-gallery\">\r\n    <div class=\"container container-full\">\r\n        <div class=\"image-gallery\"><a href=\"https:\/\/www.touringcars.com\/wp-content\/uploads\/2025\/12\/UrbanVan-Ulko1.jpg\" class=\"lightbox\"><img decoding=\"async\" src=\"https:\/\/www.touringcars.com\/wp-content\/uploads\/2025\/12\/UrbanVan-Ulko1-574x411.jpg\" srcset=\"https:\/\/www.touringcars.com\/wp-content\/uploads\/2025\/12\/UrbanVan-Ulko1-300x215.jpg 300w, https:\/\/www.touringcars.com\/wp-content\/uploads\/2025\/12\/UrbanVan-Ulko1-1024x733.jpg 1024w, https:\/\/www.touringcars.com\/wp-content\/uploads\/2025\/12\/UrbanVan-Ulko1-768x550.jpg 768w, https:\/\/www.touringcars.com\/wp-content\/uploads\/2025\/12\/UrbanVan-Ulko1-828x593.jpg 828w, https:\/\/www.touringcars.com\/wp-content\/uploads\/2025\/12\/UrbanVan-Ulko1-714x511.jpg 714w, https:\/\/www.touringcars.com\/wp-content\/uploads\/2025\/12\/UrbanVan-Ulko1-574x411.jpg 574w, https:\/\/www.touringcars.com\/wp-content\/uploads\/2025\/12\/UrbanVan-Ulko1.jpg 1348w\" alt=\"UrbanVan-Ulko1\"><\/a><a href=\"https:\/\/www.touringcars.com\/wp-content\/uploads\/2025\/12\/UrbanVan-Sisa1-Kuski.jpg\" class=\"lightbox\"><img decoding=\"async\" src=\"https:\/\/www.touringcars.com\/wp-content\/uploads\/2025\/12\/UrbanVan-Sisa1-Kuski-574x411.jpg\" srcset=\"https:\/\/www.touringcars.com\/wp-content\/uploads\/2025\/12\/UrbanVan-Sisa1-Kuski-300x215.jpg 300w, https:\/\/www.touringcars.com\/wp-content\/uploads\/2025\/12\/UrbanVan-Sisa1-Kuski-1024x733.jpg 1024w, https:\/\/www.touringcars.com\/wp-content\/uploads\/2025\/12\/UrbanVan-Sisa1-Kuski-768x550.jpg 768w, https:\/\/www.touringcars.com\/wp-content\/uploads\/2025\/12\/UrbanVan-Sisa1-Kuski-828x593.jpg 828w, https:\/\/www.touringcars.com\/wp-content\/uploads\/2025\/12\/UrbanVan-Sisa1-Kuski-714x511.jpg 714w, https:\/\/www.touringcars.com\/wp-content\/uploads\/2025\/12\/UrbanVan-Sisa1-Kuski-574x411.jpg 574w, https:\/\/www.touringcars.com\/wp-content\/uploads\/2025\/12\/UrbanVan-Sisa1-Kuski.jpg 1348w\" alt=\"UrbanVan-Sisa1-Kuski\"><\/a><a href=\"https:\/\/www.touringcars.com\/wp-content\/uploads\/2025\/12\/UrbanVan-Sisa5-Sanky.jpg\" class=\"lightbox\"><img decoding=\"async\" src=\"https:\/\/www.touringcars.com\/wp-content\/uploads\/2025\/12\/UrbanVan-Sisa5-Sanky-574x411.jpg\" srcset=\"https:\/\/www.touringcars.com\/wp-content\/uploads\/2025\/12\/UrbanVan-Sisa5-Sanky-300x215.jpg 300w, https:\/\/www.touringcars.com\/wp-content\/uploads\/2025\/12\/UrbanVan-Sisa5-Sanky-1024x733.jpg 1024w, https:\/\/www.touringcars.com\/wp-content\/uploads\/2025\/12\/UrbanVan-Sisa5-Sanky-768x550.jpg 768w, https:\/\/www.touringcars.com\/wp-content\/uploads\/2025\/12\/UrbanVan-Sisa5-Sanky-828x593.jpg 828w, https:\/\/www.touringcars.com\/wp-content\/uploads\/2025\/12\/UrbanVan-Sisa5-Sanky-714x511.jpg 714w, https:\/\/www.touringcars.com\/wp-content\/uploads\/2025\/12\/UrbanVan-Sisa5-Sanky-574x411.jpg 574w, https:\/\/www.touringcars.com\/wp-content\/uploads\/2025\/12\/UrbanVan-Sisa5-Sanky.jpg 1348w\" alt=\"UrbanVan-Sisa5-Sanky\"><\/a>    <\/div>\r\n<\/section>\n\n<section style=\"background-image: url(https:\/\/www.touringcars.com\/wp-content\/uploads\/2025\/02\/hobby-van-holiday-couple_1.jpg.webp)\" class=\"block block-centertext bg-image\">\r\n    <div class=\"container\">\r\n        <div class=\"content-container reveal\">\r\n            <p><img decoding=\"async\" class=\"alignnone size-large wp-image-7122\" src=\"https:\/\/touringcars.com\/wp-content\/uploads\/2025\/02\/vehicle-icons-wide.png-1024x113.webp\" alt=\"\" width=\"1024\" height=\"113\" srcset=\"https:\/\/www.touringcars.com\/wp-content\/uploads\/2025\/02\/vehicle-icons-wide.png-1024x113.webp 1024w, https:\/\/www.touringcars.com\/wp-content\/uploads\/2025\/02\/vehicle-icons-wide.png-180x20.webp 180w, https:\/\/www.touringcars.com\/wp-content\/uploads\/2025\/02\/vehicle-icons-wide.png-412x45.webp 412w, https:\/\/www.touringcars.com\/wp-content\/uploads\/2025\/02\/vehicle-icons-wide.png-300x33.webp 300w, https:\/\/www.touringcars.com\/wp-content\/uploads\/2025\/02\/vehicle-icons-wide.png-768x85.webp 768w, https:\/\/www.touringcars.com\/wp-content\/uploads\/2025\/02\/vehicle-icons-wide.png-714x79.webp 714w, https:\/\/www.touringcars.com\/wp-content\/uploads\/2025\/02\/vehicle-icons-wide.png-574x63.webp 574w, https:\/\/www.touringcars.com\/wp-content\/uploads\/2025\/02\/vehicle-icons-wide.png.webp 1280w\" sizes=\"(max-width: 1024px) 100vw, 1024px\" \/><\/p>\n        <\/div>\r\n    <\/div>\r\n<\/section>\n\n<section class=\"block block-basic\">\r\n    <div class=\"container\">\r\n        <div class=\"content-container reveal\">\r\n            <h2>Viiden t\u00e4hden palvelu alusta loppuun<\/h2><p>Meille korkea laatu on kunnia-asia kaikessa toiminnassamme. Tarjoamme asiakkaillemme vaivattoman varausprosessin,\u00a0<strong>henkil\u00f6kohtaisen opastuksen<\/strong>\u00a0matkailuauton k\u00e4ytt\u00f6\u00f6n, huolettoman matkan sek\u00e4 sujuvan palautuksen ja kotimatkan aloituksen. Kaikkiin varauksiin sis\u00e4ltyy<strong>\u00a0VIP-kuljetus<\/strong>\u00a0l\u00e4himm\u00e4lt\u00e4 kansainv\u00e4liselt\u00e4 lentoasemalta, yksil\u00f6llinen ajoneuvo-opastus, kohdekohtainen matkailuneuvonta sek\u00e4\u00a0<strong>24\/7-puhelintuki<\/strong>\u00a0matkan aikana. Vakavan, asiakkaasta riippumattoman teknisen vian sattuessa tarjoamme tarvittaessa sijaisauton. Tyytyv\u00e4inen asiakas on onnistumisemme mittari!<\/p>\n        <\/div>\r\n    <\/div>\r\n<\/section>\n\n<section class=\"block block-textimage\">\r\n    <div class=\"container\">\r\n        <div class=\"content-row image-placement-right\">\r\n            <div class=\"content-container reveal\">\r\n                <h3>K\u00e4yt\u00f6ss\u00e4si aina uuden veroinen ajoneuvo<\/h3><div class=\"two-col__content\">\n<div class=\"two-col__text\">\n<div class=\"clearfix text-formatted field field--name-field-text field--type-text-long field--label-hidden field__item\">\n<p>T\u00e4m\u00e4n Urban Van Automatic -luokan matkailuautot edustavat parasta saatavilla olevaa laatutasoa. N\u00e4in ollen lupaamme, ett\u00e4 saat aina k\u00e4ytt\u00f6\u00f6si alle 100 000 km ajetun, huolletun Premium -laatutason matkailuauton. Takuulupauksemme mukaisesti tarkastamme ajokaluston kunnon s\u00e4\u00e4nn\u00f6llisesti vuokrausten v\u00e4liss\u00e4 ja huollamme ajoneuvot tarpeen tullen. Vuokra-autot varustellaan aina yksil\u00f6llisesti asiakasryhm\u00e4n tarpeisiin. Sit\u00e4 ennen auto on kuitenkin l\u00e4pik\u00e4ynyt tarkan teknisen tarkastusprosessin sek\u00e4 perusteellisen siivouksen. N\u00e4in voimme omalta osaltamme varmistaa jokaiselle asiakkaallemme huolettoman loman toimivissa puitteissa.<\/p>\n<\/div>\n<\/div>\n<\/div>\n            <\/div>\r\n            <div class=\"image-container reveal image-high\">\r\n                <img decoding=\"async\" src=\"https:\/\/www.touringcars.com\/wp-content\/uploads\/2025\/12\/UrbanVan-Jarvi-574x431.jpg\" srcset=\"https:\/\/www.touringcars.com\/wp-content\/uploads\/2025\/12\/UrbanVan-Jarvi-300x225.jpg 300w, https:\/\/www.touringcars.com\/wp-content\/uploads\/2025\/12\/UrbanVan-Jarvi-1024x768.jpg 1024w, https:\/\/www.touringcars.com\/wp-content\/uploads\/2025\/12\/UrbanVan-Jarvi-768x576.jpg 768w, https:\/\/www.touringcars.com\/wp-content\/uploads\/2025\/12\/UrbanVan-Jarvi-791x593.jpg 791w, https:\/\/www.touringcars.com\/wp-content\/uploads\/2025\/12\/UrbanVan-Jarvi-708x531.jpg 708w, https:\/\/www.touringcars.com\/wp-content\/uploads\/2025\/12\/UrbanVan-Jarvi-574x431.jpg 574w, https:\/\/www.touringcars.com\/wp-content\/uploads\/2025\/12\/UrbanVan-Jarvi.jpg 1500w\" alt=\"UrbanVan-Jarvi\" width=\"1500\" height=\"1125\">            <\/div>\r\n        <\/div>\r\n    <\/div>\r\n<\/section>\n\n<section class=\"block block-textimage\">\r\n    <div class=\"container\">\r\n        <div class=\"content-row image-placement-left\">\r\n            <div class=\"content-container reveal\">\r\n                <h3>Nerokkaat tilaratkaisut<\/h3><div class=\"two-col__content\">\n<div class=\"two-col__text\">\n<div class=\"clearfix text-formatted field field--name-field-text field--type-text-long field--label-hidden field__item\">\n<p>Urban Van on tilatehokkuuden mestariteos.<b> Nostokatto<\/b> ei ainoastaan tuo lis\u00e4\u00e4 seisomakorkeutta p\u00e4ivisin, vaan se k\u00e4tkee sis\u00e4\u00e4ns\u00e4 my\u00f6s mukavan yl\u00e4vuoteen kahdelle. Alakerrassa takapenkki muuntuu helposti toiseksi parivuoteeksi. Sis\u00e4tilojen jokainen sentti on k\u00e4ytetty \u00e4lykk\u00e4\u00e4sti asuintilan maksimoimiseksi. K\u00e4\u00e4nt\u00e4m\u00e4ll\u00e4 etuistuimet luot tilavan ja sosiaalisen ilmapiirin, jolloin auto tuntuu paljon suuremmalta kuin sen kompakti ulkomuoto antaa ymm\u00e4rt\u00e4\u00e4.    <\/p>\n<p>Vakiovarustelu on yht\u00e4 kattava kuin muissakin autoissamme, sis\u00e4lt\u00e4en mm. rengaskiilat, s\u00e4hk\u00f6kaapelit ja raikasvesis\u00e4ili\u00f6n t\u00e4ytt\u00f6kannun.<\/p>\n<\/div>\n<p>&nbsp;<\/p>\n<\/div>\n<\/div>\n            <\/div>\r\n            <div class=\"image-container reveal image-high\">\r\n                <img decoding=\"async\" src=\"https:\/\/www.touringcars.com\/wp-content\/uploads\/2025\/12\/UrbanVan-Takaosa-574x431.jpg\" srcset=\"https:\/\/www.touringcars.com\/wp-content\/uploads\/2025\/12\/UrbanVan-Takaosa-300x225.jpg 300w, https:\/\/www.touringcars.com\/wp-content\/uploads\/2025\/12\/UrbanVan-Takaosa-1024x768.jpg 1024w, https:\/\/www.touringcars.com\/wp-content\/uploads\/2025\/12\/UrbanVan-Takaosa-768x576.jpg 768w, https:\/\/www.touringcars.com\/wp-content\/uploads\/2025\/12\/UrbanVan-Takaosa-791x593.jpg 791w, https:\/\/www.touringcars.com\/wp-content\/uploads\/2025\/12\/UrbanVan-Takaosa-708x531.jpg 708w, https:\/\/www.touringcars.com\/wp-content\/uploads\/2025\/12\/UrbanVan-Takaosa-574x431.jpg 574w, https:\/\/www.touringcars.com\/wp-content\/uploads\/2025\/12\/UrbanVan-Takaosa.jpg 1500w\" alt=\"UrbanVan-Takaosa\" width=\"1500\" height=\"1125\">            <\/div>\r\n        <\/div>\r\n    <\/div>\r\n<\/section>\n\n<section class=\"block block-textimage\">\r\n    <div class=\"container\">\r\n        <div class=\"content-row image-placement-right\">\r\n            <div class=\"content-container reveal\">\r\n                <h3>Vapaus kokata miss\u00e4 tahansa<\/h3><p>T\u00e4ysin integroitu keittokomero on kompaktin suunnittelun ihme. Siin\u00e4 on kahden polttimon kaasukeittotaso, ruostumattomasta ter\u00e4ksest\u00e4 valmistettu tiskiallas juoksevalla vedell\u00e4 sek\u00e4 kylm\u00e4laatikko, joka pit\u00e4\u00e4 v\u00e4ltt\u00e4m\u00e4tt\u00f6m\u00e4t tarvikkeet tuoreina. Integroidun kaasutason ansiosta voit valmistaa herkullisia aterioita, minne tahansa matka viekin. Kun on aika sy\u00f6d\u00e4, pystyt\u00e4 sis\u00e4p\u00f6yt\u00e4 luomaan mukava ruokailutila. Integroitujen pimennysverhojen ja tunnelmavalaistuksen ansiosta auto muuttuu viihtyis\u00e4ksi olohuoneeksi heti auringon laskiessa.    <\/p>\n            <\/div>\r\n            <div class=\"image-container reveal image-high\">\r\n                <img decoding=\"async\" src=\"https:\/\/www.touringcars.com\/wp-content\/uploads\/2025\/12\/UrbanVan-Puisto-574x431.jpg\" srcset=\"https:\/\/www.touringcars.com\/wp-content\/uploads\/2025\/12\/UrbanVan-Puisto-300x225.jpg 300w, https:\/\/www.touringcars.com\/wp-content\/uploads\/2025\/12\/UrbanVan-Puisto-1024x768.jpg 1024w, https:\/\/www.touringcars.com\/wp-content\/uploads\/2025\/12\/UrbanVan-Puisto-768x576.jpg 768w, https:\/\/www.touringcars.com\/wp-content\/uploads\/2025\/12\/UrbanVan-Puisto-791x593.jpg 791w, https:\/\/www.touringcars.com\/wp-content\/uploads\/2025\/12\/UrbanVan-Puisto-708x531.jpg 708w, https:\/\/www.touringcars.com\/wp-content\/uploads\/2025\/12\/UrbanVan-Puisto-574x431.jpg 574w, https:\/\/www.touringcars.com\/wp-content\/uploads\/2025\/12\/UrbanVan-Puisto.jpg 1500w\" alt=\"UrbanVan-Puisto\" width=\"1500\" height=\"1125\">            <\/div>\r\n        <\/div>\r\n    <\/div>\r\n<\/section>\n\n<section style=\"background-image: url(https:\/\/www.touringcars.com\/wp-content\/uploads\/2025\/02\/camper_van_driving_on_road_as_the_sun_is_rising.jpg.webp)\" class=\"block block-centertext bg-image\">\r\n    <div class=\"container\">\r\n        <div class=\"content-container reveal\">\r\n            <h2>Varaa nyt ja maksa my\u00f6hemmin<\/h2><p class=\"text-align-center\">Joustavilla maksuehdoillamme voit varata korkealuokkaisen matkailuautoloman maksamalla ennakkomaksun 170 GBP\/ 200 EUR\/ 2,000 NOK\/ 2,000 SEK ja maksaa loppusumman 45 p\u00e4iv\u00e4\u00e4 ennen ensimm\u00e4ist\u00e4 vuokrap\u00e4iv\u00e4\u00e4si.<\/p>\n<p class=\"text-align-center\">Tarkista matkailuautojen saatavuus ja vuokrahinnat kotisivuiltamme.<\/p>\n<div class=\"buttons\"><a href=\"\" class=\"btn btn-wide\" target=\"_blank\" rel=\"noopener noreferrer\">Etusivu<\/a><\/div>        <\/div>\r\n    <\/div>\r\n<\/section>\n\n<section class=\"block block-basic small-padding-bottom hide-during-booking\">\r\n    <div class=\"container\">\r\n        <div class=\"content-container reveal\">\r\n            <p><strong>Lis\u00e4tietoa: Videot<\/strong><\/p>\n<div class=\"buttons\"><a href=\"https:\/\/www.youtube.com\/playlist?list=PLH1ePBkJ8mrJo8ZHnLseip_jvYqA1j7qe\" class=\"btn btn-wide\" target=\"_blank\" rel=\"noopener noreferrer\">Vuokra-autoiluvinkit<\/a><a href=\"https:\/\/www.youtube.com\/playlist?list=PLH1ePBkJ8mrIrX21VPlGuryWMvwm22zCu\" class=\"btn btn-wide\" target=\"_blank\" rel=\"noopener noreferrer\">Lis\u00e4\u00e4 autolomavideoita<\/a><\/div>        <\/div>\r\n    <\/div>\r\n<\/section>\n\n<section class=\"block block-basic small-padding hide-during-booking\">\r\n    <div class=\"container\">\r\n        <div class=\"content-container reveal\">\r\n            <p><strong>Siirry takaisin<\/strong><\/p>\n<div class=\"buttons\"><a href=\"https:\/\/www.touringcars.com\/fi\/vuokrattavat-matkailuautot\/\" class=\"btn btn-wide\">&lt; Matkailuautokategoriat -sivulle<\/a><a href=\"\" class=\"btn btn-wide\" target=\"_blank\" rel=\"noopener noreferrer\">&lt; Hinnat &amp; saatavuus: etusivu<\/a><\/div>        <\/div>\r\n    <\/div>\r\n<\/section>\n\n<section class=\"block block-basic small-padding-top\">\r\n    <div class=\"container\">\r\n        <div class=\"content-container reveal\">\r\n            <p><em>Huom.\u00a0Touring\u00a0Carsin\u00a0sivustolla ja myyntimateriaaleissa esitelt\u00e4v\u00e4t sis\u00e4tila- ja pohjakuvat ovat vain esimerkinomaisia mallikuvia. N\u00e4in ollen vuokratun auton pohjakuva ja auton sis\u00e4mitat saattavat poiketa esitetyst\u00e4.\u00a0Touring\u00a0Cars\u00a0varaa oikeuden muuttaa varattua automallia saman tai ylemm\u00e4n kategorian sis\u00e4ll\u00e4 ilman aiempaa ilmoitusta, esimerkiksi vakavan teknisen vian tai vahingon ilmaantuessa<\/em><\/p>\n        <\/div>\r\n    <\/div>\r\n<\/section>\n\n<section class=\"block block-postsslider style-small hide-during-booking\">\r\n    <div class=\"container reveal\">\r\n        <h2>Matkailuautojen kategoriat<\/h2><div class=\"glide articles-slider\" data-uid=\"69f46f7995bc3\"><div class=\"glide__track\" data-glide-el=\"track\"><ul class=\"glide__slides\"><li class=\"glide__slide\"><article class=\"article reveal\"><div class=\"image-container\"><a href=\"https:\/\/www.touringcars.com\/fi\/vehicle-category\/urban-van-automaatti\/\"><img decoding=\"async\" src=\"https:\/\/www.touringcars.com\/wp-content\/uploads\/2025\/12\/Urban-Van-1-574x411.jpg\" srcset=\"https:\/\/www.touringcars.com\/wp-content\/uploads\/2025\/12\/Urban-Van-1-300x215.jpg 300w, https:\/\/www.touringcars.com\/wp-content\/uploads\/2025\/12\/Urban-Van-1-1024x733.jpg 1024w, https:\/\/www.touringcars.com\/wp-content\/uploads\/2025\/12\/Urban-Van-1-768x550.jpg 768w, https:\/\/www.touringcars.com\/wp-content\/uploads\/2025\/12\/Urban-Van-1-828x593.jpg 828w, https:\/\/www.touringcars.com\/wp-content\/uploads\/2025\/12\/Urban-Van-1-714x511.jpg 714w, https:\/\/www.touringcars.com\/wp-content\/uploads\/2025\/12\/Urban-Van-1-180x129.jpg 180w, https:\/\/www.touringcars.com\/wp-content\/uploads\/2025\/12\/Urban-Van-1-412x295.jpg 412w, https:\/\/www.touringcars.com\/wp-content\/uploads\/2025\/12\/Urban-Van-1-574x411.jpg 574w, https:\/\/www.touringcars.com\/wp-content\/uploads\/2025\/12\/Urban-Van-1.jpg 1348w\" alt=\"Urban Van Automaatti &#8211; 2 hengelle\"><\/a><\/div><div class=\"content-container\"><h3><a href=\"https:\/\/www.touringcars.com\/fi\/vehicle-category\/urban-van-automaatti\/\">Urban Van Automaatti &#8211; 2 hengelle<\/a><\/h3><\/div><\/article><\/li><li class=\"glide__slide\"><article class=\"article reveal\"><div class=\"image-container\"><a href=\"https:\/\/www.touringcars.com\/fi\/vehicle-category\/camp-automaatti\/\"><img decoding=\"async\" src=\"https:\/\/www.touringcars.com\/wp-content\/uploads\/2025\/12\/camp-automatic-574x411.jpeg\" srcset=\"https:\/\/www.touringcars.com\/wp-content\/uploads\/2025\/12\/camp-automatic-300x215.jpeg 300w, https:\/\/www.touringcars.com\/wp-content\/uploads\/2025\/12\/camp-automatic-1024x733.jpeg 1024w, https:\/\/www.touringcars.com\/wp-content\/uploads\/2025\/12\/camp-automatic-768x550.jpeg 768w, https:\/\/www.touringcars.com\/wp-content\/uploads\/2025\/12\/camp-automatic-828x593.jpeg 828w, https:\/\/www.touringcars.com\/wp-content\/uploads\/2025\/12\/camp-automatic-714x511.jpeg 714w, https:\/\/www.touringcars.com\/wp-content\/uploads\/2025\/12\/camp-automatic-574x411.jpeg 574w, https:\/\/www.touringcars.com\/wp-content\/uploads\/2025\/12\/camp-automatic.jpeg 1348w\" alt=\"CAMP AUTOMAATTI &#8211; 2 hengelle\"><\/a><\/div><div class=\"content-container\"><h3><a href=\"https:\/\/www.touringcars.com\/fi\/vehicle-category\/camp-automaatti\/\">CAMP AUTOMAATTI &#8211; 2 hengelle<\/a><\/h3><\/div><\/article><\/li><li class=\"glide__slide\"><article class=\"article reveal\"><div class=\"image-container\"><a href=\"https:\/\/www.touringcars.com\/fi\/vehicle-category\/van\/\"><img decoding=\"async\" src=\"https:\/\/www.touringcars.com\/wp-content\/uploads\/2025\/02\/carado-imagebank-data_VE_Camper-Van_CV640_CU_2025_1002_21-31-41_web-450x300.jpg\" srcset=\"https:\/\/www.touringcars.com\/wp-content\/uploads\/2025\/02\/carado-imagebank-data_VE_Camper-Van_CV640_CU_2025_1002_21-31-41_web-300x200.jpg 300w, https:\/\/www.touringcars.com\/wp-content\/uploads\/2025\/02\/carado-imagebank-data_VE_Camper-Van_CV640_CU_2025_1002_21-31-41_web-1024x682.jpg 1024w, https:\/\/www.touringcars.com\/wp-content\/uploads\/2025\/02\/carado-imagebank-data_VE_Camper-Van_CV640_CU_2025_1002_21-31-41_web-768x512.jpg 768w, https:\/\/www.touringcars.com\/wp-content\/uploads\/2025\/02\/carado-imagebank-data_VE_Camper-Van_CV640_CU_2025_1002_21-31-41_web-1536x1024.jpg 1536w, https:\/\/www.touringcars.com\/wp-content\/uploads\/2025\/02\/carado-imagebank-data_VE_Camper-Van_CV640_CU_2025_1002_21-31-41_web-2048x1365.jpg 2048w, https:\/\/www.touringcars.com\/wp-content\/uploads\/2025\/02\/carado-imagebank-data_VE_Camper-Van_CV640_CU_2025_1002_21-31-41_web-890x593.jpg 890w, https:\/\/www.touringcars.com\/wp-content\/uploads\/2025\/02\/carado-imagebank-data_VE_Camper-Van_CV640_CU_2025_1002_21-31-41_web-714x476.jpg 714w, https:\/\/www.touringcars.com\/wp-content\/uploads\/2025\/02\/carado-imagebank-data_VE_Camper-Van_CV640_CU_2025_1002_21-31-41_web-450x300.jpg 450w, https:\/\/www.touringcars.com\/wp-content\/uploads\/2025\/02\/carado-imagebank-data_VE_Camper-Van_CV640_CU_2025_1002_21-31-41_web-367x245.jpg 367w\" alt=\"VAN \u2013 2 hengelle\"><\/a><\/div><div class=\"content-container\"><h3><a href=\"https:\/\/www.touringcars.com\/fi\/vehicle-category\/van\/\">VAN \u2013 2 hengelle<\/a><\/h3><\/div><\/article><\/li><li class=\"glide__slide\"><article class=\"article reveal\"><div class=\"image-container\"><a href=\"https:\/\/www.touringcars.com\/fi\/vehicle-category\/van-4x4-automaatti\/\"><img decoding=\"async\" src=\"https:\/\/www.touringcars.com\/wp-content\/uploads\/2025\/11\/van-4x4-buerstner-habiton-2025-white-road-1-574x411.jpg\" srcset=\"https:\/\/www.touringcars.com\/wp-content\/uploads\/2025\/11\/van-4x4-buerstner-habiton-2025-white-road-1-300x215.jpg 300w, https:\/\/www.touringcars.com\/wp-content\/uploads\/2025\/11\/van-4x4-buerstner-habiton-2025-white-road-1-1024x733.jpg 1024w, https:\/\/www.touringcars.com\/wp-content\/uploads\/2025\/11\/van-4x4-buerstner-habiton-2025-white-road-1-768x550.jpg 768w, https:\/\/www.touringcars.com\/wp-content\/uploads\/2025\/11\/van-4x4-buerstner-habiton-2025-white-road-1-828x593.jpg 828w, https:\/\/www.touringcars.com\/wp-content\/uploads\/2025\/11\/van-4x4-buerstner-habiton-2025-white-road-1-714x511.jpg 714w, https:\/\/www.touringcars.com\/wp-content\/uploads\/2025\/11\/van-4x4-buerstner-habiton-2025-white-road-1-574x411.jpg 574w, https:\/\/www.touringcars.com\/wp-content\/uploads\/2025\/11\/van-4x4-buerstner-habiton-2025-white-road-1.jpg 1348w\" alt=\"VAN 4&#215;4 AUTOMAATTI &#8211; 2 hengelle\"><\/a><\/div><div class=\"content-container\"><h3><a href=\"https:\/\/www.touringcars.com\/fi\/vehicle-category\/van-4x4-automaatti\/\">VAN 4&#215;4 AUTOMAATTI &#8211; 2 hengelle<\/a><\/h3><\/div><\/article><\/li><li class=\"glide__slide\"><article class=\"article reveal\"><div class=\"image-container\"><a href=\"https:\/\/www.touringcars.com\/fi\/vehicle-category\/small\/\"><img decoding=\"async\" src=\"https:\/\/www.touringcars.com\/wp-content\/uploads\/2025\/02\/carado-imagebank-data_VE_Van_V339_CU_2025_1002_21-31-41_web-450x300.jpg\" srcset=\"https:\/\/www.touringcars.com\/wp-content\/uploads\/2025\/02\/carado-imagebank-data_VE_Van_V339_CU_2025_1002_21-31-41_web-300x200.jpg 300w, https:\/\/www.touringcars.com\/wp-content\/uploads\/2025\/02\/carado-imagebank-data_VE_Van_V339_CU_2025_1002_21-31-41_web-1024x682.jpg 1024w, https:\/\/www.touringcars.com\/wp-content\/uploads\/2025\/02\/carado-imagebank-data_VE_Van_V339_CU_2025_1002_21-31-41_web-768x512.jpg 768w, https:\/\/www.touringcars.com\/wp-content\/uploads\/2025\/02\/carado-imagebank-data_VE_Van_V339_CU_2025_1002_21-31-41_web-1536x1024.jpg 1536w, https:\/\/www.touringcars.com\/wp-content\/uploads\/2025\/02\/carado-imagebank-data_VE_Van_V339_CU_2025_1002_21-31-41_web-2048x1365.jpg 2048w, https:\/\/www.touringcars.com\/wp-content\/uploads\/2025\/02\/carado-imagebank-data_VE_Van_V339_CU_2025_1002_21-31-41_web-890x593.jpg 890w, https:\/\/www.touringcars.com\/wp-content\/uploads\/2025\/02\/carado-imagebank-data_VE_Van_V339_CU_2025_1002_21-31-41_web-714x476.jpg 714w, https:\/\/www.touringcars.com\/wp-content\/uploads\/2025\/02\/carado-imagebank-data_VE_Van_V339_CU_2025_1002_21-31-41_web-450x300.jpg 450w, https:\/\/www.touringcars.com\/wp-content\/uploads\/2025\/02\/carado-imagebank-data_VE_Van_V339_CU_2025_1002_21-31-41_web-367x245.jpg 367w\" alt=\"SMALL \u2013 2 hengelle\"><\/a><\/div><div class=\"content-container\"><h3><a href=\"https:\/\/www.touringcars.com\/fi\/vehicle-category\/small\/\">SMALL \u2013 2 hengelle<\/a><\/h3><\/div><\/article><\/li><li class=\"glide__slide\"><article class=\"article reveal\"><div class=\"image-container\"><a href=\"https:\/\/www.touringcars.com\/fi\/vehicle-category\/small-luxury\/\"><img decoding=\"async\" src=\"https:\/\/www.touringcars.com\/wp-content\/uploads\/2025\/02\/carado-imagebank-data_VE_Semi-Integrated_T447_CU_2025_1502_21-31-41_WEB-450x300.jpg\" srcset=\"https:\/\/www.touringcars.com\/wp-content\/uploads\/2025\/02\/carado-imagebank-data_VE_Semi-Integrated_T447_CU_2025_1502_21-31-41_WEB-300x200.jpg 300w, https:\/\/www.touringcars.com\/wp-content\/uploads\/2025\/02\/carado-imagebank-data_VE_Semi-Integrated_T447_CU_2025_1502_21-31-41_WEB-1024x683.jpg 1024w, https:\/\/www.touringcars.com\/wp-content\/uploads\/2025\/02\/carado-imagebank-data_VE_Semi-Integrated_T447_CU_2025_1502_21-31-41_WEB-768x512.jpg 768w, https:\/\/www.touringcars.com\/wp-content\/uploads\/2025\/02\/carado-imagebank-data_VE_Semi-Integrated_T447_CU_2025_1502_21-31-41_WEB-1536x1024.jpg 1536w, https:\/\/www.touringcars.com\/wp-content\/uploads\/2025\/02\/carado-imagebank-data_VE_Semi-Integrated_T447_CU_2025_1502_21-31-41_WEB-2048x1365.jpg 2048w, https:\/\/www.touringcars.com\/wp-content\/uploads\/2025\/02\/carado-imagebank-data_VE_Semi-Integrated_T447_CU_2025_1502_21-31-41_WEB-1920x1280.jpg 1920w, https:\/\/www.touringcars.com\/wp-content\/uploads\/2025\/02\/carado-imagebank-data_VE_Semi-Integrated_T447_CU_2025_1502_21-31-41_WEB-890x593.jpg 890w, https:\/\/www.touringcars.com\/wp-content\/uploads\/2025\/02\/carado-imagebank-data_VE_Semi-Integrated_T447_CU_2025_1502_21-31-41_WEB-714x476.jpg 714w, https:\/\/www.touringcars.com\/wp-content\/uploads\/2025\/02\/carado-imagebank-data_VE_Semi-Integrated_T447_CU_2025_1502_21-31-41_WEB-450x300.jpg 450w, https:\/\/www.touringcars.com\/wp-content\/uploads\/2025\/02\/carado-imagebank-data_VE_Semi-Integrated_T447_CU_2025_1502_21-31-41_WEB-367x245.jpg 367w\" alt=\"LUXURY &#8211; 2 hengelle\"><\/a><\/div><div class=\"content-container\"><h3><a href=\"https:\/\/www.touringcars.com\/fi\/vehicle-category\/small-luxury\/\">LUXURY &#8211; 2 hengelle<\/a><\/h3><\/div><\/article><\/li><li class=\"glide__slide\"><article class=\"article reveal\"><div class=\"image-container\"><a href=\"https:\/\/www.touringcars.com\/fi\/vehicle-category\/medium\/\"><img decoding=\"async\" src=\"https:\/\/www.touringcars.com\/wp-content\/uploads\/2025\/02\/carado-imagebank-data_VE_Semi-Integrated_T448_CU_2025_1002_21-31-41_web-450x300.jpg\" srcset=\"https:\/\/www.touringcars.com\/wp-content\/uploads\/2025\/02\/carado-imagebank-data_VE_Semi-Integrated_T448_CU_2025_1002_21-31-41_web-300x200.jpg 300w, https:\/\/www.touringcars.com\/wp-content\/uploads\/2025\/02\/carado-imagebank-data_VE_Semi-Integrated_T448_CU_2025_1002_21-31-41_web-1024x682.jpg 1024w, https:\/\/www.touringcars.com\/wp-content\/uploads\/2025\/02\/carado-imagebank-data_VE_Semi-Integrated_T448_CU_2025_1002_21-31-41_web-768x512.jpg 768w, https:\/\/www.touringcars.com\/wp-content\/uploads\/2025\/02\/carado-imagebank-data_VE_Semi-Integrated_T448_CU_2025_1002_21-31-41_web-1536x1024.jpg 1536w, https:\/\/www.touringcars.com\/wp-content\/uploads\/2025\/02\/carado-imagebank-data_VE_Semi-Integrated_T448_CU_2025_1002_21-31-41_web-2048x1365.jpg 2048w, https:\/\/www.touringcars.com\/wp-content\/uploads\/2025\/02\/carado-imagebank-data_VE_Semi-Integrated_T448_CU_2025_1002_21-31-41_web-890x593.jpg 890w, https:\/\/www.touringcars.com\/wp-content\/uploads\/2025\/02\/carado-imagebank-data_VE_Semi-Integrated_T448_CU_2025_1002_21-31-41_web-714x476.jpg 714w, https:\/\/www.touringcars.com\/wp-content\/uploads\/2025\/02\/carado-imagebank-data_VE_Semi-Integrated_T448_CU_2025_1002_21-31-41_web-450x300.jpg 450w, https:\/\/www.touringcars.com\/wp-content\/uploads\/2025\/02\/carado-imagebank-data_VE_Semi-Integrated_T448_CU_2025_1002_21-31-41_web-367x245.jpg 367w\" alt=\"MEDIUM \u2013 4 hengelle\"><\/a><\/div><div class=\"content-container\"><h3><a href=\"https:\/\/www.touringcars.com\/fi\/vehicle-category\/medium\/\">MEDIUM \u2013 4 hengelle<\/a><\/h3><\/div><\/article><\/li><li class=\"glide__slide\"><article class=\"article reveal\"><div class=\"image-container\"><a href=\"https:\/\/www.touringcars.com\/fi\/vehicle-category\/luxury\/\"><img decoding=\"async\" src=\"https:\/\/www.touringcars.com\/wp-content\/uploads\/2025\/02\/carado-imagebank-data_VE_Semi-Integrated_T447_CU_2025_1502_21-31-41_WEB-450x300.jpg\" srcset=\"https:\/\/www.touringcars.com\/wp-content\/uploads\/2025\/02\/carado-imagebank-data_VE_Semi-Integrated_T447_CU_2025_1502_21-31-41_WEB-300x200.jpg 300w, https:\/\/www.touringcars.com\/wp-content\/uploads\/2025\/02\/carado-imagebank-data_VE_Semi-Integrated_T447_CU_2025_1502_21-31-41_WEB-1024x683.jpg 1024w, https:\/\/www.touringcars.com\/wp-content\/uploads\/2025\/02\/carado-imagebank-data_VE_Semi-Integrated_T447_CU_2025_1502_21-31-41_WEB-768x512.jpg 768w, https:\/\/www.touringcars.com\/wp-content\/uploads\/2025\/02\/carado-imagebank-data_VE_Semi-Integrated_T447_CU_2025_1502_21-31-41_WEB-1536x1024.jpg 1536w, https:\/\/www.touringcars.com\/wp-content\/uploads\/2025\/02\/carado-imagebank-data_VE_Semi-Integrated_T447_CU_2025_1502_21-31-41_WEB-2048x1365.jpg 2048w, https:\/\/www.touringcars.com\/wp-content\/uploads\/2025\/02\/carado-imagebank-data_VE_Semi-Integrated_T447_CU_2025_1502_21-31-41_WEB-1920x1280.jpg 1920w, https:\/\/www.touringcars.com\/wp-content\/uploads\/2025\/02\/carado-imagebank-data_VE_Semi-Integrated_T447_CU_2025_1502_21-31-41_WEB-890x593.jpg 890w, https:\/\/www.touringcars.com\/wp-content\/uploads\/2025\/02\/carado-imagebank-data_VE_Semi-Integrated_T447_CU_2025_1502_21-31-41_WEB-714x476.jpg 714w, https:\/\/www.touringcars.com\/wp-content\/uploads\/2025\/02\/carado-imagebank-data_VE_Semi-Integrated_T447_CU_2025_1502_21-31-41_WEB-450x300.jpg 450w, https:\/\/www.touringcars.com\/wp-content\/uploads\/2025\/02\/carado-imagebank-data_VE_Semi-Integrated_T447_CU_2025_1502_21-31-41_WEB-367x245.jpg 367w\" alt=\"LUXURY &#8211; 4 hengelle\"><\/a><\/div><div class=\"content-container\"><h3><a href=\"https:\/\/www.touringcars.com\/fi\/vehicle-category\/luxury\/\">LUXURY &#8211; 4 hengelle<\/a><\/h3><\/div><\/article><\/li><li class=\"glide__slide\"><article class=\"article reveal\"><div class=\"image-container\"><a href=\"https:\/\/www.touringcars.com\/fi\/vehicle-category\/family\/\"><img decoding=\"async\" src=\"https:\/\/www.touringcars.com\/wp-content\/uploads\/2025\/02\/carado-imagebank-data_VE_Overcab_A361_CU_2025_1002_21-31-41_web-450x300.jpg\" srcset=\"https:\/\/www.touringcars.com\/wp-content\/uploads\/2025\/02\/carado-imagebank-data_VE_Overcab_A361_CU_2025_1002_21-31-41_web-300x200.jpg 300w, https:\/\/www.touringcars.com\/wp-content\/uploads\/2025\/02\/carado-imagebank-data_VE_Overcab_A361_CU_2025_1002_21-31-41_web-1024x682.jpg 1024w, https:\/\/www.touringcars.com\/wp-content\/uploads\/2025\/02\/carado-imagebank-data_VE_Overcab_A361_CU_2025_1002_21-31-41_web-768x512.jpg 768w, https:\/\/www.touringcars.com\/wp-content\/uploads\/2025\/02\/carado-imagebank-data_VE_Overcab_A361_CU_2025_1002_21-31-41_web-1536x1024.jpg 1536w, https:\/\/www.touringcars.com\/wp-content\/uploads\/2025\/02\/carado-imagebank-data_VE_Overcab_A361_CU_2025_1002_21-31-41_web-2048x1365.jpg 2048w, https:\/\/www.touringcars.com\/wp-content\/uploads\/2025\/02\/carado-imagebank-data_VE_Overcab_A361_CU_2025_1002_21-31-41_web-890x593.jpg 890w, https:\/\/www.touringcars.com\/wp-content\/uploads\/2025\/02\/carado-imagebank-data_VE_Overcab_A361_CU_2025_1002_21-31-41_web-714x476.jpg 714w, https:\/\/www.touringcars.com\/wp-content\/uploads\/2025\/02\/carado-imagebank-data_VE_Overcab_A361_CU_2025_1002_21-31-41_web-450x300.jpg 450w, https:\/\/www.touringcars.com\/wp-content\/uploads\/2025\/02\/carado-imagebank-data_VE_Overcab_A361_CU_2025_1002_21-31-41_web-367x245.jpg 367w\" alt=\"FAMILY \u2013 5 hengelle\"><\/a><\/div><div class=\"content-container\"><h3><a href=\"https:\/\/www.touringcars.com\/fi\/vehicle-category\/family\/\">FAMILY \u2013 5 hengelle<\/a><\/h3><\/div><\/article><\/li><li class=\"glide__slide\"><article class=\"article reveal\"><div class=\"image-container\"><a href=\"https:\/\/www.touringcars.com\/fi\/vehicle-category\/large\/\"><img decoding=\"async\" src=\"https:\/\/www.touringcars.com\/wp-content\/uploads\/2025\/02\/carado-imagebank-data_VE_Overcab_A464_CU_2025_1003_21-31-41_web-450x300.jpg\" srcset=\"https:\/\/www.touringcars.com\/wp-content\/uploads\/2025\/02\/carado-imagebank-data_VE_Overcab_A464_CU_2025_1003_21-31-41_web-300x200.jpg 300w, https:\/\/www.touringcars.com\/wp-content\/uploads\/2025\/02\/carado-imagebank-data_VE_Overcab_A464_CU_2025_1003_21-31-41_web-1024x682.jpg 1024w, https:\/\/www.touringcars.com\/wp-content\/uploads\/2025\/02\/carado-imagebank-data_VE_Overcab_A464_CU_2025_1003_21-31-41_web-768x512.jpg 768w, https:\/\/www.touringcars.com\/wp-content\/uploads\/2025\/02\/carado-imagebank-data_VE_Overcab_A464_CU_2025_1003_21-31-41_web-1536x1024.jpg 1536w, https:\/\/www.touringcars.com\/wp-content\/uploads\/2025\/02\/carado-imagebank-data_VE_Overcab_A464_CU_2025_1003_21-31-41_web-2048x1365.jpg 2048w, https:\/\/www.touringcars.com\/wp-content\/uploads\/2025\/02\/carado-imagebank-data_VE_Overcab_A464_CU_2025_1003_21-31-41_web-890x593.jpg 890w, https:\/\/www.touringcars.com\/wp-content\/uploads\/2025\/02\/carado-imagebank-data_VE_Overcab_A464_CU_2025_1003_21-31-41_web-714x476.jpg 714w, https:\/\/www.touringcars.com\/wp-content\/uploads\/2025\/02\/carado-imagebank-data_VE_Overcab_A464_CU_2025_1003_21-31-41_web-450x300.jpg 450w, https:\/\/www.touringcars.com\/wp-content\/uploads\/2025\/02\/carado-imagebank-data_VE_Overcab_A464_CU_2025_1003_21-31-41_web-367x245.jpg 367w\" alt=\"LARGE \u2013  5 tai 6 hengelle\"><\/a><\/div><div class=\"content-container\"><h3><a href=\"https:\/\/www.touringcars.com\/fi\/vehicle-category\/large\/\">LARGE \u2013  5 tai 6 hengelle<\/a><\/h3><\/div><\/article><\/li><\/ul><\/div><div class=\"glide__controls\"><div class=\"glide__arrows\" data-glide-el=\"controls\"><span class=\"glide__arrow glide__arrow--left\" data-glide-dir=\"<\"><\/span><span class=\"glide__arrow glide__arrow--right\" data-glide-dir=\">&#8221;><\/span><\/div><div class=\"glide__bullets\" data-glide-el=\"controls[nav]\"><span class=\"glide__bullet\" data-glide-dir=\"=0\" data-parent-uid=\"69f46f7995bc3\"><\/span><span class=\"glide__bullet\" data-glide-dir=\"=1\" data-parent-uid=\"69f46f7995bc3\"><\/span><span class=\"glide__bullet\" data-glide-dir=\"=2\" data-parent-uid=\"69f46f7995bc3\"><\/span><span class=\"glide__bullet\" data-glide-dir=\"=3\" data-parent-uid=\"69f46f7995bc3\"><\/span><span class=\"glide__bullet\" data-glide-dir=\"=4\" data-parent-uid=\"69f46f7995bc3\"><\/span><span class=\"glide__bullet\" data-glide-dir=\"=5\" data-parent-uid=\"69f46f7995bc3\"><\/span><span class=\"glide__bullet\" data-glide-dir=\"=6\" data-parent-uid=\"69f46f7995bc3\"><\/span><span class=\"glide__bullet\" data-glide-dir=\"=7\" data-parent-uid=\"69f46f7995bc3\"><\/span><span class=\"glide__bullet\" data-glide-dir=\"=8\" data-parent-uid=\"69f46f7995bc3\"><\/span><span class=\"glide__bullet\" data-glide-dir=\"=9\" data-parent-uid=\"69f46f7995bc3\"><\/span><\/div><\/div><\/div><div class=\"buttons\"><a href=\"https:\/\/www.touringcars.com\/fi\/vuokrattavat-matkailuautot\/\" class=\"btn btn-outline\">Kaikki kategoriat<\/a><\/div>    <\/div>\r\n<\/section>","protected":false},"featured_media":28513,"template":"","class_list":["post-26105","campervans-groups","type-campervans-groups","status-publish","has-post-thumbnail","hentry"],"acf":[],"_links":{"self":[{"href":"https:\/\/www.touringcars.com\/fi\/wp-json\/wp\/v2\/campervans-groups\/26105","targetHints":{"allow":["GET"]}}],"collection":[{"href":"https:\/\/www.touringcars.com\/fi\/wp-json\/wp\/v2\/campervans-groups"}],"about":[{"href":"https:\/\/www.touringcars.com\/fi\/wp-json\/wp\/v2\/types\/campervans-groups"}],"version-history":[{"count":7,"href":"https:\/\/www.touringcars.com\/fi\/wp-json\/wp\/v2\/campervans-groups\/26105\/revisions"}],"predecessor-version":[{"id":26272,"href":"https:\/\/www.touringcars.com\/fi\/wp-json\/wp\/v2\/campervans-groups\/26105\/revisions\/26272"}],"wp:featuredmedia":[{"embeddable":true,"href":"https:\/\/www.touringcars.com\/fi\/wp-json\/wp\/v2\/media\/28513"}],"wp:attachment":[{"href":"https:\/\/www.touringcars.com\/fi\/wp-json\/wp\/v2\/media?parent=26105"}],"curies":[{"name":"wp","href":"https:\/\/api.w.org\/{rel}","templated":true}]}}