{"id":15492,"date":"2025-01-01T14:05:20","date_gmt":"2025-01-01T14:05:20","guid":{"rendered":"https:\/\/touringcars.com\/motorhomes\/"},"modified":"2026-01-12T08:09:08","modified_gmt":"2026-01-12T08:09:08","slug":"categorias-de-autocaravanas","status":"publish","type":"page","link":"https:\/\/www.touringcars.com\/es\/categorias-de-autocaravanas\/","title":{"rendered":"Categor\u00edas de autocaravanas"},"content":{"rendered":"<section class=\"block block-hero text-style-white image-style-full\">\r\n    <div class=\"container container-full\">\r\n        <div class=\"glide image-slider\" data-uid=\"69f46f57bae78\"><div class=\"glide__track\" data-glide-el=\"track\"><ul class=\"glide__slides\"><li class=\"glide__slide\"><img decoding=\"async\" src=\"https:\/\/www.touringcars.com\/wp-content\/uploads\/2025\/02\/carado-imagebank-data_VE_Semi-Integrated_T457_PI_2024_0033_21-31-41_HR-450x300.jpg\" srcset=\"https:\/\/www.touringcars.com\/wp-content\/uploads\/2025\/02\/carado-imagebank-data_VE_Semi-Integrated_T457_PI_2024_0033_21-31-41_HR-300x200.jpg 300w, https:\/\/www.touringcars.com\/wp-content\/uploads\/2025\/02\/carado-imagebank-data_VE_Semi-Integrated_T457_PI_2024_0033_21-31-41_HR-1024x683.jpg 1024w, https:\/\/www.touringcars.com\/wp-content\/uploads\/2025\/02\/carado-imagebank-data_VE_Semi-Integrated_T457_PI_2024_0033_21-31-41_HR-768x512.jpg 768w, https:\/\/www.touringcars.com\/wp-content\/uploads\/2025\/02\/carado-imagebank-data_VE_Semi-Integrated_T457_PI_2024_0033_21-31-41_HR-1536x1024.jpg 1536w, https:\/\/www.touringcars.com\/wp-content\/uploads\/2025\/02\/carado-imagebank-data_VE_Semi-Integrated_T457_PI_2024_0033_21-31-41_HR-889x593.jpg 889w, https:\/\/www.touringcars.com\/wp-content\/uploads\/2025\/02\/carado-imagebank-data_VE_Semi-Integrated_T457_PI_2024_0033_21-31-41_HR-714x476.jpg 714w, https:\/\/www.touringcars.com\/wp-content\/uploads\/2025\/02\/carado-imagebank-data_VE_Semi-Integrated_T457_PI_2024_0033_21-31-41_HR-450x300.jpg 450w, https:\/\/www.touringcars.com\/wp-content\/uploads\/2025\/02\/carado-imagebank-data_VE_Semi-Integrated_T457_PI_2024_0033_21-31-41_HR-367x245.jpg 367w, https:\/\/www.touringcars.com\/wp-content\/uploads\/2025\/02\/carado-imagebank-data_VE_Semi-Integrated_T457_PI_2024_0033_21-31-41_HR.jpg 1600w\" alt=\"_carado-imagebank-data_VE_Semi-Integrated_T457_PI_2024_0033_21-31-41_HR\" data-no-lazy=\"1\" fetchpriority=\"high\"><\/li><\/ul><\/div><div class=\"glide__controls\"><div class=\"glide__arrows\" data-glide-el=\"controls\"><span class=\"glide__arrow glide__arrow--left\" aria-label=\"Izquierda\" data-glide-dir=\"<\"><\/span><span class=\"glide__arrow glide__arrow--right\" aria-label=\"Derecha\" data-glide-dir=\">\u00ab><\/span><\/div><\/div><\/div><div class=\"hero-container\"><div class=\"breadcrumbs-container\"><ol><li><a href=\"https:\/\/www.touringcars.com\/es\/\"><span>Touring Cars<\/span><\/a><\/li><\/ol><\/div><h1>Categor\u00edas de autocaravanas de alquiler<\/h1><p>Not just a hotel room<\/p>\n<\/div>    <\/div>\r\n    <\/section>\n\n<section class=\"block block-postsslider style-small\">\r\n    <div class=\"container reveal\">\r\n        <div class=\"glide articles-slider\" data-uid=\"69f46f57bdd1d\"><div class=\"glide__track\" data-glide-el=\"track\"><ul class=\"glide__slides\"><li class=\"glide__slide\"><article class=\"article reveal\"><div class=\"image-container\"><a href=\"https:\/\/www.touringcars.com\/es\/vehicle-category\/furgoneta-urbana-automatica-para-2\/\"><img decoding=\"async\" src=\"https:\/\/www.touringcars.com\/wp-content\/uploads\/2025\/12\/Urban-Van-1-574x411.jpg\" srcset=\"https:\/\/www.touringcars.com\/wp-content\/uploads\/2025\/12\/Urban-Van-1-300x215.jpg 300w, https:\/\/www.touringcars.com\/wp-content\/uploads\/2025\/12\/Urban-Van-1-1024x733.jpg 1024w, https:\/\/www.touringcars.com\/wp-content\/uploads\/2025\/12\/Urban-Van-1-768x550.jpg 768w, https:\/\/www.touringcars.com\/wp-content\/uploads\/2025\/12\/Urban-Van-1-828x593.jpg 828w, https:\/\/www.touringcars.com\/wp-content\/uploads\/2025\/12\/Urban-Van-1-714x511.jpg 714w, https:\/\/www.touringcars.com\/wp-content\/uploads\/2025\/12\/Urban-Van-1-180x129.jpg 180w, https:\/\/www.touringcars.com\/wp-content\/uploads\/2025\/12\/Urban-Van-1-412x295.jpg 412w, https:\/\/www.touringcars.com\/wp-content\/uploads\/2025\/12\/Urban-Van-1-574x411.jpg 574w, https:\/\/www.touringcars.com\/wp-content\/uploads\/2025\/12\/Urban-Van-1.jpg 1348w\" alt=\"Urban Van Automatic &#8211; para 2\"><\/a><\/div><div class=\"content-container\"><h3><a href=\"https:\/\/www.touringcars.com\/es\/vehicle-category\/furgoneta-urbana-automatica-para-2\/\">Urban Van Automatic &#8211; para 2<\/a><\/h3><\/div><\/article><\/li><li class=\"glide__slide\"><article class=\"article reveal\"><div class=\"image-container\"><a href=\"https:\/\/www.touringcars.com\/es\/vehicle-category\/campamento-automatico-para-2\/\"><img decoding=\"async\" src=\"https:\/\/www.touringcars.com\/wp-content\/uploads\/2025\/12\/camp-automatic-574x411.jpeg\" srcset=\"https:\/\/www.touringcars.com\/wp-content\/uploads\/2025\/12\/camp-automatic-300x215.jpeg 300w, https:\/\/www.touringcars.com\/wp-content\/uploads\/2025\/12\/camp-automatic-1024x733.jpeg 1024w, https:\/\/www.touringcars.com\/wp-content\/uploads\/2025\/12\/camp-automatic-768x550.jpeg 768w, https:\/\/www.touringcars.com\/wp-content\/uploads\/2025\/12\/camp-automatic-828x593.jpeg 828w, https:\/\/www.touringcars.com\/wp-content\/uploads\/2025\/12\/camp-automatic-714x511.jpeg 714w, https:\/\/www.touringcars.com\/wp-content\/uploads\/2025\/12\/camp-automatic-574x411.jpeg 574w, https:\/\/www.touringcars.com\/wp-content\/uploads\/2025\/12\/camp-automatic.jpeg 1348w\" alt=\"CAMP AUTOMATIC &#8211; para 2\"><\/a><\/div><div class=\"content-container\"><h3><a href=\"https:\/\/www.touringcars.com\/es\/vehicle-category\/campamento-automatico-para-2\/\">CAMP AUTOMATIC &#8211; para 2<\/a><\/h3><\/div><\/article><\/li><li class=\"glide__slide\"><article class=\"article reveal\"><div class=\"image-container\"><a href=\"https:\/\/www.touringcars.com\/es\/vehicle-category\/van\/\"><img decoding=\"async\" src=\"https:\/\/www.touringcars.com\/wp-content\/uploads\/2025\/02\/carado-imagebank-data_VE_Camper-Van_CV640_CU_2025_1002_21-31-41_web-450x300.jpg\" srcset=\"https:\/\/www.touringcars.com\/wp-content\/uploads\/2025\/02\/carado-imagebank-data_VE_Camper-Van_CV640_CU_2025_1002_21-31-41_web-300x200.jpg 300w, https:\/\/www.touringcars.com\/wp-content\/uploads\/2025\/02\/carado-imagebank-data_VE_Camper-Van_CV640_CU_2025_1002_21-31-41_web-1024x682.jpg 1024w, https:\/\/www.touringcars.com\/wp-content\/uploads\/2025\/02\/carado-imagebank-data_VE_Camper-Van_CV640_CU_2025_1002_21-31-41_web-768x512.jpg 768w, https:\/\/www.touringcars.com\/wp-content\/uploads\/2025\/02\/carado-imagebank-data_VE_Camper-Van_CV640_CU_2025_1002_21-31-41_web-1536x1024.jpg 1536w, https:\/\/www.touringcars.com\/wp-content\/uploads\/2025\/02\/carado-imagebank-data_VE_Camper-Van_CV640_CU_2025_1002_21-31-41_web-2048x1365.jpg 2048w, https:\/\/www.touringcars.com\/wp-content\/uploads\/2025\/02\/carado-imagebank-data_VE_Camper-Van_CV640_CU_2025_1002_21-31-41_web-890x593.jpg 890w, https:\/\/www.touringcars.com\/wp-content\/uploads\/2025\/02\/carado-imagebank-data_VE_Camper-Van_CV640_CU_2025_1002_21-31-41_web-714x476.jpg 714w, https:\/\/www.touringcars.com\/wp-content\/uploads\/2025\/02\/carado-imagebank-data_VE_Camper-Van_CV640_CU_2025_1002_21-31-41_web-450x300.jpg 450w, https:\/\/www.touringcars.com\/wp-content\/uploads\/2025\/02\/carado-imagebank-data_VE_Camper-Van_CV640_CU_2025_1002_21-31-41_web-367x245.jpg 367w\" alt=\"VAN &#8211; para 2\"><\/a><\/div><div class=\"content-container\"><h3><a href=\"https:\/\/www.touringcars.com\/es\/vehicle-category\/van\/\">VAN &#8211; para 2<\/a><\/h3><\/div><\/article><\/li><li class=\"glide__slide\"><article class=\"article reveal\"><div class=\"image-container\"><a href=\"https:\/\/www.touringcars.com\/es\/vehicle-category\/furgoneta-4x4-automatica-para-2\/\"><img decoding=\"async\" src=\"https:\/\/www.touringcars.com\/wp-content\/uploads\/2025\/11\/van-4x4-buerstner-habiton-2025-white-road-1-574x411.jpg\" srcset=\"https:\/\/www.touringcars.com\/wp-content\/uploads\/2025\/11\/van-4x4-buerstner-habiton-2025-white-road-1-300x215.jpg 300w, https:\/\/www.touringcars.com\/wp-content\/uploads\/2025\/11\/van-4x4-buerstner-habiton-2025-white-road-1-1024x733.jpg 1024w, https:\/\/www.touringcars.com\/wp-content\/uploads\/2025\/11\/van-4x4-buerstner-habiton-2025-white-road-1-768x550.jpg 768w, https:\/\/www.touringcars.com\/wp-content\/uploads\/2025\/11\/van-4x4-buerstner-habiton-2025-white-road-1-828x593.jpg 828w, https:\/\/www.touringcars.com\/wp-content\/uploads\/2025\/11\/van-4x4-buerstner-habiton-2025-white-road-1-714x511.jpg 714w, https:\/\/www.touringcars.com\/wp-content\/uploads\/2025\/11\/van-4x4-buerstner-habiton-2025-white-road-1-574x411.jpg 574w, https:\/\/www.touringcars.com\/wp-content\/uploads\/2025\/11\/van-4x4-buerstner-habiton-2025-white-road-1.jpg 1348w\" alt=\"VAN 4\u00d74 AUTOMATIC &#8211; para 2\"><\/a><\/div><div class=\"content-container\"><h3><a href=\"https:\/\/www.touringcars.com\/es\/vehicle-category\/furgoneta-4x4-automatica-para-2\/\">VAN 4\u00d74 AUTOMATIC &#8211; para 2<\/a><\/h3><\/div><\/article><\/li><li class=\"glide__slide\"><article class=\"article reveal\"><div class=\"image-container\"><a href=\"https:\/\/www.touringcars.com\/es\/vehicle-category\/small\/\"><img decoding=\"async\" src=\"https:\/\/www.touringcars.com\/wp-content\/uploads\/2025\/02\/carado-imagebank-data_VE_Van_V339_CU_2025_1002_21-31-41_web-450x300.jpg\" srcset=\"https:\/\/www.touringcars.com\/wp-content\/uploads\/2025\/02\/carado-imagebank-data_VE_Van_V339_CU_2025_1002_21-31-41_web-300x200.jpg 300w, https:\/\/www.touringcars.com\/wp-content\/uploads\/2025\/02\/carado-imagebank-data_VE_Van_V339_CU_2025_1002_21-31-41_web-1024x682.jpg 1024w, https:\/\/www.touringcars.com\/wp-content\/uploads\/2025\/02\/carado-imagebank-data_VE_Van_V339_CU_2025_1002_21-31-41_web-768x512.jpg 768w, https:\/\/www.touringcars.com\/wp-content\/uploads\/2025\/02\/carado-imagebank-data_VE_Van_V339_CU_2025_1002_21-31-41_web-1536x1024.jpg 1536w, https:\/\/www.touringcars.com\/wp-content\/uploads\/2025\/02\/carado-imagebank-data_VE_Van_V339_CU_2025_1002_21-31-41_web-2048x1365.jpg 2048w, https:\/\/www.touringcars.com\/wp-content\/uploads\/2025\/02\/carado-imagebank-data_VE_Van_V339_CU_2025_1002_21-31-41_web-890x593.jpg 890w, https:\/\/www.touringcars.com\/wp-content\/uploads\/2025\/02\/carado-imagebank-data_VE_Van_V339_CU_2025_1002_21-31-41_web-714x476.jpg 714w, https:\/\/www.touringcars.com\/wp-content\/uploads\/2025\/02\/carado-imagebank-data_VE_Van_V339_CU_2025_1002_21-31-41_web-450x300.jpg 450w, https:\/\/www.touringcars.com\/wp-content\/uploads\/2025\/02\/carado-imagebank-data_VE_Van_V339_CU_2025_1002_21-31-41_web-367x245.jpg 367w\" alt=\"SMALL \u2013 para 2\"><\/a><\/div><div class=\"content-container\"><h3><a href=\"https:\/\/www.touringcars.com\/es\/vehicle-category\/small\/\">SMALL \u2013 para 2<\/a><\/h3><\/div><\/article><\/li><li class=\"glide__slide\"><article class=\"article reveal\"><div class=\"image-container\"><a href=\"https:\/\/www.touringcars.com\/es\/vehicle-category\/luxury-small\/\"><img decoding=\"async\" src=\"https:\/\/www.touringcars.com\/wp-content\/uploads\/2025\/02\/carado-imagebank-data_VE_Semi-Integrated_T447_CU_2025_1502_21-31-41_WEB-574x383.jpg\" srcset=\"https:\/\/www.touringcars.com\/wp-content\/uploads\/2025\/02\/carado-imagebank-data_VE_Semi-Integrated_T447_CU_2025_1502_21-31-41_WEB-300x200.jpg 300w, https:\/\/www.touringcars.com\/wp-content\/uploads\/2025\/02\/carado-imagebank-data_VE_Semi-Integrated_T447_CU_2025_1502_21-31-41_WEB-2048x1365.jpg 2048w, https:\/\/www.touringcars.com\/wp-content\/uploads\/2025\/02\/carado-imagebank-data_VE_Semi-Integrated_T447_CU_2025_1502_21-31-41_WEB-890x593.jpg 890w, https:\/\/www.touringcars.com\/wp-content\/uploads\/2025\/02\/carado-imagebank-data_VE_Semi-Integrated_T447_CU_2025_1502_21-31-41_WEB-768x512.jpg 768w, https:\/\/www.touringcars.com\/wp-content\/uploads\/2025\/02\/carado-imagebank-data_VE_Semi-Integrated_T447_CU_2025_1502_21-31-41_WEB-1024x683.jpg 1024w, https:\/\/www.touringcars.com\/wp-content\/uploads\/2025\/02\/carado-imagebank-data_VE_Semi-Integrated_T447_CU_2025_1502_21-31-41_WEB-1536x1024.jpg 1536w, https:\/\/www.touringcars.com\/wp-content\/uploads\/2025\/02\/carado-imagebank-data_VE_Semi-Integrated_T447_CU_2025_1502_21-31-41_WEB-1920x1280.jpg 1920w, https:\/\/www.touringcars.com\/wp-content\/uploads\/2025\/02\/carado-imagebank-data_VE_Semi-Integrated_T447_CU_2025_1502_21-31-41_WEB-714x476.jpg 714w, https:\/\/www.touringcars.com\/wp-content\/uploads\/2025\/02\/carado-imagebank-data_VE_Semi-Integrated_T447_CU_2025_1502_21-31-41_WEB-180x120.jpg 180w, https:\/\/www.touringcars.com\/wp-content\/uploads\/2025\/02\/carado-imagebank-data_VE_Semi-Integrated_T447_CU_2025_1502_21-31-41_WEB-412x275.jpg 412w, https:\/\/www.touringcars.com\/wp-content\/uploads\/2025\/02\/carado-imagebank-data_VE_Semi-Integrated_T447_CU_2025_1502_21-31-41_WEB-574x383.jpg 574w, https:\/\/www.touringcars.com\/wp-content\/uploads\/2025\/02\/carado-imagebank-data_VE_Semi-Integrated_T447_CU_2025_1502_21-31-41_WEB-367x245.jpg 367w\" alt=\"LUXURY &#8211; for 2\"><\/a><\/div><div class=\"content-container\"><h3><a href=\"https:\/\/www.touringcars.com\/es\/vehicle-category\/luxury-small\/\">LUXURY &#8211; for 2<\/a><\/h3><\/div><\/article><\/li><li class=\"glide__slide\"><article class=\"article reveal\"><div class=\"image-container\"><a href=\"https:\/\/www.touringcars.com\/es\/vehicle-category\/medium\/\"><img decoding=\"async\" src=\"https:\/\/www.touringcars.com\/wp-content\/uploads\/2025\/02\/carado-imagebank-data_VE_Semi-Integrated_T448_CU_2025_1002_21-31-41_web-450x300.jpg\" srcset=\"https:\/\/www.touringcars.com\/wp-content\/uploads\/2025\/02\/carado-imagebank-data_VE_Semi-Integrated_T448_CU_2025_1002_21-31-41_web-300x200.jpg 300w, https:\/\/www.touringcars.com\/wp-content\/uploads\/2025\/02\/carado-imagebank-data_VE_Semi-Integrated_T448_CU_2025_1002_21-31-41_web-1024x682.jpg 1024w, https:\/\/www.touringcars.com\/wp-content\/uploads\/2025\/02\/carado-imagebank-data_VE_Semi-Integrated_T448_CU_2025_1002_21-31-41_web-768x512.jpg 768w, https:\/\/www.touringcars.com\/wp-content\/uploads\/2025\/02\/carado-imagebank-data_VE_Semi-Integrated_T448_CU_2025_1002_21-31-41_web-1536x1024.jpg 1536w, https:\/\/www.touringcars.com\/wp-content\/uploads\/2025\/02\/carado-imagebank-data_VE_Semi-Integrated_T448_CU_2025_1002_21-31-41_web-2048x1365.jpg 2048w, https:\/\/www.touringcars.com\/wp-content\/uploads\/2025\/02\/carado-imagebank-data_VE_Semi-Integrated_T448_CU_2025_1002_21-31-41_web-890x593.jpg 890w, https:\/\/www.touringcars.com\/wp-content\/uploads\/2025\/02\/carado-imagebank-data_VE_Semi-Integrated_T448_CU_2025_1002_21-31-41_web-714x476.jpg 714w, https:\/\/www.touringcars.com\/wp-content\/uploads\/2025\/02\/carado-imagebank-data_VE_Semi-Integrated_T448_CU_2025_1002_21-31-41_web-450x300.jpg 450w, https:\/\/www.touringcars.com\/wp-content\/uploads\/2025\/02\/carado-imagebank-data_VE_Semi-Integrated_T448_CU_2025_1002_21-31-41_web-367x245.jpg 367w\" alt=\"MEDIUM &#8211; para 4\"><\/a><\/div><div class=\"content-container\"><h3><a href=\"https:\/\/www.touringcars.com\/es\/vehicle-category\/medium\/\">MEDIUM &#8211; para 4<\/a><\/h3><\/div><\/article><\/li><li class=\"glide__slide\"><article class=\"article reveal\"><div class=\"image-container\"><a href=\"https:\/\/www.touringcars.com\/es\/vehicle-category\/luxury\/\"><img decoding=\"async\" src=\"https:\/\/www.touringcars.com\/wp-content\/uploads\/2025\/02\/carado-imagebank-data_VE_Semi-Integrated_T447_CU_2025_1502_21-31-41_WEB-450x300.jpg\" srcset=\"https:\/\/www.touringcars.com\/wp-content\/uploads\/2025\/02\/carado-imagebank-data_VE_Semi-Integrated_T447_CU_2025_1502_21-31-41_WEB-300x200.jpg 300w, https:\/\/www.touringcars.com\/wp-content\/uploads\/2025\/02\/carado-imagebank-data_VE_Semi-Integrated_T447_CU_2025_1502_21-31-41_WEB-1024x683.jpg 1024w, https:\/\/www.touringcars.com\/wp-content\/uploads\/2025\/02\/carado-imagebank-data_VE_Semi-Integrated_T447_CU_2025_1502_21-31-41_WEB-768x512.jpg 768w, https:\/\/www.touringcars.com\/wp-content\/uploads\/2025\/02\/carado-imagebank-data_VE_Semi-Integrated_T447_CU_2025_1502_21-31-41_WEB-1536x1024.jpg 1536w, https:\/\/www.touringcars.com\/wp-content\/uploads\/2025\/02\/carado-imagebank-data_VE_Semi-Integrated_T447_CU_2025_1502_21-31-41_WEB-2048x1365.jpg 2048w, https:\/\/www.touringcars.com\/wp-content\/uploads\/2025\/02\/carado-imagebank-data_VE_Semi-Integrated_T447_CU_2025_1502_21-31-41_WEB-1920x1280.jpg 1920w, https:\/\/www.touringcars.com\/wp-content\/uploads\/2025\/02\/carado-imagebank-data_VE_Semi-Integrated_T447_CU_2025_1502_21-31-41_WEB-890x593.jpg 890w, https:\/\/www.touringcars.com\/wp-content\/uploads\/2025\/02\/carado-imagebank-data_VE_Semi-Integrated_T447_CU_2025_1502_21-31-41_WEB-714x476.jpg 714w, https:\/\/www.touringcars.com\/wp-content\/uploads\/2025\/02\/carado-imagebank-data_VE_Semi-Integrated_T447_CU_2025_1502_21-31-41_WEB-450x300.jpg 450w, https:\/\/www.touringcars.com\/wp-content\/uploads\/2025\/02\/carado-imagebank-data_VE_Semi-Integrated_T447_CU_2025_1502_21-31-41_WEB-367x245.jpg 367w\" alt=\"LUXURY &#8211; para 4\"><\/a><\/div><div class=\"content-container\"><h3><a href=\"https:\/\/www.touringcars.com\/es\/vehicle-category\/luxury\/\">LUXURY &#8211; para 4<\/a><\/h3><\/div><\/article><\/li><li class=\"glide__slide\"><article class=\"article reveal\"><div class=\"image-container\"><a href=\"https:\/\/www.touringcars.com\/es\/vehicle-category\/family\/\"><img decoding=\"async\" src=\"https:\/\/www.touringcars.com\/wp-content\/uploads\/2025\/02\/carado-imagebank-data_VE_Overcab_A361_CU_2025_1002_21-31-41_web-450x300.jpg\" srcset=\"https:\/\/www.touringcars.com\/wp-content\/uploads\/2025\/02\/carado-imagebank-data_VE_Overcab_A361_CU_2025_1002_21-31-41_web-300x200.jpg 300w, https:\/\/www.touringcars.com\/wp-content\/uploads\/2025\/02\/carado-imagebank-data_VE_Overcab_A361_CU_2025_1002_21-31-41_web-1024x682.jpg 1024w, https:\/\/www.touringcars.com\/wp-content\/uploads\/2025\/02\/carado-imagebank-data_VE_Overcab_A361_CU_2025_1002_21-31-41_web-768x512.jpg 768w, https:\/\/www.touringcars.com\/wp-content\/uploads\/2025\/02\/carado-imagebank-data_VE_Overcab_A361_CU_2025_1002_21-31-41_web-1536x1024.jpg 1536w, https:\/\/www.touringcars.com\/wp-content\/uploads\/2025\/02\/carado-imagebank-data_VE_Overcab_A361_CU_2025_1002_21-31-41_web-2048x1365.jpg 2048w, https:\/\/www.touringcars.com\/wp-content\/uploads\/2025\/02\/carado-imagebank-data_VE_Overcab_A361_CU_2025_1002_21-31-41_web-890x593.jpg 890w, https:\/\/www.touringcars.com\/wp-content\/uploads\/2025\/02\/carado-imagebank-data_VE_Overcab_A361_CU_2025_1002_21-31-41_web-714x476.jpg 714w, https:\/\/www.touringcars.com\/wp-content\/uploads\/2025\/02\/carado-imagebank-data_VE_Overcab_A361_CU_2025_1002_21-31-41_web-450x300.jpg 450w, https:\/\/www.touringcars.com\/wp-content\/uploads\/2025\/02\/carado-imagebank-data_VE_Overcab_A361_CU_2025_1002_21-31-41_web-367x245.jpg 367w\" alt=\"FAMILY &#8211; para 5\"><\/a><\/div><div class=\"content-container\"><h3><a href=\"https:\/\/www.touringcars.com\/es\/vehicle-category\/family\/\">FAMILY &#8211; para 5<\/a><\/h3><\/div><\/article><\/li><li class=\"glide__slide\"><article class=\"article reveal\"><div class=\"image-container\"><a href=\"https:\/\/www.touringcars.com\/es\/vehicle-category\/large\/\"><img decoding=\"async\" src=\"https:\/\/www.touringcars.com\/wp-content\/uploads\/2025\/02\/carado-imagebank-data_VE_Overcab_A464_CU_2025_1003_21-31-41_web-450x300.jpg\" srcset=\"https:\/\/www.touringcars.com\/wp-content\/uploads\/2025\/02\/carado-imagebank-data_VE_Overcab_A464_CU_2025_1003_21-31-41_web-300x200.jpg 300w, https:\/\/www.touringcars.com\/wp-content\/uploads\/2025\/02\/carado-imagebank-data_VE_Overcab_A464_CU_2025_1003_21-31-41_web-1024x682.jpg 1024w, https:\/\/www.touringcars.com\/wp-content\/uploads\/2025\/02\/carado-imagebank-data_VE_Overcab_A464_CU_2025_1003_21-31-41_web-768x512.jpg 768w, https:\/\/www.touringcars.com\/wp-content\/uploads\/2025\/02\/carado-imagebank-data_VE_Overcab_A464_CU_2025_1003_21-31-41_web-1536x1024.jpg 1536w, https:\/\/www.touringcars.com\/wp-content\/uploads\/2025\/02\/carado-imagebank-data_VE_Overcab_A464_CU_2025_1003_21-31-41_web-2048x1365.jpg 2048w, https:\/\/www.touringcars.com\/wp-content\/uploads\/2025\/02\/carado-imagebank-data_VE_Overcab_A464_CU_2025_1003_21-31-41_web-890x593.jpg 890w, https:\/\/www.touringcars.com\/wp-content\/uploads\/2025\/02\/carado-imagebank-data_VE_Overcab_A464_CU_2025_1003_21-31-41_web-714x476.jpg 714w, https:\/\/www.touringcars.com\/wp-content\/uploads\/2025\/02\/carado-imagebank-data_VE_Overcab_A464_CU_2025_1003_21-31-41_web-450x300.jpg 450w, https:\/\/www.touringcars.com\/wp-content\/uploads\/2025\/02\/carado-imagebank-data_VE_Overcab_A464_CU_2025_1003_21-31-41_web-367x245.jpg 367w\" alt=\"LARGE &#8211; para 5 y 6\"><\/a><\/div><div class=\"content-container\"><h3><a href=\"https:\/\/www.touringcars.com\/es\/vehicle-category\/large\/\">LARGE &#8211; para 5 y 6<\/a><\/h3><\/div><\/article><\/li><\/ul><\/div><div class=\"glide__controls\"><div class=\"glide__arrows\" data-glide-el=\"controls\"><span class=\"glide__arrow glide__arrow--left\" data-glide-dir=\"<\"><\/span><span class=\"glide__arrow glide__arrow--right\" data-glide-dir=\">\u00ab><\/span><\/div><div class=\"glide__bullets\" data-glide-el=\"controls[nav]\"><span class=\"glide__bullet\" data-glide-dir=\"=0\" data-parent-uid=\"69f46f57bdd1d\"><\/span><span class=\"glide__bullet\" data-glide-dir=\"=1\" data-parent-uid=\"69f46f57bdd1d\"><\/span><span class=\"glide__bullet\" data-glide-dir=\"=2\" data-parent-uid=\"69f46f57bdd1d\"><\/span><span class=\"glide__bullet\" data-glide-dir=\"=3\" data-parent-uid=\"69f46f57bdd1d\"><\/span><span class=\"glide__bullet\" data-glide-dir=\"=4\" data-parent-uid=\"69f46f57bdd1d\"><\/span><span class=\"glide__bullet\" data-glide-dir=\"=5\" data-parent-uid=\"69f46f57bdd1d\"><\/span><span class=\"glide__bullet\" data-glide-dir=\"=6\" data-parent-uid=\"69f46f57bdd1d\"><\/span><span class=\"glide__bullet\" data-glide-dir=\"=7\" data-parent-uid=\"69f46f57bdd1d\"><\/span><span class=\"glide__bullet\" data-glide-dir=\"=8\" data-parent-uid=\"69f46f57bdd1d\"><\/span><span class=\"glide__bullet\" data-glide-dir=\"=9\" data-parent-uid=\"69f46f57bdd1d\"><\/span><\/div><\/div><\/div>    <\/div>\r\n<\/section>\n\n<section class=\"block block-textimage\">\r\n    <div class=\"container\">\r\n        <div class=\"content-row image-placement-right\">\r\n            <div class=\"content-container reveal\">\r\n                <h3>Explore incluso los lugares m\u00e1s remotos en forma segura y conveniente<\/h3><p>Los veh\u00edculos de alquiler de Touring Cars est\u00e1n dise\u00f1ados con especial cuidado para adaptarse a las necesidades de nuestra clientela. En colaboraci\u00f3n con el fabricante l\u00edder de autocaravanas, Hobby, nuestra flota de alquiler Premium garantiza un dise\u00f1o atemporal para un producto de alquiler de aspecto siempre renovado. Todos los destinos tienen lugares en los que no se dispone de infraestructura para camping. No se preocupe, todas nuestras autocaravanas de alquiler pueden funcionar sin ninguna infraestructura de camping, incluso durante los meses de invierno.<\/p>\n            <\/div>\r\n            <div class=\"image-container reveal image-high\">\r\n                <img decoding=\"async\" src=\"https:\/\/www.touringcars.com\/wp-content\/uploads\/2025\/02\/carado-imagebank-data_VE_Camper-Van_CV540_PI_2024_0053_21-31-41_WEB-574x383.jpg\" srcset=\"https:\/\/www.touringcars.com\/wp-content\/uploads\/2025\/02\/carado-imagebank-data_VE_Camper-Van_CV540_PI_2024_0053_21-31-41_WEB-300x200.jpg 300w, https:\/\/www.touringcars.com\/wp-content\/uploads\/2025\/02\/carado-imagebank-data_VE_Camper-Van_CV540_PI_2024_0053_21-31-41_WEB-1024x683.jpg 1024w, https:\/\/www.touringcars.com\/wp-content\/uploads\/2025\/02\/carado-imagebank-data_VE_Camper-Van_CV540_PI_2024_0053_21-31-41_WEB-768x512.jpg 768w, https:\/\/www.touringcars.com\/wp-content\/uploads\/2025\/02\/carado-imagebank-data_VE_Camper-Van_CV540_PI_2024_0053_21-31-41_WEB-1536x1024.jpg 1536w, https:\/\/www.touringcars.com\/wp-content\/uploads\/2025\/02\/carado-imagebank-data_VE_Camper-Van_CV540_PI_2024_0053_21-31-41_WEB-2048x1366.jpg 2048w, https:\/\/www.touringcars.com\/wp-content\/uploads\/2025\/02\/carado-imagebank-data_VE_Camper-Van_CV540_PI_2024_0053_21-31-41_WEB-1920x1281.jpg 1920w, https:\/\/www.touringcars.com\/wp-content\/uploads\/2025\/02\/carado-imagebank-data_VE_Camper-Van_CV540_PI_2024_0053_21-31-41_WEB-889x593.jpg 889w, https:\/\/www.touringcars.com\/wp-content\/uploads\/2025\/02\/carado-imagebank-data_VE_Camper-Van_CV540_PI_2024_0053_21-31-41_WEB-714x476.jpg 714w, https:\/\/www.touringcars.com\/wp-content\/uploads\/2025\/02\/carado-imagebank-data_VE_Camper-Van_CV540_PI_2024_0053_21-31-41_WEB-574x383.jpg 574w, https:\/\/www.touringcars.com\/wp-content\/uploads\/2025\/02\/carado-imagebank-data_VE_Camper-Van_CV540_PI_2024_0053_21-31-41_WEB-367x245.jpg 367w\" alt=\"_carado-imagebank-data_VE_Camper-Van_CV540_PI_2024_0053_21-31-41_WEB\" width=\"2560\" height=\"1707\">            <\/div>\r\n        <\/div>\r\n    <\/div>\r\n<\/section>\n\n<section class=\"block block-centertext bg-white bottom-spacing-zero\">\r\n    <div class=\"container\">\r\n        <div class=\"content-container reveal\">\r\n            <h2>Todo lo que debe saber sobre autocaravanas<\/h2><p>Nada puede resultar m\u00e1s f\u00e1cil con una autocaravana de alta calidad y totalmente equipada. Disfrute de nuestras exclusivas autocaravanas cinco estrellas, con tama\u00f1os que var\u00edan desde compactas a grandes. Descubra m\u00e1s detalles sobre las caracter\u00edsticas de la flota de alquiler Premium de Touring Cars.<\/p>\n        <\/div>\r\n    <\/div>\r\n<\/section>\n\n<section class=\"block block-iconrow bg-white bottom-spacing-zero\">\r\n    <div class=\"container\">\r\n        <div class=\"content-container reveal\">\r\n            <div class=\"icon-row\"><div class=\"icon-item\"><img decoding=\"async\" src=\"https:\/\/www.touringcars.com\/wp-content\/uploads\/2025\/02\/Clean_blue.svg\" alt=\"Clean_blue\"><div class=\"label\">Alojamiento totalmente equipado y personalizado<\/div><\/div><div class=\"icon-item\"><img decoding=\"async\" src=\"https:\/\/www.touringcars.com\/wp-content\/uploads\/2025\/02\/Five-stars_blue.svg\" alt=\"Five stars_blue\"><div class=\"label\">Atenci\u00f3n al cliente personalizada de principio a fin<\/div><\/div><div class=\"icon-item\"><img decoding=\"async\" src=\"https:\/\/www.touringcars.com\/wp-content\/uploads\/2025\/02\/Airport-transfer2_blue.svg\" alt=\"Airport transfer2_blue\"><div class=\"label\">Traslados al aeropuerto<\/div><\/div><div class=\"icon-item\"><img decoding=\"async\" src=\"https:\/\/www.touringcars.com\/wp-content\/uploads\/2025\/02\/road-assistance_blue.svg\" alt=\"road assistance_blue\"><div class=\"label\">24\/7 Servicio por carretera<\/div><\/div><div class=\"icon-item\"><img decoding=\"async\" src=\"https:\/\/www.touringcars.com\/wp-content\/uploads\/2025\/02\/Unlimited-mileage-3_blue.svg\" alt=\"Unlimited mileage 3_blue\"><div class=\"label\">Kilometraje ilimitado<\/div><\/div><\/div>        <\/div>\r\n    <\/div>\r\n<\/section>\n\n<section class=\"block block-textimage\">\r\n    <div class=\"container\">\r\n        <div class=\"content-row image-placement-right\">\r\n            <div class=\"content-container reveal\">\r\n                <h3>Funciones para todos los modelos<\/h3><ul>\n<li>Permiso de conducci\u00f3n necesario: B<\/li>\n<li>Transmisi\u00f3n manual o autom\u00e1tica<\/li>\n<li>Menaje de cocina completo<\/li>\n<li>Nevera y fog\u00f3n de cocina<\/li>\n<li>Retrete*<\/li>\n<li>Ducha**<\/li>\n<li>Aire acondicionado en la cabina del conductor<\/li>\n<li>Sistema de calefacci\u00f3n integrado<\/li>\n<li>Navegaci\u00f3n y c\u00e1mara de vision trasera<\/li>\n<li>Toldo***<\/li>\n<\/ul>\n<p><em>* En Urban Van: Porta Potti (inodoro port\u00e1til)<\/em><br \/>\n<em>** No disponible en Urban Van<\/em><br \/>\n<em>*** No disponible en: Urban Van, Camp Automatic, Van 4\u00d74 Automatic e Islandia<\/em><\/p>\n            <\/div>\r\n            <div class=\"image-container reveal image-high\">\r\n                <img decoding=\"async\" src=\"https:\/\/www.touringcars.com\/wp-content\/uploads\/2025\/02\/carado-imagebank-data_VE_Camper-Van_CV640_PI_2024_0122_21-31-41_web-200x300.jpg\" srcset=\"https:\/\/www.touringcars.com\/wp-content\/uploads\/2025\/02\/carado-imagebank-data_VE_Camper-Van_CV640_PI_2024_0122_21-31-41_web-200x300.jpg 200w, https:\/\/www.touringcars.com\/wp-content\/uploads\/2025\/02\/carado-imagebank-data_VE_Camper-Van_CV640_PI_2024_0122_21-31-41_web-682x1024.jpg 682w, https:\/\/www.touringcars.com\/wp-content\/uploads\/2025\/02\/carado-imagebank-data_VE_Camper-Van_CV640_PI_2024_0122_21-31-41_web-768x1153.jpg 768w, https:\/\/www.touringcars.com\/wp-content\/uploads\/2025\/02\/carado-imagebank-data_VE_Camper-Van_CV640_PI_2024_0122_21-31-41_web-1024x1536.jpg 1024w, https:\/\/www.touringcars.com\/wp-content\/uploads\/2025\/02\/carado-imagebank-data_VE_Camper-Van_CV640_PI_2024_0122_21-31-41_web-1365x2048.jpg 1365w, https:\/\/www.touringcars.com\/wp-content\/uploads\/2025\/02\/carado-imagebank-data_VE_Camper-Van_CV640_PI_2024_0122_21-31-41_web-395x593.jpg 395w, https:\/\/www.touringcars.com\/wp-content\/uploads\/2025\/02\/carado-imagebank-data_VE_Camper-Van_CV640_PI_2024_0122_21-31-41_web-354x531.jpg 354w, https:\/\/www.touringcars.com\/wp-content\/uploads\/2025\/02\/carado-imagebank-data_VE_Camper-Van_CV640_PI_2024_0122_21-31-41_web.jpg 1466w\" alt=\"_carado-imagebank-data_VE_Camper-Van_CV640_PI_2024_0122_21-31-41_web\" width=\"1466\" height=\"2200\">            <\/div>\r\n        <\/div>\r\n    <\/div>\r\n<\/section>\n\n<section class=\"block block-centertext bg-white\">\r\n    <div class=\"container\">\r\n        <div class=\"content-container reveal\">\r\n            <h2>Elige la mejor autocaravana para tus vacaciones<\/h2>        <\/div>\r\n    <\/div>\r\n<\/section>\n\n<section class=\"block block-textimage\">\r\n    <div class=\"container\">\r\n        <div class=\"content-row image-placement-right\">\r\n            <div class=\"content-container reveal\">\r\n                <h3>VAN &#8211; para 2<\/h3><p><em>Genial para salidas por la ciudad y vacaciones para parejas<\/em><\/p>\n<p>La categor\u00eda de autocaravanas compactas VAN llama la atenci\u00f3n por su din\u00e1mico dise\u00f1o exterior. Estos modelos de autocaravanas compactas tipo van se adaptan muy bien a la ciudad o son ideales para recorrer estrechos caminos serpenteantes en las monta\u00f1as. Su dise\u00f1o exterior vanguardista y atemporal atraer\u00e1 miradas hasta en los sitios para acampar.<\/p>\n<p>Si bien las medidas exteriores son reducidas, este veh\u00edculo incluye las mismas magn\u00edficas ventajas que nuestros modelos m\u00e1s grandes: retrete de \u00faltima generaci\u00f3n y cocina totalmente equipada.<\/p>\n<div class=\"buttons\"><a href=\"https:\/\/www.touringcars.com\/es\/vehicle\/van\/\" class=\"btn\">Van (Manual)<\/a><a href=\"https:\/\/www.touringcars.com\/es\/vehicle\/van-automatic\/\" class=\"btn\">Van (autom\u00e1tico)<\/a><a href=\"https:\/\/www.touringcars.com\/es\/vehicle\/van-4x4\/\" class=\"btn\">Van (4X4)<\/a><\/div>            <\/div>\r\n            <div class=\"image-container reveal image-high\">\r\n                <div class=\"glide image-slider\" data-uid=\"69f46f57d5a25\"><div class=\"glide__track\" data-glide-el=\"track\"><ul class=\"glide__slides\"><li class=\"glide__slide\"><img decoding=\"async\" src=\"https:\/\/www.touringcars.com\/wp-content\/uploads\/2025\/02\/carado-imagebank-data_VE_Camper-Van_CV640_PI_2024_0140_21-31-41_web-450x300.jpg\" srcset=\"https:\/\/www.touringcars.com\/wp-content\/uploads\/2025\/02\/carado-imagebank-data_VE_Camper-Van_CV640_PI_2024_0140_21-31-41_web-300x200.jpg 300w, https:\/\/www.touringcars.com\/wp-content\/uploads\/2025\/02\/carado-imagebank-data_VE_Camper-Van_CV640_PI_2024_0140_21-31-41_web-1024x682.jpg 1024w, https:\/\/www.touringcars.com\/wp-content\/uploads\/2025\/02\/carado-imagebank-data_VE_Camper-Van_CV640_PI_2024_0140_21-31-41_web-768x512.jpg 768w, https:\/\/www.touringcars.com\/wp-content\/uploads\/2025\/02\/carado-imagebank-data_VE_Camper-Van_CV640_PI_2024_0140_21-31-41_web-1536x1024.jpg 1536w, https:\/\/www.touringcars.com\/wp-content\/uploads\/2025\/02\/carado-imagebank-data_VE_Camper-Van_CV640_PI_2024_0140_21-31-41_web-2048x1365.jpg 2048w, https:\/\/www.touringcars.com\/wp-content\/uploads\/2025\/02\/carado-imagebank-data_VE_Camper-Van_CV640_PI_2024_0140_21-31-41_web-890x593.jpg 890w, https:\/\/www.touringcars.com\/wp-content\/uploads\/2025\/02\/carado-imagebank-data_VE_Camper-Van_CV640_PI_2024_0140_21-31-41_web-714x476.jpg 714w, https:\/\/www.touringcars.com\/wp-content\/uploads\/2025\/02\/carado-imagebank-data_VE_Camper-Van_CV640_PI_2024_0140_21-31-41_web-450x300.jpg 450w, https:\/\/www.touringcars.com\/wp-content\/uploads\/2025\/02\/carado-imagebank-data_VE_Camper-Van_CV640_PI_2024_0140_21-31-41_web-367x245.jpg 367w\" alt=\"_carado-imagebank-data_VE_Camper-Van_CV640_PI_2024_0140_21-31-41_web\"><\/li><li class=\"glide__slide\"><img decoding=\"async\" src=\"https:\/\/www.touringcars.com\/wp-content\/uploads\/2025\/02\/carado-imagebank-data_VE_Camper-Van_CV640_PI_2024_0131_21-31-41_web-450x300.jpg\" srcset=\"https:\/\/www.touringcars.com\/wp-content\/uploads\/2025\/02\/carado-imagebank-data_VE_Camper-Van_CV640_PI_2024_0131_21-31-41_web-300x200.jpg 300w, https:\/\/www.touringcars.com\/wp-content\/uploads\/2025\/02\/carado-imagebank-data_VE_Camper-Van_CV640_PI_2024_0131_21-31-41_web-1024x682.jpg 1024w, https:\/\/www.touringcars.com\/wp-content\/uploads\/2025\/02\/carado-imagebank-data_VE_Camper-Van_CV640_PI_2024_0131_21-31-41_web-768x512.jpg 768w, https:\/\/www.touringcars.com\/wp-content\/uploads\/2025\/02\/carado-imagebank-data_VE_Camper-Van_CV640_PI_2024_0131_21-31-41_web-1536x1024.jpg 1536w, https:\/\/www.touringcars.com\/wp-content\/uploads\/2025\/02\/carado-imagebank-data_VE_Camper-Van_CV640_PI_2024_0131_21-31-41_web-2048x1365.jpg 2048w, https:\/\/www.touringcars.com\/wp-content\/uploads\/2025\/02\/carado-imagebank-data_VE_Camper-Van_CV640_PI_2024_0131_21-31-41_web-890x593.jpg 890w, https:\/\/www.touringcars.com\/wp-content\/uploads\/2025\/02\/carado-imagebank-data_VE_Camper-Van_CV640_PI_2024_0131_21-31-41_web-714x476.jpg 714w, https:\/\/www.touringcars.com\/wp-content\/uploads\/2025\/02\/carado-imagebank-data_VE_Camper-Van_CV640_PI_2024_0131_21-31-41_web-450x300.jpg 450w, https:\/\/www.touringcars.com\/wp-content\/uploads\/2025\/02\/carado-imagebank-data_VE_Camper-Van_CV640_PI_2024_0131_21-31-41_web-367x245.jpg 367w\" alt=\"_carado-imagebank-data_VE_Camper-Van_CV640_PI_2024_0131_21-31-41_web\"><\/li><li class=\"glide__slide\"><img decoding=\"async\" src=\"https:\/\/www.touringcars.com\/wp-content\/uploads\/2025\/02\/carado-imagebank-data_VE_Camper-Van_CV640_PI_2025_1203_21-31-41_web-400x300.jpg\" srcset=\"https:\/\/www.touringcars.com\/wp-content\/uploads\/2025\/02\/carado-imagebank-data_VE_Camper-Van_CV640_PI_2025_1203_21-31-41_web-300x225.jpg 300w, https:\/\/www.touringcars.com\/wp-content\/uploads\/2025\/02\/carado-imagebank-data_VE_Camper-Van_CV640_PI_2025_1203_21-31-41_web-1024x768.jpg 1024w, https:\/\/www.touringcars.com\/wp-content\/uploads\/2025\/02\/carado-imagebank-data_VE_Camper-Van_CV640_PI_2025_1203_21-31-41_web-768x576.jpg 768w, https:\/\/www.touringcars.com\/wp-content\/uploads\/2025\/02\/carado-imagebank-data_VE_Camper-Van_CV640_PI_2025_1203_21-31-41_web-1536x1151.jpg 1536w, https:\/\/www.touringcars.com\/wp-content\/uploads\/2025\/02\/carado-imagebank-data_VE_Camper-Van_CV640_PI_2025_1203_21-31-41_web-2048x1535.jpg 2048w, https:\/\/www.touringcars.com\/wp-content\/uploads\/2025\/02\/carado-imagebank-data_VE_Camper-Van_CV640_PI_2025_1203_21-31-41_web-791x593.jpg 791w, https:\/\/www.touringcars.com\/wp-content\/uploads\/2025\/02\/carado-imagebank-data_VE_Camper-Van_CV640_PI_2025_1203_21-31-41_web-708x531.jpg 708w, https:\/\/www.touringcars.com\/wp-content\/uploads\/2025\/02\/carado-imagebank-data_VE_Camper-Van_CV640_PI_2025_1203_21-31-41_web-400x300.jpg 400w\" alt=\"_carado-imagebank-data_VE_Camper-Van_CV640_PI_2025_1203_21-31-41_web\"><\/li><li class=\"glide__slide\"><img decoding=\"async\" src=\"https:\/\/www.touringcars.com\/wp-content\/uploads\/2025\/02\/carado-imagebank-data_VE_Camper-Van_CV640_PI_2024_0121_21-31-41_web-1-450x300.jpg\" srcset=\"https:\/\/www.touringcars.com\/wp-content\/uploads\/2025\/02\/carado-imagebank-data_VE_Camper-Van_CV640_PI_2024_0121_21-31-41_web-1-300x200.jpg 300w, https:\/\/www.touringcars.com\/wp-content\/uploads\/2025\/02\/carado-imagebank-data_VE_Camper-Van_CV640_PI_2024_0121_21-31-41_web-1-1024x682.jpg 1024w, https:\/\/www.touringcars.com\/wp-content\/uploads\/2025\/02\/carado-imagebank-data_VE_Camper-Van_CV640_PI_2024_0121_21-31-41_web-1-768x512.jpg 768w, https:\/\/www.touringcars.com\/wp-content\/uploads\/2025\/02\/carado-imagebank-data_VE_Camper-Van_CV640_PI_2024_0121_21-31-41_web-1-1536x1024.jpg 1536w, https:\/\/www.touringcars.com\/wp-content\/uploads\/2025\/02\/carado-imagebank-data_VE_Camper-Van_CV640_PI_2024_0121_21-31-41_web-1-2048x1365.jpg 2048w, https:\/\/www.touringcars.com\/wp-content\/uploads\/2025\/02\/carado-imagebank-data_VE_Camper-Van_CV640_PI_2024_0121_21-31-41_web-1-890x593.jpg 890w, https:\/\/www.touringcars.com\/wp-content\/uploads\/2025\/02\/carado-imagebank-data_VE_Camper-Van_CV640_PI_2024_0121_21-31-41_web-1-714x476.jpg 714w, https:\/\/www.touringcars.com\/wp-content\/uploads\/2025\/02\/carado-imagebank-data_VE_Camper-Van_CV640_PI_2024_0121_21-31-41_web-1-450x300.jpg 450w, https:\/\/www.touringcars.com\/wp-content\/uploads\/2025\/02\/carado-imagebank-data_VE_Camper-Van_CV640_PI_2024_0121_21-31-41_web-1-367x245.jpg 367w\" alt=\"_carado-imagebank-data_VE_Camper-Van_CV640_PI_2024_0121_21-31-41_web\"><\/li><\/ul><\/div><div class=\"glide__controls\"><div class=\"glide__arrows\" data-glide-el=\"controls\"><span class=\"glide__arrow glide__arrow--left\" aria-label=\"Izquierda\" data-glide-dir=\"<\"><\/span><span class=\"glide__arrow glide__arrow--right\" aria-label=\"Derecha\" data-glide-dir=\">\u00ab><\/span><\/div><div class=\"glide__bullets\" data-glide-el=\"controls[nav]\"><span class=\"glide__bullet\" data-glide-dir=\"=0\" data-parent-uid=\"69f46f57d5a25\"><\/span><span class=\"glide__bullet\" data-glide-dir=\"=1\" data-parent-uid=\"69f46f57d5a25\"><\/span><span class=\"glide__bullet\" data-glide-dir=\"=2\" data-parent-uid=\"69f46f57d5a25\"><\/span><span class=\"glide__bullet\" data-glide-dir=\"=3\" data-parent-uid=\"69f46f57d5a25\"><\/span><\/div><\/div><\/div>            <\/div>\r\n        <\/div>\r\n    <\/div>\r\n<\/section>\n\n<section class=\"block block-textimage\">\r\n    <div class=\"container\">\r\n        <div class=\"content-row image-placement-left\">\r\n            <div class=\"content-container reveal\">\r\n                <h3>SMALL \u2013 para 2<\/h3><p><em>Una opci\u00f3n c\u00f3moda para parejas que disfrutan de unas m\u00e1s largas vacaciones de lujo sobre ruedas.<\/em><\/p>\n<p>Nuestra autocaravana de alquiler de categor\u00eda Premium SMALL representa la categor\u00eda m\u00e1s popular para las vacaciones de 2 personas. Es la opci\u00f3n perfecta para una pareja que planea unas vacaciones repletas de experiencias. Con una autocaravana compacta, es igual de f\u00e1cil conducir por rutas pintorescas estrechas, as\u00ed como por calles urbanas.<\/p>\n<p>El interior de esta categor\u00eda de alquiler de autocaravana SMALL est\u00e1 dise\u00f1ado para dos personas. Esta categor\u00eda cuenta con espacio para que duerman dos personas en la parte trasera del veh\u00edculo y una amplia zona de comedor en la parte delantera. Adem\u00e1s, esta categor\u00eda de alquiler de autocaravana compacta incluye un retrete de \u00faltima generaci\u00f3n y una cocina totalmente equipada.<\/p>\n<div class=\"buttons\"><a href=\"https:\/\/www.touringcars.com\/es\/vehicle\/small\/\" class=\"btn\">SMALL (manual)<\/a><a href=\"https:\/\/www.touringcars.com\/es\/vehicle\/small-automatico\/\" class=\"btn\">SMALL (autom\u00e1tico)<\/a><\/div>            <\/div>\r\n            <div class=\"image-container reveal image-high\">\r\n                <div class=\"glide image-slider\" data-uid=\"69f46f57d95a9\"><div class=\"glide__track\" data-glide-el=\"track\"><ul class=\"glide__slides\"><li class=\"glide__slide\"><img decoding=\"async\" src=\"https:\/\/www.touringcars.com\/wp-content\/uploads\/2025\/02\/carado-imagebank-data_VE_Semi-Integrated_T457_PI_2024_0033_21-31-41_HR-450x300.jpg\" srcset=\"https:\/\/www.touringcars.com\/wp-content\/uploads\/2025\/02\/carado-imagebank-data_VE_Semi-Integrated_T457_PI_2024_0033_21-31-41_HR-300x200.jpg 300w, https:\/\/www.touringcars.com\/wp-content\/uploads\/2025\/02\/carado-imagebank-data_VE_Semi-Integrated_T457_PI_2024_0033_21-31-41_HR-1024x683.jpg 1024w, https:\/\/www.touringcars.com\/wp-content\/uploads\/2025\/02\/carado-imagebank-data_VE_Semi-Integrated_T457_PI_2024_0033_21-31-41_HR-768x512.jpg 768w, https:\/\/www.touringcars.com\/wp-content\/uploads\/2025\/02\/carado-imagebank-data_VE_Semi-Integrated_T457_PI_2024_0033_21-31-41_HR-1536x1024.jpg 1536w, https:\/\/www.touringcars.com\/wp-content\/uploads\/2025\/02\/carado-imagebank-data_VE_Semi-Integrated_T457_PI_2024_0033_21-31-41_HR-889x593.jpg 889w, https:\/\/www.touringcars.com\/wp-content\/uploads\/2025\/02\/carado-imagebank-data_VE_Semi-Integrated_T457_PI_2024_0033_21-31-41_HR-714x476.jpg 714w, https:\/\/www.touringcars.com\/wp-content\/uploads\/2025\/02\/carado-imagebank-data_VE_Semi-Integrated_T457_PI_2024_0033_21-31-41_HR-450x300.jpg 450w, https:\/\/www.touringcars.com\/wp-content\/uploads\/2025\/02\/carado-imagebank-data_VE_Semi-Integrated_T457_PI_2024_0033_21-31-41_HR-367x245.jpg 367w, https:\/\/www.touringcars.com\/wp-content\/uploads\/2025\/02\/carado-imagebank-data_VE_Semi-Integrated_T457_PI_2024_0033_21-31-41_HR.jpg 1600w\" alt=\"_carado-imagebank-data_VE_Semi-Integrated_T457_PI_2024_0033_21-31-41_HR\"><\/li><li class=\"glide__slide\"><img decoding=\"async\" src=\"https:\/\/www.touringcars.com\/wp-content\/uploads\/2025\/02\/carado-imagebank-data_VE_Semi-Integrated_T457_PI_2024_0011_21-31-41_HR-450x300.jpg\" srcset=\"https:\/\/www.touringcars.com\/wp-content\/uploads\/2025\/02\/carado-imagebank-data_VE_Semi-Integrated_T457_PI_2024_0011_21-31-41_HR-300x200.jpg 300w, https:\/\/www.touringcars.com\/wp-content\/uploads\/2025\/02\/carado-imagebank-data_VE_Semi-Integrated_T457_PI_2024_0011_21-31-41_HR-1024x683.jpg 1024w, https:\/\/www.touringcars.com\/wp-content\/uploads\/2025\/02\/carado-imagebank-data_VE_Semi-Integrated_T457_PI_2024_0011_21-31-41_HR-768x512.jpg 768w, https:\/\/www.touringcars.com\/wp-content\/uploads\/2025\/02\/carado-imagebank-data_VE_Semi-Integrated_T457_PI_2024_0011_21-31-41_HR-1536x1024.jpg 1536w, https:\/\/www.touringcars.com\/wp-content\/uploads\/2025\/02\/carado-imagebank-data_VE_Semi-Integrated_T457_PI_2024_0011_21-31-41_HR-889x593.jpg 889w, https:\/\/www.touringcars.com\/wp-content\/uploads\/2025\/02\/carado-imagebank-data_VE_Semi-Integrated_T457_PI_2024_0011_21-31-41_HR-714x476.jpg 714w, https:\/\/www.touringcars.com\/wp-content\/uploads\/2025\/02\/carado-imagebank-data_VE_Semi-Integrated_T457_PI_2024_0011_21-31-41_HR-450x300.jpg 450w, https:\/\/www.touringcars.com\/wp-content\/uploads\/2025\/02\/carado-imagebank-data_VE_Semi-Integrated_T457_PI_2024_0011_21-31-41_HR-367x245.jpg 367w, https:\/\/www.touringcars.com\/wp-content\/uploads\/2025\/02\/carado-imagebank-data_VE_Semi-Integrated_T457_PI_2024_0011_21-31-41_HR.jpg 1600w\" alt=\"_carado-imagebank-data_VE_Semi-Integrated_T457_PI_2024_0011_21-31-41_HR\"><\/li><li class=\"glide__slide\"><img decoding=\"async\" src=\"https:\/\/www.touringcars.com\/wp-content\/uploads\/2025\/02\/daniel_taipale_71a1799-450x300.jpg\" srcset=\"https:\/\/www.touringcars.com\/wp-content\/uploads\/2025\/02\/daniel_taipale_71a1799-300x200.jpg 300w, https:\/\/www.touringcars.com\/wp-content\/uploads\/2025\/02\/daniel_taipale_71a1799-1024x683.jpg 1024w, https:\/\/www.touringcars.com\/wp-content\/uploads\/2025\/02\/daniel_taipale_71a1799-768x512.jpg 768w, https:\/\/www.touringcars.com\/wp-content\/uploads\/2025\/02\/daniel_taipale_71a1799-1536x1024.jpg 1536w, https:\/\/www.touringcars.com\/wp-content\/uploads\/2025\/02\/daniel_taipale_71a1799-2048x1366.jpg 2048w, https:\/\/www.touringcars.com\/wp-content\/uploads\/2025\/02\/daniel_taipale_71a1799-889x593.jpg 889w, https:\/\/www.touringcars.com\/wp-content\/uploads\/2025\/02\/daniel_taipale_71a1799-714x476.jpg 714w, https:\/\/www.touringcars.com\/wp-content\/uploads\/2025\/02\/daniel_taipale_71a1799-450x300.jpg 450w, https:\/\/www.touringcars.com\/wp-content\/uploads\/2025\/02\/daniel_taipale_71a1799-367x245.jpg 367w\" alt=\"daniel_taipale_71a1799\"><\/li><li class=\"glide__slide\"><img decoding=\"async\" src=\"https:\/\/www.touringcars.com\/wp-content\/uploads\/2025\/02\/carado-imagebank-data_VE_Van_V339_PI_2024_0090_21-31-41_HR-450x300.jpg\" srcset=\"https:\/\/www.touringcars.com\/wp-content\/uploads\/2025\/02\/carado-imagebank-data_VE_Van_V339_PI_2024_0090_21-31-41_HR-300x200.jpg 300w, https:\/\/www.touringcars.com\/wp-content\/uploads\/2025\/02\/carado-imagebank-data_VE_Van_V339_PI_2024_0090_21-31-41_HR-1024x682.jpg 1024w, https:\/\/www.touringcars.com\/wp-content\/uploads\/2025\/02\/carado-imagebank-data_VE_Van_V339_PI_2024_0090_21-31-41_HR-768x512.jpg 768w, https:\/\/www.touringcars.com\/wp-content\/uploads\/2025\/02\/carado-imagebank-data_VE_Van_V339_PI_2024_0090_21-31-41_HR-1536x1023.jpg 1536w, https:\/\/www.touringcars.com\/wp-content\/uploads\/2025\/02\/carado-imagebank-data_VE_Van_V339_PI_2024_0090_21-31-41_HR-890x593.jpg 890w, https:\/\/www.touringcars.com\/wp-content\/uploads\/2025\/02\/carado-imagebank-data_VE_Van_V339_PI_2024_0090_21-31-41_HR-714x476.jpg 714w, https:\/\/www.touringcars.com\/wp-content\/uploads\/2025\/02\/carado-imagebank-data_VE_Van_V339_PI_2024_0090_21-31-41_HR-450x300.jpg 450w, https:\/\/www.touringcars.com\/wp-content\/uploads\/2025\/02\/carado-imagebank-data_VE_Van_V339_PI_2024_0090_21-31-41_HR-367x245.jpg 367w, https:\/\/www.touringcars.com\/wp-content\/uploads\/2025\/02\/carado-imagebank-data_VE_Van_V339_PI_2024_0090_21-31-41_HR.jpg 1600w\" alt=\"_carado-imagebank-data_VE_Van_V339_PI_2024_0090_21-31-41_HR\"><\/li><\/ul><\/div><div class=\"glide__controls\"><div class=\"glide__arrows\" data-glide-el=\"controls\"><span class=\"glide__arrow glide__arrow--left\" aria-label=\"Izquierda\" data-glide-dir=\"<\"><\/span><span class=\"glide__arrow glide__arrow--right\" aria-label=\"Derecha\" data-glide-dir=\">\u00ab><\/span><\/div><div class=\"glide__bullets\" data-glide-el=\"controls[nav]\"><span class=\"glide__bullet\" data-glide-dir=\"=0\" data-parent-uid=\"69f46f57d95a9\"><\/span><span class=\"glide__bullet\" data-glide-dir=\"=1\" data-parent-uid=\"69f46f57d95a9\"><\/span><span class=\"glide__bullet\" data-glide-dir=\"=2\" data-parent-uid=\"69f46f57d95a9\"><\/span><span class=\"glide__bullet\" data-glide-dir=\"=3\" data-parent-uid=\"69f46f57d95a9\"><\/span><\/div><\/div><\/div>            <\/div>\r\n        <\/div>\r\n    <\/div>\r\n<\/section>\n\n<section class=\"block block-textimage\">\r\n    <div class=\"container\">\r\n        <div class=\"content-row image-placement-right\">\r\n            <div class=\"content-container reveal\">\r\n                <h3>MEDIUM &#8211; para 4<\/h3><p><em>Placenteras vacaciones de lujo para un m\u00e1ximo de 4 personas<\/em><\/p>\n<p>Esta categor\u00eda de autocaravana de alquiler es probablemente la m\u00e1s vers\u00e1til. Le ofrece una categor\u00eda de veh\u00edculo cinco estrellas que puede llevarle f\u00e1cilmente a los lugares m\u00e1s remotos. Es la opci\u00f3n perfecta para explorar tanto las costas del Oc\u00e9ano \u00c1rtico como para recorrer los Pueblos Blancos del sur de Espa\u00f1a. La categor\u00eda de veh\u00edculos Premium MEDIUM tiene una capacidad m\u00e1xima de 4 personas y ofrece excelentes posibilidades de almacenamiento.<\/p>\n<p>Las autocaravanas de alquiler de categor\u00eda Premium presentan atractivos modelos semi integrados. Debido a su tama\u00f1o, esta categor\u00eda se adapta tanto a las calles urbanas como a los pintorescos caminos rurales.<\/p>\n<div class=\"buttons\"><a href=\"https:\/\/www.touringcars.com\/es\/vehicle\/medium\/\" class=\"btn\">MEDIUM (manual)<\/a><a href=\"https:\/\/www.touringcars.com\/es\/vehicle\/medium-automatic\/\" class=\"btn\">MEDIUM (autom\u00e1tico)<\/a><\/div>            <\/div>\r\n            <div class=\"image-container reveal image-high\">\r\n                <div class=\"glide image-slider\" data-uid=\"69f46f57dd035\"><div class=\"glide__track\" data-glide-el=\"track\"><ul class=\"glide__slides\"><li class=\"glide__slide\"><img decoding=\"async\" src=\"https:\/\/www.touringcars.com\/wp-content\/uploads\/2025\/02\/carado-imagebank-data_VE_Semi-Integrated_T448_PI_2024_0002_20-31-41_web-450x300.jpg\" srcset=\"https:\/\/www.touringcars.com\/wp-content\/uploads\/2025\/02\/carado-imagebank-data_VE_Semi-Integrated_T448_PI_2024_0002_20-31-41_web-300x200.jpg 300w, https:\/\/www.touringcars.com\/wp-content\/uploads\/2025\/02\/carado-imagebank-data_VE_Semi-Integrated_T448_PI_2024_0002_20-31-41_web-1024x682.jpg 1024w, https:\/\/www.touringcars.com\/wp-content\/uploads\/2025\/02\/carado-imagebank-data_VE_Semi-Integrated_T448_PI_2024_0002_20-31-41_web-768x512.jpg 768w, https:\/\/www.touringcars.com\/wp-content\/uploads\/2025\/02\/carado-imagebank-data_VE_Semi-Integrated_T448_PI_2024_0002_20-31-41_web-1536x1024.jpg 1536w, https:\/\/www.touringcars.com\/wp-content\/uploads\/2025\/02\/carado-imagebank-data_VE_Semi-Integrated_T448_PI_2024_0002_20-31-41_web-2048x1365.jpg 2048w, https:\/\/www.touringcars.com\/wp-content\/uploads\/2025\/02\/carado-imagebank-data_VE_Semi-Integrated_T448_PI_2024_0002_20-31-41_web-890x593.jpg 890w, https:\/\/www.touringcars.com\/wp-content\/uploads\/2025\/02\/carado-imagebank-data_VE_Semi-Integrated_T448_PI_2024_0002_20-31-41_web-714x476.jpg 714w, https:\/\/www.touringcars.com\/wp-content\/uploads\/2025\/02\/carado-imagebank-data_VE_Semi-Integrated_T448_PI_2024_0002_20-31-41_web-450x300.jpg 450w, https:\/\/www.touringcars.com\/wp-content\/uploads\/2025\/02\/carado-imagebank-data_VE_Semi-Integrated_T448_PI_2024_0002_20-31-41_web-367x245.jpg 367w\" alt=\"_carado-imagebank-data_VE_Semi-Integrated_T448_PI_2024_0002_20-31-41_web\"><\/li><li class=\"glide__slide\"><img decoding=\"async\" src=\"https:\/\/www.touringcars.com\/wp-content\/uploads\/2025\/02\/carado-imagebank-data_VE_Semi-Integrated_T448_PI_2025_0047_21-31-41_web-450x300.jpg\" srcset=\"https:\/\/www.touringcars.com\/wp-content\/uploads\/2025\/02\/carado-imagebank-data_VE_Semi-Integrated_T448_PI_2025_0047_21-31-41_web-300x200.jpg 300w, https:\/\/www.touringcars.com\/wp-content\/uploads\/2025\/02\/carado-imagebank-data_VE_Semi-Integrated_T448_PI_2025_0047_21-31-41_web-1024x682.jpg 1024w, https:\/\/www.touringcars.com\/wp-content\/uploads\/2025\/02\/carado-imagebank-data_VE_Semi-Integrated_T448_PI_2025_0047_21-31-41_web-768x512.jpg 768w, https:\/\/www.touringcars.com\/wp-content\/uploads\/2025\/02\/carado-imagebank-data_VE_Semi-Integrated_T448_PI_2025_0047_21-31-41_web-1536x1024.jpg 1536w, https:\/\/www.touringcars.com\/wp-content\/uploads\/2025\/02\/carado-imagebank-data_VE_Semi-Integrated_T448_PI_2025_0047_21-31-41_web-2048x1365.jpg 2048w, https:\/\/www.touringcars.com\/wp-content\/uploads\/2025\/02\/carado-imagebank-data_VE_Semi-Integrated_T448_PI_2025_0047_21-31-41_web-890x593.jpg 890w, https:\/\/www.touringcars.com\/wp-content\/uploads\/2025\/02\/carado-imagebank-data_VE_Semi-Integrated_T448_PI_2025_0047_21-31-41_web-714x476.jpg 714w, https:\/\/www.touringcars.com\/wp-content\/uploads\/2025\/02\/carado-imagebank-data_VE_Semi-Integrated_T448_PI_2025_0047_21-31-41_web-450x300.jpg 450w, https:\/\/www.touringcars.com\/wp-content\/uploads\/2025\/02\/carado-imagebank-data_VE_Semi-Integrated_T448_PI_2025_0047_21-31-41_web-367x245.jpg 367w\" alt=\"_carado-imagebank-data_VE_Semi-Integrated_T448_PI_2025_0047_21-31-41_web\"><\/li><li class=\"glide__slide\"><img decoding=\"async\" src=\"https:\/\/www.touringcars.com\/wp-content\/uploads\/2025\/02\/carado-imagebank-data_VE_Semi-Integrated_T448_PI_2024_0031_21-31-41_web-450x300.jpg\" srcset=\"https:\/\/www.touringcars.com\/wp-content\/uploads\/2025\/02\/carado-imagebank-data_VE_Semi-Integrated_T448_PI_2024_0031_21-31-41_web-300x200.jpg 300w, https:\/\/www.touringcars.com\/wp-content\/uploads\/2025\/02\/carado-imagebank-data_VE_Semi-Integrated_T448_PI_2024_0031_21-31-41_web-1024x682.jpg 1024w, https:\/\/www.touringcars.com\/wp-content\/uploads\/2025\/02\/carado-imagebank-data_VE_Semi-Integrated_T448_PI_2024_0031_21-31-41_web-768x512.jpg 768w, https:\/\/www.touringcars.com\/wp-content\/uploads\/2025\/02\/carado-imagebank-data_VE_Semi-Integrated_T448_PI_2024_0031_21-31-41_web-1536x1024.jpg 1536w, https:\/\/www.touringcars.com\/wp-content\/uploads\/2025\/02\/carado-imagebank-data_VE_Semi-Integrated_T448_PI_2024_0031_21-31-41_web-2048x1365.jpg 2048w, https:\/\/www.touringcars.com\/wp-content\/uploads\/2025\/02\/carado-imagebank-data_VE_Semi-Integrated_T448_PI_2024_0031_21-31-41_web-890x593.jpg 890w, https:\/\/www.touringcars.com\/wp-content\/uploads\/2025\/02\/carado-imagebank-data_VE_Semi-Integrated_T448_PI_2024_0031_21-31-41_web-714x476.jpg 714w, https:\/\/www.touringcars.com\/wp-content\/uploads\/2025\/02\/carado-imagebank-data_VE_Semi-Integrated_T448_PI_2024_0031_21-31-41_web-450x300.jpg 450w, https:\/\/www.touringcars.com\/wp-content\/uploads\/2025\/02\/carado-imagebank-data_VE_Semi-Integrated_T448_PI_2024_0031_21-31-41_web-367x245.jpg 367w\" alt=\"_carado-imagebank-data_VE_Semi-Integrated_T448_PI_2024_0031_21-31-41_web\"><\/li><li class=\"glide__slide\"><img decoding=\"async\" src=\"https:\/\/www.touringcars.com\/wp-content\/uploads\/2025\/02\/carado-imagebank-data_OTZ_Semi-Integrated_T448_PI_2024_0222_21-31-41_web-450x300.jpg\" srcset=\"https:\/\/www.touringcars.com\/wp-content\/uploads\/2025\/02\/carado-imagebank-data_OTZ_Semi-Integrated_T448_PI_2024_0222_21-31-41_web-300x200.jpg 300w, https:\/\/www.touringcars.com\/wp-content\/uploads\/2025\/02\/carado-imagebank-data_OTZ_Semi-Integrated_T448_PI_2024_0222_21-31-41_web-1024x682.jpg 1024w, https:\/\/www.touringcars.com\/wp-content\/uploads\/2025\/02\/carado-imagebank-data_OTZ_Semi-Integrated_T448_PI_2024_0222_21-31-41_web-768x512.jpg 768w, https:\/\/www.touringcars.com\/wp-content\/uploads\/2025\/02\/carado-imagebank-data_OTZ_Semi-Integrated_T448_PI_2024_0222_21-31-41_web-1536x1024.jpg 1536w, https:\/\/www.touringcars.com\/wp-content\/uploads\/2025\/02\/carado-imagebank-data_OTZ_Semi-Integrated_T448_PI_2024_0222_21-31-41_web-2048x1365.jpg 2048w, https:\/\/www.touringcars.com\/wp-content\/uploads\/2025\/02\/carado-imagebank-data_OTZ_Semi-Integrated_T448_PI_2024_0222_21-31-41_web-890x593.jpg 890w, https:\/\/www.touringcars.com\/wp-content\/uploads\/2025\/02\/carado-imagebank-data_OTZ_Semi-Integrated_T448_PI_2024_0222_21-31-41_web-714x476.jpg 714w, https:\/\/www.touringcars.com\/wp-content\/uploads\/2025\/02\/carado-imagebank-data_OTZ_Semi-Integrated_T448_PI_2024_0222_21-31-41_web-450x300.jpg 450w, https:\/\/www.touringcars.com\/wp-content\/uploads\/2025\/02\/carado-imagebank-data_OTZ_Semi-Integrated_T448_PI_2024_0222_21-31-41_web-367x245.jpg 367w\" alt=\"_carado-imagebank-data_OTZ_Semi-Integrated_T448_PI_2024_0222_21-31-41_web\"><\/li><\/ul><\/div><div class=\"glide__controls\"><div class=\"glide__arrows\" data-glide-el=\"controls\"><span class=\"glide__arrow glide__arrow--left\" aria-label=\"Izquierda\" data-glide-dir=\"<\"><\/span><span class=\"glide__arrow glide__arrow--right\" aria-label=\"Derecha\" data-glide-dir=\">\u00ab><\/span><\/div><div class=\"glide__bullets\" data-glide-el=\"controls[nav]\"><span class=\"glide__bullet\" data-glide-dir=\"=0\" data-parent-uid=\"69f46f57dd035\"><\/span><span class=\"glide__bullet\" data-glide-dir=\"=1\" data-parent-uid=\"69f46f57dd035\"><\/span><span class=\"glide__bullet\" data-glide-dir=\"=2\" data-parent-uid=\"69f46f57dd035\"><\/span><span class=\"glide__bullet\" data-glide-dir=\"=3\" data-parent-uid=\"69f46f57dd035\"><\/span><\/div><\/div><\/div>            <\/div>\r\n        <\/div>\r\n    <\/div>\r\n<\/section>\n\n<section class=\"block block-textimage\">\r\n    <div class=\"container\">\r\n        <div class=\"content-row image-placement-left\">\r\n            <div class=\"content-container reveal\">\r\n                <h3>FAMILY &#8211; para 5 personas<\/h3><p><em>Una opci\u00f3n ideal para vacaciones inolvidables en familia<\/em><\/p>\n<p>Los veh\u00edculos de la categor\u00eda Premium FAMILY han sido dise\u00f1ados para alojar a una familia de hasta 5 personas. Esta categor\u00eda de veh\u00edculos de alquiler est\u00e1 dise\u00f1ada espec\u00edficamente pensando en los ni\u00f1os: a ellos les encantan las literas de la parte trasera de la caravana, mientras que los adultos pueden disfrutar de la lujosa cama doble. Incluso se puede disponer de m\u00e1s espacio para dormir en la zona de asientos, que se puede convertir en una cama doble en instantes. Viajar en un veh\u00edculo de esta categor\u00eda es verdaderamente divertido. Los ni\u00f1os pueden jugar en la zona de los asientos donde est\u00e1n seguros con los cinturones de seguridad de tres puntos de sujeci\u00f3n, al tiempo que disfrutan de su tentempi\u00e9 favorito que c\u00f3modamente les pasan desde los asientos delanteros.<\/p>\n<div class=\"buttons\"><a href=\"https:\/\/www.touringcars.com\/es\/vehicle\/family-5\/\" class=\"btn\">FAMILY | 5 (manual) <\/a><a href=\"https:\/\/www.touringcars.com\/es\/vehicle\/family-5-automatic\/\" class=\"btn\">FAMILY | 5 (autom\u00e1tico) <\/a><\/div>            <\/div>\r\n            <div class=\"image-container reveal image-high\">\r\n                <div class=\"glide image-slider\" data-uid=\"69f46f57e0a07\"><div class=\"glide__track\" data-glide-el=\"track\"><ul class=\"glide__slides\"><li class=\"glide__slide\"><img decoding=\"async\" src=\"https:\/\/www.touringcars.com\/wp-content\/uploads\/2025\/01\/carado-imagebank-data_VE_Overcab_A464_PI_2025_0013_21-31-41_web-179x300.jpg\" srcset=\"https:\/\/www.touringcars.com\/wp-content\/uploads\/2025\/01\/carado-imagebank-data_VE_Overcab_A464_PI_2025_0013_21-31-41_web-179x300.jpg 179w, https:\/\/www.touringcars.com\/wp-content\/uploads\/2025\/01\/carado-imagebank-data_VE_Overcab_A464_PI_2025_0013_21-31-41_web-612x1024.jpg 612w, https:\/\/www.touringcars.com\/wp-content\/uploads\/2025\/01\/carado-imagebank-data_VE_Overcab_A464_PI_2025_0013_21-31-41_web-768x1286.jpg 768w, https:\/\/www.touringcars.com\/wp-content\/uploads\/2025\/01\/carado-imagebank-data_VE_Overcab_A464_PI_2025_0013_21-31-41_web-917x1536.jpg 917w, https:\/\/www.touringcars.com\/wp-content\/uploads\/2025\/01\/carado-imagebank-data_VE_Overcab_A464_PI_2025_0013_21-31-41_web-1223x2048.jpg 1223w, https:\/\/www.touringcars.com\/wp-content\/uploads\/2025\/01\/carado-imagebank-data_VE_Overcab_A464_PI_2025_0013_21-31-41_web-354x593.jpg 354w, https:\/\/www.touringcars.com\/wp-content\/uploads\/2025\/01\/carado-imagebank-data_VE_Overcab_A464_PI_2025_0013_21-31-41_web-317x531.jpg 317w, https:\/\/www.touringcars.com\/wp-content\/uploads\/2025\/01\/carado-imagebank-data_VE_Overcab_A464_PI_2025_0013_21-31-41_web.jpg 1314w\" alt=\"_carado-imagebank-data_VE_Overcab_A464_PI_2025_0013_21-31-41_web\"><\/li><li class=\"glide__slide\"><img decoding=\"async\" src=\"https:\/\/www.touringcars.com\/wp-content\/uploads\/2025\/02\/carado-imagebank-data_VE_Overcab_A361_IT_2025_1001_21-31-41_web-450x300.jpg\" srcset=\"https:\/\/www.touringcars.com\/wp-content\/uploads\/2025\/02\/carado-imagebank-data_VE_Overcab_A361_IT_2025_1001_21-31-41_web-300x200.jpg 300w, https:\/\/www.touringcars.com\/wp-content\/uploads\/2025\/02\/carado-imagebank-data_VE_Overcab_A361_IT_2025_1001_21-31-41_web-1024x682.jpg 1024w, https:\/\/www.touringcars.com\/wp-content\/uploads\/2025\/02\/carado-imagebank-data_VE_Overcab_A361_IT_2025_1001_21-31-41_web-768x512.jpg 768w, https:\/\/www.touringcars.com\/wp-content\/uploads\/2025\/02\/carado-imagebank-data_VE_Overcab_A361_IT_2025_1001_21-31-41_web-1536x1024.jpg 1536w, https:\/\/www.touringcars.com\/wp-content\/uploads\/2025\/02\/carado-imagebank-data_VE_Overcab_A361_IT_2025_1001_21-31-41_web-2048x1365.jpg 2048w, https:\/\/www.touringcars.com\/wp-content\/uploads\/2025\/02\/carado-imagebank-data_VE_Overcab_A361_IT_2025_1001_21-31-41_web-890x593.jpg 890w, https:\/\/www.touringcars.com\/wp-content\/uploads\/2025\/02\/carado-imagebank-data_VE_Overcab_A361_IT_2025_1001_21-31-41_web-714x476.jpg 714w, https:\/\/www.touringcars.com\/wp-content\/uploads\/2025\/02\/carado-imagebank-data_VE_Overcab_A361_IT_2025_1001_21-31-41_web-450x300.jpg 450w, https:\/\/www.touringcars.com\/wp-content\/uploads\/2025\/02\/carado-imagebank-data_VE_Overcab_A361_IT_2025_1001_21-31-41_web-367x245.jpg 367w\" alt=\"_carado-imagebank-data_VE_Overcab_A361_IT_2025_1001_21-31-41_web\"><\/li><li class=\"glide__slide\"><img decoding=\"async\" src=\"https:\/\/www.touringcars.com\/wp-content\/uploads\/2025\/02\/carado-imagebank-data_VE_Overcab_A361_GP_2025_0001_21-31-41_WEB-558x279.jpg\" srcset=\"https:\/\/www.touringcars.com\/wp-content\/uploads\/2025\/02\/carado-imagebank-data_VE_Overcab_A361_GP_2025_0001_21-31-41_WEB-300x150.jpg 300w, https:\/\/www.touringcars.com\/wp-content\/uploads\/2025\/02\/carado-imagebank-data_VE_Overcab_A361_GP_2025_0001_21-31-41_WEB-1024x512.jpg 1024w, https:\/\/www.touringcars.com\/wp-content\/uploads\/2025\/02\/carado-imagebank-data_VE_Overcab_A361_GP_2025_0001_21-31-41_WEB-768x384.jpg 768w, https:\/\/www.touringcars.com\/wp-content\/uploads\/2025\/02\/carado-imagebank-data_VE_Overcab_A361_GP_2025_0001_21-31-41_WEB-1536x768.jpg 1536w, https:\/\/www.touringcars.com\/wp-content\/uploads\/2025\/02\/carado-imagebank-data_VE_Overcab_A361_GP_2025_0001_21-31-41_WEB-2048x1024.jpg 2048w, https:\/\/www.touringcars.com\/wp-content\/uploads\/2025\/02\/carado-imagebank-data_VE_Overcab_A361_GP_2025_0001_21-31-41_WEB-1186x593.jpg 1186w, https:\/\/www.touringcars.com\/wp-content\/uploads\/2025\/02\/carado-imagebank-data_VE_Overcab_A361_GP_2025_0001_21-31-41_WEB-714x357.jpg 714w, https:\/\/www.touringcars.com\/wp-content\/uploads\/2025\/02\/carado-imagebank-data_VE_Overcab_A361_GP_2025_0001_21-31-41_WEB-558x279.jpg 558w\" alt=\"_carado-imagebank-data_VE_Overcab_A361_GP_2025_0001_21-31-41_WEB\"><\/li><li class=\"glide__slide\"><img decoding=\"async\" src=\"https:\/\/www.touringcars.com\/wp-content\/uploads\/2025\/02\/carado-imagebank-data_VE_Overcab_A361_CU_2025_1002_21-31-41_web-450x300.jpg\" srcset=\"https:\/\/www.touringcars.com\/wp-content\/uploads\/2025\/02\/carado-imagebank-data_VE_Overcab_A361_CU_2025_1002_21-31-41_web-300x200.jpg 300w, https:\/\/www.touringcars.com\/wp-content\/uploads\/2025\/02\/carado-imagebank-data_VE_Overcab_A361_CU_2025_1002_21-31-41_web-1024x682.jpg 1024w, https:\/\/www.touringcars.com\/wp-content\/uploads\/2025\/02\/carado-imagebank-data_VE_Overcab_A361_CU_2025_1002_21-31-41_web-768x512.jpg 768w, https:\/\/www.touringcars.com\/wp-content\/uploads\/2025\/02\/carado-imagebank-data_VE_Overcab_A361_CU_2025_1002_21-31-41_web-1536x1024.jpg 1536w, https:\/\/www.touringcars.com\/wp-content\/uploads\/2025\/02\/carado-imagebank-data_VE_Overcab_A361_CU_2025_1002_21-31-41_web-2048x1365.jpg 2048w, https:\/\/www.touringcars.com\/wp-content\/uploads\/2025\/02\/carado-imagebank-data_VE_Overcab_A361_CU_2025_1002_21-31-41_web-890x593.jpg 890w, https:\/\/www.touringcars.com\/wp-content\/uploads\/2025\/02\/carado-imagebank-data_VE_Overcab_A361_CU_2025_1002_21-31-41_web-714x476.jpg 714w, https:\/\/www.touringcars.com\/wp-content\/uploads\/2025\/02\/carado-imagebank-data_VE_Overcab_A361_CU_2025_1002_21-31-41_web-450x300.jpg 450w, https:\/\/www.touringcars.com\/wp-content\/uploads\/2025\/02\/carado-imagebank-data_VE_Overcab_A361_CU_2025_1002_21-31-41_web-367x245.jpg 367w\" alt=\"_carado-imagebank-data_VE_Overcab_A361_CU_2025_1002_21-31-41_web\"><\/li><\/ul><\/div><div class=\"glide__controls\"><div class=\"glide__arrows\" data-glide-el=\"controls\"><span class=\"glide__arrow glide__arrow--left\" aria-label=\"Izquierda\" data-glide-dir=\"<\"><\/span><span class=\"glide__arrow glide__arrow--right\" aria-label=\"Derecha\" data-glide-dir=\">\u00ab><\/span><\/div><div class=\"glide__bullets\" data-glide-el=\"controls[nav]\"><span class=\"glide__bullet\" data-glide-dir=\"=0\" data-parent-uid=\"69f46f57e0a07\"><\/span><span class=\"glide__bullet\" data-glide-dir=\"=1\" data-parent-uid=\"69f46f57e0a07\"><\/span><span class=\"glide__bullet\" data-glide-dir=\"=2\" data-parent-uid=\"69f46f57e0a07\"><\/span><span class=\"glide__bullet\" data-glide-dir=\"=3\" data-parent-uid=\"69f46f57e0a07\"><\/span><\/div><\/div><\/div>            <\/div>\r\n        <\/div>\r\n    <\/div>\r\n<\/section>\n\n<section class=\"block block-textimage\">\r\n    <div class=\"container\">\r\n        <div class=\"content-row image-placement-right\">\r\n            <div class=\"content-container reveal\">\r\n                <h3>LARGE &#8211; para 5 personas<\/h3><p><em>La mejor opci\u00f3n para grupos de hasta 5 personas con mucho equipaje<\/em><\/p>\n<p>Nuestros veh\u00edculos de alquiler de la categor\u00eda Premium LARGE ofrecen el mayor espacio de almacenamiento posible y un espacio suficiente para todas sus pertenencias. Al elegir esta categor\u00eda de veh\u00edculo, no tendr\u00e1 que dejar nada sin llevar. Las autocaravanas de la categor\u00eda LARGE cuentan con tres camas dobles: una en el dormitorio de la parte delantera del veh\u00edculo, otra que se puede transformar a partir de la zona de asientos en el centro del veh\u00edculo de alquiler y otra en la parte trasera del veh\u00edculo.<\/p>\n<p>Estos veh\u00edculos de la categor\u00eda RV de camping est\u00e1n especialmente tan bien dise\u00f1ados que le permiten ponerse c\u00f3modo o invitar a sus amigos a pasar un d\u00eda de paseo repleto de diversi\u00f3n en cualquier lugar de Europa.<\/p>\n<div class=\"buttons\"><a href=\"https:\/\/www.touringcars.com\/es\/vehicle\/large-5\/\" class=\"btn\">LARGE | 5 (manual) <\/a><a href=\"https:\/\/www.touringcars.com\/es\/vehicle\/large-5-automatic\/\" class=\"btn\">LARGE | 5 (autom\u00e1tico) <\/a><\/div>            <\/div>\r\n            <div class=\"image-container reveal image-high\">\r\n                <div class=\"glide image-slider\" data-uid=\"69f46f57e428c\"><div class=\"glide__track\" data-glide-el=\"track\"><ul class=\"glide__slides\"><li class=\"glide__slide\"><img decoding=\"async\" src=\"https:\/\/www.touringcars.com\/wp-content\/uploads\/2025\/02\/carado-imagebank-data_VE_Overcab_A464_CU_2025_1003_21-31-41_web-450x300.jpg\" srcset=\"https:\/\/www.touringcars.com\/wp-content\/uploads\/2025\/02\/carado-imagebank-data_VE_Overcab_A464_CU_2025_1003_21-31-41_web-300x200.jpg 300w, https:\/\/www.touringcars.com\/wp-content\/uploads\/2025\/02\/carado-imagebank-data_VE_Overcab_A464_CU_2025_1003_21-31-41_web-1024x682.jpg 1024w, https:\/\/www.touringcars.com\/wp-content\/uploads\/2025\/02\/carado-imagebank-data_VE_Overcab_A464_CU_2025_1003_21-31-41_web-768x512.jpg 768w, https:\/\/www.touringcars.com\/wp-content\/uploads\/2025\/02\/carado-imagebank-data_VE_Overcab_A464_CU_2025_1003_21-31-41_web-1536x1024.jpg 1536w, https:\/\/www.touringcars.com\/wp-content\/uploads\/2025\/02\/carado-imagebank-data_VE_Overcab_A464_CU_2025_1003_21-31-41_web-2048x1365.jpg 2048w, https:\/\/www.touringcars.com\/wp-content\/uploads\/2025\/02\/carado-imagebank-data_VE_Overcab_A464_CU_2025_1003_21-31-41_web-890x593.jpg 890w, https:\/\/www.touringcars.com\/wp-content\/uploads\/2025\/02\/carado-imagebank-data_VE_Overcab_A464_CU_2025_1003_21-31-41_web-714x476.jpg 714w, https:\/\/www.touringcars.com\/wp-content\/uploads\/2025\/02\/carado-imagebank-data_VE_Overcab_A464_CU_2025_1003_21-31-41_web-450x300.jpg 450w, https:\/\/www.touringcars.com\/wp-content\/uploads\/2025\/02\/carado-imagebank-data_VE_Overcab_A464_CU_2025_1003_21-31-41_web-367x245.jpg 367w\" alt=\"_carado-imagebank-data_VE_Overcab_A464_CU_2025_1003_21-31-41_web\"><\/li><li class=\"glide__slide\"><img decoding=\"async\" src=\"https:\/\/www.touringcars.com\/wp-content\/uploads\/2025\/01\/carado-imagebank-data_VE_Overcab_A464_GP_2025_0001_21-31-41_WEB-558x279.jpg\" srcset=\"https:\/\/www.touringcars.com\/wp-content\/uploads\/2025\/01\/carado-imagebank-data_VE_Overcab_A464_GP_2025_0001_21-31-41_WEB-300x150.jpg 300w, https:\/\/www.touringcars.com\/wp-content\/uploads\/2025\/01\/carado-imagebank-data_VE_Overcab_A464_GP_2025_0001_21-31-41_WEB-1024x512.jpg 1024w, https:\/\/www.touringcars.com\/wp-content\/uploads\/2025\/01\/carado-imagebank-data_VE_Overcab_A464_GP_2025_0001_21-31-41_WEB-768x384.jpg 768w, https:\/\/www.touringcars.com\/wp-content\/uploads\/2025\/01\/carado-imagebank-data_VE_Overcab_A464_GP_2025_0001_21-31-41_WEB-1536x768.jpg 1536w, https:\/\/www.touringcars.com\/wp-content\/uploads\/2025\/01\/carado-imagebank-data_VE_Overcab_A464_GP_2025_0001_21-31-41_WEB-2048x1024.jpg 2048w, https:\/\/www.touringcars.com\/wp-content\/uploads\/2025\/01\/carado-imagebank-data_VE_Overcab_A464_GP_2025_0001_21-31-41_WEB-1186x593.jpg 1186w, https:\/\/www.touringcars.com\/wp-content\/uploads\/2025\/01\/carado-imagebank-data_VE_Overcab_A464_GP_2025_0001_21-31-41_WEB-714x357.jpg 714w, https:\/\/www.touringcars.com\/wp-content\/uploads\/2025\/01\/carado-imagebank-data_VE_Overcab_A464_GP_2025_0001_21-31-41_WEB-558x279.jpg 558w\" alt=\"_carado-imagebank-data_VE_Overcab_A464_GP_2025_0001_21-31-41_WEB\"><\/li><li class=\"glide__slide\"><img decoding=\"async\" src=\"https:\/\/www.touringcars.com\/wp-content\/uploads\/2025\/01\/carado-imagebank-data_VE_Overcab_A464_IT_2025_1001_21-31-41_web-450x300.jpg\" srcset=\"https:\/\/www.touringcars.com\/wp-content\/uploads\/2025\/01\/carado-imagebank-data_VE_Overcab_A464_IT_2025_1001_21-31-41_web-300x200.jpg 300w, https:\/\/www.touringcars.com\/wp-content\/uploads\/2025\/01\/carado-imagebank-data_VE_Overcab_A464_IT_2025_1001_21-31-41_web-1024x682.jpg 1024w, https:\/\/www.touringcars.com\/wp-content\/uploads\/2025\/01\/carado-imagebank-data_VE_Overcab_A464_IT_2025_1001_21-31-41_web-768x512.jpg 768w, https:\/\/www.touringcars.com\/wp-content\/uploads\/2025\/01\/carado-imagebank-data_VE_Overcab_A464_IT_2025_1001_21-31-41_web-1536x1024.jpg 1536w, https:\/\/www.touringcars.com\/wp-content\/uploads\/2025\/01\/carado-imagebank-data_VE_Overcab_A464_IT_2025_1001_21-31-41_web-2048x1365.jpg 2048w, https:\/\/www.touringcars.com\/wp-content\/uploads\/2025\/01\/carado-imagebank-data_VE_Overcab_A464_IT_2025_1001_21-31-41_web-890x593.jpg 890w, https:\/\/www.touringcars.com\/wp-content\/uploads\/2025\/01\/carado-imagebank-data_VE_Overcab_A464_IT_2025_1001_21-31-41_web-714x476.jpg 714w, https:\/\/www.touringcars.com\/wp-content\/uploads\/2025\/01\/carado-imagebank-data_VE_Overcab_A464_IT_2025_1001_21-31-41_web-450x300.jpg 450w, https:\/\/www.touringcars.com\/wp-content\/uploads\/2025\/01\/carado-imagebank-data_VE_Overcab_A464_IT_2025_1001_21-31-41_web-367x245.jpg 367w\" alt=\"_carado-imagebank-data_VE_Overcab_A464_IT_2025_1001_21-31-41_web\"><\/li><li class=\"glide__slide\"><img decoding=\"async\" src=\"https:\/\/www.touringcars.com\/wp-content\/uploads\/2025\/02\/carado-imagebank-data_VE_Overcab_A464_IT_2025_1004_21-31-41_web-1-450x300.jpg\" srcset=\"https:\/\/www.touringcars.com\/wp-content\/uploads\/2025\/02\/carado-imagebank-data_VE_Overcab_A464_IT_2025_1004_21-31-41_web-1-300x200.jpg 300w, https:\/\/www.touringcars.com\/wp-content\/uploads\/2025\/02\/carado-imagebank-data_VE_Overcab_A464_IT_2025_1004_21-31-41_web-1-1024x682.jpg 1024w, https:\/\/www.touringcars.com\/wp-content\/uploads\/2025\/02\/carado-imagebank-data_VE_Overcab_A464_IT_2025_1004_21-31-41_web-1-768x512.jpg 768w, https:\/\/www.touringcars.com\/wp-content\/uploads\/2025\/02\/carado-imagebank-data_VE_Overcab_A464_IT_2025_1004_21-31-41_web-1-1536x1024.jpg 1536w, https:\/\/www.touringcars.com\/wp-content\/uploads\/2025\/02\/carado-imagebank-data_VE_Overcab_A464_IT_2025_1004_21-31-41_web-1-2048x1365.jpg 2048w, https:\/\/www.touringcars.com\/wp-content\/uploads\/2025\/02\/carado-imagebank-data_VE_Overcab_A464_IT_2025_1004_21-31-41_web-1-890x593.jpg 890w, https:\/\/www.touringcars.com\/wp-content\/uploads\/2025\/02\/carado-imagebank-data_VE_Overcab_A464_IT_2025_1004_21-31-41_web-1-714x476.jpg 714w, https:\/\/www.touringcars.com\/wp-content\/uploads\/2025\/02\/carado-imagebank-data_VE_Overcab_A464_IT_2025_1004_21-31-41_web-1-450x300.jpg 450w, https:\/\/www.touringcars.com\/wp-content\/uploads\/2025\/02\/carado-imagebank-data_VE_Overcab_A464_IT_2025_1004_21-31-41_web-1-367x245.jpg 367w\" alt=\"_carado-imagebank-data_VE_Overcab_A464_IT_2025_1004_21-31-41_web\"><\/li><\/ul><\/div><div class=\"glide__controls\"><div class=\"glide__arrows\" data-glide-el=\"controls\"><span class=\"glide__arrow glide__arrow--left\" aria-label=\"Izquierda\" data-glide-dir=\"<\"><\/span><span class=\"glide__arrow glide__arrow--right\" aria-label=\"Derecha\" data-glide-dir=\">\u00ab><\/span><\/div><div class=\"glide__bullets\" data-glide-el=\"controls[nav]\"><span class=\"glide__bullet\" data-glide-dir=\"=0\" data-parent-uid=\"69f46f57e428c\"><\/span><span class=\"glide__bullet\" data-glide-dir=\"=1\" data-parent-uid=\"69f46f57e428c\"><\/span><span class=\"glide__bullet\" data-glide-dir=\"=2\" data-parent-uid=\"69f46f57e428c\"><\/span><span class=\"glide__bullet\" data-glide-dir=\"=3\" data-parent-uid=\"69f46f57e428c\"><\/span><\/div><\/div><\/div>            <\/div>\r\n        <\/div>\r\n    <\/div>\r\n<\/section>\n\n<section class=\"block block-textimage\">\r\n    <div class=\"container\">\r\n        <div class=\"content-row image-placement-left\">\r\n            <div class=\"content-container reveal\">\r\n                <h3>LUXURY &#8211; para 2 y para 4 personas<\/h3><p><em>La suite de las autocaravanas<\/em><\/p>\n<p>Por si lo atractivo no fuera suficiente, le ofrecemos lo mejor. Nuestra categor\u00eda de autocaravanas de alquiler LUXURY presenta verdaderas y lujosas \u00abcasas para la carretera\u00bb equipadas hasta un m\u00e1ximo de cuatro personas. En estas exclusivas autocaravanas de alquiler, todo, hasta el m\u00ednimo detalle del interior, es de primera calidad.<\/p>\n<p>La categor\u00eda LUXURY est\u00e1 equipada con un televisor de pantalla plana, menaje de cocina premium, ropa de cama premium, un set de camping, una botella de producto qu\u00edmico de aseo, una botella de gas, un servicio de limpieza final y un regalo de bienvenida. Adem\u00e1s, la categor\u00eda LUXURY incluye aire acondicionado para toda la autocaravana y WLAN\/Wi-Fi con limitaciones de suscripci\u00f3n espec\u00edficas del destino. Si est\u00e1 acostumbrado a los lugares cinco estrellas, \u00a1esta es su elecci\u00f3n!<\/p>\n<p>La categor\u00eda TC LUXURY est\u00e1 disponible en los pa\u00edses n\u00f3rdicos: veh\u00edculo para 2 personas en Finlandia y veh\u00edculo para 4 personas en Finlandia y Suecia.<\/p>\n<div class=\"buttons\"><a href=\"https:\/\/www.touringcars.com\/es\/vehicle\/small-luxury\/\" class=\"btn\">SMALL LUXURY<\/a><a href=\"https:\/\/www.touringcars.com\/es\/vehicle\/luxury\/\" class=\"btn\">LUXURY<\/a><\/div>            <\/div>\r\n            <div class=\"image-container reveal image-high\">\r\n                <img decoding=\"async\" src=\"https:\/\/www.touringcars.com\/wp-content\/uploads\/2025\/02\/carado-imagebank-data_VE_Semi-Integrated_T338_PI_2024_0002_21-31-41_WEB-450x300.jpg\" srcset=\"https:\/\/www.touringcars.com\/wp-content\/uploads\/2025\/02\/carado-imagebank-data_VE_Semi-Integrated_T338_PI_2024_0002_21-31-41_WEB-300x200.jpg 300w, https:\/\/www.touringcars.com\/wp-content\/uploads\/2025\/02\/carado-imagebank-data_VE_Semi-Integrated_T338_PI_2024_0002_21-31-41_WEB-1024x683.jpg 1024w, https:\/\/www.touringcars.com\/wp-content\/uploads\/2025\/02\/carado-imagebank-data_VE_Semi-Integrated_T338_PI_2024_0002_21-31-41_WEB-768x512.jpg 768w, https:\/\/www.touringcars.com\/wp-content\/uploads\/2025\/02\/carado-imagebank-data_VE_Semi-Integrated_T338_PI_2024_0002_21-31-41_WEB-1536x1024.jpg 1536w, https:\/\/www.touringcars.com\/wp-content\/uploads\/2025\/02\/carado-imagebank-data_VE_Semi-Integrated_T338_PI_2024_0002_21-31-41_WEB-2048x1366.jpg 2048w, https:\/\/www.touringcars.com\/wp-content\/uploads\/2025\/02\/carado-imagebank-data_VE_Semi-Integrated_T338_PI_2024_0002_21-31-41_WEB-1920x1281.jpg 1920w, https:\/\/www.touringcars.com\/wp-content\/uploads\/2025\/02\/carado-imagebank-data_VE_Semi-Integrated_T338_PI_2024_0002_21-31-41_WEB-889x593.jpg 889w, https:\/\/www.touringcars.com\/wp-content\/uploads\/2025\/02\/carado-imagebank-data_VE_Semi-Integrated_T338_PI_2024_0002_21-31-41_WEB-714x476.jpg 714w, https:\/\/www.touringcars.com\/wp-content\/uploads\/2025\/02\/carado-imagebank-data_VE_Semi-Integrated_T338_PI_2024_0002_21-31-41_WEB-450x300.jpg 450w, https:\/\/www.touringcars.com\/wp-content\/uploads\/2025\/02\/carado-imagebank-data_VE_Semi-Integrated_T338_PI_2024_0002_21-31-41_WEB-367x245.jpg 367w\" alt=\"_carado-imagebank-data_VE_Semi-Integrated_T338_PI_2024_0002_21-31-41_WEB\" width=\"2560\" height=\"1707\">            <\/div>\r\n        <\/div>\r\n    <\/div>\r\n<\/section>\n\n<section class=\"block block-availabilitysearch\">\r\n    <div class=\"container\"><form class=\"availability-search\"><h2>Reserve una autocaravana<\/h2><div class=\"form-row\"><div class=\"form-col form-col-clearable input-icon input-icon-map\" data-target=\"where\"><label for=\"where\">\u00bfD\u00f3nde desea viajar?<\/label><input type=\"text\" class=\"form-control\" id=\"where\" name=\"where\" placeholder=\"\u00bfD\u00f3nde desea viajar?\"><\/div><div class=\"form-col form-col-clearable input-icon input-icon-calendar\" data-target=\"when\"><label for=\"when\">Fechas de reserva<\/label><input type=\"text\" class=\"form-control\" id=\"when\" name=\"when\" placeholder=\"Fechas de reserva\" disabled><\/div><div class=\"form-col\"><button type=\"submit\" class=\"btn\">Ver precios y disponibilidad<\/button><\/div><\/div><a href=\"https:\/\/www.touringcars.com\/es\/user\/login\/\">\u00bfYa ha reservado? Gestionar reserva<\/a><\/form><\/div><\/section>\n\n<section class=\"block block-postsslider style-small\">\r\n    <div class=\"container reveal\">\r\n        <h2>Bueno saber antes de reservar una autocaravana<\/h2><div class=\"glide articles-slider\" data-uid=\"69f46f57e7a46\"><div class=\"glide__track\" data-glide-el=\"track\"><ul class=\"glide__slides\"><li class=\"glide__slide\"><article class=\"article reveal\"><div class=\"image-container\"><a href=\"https:\/\/www.touringcars.com\/es\/alquiler-autocaravanas\/faq\/\"><img decoding=\"async\" src=\"https:\/\/www.touringcars.com\/wp-content\/uploads\/2025\/02\/carado-imagebank-data_VE_Camper-Van_CV640_PI_2024_0140_21-31-41_web-574x382.jpg\" srcset=\"https:\/\/www.touringcars.com\/wp-content\/uploads\/2025\/02\/carado-imagebank-data_VE_Camper-Van_CV640_PI_2024_0140_21-31-41_web-300x200.jpg 300w, https:\/\/www.touringcars.com\/wp-content\/uploads\/2025\/02\/carado-imagebank-data_VE_Camper-Van_CV640_PI_2024_0140_21-31-41_web-180x120.jpg 180w, https:\/\/www.touringcars.com\/wp-content\/uploads\/2025\/02\/carado-imagebank-data_VE_Camper-Van_CV640_PI_2024_0140_21-31-41_web-768x512.jpg 768w, https:\/\/www.touringcars.com\/wp-content\/uploads\/2025\/02\/carado-imagebank-data_VE_Camper-Van_CV640_PI_2024_0140_21-31-41_web-1024x682.jpg 1024w, https:\/\/www.touringcars.com\/wp-content\/uploads\/2025\/02\/carado-imagebank-data_VE_Camper-Van_CV640_PI_2024_0140_21-31-41_web-1536x1024.jpg 1536w, https:\/\/www.touringcars.com\/wp-content\/uploads\/2025\/02\/carado-imagebank-data_VE_Camper-Van_CV640_PI_2024_0140_21-31-41_web-2048x1365.jpg 2048w, https:\/\/www.touringcars.com\/wp-content\/uploads\/2025\/02\/carado-imagebank-data_VE_Camper-Van_CV640_PI_2024_0140_21-31-41_web-1920x1279.jpg 1920w, https:\/\/www.touringcars.com\/wp-content\/uploads\/2025\/02\/carado-imagebank-data_VE_Camper-Van_CV640_PI_2024_0140_21-31-41_web-890x593.jpg 890w, https:\/\/www.touringcars.com\/wp-content\/uploads\/2025\/02\/carado-imagebank-data_VE_Camper-Van_CV640_PI_2024_0140_21-31-41_web-714x476.jpg 714w, https:\/\/www.touringcars.com\/wp-content\/uploads\/2025\/02\/carado-imagebank-data_VE_Camper-Van_CV640_PI_2024_0140_21-31-41_web-412x275.jpg 412w, https:\/\/www.touringcars.com\/wp-content\/uploads\/2025\/02\/carado-imagebank-data_VE_Camper-Van_CV640_PI_2024_0140_21-31-41_web-574x382.jpg 574w, https:\/\/www.touringcars.com\/wp-content\/uploads\/2025\/02\/carado-imagebank-data_VE_Camper-Van_CV640_PI_2024_0140_21-31-41_web-367x245.jpg 367w\" alt=\"FAQ\"><\/a><\/div><div class=\"content-container\"><h3><a href=\"https:\/\/www.touringcars.com\/es\/alquiler-autocaravanas\/faq\/\">FAQ<\/a><\/h3><\/div><\/article><\/li><li class=\"glide__slide\"><article class=\"article reveal\"><div class=\"image-container\"><a href=\"https:\/\/www.touringcars.com\/es\/alquiler-autocaravanas\/reservas\/\"><img decoding=\"async\" src=\"https:\/\/www.touringcars.com\/wp-content\/uploads\/2023\/01\/family-pexels-forest-outdoors-1-558x293.jpg\" srcset=\"https:\/\/www.touringcars.com\/wp-content\/uploads\/2023\/01\/family-pexels-forest-outdoors-1-300x158.jpg 300w, https:\/\/www.touringcars.com\/wp-content\/uploads\/2023\/01\/family-pexels-forest-outdoors-1-1024x538.jpg 1024w, https:\/\/www.touringcars.com\/wp-content\/uploads\/2023\/01\/family-pexels-forest-outdoors-1-768x403.jpg 768w, https:\/\/www.touringcars.com\/wp-content\/uploads\/2023\/01\/family-pexels-forest-outdoors-1-1130x593.jpg 1130w, https:\/\/www.touringcars.com\/wp-content\/uploads\/2023\/01\/family-pexels-forest-outdoors-1-714x375.jpg 714w, https:\/\/www.touringcars.com\/wp-content\/uploads\/2023\/01\/family-pexels-forest-outdoors-1-558x293.jpg 558w, https:\/\/www.touringcars.com\/wp-content\/uploads\/2023\/01\/family-pexels-forest-outdoors-1.jpg 1200w\" alt=\"Reservas\"><\/a><\/div><div class=\"content-container\"><h3><a href=\"https:\/\/www.touringcars.com\/es\/alquiler-autocaravanas\/reservas\/\">Reservas<\/a><\/h3><\/div><\/article><\/li><li class=\"glide__slide\"><article class=\"article reveal\"><div class=\"image-container\"><a href=\"https:\/\/www.touringcars.com\/es\/alquiler-autocaravanas\/antes-de-la-llegada\/\"><img decoding=\"async\" src=\"https:\/\/www.touringcars.com\/wp-content\/uploads\/2023\/10\/pnw-production-pexels-motorhome-dog-pet-450x300.jpg\" srcset=\"https:\/\/www.touringcars.com\/wp-content\/uploads\/2023\/10\/pnw-production-pexels-motorhome-dog-pet-300x200.jpg 300w, https:\/\/www.touringcars.com\/wp-content\/uploads\/2023\/10\/pnw-production-pexels-motorhome-dog-pet-1024x683.jpg 1024w, https:\/\/www.touringcars.com\/wp-content\/uploads\/2023\/10\/pnw-production-pexels-motorhome-dog-pet-768x512.jpg 768w, https:\/\/www.touringcars.com\/wp-content\/uploads\/2023\/10\/pnw-production-pexels-motorhome-dog-pet-889x593.jpg 889w, https:\/\/www.touringcars.com\/wp-content\/uploads\/2023\/10\/pnw-production-pexels-motorhome-dog-pet-714x476.jpg 714w, https:\/\/www.touringcars.com\/wp-content\/uploads\/2023\/10\/pnw-production-pexels-motorhome-dog-pet-450x300.jpg 450w, https:\/\/www.touringcars.com\/wp-content\/uploads\/2023\/10\/pnw-production-pexels-motorhome-dog-pet-367x245.jpg 367w, https:\/\/www.touringcars.com\/wp-content\/uploads\/2023\/10\/pnw-production-pexels-motorhome-dog-pet.jpg 1090w\" alt=\"Antes de la llegada\"><\/a><\/div><div class=\"content-container\"><h3><a href=\"https:\/\/www.touringcars.com\/es\/alquiler-autocaravanas\/antes-de-la-llegada\/\">Antes de la llegada<\/a><\/h3><\/div><\/article><\/li><li class=\"glide__slide\"><article class=\"article reveal\"><div class=\"image-container\"><a href=\"https:\/\/www.touringcars.com\/es\/alquiler-autocaravanas\/devolucion\/\"><img decoding=\"async\" src=\"https:\/\/www.touringcars.com\/wp-content\/uploads\/2022\/08\/good-feelings-herbapatistyle-450x300.jpg\" srcset=\"https:\/\/www.touringcars.com\/wp-content\/uploads\/2022\/08\/good-feelings-herbapatistyle-300x200.jpg 300w, https:\/\/www.touringcars.com\/wp-content\/uploads\/2022\/08\/good-feelings-herbapatistyle-1024x682.jpg 1024w, https:\/\/www.touringcars.com\/wp-content\/uploads\/2022\/08\/good-feelings-herbapatistyle-768x512.jpg 768w, https:\/\/www.touringcars.com\/wp-content\/uploads\/2022\/08\/good-feelings-herbapatistyle-1536x1024.jpg 1536w, https:\/\/www.touringcars.com\/wp-content\/uploads\/2022\/08\/good-feelings-herbapatistyle-890x593.jpg 890w, https:\/\/www.touringcars.com\/wp-content\/uploads\/2022\/08\/good-feelings-herbapatistyle-714x476.jpg 714w, https:\/\/www.touringcars.com\/wp-content\/uploads\/2022\/08\/good-feelings-herbapatistyle-450x300.jpg 450w, https:\/\/www.touringcars.com\/wp-content\/uploads\/2022\/08\/good-feelings-herbapatistyle-367x245.jpg 367w, https:\/\/www.touringcars.com\/wp-content\/uploads\/2022\/08\/good-feelings-herbapatistyle.jpg 2000w\" alt=\"Devoluci\u00f3n\"><\/a><\/div><div class=\"content-container\"><h3><a href=\"https:\/\/www.touringcars.com\/es\/alquiler-autocaravanas\/devolucion\/\">Devoluci\u00f3n<\/a><\/h3><\/div><\/article><\/li><\/ul><\/div><div class=\"glide__controls\"><div class=\"glide__arrows\" data-glide-el=\"controls\"><span class=\"glide__arrow glide__arrow--left\" data-glide-dir=\"<\"><\/span><span class=\"glide__arrow glide__arrow--right\" data-glide-dir=\">\u00ab><\/span><\/div><div class=\"glide__bullets\" data-glide-el=\"controls[nav]\"><span class=\"glide__bullet\" data-glide-dir=\"=0\" data-parent-uid=\"69f46f57e7a46\"><\/span><span class=\"glide__bullet\" data-glide-dir=\"=1\" data-parent-uid=\"69f46f57e7a46\"><\/span><span class=\"glide__bullet\" data-glide-dir=\"=2\" data-parent-uid=\"69f46f57e7a46\"><\/span><span class=\"glide__bullet\" data-glide-dir=\"=3\" data-parent-uid=\"69f46f57e7a46\"><\/span><\/div><\/div><\/div>    <\/div>\r\n<\/section>","protected":false},"excerpt":{"rendered":"","protected":false},"author":1,"featured_media":0,"parent":0,"menu_order":218,"comment_status":"closed","ping_status":"closed","template":"","meta":{"_acf_changed":false,"footnotes":""},"class_list":["post-15492","page","type-page","status-publish","hentry"],"acf":[],"_links":{"self":[{"href":"https:\/\/www.touringcars.com\/es\/wp-json\/wp\/v2\/pages\/15492","targetHints":{"allow":["GET"]}}],"collection":[{"href":"https:\/\/www.touringcars.com\/es\/wp-json\/wp\/v2\/pages"}],"about":[{"href":"https:\/\/www.touringcars.com\/es\/wp-json\/wp\/v2\/types\/page"}],"author":[{"embeddable":true,"href":"https:\/\/www.touringcars.com\/es\/wp-json\/wp\/v2\/users\/1"}],"replies":[{"embeddable":true,"href":"https:\/\/www.touringcars.com\/es\/wp-json\/wp\/v2\/comments?post=15492"}],"version-history":[{"count":13,"href":"https:\/\/www.touringcars.com\/es\/wp-json\/wp\/v2\/pages\/15492\/revisions"}],"predecessor-version":[{"id":25939,"href":"https:\/\/www.touringcars.com\/es\/wp-json\/wp\/v2\/pages\/15492\/revisions\/25939"}],"wp:attachment":[{"href":"https:\/\/www.touringcars.com\/es\/wp-json\/wp\/v2\/media?parent=15492"}],"curies":[{"name":"wp","href":"https:\/\/api.w.org\/{rel}","templated":true}]}}