{"id":13927,"date":"2025-02-06T18:26:07","date_gmt":"2025-02-06T18:26:07","guid":{"rendered":"https:\/\/touringcars.com\/motorhome-rental-info\/on-the-road\/"},"modified":"2025-08-29T11:59:02","modified_gmt":"2025-08-29T11:59:02","slug":"en-la-carretera","status":"publish","type":"page","link":"https:\/\/www.touringcars.com\/es\/alquiler-autocaravanas\/en-la-carretera\/","title":{"rendered":"En la carretera"},"content":{"rendered":"<section class=\"block block-hero text-style-white image-style-full\">\r\n    <div class=\"container container-full\">\r\n        <div class=\"glide image-slider\" data-uid=\"69f4770eec0b4\"><div class=\"glide__track\" data-glide-el=\"track\"><ul class=\"glide__slides\"><li class=\"glide__slide\"><img decoding=\"async\" src=\"https:\/\/www.touringcars.com\/wp-content\/uploads\/2022\/09\/carado-imagebank-data_VE_Semi-Integrated_T457_PI_2024_0061_21-31-41_WEB-574x382.jpg\" srcset=\"https:\/\/www.touringcars.com\/wp-content\/uploads\/2022\/09\/carado-imagebank-data_VE_Semi-Integrated_T457_PI_2024_0061_21-31-41_WEB-300x200.jpg 300w, https:\/\/www.touringcars.com\/wp-content\/uploads\/2022\/09\/carado-imagebank-data_VE_Semi-Integrated_T457_PI_2024_0061_21-31-41_WEB-1024x682.jpg 1024w, https:\/\/www.touringcars.com\/wp-content\/uploads\/2022\/09\/carado-imagebank-data_VE_Semi-Integrated_T457_PI_2024_0061_21-31-41_WEB-768x512.jpg 768w, https:\/\/www.touringcars.com\/wp-content\/uploads\/2022\/09\/carado-imagebank-data_VE_Semi-Integrated_T457_PI_2024_0061_21-31-41_WEB-1536x1023.jpg 1536w, https:\/\/www.touringcars.com\/wp-content\/uploads\/2022\/09\/carado-imagebank-data_VE_Semi-Integrated_T457_PI_2024_0061_21-31-41_WEB-2048x1364.jpg 2048w, https:\/\/www.touringcars.com\/wp-content\/uploads\/2022\/09\/carado-imagebank-data_VE_Semi-Integrated_T457_PI_2024_0061_21-31-41_WEB-1920x1279.jpg 1920w, https:\/\/www.touringcars.com\/wp-content\/uploads\/2022\/09\/carado-imagebank-data_VE_Semi-Integrated_T457_PI_2024_0061_21-31-41_WEB-890x593.jpg 890w, https:\/\/www.touringcars.com\/wp-content\/uploads\/2022\/09\/carado-imagebank-data_VE_Semi-Integrated_T457_PI_2024_0061_21-31-41_WEB-714x476.jpg 714w, https:\/\/www.touringcars.com\/wp-content\/uploads\/2022\/09\/carado-imagebank-data_VE_Semi-Integrated_T457_PI_2024_0061_21-31-41_WEB-574x382.jpg 574w, https:\/\/www.touringcars.com\/wp-content\/uploads\/2022\/09\/carado-imagebank-data_VE_Semi-Integrated_T457_PI_2024_0061_21-31-41_WEB-367x245.jpg 367w\" alt=\"_carado-imagebank-data_VE_Semi-Integrated_T457_PI_2024_0061_21-31-41_WEB\" data-no-lazy=\"1\" fetchpriority=\"high\"><\/li><\/ul><\/div><div class=\"glide__controls\"><div class=\"glide__arrows\" data-glide-el=\"controls\"><span class=\"glide__arrow glide__arrow--left\" aria-label=\"Izquierda\" data-glide-dir=\"<\"><\/span><span class=\"glide__arrow glide__arrow--right\" aria-label=\"Derecha\" data-glide-dir=\">\u00ab><\/span><\/div><\/div><\/div><div class=\"hero-container\"><div class=\"breadcrumbs-container\"><ol><li><a href=\"https:\/\/www.touringcars.com\/es\/\"><span>Touring Cars<\/span><\/a><\/li><\/ol><\/div><h1>En la carretera<\/h1><\/div>    <\/div>\r\n    <\/section>\n\n<section class=\"block block-textimage\">\r\n    <div class=\"container\">\r\n        <div class=\"content-row image-placement-left\">\r\n            <div class=\"content-container reveal\">\r\n                <h3>Asistencia en carretera para autocaravanas de alquiler y situaciones de reparaci\u00f3n relacionadas<\/h3><p>Touring Cars le proporciona una asistencia en carretera las 24 horas, los 7 d\u00edas de la semana en cada uno de nuestros pa\u00edses de destino. Si bien nuestras autocaravanas de primera marca cuentan con la m\u00e1s alta calidad t\u00e9cnica y se les realiza el correcto mantenimiento entre cada alquiler, las situaciones de problemas mec\u00e1nicos no pueden ser descartadas por completo. En ese caso improbable, aconsejamos que se comunique inmediatamente con nosotros y nos informe de cualquier problema t\u00e9cnico que tenga. Nuestro experimentado equipo de asistencia recomendar\u00e1 las acciones adecuadas para resolver cualquier situaci\u00f3n de problema lo m\u00e1s r\u00e1pido posible. Tenemos un mec\u00e1nico a disposici\u00f3n las 24 horas del d\u00eda y veh\u00edculos de reemplazo disponibles en caso de que se necesiten. Le pedimos que siga las indicaciones y las recomendaciones de nuestro equipo de asistencia. Negarse a seguir estas indicaciones puede anular su derecho a una compensaci\u00f3n m\u00e1s adelante, por lo que es importante que nos mantenga informados y nos permita asistirlo.<\/p>\n            <\/div>\r\n            <div class=\"image-container reveal image-high\">\r\n                <img decoding=\"async\" src=\"https:\/\/www.touringcars.com\/wp-content\/uploads\/2025\/02\/christoph-grabietz-unsplash-norway-atlantic-road.jpg-525x300.webp\" srcset=\"https:\/\/www.touringcars.com\/wp-content\/uploads\/2025\/02\/christoph-grabietz-unsplash-norway-atlantic-road.jpg-300x171.webp 300w, https:\/\/www.touringcars.com\/wp-content\/uploads\/2025\/02\/christoph-grabietz-unsplash-norway-atlantic-road.jpg-1024x585.webp 1024w, https:\/\/www.touringcars.com\/wp-content\/uploads\/2025\/02\/christoph-grabietz-unsplash-norway-atlantic-road.jpg-768x439.webp 768w, https:\/\/www.touringcars.com\/wp-content\/uploads\/2025\/02\/christoph-grabietz-unsplash-norway-atlantic-road.jpg-1038x593.webp 1038w, https:\/\/www.touringcars.com\/wp-content\/uploads\/2025\/02\/christoph-grabietz-unsplash-norway-atlantic-road.jpg-714x408.webp 714w, https:\/\/www.touringcars.com\/wp-content\/uploads\/2025\/02\/christoph-grabietz-unsplash-norway-atlantic-road.jpg-525x300.webp 525w, https:\/\/www.touringcars.com\/wp-content\/uploads\/2025\/02\/christoph-grabietz-unsplash-norway-atlantic-road.jpg.webp 1400w\" alt=\"christoph-grabietz-unsplash-norway-atlantic-road.jpg\" width=\"1400\" height=\"800\">            <\/div>\r\n        <\/div>\r\n    <\/div>\r\n<\/section>\n\n<section class=\"block block-textimage\">\r\n    <div class=\"container\">\r\n        <div class=\"content-row image-placement-right\">\r\n            <div class=\"content-container reveal\">\r\n                <h3>Ni\u00f1os en viajes en autocaravana<\/h3><p>Nos comprometemos a garantizar que sus peque\u00f1os est\u00e9n lo m\u00e1s seguros posible en su aventura de viaje de vacaciones en autocaravana. Cuando la autocaravana est\u00e1 en movimiento, todos los pasajeros deben estar sentados con los cinturones de seguridad abrochados. Los beb\u00e9s y ni\u00f1os, cuya altura sea inferior a 120 cm, deben utilizar el asiento de seguridad para beb\u00e9s, mientras que los ni\u00f1os con una altura inferior a 135 cm deben utilizar el asiento elevador. Touring Cars proporcio seguridad para beb\u00e9s y asientos elevadores en tanto se los tenga en disponibilidad, pero no se responsabiliza de la fijaci\u00f3n de los asientos en la autocaravana para los clientes.<\/p>\n<p>Nuestras modernas autocaravanas de alquiler de marca l\u00edder est\u00e1n equipadas con las \u00faltimas caracter\u00edsticas de seguridad, entre las que se incluyen airbags en los asientos delanteros. Es por eso que no se debe instalar un asiento de seguridad orientado hacia atr\u00e1s en el asiento delantero de la autocaravana a causa de los airbags.<\/p>\n<p>Touring Cars no recomienda que ni\u00f1os cuya estatura sea menor a 135 cm o que sean menores de 12 a\u00f1os viajen en el asiento delantero, y si a\u00fan as\u00ed lo hacen, tampoco recomienda que no tengan un asiento de seguridad.<\/p>\n            <\/div>\r\n            <div class=\"image-container reveal image-high\">\r\n                <img decoding=\"async\" src=\"https:\/\/www.touringcars.com\/wp-content\/uploads\/2025\/02\/Hobby_Lifestyle_Excelle6145_PRESSE-450x300.jpeg\" srcset=\"https:\/\/www.touringcars.com\/wp-content\/uploads\/2025\/02\/Hobby_Lifestyle_Excelle6145_PRESSE-300x200.jpeg 300w, https:\/\/www.touringcars.com\/wp-content\/uploads\/2025\/02\/Hobby_Lifestyle_Excelle6145_PRESSE-1024x683.jpeg 1024w, https:\/\/www.touringcars.com\/wp-content\/uploads\/2025\/02\/Hobby_Lifestyle_Excelle6145_PRESSE-768x512.jpeg 768w, https:\/\/www.touringcars.com\/wp-content\/uploads\/2025\/02\/Hobby_Lifestyle_Excelle6145_PRESSE-1536x1024.jpeg 1536w, https:\/\/www.touringcars.com\/wp-content\/uploads\/2025\/02\/Hobby_Lifestyle_Excelle6145_PRESSE-2048x1365.jpeg 2048w, https:\/\/www.touringcars.com\/wp-content\/uploads\/2025\/02\/Hobby_Lifestyle_Excelle6145_PRESSE-890x593.jpeg 890w, https:\/\/www.touringcars.com\/wp-content\/uploads\/2025\/02\/Hobby_Lifestyle_Excelle6145_PRESSE-714x476.jpeg 714w, https:\/\/www.touringcars.com\/wp-content\/uploads\/2025\/02\/Hobby_Lifestyle_Excelle6145_PRESSE-450x300.jpeg 450w, https:\/\/www.touringcars.com\/wp-content\/uploads\/2025\/02\/Hobby_Lifestyle_Excelle6145_PRESSE-367x245.jpeg 367w\" alt=\"Hobby_Lifestyle_Excelle6145_PRESSE\" width=\"2560\" height=\"1707\">            <\/div>\r\n        <\/div>\r\n    <\/div>\r\n<\/section>\n\n<section class=\"block block-textimage\">\r\n    <div class=\"container\">\r\n        <div class=\"content-row image-placement-left\">\r\n            <div class=\"content-container reveal\">\r\n                <h3>Equipaje<\/h3><p>La mayor\u00eda de los modelos de autocaravanas de alquiler tienen mucho espacio para su equipaje, no obstante, le recomendamos que utilice maletas de cubiertas blandas en lugar de cubiertas duras, ya que puede colocarlas con m\u00e1s facilidad dentro del maletero de la autocaravana. En muchas ubicaciones de alquiler podemos ofrecerle la posibilidad de dejar sus maletas vac\u00edas en nuestra estaci\u00f3n de alquiler hasta su regreso. Esto debe confirmarse con nuestra <a href=\"https:\/\/www.touringcars.com\/es\/contact-us\/\">Oficina de Ventas Internacionales<\/a> con antelaci\u00f3n.<\/p>\n            <\/div>\r\n            <div class=\"image-container reveal image-high\">\r\n                <div class=\"glide image-slider\" data-uid=\"69f4770f002f0\"><div class=\"glide__track\" data-glide-el=\"track\"><ul class=\"glide__slides\"><li class=\"glide__slide\"><img decoding=\"async\" src=\"https:\/\/www.touringcars.com\/wp-content\/uploads\/2025\/05\/carado-imagebank-data_VE_Van_V337_IT_2024_0079_21-31-41_WEB-574x383.jpg\" srcset=\"https:\/\/www.touringcars.com\/wp-content\/uploads\/2025\/05\/carado-imagebank-data_VE_Van_V337_IT_2024_0079_21-31-41_WEB-300x200.jpg 300w, https:\/\/www.touringcars.com\/wp-content\/uploads\/2025\/05\/carado-imagebank-data_VE_Van_V337_IT_2024_0079_21-31-41_WEB-1024x683.jpg 1024w, https:\/\/www.touringcars.com\/wp-content\/uploads\/2025\/05\/carado-imagebank-data_VE_Van_V337_IT_2024_0079_21-31-41_WEB-768x512.jpg 768w, https:\/\/www.touringcars.com\/wp-content\/uploads\/2025\/05\/carado-imagebank-data_VE_Van_V337_IT_2024_0079_21-31-41_WEB-1536x1025.jpg 1536w, https:\/\/www.touringcars.com\/wp-content\/uploads\/2025\/05\/carado-imagebank-data_VE_Van_V337_IT_2024_0079_21-31-41_WEB-1920x1281.jpg 1920w, https:\/\/www.touringcars.com\/wp-content\/uploads\/2025\/05\/carado-imagebank-data_VE_Van_V337_IT_2024_0079_21-31-41_WEB-889x593.jpg 889w, https:\/\/www.touringcars.com\/wp-content\/uploads\/2025\/05\/carado-imagebank-data_VE_Van_V337_IT_2024_0079_21-31-41_WEB-714x476.jpg 714w, https:\/\/www.touringcars.com\/wp-content\/uploads\/2025\/05\/carado-imagebank-data_VE_Van_V337_IT_2024_0079_21-31-41_WEB-574x383.jpg 574w, https:\/\/www.touringcars.com\/wp-content\/uploads\/2025\/05\/carado-imagebank-data_VE_Van_V337_IT_2024_0079_21-31-41_WEB-367x245.jpg 367w, https:\/\/www.touringcars.com\/wp-content\/uploads\/2025\/05\/carado-imagebank-data_VE_Van_V337_IT_2024_0079_21-31-41_WEB.jpg 2048w\" alt=\"_carado-imagebank-data_VE_Van_V337_IT_2024_0079_21-31-41_WEB\"><\/li><li class=\"glide__slide\"><img decoding=\"async\" src=\"https:\/\/www.touringcars.com\/wp-content\/uploads\/2022\/09\/carado-imagebank-data_VE_Semi-Integrated_T447_PI_2024_0118_21-31-41_WEB-383x574.jpg\" srcset=\"https:\/\/www.touringcars.com\/wp-content\/uploads\/2022\/09\/carado-imagebank-data_VE_Semi-Integrated_T447_PI_2024_0118_21-31-41_WEB-200x300.jpg 200w, https:\/\/www.touringcars.com\/wp-content\/uploads\/2022\/09\/carado-imagebank-data_VE_Semi-Integrated_T447_PI_2024_0118_21-31-41_WEB-683x1024.jpg 683w, https:\/\/www.touringcars.com\/wp-content\/uploads\/2022\/09\/carado-imagebank-data_VE_Semi-Integrated_T447_PI_2024_0118_21-31-41_WEB-768x1152.jpg 768w, https:\/\/www.touringcars.com\/wp-content\/uploads\/2022\/09\/carado-imagebank-data_VE_Semi-Integrated_T447_PI_2024_0118_21-31-41_WEB-1024x1536.jpg 1024w, https:\/\/www.touringcars.com\/wp-content\/uploads\/2022\/09\/carado-imagebank-data_VE_Semi-Integrated_T447_PI_2024_0118_21-31-41_WEB-1365x2048.jpg 1365w, https:\/\/www.touringcars.com\/wp-content\/uploads\/2022\/09\/carado-imagebank-data_VE_Semi-Integrated_T447_PI_2024_0118_21-31-41_WEB-1280x1920.jpg 1280w, https:\/\/www.touringcars.com\/wp-content\/uploads\/2022\/09\/carado-imagebank-data_VE_Semi-Integrated_T447_PI_2024_0118_21-31-41_WEB-395x593.jpg 395w, https:\/\/www.touringcars.com\/wp-content\/uploads\/2022\/09\/carado-imagebank-data_VE_Semi-Integrated_T447_PI_2024_0118_21-31-41_WEB-354x531.jpg 354w, https:\/\/www.touringcars.com\/wp-content\/uploads\/2022\/09\/carado-imagebank-data_VE_Semi-Integrated_T447_PI_2024_0118_21-31-41_WEB-383x574.jpg 383w, https:\/\/www.touringcars.com\/wp-content\/uploads\/2022\/09\/carado-imagebank-data_VE_Semi-Integrated_T447_PI_2024_0118_21-31-41_WEB-scaled.jpg 1707w\" alt=\"_carado-imagebank-data_VE_Semi-Integrated_T447_PI_2024_0118_21-31-41_WEB\"><\/li><\/ul><\/div><div class=\"glide__controls\"><div class=\"glide__arrows\" data-glide-el=\"controls\"><span class=\"glide__arrow glide__arrow--left\" aria-label=\"Izquierda\" data-glide-dir=\"<\"><\/span><span class=\"glide__arrow glide__arrow--right\" aria-label=\"Derecha\" data-glide-dir=\">\u00ab><\/span><\/div><div class=\"glide__bullets\" data-glide-el=\"controls[nav]\"><span class=\"glide__bullet\" data-glide-dir=\"=0\" data-parent-uid=\"69f4770f002f0\"><\/span><span class=\"glide__bullet\" data-glide-dir=\"=1\" data-parent-uid=\"69f4770f002f0\"><\/span><\/div><\/div><\/div>            <\/div>\r\n        <\/div>\r\n    <\/div>\r\n<\/section>\n\n<section class=\"block block-textimage\">\r\n    <div class=\"container\">\r\n        <div class=\"content-row image-placement-right\">\r\n            <div class=\"content-container reveal\">\r\n                <h3>Viajes en condiciones invernales<\/h3><p>Para evitar da\u00f1os por heladas en la autocaravana, el cliente ser\u00e1 responsable de asegurarse de que el veh\u00edculo de alquiler est\u00e9 calefaccionado adecuadamente en todo momento. El sistema de agua es especialmente sensible a los da\u00f1os durante las temperaturas extremadamente fr\u00edas. Al recoger el veh\u00edculo se ofrece informaci\u00f3n adicional sobre la conducci\u00f3n en condiciones invernales.<\/p>\n<p>Los neum\u00e1ticos de invierno est\u00e1n siempre incluidos en las tarifas de alquiler. Las estaciones de alquiler equipar\u00e1n las autocaravanas con el juego de neum\u00e1ticos correcto seg\u00fan los requisitos de la legislaci\u00f3n local.<\/p>\n            <\/div>\r\n            <div class=\"image-container reveal image-high\">\r\n                <img decoding=\"async\" src=\"https:\/\/www.touringcars.com\/wp-content\/uploads\/2022\/09\/YAN20KRUKOV20WINTER-450x300.jpg\" srcset=\"https:\/\/www.touringcars.com\/wp-content\/uploads\/2022\/09\/YAN20KRUKOV20WINTER-300x200.jpg 300w, https:\/\/www.touringcars.com\/wp-content\/uploads\/2022\/09\/YAN20KRUKOV20WINTER-1024x683.jpg 1024w, https:\/\/www.touringcars.com\/wp-content\/uploads\/2022\/09\/YAN20KRUKOV20WINTER-768x512.jpg 768w, https:\/\/www.touringcars.com\/wp-content\/uploads\/2022\/09\/YAN20KRUKOV20WINTER-889x593.jpg 889w, https:\/\/www.touringcars.com\/wp-content\/uploads\/2022\/09\/YAN20KRUKOV20WINTER-714x476.jpg 714w, https:\/\/www.touringcars.com\/wp-content\/uploads\/2022\/09\/YAN20KRUKOV20WINTER-450x300.jpg 450w, https:\/\/www.touringcars.com\/wp-content\/uploads\/2022\/09\/YAN20KRUKOV20WINTER-367x245.jpg 367w, https:\/\/www.touringcars.com\/wp-content\/uploads\/2022\/09\/YAN20KRUKOV20WINTER.jpg 1090w\" alt=\"YAN20KRUKOV20WINTER\" width=\"1090\" height=\"727\">            <\/div>\r\n        <\/div>\r\n    <\/div>\r\n<\/section>\n\n<section class=\"block block-textimage\">\r\n    <div class=\"container\">\r\n        <div class=\"content-row image-placement-left\">\r\n            <div class=\"content-container reveal\">\r\n                <h3>Desperfecto<\/h3><p>Para que pueda disfrutar de unas vacaciones seguras y sin preocupaciones, Touring Cars le ofrece una completa orientaci\u00f3n sobre el veh\u00edculo, adem\u00e1s de instrucciones t\u00e9cnicas y un servicio de asistencia en carretera las 24 horas del d\u00eda, los 7 d\u00edas de la semana. Sin embargo, el Cliente est\u00e1 obligado a cuidar del veh\u00edculo como si fuera de su propiedad, adem\u00e1s de tener precauci\u00f3n durante la conducci\u00f3n. Durante el periodo de alquiler, es necesario que el cliente observe el estado del veh\u00edculo, as\u00ed como tambi\u00e9n que compruebe el nivel del aceite del motor, de los l\u00edquidos y del l\u00edquido refrigerante cada vez que se llena el tanque de combustible; tiene la obligaci\u00f3n, asimismo, de informar inmediatamente cualquier falla mec\u00e1nica y mal funcionamiento t\u00e9cnico. Deber\u00e1n seguirse todas las instrucciones y recomendaciones del equipo de asistencia de TC.<\/p>\n<p>En caso de que el veh\u00edculo est\u00e9 en reparaci\u00f3n por un desperfecto durante 24 horas o un plazo mayor, y en tanto el mencionado desperfecto no haya sido causado por el Cliente, nuestra responsabilidad para con el Cliente se limita al reintegro del gasto diario incurrido o una parte del mencionado gasto. El Cliente est\u00e1 obligado a llevar el veh\u00edculo de alquiler al taller de reparaci\u00f3n m\u00e1s cercano indicado por la asistencia en carretera de Touring Cars.<\/p>\n            <\/div>\r\n            <div class=\"image-container reveal image-high\">\r\n                <img decoding=\"async\" src=\"https:\/\/www.touringcars.com\/wp-content\/uploads\/2025\/02\/Islantimainos2-450x300.jpg\" srcset=\"https:\/\/www.touringcars.com\/wp-content\/uploads\/2025\/02\/Islantimainos2-300x200.jpg 300w, https:\/\/www.touringcars.com\/wp-content\/uploads\/2025\/02\/Islantimainos2-1024x683.jpg 1024w, https:\/\/www.touringcars.com\/wp-content\/uploads\/2025\/02\/Islantimainos2-768x512.jpg 768w, https:\/\/www.touringcars.com\/wp-content\/uploads\/2025\/02\/Islantimainos2-1536x1024.jpg 1536w, https:\/\/www.touringcars.com\/wp-content\/uploads\/2025\/02\/Islantimainos2-2048x1365.jpg 2048w, https:\/\/www.touringcars.com\/wp-content\/uploads\/2025\/02\/Islantimainos2-890x593.jpg 890w, https:\/\/www.touringcars.com\/wp-content\/uploads\/2025\/02\/Islantimainos2-714x476.jpg 714w, https:\/\/www.touringcars.com\/wp-content\/uploads\/2025\/02\/Islantimainos2-450x300.jpg 450w, https:\/\/www.touringcars.com\/wp-content\/uploads\/2025\/02\/Islantimainos2-367x245.jpg 367w\" alt=\"Islantimainos2\" width=\"2560\" height=\"1707\">            <\/div>\r\n        <\/div>\r\n    <\/div>\r\n<\/section>\n\n<section class=\"block block-postsslider style-small\">\r\n    <div class=\"container reveal\">\r\n        <div class=\"glide articles-slider\" data-uid=\"69f4770f07ca0\"><div class=\"glide__track\" data-glide-el=\"track\"><ul class=\"glide__slides\"><li class=\"glide__slide\"><article class=\"article reveal\"><div class=\"image-container\"><a href=\"https:\/\/www.touringcars.com\/es\/alquiler-autocaravanas\/faq\/\"><img decoding=\"async\" src=\"https:\/\/www.touringcars.com\/wp-content\/uploads\/2025\/02\/carado-imagebank-data_VE_Camper-Van_CV640_PI_2024_0140_21-31-41_web-574x382.jpg\" srcset=\"https:\/\/www.touringcars.com\/wp-content\/uploads\/2025\/02\/carado-imagebank-data_VE_Camper-Van_CV640_PI_2024_0140_21-31-41_web-300x200.jpg 300w, https:\/\/www.touringcars.com\/wp-content\/uploads\/2025\/02\/carado-imagebank-data_VE_Camper-Van_CV640_PI_2024_0140_21-31-41_web-180x120.jpg 180w, https:\/\/www.touringcars.com\/wp-content\/uploads\/2025\/02\/carado-imagebank-data_VE_Camper-Van_CV640_PI_2024_0140_21-31-41_web-768x512.jpg 768w, https:\/\/www.touringcars.com\/wp-content\/uploads\/2025\/02\/carado-imagebank-data_VE_Camper-Van_CV640_PI_2024_0140_21-31-41_web-1024x682.jpg 1024w, https:\/\/www.touringcars.com\/wp-content\/uploads\/2025\/02\/carado-imagebank-data_VE_Camper-Van_CV640_PI_2024_0140_21-31-41_web-1536x1024.jpg 1536w, https:\/\/www.touringcars.com\/wp-content\/uploads\/2025\/02\/carado-imagebank-data_VE_Camper-Van_CV640_PI_2024_0140_21-31-41_web-2048x1365.jpg 2048w, https:\/\/www.touringcars.com\/wp-content\/uploads\/2025\/02\/carado-imagebank-data_VE_Camper-Van_CV640_PI_2024_0140_21-31-41_web-1920x1279.jpg 1920w, https:\/\/www.touringcars.com\/wp-content\/uploads\/2025\/02\/carado-imagebank-data_VE_Camper-Van_CV640_PI_2024_0140_21-31-41_web-890x593.jpg 890w, https:\/\/www.touringcars.com\/wp-content\/uploads\/2025\/02\/carado-imagebank-data_VE_Camper-Van_CV640_PI_2024_0140_21-31-41_web-714x476.jpg 714w, https:\/\/www.touringcars.com\/wp-content\/uploads\/2025\/02\/carado-imagebank-data_VE_Camper-Van_CV640_PI_2024_0140_21-31-41_web-412x275.jpg 412w, https:\/\/www.touringcars.com\/wp-content\/uploads\/2025\/02\/carado-imagebank-data_VE_Camper-Van_CV640_PI_2024_0140_21-31-41_web-574x382.jpg 574w, https:\/\/www.touringcars.com\/wp-content\/uploads\/2025\/02\/carado-imagebank-data_VE_Camper-Van_CV640_PI_2024_0140_21-31-41_web-367x245.jpg 367w\" alt=\"FAQ\"><\/a><\/div><div class=\"content-container\"><h3><a href=\"https:\/\/www.touringcars.com\/es\/alquiler-autocaravanas\/faq\/\">FAQ<\/a><\/h3><\/div><\/article><\/li><li class=\"glide__slide\"><article class=\"article reveal\"><div class=\"image-container\"><a href=\"https:\/\/www.touringcars.com\/es\/alquiler-autocaravanas\/reservas\/\"><img decoding=\"async\" src=\"https:\/\/www.touringcars.com\/wp-content\/uploads\/2023\/01\/family-pexels-forest-outdoors-1-558x293.jpg\" srcset=\"https:\/\/www.touringcars.com\/wp-content\/uploads\/2023\/01\/family-pexels-forest-outdoors-1-300x158.jpg 300w, https:\/\/www.touringcars.com\/wp-content\/uploads\/2023\/01\/family-pexels-forest-outdoors-1-1024x538.jpg 1024w, https:\/\/www.touringcars.com\/wp-content\/uploads\/2023\/01\/family-pexels-forest-outdoors-1-768x403.jpg 768w, https:\/\/www.touringcars.com\/wp-content\/uploads\/2023\/01\/family-pexels-forest-outdoors-1-1130x593.jpg 1130w, https:\/\/www.touringcars.com\/wp-content\/uploads\/2023\/01\/family-pexels-forest-outdoors-1-714x375.jpg 714w, https:\/\/www.touringcars.com\/wp-content\/uploads\/2023\/01\/family-pexels-forest-outdoors-1-558x293.jpg 558w, https:\/\/www.touringcars.com\/wp-content\/uploads\/2023\/01\/family-pexels-forest-outdoors-1.jpg 1200w\" alt=\"Reservas\"><\/a><\/div><div class=\"content-container\"><h3><a href=\"https:\/\/www.touringcars.com\/es\/alquiler-autocaravanas\/reservas\/\">Reservas<\/a><\/h3><\/div><\/article><\/li><li class=\"glide__slide\"><article class=\"article reveal\"><div class=\"image-container\"><a href=\"https:\/\/www.touringcars.com\/es\/alquiler-autocaravanas\/antes-de-la-llegada\/\"><img decoding=\"async\" src=\"https:\/\/www.touringcars.com\/wp-content\/uploads\/2023\/10\/pnw-production-pexels-motorhome-dog-pet-450x300.jpg\" srcset=\"https:\/\/www.touringcars.com\/wp-content\/uploads\/2023\/10\/pnw-production-pexels-motorhome-dog-pet-300x200.jpg 300w, https:\/\/www.touringcars.com\/wp-content\/uploads\/2023\/10\/pnw-production-pexels-motorhome-dog-pet-1024x683.jpg 1024w, https:\/\/www.touringcars.com\/wp-content\/uploads\/2023\/10\/pnw-production-pexels-motorhome-dog-pet-768x512.jpg 768w, https:\/\/www.touringcars.com\/wp-content\/uploads\/2023\/10\/pnw-production-pexels-motorhome-dog-pet-889x593.jpg 889w, https:\/\/www.touringcars.com\/wp-content\/uploads\/2023\/10\/pnw-production-pexels-motorhome-dog-pet-714x476.jpg 714w, https:\/\/www.touringcars.com\/wp-content\/uploads\/2023\/10\/pnw-production-pexels-motorhome-dog-pet-450x300.jpg 450w, https:\/\/www.touringcars.com\/wp-content\/uploads\/2023\/10\/pnw-production-pexels-motorhome-dog-pet-367x245.jpg 367w, https:\/\/www.touringcars.com\/wp-content\/uploads\/2023\/10\/pnw-production-pexels-motorhome-dog-pet.jpg 1090w\" alt=\"Antes de la llegada\"><\/a><\/div><div class=\"content-container\"><h3><a href=\"https:\/\/www.touringcars.com\/es\/alquiler-autocaravanas\/antes-de-la-llegada\/\">Antes de la llegada<\/a><\/h3><\/div><\/article><\/li><li class=\"glide__slide\"><article class=\"article reveal\"><div class=\"image-container\"><a href=\"https:\/\/www.touringcars.com\/es\/alquiler-autocaravanas\/en-la-carretera\/\"><img decoding=\"async\" src=\"https:\/\/www.touringcars.com\/wp-content\/uploads\/2025\/01\/carado-imagebank-data_VE_Semi-Integrated_T338_PI_2024_0038_21-31-41_WEB-574x383.jpg\" srcset=\"https:\/\/www.touringcars.com\/wp-content\/uploads\/2025\/01\/carado-imagebank-data_VE_Semi-Integrated_T338_PI_2024_0038_21-31-41_WEB-300x200.jpg 300w, https:\/\/www.touringcars.com\/wp-content\/uploads\/2025\/01\/carado-imagebank-data_VE_Semi-Integrated_T338_PI_2024_0038_21-31-41_WEB-1024x683.jpg 1024w, https:\/\/www.touringcars.com\/wp-content\/uploads\/2025\/01\/carado-imagebank-data_VE_Semi-Integrated_T338_PI_2024_0038_21-31-41_WEB-768x512.jpg 768w, https:\/\/www.touringcars.com\/wp-content\/uploads\/2025\/01\/carado-imagebank-data_VE_Semi-Integrated_T338_PI_2024_0038_21-31-41_WEB-1536x1024.jpg 1536w, https:\/\/www.touringcars.com\/wp-content\/uploads\/2025\/01\/carado-imagebank-data_VE_Semi-Integrated_T338_PI_2024_0038_21-31-41_WEB-2048x1366.jpg 2048w, https:\/\/www.touringcars.com\/wp-content\/uploads\/2025\/01\/carado-imagebank-data_VE_Semi-Integrated_T338_PI_2024_0038_21-31-41_WEB-1920x1281.jpg 1920w, https:\/\/www.touringcars.com\/wp-content\/uploads\/2025\/01\/carado-imagebank-data_VE_Semi-Integrated_T338_PI_2024_0038_21-31-41_WEB-889x593.jpg 889w, https:\/\/www.touringcars.com\/wp-content\/uploads\/2025\/01\/carado-imagebank-data_VE_Semi-Integrated_T338_PI_2024_0038_21-31-41_WEB-714x476.jpg 714w, https:\/\/www.touringcars.com\/wp-content\/uploads\/2025\/01\/carado-imagebank-data_VE_Semi-Integrated_T338_PI_2024_0038_21-31-41_WEB-574x383.jpg 574w, https:\/\/www.touringcars.com\/wp-content\/uploads\/2025\/01\/carado-imagebank-data_VE_Semi-Integrated_T338_PI_2024_0038_21-31-41_WEB-367x245.jpg 367w\" alt=\"En la carretera\"><\/a><\/div><div class=\"content-container\"><h3><a href=\"https:\/\/www.touringcars.com\/es\/alquiler-autocaravanas\/en-la-carretera\/\">En la carretera<\/a><\/h3><\/div><\/article><\/li><li class=\"glide__slide\"><article class=\"article reveal\"><div class=\"image-container\"><a href=\"https:\/\/www.touringcars.com\/es\/alquiler-autocaravanas\/devolucion\/\"><img decoding=\"async\" src=\"https:\/\/www.touringcars.com\/wp-content\/uploads\/2022\/08\/good-feelings-herbapatistyle-450x300.jpg\" srcset=\"https:\/\/www.touringcars.com\/wp-content\/uploads\/2022\/08\/good-feelings-herbapatistyle-300x200.jpg 300w, https:\/\/www.touringcars.com\/wp-content\/uploads\/2022\/08\/good-feelings-herbapatistyle-1024x682.jpg 1024w, https:\/\/www.touringcars.com\/wp-content\/uploads\/2022\/08\/good-feelings-herbapatistyle-768x512.jpg 768w, https:\/\/www.touringcars.com\/wp-content\/uploads\/2022\/08\/good-feelings-herbapatistyle-1536x1024.jpg 1536w, https:\/\/www.touringcars.com\/wp-content\/uploads\/2022\/08\/good-feelings-herbapatistyle-890x593.jpg 890w, https:\/\/www.touringcars.com\/wp-content\/uploads\/2022\/08\/good-feelings-herbapatistyle-714x476.jpg 714w, https:\/\/www.touringcars.com\/wp-content\/uploads\/2022\/08\/good-feelings-herbapatistyle-450x300.jpg 450w, https:\/\/www.touringcars.com\/wp-content\/uploads\/2022\/08\/good-feelings-herbapatistyle-367x245.jpg 367w, https:\/\/www.touringcars.com\/wp-content\/uploads\/2022\/08\/good-feelings-herbapatistyle.jpg 2000w\" alt=\"Devoluci\u00f3n\"><\/a><\/div><div class=\"content-container\"><h3><a href=\"https:\/\/www.touringcars.com\/es\/alquiler-autocaravanas\/devolucion\/\">Devoluci\u00f3n<\/a><\/h3><\/div><\/article><\/li><li class=\"glide__slide\"><article class=\"article reveal\"><div class=\"image-container\"><a href=\"https:\/\/www.touringcars.com\/es\/cancelacion\/\"><img decoding=\"async\" src=\"https:\/\/www.touringcars.com\/wp-content\/uploads\/2025\/02\/carado-imagebank-data_VE_Camper-Van_CV600_PI_2024_0257_21-31-41_web-2-200x300.jpg\" srcset=\"https:\/\/www.touringcars.com\/wp-content\/uploads\/2025\/02\/carado-imagebank-data_VE_Camper-Van_CV600_PI_2024_0257_21-31-41_web-2-200x300.jpg 200w, https:\/\/www.touringcars.com\/wp-content\/uploads\/2025\/02\/carado-imagebank-data_VE_Camper-Van_CV600_PI_2024_0257_21-31-41_web-2-682x1024.jpg 682w, https:\/\/www.touringcars.com\/wp-content\/uploads\/2025\/02\/carado-imagebank-data_VE_Camper-Van_CV600_PI_2024_0257_21-31-41_web-2-768x1153.jpg 768w, https:\/\/www.touringcars.com\/wp-content\/uploads\/2025\/02\/carado-imagebank-data_VE_Camper-Van_CV600_PI_2024_0257_21-31-41_web-2-1024x1536.jpg 1024w, https:\/\/www.touringcars.com\/wp-content\/uploads\/2025\/02\/carado-imagebank-data_VE_Camper-Van_CV600_PI_2024_0257_21-31-41_web-2-1365x2048.jpg 1365w, https:\/\/www.touringcars.com\/wp-content\/uploads\/2025\/02\/carado-imagebank-data_VE_Camper-Van_CV600_PI_2024_0257_21-31-41_web-2-395x593.jpg 395w, https:\/\/www.touringcars.com\/wp-content\/uploads\/2025\/02\/carado-imagebank-data_VE_Camper-Van_CV600_PI_2024_0257_21-31-41_web-2-354x531.jpg 354w, https:\/\/www.touringcars.com\/wp-content\/uploads\/2025\/02\/carado-imagebank-data_VE_Camper-Van_CV600_PI_2024_0257_21-31-41_web-2.jpg 1466w\" alt=\"Cancelaci\u00f3n\"><\/a><\/div><div class=\"content-container\"><h3><a href=\"https:\/\/www.touringcars.com\/es\/cancelacion\/\">Cancelaci\u00f3n<\/a><\/h3><\/div><\/article><\/li><li class=\"glide__slide\"><article class=\"article reveal\"><div class=\"image-container\"><a href=\"https:\/\/www.touringcars.com\/es\/alquiler-autocaravanas\/servicios-adicionales\/\"><img decoding=\"async\" src=\"https:\/\/www.touringcars.com\/wp-content\/uploads\/2025\/02\/VantanaHobby_0025_PRESSE-450x300.jpg\" srcset=\"https:\/\/www.touringcars.com\/wp-content\/uploads\/2025\/02\/VantanaHobby_0025_PRESSE-300x200.jpg 300w, https:\/\/www.touringcars.com\/wp-content\/uploads\/2025\/02\/VantanaHobby_0025_PRESSE-1024x683.jpg 1024w, https:\/\/www.touringcars.com\/wp-content\/uploads\/2025\/02\/VantanaHobby_0025_PRESSE-768x512.jpg 768w, https:\/\/www.touringcars.com\/wp-content\/uploads\/2025\/02\/VantanaHobby_0025_PRESSE-1536x1024.jpg 1536w, https:\/\/www.touringcars.com\/wp-content\/uploads\/2025\/02\/VantanaHobby_0025_PRESSE-2048x1366.jpg 2048w, https:\/\/www.touringcars.com\/wp-content\/uploads\/2025\/02\/VantanaHobby_0025_PRESSE-889x593.jpg 889w, https:\/\/www.touringcars.com\/wp-content\/uploads\/2025\/02\/VantanaHobby_0025_PRESSE-714x476.jpg 714w, https:\/\/www.touringcars.com\/wp-content\/uploads\/2025\/02\/VantanaHobby_0025_PRESSE-450x300.jpg 450w, https:\/\/www.touringcars.com\/wp-content\/uploads\/2025\/02\/VantanaHobby_0025_PRESSE-367x245.jpg 367w\" alt=\"Servicios adicionales\"><\/a><\/div><div class=\"content-container\"><h3><a href=\"https:\/\/www.touringcars.com\/es\/alquiler-autocaravanas\/servicios-adicionales\/\">Servicios adicionales<\/a><\/h3><\/div><\/article><\/li><\/ul><\/div><div class=\"glide__controls\"><div class=\"glide__arrows\" data-glide-el=\"controls\"><span class=\"glide__arrow glide__arrow--left\" data-glide-dir=\"<\"><\/span><span class=\"glide__arrow glide__arrow--right\" data-glide-dir=\">\u00ab><\/span><\/div><div class=\"glide__bullets\" data-glide-el=\"controls[nav]\"><span class=\"glide__bullet\" data-glide-dir=\"=0\" data-parent-uid=\"69f4770f07ca0\"><\/span><span class=\"glide__bullet\" data-glide-dir=\"=1\" data-parent-uid=\"69f4770f07ca0\"><\/span><span class=\"glide__bullet\" data-glide-dir=\"=2\" data-parent-uid=\"69f4770f07ca0\"><\/span><span class=\"glide__bullet\" data-glide-dir=\"=3\" data-parent-uid=\"69f4770f07ca0\"><\/span><span class=\"glide__bullet\" data-glide-dir=\"=4\" data-parent-uid=\"69f4770f07ca0\"><\/span><span class=\"glide__bullet\" data-glide-dir=\"=5\" data-parent-uid=\"69f4770f07ca0\"><\/span><span class=\"glide__bullet\" data-glide-dir=\"=6\" data-parent-uid=\"69f4770f07ca0\"><\/span><\/div><\/div><\/div>    <\/div>\r\n<\/section>\n\n<section class=\"block block-availabilitysearch\">\r\n    <div class=\"container\"><form class=\"availability-search\"><div class=\"form-row\"><div class=\"form-col form-col-clearable input-icon input-icon-map\" data-target=\"where\"><label for=\"where\">\u00bfD\u00f3nde desea viajar?<\/label><input type=\"text\" class=\"form-control\" id=\"where\" name=\"where\" placeholder=\"\u00bfD\u00f3nde desea viajar?\"><\/div><div class=\"form-col form-col-clearable input-icon input-icon-calendar\" data-target=\"when\"><label for=\"when\">Fechas de reserva<\/label><input type=\"text\" class=\"form-control\" id=\"when\" name=\"when\" placeholder=\"Fechas de reserva\" disabled><\/div><div class=\"form-col\"><button type=\"submit\" class=\"btn\">Ver precios y disponibilidad<\/button><\/div><\/div><a href=\"https:\/\/www.touringcars.com\/es\/user\/login\/\">\u00bfYa ha reservado? Gestionar reserva<\/a><\/form><\/div><\/section>\n\n<section class=\"block block-newsletter\">\r\n    <div class=\"container\">\r\n        <div class=\"newsletter-container reveal\">\r\n            <div class=\"first-step\">\r\n                <h2>Join Touring Cars\u2019 Travel Circle!<\/h2>                <div class=\"newsletter-content\">\r\n                    <p style=\"text-align: center\"><span style=\"font-weight: 400\">Subscribe to our newsletter and get inspired with handpicked route tips, practical travel hacks, and exclusive offers delivered straight to your inbox. As a thank you, you\u2019ll receive a free camping set with your next booking.<\/span><\/p>\n                <\/div>\r\n                \n<div class=\"wpcf7 no-js\" id=\"wpcf7-f12781-o1\" lang=\"es-ES\" dir=\"ltr\" data-wpcf7-id=\"12781\">\n<div class=\"screen-reader-response\"><p role=\"status\" aria-live=\"polite\" aria-atomic=\"true\"><\/p> <ul><\/ul><\/div>\n<form action=\"\/es\/wp-json\/wp\/v2\/pages\/13927#wpcf7-f12781-o1\" method=\"post\" class=\"wpcf7-form init\" aria-label=\"Formulario de contacto\" novalidate=\"novalidate\" data-status=\"init\">\n<fieldset class=\"hidden-fields-container\"><input type=\"hidden\" name=\"_wpcf7\" value=\"12781\" \/><input type=\"hidden\" name=\"_wpcf7_version\" value=\"6.1.5\" \/><input type=\"hidden\" name=\"_wpcf7_locale\" value=\"es_ES\" \/><input type=\"hidden\" name=\"_wpcf7_unit_tag\" value=\"wpcf7-f12781-o1\" \/><input type=\"hidden\" name=\"_wpcf7_container_post\" value=\"0\" \/><input type=\"hidden\" name=\"_wpcf7_posted_data_hash\" value=\"\" \/><input type=\"hidden\" name=\"_wpcf7_recaptcha_response\" value=\"\" \/>\n<\/fieldset>\n<div class=\"form-row\">\n<div class=\"form-col\">\n<label>Type your email&#8230;<\/label>\n<span class=\"wpcf7-form-control-wrap\" data-name=\"email\"><input size=\"40\" maxlength=\"400\" class=\"wpcf7-form-control wpcf7-email wpcf7-validates-as-required wpcf7-text form-control   wpcf7-validates-as-email\" aria-required=\"true\" aria-invalid=\"false\" placeholder=\"Email address\" value=\"\" type=\"email\" name=\"email\" \/><\/span>\n<\/div>\n<div class=\"form-col\">\n<input class=\"wpcf7-form-control wpcf7-submit has-spinner\" type=\"submit\" value=\"Continue\" \/>\n<\/div>\n<\/div>\n<div class=\"form-row form-row-privacy\">\n<div class=\"form-col\">By sending this form you agree with the handling of your data in accordance with our <a href=\"\/en\/privacy-policy-gdpr\/\" target=\"_blank\">privacy policy<\/a>.\n<\/div>\n<\/div>\n<input class=\"wpcf7-form-control wpcf7-hidden\" value=\"1\" type=\"hidden\" name=\"newsletter\" \/>\n<input class=\"wpcf7-form-control wpcf7-hidden\" value=\"Customer\" type=\"hidden\" name=\"contact-type\" \/><div class=\"wpcf7-response-output\" aria-hidden=\"true\"><\/div>\n<\/form>\n<\/div>\n            <\/div>\r\n            <div class=\"steps-after-form-submission\"><div class=\"step d-none\"><h3>Almost ready&#8230;<\/h3><p>Let\u2019s get to know each other better so we can personalize our messaging and deals for you!<\/p>\n\n<div class=\"wpcf7 no-js\" id=\"wpcf7-f20529-o2\" lang=\"es-ES\" dir=\"ltr\" data-wpcf7-id=\"20529\">\n<div class=\"screen-reader-response\"><p role=\"status\" aria-live=\"polite\" aria-atomic=\"true\"><\/p> <ul><\/ul><\/div>\n<form action=\"\/es\/wp-json\/wp\/v2\/pages\/13927#wpcf7-f20529-o2\" method=\"post\" class=\"wpcf7-form init\" aria-label=\"Formulario de contacto\" novalidate=\"novalidate\" data-status=\"init\">\n<fieldset class=\"hidden-fields-container\"><input type=\"hidden\" name=\"_wpcf7\" value=\"20529\" \/><input type=\"hidden\" name=\"_wpcf7_version\" value=\"6.1.5\" \/><input type=\"hidden\" name=\"_wpcf7_locale\" value=\"es_ES\" \/><input type=\"hidden\" name=\"_wpcf7_unit_tag\" value=\"wpcf7-f20529-o2\" \/><input type=\"hidden\" name=\"_wpcf7_container_post\" value=\"0\" \/><input type=\"hidden\" name=\"_wpcf7_posted_data_hash\" value=\"\" \/><input type=\"hidden\" name=\"_wpcf7_recaptcha_response\" value=\"\" \/>\n<\/fieldset>\n<div class=\"form-row\">\n<div class=\"form-col\">\n<label>What is your dream campervan holiday?<\/label>\n<span class=\"wpcf7-form-control-wrap\" data-name=\"newsletter_topics\"><span class=\"wpcf7-form-control wpcf7-checkbox\"><div class=\"form-check\"><input id=\"cf7_checkbox_1\" class=\"form-check-input\" type=\"checkbox\" name=\"newsletter_topics[]\" value=\"Family trip\" \/><label class=\"form-check-label\" for=\"cf7_checkbox_1\"><span class=\"wpcf7-list-item-label\">Family trip<\/span><\/label><\/div><div class=\"form-check\"><input id=\"cf7_checkbox_2\" class=\"form-check-input\" type=\"checkbox\" name=\"newsletter_topics[]\" value=\"Roadtrip with friends\" \/><label class=\"form-check-label\" for=\"cf7_checkbox_2\"><span class=\"wpcf7-list-item-label\">Roadtrip with friends<\/span><\/label><\/div><div class=\"form-check\"><input id=\"cf7_checkbox_3\" class=\"form-check-input\" type=\"checkbox\" name=\"newsletter_topics[]\" value=\"Trip with my partner\" \/><label class=\"form-check-label\" for=\"cf7_checkbox_3\"><span class=\"wpcf7-list-item-label\">Trip with my partner<\/span><\/label><\/div><div class=\"form-check\"><input id=\"cf7_checkbox_4\" class=\"form-check-input\" type=\"checkbox\" name=\"newsletter_topics[]\" value=\"Other\" \/><label class=\"form-check-label\" for=\"cf7_checkbox_4\"><span class=\"wpcf7-list-item-label\">Other<\/span><\/label><\/div><\/span><\/span>\n<\/div>\n<\/div>\n<div class=\"form-row\">\n<div class=\"form-col\">\n<input class=\"wpcf7-form-control wpcf7-submit has-spinner\" type=\"submit\" value=\"Continue\" \/>\n<\/div>\n<\/div>\n<div class=\"form-row form-row-privacy\">\n<div class=\"form-col\">By sending this form you agree with the handling of your data in accordance with our <a href=\"\/en\/privacy-policy-gdpr\/\" target=\"_blank\">privacy policy<\/a>.\n<\/div>\n<\/div>\n<input class=\"wpcf7-form-control wpcf7-hidden\" value=\"\" type=\"hidden\" name=\"email\" \/>\n<input class=\"wpcf7-form-control wpcf7-hidden\" value=\"1\" type=\"hidden\" name=\"newsletter\" \/><div class=\"wpcf7-response-output\" aria-hidden=\"true\"><\/div>\n<\/form>\n<\/div>\n<\/div><div class=\"step d-none\"><h3>Good feelings are\u2028on the way!<\/h3><div class=\"buttons\"><a href=\"https:\/\/www.instagram.com\/touring_cars\/\" class=\"btn  btn-social btn-instagram\" target=\"_blank\" rel=\"noopener noreferrer\">Instagram<\/a><a href=\"https:\/\/www.facebook.com\/touringcars\/\" class=\"btn  btn-social btn-facebook\" target=\"_blank\" rel=\"noopener noreferrer\">Facebook<\/a><\/div><\/div><\/div>        <\/div>\r\n    <\/div>\r\n<\/section>","protected":false},"excerpt":{"rendered":"","protected":false},"author":2,"featured_media":18433,"parent":13756,"menu_order":328,"comment_status":"closed","ping_status":"closed","template":"","meta":{"_acf_changed":false,"footnotes":""},"class_list":["post-13927","page","type-page","status-publish","has-post-thumbnail","hentry"],"acf":[],"_links":{"self":[{"href":"https:\/\/www.touringcars.com\/es\/wp-json\/wp\/v2\/pages\/13927","targetHints":{"allow":["GET"]}}],"collection":[{"href":"https:\/\/www.touringcars.com\/es\/wp-json\/wp\/v2\/pages"}],"about":[{"href":"https:\/\/www.touringcars.com\/es\/wp-json\/wp\/v2\/types\/page"}],"author":[{"embeddable":true,"href":"https:\/\/www.touringcars.com\/es\/wp-json\/wp\/v2\/users\/2"}],"replies":[{"embeddable":true,"href":"https:\/\/www.touringcars.com\/es\/wp-json\/wp\/v2\/comments?post=13927"}],"version-history":[{"count":3,"href":"https:\/\/www.touringcars.com\/es\/wp-json\/wp\/v2\/pages\/13927\/revisions"}],"predecessor-version":[{"id":20901,"href":"https:\/\/www.touringcars.com\/es\/wp-json\/wp\/v2\/pages\/13927\/revisions\/20901"}],"up":[{"embeddable":true,"href":"https:\/\/www.touringcars.com\/es\/wp-json\/wp\/v2\/pages\/13756"}],"wp:featuredmedia":[{"embeddable":true,"href":"https:\/\/www.touringcars.com\/es\/wp-json\/wp\/v2\/media\/18433"}],"wp:attachment":[{"href":"https:\/\/www.touringcars.com\/es\/wp-json\/wp\/v2\/media?parent=13927"}],"curies":[{"name":"wp","href":"https:\/\/api.w.org\/{rel}","templated":true}]}}