{"id":13774,"date":"2025-01-01T14:06:32","date_gmt":"2025-01-01T14:06:32","guid":{"rendered":"https:\/\/touringcars.com\/general-rental-terms\/"},"modified":"2025-03-07T17:51:48","modified_gmt":"2025-03-07T17:51:48","slug":"terminos-generales","status":"publish","type":"page","link":"https:\/\/www.touringcars.com\/es\/terminos-generales\/","title":{"rendered":"T\u00e9rminos generales"},"content":{"rendered":"<section class=\"block block-hero text-style-white image-style-boxed\">\r\n    <div class=\"container container-full\">\r\n        <div class=\"glide image-slider\" data-uid=\"69f46f58a39f3\"><div class=\"glide__track\" data-glide-el=\"track\"><ul class=\"glide__slides\"><li class=\"glide__slide\"><img decoding=\"async\" src=\"https:\/\/www.touringcars.com\/wp-content\/uploads\/2025\/02\/carado-imagebank-data_VE_Camper-Van_CV600_PI_2024_0258_21-31-41_web-1-200x300.jpg\" srcset=\"https:\/\/www.touringcars.com\/wp-content\/uploads\/2025\/02\/carado-imagebank-data_VE_Camper-Van_CV600_PI_2024_0258_21-31-41_web-1-200x300.jpg 200w, https:\/\/www.touringcars.com\/wp-content\/uploads\/2025\/02\/carado-imagebank-data_VE_Camper-Van_CV600_PI_2024_0258_21-31-41_web-1-682x1024.jpg 682w, https:\/\/www.touringcars.com\/wp-content\/uploads\/2025\/02\/carado-imagebank-data_VE_Camper-Van_CV600_PI_2024_0258_21-31-41_web-1-768x1153.jpg 768w, https:\/\/www.touringcars.com\/wp-content\/uploads\/2025\/02\/carado-imagebank-data_VE_Camper-Van_CV600_PI_2024_0258_21-31-41_web-1-1024x1536.jpg 1024w, https:\/\/www.touringcars.com\/wp-content\/uploads\/2025\/02\/carado-imagebank-data_VE_Camper-Van_CV600_PI_2024_0258_21-31-41_web-1-1365x2048.jpg 1365w, https:\/\/www.touringcars.com\/wp-content\/uploads\/2025\/02\/carado-imagebank-data_VE_Camper-Van_CV600_PI_2024_0258_21-31-41_web-1-395x593.jpg 395w, https:\/\/www.touringcars.com\/wp-content\/uploads\/2025\/02\/carado-imagebank-data_VE_Camper-Van_CV600_PI_2024_0258_21-31-41_web-1-354x531.jpg 354w, https:\/\/www.touringcars.com\/wp-content\/uploads\/2025\/02\/carado-imagebank-data_VE_Camper-Van_CV600_PI_2024_0258_21-31-41_web-1.jpg 1466w\" alt=\"_carado-imagebank-data_VE_Camper-Van_CV600_PI_2024_0258_21-31-41_web\" data-no-lazy=\"1\" fetchpriority=\"high\"><\/li><\/ul><\/div><div class=\"glide__controls\"><div class=\"glide__arrows\" data-glide-el=\"controls\"><span class=\"glide__arrow glide__arrow--left\" aria-label=\"Izquierda\" data-glide-dir=\"<\"><\/span><span class=\"glide__arrow glide__arrow--right\" aria-label=\"Derecha\" data-glide-dir=\">\u00ab><\/span><\/div><\/div><\/div><div class=\"hero-container\"><div class=\"breadcrumbs-container\"><ol><li><a href=\"https:\/\/www.touringcars.com\/es\/\"><span>Touring Cars<\/span><\/a><\/li><\/ol><\/div><h1>T\u00e9rminos generales de alquiler<\/h1><\/div>    <\/div>\r\n    <\/section>\n\n<section class=\"block block-basic\">\r\n    <div class=\"container\">\r\n        <div class=\"content-container reveal\">\r\n            <h2>T\u00c9RMINOS Y CONDICIONES DE ALQUILER DE AUTOCARAVANAS\u00a0\u00a0<\/h2><h2>1. INTRODUCCI\u00d3N<\/h2>\n<p>La red de franquicias de Touring Cars\u2122 de compa\u00f1\u00edas de alquiler independientes (\u201cCompa\u00f1\u00eda de Alquiler\u201d) opera en una plataforma com\u00fan provista por TC Vehicle Oy en donde dichas Compa\u00f1\u00edas de Alquiler pueden publicitar, vender, promocionar y ofrecer su alquiler de veh\u00edculos y servicios relacionados para las personas o entidades legales en calidad de clientes finales (el \u201cCliente\u201d).<\/p>\n<p>Al usar esta plataforma para reservar un veh\u00edculo o al reservar un veh\u00edculo mediante otro intermediario o representante de Touring Cars\u2122 autorizado, el Cliente ingresa directamente en una relaci\u00f3n contractual solamente con la Compa\u00f1\u00eda de Alquiler identificada como el prestador del servicio, independientemente del modo en que se solicite el veh\u00edculo (\u201cContrato de Alquiler\u201d). Estos<\/p>\n<p>T\u00e9rminos y Condiciones Generales (\u201cCondiciones Generales\u201d) se aplicar\u00e1n a cada Contrato de Alquiler.<\/p>\n<p>TC Vehicle Oy act\u00faa \u00fanicamente como intermediario entre el Cliente y la Compa\u00f1\u00eda de Alquiler, al transmitir los detalles pertinentes de la reserva del Cliente a la Compa\u00f1\u00eda de Alquiler y al enviar al Cliente un mensaje de correo electr\u00f3nico de confirmaci\u00f3n en nombre de la Compa\u00f1\u00eda de Alquiler. TC Vehicle Oy no (re)vende, o alquila ni ofrece ning\u00fan otro producto relacionado con viajes.<\/p>\n<h2>2. ENTREGA DEL VEH\u00cdCULO<\/h2>\n<p>El Cliente particular (o la persona que usa el veh\u00edculo alquilado en calidad de representante de un Cliente que es una entidad legal), debe tener una licencia de conducci\u00f3n v\u00e1lida, la suficiente habilidad para conducir en las circunstancias espec\u00edficas, la experiencia de conducci\u00f3n necesaria definida por la Compa\u00f1\u00eda de Alquiler y la edad m\u00ednima para conducir exigida por la Compa\u00f1\u00eda de Alquiler.<\/p>\n<p>La Compa\u00f1\u00eda de Alquiler entregar\u00e1 el veh\u00edculo al Cliente en correcto funcionamiento, en el lugar y hora acordados y en cumplimiento de las leyes aplicables. El veh\u00edculo alquilado ha sido revisado por la Compa\u00f1\u00eda de Alquiler o su socio antes de ser entregado al Cliente. Sin embargo, el Cliente tambi\u00e9n revisar\u00e1 el veh\u00edculo en relaci\u00f3n con su entrega para determinar cualquier posible da\u00f1o o defectos que ya existan en el veh\u00edculo.<\/p>\n<p>Los posibles da\u00f1os o defectos deber\u00e1n ser informados inmediatamente a la Compa\u00f1\u00eda de Alquiler y se\u00f1alados en el informe de da\u00f1os antes de que el veh\u00edculo salga de la estaci\u00f3n de alquiler. La informaci\u00f3n sobre el seguro y las franquicias se presentar\u00e1n al Cliente y este deber\u00e1 aceptar o rechazar la reducci\u00f3n de la franquicia adicional opcional. Se le ha presentado al Cliente y este ha aceptado las restricciones relativas a la franquicia \/ protecci\u00f3n adicional seleccionadas.<\/p>\n<h2>3. USO DEL VEH\u00cdCULO DURANTE EL ALQUILER<\/h2>\n<p>El cliente deber\u00e1 cuidar el veh\u00edculo con el mismo cuidado que dar\u00eda a su propio automotor y mantener un especial cuidado y cautela al conducir. El Cliente utilizar\u00e1 el veh\u00edculo solo a los efectos que habitualmente est\u00e1 destinado. Durante el per\u00edodo de alquiler, el Cliente se encargar\u00e1 de la supervisi\u00f3n normal del estado del veh\u00edculo, como la presi\u00f3n de los neum\u00e1ticos y el nivel suficiente de aceite y de otros l\u00edquidos. Se proh\u00edbe al Cliente agregar cualquier aceite, l\u00edquido o fluido que no sea el l\u00edquido limpiaparabrisas sin consultar a la Compa\u00f1\u00eda de Alquiler. Asimismo, siempre que se deje el veh\u00edculo aparcado, aunque sea moment\u00e1neamente, deber\u00e1 estar cerrado con llave.<\/p>\n<p>Ser\u00e1 el Cliente mismo quien deber\u00e1 conducir el veh\u00edculo. No est\u00e1 permitido que se ceda la conducci\u00f3n del veh\u00edculo a otras personas, sin que dicho permiso quede expl\u00edcitamente incluido en el Contrato de Alquiler. Transportar en el veh\u00edculo una cantidad de pasajeros superior a la especificada est\u00e1 prohibido por ley y constituye un incumplimiento del Contrato de Alquiler.<\/p>\n<p>El Cliente deber\u00e1 informar a la persona a la que entregue el objeto de alquiler, dentro del alcance del Contrato de Alquiler, sobre el contenido del Contrato de Alquiler, incluso el contenido de estas Condiciones Generales. Se proh\u00edbe el uso del veh\u00edculo para fines ilegales, como por ejemplo, el remolque, las competiciones o su entrenamiento, la conducci\u00f3n a efectos de aprender a conducir o la conducci\u00f3n sobre hielo. Se proh\u00edbe cruzar la frontera del pa\u00eds de donde se retira el veh\u00edculo sin el permiso de la Compa\u00f1\u00eda de Alquiler. Asimismo, est\u00e1 prohibido fumar en el veh\u00edculo y cabe mencionar que el transporte de animales dom\u00e9sticos en el veh\u00edculo requiere una autorizaci\u00f3n adicional de la Compa\u00f1\u00eda de Alquiler.<\/p>\n<p>El Cliente deber\u00e1 pagar los cargos y tickets de aparcamiento, gastos de control de aparcamiento privado, multas por sobrecarga del veh\u00edculo, multas que surgieran en el acto, multas por exceso de velocidad u otras infracciones o contravenciones de tr\u00e1nsito, peajes de carretera e impuestos de congesti\u00f3n de tr\u00e1nsito que surjan por el uso del veh\u00edculo durante el per\u00edodo de alquiler, excepto que se establezca lo contrario. La Compa\u00f1\u00eda de Alquiler se reserva el derecho de cargar en la tarjeta de cr\u00e9dito del Cliente el importe de cualesquiera de estos pagos y cargos u otros costos incurridos por el Cliente. Se aplicar\u00e1 una tasa administrativa adicional a cada gasto. El valor de la tasa administrativa se presenta en la lista de precios de la oficina.<\/p>\n<p>El Cliente es responsable en cualquier caso de pagar los gastos, si el cargo en la tarjeta de cr\u00e9dito no se pudiera efectuarse. Al firmar el Contrato de Alquiler, el Cliente autoriza a la Compa\u00f1\u00eda de Alquiler a divulgar sus datos de identificaci\u00f3n a las autoridades para el cobro de los cargos mencionados.<\/p>\n<p>El cliente deber\u00e1 pagar por el combustible utilizado. El tipo de combustible para el veh\u00edculo ser\u00e1 el indicado en el Contrato de Alquiler y\/o en la documentaci\u00f3n del registro del veh\u00edculo. El Cliente es totalmente responsable de cualquier da\u00f1o causado al veh\u00edculo al llenar el tanque con una calidad incorrecta de combustible, o bien, por el uso de dicho combustible. Si el Cliente devuelve el veh\u00edculo con el tanque de combustible parcialmente lleno, la Compa\u00f1\u00eda de Alquiler se reserva el derecho de cobrar por el combustible que falte y el posible gasto para llenar el tanque al precio indicado en el Contrato de Alquiler o en la lista de precios.<\/p>\n<h3>4. RESPONSABILIDAD DEL CLIENTE POR EL VEH\u00cdCULO Y SUS ACCESORIOS<\/h3>\n<p>El Cliente pagar\u00e1 a la Compa\u00f1\u00eda de Alquiler todo da\u00f1o y p\u00e9rdida ocasionados al veh\u00edculo y sus accesorios durante el per\u00edodo de alquiler y, adem\u00e1s, como compensaci\u00f3n por estar fuera de servicio, pagar\u00e1 el alquiler de acuerdo con el contrato por la duraci\u00f3n de la reparaci\u00f3n del veh\u00edculo, por un plazo m\u00e1ximo de treinta (30) d\u00edas. Sin embargo, la responsabilidad del Cliente est\u00e1 limitada a la franquicia de nivel b\u00e1sico que se especifica en el Contrato de Alquiler. Asimismo, la mencionada franquicia de nivel b\u00e1sico se cobra por separado para cada\u00a0<span class=\"abel-font\">caso de da\u00f1o o p\u00e9rdida. El nivel de franquicia podr<\/span>\u00e1<span class=\"abel-font\">\u00a0reducirse mediante un cargo adicional pactado por separado en el Contrato de Alquiler.<\/span><\/p>\n<p>El cliente deber\u00e1 pagar a la Compa\u00f1\u00eda de Alquiler los da\u00f1os en su totalidad, sin ninguna restricci\u00f3n de franquicia, si los da\u00f1os fueran causados en algunas de las siguientes circunstancias: exceso de carga, fumar en el veh\u00edculo, da\u00f1os en el tapizado del veh\u00edculo, conducci\u00f3n con neum\u00e1ticos con exceso de presi\u00f3n o presi\u00f3n insuficiente, p\u00e9rdida de llaves, uso de combustible de calidad incorrecta, da\u00f1os por tormentas de arena, da\u00f1os por nieve si as\u00ed se indicara en el veh\u00edculo, conducci\u00f3n por lugares demasiado estrechos teniendo en cuenta el tama\u00f1o del veh\u00edculo, conducci\u00f3n en carreteras o zonas en mal estado u otro uso negligente o incorrecto del veh\u00edculo. Adem\u00e1s, queda estrictamente prohibido conducir el veh\u00edculo cuando la velocidad del viento supere los 15 metros por segundo. El cliente tambi\u00e9n ser\u00e1 responsable de chequear diariamente las condiciones meteorol\u00f3gicas y los pron\u00f3sticos pertinentes. El cliente acepta que ha recibido toda la informaci\u00f3n necesaria para comprobar las condiciones meteorol\u00f3gicas en cualquier momento. Si el Cliente no cumple con esta premisa y el veh\u00edculo sufre da\u00f1os por estas condiciones, la cobertura del seguro NO es v\u00e1lida para el veh\u00edculo. Los avisos meteorol\u00f3gicos sobre condiciones de viento que la Compa\u00f1\u00eda de Alquiler informe no limitan la responsabilidad del Cliente.<\/p>\n<p>La responsabilidad de indemnizaci\u00f3n total a cargo del Cliente se refiere siempre a los da\u00f1os que surgen directa o indirectamente de una conducta delictiva del Cliente, de un uso del veh\u00edculo bajo la influencia del alcohol u otras sustancias t\u00f3xicas o de cualquier otra infracci\u00f3n de los t\u00e9rminos y condiciones del Contrato de Alquiler que se produzcan intencionadamente o por negligencia grave. El Cliente deber\u00e1 indemnizar a la Compa\u00f1\u00eda de Alquiler por los costos de limpieza que surjan por cualquier suciedad inusual en el veh\u00edculo. Sin embargo, el cliente queda liberado de su responsabilidad frente a la Compa\u00f1\u00eda de Alquiler en lo que respecta a su propio riesgo, as\u00ed como tambi\u00e9n si la Compa\u00f1\u00eda de Alquiler recibe un pago total de un posible tercero que haya causado el da\u00f1o o de su compa\u00f1\u00eda de seguros.<\/p>\n<h3>5. PROCEDIMIENTO EN CASO DE DA\u00d1OS AL VEH\u00cdCULO O DE FALLAS EN SU FUNCIONAMIENTO<\/h3>\n<p>El cliente deber\u00e1 informar inmediatamente a la Compa\u00f1\u00eda de Alquiler acerca de cualquier falla de funcionamiento en el veh\u00edculo o en caso de da\u00f1os a \u00e9l incurridos durante el per\u00edodo de alquiler. Los da\u00f1os que se produzcan en el interior del veh\u00edculo no son aplicables a los niveles de franquicia. Si el Cliente ha contratado la Protecci\u00f3n opcional de Parabrisas y Neum\u00e1tico, la Compa\u00f1\u00eda de Alquiler no har\u00e1 responsable al Cliente de la p\u00e9rdida o da\u00f1os en caso de producirse un da\u00f1o a un neum\u00e1tico o al parabrisas del veh\u00edculo. La Protecci\u00f3n de Parabrisas y Neum\u00e1tico ofrece protecci\u00f3n para un solo da\u00f1o al parabrisas o a un neum\u00e1tico. En caso de producirse un segundo da\u00f1o o incluso un n\u00famero mayor, los costos se rigen por los precios habituales. Toda infracci\u00f3n que concierna al veh\u00edculo, los accidentes de tr\u00e1fico y los da\u00f1os personales o a los animales siempre se deber\u00e1 denunciar tambi\u00e9n a la polic\u00eda. En caso de da\u00f1os ocurridos, el Cliente siempre deber\u00e1 completar un informe de da\u00f1os por escrito y presentarlo a la Compa\u00f1\u00eda de Alquiler. Si el Cliente no completa un informe de da\u00f1os por escrito, ser\u00e1 responsable del pago total de los da\u00f1os. Asimismo, el Cliente ser\u00e1 plenamente responsable de cualquier da\u00f1o que se produzca por la omisi\u00f3n de completar los informes antes mencionados.<\/p>\n<p>La Compa\u00f1\u00eda de Alquiler ser\u00e1 responsable por una falla t\u00e9cnica que aparezca en el veh\u00edculo durante el per\u00edodo de alquiler, en tanto que no sea una falla operativa del Cliente o una causada por su negligencia. Siempre que el defecto o la falla est\u00e9n dentro de la responsabilidad de la Compa\u00f1\u00eda de Alquiler, es necesario que la Compa\u00f1\u00eda de Alquiler haya dado la autorizaci\u00f3n para la reparaci\u00f3n para poder continuar con la conducci\u00f3n; el Cliente tiene derecho a recibir un reembolso total de los costos de reparaci\u00f3n pagados por \u00e9l en un taller de reparaciones para solucionar ese defecto o falla en particular.<\/p>\n<p>Deber\u00e1n enviarse a la Compa\u00f1\u00eda de Alquiler el recibo por el trabajo de reparaci\u00f3n y el pago realizado. En el caso que el veh\u00edculo est\u00e9 en reparaci\u00f3n durante 24 horas o m\u00e1s, sin que sea la culpa del Cliente, la responsabilidad de la Compa\u00f1\u00eda de Alquiler para con el Cliente se limita a un reembolso de un gasto diario o parte del mencionado gasto. El Cliente deber\u00e1 llevar el veh\u00edculo al taller de reparaci\u00f3n m\u00e1s cercano establecido por la Compa\u00f1\u00eda de Alquiler. El reintegro diario ser\u00e1 aplicado solamente por los d\u00edas en los que el funcionamiento del veh\u00edculo estuviera afectado por causa ajena al Cliente. La p\u00f3liza de seguro y sus franquicias est\u00e1n sujetas a accidentes de tr\u00e1nsito y da\u00f1os al veh\u00edculo, reembolsables por el seguro de tr\u00e1nsito \u00fanicamente. No tendr\u00e1 aplicaci\u00f3n ninguna p\u00f3liza por da\u00f1os que surjan por un uso indebido del veh\u00edculo.<\/p>\n<h3>6. PAGO DEL ALQUILER<\/h3>\n<p>Excepto que se haya acordado otra forma de pago, el Cliente realiza el pago del alquiler seg\u00fan el Contrato de Alquiler con sus posibles cargos adicionales con la tarjeta de cr\u00e9dito. En el mismo momento de la firma del Contrato de Alquiler, el Cliente aprueba el c\u00e1lculo final preparado para el alquiler por adelantado sin firmarlo personalmente.<\/p>\n<p>En relaci\u00f3n con el alquiler, la Compa\u00f1\u00eda de Alquiler tiene el derecho de solicitar por anticipado una confirmaci\u00f3n de la tarjeta del cr\u00e9dito del Cliente por el monto correspondiente al alquiler final estimado y otros posibles cargos, por los que la Compa\u00f1\u00eda de Alquiler garantiza que la cuenta de la tarjeta del cr\u00e9dito del Cliente tiene saldo suficiente y que la tarjeta de cr\u00e9dito es v\u00e1lida.<\/p>\n<p>La Compa\u00f1\u00eda de Alquiler tiene derecho a cargar en la tarjeta de cr\u00e9dito del Cliente, especificada en el Contrato de Alquiler, adem\u00e1s del alquiler seg\u00fan lo estipulado en el Contrato de Alquiler, gastos adicionales por lo siguiente: la franquicia b\u00e1sica seg\u00fan el Contrato de Alquiler, gastos por combustible, alquileres y cargos por la pr\u00f3rroga del per\u00edodo de alquiler, cargos por entrega y recogida del veh\u00edculo, as\u00ed como tickets de aparcamiento, gastos de control de aparcamiento privado, multas que surgieran en el acto, multas, peajes de carretera, impuestos de congesti\u00f3n de tr\u00e1nsito y multas por exceso de carga, que hayan sido causados por el uso del veh\u00edculo durante el per\u00edodo de alquiler y otros cargos similares con sus gastos administrativos.<\/p>\n<p>Si la persona jur\u00eddica especificada en el Contrato de Alquiler como Cliente no quiere pagar o no tiene capacidad de pago del alquiler, la persona que firma el Contrato de Alquiler en su nombre es responsable personalmente por el alquiler y los posibles cargos adicionales seg\u00fan estos t\u00e9rminos y condiciones relacionados con el alquiler. Adem\u00e1s, cuando se considere necesario, la Compa\u00f1\u00eda de Alquiler tiene derecho a exigir al Cliente dos (2) tarjetas de cr\u00e9dito como garant\u00eda de los gastos derivados del alquiler.<\/p>\n<h3><strong>7.\u00a0<\/strong>RESPONSABILIDAD DE LA COMPA\u00d1\u00cdA DE ALQUILER POR UN DEFECTO EN EL VEH\u00cdCULO Y DEMORA EN SU ENTREG<\/h3>\n<p>Si durante el per\u00edodo de alquiler aparece una falla t\u00e9cnica u otro defecto en el veh\u00edculo, del cual el Cliente no es responsable, seg\u00fan el Contrato de Alquiler y estas Condiciones Generales, el Cliente puede exigir que la Compa\u00f1\u00eda de Alquiler repare el defecto o reduzca su precio en relaci\u00f3n con el defecto. La Compa\u00f1\u00eda de Alquiler se reserva un plazo de 24 horas para reparar el defecto y, por ende, los reclamos de pago por parte del Cliente pueden ser rechazados si la Compa\u00f1\u00eda de Alquiler reparase el defecto dentro de las 24 horas desde que haya recibido la informaci\u00f3n del defecto.<\/p>\n<p>Si la Compa\u00f1\u00eda de Alquiler no puede entregar el veh\u00edculo al Cliente de acuerdo con los t\u00e9rminos y condiciones del Contrato de Alquiler, el Cliente tiene derecho a recibir una indemnizaci\u00f3n por todo costo directo razonable en el que haya incurrido por la demora en la entrega. Por la presente, queda excluido cualquier reclamo de indemnizaci\u00f3n por un defecto del cual la Compa\u00f1\u00eda de Alquiler no sea responsable o que no haya sido informado a la Compa\u00f1\u00eda de Alquiler antes de firmar el Contrato de Alquiler. Cualquier defecto en el veh\u00edculo, en su equipamiento o en los objetos alquilados, que se encuentre despu\u00e9s de la entrega del veh\u00edculo, deber\u00e1 ser comunicado a la Compa\u00f1\u00eda de Alquiler tan pronto como se lo haya detectado. La Compa\u00f1\u00eda de Alquiler se reserva el derecho de rechazar cualquier solicitud de pago, si el Cliente no notifica a la Compa\u00f1\u00eda de Alquiler acerca de cualquier defecto antes de la fecha acordada de devoluci\u00f3n del veh\u00edculo.<\/p>\n<h3>8. DEVOLUCI\u00d3N DEL VEH\u00cdCULO AL FINALIZAR EL PER\u00cdODO DE ALQUILER<\/h3>\n<p>El cliente deber\u00e1 devolver el veh\u00edculo con todos sus accesorios en el lugar acordado al finalizar el per\u00edodo de alquiler. Los horarios de devoluci\u00f3n no pueden ser modificados durante el alquiler sin la aprobaci\u00f3n de la Compa\u00f1\u00eda de Alquiler. El per\u00edodo de alquiler finaliza cuando el veh\u00edculo con sus llaves ha sido devuelto a la Compa\u00f1\u00eda de Alquiler o cuando la Compa\u00f1\u00eda de Alquiler ha recibido una notificaci\u00f3n del Cliente en la que se indica que el veh\u00edculo ha sido devuelto en un lugar aprobado por la Compa\u00f1\u00eda de Alquiler. Si el veh\u00edculo no ha sido devuelto de ese modo y no se ha acordado de forma fehaciente la continuaci\u00f3n del per\u00edodo de alquiler, la Compa\u00f1\u00eda de Alquiler puede informar a la polic\u00eda sobre el asunto. La Compa\u00f1\u00eda de Alquiler tiene derecho a cobrar al Cliente el alquiler completo durante el tiempo que dure la demora en la devoluci\u00f3n y a exigir una compensaci\u00f3n por gastos a causa de cualquier trabajo adicional causado a la Compa\u00f1\u00eda de Alquiler, as\u00ed como otras p\u00e9rdidas econ\u00f3micas relacionadas con el asunto. Excepto que se haya acordado lo contrario, el veh\u00edculo debe ser devuelto con el tanque de combustible lleno.<\/p>\n<p>La Compa\u00f1\u00eda de Alquiler no es responsable por objetos que el Cliente deje en el veh\u00edculo al momento de devolverlo.<\/p>\n<h4><strong>9.\u00a0<\/strong>REVISI\u00d3N POSTERIOR AL ALQUILER<\/h4>\n<p>El Cliente se compromete a realizar un chequeo posterior al alquiler, en caso de que el veh\u00edculo no sea devuelto seg\u00fan la hora de entrega acordada en el Contrato de Alquiler, o si se ha acordado un chequeo posterior al alquiler por separado con la Compa\u00f1\u00eda de Alquiler. Si se realiza un chequeo posterior al alquiler, el Cliente otorga a la Compa\u00f1\u00eda de Alquiler el derecho a cargar en su tarjeta de cr\u00e9dito lo siguiente: todos los da\u00f1os causados al veh\u00edculo durante el per\u00edodo de alquiler, los gastos por combustible, adem\u00e1s de todos los art\u00edculos o equipos que falten.<\/p>\n<p>El Cliente acepta que se le cobre, sin estar presente para confirmar estos cargos. En el caso de un gasto, la Compa\u00f1\u00eda de Alquiler entregar\u00e1 electr\u00f3nicamente al Cliente todos los documentos relacionados con el cargo. El hecho de que no se pueda cargar el gasto en la tarjeta de cr\u00e9dito no exime al Cliente de la obligaci\u00f3n de pagar dicho gasto. El chequeo posterior al alquiler tambi\u00e9n se utiliza en el caso de un alquiler de trayecto \u00fanico a un lugar que no tiene una estaci\u00f3n de alquiler permanente de Touring Cars\u2122. La responsabilidad del cliente por el veh\u00edculo contin\u00faa durante el chequeo posterior al alquiler, hasta que la estaci\u00f3n de alquiler haya revisado y confirmado que el Cliente ha devuelto el veh\u00edculo.<\/p>\n<h4>10. DEVOLUCI\u00d3N DEL VEH\u00cdCULO ANTES DE LA FINALIZACI\u00d3N DEL PER\u00cdODO DE ALQUILER<\/h4>\n<p>Si el Cliente devuelve el veh\u00edculo antes de la finalizaci\u00f3n del per\u00edodo de alquiler, el alquiler se determina seg\u00fan el per\u00edodo de alquiler utilizado en los criterios de precios en conformidad con el Contrato de Alquiler. Si el veh\u00edculo se ha alquilado en condiciones especiales, la devoluci\u00f3n anticipada del veh\u00edculo puede dar lugar a un cambio en el tipo de lista de precios y, por tanto, a un cambio en el alquiler diario.<\/p>\n<p>En el caso de alquileres abonados con antelaci\u00f3n, la devoluci\u00f3n anticipada del veh\u00edculo no obliga a la Compa\u00f1\u00eda de Alquiler a devolver al Cliente el alquiler abonado por adelantado.<\/p>\n<h4>11. RESICI\u00d3N DEL CONTRATO<\/h4>\n<p>La Compa\u00f1\u00eda de Alquiler tiene el derecho de rescindir el Contrato de Alquiler con efectos inmediatos si es evidente que el Cliente ha cometido un incumplimiento de disposiciones esenciales de los t\u00e9rminos y condiciones del Contrato de Alquiler. En este caso, el Cliente deber\u00e1 devolver inmediatamente el veh\u00edculo con todos sus accesorios al lugar de devoluci\u00f3n acordado.<\/p>\n<p>Cualquiera de las partes podr\u00e1 rescindir el Contrato de Alquiler si el veh\u00edculo es robado o si se produce una falla de funcionamiento que impida el uso del veh\u00edculo del que la Compa\u00f1\u00eda de Alquiler es responsable y si la Compa\u00f1\u00eda de Alquiler no entrega un veh\u00edculo de reemplazo en un plazo razonable desde el momento de la notificaci\u00f3n.<\/p>\n<h5>12. CONTROVERSIAS EN EL CONTRATO DE ALQUILER<\/h5>\n<p>Todas las controversias relativas al Contrato de Alquiler se resuelven principalmente mediante negociaciones. Si la controversia se somete a la decisi\u00f3n de un tribunal, el tema ser\u00e1 resuelto por el tribunal de distrito del domicilio de la Compa\u00f1\u00eda de Alquiler o, en los casos de disputas en materia de consumo, por otro tribunal de primera instancia.<\/p>\n<h5>13. RASTREO ELECTR\u00d3NICO<\/h5>\n<p>Todos los veh\u00edculos est\u00e1n equipados con dispositivos de rastreo electr\u00f3nico.<\/p>\n<h5>14. DATOS PERSONALES DE CLIENTES Y CONDUCTORES<\/h5>\n<p>La Compa\u00f1\u00eda de Alquiler recoge datos personales que usted brinda en forma voluntaria. El Cliente y todos los conductores del veh\u00edculo acuerdan con la Compa\u00f1\u00eda de Alquiler que se almacenen los datos personales. La Compa\u00f1\u00eda de Alquiler no transmitir\u00e1 esta informaci\u00f3n a otras compa\u00f1\u00edas que no formen parte de la red de franquicias de Touring Cars\u2122 o Compa\u00f1\u00edas de Alquiler que no sean aseguradoras de la Compa\u00f1\u00eda de Alquiler y autoridades responsables por cualquier infracci\u00f3n de tr\u00e1nsito, multa por aparcamiento, multa en la carretera u otras infracciones o contravenciones. Podr\u00e1 encontrar m\u00e1s informaci\u00f3n en nuestra pol\u00edtica de privacidad.<\/p>\n        <\/div>\r\n    <\/div>\r\n<\/section>\n\n<section class=\"block block-postsgrid\">\r\n    <div class=\"container reveal\">\r\n        <h2>Read also<\/h2><div class=\"glide articles-slider\" data-uid=\"69f46f58a77b6\"><div class=\"glide__track\" data-glide-el=\"track\"><ul class=\"glide__slides\"><li class=\"glide__slide\"><article class=\"article reveal\"><div class=\"image-container\"><a href=\"https:\/\/www.touringcars.com\/es\/terminos-de-compra\/\"><img decoding=\"async\" src=\"https:\/\/www.touringcars.com\/wp-content\/uploads\/2025\/02\/carado-imagebank-data_VE_Camper-Van_CV600_PI_2024_0257_21-31-41_web-2-200x300.jpg\" srcset=\"https:\/\/www.touringcars.com\/wp-content\/uploads\/2025\/02\/carado-imagebank-data_VE_Camper-Van_CV600_PI_2024_0257_21-31-41_web-2-200x300.jpg 200w, https:\/\/www.touringcars.com\/wp-content\/uploads\/2025\/02\/carado-imagebank-data_VE_Camper-Van_CV600_PI_2024_0257_21-31-41_web-2-682x1024.jpg 682w, https:\/\/www.touringcars.com\/wp-content\/uploads\/2025\/02\/carado-imagebank-data_VE_Camper-Van_CV600_PI_2024_0257_21-31-41_web-2-768x1153.jpg 768w, https:\/\/www.touringcars.com\/wp-content\/uploads\/2025\/02\/carado-imagebank-data_VE_Camper-Van_CV600_PI_2024_0257_21-31-41_web-2-1024x1536.jpg 1024w, https:\/\/www.touringcars.com\/wp-content\/uploads\/2025\/02\/carado-imagebank-data_VE_Camper-Van_CV600_PI_2024_0257_21-31-41_web-2-1365x2048.jpg 1365w, https:\/\/www.touringcars.com\/wp-content\/uploads\/2025\/02\/carado-imagebank-data_VE_Camper-Van_CV600_PI_2024_0257_21-31-41_web-2-395x593.jpg 395w, https:\/\/www.touringcars.com\/wp-content\/uploads\/2025\/02\/carado-imagebank-data_VE_Camper-Van_CV600_PI_2024_0257_21-31-41_web-2-354x531.jpg 354w, https:\/\/www.touringcars.com\/wp-content\/uploads\/2025\/02\/carado-imagebank-data_VE_Camper-Van_CV600_PI_2024_0257_21-31-41_web-2.jpg 1466w\" alt=\"T\u00e9rminos de compra\"><\/a><\/div><div class=\"content-container\"><h3><a href=\"https:\/\/www.touringcars.com\/es\/terminos-de-compra\/\">T\u00e9rminos de compra<\/a><\/h3><\/div><\/article><\/li><li class=\"glide__slide\"><article class=\"article reveal\"><div class=\"image-container\"><a href=\"https:\/\/www.touringcars.com\/es\/cancelacion\/\"><img decoding=\"async\" src=\"https:\/\/www.touringcars.com\/wp-content\/uploads\/2025\/02\/carado-imagebank-data_VE_Camper-Van_CV600_PI_2024_0257_21-31-41_web-2-200x300.jpg\" srcset=\"https:\/\/www.touringcars.com\/wp-content\/uploads\/2025\/02\/carado-imagebank-data_VE_Camper-Van_CV600_PI_2024_0257_21-31-41_web-2-200x300.jpg 200w, https:\/\/www.touringcars.com\/wp-content\/uploads\/2025\/02\/carado-imagebank-data_VE_Camper-Van_CV600_PI_2024_0257_21-31-41_web-2-682x1024.jpg 682w, https:\/\/www.touringcars.com\/wp-content\/uploads\/2025\/02\/carado-imagebank-data_VE_Camper-Van_CV600_PI_2024_0257_21-31-41_web-2-768x1153.jpg 768w, https:\/\/www.touringcars.com\/wp-content\/uploads\/2025\/02\/carado-imagebank-data_VE_Camper-Van_CV600_PI_2024_0257_21-31-41_web-2-1024x1536.jpg 1024w, https:\/\/www.touringcars.com\/wp-content\/uploads\/2025\/02\/carado-imagebank-data_VE_Camper-Van_CV600_PI_2024_0257_21-31-41_web-2-1365x2048.jpg 1365w, https:\/\/www.touringcars.com\/wp-content\/uploads\/2025\/02\/carado-imagebank-data_VE_Camper-Van_CV600_PI_2024_0257_21-31-41_web-2-395x593.jpg 395w, https:\/\/www.touringcars.com\/wp-content\/uploads\/2025\/02\/carado-imagebank-data_VE_Camper-Van_CV600_PI_2024_0257_21-31-41_web-2-354x531.jpg 354w, https:\/\/www.touringcars.com\/wp-content\/uploads\/2025\/02\/carado-imagebank-data_VE_Camper-Van_CV600_PI_2024_0257_21-31-41_web-2.jpg 1466w\" alt=\"Cancelaci\u00f3n\"><\/a><\/div><div class=\"content-container\"><h3><a href=\"https:\/\/www.touringcars.com\/es\/cancelacion\/\">Cancelaci\u00f3n<\/a><\/h3><\/div><\/article><\/li><\/ul><\/div><div class=\"glide__controls\"><div class=\"glide__arrows\" data-glide-el=\"controls\"><span class=\"glide__arrow glide__arrow--left\" data-glide-dir=\"<\"><\/span><span class=\"glide__arrow glide__arrow--right\" data-glide-dir=\">\u00ab><\/span><\/div><div class=\"glide__bullets\" data-glide-el=\"controls[nav]\"><span class=\"glide__bullet\" data-glide-dir=\"=0\" data-parent-uid=\"69f46f58a77b6\"><\/span><span class=\"glide__bullet\" data-glide-dir=\"=1\" data-parent-uid=\"69f46f58a77b6\"><\/span><\/div><\/div><\/div>    <\/div>\r\n<\/section>","protected":false},"excerpt":{"rendered":"","protected":false},"author":1,"featured_media":0,"parent":0,"menu_order":510,"comment_status":"closed","ping_status":"closed","template":"","meta":{"_acf_changed":false,"footnotes":""},"class_list":["post-13774","page","type-page","status-publish","hentry"],"acf":[],"_links":{"self":[{"href":"https:\/\/www.touringcars.com\/es\/wp-json\/wp\/v2\/pages\/13774","targetHints":{"allow":["GET"]}}],"collection":[{"href":"https:\/\/www.touringcars.com\/es\/wp-json\/wp\/v2\/pages"}],"about":[{"href":"https:\/\/www.touringcars.com\/es\/wp-json\/wp\/v2\/types\/page"}],"author":[{"embeddable":true,"href":"https:\/\/www.touringcars.com\/es\/wp-json\/wp\/v2\/users\/1"}],"replies":[{"embeddable":true,"href":"https:\/\/www.touringcars.com\/es\/wp-json\/wp\/v2\/comments?post=13774"}],"version-history":[{"count":3,"href":"https:\/\/www.touringcars.com\/es\/wp-json\/wp\/v2\/pages\/13774\/revisions"}],"predecessor-version":[{"id":16582,"href":"https:\/\/www.touringcars.com\/es\/wp-json\/wp\/v2\/pages\/13774\/revisions\/16582"}],"wp:attachment":[{"href":"https:\/\/www.touringcars.com\/es\/wp-json\/wp\/v2\/media?parent=13774"}],"curies":[{"name":"wp","href":"https:\/\/api.w.org\/{rel}","templated":true}]}}