{"id":13374,"date":"2025-02-06T18:25:59","date_gmt":"2025-02-06T18:25:59","guid":{"rendered":"https:\/\/touringcars.com\/reservation\/"},"modified":"2026-08-11T10:48:15","modified_gmt":"2026-08-11T10:48:15","slug":"reservas","status":"publish","type":"page","link":"https:\/\/www.touringcars.com\/es\/alquiler-autocaravanas\/reservas\/","title":{"rendered":"Reservas"},"content":{"rendered":"<section class=\"block block-hero text-style-white image-style-full\">\n    <div class=\"container container-full\">\n        <div class=\"glide image-slider\" data-uid=\"6a991a5c0659e\"><div class=\"glide__track\" data-glide-el=\"track\"><ul class=\"glide__slides\"><li class=\"glide__slide\"><img decoding=\"async\" src=\"https:\/\/www.touringcars.com\/wp-content\/uploads\/2023\/01\/family-pexels-forest-outdoors-1-558x293.jpg\" srcset=\"https:\/\/www.touringcars.com\/wp-content\/uploads\/2023\/01\/family-pexels-forest-outdoors-1-300x158.jpg 300w, https:\/\/www.touringcars.com\/wp-content\/uploads\/2023\/01\/family-pexels-forest-outdoors-1-1024x538.jpg 1024w, https:\/\/www.touringcars.com\/wp-content\/uploads\/2023\/01\/family-pexels-forest-outdoors-1-768x403.jpg 768w, https:\/\/www.touringcars.com\/wp-content\/uploads\/2023\/01\/family-pexels-forest-outdoors-1-1130x593.jpg 1130w, https:\/\/www.touringcars.com\/wp-content\/uploads\/2023\/01\/family-pexels-forest-outdoors-1-714x375.jpg 714w, https:\/\/www.touringcars.com\/wp-content\/uploads\/2023\/01\/family-pexels-forest-outdoors-1-558x293.jpg 558w, https:\/\/www.touringcars.com\/wp-content\/uploads\/2023\/01\/family-pexels-forest-outdoors-1.jpg 1200w\" alt=\"family-pexels-forest-outdoors-1\" data-no-lazy=\"1\" fetchpriority=\"high\"><\/li><\/ul><\/div><div class=\"glide__controls\"><div class=\"glide__arrows\" data-glide-el=\"controls\"><span class=\"glide__arrow glide__arrow--left\" aria-label=\"Izquierda\" data-glide-dir=\"<\"><\/span><span class=\"glide__arrow glide__arrow--right\" aria-label=\"Derecha\" data-glide-dir=\">\u00ab><\/span><\/div><\/div><\/div><div class=\"hero-container\"><div class=\"breadcrumbs-container\"><ol><li><a href=\"https:\/\/www.touringcars.com\/es\/\"><span>Touring Cars<\/span><\/a><\/li><\/ol><\/div><h1>Alquilar una autocaravana<\/h1><p>no podr\u00eda ser m\u00e1s f\u00e1cil<\/p>\n<\/div>    <\/div>\n    <\/section>\n\n<section class=\"block block-iconrow bg-white bottom-spacing-zero\">\n    <div class=\"container\">\n        <div class=\"content-container reveal\">\n            <h2>La mejor relaci\u00f3n calidad-precio<\/h2><div class=\"icon-row\" style=\"--icons-per-row: 5; --icons-per-row-mobile: 1;\"><div class=\"icon-item\"><img decoding=\"async\" src=\"https:\/\/www.touringcars.com\/wp-content\/uploads\/2025\/02\/Clean_blue.svg\" alt=\"Clean_blue\"><div class=\"label\">Autocaravanas totalmente equipadas y personalizadas<\/div><\/div><div class=\"icon-item\"><img decoding=\"async\" src=\"https:\/\/www.touringcars.com\/wp-content\/uploads\/2025\/02\/Five-stars_blue.svg\" alt=\"Five stars_blue\"><div class=\"label\">Atenci\u00f3n al cliente personalizada de principio a fin<\/div><\/div><div class=\"icon-item\"><img decoding=\"async\" src=\"https:\/\/www.touringcars.com\/wp-content\/uploads\/2025\/02\/Airport-transfer2_blue.svg\" alt=\"Airport transfer2_blue\"><div class=\"label\">Traslados desde\/hacia el aeropuerto principal gratuitos<\/div><\/div><div class=\"icon-item\"><img decoding=\"async\" src=\"https:\/\/www.touringcars.com\/wp-content\/uploads\/2025\/02\/road-assistance_blue.svg\" alt=\"road assistance_blue\"><div class=\"label\">24\/7 Servicio en carretera<\/div><\/div><div class=\"icon-item\"><img decoding=\"async\" src=\"https:\/\/www.touringcars.com\/wp-content\/uploads\/2025\/02\/Unlimited-mileage-3_blue.svg\" alt=\"Unlimited mileage 3_blue\"><div class=\"label\">Kilometraje ilimitado<\/div><\/div><\/div>        <\/div>\n    <\/div>\n<\/section>\n\n<section class=\"block block-textimage\">\n    <div class=\"container\">\n        <div class=\"content-row image-placement-right\">\n            <div class=\"content-container reveal\">\n                <h3>C\u00f3mo reservar una autocaravana y campervan<\/h3><h4 class=\"p1\">Elige tu ubicaci\u00f3n y fechas<\/h4>\n<p class=\"p3\">Para alquilar de manera f\u00e1cil y segura una autocaravana, camper o RV con nosotros, comienza seleccionando el lugar donde deseas iniciar tu viaje por carretera. Luego, elige las fechas de tu viaje, desde el inicio hasta el final.<\/p>\n<h4 class=\"p1\">Escoge y personaliza tu autocaravana<\/h4>\n<p class=\"p3\">Explora nuestros veh\u00edculos y elige el que mejor se adapte a tus necesidades. Puedes personalizar tu viaje a\u00f1adiendo servicios, como tarifas de limpieza para mascotas o reemplazo de bombonas de gas.<\/p>\n<h4 class=\"p1\">Inicia sesi\u00f3n y realiza el pago<\/h4>\n<p class=\"p3\">Despu\u00e9s de confirmar tu selecci\u00f3n, se te pedir\u00e1 que crees una cuenta e inicies sesi\u00f3n, especialmente si necesitas realizar pagos parciales o actualizar los detalles de tu viaje. Rellena la informaci\u00f3n necesaria, elige tu m\u00e9todo de pago y finaliza la reserva. \u00a1La carretera es tuya!<\/p>\n<p class=\"p3\"><span class=\"s1\"><b>Nota:<\/b><\/span> Todos los servicios adicionales pueden modificarse despu\u00e9s de la reserva o al recoger el veh\u00edculo, garantizando flexibilidad para tu viaje.<\/p>\n<div class=\"buttons\"><a href=\"https:\/\/www.touringcars.com\/es\/terminos-de-compra\/\" class=\"btn\">T\u00e9rminos y condiciones de compra<\/a><a href=\"https:\/\/www.touringcars.com\/es\/terminos-generales\/\" class=\"btn\">T\u00e9rminos generales de alquiler<\/a><\/div>            <\/div>\n            <div class=\"image-container reveal image-high\">\n                <img decoding=\"async\" src=\"https:\/\/www.touringcars.com\/wp-content\/uploads\/2025\/05\/carado-imagebank-data_VE_Semi-Integrated_T447_PI_2024_0106_21-31-41_WEB-574x383.jpg\" srcset=\"https:\/\/www.touringcars.com\/wp-content\/uploads\/2025\/05\/carado-imagebank-data_VE_Semi-Integrated_T447_PI_2024_0106_21-31-41_WEB-300x200.jpg 300w, https:\/\/www.touringcars.com\/wp-content\/uploads\/2025\/05\/carado-imagebank-data_VE_Semi-Integrated_T447_PI_2024_0106_21-31-41_WEB-1024x683.jpg 1024w, https:\/\/www.touringcars.com\/wp-content\/uploads\/2025\/05\/carado-imagebank-data_VE_Semi-Integrated_T447_PI_2024_0106_21-31-41_WEB-768x512.jpg 768w, https:\/\/www.touringcars.com\/wp-content\/uploads\/2025\/05\/carado-imagebank-data_VE_Semi-Integrated_T447_PI_2024_0106_21-31-41_WEB-1536x1024.jpg 1536w, https:\/\/www.touringcars.com\/wp-content\/uploads\/2025\/05\/carado-imagebank-data_VE_Semi-Integrated_T447_PI_2024_0106_21-31-41_WEB-2048x1365.jpg 2048w, https:\/\/www.touringcars.com\/wp-content\/uploads\/2025\/05\/carado-imagebank-data_VE_Semi-Integrated_T447_PI_2024_0106_21-31-41_WEB-1920x1280.jpg 1920w, https:\/\/www.touringcars.com\/wp-content\/uploads\/2025\/05\/carado-imagebank-data_VE_Semi-Integrated_T447_PI_2024_0106_21-31-41_WEB-890x593.jpg 890w, https:\/\/www.touringcars.com\/wp-content\/uploads\/2025\/05\/carado-imagebank-data_VE_Semi-Integrated_T447_PI_2024_0106_21-31-41_WEB-714x476.jpg 714w, https:\/\/www.touringcars.com\/wp-content\/uploads\/2025\/05\/carado-imagebank-data_VE_Semi-Integrated_T447_PI_2024_0106_21-31-41_WEB-574x383.jpg 574w, https:\/\/www.touringcars.com\/wp-content\/uploads\/2025\/05\/carado-imagebank-data_VE_Semi-Integrated_T447_PI_2024_0106_21-31-41_WEB-367x245.jpg 367w\" alt=\"_carado-imagebank-data_VE_Semi-Integrated_T447_PI_2024_0106_21-31-41_WEB\" width=\"2560\" height=\"1707\">            <\/div>\n        <\/div>\n    <\/div>\n<\/section>\n\n<section class=\"block block-columns\">\n    <div class=\"container\">\n        <h2>Viaje fuera del pa\u00eds de destino con una autocaravana<\/h2>        <div class=\"columns columns-3\">\n            <div class=\"column\"><div class=\"image-container reveal\"><img decoding=\"async\" src=\"https:\/\/www.touringcars.com\/wp-content\/uploads\/2025\/02\/rovaniemi-450x300.jpg\" srcset=\"https:\/\/www.touringcars.com\/wp-content\/uploads\/2025\/02\/rovaniemi-300x200.jpg 300w, https:\/\/www.touringcars.com\/wp-content\/uploads\/2025\/02\/rovaniemi-1024x682.jpg 1024w, https:\/\/www.touringcars.com\/wp-content\/uploads\/2025\/02\/rovaniemi-768x512.jpg 768w, https:\/\/www.touringcars.com\/wp-content\/uploads\/2025\/02\/rovaniemi-1536x1024.jpg 1536w, https:\/\/www.touringcars.com\/wp-content\/uploads\/2025\/02\/rovaniemi-890x593.jpg 890w, https:\/\/www.touringcars.com\/wp-content\/uploads\/2025\/02\/rovaniemi-714x476.jpg 714w, https:\/\/www.touringcars.com\/wp-content\/uploads\/2025\/02\/rovaniemi-450x300.jpg 450w, https:\/\/www.touringcars.com\/wp-content\/uploads\/2025\/02\/rovaniemi-367x245.jpg 367w, https:\/\/www.touringcars.com\/wp-content\/uploads\/2025\/02\/rovaniemi.jpg 2000w\" alt=\"rovaniemi\" width=\"2000\" height=\"1333\"><\/div><div class=\"content-container reveal\"><h3>Viaje por los Pa\u00edses N\u00f3rdicos<\/h3><p>Con las autocaravanas de alquiler de Touring Cars, podr\u00e1 viajar libremente por los pa\u00edses n\u00f3rdicos. Conducir fuera de los pa\u00edses n\u00f3rdicos est\u00e1 permitido solamente en el caso que se haya autorizado al momento de la reserva por Touring Cars.<\/p>\n<p><em>El Cliente debe solicitar la aprobaci\u00f3n de la estaci\u00f3n de alquiler cuando planea viajar con el veh\u00edculo fuera del pa\u00eds de destino.<\/em><\/p>\n<\/div><\/div><div class=\"column\"><div class=\"image-container reveal\"><img decoding=\"async\" src=\"https:\/\/www.touringcars.com\/wp-content\/uploads\/2025\/02\/chester-449x300.jpg\" srcset=\"https:\/\/www.touringcars.com\/wp-content\/uploads\/2025\/02\/chester-300x200.jpg 300w, https:\/\/www.touringcars.com\/wp-content\/uploads\/2025\/02\/chester-1024x684.jpg 1024w, https:\/\/www.touringcars.com\/wp-content\/uploads\/2025\/02\/chester-768x513.jpg 768w, https:\/\/www.touringcars.com\/wp-content\/uploads\/2025\/02\/chester-1536x1025.jpg 1536w, https:\/\/www.touringcars.com\/wp-content\/uploads\/2025\/02\/chester-888x593.jpg 888w, https:\/\/www.touringcars.com\/wp-content\/uploads\/2025\/02\/chester-714x477.jpg 714w, https:\/\/www.touringcars.com\/wp-content\/uploads\/2025\/02\/chester-449x300.jpg 449w, https:\/\/www.touringcars.com\/wp-content\/uploads\/2025\/02\/chester-367x245.jpg 367w, https:\/\/www.touringcars.com\/wp-content\/uploads\/2025\/02\/chester.jpg 2000w\" alt=\"Historical Chester Old town center, England\" width=\"2000\" height=\"1335\"><\/div><div class=\"content-container reveal\"><h3>Viaje por Europa<\/h3><p>El poder ver mucho m\u00e1s es una de las grandes ventajas de viajar en una autocaravana; con frecuencia, es posible cruzar las fronteras entre pa\u00edses, pero la persona que alquila el veh\u00edculo siempre est\u00e1 obligada a solicitar la autorizaci\u00f3n a Touring Cars cuando viaja fuera del pa\u00eds donde se encuentra la estaci\u00f3n de alquiler. Viajar fuera del pa\u00eds donde recogiste tu autocaravana de alquiler tambi\u00e9n repercutir\u00e1 en la cobertura de las franquicias de tu seguro. Deben respetarse los requisitos especiales del seguro. Las estaciones de alquiler se reservan el derecho de limitar la franquicia al TC Plus en caso de que el veh\u00edculo se conduzca fuera del pa\u00eds donde se encuentra la estaci\u00f3n de alquiler.<\/p>\n<p>Para las autocaravanas que viajan fuera de su pa\u00eds de origen se requiere un certificado de validez especial para el seguro llamado Green Card (es decir, una autorizaci\u00f3n para viajar). Obtener este documento tarda unos d\u00edas, por lo que se le pide al Cliente que informe con suficiente antelaci\u00f3n de todos los planes de viaje fuera del pa\u00eds en el que recoger\u00e1 su autocaravana de alquiler. Es posible que se requiera un seguro de tr\u00e1nsito adicional al ingresar en algunos pa\u00edses. Si este es el caso, se puede contratar este seguro en la aduana al cruzar la frontera.<\/p>\n<\/div><\/div><div class=\"column\"><div class=\"image-container reveal\"><img decoding=\"async\" src=\"https:\/\/www.touringcars.com\/wp-content\/uploads\/2025\/02\/tallinn-450x300.jpg\" srcset=\"https:\/\/www.touringcars.com\/wp-content\/uploads\/2025\/02\/tallinn-300x200.jpg 300w, https:\/\/www.touringcars.com\/wp-content\/uploads\/2025\/02\/tallinn-1024x682.jpg 1024w, https:\/\/www.touringcars.com\/wp-content\/uploads\/2025\/02\/tallinn-768x512.jpg 768w, https:\/\/www.touringcars.com\/wp-content\/uploads\/2025\/02\/tallinn-1536x1024.jpg 1536w, https:\/\/www.touringcars.com\/wp-content\/uploads\/2025\/02\/tallinn-890x593.jpg 890w, https:\/\/www.touringcars.com\/wp-content\/uploads\/2025\/02\/tallinn-714x476.jpg 714w, https:\/\/www.touringcars.com\/wp-content\/uploads\/2025\/02\/tallinn-450x300.jpg 450w, https:\/\/www.touringcars.com\/wp-content\/uploads\/2025\/02\/tallinn-367x245.jpg 367w, https:\/\/www.touringcars.com\/wp-content\/uploads\/2025\/02\/tallinn.jpg 2000w\" alt=\"tallinn\" width=\"2000\" height=\"1333\"><\/div><div class=\"content-container reveal\"><h3>Viaje por los Estados B\u00e1lticos y Rusia<\/h3><p>Viajar a Rusia, Bielorrusia o Ucrania no est\u00e1 permitido en ning\u00fan caso con las autocaravanas de alquiler de Touring Cars alquiladas en Europa. Viajar a los pa\u00edses de Europa del Este est\u00e1 permitido para los veh\u00edculos de alquiler recogidos de las estaciones de alquiler de Tallin y Riga pero, cuando se viaja desde otras estaciones de alquiler, se necesita un permiso especial. Es m\u00e1s, es posible que se aplique un seguro excepcional para viajar a los pa\u00edses de Europa del Este.<\/p>\n<p><em>El Cliente debe solicitar la aprobaci\u00f3n de la estaci\u00f3n de alquiler cuando planea viajar con el veh\u00edculo fuera del pa\u00eds de destino.<\/em><\/p>\n<\/div><\/div>        <\/div>\n    <\/div>\n<\/section>\n\n<section class=\"block block-textimage\">\n    <div class=\"container\">\n        <div class=\"content-row image-placement-right\">\n            <div class=\"content-container reveal\">\n                <h3>Alquileres de autocaravanas de trayecto \u00fanico<\/h3><p><em>Una forma \u00fanica de explorar dos o m\u00e1s pa\u00edses durante un viaje de vacaciones!<\/em><\/p>\n<p>Con el alquiler de ida, tiene la posibilidad de devolver la autocaravana en un lugar diferente al de recogida. Todos los alquileres de ida incluyen dos botellas de gasolina llenas y no necesita a\u00f1adir este elemento extra a su reserva.<\/p>\n<p>No obstante, tenga en cuenta que los alquileres de ida est\u00e1n sujetos a un cargo adicional a partir de 900 EUR (2024). La tarifa por trayecto depende del lugar de recogida y devoluci\u00f3n. Para comprobar la disponibilidad y el precio de los alquileres de ida, vaya a nuestro motor de reservas. Los precios totales que ver\u00e1 en el motor de reservas ya incluyen la tasa por trayecto.<\/p>\n            <\/div>\n            <div class=\"image-container reveal image-high\">\n                <img decoding=\"async\" src=\"https:\/\/www.touringcars.com\/wp-content\/uploads\/2025\/01\/campervan-autumn-375x300.jpg\" srcset=\"https:\/\/www.touringcars.com\/wp-content\/uploads\/2025\/01\/campervan-autumn-300x240.jpg 300w, https:\/\/www.touringcars.com\/wp-content\/uploads\/2025\/01\/campervan-autumn-1024x819.jpg 1024w, https:\/\/www.touringcars.com\/wp-content\/uploads\/2025\/01\/campervan-autumn-768x614.jpg 768w, https:\/\/www.touringcars.com\/wp-content\/uploads\/2025\/01\/campervan-autumn-741x593.jpg 741w, https:\/\/www.touringcars.com\/wp-content\/uploads\/2025\/01\/campervan-autumn-664x531.jpg 664w, https:\/\/www.touringcars.com\/wp-content\/uploads\/2025\/01\/campervan-autumn-375x300.jpg 375w, https:\/\/www.touringcars.com\/wp-content\/uploads\/2025\/01\/campervan-autumn.jpg 1440w\" alt=\"campervan-autumn\" width=\"1440\" height=\"1152\">            <\/div>\n        <\/div>\n    <\/div>\n<\/section>\n\n<section class=\"block block-basic\">\n    <div class=\"container\">\n        <div class=\"content-container reveal\">\n            <h2>Precios de alquiler, art\u00edculos y servicios adicionales para autocaravanas<\/h2><p>El precio de alquiler del veh\u00edculo se conforma a partir de la tarifa base y los precios de alquiler diarios. Se cobrar\u00e1 por cada d\u00eda calendario.<\/p>\n<p>Nuestras estaciones de alquiler de veh\u00edculos est\u00e1n abiertas todos los d\u00edas de 8:00 de la ma\u00f1ana hasta las 6:00 de la tarde. Somos una de las compa\u00f1\u00edas de alquiler m\u00e1s flexibles y nos complace ofrecer nuestros servicios de alquiler de autocaravanas a cualquier hora del d\u00eda, en caso de que sea necesario. Sin embargo, es conveniente tener en cuenta que se pueden aplicar cargos adicionales si la recogida o la devoluci\u00f3n del veh\u00edculo de alquiler se realiza fuera de este horario comercial.<\/p>\n<h4 class=\"p1\">Los precios de alquiler del veh\u00edculo incluyen todos los siguientes servicios:<\/h4>\n<ul>\n<li>No hay per\u00edodo de alquiler m\u00ednimo para el veh\u00edculo<\/li>\n<li>Kilometraje de alquiler ilimitado<\/li>\n<li>Puede recoger o devolver el veh\u00edculo de alquiler en el momento acordado entre las 8:00 de la ma\u00f1ana y las 6:00 de la tarde, los 7 d\u00edas de la semana. Tambi\u00e9n est\u00e1n disponibles servicios de alquiler las 24 horas, los 7 d\u00edas de la semana, pero se podr\u00e1 aplicar un cargo adicional y\/o limitaciones seg\u00fan el pa\u00eds de destino.<\/li>\n<li>Servicio de atenci\u00f3n telef\u00f3nica para el veh\u00edculo las 24 horas, los 7 d\u00edas de la semana, para cualquier consulta en carretera.<\/li>\n<li>Servicio de reemplazo del veh\u00edculo de alquiler en caso de cualquier malfuncionamiento de importancia.<\/li>\n<li>Servicios de traslados de aeropuerto VIP para todos los invitados \u2012 sin costo adicional. El servicio se ofrece desde el aeropuerto principal de cada pa\u00eds de destino y hacia \u00e9l. La lista de los aeropuertos del servicio est\u00e1 en la p\u00e1gina de los pa\u00edses.<\/li>\n<li>Proporcionamos un servicio de atenci\u00f3n al cliente en persona y le damos una introducci\u00f3n acerca de su autocaravana de alquiler. Tomamos todo el tiempo necesario para el servicio al cliente cuando recoge y cuando devuelve el veh\u00edculo. La duraci\u00f3n promedio del servicio de recogida del veh\u00edculo es de 1 a 2 horas.<\/li>\n<\/ul>\n<h4 class=\"p1\">Y tambi\u00e9n<\/h4>\n<ul>\n<li>Alquiler de autocaravanas de alta calidad de nuestra flota de autocaravanas nuevas y de marca l\u00edder, que incluye categor\u00edas especiales como la de lujo.<\/li>\n<li>Aire acondicionado en la cabina del conductor,\u00a0en los destinos del sur, el aire acondicionado tambi\u00e9n en una sala de estar<\/li>\n<li>Sistema de navegaci\u00f3n<\/li>\n<li>Todos nuestros precios de alquiler de autocaravanas incluyen un seguro total (se aplica un l\u00edmite de franquicia\/responsabilidad civil)<\/li>\n<li>Los utensilios de cocina y vajilla, ambos de alta gama, est\u00e1n incluidos. Tambi\u00e9n tenemos una gran variedad de diferentes art\u00edculos adicionales que se pueden reservar en funci\u00f3n de lo que desee. Haga su selecci\u00f3n cuando reserva en l\u00ednea.<\/li>\n<li>Se proporciona en forma gratuita un paquete de informaci\u00f3n que le permitir\u00e1 conocer de qu\u00e9 se trata viajar con una caravana en el pa\u00eds de destino. Est\u00e1 disponible en las estaciones de alquiler de autocaravanas en el momento de la recogida del veh\u00edculo.<\/li>\n<li>Cu\u00f1as de nivelaci\u00f3n del veh\u00edculo en todas las autocaravanas (cu\u00f1as para neum\u00e1ticos)<\/li>\n<li>Cables de electricidad y mangueras para agua<\/li>\n<\/ul>\n        <\/div>\n    <\/div>\n<\/section>\n\n<section class=\"block block-textimage\">\n    <div class=\"container\">\n        <div class=\"content-row image-placement-left\">\n            <div class=\"content-container reveal\">\n                <h3>Accesorios de la autocaravana de alquiler<\/h3><p>Todas nuestras autocaravanas de alta gama est\u00e1n totalmente equipadas para que pueda disfrutar de sus vacaciones. A continuaci\u00f3n, se detalla el equipamiento:<\/p>\n<ul>\n<li>Utensilios de cocina completos<\/li>\n<li>Vajilla completa<\/li>\n<li>Botiqu\u00edn de primeros auxilios<\/li>\n<li>Kit de reparaci\u00f3n instant\u00e1nea de neum\u00e1ticos<\/li>\n<li>Set de limpieza<\/li>\n<li>Cuadernillo de instrucciones multiling\u00fce<\/li>\n<li>Mosquiteros<\/li>\n<li>Persianas<\/li>\n<li>Salidas de 20 A\/12 V y 220 V\/230 V<\/li>\n<li>Cable de electricidad<\/li>\n<li>Navegaci\u00f3n por GPS<\/li>\n<li>Cu\u00f1as de nivelaci\u00f3n del veh\u00edculo<\/li>\n<li>Dos bombonas de gas llenas*<\/li>\n<li>Veh\u00edculos equipados con toldo sin costo adicional (excepto Islandia, sujeto a disponibilidad)<\/li>\n<\/ul>\n<p>Touring Cars provee a las autocaravanas de alquiler con dos bombonas de gas llenas. Estos elementos extras no est\u00e1n incluidos en el precio y pueden agregarse a la reserva.<\/p>\n            <\/div>\n            <div class=\"image-container reveal image-high\">\n                <img decoding=\"async\" src=\"https:\/\/www.touringcars.com\/wp-content\/uploads\/2025\/02\/carado-imagebank-data_VE_Semi-Integrated_T457_IT_2024_0025_21-31-41_HR-450x300.jpg\" srcset=\"https:\/\/www.touringcars.com\/wp-content\/uploads\/2025\/02\/carado-imagebank-data_VE_Semi-Integrated_T457_IT_2024_0025_21-31-41_HR-300x200.jpg 300w, https:\/\/www.touringcars.com\/wp-content\/uploads\/2025\/02\/carado-imagebank-data_VE_Semi-Integrated_T457_IT_2024_0025_21-31-41_HR-1024x683.jpg 1024w, https:\/\/www.touringcars.com\/wp-content\/uploads\/2025\/02\/carado-imagebank-data_VE_Semi-Integrated_T457_IT_2024_0025_21-31-41_HR-768x512.jpg 768w, https:\/\/www.touringcars.com\/wp-content\/uploads\/2025\/02\/carado-imagebank-data_VE_Semi-Integrated_T457_IT_2024_0025_21-31-41_HR-1536x1024.jpg 1536w, https:\/\/www.touringcars.com\/wp-content\/uploads\/2025\/02\/carado-imagebank-data_VE_Semi-Integrated_T457_IT_2024_0025_21-31-41_HR-889x593.jpg 889w, https:\/\/www.touringcars.com\/wp-content\/uploads\/2025\/02\/carado-imagebank-data_VE_Semi-Integrated_T457_IT_2024_0025_21-31-41_HR-714x476.jpg 714w, https:\/\/www.touringcars.com\/wp-content\/uploads\/2025\/02\/carado-imagebank-data_VE_Semi-Integrated_T457_IT_2024_0025_21-31-41_HR-450x300.jpg 450w, https:\/\/www.touringcars.com\/wp-content\/uploads\/2025\/02\/carado-imagebank-data_VE_Semi-Integrated_T457_IT_2024_0025_21-31-41_HR-367x245.jpg 367w, https:\/\/www.touringcars.com\/wp-content\/uploads\/2025\/02\/carado-imagebank-data_VE_Semi-Integrated_T457_IT_2024_0025_21-31-41_HR.jpg 1600w\" alt=\"_carado-imagebank-data_VE_Semi-Integrated_T457_IT_2024_0025_21-31-41_HR\" width=\"1600\" height=\"1067\">            <\/div>\n        <\/div>\n    <\/div>\n<\/section>\n\n<section class=\"block block-basic\" id=\"additional-services\">\n    <div class=\"container\">\n        <div class=\"content-container reveal\">\n            <h2>Servicios adicionales del alquiler<\/h2><p><strong>Conductor adicional<\/strong><\/p>\n<p>Todos los conductores deben ser registrados en el Contrato de Alquiler para que el seguro y la franquicia sean v\u00e1lidos. Se incluye un conductor en todos los precios de alquiler y se pueden a\u00f1adir conductores adicionales al hacer la reserva, o bien despu\u00e9s de hacerla, si se comunica con nuestra Oficina de Ventas Internacionales, o tambi\u00e9n directamente en la estaci\u00f3n de alquiler durante la recogida del veh\u00edculo.<\/p>\n<p><strong>Recargo en el servicio por demora en la devoluci\u00f3n o por recogida anticipada<\/strong><\/p>\n<p>Las estaciones de alquiler de Touring Cars est\u00e1n abiertas todo el a\u00f1o, 24 horas al d\u00eda, los 7 d\u00edas de la semana, con cita previa en todas las ubicaciones. Tambi\u00e9n nos complace proporcionarle los servicios de alquiler de autocaravanas fuera de nuestro horario comercial entre las 6:00 de la tarde y las 8:00 de la ma\u00f1ana, pero estos servicios est\u00e1n sujetos a precios adicionales y a la disponibilidad. Nuestro motor de reservas en l\u00ednea ajustar\u00e1 autom\u00e1ticamente el precio de su alquiler si elige que su servicio tenga lugar entre las 6:00 de la tarde y las 8:00 de la ma\u00f1ana.<\/p>\n<p><strong>Limpieza final<\/strong><\/p>\n<p>Limpiaremos el veh\u00edculo por usted antes de su viaje. Cuando devuelva su veh\u00edculo de alquiler a una estaci\u00f3n de alquiler de Touring Cars, deber\u00e1 asegurarse de que se ha retirado toda la basura del veh\u00edculo, y que el dep\u00f3sito del retrete se ha vaciado as\u00ed como el tanque de aguas residuales. Nos complace ayudarle con estas tareas por un accesible suplemento. Disfrute de su viaje y d\u00e9jenos las tareas de limpieza y de carga y descarga b\u00e1sicas a nosotros.<\/p>\n<p><strong>Cargo de limpieza especial mascotas<\/strong><\/p>\n<p>Le damos la bienvenida a los miembros peludos de la familia a nuestros veh\u00edculos de alquiler. Para garantizar que todos los clientes puedan disfrutar de un veh\u00edculo impecable y libre de alergias, toda autocaravana de alquiler que transporte miembros peludos de la familia ser\u00e1 sometida a una limpieza completa y a un tratamiento con ozono despu\u00e9s del alquiler. Este servicio tiene un peque\u00f1o precio extra que var\u00eda seg\u00fan el pa\u00eds. Si viaja con una mascota, seleccione el cargo de limpieza especial mascotas en el motor de reservas.<\/p>\n<p><strong>Traslados<\/strong><\/p>\n<p>Para que su viaje sea lo m\u00e1s c\u00f3modo y sencillo posible, ofrecemos un servicio de traslado gratuito desde y hacia el aeropuerto principal, as\u00ed como determinados hoteles de aeropuerto. Los traslados desde o hacia otros lugares tambi\u00e9n pueden estar disponibles, pero pueden estar sujetos a un coste adicional.<\/p>\n<p>Los traslados que impliquen un coste adicional deben reservarse y pagarse por adelantado, ya que no es posible realizar el pago en el momento del traslado.<\/p>\n        <\/div>\n    <\/div>\n<\/section>\n\n<section class=\"block block-textimage\">\n    <div class=\"container\">\n        <div class=\"content-row image-placement-right\">\n            <div class=\"content-container reveal\">\n                <h3>Art\u00edculos extras opcionales<\/h3><p>Adem\u00e1s de proporcionarle una hermosa autocaravana de alquiler de alta calidad, hemos reunido algunos extras opcionales que puede elegir para hacer que sus vacaciones en autocaravana sean a\u00fan m\u00e1s c\u00f3modas. Desde un set de camping hasta asientos elevadores para ni\u00f1os, elija los que necesite. Si hay algo que no aparece en el listado de reservas, le pedimos que tenga la gentileza de comunicarse con nosotros despu\u00e9s de realizar la reserva y haremos todo lo posible para conseguirlo.<\/p>\n<p>\u00a1Cada estaci\u00f3n de alquiler de Touring Cars cuenta con una amplia variedad de art\u00edculos adicionales in situ para personalizar y maximizar sus vacaciones a un nivel superior! Entre estos art\u00edculos se incluyen bicicletas de monta\u00f1a, equipos de pesca, secadores de pelo, adaptadores 220 V, sets de limpieza extra (aspiradoras manuales), tostadoras, cafeteras y art\u00edculos de camping que son compatibles con cada autocaravana de lujo de Touring Cars.<\/p>\n            <\/div>\n            <div class=\"image-container reveal image-high\">\n                <img decoding=\"async\" src=\"https:\/\/www.touringcars.com\/wp-content\/uploads\/2025\/05\/carado-imagebank-data_VE_Camper-Van_CV602_PI_2025_0058_21-31-41_WEB-574x382.jpg\" srcset=\"https:\/\/www.touringcars.com\/wp-content\/uploads\/2025\/05\/carado-imagebank-data_VE_Camper-Van_CV602_PI_2025_0058_21-31-41_WEB-300x200.jpg 300w, https:\/\/www.touringcars.com\/wp-content\/uploads\/2025\/05\/carado-imagebank-data_VE_Camper-Van_CV602_PI_2025_0058_21-31-41_WEB-1024x681.jpg 1024w, https:\/\/www.touringcars.com\/wp-content\/uploads\/2025\/05\/carado-imagebank-data_VE_Camper-Van_CV602_PI_2025_0058_21-31-41_WEB-768x511.jpg 768w, https:\/\/www.touringcars.com\/wp-content\/uploads\/2025\/05\/carado-imagebank-data_VE_Camper-Van_CV602_PI_2025_0058_21-31-41_WEB-1536x1022.jpg 1536w, https:\/\/www.touringcars.com\/wp-content\/uploads\/2025\/05\/carado-imagebank-data_VE_Camper-Van_CV602_PI_2025_0058_21-31-41_WEB-2048x1362.jpg 2048w, https:\/\/www.touringcars.com\/wp-content\/uploads\/2025\/05\/carado-imagebank-data_VE_Camper-Van_CV602_PI_2025_0058_21-31-41_WEB-1920x1277.jpg 1920w, https:\/\/www.touringcars.com\/wp-content\/uploads\/2025\/05\/carado-imagebank-data_VE_Camper-Van_CV602_PI_2025_0058_21-31-41_WEB-891x593.jpg 891w, https:\/\/www.touringcars.com\/wp-content\/uploads\/2025\/05\/carado-imagebank-data_VE_Camper-Van_CV602_PI_2025_0058_21-31-41_WEB-714x475.jpg 714w, https:\/\/www.touringcars.com\/wp-content\/uploads\/2025\/05\/carado-imagebank-data_VE_Camper-Van_CV602_PI_2025_0058_21-31-41_WEB-574x382.jpg 574w, https:\/\/www.touringcars.com\/wp-content\/uploads\/2025\/05\/carado-imagebank-data_VE_Camper-Van_CV602_PI_2025_0058_21-31-41_WEB-367x245.jpg 367w\" alt=\"_carado-imagebank-data_VE_Camper-Van_CV602_PI_2025_0058_21-31-41_WEB\" width=\"2560\" height=\"1703\">            <\/div>\n        <\/div>\n    <\/div>\n<\/section>\n\n<section class=\"block block-textimage\" id=\"insurance\">\n    <div class=\"container\">\n        <div class=\"content-row image-placement-left\">\n            <div class=\"content-container reveal\">\n                <h3>Motorhome insurance<\/h3><p>La cobertura del seguro se divide en dos partes diferentes:<\/p>\n<ul>\n<li>seguro obligatorio<\/li>\n<li>seguro de colisi\u00f3n<\/li>\n<\/ul>\n<p>El seguro obligatorio cubre todos los da\u00f1os o accidentes a terceros causados por el conductor. El seguro de colisi\u00f3n cubre los da\u00f1os al veh\u00edculo de alquiler causados por un accidente, incendio o robo. El seguro de colisi\u00f3n no cubre los da\u00f1os interiores que no hayan sido causados por un accidente de tr\u00e1fico.<\/p>\n<p><em><strong>NOTA:<\/strong>\u00a0El seguro no es v\u00e1lido si el veh\u00edculo se utiliza bajo los efectos del alcohol o de drogas ilegales, o si se causa un da\u00f1o debido a un comportamiento imprudente.<\/em><\/p>\n            <\/div>\n            <div class=\"image-container reveal image-high\">\n                <img decoding=\"async\" src=\"https:\/\/www.touringcars.com\/wp-content\/uploads\/2025\/02\/carado-imagebank-data_VE_Semi-Integrated_T459_PI_2024_0123_21-31-41_WEB-574x323.jpg\" srcset=\"https:\/\/www.touringcars.com\/wp-content\/uploads\/2025\/02\/carado-imagebank-data_VE_Semi-Integrated_T459_PI_2024_0123_21-31-41_WEB-300x169.jpg 300w, https:\/\/www.touringcars.com\/wp-content\/uploads\/2025\/02\/carado-imagebank-data_VE_Semi-Integrated_T459_PI_2024_0123_21-31-41_WEB-1024x576.jpg 1024w, https:\/\/www.touringcars.com\/wp-content\/uploads\/2025\/02\/carado-imagebank-data_VE_Semi-Integrated_T459_PI_2024_0123_21-31-41_WEB-768x432.jpg 768w, https:\/\/www.touringcars.com\/wp-content\/uploads\/2025\/02\/carado-imagebank-data_VE_Semi-Integrated_T459_PI_2024_0123_21-31-41_WEB-1536x864.jpg 1536w, https:\/\/www.touringcars.com\/wp-content\/uploads\/2025\/02\/carado-imagebank-data_VE_Semi-Integrated_T459_PI_2024_0123_21-31-41_WEB-2048x1153.jpg 2048w, https:\/\/www.touringcars.com\/wp-content\/uploads\/2025\/02\/carado-imagebank-data_VE_Semi-Integrated_T459_PI_2024_0123_21-31-41_WEB-1920x1081.jpg 1920w, https:\/\/www.touringcars.com\/wp-content\/uploads\/2025\/02\/carado-imagebank-data_VE_Semi-Integrated_T459_PI_2024_0123_21-31-41_WEB-1054x593.jpg 1054w, https:\/\/www.touringcars.com\/wp-content\/uploads\/2025\/02\/carado-imagebank-data_VE_Semi-Integrated_T459_PI_2024_0123_21-31-41_WEB-714x402.jpg 714w, https:\/\/www.touringcars.com\/wp-content\/uploads\/2025\/02\/carado-imagebank-data_VE_Semi-Integrated_T459_PI_2024_0123_21-31-41_WEB-574x323.jpg 574w, https:\/\/www.touringcars.com\/wp-content\/uploads\/2025\/02\/carado-imagebank-data_VE_Semi-Integrated_T459_PI_2024_0123_21-31-41_WEB-846x476.jpg 846w\" alt=\"_carado-imagebank-data_VE_Semi-Integrated_T459_PI_2024_0123_21-31-41_WEB\" width=\"2560\" height=\"1441\">            <\/div>\n        <\/div>\n    <\/div>\n<\/section>\n\n<section class=\"block block-textimage\">\n    <div class=\"container\">\n        <div class=\"content-row image-placement-right\">\n            <div class=\"content-container reveal\">\n                <h3>Seguro de colisi\u00f3n para autocaravanas<\/h3><p>Todos los alquileres de Touring Cars incluyen seguro de colisi\u00f3n con nivel de franquicia TC Basic*. En caso de accidente causado al veh\u00edculo de alquiler, deber\u00e1 pagar como m\u00e1ximo la franquicia por da\u00f1o, por accidente, por objeto perdido o por sanci\u00f3n punitiva. El seguro de colisi\u00f3n cubre la parte de la p\u00e9rdida monetaria que exceda el valor de la franquicia por da\u00f1o.<\/p>\n<p><em><strong>*El nivel de la franquicia TC Basic es:<\/strong><\/em><\/p>\n<ul>\n<li><em>1.500 GBP para la estaci\u00f3n de alquiler de Chester (Reino Unido)<\/em><\/li>\n<li><em>2.800 EUR para las oficinas de alquiler de Helsinki y Rovaniemi (Finlandia), Keflavik (Islandia) y Tallin (Estonia)<\/em><\/li>\n<li><em>28.000 SEK para la oficina de alquiler de Estocolmo (Suecia)<\/em><\/li>\n<li><em>30.000 NOK para las oficinas de alquiler de Oslo y Tromso (Noruega)<\/em><\/li>\n<\/ul>\n            <\/div>\n            <div class=\"image-container reveal image-high\">\n                <img decoding=\"async\" src=\"https:\/\/www.touringcars.com\/wp-content\/uploads\/2025\/05\/carado-imagebank-data_VE_Semi-Integrated_T447_PI_2024_0115_21-31-41_WEB-scaled.jpg\" srcset=\"https:\/\/www.touringcars.com\/wp-content\/uploads\/2025\/05\/carado-imagebank-data_VE_Semi-Integrated_T447_PI_2024_0115_21-31-41_WEB-300x200.jpg 300w, https:\/\/www.touringcars.com\/wp-content\/uploads\/2025\/05\/carado-imagebank-data_VE_Semi-Integrated_T447_PI_2024_0115_21-31-41_WEB-1024x683.jpg 1024w, https:\/\/www.touringcars.com\/wp-content\/uploads\/2025\/05\/carado-imagebank-data_VE_Semi-Integrated_T447_PI_2024_0115_21-31-41_WEB-768x512.jpg 768w, https:\/\/www.touringcars.com\/wp-content\/uploads\/2025\/05\/carado-imagebank-data_VE_Semi-Integrated_T447_PI_2024_0115_21-31-41_WEB-1536x1024.jpg 1536w, https:\/\/www.touringcars.com\/wp-content\/uploads\/2025\/05\/carado-imagebank-data_VE_Semi-Integrated_T447_PI_2024_0115_21-31-41_WEB-2048x1365.jpg 2048w\" alt=\"_carado-imagebank-data_VE_Semi-Integrated_T447_PI_2024_0115_21-31-41_WEB\" width=\"2560\" height=\"1707\">            <\/div>\n        <\/div>\n    <\/div>\n<\/section>\n\n<section class=\"block block-textimage\">\n    <div class=\"container\">\n        <div class=\"content-row image-placement-left\">\n            <div class=\"content-container reveal\">\n                <h3>Reducci\u00f3n del nivel de la franquicia<\/h3><p>Puede reducir la franquicia pasando de TC Basic a TC Plus* o TC Premium**.<\/p>\n<p><em><strong>*El nivel de franquicia TC Plus es:<\/strong><\/em><\/p>\n<ul>\n<li><em>1.000 GBP para la oficina de alquiler de Chester (Reino Unido)<\/em><\/li>\n<li><em>1.200 EUR para las oficinas de alquiler de Helsinki y Rovaniemi (Finlandia), Keflavik (Islandia) y Tallin (Estonia)<\/em><\/li>\n<li><em>12.000 SEK para la oficina de alquiler de Estocolmo (Suecia)<\/em><\/li>\n<li><em>15.000 NOK en las oficinas de alquiler de Oslo y Tromso (Noruega)<\/em><\/li>\n<\/ul>\n<p><em><strong>**El nivel de franquicia TC Premium es:<\/strong><\/em><\/p>\n<ul>\n<li><em>500 GBP para la oficina de alquiler de Chester (Reino Unido)<\/em><\/li>\n<li><em>600 EUR para las oficinas de alquiler de Helsinki y Rovaniemi (Finlandia), Keflavik (Islandia) y Tallin (Estonia)<\/em><\/li>\n<li><em>6.000 SEK para la oficina de alquiler de Estocolmo (Suecia)<\/em><\/li>\n<li><em>8.000 NOK para las oficinas de alquiler de Oslo y Tromso (Noruega)<\/em><\/li>\n<\/ul>\n            <\/div>\n            <div class=\"image-container reveal image-high\">\n                <img decoding=\"async\" src=\"https:\/\/www.touringcars.com\/wp-content\/uploads\/2025\/02\/carado-imagebank-data_VE_Camper-Van_CV640_PI_2024_0121_21-31-41_HR-450x300.jpg\" srcset=\"https:\/\/www.touringcars.com\/wp-content\/uploads\/2025\/02\/carado-imagebank-data_VE_Camper-Van_CV640_PI_2024_0121_21-31-41_HR-300x200.jpg 300w, https:\/\/www.touringcars.com\/wp-content\/uploads\/2025\/02\/carado-imagebank-data_VE_Camper-Van_CV640_PI_2024_0121_21-31-41_HR-1024x682.jpg 1024w, https:\/\/www.touringcars.com\/wp-content\/uploads\/2025\/02\/carado-imagebank-data_VE_Camper-Van_CV640_PI_2024_0121_21-31-41_HR-768x512.jpg 768w, https:\/\/www.touringcars.com\/wp-content\/uploads\/2025\/02\/carado-imagebank-data_VE_Camper-Van_CV640_PI_2024_0121_21-31-41_HR-1536x1023.jpg 1536w, https:\/\/www.touringcars.com\/wp-content\/uploads\/2025\/02\/carado-imagebank-data_VE_Camper-Van_CV640_PI_2024_0121_21-31-41_HR-890x593.jpg 890w, https:\/\/www.touringcars.com\/wp-content\/uploads\/2025\/02\/carado-imagebank-data_VE_Camper-Van_CV640_PI_2024_0121_21-31-41_HR-714x476.jpg 714w, https:\/\/www.touringcars.com\/wp-content\/uploads\/2025\/02\/carado-imagebank-data_VE_Camper-Van_CV640_PI_2024_0121_21-31-41_HR-450x300.jpg 450w, https:\/\/www.touringcars.com\/wp-content\/uploads\/2025\/02\/carado-imagebank-data_VE_Camper-Van_CV640_PI_2024_0121_21-31-41_HR-367x245.jpg 367w, https:\/\/www.touringcars.com\/wp-content\/uploads\/2025\/02\/carado-imagebank-data_VE_Camper-Van_CV640_PI_2024_0121_21-31-41_HR.jpg 1600w\" alt=\"_carado-imagebank-data_VE_Camper-Van_CV640_PI_2024_0121_21-31-41_HR\" width=\"1600\" height=\"1066\">            <\/div>\n        <\/div>\n    <\/div>\n<\/section>\n\n<section style=\"background-image: url(https:\/\/www.touringcars.com\/wp-content\/uploads\/2025\/02\/4-Unser-OOE-fuegt-sich-perfekt-in-die-Landschaft-Nordnorwegens-ein-PRESSE-scaled.jpeg)\" class=\"block block-centertext bg-image\">\n    <div class=\"container\">\n        <div class=\"content-container reveal\">\n            <h2>Protecci\u00f3n opcional de parabrisas y neum\u00e1ticos<\/h2><p class=\"text-align-center\">En los pa\u00edses n\u00f3rdicos, las carreteras de grava siguen siendo habituales en el campo. Las piedrecitas pueden rebotar del veh\u00edculo delante de tu parabrisas y dejar una cicatriz o incluso romperlo. En ese desafortunado caso, tendr\u00e1s que sustituir el neum\u00e1tico o el parabrisas, a menos que est\u00e9s cubierto por nuestro paquete \u00abProtecci\u00f3n de parabrisas y neum\u00e1ticos\u00bb.<\/p>\n<p class=\"text-align-center\">Este paquete cubre un da\u00f1o en el parabrisas o en uno de los neum\u00e1ticos. Para el segundo o m\u00e1s da\u00f1os, los costes de reparaci\u00f3n se ajustan a los precios normales. Se trata de un paquete de protecci\u00f3n adicional<\/p>\n        <\/div>\n    <\/div>\n<\/section>\n\n<section class=\"block block-textimage\">\n    <div class=\"container\">\n        <div class=\"content-row image-placement-right\">\n            <div class=\"content-container reveal\">\n                <h3>Limitaci\u00f3n de la franquicia<\/h3><p>El periodo m\u00ednimo de reducci\u00f3n de la franquicia o del paquete \u00abProtecci\u00f3n de parabrisas y neum\u00e1ticos\u00bb es de 7 d\u00edas de alquiler o pago monetario equivalente. Todos los conductores adicionales deben ser nombrados para que el seguro sea v\u00e1lido.<\/p>\n<p>El pago m\u00e1ximo para la reducci\u00f3n de la franquicia es de 30 d\u00edas. El nivel de franquicia seleccionado es v\u00e1lido para todo el periodo de alquiler, independientemente de la duraci\u00f3n del mismo.<\/p>\n<p>Los seguros de los veh\u00edculos son v\u00e1lidos s\u00f3lo en los pa\u00edses de la estaci\u00f3n de alquiler de Touring Cars, los veh\u00edculos no pueden ser llevados al extranjero sin un acuerdo especial con Touring Cars. Si tiene previsto viajar al extranjero con un veh\u00edculo alquilado, por favor, informe a nuestra Oficina Internacional de Ventas.<\/p>\n            <\/div>\n            <div class=\"image-container reveal image-high\">\n                <img decoding=\"async\" src=\"https:\/\/www.touringcars.com\/wp-content\/uploads\/2025\/02\/2023_kw_vantana_deluxe_k65et_innen_ausblick_Anzeige_tag_Katalog_BEAR_PRESSE-200x300.jpeg\" srcset=\"https:\/\/www.touringcars.com\/wp-content\/uploads\/2025\/02\/2023_kw_vantana_deluxe_k65et_innen_ausblick_Anzeige_tag_Katalog_BEAR_PRESSE-200x300.jpeg 200w, https:\/\/www.touringcars.com\/wp-content\/uploads\/2025\/02\/2023_kw_vantana_deluxe_k65et_innen_ausblick_Anzeige_tag_Katalog_BEAR_PRESSE-683x1024.jpeg 683w, https:\/\/www.touringcars.com\/wp-content\/uploads\/2025\/02\/2023_kw_vantana_deluxe_k65et_innen_ausblick_Anzeige_tag_Katalog_BEAR_PRESSE-768x1151.jpeg 768w, https:\/\/www.touringcars.com\/wp-content\/uploads\/2025\/02\/2023_kw_vantana_deluxe_k65et_innen_ausblick_Anzeige_tag_Katalog_BEAR_PRESSE-1025x1536.jpeg 1025w, https:\/\/www.touringcars.com\/wp-content\/uploads\/2025\/02\/2023_kw_vantana_deluxe_k65et_innen_ausblick_Anzeige_tag_Katalog_BEAR_PRESSE-1366x2048.jpeg 1366w, https:\/\/www.touringcars.com\/wp-content\/uploads\/2025\/02\/2023_kw_vantana_deluxe_k65et_innen_ausblick_Anzeige_tag_Katalog_BEAR_PRESSE-396x593.jpeg 396w, https:\/\/www.touringcars.com\/wp-content\/uploads\/2025\/02\/2023_kw_vantana_deluxe_k65et_innen_ausblick_Anzeige_tag_Katalog_BEAR_PRESSE-354x531.jpeg 354w, https:\/\/www.touringcars.com\/wp-content\/uploads\/2025\/02\/2023_kw_vantana_deluxe_k65et_innen_ausblick_Anzeige_tag_Katalog_BEAR_PRESSE-scaled.jpeg 1708w\" alt=\"2023_kw_vantana_deluxe_k65et_innen_ausblick_Anzeige_tag_Katalog_BEAR_PRESSE\" width=\"1708\" height=\"2560\">            <\/div>\n        <\/div>\n    <\/div>\n<\/section>\n\n<section class=\"block block-textimage\">\n    <div class=\"container\">\n        <div class=\"content-row image-placement-left\">\n            <div class=\"content-container reveal\">\n                <h3>Dep\u00f3sito<\/h3><p>Tenga en cuenta que al llegar a la oficina de alquiler, deber\u00e1 presentar una tarjeta de cr\u00e9dito v\u00e1lida con el importe correspondiente al nivel de franquicia seleccionado de TC Basic, TC Plus o TC Premium. El importe se preautorizar\u00e1 en su tarjeta de cr\u00e9dito durante el servicio de recogida para garantizar las multas de tr\u00e1fico, la falta de servicio de repostaje de combustible, la prolongaci\u00f3n del alquiler y los posibles da\u00f1os.<\/p>\n<p>Cuando devuelve un veh\u00edculo, la autorizaci\u00f3n de fondos de su tarjeta de cr\u00e9dito se libera si no se descubren da\u00f1os interiores y exteriores durante el servicio de entrega. El importe preautorizado estar\u00e1 disponible en su cuenta en unos d\u00edas.<\/p>\n            <\/div>\n            <div class=\"image-container reveal image-high\">\n                <img decoding=\"async\" src=\"https:\/\/www.touringcars.com\/wp-content\/uploads\/2025\/02\/carado-imagebank-data_VE_Camper-Van_CV640_PI_2024_0085_21-31-41_HR-188x300.jpg\" srcset=\"https:\/\/www.touringcars.com\/wp-content\/uploads\/2025\/02\/carado-imagebank-data_VE_Camper-Van_CV640_PI_2024_0085_21-31-41_HR-188x300.jpg 188w, https:\/\/www.touringcars.com\/wp-content\/uploads\/2025\/02\/carado-imagebank-data_VE_Camper-Van_CV640_PI_2024_0085_21-31-41_HR-640x1024.jpg 640w, https:\/\/www.touringcars.com\/wp-content\/uploads\/2025\/02\/carado-imagebank-data_VE_Camper-Van_CV640_PI_2024_0085_21-31-41_HR-768x1229.jpg 768w, https:\/\/www.touringcars.com\/wp-content\/uploads\/2025\/02\/carado-imagebank-data_VE_Camper-Van_CV640_PI_2024_0085_21-31-41_HR-960x1536.jpg 960w, https:\/\/www.touringcars.com\/wp-content\/uploads\/2025\/02\/carado-imagebank-data_VE_Camper-Van_CV640_PI_2024_0085_21-31-41_HR-371x593.jpg 371w, https:\/\/www.touringcars.com\/wp-content\/uploads\/2025\/02\/carado-imagebank-data_VE_Camper-Van_CV640_PI_2024_0085_21-31-41_HR-332x531.jpg 332w, https:\/\/www.touringcars.com\/wp-content\/uploads\/2025\/02\/carado-imagebank-data_VE_Camper-Van_CV640_PI_2024_0085_21-31-41_HR.jpg 1000w\" alt=\"_carado-imagebank-data_VE_Camper-Van_CV640_PI_2024_0085_21-31-41_HR\" width=\"1000\" height=\"1600\">            <\/div>\n        <\/div>\n    <\/div>\n<\/section>\n\n<section class=\"block block-textimage\">\n    <div class=\"container\">\n        <div class=\"content-row image-placement-right\">\n            <div class=\"content-container reveal\">\n                <h3>Exclusiones de la cobertura del seguro en Islandia<\/h3><p>No son objeto de p\u00f3liza de seguro los da\u00f1os al chasis, da\u00f1os por agua, da\u00f1os causados por r\u00e1fagas de viento, da\u00f1os causados por animales, o cualquier otro da\u00f1o derivado de la circulaci\u00f3n por carreteras\/superficies en condiciones inadecuadas.<\/p>\n<p>El arrendatario ser\u00e1 responsable de cualquier gasto derivado de la p\u00e9rdida de las llaves del veh\u00edculo o de la recuperaci\u00f3n del mismo en caso de quedarse atascado, sumergido o abandonado, salvo que sean originados por un fallo t\u00e9cnico del veh\u00edculo. El seguro no cubre los da\u00f1os causados por un uso inadecuado de la autocaravana.<\/p>\n            <\/div>\n            <div class=\"image-container reveal image-high\">\n                <img decoding=\"async\" src=\"https:\/\/www.touringcars.com\/wp-content\/uploads\/2025\/02\/Islantimainos4-450x300.jpg\" srcset=\"https:\/\/www.touringcars.com\/wp-content\/uploads\/2025\/02\/Islantimainos4-300x200.jpg 300w, https:\/\/www.touringcars.com\/wp-content\/uploads\/2025\/02\/Islantimainos4-1024x683.jpg 1024w, https:\/\/www.touringcars.com\/wp-content\/uploads\/2025\/02\/Islantimainos4-768x512.jpg 768w, https:\/\/www.touringcars.com\/wp-content\/uploads\/2025\/02\/Islantimainos4-1536x1024.jpg 1536w, https:\/\/www.touringcars.com\/wp-content\/uploads\/2025\/02\/Islantimainos4-2048x1365.jpg 2048w, https:\/\/www.touringcars.com\/wp-content\/uploads\/2025\/02\/Islantimainos4-890x593.jpg 890w, https:\/\/www.touringcars.com\/wp-content\/uploads\/2025\/02\/Islantimainos4-714x476.jpg 714w, https:\/\/www.touringcars.com\/wp-content\/uploads\/2025\/02\/Islantimainos4-450x300.jpg 450w, https:\/\/www.touringcars.com\/wp-content\/uploads\/2025\/02\/Islantimainos4-367x245.jpg 367w\" alt=\"Islantimainos4\" width=\"2560\" height=\"1707\">            <\/div>\n        <\/div>\n    <\/div>\n<\/section>\n\n<section class=\"block block-availabilitysearch\">\n    <div class=\"container\"><form class=\"availability-search\"><div class=\"form-row\"><div class=\"form-col form-col-clearable input-icon input-icon-map\" data-target=\"where\"><label for=\"where\">\u00bfD\u00f3nde desea viajar?<\/label><input type=\"text\" class=\"form-control\" id=\"where\" name=\"where\" placeholder=\"\u00bfD\u00f3nde desea viajar?\"><\/div><div class=\"form-col form-col-clearable input-icon input-icon-calendar\" data-target=\"when\"><label for=\"when\">Fechas de reserva<\/label><input type=\"text\" class=\"form-control\" id=\"when\" name=\"when\" placeholder=\"Fechas de reserva\" disabled><\/div><div class=\"form-col\"><button type=\"submit\" class=\"btn\">Ver precios y disponibilidad<\/button><\/div><\/div><a href=\"https:\/\/www.touringcars.com\/es\/user\/login\/\">\u00bfYa ha reservado? Gestionar reserva<\/a><\/form><\/div><\/section>\n\n<section class=\"block block-postsslider style-small\">\n    <div class=\"container reveal\">\n        <div class=\"glide articles-slider\" data-uid=\"6a991a5c32fbe\"><div class=\"glide__track\" data-glide-el=\"track\"><ul class=\"glide__slides\"><li class=\"glide__slide\"><article class=\"article reveal\"><div class=\"image-container\"><a href=\"https:\/\/www.touringcars.com\/es\/alquiler-autocaravanas\/faq\/\"><img decoding=\"async\" src=\"https:\/\/www.touringcars.com\/wp-content\/uploads\/2025\/02\/carado-imagebank-data_VE_Camper-Van_CV640_PI_2024_0140_21-31-41_web-574x382.jpg\" srcset=\"https:\/\/www.touringcars.com\/wp-content\/uploads\/2025\/02\/carado-imagebank-data_VE_Camper-Van_CV640_PI_2024_0140_21-31-41_web-300x200.jpg 300w, https:\/\/www.touringcars.com\/wp-content\/uploads\/2025\/02\/carado-imagebank-data_VE_Camper-Van_CV640_PI_2024_0140_21-31-41_web-180x120.jpg 180w, https:\/\/www.touringcars.com\/wp-content\/uploads\/2025\/02\/carado-imagebank-data_VE_Camper-Van_CV640_PI_2024_0140_21-31-41_web-768x512.jpg 768w, https:\/\/www.touringcars.com\/wp-content\/uploads\/2025\/02\/carado-imagebank-data_VE_Camper-Van_CV640_PI_2024_0140_21-31-41_web-1024x682.jpg 1024w, https:\/\/www.touringcars.com\/wp-content\/uploads\/2025\/02\/carado-imagebank-data_VE_Camper-Van_CV640_PI_2024_0140_21-31-41_web-1536x1024.jpg 1536w, https:\/\/www.touringcars.com\/wp-content\/uploads\/2025\/02\/carado-imagebank-data_VE_Camper-Van_CV640_PI_2024_0140_21-31-41_web-2048x1365.jpg 2048w, https:\/\/www.touringcars.com\/wp-content\/uploads\/2025\/02\/carado-imagebank-data_VE_Camper-Van_CV640_PI_2024_0140_21-31-41_web-1920x1279.jpg 1920w, https:\/\/www.touringcars.com\/wp-content\/uploads\/2025\/02\/carado-imagebank-data_VE_Camper-Van_CV640_PI_2024_0140_21-31-41_web-890x593.jpg 890w, https:\/\/www.touringcars.com\/wp-content\/uploads\/2025\/02\/carado-imagebank-data_VE_Camper-Van_CV640_PI_2024_0140_21-31-41_web-714x476.jpg 714w, https:\/\/www.touringcars.com\/wp-content\/uploads\/2025\/02\/carado-imagebank-data_VE_Camper-Van_CV640_PI_2024_0140_21-31-41_web-412x275.jpg 412w, https:\/\/www.touringcars.com\/wp-content\/uploads\/2025\/02\/carado-imagebank-data_VE_Camper-Van_CV640_PI_2024_0140_21-31-41_web-574x382.jpg 574w, https:\/\/www.touringcars.com\/wp-content\/uploads\/2025\/02\/carado-imagebank-data_VE_Camper-Van_CV640_PI_2024_0140_21-31-41_web-367x245.jpg 367w\" alt=\"FAQ\"><\/a><\/div><div class=\"content-container\"><h3><a href=\"https:\/\/www.touringcars.com\/es\/alquiler-autocaravanas\/faq\/\">FAQ<\/a><\/h3><\/div><\/article><\/li><li class=\"glide__slide\"><article class=\"article reveal\"><div class=\"image-container\"><a href=\"https:\/\/www.touringcars.com\/es\/alquiler-autocaravanas\/reservas\/\"><img decoding=\"async\" src=\"https:\/\/www.touringcars.com\/wp-content\/uploads\/2023\/01\/family-pexels-forest-outdoors-1-558x293.jpg\" srcset=\"https:\/\/www.touringcars.com\/wp-content\/uploads\/2023\/01\/family-pexels-forest-outdoors-1-300x158.jpg 300w, https:\/\/www.touringcars.com\/wp-content\/uploads\/2023\/01\/family-pexels-forest-outdoors-1-1024x538.jpg 1024w, https:\/\/www.touringcars.com\/wp-content\/uploads\/2023\/01\/family-pexels-forest-outdoors-1-768x403.jpg 768w, https:\/\/www.touringcars.com\/wp-content\/uploads\/2023\/01\/family-pexels-forest-outdoors-1-1130x593.jpg 1130w, https:\/\/www.touringcars.com\/wp-content\/uploads\/2023\/01\/family-pexels-forest-outdoors-1-714x375.jpg 714w, https:\/\/www.touringcars.com\/wp-content\/uploads\/2023\/01\/family-pexels-forest-outdoors-1-558x293.jpg 558w, https:\/\/www.touringcars.com\/wp-content\/uploads\/2023\/01\/family-pexels-forest-outdoors-1.jpg 1200w\" alt=\"Reservas\"><\/a><\/div><div class=\"content-container\"><h3><a href=\"https:\/\/www.touringcars.com\/es\/alquiler-autocaravanas\/reservas\/\">Reservas<\/a><\/h3><\/div><\/article><\/li><li class=\"glide__slide\"><article class=\"article reveal\"><div class=\"image-container\"><a href=\"https:\/\/www.touringcars.com\/es\/alquiler-autocaravanas\/antes-de-la-llegada\/\"><img decoding=\"async\" src=\"https:\/\/www.touringcars.com\/wp-content\/uploads\/2023\/10\/pnw-production-pexels-motorhome-dog-pet-450x300.jpg\" srcset=\"https:\/\/www.touringcars.com\/wp-content\/uploads\/2023\/10\/pnw-production-pexels-motorhome-dog-pet-300x200.jpg 300w, https:\/\/www.touringcars.com\/wp-content\/uploads\/2023\/10\/pnw-production-pexels-motorhome-dog-pet-1024x683.jpg 1024w, https:\/\/www.touringcars.com\/wp-content\/uploads\/2023\/10\/pnw-production-pexels-motorhome-dog-pet-768x512.jpg 768w, https:\/\/www.touringcars.com\/wp-content\/uploads\/2023\/10\/pnw-production-pexels-motorhome-dog-pet-889x593.jpg 889w, https:\/\/www.touringcars.com\/wp-content\/uploads\/2023\/10\/pnw-production-pexels-motorhome-dog-pet-714x476.jpg 714w, https:\/\/www.touringcars.com\/wp-content\/uploads\/2023\/10\/pnw-production-pexels-motorhome-dog-pet-450x300.jpg 450w, https:\/\/www.touringcars.com\/wp-content\/uploads\/2023\/10\/pnw-production-pexels-motorhome-dog-pet-367x245.jpg 367w, https:\/\/www.touringcars.com\/wp-content\/uploads\/2023\/10\/pnw-production-pexels-motorhome-dog-pet.jpg 1090w\" alt=\"Antes de la llegada\"><\/a><\/div><div class=\"content-container\"><h3><a href=\"https:\/\/www.touringcars.com\/es\/alquiler-autocaravanas\/antes-de-la-llegada\/\">Antes de la llegada<\/a><\/h3><\/div><\/article><\/li><li class=\"glide__slide\"><article class=\"article reveal\"><div class=\"image-container\"><a href=\"https:\/\/www.touringcars.com\/es\/alquiler-autocaravanas\/en-la-carretera\/\"><img decoding=\"async\" src=\"https:\/\/www.touringcars.com\/wp-content\/uploads\/2025\/01\/carado-imagebank-data_VE_Semi-Integrated_T338_PI_2024_0038_21-31-41_WEB-574x383.jpg\" srcset=\"https:\/\/www.touringcars.com\/wp-content\/uploads\/2025\/01\/carado-imagebank-data_VE_Semi-Integrated_T338_PI_2024_0038_21-31-41_WEB-300x200.jpg 300w, https:\/\/www.touringcars.com\/wp-content\/uploads\/2025\/01\/carado-imagebank-data_VE_Semi-Integrated_T338_PI_2024_0038_21-31-41_WEB-1024x683.jpg 1024w, https:\/\/www.touringcars.com\/wp-content\/uploads\/2025\/01\/carado-imagebank-data_VE_Semi-Integrated_T338_PI_2024_0038_21-31-41_WEB-768x512.jpg 768w, https:\/\/www.touringcars.com\/wp-content\/uploads\/2025\/01\/carado-imagebank-data_VE_Semi-Integrated_T338_PI_2024_0038_21-31-41_WEB-1536x1024.jpg 1536w, https:\/\/www.touringcars.com\/wp-content\/uploads\/2025\/01\/carado-imagebank-data_VE_Semi-Integrated_T338_PI_2024_0038_21-31-41_WEB-2048x1366.jpg 2048w, https:\/\/www.touringcars.com\/wp-content\/uploads\/2025\/01\/carado-imagebank-data_VE_Semi-Integrated_T338_PI_2024_0038_21-31-41_WEB-1920x1281.jpg 1920w, https:\/\/www.touringcars.com\/wp-content\/uploads\/2025\/01\/carado-imagebank-data_VE_Semi-Integrated_T338_PI_2024_0038_21-31-41_WEB-889x593.jpg 889w, https:\/\/www.touringcars.com\/wp-content\/uploads\/2025\/01\/carado-imagebank-data_VE_Semi-Integrated_T338_PI_2024_0038_21-31-41_WEB-714x476.jpg 714w, https:\/\/www.touringcars.com\/wp-content\/uploads\/2025\/01\/carado-imagebank-data_VE_Semi-Integrated_T338_PI_2024_0038_21-31-41_WEB-574x383.jpg 574w, https:\/\/www.touringcars.com\/wp-content\/uploads\/2025\/01\/carado-imagebank-data_VE_Semi-Integrated_T338_PI_2024_0038_21-31-41_WEB-367x245.jpg 367w\" alt=\"En la carretera\"><\/a><\/div><div class=\"content-container\"><h3><a href=\"https:\/\/www.touringcars.com\/es\/alquiler-autocaravanas\/en-la-carretera\/\">En la carretera<\/a><\/h3><\/div><\/article><\/li><li class=\"glide__slide\"><article class=\"article reveal\"><div class=\"image-container\"><a href=\"https:\/\/www.touringcars.com\/es\/alquiler-autocaravanas\/devolucion\/\"><img decoding=\"async\" src=\"https:\/\/www.touringcars.com\/wp-content\/uploads\/2022\/08\/good-feelings-herbapatistyle-450x300.jpg\" srcset=\"https:\/\/www.touringcars.com\/wp-content\/uploads\/2022\/08\/good-feelings-herbapatistyle-300x200.jpg 300w, https:\/\/www.touringcars.com\/wp-content\/uploads\/2022\/08\/good-feelings-herbapatistyle-1024x682.jpg 1024w, https:\/\/www.touringcars.com\/wp-content\/uploads\/2022\/08\/good-feelings-herbapatistyle-768x512.jpg 768w, https:\/\/www.touringcars.com\/wp-content\/uploads\/2022\/08\/good-feelings-herbapatistyle-1536x1024.jpg 1536w, https:\/\/www.touringcars.com\/wp-content\/uploads\/2022\/08\/good-feelings-herbapatistyle-890x593.jpg 890w, https:\/\/www.touringcars.com\/wp-content\/uploads\/2022\/08\/good-feelings-herbapatistyle-714x476.jpg 714w, https:\/\/www.touringcars.com\/wp-content\/uploads\/2022\/08\/good-feelings-herbapatistyle-450x300.jpg 450w, https:\/\/www.touringcars.com\/wp-content\/uploads\/2022\/08\/good-feelings-herbapatistyle-367x245.jpg 367w, https:\/\/www.touringcars.com\/wp-content\/uploads\/2022\/08\/good-feelings-herbapatistyle.jpg 2000w\" alt=\"Devoluci\u00f3n\"><\/a><\/div><div class=\"content-container\"><h3><a href=\"https:\/\/www.touringcars.com\/es\/alquiler-autocaravanas\/devolucion\/\">Devoluci\u00f3n<\/a><\/h3><\/div><\/article><\/li><li class=\"glide__slide\"><article class=\"article reveal\"><div class=\"image-container\"><a href=\"https:\/\/www.touringcars.com\/es\/cancelacion\/\"><img decoding=\"async\" src=\"https:\/\/www.touringcars.com\/wp-content\/uploads\/2025\/02\/carado-imagebank-data_VE_Camper-Van_CV600_PI_2024_0257_21-31-41_web-2-200x300.jpg\" srcset=\"https:\/\/www.touringcars.com\/wp-content\/uploads\/2025\/02\/carado-imagebank-data_VE_Camper-Van_CV600_PI_2024_0257_21-31-41_web-2-200x300.jpg 200w, https:\/\/www.touringcars.com\/wp-content\/uploads\/2025\/02\/carado-imagebank-data_VE_Camper-Van_CV600_PI_2024_0257_21-31-41_web-2-682x1024.jpg 682w, https:\/\/www.touringcars.com\/wp-content\/uploads\/2025\/02\/carado-imagebank-data_VE_Camper-Van_CV600_PI_2024_0257_21-31-41_web-2-768x1153.jpg 768w, https:\/\/www.touringcars.com\/wp-content\/uploads\/2025\/02\/carado-imagebank-data_VE_Camper-Van_CV600_PI_2024_0257_21-31-41_web-2-1024x1536.jpg 1024w, https:\/\/www.touringcars.com\/wp-content\/uploads\/2025\/02\/carado-imagebank-data_VE_Camper-Van_CV600_PI_2024_0257_21-31-41_web-2-1365x2048.jpg 1365w, https:\/\/www.touringcars.com\/wp-content\/uploads\/2025\/02\/carado-imagebank-data_VE_Camper-Van_CV600_PI_2024_0257_21-31-41_web-2-395x593.jpg 395w, https:\/\/www.touringcars.com\/wp-content\/uploads\/2025\/02\/carado-imagebank-data_VE_Camper-Van_CV600_PI_2024_0257_21-31-41_web-2-354x531.jpg 354w, https:\/\/www.touringcars.com\/wp-content\/uploads\/2025\/02\/carado-imagebank-data_VE_Camper-Van_CV600_PI_2024_0257_21-31-41_web-2.jpg 1466w\" alt=\"Cancelaci\u00f3n\"><\/a><\/div><div class=\"content-container\"><h3><a href=\"https:\/\/www.touringcars.com\/es\/cancelacion\/\">Cancelaci\u00f3n<\/a><\/h3><\/div><\/article><\/li><li class=\"glide__slide\"><article class=\"article reveal\"><div class=\"image-container\"><a href=\"https:\/\/www.touringcars.com\/es\/alquiler-autocaravanas\/servicios-adicionales\/\"><img decoding=\"async\" src=\"https:\/\/www.touringcars.com\/wp-content\/uploads\/2025\/02\/VantanaHobby_0025_PRESSE-450x300.jpg\" srcset=\"https:\/\/www.touringcars.com\/wp-content\/uploads\/2025\/02\/VantanaHobby_0025_PRESSE-300x200.jpg 300w, https:\/\/www.touringcars.com\/wp-content\/uploads\/2025\/02\/VantanaHobby_0025_PRESSE-1024x683.jpg 1024w, https:\/\/www.touringcars.com\/wp-content\/uploads\/2025\/02\/VantanaHobby_0025_PRESSE-768x512.jpg 768w, https:\/\/www.touringcars.com\/wp-content\/uploads\/2025\/02\/VantanaHobby_0025_PRESSE-1536x1024.jpg 1536w, https:\/\/www.touringcars.com\/wp-content\/uploads\/2025\/02\/VantanaHobby_0025_PRESSE-2048x1366.jpg 2048w, https:\/\/www.touringcars.com\/wp-content\/uploads\/2025\/02\/VantanaHobby_0025_PRESSE-889x593.jpg 889w, https:\/\/www.touringcars.com\/wp-content\/uploads\/2025\/02\/VantanaHobby_0025_PRESSE-714x476.jpg 714w, https:\/\/www.touringcars.com\/wp-content\/uploads\/2025\/02\/VantanaHobby_0025_PRESSE-450x300.jpg 450w, https:\/\/www.touringcars.com\/wp-content\/uploads\/2025\/02\/VantanaHobby_0025_PRESSE-367x245.jpg 367w\" alt=\"Servicios adicionales\"><\/a><\/div><div class=\"content-container\"><h3><a href=\"https:\/\/www.touringcars.com\/es\/alquiler-autocaravanas\/servicios-adicionales\/\">Servicios adicionales<\/a><\/h3><\/div><\/article><\/li><\/ul><\/div><div class=\"glide__controls\"><div class=\"glide__arrows\" data-glide-el=\"controls\"><span class=\"glide__arrow glide__arrow--left\" data-glide-dir=\"<\"><\/span><span class=\"glide__arrow glide__arrow--right\" data-glide-dir=\">\u00ab><\/span><\/div><div class=\"glide__bullets\" data-glide-el=\"controls[nav]\"><span class=\"glide__bullet\" data-glide-dir=\"=0\" data-parent-uid=\"6a991a5c32fbe\"><\/span><span class=\"glide__bullet\" data-glide-dir=\"=1\" data-parent-uid=\"6a991a5c32fbe\"><\/span><span class=\"glide__bullet\" data-glide-dir=\"=2\" data-parent-uid=\"6a991a5c32fbe\"><\/span><span class=\"glide__bullet\" data-glide-dir=\"=3\" data-parent-uid=\"6a991a5c32fbe\"><\/span><span class=\"glide__bullet\" data-glide-dir=\"=4\" data-parent-uid=\"6a991a5c32fbe\"><\/span><span class=\"glide__bullet\" data-glide-dir=\"=5\" data-parent-uid=\"6a991a5c32fbe\"><\/span><span class=\"glide__bullet\" data-glide-dir=\"=6\" data-parent-uid=\"6a991a5c32fbe\"><\/span><\/div><\/div><\/div>    <\/div>\n<\/section>\n\n<section class=\"block block-newsletter\">\n    <div class=\"container\">\n        <div class=\"newsletter-container reveal\">\n            <div class=\"first-step\">\n                <h2>\u00a1\u00danase al C\u00edrculo de Viajes de Touring Cars!<\/h2>                <div class=\"newsletter-content\">\n                    <p style=\"text-align: center\"><span style=\"font-weight: 400\">Suscr\u00edbase a nuestro bolet\u00edn de noticias e insp\u00edrese con consejos de rutas seleccionadas, trucos pr\u00e1cticos de viaje y ofertas exclusivas directamente en su bandeja de entrada. Como agradecimiento, recibir\u00e1 un set de camping gratuito con su pr\u00f3xima reserva. <\/span><\/p>\n                <\/div>\n                \n<div class=\"wpcf7 no-js\" id=\"wpcf7-f12781-o1\" lang=\"es-ES\" dir=\"ltr\" data-wpcf7-id=\"12781\">\n<div class=\"screen-reader-response\"><p role=\"status\" aria-live=\"polite\" aria-atomic=\"true\"><\/p> <ul><\/ul><\/div>\n<form action=\"\/es\/wp-json\/wp\/v2\/pages\/13374#wpcf7-f12781-o1\" method=\"post\" class=\"wpcf7-form init\" aria-label=\"Formulario de contacto\" novalidate=\"novalidate\" data-status=\"init\">\n<fieldset class=\"hidden-fields-container\"><input type=\"hidden\" name=\"_wpcf7\" value=\"12781\" \/><input type=\"hidden\" name=\"_wpcf7_version\" value=\"6.1.7\" \/><input type=\"hidden\" name=\"_wpcf7_locale\" value=\"es_ES\" \/><input type=\"hidden\" name=\"_wpcf7_unit_tag\" value=\"wpcf7-f12781-o1\" \/><input type=\"hidden\" name=\"_wpcf7_container_post\" value=\"0\" \/><input type=\"hidden\" name=\"_wpcf7_posted_data_hash\" value=\"\" \/><input type=\"hidden\" name=\"_wpcf7_recaptcha_response\" value=\"\" \/>\n<\/fieldset>\n<div class=\"form-row\">\n<div class=\"form-col\">\n<label>Type your email&#8230;<\/label>\n<span class=\"wpcf7-form-control-wrap\" data-name=\"email\"><input size=\"40\" maxlength=\"400\" class=\"wpcf7-form-control wpcf7-email wpcf7-validates-as-required wpcf7-text form-control   wpcf7-validates-as-email\" aria-required=\"true\" aria-invalid=\"false\" placeholder=\"Email address\" value=\"\" type=\"email\" name=\"email\" \/><\/span>\n<\/div>\n<div class=\"form-col\">\n<input class=\"wpcf7-form-control wpcf7-submit has-spinner\" type=\"submit\" value=\"Continue\" \/>\n<\/div>\n<\/div>\n<div class=\"form-row form-row-privacy\">\n<div class=\"form-col\">By sending this form you agree with the handling of your data in accordance with our <a href=\"\/en\/privacy-policy-gdpr\/\" target=\"_blank\">privacy policy<\/a>.\n<\/div>\n<\/div>\n<input class=\"wpcf7-form-control wpcf7-hidden\" value=\"1\" type=\"hidden\" name=\"newsletter\" \/>\n<input class=\"wpcf7-form-control wpcf7-hidden\" value=\"Customer\" type=\"hidden\" name=\"contact-type\" \/><div class=\"wpcf7-response-output\" aria-hidden=\"true\"><\/div>\n<\/form>\n<\/div>\n            <\/div>\n            <div class=\"steps-after-form-submission\"><div class=\"step d-none\"><h3>Casi listo&#8230;<\/h3><p>\u00a1Perm\u00edtanos conocerle mejor para que podamos personalizar nuestros mensajes y ofertas para usted!<\/p>\n\n<div class=\"wpcf7 no-js\" id=\"wpcf7-f20529-o2\" lang=\"es-ES\" dir=\"ltr\" data-wpcf7-id=\"20529\">\n<div class=\"screen-reader-response\"><p role=\"status\" aria-live=\"polite\" aria-atomic=\"true\"><\/p> <ul><\/ul><\/div>\n<form action=\"\/es\/wp-json\/wp\/v2\/pages\/13374#wpcf7-f20529-o2\" method=\"post\" class=\"wpcf7-form init\" aria-label=\"Formulario de contacto\" novalidate=\"novalidate\" data-status=\"init\">\n<fieldset class=\"hidden-fields-container\"><input type=\"hidden\" name=\"_wpcf7\" value=\"20529\" \/><input type=\"hidden\" name=\"_wpcf7_version\" value=\"6.1.7\" \/><input type=\"hidden\" name=\"_wpcf7_locale\" value=\"es_ES\" \/><input type=\"hidden\" name=\"_wpcf7_unit_tag\" value=\"wpcf7-f20529-o2\" \/><input type=\"hidden\" name=\"_wpcf7_container_post\" value=\"0\" \/><input type=\"hidden\" name=\"_wpcf7_posted_data_hash\" value=\"\" \/><input type=\"hidden\" name=\"_wpcf7_recaptcha_response\" value=\"\" \/>\n<\/fieldset>\n<div class=\"form-row\">\n<div class=\"form-col\">\n<label>What is your dream campervan holiday?<\/label>\n<span class=\"wpcf7-form-control-wrap\" data-name=\"newsletter_topics\"><span class=\"wpcf7-form-control wpcf7-checkbox\"><div class=\"form-check\"><input id=\"cf7_checkbox_1\" class=\"form-check-input\" type=\"checkbox\" name=\"newsletter_topics[]\" value=\"Family trip\" \/><label class=\"form-check-label\" for=\"cf7_checkbox_1\"><span class=\"wpcf7-list-item-label\">Family trip<\/span><\/label><\/div><div class=\"form-check\"><input id=\"cf7_checkbox_2\" class=\"form-check-input\" type=\"checkbox\" name=\"newsletter_topics[]\" value=\"Roadtrip with friends\" \/><label class=\"form-check-label\" for=\"cf7_checkbox_2\"><span class=\"wpcf7-list-item-label\">Roadtrip with friends<\/span><\/label><\/div><div class=\"form-check\"><input id=\"cf7_checkbox_3\" class=\"form-check-input\" type=\"checkbox\" name=\"newsletter_topics[]\" value=\"Trip with my partner\" \/><label class=\"form-check-label\" for=\"cf7_checkbox_3\"><span class=\"wpcf7-list-item-label\">Trip with my partner<\/span><\/label><\/div><div class=\"form-check\"><input id=\"cf7_checkbox_4\" class=\"form-check-input\" type=\"checkbox\" name=\"newsletter_topics[]\" value=\"Other\" \/><label class=\"form-check-label\" for=\"cf7_checkbox_4\"><span class=\"wpcf7-list-item-label\">Other<\/span><\/label><\/div><\/span><\/span>\n<\/div>\n<\/div>\n<div class=\"form-row\">\n<div class=\"form-col\">\n<input class=\"wpcf7-form-control wpcf7-submit has-spinner\" type=\"submit\" value=\"Continue\" \/>\n<\/div>\n<\/div>\n<div class=\"form-row form-row-privacy\">\n<div class=\"form-col\">By sending this form you agree with the handling of your data in accordance with our <a href=\"\/en\/privacy-policy-gdpr\/\" target=\"_blank\">privacy policy<\/a>.\n<\/div>\n<\/div>\n<input class=\"wpcf7-form-control wpcf7-hidden\" value=\"\" type=\"hidden\" name=\"email\" \/>\n<input class=\"wpcf7-form-control wpcf7-hidden\" value=\"1\" type=\"hidden\" name=\"newsletter\" \/><div class=\"wpcf7-response-output\" aria-hidden=\"true\"><\/div>\n<\/form>\n<\/div>\n<\/div><div class=\"step d-none\"><h3>\u00a1Las buenas sensaciones est\u00e1n en camino!<\/h3><div class=\"buttons\"><a href=\"https:\/\/www.instagram.com\/touring_cars\/\" class=\"btn  btn-social btn-instagram\" target=\"_blank\" rel=\"noopener noreferrer\">Instagram<\/a><a href=\"https:\/\/www.facebook.com\/touringcars\/\" class=\"btn  btn-social btn-facebook\" target=\"_blank\" rel=\"noopener noreferrer\">Facebook<\/a><\/div><\/div><\/div>        <\/div>\n    <\/div>\n<\/section>","protected":false},"excerpt":{"rendered":"","protected":false},"author":2,"featured_media":4849,"parent":13756,"menu_order":317,"comment_status":"closed","ping_status":"closed","template":"","meta":{"_acf_changed":false,"footnotes":""},"class_list":["post-13374","page","type-page","status-publish","has-post-thumbnail","hentry"],"acf":[],"_links":{"self":[{"href":"https:\/\/www.touringcars.com\/es\/wp-json\/wp\/v2\/pages\/13374","targetHints":{"allow":["GET"]}}],"collection":[{"href":"https:\/\/www.touringcars.com\/es\/wp-json\/wp\/v2\/pages"}],"about":[{"href":"https:\/\/www.touringcars.com\/es\/wp-json\/wp\/v2\/types\/page"}],"author":[{"embeddable":true,"href":"https:\/\/www.touringcars.com\/es\/wp-json\/wp\/v2\/users\/2"}],"replies":[{"embeddable":true,"href":"https:\/\/www.touringcars.com\/es\/wp-json\/wp\/v2\/comments?post=13374"}],"version-history":[{"count":8,"href":"https:\/\/www.touringcars.com\/es\/wp-json\/wp\/v2\/pages\/13374\/revisions"}],"predecessor-version":[{"id":32816,"href":"https:\/\/www.touringcars.com\/es\/wp-json\/wp\/v2\/pages\/13374\/revisions\/32816"}],"up":[{"embeddable":true,"href":"https:\/\/www.touringcars.com\/es\/wp-json\/wp\/v2\/pages\/13756"}],"wp:featuredmedia":[{"embeddable":true,"href":"https:\/\/www.touringcars.com\/es\/wp-json\/wp\/v2\/media\/4849"}],"wp:attachment":[{"href":"https:\/\/www.touringcars.com\/es\/wp-json\/wp\/v2\/media?parent=13374"}],"curies":[{"name":"wp","href":"https:\/\/api.w.org\/{rel}","templated":true}]}}