{"id":7046,"date":"2025-02-17T13:20:02","date_gmt":"2025-02-17T13:20:02","guid":{"rendered":"https:\/\/touringcars.com\/campervan-category\/family\/"},"modified":"2026-01-30T08:05:44","modified_gmt":"2026-01-30T08:05:44","slug":"family","status":"publish","type":"campervans-groups","link":"https:\/\/www.touringcars.com\/es\/vehicle-category\/family\/","title":{"rendered":"FAMILY &#8211; para 5"},"content":{"rendered":"<section class=\"block block-textimage\">\r\n    <div class=\"container\">\r\n        <div class=\"content-row image-placement-left\">\r\n            <div class=\"content-container reveal\">\r\n                <h3>Los veh\u00edculos de alquiler Premium FAMILY acomodan a una familia de hasta 5 personas<\/h3><p>Esta categor\u00eda de autocaravana de alquiler Premium est\u00e1 dise\u00f1ada espec\u00edficamente pensando en los ni\u00f1os: a ellos les encantan las literas de la parte trasera del veh\u00edculo, mientras que los adultos pueden disfrutar de la lujosa cama doble. Incluso se puede disponer de m\u00e1s espacio para dormir en la zona de los asientos, que se puede convertir en una cama doble en instantes. Viajar en una autocaravana de alquiler de categor\u00eda Premium FAMILY es divertido. Los ni\u00f1os pueden jugar en la zona de los asientos donde est\u00e1n seguros con los cinturones de seguridad de tres puntos de sujeci\u00f3n, al tiempo que disfrutan de su tentempi\u00e9 favorito que c\u00f3modamente les pasan desde los asientos delanteros.<\/p>\n            <\/div>\r\n            <div class=\"image-container reveal image-high\">\r\n                <div class=\"glide image-slider\" data-uid=\"69f2a82c4b89e\"><div class=\"glide__track\" data-glide-el=\"track\"><ul class=\"glide__slides\"><li class=\"glide__slide\"><img decoding=\"async\" src=\"https:\/\/www.touringcars.com\/wp-content\/uploads\/2025\/02\/2021_rm_optima_ontour_alkoven_a60gf_innen_alkoven_BEAR_PRESSE_lowres.jpg-533x300.webp\" srcset=\"https:\/\/www.touringcars.com\/wp-content\/uploads\/2025\/02\/2021_rm_optima_ontour_alkoven_a60gf_innen_alkoven_BEAR_PRESSE_lowres.jpg-300x169.webp 300w, https:\/\/www.touringcars.com\/wp-content\/uploads\/2025\/02\/2021_rm_optima_ontour_alkoven_a60gf_innen_alkoven_BEAR_PRESSE_lowres.jpg-768x432.webp 768w, https:\/\/www.touringcars.com\/wp-content\/uploads\/2025\/02\/2021_rm_optima_ontour_alkoven_a60gf_innen_alkoven_BEAR_PRESSE_lowres.jpg-714x402.webp 714w, https:\/\/www.touringcars.com\/wp-content\/uploads\/2025\/02\/2021_rm_optima_ontour_alkoven_a60gf_innen_alkoven_BEAR_PRESSE_lowres.jpg-533x300.webp 533w, https:\/\/www.touringcars.com\/wp-content\/uploads\/2025\/02\/2021_rm_optima_ontour_alkoven_a60gf_innen_alkoven_BEAR_PRESSE_lowres.jpg-846x476.webp 846w, https:\/\/www.touringcars.com\/wp-content\/uploads\/2025\/02\/2021_rm_optima_ontour_alkoven_a60gf_innen_alkoven_BEAR_PRESSE_lowres.jpg.webp 1024w\" alt=\"2021_rm_optima_ontour_alkoven_a60gf_innen_alkoven_BEAR_PRESSE_lowres.jpg\"><\/li><li class=\"glide__slide\"><img decoding=\"async\" src=\"https:\/\/www.touringcars.com\/wp-content\/uploads\/2025\/02\/2023_rm_optima_ontour_alkoven_a65km_innen_gurtbock_vorne_BEAR_PRESSE_lowres.jpeg-533x300.webp\" srcset=\"https:\/\/www.touringcars.com\/wp-content\/uploads\/2025\/02\/2023_rm_optima_ontour_alkoven_a65km_innen_gurtbock_vorne_BEAR_PRESSE_lowres.jpeg-300x169.webp 300w, https:\/\/www.touringcars.com\/wp-content\/uploads\/2025\/02\/2023_rm_optima_ontour_alkoven_a65km_innen_gurtbock_vorne_BEAR_PRESSE_lowres.jpeg-768x432.webp 768w, https:\/\/www.touringcars.com\/wp-content\/uploads\/2025\/02\/2023_rm_optima_ontour_alkoven_a65km_innen_gurtbock_vorne_BEAR_PRESSE_lowres.jpeg-714x402.webp 714w, https:\/\/www.touringcars.com\/wp-content\/uploads\/2025\/02\/2023_rm_optima_ontour_alkoven_a65km_innen_gurtbock_vorne_BEAR_PRESSE_lowres.jpeg-533x300.webp 533w, https:\/\/www.touringcars.com\/wp-content\/uploads\/2025\/02\/2023_rm_optima_ontour_alkoven_a65km_innen_gurtbock_vorne_BEAR_PRESSE_lowres.jpeg-846x476.webp 846w, https:\/\/www.touringcars.com\/wp-content\/uploads\/2025\/02\/2023_rm_optima_ontour_alkoven_a65km_innen_gurtbock_vorne_BEAR_PRESSE_lowres.jpeg.webp 1024w\" alt=\"2023_rm_optima_ontour_alkoven_a65km_innen_gurtbock_vorne_BEAR_PRESSE_lowres.jpeg\"><\/li><li class=\"glide__slide\"><img decoding=\"async\" src=\"https:\/\/www.touringcars.com\/wp-content\/uploads\/2025\/02\/Hobby_Lifestyle_Prestige9069_PRESSE_lowres.jpg-533x300.webp\" srcset=\"https:\/\/www.touringcars.com\/wp-content\/uploads\/2025\/02\/Hobby_Lifestyle_Prestige9069_PRESSE_lowres.jpg-300x169.webp 300w, https:\/\/www.touringcars.com\/wp-content\/uploads\/2025\/02\/Hobby_Lifestyle_Prestige9069_PRESSE_lowres.jpg-768x432.webp 768w, https:\/\/www.touringcars.com\/wp-content\/uploads\/2025\/02\/Hobby_Lifestyle_Prestige9069_PRESSE_lowres.jpg-714x402.webp 714w, https:\/\/www.touringcars.com\/wp-content\/uploads\/2025\/02\/Hobby_Lifestyle_Prestige9069_PRESSE_lowres.jpg-533x300.webp 533w, https:\/\/www.touringcars.com\/wp-content\/uploads\/2025\/02\/Hobby_Lifestyle_Prestige9069_PRESSE_lowres.jpg-846x476.webp 846w, https:\/\/www.touringcars.com\/wp-content\/uploads\/2025\/02\/Hobby_Lifestyle_Prestige9069_PRESSE_lowres.jpg.webp 1024w\" alt=\"Hobby_Lifestyle_Prestige9069_PRESSE_lowres.jpg\"><\/li><li class=\"glide__slide\"><img decoding=\"async\" src=\"https:\/\/www.touringcars.com\/wp-content\/uploads\/2025\/02\/2021_rm_optima_ontour_alkoven_a65km_innen_kinderbetten_people_BEAR_PRESSE_lowres.jpg-533x300.webp\" srcset=\"https:\/\/www.touringcars.com\/wp-content\/uploads\/2025\/02\/2021_rm_optima_ontour_alkoven_a65km_innen_kinderbetten_people_BEAR_PRESSE_lowres.jpg-300x169.webp 300w, https:\/\/www.touringcars.com\/wp-content\/uploads\/2025\/02\/2021_rm_optima_ontour_alkoven_a65km_innen_kinderbetten_people_BEAR_PRESSE_lowres.jpg-768x432.webp 768w, https:\/\/www.touringcars.com\/wp-content\/uploads\/2025\/02\/2021_rm_optima_ontour_alkoven_a65km_innen_kinderbetten_people_BEAR_PRESSE_lowres.jpg-714x402.webp 714w, https:\/\/www.touringcars.com\/wp-content\/uploads\/2025\/02\/2021_rm_optima_ontour_alkoven_a65km_innen_kinderbetten_people_BEAR_PRESSE_lowres.jpg-533x300.webp 533w, https:\/\/www.touringcars.com\/wp-content\/uploads\/2025\/02\/2021_rm_optima_ontour_alkoven_a65km_innen_kinderbetten_people_BEAR_PRESSE_lowres.jpg-846x476.webp 846w, https:\/\/www.touringcars.com\/wp-content\/uploads\/2025\/02\/2021_rm_optima_ontour_alkoven_a65km_innen_kinderbetten_people_BEAR_PRESSE_lowres.jpg.webp 1024w\" alt=\"2021_rm_optima_ontour_alkoven_a65km_innen_kinderbetten_people_BEAR_PRESSE_lowres.jpg\"><\/li><li class=\"glide__slide\"><img decoding=\"async\" src=\"https:\/\/www.touringcars.com\/wp-content\/uploads\/2025\/02\/2022_rm_optima_ontour_alkoven_a65km_innen_alkovenbett_BEAR_PRESSE_lowres.jpeg-533x300.webp\" srcset=\"https:\/\/www.touringcars.com\/wp-content\/uploads\/2025\/02\/2022_rm_optima_ontour_alkoven_a65km_innen_alkovenbett_BEAR_PRESSE_lowres.jpeg-300x169.webp 300w, https:\/\/www.touringcars.com\/wp-content\/uploads\/2025\/02\/2022_rm_optima_ontour_alkoven_a65km_innen_alkovenbett_BEAR_PRESSE_lowres.jpeg-768x432.webp 768w, https:\/\/www.touringcars.com\/wp-content\/uploads\/2025\/02\/2022_rm_optima_ontour_alkoven_a65km_innen_alkovenbett_BEAR_PRESSE_lowres.jpeg-714x402.webp 714w, https:\/\/www.touringcars.com\/wp-content\/uploads\/2025\/02\/2022_rm_optima_ontour_alkoven_a65km_innen_alkovenbett_BEAR_PRESSE_lowres.jpeg-533x300.webp 533w, https:\/\/www.touringcars.com\/wp-content\/uploads\/2025\/02\/2022_rm_optima_ontour_alkoven_a65km_innen_alkovenbett_BEAR_PRESSE_lowres.jpeg-846x476.webp 846w, https:\/\/www.touringcars.com\/wp-content\/uploads\/2025\/02\/2022_rm_optima_ontour_alkoven_a65km_innen_alkovenbett_BEAR_PRESSE_lowres.jpeg.webp 1024w\" alt=\"2022_rm_optima_ontour_alkoven_a65km_innen_alkovenbett_BEAR_PRESSE_lowres.jpeg\"><\/li><\/ul><\/div><div class=\"glide__controls\"><div class=\"glide__arrows\" data-glide-el=\"controls\"><span class=\"glide__arrow glide__arrow--left\" aria-label=\"Izquierda\" data-glide-dir=\"<\"><\/span><span class=\"glide__arrow glide__arrow--right\" aria-label=\"Derecha\" data-glide-dir=\">\u00ab><\/span><\/div><div class=\"glide__bullets\" data-glide-el=\"controls[nav]\"><span class=\"glide__bullet\" data-glide-dir=\"=0\" data-parent-uid=\"69f2a82c4b89e\"><\/span><span class=\"glide__bullet\" data-glide-dir=\"=1\" data-parent-uid=\"69f2a82c4b89e\"><\/span><span class=\"glide__bullet\" data-glide-dir=\"=2\" data-parent-uid=\"69f2a82c4b89e\"><\/span><span class=\"glide__bullet\" data-glide-dir=\"=3\" data-parent-uid=\"69f2a82c4b89e\"><\/span><span class=\"glide__bullet\" data-glide-dir=\"=4\" data-parent-uid=\"69f2a82c4b89e\"><\/span><\/div><\/div><\/div>            <\/div>\r\n        <\/div>\r\n    <\/div>\r\n<\/section>\n\n<section class=\"block block-iconrow bg-white bottom-spacing-zero\">\r\n    <div class=\"container\">\r\n        <div class=\"content-container reveal\">\r\n            <div class=\"icon-row\"><div class=\"icon-item\"><img decoding=\"async\" src=\"https:\/\/www.touringcars.com\/wp-content\/uploads\/2025\/02\/Clean_blue.svg\" alt=\"Clean_blue\"><div class=\"label\">Alojamiento totalmente equipado y personalizado<\/div><\/div><div class=\"icon-item\"><img decoding=\"async\" src=\"https:\/\/www.touringcars.com\/wp-content\/uploads\/2025\/02\/Five-stars_blue.svg\" alt=\"Five stars_blue\"><div class=\"label\">Atenci\u00f3n al cliente personalizada de principio a fin<\/div><\/div><div class=\"icon-item\"><img decoding=\"async\" src=\"https:\/\/www.touringcars.com\/wp-content\/uploads\/2025\/02\/Airport-transfer2_blue.svg\" alt=\"Airport transfer2_blue\"><div class=\"label\">Traslados al aeropuerto<\/div><\/div><div class=\"icon-item\"><img decoding=\"async\" src=\"https:\/\/www.touringcars.com\/wp-content\/uploads\/2025\/02\/road-assistance_blue.svg\" alt=\"road assistance_blue\"><div class=\"label\">24\/7 Servicio por carretera<\/div><\/div><div class=\"icon-item\"><img decoding=\"async\" src=\"https:\/\/www.touringcars.com\/wp-content\/uploads\/2025\/02\/Unlimited-mileage-3_blue.svg\" alt=\"Unlimited mileage 3_blue\"><div class=\"label\">Kilometraje ilimitado<\/div><\/div><\/div>        <\/div>\r\n    <\/div>\r\n<\/section>\n\n<section class=\"block block-centertext\">\r\n    <div class=\"container\">\r\n        <div class=\"content-container reveal\">\r\n            <h2>Funciones para  FAMILY<\/h2><p>Solo se necesita permiso de conducir B\u00a0 |\u00a0 Transmisi\u00f3n manual | Motor turbodi\u00e9sel\u00a0 |\u00a0 Cocci\u00f3n completa y cuberter\u00eda\u00a0 |\u00a0 Frigor\u00edfico, estufa de gas\u00a0 |\u00a0 WC y ducha | Calefacci\u00f3n, aire acondicionado en coche | Navegaci\u00f3n\u00a0 |\u00a0 marqu\u00e9s | Cable el\u00e9ctrico\u00a0 |\u00a0 manguera y regadera<\/p>\n<p><em>Tenga en cuenta que todos los tipos de veh\u00edculos de alquiler que se muestran en este sitio web son solo para fines ilustrativos. Los veh\u00edculos camper de alquiler reales var\u00edan de fotograf\u00edas e ilustraciones. Esto significa que tambi\u00e9n los detalles del veh\u00edculo, p. las dimensiones de la cama variar\u00e1n. Touring Cars se reserva el derecho de cambiar las especificaciones y\/o suministrar un veh\u00edculo similar o de clase superior por el precio anunciado sin previo aviso.<\/em><\/p>\n        <\/div>\r\n    <\/div>\r\n<\/section>\n\n\n<figure class=\"wp-block-image size-full is-style-rounded wp-duotone-unset-1\"><img decoding=\"async\" width=\"2500\" height=\"1250\" src=\"https:\/\/touringcars.com\/wp-content\/uploads\/2025\/02\/carado-imagebank-data_VE_Overcab_A361_GP_2025_0001_21-31-41_WEB.jpg\" alt=\"\" class=\"wp-image-10064\" srcset=\"https:\/\/www.touringcars.com\/wp-content\/uploads\/2025\/02\/carado-imagebank-data_VE_Overcab_A361_GP_2025_0001_21-31-41_WEB.jpg 2500w, https:\/\/www.touringcars.com\/wp-content\/uploads\/2025\/02\/carado-imagebank-data_VE_Overcab_A361_GP_2025_0001_21-31-41_WEB-180x90.jpg 180w, https:\/\/www.touringcars.com\/wp-content\/uploads\/2025\/02\/carado-imagebank-data_VE_Overcab_A361_GP_2025_0001_21-31-41_WEB-300x150.jpg 300w, https:\/\/www.touringcars.com\/wp-content\/uploads\/2025\/02\/carado-imagebank-data_VE_Overcab_A361_GP_2025_0001_21-31-41_WEB-768x384.jpg 768w, https:\/\/www.touringcars.com\/wp-content\/uploads\/2025\/02\/carado-imagebank-data_VE_Overcab_A361_GP_2025_0001_21-31-41_WEB-1024x512.jpg 1024w, https:\/\/www.touringcars.com\/wp-content\/uploads\/2025\/02\/carado-imagebank-data_VE_Overcab_A361_GP_2025_0001_21-31-41_WEB-1536x768.jpg 1536w, https:\/\/www.touringcars.com\/wp-content\/uploads\/2025\/02\/carado-imagebank-data_VE_Overcab_A361_GP_2025_0001_21-31-41_WEB-2048x1024.jpg 2048w, https:\/\/www.touringcars.com\/wp-content\/uploads\/2025\/02\/carado-imagebank-data_VE_Overcab_A361_GP_2025_0001_21-31-41_WEB-1920x960.jpg 1920w, https:\/\/www.touringcars.com\/wp-content\/uploads\/2025\/02\/carado-imagebank-data_VE_Overcab_A361_GP_2025_0001_21-31-41_WEB-1186x593.jpg 1186w, https:\/\/www.touringcars.com\/wp-content\/uploads\/2025\/02\/carado-imagebank-data_VE_Overcab_A361_GP_2025_0001_21-31-41_WEB-714x357.jpg 714w, https:\/\/www.touringcars.com\/wp-content\/uploads\/2025\/02\/carado-imagebank-data_VE_Overcab_A361_GP_2025_0001_21-31-41_WEB-412x206.jpg 412w, https:\/\/www.touringcars.com\/wp-content\/uploads\/2025\/02\/carado-imagebank-data_VE_Overcab_A361_GP_2025_0001_21-31-41_WEB-574x287.jpg 574w\" sizes=\"(max-width: 2500px) 100vw, 2500px\" \/><\/figure>\n\n\n<section style=\"background-image: url(https:\/\/www.touringcars.com\/wp-content\/uploads\/2025\/02\/hobby-van-holiday-couple_1.jpg.webp)\" class=\"block block-centertext bg-image\">\r\n    <div class=\"container\">\r\n        <div class=\"content-container reveal\">\r\n            <p><img decoding=\"async\" class=\"alignnone size-large wp-image-7122\" src=\"https:\/\/touringcars.com\/wp-content\/uploads\/2025\/02\/vehicle-icons-wide.png-1024x113.webp\" alt=\"\" width=\"1024\" height=\"113\" srcset=\"https:\/\/www.touringcars.com\/wp-content\/uploads\/2025\/02\/vehicle-icons-wide.png-1024x113.webp 1024w, https:\/\/www.touringcars.com\/wp-content\/uploads\/2025\/02\/vehicle-icons-wide.png-180x20.webp 180w, https:\/\/www.touringcars.com\/wp-content\/uploads\/2025\/02\/vehicle-icons-wide.png-412x45.webp 412w, https:\/\/www.touringcars.com\/wp-content\/uploads\/2025\/02\/vehicle-icons-wide.png-300x33.webp 300w, https:\/\/www.touringcars.com\/wp-content\/uploads\/2025\/02\/vehicle-icons-wide.png-768x85.webp 768w, https:\/\/www.touringcars.com\/wp-content\/uploads\/2025\/02\/vehicle-icons-wide.png-714x79.webp 714w, https:\/\/www.touringcars.com\/wp-content\/uploads\/2025\/02\/vehicle-icons-wide.png-574x63.webp 574w, https:\/\/www.touringcars.com\/wp-content\/uploads\/2025\/02\/vehicle-icons-wide.png.webp 1280w\" sizes=\"(max-width: 1024px) 100vw, 1024px\" \/><\/p>\n        <\/div>\r\n    <\/div>\r\n<\/section>\n\n<section class=\"block block-basic\">\r\n    <div class=\"container\">\r\n        <div class=\"content-container reveal\">\r\n            <h2>Servicio cinco estrellas<\/h2><p>Para que disfrute de una experiencia de servicio exclusiva, todas nuestras tarifas de alquiler de autocaravanas y furgones incluyen traslados VIP de aeropuerto, adem\u00e1s de una orientaci\u00f3n personal completa sobre el uso de todo el equipamiento a bordo de su veh\u00edculo de alquiler. Es m\u00e1s, para asegurarle unas vacaciones sin preocupaciones, compartiremos gu\u00edas de vacaciones de cortes\u00eda y folletos informativos sobre el destino, a lo que se suma, el disponer de un n\u00famero de tel\u00e9fono de asistencia las 24 horas al d\u00eda, los 7 d\u00edas a la semana para los viajeros de veh\u00edculos de alquiler, si le surgieran dudas mientras est\u00e1 en el camino (Servicio de Asistencia en Carretera), e incluso un servicio de reemplazo de autocaravanas en caso de mal funcionamiento de gravedad.<\/p>\n        <\/div>\r\n    <\/div>\r\n<\/section>\n\n<section class=\"block block-textimage\">\r\n    <div class=\"container\">\r\n        <div class=\"content-row image-placement-right\">\r\n            <div class=\"content-container reveal\">\r\n                <h3>Una flota renovada a su disposici\u00f3n<\/h3><p>Nuestros veh\u00edculos de alquiler de la categor\u00eda Premium FAMILY ofrecen la calidad m\u00e1s refinada disponible y todos ellos cuentan con menos de 100.000 km de conducci\u00f3n. La calidad es importante para nosotros y, para mantener nuestra flota renovada y atractiva, todos nuestros veh\u00edculos de alquiler pasan por cuatro chequeos independientes entre cada alquiler para asegurarle a cada cliente vacaciones sin preocupaciones. Este proceso dura por lo menos tres horas y consiste en una limpieza completa, una revisi\u00f3n t\u00e9cnica integral y una preparaci\u00f3n personalizada de la autocaravana para su pr\u00f3ximo hu\u00e9sped.<\/p>\n            <\/div>\r\n            <div class=\"image-container reveal image-high\">\r\n                <img decoding=\"async\" src=\"https:\/\/www.touringcars.com\/wp-content\/uploads\/2025\/02\/Interior-Family-motorhome-alcove-hobby.jpg-525x300.webp\" srcset=\"https:\/\/www.touringcars.com\/wp-content\/uploads\/2025\/02\/Interior-Family-motorhome-alcove-hobby.jpg-300x171.webp 300w, https:\/\/www.touringcars.com\/wp-content\/uploads\/2025\/02\/Interior-Family-motorhome-alcove-hobby.jpg-1024x585.webp 1024w, https:\/\/www.touringcars.com\/wp-content\/uploads\/2025\/02\/Interior-Family-motorhome-alcove-hobby.jpg-768x439.webp 768w, https:\/\/www.touringcars.com\/wp-content\/uploads\/2025\/02\/Interior-Family-motorhome-alcove-hobby.jpg-1038x593.webp 1038w, https:\/\/www.touringcars.com\/wp-content\/uploads\/2025\/02\/Interior-Family-motorhome-alcove-hobby.jpg-714x408.webp 714w, https:\/\/www.touringcars.com\/wp-content\/uploads\/2025\/02\/Interior-Family-motorhome-alcove-hobby.jpg-525x300.webp 525w, https:\/\/www.touringcars.com\/wp-content\/uploads\/2025\/02\/Interior-Family-motorhome-alcove-hobby.jpg.webp 1400w\" alt=\"Interior-Family-motorhome-alcove-hobby.jpg\" width=\"1400\" height=\"800\">            <\/div>\r\n        <\/div>\r\n    <\/div>\r\n<\/section>\n\n<section class=\"block block-textimage\">\r\n    <div class=\"container\">\r\n        <div class=\"content-row image-placement-left\">\r\n            <div class=\"content-container reveal\">\r\n                <h3>Autocaravanas bien equipadas<\/h3><p>Nuestras autocaravanas de alquiler de alta calidad incluyen instalaciones de retrete y de cocina de \u00faltima generaci\u00f3n, as\u00ed como tambi\u00e9n utensilios de cocina y vajilla completos. Todas nuestras autocaravanas Premium est\u00e1n muy bien equipadas e incluyen cu\u00f1as de nivelaci\u00f3n del veh\u00edculo, cables de electricidad, mangueras de agua y mucho m\u00e1s. Adem\u00e1s, esta categor\u00eda de alquiler ofrece gran espacio de almacenamiento y un dise\u00f1o brillante pensado en los m\u00e1s peque\u00f1os de la familia.<\/p>\n            <\/div>\r\n            <div class=\"image-container reveal\">\r\n                <img decoding=\"async\" src=\"https:\/\/www.touringcars.com\/wp-content\/uploads\/2025\/02\/interior-family-motorhome-kitchen-2.jpg-525x300.webp\" srcset=\"https:\/\/www.touringcars.com\/wp-content\/uploads\/2025\/02\/interior-family-motorhome-kitchen-2.jpg-300x171.webp 300w, https:\/\/www.touringcars.com\/wp-content\/uploads\/2025\/02\/interior-family-motorhome-kitchen-2.jpg-1024x585.webp 1024w, https:\/\/www.touringcars.com\/wp-content\/uploads\/2025\/02\/interior-family-motorhome-kitchen-2.jpg-768x439.webp 768w, https:\/\/www.touringcars.com\/wp-content\/uploads\/2025\/02\/interior-family-motorhome-kitchen-2.jpg-1038x593.webp 1038w, https:\/\/www.touringcars.com\/wp-content\/uploads\/2025\/02\/interior-family-motorhome-kitchen-2.jpg-714x408.webp 714w, https:\/\/www.touringcars.com\/wp-content\/uploads\/2025\/02\/interior-family-motorhome-kitchen-2.jpg-525x300.webp 525w, https:\/\/www.touringcars.com\/wp-content\/uploads\/2025\/02\/interior-family-motorhome-kitchen-2.jpg.webp 1400w\" alt=\"interior-family-motorhome-kitchen-2.jpg\" width=\"1400\" height=\"800\">            <\/div>\r\n        <\/div>\r\n    <\/div>\r\n<\/section>\n\n<section class=\"block block-textimage\">\r\n    <div class=\"container\">\r\n        <div class=\"content-row image-placement-right\">\r\n            <div class=\"content-container reveal\">\r\n                <h3>Practicidad en el interior del veh\u00edculo<\/h3><div class=\"two-col__content\">\n<div class=\"two-col__text\">\n<div class=\"clearfix text-formatted field field--name-field-text field--type-text-long field--label-hidden field__item\">\n<p>La categor\u00eda Premium FAMILY est\u00e1 dise\u00f1ada especialmente para la familia. Esta hermosa autocaravana tiene un dise\u00f1o de camas tipo literas ubicadas en la parte trasera del veh\u00edculo, un detalle que a los ni\u00f1os les encanta. Adem\u00e1s, el veh\u00edculo cuenta con una cama doble capuchina de grandes proporciones, ubicada en el espacio encima de la cabina del conductor. La tercera cama doble puede armarse de los asientos que est\u00e1n en el espacio medio del veh\u00edculo. Esta categor\u00eda ofrece un gran espacio de almacenamiento para sus pertenencias y un garaje muy amplio para guardar su set de camping, carritos, equipo de BBQ, bolsa de golf, etc.<\/p>\n<\/div>\n<\/div>\n<\/div>\n            <\/div>\r\n            <div class=\"image-container reveal image-high\">\r\n                <img decoding=\"async\" src=\"https:\/\/www.touringcars.com\/wp-content\/uploads\/2025\/02\/Interior-Family-motorhome-2.jpg-525x300.webp\" srcset=\"https:\/\/www.touringcars.com\/wp-content\/uploads\/2025\/02\/Interior-Family-motorhome-2.jpg-300x171.webp 300w, https:\/\/www.touringcars.com\/wp-content\/uploads\/2025\/02\/Interior-Family-motorhome-2.jpg-1024x585.webp 1024w, https:\/\/www.touringcars.com\/wp-content\/uploads\/2025\/02\/Interior-Family-motorhome-2.jpg-768x439.webp 768w, https:\/\/www.touringcars.com\/wp-content\/uploads\/2025\/02\/Interior-Family-motorhome-2.jpg-1038x593.webp 1038w, https:\/\/www.touringcars.com\/wp-content\/uploads\/2025\/02\/Interior-Family-motorhome-2.jpg-714x408.webp 714w, https:\/\/www.touringcars.com\/wp-content\/uploads\/2025\/02\/Interior-Family-motorhome-2.jpg-525x300.webp 525w, https:\/\/www.touringcars.com\/wp-content\/uploads\/2025\/02\/Interior-Family-motorhome-2.jpg.webp 1400w\" alt=\"Interior-Family-motorhome-2.jpg\" width=\"1400\" height=\"800\">            <\/div>\r\n        <\/div>\r\n    <\/div>\r\n<\/section>\n\n<section class=\"block block-textimage image-contain\">\r\n    <div class=\"container\">\r\n        <div class=\"content-row image-placement-left\">\r\n            <div class=\"content-container reveal\">\r\n                <h3>Nuevos dise\u00f1os semi-integrados agregados a la flota de alquiler<\/h3><p>Adem\u00e1s de nuestros modelos alcove para autocaravanas de alquiler de clase familiar, nuestra flota se ha actualizado con nuevos veh\u00edculos semi-integrados.<\/p>\n<div class=\"two-col__content\">\n<div class=\"two-col__text\">\n<div class=\"clearfix text-formatted field field--name-field-text field--type-text-long field--label-hidden field__item\">\n<p><em>Tenga en cuenta que todos los tipos de veh\u00edculos de alquiler que se muestran en este sitio web son solo para fines ilustrativos. Los veh\u00edculos camper de alquiler reales var\u00edan de fotograf\u00edas e ilustraciones. Esto significa que tambi\u00e9n los detalles del veh\u00edculo, p. las dimensiones de la cama variar\u00e1n. Touring Cars se reserva el derecho de cambiar las especificaciones y\/o suministrar un veh\u00edculo similar o de clase superior por el precio anunciado sin previo aviso.<\/em><\/p>\n<\/div>\n<\/div>\n<\/div>\n<div class=\"two-col__media\">\n<div class=\"media media--blazy media--image media--responsive is-b-loaded\" data-b-token=\"b-f24089a02a3\"><\/div>\n<\/div>\n            <\/div>\r\n            <div class=\"image-container reveal image-high\">\r\n                <img decoding=\"async\" src=\"https:\/\/www.touringcars.com\/wp-content\/uploads\/2022\/09\/carado-imagebank-data_VE_Semi-Integrated_T457_IT_2024_0010_21-31-41_WEB.jpg\" srcset=\"\" alt=\"_carado-imagebank-data_VE_Semi-Integrated_T457_IT_2024_0010_21-31-41_WEB\" width=\"0\" height=\"0\">            <\/div>\r\n        <\/div>\r\n    <\/div>\r\n<\/section>\n\n<section style=\"background-image: url(https:\/\/www.touringcars.com\/wp-content\/uploads\/2025\/02\/camper_van_driving_on_road_as_the_sun_is_rising.jpg.webp)\" class=\"block block-centertext bg-image\">\r\n    <div class=\"container\">\r\n        <div class=\"content-container reveal\">\r\n            <h2>Reserve ahora y pague despu\u00e9s<\/h2><p class=\"text-align-center\">Con nuestra opci\u00f3n de pago flexible, puede reservar una autocaravana premium para sus vacaciones con un pago inicial de 170 GBP\/ 200 EUR\/ 2.000 NOK\/ 2.000 SEK y abonar el importe restante 45 d\u00edas antes de su primer d\u00eda de alquiler.<\/p>\n<p class=\"text-align-center\">Consulte la disponibilidad de autocaravanas en directo y los precios de alquiler en nuestra p\u00e1gina de inicio.<\/p>\n<div class=\"buttons\"><a href=\"\" class=\"btn btn-wide\" target=\"_blank\" rel=\"noopener noreferrer\">P\u00e1gina de inicio<\/a><\/div>        <\/div>\r\n    <\/div>\r\n<\/section>\n\n<section class=\"block block-basic small-padding-bottom hide-during-booking\">\r\n    <div class=\"container\">\r\n        <div class=\"content-container reveal\">\r\n            <p><strong>M\u00e1s informaci\u00f3n: v\u00eddeos<\/strong><\/p>\n<div class=\"buttons\"><a href=\"https:\/\/www.youtube.com\/playlist?list=PLH1ePBkJ8mrIrX21VPlGuryWMvwm22zCu\" class=\"btn btn-wide\" target=\"_blank\" rel=\"noopener noreferrer\">V\u00eddeos de orientaci\u00f3n<\/a><a href=\"https:\/\/www.youtube.com\/playlist?list=PLH1ePBkJ8mrJo8ZHnLseip_jvYqA1j7qe\" class=\"btn btn-wide\" target=\"_blank\" rel=\"noopener noreferrer\">Consejos para viajar<\/a><\/div>        <\/div>\r\n    <\/div>\r\n<\/section>\n\n<section class=\"block block-basic small-padding-top\">\r\n    <div class=\"container\">\r\n        <div class=\"content-container reveal\">\r\n            <p><em>Tenga en cuenta que todos los tipos de veh\u00edculos de alquiler que se muestran en este sitio web son solo para fines ilustrativos. Los veh\u00edculos camper de alquiler reales var\u00edan de fotograf\u00edas e ilustraciones. Esto significa que tambi\u00e9n los detalles del veh\u00edculo, p. las dimensiones de la cama variar\u00e1n. Touring Cars se reserva el derecho de cambiar las especificaciones y\/o suministrar un veh\u00edculo similar o de clase superior por el precio anunciado sin previo aviso.<\/em><\/p>\n        <\/div>\r\n    <\/div>\r\n<\/section>\n\n<section class=\"block block-postsslider style-small hide-during-booking\">\r\n    <div class=\"container reveal\">\r\n        <h2>Categor\u00edas de autocaravanas<\/h2><div class=\"glide articles-slider\" data-uid=\"69f2a82c6425e\"><div class=\"glide__track\" data-glide-el=\"track\"><ul class=\"glide__slides\"><li class=\"glide__slide\"><article class=\"article reveal\"><div class=\"image-container\"><a href=\"https:\/\/www.touringcars.com\/es\/vehicle-category\/furgoneta-urbana-automatica-para-2\/\"><img decoding=\"async\" src=\"https:\/\/www.touringcars.com\/wp-content\/uploads\/2025\/12\/Urban-Van-1-574x411.jpg\" srcset=\"https:\/\/www.touringcars.com\/wp-content\/uploads\/2025\/12\/Urban-Van-1-300x215.jpg 300w, https:\/\/www.touringcars.com\/wp-content\/uploads\/2025\/12\/Urban-Van-1-1024x733.jpg 1024w, https:\/\/www.touringcars.com\/wp-content\/uploads\/2025\/12\/Urban-Van-1-768x550.jpg 768w, https:\/\/www.touringcars.com\/wp-content\/uploads\/2025\/12\/Urban-Van-1-828x593.jpg 828w, https:\/\/www.touringcars.com\/wp-content\/uploads\/2025\/12\/Urban-Van-1-714x511.jpg 714w, https:\/\/www.touringcars.com\/wp-content\/uploads\/2025\/12\/Urban-Van-1-180x129.jpg 180w, https:\/\/www.touringcars.com\/wp-content\/uploads\/2025\/12\/Urban-Van-1-412x295.jpg 412w, https:\/\/www.touringcars.com\/wp-content\/uploads\/2025\/12\/Urban-Van-1-574x411.jpg 574w, https:\/\/www.touringcars.com\/wp-content\/uploads\/2025\/12\/Urban-Van-1.jpg 1348w\" alt=\"Urban Van Automatic &#8211; para 2\"><\/a><\/div><div class=\"content-container\"><h3><a href=\"https:\/\/www.touringcars.com\/es\/vehicle-category\/furgoneta-urbana-automatica-para-2\/\">Urban Van Automatic &#8211; para 2<\/a><\/h3><\/div><\/article><\/li><li class=\"glide__slide\"><article class=\"article reveal\"><div class=\"image-container\"><a href=\"https:\/\/www.touringcars.com\/es\/vehicle-category\/campamento-automatico-para-2\/\"><img decoding=\"async\" src=\"https:\/\/www.touringcars.com\/wp-content\/uploads\/2025\/12\/camp-automatic-574x411.jpeg\" srcset=\"https:\/\/www.touringcars.com\/wp-content\/uploads\/2025\/12\/camp-automatic-300x215.jpeg 300w, https:\/\/www.touringcars.com\/wp-content\/uploads\/2025\/12\/camp-automatic-1024x733.jpeg 1024w, https:\/\/www.touringcars.com\/wp-content\/uploads\/2025\/12\/camp-automatic-768x550.jpeg 768w, https:\/\/www.touringcars.com\/wp-content\/uploads\/2025\/12\/camp-automatic-828x593.jpeg 828w, https:\/\/www.touringcars.com\/wp-content\/uploads\/2025\/12\/camp-automatic-714x511.jpeg 714w, https:\/\/www.touringcars.com\/wp-content\/uploads\/2025\/12\/camp-automatic-574x411.jpeg 574w, https:\/\/www.touringcars.com\/wp-content\/uploads\/2025\/12\/camp-automatic.jpeg 1348w\" alt=\"CAMP AUTOMATIC &#8211; para 2\"><\/a><\/div><div class=\"content-container\"><h3><a href=\"https:\/\/www.touringcars.com\/es\/vehicle-category\/campamento-automatico-para-2\/\">CAMP AUTOMATIC &#8211; para 2<\/a><\/h3><\/div><\/article><\/li><li class=\"glide__slide\"><article class=\"article reveal\"><div class=\"image-container\"><a href=\"https:\/\/www.touringcars.com\/es\/vehicle-category\/van\/\"><img decoding=\"async\" src=\"https:\/\/www.touringcars.com\/wp-content\/uploads\/2025\/02\/carado-imagebank-data_VE_Camper-Van_CV640_CU_2025_1002_21-31-41_web-450x300.jpg\" srcset=\"https:\/\/www.touringcars.com\/wp-content\/uploads\/2025\/02\/carado-imagebank-data_VE_Camper-Van_CV640_CU_2025_1002_21-31-41_web-300x200.jpg 300w, https:\/\/www.touringcars.com\/wp-content\/uploads\/2025\/02\/carado-imagebank-data_VE_Camper-Van_CV640_CU_2025_1002_21-31-41_web-1024x682.jpg 1024w, https:\/\/www.touringcars.com\/wp-content\/uploads\/2025\/02\/carado-imagebank-data_VE_Camper-Van_CV640_CU_2025_1002_21-31-41_web-768x512.jpg 768w, https:\/\/www.touringcars.com\/wp-content\/uploads\/2025\/02\/carado-imagebank-data_VE_Camper-Van_CV640_CU_2025_1002_21-31-41_web-1536x1024.jpg 1536w, https:\/\/www.touringcars.com\/wp-content\/uploads\/2025\/02\/carado-imagebank-data_VE_Camper-Van_CV640_CU_2025_1002_21-31-41_web-2048x1365.jpg 2048w, https:\/\/www.touringcars.com\/wp-content\/uploads\/2025\/02\/carado-imagebank-data_VE_Camper-Van_CV640_CU_2025_1002_21-31-41_web-890x593.jpg 890w, https:\/\/www.touringcars.com\/wp-content\/uploads\/2025\/02\/carado-imagebank-data_VE_Camper-Van_CV640_CU_2025_1002_21-31-41_web-714x476.jpg 714w, https:\/\/www.touringcars.com\/wp-content\/uploads\/2025\/02\/carado-imagebank-data_VE_Camper-Van_CV640_CU_2025_1002_21-31-41_web-450x300.jpg 450w, https:\/\/www.touringcars.com\/wp-content\/uploads\/2025\/02\/carado-imagebank-data_VE_Camper-Van_CV640_CU_2025_1002_21-31-41_web-367x245.jpg 367w\" alt=\"VAN &#8211; para 2\"><\/a><\/div><div class=\"content-container\"><h3><a href=\"https:\/\/www.touringcars.com\/es\/vehicle-category\/van\/\">VAN &#8211; para 2<\/a><\/h3><\/div><\/article><\/li><li class=\"glide__slide\"><article class=\"article reveal\"><div class=\"image-container\"><a href=\"https:\/\/www.touringcars.com\/es\/vehicle-category\/furgoneta-4x4-automatica-para-2\/\"><img decoding=\"async\" src=\"https:\/\/www.touringcars.com\/wp-content\/uploads\/2025\/11\/van-4x4-buerstner-habiton-2025-white-road-1-574x411.jpg\" srcset=\"https:\/\/www.touringcars.com\/wp-content\/uploads\/2025\/11\/van-4x4-buerstner-habiton-2025-white-road-1-300x215.jpg 300w, https:\/\/www.touringcars.com\/wp-content\/uploads\/2025\/11\/van-4x4-buerstner-habiton-2025-white-road-1-1024x733.jpg 1024w, https:\/\/www.touringcars.com\/wp-content\/uploads\/2025\/11\/van-4x4-buerstner-habiton-2025-white-road-1-768x550.jpg 768w, https:\/\/www.touringcars.com\/wp-content\/uploads\/2025\/11\/van-4x4-buerstner-habiton-2025-white-road-1-828x593.jpg 828w, https:\/\/www.touringcars.com\/wp-content\/uploads\/2025\/11\/van-4x4-buerstner-habiton-2025-white-road-1-714x511.jpg 714w, https:\/\/www.touringcars.com\/wp-content\/uploads\/2025\/11\/van-4x4-buerstner-habiton-2025-white-road-1-574x411.jpg 574w, https:\/\/www.touringcars.com\/wp-content\/uploads\/2025\/11\/van-4x4-buerstner-habiton-2025-white-road-1.jpg 1348w\" alt=\"VAN 4\u00d74 AUTOMATIC &#8211; para 2\"><\/a><\/div><div class=\"content-container\"><h3><a href=\"https:\/\/www.touringcars.com\/es\/vehicle-category\/furgoneta-4x4-automatica-para-2\/\">VAN 4\u00d74 AUTOMATIC &#8211; para 2<\/a><\/h3><\/div><\/article><\/li><li class=\"glide__slide\"><article class=\"article reveal\"><div class=\"image-container\"><a href=\"https:\/\/www.touringcars.com\/es\/vehicle-category\/small\/\"><img decoding=\"async\" src=\"https:\/\/www.touringcars.com\/wp-content\/uploads\/2025\/02\/carado-imagebank-data_VE_Van_V339_CU_2025_1002_21-31-41_web-450x300.jpg\" srcset=\"https:\/\/www.touringcars.com\/wp-content\/uploads\/2025\/02\/carado-imagebank-data_VE_Van_V339_CU_2025_1002_21-31-41_web-300x200.jpg 300w, https:\/\/www.touringcars.com\/wp-content\/uploads\/2025\/02\/carado-imagebank-data_VE_Van_V339_CU_2025_1002_21-31-41_web-1024x682.jpg 1024w, https:\/\/www.touringcars.com\/wp-content\/uploads\/2025\/02\/carado-imagebank-data_VE_Van_V339_CU_2025_1002_21-31-41_web-768x512.jpg 768w, https:\/\/www.touringcars.com\/wp-content\/uploads\/2025\/02\/carado-imagebank-data_VE_Van_V339_CU_2025_1002_21-31-41_web-1536x1024.jpg 1536w, https:\/\/www.touringcars.com\/wp-content\/uploads\/2025\/02\/carado-imagebank-data_VE_Van_V339_CU_2025_1002_21-31-41_web-2048x1365.jpg 2048w, https:\/\/www.touringcars.com\/wp-content\/uploads\/2025\/02\/carado-imagebank-data_VE_Van_V339_CU_2025_1002_21-31-41_web-890x593.jpg 890w, https:\/\/www.touringcars.com\/wp-content\/uploads\/2025\/02\/carado-imagebank-data_VE_Van_V339_CU_2025_1002_21-31-41_web-714x476.jpg 714w, https:\/\/www.touringcars.com\/wp-content\/uploads\/2025\/02\/carado-imagebank-data_VE_Van_V339_CU_2025_1002_21-31-41_web-450x300.jpg 450w, https:\/\/www.touringcars.com\/wp-content\/uploads\/2025\/02\/carado-imagebank-data_VE_Van_V339_CU_2025_1002_21-31-41_web-367x245.jpg 367w\" alt=\"SMALL \u2013 para 2\"><\/a><\/div><div class=\"content-container\"><h3><a href=\"https:\/\/www.touringcars.com\/es\/vehicle-category\/small\/\">SMALL \u2013 para 2<\/a><\/h3><\/div><\/article><\/li><li class=\"glide__slide\"><article class=\"article reveal\"><div class=\"image-container\"><a href=\"https:\/\/www.touringcars.com\/es\/vehicle-category\/luxury-small\/\"><img decoding=\"async\" src=\"https:\/\/www.touringcars.com\/wp-content\/uploads\/2025\/02\/carado-imagebank-data_VE_Semi-Integrated_T447_CU_2025_1502_21-31-41_WEB-574x383.jpg\" srcset=\"https:\/\/www.touringcars.com\/wp-content\/uploads\/2025\/02\/carado-imagebank-data_VE_Semi-Integrated_T447_CU_2025_1502_21-31-41_WEB-300x200.jpg 300w, https:\/\/www.touringcars.com\/wp-content\/uploads\/2025\/02\/carado-imagebank-data_VE_Semi-Integrated_T447_CU_2025_1502_21-31-41_WEB-2048x1365.jpg 2048w, https:\/\/www.touringcars.com\/wp-content\/uploads\/2025\/02\/carado-imagebank-data_VE_Semi-Integrated_T447_CU_2025_1502_21-31-41_WEB-890x593.jpg 890w, https:\/\/www.touringcars.com\/wp-content\/uploads\/2025\/02\/carado-imagebank-data_VE_Semi-Integrated_T447_CU_2025_1502_21-31-41_WEB-768x512.jpg 768w, https:\/\/www.touringcars.com\/wp-content\/uploads\/2025\/02\/carado-imagebank-data_VE_Semi-Integrated_T447_CU_2025_1502_21-31-41_WEB-1024x683.jpg 1024w, https:\/\/www.touringcars.com\/wp-content\/uploads\/2025\/02\/carado-imagebank-data_VE_Semi-Integrated_T447_CU_2025_1502_21-31-41_WEB-1536x1024.jpg 1536w, https:\/\/www.touringcars.com\/wp-content\/uploads\/2025\/02\/carado-imagebank-data_VE_Semi-Integrated_T447_CU_2025_1502_21-31-41_WEB-1920x1280.jpg 1920w, https:\/\/www.touringcars.com\/wp-content\/uploads\/2025\/02\/carado-imagebank-data_VE_Semi-Integrated_T447_CU_2025_1502_21-31-41_WEB-714x476.jpg 714w, https:\/\/www.touringcars.com\/wp-content\/uploads\/2025\/02\/carado-imagebank-data_VE_Semi-Integrated_T447_CU_2025_1502_21-31-41_WEB-180x120.jpg 180w, https:\/\/www.touringcars.com\/wp-content\/uploads\/2025\/02\/carado-imagebank-data_VE_Semi-Integrated_T447_CU_2025_1502_21-31-41_WEB-412x275.jpg 412w, https:\/\/www.touringcars.com\/wp-content\/uploads\/2025\/02\/carado-imagebank-data_VE_Semi-Integrated_T447_CU_2025_1502_21-31-41_WEB-574x383.jpg 574w, https:\/\/www.touringcars.com\/wp-content\/uploads\/2025\/02\/carado-imagebank-data_VE_Semi-Integrated_T447_CU_2025_1502_21-31-41_WEB-367x245.jpg 367w\" alt=\"LUXURY &#8211; for 2\"><\/a><\/div><div class=\"content-container\"><h3><a href=\"https:\/\/www.touringcars.com\/es\/vehicle-category\/luxury-small\/\">LUXURY &#8211; for 2<\/a><\/h3><\/div><\/article><\/li><li class=\"glide__slide\"><article class=\"article reveal\"><div class=\"image-container\"><a href=\"https:\/\/www.touringcars.com\/es\/vehicle-category\/medium\/\"><img decoding=\"async\" src=\"https:\/\/www.touringcars.com\/wp-content\/uploads\/2025\/02\/carado-imagebank-data_VE_Semi-Integrated_T448_CU_2025_1002_21-31-41_web-450x300.jpg\" srcset=\"https:\/\/www.touringcars.com\/wp-content\/uploads\/2025\/02\/carado-imagebank-data_VE_Semi-Integrated_T448_CU_2025_1002_21-31-41_web-300x200.jpg 300w, https:\/\/www.touringcars.com\/wp-content\/uploads\/2025\/02\/carado-imagebank-data_VE_Semi-Integrated_T448_CU_2025_1002_21-31-41_web-1024x682.jpg 1024w, https:\/\/www.touringcars.com\/wp-content\/uploads\/2025\/02\/carado-imagebank-data_VE_Semi-Integrated_T448_CU_2025_1002_21-31-41_web-768x512.jpg 768w, https:\/\/www.touringcars.com\/wp-content\/uploads\/2025\/02\/carado-imagebank-data_VE_Semi-Integrated_T448_CU_2025_1002_21-31-41_web-1536x1024.jpg 1536w, https:\/\/www.touringcars.com\/wp-content\/uploads\/2025\/02\/carado-imagebank-data_VE_Semi-Integrated_T448_CU_2025_1002_21-31-41_web-2048x1365.jpg 2048w, https:\/\/www.touringcars.com\/wp-content\/uploads\/2025\/02\/carado-imagebank-data_VE_Semi-Integrated_T448_CU_2025_1002_21-31-41_web-890x593.jpg 890w, https:\/\/www.touringcars.com\/wp-content\/uploads\/2025\/02\/carado-imagebank-data_VE_Semi-Integrated_T448_CU_2025_1002_21-31-41_web-714x476.jpg 714w, https:\/\/www.touringcars.com\/wp-content\/uploads\/2025\/02\/carado-imagebank-data_VE_Semi-Integrated_T448_CU_2025_1002_21-31-41_web-450x300.jpg 450w, https:\/\/www.touringcars.com\/wp-content\/uploads\/2025\/02\/carado-imagebank-data_VE_Semi-Integrated_T448_CU_2025_1002_21-31-41_web-367x245.jpg 367w\" alt=\"MEDIUM &#8211; para 4\"><\/a><\/div><div class=\"content-container\"><h3><a href=\"https:\/\/www.touringcars.com\/es\/vehicle-category\/medium\/\">MEDIUM &#8211; para 4<\/a><\/h3><\/div><\/article><\/li><li class=\"glide__slide\"><article class=\"article reveal\"><div class=\"image-container\"><a href=\"https:\/\/www.touringcars.com\/es\/vehicle-category\/luxury\/\"><img decoding=\"async\" src=\"https:\/\/www.touringcars.com\/wp-content\/uploads\/2025\/02\/carado-imagebank-data_VE_Semi-Integrated_T447_CU_2025_1502_21-31-41_WEB-450x300.jpg\" srcset=\"https:\/\/www.touringcars.com\/wp-content\/uploads\/2025\/02\/carado-imagebank-data_VE_Semi-Integrated_T447_CU_2025_1502_21-31-41_WEB-300x200.jpg 300w, https:\/\/www.touringcars.com\/wp-content\/uploads\/2025\/02\/carado-imagebank-data_VE_Semi-Integrated_T447_CU_2025_1502_21-31-41_WEB-1024x683.jpg 1024w, https:\/\/www.touringcars.com\/wp-content\/uploads\/2025\/02\/carado-imagebank-data_VE_Semi-Integrated_T447_CU_2025_1502_21-31-41_WEB-768x512.jpg 768w, https:\/\/www.touringcars.com\/wp-content\/uploads\/2025\/02\/carado-imagebank-data_VE_Semi-Integrated_T447_CU_2025_1502_21-31-41_WEB-1536x1024.jpg 1536w, https:\/\/www.touringcars.com\/wp-content\/uploads\/2025\/02\/carado-imagebank-data_VE_Semi-Integrated_T447_CU_2025_1502_21-31-41_WEB-2048x1365.jpg 2048w, https:\/\/www.touringcars.com\/wp-content\/uploads\/2025\/02\/carado-imagebank-data_VE_Semi-Integrated_T447_CU_2025_1502_21-31-41_WEB-1920x1280.jpg 1920w, https:\/\/www.touringcars.com\/wp-content\/uploads\/2025\/02\/carado-imagebank-data_VE_Semi-Integrated_T447_CU_2025_1502_21-31-41_WEB-890x593.jpg 890w, https:\/\/www.touringcars.com\/wp-content\/uploads\/2025\/02\/carado-imagebank-data_VE_Semi-Integrated_T447_CU_2025_1502_21-31-41_WEB-714x476.jpg 714w, https:\/\/www.touringcars.com\/wp-content\/uploads\/2025\/02\/carado-imagebank-data_VE_Semi-Integrated_T447_CU_2025_1502_21-31-41_WEB-450x300.jpg 450w, https:\/\/www.touringcars.com\/wp-content\/uploads\/2025\/02\/carado-imagebank-data_VE_Semi-Integrated_T447_CU_2025_1502_21-31-41_WEB-367x245.jpg 367w\" alt=\"LUXURY &#8211; para 4\"><\/a><\/div><div class=\"content-container\"><h3><a href=\"https:\/\/www.touringcars.com\/es\/vehicle-category\/luxury\/\">LUXURY &#8211; para 4<\/a><\/h3><\/div><\/article><\/li><li class=\"glide__slide\"><article class=\"article reveal\"><div class=\"image-container\"><a href=\"https:\/\/www.touringcars.com\/es\/vehicle-category\/family\/\"><img decoding=\"async\" src=\"https:\/\/www.touringcars.com\/wp-content\/uploads\/2025\/02\/carado-imagebank-data_VE_Overcab_A361_CU_2025_1002_21-31-41_web-450x300.jpg\" srcset=\"https:\/\/www.touringcars.com\/wp-content\/uploads\/2025\/02\/carado-imagebank-data_VE_Overcab_A361_CU_2025_1002_21-31-41_web-300x200.jpg 300w, https:\/\/www.touringcars.com\/wp-content\/uploads\/2025\/02\/carado-imagebank-data_VE_Overcab_A361_CU_2025_1002_21-31-41_web-1024x682.jpg 1024w, https:\/\/www.touringcars.com\/wp-content\/uploads\/2025\/02\/carado-imagebank-data_VE_Overcab_A361_CU_2025_1002_21-31-41_web-768x512.jpg 768w, https:\/\/www.touringcars.com\/wp-content\/uploads\/2025\/02\/carado-imagebank-data_VE_Overcab_A361_CU_2025_1002_21-31-41_web-1536x1024.jpg 1536w, https:\/\/www.touringcars.com\/wp-content\/uploads\/2025\/02\/carado-imagebank-data_VE_Overcab_A361_CU_2025_1002_21-31-41_web-2048x1365.jpg 2048w, https:\/\/www.touringcars.com\/wp-content\/uploads\/2025\/02\/carado-imagebank-data_VE_Overcab_A361_CU_2025_1002_21-31-41_web-890x593.jpg 890w, https:\/\/www.touringcars.com\/wp-content\/uploads\/2025\/02\/carado-imagebank-data_VE_Overcab_A361_CU_2025_1002_21-31-41_web-714x476.jpg 714w, https:\/\/www.touringcars.com\/wp-content\/uploads\/2025\/02\/carado-imagebank-data_VE_Overcab_A361_CU_2025_1002_21-31-41_web-450x300.jpg 450w, https:\/\/www.touringcars.com\/wp-content\/uploads\/2025\/02\/carado-imagebank-data_VE_Overcab_A361_CU_2025_1002_21-31-41_web-367x245.jpg 367w\" alt=\"FAMILY &#8211; para 5\"><\/a><\/div><div class=\"content-container\"><h3><a href=\"https:\/\/www.touringcars.com\/es\/vehicle-category\/family\/\">FAMILY &#8211; para 5<\/a><\/h3><\/div><\/article><\/li><li class=\"glide__slide\"><article class=\"article reveal\"><div class=\"image-container\"><a href=\"https:\/\/www.touringcars.com\/es\/vehicle-category\/large\/\"><img decoding=\"async\" src=\"https:\/\/www.touringcars.com\/wp-content\/uploads\/2025\/02\/carado-imagebank-data_VE_Overcab_A464_CU_2025_1003_21-31-41_web-450x300.jpg\" srcset=\"https:\/\/www.touringcars.com\/wp-content\/uploads\/2025\/02\/carado-imagebank-data_VE_Overcab_A464_CU_2025_1003_21-31-41_web-300x200.jpg 300w, https:\/\/www.touringcars.com\/wp-content\/uploads\/2025\/02\/carado-imagebank-data_VE_Overcab_A464_CU_2025_1003_21-31-41_web-1024x682.jpg 1024w, https:\/\/www.touringcars.com\/wp-content\/uploads\/2025\/02\/carado-imagebank-data_VE_Overcab_A464_CU_2025_1003_21-31-41_web-768x512.jpg 768w, https:\/\/www.touringcars.com\/wp-content\/uploads\/2025\/02\/carado-imagebank-data_VE_Overcab_A464_CU_2025_1003_21-31-41_web-1536x1024.jpg 1536w, https:\/\/www.touringcars.com\/wp-content\/uploads\/2025\/02\/carado-imagebank-data_VE_Overcab_A464_CU_2025_1003_21-31-41_web-2048x1365.jpg 2048w, https:\/\/www.touringcars.com\/wp-content\/uploads\/2025\/02\/carado-imagebank-data_VE_Overcab_A464_CU_2025_1003_21-31-41_web-890x593.jpg 890w, https:\/\/www.touringcars.com\/wp-content\/uploads\/2025\/02\/carado-imagebank-data_VE_Overcab_A464_CU_2025_1003_21-31-41_web-714x476.jpg 714w, https:\/\/www.touringcars.com\/wp-content\/uploads\/2025\/02\/carado-imagebank-data_VE_Overcab_A464_CU_2025_1003_21-31-41_web-450x300.jpg 450w, https:\/\/www.touringcars.com\/wp-content\/uploads\/2025\/02\/carado-imagebank-data_VE_Overcab_A464_CU_2025_1003_21-31-41_web-367x245.jpg 367w\" alt=\"LARGE &#8211; para 5 y 6\"><\/a><\/div><div class=\"content-container\"><h3><a href=\"https:\/\/www.touringcars.com\/es\/vehicle-category\/large\/\">LARGE &#8211; para 5 y 6<\/a><\/h3><\/div><\/article><\/li><\/ul><\/div><div class=\"glide__controls\"><div class=\"glide__arrows\" data-glide-el=\"controls\"><span class=\"glide__arrow glide__arrow--left\" data-glide-dir=\"<\"><\/span><span class=\"glide__arrow glide__arrow--right\" data-glide-dir=\">\u00ab><\/span><\/div><div class=\"glide__bullets\" data-glide-el=\"controls[nav]\"><span class=\"glide__bullet\" data-glide-dir=\"=0\" data-parent-uid=\"69f2a82c6425e\"><\/span><span class=\"glide__bullet\" data-glide-dir=\"=1\" data-parent-uid=\"69f2a82c6425e\"><\/span><span class=\"glide__bullet\" data-glide-dir=\"=2\" data-parent-uid=\"69f2a82c6425e\"><\/span><span class=\"glide__bullet\" data-glide-dir=\"=3\" data-parent-uid=\"69f2a82c6425e\"><\/span><span class=\"glide__bullet\" data-glide-dir=\"=4\" data-parent-uid=\"69f2a82c6425e\"><\/span><span class=\"glide__bullet\" data-glide-dir=\"=5\" data-parent-uid=\"69f2a82c6425e\"><\/span><span class=\"glide__bullet\" data-glide-dir=\"=6\" data-parent-uid=\"69f2a82c6425e\"><\/span><span class=\"glide__bullet\" data-glide-dir=\"=7\" data-parent-uid=\"69f2a82c6425e\"><\/span><span class=\"glide__bullet\" data-glide-dir=\"=8\" data-parent-uid=\"69f2a82c6425e\"><\/span><span class=\"glide__bullet\" data-glide-dir=\"=9\" data-parent-uid=\"69f2a82c6425e\"><\/span><\/div><\/div><\/div><div class=\"buttons\"><a href=\"https:\/\/www.touringcars.com\/es\/categorias-de-autocaravanas\/\" class=\"btn btn-outline\">Todas las categorias<\/a><\/div>    <\/div>\r\n<\/section>","protected":false},"featured_media":9315,"template":"","class_list":["post-7046","campervans-groups","type-campervans-groups","status-publish","has-post-thumbnail","hentry"],"acf":[],"_links":{"self":[{"href":"https:\/\/www.touringcars.com\/es\/wp-json\/wp\/v2\/campervans-groups\/7046","targetHints":{"allow":["GET"]}}],"collection":[{"href":"https:\/\/www.touringcars.com\/es\/wp-json\/wp\/v2\/campervans-groups"}],"about":[{"href":"https:\/\/www.touringcars.com\/es\/wp-json\/wp\/v2\/types\/campervans-groups"}],"version-history":[{"count":8,"href":"https:\/\/www.touringcars.com\/es\/wp-json\/wp\/v2\/campervans-groups\/7046\/revisions"}],"predecessor-version":[{"id":26865,"href":"https:\/\/www.touringcars.com\/es\/wp-json\/wp\/v2\/campervans-groups\/7046\/revisions\/26865"}],"wp:featuredmedia":[{"embeddable":true,"href":"https:\/\/www.touringcars.com\/es\/wp-json\/wp\/v2\/media\/9315"}],"wp:attachment":[{"href":"https:\/\/www.touringcars.com\/es\/wp-json\/wp\/v2\/media?parent=7046"}],"curies":[{"name":"wp","href":"https:\/\/api.w.org\/{rel}","templated":true}]}}