{"id":7020,"date":"2025-02-17T13:18:47","date_gmt":"2025-02-17T13:18:47","guid":{"rendered":"https:\/\/touringcars.com\/campervan-category\/small\/"},"modified":"2026-02-05T14:34:12","modified_gmt":"2026-02-05T14:34:12","slug":"small","status":"publish","type":"campervans-groups","link":"https:\/\/www.touringcars.com\/de\/vehicle-category\/small\/","title":{"rendered":"SMALL &#8211; f\u00fcr 2"},"content":{"rendered":"<section class=\"block block-textimage\">\r\n    <div class=\"container\">\r\n        <div class=\"content-row image-placement-left\">\r\n            <div class=\"content-container reveal\">\r\n                <h3>Ger\u00e4umigere Option f\u00fcr Paare<\/h3><p class=\"text-align-center\">Unsere Mietfahrzeuge der Kategorie <strong data-start=\"35\" data-end=\"52\">Premium SMALL<\/strong> sind die ideale Wahl f\u00fcr Paare, die einen privaten Urlaub voller Erlebnisse planen. Dank der kompakten Gr\u00f6\u00dfe lassen sich diese Camper m\u00fchelos auf schmalen, landschaftlich reizvollen Strecken ebenso fahren wie durch st\u00e4dtische Stra\u00dfen.<\/p>\n            <\/div>\r\n            <div class=\"image-container reveal\">\r\n                <div class=\"glide image-slider\" data-uid=\"69f2a5691088a\"><div class=\"glide__track\" data-glide-el=\"track\"><ul class=\"glide__slides\"><li class=\"glide__slide\"><img decoding=\"async\" src=\"https:\/\/www.touringcars.com\/wp-content\/uploads\/2025\/02\/carado-imagebank-data_VE_Semi-Integrated_T448_PI_2024_0142_21-31-41_WEB-382x574.jpg\" srcset=\"https:\/\/www.touringcars.com\/wp-content\/uploads\/2025\/02\/carado-imagebank-data_VE_Semi-Integrated_T448_PI_2024_0142_21-31-41_WEB-200x300.jpg 200w, https:\/\/www.touringcars.com\/wp-content\/uploads\/2025\/02\/carado-imagebank-data_VE_Semi-Integrated_T448_PI_2024_0142_21-31-41_WEB-681x1024.jpg 681w, https:\/\/www.touringcars.com\/wp-content\/uploads\/2025\/02\/carado-imagebank-data_VE_Semi-Integrated_T448_PI_2024_0142_21-31-41_WEB-768x1154.jpg 768w, https:\/\/www.touringcars.com\/wp-content\/uploads\/2025\/02\/carado-imagebank-data_VE_Semi-Integrated_T448_PI_2024_0142_21-31-41_WEB-1022x1536.jpg 1022w, https:\/\/www.touringcars.com\/wp-content\/uploads\/2025\/02\/carado-imagebank-data_VE_Semi-Integrated_T448_PI_2024_0142_21-31-41_WEB-1363x2048.jpg 1363w, https:\/\/www.touringcars.com\/wp-content\/uploads\/2025\/02\/carado-imagebank-data_VE_Semi-Integrated_T448_PI_2024_0142_21-31-41_WEB-1277x1920.jpg 1277w, https:\/\/www.touringcars.com\/wp-content\/uploads\/2025\/02\/carado-imagebank-data_VE_Semi-Integrated_T448_PI_2024_0142_21-31-41_WEB-395x593.jpg 395w, https:\/\/www.touringcars.com\/wp-content\/uploads\/2025\/02\/carado-imagebank-data_VE_Semi-Integrated_T448_PI_2024_0142_21-31-41_WEB-353x531.jpg 353w, https:\/\/www.touringcars.com\/wp-content\/uploads\/2025\/02\/carado-imagebank-data_VE_Semi-Integrated_T448_PI_2024_0142_21-31-41_WEB-382x574.jpg 382w, https:\/\/www.touringcars.com\/wp-content\/uploads\/2025\/02\/carado-imagebank-data_VE_Semi-Integrated_T448_PI_2024_0142_21-31-41_WEB-scaled.jpg 1703w\" alt=\"_carado-imagebank-data_VE_Semi-Integrated_T448_PI_2024_0142_21-31-41_WEB\"><\/li><li class=\"glide__slide\"><img decoding=\"async\" src=\"https:\/\/www.touringcars.com\/wp-content\/uploads\/2025\/02\/2023_rm_optima_ontour_edition_v65_ge_innen_bettverbreiterung_BEAR_PRESSE_lowres.jpeg-533x300.webp\" srcset=\"https:\/\/www.touringcars.com\/wp-content\/uploads\/2025\/02\/2023_rm_optima_ontour_edition_v65_ge_innen_bettverbreiterung_BEAR_PRESSE_lowres.jpeg-300x169.webp 300w, https:\/\/www.touringcars.com\/wp-content\/uploads\/2025\/02\/2023_rm_optima_ontour_edition_v65_ge_innen_bettverbreiterung_BEAR_PRESSE_lowres.jpeg-768x432.webp 768w, https:\/\/www.touringcars.com\/wp-content\/uploads\/2025\/02\/2023_rm_optima_ontour_edition_v65_ge_innen_bettverbreiterung_BEAR_PRESSE_lowres.jpeg-714x402.webp 714w, https:\/\/www.touringcars.com\/wp-content\/uploads\/2025\/02\/2023_rm_optima_ontour_edition_v65_ge_innen_bettverbreiterung_BEAR_PRESSE_lowres.jpeg-533x300.webp 533w, https:\/\/www.touringcars.com\/wp-content\/uploads\/2025\/02\/2023_rm_optima_ontour_edition_v65_ge_innen_bettverbreiterung_BEAR_PRESSE_lowres.jpeg-846x476.webp 846w, https:\/\/www.touringcars.com\/wp-content\/uploads\/2025\/02\/2023_rm_optima_ontour_edition_v65_ge_innen_bettverbreiterung_BEAR_PRESSE_lowres.jpeg.webp 1024w\" alt=\"2023_rm_optima_ontour_edition_v65_ge_innen_bettverbreiterung_BEAR_PRESSE_lowres.jpeg\"><\/li><li class=\"glide__slide\"><img decoding=\"async\" src=\"https:\/\/www.touringcars.com\/wp-content\/uploads\/2025\/02\/2021_rm_optima_ontour_edition_v65_ge_innen_kueche_BEAR_PRESSE_lowres.jpg-533x300.webp\" srcset=\"https:\/\/www.touringcars.com\/wp-content\/uploads\/2025\/02\/2021_rm_optima_ontour_edition_v65_ge_innen_kueche_BEAR_PRESSE_lowres.jpg-300x169.webp 300w, https:\/\/www.touringcars.com\/wp-content\/uploads\/2025\/02\/2021_rm_optima_ontour_edition_v65_ge_innen_kueche_BEAR_PRESSE_lowres.jpg-768x432.webp 768w, https:\/\/www.touringcars.com\/wp-content\/uploads\/2025\/02\/2021_rm_optima_ontour_edition_v65_ge_innen_kueche_BEAR_PRESSE_lowres.jpg-714x402.webp 714w, https:\/\/www.touringcars.com\/wp-content\/uploads\/2025\/02\/2021_rm_optima_ontour_edition_v65_ge_innen_kueche_BEAR_PRESSE_lowres.jpg-533x300.webp 533w, https:\/\/www.touringcars.com\/wp-content\/uploads\/2025\/02\/2021_rm_optima_ontour_edition_v65_ge_innen_kueche_BEAR_PRESSE_lowres.jpg-846x476.webp 846w, https:\/\/www.touringcars.com\/wp-content\/uploads\/2025\/02\/2021_rm_optima_ontour_edition_v65_ge_innen_kueche_BEAR_PRESSE_lowres.jpg.webp 1024w\" alt=\"2021_rm_optima_ontour_edition_v65_ge_innen_kueche_BEAR_PRESSE_lowres.jpg\"><\/li><li class=\"glide__slide\"><img decoding=\"async\" src=\"https:\/\/www.touringcars.com\/wp-content\/uploads\/2025\/02\/2021_rm_optima_ontour_edition_v65gq_queensbett_frontal_BEAR_PRESSE_lowres.jpg-533x300.webp\" srcset=\"https:\/\/www.touringcars.com\/wp-content\/uploads\/2025\/02\/2021_rm_optima_ontour_edition_v65gq_queensbett_frontal_BEAR_PRESSE_lowres.jpg-300x169.webp 300w, https:\/\/www.touringcars.com\/wp-content\/uploads\/2025\/02\/2021_rm_optima_ontour_edition_v65gq_queensbett_frontal_BEAR_PRESSE_lowres.jpg-768x432.webp 768w, https:\/\/www.touringcars.com\/wp-content\/uploads\/2025\/02\/2021_rm_optima_ontour_edition_v65gq_queensbett_frontal_BEAR_PRESSE_lowres.jpg-714x402.webp 714w, https:\/\/www.touringcars.com\/wp-content\/uploads\/2025\/02\/2021_rm_optima_ontour_edition_v65gq_queensbett_frontal_BEAR_PRESSE_lowres.jpg-533x300.webp 533w, https:\/\/www.touringcars.com\/wp-content\/uploads\/2025\/02\/2021_rm_optima_ontour_edition_v65gq_queensbett_frontal_BEAR_PRESSE_lowres.jpg-846x476.webp 846w, https:\/\/www.touringcars.com\/wp-content\/uploads\/2025\/02\/2021_rm_optima_ontour_edition_v65gq_queensbett_frontal_BEAR_PRESSE_lowres.jpg.webp 1024w\" alt=\"2021_rm_optima_ontour_edition_v65gq_queensbett_frontal_BEAR_PRESSE_lowres.jpg\"><\/li><li class=\"glide__slide\"><img decoding=\"async\" src=\"https:\/\/www.touringcars.com\/wp-content\/uploads\/2025\/02\/2022_rm_optima_ontour_edition_v65_ge_innen_arbeitsplattenerweiterung_BEAR_PRESSE_lowres.jpeg-533x300.webp\" srcset=\"https:\/\/www.touringcars.com\/wp-content\/uploads\/2025\/02\/2022_rm_optima_ontour_edition_v65_ge_innen_arbeitsplattenerweiterung_BEAR_PRESSE_lowres.jpeg-300x169.webp 300w, https:\/\/www.touringcars.com\/wp-content\/uploads\/2025\/02\/2022_rm_optima_ontour_edition_v65_ge_innen_arbeitsplattenerweiterung_BEAR_PRESSE_lowres.jpeg-768x432.webp 768w, https:\/\/www.touringcars.com\/wp-content\/uploads\/2025\/02\/2022_rm_optima_ontour_edition_v65_ge_innen_arbeitsplattenerweiterung_BEAR_PRESSE_lowres.jpeg-714x402.webp 714w, https:\/\/www.touringcars.com\/wp-content\/uploads\/2025\/02\/2022_rm_optima_ontour_edition_v65_ge_innen_arbeitsplattenerweiterung_BEAR_PRESSE_lowres.jpeg-533x300.webp 533w, https:\/\/www.touringcars.com\/wp-content\/uploads\/2025\/02\/2022_rm_optima_ontour_edition_v65_ge_innen_arbeitsplattenerweiterung_BEAR_PRESSE_lowres.jpeg-846x476.webp 846w, https:\/\/www.touringcars.com\/wp-content\/uploads\/2025\/02\/2022_rm_optima_ontour_edition_v65_ge_innen_arbeitsplattenerweiterung_BEAR_PRESSE_lowres.jpeg.webp 1024w\" alt=\"2022_rm_optima_ontour_edition_v65_ge_innen_arbeitsplattenerweiterung_BEAR_PRESSE_lowres.jpeg\"><\/li><li class=\"glide__slide\"><img decoding=\"async\" src=\"https:\/\/www.touringcars.com\/wp-content\/uploads\/2025\/02\/2020-rm-optima-deluxe-t70f-innen-people-kueche-051-PRESSE_lowres.jpg-533x300.webp\" srcset=\"https:\/\/www.touringcars.com\/wp-content\/uploads\/2025\/02\/2020-rm-optima-deluxe-t70f-innen-people-kueche-051-PRESSE_lowres.jpg-300x169.webp 300w, https:\/\/www.touringcars.com\/wp-content\/uploads\/2025\/02\/2020-rm-optima-deluxe-t70f-innen-people-kueche-051-PRESSE_lowres.jpg-768x432.webp 768w, https:\/\/www.touringcars.com\/wp-content\/uploads\/2025\/02\/2020-rm-optima-deluxe-t70f-innen-people-kueche-051-PRESSE_lowres.jpg-714x402.webp 714w, https:\/\/www.touringcars.com\/wp-content\/uploads\/2025\/02\/2020-rm-optima-deluxe-t70f-innen-people-kueche-051-PRESSE_lowres.jpg-533x300.webp 533w, https:\/\/www.touringcars.com\/wp-content\/uploads\/2025\/02\/2020-rm-optima-deluxe-t70f-innen-people-kueche-051-PRESSE_lowres.jpg-846x476.webp 846w, https:\/\/www.touringcars.com\/wp-content\/uploads\/2025\/02\/2020-rm-optima-deluxe-t70f-innen-people-kueche-051-PRESSE_lowres.jpg.webp 1024w\" alt=\"2020-rm-optima-deluxe-t70f-innen-people-kueche-051-PRESSE_lowres.jpg\"><\/li><\/ul><\/div><div class=\"glide__controls\"><div class=\"glide__arrows\" data-glide-el=\"controls\"><span class=\"glide__arrow glide__arrow--left\" aria-label=\"Links\" data-glide-dir=\"<\"><\/span><span class=\"glide__arrow glide__arrow--right\" aria-label=\"Rechts\" data-glide-dir=\">&#8222;><\/span><\/div><div class=\"glide__bullets\" data-glide-el=\"controls[nav]\"><span class=\"glide__bullet\" data-glide-dir=\"=0\" data-parent-uid=\"69f2a5691088a\"><\/span><span class=\"glide__bullet\" data-glide-dir=\"=1\" data-parent-uid=\"69f2a5691088a\"><\/span><span class=\"glide__bullet\" data-glide-dir=\"=2\" data-parent-uid=\"69f2a5691088a\"><\/span><span class=\"glide__bullet\" data-glide-dir=\"=3\" data-parent-uid=\"69f2a5691088a\"><\/span><span class=\"glide__bullet\" data-glide-dir=\"=4\" data-parent-uid=\"69f2a5691088a\"><\/span><span class=\"glide__bullet\" data-glide-dir=\"=5\" data-parent-uid=\"69f2a5691088a\"><\/span><\/div><\/div><\/div>            <\/div>\r\n        <\/div>\r\n    <\/div>\r\n<\/section>\n\n<section class=\"block block-iconrow bg-white bottom-spacing-zero\">\r\n    <div class=\"container\">\r\n        <div class=\"content-container reveal\">\r\n            <h2>Besten Wert f\u00fcr Ihr Geld<\/h2><div class=\"icon-row\"><div class=\"icon-item\"><img decoding=\"async\" src=\"https:\/\/www.touringcars.com\/wp-content\/uploads\/2025\/02\/Clean_blue.svg\" alt=\"Clean_blue\"><div class=\"label\">Voll ausgestattete, ma\u00dfgeschneiderte und gut gewartete Reisemobile<\/div><\/div><div class=\"icon-item\"><img decoding=\"async\" src=\"https:\/\/www.touringcars.com\/wp-content\/uploads\/2025\/02\/Five-stars_blue.svg\" alt=\"Five stars_blue\"><div class=\"label\">Pers\u00f6nliche Betreuung von Anfang bis Ende<\/div><\/div><div class=\"icon-item\"><img decoding=\"async\" src=\"https:\/\/www.touringcars.com\/wp-content\/uploads\/2025\/02\/Airport-transfer2_blue.svg\" alt=\"Airport transfer2_blue\"><div class=\"label\">Kostenloser Abholung vom Flughafen<\/div><\/div><div class=\"icon-item\"><img decoding=\"async\" src=\"https:\/\/www.touringcars.com\/wp-content\/uploads\/2025\/02\/road-assistance_blue.svg\" alt=\"road assistance_blue\"><div class=\"label\">24\/7 Pannenhilfe<\/div><\/div><div class=\"icon-item\"><img decoding=\"async\" src=\"https:\/\/www.touringcars.com\/wp-content\/uploads\/2025\/02\/Unlimited-mileage-3_blue.svg\" alt=\"Unlimited mileage 3_blue\"><div class=\"label\">Unbegrenzte Kilometer<\/div><\/div><\/div>        <\/div>\r\n    <\/div>\r\n<\/section>\n\n<section class=\"block block-textimage hide-during-booking hide-on-vehicle-pages\">\r\n    <div class=\"container\">\r\n        <div class=\"content-row image-placement-right\">\r\n            <div class=\"content-container reveal\">\r\n                <h3>Features of SMALL<\/h3><ul>\n<li>Nur F\u00fchrerschein Klasse B erforderlich<\/li>\n<li>Schalt- \/ Automatikgetriebe<\/li>\n<li>Turbodieselmotor<\/li>\n<li>Voll ausgestattete K\u00fcche inklusive Geschirr und Besteck<\/li>\n<li>K\u00fchlschrank<\/li>\n<li>Gasherd<\/li>\n<li>WC und Dusche<\/li>\n<li>Heizung sowie Klimaanlage im Fahrzeug<\/li>\n<li>Navigationssystem<\/li>\n<li>Stromkabel<\/li>\n<li>Wasserschlauch &amp; Gie\u00dfkanne<\/li>\n<\/ul>\n            <\/div>\r\n            <div class=\"image-container reveal\">\r\n                <div class=\"glide image-slider\" data-uid=\"69f2a5691d383\"><div class=\"glide__track\" data-glide-el=\"track\"><ul class=\"glide__slides\"><li class=\"glide__slide\"><img decoding=\"async\" src=\"https:\/\/www.touringcars.com\/wp-content\/uploads\/2025\/02\/carado-imagebank-data_VE_Overcab_A464_PI_2025_0007_21-31-41_web-1-225x300.jpg\" srcset=\"https:\/\/www.touringcars.com\/wp-content\/uploads\/2025\/02\/carado-imagebank-data_VE_Overcab_A464_PI_2025_0007_21-31-41_web-1-225x300.jpg 225w, https:\/\/www.touringcars.com\/wp-content\/uploads\/2025\/02\/carado-imagebank-data_VE_Overcab_A464_PI_2025_0007_21-31-41_web-1-768x1024.jpg 768w, https:\/\/www.touringcars.com\/wp-content\/uploads\/2025\/02\/carado-imagebank-data_VE_Overcab_A464_PI_2025_0007_21-31-41_web-1-1152x1536.jpg 1152w, https:\/\/www.touringcars.com\/wp-content\/uploads\/2025\/02\/carado-imagebank-data_VE_Overcab_A464_PI_2025_0007_21-31-41_web-1-1536x2048.jpg 1536w, https:\/\/www.touringcars.com\/wp-content\/uploads\/2025\/02\/carado-imagebank-data_VE_Overcab_A464_PI_2025_0007_21-31-41_web-1-445x593.jpg 445w, https:\/\/www.touringcars.com\/wp-content\/uploads\/2025\/02\/carado-imagebank-data_VE_Overcab_A464_PI_2025_0007_21-31-41_web-1-398x531.jpg 398w, https:\/\/www.touringcars.com\/wp-content\/uploads\/2025\/02\/carado-imagebank-data_VE_Overcab_A464_PI_2025_0007_21-31-41_web-1.jpg 1650w\" alt=\"_carado-imagebank-data_VE_Overcab_A464_PI_2025_0007_21-31-41_web\"><\/li><li class=\"glide__slide\"><img decoding=\"async\" src=\"https:\/\/www.touringcars.com\/wp-content\/uploads\/2025\/02\/carado-imagebank-data_VE_Van_V337_PI_2025_0134_21-31-41_web-200x300.jpg\" srcset=\"https:\/\/www.touringcars.com\/wp-content\/uploads\/2025\/02\/carado-imagebank-data_VE_Van_V337_PI_2025_0134_21-31-41_web-200x300.jpg 200w, https:\/\/www.touringcars.com\/wp-content\/uploads\/2025\/02\/carado-imagebank-data_VE_Van_V337_PI_2025_0134_21-31-41_web-682x1024.jpg 682w, https:\/\/www.touringcars.com\/wp-content\/uploads\/2025\/02\/carado-imagebank-data_VE_Van_V337_PI_2025_0134_21-31-41_web-768x1153.jpg 768w, https:\/\/www.touringcars.com\/wp-content\/uploads\/2025\/02\/carado-imagebank-data_VE_Van_V337_PI_2025_0134_21-31-41_web-1024x1536.jpg 1024w, https:\/\/www.touringcars.com\/wp-content\/uploads\/2025\/02\/carado-imagebank-data_VE_Van_V337_PI_2025_0134_21-31-41_web-1365x2048.jpg 1365w, https:\/\/www.touringcars.com\/wp-content\/uploads\/2025\/02\/carado-imagebank-data_VE_Van_V337_PI_2025_0134_21-31-41_web-395x593.jpg 395w, https:\/\/www.touringcars.com\/wp-content\/uploads\/2025\/02\/carado-imagebank-data_VE_Van_V337_PI_2025_0134_21-31-41_web-354x531.jpg 354w, https:\/\/www.touringcars.com\/wp-content\/uploads\/2025\/02\/carado-imagebank-data_VE_Van_V337_PI_2025_0134_21-31-41_web.jpg 1466w\" alt=\"_carado-imagebank-data_VE_Van_V337_PI_2025_0134_21-31-41_web\"><\/li><li class=\"glide__slide\"><img decoding=\"async\" src=\"https:\/\/www.touringcars.com\/wp-content\/uploads\/2025\/01\/carado-imagebank-data_VE_Camper-Van_CV600_IT_2025_1506_21-31-41_WEB-450x300.jpg\" srcset=\"https:\/\/www.touringcars.com\/wp-content\/uploads\/2025\/01\/carado-imagebank-data_VE_Camper-Van_CV600_IT_2025_1506_21-31-41_WEB-300x200.jpg 300w, https:\/\/www.touringcars.com\/wp-content\/uploads\/2025\/01\/carado-imagebank-data_VE_Camper-Van_CV600_IT_2025_1506_21-31-41_WEB-1024x682.jpg 1024w, https:\/\/www.touringcars.com\/wp-content\/uploads\/2025\/01\/carado-imagebank-data_VE_Camper-Van_CV600_IT_2025_1506_21-31-41_WEB-768x512.jpg 768w, https:\/\/www.touringcars.com\/wp-content\/uploads\/2025\/01\/carado-imagebank-data_VE_Camper-Van_CV600_IT_2025_1506_21-31-41_WEB-1536x1024.jpg 1536w, https:\/\/www.touringcars.com\/wp-content\/uploads\/2025\/01\/carado-imagebank-data_VE_Camper-Van_CV600_IT_2025_1506_21-31-41_WEB-2048x1365.jpg 2048w, https:\/\/www.touringcars.com\/wp-content\/uploads\/2025\/01\/carado-imagebank-data_VE_Camper-Van_CV600_IT_2025_1506_21-31-41_WEB-890x593.jpg 890w, https:\/\/www.touringcars.com\/wp-content\/uploads\/2025\/01\/carado-imagebank-data_VE_Camper-Van_CV600_IT_2025_1506_21-31-41_WEB-714x476.jpg 714w, https:\/\/www.touringcars.com\/wp-content\/uploads\/2025\/01\/carado-imagebank-data_VE_Camper-Van_CV600_IT_2025_1506_21-31-41_WEB-450x300.jpg 450w, https:\/\/www.touringcars.com\/wp-content\/uploads\/2025\/01\/carado-imagebank-data_VE_Camper-Van_CV600_IT_2025_1506_21-31-41_WEB-367x245.jpg 367w\" alt=\"_carado-imagebank-data_VE_Camper-Van_CV600_IT_2025_1506_21-31-41_WEB\"><\/li><\/ul><\/div><div class=\"glide__controls\"><div class=\"glide__arrows\" data-glide-el=\"controls\"><span class=\"glide__arrow glide__arrow--left\" aria-label=\"Links\" data-glide-dir=\"<\"><\/span><span class=\"glide__arrow glide__arrow--right\" aria-label=\"Rechts\" data-glide-dir=\">&#8222;><\/span><\/div><div class=\"glide__bullets\" data-glide-el=\"controls[nav]\"><span class=\"glide__bullet\" data-glide-dir=\"=0\" data-parent-uid=\"69f2a5691d383\"><\/span><span class=\"glide__bullet\" data-glide-dir=\"=1\" data-parent-uid=\"69f2a5691d383\"><\/span><span class=\"glide__bullet\" data-glide-dir=\"=2\" data-parent-uid=\"69f2a5691d383\"><\/span><\/div><\/div><\/div>            <\/div>\r\n        <\/div>\r\n    <\/div>\r\n<\/section>\n\n<section class=\"block block-gallery bottom-spacing-zero\">\r\n    <div class=\"container container-full\">\r\n        <h2>Layout<\/h2><div class=\"image-gallery\"><a href=\"https:\/\/www.touringcars.com\/wp-content\/uploads\/2025\/01\/carado-imagebank-data_VE_Van_V337_GP_2025_0001_21-31-41_WEB.jpg\" class=\"lightbox\"><img decoding=\"async\" src=\"https:\/\/www.touringcars.com\/wp-content\/uploads\/2025\/01\/carado-imagebank-data_VE_Van_V337_GP_2025_0001_21-31-41_WEB-558x279.jpg\" srcset=\"https:\/\/www.touringcars.com\/wp-content\/uploads\/2025\/01\/carado-imagebank-data_VE_Van_V337_GP_2025_0001_21-31-41_WEB-300x150.jpg 300w, https:\/\/www.touringcars.com\/wp-content\/uploads\/2025\/01\/carado-imagebank-data_VE_Van_V337_GP_2025_0001_21-31-41_WEB-1024x512.jpg 1024w, https:\/\/www.touringcars.com\/wp-content\/uploads\/2025\/01\/carado-imagebank-data_VE_Van_V337_GP_2025_0001_21-31-41_WEB-768x384.jpg 768w, https:\/\/www.touringcars.com\/wp-content\/uploads\/2025\/01\/carado-imagebank-data_VE_Van_V337_GP_2025_0001_21-31-41_WEB-1536x768.jpg 1536w, https:\/\/www.touringcars.com\/wp-content\/uploads\/2025\/01\/carado-imagebank-data_VE_Van_V337_GP_2025_0001_21-31-41_WEB-2048x1024.jpg 2048w, https:\/\/www.touringcars.com\/wp-content\/uploads\/2025\/01\/carado-imagebank-data_VE_Van_V337_GP_2025_0001_21-31-41_WEB-1186x593.jpg 1186w, https:\/\/www.touringcars.com\/wp-content\/uploads\/2025\/01\/carado-imagebank-data_VE_Van_V337_GP_2025_0001_21-31-41_WEB-714x357.jpg 714w, https:\/\/www.touringcars.com\/wp-content\/uploads\/2025\/01\/carado-imagebank-data_VE_Van_V337_GP_2025_0001_21-31-41_WEB-558x279.jpg 558w\" alt=\"_carado-imagebank-data_VE_Van_V337_GP_2025_0001_21-31-41_WEB\"><\/a><a href=\"https:\/\/www.touringcars.com\/wp-content\/uploads\/2025\/01\/carado-imagebank-data_VE_Van_V339_GP_2025_0001_21-31-41_WEB.jpg\" class=\"lightbox\"><img decoding=\"async\" src=\"https:\/\/www.touringcars.com\/wp-content\/uploads\/2025\/01\/carado-imagebank-data_VE_Van_V339_GP_2025_0001_21-31-41_WEB-558x279.jpg\" srcset=\"https:\/\/www.touringcars.com\/wp-content\/uploads\/2025\/01\/carado-imagebank-data_VE_Van_V339_GP_2025_0001_21-31-41_WEB-300x150.jpg 300w, https:\/\/www.touringcars.com\/wp-content\/uploads\/2025\/01\/carado-imagebank-data_VE_Van_V339_GP_2025_0001_21-31-41_WEB-1024x512.jpg 1024w, https:\/\/www.touringcars.com\/wp-content\/uploads\/2025\/01\/carado-imagebank-data_VE_Van_V339_GP_2025_0001_21-31-41_WEB-768x384.jpg 768w, https:\/\/www.touringcars.com\/wp-content\/uploads\/2025\/01\/carado-imagebank-data_VE_Van_V339_GP_2025_0001_21-31-41_WEB-1536x768.jpg 1536w, https:\/\/www.touringcars.com\/wp-content\/uploads\/2025\/01\/carado-imagebank-data_VE_Van_V339_GP_2025_0001_21-31-41_WEB-2048x1024.jpg 2048w, https:\/\/www.touringcars.com\/wp-content\/uploads\/2025\/01\/carado-imagebank-data_VE_Van_V339_GP_2025_0001_21-31-41_WEB-1186x593.jpg 1186w, https:\/\/www.touringcars.com\/wp-content\/uploads\/2025\/01\/carado-imagebank-data_VE_Van_V339_GP_2025_0001_21-31-41_WEB-714x357.jpg 714w, https:\/\/www.touringcars.com\/wp-content\/uploads\/2025\/01\/carado-imagebank-data_VE_Van_V339_GP_2025_0001_21-31-41_WEB-558x279.jpg 558w\" alt=\"_carado-imagebank-data_VE_Van_V339_GP_2025_0001_21-31-41_WEB\"><\/a>    <\/div>\r\n<\/section>\n\n\n<p style=\"font-size:14px\">Bitte beachten Sie, dass die auf dieser Website gezeigten Wohnmobil-Typen nur zur Illustration dienen. Die tats\u00e4chlichen Miet-Wohnmobile weichen von den Fotos und Abbildungen ab. Dies bedeutet, dass auch Fahrzeugdetails wie z.B. die Bettma\u00dfe variieren k\u00f6nnen. Touring Cars beh\u00e4lt sich das Recht vor, Spezifikationen zu \u00e4ndern und\/oder ein \u00e4hnliches oder h\u00f6herwertiges Fahrzeug ohne vorherige Ank\u00fcndigung zu dem angegebenen Preis anzubieten.   <\/p>\n\n\n<section style=\"background-image: url(https:\/\/www.touringcars.com\/wp-content\/uploads\/2025\/02\/carado-imagebank-data_VE_Van_V337_PA_2025_1501_21-31-41_web.jpg)\" class=\"block block-centertext bg-image\">\r\n    <div class=\"container\">\r\n        <div class=\"content-container reveal\">\r\n            <h2>Interior 360 \u00b0<\/h2><p>&nbsp;<\/p>\n<p><a id=\"open-website\" class=\"btn btn-wide\" href=\"https:\/\/carado.com\/fi\/fi_FI\/photosphere-image\/18446\" target=\"_blank\" rel=\"noopener\" data-iframe=\"true\" data-src=\"https:\/\/carado.com\/fi\/fi_FI\/photosphere-image\/6400\">Double bed \/ view 360\u00b0<\/a><\/p>\n<p><a id=\"open-website\" class=\"btn btn-wide\" href=\"https:\/\/carado.com\/fi\/fi_FI\/photosphere-image\/7850\" target=\"_blank\" rel=\"noopener\" data-iframe=\"true\" data-src=\"https:\/\/carado.com\/fi\/fi_FI\/photosphere-image\/6400\">Twin beds \/ view 360\u00b0<\/a><\/p>\n<p>&nbsp;<\/p>\n        <\/div>\r\n    <\/div>\r\n<\/section>\n\n<section class=\"block block-gallery\">\r\n    <div class=\"container container-full\">\r\n        <div class=\"image-gallery\"><a href=\"https:\/\/www.touringcars.com\/wp-content\/uploads\/2025\/01\/carado-imagebank-data_VE_Van_V337_IT_2025_1506_21-31-41_web.jpg\" class=\"lightbox\"><img decoding=\"async\" src=\"https:\/\/www.touringcars.com\/wp-content\/uploads\/2025\/01\/carado-imagebank-data_VE_Van_V337_IT_2025_1506_21-31-41_web-450x300.jpg\" srcset=\"https:\/\/www.touringcars.com\/wp-content\/uploads\/2025\/01\/carado-imagebank-data_VE_Van_V337_IT_2025_1506_21-31-41_web-300x200.jpg 300w, https:\/\/www.touringcars.com\/wp-content\/uploads\/2025\/01\/carado-imagebank-data_VE_Van_V337_IT_2025_1506_21-31-41_web-1024x682.jpg 1024w, https:\/\/www.touringcars.com\/wp-content\/uploads\/2025\/01\/carado-imagebank-data_VE_Van_V337_IT_2025_1506_21-31-41_web-768x512.jpg 768w, https:\/\/www.touringcars.com\/wp-content\/uploads\/2025\/01\/carado-imagebank-data_VE_Van_V337_IT_2025_1506_21-31-41_web-1536x1024.jpg 1536w, https:\/\/www.touringcars.com\/wp-content\/uploads\/2025\/01\/carado-imagebank-data_VE_Van_V337_IT_2025_1506_21-31-41_web-2048x1365.jpg 2048w, https:\/\/www.touringcars.com\/wp-content\/uploads\/2025\/01\/carado-imagebank-data_VE_Van_V337_IT_2025_1506_21-31-41_web-890x593.jpg 890w, https:\/\/www.touringcars.com\/wp-content\/uploads\/2025\/01\/carado-imagebank-data_VE_Van_V337_IT_2025_1506_21-31-41_web-714x476.jpg 714w, https:\/\/www.touringcars.com\/wp-content\/uploads\/2025\/01\/carado-imagebank-data_VE_Van_V337_IT_2025_1506_21-31-41_web-450x300.jpg 450w, https:\/\/www.touringcars.com\/wp-content\/uploads\/2025\/01\/carado-imagebank-data_VE_Van_V337_IT_2025_1506_21-31-41_web-367x245.jpg 367w\" alt=\"_carado-imagebank-data_VE_Van_V337_IT_2025_1506_21-31-41_web\"><\/a><a href=\"https:\/\/www.touringcars.com\/wp-content\/uploads\/2025\/01\/carado-imagebank-data_VE_Van_V337_IT_2025_1507_21-31-41_web.jpg\" class=\"lightbox\"><img decoding=\"async\" src=\"https:\/\/www.touringcars.com\/wp-content\/uploads\/2025\/01\/carado-imagebank-data_VE_Van_V337_IT_2025_1507_21-31-41_web-450x300.jpg\" srcset=\"https:\/\/www.touringcars.com\/wp-content\/uploads\/2025\/01\/carado-imagebank-data_VE_Van_V337_IT_2025_1507_21-31-41_web-300x200.jpg 300w, https:\/\/www.touringcars.com\/wp-content\/uploads\/2025\/01\/carado-imagebank-data_VE_Van_V337_IT_2025_1507_21-31-41_web-1024x682.jpg 1024w, https:\/\/www.touringcars.com\/wp-content\/uploads\/2025\/01\/carado-imagebank-data_VE_Van_V337_IT_2025_1507_21-31-41_web-768x512.jpg 768w, https:\/\/www.touringcars.com\/wp-content\/uploads\/2025\/01\/carado-imagebank-data_VE_Van_V337_IT_2025_1507_21-31-41_web-1536x1024.jpg 1536w, https:\/\/www.touringcars.com\/wp-content\/uploads\/2025\/01\/carado-imagebank-data_VE_Van_V337_IT_2025_1507_21-31-41_web-2048x1365.jpg 2048w, https:\/\/www.touringcars.com\/wp-content\/uploads\/2025\/01\/carado-imagebank-data_VE_Van_V337_IT_2025_1507_21-31-41_web-890x593.jpg 890w, https:\/\/www.touringcars.com\/wp-content\/uploads\/2025\/01\/carado-imagebank-data_VE_Van_V337_IT_2025_1507_21-31-41_web-714x476.jpg 714w, https:\/\/www.touringcars.com\/wp-content\/uploads\/2025\/01\/carado-imagebank-data_VE_Van_V337_IT_2025_1507_21-31-41_web-450x300.jpg 450w, https:\/\/www.touringcars.com\/wp-content\/uploads\/2025\/01\/carado-imagebank-data_VE_Van_V337_IT_2025_1507_21-31-41_web-367x245.jpg 367w\" alt=\"_carado-imagebank-data_VE_Van_V337_IT_2025_1507_21-31-41_web\"><\/a><a href=\"https:\/\/www.touringcars.com\/wp-content\/uploads\/2025\/01\/carado-imagebank-data_VE_Van_V337_IT_2025_1501_21-31-41_web.jpg\" class=\"lightbox\"><img decoding=\"async\" src=\"https:\/\/www.touringcars.com\/wp-content\/uploads\/2025\/01\/carado-imagebank-data_VE_Van_V337_IT_2025_1501_21-31-41_web-450x300.jpg\" srcset=\"https:\/\/www.touringcars.com\/wp-content\/uploads\/2025\/01\/carado-imagebank-data_VE_Van_V337_IT_2025_1501_21-31-41_web-300x200.jpg 300w, https:\/\/www.touringcars.com\/wp-content\/uploads\/2025\/01\/carado-imagebank-data_VE_Van_V337_IT_2025_1501_21-31-41_web-1024x682.jpg 1024w, https:\/\/www.touringcars.com\/wp-content\/uploads\/2025\/01\/carado-imagebank-data_VE_Van_V337_IT_2025_1501_21-31-41_web-768x512.jpg 768w, https:\/\/www.touringcars.com\/wp-content\/uploads\/2025\/01\/carado-imagebank-data_VE_Van_V337_IT_2025_1501_21-31-41_web-1536x1024.jpg 1536w, https:\/\/www.touringcars.com\/wp-content\/uploads\/2025\/01\/carado-imagebank-data_VE_Van_V337_IT_2025_1501_21-31-41_web-2048x1365.jpg 2048w, https:\/\/www.touringcars.com\/wp-content\/uploads\/2025\/01\/carado-imagebank-data_VE_Van_V337_IT_2025_1501_21-31-41_web-890x593.jpg 890w, https:\/\/www.touringcars.com\/wp-content\/uploads\/2025\/01\/carado-imagebank-data_VE_Van_V337_IT_2025_1501_21-31-41_web-714x476.jpg 714w, https:\/\/www.touringcars.com\/wp-content\/uploads\/2025\/01\/carado-imagebank-data_VE_Van_V337_IT_2025_1501_21-31-41_web-450x300.jpg 450w, https:\/\/www.touringcars.com\/wp-content\/uploads\/2025\/01\/carado-imagebank-data_VE_Van_V337_IT_2025_1501_21-31-41_web-367x245.jpg 367w\" alt=\"_carado-imagebank-data_VE_Van_V337_IT_2025_1501_21-31-41_web\"><\/a><a href=\"https:\/\/www.touringcars.com\/wp-content\/uploads\/2025\/01\/carado-imagebank-data_VE_Van_V337_IT_2025_1500_21-31-41_web.jpg\" class=\"lightbox\"><img decoding=\"async\" src=\"https:\/\/www.touringcars.com\/wp-content\/uploads\/2025\/01\/carado-imagebank-data_VE_Van_V337_IT_2025_1500_21-31-41_web-450x300.jpg\" srcset=\"https:\/\/www.touringcars.com\/wp-content\/uploads\/2025\/01\/carado-imagebank-data_VE_Van_V337_IT_2025_1500_21-31-41_web-300x200.jpg 300w, https:\/\/www.touringcars.com\/wp-content\/uploads\/2025\/01\/carado-imagebank-data_VE_Van_V337_IT_2025_1500_21-31-41_web-1024x682.jpg 1024w, https:\/\/www.touringcars.com\/wp-content\/uploads\/2025\/01\/carado-imagebank-data_VE_Van_V337_IT_2025_1500_21-31-41_web-768x512.jpg 768w, https:\/\/www.touringcars.com\/wp-content\/uploads\/2025\/01\/carado-imagebank-data_VE_Van_V337_IT_2025_1500_21-31-41_web-1536x1024.jpg 1536w, https:\/\/www.touringcars.com\/wp-content\/uploads\/2025\/01\/carado-imagebank-data_VE_Van_V337_IT_2025_1500_21-31-41_web-2048x1365.jpg 2048w, https:\/\/www.touringcars.com\/wp-content\/uploads\/2025\/01\/carado-imagebank-data_VE_Van_V337_IT_2025_1500_21-31-41_web-890x593.jpg 890w, https:\/\/www.touringcars.com\/wp-content\/uploads\/2025\/01\/carado-imagebank-data_VE_Van_V337_IT_2025_1500_21-31-41_web-714x476.jpg 714w, https:\/\/www.touringcars.com\/wp-content\/uploads\/2025\/01\/carado-imagebank-data_VE_Van_V337_IT_2025_1500_21-31-41_web-450x300.jpg 450w, https:\/\/www.touringcars.com\/wp-content\/uploads\/2025\/01\/carado-imagebank-data_VE_Van_V337_IT_2025_1500_21-31-41_web-367x245.jpg 367w\" alt=\"_carado-imagebank-data_VE_Van_V337_IT_2025_1500_21-31-41_web\"><\/a><a href=\"https:\/\/www.touringcars.com\/wp-content\/uploads\/2025\/01\/carado-imagebank-data_VE_Van_V337_IT_2025_1502_21-31-41_web.jpg\" class=\"lightbox\"><img decoding=\"async\" src=\"https:\/\/www.touringcars.com\/wp-content\/uploads\/2025\/01\/carado-imagebank-data_VE_Van_V337_IT_2025_1502_21-31-41_web-450x300.jpg\" srcset=\"https:\/\/www.touringcars.com\/wp-content\/uploads\/2025\/01\/carado-imagebank-data_VE_Van_V337_IT_2025_1502_21-31-41_web-300x200.jpg 300w, https:\/\/www.touringcars.com\/wp-content\/uploads\/2025\/01\/carado-imagebank-data_VE_Van_V337_IT_2025_1502_21-31-41_web-1024x682.jpg 1024w, https:\/\/www.touringcars.com\/wp-content\/uploads\/2025\/01\/carado-imagebank-data_VE_Van_V337_IT_2025_1502_21-31-41_web-768x512.jpg 768w, https:\/\/www.touringcars.com\/wp-content\/uploads\/2025\/01\/carado-imagebank-data_VE_Van_V337_IT_2025_1502_21-31-41_web-1536x1024.jpg 1536w, https:\/\/www.touringcars.com\/wp-content\/uploads\/2025\/01\/carado-imagebank-data_VE_Van_V337_IT_2025_1502_21-31-41_web-2048x1365.jpg 2048w, https:\/\/www.touringcars.com\/wp-content\/uploads\/2025\/01\/carado-imagebank-data_VE_Van_V337_IT_2025_1502_21-31-41_web-890x593.jpg 890w, https:\/\/www.touringcars.com\/wp-content\/uploads\/2025\/01\/carado-imagebank-data_VE_Van_V337_IT_2025_1502_21-31-41_web-714x476.jpg 714w, https:\/\/www.touringcars.com\/wp-content\/uploads\/2025\/01\/carado-imagebank-data_VE_Van_V337_IT_2025_1502_21-31-41_web-450x300.jpg 450w, https:\/\/www.touringcars.com\/wp-content\/uploads\/2025\/01\/carado-imagebank-data_VE_Van_V337_IT_2025_1502_21-31-41_web-367x245.jpg 367w\" alt=\"_carado-imagebank-data_VE_Van_V337_IT_2025_1502_21-31-41_web\"><\/a><a href=\"https:\/\/www.touringcars.com\/wp-content\/uploads\/2025\/01\/carado-imagebank-data_VE_Van_V337_IT_2025_1510_21-31-41_web.jpg\" class=\"lightbox\"><img decoding=\"async\" src=\"https:\/\/www.touringcars.com\/wp-content\/uploads\/2025\/01\/carado-imagebank-data_VE_Van_V337_IT_2025_1510_21-31-41_web-450x300.jpg\" srcset=\"https:\/\/www.touringcars.com\/wp-content\/uploads\/2025\/01\/carado-imagebank-data_VE_Van_V337_IT_2025_1510_21-31-41_web-300x200.jpg 300w, https:\/\/www.touringcars.com\/wp-content\/uploads\/2025\/01\/carado-imagebank-data_VE_Van_V337_IT_2025_1510_21-31-41_web-1024x682.jpg 1024w, https:\/\/www.touringcars.com\/wp-content\/uploads\/2025\/01\/carado-imagebank-data_VE_Van_V337_IT_2025_1510_21-31-41_web-768x512.jpg 768w, https:\/\/www.touringcars.com\/wp-content\/uploads\/2025\/01\/carado-imagebank-data_VE_Van_V337_IT_2025_1510_21-31-41_web-1536x1024.jpg 1536w, https:\/\/www.touringcars.com\/wp-content\/uploads\/2025\/01\/carado-imagebank-data_VE_Van_V337_IT_2025_1510_21-31-41_web-2048x1365.jpg 2048w, https:\/\/www.touringcars.com\/wp-content\/uploads\/2025\/01\/carado-imagebank-data_VE_Van_V337_IT_2025_1510_21-31-41_web-890x593.jpg 890w, https:\/\/www.touringcars.com\/wp-content\/uploads\/2025\/01\/carado-imagebank-data_VE_Van_V337_IT_2025_1510_21-31-41_web-714x476.jpg 714w, https:\/\/www.touringcars.com\/wp-content\/uploads\/2025\/01\/carado-imagebank-data_VE_Van_V337_IT_2025_1510_21-31-41_web-450x300.jpg 450w, https:\/\/www.touringcars.com\/wp-content\/uploads\/2025\/01\/carado-imagebank-data_VE_Van_V337_IT_2025_1510_21-31-41_web-367x245.jpg 367w\" alt=\"_carado-imagebank-data_VE_Van_V337_IT_2025_1510_21-31-41_web\"><\/a><a href=\"https:\/\/www.touringcars.com\/wp-content\/uploads\/2025\/01\/carado-imagebank-data_VE_Van_V337_IT_2025_1511_21-31-41_web.jpg\" class=\"lightbox\"><img decoding=\"async\" src=\"https:\/\/www.touringcars.com\/wp-content\/uploads\/2025\/01\/carado-imagebank-data_VE_Van_V337_IT_2025_1511_21-31-41_web-450x300.jpg\" srcset=\"https:\/\/www.touringcars.com\/wp-content\/uploads\/2025\/01\/carado-imagebank-data_VE_Van_V337_IT_2025_1511_21-31-41_web-300x200.jpg 300w, https:\/\/www.touringcars.com\/wp-content\/uploads\/2025\/01\/carado-imagebank-data_VE_Van_V337_IT_2025_1511_21-31-41_web-1024x682.jpg 1024w, https:\/\/www.touringcars.com\/wp-content\/uploads\/2025\/01\/carado-imagebank-data_VE_Van_V337_IT_2025_1511_21-31-41_web-768x512.jpg 768w, https:\/\/www.touringcars.com\/wp-content\/uploads\/2025\/01\/carado-imagebank-data_VE_Van_V337_IT_2025_1511_21-31-41_web-1536x1024.jpg 1536w, https:\/\/www.touringcars.com\/wp-content\/uploads\/2025\/01\/carado-imagebank-data_VE_Van_V337_IT_2025_1511_21-31-41_web-2048x1365.jpg 2048w, https:\/\/www.touringcars.com\/wp-content\/uploads\/2025\/01\/carado-imagebank-data_VE_Van_V337_IT_2025_1511_21-31-41_web-890x593.jpg 890w, https:\/\/www.touringcars.com\/wp-content\/uploads\/2025\/01\/carado-imagebank-data_VE_Van_V337_IT_2025_1511_21-31-41_web-714x476.jpg 714w, https:\/\/www.touringcars.com\/wp-content\/uploads\/2025\/01\/carado-imagebank-data_VE_Van_V337_IT_2025_1511_21-31-41_web-450x300.jpg 450w\" alt=\"_carado-imagebank-data_VE_Van_V337_IT_2025_1511_21-31-41_web\"><\/a><a href=\"https:\/\/www.touringcars.com\/wp-content\/uploads\/2025\/01\/carado-imagebank-data_VE_Van_V337_IT_2025_1509_21-31-41_web.jpg\" class=\"lightbox\"><img decoding=\"async\" src=\"https:\/\/www.touringcars.com\/wp-content\/uploads\/2025\/01\/carado-imagebank-data_VE_Van_V337_IT_2025_1509_21-31-41_web-450x300.jpg\" srcset=\"https:\/\/www.touringcars.com\/wp-content\/uploads\/2025\/01\/carado-imagebank-data_VE_Van_V337_IT_2025_1509_21-31-41_web-300x200.jpg 300w, https:\/\/www.touringcars.com\/wp-content\/uploads\/2025\/01\/carado-imagebank-data_VE_Van_V337_IT_2025_1509_21-31-41_web-1024x682.jpg 1024w, https:\/\/www.touringcars.com\/wp-content\/uploads\/2025\/01\/carado-imagebank-data_VE_Van_V337_IT_2025_1509_21-31-41_web-768x512.jpg 768w, https:\/\/www.touringcars.com\/wp-content\/uploads\/2025\/01\/carado-imagebank-data_VE_Van_V337_IT_2025_1509_21-31-41_web-1536x1024.jpg 1536w, https:\/\/www.touringcars.com\/wp-content\/uploads\/2025\/01\/carado-imagebank-data_VE_Van_V337_IT_2025_1509_21-31-41_web-2048x1365.jpg 2048w, https:\/\/www.touringcars.com\/wp-content\/uploads\/2025\/01\/carado-imagebank-data_VE_Van_V337_IT_2025_1509_21-31-41_web-890x593.jpg 890w, https:\/\/www.touringcars.com\/wp-content\/uploads\/2025\/01\/carado-imagebank-data_VE_Van_V337_IT_2025_1509_21-31-41_web-714x476.jpg 714w, https:\/\/www.touringcars.com\/wp-content\/uploads\/2025\/01\/carado-imagebank-data_VE_Van_V337_IT_2025_1509_21-31-41_web-450x300.jpg 450w, https:\/\/www.touringcars.com\/wp-content\/uploads\/2025\/01\/carado-imagebank-data_VE_Van_V337_IT_2025_1509_21-31-41_web-367x245.jpg 367w\" alt=\"_carado-imagebank-data_VE_Van_V337_IT_2025_1509_21-31-41_web\"><\/a><a href=\"https:\/\/www.touringcars.com\/wp-content\/uploads\/2025\/01\/carado-imagebank-data_VE_Van_V337_IT_2025_1508_21-31-41_web.jpg\" class=\"lightbox\"><img decoding=\"async\" src=\"https:\/\/www.touringcars.com\/wp-content\/uploads\/2025\/01\/carado-imagebank-data_VE_Van_V337_IT_2025_1508_21-31-41_web-450x300.jpg\" srcset=\"https:\/\/www.touringcars.com\/wp-content\/uploads\/2025\/01\/carado-imagebank-data_VE_Van_V337_IT_2025_1508_21-31-41_web-300x200.jpg 300w, https:\/\/www.touringcars.com\/wp-content\/uploads\/2025\/01\/carado-imagebank-data_VE_Van_V337_IT_2025_1508_21-31-41_web-1024x682.jpg 1024w, https:\/\/www.touringcars.com\/wp-content\/uploads\/2025\/01\/carado-imagebank-data_VE_Van_V337_IT_2025_1508_21-31-41_web-768x512.jpg 768w, https:\/\/www.touringcars.com\/wp-content\/uploads\/2025\/01\/carado-imagebank-data_VE_Van_V337_IT_2025_1508_21-31-41_web-1536x1024.jpg 1536w, https:\/\/www.touringcars.com\/wp-content\/uploads\/2025\/01\/carado-imagebank-data_VE_Van_V337_IT_2025_1508_21-31-41_web-2048x1365.jpg 2048w, https:\/\/www.touringcars.com\/wp-content\/uploads\/2025\/01\/carado-imagebank-data_VE_Van_V337_IT_2025_1508_21-31-41_web-890x593.jpg 890w, https:\/\/www.touringcars.com\/wp-content\/uploads\/2025\/01\/carado-imagebank-data_VE_Van_V337_IT_2025_1508_21-31-41_web-714x476.jpg 714w, https:\/\/www.touringcars.com\/wp-content\/uploads\/2025\/01\/carado-imagebank-data_VE_Van_V337_IT_2025_1508_21-31-41_web-450x300.jpg 450w, https:\/\/www.touringcars.com\/wp-content\/uploads\/2025\/01\/carado-imagebank-data_VE_Van_V337_IT_2025_1508_21-31-41_web-367x245.jpg 367w\" alt=\"_carado-imagebank-data_VE_Van_V337_IT_2025_1508_21-31-41_web\"><\/a><a href=\"https:\/\/www.touringcars.com\/wp-content\/uploads\/2025\/01\/carado-imagebank-data_VE_Van_V337_IT_2025_1505_21-31-41_web.jpg\" class=\"lightbox\"><img decoding=\"async\" src=\"https:\/\/www.touringcars.com\/wp-content\/uploads\/2025\/01\/carado-imagebank-data_VE_Van_V337_IT_2025_1505_21-31-41_web-450x300.jpg\" srcset=\"https:\/\/www.touringcars.com\/wp-content\/uploads\/2025\/01\/carado-imagebank-data_VE_Van_V337_IT_2025_1505_21-31-41_web-300x200.jpg 300w, https:\/\/www.touringcars.com\/wp-content\/uploads\/2025\/01\/carado-imagebank-data_VE_Van_V337_IT_2025_1505_21-31-41_web-1024x682.jpg 1024w, https:\/\/www.touringcars.com\/wp-content\/uploads\/2025\/01\/carado-imagebank-data_VE_Van_V337_IT_2025_1505_21-31-41_web-768x512.jpg 768w, https:\/\/www.touringcars.com\/wp-content\/uploads\/2025\/01\/carado-imagebank-data_VE_Van_V337_IT_2025_1505_21-31-41_web-1536x1024.jpg 1536w, https:\/\/www.touringcars.com\/wp-content\/uploads\/2025\/01\/carado-imagebank-data_VE_Van_V337_IT_2025_1505_21-31-41_web-2048x1365.jpg 2048w, https:\/\/www.touringcars.com\/wp-content\/uploads\/2025\/01\/carado-imagebank-data_VE_Van_V337_IT_2025_1505_21-31-41_web-890x593.jpg 890w, https:\/\/www.touringcars.com\/wp-content\/uploads\/2025\/01\/carado-imagebank-data_VE_Van_V337_IT_2025_1505_21-31-41_web-714x476.jpg 714w, https:\/\/www.touringcars.com\/wp-content\/uploads\/2025\/01\/carado-imagebank-data_VE_Van_V337_IT_2025_1505_21-31-41_web-450x300.jpg 450w, https:\/\/www.touringcars.com\/wp-content\/uploads\/2025\/01\/carado-imagebank-data_VE_Van_V337_IT_2025_1505_21-31-41_web-367x245.jpg 367w\" alt=\"_carado-imagebank-data_VE_Van_V337_IT_2025_1505_21-31-41_web\"><\/a><a href=\"https:\/\/www.touringcars.com\/wp-content\/uploads\/2025\/01\/carado-imagebank-data_VE_Van_V337_IT_2025_1503_21-31-41_web.jpg\" class=\"lightbox\"><img decoding=\"async\" src=\"https:\/\/www.touringcars.com\/wp-content\/uploads\/2025\/01\/carado-imagebank-data_VE_Van_V337_IT_2025_1503_21-31-41_web-450x300.jpg\" srcset=\"https:\/\/www.touringcars.com\/wp-content\/uploads\/2025\/01\/carado-imagebank-data_VE_Van_V337_IT_2025_1503_21-31-41_web-300x200.jpg 300w, https:\/\/www.touringcars.com\/wp-content\/uploads\/2025\/01\/carado-imagebank-data_VE_Van_V337_IT_2025_1503_21-31-41_web-1024x682.jpg 1024w, https:\/\/www.touringcars.com\/wp-content\/uploads\/2025\/01\/carado-imagebank-data_VE_Van_V337_IT_2025_1503_21-31-41_web-768x512.jpg 768w, https:\/\/www.touringcars.com\/wp-content\/uploads\/2025\/01\/carado-imagebank-data_VE_Van_V337_IT_2025_1503_21-31-41_web-1536x1024.jpg 1536w, https:\/\/www.touringcars.com\/wp-content\/uploads\/2025\/01\/carado-imagebank-data_VE_Van_V337_IT_2025_1503_21-31-41_web-2048x1365.jpg 2048w, https:\/\/www.touringcars.com\/wp-content\/uploads\/2025\/01\/carado-imagebank-data_VE_Van_V337_IT_2025_1503_21-31-41_web-890x593.jpg 890w, https:\/\/www.touringcars.com\/wp-content\/uploads\/2025\/01\/carado-imagebank-data_VE_Van_V337_IT_2025_1503_21-31-41_web-714x476.jpg 714w, https:\/\/www.touringcars.com\/wp-content\/uploads\/2025\/01\/carado-imagebank-data_VE_Van_V337_IT_2025_1503_21-31-41_web-450x300.jpg 450w, https:\/\/www.touringcars.com\/wp-content\/uploads\/2025\/01\/carado-imagebank-data_VE_Van_V337_IT_2025_1503_21-31-41_web-367x245.jpg 367w\" alt=\"_carado-imagebank-data_VE_Van_V337_IT_2025_1503_21-31-41_web\"><\/a><a href=\"https:\/\/www.touringcars.com\/wp-content\/uploads\/2025\/01\/carado-imagebank-data_VE_Van_V337_IT_2025_1504_21-31-41_web.jpg\" class=\"lightbox\"><img decoding=\"async\" src=\"https:\/\/www.touringcars.com\/wp-content\/uploads\/2025\/01\/carado-imagebank-data_VE_Van_V337_IT_2025_1504_21-31-41_web-450x300.jpg\" srcset=\"https:\/\/www.touringcars.com\/wp-content\/uploads\/2025\/01\/carado-imagebank-data_VE_Van_V337_IT_2025_1504_21-31-41_web-300x200.jpg 300w, https:\/\/www.touringcars.com\/wp-content\/uploads\/2025\/01\/carado-imagebank-data_VE_Van_V337_IT_2025_1504_21-31-41_web-1024x682.jpg 1024w, https:\/\/www.touringcars.com\/wp-content\/uploads\/2025\/01\/carado-imagebank-data_VE_Van_V337_IT_2025_1504_21-31-41_web-768x512.jpg 768w, https:\/\/www.touringcars.com\/wp-content\/uploads\/2025\/01\/carado-imagebank-data_VE_Van_V337_IT_2025_1504_21-31-41_web-1536x1024.jpg 1536w, https:\/\/www.touringcars.com\/wp-content\/uploads\/2025\/01\/carado-imagebank-data_VE_Van_V337_IT_2025_1504_21-31-41_web-2048x1365.jpg 2048w, https:\/\/www.touringcars.com\/wp-content\/uploads\/2025\/01\/carado-imagebank-data_VE_Van_V337_IT_2025_1504_21-31-41_web-890x593.jpg 890w, https:\/\/www.touringcars.com\/wp-content\/uploads\/2025\/01\/carado-imagebank-data_VE_Van_V337_IT_2025_1504_21-31-41_web-714x476.jpg 714w, https:\/\/www.touringcars.com\/wp-content\/uploads\/2025\/01\/carado-imagebank-data_VE_Van_V337_IT_2025_1504_21-31-41_web-450x300.jpg 450w, https:\/\/www.touringcars.com\/wp-content\/uploads\/2025\/01\/carado-imagebank-data_VE_Van_V337_IT_2025_1504_21-31-41_web-367x245.jpg 367w\" alt=\"_carado-imagebank-data_VE_Van_V337_IT_2025_1504_21-31-41_web\"><\/a><a href=\"https:\/\/www.touringcars.com\/wp-content\/uploads\/2025\/01\/carado-imagebank-data_VE_Van_V339_IT_2025_1503_21-31-41_web.jpg\" class=\"lightbox\"><img decoding=\"async\" src=\"https:\/\/www.touringcars.com\/wp-content\/uploads\/2025\/01\/carado-imagebank-data_VE_Van_V339_IT_2025_1503_21-31-41_web-450x300.jpg\" srcset=\"https:\/\/www.touringcars.com\/wp-content\/uploads\/2025\/01\/carado-imagebank-data_VE_Van_V339_IT_2025_1503_21-31-41_web-300x200.jpg 300w, https:\/\/www.touringcars.com\/wp-content\/uploads\/2025\/01\/carado-imagebank-data_VE_Van_V339_IT_2025_1503_21-31-41_web-1024x682.jpg 1024w, https:\/\/www.touringcars.com\/wp-content\/uploads\/2025\/01\/carado-imagebank-data_VE_Van_V339_IT_2025_1503_21-31-41_web-768x512.jpg 768w, https:\/\/www.touringcars.com\/wp-content\/uploads\/2025\/01\/carado-imagebank-data_VE_Van_V339_IT_2025_1503_21-31-41_web-1536x1024.jpg 1536w, https:\/\/www.touringcars.com\/wp-content\/uploads\/2025\/01\/carado-imagebank-data_VE_Van_V339_IT_2025_1503_21-31-41_web-2048x1365.jpg 2048w, https:\/\/www.touringcars.com\/wp-content\/uploads\/2025\/01\/carado-imagebank-data_VE_Van_V339_IT_2025_1503_21-31-41_web-890x593.jpg 890w, https:\/\/www.touringcars.com\/wp-content\/uploads\/2025\/01\/carado-imagebank-data_VE_Van_V339_IT_2025_1503_21-31-41_web-714x476.jpg 714w, https:\/\/www.touringcars.com\/wp-content\/uploads\/2025\/01\/carado-imagebank-data_VE_Van_V339_IT_2025_1503_21-31-41_web-450x300.jpg 450w, https:\/\/www.touringcars.com\/wp-content\/uploads\/2025\/01\/carado-imagebank-data_VE_Van_V339_IT_2025_1503_21-31-41_web-367x245.jpg 367w\" alt=\"_carado-imagebank-data_VE_Van_V339_IT_2025_1503_21-31-41_web\"><\/a><a href=\"https:\/\/www.touringcars.com\/wp-content\/uploads\/2025\/01\/carado-imagebank-data_VE_Van_V339_IT_2025_1505_21-31-41_web.jpg\" class=\"lightbox\"><img decoding=\"async\" src=\"https:\/\/www.touringcars.com\/wp-content\/uploads\/2025\/01\/carado-imagebank-data_VE_Van_V339_IT_2025_1505_21-31-41_web-450x300.jpg\" srcset=\"https:\/\/www.touringcars.com\/wp-content\/uploads\/2025\/01\/carado-imagebank-data_VE_Van_V339_IT_2025_1505_21-31-41_web-300x200.jpg 300w, https:\/\/www.touringcars.com\/wp-content\/uploads\/2025\/01\/carado-imagebank-data_VE_Van_V339_IT_2025_1505_21-31-41_web-1024x682.jpg 1024w, https:\/\/www.touringcars.com\/wp-content\/uploads\/2025\/01\/carado-imagebank-data_VE_Van_V339_IT_2025_1505_21-31-41_web-768x512.jpg 768w, https:\/\/www.touringcars.com\/wp-content\/uploads\/2025\/01\/carado-imagebank-data_VE_Van_V339_IT_2025_1505_21-31-41_web-1536x1024.jpg 1536w, https:\/\/www.touringcars.com\/wp-content\/uploads\/2025\/01\/carado-imagebank-data_VE_Van_V339_IT_2025_1505_21-31-41_web-2048x1365.jpg 2048w, https:\/\/www.touringcars.com\/wp-content\/uploads\/2025\/01\/carado-imagebank-data_VE_Van_V339_IT_2025_1505_21-31-41_web-890x593.jpg 890w, https:\/\/www.touringcars.com\/wp-content\/uploads\/2025\/01\/carado-imagebank-data_VE_Van_V339_IT_2025_1505_21-31-41_web-714x476.jpg 714w, https:\/\/www.touringcars.com\/wp-content\/uploads\/2025\/01\/carado-imagebank-data_VE_Van_V339_IT_2025_1505_21-31-41_web-450x300.jpg 450w, https:\/\/www.touringcars.com\/wp-content\/uploads\/2025\/01\/carado-imagebank-data_VE_Van_V339_IT_2025_1505_21-31-41_web-367x245.jpg 367w\" alt=\"_carado-imagebank-data_VE_Van_V339_IT_2025_1505_21-31-41_web\"><\/a><a href=\"https:\/\/www.touringcars.com\/wp-content\/uploads\/2025\/01\/carado-imagebank-data_VE_Van_V339_IT_2025_1504_21-31-41_web.jpg\" class=\"lightbox\"><img decoding=\"async\" src=\"https:\/\/www.touringcars.com\/wp-content\/uploads\/2025\/01\/carado-imagebank-data_VE_Van_V339_IT_2025_1504_21-31-41_web-450x300.jpg\" srcset=\"https:\/\/www.touringcars.com\/wp-content\/uploads\/2025\/01\/carado-imagebank-data_VE_Van_V339_IT_2025_1504_21-31-41_web-300x200.jpg 300w, https:\/\/www.touringcars.com\/wp-content\/uploads\/2025\/01\/carado-imagebank-data_VE_Van_V339_IT_2025_1504_21-31-41_web-1024x682.jpg 1024w, https:\/\/www.touringcars.com\/wp-content\/uploads\/2025\/01\/carado-imagebank-data_VE_Van_V339_IT_2025_1504_21-31-41_web-768x512.jpg 768w, https:\/\/www.touringcars.com\/wp-content\/uploads\/2025\/01\/carado-imagebank-data_VE_Van_V339_IT_2025_1504_21-31-41_web-1536x1024.jpg 1536w, https:\/\/www.touringcars.com\/wp-content\/uploads\/2025\/01\/carado-imagebank-data_VE_Van_V339_IT_2025_1504_21-31-41_web-2048x1365.jpg 2048w, https:\/\/www.touringcars.com\/wp-content\/uploads\/2025\/01\/carado-imagebank-data_VE_Van_V339_IT_2025_1504_21-31-41_web-890x593.jpg 890w, https:\/\/www.touringcars.com\/wp-content\/uploads\/2025\/01\/carado-imagebank-data_VE_Van_V339_IT_2025_1504_21-31-41_web-714x476.jpg 714w, https:\/\/www.touringcars.com\/wp-content\/uploads\/2025\/01\/carado-imagebank-data_VE_Van_V339_IT_2025_1504_21-31-41_web-450x300.jpg 450w, https:\/\/www.touringcars.com\/wp-content\/uploads\/2025\/01\/carado-imagebank-data_VE_Van_V339_IT_2025_1504_21-31-41_web-367x245.jpg 367w\" alt=\"_carado-imagebank-data_VE_Van_V339_IT_2025_1504_21-31-41_web\"><\/a>    <\/div>\r\n<\/section>\n\n<section style=\"background-image: url(https:\/\/www.touringcars.com\/wp-content\/uploads\/2025\/02\/hobby-van-holiday-couple_1.jpg.webp)\" class=\"block block-centertext bg-image\">\r\n    <div class=\"container\">\r\n        <div class=\"content-container reveal\">\r\n            <p><img decoding=\"async\" class=\"alignnone size-large wp-image-7122\" src=\"https:\/\/touringcars.com\/wp-content\/uploads\/2025\/02\/vehicle-icons-wide.png-1024x113.webp\" alt=\"\" width=\"1024\" height=\"113\" srcset=\"https:\/\/www.touringcars.com\/wp-content\/uploads\/2025\/02\/vehicle-icons-wide.png-1024x113.webp 1024w, https:\/\/www.touringcars.com\/wp-content\/uploads\/2025\/02\/vehicle-icons-wide.png-180x20.webp 180w, https:\/\/www.touringcars.com\/wp-content\/uploads\/2025\/02\/vehicle-icons-wide.png-412x45.webp 412w, https:\/\/www.touringcars.com\/wp-content\/uploads\/2025\/02\/vehicle-icons-wide.png-300x33.webp 300w, https:\/\/www.touringcars.com\/wp-content\/uploads\/2025\/02\/vehicle-icons-wide.png-768x85.webp 768w, https:\/\/www.touringcars.com\/wp-content\/uploads\/2025\/02\/vehicle-icons-wide.png-714x79.webp 714w, https:\/\/www.touringcars.com\/wp-content\/uploads\/2025\/02\/vehicle-icons-wide.png-574x63.webp 574w, https:\/\/www.touringcars.com\/wp-content\/uploads\/2025\/02\/vehicle-icons-wide.png.webp 1280w\" sizes=\"(max-width: 1024px) 100vw, 1024px\" \/><\/p>\n        <\/div>\r\n    <\/div>\r\n<\/section>\n\n<section class=\"block block-basic\">\r\n    <div class=\"container\">\r\n        <div class=\"content-container reveal\">\r\n            <h2>Erstklassige Services<\/h2><p>Profitieren Sie von unserem exklusiven Service: Alle Mietpreise f\u00fcr Wohnmobile enthalten VIP-Flughafentransfers und eine umfassende pers\u00f6nliche Einf\u00fchrung zur Verwendung der gesamten Ausstattung des Fahrzeugs. Damit Sie einen sorgenfreien Urlaub genie\u00dfen k\u00f6nnen, ist ein Telefonservice rund um die Uhr verf\u00fcgbar, falls Sie unterwegs Fragen haben. Au\u00dferdem bieten wir ein Ersatzwohnmobil bei schwerwiegenden Defekten.<\/p>\n        <\/div>\r\n    <\/div>\r\n<\/section>\n\n<section class=\"block block-textimage\">\r\n    <div class=\"container\">\r\n        <div class=\"content-row image-placement-\">\r\n            <div class=\"content-container reveal\">\r\n                <h3>Frische Fahrzeugflotte f\u00fcr Sie verf\u00fcgbar<\/h3><div class=\"two-col__content\">\n<div class=\"two-col__text\">\n<div class=\"clearfix text-formatted field field--name-field-text field--type-text-long field--label-hidden field__item\">\n<p data-start=\"0\" data-end=\"319\">Mietcamper unserer zweitkleinsten Kategorie stehen f\u00fcr h\u00f6chste Qualit\u00e4t und modernste Fahrzeugmodelle. Alle Camper dieser Premium-Kategorie haben eine Laufleistung von unter 100.000 km. Die Qualit\u00e4t der Touring-Cars-Mietfahrzeuge liegt deutlich \u00fcber dem Branchendurchschnitt und hebt uns klar von anderen Vermietern ab.<\/p>\n<p data-start=\"321\" data-end=\"690\" data-is-last-node=\"\" data-is-only-node=\"\">Ein erstklassiges Mieterlebnis stellen wir durch vier unabh\u00e4ngige Pr\u00fcfungen zwischen jeder Vermietung sicher, mit denen unsere hohen Qualit\u00e4tsstandards konsequent eingehalten werden. Dieser mehrere Stunden dauernde Prozess umfasst eine gr\u00fcndliche Reinigung, einen vollst\u00e4ndigen technischen Check sowie die individuelle Vorbereitung des Wohnmobils f\u00fcr den n\u00e4chsten Gast.<\/p>\n<\/div>\n<\/div>\n<\/div>\n            <\/div>\r\n            <div class=\"image-container reveal image-high\">\r\n                <img decoding=\"async\" src=\"https:\/\/www.touringcars.com\/wp-content\/uploads\/2022\/09\/carado-imagebank-data_VE_Semi-Integrated_T457_IT_2024_0018_21-31-41_WEB-574x383.jpg\" srcset=\"https:\/\/www.touringcars.com\/wp-content\/uploads\/2022\/09\/carado-imagebank-data_VE_Semi-Integrated_T457_IT_2024_0018_21-31-41_WEB-300x200.jpg 300w, https:\/\/www.touringcars.com\/wp-content\/uploads\/2022\/09\/carado-imagebank-data_VE_Semi-Integrated_T457_IT_2024_0018_21-31-41_WEB-1024x683.jpg 1024w, https:\/\/www.touringcars.com\/wp-content\/uploads\/2022\/09\/carado-imagebank-data_VE_Semi-Integrated_T457_IT_2024_0018_21-31-41_WEB-768x512.jpg 768w, https:\/\/www.touringcars.com\/wp-content\/uploads\/2022\/09\/carado-imagebank-data_VE_Semi-Integrated_T457_IT_2024_0018_21-31-41_WEB-1536x1024.jpg 1536w, https:\/\/www.touringcars.com\/wp-content\/uploads\/2022\/09\/carado-imagebank-data_VE_Semi-Integrated_T457_IT_2024_0018_21-31-41_WEB-2048x1366.jpg 2048w, https:\/\/www.touringcars.com\/wp-content\/uploads\/2022\/09\/carado-imagebank-data_VE_Semi-Integrated_T457_IT_2024_0018_21-31-41_WEB-1920x1281.jpg 1920w, https:\/\/www.touringcars.com\/wp-content\/uploads\/2022\/09\/carado-imagebank-data_VE_Semi-Integrated_T457_IT_2024_0018_21-31-41_WEB-889x593.jpg 889w, https:\/\/www.touringcars.com\/wp-content\/uploads\/2022\/09\/carado-imagebank-data_VE_Semi-Integrated_T457_IT_2024_0018_21-31-41_WEB-714x476.jpg 714w, https:\/\/www.touringcars.com\/wp-content\/uploads\/2022\/09\/carado-imagebank-data_VE_Semi-Integrated_T457_IT_2024_0018_21-31-41_WEB-574x383.jpg 574w, https:\/\/www.touringcars.com\/wp-content\/uploads\/2022\/09\/carado-imagebank-data_VE_Semi-Integrated_T457_IT_2024_0018_21-31-41_WEB-367x245.jpg 367w\" alt=\"_carado-imagebank-data_VE_Semi-Integrated_T457_IT_2024_0018_21-31-41_WEB\" width=\"2560\" height=\"1707\">            <\/div>\r\n        <\/div>\r\n    <\/div>\r\n<\/section>\n\n<section class=\"block block-textimage\">\r\n    <div class=\"container\">\r\n        <div class=\"content-row image-placement-left\">\r\n            <div class=\"content-container reveal\">\r\n                <h3>Gut ausgestattete Camper<\/h3><div class=\"two-col__content\">\n<div class=\"two-col__text\">\n<div class=\"clearfix text-formatted field field--name-field-text field--type-text-long field--label-hidden field__item\">\n<p data-start=\"42\" data-end=\"353\">Unsere hochwertigen Mietcamper verf\u00fcgen \u00fcber hochwertige Betten mit Kaltschaummatratzen sowie \u00fcber eine vollst\u00e4ndig ausgestattete K\u00fcche und ein komfortables Bad. Die K\u00fcche ist mit Koch und Essgeschirr ausgestattet, sodass alles bereitsteht, um mitten in der Natur ein romantisches Abendessen zuzubereiten.<\/p>\n<p data-start=\"355\" data-end=\"531\" data-is-last-node=\"\" data-is-only-node=\"\">Zur Grundausstattung geh\u00f6ren au\u00dferdem ein LED Beleuchtungssystem, eine digitale Steuereinheit f\u00fcr Licht und Heizung, Fahrzeugkeile, Stromkabel, Wasserschl\u00e4uche und vieles mehr.<\/p>\n<\/div>\n<\/div>\n<\/div>\n            <\/div>\r\n            <div class=\"image-container reveal image-high\">\r\n                <img decoding=\"async\" src=\"https:\/\/www.touringcars.com\/wp-content\/uploads\/2025\/02\/small-motorhome-interior-kitchen.jpg-525x300.webp\" srcset=\"https:\/\/www.touringcars.com\/wp-content\/uploads\/2025\/02\/small-motorhome-interior-kitchen.jpg-300x171.webp 300w, https:\/\/www.touringcars.com\/wp-content\/uploads\/2025\/02\/small-motorhome-interior-kitchen.jpg-1024x585.webp 1024w, https:\/\/www.touringcars.com\/wp-content\/uploads\/2025\/02\/small-motorhome-interior-kitchen.jpg-768x439.webp 768w, https:\/\/www.touringcars.com\/wp-content\/uploads\/2025\/02\/small-motorhome-interior-kitchen.jpg-1038x593.webp 1038w, https:\/\/www.touringcars.com\/wp-content\/uploads\/2025\/02\/small-motorhome-interior-kitchen.jpg-714x408.webp 714w, https:\/\/www.touringcars.com\/wp-content\/uploads\/2025\/02\/small-motorhome-interior-kitchen.jpg-525x300.webp 525w, https:\/\/www.touringcars.com\/wp-content\/uploads\/2025\/02\/small-motorhome-interior-kitchen.jpg.webp 1400w\" alt=\"small-motorhome-interior-kitchen.jpg\" width=\"1400\" height=\"800\">            <\/div>\r\n        <\/div>\r\n    <\/div>\r\n<\/section>\n\n<section class=\"block block-textimage\">\r\n    <div class=\"container\">\r\n        <div class=\"content-row image-placement-right\">\r\n            <div class=\"content-container reveal\">\r\n                <h3>Praktischer Innenraum<\/h3><div class=\"two-col__content\">\n<div class=\"two-col__text\">\n<div class=\"clearfix text-formatted field field--name-field-text field--type-text-long field--label-hidden field__item\">\n<p>Der hochwertige Innenraum der Premium SMALL Kategorie ist f\u00fcr zwei Personen konzipiert. Diese Kategorie verf\u00fcgt \u00fcber ein Doppelbett im Heck des Fahrzeugs sowie einen gro\u00dfz\u00fcgigen Essbereich im vorderen Bereich. LED Ambiente Beleuchtung, elegante Oberfl\u00e4chen und kleine Komfortdetails wie Soft Close Schubladen sorgen f\u00fcr ein stilvolles und hochwertiges Raumgef\u00fchl.<\/p>\n<\/div>\n<\/div>\n<\/div>\n            <\/div>\r\n            <div class=\"image-container reveal image-high\">\r\n                <img decoding=\"async\" src=\"https:\/\/www.touringcars.com\/wp-content\/uploads\/2025\/02\/interior-small-motorhome-bed.jpg-525x300.webp\" srcset=\"https:\/\/www.touringcars.com\/wp-content\/uploads\/2025\/02\/interior-small-motorhome-bed.jpg-300x171.webp 300w, https:\/\/www.touringcars.com\/wp-content\/uploads\/2025\/02\/interior-small-motorhome-bed.jpg-1024x585.webp 1024w, https:\/\/www.touringcars.com\/wp-content\/uploads\/2025\/02\/interior-small-motorhome-bed.jpg-768x439.webp 768w, https:\/\/www.touringcars.com\/wp-content\/uploads\/2025\/02\/interior-small-motorhome-bed.jpg-1038x593.webp 1038w, https:\/\/www.touringcars.com\/wp-content\/uploads\/2025\/02\/interior-small-motorhome-bed.jpg-714x408.webp 714w, https:\/\/www.touringcars.com\/wp-content\/uploads\/2025\/02\/interior-small-motorhome-bed.jpg-525x300.webp 525w, https:\/\/www.touringcars.com\/wp-content\/uploads\/2025\/02\/interior-small-motorhome-bed.jpg.webp 1400w\" alt=\"interior-small-motorhome-bed.jpg\" width=\"1400\" height=\"800\">            <\/div>\r\n        <\/div>\r\n    <\/div>\r\n<\/section>\n\n<section style=\"background-image: url(https:\/\/www.touringcars.com\/wp-content\/uploads\/2025\/02\/camper_van_driving_on_road_as_the_sun_is_rising.jpg.webp)\" class=\"block block-centertext bg-image\">\r\n    <div class=\"container\">\r\n        <div class=\"content-container reveal\">\r\n            <h2>Jetzt buchen und sp\u00e4ter bezahlen<\/h2><p class=\"text-align-center\">Mit unserer flexiblen Zahlungsoption k\u00f6nnen Sie ein Premium-Wohnmobil f\u00fcr Ihren Urlaub mit einer Anzahlung von 210 GBP\/ 200 EUR\/ 2.000 NOK\/ 2.000 SEK reservieren und den Restbetrag 45 Tage vor Ihrem ersten Miettag bezahlen.<\/p>\n<p class=\"text-align-center\">Pr\u00fcfen Sie die Verf\u00fcgbarkeit von Wohnmobilen und die Mietpreise live auf unserer Homepage.<\/p>\n<div class=\"buttons\"><a href=\"\" class=\"btn btn-wide\" target=\"_blank\" rel=\"noopener noreferrer\">Homepage<\/a><\/div>        <\/div>\r\n    <\/div>\r\n<\/section>\n\n<section class=\"block block-basic small-padding-bottom hide-during-booking\">\r\n    <div class=\"container\">\r\n        <div class=\"content-container reveal\">\r\n            <p><strong>Mehr Informationen: Videos<\/strong><\/p>\n<div class=\"buttons\"><a href=\"https:\/\/www.youtube.com\/playlist?list=PLH1ePBkJ8mrIrX21VPlGuryWMvwm22zCu\" class=\"btn btn-wide\" target=\"_blank\" rel=\"noopener noreferrer\">Orientierungsvideos zur Vermietung<\/a><a href=\"https:\/\/www.youtube.com\/playlist?list=PLH1ePBkJ8mrJo8ZHnLseip_jvYqA1j7qe\" class=\"btn btn-wide\" target=\"_blank\" rel=\"noopener noreferrer\">Weitere praktische Tipps<\/a><\/div>        <\/div>\r\n    <\/div>\r\n<\/section>\n\n<section class=\"block block-basic small-padding-top\">\r\n    <div class=\"container\">\r\n        <div class=\"content-container reveal\">\r\n            <p><em>Bitte beachten Sie, dass alle auf dieser Website gezeigten Mietfahrzeugtypen nur zu Illustrationszwecken dienen. Die tats\u00e4chlichen Wohnmobil-Mietfahrzeuge weichen von den Fotos und Illustrationen ab. Das bedeutet, dass auch Fahrzeugdetails wie z.B. Die Bettabmessungen variieren. Touring Cars beh\u00e4lt sich das Recht vor, ohne vorherige Ank\u00fcndigung Spezifikationen zu \u00e4ndern und\/oder \u00e4hnliche oder h\u00f6herklassige Fahrzeuge zum angegebenen Preis anzubieten.<\/em><\/p>\n        <\/div>\r\n    <\/div>\r\n<\/section>\n\n<section class=\"block block-postsslider style-small hide-during-booking\">\r\n    <div class=\"container reveal\">\r\n        <h2>Wohnmobil-kategorien<\/h2><div class=\"glide articles-slider\" data-uid=\"69f2a56936ad6\"><div class=\"glide__track\" data-glide-el=\"track\"><ul class=\"glide__slides\"><li class=\"glide__slide\"><article class=\"article reveal\"><div class=\"image-container\"><a href=\"https:\/\/www.touringcars.com\/de\/vehicle-category\/urban-van-automatik-fuer-2\/\"><img decoding=\"async\" src=\"https:\/\/www.touringcars.com\/wp-content\/uploads\/2025\/12\/Urban-Van-1-574x411.jpg\" srcset=\"https:\/\/www.touringcars.com\/wp-content\/uploads\/2025\/12\/Urban-Van-1-300x215.jpg 300w, https:\/\/www.touringcars.com\/wp-content\/uploads\/2025\/12\/Urban-Van-1-1024x733.jpg 1024w, https:\/\/www.touringcars.com\/wp-content\/uploads\/2025\/12\/Urban-Van-1-768x550.jpg 768w, https:\/\/www.touringcars.com\/wp-content\/uploads\/2025\/12\/Urban-Van-1-828x593.jpg 828w, https:\/\/www.touringcars.com\/wp-content\/uploads\/2025\/12\/Urban-Van-1-714x511.jpg 714w, https:\/\/www.touringcars.com\/wp-content\/uploads\/2025\/12\/Urban-Van-1-180x129.jpg 180w, https:\/\/www.touringcars.com\/wp-content\/uploads\/2025\/12\/Urban-Van-1-412x295.jpg 412w, https:\/\/www.touringcars.com\/wp-content\/uploads\/2025\/12\/Urban-Van-1-574x411.jpg 574w, https:\/\/www.touringcars.com\/wp-content\/uploads\/2025\/12\/Urban-Van-1.jpg 1348w\" alt=\"Urban Van Automatik &#8211; f\u00fcr 2\"><\/a><\/div><div class=\"content-container\"><h3><a href=\"https:\/\/www.touringcars.com\/de\/vehicle-category\/urban-van-automatik-fuer-2\/\">Urban Van Automatik &#8211; f\u00fcr 2<\/a><\/h3><\/div><\/article><\/li><li class=\"glide__slide\"><article class=\"article reveal\"><div class=\"image-container\"><a href=\"https:\/\/www.touringcars.com\/de\/vehicle-category\/camp-automatic-fuer-2\/\"><img decoding=\"async\" src=\"https:\/\/www.touringcars.com\/wp-content\/uploads\/2025\/12\/camp-automatic-574x411.jpeg\" srcset=\"https:\/\/www.touringcars.com\/wp-content\/uploads\/2025\/12\/camp-automatic-300x215.jpeg 300w, https:\/\/www.touringcars.com\/wp-content\/uploads\/2025\/12\/camp-automatic-1024x733.jpeg 1024w, https:\/\/www.touringcars.com\/wp-content\/uploads\/2025\/12\/camp-automatic-768x550.jpeg 768w, https:\/\/www.touringcars.com\/wp-content\/uploads\/2025\/12\/camp-automatic-828x593.jpeg 828w, https:\/\/www.touringcars.com\/wp-content\/uploads\/2025\/12\/camp-automatic-714x511.jpeg 714w, https:\/\/www.touringcars.com\/wp-content\/uploads\/2025\/12\/camp-automatic-574x411.jpeg 574w, https:\/\/www.touringcars.com\/wp-content\/uploads\/2025\/12\/camp-automatic.jpeg 1348w\" alt=\"CAMP AUTOMATIC &#8211; f\u00fcr 2\"><\/a><\/div><div class=\"content-container\"><h3><a href=\"https:\/\/www.touringcars.com\/de\/vehicle-category\/camp-automatic-fuer-2\/\">CAMP AUTOMATIC &#8211; f\u00fcr 2<\/a><\/h3><\/div><\/article><\/li><li class=\"glide__slide\"><article class=\"article reveal\"><div class=\"image-container\"><a href=\"https:\/\/www.touringcars.com\/de\/vehicle-category\/van\/\"><img decoding=\"async\" src=\"https:\/\/www.touringcars.com\/wp-content\/uploads\/2025\/02\/carado-imagebank-data_VE_Camper-Van_CV640_CU_2025_1002_21-31-41_web-450x300.jpg\" srcset=\"https:\/\/www.touringcars.com\/wp-content\/uploads\/2025\/02\/carado-imagebank-data_VE_Camper-Van_CV640_CU_2025_1002_21-31-41_web-300x200.jpg 300w, https:\/\/www.touringcars.com\/wp-content\/uploads\/2025\/02\/carado-imagebank-data_VE_Camper-Van_CV640_CU_2025_1002_21-31-41_web-1024x682.jpg 1024w, https:\/\/www.touringcars.com\/wp-content\/uploads\/2025\/02\/carado-imagebank-data_VE_Camper-Van_CV640_CU_2025_1002_21-31-41_web-768x512.jpg 768w, https:\/\/www.touringcars.com\/wp-content\/uploads\/2025\/02\/carado-imagebank-data_VE_Camper-Van_CV640_CU_2025_1002_21-31-41_web-1536x1024.jpg 1536w, https:\/\/www.touringcars.com\/wp-content\/uploads\/2025\/02\/carado-imagebank-data_VE_Camper-Van_CV640_CU_2025_1002_21-31-41_web-2048x1365.jpg 2048w, https:\/\/www.touringcars.com\/wp-content\/uploads\/2025\/02\/carado-imagebank-data_VE_Camper-Van_CV640_CU_2025_1002_21-31-41_web-890x593.jpg 890w, https:\/\/www.touringcars.com\/wp-content\/uploads\/2025\/02\/carado-imagebank-data_VE_Camper-Van_CV640_CU_2025_1002_21-31-41_web-714x476.jpg 714w, https:\/\/www.touringcars.com\/wp-content\/uploads\/2025\/02\/carado-imagebank-data_VE_Camper-Van_CV640_CU_2025_1002_21-31-41_web-450x300.jpg 450w, https:\/\/www.touringcars.com\/wp-content\/uploads\/2025\/02\/carado-imagebank-data_VE_Camper-Van_CV640_CU_2025_1002_21-31-41_web-367x245.jpg 367w\" alt=\"VAN &#8211; f\u00fcr 2\"><\/a><\/div><div class=\"content-container\"><h3><a href=\"https:\/\/www.touringcars.com\/de\/vehicle-category\/van\/\">VAN &#8211; f\u00fcr 2<\/a><\/h3><\/div><\/article><\/li><li class=\"glide__slide\"><article class=\"article reveal\"><div class=\"image-container\"><a href=\"https:\/\/www.touringcars.com\/de\/vehicle-category\/van-4x4-automatic-fuer-2\/\"><img decoding=\"async\" src=\"https:\/\/www.touringcars.com\/wp-content\/uploads\/2025\/11\/van-4x4-buerstner-habiton-2025-white-road-1-574x411.jpg\" srcset=\"https:\/\/www.touringcars.com\/wp-content\/uploads\/2025\/11\/van-4x4-buerstner-habiton-2025-white-road-1-300x215.jpg 300w, https:\/\/www.touringcars.com\/wp-content\/uploads\/2025\/11\/van-4x4-buerstner-habiton-2025-white-road-1-1024x733.jpg 1024w, https:\/\/www.touringcars.com\/wp-content\/uploads\/2025\/11\/van-4x4-buerstner-habiton-2025-white-road-1-768x550.jpg 768w, https:\/\/www.touringcars.com\/wp-content\/uploads\/2025\/11\/van-4x4-buerstner-habiton-2025-white-road-1-828x593.jpg 828w, https:\/\/www.touringcars.com\/wp-content\/uploads\/2025\/11\/van-4x4-buerstner-habiton-2025-white-road-1-714x511.jpg 714w, https:\/\/www.touringcars.com\/wp-content\/uploads\/2025\/11\/van-4x4-buerstner-habiton-2025-white-road-1-574x411.jpg 574w, https:\/\/www.touringcars.com\/wp-content\/uploads\/2025\/11\/van-4x4-buerstner-habiton-2025-white-road-1.jpg 1348w\" alt=\"VAN 4&#215;4 AUTOMATIC &#8211; f\u00fcr 2\"><\/a><\/div><div class=\"content-container\"><h3><a href=\"https:\/\/www.touringcars.com\/de\/vehicle-category\/van-4x4-automatic-fuer-2\/\">VAN 4&#215;4 AUTOMATIC &#8211; f\u00fcr 2<\/a><\/h3><\/div><\/article><\/li><li class=\"glide__slide\"><article class=\"article reveal\"><div class=\"image-container\"><a href=\"https:\/\/www.touringcars.com\/de\/vehicle-category\/small\/\"><img decoding=\"async\" src=\"https:\/\/www.touringcars.com\/wp-content\/uploads\/2025\/02\/carado-imagebank-data_VE_Van_V339_CU_2025_1002_21-31-41_web-450x300.jpg\" srcset=\"https:\/\/www.touringcars.com\/wp-content\/uploads\/2025\/02\/carado-imagebank-data_VE_Van_V339_CU_2025_1002_21-31-41_web-300x200.jpg 300w, https:\/\/www.touringcars.com\/wp-content\/uploads\/2025\/02\/carado-imagebank-data_VE_Van_V339_CU_2025_1002_21-31-41_web-1024x682.jpg 1024w, https:\/\/www.touringcars.com\/wp-content\/uploads\/2025\/02\/carado-imagebank-data_VE_Van_V339_CU_2025_1002_21-31-41_web-768x512.jpg 768w, https:\/\/www.touringcars.com\/wp-content\/uploads\/2025\/02\/carado-imagebank-data_VE_Van_V339_CU_2025_1002_21-31-41_web-1536x1024.jpg 1536w, https:\/\/www.touringcars.com\/wp-content\/uploads\/2025\/02\/carado-imagebank-data_VE_Van_V339_CU_2025_1002_21-31-41_web-2048x1365.jpg 2048w, https:\/\/www.touringcars.com\/wp-content\/uploads\/2025\/02\/carado-imagebank-data_VE_Van_V339_CU_2025_1002_21-31-41_web-890x593.jpg 890w, https:\/\/www.touringcars.com\/wp-content\/uploads\/2025\/02\/carado-imagebank-data_VE_Van_V339_CU_2025_1002_21-31-41_web-714x476.jpg 714w, https:\/\/www.touringcars.com\/wp-content\/uploads\/2025\/02\/carado-imagebank-data_VE_Van_V339_CU_2025_1002_21-31-41_web-450x300.jpg 450w, https:\/\/www.touringcars.com\/wp-content\/uploads\/2025\/02\/carado-imagebank-data_VE_Van_V339_CU_2025_1002_21-31-41_web-367x245.jpg 367w\" alt=\"SMALL &#8211; f\u00fcr 2\"><\/a><\/div><div class=\"content-container\"><h3><a href=\"https:\/\/www.touringcars.com\/de\/vehicle-category\/small\/\">SMALL &#8211; f\u00fcr 2<\/a><\/h3><\/div><\/article><\/li><li class=\"glide__slide\"><article class=\"article reveal\"><div class=\"image-container\"><a href=\"https:\/\/www.touringcars.com\/de\/vehicle-category\/luxury-fur-2\/\"><img decoding=\"async\" src=\"https:\/\/www.touringcars.com\/wp-content\/uploads\/2025\/02\/carado-imagebank-data_VE_Semi-Integrated_T447_CU_2025_1502_21-31-41_WEB-450x300.jpg\" srcset=\"https:\/\/www.touringcars.com\/wp-content\/uploads\/2025\/02\/carado-imagebank-data_VE_Semi-Integrated_T447_CU_2025_1502_21-31-41_WEB-300x200.jpg 300w, https:\/\/www.touringcars.com\/wp-content\/uploads\/2025\/02\/carado-imagebank-data_VE_Semi-Integrated_T447_CU_2025_1502_21-31-41_WEB-1024x683.jpg 1024w, https:\/\/www.touringcars.com\/wp-content\/uploads\/2025\/02\/carado-imagebank-data_VE_Semi-Integrated_T447_CU_2025_1502_21-31-41_WEB-768x512.jpg 768w, https:\/\/www.touringcars.com\/wp-content\/uploads\/2025\/02\/carado-imagebank-data_VE_Semi-Integrated_T447_CU_2025_1502_21-31-41_WEB-1536x1024.jpg 1536w, https:\/\/www.touringcars.com\/wp-content\/uploads\/2025\/02\/carado-imagebank-data_VE_Semi-Integrated_T447_CU_2025_1502_21-31-41_WEB-2048x1365.jpg 2048w, https:\/\/www.touringcars.com\/wp-content\/uploads\/2025\/02\/carado-imagebank-data_VE_Semi-Integrated_T447_CU_2025_1502_21-31-41_WEB-1920x1280.jpg 1920w, https:\/\/www.touringcars.com\/wp-content\/uploads\/2025\/02\/carado-imagebank-data_VE_Semi-Integrated_T447_CU_2025_1502_21-31-41_WEB-890x593.jpg 890w, https:\/\/www.touringcars.com\/wp-content\/uploads\/2025\/02\/carado-imagebank-data_VE_Semi-Integrated_T447_CU_2025_1502_21-31-41_WEB-714x476.jpg 714w, https:\/\/www.touringcars.com\/wp-content\/uploads\/2025\/02\/carado-imagebank-data_VE_Semi-Integrated_T447_CU_2025_1502_21-31-41_WEB-450x300.jpg 450w, https:\/\/www.touringcars.com\/wp-content\/uploads\/2025\/02\/carado-imagebank-data_VE_Semi-Integrated_T447_CU_2025_1502_21-31-41_WEB-367x245.jpg 367w\" alt=\"LUXURY &#8211; f\u00fcr 2\"><\/a><\/div><div class=\"content-container\"><h3><a href=\"https:\/\/www.touringcars.com\/de\/vehicle-category\/luxury-fur-2\/\">LUXURY &#8211; f\u00fcr 2<\/a><\/h3><\/div><\/article><\/li><li class=\"glide__slide\"><article class=\"article reveal\"><div class=\"image-container\"><a href=\"https:\/\/www.touringcars.com\/de\/vehicle-category\/medium\/\"><img decoding=\"async\" src=\"https:\/\/www.touringcars.com\/wp-content\/uploads\/2025\/02\/carado-imagebank-data_VE_Semi-Integrated_T448_CU_2025_1002_21-31-41_web-450x300.jpg\" srcset=\"https:\/\/www.touringcars.com\/wp-content\/uploads\/2025\/02\/carado-imagebank-data_VE_Semi-Integrated_T448_CU_2025_1002_21-31-41_web-300x200.jpg 300w, https:\/\/www.touringcars.com\/wp-content\/uploads\/2025\/02\/carado-imagebank-data_VE_Semi-Integrated_T448_CU_2025_1002_21-31-41_web-1024x682.jpg 1024w, https:\/\/www.touringcars.com\/wp-content\/uploads\/2025\/02\/carado-imagebank-data_VE_Semi-Integrated_T448_CU_2025_1002_21-31-41_web-768x512.jpg 768w, https:\/\/www.touringcars.com\/wp-content\/uploads\/2025\/02\/carado-imagebank-data_VE_Semi-Integrated_T448_CU_2025_1002_21-31-41_web-1536x1024.jpg 1536w, https:\/\/www.touringcars.com\/wp-content\/uploads\/2025\/02\/carado-imagebank-data_VE_Semi-Integrated_T448_CU_2025_1002_21-31-41_web-2048x1365.jpg 2048w, https:\/\/www.touringcars.com\/wp-content\/uploads\/2025\/02\/carado-imagebank-data_VE_Semi-Integrated_T448_CU_2025_1002_21-31-41_web-890x593.jpg 890w, https:\/\/www.touringcars.com\/wp-content\/uploads\/2025\/02\/carado-imagebank-data_VE_Semi-Integrated_T448_CU_2025_1002_21-31-41_web-714x476.jpg 714w, https:\/\/www.touringcars.com\/wp-content\/uploads\/2025\/02\/carado-imagebank-data_VE_Semi-Integrated_T448_CU_2025_1002_21-31-41_web-450x300.jpg 450w, https:\/\/www.touringcars.com\/wp-content\/uploads\/2025\/02\/carado-imagebank-data_VE_Semi-Integrated_T448_CU_2025_1002_21-31-41_web-367x245.jpg 367w\" alt=\"MEDIUM &#8211; f\u00fcr 4\"><\/a><\/div><div class=\"content-container\"><h3><a href=\"https:\/\/www.touringcars.com\/de\/vehicle-category\/medium\/\">MEDIUM &#8211; f\u00fcr 4<\/a><\/h3><\/div><\/article><\/li><li class=\"glide__slide\"><article class=\"article reveal\"><div class=\"image-container\"><a href=\"https:\/\/www.touringcars.com\/de\/vehicle-category\/luxury\/\"><img decoding=\"async\" src=\"https:\/\/www.touringcars.com\/wp-content\/uploads\/2025\/02\/carado-imagebank-data_VE_Semi-Integrated_T447_CU_2025_1502_21-31-41_WEB-450x300.jpg\" srcset=\"https:\/\/www.touringcars.com\/wp-content\/uploads\/2025\/02\/carado-imagebank-data_VE_Semi-Integrated_T447_CU_2025_1502_21-31-41_WEB-300x200.jpg 300w, https:\/\/www.touringcars.com\/wp-content\/uploads\/2025\/02\/carado-imagebank-data_VE_Semi-Integrated_T447_CU_2025_1502_21-31-41_WEB-1024x683.jpg 1024w, https:\/\/www.touringcars.com\/wp-content\/uploads\/2025\/02\/carado-imagebank-data_VE_Semi-Integrated_T447_CU_2025_1502_21-31-41_WEB-768x512.jpg 768w, https:\/\/www.touringcars.com\/wp-content\/uploads\/2025\/02\/carado-imagebank-data_VE_Semi-Integrated_T447_CU_2025_1502_21-31-41_WEB-1536x1024.jpg 1536w, https:\/\/www.touringcars.com\/wp-content\/uploads\/2025\/02\/carado-imagebank-data_VE_Semi-Integrated_T447_CU_2025_1502_21-31-41_WEB-2048x1365.jpg 2048w, https:\/\/www.touringcars.com\/wp-content\/uploads\/2025\/02\/carado-imagebank-data_VE_Semi-Integrated_T447_CU_2025_1502_21-31-41_WEB-1920x1280.jpg 1920w, https:\/\/www.touringcars.com\/wp-content\/uploads\/2025\/02\/carado-imagebank-data_VE_Semi-Integrated_T447_CU_2025_1502_21-31-41_WEB-890x593.jpg 890w, https:\/\/www.touringcars.com\/wp-content\/uploads\/2025\/02\/carado-imagebank-data_VE_Semi-Integrated_T447_CU_2025_1502_21-31-41_WEB-714x476.jpg 714w, https:\/\/www.touringcars.com\/wp-content\/uploads\/2025\/02\/carado-imagebank-data_VE_Semi-Integrated_T447_CU_2025_1502_21-31-41_WEB-450x300.jpg 450w, https:\/\/www.touringcars.com\/wp-content\/uploads\/2025\/02\/carado-imagebank-data_VE_Semi-Integrated_T447_CU_2025_1502_21-31-41_WEB-367x245.jpg 367w\" alt=\"LUXURY &#8211; f\u00fcr 4\"><\/a><\/div><div class=\"content-container\"><h3><a href=\"https:\/\/www.touringcars.com\/de\/vehicle-category\/luxury\/\">LUXURY &#8211; f\u00fcr 4<\/a><\/h3><\/div><\/article><\/li><li class=\"glide__slide\"><article class=\"article reveal\"><div class=\"image-container\"><a href=\"https:\/\/www.touringcars.com\/de\/vehicle-category\/family\/\"><img decoding=\"async\" src=\"https:\/\/www.touringcars.com\/wp-content\/uploads\/2025\/02\/carado-imagebank-data_VE_Overcab_A361_CU_2025_1002_21-31-41_web-450x300.jpg\" srcset=\"https:\/\/www.touringcars.com\/wp-content\/uploads\/2025\/02\/carado-imagebank-data_VE_Overcab_A361_CU_2025_1002_21-31-41_web-300x200.jpg 300w, https:\/\/www.touringcars.com\/wp-content\/uploads\/2025\/02\/carado-imagebank-data_VE_Overcab_A361_CU_2025_1002_21-31-41_web-1024x682.jpg 1024w, https:\/\/www.touringcars.com\/wp-content\/uploads\/2025\/02\/carado-imagebank-data_VE_Overcab_A361_CU_2025_1002_21-31-41_web-768x512.jpg 768w, https:\/\/www.touringcars.com\/wp-content\/uploads\/2025\/02\/carado-imagebank-data_VE_Overcab_A361_CU_2025_1002_21-31-41_web-1536x1024.jpg 1536w, https:\/\/www.touringcars.com\/wp-content\/uploads\/2025\/02\/carado-imagebank-data_VE_Overcab_A361_CU_2025_1002_21-31-41_web-2048x1365.jpg 2048w, https:\/\/www.touringcars.com\/wp-content\/uploads\/2025\/02\/carado-imagebank-data_VE_Overcab_A361_CU_2025_1002_21-31-41_web-890x593.jpg 890w, https:\/\/www.touringcars.com\/wp-content\/uploads\/2025\/02\/carado-imagebank-data_VE_Overcab_A361_CU_2025_1002_21-31-41_web-714x476.jpg 714w, https:\/\/www.touringcars.com\/wp-content\/uploads\/2025\/02\/carado-imagebank-data_VE_Overcab_A361_CU_2025_1002_21-31-41_web-450x300.jpg 450w, https:\/\/www.touringcars.com\/wp-content\/uploads\/2025\/02\/carado-imagebank-data_VE_Overcab_A361_CU_2025_1002_21-31-41_web-367x245.jpg 367w\" alt=\"FAMILIE &#8211; f\u00fcr 5\"><\/a><\/div><div class=\"content-container\"><h3><a href=\"https:\/\/www.touringcars.com\/de\/vehicle-category\/family\/\">FAMILIE &#8211; f\u00fcr 5<\/a><\/h3><\/div><\/article><\/li><li class=\"glide__slide\"><article class=\"article reveal\"><div class=\"image-container\"><a href=\"https:\/\/www.touringcars.com\/de\/vehicle-category\/large\/\"><img decoding=\"async\" src=\"https:\/\/www.touringcars.com\/wp-content\/uploads\/2025\/02\/carado-imagebank-data_VE_Overcab_A464_CU_2025_1003_21-31-41_web-450x300.jpg\" srcset=\"https:\/\/www.touringcars.com\/wp-content\/uploads\/2025\/02\/carado-imagebank-data_VE_Overcab_A464_CU_2025_1003_21-31-41_web-300x200.jpg 300w, https:\/\/www.touringcars.com\/wp-content\/uploads\/2025\/02\/carado-imagebank-data_VE_Overcab_A464_CU_2025_1003_21-31-41_web-1024x682.jpg 1024w, https:\/\/www.touringcars.com\/wp-content\/uploads\/2025\/02\/carado-imagebank-data_VE_Overcab_A464_CU_2025_1003_21-31-41_web-768x512.jpg 768w, https:\/\/www.touringcars.com\/wp-content\/uploads\/2025\/02\/carado-imagebank-data_VE_Overcab_A464_CU_2025_1003_21-31-41_web-1536x1024.jpg 1536w, https:\/\/www.touringcars.com\/wp-content\/uploads\/2025\/02\/carado-imagebank-data_VE_Overcab_A464_CU_2025_1003_21-31-41_web-2048x1365.jpg 2048w, https:\/\/www.touringcars.com\/wp-content\/uploads\/2025\/02\/carado-imagebank-data_VE_Overcab_A464_CU_2025_1003_21-31-41_web-890x593.jpg 890w, https:\/\/www.touringcars.com\/wp-content\/uploads\/2025\/02\/carado-imagebank-data_VE_Overcab_A464_CU_2025_1003_21-31-41_web-714x476.jpg 714w, https:\/\/www.touringcars.com\/wp-content\/uploads\/2025\/02\/carado-imagebank-data_VE_Overcab_A464_CU_2025_1003_21-31-41_web-450x300.jpg 450w, https:\/\/www.touringcars.com\/wp-content\/uploads\/2025\/02\/carado-imagebank-data_VE_Overcab_A464_CU_2025_1003_21-31-41_web-367x245.jpg 367w\" alt=\"LARGE &#8211; f\u00fcr 5 und 6\"><\/a><\/div><div class=\"content-container\"><h3><a href=\"https:\/\/www.touringcars.com\/de\/vehicle-category\/large\/\">LARGE &#8211; f\u00fcr 5 und 6<\/a><\/h3><\/div><\/article><\/li><\/ul><\/div><div class=\"glide__controls\"><div class=\"glide__arrows\" data-glide-el=\"controls\"><span class=\"glide__arrow glide__arrow--left\" data-glide-dir=\"<\"><\/span><span class=\"glide__arrow glide__arrow--right\" data-glide-dir=\">&#8222;><\/span><\/div><div class=\"glide__bullets\" data-glide-el=\"controls[nav]\"><span class=\"glide__bullet\" data-glide-dir=\"=0\" data-parent-uid=\"69f2a56936ad6\"><\/span><span class=\"glide__bullet\" data-glide-dir=\"=1\" data-parent-uid=\"69f2a56936ad6\"><\/span><span class=\"glide__bullet\" data-glide-dir=\"=2\" data-parent-uid=\"69f2a56936ad6\"><\/span><span class=\"glide__bullet\" data-glide-dir=\"=3\" data-parent-uid=\"69f2a56936ad6\"><\/span><span class=\"glide__bullet\" data-glide-dir=\"=4\" data-parent-uid=\"69f2a56936ad6\"><\/span><span class=\"glide__bullet\" data-glide-dir=\"=5\" data-parent-uid=\"69f2a56936ad6\"><\/span><span class=\"glide__bullet\" data-glide-dir=\"=6\" data-parent-uid=\"69f2a56936ad6\"><\/span><span class=\"glide__bullet\" data-glide-dir=\"=7\" data-parent-uid=\"69f2a56936ad6\"><\/span><span class=\"glide__bullet\" data-glide-dir=\"=8\" data-parent-uid=\"69f2a56936ad6\"><\/span><span class=\"glide__bullet\" data-glide-dir=\"=9\" data-parent-uid=\"69f2a56936ad6\"><\/span><\/div><\/div><\/div><div class=\"buttons\"><a href=\"https:\/\/www.touringcars.com\/de\/wohnmobil-kategorien\/\" class=\"btn btn-outline\">Alle Kategorien<\/a><\/div>    <\/div>\r\n<\/section>","protected":false},"featured_media":9608,"template":"","class_list":["post-7020","campervans-groups","type-campervans-groups","status-publish","has-post-thumbnail","hentry"],"acf":[],"_links":{"self":[{"href":"https:\/\/www.touringcars.com\/de\/wp-json\/wp\/v2\/campervans-groups\/7020","targetHints":{"allow":["GET"]}}],"collection":[{"href":"https:\/\/www.touringcars.com\/de\/wp-json\/wp\/v2\/campervans-groups"}],"about":[{"href":"https:\/\/www.touringcars.com\/de\/wp-json\/wp\/v2\/types\/campervans-groups"}],"version-history":[{"count":8,"href":"https:\/\/www.touringcars.com\/de\/wp-json\/wp\/v2\/campervans-groups\/7020\/revisions"}],"predecessor-version":[{"id":27357,"href":"https:\/\/www.touringcars.com\/de\/wp-json\/wp\/v2\/campervans-groups\/7020\/revisions\/27357"}],"wp:featuredmedia":[{"embeddable":true,"href":"https:\/\/www.touringcars.com\/de\/wp-json\/wp\/v2\/media\/9608"}],"wp:attachment":[{"href":"https:\/\/www.touringcars.com\/de\/wp-json\/wp\/v2\/media?parent=7020"}],"curies":[{"name":"wp","href":"https:\/\/api.w.org\/{rel}","templated":true}]}}