{"id":26125,"date":"2025-12-22T07:01:50","date_gmt":"2025-12-22T07:01:50","guid":{"rendered":"https:\/\/www.touringcars.com\/vehicle-category\/urban-van-automatik-fuer-2\/"},"modified":"2026-01-20T08:36:02","modified_gmt":"2026-01-20T08:36:02","slug":"urban-van-automatik-fuer-2","status":"publish","type":"campervans-groups","link":"https:\/\/www.touringcars.com\/de\/vehicle-category\/urban-van-automatik-fuer-2\/","title":{"rendered":"Urban Van Automatik &#8211; f\u00fcr 2"},"content":{"rendered":"<section class=\"block block-textimage\">\r\n    <div class=\"container\">\r\n        <div class=\"content-row image-placement-left\">\r\n            <div class=\"content-container reveal\">\r\n                <h3>Kategorie Urban Van Automatic &#8211; Ikonischer Stil und Freiheit<\/h3><p>Erleben Sie die ultimative Freiheit mit der Kategorie <b>URBAN VAN<\/b> <strong>AUTOMATIC<\/strong>. Dieser Campervan ist die perfekte Mischung aus einem kompakten Pkw und einem voll ausgestatteten Wohnmobil. Dank seiner kompakten Abmessungen k\u00f6nnen Sie enge Stadtstra\u00dfen und Parkh\u00e4user m\u00fchelos durchqueren, w\u00e4hrend das Aufstelldach ihn in Sekundenschnelle in ein ger\u00e4umiges Urlaubsdomizil verwandelt.  <\/p>\n            <\/div>\r\n            <div class=\"image-container reveal\">\r\n                <img decoding=\"async\" src=\"https:\/\/www.touringcars.com\/wp-content\/uploads\/2025\/12\/UrbanVan-Vuoristo-574x431.jpg\" srcset=\"https:\/\/www.touringcars.com\/wp-content\/uploads\/2025\/12\/UrbanVan-Vuoristo-300x225.jpg 300w, https:\/\/www.touringcars.com\/wp-content\/uploads\/2025\/12\/UrbanVan-Vuoristo-1024x768.jpg 1024w, https:\/\/www.touringcars.com\/wp-content\/uploads\/2025\/12\/UrbanVan-Vuoristo-768x576.jpg 768w, https:\/\/www.touringcars.com\/wp-content\/uploads\/2025\/12\/UrbanVan-Vuoristo-791x593.jpg 791w, https:\/\/www.touringcars.com\/wp-content\/uploads\/2025\/12\/UrbanVan-Vuoristo-708x531.jpg 708w, https:\/\/www.touringcars.com\/wp-content\/uploads\/2025\/12\/UrbanVan-Vuoristo-574x431.jpg 574w, https:\/\/www.touringcars.com\/wp-content\/uploads\/2025\/12\/UrbanVan-Vuoristo.jpg 1500w\" alt=\"UrbanVan-Vuoristo\" width=\"1500\" height=\"1125\">            <\/div>\r\n        <\/div>\r\n    <\/div>\r\n<\/section><section class=\"block block-iconrow bg-white bottom-spacing-zero\">\r\n    <div class=\"container\">\r\n        <div class=\"content-container reveal\">\r\n            <h2>Besten Wert f\u00fcr Ihr Geld<\/h2><div class=\"icon-row\"><div class=\"icon-item\"><img decoding=\"async\" src=\"https:\/\/www.touringcars.com\/wp-content\/uploads\/2025\/02\/Clean_blue.svg\" alt=\"Clean_blue\"><div class=\"label\">Voll ausgestattete, ma\u00dfgeschneiderte und gut gewartete Reisemobile<\/div><\/div><div class=\"icon-item\"><img decoding=\"async\" src=\"https:\/\/www.touringcars.com\/wp-content\/uploads\/2025\/02\/Five-stars_blue.svg\" alt=\"Five stars_blue\"><div class=\"label\">Pers\u00f6nliche Betreuung von Anfang bis Ende<\/div><\/div><div class=\"icon-item\"><img decoding=\"async\" src=\"https:\/\/www.touringcars.com\/wp-content\/uploads\/2025\/02\/Airport-transfer2_blue.svg\" alt=\"Airport transfer2_blue\"><div class=\"label\">Kostenloser Abholung vom Flughafen<\/div><\/div><div class=\"icon-item\"><img decoding=\"async\" src=\"https:\/\/www.touringcars.com\/wp-content\/uploads\/2025\/02\/road-assistance_blue.svg\" alt=\"road assistance_blue\"><div class=\"label\">24\/7 Pannenhilfe<\/div><\/div><div class=\"icon-item\"><img decoding=\"async\" src=\"https:\/\/www.touringcars.com\/wp-content\/uploads\/2025\/02\/Unlimited-mileage-3_blue.svg\" alt=\"Unlimited mileage 3_blue\"><div class=\"label\">Unbegrenzte Kilometer<\/div><\/div><\/div>        <\/div>\r\n    <\/div>\r\n<\/section><section class=\"block block-textimage\">\r\n    <div class=\"container\">\r\n        <div class=\"content-row image-placement-right\">\r\n            <div class=\"content-container reveal\">\r\n                <h3>Merkmale von Urban Van Automatic<\/h3><ul>\n<li>Nur F\u00fchrerschein B erforderlich<\/li>\n<li>Automatisches Getriebe<\/li>\n<li>Turbo-Dieselmotor<\/li>\n<li>K\u00fcchenutensilien und Besteck<\/li>\n<li>K\u00fchlschrank &amp; Gasherd<\/li>\n<li>Porta Potti (tragbare Toilette)<\/li>\n<li>Klappbares Bett<\/li>\n<li>Heizung<\/li>\n<li>Klimaanlage in der Fahrerkabine<\/li>\n<li>Navigation<\/li>\n<li>Elektrisches Kabel<\/li>\n<li>Wasserschlauch &amp; Gie\u00dfkanne<\/li>\n<\/ul>\n            <\/div>\r\n            <div class=\"image-container reveal\">\r\n                <img decoding=\"async\" src=\"https:\/\/www.touringcars.com\/wp-content\/uploads\/2025\/12\/UrbanVan-Hollanti-1-574x431.jpg\" srcset=\"https:\/\/www.touringcars.com\/wp-content\/uploads\/2025\/12\/UrbanVan-Hollanti-1-300x225.jpg 300w, https:\/\/www.touringcars.com\/wp-content\/uploads\/2025\/12\/UrbanVan-Hollanti-1-1024x768.jpg 1024w, https:\/\/www.touringcars.com\/wp-content\/uploads\/2025\/12\/UrbanVan-Hollanti-1-768x576.jpg 768w, https:\/\/www.touringcars.com\/wp-content\/uploads\/2025\/12\/UrbanVan-Hollanti-1-791x593.jpg 791w, https:\/\/www.touringcars.com\/wp-content\/uploads\/2025\/12\/UrbanVan-Hollanti-1-708x531.jpg 708w, https:\/\/www.touringcars.com\/wp-content\/uploads\/2025\/12\/UrbanVan-Hollanti-1-180x136.jpg 180w, https:\/\/www.touringcars.com\/wp-content\/uploads\/2025\/12\/UrbanVan-Hollanti-1-412x310.jpg 412w, https:\/\/www.touringcars.com\/wp-content\/uploads\/2025\/12\/UrbanVan-Hollanti-1-574x431.jpg 574w, https:\/\/www.touringcars.com\/wp-content\/uploads\/2025\/12\/UrbanVan-Hollanti-1.jpg 1500w\" alt=\"UrbanVan-Hollanti (1)\" width=\"1500\" height=\"1125\">            <\/div>\r\n        <\/div>\r\n    <\/div>\r\n<\/section>\n<p><sub>Bitte beachten Sie, dass die auf dieser Website gezeigten Wohnmobil-Typen nur zur Illustration dienen. Die tats\u00e4chlichen Miet-Wohnmobile weichen von den Fotos und Abbildungen ab. Dies bedeutet, dass auch Fahrzeugdetails wie z.B. die Bettma\u00dfe variieren k\u00f6nnen. Touring Cars beh\u00e4lt sich das Recht vor, Spezifikationen zu \u00e4ndern und\/oder ein \u00e4hnliches oder h\u00f6herwertiges Fahrzeug ohne vorherige Ank\u00fcndigung zu dem angegebenen Preis anzubieten.   <\/sub><\/p>\n<section class=\"block block-gallery\">\r\n    <div class=\"container container-full\">\r\n        <div class=\"image-gallery\"><a href=\"https:\/\/www.touringcars.com\/wp-content\/uploads\/2025\/12\/UrbanVan-Ulko1.jpg\" class=\"lightbox\"><img decoding=\"async\" src=\"https:\/\/www.touringcars.com\/wp-content\/uploads\/2025\/12\/UrbanVan-Ulko1-574x411.jpg\" srcset=\"https:\/\/www.touringcars.com\/wp-content\/uploads\/2025\/12\/UrbanVan-Ulko1-300x215.jpg 300w, https:\/\/www.touringcars.com\/wp-content\/uploads\/2025\/12\/UrbanVan-Ulko1-1024x733.jpg 1024w, https:\/\/www.touringcars.com\/wp-content\/uploads\/2025\/12\/UrbanVan-Ulko1-768x550.jpg 768w, https:\/\/www.touringcars.com\/wp-content\/uploads\/2025\/12\/UrbanVan-Ulko1-828x593.jpg 828w, https:\/\/www.touringcars.com\/wp-content\/uploads\/2025\/12\/UrbanVan-Ulko1-714x511.jpg 714w, https:\/\/www.touringcars.com\/wp-content\/uploads\/2025\/12\/UrbanVan-Ulko1-574x411.jpg 574w, https:\/\/www.touringcars.com\/wp-content\/uploads\/2025\/12\/UrbanVan-Ulko1.jpg 1348w\" alt=\"UrbanVan-Ulko1\"><\/a><a href=\"https:\/\/www.touringcars.com\/wp-content\/uploads\/2025\/12\/UrbanVan-Sisa1-Kuski.jpg\" class=\"lightbox\"><img decoding=\"async\" src=\"https:\/\/www.touringcars.com\/wp-content\/uploads\/2025\/12\/UrbanVan-Sisa1-Kuski-574x411.jpg\" srcset=\"https:\/\/www.touringcars.com\/wp-content\/uploads\/2025\/12\/UrbanVan-Sisa1-Kuski-300x215.jpg 300w, https:\/\/www.touringcars.com\/wp-content\/uploads\/2025\/12\/UrbanVan-Sisa1-Kuski-1024x733.jpg 1024w, https:\/\/www.touringcars.com\/wp-content\/uploads\/2025\/12\/UrbanVan-Sisa1-Kuski-768x550.jpg 768w, https:\/\/www.touringcars.com\/wp-content\/uploads\/2025\/12\/UrbanVan-Sisa1-Kuski-828x593.jpg 828w, https:\/\/www.touringcars.com\/wp-content\/uploads\/2025\/12\/UrbanVan-Sisa1-Kuski-714x511.jpg 714w, https:\/\/www.touringcars.com\/wp-content\/uploads\/2025\/12\/UrbanVan-Sisa1-Kuski-574x411.jpg 574w, https:\/\/www.touringcars.com\/wp-content\/uploads\/2025\/12\/UrbanVan-Sisa1-Kuski.jpg 1348w\" alt=\"UrbanVan-Sisa1-Kuski\"><\/a><a href=\"https:\/\/www.touringcars.com\/wp-content\/uploads\/2025\/12\/UrbanVan-Sisa5-Sanky.jpg\" class=\"lightbox\"><img decoding=\"async\" src=\"https:\/\/www.touringcars.com\/wp-content\/uploads\/2025\/12\/UrbanVan-Sisa5-Sanky-574x411.jpg\" srcset=\"https:\/\/www.touringcars.com\/wp-content\/uploads\/2025\/12\/UrbanVan-Sisa5-Sanky-300x215.jpg 300w, https:\/\/www.touringcars.com\/wp-content\/uploads\/2025\/12\/UrbanVan-Sisa5-Sanky-1024x733.jpg 1024w, https:\/\/www.touringcars.com\/wp-content\/uploads\/2025\/12\/UrbanVan-Sisa5-Sanky-768x550.jpg 768w, https:\/\/www.touringcars.com\/wp-content\/uploads\/2025\/12\/UrbanVan-Sisa5-Sanky-828x593.jpg 828w, https:\/\/www.touringcars.com\/wp-content\/uploads\/2025\/12\/UrbanVan-Sisa5-Sanky-714x511.jpg 714w, https:\/\/www.touringcars.com\/wp-content\/uploads\/2025\/12\/UrbanVan-Sisa5-Sanky-574x411.jpg 574w, https:\/\/www.touringcars.com\/wp-content\/uploads\/2025\/12\/UrbanVan-Sisa5-Sanky.jpg 1348w\" alt=\"UrbanVan-Sisa5-Sanky\"><\/a>    <\/div>\r\n<\/section><section style=\"background-image: url(https:\/\/www.touringcars.com\/wp-content\/uploads\/2025\/02\/hobby-van-holiday-couple_1.jpg.webp)\" class=\"block block-centertext bg-image\">\r\n    <div class=\"container\">\r\n        <div class=\"content-container reveal\">\r\n            <p><img decoding=\"async\" class=\"alignnone size-large wp-image-7122\" src=\"https:\/\/touringcars.com\/wp-content\/uploads\/2025\/02\/vehicle-icons-wide.png-1024x113.webp\" alt=\"\" width=\"1024\" height=\"113\" srcset=\"https:\/\/www.touringcars.com\/wp-content\/uploads\/2025\/02\/vehicle-icons-wide.png-1024x113.webp 1024w, https:\/\/www.touringcars.com\/wp-content\/uploads\/2025\/02\/vehicle-icons-wide.png-180x20.webp 180w, https:\/\/www.touringcars.com\/wp-content\/uploads\/2025\/02\/vehicle-icons-wide.png-412x45.webp 412w, https:\/\/www.touringcars.com\/wp-content\/uploads\/2025\/02\/vehicle-icons-wide.png-300x33.webp 300w, https:\/\/www.touringcars.com\/wp-content\/uploads\/2025\/02\/vehicle-icons-wide.png-768x85.webp 768w, https:\/\/www.touringcars.com\/wp-content\/uploads\/2025\/02\/vehicle-icons-wide.png-714x79.webp 714w, https:\/\/www.touringcars.com\/wp-content\/uploads\/2025\/02\/vehicle-icons-wide.png-574x63.webp 574w, https:\/\/www.touringcars.com\/wp-content\/uploads\/2025\/02\/vehicle-icons-wide.png.webp 1280w\" sizes=\"(max-width: 1024px) 100vw, 1024px\" \/><\/p>\n        <\/div>\r\n    <\/div>\r\n<\/section>\n\n<section class=\"block block-basic\">\r\n    <div class=\"container\">\r\n        <div class=\"content-container reveal\">\r\n            <h2>Erstklassige Services<\/h2><p>Profitieren Sie von unserem exklusiven Service: Alle Mietpreise f\u00fcr Wohnmobile enthalten VIP-Flughafentransfers und eine umfassende pers\u00f6nliche Einf\u00fchrung zur Verwendung der gesamten Ausstattung des Fahrzeugs. Damit Sie einen sorgenfreien Urlaub genie\u00dfen k\u00f6nnen, ist ein Telefonservice rund um die Uhr verf\u00fcgbar, falls Sie unterwegs Fragen haben. Au\u00dferdem bieten wir ein Ersatzwohnmobil bei schwerwiegenden Defekten.<\/p>\n        <\/div>\r\n    <\/div>\r\n<\/section><section class=\"block block-textimage\">\r\n    <div class=\"container\">\r\n        <div class=\"content-row image-placement-right\">\r\n            <div class=\"content-container reveal\">\r\n                <h3>Frische Flotte f\u00fcr Sie verf\u00fcgbar<\/h3><div class=\"two-col__content\">\n<div class=\"two-col__text\">\n<div class=\"clearfix text-formatted field field--name-field-text field--type-text-long field--label-hidden field__item\">\n<p>Die Wohnmobile in dieser Urban Van Automatic-Kategorie repr\u00e4sentieren die beste verf\u00fcgbare Qualit\u00e4t, und sie sind alle weniger als 100 000 km gefahren. Die Qualit\u00e4t unserer Flotte ist uns sehr wichtig. Um unsere Flotte frisch und sch\u00f6n zu halten, werden alle unsere Miet-Wohnmobile zwischen jeder Anmietung vier unabh\u00e4ngigen Kontrollen unterzogen, um jedem Kunden einen sorgenfreien Urlaub zu garantieren. Dieser Prozess dauert mindestens drei Stunden und umfasst eine gr\u00fcndliche Reinigung, eine vollst\u00e4ndige technische \u00dcberpr\u00fcfung und eine pers\u00f6nliche Vorbereitung des Wohnmobils f\u00fcr seinen n\u00e4chsten Gast.  <\/p>\n<\/div>\n<\/div>\n<\/div>\n            <\/div>\r\n            <div class=\"image-container reveal image-high\">\r\n                <img decoding=\"async\" src=\"https:\/\/www.touringcars.com\/wp-content\/uploads\/2025\/12\/UrbanVan-Jarvi-574x431.jpg\" srcset=\"https:\/\/www.touringcars.com\/wp-content\/uploads\/2025\/12\/UrbanVan-Jarvi-300x225.jpg 300w, https:\/\/www.touringcars.com\/wp-content\/uploads\/2025\/12\/UrbanVan-Jarvi-1024x768.jpg 1024w, https:\/\/www.touringcars.com\/wp-content\/uploads\/2025\/12\/UrbanVan-Jarvi-768x576.jpg 768w, https:\/\/www.touringcars.com\/wp-content\/uploads\/2025\/12\/UrbanVan-Jarvi-791x593.jpg 791w, https:\/\/www.touringcars.com\/wp-content\/uploads\/2025\/12\/UrbanVan-Jarvi-708x531.jpg 708w, https:\/\/www.touringcars.com\/wp-content\/uploads\/2025\/12\/UrbanVan-Jarvi-574x431.jpg 574w, https:\/\/www.touringcars.com\/wp-content\/uploads\/2025\/12\/UrbanVan-Jarvi.jpg 1500w\" alt=\"UrbanVan-Jarvi\" width=\"1500\" height=\"1125\">            <\/div>\r\n        <\/div>\r\n    <\/div>\r\n<\/section><section class=\"block block-textimage\">\r\n    <div class=\"container\">\r\n        <div class=\"content-row image-placement-left\">\r\n            <div class=\"content-container reveal\">\r\n                <h3>Geniale Rauml\u00f6sungen<\/h3><div class=\"two-col__content\">\n<div class=\"two-col__text\">\n<div class=\"clearfix text-formatted field field--name-field-text field--type-text-long field--label-hidden field__item\">\n<p>Der Urban Van ist ein Meisterwerk der Raumeffizienz. Das <b>Aufstelldach<\/b> bietet nicht nur tags\u00fcber zus\u00e4tzliche Kopffreiheit, sondern beherbergt auch ein bequemes oberes Bett f\u00fcr zwei Personen. Unten l\u00e4sst sich die R\u00fcckbank leicht in ein zweites Doppelbett verwandeln. Jeder Zentimeter des Innenraums wird intelligent genutzt, um den Lebensraum zu maximieren. Wenn Sie die Vordersitze umdrehen, schaffen Sie eine ger\u00e4umige und gesellige Atmosph\u00e4re und lassen den Van viel gr\u00f6\u00dfer wirken, als sein kompaktes \u00c4u\u00dferes vermuten l\u00e4sst.    <\/p>\n<p>Die Standardausr\u00fcstung ist die gleiche wie in unseren anderen gut ausgestatteten Wohnmobilen, einschlie\u00dflich Niveauregulierung, Stromkabel, Wasserschl\u00e4uche, etc.<\/p>\n<\/div>\n<p>&nbsp;<\/p>\n<\/div>\n<\/div>\n            <\/div>\r\n            <div class=\"image-container reveal image-high\">\r\n                <img decoding=\"async\" src=\"https:\/\/www.touringcars.com\/wp-content\/uploads\/2025\/12\/UrbanVan-Takaosa-574x431.jpg\" srcset=\"https:\/\/www.touringcars.com\/wp-content\/uploads\/2025\/12\/UrbanVan-Takaosa-300x225.jpg 300w, https:\/\/www.touringcars.com\/wp-content\/uploads\/2025\/12\/UrbanVan-Takaosa-1024x768.jpg 1024w, https:\/\/www.touringcars.com\/wp-content\/uploads\/2025\/12\/UrbanVan-Takaosa-768x576.jpg 768w, https:\/\/www.touringcars.com\/wp-content\/uploads\/2025\/12\/UrbanVan-Takaosa-791x593.jpg 791w, https:\/\/www.touringcars.com\/wp-content\/uploads\/2025\/12\/UrbanVan-Takaosa-708x531.jpg 708w, https:\/\/www.touringcars.com\/wp-content\/uploads\/2025\/12\/UrbanVan-Takaosa-574x431.jpg 574w, https:\/\/www.touringcars.com\/wp-content\/uploads\/2025\/12\/UrbanVan-Takaosa.jpg 1500w\" alt=\"UrbanVan-Takaosa\" width=\"1500\" height=\"1125\">            <\/div>\r\n        <\/div>\r\n    <\/div>\r\n<\/section><section class=\"block block-textimage\">\r\n    <div class=\"container\">\r\n        <div class=\"content-row image-placement-right\">\r\n            <div class=\"content-container reveal\">\r\n                <h3>Die Freiheit, \u00fcberall zu kochen<\/h3><p>Die voll integrierte K\u00fcchenzeile ist ein Wunderwerk an kompaktem Design. Sie verf\u00fcgt \u00fcber einen <b>Gaskocher mit zwei Flammen<\/b>, eine Edelstahlsp\u00fcle mit flie\u00dfendem Wasser und eine <b>K\u00fchlbox<\/b>, in der Sie Ihre Vorr\u00e4te frisch halten k\u00f6nnen. Dank des integrierten Gaskochfelds k\u00f6nnen Sie k\u00f6stliche Mahlzeiten zubereiten, wo immer Sie auch unterwegs sind. Wenn es Zeit zum Essen ist, stellen Sie einfach den Innentisch auf, um einen gem\u00fctlichen Essbereich zu schaffen. Mit den integrierten Verdunkelungsrollos und der Ambientebeleuchtung verwandelt sich der Van in ein gem\u00fctliches Wohnzimmer, sobald die Sonne untergeht.    <\/p>\n            <\/div>\r\n            <div class=\"image-container reveal image-high\">\r\n                <img decoding=\"async\" src=\"https:\/\/www.touringcars.com\/wp-content\/uploads\/2025\/12\/UrbanVan-Puisto-574x431.jpg\" srcset=\"https:\/\/www.touringcars.com\/wp-content\/uploads\/2025\/12\/UrbanVan-Puisto-300x225.jpg 300w, https:\/\/www.touringcars.com\/wp-content\/uploads\/2025\/12\/UrbanVan-Puisto-1024x768.jpg 1024w, https:\/\/www.touringcars.com\/wp-content\/uploads\/2025\/12\/UrbanVan-Puisto-768x576.jpg 768w, https:\/\/www.touringcars.com\/wp-content\/uploads\/2025\/12\/UrbanVan-Puisto-791x593.jpg 791w, https:\/\/www.touringcars.com\/wp-content\/uploads\/2025\/12\/UrbanVan-Puisto-708x531.jpg 708w, https:\/\/www.touringcars.com\/wp-content\/uploads\/2025\/12\/UrbanVan-Puisto-574x431.jpg 574w, https:\/\/www.touringcars.com\/wp-content\/uploads\/2025\/12\/UrbanVan-Puisto.jpg 1500w\" alt=\"UrbanVan-Puisto\" width=\"1500\" height=\"1125\">            <\/div>\r\n        <\/div>\r\n    <\/div>\r\n<\/section><section style=\"background-image: url(https:\/\/www.touringcars.com\/wp-content\/uploads\/2025\/02\/camper_van_driving_on_road_as_the_sun_is_rising.jpg.webp)\" class=\"block block-centertext bg-image\">\r\n    <div class=\"container\">\r\n        <div class=\"content-container reveal\">\r\n            <h2>Jetzt buchen und sp\u00e4ter bezahlen<\/h2><p class=\"text-align-center\">Mit unserer flexiblen Zahlungsoption k\u00f6nnen Sie ein Premium-Wohnmobil f\u00fcr Ihren Urlaub mit einer Anzahlung von 210 GBP\/ 200 EUR\/ 2.000 NOK\/ 2.000 SEK reservieren und den Restbetrag 45 Tage vor Ihrem ersten Miettag bezahlen.<\/p>\n<p class=\"text-align-center\">Pr\u00fcfen Sie die Verf\u00fcgbarkeit von Wohnmobilen und die Mietpreise live auf unserer Homepage.<\/p>\n<div class=\"buttons\"><a href=\"\" class=\"btn btn-wide\" target=\"_blank\" rel=\"noopener noreferrer\">Homepage<\/a><\/div>        <\/div>\r\n    <\/div>\r\n<\/section>\n\n<section class=\"block block-basic small-padding-bottom hide-during-booking\">\r\n    <div class=\"container\">\r\n        <div class=\"content-container reveal\">\r\n            <p><strong>Mehr Informationen: Videos<\/strong><\/p>\n<div class=\"buttons\"><a href=\"https:\/\/www.youtube.com\/playlist?list=PLH1ePBkJ8mrIrX21VPlGuryWMvwm22zCu\" class=\"btn btn-wide\" target=\"_blank\" rel=\"noopener noreferrer\">Orientierungsvideos zur Vermietung<\/a><a href=\"https:\/\/www.youtube.com\/playlist?list=PLH1ePBkJ8mrJo8ZHnLseip_jvYqA1j7qe\" class=\"btn btn-wide\" target=\"_blank\" rel=\"noopener noreferrer\">Weitere praktische Tipps<\/a><\/div>        <\/div>\r\n    <\/div>\r\n<\/section>\n\n<section class=\"block block-basic small-padding-top\">\r\n    <div class=\"container\">\r\n        <div class=\"content-container reveal\">\r\n            <p><em>Bitte beachten Sie, dass alle auf dieser Website gezeigten Mietfahrzeugtypen nur zu Illustrationszwecken dienen. Die tats\u00e4chlichen Wohnmobil-Mietfahrzeuge weichen von den Fotos und Illustrationen ab. Das bedeutet, dass auch Fahrzeugdetails wie z.B. Die Bettabmessungen variieren. Touring Cars beh\u00e4lt sich das Recht vor, ohne vorherige Ank\u00fcndigung Spezifikationen zu \u00e4ndern und\/oder \u00e4hnliche oder h\u00f6herklassige Fahrzeuge zum angegebenen Preis anzubieten.<\/em><\/p>\n        <\/div>\r\n    <\/div>\r\n<\/section>\n\n<section class=\"block block-postsslider style-small hide-during-booking\">\r\n    <div class=\"container reveal\">\r\n        <h2>Wohnmobil-kategorien<\/h2><div class=\"glide articles-slider\" data-uid=\"69f28966e0886\"><div class=\"glide__track\" data-glide-el=\"track\"><ul class=\"glide__slides\"><li class=\"glide__slide\"><article class=\"article reveal\"><div class=\"image-container\"><a href=\"https:\/\/www.touringcars.com\/de\/vehicle-category\/urban-van-automatik-fuer-2\/\"><img decoding=\"async\" src=\"https:\/\/www.touringcars.com\/wp-content\/uploads\/2025\/12\/Urban-Van-1-574x411.jpg\" srcset=\"https:\/\/www.touringcars.com\/wp-content\/uploads\/2025\/12\/Urban-Van-1-300x215.jpg 300w, https:\/\/www.touringcars.com\/wp-content\/uploads\/2025\/12\/Urban-Van-1-1024x733.jpg 1024w, https:\/\/www.touringcars.com\/wp-content\/uploads\/2025\/12\/Urban-Van-1-768x550.jpg 768w, https:\/\/www.touringcars.com\/wp-content\/uploads\/2025\/12\/Urban-Van-1-828x593.jpg 828w, https:\/\/www.touringcars.com\/wp-content\/uploads\/2025\/12\/Urban-Van-1-714x511.jpg 714w, https:\/\/www.touringcars.com\/wp-content\/uploads\/2025\/12\/Urban-Van-1-180x129.jpg 180w, https:\/\/www.touringcars.com\/wp-content\/uploads\/2025\/12\/Urban-Van-1-412x295.jpg 412w, https:\/\/www.touringcars.com\/wp-content\/uploads\/2025\/12\/Urban-Van-1-574x411.jpg 574w, https:\/\/www.touringcars.com\/wp-content\/uploads\/2025\/12\/Urban-Van-1.jpg 1348w\" alt=\"Urban Van Automatik &#8211; f\u00fcr 2\"><\/a><\/div><div class=\"content-container\"><h3><a href=\"https:\/\/www.touringcars.com\/de\/vehicle-category\/urban-van-automatik-fuer-2\/\">Urban Van Automatik &#8211; f\u00fcr 2<\/a><\/h3><\/div><\/article><\/li><li class=\"glide__slide\"><article class=\"article reveal\"><div class=\"image-container\"><a href=\"https:\/\/www.touringcars.com\/de\/vehicle-category\/camp-automatic-fuer-2\/\"><img decoding=\"async\" src=\"https:\/\/www.touringcars.com\/wp-content\/uploads\/2025\/12\/camp-automatic-574x411.jpeg\" srcset=\"https:\/\/www.touringcars.com\/wp-content\/uploads\/2025\/12\/camp-automatic-300x215.jpeg 300w, https:\/\/www.touringcars.com\/wp-content\/uploads\/2025\/12\/camp-automatic-1024x733.jpeg 1024w, https:\/\/www.touringcars.com\/wp-content\/uploads\/2025\/12\/camp-automatic-768x550.jpeg 768w, https:\/\/www.touringcars.com\/wp-content\/uploads\/2025\/12\/camp-automatic-828x593.jpeg 828w, https:\/\/www.touringcars.com\/wp-content\/uploads\/2025\/12\/camp-automatic-714x511.jpeg 714w, https:\/\/www.touringcars.com\/wp-content\/uploads\/2025\/12\/camp-automatic-574x411.jpeg 574w, https:\/\/www.touringcars.com\/wp-content\/uploads\/2025\/12\/camp-automatic.jpeg 1348w\" alt=\"CAMP AUTOMATIC &#8211; f\u00fcr 2\"><\/a><\/div><div class=\"content-container\"><h3><a href=\"https:\/\/www.touringcars.com\/de\/vehicle-category\/camp-automatic-fuer-2\/\">CAMP AUTOMATIC &#8211; f\u00fcr 2<\/a><\/h3><\/div><\/article><\/li><li class=\"glide__slide\"><article class=\"article reveal\"><div class=\"image-container\"><a href=\"https:\/\/www.touringcars.com\/de\/vehicle-category\/van\/\"><img decoding=\"async\" src=\"https:\/\/www.touringcars.com\/wp-content\/uploads\/2025\/02\/carado-imagebank-data_VE_Camper-Van_CV640_CU_2025_1002_21-31-41_web-450x300.jpg\" srcset=\"https:\/\/www.touringcars.com\/wp-content\/uploads\/2025\/02\/carado-imagebank-data_VE_Camper-Van_CV640_CU_2025_1002_21-31-41_web-300x200.jpg 300w, https:\/\/www.touringcars.com\/wp-content\/uploads\/2025\/02\/carado-imagebank-data_VE_Camper-Van_CV640_CU_2025_1002_21-31-41_web-1024x682.jpg 1024w, https:\/\/www.touringcars.com\/wp-content\/uploads\/2025\/02\/carado-imagebank-data_VE_Camper-Van_CV640_CU_2025_1002_21-31-41_web-768x512.jpg 768w, https:\/\/www.touringcars.com\/wp-content\/uploads\/2025\/02\/carado-imagebank-data_VE_Camper-Van_CV640_CU_2025_1002_21-31-41_web-1536x1024.jpg 1536w, https:\/\/www.touringcars.com\/wp-content\/uploads\/2025\/02\/carado-imagebank-data_VE_Camper-Van_CV640_CU_2025_1002_21-31-41_web-2048x1365.jpg 2048w, https:\/\/www.touringcars.com\/wp-content\/uploads\/2025\/02\/carado-imagebank-data_VE_Camper-Van_CV640_CU_2025_1002_21-31-41_web-890x593.jpg 890w, https:\/\/www.touringcars.com\/wp-content\/uploads\/2025\/02\/carado-imagebank-data_VE_Camper-Van_CV640_CU_2025_1002_21-31-41_web-714x476.jpg 714w, https:\/\/www.touringcars.com\/wp-content\/uploads\/2025\/02\/carado-imagebank-data_VE_Camper-Van_CV640_CU_2025_1002_21-31-41_web-450x300.jpg 450w, https:\/\/www.touringcars.com\/wp-content\/uploads\/2025\/02\/carado-imagebank-data_VE_Camper-Van_CV640_CU_2025_1002_21-31-41_web-367x245.jpg 367w\" alt=\"VAN &#8211; f\u00fcr 2\"><\/a><\/div><div class=\"content-container\"><h3><a href=\"https:\/\/www.touringcars.com\/de\/vehicle-category\/van\/\">VAN &#8211; f\u00fcr 2<\/a><\/h3><\/div><\/article><\/li><li class=\"glide__slide\"><article class=\"article reveal\"><div class=\"image-container\"><a href=\"https:\/\/www.touringcars.com\/de\/vehicle-category\/van-4x4-automatic-fuer-2\/\"><img decoding=\"async\" src=\"https:\/\/www.touringcars.com\/wp-content\/uploads\/2025\/11\/van-4x4-buerstner-habiton-2025-white-road-1-574x411.jpg\" srcset=\"https:\/\/www.touringcars.com\/wp-content\/uploads\/2025\/11\/van-4x4-buerstner-habiton-2025-white-road-1-300x215.jpg 300w, https:\/\/www.touringcars.com\/wp-content\/uploads\/2025\/11\/van-4x4-buerstner-habiton-2025-white-road-1-1024x733.jpg 1024w, https:\/\/www.touringcars.com\/wp-content\/uploads\/2025\/11\/van-4x4-buerstner-habiton-2025-white-road-1-768x550.jpg 768w, https:\/\/www.touringcars.com\/wp-content\/uploads\/2025\/11\/van-4x4-buerstner-habiton-2025-white-road-1-828x593.jpg 828w, https:\/\/www.touringcars.com\/wp-content\/uploads\/2025\/11\/van-4x4-buerstner-habiton-2025-white-road-1-714x511.jpg 714w, https:\/\/www.touringcars.com\/wp-content\/uploads\/2025\/11\/van-4x4-buerstner-habiton-2025-white-road-1-574x411.jpg 574w, https:\/\/www.touringcars.com\/wp-content\/uploads\/2025\/11\/van-4x4-buerstner-habiton-2025-white-road-1.jpg 1348w\" alt=\"VAN 4&#215;4 AUTOMATIC &#8211; f\u00fcr 2\"><\/a><\/div><div class=\"content-container\"><h3><a href=\"https:\/\/www.touringcars.com\/de\/vehicle-category\/van-4x4-automatic-fuer-2\/\">VAN 4&#215;4 AUTOMATIC &#8211; f\u00fcr 2<\/a><\/h3><\/div><\/article><\/li><li class=\"glide__slide\"><article class=\"article reveal\"><div class=\"image-container\"><a href=\"https:\/\/www.touringcars.com\/de\/vehicle-category\/small\/\"><img decoding=\"async\" src=\"https:\/\/www.touringcars.com\/wp-content\/uploads\/2025\/02\/carado-imagebank-data_VE_Van_V339_CU_2025_1002_21-31-41_web-450x300.jpg\" srcset=\"https:\/\/www.touringcars.com\/wp-content\/uploads\/2025\/02\/carado-imagebank-data_VE_Van_V339_CU_2025_1002_21-31-41_web-300x200.jpg 300w, https:\/\/www.touringcars.com\/wp-content\/uploads\/2025\/02\/carado-imagebank-data_VE_Van_V339_CU_2025_1002_21-31-41_web-1024x682.jpg 1024w, https:\/\/www.touringcars.com\/wp-content\/uploads\/2025\/02\/carado-imagebank-data_VE_Van_V339_CU_2025_1002_21-31-41_web-768x512.jpg 768w, https:\/\/www.touringcars.com\/wp-content\/uploads\/2025\/02\/carado-imagebank-data_VE_Van_V339_CU_2025_1002_21-31-41_web-1536x1024.jpg 1536w, https:\/\/www.touringcars.com\/wp-content\/uploads\/2025\/02\/carado-imagebank-data_VE_Van_V339_CU_2025_1002_21-31-41_web-2048x1365.jpg 2048w, https:\/\/www.touringcars.com\/wp-content\/uploads\/2025\/02\/carado-imagebank-data_VE_Van_V339_CU_2025_1002_21-31-41_web-890x593.jpg 890w, https:\/\/www.touringcars.com\/wp-content\/uploads\/2025\/02\/carado-imagebank-data_VE_Van_V339_CU_2025_1002_21-31-41_web-714x476.jpg 714w, https:\/\/www.touringcars.com\/wp-content\/uploads\/2025\/02\/carado-imagebank-data_VE_Van_V339_CU_2025_1002_21-31-41_web-450x300.jpg 450w, https:\/\/www.touringcars.com\/wp-content\/uploads\/2025\/02\/carado-imagebank-data_VE_Van_V339_CU_2025_1002_21-31-41_web-367x245.jpg 367w\" alt=\"SMALL &#8211; f\u00fcr 2\"><\/a><\/div><div class=\"content-container\"><h3><a href=\"https:\/\/www.touringcars.com\/de\/vehicle-category\/small\/\">SMALL &#8211; f\u00fcr 2<\/a><\/h3><\/div><\/article><\/li><li class=\"glide__slide\"><article class=\"article reveal\"><div class=\"image-container\"><a href=\"https:\/\/www.touringcars.com\/de\/vehicle-category\/luxury-fur-2\/\"><img decoding=\"async\" src=\"https:\/\/www.touringcars.com\/wp-content\/uploads\/2025\/02\/carado-imagebank-data_VE_Semi-Integrated_T447_CU_2025_1502_21-31-41_WEB-450x300.jpg\" srcset=\"https:\/\/www.touringcars.com\/wp-content\/uploads\/2025\/02\/carado-imagebank-data_VE_Semi-Integrated_T447_CU_2025_1502_21-31-41_WEB-300x200.jpg 300w, https:\/\/www.touringcars.com\/wp-content\/uploads\/2025\/02\/carado-imagebank-data_VE_Semi-Integrated_T447_CU_2025_1502_21-31-41_WEB-1024x683.jpg 1024w, https:\/\/www.touringcars.com\/wp-content\/uploads\/2025\/02\/carado-imagebank-data_VE_Semi-Integrated_T447_CU_2025_1502_21-31-41_WEB-768x512.jpg 768w, https:\/\/www.touringcars.com\/wp-content\/uploads\/2025\/02\/carado-imagebank-data_VE_Semi-Integrated_T447_CU_2025_1502_21-31-41_WEB-1536x1024.jpg 1536w, https:\/\/www.touringcars.com\/wp-content\/uploads\/2025\/02\/carado-imagebank-data_VE_Semi-Integrated_T447_CU_2025_1502_21-31-41_WEB-2048x1365.jpg 2048w, https:\/\/www.touringcars.com\/wp-content\/uploads\/2025\/02\/carado-imagebank-data_VE_Semi-Integrated_T447_CU_2025_1502_21-31-41_WEB-1920x1280.jpg 1920w, https:\/\/www.touringcars.com\/wp-content\/uploads\/2025\/02\/carado-imagebank-data_VE_Semi-Integrated_T447_CU_2025_1502_21-31-41_WEB-890x593.jpg 890w, https:\/\/www.touringcars.com\/wp-content\/uploads\/2025\/02\/carado-imagebank-data_VE_Semi-Integrated_T447_CU_2025_1502_21-31-41_WEB-714x476.jpg 714w, https:\/\/www.touringcars.com\/wp-content\/uploads\/2025\/02\/carado-imagebank-data_VE_Semi-Integrated_T447_CU_2025_1502_21-31-41_WEB-450x300.jpg 450w, https:\/\/www.touringcars.com\/wp-content\/uploads\/2025\/02\/carado-imagebank-data_VE_Semi-Integrated_T447_CU_2025_1502_21-31-41_WEB-367x245.jpg 367w\" alt=\"LUXURY &#8211; f\u00fcr 2\"><\/a><\/div><div class=\"content-container\"><h3><a href=\"https:\/\/www.touringcars.com\/de\/vehicle-category\/luxury-fur-2\/\">LUXURY &#8211; f\u00fcr 2<\/a><\/h3><\/div><\/article><\/li><li class=\"glide__slide\"><article class=\"article reveal\"><div class=\"image-container\"><a href=\"https:\/\/www.touringcars.com\/de\/vehicle-category\/medium\/\"><img decoding=\"async\" src=\"https:\/\/www.touringcars.com\/wp-content\/uploads\/2025\/02\/carado-imagebank-data_VE_Semi-Integrated_T448_CU_2025_1002_21-31-41_web-450x300.jpg\" srcset=\"https:\/\/www.touringcars.com\/wp-content\/uploads\/2025\/02\/carado-imagebank-data_VE_Semi-Integrated_T448_CU_2025_1002_21-31-41_web-300x200.jpg 300w, https:\/\/www.touringcars.com\/wp-content\/uploads\/2025\/02\/carado-imagebank-data_VE_Semi-Integrated_T448_CU_2025_1002_21-31-41_web-1024x682.jpg 1024w, https:\/\/www.touringcars.com\/wp-content\/uploads\/2025\/02\/carado-imagebank-data_VE_Semi-Integrated_T448_CU_2025_1002_21-31-41_web-768x512.jpg 768w, https:\/\/www.touringcars.com\/wp-content\/uploads\/2025\/02\/carado-imagebank-data_VE_Semi-Integrated_T448_CU_2025_1002_21-31-41_web-1536x1024.jpg 1536w, https:\/\/www.touringcars.com\/wp-content\/uploads\/2025\/02\/carado-imagebank-data_VE_Semi-Integrated_T448_CU_2025_1002_21-31-41_web-2048x1365.jpg 2048w, https:\/\/www.touringcars.com\/wp-content\/uploads\/2025\/02\/carado-imagebank-data_VE_Semi-Integrated_T448_CU_2025_1002_21-31-41_web-890x593.jpg 890w, https:\/\/www.touringcars.com\/wp-content\/uploads\/2025\/02\/carado-imagebank-data_VE_Semi-Integrated_T448_CU_2025_1002_21-31-41_web-714x476.jpg 714w, https:\/\/www.touringcars.com\/wp-content\/uploads\/2025\/02\/carado-imagebank-data_VE_Semi-Integrated_T448_CU_2025_1002_21-31-41_web-450x300.jpg 450w, https:\/\/www.touringcars.com\/wp-content\/uploads\/2025\/02\/carado-imagebank-data_VE_Semi-Integrated_T448_CU_2025_1002_21-31-41_web-367x245.jpg 367w\" alt=\"MEDIUM &#8211; f\u00fcr 4\"><\/a><\/div><div class=\"content-container\"><h3><a href=\"https:\/\/www.touringcars.com\/de\/vehicle-category\/medium\/\">MEDIUM &#8211; f\u00fcr 4<\/a><\/h3><\/div><\/article><\/li><li class=\"glide__slide\"><article class=\"article reveal\"><div class=\"image-container\"><a href=\"https:\/\/www.touringcars.com\/de\/vehicle-category\/luxury\/\"><img decoding=\"async\" src=\"https:\/\/www.touringcars.com\/wp-content\/uploads\/2025\/02\/carado-imagebank-data_VE_Semi-Integrated_T447_CU_2025_1502_21-31-41_WEB-450x300.jpg\" srcset=\"https:\/\/www.touringcars.com\/wp-content\/uploads\/2025\/02\/carado-imagebank-data_VE_Semi-Integrated_T447_CU_2025_1502_21-31-41_WEB-300x200.jpg 300w, https:\/\/www.touringcars.com\/wp-content\/uploads\/2025\/02\/carado-imagebank-data_VE_Semi-Integrated_T447_CU_2025_1502_21-31-41_WEB-1024x683.jpg 1024w, https:\/\/www.touringcars.com\/wp-content\/uploads\/2025\/02\/carado-imagebank-data_VE_Semi-Integrated_T447_CU_2025_1502_21-31-41_WEB-768x512.jpg 768w, https:\/\/www.touringcars.com\/wp-content\/uploads\/2025\/02\/carado-imagebank-data_VE_Semi-Integrated_T447_CU_2025_1502_21-31-41_WEB-1536x1024.jpg 1536w, https:\/\/www.touringcars.com\/wp-content\/uploads\/2025\/02\/carado-imagebank-data_VE_Semi-Integrated_T447_CU_2025_1502_21-31-41_WEB-2048x1365.jpg 2048w, https:\/\/www.touringcars.com\/wp-content\/uploads\/2025\/02\/carado-imagebank-data_VE_Semi-Integrated_T447_CU_2025_1502_21-31-41_WEB-1920x1280.jpg 1920w, https:\/\/www.touringcars.com\/wp-content\/uploads\/2025\/02\/carado-imagebank-data_VE_Semi-Integrated_T447_CU_2025_1502_21-31-41_WEB-890x593.jpg 890w, https:\/\/www.touringcars.com\/wp-content\/uploads\/2025\/02\/carado-imagebank-data_VE_Semi-Integrated_T447_CU_2025_1502_21-31-41_WEB-714x476.jpg 714w, https:\/\/www.touringcars.com\/wp-content\/uploads\/2025\/02\/carado-imagebank-data_VE_Semi-Integrated_T447_CU_2025_1502_21-31-41_WEB-450x300.jpg 450w, https:\/\/www.touringcars.com\/wp-content\/uploads\/2025\/02\/carado-imagebank-data_VE_Semi-Integrated_T447_CU_2025_1502_21-31-41_WEB-367x245.jpg 367w\" alt=\"LUXURY &#8211; f\u00fcr 4\"><\/a><\/div><div class=\"content-container\"><h3><a href=\"https:\/\/www.touringcars.com\/de\/vehicle-category\/luxury\/\">LUXURY &#8211; f\u00fcr 4<\/a><\/h3><\/div><\/article><\/li><li class=\"glide__slide\"><article class=\"article reveal\"><div class=\"image-container\"><a href=\"https:\/\/www.touringcars.com\/de\/vehicle-category\/family\/\"><img decoding=\"async\" src=\"https:\/\/www.touringcars.com\/wp-content\/uploads\/2025\/02\/carado-imagebank-data_VE_Overcab_A361_CU_2025_1002_21-31-41_web-450x300.jpg\" srcset=\"https:\/\/www.touringcars.com\/wp-content\/uploads\/2025\/02\/carado-imagebank-data_VE_Overcab_A361_CU_2025_1002_21-31-41_web-300x200.jpg 300w, https:\/\/www.touringcars.com\/wp-content\/uploads\/2025\/02\/carado-imagebank-data_VE_Overcab_A361_CU_2025_1002_21-31-41_web-1024x682.jpg 1024w, https:\/\/www.touringcars.com\/wp-content\/uploads\/2025\/02\/carado-imagebank-data_VE_Overcab_A361_CU_2025_1002_21-31-41_web-768x512.jpg 768w, https:\/\/www.touringcars.com\/wp-content\/uploads\/2025\/02\/carado-imagebank-data_VE_Overcab_A361_CU_2025_1002_21-31-41_web-1536x1024.jpg 1536w, https:\/\/www.touringcars.com\/wp-content\/uploads\/2025\/02\/carado-imagebank-data_VE_Overcab_A361_CU_2025_1002_21-31-41_web-2048x1365.jpg 2048w, https:\/\/www.touringcars.com\/wp-content\/uploads\/2025\/02\/carado-imagebank-data_VE_Overcab_A361_CU_2025_1002_21-31-41_web-890x593.jpg 890w, https:\/\/www.touringcars.com\/wp-content\/uploads\/2025\/02\/carado-imagebank-data_VE_Overcab_A361_CU_2025_1002_21-31-41_web-714x476.jpg 714w, https:\/\/www.touringcars.com\/wp-content\/uploads\/2025\/02\/carado-imagebank-data_VE_Overcab_A361_CU_2025_1002_21-31-41_web-450x300.jpg 450w, https:\/\/www.touringcars.com\/wp-content\/uploads\/2025\/02\/carado-imagebank-data_VE_Overcab_A361_CU_2025_1002_21-31-41_web-367x245.jpg 367w\" alt=\"FAMILIE &#8211; f\u00fcr 5\"><\/a><\/div><div class=\"content-container\"><h3><a href=\"https:\/\/www.touringcars.com\/de\/vehicle-category\/family\/\">FAMILIE &#8211; f\u00fcr 5<\/a><\/h3><\/div><\/article><\/li><li class=\"glide__slide\"><article class=\"article reveal\"><div class=\"image-container\"><a href=\"https:\/\/www.touringcars.com\/de\/vehicle-category\/large\/\"><img decoding=\"async\" src=\"https:\/\/www.touringcars.com\/wp-content\/uploads\/2025\/02\/carado-imagebank-data_VE_Overcab_A464_CU_2025_1003_21-31-41_web-450x300.jpg\" srcset=\"https:\/\/www.touringcars.com\/wp-content\/uploads\/2025\/02\/carado-imagebank-data_VE_Overcab_A464_CU_2025_1003_21-31-41_web-300x200.jpg 300w, https:\/\/www.touringcars.com\/wp-content\/uploads\/2025\/02\/carado-imagebank-data_VE_Overcab_A464_CU_2025_1003_21-31-41_web-1024x682.jpg 1024w, https:\/\/www.touringcars.com\/wp-content\/uploads\/2025\/02\/carado-imagebank-data_VE_Overcab_A464_CU_2025_1003_21-31-41_web-768x512.jpg 768w, https:\/\/www.touringcars.com\/wp-content\/uploads\/2025\/02\/carado-imagebank-data_VE_Overcab_A464_CU_2025_1003_21-31-41_web-1536x1024.jpg 1536w, https:\/\/www.touringcars.com\/wp-content\/uploads\/2025\/02\/carado-imagebank-data_VE_Overcab_A464_CU_2025_1003_21-31-41_web-2048x1365.jpg 2048w, https:\/\/www.touringcars.com\/wp-content\/uploads\/2025\/02\/carado-imagebank-data_VE_Overcab_A464_CU_2025_1003_21-31-41_web-890x593.jpg 890w, https:\/\/www.touringcars.com\/wp-content\/uploads\/2025\/02\/carado-imagebank-data_VE_Overcab_A464_CU_2025_1003_21-31-41_web-714x476.jpg 714w, https:\/\/www.touringcars.com\/wp-content\/uploads\/2025\/02\/carado-imagebank-data_VE_Overcab_A464_CU_2025_1003_21-31-41_web-450x300.jpg 450w, https:\/\/www.touringcars.com\/wp-content\/uploads\/2025\/02\/carado-imagebank-data_VE_Overcab_A464_CU_2025_1003_21-31-41_web-367x245.jpg 367w\" alt=\"LARGE &#8211; f\u00fcr 5 und 6\"><\/a><\/div><div class=\"content-container\"><h3><a href=\"https:\/\/www.touringcars.com\/de\/vehicle-category\/large\/\">LARGE &#8211; f\u00fcr 5 und 6<\/a><\/h3><\/div><\/article><\/li><\/ul><\/div><div class=\"glide__controls\"><div class=\"glide__arrows\" data-glide-el=\"controls\"><span class=\"glide__arrow glide__arrow--left\" data-glide-dir=\"<\"><\/span><span class=\"glide__arrow glide__arrow--right\" data-glide-dir=\">&#8222;><\/span><\/div><div class=\"glide__bullets\" data-glide-el=\"controls[nav]\"><span class=\"glide__bullet\" data-glide-dir=\"=0\" data-parent-uid=\"69f28966e0886\"><\/span><span class=\"glide__bullet\" data-glide-dir=\"=1\" data-parent-uid=\"69f28966e0886\"><\/span><span class=\"glide__bullet\" data-glide-dir=\"=2\" data-parent-uid=\"69f28966e0886\"><\/span><span class=\"glide__bullet\" data-glide-dir=\"=3\" data-parent-uid=\"69f28966e0886\"><\/span><span class=\"glide__bullet\" data-glide-dir=\"=4\" data-parent-uid=\"69f28966e0886\"><\/span><span class=\"glide__bullet\" data-glide-dir=\"=5\" data-parent-uid=\"69f28966e0886\"><\/span><span class=\"glide__bullet\" data-glide-dir=\"=6\" data-parent-uid=\"69f28966e0886\"><\/span><span class=\"glide__bullet\" data-glide-dir=\"=7\" data-parent-uid=\"69f28966e0886\"><\/span><span class=\"glide__bullet\" data-glide-dir=\"=8\" data-parent-uid=\"69f28966e0886\"><\/span><span class=\"glide__bullet\" data-glide-dir=\"=9\" data-parent-uid=\"69f28966e0886\"><\/span><\/div><\/div><\/div><div class=\"buttons\"><a href=\"https:\/\/www.touringcars.com\/de\/wohnmobil-kategorien\/\" class=\"btn btn-outline\">Alle Kategorien<\/a><\/div>    <\/div>\r\n<\/section>","protected":false},"featured_media":28515,"template":"","class_list":["post-26125","campervans-groups","type-campervans-groups","status-publish","has-post-thumbnail","hentry"],"acf":[],"_links":{"self":[{"href":"https:\/\/www.touringcars.com\/de\/wp-json\/wp\/v2\/campervans-groups\/26125","targetHints":{"allow":["GET"]}}],"collection":[{"href":"https:\/\/www.touringcars.com\/de\/wp-json\/wp\/v2\/campervans-groups"}],"about":[{"href":"https:\/\/www.touringcars.com\/de\/wp-json\/wp\/v2\/types\/campervans-groups"}],"version-history":[{"count":4,"href":"https:\/\/www.touringcars.com\/de\/wp-json\/wp\/v2\/campervans-groups\/26125\/revisions"}],"predecessor-version":[{"id":26146,"href":"https:\/\/www.touringcars.com\/de\/wp-json\/wp\/v2\/campervans-groups\/26125\/revisions\/26146"}],"wp:featuredmedia":[{"embeddable":true,"href":"https:\/\/www.touringcars.com\/de\/wp-json\/wp\/v2\/media\/28515"}],"wp:attachment":[{"href":"https:\/\/www.touringcars.com\/de\/wp-json\/wp\/v2\/media?parent=26125"}],"curies":[{"name":"wp","href":"https:\/\/api.w.org\/{rel}","templated":true}]}}